{"id":3011,"date":"2017-06-17T14:00:31","date_gmt":"2017-06-17T12:00:31","guid":{"rendered":"https:\/\/wai-q98d7hpf9hy9k.wpallimport-demo.qsandbox.me\/olympics_eyof\/erzurum-2017\/"},"modified":"2020-10-08T14:47:54","modified_gmt":"2020-10-08T12:47:54","slug":"xiii-zimowy-eyof-erzurum-2017","status":"publish","type":"olympics_eyof","link":"https:\/\/olimpijski.pl\/en\/olympics_eyof\/xiii-zimowy-eyof-erzurum-2017\/","title":{"rendered":"XIII Zimowy EYOF &#8211; Erzurum 2017"},"content":{"rendered":"\n<h1 class=\"main-title wp-block-heading\"><strong>XIII Zimowy EYOF<\/strong><br>Erzurum 2017<\/h1>\n\n\n\n<p><br><\/p>\n\n\n\n<figure class=\"wp-block-image\"><img decoding=\"async\" src=\"https:\/\/www.olimpijski.pl\/Media\/files\/erzurum-logo-maskotka.jpg\" alt=\"\"\/><\/figure>\n\n\n\n<p><strong>ERZURUM (Turcja), 12-18 lutego 2017<\/strong><\/p>\n\n\n\n<p>Podczas XIII Zimowego Olimpijskiego Festiwalu M\u0142odzie\u017cy Europy Erzurum 2017 Polacy wywalczyli cztery medale, dwa indywidualnie i\u00a0dwa dru\u017cynowo.<br><br>Z\u0142oty medal wywalczy\u0142a Kamila Stormowska w\u00a0short tracku (1000 m). W\u00a0tej samej konkurencji br\u0105z zdoby\u0142a Patrycja Markiewicz. Trzeci kr\u0105\u017cek \u0142y\u017cwiarze do\u0142o\u017cyli w\u00a0sztafecie mieszanej (Kamila Stormowska, Patrycja Markiewicz, Krystian Giszka, Jan Bogdanowicz), gdzie po wspania\u0142ej walce ulegli tylko Rosji, pokonuj\u0105c w\u00a0finale Holandi\u0119 i\u00a0Turcj\u0119.<br><br>Czwarty medal wywalczy\u0142a dru\u017cyna polskich curlerek w\u00a0sk\u0142adzie: Daria Chmarra, Marta Leszczy\u0144ska, Karolina Mandes, Katarzyna Orli\u0144ska i\u00a0Ewa Nog\u0142y, kt\u00f3ra w\u00a0meczu o\u00a0br\u0105zowy medal pokona\u0142a Norwegi\u0119. Wcze\u015bniej Polki przegra\u0142y z\u00a0Turcj\u0105 w\u00a0p\u00f3\u0142finale, ale\u00a0w\u00a0walce o\u00a0medal zdo\u0142a\u0142y och\u0142on\u0105\u0107, podnie\u015b\u0107 si\u0119 i\u00a0skutecznie stawi\u0107 czo\u0142a rywalkom. Warte podkre\u015blenia jest to, \u017ce\u00a0medal damskiej dru\u017cyny curlingu jest pierwszym kr\u0105\u017ckiem polskiej reprezentacji w\u00a0imprezie rangi olimpijskiej.<br><br>Erzurum 2017 to\u00a0wraz z\u00a0Braszowem 2013 najlepszy Zimowy EYOF w\u00a0wykonaniu Polskiej M\u0142odzie\u017cowej Reprezentacji. W\u00a0tureckim Erzurum Polska zaj\u0119\u0142a 6. miejsce w\u00a0tabeli medalowej na\u00a034 startuj\u0105ce kraje. Najlepsi okazali si\u0119 Rosjanie, kt\u00f3rzy samych z\u0142otych kr\u0105\u017ck\u00f3w zdobyli 19.<\/p>\n\n\n\n<h2 class=\"wp-block-heading\"><strong>Polska M\u0142odzie\u017cowa Reprezentacja<\/strong><\/h2>\n\n\n<div class=\"wp-block-ub-content-toggle wp-block-ub-content-toggle-block\" id=\"ub-content-toggle-block-c05cf65c-a188-43ad-8fe4-ba56d6e0c954\" data-mobilecollapse=\"false\" data-desktopcollapse=\"true\" data-preventcollapse=\"false\" data-showonlyone=\"false\">\n<div class=\"wp-block-ub-content-toggle-accordion\" style=\"border-color: #f1f1f1;\" id=\"ub-content-toggle-panel-block-\">\n\t\t\t<div class=\"wp-block-ub-content-toggle-accordion-title-wrap\" style=\"background-color: #f1f1f1;\" aria-controls=\"ub-content-toggle-panel-0-c05cf65c-a188-43ad-8fe4-ba56d6e0c954\" tabindex=\"0\">\n\t\t\t<p class=\"wp-block-ub-content-toggle-accordion-title ub-content-toggle-title-c05cf65c-a188-43ad-8fe4-ba56d6e0c954\" style=\"color: #000000; \">Sk\u0142ad<\/p>\n\t\t\t<div class=\"wp-block-ub-content-toggle-accordion-toggle-wrap right\" style=\"color: #000000;\"><span class=\"wp-block-ub-content-toggle-accordion-state-indicator wp-block-ub-chevron-down\"><\/span><\/div>\n\t\t<\/div>\n\t\t\t<div role=\"region\" aria-expanded=\"false\" class=\"wp-block-ub-content-toggle-accordion-content-wrap ub-hide\" id=\"ub-content-toggle-panel-0-c05cf65c-a188-43ad-8fe4-ba56d6e0c954\">\n\n<p><br><\/p>\n\n\n\n<h2 class=\"wp-block-heading\"><strong>Biathlon<\/strong><\/h2>\n\n\n\n<p>Marcelina Badacz<br>Paulina W\u0105sala<br>Magda Piczura<br>Paulina Pawliczek<br>Kacper Berga\u0144ski<br>Micha\u0142 Szwast<br>Krystian Ka\u0142u\u017cny<br>Kacper Gu\u0144ka<br><em>Adam Jakie\u0142a &#8211; trener<br>Zdzis\u0142aw Kotas &#8211; trener<br>Andrzej Kozi\u0144ski &#8211; trener<\/em><\/p>\n\n\n\n<h2 class=\"wp-block-heading\"><strong>Curling<\/strong><\/h2>\n\n\n\n<p>Daria Chmarra<br>Marta Leszczy\u0144ska<br>Karolina Mandes<br>Ewa Nog\u0142y<br>Katarzyna Orli\u0144ska<br><em>Agnieszka Schr\u00f6der &#8211; trener<\/em><\/p>\n\n\n\n<p><strong>\u0141y\u017cwiarstwo figurowe<\/strong><br>Kornel Witkowski<br>W\u0142odzimierz Brajczewski &#8211; trener<\/p>\n\n\n\n<h2 class=\"wp-block-heading\"><strong>Short-track<\/strong><\/h2>\n\n\n\n<p>Kamila Stormowska<br>Patrycja Markiewicz<br>Krystian Giszka<br>Jan Bogdanowicz<br><em>\u0141ukasz Fabja\u0144ski &#8211; trener<br>Paulina Jagoda &#8211; fizjoterapeuta<\/em><\/p>\n\n<\/div>\n\t\t<\/div>\n<\/div>\n\n\n<h2 class=\"wp-block-heading\"><strong>MEDALE REPREZENTACJI POLSKI<\/strong><\/h2>\n\n\n\n<p><strong>Z\u0142oty medal<br><\/strong>Kamila STORMOWSKA &#8211; short track, 1000 m<\/p>\n\n\n\n<p><strong>Srebrny medal<\/strong><br>Kamila STORMOWSKA, Patrycja MARKIEWICZ, Krystian GISZKA, Jan BOGDANOWICZ &#8211; short track, sztafeta mieszana<br><br><strong>Br\u0105zowe medale (2)<br><\/strong>Patrycja MARKIEWICZ &#8211; short track, 1000 m<br>Daria CHMARRA, Marta LESZCZY\u0143SKA, Karolina MANDES, Katarzyna ORLI\u0143SKA, Ewa NOG\u0141Y &#8211; curling, dru\u017cyna dziewcz\u0105t<\/p>\n","protected":false},"excerpt":{"rendered":"<p>XIII Zimowy EYOFErzurum 2017 ERZURUM (Turcja), 12-18 lutego 2017 Podczas XIII Zimowego Olimpijskiego Festiwalu M\u0142odzie\u017cy Europy Erzurum 2017 Polacy wywalczyli cztery medale,<\/p>\n","protected":false},"featured_media":0,"parent":0,"menu_order":0,"template":"templates\/olympic_main_subpage.php","meta":{"_acf_changed":false,"ub_ctt_via":"","footnotes":""},"class_list":["post-3011","olympics_eyof","type-olympics_eyof","status-publish","hentry","infinite-scroll-item","no-featured-image-padding"],"acf":{"game_id":"84","game_type":"25315","game_link":"erzurum2017","game_news":"0","startdate":"12.02.2017 12:00 am","enddate":"18.02.2017 12:00 am","place":"Erzurum","year":"2017","logo":"https:\/\/olimpijski.pl\/wp-content\/uploads\/2020\/06\/erzurum2017.png","special_bg_img":false,"hide_breadcrumbs":[],"competitions_olympic":false,"histroy_tabs":false},"_links":{"self":[{"href":"https:\/\/olimpijski.pl\/en\/wp-json\/wp\/v2\/olympics_eyof\/3011"}],"collection":[{"href":"https:\/\/olimpijski.pl\/en\/wp-json\/wp\/v2\/olympics_eyof"}],"about":[{"href":"https:\/\/olimpijski.pl\/en\/wp-json\/wp\/v2\/types\/olympics_eyof"}],"version-history":[{"count":1,"href":"https:\/\/olimpijski.pl\/en\/wp-json\/wp\/v2\/olympics_eyof\/3011\/revisions"}],"predecessor-version":[{"id":31816,"href":"https:\/\/olimpijski.pl\/en\/wp-json\/wp\/v2\/olympics_eyof\/3011\/revisions\/31816"}],"wp:attachment":[{"href":"https:\/\/olimpijski.pl\/en\/wp-json\/wp\/v2\/media?parent=3011"}],"curies":[{"name":"wp","href":"https:\/\/api.w.org\/{rel}","templated":true}]}}