{"id":30568,"date":"2019-10-05T15:11:24","date_gmt":"2019-10-05T13:11:24","guid":{"rendered":"http:\/\/pkol.cumulus.atthouse.pl\/?post_type=olympics_eyof&#038;p=30568"},"modified":"2020-10-27T13:12:50","modified_gmt":"2020-10-27T12:12:50","slug":"xiv-zimowy-eyof-sarajewo-2019","status":"publish","type":"olympics_eyof","link":"https:\/\/olimpijski.pl\/en\/olympics_eyof\/xiv-zimowy-eyof-sarajewo-2019\/","title":{"rendered":"XIV Zimowy EYOF &#8211; Sarajewo 2019"},"content":{"rendered":"\n<h1 class=\"main-title wp-block-heading\"><strong>XIV Zimowy EYOF<\/strong><br>Sarajewo 2019<\/h1>\n\n\n\n<p><br><\/p>\n\n\n\n<figure class=\"wp-block-image\"><img decoding=\"async\" src=\"https:\/\/www.olimpijski.pl\/Media\/files\/logo-EYOF-2019-300.jpg\" alt=\"\"\/><\/figure>\n\n\n\n<p><strong>SARAJEWO (Bo\u015bnia i Hercegowina), 9-16 lutego 2019<\/strong><\/p>\n\n\n\n<p>W Sarajewie i&nbsp;Wschodnim Sarajewie odby\u0142a si\u0119 XIV edycja Zimowego Festiwalu M\u0142odzie\u017cy Europy. W&nbsp;zawodach wzi\u0119\u0142o udzia\u0142 911 m\u0142odych sportowc\u00f3w z&nbsp;46 europejskich kraj\u00f3w, rywalizuj\u0105c w&nbsp;8 sportach.<br><br>Polska reprezentacja liczy\u0142a 37 zawodnik\u00f3w, reprezentuj\u0105cych nasz kraj w&nbsp;biathlonie, short tracku, \u0142y\u017cwiarstwie figurowym, curlingu, biegach narciarskich, narciarstwie alpejskim i&nbsp;snowboardzie.<br><br>Start polskiej dru\u017cyny okaza\u0142 si\u0119 najlepszym startem w&nbsp;historii naszych wyst\u0119p\u00f3w w&nbsp;Zimowych Festiwalach M\u0142odzie\u017cy Europy. Zdobycie 5 medali pozwoli\u0142o uplasowa\u0107 si\u0119 naszej reprezentacji na&nbsp;wysokim 8. miejscu w&nbsp;klasyfikacji medalowej.<\/p>\n\n\n\n<h2 class=\"wp-block-heading\"><strong>Polska M\u0142odzie\u017cowa Reprezentacja<\/strong><\/h2>\n\n\n<div class=\"wp-block-ub-content-toggle wp-block-ub-content-toggle-block\" id=\"ub-content-toggle-block-56909da4-01bc-4c4a-a3f5-b282d6f4d477\" data-mobilecollapse=\"false\" data-desktopcollapse=\"true\" data-preventcollapse=\"false\" data-showonlyone=\"false\">\n<div class=\"wp-block-ub-content-toggle-accordion\" style=\"border-color: #f1f1f1;\" id=\"ub-content-toggle-panel-block-\">\n\t\t\t<div class=\"wp-block-ub-content-toggle-accordion-title-wrap\" style=\"background-color: #f1f1f1;\" aria-controls=\"ub-content-toggle-panel-0-56909da4-01bc-4c4a-a3f5-b282d6f4d477\" tabindex=\"0\">\n\t\t\t<p class=\"wp-block-ub-content-toggle-accordion-title ub-content-toggle-title-56909da4-01bc-4c4a-a3f5-b282d6f4d477\" style=\"color: #000000; \">Sk\u0142ad<\/p>\n\t\t\t<div class=\"wp-block-ub-content-toggle-accordion-toggle-wrap right\" style=\"color: #000000;\"><span class=\"wp-block-ub-content-toggle-accordion-state-indicator wp-block-ub-chevron-down\"><\/span><\/div>\n\t\t<\/div>\n\t\t\t<div role=\"region\" aria-expanded=\"false\" class=\"wp-block-ub-content-toggle-accordion-content-wrap ub-hide\" id=\"ub-content-toggle-panel-0-56909da4-01bc-4c4a-a3f5-b282d6f4d477\">\n\n<p><\/p>\n\n\n\n<h2 class=\"wp-block-heading\"><strong>Biathlon<\/strong><\/h2>\n\n\n\n<figure class=\"wp-block-table\"><table class=\"has-fixed-layout\"><tbody><tr><td><img loading=\"lazy\" decoding=\"async\" src=\"https:\/\/www.olimpijski.pl\/Media\/files\/Sarajewo_2019\/Patrycja_Stanek-Sarajewo2019.jpg\" alt=\"Patrycja Stanek\/Fot.: Szymon Sikora\" width=\"180\" height=\"180\"><\/td><td><strong>Patrycja Stanek<\/strong><\/td><\/tr><\/tbody><\/table><\/figure>\n\n\n\n<figure class=\"wp-block-table\"><table class=\"has-fixed-layout\"><tbody><tr><td><img loading=\"lazy\" decoding=\"async\" src=\"https:\/\/www.olimpijski.pl\/Media\/files\/Sarajewo_2019\/Daria_Gembicka-Sarajewo2019.jpg\" alt=\"Daria Gembicka\/Fot.: Szymon Sikora\" width=\"180\" height=\"180\"><\/td><td><strong>Daria Gembicka<\/strong><\/td><\/tr><\/tbody><\/table><\/figure>\n\n\n\n<figure class=\"wp-block-table\"><table class=\"has-fixed-layout\"><tbody><tr><td><img loading=\"lazy\" decoding=\"async\" src=\"https:\/\/www.olimpijski.pl\/Media\/files\/Sarajewo_2019\/Amelia_Jeczmieniak-Sarajewo2019.jpg\" alt=\"Amelia J\u0119czmieniak\/Fot.: Szymon Sikora\" width=\"180\" height=\"180\"><\/td><td><strong>Amelia J\u0119czmieniak<\/strong><\/td><\/tr><\/tbody><\/table><\/figure>\n\n\n\n<figure class=\"wp-block-table\"><table class=\"has-fixed-layout\"><tbody><tr><td><img loading=\"lazy\" decoding=\"async\" src=\"https:\/\/www.olimpijski.pl\/Media\/files\/Sarajewo_2019\/Klaudia_Topor-Sarajewo2019.jpg\" alt=\"Klaudia Top\u00f3r\/Fot.: Szymon Sikora\" width=\"180\" height=\"180\"><\/td><td><strong>Klaudia Top\u00f3r<\/strong><\/td><\/tr><\/tbody><\/table><\/figure>\n\n\n\n<figure class=\"wp-block-table\"><table class=\"has-fixed-layout\"><tbody><tr><td><img loading=\"lazy\" decoding=\"async\" src=\"https:\/\/www.olimpijski.pl\/Media\/files\/Sarajewo_2019\/Marcin_Zawol-Sarajewo2019.jpg\" alt=\"Marcin Zaw\u00f3\u0142\/Fot.: Szymon Sikora\" width=\"180\" height=\"180\"><\/td><td><strong>Marcin Zaw\u00f3\u0142<\/strong><\/td><\/tr><\/tbody><\/table><\/figure>\n\n\n\n<figure class=\"wp-block-table\"><table class=\"has-fixed-layout\"><tbody><tr><td><img loading=\"lazy\" decoding=\"async\" src=\"https:\/\/www.olimpijski.pl\/Media\/files\/Sarajewo_2019\/Grzegorz_Deren-Sarajewo2019.jpg\" alt=\"Grzegorz Dere\u0144\/Fot.: Szymon Sikora\" width=\"180\" height=\"180\"><\/td><td><strong>Grzegorz Dere\u0144<\/strong><\/td><\/tr><\/tbody><\/table><\/figure>\n\n\n\n<figure class=\"wp-block-table\"><table class=\"has-fixed-layout\"><tbody><tr><td><img loading=\"lazy\" decoding=\"async\" src=\"https:\/\/www.olimpijski.pl\/Media\/files\/Sarajewo_2019\/Jan_Gunka-Sarajewo2019.jpg\" alt=\"Jan Gu\u0144ka\/Fot.: Szymon Sikora\" width=\"180\" height=\"180\"><\/td><td><strong>Jan Gu\u0144ka<\/strong><\/td><\/tr><\/tbody><\/table><\/figure>\n\n\n\n<figure class=\"wp-block-table\"><table class=\"has-fixed-layout\"><tbody><tr><td><img loading=\"lazy\" decoding=\"async\" src=\"https:\/\/www.olimpijski.pl\/Media\/files\/Sarajewo_2019\/Kacper_Rutkowski-Sarajewo2019.jpg\" alt=\"Kacper Rutkowski\/Fot.: Szymon Sikora\" width=\"180\" height=\"180\"><\/td><td><strong>Kacper Rutkowski<\/strong><\/td><\/tr><\/tbody><\/table><\/figure>\n\n\n\n<p><em><strong>Trenerzy:<\/strong> Adam Jakie\u0142a, Przemys\u0142aw Badacz, Zdzis\u0142aw Kotas<\/em><\/p>\n\n\n\n<h2 class=\"wp-block-heading\"><strong>Short-track<\/strong><\/h2>\n\n\n\n<figure class=\"wp-block-table\"><table class=\"has-fixed-layout\"><tbody><tr><td><img loading=\"lazy\" decoding=\"async\" src=\"https:\/\/www.olimpijski.pl\/Media\/files\/Sarajewo_2019\/Magdalena_Zych-Sarajewo2019.jpg\" alt=\"Magdalena Zych\/Fot.: Szymon Sikora\" width=\"180\" height=\"180\"><\/td><td><strong>Magdalena Zych<\/strong><\/td><\/tr><\/tbody><\/table><\/figure>\n\n\n\n<figure class=\"wp-block-table\"><table class=\"has-fixed-layout\"><tbody><tr><td><img loading=\"lazy\" decoding=\"async\" src=\"https:\/\/www.olimpijski.pl\/Media\/files\/Sarajewo_2019\/Hanna_Sokolowska-Sarajewo2019.jpg\" alt=\"Hanna Soko\u0142owska\/Fot.: Szymon Sikora\" width=\"180\" height=\"180\"><\/td><td><strong>Hanna Soko\u0142owska<\/strong><\/td><\/tr><\/tbody><\/table><\/figure>\n\n\n\n<figure class=\"wp-block-table\"><table class=\"has-fixed-layout\"><tbody><tr><td><img loading=\"lazy\" decoding=\"async\" src=\"https:\/\/www.olimpijski.pl\/Media\/files\/DSC_0601.JPG\" alt=\"Mateusz Krzemi\u0144ski\/Fot.: Tomasz Piechal\" width=\"180\" height=\"180\"><\/td><td><strong>Mateusz Krzemi\u0144ski<\/strong><\/td><\/tr><\/tbody><\/table><\/figure>\n\n\n\n<figure class=\"wp-block-table\"><table class=\"has-fixed-layout\"><tbody><tr><td><img loading=\"lazy\" decoding=\"async\" src=\"https:\/\/www.olimpijski.pl\/Media\/files\/Sarajewo_2019\/Mateusz_Mikolajuk-Sarajewo2019.jpg\" alt=\"Mateusz Miko\u0142ajuk\/Fot.: Szymon Sikora\" width=\"180\" height=\"180\"><\/td><td><strong>Mateusz Miko\u0142ajuk<\/strong><\/td><\/tr><\/tbody><\/table><\/figure>\n\n\n\n<p><em><strong>Trener:<\/strong> \u0141ukasz Fabja\u0144ski<\/em><\/p>\n\n\n\n<h2 class=\"wp-block-heading\"><strong>\u0141y\u017cwiarstwo figurowe<\/strong><\/h2>\n\n\n\n<figure class=\"wp-block-table\"><table class=\"has-fixed-layout\"><tbody><tr><td><img loading=\"lazy\" decoding=\"async\" src=\"https:\/\/www.olimpijski.pl\/Media\/files\/Sarajewo_2019\/Magdalena_Zawadzka-Sarajewo2019.jpg\" alt=\"Magdalena Zawadzka\/Fot.: Szymon Sikora\" width=\"180\" height=\"180\"><\/td><td><strong>Magdalena Zawadzka<\/strong><\/td><\/tr><\/tbody><\/table><\/figure>\n\n\n\n<p><em><strong>Trener:<\/strong> Iwona Mydlarz-Chru\u015bci\u0144ska<\/em><br><em>Aniela Hebel-Szmak \u2013 s\u0119dzina<\/em><\/p>\n\n\n\n<h2 class=\"wp-block-heading\"><strong>Curling<\/strong><\/h2>\n\n\n\n<figure class=\"wp-block-table\"><table class=\"has-fixed-layout\"><tbody><tr><td><img loading=\"lazy\" decoding=\"async\" src=\"https:\/\/www.olimpijski.pl\/Media\/files\/Sarajewo_2019\/Kalina_Ejsmont-Sarajewo2019.jpg\" alt=\"Kalina Ejsmont\/Fot.: Szymon Sikora\" width=\"180\" height=\"180\"><\/td><td><strong>Kalina Ejsmont<\/strong><\/td><\/tr><\/tbody><\/table><\/figure>\n\n\n\n<figure class=\"wp-block-table\"><table class=\"has-fixed-layout\"><tbody><tr><td><img loading=\"lazy\" decoding=\"async\" src=\"https:\/\/www.olimpijski.pl\/Media\/files\/Sarajewo_2019\/Victoria_Sitkiewicz-Sarajewo2019.jpg\" alt=\"Victoria Sitkiewicz\/Fot.: Szymon Sikora\" width=\"180\" height=\"180\"><\/td><td><strong>Victoria Sitkiewicz<\/strong><\/td><\/tr><\/tbody><\/table><\/figure>\n\n\n\n<figure class=\"wp-block-table\"><table class=\"has-fixed-layout\"><tbody><tr><td><img loading=\"lazy\" decoding=\"async\" src=\"https:\/\/www.olimpijski.pl\/Media\/files\/Sarajewo_2019\/Mateusz_Chojnowski-Sarajewo2019.jpg\" alt=\"Mateusz Chojnowski\/Fot.: Szymon Sikora\" width=\"180\" height=\"180\"><\/td><td><strong>Mateusz Chojnowski<\/strong><\/td><\/tr><\/tbody><\/table><\/figure>\n\n\n\n<figure class=\"wp-block-table\"><table class=\"has-fixed-layout\"><tbody><tr><td><img loading=\"lazy\" decoding=\"async\" src=\"https:\/\/www.olimpijski.pl\/Media\/files\/Sarajewo_2019\/Arkadiusz_Oscik-Sarajewo2019.jpg\" alt=\"Arkadiusz O\u015bcik\/Fot.: Szymon Sikora\" width=\"180\" height=\"180\"><\/td><td><strong>Arkadiusz O\u015bcik<\/strong><\/td><\/tr><\/tbody><\/table><\/figure>\n\n\n\n<p><em><strong>Trener:<\/strong> Karolina Redmerska<\/em><\/p>\n\n\n\n<h2 class=\"wp-block-heading\"><strong>Biegi narciarskie<\/strong><\/h2>\n\n\n\n<figure class=\"wp-block-table\"><table class=\"has-fixed-layout\"><tbody><tr><td><img loading=\"lazy\" decoding=\"async\" src=\"https:\/\/www.olimpijski.pl\/Media\/files\/Sarajewo_2019\/Karolina_Kukuczka-Sarajewo2019.jpg\" alt=\"Karolina Kukuczka\/Fot.: Szymon Sikora\" width=\"180\" height=\"180\"><\/td><td><strong>Karolina Kukuczka<\/strong><\/td><\/tr><\/tbody><\/table><\/figure>\n\n\n\n<figure class=\"wp-block-table\"><table class=\"has-fixed-layout\"><tbody><tr><td><img loading=\"lazy\" decoding=\"async\" src=\"https:\/\/www.olimpijski.pl\/Media\/files\/Sarajewo_2019\/Ewelina_Kolodziej-Sarajewo2019.jpg\" alt=\"Ewelina Ko\u0142odziej\/Fot.: Szymon Sikora\" width=\"180\" height=\"180\"><\/td><td><strong>Ewelina Ko\u0142odziej<\/strong><\/td><\/tr><\/tbody><\/table><\/figure>\n\n\n\n<figure class=\"wp-block-table\"><table class=\"has-fixed-layout\"><tbody><tr><td><img loading=\"lazy\" decoding=\"async\" src=\"https:\/\/www.olimpijski.pl\/Media\/files\/Sarajewo_2019\/Monika_Skinder-Sarajewo2019.jpg\" alt=\"Monika Skinder\/Fot.: Szymon Sikora\" width=\"180\" height=\"180\"><\/td><td><strong>Monika Skinder<\/strong><\/td><\/tr><\/tbody><\/table><\/figure>\n\n\n\n<figure class=\"wp-block-table\"><table class=\"has-fixed-layout\"><tbody><tr><td><img loading=\"lazy\" decoding=\"async\" src=\"https:\/\/www.olimpijski.pl\/Media\/files\/Sarajewo_2019\/Kamila_Gasienica-Sarajewo2019.jpg\" alt=\"Kamila G\u0105sienica\/Fot.: Szymon Sikora\" width=\"180\" height=\"180\"><\/td><td><strong>Kamila G\u0105sienica<\/strong><\/td><\/tr><\/tbody><\/table><\/figure>\n\n\n\n<figure class=\"wp-block-table\"><table class=\"has-fixed-layout\"><tbody><tr><td><img loading=\"lazy\" decoding=\"async\" src=\"https:\/\/www.olimpijski.pl\/Media\/files\/Sarajewo_2019\/Sebastian_Bryja-Sarajewo2019.jpg\" alt=\"Sebastian Bryja\/Fot.: Szymon Sikora\" width=\"180\" height=\"180\"><\/td><td><strong>Sebastian Bryja<\/strong><\/td><\/tr><\/tbody><\/table><\/figure>\n\n\n\n<figure class=\"wp-block-table\"><table class=\"has-fixed-layout\"><tbody><tr><td><img loading=\"lazy\" decoding=\"async\" src=\"https:\/\/www.olimpijski.pl\/Media\/files\/Sarajewo_2019\/Robert_Bugara-Sarajewo2019.jpg\" alt=\"Robert Bugara\/Fot.: Szymon Sikora\" width=\"180\" height=\"180\"><\/td><td><strong>Robert Bugara<\/strong><\/td><\/tr><\/tbody><\/table><\/figure>\n\n\n\n<figure class=\"wp-block-table\"><table class=\"has-fixed-layout\"><tbody><tr><td><img loading=\"lazy\" decoding=\"async\" src=\"https:\/\/www.olimpijski.pl\/Media\/files\/Sarajewo_2019\/Piotr_Sobiczewski-Sarajewo2019.jpg\" alt=\"Piotr Sobiczewski\/Fot.: Szymon Sikora\" width=\"180\" height=\"180\"><\/td><td><strong>Piotr Sobiczewski<\/strong><\/td><\/tr><\/tbody><\/table><\/figure>\n\n\n\n<figure class=\"wp-block-table\"><table class=\"has-fixed-layout\"><tbody><tr><td><img loading=\"lazy\" decoding=\"async\" src=\"https:\/\/www.olimpijski.pl\/Media\/files\/Sarajewo_2019\/Bartosz_Cielniak-Sarajewo2019.jpg\" alt=\"Bartosz Cielniak\/Fot.: Szymon Sikora\" width=\"180\" height=\"180\"><\/td><td><strong>Bartosz Cielniak<\/strong><\/td><\/tr><\/tbody><\/table><\/figure>\n\n\n\n<p><em><strong>Trenerzy: <\/strong>Rafa\u0142 W\u0119grzyn, Marcin Rzesz\u00f3tko, Krzysztof Wa\u0144czyk, Wojciech Suchwa\u0142ko<\/em><\/p>\n\n\n\n<h2 class=\"wp-block-heading\"><strong>Narciarstwo alpejskie<\/strong><\/h2>\n\n\n\n<figure class=\"wp-block-table\"><table class=\"has-fixed-layout\"><tbody><tr><td><img loading=\"lazy\" decoding=\"async\" src=\"https:\/\/www.olimpijski.pl\/Media\/files\/Sarajewo_2019\/Magdalena_Luczak-Sarajewo2019.jpg\" alt=\"Magdalena \u0141uczak\/Fot.: Szymon Sikora\" width=\"180\" height=\"180\"><\/td><td><strong>Magdalena \u0141uczak<\/strong><\/td><\/tr><\/tbody><\/table><\/figure>\n\n\n\n<figure class=\"wp-block-table\"><table class=\"has-fixed-layout\"><tbody><tr><td><img loading=\"lazy\" decoding=\"async\" src=\"https:\/\/www.olimpijski.pl\/Media\/files\/Sarajewo_2019\/Maja_Chyla-Sarajewo2019.jpg\" alt=\"Maja Chyla\/Fot.: Szymon Sikora\" width=\"180\" height=\"180\"><\/td><td><strong>Maja Chyla<\/strong><\/td><\/tr><\/tbody><\/table><\/figure>\n\n\n\n<figure class=\"wp-block-table\"><table class=\"has-fixed-layout\"><tbody><tr><td><img loading=\"lazy\" decoding=\"async\" src=\"https:\/\/www.olimpijski.pl\/Media\/files\/Sarajewo_2019\/Aniela_Sawicka-Sarajewo2019.jpg\" alt=\"Aniela Sawicka\/Fot.: Szymon Sikora\" width=\"180\" height=\"180\"><\/td><td><strong>Aniela Sawicka<\/strong><\/td><\/tr><\/tbody><\/table><\/figure>\n\n\n\n<figure class=\"wp-block-table\"><table class=\"has-fixed-layout\"><tbody><tr><td><img loading=\"lazy\" decoding=\"async\" src=\"https:\/\/www.olimpijski.pl\/Media\/files\/Sarajewo_2019\/Helena_Karabanowska-Sarajewo2019.jpg\" alt=\"Helena Karabanowska\/Fot.: Szymon Sikora\" width=\"180\" height=\"180\"><\/td><td><strong>Helena Karabanowska<\/strong><\/td><\/tr><\/tbody><\/table><\/figure>\n\n\n\n<figure class=\"wp-block-table\"><table class=\"has-fixed-layout\"><tbody><tr><td><img loading=\"lazy\" decoding=\"async\" src=\"https:\/\/www.olimpijski.pl\/Media\/files\/Sarajewo_2019\/Bartosz_Szkola-Sarajewo2019.jpg\" alt=\"Bartosz Szko\u0142a\/Fot.: Szymon Sikora\" width=\"180\" height=\"180\"><\/td><td><strong>Bartosz Szko\u0142a<\/strong><\/td><\/tr><\/tbody><\/table><\/figure>\n\n\n\n<figure class=\"wp-block-table\"><table><tbody><tr><td><img loading=\"lazy\" decoding=\"async\" src=\"https:\/\/www.olimpijski.pl\/Media\/files\/Sarajewo_2019\/Przemyslaw_Bialobrzycki-Sarajewo2019.jpg\" alt=\"Przemys\u0142aw Bia\u0142obrzycki\/Fot.: Szymon Sikora\" width=\"180\" height=\"180\"><\/td><td><strong>Przemys\u0142aw Bia\u0142obrzycki<\/strong><\/td><\/tr><\/tbody><\/table><\/figure>\n\n\n\n<figure class=\"wp-block-table\"><table class=\"has-fixed-layout\"><tbody><tr><td><img loading=\"lazy\" decoding=\"async\" src=\"https:\/\/www.olimpijski.pl\/Media\/files\/Sarajewo_2019\/Bart%C5%82omiej_Sanetra-Sarajewo2019.jpg\" alt=\"Bart\u0142omiej Sanetra\/Fot.: Szymon Sikora\" width=\"180\" height=\"180\"><\/td><td><strong>Bart\u0142omiej Sanetra<\/strong><\/td><\/tr><\/tbody><\/table><\/figure>\n\n\n\n<figure class=\"wp-block-table\"><table class=\"has-fixed-layout\"><tbody><tr><td><img loading=\"lazy\" decoding=\"async\" src=\"https:\/\/www.olimpijski.pl\/Media\/files\/Sarajewo_2019\/Jan_Bolek-Sarajewo2019.jpg\" alt=\"Jan Bolek\/Fot.: Szymon Sikora\" width=\"180\" height=\"180\"><\/td><td><strong>Jan Bolek<\/strong><\/td><\/tr><\/tbody><\/table><\/figure>\n\n\n\n<p><em><strong>Trenerzy:<\/strong> Elena Valt, Marco Ferro, Wojciech Mitan, Mateusz Habrat<\/em><\/p>\n\n\n\n<h2 class=\"wp-block-heading\"><strong>Snowboard<\/strong><\/h2>\n\n\n\n<figure class=\"wp-block-table\"><table class=\"has-fixed-layout\"><tbody><tr><td><img loading=\"lazy\" decoding=\"async\" src=\"https:\/\/www.olimpijski.pl\/Media\/files\/Paulina_Zaracha-Sarajewo2019.jpg\" alt=\"Paulina Zaradna\/Fot.: Szymon Sikora\" width=\"180\" height=\"180\"><\/td><td><strong>Paulina Zaradna<\/strong><\/td><\/tr><\/tbody><\/table><\/figure>\n\n\n\n<figure class=\"wp-block-table\"><table class=\"has-fixed-layout\"><tbody><tr><td><img loading=\"lazy\" decoding=\"async\" src=\"https:\/\/www.olimpijski.pl\/Media\/files\/Jedrek_Maczugowski-Sarajewo2019.jpg\" alt=\"J\u0119drzej Maczugowski\/Fot.: Szymon Sikora\" width=\"180\" height=\"180\"><\/td><td><strong>J\u0119drzej Maczugowski<\/strong><\/td><\/tr><\/tbody><\/table><\/figure>\n\n\n\n<figure class=\"wp-block-table\"><table class=\"has-fixed-layout\"><tbody><tr><td><img loading=\"lazy\" decoding=\"async\" src=\"https:\/\/www.olimpijski.pl\/Media\/files\/Filip_Orlik-Sarajewo2019_1.jpg\" alt=\"Filip Orlik\/Fot.: Szymon Sikora\" width=\"180\" height=\"180\"><\/td><td><strong>Filip Orlik<\/strong><\/td><\/tr><\/tbody><\/table><\/figure>\n\n\n\n<figure class=\"wp-block-table\"><table class=\"has-fixed-layout\"><tbody><tr><td><img loading=\"lazy\" decoding=\"async\" src=\"https:\/\/www.olimpijski.pl\/Media\/files\/Maciej_Mroz-Sarajewo2019.jpg\" alt=\"Maciej Mr\u00f3z\/Fot.: Szymon Sikora\" width=\"180\" height=\"180\"><\/td><td><strong>Maciej Mr\u00f3z<\/strong><\/td><\/tr><\/tbody><\/table><\/figure>\n\n\n\n<p><em><strong>Trenerzy:<\/strong> Tomasz Wolak, Zbigniew Dendys<\/em><\/p>\n\n<\/div>\n\t\t<\/div>\n<\/div>\n\n\n<h2 class=\"wp-block-heading\"><strong>MEDALE REPREZENTACJI POLSKI<\/strong><\/h2>\n\n\n\n<p><strong>Z\u0142ote medale (2)<\/strong><br>Monika SKINDER &#8211; biegi narciarskie, sprint st. klasykiem<br>Mateusz KRZEMI\u0143SKI &#8211; short track, 500 m<br><br><strong>Srebrny medal<\/strong><br>Hanna SOKO\u0141OWSKA, Magdalena ZYCH, Mateusz KRZEMI\u0143SKI, Mateusz MIKO\u0141AJUK &#8211; short track, sztafeta mieszana, 3000 m<br><br><strong>Br\u0105zowe medale (2)<\/strong><br>Monika SKINDER &#8211; biegi narciarskie, 7,5 km st. klas.<br>Magdalena ZYCH &#8211; short track, 500 m<\/p>\n","protected":false},"excerpt":{"rendered":"<p>XIV Zimowy EYOFSarajewo 2019 SARAJEWO (Bo\u015bnia i Hercegowina), 9-16 lutego 2019 W Sarajewie i&nbsp;Wschodnim Sarajewie odby\u0142a si\u0119 XIV edycja Zimowego Festiwalu M\u0142odzie\u017cy<\/p>\n","protected":false},"featured_media":0,"parent":0,"menu_order":0,"template":"templates\/olympic_main_subpage.php","meta":{"_acf_changed":false,"ub_ctt_via":"","footnotes":""},"class_list":["post-30568","olympics_eyof","type-olympics_eyof","status-publish","hentry","infinite-scroll-item","no-featured-image-padding"],"acf":{"special_bg_img":false,"hide_breadcrumbs":[],"competitions_olympic":false,"game_id":"","game_type":"","game_link":"","game_news":"","startdate":"09.02.2020 12:00 am","enddate":"16.02.2020 12:00 am","place":"Sarajewo","year":"2019","logo":"https:\/\/olimpijski.pl\/wp-content\/uploads\/2020\/10\/EYOF_Sarajewo_2019.jpg","histroy_tabs":false},"_links":{"self":[{"href":"https:\/\/olimpijski.pl\/en\/wp-json\/wp\/v2\/olympics_eyof\/30568"}],"collection":[{"href":"https:\/\/olimpijski.pl\/en\/wp-json\/wp\/v2\/olympics_eyof"}],"about":[{"href":"https:\/\/olimpijski.pl\/en\/wp-json\/wp\/v2\/types\/olympics_eyof"}],"version-history":[{"count":2,"href":"https:\/\/olimpijski.pl\/en\/wp-json\/wp\/v2\/olympics_eyof\/30568\/revisions"}],"predecessor-version":[{"id":35457,"href":"https:\/\/olimpijski.pl\/en\/wp-json\/wp\/v2\/olympics_eyof\/30568\/revisions\/35457"}],"wp:attachment":[{"href":"https:\/\/olimpijski.pl\/en\/wp-json\/wp\/v2\/media?parent=30568"}],"curies":[{"name":"wp","href":"https:\/\/api.w.org\/{rel}","templated":true}]}}