{"id":30571,"date":"2019-10-05T15:16:30","date_gmt":"2019-10-05T13:16:30","guid":{"rendered":"http:\/\/pkol.cumulus.atthouse.pl\/?post_type=olympics_eyof&#038;p=30571"},"modified":"2022-09-05T12:56:23","modified_gmt":"2022-09-05T10:56:23","slug":"xv-letni-eyof-baku-2019","status":"publish","type":"olympics_eyof","link":"https:\/\/olimpijski.pl\/en\/olympics_eyof\/xv-letni-eyof-baku-2019\/","title":{"rendered":"XV Letni EYOF &#8211; Baku 2019"},"content":{"rendered":"\n<h1 class=\"main-title wp-block-heading\"><strong>XV Letni EYOF<\/strong><br>Baku 2019<\/h1>\n\n\n\n<p><br><\/p>\n\n\n\n<figure class=\"wp-block-image is-resized\"><img loading=\"lazy\" decoding=\"async\" src=\"http:\/\/www.olimpijski.pl\/Media\/files\/37582-home-eyof2019baku-jpg.jpg\" alt=\"\" width=\"200\" height=\"150\"\/><\/figure>\n\n\n\n<p><strong>BAKU (Azerbejd\u017can), 21-27 lipca 2019<\/strong><\/p>\n\n\n\n<p>XV Letni Olimpijski Festiwal M\u0142odzie\u017cy Europy Baku 2019 okaza\u0142 si\u0119 najlepszym dla Polskiej M\u0142odzie\u017cowej Reprezentacji w historii jej wyst\u0119p\u00f3w w tej imprezie. Polacy w stolicy Azerbejd\u017canu wywalczyli 15 kr\u0105\u017ck\u00f3w: 6 z\u0142otych, 3 srebrne i 6 br\u0105zowych. Do tej pory najlepszym dla Polski Festiwalem by\u0142 ten z 1999 roku w Danii. Nasi reprezentanci zdobyli tam tak\u017ce 15 medali (3-4-8), ale tym razem przy takiej samej liczbie kr\u0105\u017ck\u00f3w, z\u0142otych by\u0142o a\u017c 6!<\/p>\n\n\n\n<p>W Azerbejd\u017canie \u015bwietnie zaprezentowali si\u0119 lekkoatleci, kt\u00f3rzy wygrali klasyfikacj\u0119 medalow\u0105 w tej dyscyplinie.<\/p>\n\n\n<div class=\"wp-block-image\">\n<figure class=\"aligncenter\"><img decoding=\"async\" src=\"http:\/\/www.olimpijski.pl\/Media\/files\/20190727ss_089.JPG\" alt=\"Fot.: Szymon Sikora\/PKOl\" title=\"Fot.: Szymon Sikora\/PKOl\"\/><\/figure><\/div>\n\n\n<p>W Polskiej M\u0142odzie\u017cowej Reprezentacji znalaz\u0142o si\u0119 101 sportowc\u00f3w (52 dziewcz\u0119ta i&nbsp;49 ch\u0142opc\u00f3w), kt\u00f3rzy w&nbsp;Baku rywalizowali w&nbsp;o\u015bmiu sportach: gimnastyce, judo, kolarstwie, koszyk\u00f3wce (dziewcz\u0119ta), lekkoatletyce, p\u0142ywaniu, tenisie i&nbsp;zapasach. Towarzyszy\u0142o im 41 os\u00f3b wsp\u00f3\u0142pracuj\u0105cych (trenerzy, opieka medyczno-fizjoterapeutyczna, misja organizacyjna).<\/p>\n\n\n<div class=\"wp-block-image\">\n<figure class=\"aligncenter\"><img decoding=\"async\" src=\"http:\/\/www.olimpijski.pl\/Media\/files\/20190727ss_122.JPG\" alt=\"Fot.: Szymon Sikora\/PKOl\" title=\"Fot.: Szymon Sikora\/PKOl\"\/><\/figure><\/div>\n\n\n<p>W klasyfikacji medalowej EYOF 2019 Polska, na&nbsp;49 kraj\u00f3w (nie startowa\u0142a Armenia), zaj\u0119\u0142a 9. miejsce. Wygra\u0142a Rosja \u2013 66 medali (28-17-21), przed Wielk\u0105 Brytani\u0105 \u2013 25 medali (11-12-2) i&nbsp;Turcj\u0105 \u2013 27 medali (11-6-10).<\/p>\n\n\n\n<h2 class=\"wp-block-heading\"><strong>Polska M\u0142odzie\u017cowa Reprezentacja<\/strong><\/h2>\n\n\n<div class=\"wp-block-ub-content-toggle wp-block-ub-content-toggle-block\" id=\"ub-content-toggle-block-c13c6ebb-18c8-4a3a-9077-701192cdd9ab\" data-mobilecollapse=\"false\" data-desktopcollapse=\"true\" data-preventcollapse=\"false\" data-showonlyone=\"false\">\n<div class=\"wp-block-ub-content-toggle-accordion\" style=\"border-color: #f1f1f1;\" id=\"ub-content-toggle-panel-block-\">\n\t\t\t<div class=\"wp-block-ub-content-toggle-accordion-title-wrap\" style=\"background-color: #f1f1f1;\" aria-controls=\"ub-content-toggle-panel-0-c13c6ebb-18c8-4a3a-9077-701192cdd9ab\" tabindex=\"0\">\n\t\t\t<p class=\"wp-block-ub-content-toggle-accordion-title ub-content-toggle-title-c13c6ebb-18c8-4a3a-9077-701192cdd9ab\" style=\"color: #000000; \">Sk\u0142ad<\/p>\n\t\t\t<div class=\"wp-block-ub-content-toggle-accordion-toggle-wrap right\" style=\"color: #000000;\"><span class=\"wp-block-ub-content-toggle-accordion-state-indicator wp-block-ub-chevron-down\"><\/span><\/div>\n\t\t<\/div>\n\t\t\t<div role=\"region\" aria-expanded=\"false\" class=\"wp-block-ub-content-toggle-accordion-content-wrap ub-hide\" id=\"ub-content-toggle-panel-0-c13c6ebb-18c8-4a3a-9077-701192cdd9ab\">\n\n<p><\/p>\n\n\n\n<h2 class=\"wp-block-heading\"><strong>Gimnastyka<\/strong><\/h2>\n\n\n\n<figure class=\"wp-block-table\"><table class=\"has-fixed-layout\"><tbody><tr><td><img loading=\"lazy\" decoding=\"async\" src=\"http:\/\/www.olimpijski.pl\/Media\/files\/gimnastyka_Pyzio_Dagmara.JPG\" alt=\"Dagmara Pyzio\/Fot.: Tomasz Piechal\" width=\"180\" height=\"180\"><\/td><td><strong>Dagmara Pyzio<\/strong><\/td><\/tr><\/tbody><\/table><\/figure>\n\n\n\n<figure class=\"wp-block-table\"><table class=\"has-fixed-layout\"><tbody><tr><td><img loading=\"lazy\" decoding=\"async\" src=\"http:\/\/www.olimpijski.pl\/Media\/files\/gimnastyka_Skalska_Kaja.JPG\" alt=\"Kaja Skalska\/Fot.: Tomasz Piechal\" width=\"180\" height=\"180\"><\/td><td><strong>Kaja Skalska<\/strong><\/td><\/tr><\/tbody><\/table><\/figure>\n\n\n\n<figure class=\"wp-block-table\"><table class=\"has-fixed-layout\"><tbody><tr><td><img loading=\"lazy\" decoding=\"async\" src=\"http:\/\/www.olimpijski.pl\/Media\/files\/gimnastyka_Sikon_Isabel.JPG\" alt=\"Isabel Siko\u0144\/Fot.: Tomasz Piechal\" width=\"180\" height=\"180\"><\/td><td><strong>Isabel Siko\u0144<\/strong><\/td><\/tr><\/tbody><\/table><\/figure>\n\n\n\n<figure class=\"wp-block-table\"><table class=\"has-fixed-layout\"><tbody><tr><td><img loading=\"lazy\" decoding=\"async\" src=\"http:\/\/www.olimpijski.pl\/Media\/files\/gimnastyka_Garnczarek_Kacper.JPG\" alt=\"Kacper Garnczarek\/Fot.: Tomasz Piechal\" width=\"180\" height=\"180\"><\/td><td><strong>Kacper Garnczarek<\/strong><\/td><\/tr><\/tbody><\/table><\/figure>\n\n\n\n<figure class=\"wp-block-table\"><table class=\"has-fixed-layout\"><tbody><tr><td><img loading=\"lazy\" decoding=\"async\" src=\"http:\/\/www.olimpijski.pl\/Media\/files\/gimnastyka_Wysocki_Jan.JPG\" alt=\"Jan Wysocki\/Fot.: Tomasz Piechal\" width=\"180\" height=\"180\"><\/td><td><strong>Jan Wysocki<\/strong><\/td><\/tr><\/tbody><\/table><\/figure>\n\n\n\n<p><em><strong>Trenerzy:<\/strong> Jacek Wodyk, Gra\u017cyna Nowak, Micha\u0142 Bogus, Czes\u0142aw S\u0142odkowski<\/em><\/p>\n\n\n\n<h2 class=\"wp-block-heading\"><strong>Judo<\/strong><\/h2>\n\n\n\n<figure class=\"wp-block-table\"><table class=\"has-fixed-layout\"><tbody><tr><td><img loading=\"lazy\" decoding=\"async\" src=\"http:\/\/www.olimpijski.pl\/Media\/files\/judo_Onysk_Oliwia.JPG\" alt=\"Oliwia Onysk\/Fot.: Tomasz Piechal\" width=\"180\" height=\"180\"><\/td><td><strong>Oliwia Onysk<\/strong><\/td><\/tr><\/tbody><\/table><\/figure>\n\n\n\n<figure class=\"wp-block-table\"><table class=\"has-fixed-layout\"><tbody><tr><td><img loading=\"lazy\" decoding=\"async\" src=\"http:\/\/www.olimpijski.pl\/Media\/files\/judo_Stoklosa_Natalia.JPG\" alt=\"Natalia Stok\u0142osa\/Fot.: Tomasz Piechal\" width=\"180\" height=\"180\"><\/td><td><strong>Natalia Stok\u0142osa<\/strong><\/td><\/tr><\/tbody><\/table><\/figure>\n\n\n\n<figure class=\"wp-block-table\"><table class=\"has-fixed-layout\"><tbody><tr><td><img loading=\"lazy\" decoding=\"async\" src=\"http:\/\/www.olimpijski.pl\/Media\/files\/judo_Wozniak_Zuzanna.JPG\" alt=\"Zuzanna Wo\u017aniak\/Fot.: Tomasz Piechal\" width=\"180\" height=\"180\"><\/td><td><strong>Zuzanna Wo\u017aniak<\/strong><\/td><\/tr><\/tbody><\/table><\/figure>\n\n\n\n<figure class=\"wp-block-table\"><table class=\"has-fixed-layout\"><tbody><tr><td><img loading=\"lazy\" decoding=\"async\" src=\"http:\/\/www.olimpijski.pl\/Media\/files\/judo_Oldak_Alicja.JPG\" alt=\"Alicja O\u0142dak\/Fot.: Tomasz Piechal\" width=\"180\" height=\"180\"><\/td><td><strong>Alicja O\u0142dak<\/strong><\/td><\/tr><\/tbody><\/table><\/figure>\n\n\n\n<figure class=\"wp-block-table\"><table class=\"has-fixed-layout\"><tbody><tr><td><img loading=\"lazy\" decoding=\"async\" src=\"http:\/\/www.olimpijski.pl\/Media\/files\/judo_Glubiak_Martyna.JPG\" alt=\"Martyna G\u0142ubiak\/Fot.: Tomasz Piechal\" width=\"180\" height=\"180\"><\/td><td><strong>Martyna Glubiak<\/strong><\/td><\/tr><\/tbody><\/table><\/figure>\n\n\n\n<figure class=\"wp-block-table\"><table class=\"has-fixed-layout\"><tbody><tr><td><img loading=\"lazy\" decoding=\"async\" src=\"http:\/\/www.olimpijski.pl\/Media\/files\/judo_Kobus_Natalia.JPG\" alt=\"Natalia Kobus\/Fot.: Tomasz Piechal\" width=\"180\" height=\"180\"><\/td><td><strong>Natalia Kobus<\/strong><\/td><\/tr><\/tbody><\/table><\/figure>\n\n\n\n<figure class=\"wp-block-table\"><table class=\"has-fixed-layout\"><tbody><tr><td><img loading=\"lazy\" decoding=\"async\" src=\"http:\/\/www.olimpijski.pl\/Media\/files\/judo_Grela_Filip.JPG\" alt=\"Filip Grela\/Fot.: Tomasz Piechal\" width=\"180\" height=\"180\"><\/td><td><strong>Filip Grela<\/strong><\/td><\/tr><\/tbody><\/table><\/figure>\n\n\n\n<figure class=\"wp-block-table\"><table class=\"has-fixed-layout\"><tbody><tr><td><img loading=\"lazy\" decoding=\"async\" src=\"http:\/\/www.olimpijski.pl\/Media\/files\/judo_Loska_Olaf.JPG\" alt=\"Olaf Loska\/Fot.: Tomasz Piechal\" width=\"180\" height=\"180\"><\/td><td><strong>Olaf Loska<\/strong><\/td><\/tr><\/tbody><\/table><\/figure>\n\n\n\n<figure class=\"wp-block-table\"><table class=\"has-fixed-layout\"><tbody><tr><td><img loading=\"lazy\" decoding=\"async\" src=\"http:\/\/www.olimpijski.pl\/Media\/files\/judo_Kowalczyk_Michal.JPG\" alt=\"Micha\u0142 Kowalczyk\/Fot.: Tomasz Piechal\" width=\"180\" height=\"180\"><\/td><td><strong>Micha\u0142 Kowalczyk<\/strong><\/td><\/tr><\/tbody><\/table><\/figure>\n\n\n\n<figure class=\"wp-block-table\"><table class=\"has-fixed-layout\"><tbody><tr><td><img loading=\"lazy\" decoding=\"async\" src=\"http:\/\/www.olimpijski.pl\/Media\/files\/judo_Karas_Kacper.JPG\" alt=\"Kacper Kara\u015b\/Fot.: Tomasz Piechal\" width=\"180\" height=\"180\"><\/td><td><strong>Kacper Kara\u015b<\/strong><\/td><\/tr><\/tbody><\/table><\/figure>\n\n\n\n<figure class=\"wp-block-table\"><table class=\"has-fixed-layout\"><tbody><tr><td><img loading=\"lazy\" decoding=\"async\" src=\"http:\/\/www.olimpijski.pl\/Media\/files\/judo_Janczylik_Dimitrij.JPG\" alt=\"Dmitrij Janczylik\/Fot.: Tomasz Piechal\" width=\"180\" height=\"180\"><\/td><td><strong>Dmitrij Janczylik<\/strong><\/td><\/tr><\/tbody><\/table><\/figure>\n\n\n\n<figure class=\"wp-block-table\"><table class=\"has-fixed-layout\"><tbody><tr><td><img loading=\"lazy\" decoding=\"async\" src=\"http:\/\/www.olimpijski.pl\/Media\/files\/judo_Karczyk_Filip.JPG\" alt=\"Filip Karczyk\/Fot.: Tomasz Piechal\" width=\"180\" height=\"180\"><\/td><td><strong>Filip Karczyk<\/strong><\/td><\/tr><\/tbody><\/table><\/figure>\n\n\n\n<p><em><strong>Trenerzy:<\/strong> Kotaro Sasaki, Pawe\u0142 Zagrodnik<\/em><\/p>\n\n\n\n<h2 class=\"wp-block-heading\"><strong>Kolarstwo<\/strong><\/h2>\n\n\n\n<figure class=\"wp-block-table\"><table class=\"has-fixed-layout\"><tbody><tr><td><img loading=\"lazy\" decoding=\"async\" src=\"http:\/\/www.olimpijski.pl\/Media\/files\/kolarstwo_Szalinska_Tamara.JPG\" alt=\"Tamara Szali\u0144ska\/Fot.: Tomasz Piechal\" width=\"180\" height=\"180\"><\/td><td><strong>Tamara Szali\u0144ska<\/strong><\/td><\/tr><\/tbody><\/table><\/figure>\n\n\n\n<figure class=\"wp-block-table\"><table class=\"has-fixed-layout\"><tbody><tr><td><img loading=\"lazy\" decoding=\"async\" src=\"http:\/\/www.olimpijski.pl\/Media\/files\/kolarstwo_Wankiewicz_Olga.JPG\" alt=\"Olga Wankiewicz\/Fot.: Tomasz Piechal\" width=\"180\" height=\"180\"><\/td><td><strong>Olga Wankiewicz<\/strong><\/td><\/tr><\/tbody><\/table><\/figure>\n\n\n\n<figure class=\"wp-block-table\"><table class=\"has-fixed-layout\"><tbody><tr><td><img loading=\"lazy\" decoding=\"async\" src=\"http:\/\/www.olimpijski.pl\/Media\/files\/kolarstwo_Wroblewska_Maja.JPG\" alt=\"Maja Wr\u00f3blewska\/Fot.: Tomasz Piechal\" width=\"180\" height=\"180\"><\/td><td><strong>Maja Wr\u00f3blewska<\/strong><\/td><\/tr><\/tbody><\/table><\/figure>\n\n\n\n<figure class=\"wp-block-table\"><table class=\"has-fixed-layout\"><tbody><tr><td><img loading=\"lazy\" decoding=\"async\" src=\"http:\/\/www.olimpijski.pl\/Media\/files\/kolarstwo_Grygowski_Hubert.JPG\" alt=\"Hubert Grygowski\/Fot.: Tomasz Piechal\" width=\"180\" height=\"180\"><\/td><td><strong>Hubert Grygowski<\/strong><\/td><\/tr><\/tbody><\/table><\/figure>\n\n\n\n<figure class=\"wp-block-table\"><table class=\"has-fixed-layout\"><tbody><tr><td><img loading=\"lazy\" decoding=\"async\" src=\"http:\/\/www.olimpijski.pl\/Media\/files\/kolarstwo_Rykowski_Lukasz.JPG\" alt=\"\u0141ukasz Rykowski\/Fot.: Tomasz Piechal\" width=\"180\" height=\"180\"><\/td><td><strong>\u0141ukasz Rykowski<\/strong><\/td><\/tr><\/tbody><\/table><\/figure>\n\n\n\n<figure class=\"wp-block-table\"><table class=\"has-fixed-layout\"><tbody><tr><td><img loading=\"lazy\" decoding=\"async\" src=\"http:\/\/www.olimpijski.pl\/Media\/files\/kolarstwo_Sek_Igor.JPG\" alt=\"Igor S\u0119k\/Fot.: Tomasz Piechal\" width=\"180\" height=\"180\"><\/td><td><strong>Igor S\u0119k<\/strong><\/td><\/tr><\/tbody><\/table><\/figure>\n\n\n\n<p><em><strong>Trenerzy:<\/strong> Marcin Mientki, Maciej Stanowicz<\/em><\/p>\n\n\n\n<h2 class=\"wp-block-heading\"><strong>Koszyk\u00f3wka<\/strong><\/h2>\n\n\n\n<figure class=\"wp-block-table\"><table class=\"has-fixed-layout\"><tbody><tr><td><img loading=\"lazy\" decoding=\"async\" src=\"http:\/\/www.olimpijski.pl\/Media\/files\/koszykowka_Jarzab_Alicja.JPG\" alt=\"Alicja Jasrz\u0105b\/Fot.: Tomasz Piechal\" width=\"180\" height=\"180\"><\/td><td><strong>Alicja Jarz\u0105b<\/strong><\/td><\/tr><\/tbody><\/table><\/figure>\n\n\n\n<figure class=\"wp-block-table\"><table class=\"has-fixed-layout\"><tbody><tr><td><img loading=\"lazy\" decoding=\"async\" src=\"http:\/\/www.olimpijski.pl\/Media\/files\/koszykowka_Jastrzebska_Wiktoria.JPG\" alt=\"Wiktoria Jastrz\u0119bska\/Fot.: Tomasz Piechal\" width=\"180\" height=\"180\"><\/td><td><strong>Wiktoria Jastrz\u0119bska<\/strong><\/td><\/tr><\/tbody><\/table><\/figure>\n\n\n\n<figure class=\"wp-block-table\"><table class=\"has-fixed-layout\"><tbody><tr><td><img loading=\"lazy\" decoding=\"async\" src=\"http:\/\/www.olimpijski.pl\/Media\/files\/koszykowka_Kalenik_Emily.JPG\" alt=\"Emily Kalenik\/Fot.: Tomasz Piechal\" width=\"180\" height=\"180\"><\/td><td><strong>Emily Kalenik<\/strong><\/td><\/tr><\/tbody><\/table><\/figure>\n\n\n\n<figure class=\"wp-block-table\"><table class=\"has-fixed-layout\"><tbody><tr><td><img loading=\"lazy\" decoding=\"async\" src=\"http:\/\/www.olimpijski.pl\/Media\/files\/koszykowka_Kozlowska_Maja.JPG\" alt=\"Maja Koz\u0142owska\/Fot.: Tomasz Piechal\" width=\"180\" height=\"180\"><\/td><td><strong>Maja Koz\u0142owska<\/strong><\/td><\/tr><\/tbody><\/table><\/figure>\n\n\n\n<figure class=\"wp-block-table\"><table class=\"has-fixed-layout\"><tbody><tr><td><img loading=\"lazy\" decoding=\"async\" src=\"http:\/\/www.olimpijski.pl\/Media\/files\/koszykowka_Makurat_Agata.JPG\" alt=\"Agata Makurat\/Fot.: Tomasz Piechal\" width=\"180\" height=\"180\"><\/td><td><strong>Agata Makurat<\/strong><\/td><\/tr><\/tbody><\/table><\/figure>\n\n\n\n<figure class=\"wp-block-table\"><table class=\"has-fixed-layout\"><tbody><tr><td><img loading=\"lazy\" decoding=\"async\" src=\"http:\/\/www.olimpijski.pl\/Media\/files\/koszykowka_Maslowska_Marta.JPG\" alt=\"Marta Mas\u0142owska\/Fot.: Tomasz Piechal\" width=\"180\" height=\"180\"><\/td><td><strong>Marta Mas\u0142owska<\/strong><\/td><\/tr><\/tbody><\/table><\/figure>\n\n\n\n<figure class=\"wp-block-table\"><table class=\"has-fixed-layout\"><tbody><tr><td><img loading=\"lazy\" decoding=\"async\" src=\"http:\/\/www.olimpijski.pl\/Media\/files\/koszykowka_Michniewicz_Julita.JPG\" alt=\"Julita Michniewicz\/Fot.: Tomasz Piechal\" width=\"180\" height=\"180\"><\/td><td><strong>Julita Michniewicz<\/strong><\/td><\/tr><\/tbody><\/table><\/figure>\n\n\n\n<figure class=\"wp-block-table\"><table class=\"has-fixed-layout\"><tbody><tr><td><img loading=\"lazy\" decoding=\"async\" src=\"http:\/\/www.olimpijski.pl\/Media\/files\/koszykowka_Mitrowska_Aleksandra.JPG\" alt=\"Aleksandra Mitrowska\/Fot.: Tomasz Piechal\" width=\"180\" height=\"180\"><\/td><td><strong>Aleksandra Mitrowska<\/strong><\/td><\/tr><\/tbody><\/table><\/figure>\n\n\n\n<figure class=\"wp-block-table\"><table class=\"has-fixed-layout\"><tbody><tr><td><img loading=\"lazy\" decoding=\"async\" src=\"http:\/\/www.olimpijski.pl\/Media\/files\/koszykowka_Pawlak_Malgorzata.JPG\" alt=\"Ma\u0142gorzata Pawlak\/Fot.: Tomasz Piechal\" width=\"180\" height=\"180\"><\/td><td><strong>Ma\u0142gorzata Pawlak<\/strong><\/td><\/tr><\/tbody><\/table><\/figure>\n\n\n\n<figure class=\"wp-block-table\"><table class=\"has-fixed-layout\"><tbody><tr><td><img loading=\"lazy\" decoding=\"async\" src=\"http:\/\/www.olimpijski.pl\/Media\/files\/koszykowka_Sztaberska_Marta.JPG\" alt=\"Marta Szt\u0105berska\/Fot.: Tomasz Piechal\" width=\"180\" height=\"180\"><\/td><td><strong>Marta Szt\u0105berska<\/strong><\/td><\/tr><\/tbody><\/table><\/figure>\n\n\n\n<figure class=\"wp-block-table\"><table class=\"has-fixed-layout\"><tbody><tr><td><img loading=\"lazy\" decoding=\"async\" src=\"http:\/\/www.olimpijski.pl\/Media\/files\/koszykowka_Walczak_Michalina.JPG\" alt=\"Michalina Walczak\/Fot.: Tomasz Piechal\" width=\"180\" height=\"180\"><\/td><td><strong>Michalina Walczak<\/strong><\/td><\/tr><\/tbody><\/table><\/figure>\n\n\n\n<figure class=\"wp-block-table\"><table class=\"has-fixed-layout\"><tbody><tr><td><img loading=\"lazy\" decoding=\"async\" src=\"http:\/\/www.olimpijski.pl\/Media\/files\/koszykowka_Zajac_Aleksandra.JPG\" alt=\"Aleksandra Zaj\u0105c\/Fot.: Tomasz Piechal\" width=\"180\" height=\"180\"><\/td><td><strong>Aleksandra Zaj\u0105c<\/strong><\/td><\/tr><\/tbody><\/table><\/figure>\n\n\n\n<p><strong>Trener:<\/strong> Adam Kubaszczyk, Rados\u0142aw Duchnowski, Maciej Brodzi\u0144ski, Katarzyna Artych<\/p>\n\n\n\n<h2 class=\"wp-block-heading\"><strong>Lekkoatletyka<\/strong><\/h2>\n\n\n\n<figure class=\"wp-block-table\"><table class=\"has-fixed-layout\"><tbody><tr><td><img loading=\"lazy\" decoding=\"async\" src=\"http:\/\/www.olimpijski.pl\/Media\/files\/lekka_Rzeszewska_Olga.JPG\" alt=\"Olga Rzeszewska\/Fot.: Tomasz Piechal\" width=\"180\" height=\"180\"><\/td><td><strong>Olga Rzeszewska<\/strong><\/td><\/tr><\/tbody><\/table><\/figure>\n\n\n\n<figure class=\"wp-block-table\"><table class=\"has-fixed-layout\"><tbody><tr><td><img loading=\"lazy\" decoding=\"async\" src=\"http:\/\/www.olimpijski.pl\/Media\/files\/lekka_Malkowska_Dominika.JPG\" alt=\"Dominika Ma\u0142kowska\/Fot.: Tomasz Piechal\" width=\"180\" height=\"180\"><\/td><td><strong>Dominika Ma\u0142kowska<\/strong><\/td><\/tr><\/tbody><\/table><\/figure>\n\n\n\n<figure class=\"wp-block-table\"><table class=\"has-fixed-layout\"><tbody><tr><td><img loading=\"lazy\" decoding=\"async\" src=\"http:\/\/www.olimpijski.pl\/Media\/files\/lekka_Lesiewicz_Kornelia.JPG\" alt=\"Kornelia Lesiewicz\/Fot.: Tomasz Piechal\" width=\"180\" height=\"180\"><\/td><td><strong>Kornelia Lesiewicz<\/strong><\/td><\/tr><\/tbody><\/table><\/figure>\n\n\n\n<figure class=\"wp-block-table\"><table class=\"has-fixed-layout\"><tbody><tr><td><img loading=\"lazy\" decoding=\"async\" src=\"http:\/\/www.olimpijski.pl\/Media\/files\/lekka_Maniecka_Julita.JPG\" alt=\"Julita Maniecka\/Fot.: Tomasz Piechal\" width=\"180\" height=\"180\"><\/td><td><strong>Julita Maniecka<\/strong><\/td><\/tr><\/tbody><\/table><\/figure>\n\n\n\n<figure class=\"wp-block-table\"><table class=\"has-fixed-layout\"><tbody><tr><td><img loading=\"lazy\" decoding=\"async\" src=\"http:\/\/www.olimpijski.pl\/Media\/files\/lekka_Breza_Olimpia.JPG\" alt=\"Olimpia Breza\/Fot.: Tomasz Piechal\" width=\"180\" height=\"180\"><\/td><td><strong>Olimpia Breza<\/strong><\/td><\/tr><\/tbody><\/table><\/figure>\n\n\n\n<figure class=\"wp-block-table\"><table class=\"has-fixed-layout\"><tbody><tr><td><img loading=\"lazy\" decoding=\"async\" src=\"http:\/\/www.olimpijski.pl\/Media\/files\/lekka_Majewska_Marika.JPG\" alt=\"Marika Majewska\/Fot.: Tomasz Piechal\" width=\"180\" height=\"180\"><\/td><td><strong>Marika Majewska<\/strong><\/td><\/tr><\/tbody><\/table><\/figure>\n\n\n\n<figure class=\"wp-block-table\"><table class=\"has-fixed-layout\"><tbody><tr><td><img loading=\"lazy\" decoding=\"async\" src=\"http:\/\/www.olimpijski.pl\/Media\/files\/lekka_Kaczmarek_Alicja.JPG\" alt=\"Alicja Kaczmarek\/Fot.: Tomasz Piechal\" width=\"180\" height=\"180\"><\/td><td><strong>Alicja Kaczmarek<\/strong><\/td><\/tr><\/tbody><\/table><\/figure>\n\n\n\n<figure class=\"wp-block-table\"><table class=\"has-fixed-layout\"><tbody><tr><td><img loading=\"lazy\" decoding=\"async\" src=\"http:\/\/www.olimpijski.pl\/Media\/files\/lekka_Koralewska_Julia.JPG\" alt=\"Julia Koralewska\/Fot.: Tomasz Piechal\" width=\"180\" height=\"180\"><\/td><td><strong>Julia Koralewska<\/strong><\/td><\/tr><\/tbody><\/table><\/figure>\n\n\n\n<figure class=\"wp-block-table\"><table class=\"has-fixed-layout\"><tbody><tr><td><img loading=\"lazy\" decoding=\"async\" src=\"http:\/\/www.olimpijski.pl\/Media\/files\/lekka_Jankowska_Aleksandra.JPG\" alt=\"Aleksandra Jankowska\/Fot.: Tomasz Piechal\" width=\"180\" height=\"180\"><\/td><td><strong>Aleksandra Jankowska<\/strong><\/td><\/tr><\/tbody><\/table><\/figure>\n\n\n\n<figure class=\"wp-block-table\"><table class=\"has-fixed-layout\"><tbody><tr><td><img loading=\"lazy\" decoding=\"async\" src=\"http:\/\/www.olimpijski.pl\/Media\/files\/lekka_Chamot_Maja_.JPG\" alt=\"Maja Chamot\/Fot.: Tomasz Piechal\" width=\"180\" height=\"180\"><\/td><td><strong>Maja Chamot<\/strong><\/td><\/tr><\/tbody><\/table><\/figure>\n\n\n\n<figure class=\"wp-block-table\"><table class=\"has-fixed-layout\"><tbody><tr><td><img loading=\"lazy\" decoding=\"async\" src=\"http:\/\/www.olimpijski.pl\/Media\/files\/lekka_Mosiek_Joanna.JPG\" alt=\"Joanna Mosiek\/Fot.: Tomasz Piechal\" width=\"180\" height=\"180\"><\/td><td><strong>Joanna Mosiek<\/strong><\/td><\/tr><\/tbody><\/table><\/figure>\n\n\n\n<figure class=\"wp-block-table\"><table class=\"has-fixed-layout\"><tbody><tr><td><img loading=\"lazy\" decoding=\"async\" src=\"http:\/\/www.olimpijski.pl\/Media\/files\/lekka_Sieminska_Daria.JPG\" alt=\"Daria Siemi\u0144ska\/Fot.: Tomasz Piechal\" width=\"180\" height=\"180\"><\/td><td><strong>Daria Siemi\u0144ska<\/strong><\/td><\/tr><\/tbody><\/table><\/figure>\n\n\n\n<figure class=\"wp-block-table\"><table class=\"has-fixed-layout\"><tbody><tr><td><img loading=\"lazy\" decoding=\"async\" src=\"http:\/\/www.olimpijski.pl\/Media\/files\/lekka_Andrukonis_Gabriela.JPG\" alt=\"Gabriela Andrukonis\/Fot.: Tomasz Piechal\" width=\"180\" height=\"180\"><\/td><td><strong>Gabriela Andrukonis<\/strong><\/td><\/tr><\/tbody><\/table><\/figure>\n\n\n\n<figure class=\"wp-block-table\"><table class=\"has-fixed-layout\"><tbody><tr><td><img loading=\"lazy\" decoding=\"async\" src=\"http:\/\/www.olimpijski.pl\/Media\/files\/lekka_Kronburg_Klaudia.JPG\" alt=\"Klaudia Kronburg\/Fot.: Tomasz Piechal\" width=\"180\" height=\"184\"><\/td><td><strong>Klaudia Kronburg<\/strong><\/td><\/tr><\/tbody><\/table><\/figure>\n\n\n\n<figure class=\"wp-block-table\"><table class=\"has-fixed-layout\"><tbody><tr><td><img loading=\"lazy\" decoding=\"async\" src=\"http:\/\/www.olimpijski.pl\/Media\/files\/lekka_Gorny_Mateusz.JPG\" alt=\"Mateusz G\u00f3rny\/Fot.: Tomasz Piechal\" width=\"180\" height=\"180\"><\/td><td><strong>Mateusz G\u00f3rny<\/strong><\/td><\/tr><\/tbody><\/table><\/figure>\n\n\n\n<figure class=\"wp-block-table\"><table class=\"has-fixed-layout\"><tbody><tr><td><img loading=\"lazy\" decoding=\"async\" src=\"http:\/\/www.olimpijski.pl\/Media\/files\/lekka_Wdowik_Oliwer.JPG\" alt=\"Oliwier Wdowik\/Fot.: Tomasz Piechal\" width=\"180\" height=\"180\"><\/td><td><strong>Oliwier Wdowik<\/strong><\/td><\/tr><\/tbody><\/table><\/figure>\n\n\n\n<figure class=\"wp-block-table\"><table class=\"has-fixed-layout\"><tbody><tr><td><img loading=\"lazy\" decoding=\"async\" src=\"http:\/\/www.olimpijski.pl\/Media\/files\/lekka_Grzegorzewicz_Patryk.JPG\" alt=\"Patryk Grzegorzewicz\/Fot.: Tomasz Piechal\" width=\"180\" height=\"180\"><\/td><td><strong>Patryk Grzegorzewicz<\/strong><\/td><\/tr><\/tbody><\/table><\/figure>\n\n\n\n<figure class=\"wp-block-table\"><table class=\"has-fixed-layout\"><tbody><tr><td><img loading=\"lazy\" decoding=\"async\" src=\"http:\/\/www.olimpijski.pl\/Media\/files\/lekka_Roznicki_Krzysztof.JPG\" alt=\"Krzysztof R\u00f3\u017cnicki\/Fot.: Tomasz Piechal\" width=\"180\" height=\"180\"><\/td><td><strong>Krzysztof R\u00f3\u017cnicki<\/strong><\/td><\/tr><\/tbody><\/table><\/figure>\n\n\n\n<figure class=\"wp-block-table\"><table class=\"has-fixed-layout\"><tbody><tr><td><img loading=\"lazy\" decoding=\"async\" src=\"http:\/\/www.olimpijski.pl\/Media\/files\/lekka_Poczwardowski_Jedrzej.JPG\" alt=\"J\u0119drzej Poczwardowski\/Fot.: Tomasz Piechal\" width=\"180\" height=\"180\"><\/td><td><strong>J\u0119drzej Poczwardowski<\/strong><\/td><\/tr><\/tbody><\/table><\/figure>\n\n\n\n<figure class=\"wp-block-table\"><table class=\"has-fixed-layout\"><tbody><tr><td><img loading=\"lazy\" decoding=\"async\" src=\"http:\/\/www.olimpijski.pl\/Media\/files\/lekka_Lucki_Oskar.JPG\" alt=\"Oskar \u0141ucki\/Fot.: Tomasz Piechal\" width=\"180\" height=\"180\"><\/td><td><strong>Oskar \u0141ucki<\/strong><\/td><\/tr><\/tbody><\/table><\/figure>\n\n\n\n<figure class=\"wp-block-table\"><table class=\"has-fixed-layout\"><tbody><tr><td><img loading=\"lazy\" decoding=\"async\" src=\"http:\/\/www.olimpijski.pl\/Media\/files\/lekka_Kopec_Maciej.JPG\" alt=\"Maciej Kope\u0107\/Fot.: Tomasz Piechal\" width=\"180\" height=\"180\"><\/td><td><strong>Maciej Kope\u0107<\/strong><\/td><\/tr><\/tbody><\/table><\/figure>\n\n\n\n<figure class=\"wp-block-table\"><table class=\"has-fixed-layout\"><tbody><tr><td><img loading=\"lazy\" decoding=\"async\" src=\"http:\/\/www.olimpijski.pl\/Media\/files\/lekka_Moszczynski_Sebastian.JPG\" alt=\"Sebastian Moszczy\u0144ski\/Fot.: Tomasz Piechal\" width=\"180\" height=\"180\"><\/td><td><strong>Sebastian Moszczy\u0144ski<\/strong><\/td><\/tr><\/tbody><\/table><\/figure>\n\n\n\n<figure class=\"wp-block-table\"><table class=\"has-fixed-layout\"><tbody><tr><td><img loading=\"lazy\" decoding=\"async\" src=\"http:\/\/www.olimpijski.pl\/Media\/files\/lekka_Kupczak_Adrian.JPG\" alt=\"Adrian Kupczak\/Fot.: Tomasz Piechal\" width=\"180\" height=\"180\"><\/td><td><strong>Adrian Kupczak<\/strong><\/td><\/tr><\/tbody><\/table><\/figure>\n\n\n\n<figure class=\"wp-block-table\"><table class=\"has-fixed-layout\"><tbody><tr><td><img loading=\"lazy\" decoding=\"async\" src=\"http:\/\/www.olimpijski.pl\/Media\/files\/lekka_Tomczyk_Wojciech.JPG\" alt=\"Wojciech Tomczyk\/Fot.: Tomasz Piechal\" width=\"180\" height=\"180\"><\/td><td><strong>Wojciech Tomczyk<\/strong><\/td><\/tr><\/tbody><\/table><\/figure>\n\n\n\n<figure class=\"wp-block-table\"><table class=\"has-fixed-layout\"><tbody><tr><td><img loading=\"lazy\" decoding=\"async\" src=\"http:\/\/www.olimpijski.pl\/Media\/files\/lekka_Andrzejczak_Jaros%C5%82aw.JPG\" alt=\"Jaros\u0142aw Andrzejczak\/Fot.: Tomasz Piechal\" width=\"180\" height=\"180\"><\/td><td><strong>Jaros\u0142aw Andrzejczak<\/strong><\/td><\/tr><\/tbody><\/table><\/figure>\n\n\n\n<figure class=\"wp-block-table\"><table class=\"has-fixed-layout\"><tbody><tr><td><img loading=\"lazy\" decoding=\"async\" src=\"http:\/\/www.olimpijski.pl\/Media\/files\/lekka_Pilat_Dawid.JPG\" alt=\"Dawid Pi\u0142at\/Fot.: Tomasz Piechal\" width=\"180\" height=\"180\"><\/td><td><strong>Dawid Pi\u0142at<\/strong><\/td><\/tr><\/tbody><\/table><\/figure>\n\n\n\n<figure class=\"wp-block-table\"><table class=\"has-fixed-layout\"><tbody><tr><td><img loading=\"lazy\" decoding=\"async\" src=\"http:\/\/www.olimpijski.pl\/Media\/files\/lekka_Kolodziejczak_Eryk.JPG\" alt=\"Eryk Ko\u0142odziejczak\/Fot.: Tomasz Piechal\" width=\"180\" height=\"180\"><\/td><td><strong>Eryk Ko\u0142odziejczak<\/strong><\/td><\/tr><\/tbody><\/table><\/figure>\n\n\n\n<figure class=\"wp-block-table\"><table class=\"has-fixed-layout\"><tbody><tr><td><img loading=\"lazy\" decoding=\"async\" src=\"http:\/\/www.olimpijski.pl\/Media\/files\/lekka_Gruzd_Wiktor.JPG\" alt=\"Wiktor Gruzd\/Fot.: Tomasz Piechal\" width=\"180\" height=\"180\"><\/td><td><strong>Wiktor Gruzd<\/strong><\/td><\/tr><\/tbody><\/table><\/figure>\n\n\n\n<p><em><strong>Trenerzy:<\/strong> Karol Sikorski, Tomasz Saska, Krzysztof Kr\u00f3l, Magdalena Kubala, Tomasz Szewczyk, Aldona \u015awita\u0142a, Krzysztof W\u0119glarski<\/em><\/p>\n\n\n\n<h2 class=\"wp-block-heading\"><strong>P\u0142ywanie<\/strong><\/h2>\n\n\n\n<figure class=\"wp-block-table\"><table class=\"has-fixed-layout\"><tbody><tr><td><img loading=\"lazy\" decoding=\"async\" src=\"http:\/\/www.olimpijski.pl\/Media\/files\/plywanie_Gusc_Wiktoria.JPG\" alt=\"Wiktoria Gu\u015b\u0107\/Fot.: Tomasz Piechal\" width=\"180\" height=\"180\"><\/td><td><strong>Wiktoria Gu\u015b\u0107<\/strong><\/td><\/tr><\/tbody><\/table><\/figure>\n\n\n\n<figure class=\"wp-block-table\"><table class=\"has-fixed-layout\"><tbody><tr><td><img loading=\"lazy\" decoding=\"async\" src=\"http:\/\/www.olimpijski.pl\/Media\/files\/plywanie_Bernat_Laura.JPG\" alt=\"Laura Bernat\/Fot.: Tomasz Piechal\" width=\"180\" height=\"180\"><\/td><td><strong>Laura Bernat<\/strong><\/td><\/tr><\/tbody><\/table><\/figure>\n\n\n\n<figure class=\"wp-block-table\"><table class=\"has-fixed-layout\"><tbody><tr><td><img loading=\"lazy\" decoding=\"async\" src=\"http:\/\/www.olimpijski.pl\/Media\/files\/plywanie_Tarasiewicz_Klaudia.JPG\" alt=\"Klaudia Tarasiewicz (Polonia Warszawa)\/Fot.: Tomasz Piechal\" width=\"180\" height=\"180\"><\/td><td><strong>Klaudia Tarasiewicz<\/strong><\/td><\/tr><\/tbody><\/table><\/figure>\n\n\n\n<figure class=\"wp-block-table\"><table class=\"has-fixed-layout\"><tbody><tr><td><img loading=\"lazy\" decoding=\"async\" src=\"http:\/\/www.olimpijski.pl\/Media\/files\/plywanie_Klimczyk_Katarzyna.JPG\" alt=\"Katarzyna Klimczyk\/Fot.: Tomasz Piechal\" width=\"180\" height=\"180\"><\/td><td><strong>Katarzyna Klimczyk<\/strong><\/td><\/tr><\/tbody><\/table><\/figure>\n\n\n\n<figure class=\"wp-block-table\"><table class=\"has-fixed-layout\"><tbody><tr><td><img loading=\"lazy\" decoding=\"async\" src=\"http:\/\/www.olimpijski.pl\/Media\/files\/plywanie_Chrzan_Zofia.JPG\" alt=\"Zofia Chrzan\/Fot.: Tomasz Piechal\" width=\"180\" height=\"180\"><\/td><td><strong>Zofia Chrzan<\/strong><\/td><\/tr><\/tbody><\/table><\/figure>\n\n\n\n<figure class=\"wp-block-table\"><table class=\"has-fixed-layout\"><tbody><tr><td><img loading=\"lazy\" decoding=\"async\" src=\"http:\/\/www.olimpijski.pl\/Media\/files\/plywanie_Trendkiewicz_Dominika.JPG\" alt=\"Dominika Trentkiewicz\/Fot.: Tomasz Piechal\" width=\"180\" height=\"180\"><\/td><td><strong>Dominika Trentkiewicz<\/strong><\/td><\/tr><\/tbody><\/table><\/figure>\n\n\n\n<figure class=\"wp-block-table\"><table class=\"has-fixed-layout\"><tbody><tr><td><img loading=\"lazy\" decoding=\"async\" src=\"http:\/\/www.olimpijski.pl\/Media\/files\/plywanie_Chowaniec_Mateusz.JPG\" alt=\"Mateusz Chowaniec\/Fot.: Tomasz Piechal\" width=\"180\" height=\"180\"><\/td><td><strong>Mateusz Chowaniec<\/strong><\/td><\/tr><\/tbody><\/table><\/figure>\n\n\n\n<figure class=\"wp-block-table\"><table class=\"has-fixed-layout\"><tbody><tr><td><img loading=\"lazy\" decoding=\"async\" src=\"http:\/\/www.olimpijski.pl\/Media\/files\/plywanie_Uryniuk_Pawel.JPG\" alt=\"Pawe\u0142 Ursyniuk\/Fot.: Tomasz Piechal\" width=\"180\" height=\"180\"><\/td><td><strong>Pawe\u0142 Uryniuk<\/strong><\/td><\/tr><\/tbody><\/table><\/figure>\n\n\n\n<figure class=\"wp-block-table\"><table class=\"has-fixed-layout\"><tbody><tr><td><img loading=\"lazy\" decoding=\"async\" src=\"http:\/\/www.olimpijski.pl\/Media\/files\/plywanie_Zubik_Jan.JPG\" alt=\"Jan Zubik\/Fot.: Tomasz Piechal\" width=\"180\" height=\"180\"><\/td><td><strong>Jan Zubik<\/strong><\/td><\/tr><\/tbody><\/table><\/figure>\n\n\n\n<figure class=\"wp-block-table\"><table class=\"has-fixed-layout\"><tbody><tr><td><img loading=\"lazy\" decoding=\"async\" src=\"http:\/\/www.olimpijski.pl\/Media\/files\/plywanie_Daszkiewicz_Michal.JPG\" alt=\"Micha\u0142 Daszkiewicz\/Fot.: Tomasz Piechal\" width=\"180\" height=\"180\"><\/td><td><strong>Micha\u0142 Daszkiewicz<\/strong><\/td><\/tr><\/tbody><\/table><\/figure>\n\n\n\n<figure class=\"wp-block-table\"><table class=\"has-fixed-layout\"><tbody><tr><td><img loading=\"lazy\" decoding=\"async\" src=\"http:\/\/www.olimpijski.pl\/Media\/files\/plywanie_Zurawel_Nazar.JPG\" alt=\"Nazar \u017burawel\/Fot.: Tomasz Piechal\" width=\"180\" height=\"180\"><\/td><td><strong>Nazar \u017burawel<\/strong><\/td><\/tr><\/tbody><\/table><\/figure>\n\n\n\n<figure class=\"wp-block-table\"><table class=\"has-fixed-layout\"><tbody><tr><td><img loading=\"lazy\" decoding=\"async\" src=\"http:\/\/www.olimpijski.pl\/Media\/files\/plywanie_Kosinski_Filip.JPG\" alt=\"Filip Kosi\u0144ski\/Fot.: Tomasz Piechal\" width=\"180\" height=\"180\"><\/td><td><strong>Filip Kosi\u0144ski<\/strong><\/td><\/tr><\/tbody><\/table><\/figure>\n\n\n\n<figure class=\"wp-block-table\"><table class=\"has-fixed-layout\"><tbody><tr><td><img loading=\"lazy\" decoding=\"async\" src=\"http:\/\/www.olimpijski.pl\/Media\/files\/plywanie_Zielinski_Konrad.JPG\" alt=\"Konrad Zieli\u0144ski\/Fot.: Tomasz Piechal\" width=\"180\" height=\"180\"><\/td><td><strong>Konrad Zieli\u0144ski<\/strong><\/td><\/tr><\/tbody><\/table><\/figure>\n\n\n\n<figure class=\"wp-block-table\"><table class=\"has-fixed-layout\"><tbody><tr><td><img loading=\"lazy\" decoding=\"async\" src=\"http:\/\/www.olimpijski.pl\/Media\/files\/plywanie_Chmielewski_Krzysztof.JPG\" alt=\"Krzysztof Chmielewski\/Fot.: Tomasz Piechal\" width=\"180\" height=\"180\"><\/td><td><strong>Krzysztof Chmielewski<\/strong><\/td><\/tr><\/tbody><\/table><\/figure>\n\n\n\n<figure class=\"wp-block-table\"><table class=\"has-fixed-layout\"><tbody><tr><td><img loading=\"lazy\" decoding=\"async\" src=\"http:\/\/www.olimpijski.pl\/Media\/files\/plywanie_Zoladz_Stanislaw.JPG\" alt=\"Stanis\u0142aw \u017bo\u0142\u0105d\u017a\/Fot.: Tomasz Piechal\" width=\"180\" height=\"180\"><\/td><td><strong>Stanis\u0142aw \u017bo\u0142\u0105d\u017a<\/strong><\/td><\/tr><\/tbody><\/table><\/figure>\n\n\n\n<figure class=\"wp-block-table\"><table class=\"has-fixed-layout\"><tbody><tr><td><img loading=\"lazy\" decoding=\"async\" src=\"http:\/\/www.olimpijski.pl\/Media\/files\/plywanie_Dobrindt_Mikolaj.JPG\" alt=\"Miko\u0142aj Dobrindt\/Fot.: Tomasz Piechal\" width=\"180\" height=\"180\"><\/td><td><strong>Miko\u0142aj Dobrindt<\/strong><\/td><\/tr><\/tbody><\/table><\/figure>\n\n\n\n<p><em><strong>Trenerzy:<\/strong> Bartosz Olejarczyk, S\u0142awomir Pliszka, Leszek Ma\u0142yszek, Jaros\u0142aw Dobosz<\/em><\/p>\n\n\n\n<h2 class=\"wp-block-heading\"><strong>Tenis<\/strong><\/h2>\n\n\n\n<figure class=\"wp-block-table\"><table class=\"has-fixed-layout\"><tbody><tr><td><img loading=\"lazy\" decoding=\"async\" src=\"http:\/\/www.olimpijski.pl\/Media\/files\/tenis_Gruszczynka_Rozalia.JPG\" alt=\"Rozalia Gruszczy\u0144ska\/Fot.: Tomasz Piechal\" width=\"180\" height=\"180\"><\/td><td><strong>Rozalia Gruszczy\u0144ska<\/strong><\/td><\/tr><\/tbody><\/table><\/figure>\n\n\n\n<figure class=\"wp-block-table\"><table class=\"has-fixed-layout\"><tbody><tr><td><img loading=\"lazy\" decoding=\"async\" src=\"http:\/\/www.olimpijski.pl\/Media\/files\/tenis_Kubacha_Zuzanna.JPG\" alt=\"Zuzanna Kubacha\/Fot.: Tomasz Piechal\" width=\"180\" height=\"180\"><\/td><td><strong>Zuzanna Kubacha<\/strong><\/td><\/tr><\/tbody><\/table><\/figure>\n\n\n\n<figure class=\"wp-block-table\"><table class=\"has-fixed-layout\"><tbody><tr><td><img loading=\"lazy\" decoding=\"async\" src=\"http:\/\/www.olimpijski.pl\/Media\/files\/tenis_Pieczkowski_Olaf.jpg\" alt=\"Olaf Pieczkowski\/Fot.: Tomasz Piechal\" width=\"180\" height=\"180\"><\/td><td><strong>Olaf Pieczkowski<\/strong><\/td><\/tr><\/tbody><\/table><\/figure>\n\n\n\n<figure class=\"wp-block-table\"><table class=\"has-fixed-layout\"><tbody><tr><td><img loading=\"lazy\" decoding=\"async\" src=\"http:\/\/www.olimpijski.pl\/Media\/files\/tenis_Pieczonka_Filip.JPG\" alt=\"Filip Pieczonka\/Fot.: Tomasz Piechal\" width=\"180\" height=\"180\"><\/td><td><strong>Filip Pieczonka<\/strong><\/td><\/tr><\/tbody><\/table><\/figure>\n\n\n\n<p><em><strong>Trenerzy:<\/strong> Miko\u0142aj Weymann, Tomasz To\u0142styko<\/em><\/p>\n\n\n\n<h2 class=\"wp-block-heading\"><strong>Zapasy<\/strong><\/h2>\n\n\n\n<figure class=\"wp-block-table\"><table class=\"has-fixed-layout\"><tbody><tr><td><img loading=\"lazy\" decoding=\"async\" src=\"http:\/\/www.olimpijski.pl\/Media\/files\/zapasy_Jargiela_Katarzyna.JPG\" alt=\"Katarzyna Jargie\u0142a\/Fot.: Tomasz Piechal\" width=\"180\" height=\"180\"><\/td><td><strong>Katarzyna Jargie\u0142a<\/strong><\/td><\/tr><\/tbody><\/table><\/figure>\n\n\n\n<figure class=\"wp-block-table\"><table class=\"has-fixed-layout\"><tbody><tr><td><img loading=\"lazy\" decoding=\"async\" src=\"http:\/\/www.olimpijski.pl\/Media\/files\/zapasy_Kapinos_Weronika.JPG\" alt=\"Weronika Kapinos\/Fot.: Tomasz Piechal\" width=\"180\" height=\"180\"><\/td><td><strong>Weronika Kapinos<\/strong><\/td><\/tr><\/tbody><\/table><\/figure>\n\n\n\n<figure class=\"wp-block-table\"><table class=\"has-fixed-layout\"><tbody><tr><td><img loading=\"lazy\" decoding=\"async\" src=\"http:\/\/www.olimpijski.pl\/Media\/files\/zapasy_Kazimierczak_Agata.JPG\" alt=\"Agata Kazimierczak\/Fot.: Tomasz Piechal\" width=\"180\" height=\"180\"><\/td><td><strong>Agata Kazimierczak<\/strong><\/td><\/tr><\/tbody><\/table><\/figure>\n\n\n\n<figure class=\"wp-block-table\"><table class=\"has-fixed-layout\"><tbody><tr><td><img loading=\"lazy\" decoding=\"async\" src=\"http:\/\/www.olimpijski.pl\/Media\/files\/zapasy_Polowczyk_Zofia.JPG\" alt=\"Zofia Polowczyk\/Fot.: Tomasz Piechal\" width=\"180\" height=\"180\"><\/td><td><strong>Zofia Polowczyk<\/strong><\/td><\/tr><\/tbody><\/table><\/figure>\n\n\n\n<figure class=\"wp-block-table\"><table class=\"has-fixed-layout\"><tbody><tr><td><img loading=\"lazy\" decoding=\"async\" src=\"http:\/\/www.olimpijski.pl\/Media\/files\/zapasy_Strzelczyk_Patrycja.JPG\" alt=\"Patrycja Strzelczyk\/Fot.: Tomasz Piechal\" width=\"180\" height=\"180\"><\/td><td><strong>Patrycja Strzelczyk<\/strong><\/td><\/tr><\/tbody><\/table><\/figure>\n\n\n\n<figure class=\"wp-block-table\"><table class=\"has-fixed-layout\"><tbody><tr><td><img loading=\"lazy\" decoding=\"async\" src=\"http:\/\/www.olimpijski.pl\/Media\/files\/zapasy_Walczak_Natalia.JPG\" alt=\"Natalia Walczak\/Fot.: Tomasz Piechal\" width=\"180\" height=\"180\"><\/td><td><strong>Natalia Walczak<\/strong><\/td><\/tr><\/tbody><\/table><\/figure>\n\n\n\n<figure class=\"wp-block-table\"><table class=\"has-fixed-layout\"><tbody><tr><td><img loading=\"lazy\" decoding=\"async\" src=\"http:\/\/www.olimpijski.pl\/Media\/files\/zapasy_Barlowski_Kamil.JPG\" alt=\"Kamil Bar\u0142owski\/Fot.: Tomasz Piechal\" width=\"180\" height=\"180\"><\/td><td><strong>Kamil Bar\u0142owski<\/strong><\/td><\/tr><\/tbody><\/table><\/figure>\n\n\n\n<figure class=\"wp-block-table\"><table class=\"has-fixed-layout\"><tbody><tr><td><img loading=\"lazy\" decoding=\"async\" src=\"http:\/\/www.olimpijski.pl\/Media\/files\/zapasy_Indycki_Sebastain.JPG\" alt=\"Sebastian Indycki\/Fot.: Tomasz Piechal\" width=\"180\" height=\"180\"><\/td><td><strong>Sebastian Indycki<\/strong><\/td><\/tr><tr><td><img loading=\"lazy\" decoding=\"async\" src=\"http:\/\/www.olimpijski.pl\/Media\/files\/zapasy_Krupinski_K.JPG\" alt=\"Krystian Krupi\u0144ski\/Fot.: Tomasz Piechal\" width=\"180\" height=\"180\"><\/td><td><strong>Krystian Krupi\u0144ski<\/strong><\/td><\/tr><tr><td><img loading=\"lazy\" decoding=\"async\" src=\"http:\/\/www.olimpijski.pl\/Media\/files\/zapasy_Niedzwiedzki_Fabian.JPG\" alt=\"Fabian Nied\u017awiedzki\/Fot.: Tomasz Piechal\" width=\"180\" height=\"180\"><\/td><td><strong>Fabian Nied\u017awiedzki<\/strong><\/td><\/tr><tr><td><img loading=\"lazy\" decoding=\"async\" src=\"http:\/\/www.olimpijski.pl\/Media\/files\/zapasy_Sobolewski_Piotr.JPG\" alt=\"Piotr Sobolewski\/Fot.: Tomasz Piechal\" width=\"180\" height=\"180\"><\/td><td><strong>Piotr Sobolewski<\/strong><\/td><\/tr><tr><td><img loading=\"lazy\" decoding=\"async\" src=\"http:\/\/www.olimpijski.pl\/Media\/files\/zapasy_Soltys_Bartosz.JPG\" alt=\"Bartosz So\u0142tys\/Fot.: Tomasz Piechal\" width=\"180\" height=\"180\"><\/td><td><strong>Bartosz So\u0142tys<\/strong><\/td><\/tr><tr><td><img loading=\"lazy\" decoding=\"async\" src=\"http:\/\/www.olimpijski.pl\/Media\/files\/zapasy_Drewa_Andrzej.JPG\" alt=\"Andrzej Drewa\/Fot.: Tomasz Piechal\" width=\"180\" height=\"180\"><\/td><td><strong>Andrzej Drewa<\/strong><\/td><\/tr><tr><td><img loading=\"lazy\" decoding=\"async\" src=\"http:\/\/www.olimpijski.pl\/Media\/files\/zapasy_Karaskiewicz_Kacper.JPG\" alt=\"Kacper Kara\u015bkiewicz\/Fot.: Tomasz Piechal\" width=\"180\" height=\"180\"><\/td><td><strong>Kacper Kara\u015bkiewicz<\/strong><\/td><\/tr><tr><td><img loading=\"lazy\" decoding=\"async\" src=\"http:\/\/www.olimpijski.pl\/Media\/files\/zapasy_Ropiak_Mateusz.JPG\" alt=\"Mateusz Ropiak\/Fot.: Tomasz Piechal\" width=\"180\" height=\"180\"><\/td><td><strong>Mateusz Ropiak<\/strong><\/td><\/tr><tr><td><img loading=\"lazy\" decoding=\"async\" src=\"http:\/\/www.olimpijski.pl\/Media\/files\/zapasy_Metel_Kevin.JPG\" alt=\"Kevin Metel\/Fot.: Tomasz Piechal\" width=\"180\" height=\"180\"><\/td><td><strong>Kevin Metel<\/strong><\/td><\/tr><tr><td><img loading=\"lazy\" decoding=\"async\" src=\"http:\/\/www.olimpijski.pl\/Media\/files\/zapasy_Skrzypczak_Olivier.JPG\" alt=\"Olivier Skrzypczak\/Fot.: Tomasz Piechal\" width=\"180\" height=\"180\"><\/td><td><strong>Olivier Skrzypczak<\/strong><\/td><\/tr><tr><td><img loading=\"lazy\" decoding=\"async\" src=\"http:\/\/www.olimpijski.pl\/Media\/files\/zapasy_Stolarczyk_Piotr.JPG\" alt=\"Piotr Stolarczyk\/Fot.: Tomasz Piechal\" width=\"180\" height=\"180\"><\/td><td><strong>Piotr Stolarczyk<\/strong><\/td><\/tr><\/tbody><\/table><\/figure>\n\n\n\n<p><em><strong>Trenerzy:<\/strong> Krzysztof Pawlak, Leszek Wosiek, Piotr Szczeponiok, Piotr Leonarczyk, Dariusz Grzywi\u0144ski, Adam Blok, Marcin Kotlarski<\/em><\/p>\n\n<\/div>\n\t\t<\/div>\n<\/div>\n\n\n<h2 class=\"wp-block-heading\"><strong>MEDALE REPREZENTACJI POLSKI<\/strong><\/h2>\n\n\n\n<p><strong>Z\u0142ote medale (6)<\/strong><br>Olimpia BREZA&nbsp;&#8211; lekkoatletyka, 3000 m<br>Eryk KO\u0141ODZIEJCZAK &#8211; lekkoatletyka, rzut oszczepem<br>J\u0119drzej POCZWARDOWSKI &#8211; lekkoatletyka, 1500 m<br>Gabriela ANDRUKONIS &#8211; lekkoatletyka, rzut oszczepem<br>Mateusz G\u00d3RNY, Oliwer WDOWIK, Wiktor GRUZD, Patryk GRZEGORZEWICZ, Oskar \u0141UCKI, Maciej KOPE\u0106 &#8211; lekkoatletyka, sztafeta szwedzka<br>Mateusz CHOWANIEC &#8211; p\u0142ywanie, 50 m st. dowolnym<br><br><strong>Srebrne medale (3)<\/strong><br>Patryk GRZEGORZEWICZ &#8211; lekkoatletyka, 400 m<br>Krzysztof R\u00d3\u017bNICKI &#8211; lekkoatletyka, 800 m<br>Filip PIECZONKA, Olaf PIECZKOWSKI &#8211; tenis, gra podw\u00f3jna<\/p>\n\n\n\n<p><strong>Br\u0105zowe medale (6)<\/strong><br>Oliwer WDOWIK &#8211; lekkoatletyka, 200 m<br>Krzysztof CHMIELEWSKI &#8211; p\u0142ywanie, 200 m st. motylkowym<br>Wiktoria GU\u015a\u0106 &#8211; p\u0142ywanie, 200 m st. dowolnym<br>Filip KOSI\u0143SKI &#8211; p\u0142ywanie, 200 m st. grzbietowym<br>Pawe\u0142 URYNIUK &#8211; p\u0142ywanie, 100 m st. motylkowym<br>Piotr STOLARCZYK &#8211; zapasy, styl klasyczny, -51 kg<\/p>\n","protected":false},"excerpt":{"rendered":"<p>XV Letni EYOFBaku 2019 BAKU (Azerbejd\u017can), 21-27 lipca 2019 XV Letni Olimpijski Festiwal M\u0142odzie\u017cy Europy Baku 2019 okaza\u0142 si\u0119 najlepszym dla Polskiej<\/p>\n","protected":false},"featured_media":0,"parent":0,"menu_order":0,"template":"","meta":{"_acf_changed":false,"ub_ctt_via":"","footnotes":""},"class_list":["post-30571","olympics_eyof","type-olympics_eyof","status-publish","hentry","infinite-scroll-item","no-featured-image-padding"],"acf":{"special_bg_img":false,"hide_breadcrumbs":[],"competitions_olympic":false,"game_id":"","game_type":"","game_link":"","game_news":"","startdate":"21.07.2020 12:00 am","enddate":"27.07.2020 12:00 am","place":"Baku","year":"2019","logo":"https:\/\/olimpijski.pl\/wp-content\/uploads\/2020\/10\/eyof2019baku.jpg","histroy_tabs":false},"_links":{"self":[{"href":"https:\/\/olimpijski.pl\/en\/wp-json\/wp\/v2\/olympics_eyof\/30571"}],"collection":[{"href":"https:\/\/olimpijski.pl\/en\/wp-json\/wp\/v2\/olympics_eyof"}],"about":[{"href":"https:\/\/olimpijski.pl\/en\/wp-json\/wp\/v2\/types\/olympics_eyof"}],"version-history":[{"count":2,"href":"https:\/\/olimpijski.pl\/en\/wp-json\/wp\/v2\/olympics_eyof\/30571\/revisions"}],"predecessor-version":[{"id":35458,"href":"https:\/\/olimpijski.pl\/en\/wp-json\/wp\/v2\/olympics_eyof\/30571\/revisions\/35458"}],"wp:attachment":[{"href":"https:\/\/olimpijski.pl\/en\/wp-json\/wp\/v2\/media?parent=30571"}],"curies":[{"name":"wp","href":"https:\/\/api.w.org\/{rel}","templated":true}]}}