{"id":5917,"date":"2001-06-17T14:00:28","date_gmt":"2001-06-17T12:00:28","guid":{"rendered":"https:\/\/wai-q98d7hpf9hy9k.wpallimport-demo.qsandbox.me\/olympics_eyof\/murcia-2001\/"},"modified":"2020-10-08T10:16:11","modified_gmt":"2020-10-08T08:16:11","slug":"vi-letni-eyod-murcia01","status":"publish","type":"olympics_eyof","link":"https:\/\/olimpijski.pl\/en\/olympics_eyof\/vi-letni-eyod-murcia01\/","title":{"rendered":"VI Letni EYOD &#8211; Murcia 2001"},"content":{"rendered":"\n<h1 class=\"main-title wp-block-heading\"><strong>VI Letni EYOD<\/strong><br>Murcia 2001<\/h1>\n\n\n\n<p><br><\/p>\n\n\n\n<p><img loading=\"lazy\" decoding=\"async\" width=\"143\" height=\"120\" src=\"https:\/\/www.olimpijski.pl\/files\/loga\/EYOF_L_murcia_01.jpg\" alt=\"\"> <\/p>\n\n\n\n<p><strong>MURCIA (Hipszania), 21-27 lipca 2001<\/strong><\/p>\n\n\n\n<p>Na VI Olimpijskie Dni M\u0142odzie\u017cy Europy do\u00a0Murcii (Hiszpania) wyjecha\u0142o 30 dziewcz\u0105t, 21 ch\u0142opc\u00f3w, 12 trener\u00f3w i\u00a02 s\u0119dzi\u00f3w. Zawody zorganizowano w\u00a0gimnastyce, judo, kolarstwie, lekkiej atletyce, p\u0142ywaniu, tenisie, \u017ceglarstwie oraz\u00a0koszyk\u00f3wce, pi\u0142ce no\u017cnej, pi\u0142ce r\u0119cznej, pi\u0142ce siatkowej.<\/p>\n\n\n\n<p>Polacy wyst\u0105pili w&nbsp;siedmiu dyscyplinach sportowych: lekkiej atletyce, judo, pi\u0142ce siatkowej, p\u0142ywaniu, gimnastyce sportowej, \u017ceglarstwie i&nbsp;tenisie Zdobyli dziesi\u0119\u0107 medali zajmuj\u0105c najwy\u017csze w&nbsp;historii imprezy czwarte miejsce w&nbsp;og\u00f3lnej klasyfikacji medalowej. Zwyci\u0119\u017cyli zawodniczki i&nbsp;zawodnicy z&nbsp;Rosji &#8211; 39 medali (19, 15, 5), na&nbsp;drugim miejscu Wielka Brytania &#8211; 28 medali (9, 10, 9), na&nbsp;trzecim Niemcy &#8211; 14 medali (5, 7, 2). Medale zdobywali zawodnicy z&nbsp;34 kraj\u00f3w. W&nbsp;imprezie wzi\u0119\u0142o udzia\u0142 2191 uczestnik\u00f3w.<\/p>\n\n\n\n<p>Reprezentacja Polski by\u0142a zr\u00f3\u017cnicowana pod wzgl\u0119dem poziomu sportowego. Dziesi\u0119\u0107 medali i\u00a0znaczna ilo\u015b\u0107 zaj\u0119tych wysokich miejsc punktowanych mo\u017ce \u015bwiadczy\u0107 o\u00a0du\u017cym potencjale i\u00a0mo\u017cliwo\u015bciach polskich zawodnik\u00f3w. Najkorzystniej zaprezentowali si\u0119 p\u0142ywacy dominuj\u0105c na\u00a0basenie i\u00a0deklasuj\u0105c rywali. Efekty tego wida\u0107 w\u00a0dorobku medalowym i\u00a0punktowym dyscypliny. Najlepiej zaprezentowa\u0142 si\u0119 Przemys\u0142aw Sta\u0144czyk potr\u00f3jny medalista (2 z\u0142ote i\u00a01 br\u0105zowy medal), S\u0142awomir Kuczko (z\u0142oty medal), Pawe\u0142 Korzeniowski (srebrny medal) i\u00a0Katarzyna Staszak (br\u0105zowy medal). Opr\u00f3cz p\u0142ywak\u00f3w medale zdobyli: swoj\u0105 konkurencj\u0119 wygra\u0142 lekkoatleta Piotr Zrada w\u00a0biegu na\u00a0400 m z\u00a0wynikiem 47.33, kt\u00f3ry jest nie pobitym dotychczas rekordem tej imprezy. Z\u0142oty medal zdoby\u0142a Katarzyna Wr\u00f3bel w\u00a0judo w\u00a0kategorii 63 kg, drugi by\u0142 Micha\u0142 Bieniek w\u00a0skoku wzwy\u017c. Br\u0105zowy medal zdoby\u0142a gimnastyczka Joanna Skibko w\u00a0\u0107wiczeniach wolnych.<br>Gorzej ni\u017c w\u00a0Esbjerg spisa\u0142y si\u0119 siatkarki wygra\u0142y dwa mecze w\u00a0swej grupie z\u00a0Holandi\u0105 3:2 i\u00a0Belgi\u0105 3:1, lecz przegra\u0142y z\u00a0Niemkami 0:3.W meczu o\u00a0trzecie miejsce uleg\u0142y Rosji 2:3 i\u00a0ostatecznie zaj\u0119\u0142y czwarte miejsce. W\u00a0\u017ceglarstwie Agnieszka Konys zako\u0144czy\u0142a regaty na\u00a0dziewi\u0105tym miejscu, a\u00a0Artur Wilandt (klasa Laser) by\u0142 pi\u0105ty. W\u00a0punktacji nieznacznie przegra\u0142 walk\u0119 o\u00a0br\u0105zowy medal.<br>\u00a0<br>Poza osi\u0105gni\u0119ciami medalowymi nasi zawodnicy zdobyli a\u017c 22 punktowane miejsca. Obs\u0142ug\u0119 medialn\u0105 z\u00a0imprezy realizowa\u0142 Wojciech Zieli\u0144ski.<br><br>W\u00a0imprezie wzi\u0119\u0142o udzia\u0142 2200 uczestnik\u00f3w z\u00a046 pa\u0144stw europejskich. Szefem Misji by\u0142 Krzysztof Usielski.<\/p>\n\n\n\n<h2 class=\"wp-block-heading\"><strong>MEDALE REPREZENTACJI POLSKI<\/strong><\/h2>\n\n\n\n<p><strong>Z\u0142ote medale (5)<\/strong><br>Przemys\u0142aw STA\u0143CZYK &#8211; p\u0142ywanie, 200 m stylem dowolnym<br>Przemys\u0142aw STA\u0143CZYK &#8211; p\u0142ywanie, 400 m stylem dowolnym<br>S\u0142awomir KUCZKO &#8211; p\u0142ywanie, 200 m stylem klasycznym<br>Piotr ZRADA &#8211; lekka atletyka, 400 m<br>Katarzyna WR\u00d3BEL &#8211; judo, 63 kg<br><br><strong>Srebrne medale (2)<\/strong><br>Pawe\u0142 KORZENIOWSKI &#8211; p\u0142ywanie, 200 m stylem motylkowym<br>Micha\u0142 BIENIEK &#8211; lekka atletyka, skok wzwy\u017c<br><br><strong>Br\u0105zowe medale (3)<\/strong><br>Katarzyna STASZAK &#8211; p\u0142ywanie, 100 m stylem grzbietowym<br>Przemys\u0142aw STA\u0143CZYK &#8211; p\u0142ywanie, 1500 m stylem dowolnym<br>Joanna SKIBKO &#8211; gimnastyka, \u0107wiczenia wolne<\/p>\n","protected":false},"excerpt":{"rendered":"<p>VI Letni EYODMurcia 2001 MURCIA (Hipszania), 21-27 lipca 2001 Na VI Olimpijskie Dni M\u0142odzie\u017cy Europy do\u00a0Murcii (Hiszpania) wyjecha\u0142o 30 dziewcz\u0105t, 21 ch\u0142opc\u00f3w,<\/p>\n","protected":false},"featured_media":0,"parent":0,"menu_order":0,"template":"templates\/olympic_main_subpage.php","meta":{"_acf_changed":false,"ub_ctt_via":"","footnotes":""},"class_list":["post-5917","olympics_eyof","type-olympics_eyof","status-publish","hentry","infinite-scroll-item","no-featured-image-padding"],"acf":{"game_id":"58","game_type":"25315","game_link":"murcia2001","game_news":"0","startdate":"21.07.2001 12:00 am","enddate":"27.07.2001 12:00 am","place":"Murcia","year":"2001","logo":"https:\/\/olimpijski.pl\/wp-content\/uploads\/2020\/06\/murcia2001.png","special_bg_img":false,"hide_breadcrumbs":[],"time_difference":{"time_difference_hour":"0","time_difference_min":"0"},"events":false,"adasda":"","competitions_olympic":false,"histroy_tabs":false},"_links":{"self":[{"href":"https:\/\/olimpijski.pl\/en\/wp-json\/wp\/v2\/olympics_eyof\/5917"}],"collection":[{"href":"https:\/\/olimpijski.pl\/en\/wp-json\/wp\/v2\/olympics_eyof"}],"about":[{"href":"https:\/\/olimpijski.pl\/en\/wp-json\/wp\/v2\/types\/olympics_eyof"}],"version-history":[{"count":1,"href":"https:\/\/olimpijski.pl\/en\/wp-json\/wp\/v2\/olympics_eyof\/5917\/revisions"}],"predecessor-version":[{"id":31407,"href":"https:\/\/olimpijski.pl\/en\/wp-json\/wp\/v2\/olympics_eyof\/5917\/revisions\/31407"}],"wp:attachment":[{"href":"https:\/\/olimpijski.pl\/en\/wp-json\/wp\/v2\/media?parent=5917"}],"curies":[{"name":"wp","href":"https:\/\/api.w.org\/{rel}","templated":true}]}}