{"id":5922,"date":"2011-06-17T14:00:28","date_gmt":"2011-06-17T12:00:28","guid":{"rendered":"https:\/\/wai-q98d7hpf9hy9k.wpallimport-demo.qsandbox.me\/olympics_eyof\/trabzon-2011\/"},"modified":"2020-10-08T11:55:41","modified_gmt":"2020-10-08T09:55:41","slug":"xi-letni-eyof-trabzon-2011","status":"publish","type":"olympics_eyof","link":"https:\/\/olimpijski.pl\/en\/olympics_eyof\/xi-letni-eyof-trabzon-2011\/","title":{"rendered":"XI Letni EYOF &#8211; Trabzon 2011"},"content":{"rendered":"\n<h1 class=\"main-title wp-block-heading\"><strong>XI Letni EYOF<\/strong><br>Trabzon 2011<\/h1>\n\n\n\n<p><br><\/p>\n\n\n\n<figure class=\"wp-block-image\"><img decoding=\"async\" src=\"https:\/\/www.olimpijski.pl\/files\/trabzon2011\/loga\/logo_200x200.jpg\" alt=\"\"\/><\/figure>\n\n\n\n<p><strong>TRABZON (Turcja), 23-30 lipca 2011<\/strong><\/p>\n\n\n\n<p>Tureckie miasto Trabzon by\u0142o\u00a0gospodarzem XI Letniego Olimpijskiego Festiwalu M\u0142odzie\u017cy Europy. W\u00a0zawodach udzia\u0142 wzi\u0119\u0142o niespe\u0142na 4000 sportowc\u00f3w z\u00a049 kraj\u00f3w Starego Kontynentu. Nie zabrak\u0142o oczywi\u015bcie Polak\u00f3w. Nasza reprezentacja liczy\u0142a 103 osoby, a\u00a0w\u00a0tym 72 sportowc\u00f3w.<\/p>\n\n\n\n<div class=\"wp-block-image\"><figure class=\"aligncenter size-large\"><img loading=\"lazy\" decoding=\"async\" width=\"460\" height=\"305\" src=\"https:\/\/olimpijski.pl\/wp-content\/uploads\/2020\/10\/trabzon_2011_zloto-eyof_21.jpg\" alt=\"\" class=\"wp-image-31567\" srcset=\"https:\/\/olimpijski.pl\/wp-content\/uploads\/2020\/10\/trabzon_2011_zloto-eyof_21.jpg 460w, https:\/\/olimpijski.pl\/wp-content\/uploads\/2020\/10\/trabzon_2011_zloto-eyof_21-300x199.jpg 300w\" sizes=\"(max-width: 460px) 100vw, 460px\" \/><\/figure><\/div>\n\n\n\n<p>W sk\u0142ad polskiej ekipy wesz\u0142o: 8 zawodnik\u00f3w w\u00a0lekkiej atletyce, 6 zawodnik\u00f3w w\u00a0gimnastyce, 3 zawodnik\u00f3w w\u00a0kolarstwie, 4 zawodnik\u00f3w w\u00a0tenisie, 15 zawodnik\u00f3w w\u00a0p\u0142ywaniu, 10 zawodnik\u00f3w w\u00a0judo, 12 zawodniczek w\u00a0pi\u0142ce siatkowej i\u00a014 zawodniczek w\u00a0pi\u0142ce r\u0119cznej. Najliczniejsz\u0105 grup\u0119 stanowili p\u0142ywacy oraz\u00a0\u017ce\u0144ska dru\u017cyna pi\u0142ki r\u0119cznej. W\u00a0naszej reprezentacji zabrak\u0142o jedynie przedstawicieli koszyk\u00f3wki.<\/p>\n\n\n\n<div class=\"wp-block-image\"><figure class=\"aligncenter size-large is-resized\"><img loading=\"lazy\" decoding=\"async\" src=\"https:\/\/olimpijski.pl\/wp-content\/uploads\/2020\/10\/TENIS_MEDAL_TRABZON.jpg\" alt=\"\" class=\"wp-image-31569\" width=\"469\" height=\"307\" srcset=\"https:\/\/olimpijski.pl\/wp-content\/uploads\/2020\/10\/TENIS_MEDAL_TRABZON.jpg 560w, https:\/\/olimpijski.pl\/wp-content\/uploads\/2020\/10\/TENIS_MEDAL_TRABZON-300x196.jpg 300w\" sizes=\"(max-width: 469px) 100vw, 469px\" \/><\/figure><\/div>\n\n\n\n<p>Przewodnicz\u0105c\u0105 naszej reprezentacji by\u0142a Irena Szewi\u0144ska, siedmiokrotna medalistka olimpijska, cz\u0142onkini MKOl i\u00a0wiceprezes PKOl.<\/p>\n\n\n\n<p>Szefem Polskiej Misji by\u0142 Jerzy Eliasz.<\/p>\n\n\n\n<p>W klasyfikacji medalowej, nasza reprezentacja zaj\u0119\u0142a 17. miejsce.<\/p>\n\n\n\n<h2 class=\"wp-block-heading\"><strong>MEDALE REPREZENTACJI POLSKI<\/strong><\/h2>\n\n\n\n<p><strong>Z\u0142ote medale (2)<\/strong><br>Tobiasz LIS &#8211; kolarstwo szosowe, kryterium<br>Kamil MAJCHRZAK i Phillip GRESK &#8211; tenis, gra podw\u00f3jna<br><br><strong>Srebrny medal<\/strong><br>Adam TRUDZI\u0143SKI &#8211; kolarstwo szosowe, wy\u015bcig ze startu wsp\u00f3lnego<br><br><strong>Br\u0105zowe medale (5)<\/strong><br>\u0141ukasz BIELECKI, Maciej HO\u0141UB, Jerzy TWAROWSKI, Jan HO\u0141UB &#8211; p\u0142ywanie, sztafeta 4&#215;100 m stylem zmiennym<br>Beata PACUT &#8211; judo, kategoria do 70 kg<br>Jerzy TWAROWSKI &#8211; p\u0142ywanie, 200 m stylem motylkowym<br>Maciej HO\u0141UB &#8211; p\u0142ywanie, 100 m stylem klasycznym<br>Mateusz NACHTMAN &#8211; p\u0142ywanie, 400 m stylem zmiennym<\/p>\n","protected":false},"excerpt":{"rendered":"<p>XI Letni EYOFTrabzon 2011 TRABZON (Turcja), 23-30 lipca 2011 Tureckie miasto Trabzon by\u0142o\u00a0gospodarzem XI Letniego Olimpijskiego Festiwalu M\u0142odzie\u017cy Europy. W\u00a0zawodach udzia\u0142 wzi\u0119\u0142o<\/p>\n","protected":false},"featured_media":0,"parent":0,"menu_order":0,"template":"templates\/olympic_main_subpage.php","meta":{"_acf_changed":false,"ub_ctt_via":"","footnotes":""},"class_list":["post-5922","olympics_eyof","type-olympics_eyof","status-publish","hentry","infinite-scroll-item","no-featured-image-padding"],"acf":{"game_id":"63","game_type":"25315","game_link":"trabzon2011","game_news":"0","startdate":"23.07.2011 12:00 am","enddate":"30.07.2011 12:00 am","place":"Trabzon","year":"2011","logo":"https:\/\/olimpijski.pl\/wp-content\/uploads\/2020\/06\/trabzon2011.png","special_bg_img":false,"hide_breadcrumbs":[],"competitions_olympic":false,"histroy_tabs":false},"_links":{"self":[{"href":"https:\/\/olimpijski.pl\/en\/wp-json\/wp\/v2\/olympics_eyof\/5922"}],"collection":[{"href":"https:\/\/olimpijski.pl\/en\/wp-json\/wp\/v2\/olympics_eyof"}],"about":[{"href":"https:\/\/olimpijski.pl\/en\/wp-json\/wp\/v2\/types\/olympics_eyof"}],"version-history":[{"count":1,"href":"https:\/\/olimpijski.pl\/en\/wp-json\/wp\/v2\/olympics_eyof\/5922\/revisions"}],"predecessor-version":[{"id":31575,"href":"https:\/\/olimpijski.pl\/en\/wp-json\/wp\/v2\/olympics_eyof\/5922\/revisions\/31575"}],"wp:attachment":[{"href":"https:\/\/olimpijski.pl\/en\/wp-json\/wp\/v2\/media?parent=5922"}],"curies":[{"name":"wp","href":"https:\/\/api.w.org\/{rel}","templated":true}]}}