{"id":5924,"date":"1993-06-17T14:00:28","date_gmt":"1993-06-17T12:00:28","guid":{"rendered":"https:\/\/wai-q98d7hpf9hy9k.wpallimport-demo.qsandbox.me\/olympics_eyof\/aosta-1993\/"},"modified":"2020-10-08T09:23:06","modified_gmt":"2020-10-08T07:23:06","slug":"i-zimowy-eyod-aosta93","status":"publish","type":"olympics_eyof","link":"https:\/\/olimpijski.pl\/en\/olympics_eyof\/i-zimowy-eyod-aosta93\/","title":{"rendered":"I Zimowy EYOD &#8211; Aosta 1993"},"content":{"rendered":"\n<h1 class=\"main-title wp-block-heading\"><strong>I Zimowy EYOD<\/strong><br>Aosta 1993<\/h1>\n\n\n\n<p><br><\/p>\n\n\n\n<p><img loading=\"lazy\" decoding=\"async\" src=\"https:\/\/www.olimpijski.pl\/files\/loga\/EYOF_z_aosta_93.jpg\" alt=\"\" width=\"89\" height=\"131\"> <\/p>\n\n\n\n<p><strong>AOSTA (W\u0142ochy), 7-10 lutego 1993<\/strong><\/p>\n\n\n\n<p>W&nbsp;imprezie wzi\u0119\u0142o udzia\u0142 430 uczestnik\u00f3w z&nbsp;32 pa\u0144stw. Zawody zorganizowano w&nbsp;biathlonie, biegach narciarskich, konkurencjach alpejskich i&nbsp;\u0142y\u017cwiarstwie figurowym. By\u0142a to&nbsp;pierwsza zimowa impreza z&nbsp;cyklu EYOD. Podczas ceremonii otwarcia obecny by\u0142 Juan Antonio Samaranch oraz&nbsp;Przewodnicz\u0105cy EOC Jacques Rogge. W&nbsp;swych wypowiedziach nie kryli oni satysfakcji z&nbsp;tego, \u017ce&nbsp;taka impreza ma miejsce i&nbsp;\u017ce ponad 430 uczestnik\u00f3w bierze udzia\u0142 w&nbsp;interdyscyplinarnej zimowej rywalizacji. Europejska m\u0142odzie\u017c po raz pierwszy mia\u0142a mo\u017cliwo\u015b\u0107 zmierzy\u0107 si\u0119 ze sob\u0105 w&nbsp;wielu dyscyplinach w&nbsp;jednym czasie.<\/p>\n\n\n\n<p>Gospodarze starali si\u0119 uczyni\u0107 wszystko co mo\u017cliwe, by&nbsp; zakwaterowanie i&nbsp;transport by\u0142y na&nbsp;najwy\u017cszym poziomie. Polska ekipa dysponowa\u0142a w\u0142asnym autokarem co jeszcze bardziej u\u0142atwia\u0142o poruszanie si\u0119 po obiektach sportowych. Zawody zosta\u0142y rozegrane w&nbsp;kategorii wiekowej m\u0142odzie\u017cy ur. w&nbsp;latach 1976-77.<\/p>\n\n\n\n<p>Polacy wyst\u0105pili w&nbsp;biathlonie, w&nbsp;biegach narciarskich i&nbsp;w \u0142y\u017cwiarstwie figurowym. Zdobyli dwa medale zajmuj\u0105c trzynaste miejsce w&nbsp;og\u00f3lnej klasyfikacji medalowej. Zwyci\u0119\u017cyli zawodniczki i&nbsp;zawodnicy z&nbsp;W\u0142och &#8211; 16 medali (10, 2, 4), na&nbsp;drugim miejscu Rosja &#8211; 16 medali (7, 9, 0), na&nbsp;trzecim Belgia &#8211; 6 medali (2, 4, 0). Medale zdobywali zawodnicy z&nbsp;19 kraj\u00f3w.<\/p>\n\n\n\n<p>Bardzo dobry wyst\u0119p zanotowa\u0142a para taneczna Sylwia Nowak , Sebastian Kolasi\u0144ski. Brawurowy taniec dowolny zosta\u0142 oceniony przez&nbsp;s\u0119dzi\u00f3w znakomicie. Srebrny medal przyni\u00f3s\u0142 zawodnikom i&nbsp;trenerce Marii Olszewskiej-Lelonkiewicz du\u017co satysfakcji. Twierdzi\u0142a po zawodach, \u017ce&nbsp;przed t\u0105 par\u0105 jeszcze du\u017co pracy, ale&nbsp;te\u017c, \u017ce&nbsp;s\u0105 wybitnie utalentowani. Br\u0105zowy medal w&nbsp;biatlonowym biegu na&nbsp;7.5 km zdoby\u0142 Wojciech Kozub. M\u0142ody zawodnik z&nbsp;WKS Zakopane bardzo walecznie bieg\u0142 na&nbsp;ostatnich 500 metrach i&nbsp;wywalczy\u0142 trzecie miejsce. Czu\u0142 lekki niedosyt po pierwszym strzelaniu, kiedy to&nbsp;musia\u0142 przebiec dwie rundy karne, ale&nbsp;wraz z&nbsp;up\u0142ywem czasu dogania\u0142 rywali i&nbsp;dobieg\u0142 do&nbsp;mety na&nbsp;trzecim miejscu.<\/p>\n\n\n\n<p>Podczas ceremonii zamkni\u0119cia Mario Pescante &#8211; prezes W\u0142oskiego Komitetu Olimpijskiego oraz&nbsp;Sekretarz Generalny EOC podkre\u015bli\u0142 wag\u0119 tej imprezy i&nbsp;\u017cyczy\u0142 uczestnikom udzia\u0142u w&nbsp;Igrzyskach Olimpijskich w&nbsp;Nagano.<\/p>\n\n\n\n<p>Szefem Misji by\u0142a Urszula Jesio\u0142owska.<\/p>\n\n\n\n<h2 class=\"wp-block-heading\"><strong><strong>MEDALE REPREZENTACJI<\/strong> <strong>POLSKI<\/strong><\/strong><\/h2>\n\n\n\n<p><strong>Srebrny medal<\/strong><br>Sylwia NOWAK, Sebastian KOLASI\u0143SKI &#8211; \u0142y\u017cwiarstwo figurowe, pary taneczne<br><br><strong>Br\u0105zowy medal<\/strong><br>Wojciech KOZUB &#8211; biathlon, 7,5 km<\/p>\n","protected":false},"excerpt":{"rendered":"<p>I Zimowy EYODAosta 1993 AOSTA (W\u0142ochy), 7-10 lutego 1993 W&nbsp;imprezie wzi\u0119\u0142o udzia\u0142 430 uczestnik\u00f3w z&nbsp;32 pa\u0144stw. Zawody zorganizowano w&nbsp;biathlonie, biegach narciarskich, konkurencjach<\/p>\n","protected":false},"featured_media":0,"parent":0,"menu_order":0,"template":"","meta":{"_acf_changed":false,"ub_ctt_via":"","footnotes":""},"class_list":["post-5924","olympics_eyof","type-olympics_eyof","status-publish","hentry","infinite-scroll-item","no-featured-image-padding"],"acf":{"game_id":"65","game_type":"25315","game_link":"aosta1993","game_news":"0","startdate":"07.02.1993 12:00 am","enddate":"10.02.1993 12:00 am","place":"Aosta","year":"1993","logo":"https:\/\/olimpijski.pl\/wp-content\/uploads\/2020\/06\/aosta1993.png","special_bg_img":false,"hide_breadcrumbs":[]},"_links":{"self":[{"href":"https:\/\/olimpijski.pl\/en\/wp-json\/wp\/v2\/olympics_eyof\/5924"}],"collection":[{"href":"https:\/\/olimpijski.pl\/en\/wp-json\/wp\/v2\/olympics_eyof"}],"about":[{"href":"https:\/\/olimpijski.pl\/en\/wp-json\/wp\/v2\/types\/olympics_eyof"}],"version-history":[{"count":2,"href":"https:\/\/olimpijski.pl\/en\/wp-json\/wp\/v2\/olympics_eyof\/5924\/revisions"}],"predecessor-version":[{"id":31374,"href":"https:\/\/olimpijski.pl\/en\/wp-json\/wp\/v2\/olympics_eyof\/5924\/revisions\/31374"}],"wp:attachment":[{"href":"https:\/\/olimpijski.pl\/en\/wp-json\/wp\/v2\/media?parent=5924"}],"curies":[{"name":"wp","href":"https:\/\/api.w.org\/{rel}","templated":true}]}}