{"id":5926,"date":"1997-06-17T14:00:28","date_gmt":"1997-06-17T12:00:28","guid":{"rendered":"https:\/\/wai-q98d7hpf9hy9k.wpallimport-demo.qsandbox.me\/olympics_eyof\/sundsvall-1997\/"},"modified":"2020-10-08T11:25:54","modified_gmt":"2020-10-08T09:25:54","slug":"iii-zimowy-eyod-sundsvall-1997","status":"publish","type":"olympics_eyof","link":"https:\/\/olimpijski.pl\/en\/olympics_eyof\/iii-zimowy-eyod-sundsvall-1997\/","title":{"rendered":"III Zimowy EYOD &#8211; Sundsvall 1997"},"content":{"rendered":"\n<h1 class=\"main-title wp-block-heading\"><strong>III Zimowy EYOD<\/strong><br>Sundsvall 1997<\/h1>\n\n\n\n<p><br><\/p>\n\n\n\n<p><img loading=\"lazy\" decoding=\"async\" src=\"https:\/\/www.olimpijski.pl\/files\/loga\/EYOF_z_sundsvall_97.jpg\" alt=\"\" width=\"89\" height=\"131\"> <\/p>\n\n\n\n<p><strong>SUNDSVALL (Szwecja), 7-13 lutego 1997<\/strong><\/p>\n\n\n\n<p>Na III Zimowe Olimpijskie Dni M\u0142odzie\u017cy Europy do\u00a0Sundsvall (Szwecja), kt\u00f3re odby\u0142y si\u0119 w\u00a0dniach 7-13 lutego 1997 r. reprezentacja Polski liczy\u0142a 9 zawodniczek, 7 zawodnik\u00f3w i\u00a08 trener\u00f3w. W\u00a0sumie w\u00a0imprezie wzi\u0119\u0142o udzia\u0142 991uczestnik\u00f3w z\u00a041 kraj\u00f3w (w tym 650 zawodniczek i\u00a0zawodnik\u00f3w). Zawody rozegrano w\u00a0biathlonie, narciarstwie alpejskim i\u00a0klasycznym, \u0142y\u017cwiarstwie figurowym, short tracku i\u00a0hokeju na\u00a0lodzie. Organizatorzy umiejscowili ekipy w\u00a0hotelach w\u00a0stutysi\u0119cznym mie\u015bcie Sundsvall oraz\u00a0w\u00a0g\u00f3rach blisko tras narciarskich.<\/p>\n\n\n\n<p>Zawody zosta\u0142y rozegrane w&nbsp;kategorii wiekowej m\u0142odzie\u017cy ur. w&nbsp;latach 1980-81. Polscy m\u0142odzi reprezentanci startowali w&nbsp;narciarstwie alpejskim, biegach narciarskich, biathlonie, \u0142y\u017cwiarstwie figurowym i&nbsp;\u0142y\u017cwiarstwie szybkim &#8211; short tracku. Zaj\u0119li jedenaste miejsce w&nbsp;og\u00f3lnej klasyfikacji medalowej. Zwyci\u0119\u017cyli zawodniczki i&nbsp;zawodnicy z&nbsp;W\u0142och &#8211; 14 medali (7,5,2), na&nbsp;drugim miejscu Rosja &#8211; 14 medali (7, 4, 3), na&nbsp;trzecim Szwecja &#8211; 12 medali (7, 4, 1). Medale zdobywali zawodnicy z&nbsp;19 kraj\u00f3w.<\/p>\n\n\n\n<p>W zawodach wzi\u0119li udzia\u0142 najlepsi zawodnicy na&nbsp;naszym kontynencie. Polacy zdobyli w&nbsp;Sundsvall trzy medale: Marcin Gralla &#8211; srebrny medal w&nbsp;\u0142y\u017cwiarstwie szybkim na&nbsp;dystansie 1500 m oraz&nbsp;br\u0105zowy medal na&nbsp;dystansie 500 m, Dagmara Krzy\u017cy\u0144ska &#8211; br\u0105zowy medal w&nbsp;alpejskim slalomie r\u00f3wnoleg\u0142ym. Marcin Gralla uznany zosta\u0142 za jednego z&nbsp;najbardziej obiecuj\u0105cych \u0142y\u017cwiarzy szybkich. Jako talent winien by\u0107 obj\u0119ty specjalnym programem opieki przygotowanym przez&nbsp;Polski Zwi\u0105zek \u0141y\u017cwiarstwa Szybkiego dla&nbsp;junior\u00f3w w&nbsp;naszym kraju. Dagmara Krzy\u017cy\u0144ska przegra\u0142a rywalizacj\u0119 o&nbsp;srebrny medal zaledwie o&nbsp;0.1 sekundy. Waleczno\u015b\u0107 m\u0142odej polskiej zawodniczki by\u0142a zauwa\u017cona na&nbsp;g\u00f3rskim stoku w&nbsp;Sundsvall.<\/p>\n\n\n\n<p>M\u0142odzi polscy zawodnicy zaj\u0119li r\u00f3wnie\u017c punktowane miejsca: w&nbsp;slalomie specjalnym dziewcz\u0105t (4. miejsce zaj\u0119\u0142a Marta Berezik), w&nbsp;short tracku &#8211; 500 m ch\u0142opc\u00f3w 4.&nbsp; miejsce wywalczy\u0142 Mariusz Wojnowski). 4. lokat\u0119 uzyska\u0142a te\u017c solistka w&nbsp;je\u017adzie figurowej na&nbsp;lodzie Sabina Wojtala. \u00d3sme miejsce zosta\u0142o wywalczone w&nbsp;short tracku &#8211; 1000 m dziewcz\u0105t.<\/p>\n\n\n\n<p>Wyniki sportowe uzyskane przez&nbsp;Polak\u00f3w dziel\u0105 si\u0119 na&nbsp;dwie grupy. Do pierwszej zdobywaj\u0105cej medale i&nbsp;miejsca w&nbsp;pierwszej dziesi\u0105tce zaliczy\u0142y si\u0119 \u0142y\u017cwiarstwo szybkie, narciarstwo alpejskie, \u0142y\u017cwiarstwo figurowe i&nbsp;short track. Do drugiej grupy prezentuj\u0105cej ni\u017cszy poziom sportowy i&nbsp;uzyskuj\u0105cej odleg\u0142e miejsca nale\u017ca\u0142y biathlon i&nbsp;biegi narciarskie.<\/p>\n\n\n\n<p>W klasyfikacji medalowej polska reprezentacja uplasowa\u0142a si\u0119 na&nbsp;11. miejscu.<\/p>\n\n\n\n<p>Szefem Misji by\u0142 Szymon Krasicki.<\/p>\n\n\n\n<h2 class=\"wp-block-heading\"><strong>MEDALE REPREZENTACJI POLSKI<\/strong><\/h2>\n\n\n\n<p><strong>Srebrny medal<\/strong><br>Marcin GRALLA &#8211; \u0142y\u017cwiarstwo szybkie, 1500 m<br><br><strong>Br\u0105zowe medale (2)<\/strong><br>Marcin GRALLA &#8211; \u0142y\u017cwiarstwo szybkie, 500 m<br>Dagmara KRZY\u017bY\u0143SKA &#8211; narciarstwo alpejskie, slalom r\u00f3wnoleg\u0142y<\/p>\n","protected":false},"excerpt":{"rendered":"<p>III Zimowy EYODSundsvall 1997 SUNDSVALL (Szwecja), 7-13 lutego 1997 Na III Zimowe Olimpijskie Dni M\u0142odzie\u017cy Europy do\u00a0Sundsvall (Szwecja), kt\u00f3re odby\u0142y si\u0119 w\u00a0dniach<\/p>\n","protected":false},"featured_media":0,"parent":0,"menu_order":0,"template":"","meta":{"_acf_changed":false,"ub_ctt_via":"","footnotes":""},"class_list":["post-5926","olympics_eyof","type-olympics_eyof","status-publish","hentry","infinite-scroll-item","no-featured-image-padding"],"acf":{"game_id":"67","game_type":"25315","game_link":"sundsvall1997","game_news":"0","startdate":"07.02.1997 12:00 am","enddate":"13.02.1997 12:00 am","place":"Sundsvall","year":"1997","logo":"https:\/\/olimpijski.pl\/wp-content\/uploads\/2020\/06\/sundsvall1997.png","special_bg_img":false,"hide_breadcrumbs":[]},"_links":{"self":[{"href":"https:\/\/olimpijski.pl\/en\/wp-json\/wp\/v2\/olympics_eyof\/5926"}],"collection":[{"href":"https:\/\/olimpijski.pl\/en\/wp-json\/wp\/v2\/olympics_eyof"}],"about":[{"href":"https:\/\/olimpijski.pl\/en\/wp-json\/wp\/v2\/types\/olympics_eyof"}],"version-history":[{"count":2,"href":"https:\/\/olimpijski.pl\/en\/wp-json\/wp\/v2\/olympics_eyof\/5926\/revisions"}],"predecessor-version":[{"id":31526,"href":"https:\/\/olimpijski.pl\/en\/wp-json\/wp\/v2\/olympics_eyof\/5926\/revisions\/31526"}],"wp:attachment":[{"href":"https:\/\/olimpijski.pl\/en\/wp-json\/wp\/v2\/media?parent=5926"}],"curies":[{"name":"wp","href":"https:\/\/api.w.org\/{rel}","templated":true}]}}