{"id":5933,"date":"2011-06-17T14:00:31","date_gmt":"2011-06-17T12:00:31","guid":{"rendered":"https:\/\/wai-q98d7hpf9hy9k.wpallimport-demo.qsandbox.me\/olympics_eyof\/liberec-2011\/"},"modified":"2020-10-08T11:25:15","modified_gmt":"2020-10-08T09:25:15","slug":"x-zimowy-eyof-liberec-2011","status":"publish","type":"olympics_eyof","link":"https:\/\/olimpijski.pl\/en\/olympics_eyof\/x-zimowy-eyof-liberec-2011\/","title":{"rendered":"X Zimowy EYOF &#8211; Liberec 2011"},"content":{"rendered":"\n<h1 class=\"main-title wp-block-heading\"><strong>X Zimowy EYOF<\/strong><br>Liberec 2011<\/h1>\n\n\n\n<p><br><\/p>\n\n\n\n<figure class=\"wp-block-image\"><img decoding=\"async\" src=\"https:\/\/www.olimpijski.pl\/files\/liberec2011\/loga\/logo_eyowf_liberec.jpg\" alt=\"\"\/><\/figure>\n\n\n\n<p><strong>LIBEREC (Czechy), 12-19 lutego 2011<\/strong><\/p>\n\n\n\n<p>Czeski Liberec by\u0142 gospodarzem X Zimowego Olimpijskiego Festiwalu M\u0142odzie\u017cy Europy. To XVI-wieczne miasto po\u0142o\u017cone w\u00a0p\u00f3\u0142nocnych Czechach go\u015bci\u0142o reprezentacje m\u0142odych sportowc\u00f3w z\u00a044 pa\u0144stw. Ponad 1500 zawodnik\u00f3w i\u00a0zawodniczek rywalizowa\u0142o w\u00a08 dyscyplinach: skoki narciarskie, kombinacja norweska, narciarstwo alpejskie, biegi narciarskie, snowboard, biathlon, \u0142y\u017cwiarstwo figurowe, hokej. Polska M\u0142odzie\u017cowa Reprezentacja liczy\u0142a 30 zawodnik\u00f3w: 20 ch\u0142opc\u00f3w i\u00a010 dziewcz\u0105t, kt\u00f3rzy reprezentowali nasz kraj w\u00a07 dyscyplinach. Zabrak\u0142o jedynie dru\u017cyny w\u00a0hokeju na\u00a0lodzie.<\/p>\n\n\n\n<p>W poniedzia\u0142ek (14 lutego) rywalizacj\u0119 rozpocz\u0119\u0142y biegaczki i&nbsp;biegacze narciarscy. Na dystansie 7,5 km technik\u0105 klasyczn\u0105 reprezentowa\u0142y nas Marzena Maciulewicz, Urszula \u0141\u0119tocha i&nbsp;Dominika Hulawy. Na 74 zawodniczki nasze reprezentantki zaj\u0119\u0142y odpowiednio 42., 40. i&nbsp;54. miejsce. Panowie biegli na&nbsp;dystansie 10 km technik\u0105 klasyczn\u0105. W&nbsp;rywalizacji udzia\u0142 wzi\u0119\u0142o trzech Polak\u00f3w: Konrad Motor, Krzysztof Kukuczka oraz&nbsp;Robert Bieda. Odpowiednio zaj\u0119li 35., 56. i&nbsp;44. miejsca. Tego samego dnia na&nbsp;g\u00f3rze Jested nieopodal Liberca rywalizacj\u0119 rozpocz\u0119\u0142y dziewcz\u0119ta w&nbsp;slalomie gigancie. W&nbsp;tej konkurencji zaprezentowa\u0142y si\u0119 Maryna G\u0105sienica Daniel i&nbsp;Emilia \u017bo\u0142\u0105d\u017a. Maryna uplasowa\u0142a si\u0119 na&nbsp;13. pozycji z&nbsp;czasem 1:43.31. Emilia zaj\u0119\u0142a 53. miejsce. Przed po\u0142udniem rywalizacje rozpocz\u0119li r\u00f3wnie\u017c \u0142y\u017cwiarze figurowi. Po programie kr\u00f3tkim Paulina Turkowska zajmowa\u0142a 20. miejsce a&nbsp;Kamil Dymowski by\u0142 12.<\/p>\n\n\n\n<p>Drugiego dnia zawod\u00f3w o&nbsp;medale walczyli: polskie biegaczki i&nbsp;biegacze narciarscy w&nbsp;konkurencji sprintu technik\u0105 klasyczn\u0105, snowboardzi\u015bci (dziewcz\u0119ta i&nbsp;ch\u0142opcy) w&nbsp;konkurencji SBX, kombinatorzy norwescy (skoki na&nbsp;skoczni K-90 i&nbsp;bieg na&nbsp;7,5 km), biathlonistki (10 km), biathloni\u015bci (12,5 km), narciarze alpejscy w&nbsp;slalomie gigancie oraz&nbsp;skoczkowie narciarscy (K-90). Du\u017ce nadzieje wi\u0105zali\u015bmy w\u0142a\u015bnie ze skokami, a&nbsp;zw\u0142aszcza z&nbsp;Klemensem Mura\u0144k\u0105. Po pierwszej serii skok na&nbsp;odleg\u0142o\u015b\u0107 101,5 m dawa\u0142 Klimkowi 2. miejsce.&nbsp; Niestety drugi skok (91,5 m) pozwoli\u0142 mu tylko zaj\u0105\u0107 miejsce 4. Zawody wygra\u0142 Fin Jarkko Matta (107 m \/ 103 m), drugie miejsce zaj\u0105\u0142 Austriak Ulrich Wohlgenanntem (96,5 m \/ 102 m) a&nbsp;trzecie przypad\u0142o w&nbsp;udziale Norwegowi Matsowi Sohagenowi Bergaarrdowi (97 m \/ 97 m). 7. miejsce w&nbsp;konkursie zaj\u0105\u0142 Aleksander Zniszczo\u0142 (93 m \/ 95,5 m), Mateusz Kojzar by\u0142 24. (84,5 m \/ 87,5 m), a&nbsp;Krzysztof Biegun uplasowa\u0142 si\u0119 na&nbsp;26. pozycji (81 m \/ 89,5 m).<\/p>\n\n\n\n<p>W kombinacji norweskiej (skocznia K-90 i&nbsp;bieg na&nbsp;7,5 km) najlepiej z&nbsp;naszych zawodnik\u00f3w spisa\u0142 si\u0119 Stanis\u0142aw Biela, kt\u00f3ry ostatecznie zaj\u0105\u0142 6. pozycj\u0119 w&nbsp;zawodach. Ca\u0142kiem nie\u017ale pokazali si\u0119 snowboardzi\u015bci, a&nbsp;zw\u0142aszcza Pascal Morys, kt\u00f3ry w&nbsp;konkurencji SBX zaj\u0105\u0142 10. miejsce. W&nbsp;awansie do&nbsp;p\u00f3\u0142fina\u0142\u00f3w przeszkodzi\u0142 mu niestety pech. W&nbsp;\u0107wier\u0107finale, jad\u0105c na&nbsp;premiowanej pozycji mia\u0142 kolizj\u0119 z&nbsp;rywalem i&nbsp;to zaprzepa\u015bci\u0142o jego szanse na&nbsp;dalszy awans. W&nbsp;innych konkurencjach tego dnia nasi zawodnicy plasowali si\u0119 na&nbsp;dalszych pozycjach.<\/p>\n\n\n\n<p>W \u015brod\u0119 najlepiej z&nbsp;naszej ekipy zaprezentowa\u0142 si\u0119 \u0142y\u017cwiarz figurowy Kamil Dymowski, kt\u00f3ry po programie dowolnym, ostatecznie zaj\u0105\u0142 6. miejsce. Bardzo dobrze tego dnia wypad\u0142 r\u00f3wnie\u017c biatlonista Kamil Cymerman, kt\u00f3ry w&nbsp;sprincie na&nbsp;7,5 km zaj\u0105\u0142 11. lokat\u0119.<\/p>\n\n\n\n<p>W czwartek mogli\u015bmy wykrzycze\u0107 wreszcie upragnione s\u0142owa: &#8220;MAMY Z\u0141OTO!&#8221;. Dru\u017cynowy konkurs skok\u00f3w obfitowa\u0142 w\u00a0wielkie emocje. Nasza dru\u017cyna w\u00a0sk\u0142adzie Krzysztof Biegun, Mateusz Kojzar, Aleksander Zniszczo\u0142 i\u00a0Klemens Mura\u0144ka po pierwszej serii zajmowa\u0142a 2. miejsce 485,5 &#8211; pkt. Prowadzili Finowie z\u00a0 500,5 pkt., a\u00a0na trzecim miejscu byli Niemcy (463 pkt). Druga seria zapowiada\u0142a si\u0119 zatem bardzo emocjonuj\u0105co. Jako ostatni skaka\u0142 Klemens Mura\u0144ka i\u00a0to jego skok mia\u0142 decydowa\u0107 o\u00a0ewentualnym zwyci\u0119stwie. Klimek skoczy\u0142 na\u00a0odleg\u0142o\u015b\u0107 92,5 m i\u00a0ostatecznie polska dru\u017cyna zdoby\u0142a 913,5 pkt., wyprzedzaj\u0105c tym samym reprezentacj\u0119 Finlandii (913 pkt.) o\u00a00,5 punktu.<\/p>\n\n\n\n<p>W tym dniu \u015bwietnie spisali si\u0119 r\u00f3wnie\u017c kombinatorzy norwescy. Dru\u017cyna w&nbsp;sk\u0142adzie Jakub Przyby\u0142a i&nbsp;Stanis\u0142aw Biela zaj\u0119\u0142a 5. miejsce. W&nbsp;rywalizacji narciarzy alpejskich z&nbsp;dobrej strony pokaza\u0142 si\u0119 natomiast Micha\u0142 Jasiczek, kt\u00f3ry zaj\u0105\u0142 13. pozycj\u0119.<\/p>\n\n\n\n<p>Pi\u0105tek by\u0142 ostatnim dniem X Zimowego Olimpijskiego Festiwalu M\u0142odzie\u017cy Europy. Wieczorem w&nbsp;Tipsport Arena odby\u0142a si\u0119 Ceremonia Zamkni\u0119cia zawod\u00f3w podczas kt\u00f3rej uhonorowano zwyci\u0119zc\u00f3w pi\u0105tkowych zmaga\u0144. Nast\u0119pnie Patrick Hickey Prezydent Europejskich Komitet\u00f3w Olimpijskich przekaza\u0142 flag\u0119 olimpijsk\u0105 organizatorom&nbsp; XI Zimowego Olimpijskiego Festiwalu M\u0142odzie\u017cy Europy w&nbsp;Brasovie (Rumunia) w&nbsp;2013 r. Po oficjalnej cz\u0119\u015bci m\u0142odzi zawodnicy przy d\u017awi\u0119kach muzyki bawili si\u0119 na&nbsp;przykrytej tafli lodowiska.<\/p>\n\n\n\n<p>Polska reprezentacja wr\u00f3ci\u0142a do\u00a0kraju z\u00a0jednym, ale\u00a0z\u0142otym medalem. W\u00a0klasyfikacji generalnej zaj\u0119li\u015bmy 11. miejsce zostawiaj\u0105c za sob\u0105 m.in. reprezentacje Francji, Belgii czy S\u0142owacji.<\/p>\n\n\n\n<h2 class=\"wp-block-heading\"><strong>MEDALE REPREZENTACJI POLSKI<\/strong><\/h2>\n\n\n\n<p><strong>Z\u0142oty medal<\/strong><br>Krzysztof BIEGUN, Mateusz KOJZAR, Aleksander ZNISZCZO\u0141, Klemens MURA\u0143KA &#8211; skoki narciarskie dru\u017cynowo<\/p>\n","protected":false},"excerpt":{"rendered":"<p>X Zimowy EYOFLiberec 2011 LIBEREC (Czechy), 12-19 lutego 2011 Czeski Liberec by\u0142 gospodarzem X Zimowego Olimpijskiego Festiwalu M\u0142odzie\u017cy Europy. To XVI-wieczne miasto<\/p>\n","protected":false},"featured_media":0,"parent":0,"menu_order":0,"template":"templates\/olympic_main_subpage.php","meta":{"_acf_changed":false,"ub_ctt_via":"","footnotes":""},"class_list":["post-5933","olympics_eyof","type-olympics_eyof","status-publish","hentry","infinite-scroll-item","no-featured-image-padding"],"acf":{"game_id":"74","game_type":"25315","game_link":"liberec2011","game_news":"0","startdate":"12.02.2011 12:00 am","enddate":"19.02.2011 12:00 am","place":"Liberec","year":"2011","logo":"https:\/\/olimpijski.pl\/wp-content\/uploads\/2020\/06\/liberec2011.png","special_bg_img":false,"hide_breadcrumbs":[],"competitions_olympic":false,"histroy_tabs":false},"_links":{"self":[{"href":"https:\/\/olimpijski.pl\/en\/wp-json\/wp\/v2\/olympics_eyof\/5933"}],"collection":[{"href":"https:\/\/olimpijski.pl\/en\/wp-json\/wp\/v2\/olympics_eyof"}],"about":[{"href":"https:\/\/olimpijski.pl\/en\/wp-json\/wp\/v2\/types\/olympics_eyof"}],"version-history":[{"count":1,"href":"https:\/\/olimpijski.pl\/en\/wp-json\/wp\/v2\/olympics_eyof\/5933\/revisions"}],"predecessor-version":[{"id":31524,"href":"https:\/\/olimpijski.pl\/en\/wp-json\/wp\/v2\/olympics_eyof\/5933\/revisions\/31524"}],"wp:attachment":[{"href":"https:\/\/olimpijski.pl\/en\/wp-json\/wp\/v2\/media?parent=5933"}],"curies":[{"name":"wp","href":"https:\/\/api.w.org\/{rel}","templated":true}]}}