{"id":5935,"date":"2015-06-17T14:00:31","date_gmt":"2015-06-17T12:00:31","guid":{"rendered":"https:\/\/wai-q98d7hpf9hy9k.wpallimport-demo.qsandbox.me\/olympics_eyof\/vorarlberg-lichtenstein-2015\/"},"modified":"2020-10-08T13:52:59","modified_gmt":"2020-10-08T11:52:59","slug":"xii-zimowy-eyof-vorarlberg-liechtenstein-2015","status":"publish","type":"olympics_eyof","link":"https:\/\/olimpijski.pl\/en\/olympics_eyof\/xii-zimowy-eyof-vorarlberg-liechtenstein-2015\/","title":{"rendered":"XII Zimowy EYOF &#8211; Vorarlberg &#038; Liechtenstein 2015"},"content":{"rendered":"\n<h1 class=\"main-title wp-block-heading\"><strong>XII Zimowy EYOF<\/strong><br>Vorarlberg &amp; Liechtenstein 2015<\/h1>\n\n\n\n<p><br><\/p>\n\n\n\n<figure class=\"wp-block-image is-resized\"><img loading=\"lazy\" decoding=\"async\" src=\"https:\/\/www.olimpijski.pl\/Media\/files\/eyowf2015-logo_500.jpg\" alt=\"EYOF 2015\" width=\"200\" height=\"138\" title=\"EYOF 2015\"\/><\/figure>\n\n\n\n<p><strong>VORARLBERG &amp; LIECHTENSTEIN, 25-30 stycznia 2015<\/strong><\/p>\n\n\n\n<p>W XII Zimowym Olimpijskim Festiwalu M\u0142odzie\u017cy Europy udzia\u0142 wzi\u0119\u0142o 1,519 sportowc\u00f3w z 45 kraj\u00f3w Europy. Przez tydzie\u0144 m\u0142odzi zawodnicy rywalizowali w&nbsp;8 dyscyplinach sport\u00f3w zimowych . Polacy wystartowali w&nbsp;7 z&nbsp;nich &#8211; zabrak\u0142o nas tylko w&nbsp;turnieju hokeja na&nbsp;lodzie.<\/p>\n\n\n\n<p>Polska Reprezentacja M\u0142odzie\u017cowa EYOF 2015 na\u00a0arenach w\u00a0Austrii i\u00a0Liechtensteinie wywalczy\u0142a jeden medal. Br\u0105zowy kr\u0105\u017cek zdoby\u0142 skoczek narciarski Damian Jarz\u0105bek w\u00a0konkursie indywidualnym.<br><br>W konkursie dru\u017cynowym polscy skoczkowie zaj\u0119li 6. miejsce, kt\u00f3re mo\u017cna uzna\u0107 za niez\u0142y wynik. Dodajmy, \u017ce\u00a0na\u00a07. miejscu w\u00a0snowboardowej konkurencji SBX uplasowa\u0142a si\u0119 Aleksandra Michalik. Na \u0107wier\u0107finale swoje zmagania zako\u0144czyli reprezentanci Polski w\u00a0konkurencji dru\u017cynowym konkursie mieszanym SBX oraz\u00a0narciarze alpejscy, tak\u017ce w\u00a0dru\u017cynie mieszanej.<\/p>\n\n\n\n<h2 class=\"wp-block-heading\"><strong>Polska M\u0142odzie\u017cowa Reprezentacja<\/strong><\/h2>\n\n\n<div class=\"wp-block-ub-content-toggle wp-block-ub-content-toggle-block\" id=\"ub-content-toggle-block-c284e75d-d8a4-4afa-917b-ecc24ede93ce\" data-mobilecollapse=\"false\" data-desktopcollapse=\"true\" data-preventcollapse=\"false\" data-showonlyone=\"false\">\n<div class=\"wp-block-ub-content-toggle-accordion\" style=\"border-color: #f1f1f1;\" id=\"ub-content-toggle-panel-block-\">\n\t\t\t<div class=\"wp-block-ub-content-toggle-accordion-title-wrap\" style=\"background-color: #f1f1f1;\" aria-controls=\"ub-content-toggle-panel-0-c284e75d-d8a4-4afa-917b-ecc24ede93ce\" tabindex=\"0\">\n\t\t\t<p class=\"wp-block-ub-content-toggle-accordion-title ub-content-toggle-title-c284e75d-d8a4-4afa-917b-ecc24ede93ce\" style=\"color: #000000; \">Sk\u0142ad<\/p>\n\t\t\t<div class=\"wp-block-ub-content-toggle-accordion-toggle-wrap right\" style=\"color: #000000;\"><span class=\"wp-block-ub-content-toggle-accordion-state-indicator wp-block-ub-chevron-down\"><\/span><\/div>\n\t\t<\/div>\n\t\t\t<div role=\"region\" aria-expanded=\"false\" class=\"wp-block-ub-content-toggle-accordion-content-wrap ub-hide\" id=\"ub-content-toggle-panel-0-c284e75d-d8a4-4afa-917b-ecc24ede93ce\">\n\n<p><\/p>\n\n\n\n<h2 class=\"wp-block-heading\"><strong>Skoki narciarskie<\/strong><\/h2>\n\n\n\n<figure class=\"wp-block-image\"><img decoding=\"async\" src=\"https:\/\/www.olimpijski.pl\/Media\/files\/vorarlberg2015_palasz_katarzyna.jpg\" alt=\"Katarzyna Pa\u0142asz\/Fot.: Tomasz Piechal\" title=\"Katarzyna Pa\u0142asz\/Fot.: Tomasz Piechal\"><\/figure>\n\n\n\n<p><strong>Katarzyna Pa\u0142asz<\/strong><\/p>\n\n\n\n<p><\/p>\n\n\n\n<figure class=\"wp-block-image\"><img decoding=\"async\" src=\"https:\/\/www.olimpijski.pl\/Media\/files\/vorarlberg2015_jarzabek_dawid.jpg\" alt=\"Dawid Jarz\u0105bek\/Fot.: Tomasz Piechal\" title=\"Dawid Jarz\u0105bek\/Fot.: Tomasz Piechal\"><\/figure>\n\n\n\n<p><strong>Dawid Jarz\u0105bek<\/strong><\/p>\n\n\n\n<p><\/p>\n\n\n\n<figure class=\"wp-block-image\"><img decoding=\"async\" src=\"https:\/\/www.olimpijski.pl\/Media\/files\/vorarlberg2015_kastelik_dominik.jpg\" alt=\"Dominik Kastelik\/Fot.: Tomasz Piechal\" title=\"Dominik Kastelik\/Fot.: Tomasz Piechal\"><\/figure>\n\n\n\n<p><strong>Dominik Kastelik<\/strong><\/p>\n\n\n\n<p><\/p>\n\n\n\n<figure class=\"wp-block-image\"><img decoding=\"async\" src=\"https:\/\/www.olimpijski.pl\/Media\/files\/vorarlberg2015_wasek_pawel.jpg\" alt=\"Pawe\u0142 W\u0105sek\/Fot.: Tomasz Piechal\" title=\"Pawe\u0142 W\u0105sek\/Fot.: Tomasz Piechal\"><\/figure>\n\n\n\n<p><strong>Pawe\u0142 W\u0105sek<\/strong><\/p>\n\n\n\n<p><\/p>\n\n\n\n<figure class=\"wp-block-image\"><img decoding=\"async\" src=\"https:\/\/www.olimpijski.pl\/Media\/files\/vorarlberg2015_skupien_damian.jpg\" alt=\"Damian Skupie\u0144\/Fot.: Tomasz Piechal\" title=\"Damian Skupie\u0144\/Fot.: Tomasz Piechal\"><\/figure>\n\n\n\n<p><strong>Damian Skupie\u0144<\/strong><\/p>\n\n\n\n<p><\/p>\n\n\n\n<figure class=\"wp-block-image\"><img decoding=\"async\" src=\"https:\/\/www.olimpijski.pl\/Media\/files\/vorarlberg2015_gasienica-wawrytko_wladyslaw.jpg\" alt=\"W\u0142adys\u0142aw Wawrytko-G\u0105sienica\/Fot.: Tomasz Piechal\" title=\"W\u0142adys\u0142aw Wawrytko-G\u0105sienica\/Fot.: Tomasz Piechal\"><\/figure>\n\n\n\n<p><strong>W\u0142adys\u0142aw Wawrtyko-G\u0105sienica<\/strong><br><strong>trener<\/strong><\/p>\n\n\n\n<figure class=\"wp-block-image\"><img decoding=\"async\" src=\"https:\/\/www.olimpijski.pl\/Media\/files\/vorarlberg2015_jarzabek_jozef.jpg\" alt=\"J\u00f3zef Jarz\u0105bek\/Fot.: Tomasz Piechal\" title=\"J\u00f3zef Jarz\u0105bek\/Fot.: Tomasz Piechal\"><\/figure>\n\n\n\n<p><strong>J\u00f3zef Jarz\u0105bek<\/strong><br><strong>trener<\/strong><\/p>\n\n\n\n<figure class=\"wp-block-image\"><img decoding=\"async\" src=\"https:\/\/www.olimpijski.pl\/Media\/files\/vorarlberg2015_konior_jaroslaw.jpg\" alt=\"Jaros\u0142aw Konior\/Fot.: Tomasz Piechal\" title=\"Jaros\u0142aw Konior\/Fot.: Tomasz Piechal\"><\/figure>\n\n\n\n<p><strong>Jaros\u0142aw Konior<\/strong><br><strong>trener<\/strong><\/p>\n\n\n\n<h2 class=\"wp-block-heading\"><strong>Narciarstwo alpejskie<\/strong><\/h2>\n\n\n\n<figure class=\"wp-block-image\"><img decoding=\"async\" src=\"https:\/\/www.olimpijski.pl\/Media\/files\/vorarlberg2015_krajewska_daria.jpg\" alt=\"Daria Krajewska\/Fot.: Tomasz Piechal\" title=\"Daria Krajewska\/Fot.: Tomasz Piechal\"><\/figure>\n\n\n\n<p><strong>Daria Krajewska<\/strong><\/p>\n\n\n\n<p><\/p>\n\n\n\n<figure class=\"wp-block-image\"><img decoding=\"async\" src=\"https:\/\/www.olimpijski.pl\/Media\/files\/vorarlberg2015_kohut_iwona.jpg\" alt=\"Iwona Kohut\/Fot.: Tomasz Piechal\" title=\"Iwona Kohut\/Fot.: Tomasz Piechal\"><\/figure>\n\n\n\n<p><strong>Iwona Kohut<\/strong><\/p>\n\n\n\n<p><\/p>\n\n\n\n<figure class=\"wp-block-image\"><img decoding=\"async\" src=\"https:\/\/www.olimpijski.pl\/Media\/files\/vorarlberg2015_czapska_zuzanna.jpg\" alt=\"Zuzanna Czapska\/Fot.: Tomasz Piechal\" title=\"Zuzanna Czapska\/Fot.: Tomasz Piechal\"><\/figure>\n\n\n\n<p><strong>Zuzanna Czapska<\/strong><\/p>\n\n\n\n<p><\/p>\n\n\n\n<figure class=\"wp-block-image\"><img decoding=\"async\" src=\"https:\/\/www.olimpijski.pl\/Media\/files\/vorarlberg2015_mirek_katarzyna.jpg\" alt=\"Katarzyna Mirek\/Fot.: Tomasz Piechal\" title=\"Katarzyna Mirek\/Fot.: Tomasz Piechal\"><\/figure>\n\n\n\n<p><strong>Katarzyna Mirek<\/strong><\/p>\n\n\n\n<p><\/p>\n\n\n\n<figure class=\"wp-block-image\"><img decoding=\"async\" src=\"https:\/\/www.olimpijski.pl\/Media\/files\/vorarlberg2015_jasiczek_jedrzej.JPG\" alt=\"J\u0119drzej Jasiczek\/Fot.: Tomasz Piechal\" title=\"J\u0119drzej Jasiczek\/Fot.: Tomasz Piechal\"><\/figure>\n\n\n\n<p><strong>J\u0119drzej Jasiczek<\/strong><\/p>\n\n\n\n<p><\/p>\n\n\n\n<figure class=\"wp-block-image\"><img decoding=\"async\" src=\"https:\/\/www.olimpijski.pl\/Media\/files\/vorarlberg2015_bedenek_szymon.jpg\" alt=\"Szymon B\u0119benek\/Fot.: Tomasz Piechal\" title=\"Szymon B\u0119benek\/Fot.: Tomasz Piechal\"><\/figure>\n\n\n\n<p><strong>Szymon B\u0119benek<\/strong><\/p>\n\n\n\n<p><\/p>\n\n\n\n<figure class=\"wp-block-image\"><img decoding=\"async\" src=\"https:\/\/www.olimpijski.pl\/Media\/files\/vorarlberg2015_habdas_piotr.jpg\" alt=\"Piotr Habdas\/Fot.: Tomasz Piechal\" title=\"Piotr Habdas\/Fot.: Tomasz Piechal\"><\/figure>\n\n\n\n<p><strong>Piotr Habdas<\/strong><\/p>\n\n\n\n<p><\/p>\n\n\n\n<figure class=\"wp-block-image\"><img decoding=\"async\" src=\"https:\/\/www.olimpijski.pl\/Media\/files\/vorarlberg2015_apola_wiktor.jpg\" alt=\"Wiktor Apola\/Fot.: Tomasz Piechal\" title=\"Wiktor Apola\/Fot.: Tomasz Piechal\"><\/figure>\n\n\n\n<p><strong>Wiktor Apola<\/strong><\/p>\n\n\n\n<p><\/p>\n\n\n\n<figure class=\"wp-block-image\"><img decoding=\"async\" src=\"https:\/\/www.olimpijski.pl\/Media\/files\/vorarlberg2015_bielawa_andrzej.jpg\" alt=\"Andrzej Bielawa\/Fot.: Tomasz Piechal\" title=\"Andrzej Bielawa\/Fot.: Tomasz Piechal\"><\/figure>\n\n\n\n<p><strong>Andrzej Bielawa<\/strong><br><strong>trener<\/strong><\/p>\n\n\n\n<figure class=\"wp-block-image\"><img decoding=\"async\" src=\"https:\/\/www.olimpijski.pl\/Media\/files\/vorarlberg2015_wyporek_jakub.jpg\" alt=\"Jakub Wyporek\/Fot.: Tomasz Piechal\" title=\"Jakub Wyporek\/Fot.: Tomasz Piechal\"><\/figure>\n\n\n\n<p><strong>Jakub Wyporek<\/strong><br><strong>trener<\/strong><\/p>\n\n\n\n<figure class=\"wp-block-image\"><img decoding=\"async\" src=\"https:\/\/www.olimpijski.pl\/Media\/files\/vorarlberg2015_bebenek_wojciech.jpg\" alt=\"Wojciech B\u0119benek\/Fot.: Tomasz Piechal\" title=\"Wojciech B\u0119benek\/Fot.: Tomasz Piechal\"><\/figure>\n\n\n\n<p><strong>Wojciech B\u0119benek<\/strong><br><strong>trener<\/strong><\/p>\n\n\n\n<figure class=\"wp-block-image\"><img decoding=\"async\" src=\"https:\/\/www.olimpijski.pl\/Media\/files\/vorarlberg2015_majerczyk_tomasz.jpg\" alt=\"Tomasz Majerczyk\/Fot.: Tomasz Piechal\" title=\"Tomasz Majerczyk\/Fot.: Tomasz Piechal\"><\/figure>\n\n\n\n<p><strong>Tomasz Majerczyk<\/strong><br><strong>trener<\/strong><\/p>\n\n\n\n<h2 class=\"wp-block-heading\"><strong>Biegi narciarskie<\/strong><\/h2>\n\n\n\n<figure class=\"wp-block-image\"><img decoding=\"async\" src=\"https:\/\/www.olimpijski.pl\/Media\/files\/vorarlberg2015_warlo_agata.jpg\" alt=\"Agata War\u0142o\/Fot.: Tomasz Piechal\" title=\"Agata War\u0142o\/Fot.: Tomasz Piechal\"><\/figure>\n\n\n\n<p><strong>Agata War\u0142o<\/strong><\/p>\n\n\n\n<p><\/p>\n\n\n\n<figure class=\"wp-block-image\"><img decoding=\"async\" src=\"https:\/\/www.olimpijski.pl\/Media\/files\/vorarlberg2015_pradziad_justyna.jpg\" alt=\"Justyna Pradziad\/Fot.: Tomasz Piechal\" title=\"Justyna Pradziad\/Fot.: Tomasz Piechal\"><\/figure>\n\n\n\n<p><strong>Justyna Pradziad<\/strong><\/p>\n\n\n\n<p><\/p>\n\n\n\n<figure class=\"wp-block-image\"><img decoding=\"async\" src=\"https:\/\/www.olimpijski.pl\/Media\/files\/vorarlberg2015_nawara_emilia.jpg\" alt=\"Emilia Nawara\/Fot.: Tomasz Piechal\" title=\"Emilia Nawara\/Fot.: Tomasz Piechal\"><\/figure>\n\n\n\n<p><strong>Emilia Nawara<\/strong><\/p>\n\n\n\n<p><\/p>\n\n\n\n<figure class=\"wp-block-image\"><img decoding=\"async\" src=\"https:\/\/www.olimpijski.pl\/Media\/files\/vorarlberg2015_kolodziej_klaudia.jpg\" alt=\"Klaudia Ko\u0142odziej\/Fot.: Tomasz Piechal\" title=\"Klaudia Ko\u0142odziej\/Fot.: Tomasz Piechal\"><\/figure>\n\n\n\n<p><strong>Klaudia Ko\u0142odziej<\/strong><\/p>\n\n\n\n<p><\/p>\n\n\n\n<figure class=\"wp-block-image\"><img decoding=\"async\" src=\"https:\/\/www.olimpijski.pl\/Media\/files\/vorarlberg2015_fojcik_wojciech.jpg\" alt=\"Wojciech Fojcik\/Fot.: Tomasz Piechal\" title=\"Wojciech Fojcik\/Fot.: Tomasz Piechal\"><\/figure>\n\n\n\n<p><strong>Wojciech Fojcik<\/strong><\/p>\n\n\n\n<p><\/p>\n\n\n\n<figure class=\"wp-block-image\"><img decoding=\"async\" src=\"https:\/\/www.olimpijski.pl\/Media\/files\/vorarlberg2015_borkowski_patryk.jpg\" alt=\"Patryk Borkowski\/Fot.: Tomasz Piechal\" title=\"Patryk Borkowski\/Fot.: Tomasz Piechal\"><\/figure>\n\n\n\n<p><strong>Patryk Borkowski<\/strong><\/p>\n\n\n\n<p><\/p>\n\n\n\n<figure class=\"wp-block-image\"><img decoding=\"async\" src=\"https:\/\/www.olimpijski.pl\/Media\/files\/vorarlberg2015_haratyk_mateusz.jpg\" alt=\"Mateusz Haratyk\/Fot.: Tomasz Piechal\" title=\"Mateusz Haratyk\/Fot.: Tomasz Piechal\"><\/figure>\n\n\n\n<p><strong>Mateusz Haratyk<\/strong><\/p>\n\n\n\n<p><\/p>\n\n\n\n<figure class=\"wp-block-image\"><img decoding=\"async\" src=\"https:\/\/www.olimpijski.pl\/Media\/files\/vorarlberg2015_michalek_mikolaj.jpg\" alt=\"Miko\u0142aj Micha\u0142ek\/Fot.: Tomasz Piechal\" title=\"Miko\u0142aj Micha\u0142ek\/Fot.: Tomasz Piechal\"><\/figure>\n\n\n\n<p><strong>Miko\u0142aj Micha\u0142ek<\/strong><\/p>\n\n\n\n<p><\/p>\n\n\n\n<figure class=\"wp-block-image\"><img decoding=\"async\" src=\"https:\/\/www.olimpijski.pl\/Media\/files\/vorarlberg2015_pustolka_aleksandra.jpg\" alt=\"Aleksandra Pusto\u0142ka\/Fot.: Tomasz Piechal\" title=\"Aleksandra Pusto\u0142ka\/Fot.: Tomasz Piechal\"><\/figure>\n\n\n\n<p><strong>Aleksandra Pusto\u0142ka<\/strong><br><strong>trener<\/strong><\/p>\n\n\n\n<figure class=\"wp-block-image\"><img decoding=\"async\" src=\"https:\/\/www.olimpijski.pl\/Media\/files\/vorarlberg2015_starega_grzegorz2.jpg\" alt=\"Grzegorz Star\u0119ga\/Fot.: Tomasz Piechal\" title=\"Grzegorz Star\u0119ga\/Fot.: Tomasz Piechal\"><\/figure>\n\n\n\n<p><strong>Grzegorz Star\u0119ga<\/strong><br><strong>trener<\/strong><\/p>\n\n\n\n<figure class=\"wp-block-image\"><img decoding=\"async\" src=\"https:\/\/www.olimpijski.pl\/Media\/files\/vorarlberg2015_walus_wlodzimierz.jpg\" alt=\"W\u0142odzimierz Walu\u015b\/Fot.: Tomasz Piechal\" title=\"W\u0142odzimierz Walu\u015b\/Fot.: Tomasz Piechal\"><\/figure>\n\n\n\n<p><strong>W\u0142odzimierz Walu\u015b<\/strong><br><strong>trener<\/strong><\/p>\n\n\n\n<figure class=\"wp-block-image\"><img decoding=\"async\" src=\"https:\/\/www.olimpijski.pl\/Media\/files\/vorarlberg2015_walus_dawid.jpg\" alt=\"Dawid Walu\u015b\/Fot.: Tomasz Piechal\" title=\"Dawid Walu\u015b\/Fot.: Tomasz Piechal\"><\/figure>\n\n\n\n<p><strong>Dawid Walu\u015b<\/strong><br><strong>trener<\/strong><\/p>\n\n\n\n<h2 class=\"wp-block-heading\"><strong>Snowboard<\/strong><\/h2>\n\n\n\n<figure class=\"wp-block-image\"><img decoding=\"async\" src=\"https:\/\/www.olimpijski.pl\/Media\/files\/vorarlberg2015_blazewska_agata.jpg\" alt=\"Agata B\u0142a\u017cewska\/Fot.: Tomasz Piechal\" title=\"Agata B\u0142a\u017cewska\/Fot.: Tomasz Piechal\"><\/figure>\n\n\n\n<p><strong>Agata B\u0142a\u017cewska<\/strong><\/p>\n\n\n\n<p><\/p>\n\n\n\n<figure class=\"wp-block-image\"><img decoding=\"async\" src=\"https:\/\/www.olimpijski.pl\/Media\/files\/vorarlberg2015_michalik_aleksandra.jpg\" alt=\"Aleksandra Michalik\/Fot.: Tomasz Piechal\" title=\"Aleksandra Michalik\/Fot.: Tomasz Piechal\"><\/figure>\n\n\n\n<p><strong>Aleksandra Michalik<\/strong><\/p>\n\n\n\n<p><\/p>\n\n\n\n<figure class=\"wp-block-image\"><img decoding=\"async\" src=\"https:\/\/www.olimpijski.pl\/Media\/files\/vorarlberg2015_rymkiewicz_stanislaw.jpg\" alt=\"Stanis\u0142aw Rymkiewicz\/Fot.: Tomasz Piechal\" title=\"Stanis\u0142aw Rymkiewicz\/Fot.: Tomasz Piechal\"><\/figure>\n\n\n\n<p><strong>Stanis\u0142aw Rymkiewicz<\/strong><\/p>\n\n\n\n<p><\/p>\n\n\n\n<figure class=\"wp-block-image\"><img decoding=\"async\" src=\"https:\/\/www.olimpijski.pl\/Media\/files\/vorarlberg2015_kurzeja_marek.jpg\" alt=\"Marek Kurzeja\/Fot.: Tomasz Piechal\" title=\"Marek Kurzeja\/Fot.: Tomasz Piechal\"><\/figure>\n\n\n\n<p><strong>Marek Kurzeja<\/strong><br><strong>trener<\/strong><\/p>\n\n\n\n<figure class=\"wp-block-image\"><img decoding=\"async\" src=\"https:\/\/www.olimpijski.pl\/Media\/files\/vorarlberg2015_kufel_mariusz.jpg\" alt=\"Mariusz Kufel\/Fot.: Tomasz Piechal\" title=\"Mariusz Kufel\/Fot.: Tomasz Piechal\"><\/figure>\n\n\n\n<p><strong>Mariusz Kufel<\/strong><br><strong>trener<\/strong><\/p>\n\n\n\n<h2 class=\"wp-block-heading\"><strong>Biathlon<\/strong><\/h2>\n\n\n\n<figure class=\"wp-block-image\"><img decoding=\"async\" src=\"https:\/\/www.olimpijski.pl\/Media\/files\/vorarlberg2015_szwajnos_marcin.jpg\" alt=\"Marcin Szwajnos\/Fot.: Tomasz Piechal\" title=\"Marcin Szwajnos\/Fot.: Tomasz Piechal\"><\/figure>\n\n\n\n<p><strong>Marcin Szwajnos<\/strong><\/p>\n\n\n\n<p><\/p>\n\n\n\n<figure class=\"wp-block-image\"><img decoding=\"async\" src=\"https:\/\/www.olimpijski.pl\/Media\/files\/vorarlberg2015_leja_pawel.jpg\" alt=\"Pawe\u0142 Leja\/Fot.: Tomasz Piechal\" title=\"Pawe\u0142 Leja\/Fot.: Tomasz Piechal\"><\/figure>\n\n\n\n<p><strong>Pawe\u0142 Leja<\/strong><\/p>\n\n\n\n<p><\/p>\n\n\n\n<figure class=\"wp-block-image\"><img decoding=\"async\" src=\"https:\/\/www.olimpijski.pl\/Media\/files\/vorarlberg2015_turek_karol.jpg\" alt=\"Karol Turek\/Fot.: Tomasz Piechal\" title=\"Karol Turek\/Fot.: Tomasz Piechal\"><\/figure>\n\n\n\n<p><strong>Karol Turek<\/strong><\/p>\n\n\n\n<p><\/p>\n\n\n\n<figure class=\"wp-block-image\"><img decoding=\"async\" src=\"https:\/\/www.olimpijski.pl\/Media\/files\/vorarlberg2015_nedza-kubiniec_tadeusz.jpg\" alt=\"Tadeusz N\u0119dza-Kubiniec\/Fot.: Tomasz Piechal\" title=\"Tadeusz N\u0119dza-Kubiniec\/Fot.: Tomasz Piechal\"><\/figure>\n\n\n\n<p><strong>Tadeusz N\u0119dza-Kubiniec<\/strong><\/p>\n\n\n\n<p><\/p>\n\n\n\n<figure class=\"wp-block-image\"><img decoding=\"async\" src=\"https:\/\/www.olimpijski.pl\/Media\/files\/vorarlberg2015_spierenburg_catherine.jpg\" alt=\"Catherine Spierenburg\/Fot.: Tomasz Piechal\" title=\"Catherine Spierenburg\/Fot.: Tomasz Piechal\"><\/figure>\n\n\n\n<p><strong>Catherine Spierenburg<\/strong><\/p>\n\n\n\n<p><\/p>\n\n\n\n<figure class=\"wp-block-image\"><img decoding=\"async\" src=\"https:\/\/www.olimpijski.pl\/Media\/files\/vorarlberg2015_zuk_kamila.jpg\" alt=\"Kamila \u017buk\/Fot.: Tomasz Piechal\" title=\"Kamila \u017buk\/Fot.: Tomasz Piechal\"><\/figure>\n\n\n\n<p><strong>Kamila \u017buk<\/strong><\/p>\n\n\n\n<p><\/p>\n\n\n\n<figure class=\"wp-block-image\"><img decoding=\"async\" src=\"https:\/\/www.olimpijski.pl\/Media\/files\/vorarlberg2015_rutecka_patrycja.jpg\" alt=\"Patrycja Rutecka\/Fot.: Tomasz Piechal\" title=\"Patrycja Rutecka\/Fot.: Tomasz Piechal\"><\/figure>\n\n\n\n<p><strong>Patrycja Rutecka<\/strong><\/p>\n\n\n\n<p><\/p>\n\n\n\n<figure class=\"wp-block-image\"><img decoding=\"async\" src=\"https:\/\/www.olimpijski.pl\/Media\/files\/vorarlberg2015_krol_paulina.jpg\" alt=\"Paulina Kr\u00f3l\/Fot.: Tomasz Piechal\" title=\"Paulina Kr\u00f3l\/Fot.: Tomasz Piechal\"><\/figure>\n\n\n\n<p><strong>Paulina Kr\u00f3l<\/strong><\/p>\n\n\n\n<p><\/p>\n\n\n\n<figure class=\"wp-block-image\"><img decoding=\"async\" src=\"https:\/\/www.olimpijski.pl\/Media\/files\/vorarlberg2015_jakiela_adam.jpg\" alt=\"Adam Jakie\u0142a\/Fot.: Tomasz Piechal\" title=\"Adam Jakie\u0142a\/Fot.: Tomasz Piechal\"><\/figure>\n\n\n\n<p><strong>Adam Jakie\u0142a<\/strong><br><strong>trener<\/strong><\/p>\n\n\n\n<figure class=\"wp-block-image\"><img decoding=\"async\" src=\"https:\/\/www.olimpijski.pl\/Media\/files\/vorarlberg2015_kozinski_andrzej.jpg\" alt=\"Andrzej Kozi\u0144ski\/Fot.: Tomasz Piechal\" title=\"Andrzej Kozi\u0144ski\/Fot.: Tomasz Piechal\"><\/figure>\n\n\n\n<p><strong>Andrzej Kozi\u0144ski<\/strong><br><strong>trener<\/strong><\/p>\n\n\n\n<h2 class=\"wp-block-heading\"><strong>\u0141y\u017cwiarstwo figurowe<\/strong><\/h2>\n\n\n\n<figure class=\"wp-block-image\"><img decoding=\"async\" src=\"https:\/\/www.olimpijski.pl\/Media\/files\/vorarlberg2015_rejment_agnieszka.jpg\" alt=\"Agnieszka Rejment\/Fot.: Tomasz Piechal\" title=\"Agnieszka Rejment\/Fot.: Tomasz Piechal\"><\/figure>\n\n\n\n<p><strong>Agnieszka Rejment<\/strong><\/p>\n\n\n\n<p><\/p>\n\n\n\n<figure class=\"wp-block-image\"><img decoding=\"async\" src=\"https:\/\/www.olimpijski.pl\/Media\/files\/vorarlberg2015_gurtler_ryszard.jpg\" alt=\"Ryszardr Guertler\/Fot.: Tomasz Piechal\" title=\"Ryszardr Guertler\/Fot.: Tomasz Piechal\"><\/figure>\n\n\n\n<p><strong>Ryszard G\u00fcrtler<\/strong><\/p>\n\n\n\n<p><\/p>\n\n\n\n<figure class=\"wp-block-image\"><img decoding=\"async\" src=\"https:\/\/www.olimpijski.pl\/Media\/files\/vorarlberg2015_siudek_dorota.jpg\" alt=\"Dorota Siudek\/Fot.: Tomasz Piechal\" title=\"Dorota Siudek\/Fot.: Tomasz Piechal\"><\/figure>\n\n\n\n<p><strong>Dorota Siudek<\/strong><br><strong>trener<\/strong><\/p>\n\n\n\n<figure class=\"wp-block-image\"><img decoding=\"async\" src=\"https:\/\/www.olimpijski.pl\/Media\/files\/vorarlberg2015_turkowski_zbigniew.jpg\" alt=\"Zbigniew Turkowski\/Fot.: Tomasz Piechal\" title=\"Zbigniew Turkowski\/Fot.: Tomasz Piechal\"><\/figure>\n\n\n\n<p><strong>Zbigniew Turkowski<\/strong><br><strong>trener<\/strong><\/p>\n\n\n\n<h2 class=\"wp-block-heading\"><strong>Kombinacja norweska<\/strong><\/h2>\n\n\n\n<figure class=\"wp-block-image\"><img decoding=\"async\" src=\"https:\/\/www.olimpijski.pl\/Media\/files\/vorarlberg2015_chyc_pawel.jpg\" alt=\"Pawe\u0142 Chyc\/Fot.: Tomasz Piechal\" title=\"Pawe\u0142 Chyc\/Fot.: Tomasz Piechal\"><\/figure>\n\n\n\n<p><strong>Pawe\u0142 Chyc<\/strong><\/p>\n\n\n\n<p><\/p>\n\n\n\n<figure class=\"wp-block-image\"><img decoding=\"async\" src=\"https:\/\/www.olimpijski.pl\/Media\/files\/vorarlberg2015_twardosz_pawel.jpg\" alt=\"Pawe\u0142 Twardosz\/Fot.: Tomasz Piechal\" title=\"Pawe\u0142 Twardosz\/Fot.: Tomasz Piechal\"><\/figure>\n\n\n\n<p><strong>Pawe\u0142 Twardosz<\/strong><\/p>\n\n\n\n<p><\/p>\n\n\n\n<figure class=\"wp-block-image\"><img decoding=\"async\" src=\"https:\/\/www.olimpijski.pl\/Media\/files\/vorarlberg2015_konior_kacper.jpg\" alt=\"Kacper Konior\/Fot.: Tomasz Piechal\" title=\"Kacper Konior\/Fot.: Tomasz Piechal\"><\/figure>\n\n\n\n<p><strong>Kacper Konior<\/strong><\/p>\n\n\n\n<p><\/p>\n\n\n\n<figure class=\"wp-block-image\"><img decoding=\"async\" src=\"https:\/\/www.olimpijski.pl\/Media\/files\/vorarlberg2015_dyrcz_mateusz.jpg\" alt=\"Mateusz Dyrcz\/Fot.: Tomasz Piechal\" title=\"Mateusz Dyrcz\/Fot.: Tomasz Piechal\"><\/figure>\n\n\n\n<p><strong>Mateusz Dyrcz<\/strong><\/p>\n\n\n\n<p><\/p>\n\n\n\n<figure class=\"wp-block-image\"><img decoding=\"async\" src=\"https:\/\/www.olimpijski.pl\/Media\/files\/vorarlberg2015_tajner_tomislaw.jpg\" alt=\"Tomis\u0142aw Tajner\/Fot.: Tomasz Piechal\" title=\"Tomis\u0142aw Tajner\/Fot.: Tomasz Piechal\"><\/figure>\n\n\n\n<p><strong>Tomis\u0142aw Tajner<\/strong><br><strong>trener<\/strong><\/p>\n\n\n\n<figure class=\"wp-block-image\"><img decoding=\"async\" src=\"https:\/\/www.olimpijski.pl\/Media\/files\/vorarlberg2015_tomasiak_wojciech.jpg\" alt=\"Wojciech Tomasiak\/Fot.: Tomasz Piechal\" title=\"Wojciech Tomasiak\/Fot.: Tomasz Piechal\"><\/figure>\n\n\n\n<p><strong>Wojciech Tomasiak<\/strong><br><strong>trener<\/strong><\/p>\n\n<\/div>\n\t\t<\/div>\n<\/div>\n\n\n<h2 class=\"wp-block-heading\"><strong>MEDALE REPREZENTACJI POLSKI<\/strong><\/h2>\n\n\n\n<p><strong>Br\u0105zowy medal<\/strong><br>Damian JARZ\u0104BEK &#8211; skoki narciarskie, konkurs indywidualny<\/p>\n","protected":false},"excerpt":{"rendered":"<p>XII Zimowy EYOFVorarlberg &amp; Liechtenstein 2015 VORARLBERG &amp; LIECHTENSTEIN, 25-30 stycznia 2015 W XII Zimowym Olimpijskim Festiwalu M\u0142odzie\u017cy Europy udzia\u0142 wzi\u0119\u0142o 1,519<\/p>\n","protected":false},"featured_media":0,"parent":0,"menu_order":0,"template":"templates\/olympic_main_subpage.php","meta":{"_acf_changed":false,"ub_ctt_via":"","footnotes":""},"class_list":["post-5935","olympics_eyof","type-olympics_eyof","status-publish","hentry","infinite-scroll-item","no-featured-image-padding"],"acf":{"game_id":"79","game_type":"25315","game_link":"vorarlberg-liechtenstein2015","game_news":"0","startdate":"25.01.2015 12:00 am","enddate":"30.01.2015 12:00 am","place":"Vorarlberg Lichtenstein","year":"2015","logo":"https:\/\/olimpijski.pl\/wp-content\/uploads\/2020\/06\/vorarlberg-liechtenstein2015.png","special_bg_img":false,"hide_breadcrumbs":[],"competitions_olympic":false,"histroy_tabs":false},"_links":{"self":[{"href":"https:\/\/olimpijski.pl\/en\/wp-json\/wp\/v2\/olympics_eyof\/5935"}],"collection":[{"href":"https:\/\/olimpijski.pl\/en\/wp-json\/wp\/v2\/olympics_eyof"}],"about":[{"href":"https:\/\/olimpijski.pl\/en\/wp-json\/wp\/v2\/types\/olympics_eyof"}],"version-history":[{"count":2,"href":"https:\/\/olimpijski.pl\/en\/wp-json\/wp\/v2\/olympics_eyof\/5935\/revisions"}],"predecessor-version":[{"id":31759,"href":"https:\/\/olimpijski.pl\/en\/wp-json\/wp\/v2\/olympics_eyof\/5935\/revisions\/31759"}],"wp:attachment":[{"href":"https:\/\/olimpijski.pl\/en\/wp-json\/wp\/v2\/media?parent=5935"}],"curies":[{"name":"wp","href":"https:\/\/api.w.org\/{rel}","templated":true}]}}