{"id":5937,"date":"2017-06-17T14:00:31","date_gmt":"2017-06-17T12:00:31","guid":{"rendered":"https:\/\/wai-q98d7hpf9hy9k.wpallimport-demo.qsandbox.me\/olympics_eyof\/gyor-2017\/"},"modified":"2020-10-08T15:56:19","modified_gmt":"2020-10-08T13:56:19","slug":"xiv-letni-eyof-gyor-2017","status":"publish","type":"olympics_eyof","link":"https:\/\/olimpijski.pl\/en\/olympics_eyof\/xiv-letni-eyof-gyor-2017\/","title":{"rendered":"XIV Letni EYOF &#8211; Gy\u0151r 2017"},"content":{"rendered":"\n<h1 class=\"main-title wp-block-heading\"><strong>XIV Letni EYOF<\/strong><br>Gy\u0151r 2017<\/h1>\n\n\n\n<p><br><\/p>\n\n\n\n<figure class=\"wp-block-image is-resized\"><img loading=\"lazy\" decoding=\"async\" src=\"https:\/\/www.olimpijski.pl\/Media\/files\/gyor2017.jpg\" alt=\"\" width=\"247\" height=\"141\"\/><\/figure>\n\n\n\n<p><strong>GY\u0150R (W\u0119gry), 23-29 lipca 2017<\/strong><\/p>\n\n\n\n<p>W XIV Letnim Olimpijskim Festiwalu M\u0142odzie\u017cy Europy Gyor 2017 wystartowa\u0142o 3675 zawodnik\u00f3w z 50 kraj\u00f3w Europy. Zako\u0144czy\u0142 si\u0119 on sukcesem Polak\u00f3w. Polska M\u0142odzie\u017cowa Reprezentacja wywalczy\u0142a na\u00a0W\u0119grzech 10 medali (3 z\u0142ote, 3 srebrne, 4 br\u0105zowe), zajmuj\u0105c 14. miejsce w tabeli medalowej.<\/p>\n\n\n\n<div class=\"wp-block-image\"><figure class=\"aligncenter\"><img decoding=\"async\" src=\"https:\/\/www.olimpijski.pl\/Media\/files\/TP_gyor_dawid-taczala_500.jpg\" alt=\"Fot.: Tomasz Piechal\" title=\"Fot.: Tomasz Piechal\"\/><\/figure><\/div>\n\n\n\n<p>Nie zawiedli tenisi\u015bci. Dawid Tacza\u0142a to\u00a0nasz multimedalista z\u00a0Gyor. 15-letni zawodnik zdoby\u0142 na\u00a0W\u0119grzech dwa medale. Jako pierwszy &#8211; mecz o\u00a0br\u0105zowy medal &#8211; rozegra\u0142 w\u00a0singlu z\u00a0Jegorem Agafonowem (Rosja). Pojedynek zako\u0144czy\u0142 w\u00a0dw\u00f3ch setach 6:4, 6:3 i\u00a0zdoby\u0142 br\u0105zowy kr\u0105\u017cek EYOF 2017. Drugi br\u0105z wywalczy\u0142 w\u00a0deblu w\u00a0parze z\u00a0Miko\u0142ajem Lorensem. Polacy pokonali Szwajcar\u00f3w Leandro Riediego i\u00a0Jeffreya von der Schulenberga w\u00a0dw\u00f3ch setach 7:5, 6:4 zdobywaj\u0105c br\u0105zowy medal.<br><\/p>\n\n\n\n<div class=\"wp-block-image\"><figure class=\"aligncenter\"><img decoding=\"async\" src=\"https:\/\/www.olimpijski.pl\/Media\/files\/TP_gyor_lorens-taczala_500_2.jpg\" alt=\"Fot.: Tomasz Piechal\" title=\"Fot.: Tomasz Piechal\"\/><\/figure><\/div>\n\n\n\n<h2 class=\"wp-block-heading\"><strong>Polska M\u0142odzie\u017cowa Reprezentacja<\/strong><\/h2>\n\n\n<div class=\"wp-block-ub-content-toggle wp-block-ub-content-toggle-block\" id=\"ub-content-toggle-block-2f1112ac-ef00-4f28-afb8-ecb6c1bba3ea\" data-mobilecollapse=\"false\" data-desktopcollapse=\"true\" data-preventcollapse=\"false\" data-showonlyone=\"false\">\n<div class=\"wp-block-ub-content-toggle-accordion\" style=\"border-color: #f1f1f1;\" id=\"ub-content-toggle-panel-block-\">\n\t\t\t<div class=\"wp-block-ub-content-toggle-accordion-title-wrap\" style=\"background-color: #f1f1f1;\" aria-controls=\"ub-content-toggle-panel-0-2f1112ac-ef00-4f28-afb8-ecb6c1bba3ea\" tabindex=\"0\">\n\t\t\t<p class=\"wp-block-ub-content-toggle-accordion-title ub-content-toggle-title-2f1112ac-ef00-4f28-afb8-ecb6c1bba3ea\" style=\"color: #000000; \">Sk\u0142ad<\/p>\n\t\t\t<div class=\"wp-block-ub-content-toggle-accordion-toggle-wrap right\" style=\"color: #000000;\"><span class=\"wp-block-ub-content-toggle-accordion-state-indicator wp-block-ub-chevron-down\"><\/span><\/div>\n\t\t<\/div>\n\t\t\t<div role=\"region\" aria-expanded=\"false\" class=\"wp-block-ub-content-toggle-accordion-content-wrap ub-hide\" id=\"ub-content-toggle-panel-0-2f1112ac-ef00-4f28-afb8-ecb6c1bba3ea\">\n\n<p><\/p>\n\n\n\n<h2 class=\"wp-block-heading\"><strong>Judo<\/strong><\/h2>\n\n\n\n<p><img loading=\"lazy\" decoding=\"async\" width=\"227\" height=\"192\" src=\"https:\/\/www.olimpijski.pl\/Media\/files\/Gyor_kadra\/Dolazinski_Stanislaw.jpg\" alt=\"\"><br>Dolazi\u0144ski Stanis\u0142aw<\/p>\n\n\n\n<p><img loading=\"lazy\" decoding=\"async\" width=\"227\" height=\"192\" src=\"https:\/\/www.olimpijski.pl\/Media\/files\/Gyor_kadra\/Glogowska_Karolina.jpg\" alt=\"\"><br>G\u0142ogowska Karolina<\/p>\n\n\n\n<p><img loading=\"lazy\" decoding=\"async\" width=\"227\" height=\"192\" src=\"https:\/\/www.olimpijski.pl\/Media\/files\/Gyor_kadra\/Kolbusz_Katarzyna.jpg\" alt=\"\"><br>Kolbusz Katarzyna<\/p>\n\n\n\n<p><img loading=\"lazy\" decoding=\"async\" width=\"227\" height=\"192\" src=\"https:\/\/www.olimpijski.pl\/Media\/files\/Gyor_kadra\/Kordyalik_Wojciech.jpg\" alt=\"\"><br>Kordyalik Wojciech<\/p>\n\n\n\n<p><img loading=\"lazy\" decoding=\"async\" width=\"227\" height=\"192\" src=\"https:\/\/www.olimpijski.pl\/Media\/files\/Gyor_kadra\/Kropska_Natalia.jpg\" alt=\"\"><br>Kropska Natalia<\/p>\n\n\n\n<p><img loading=\"lazy\" decoding=\"async\" width=\"227\" height=\"192\" src=\"https:\/\/www.olimpijski.pl\/Media\/files\/Gyor_kadra\/Kubiak_Kacper.jpg\" alt=\"\"><br>Kubiak Kacper<\/p>\n\n\n\n<p><img loading=\"lazy\" decoding=\"async\" width=\"227\" height=\"192\" src=\"https:\/\/www.olimpijski.pl\/Media\/files\/Gyor_kadra\/Pieczynski_Hubert.jpg\" alt=\"\"><br>Pieczy\u0144ski Hubert<\/p>\n\n\n\n<p><img loading=\"lazy\" decoding=\"async\" width=\"227\" height=\"192\" src=\"https:\/\/www.olimpijski.pl\/Media\/files\/Gyor_kadra\/Skipiala_Michalina.jpg\" alt=\"\"><br>Skipia\u0142a Michalina<\/p>\n\n\n\n<p><img loading=\"lazy\" decoding=\"async\" width=\"227\" height=\"192\" src=\"https:\/\/www.olimpijski.pl\/Media\/files\/Gyor_kadra\/Stodolski_Adam.jpg\" alt=\"\"><br>Stodolski Adam<\/p>\n\n\n\n<p><img loading=\"lazy\" decoding=\"async\" width=\"227\" height=\"192\" src=\"https:\/\/www.olimpijski.pl\/Media\/files\/Gyor_kadra\/Szlachta_Paulina.jpg\" alt=\"\"><br>Szlachta Paulina<\/p>\n\n\n\n<p><img loading=\"lazy\" decoding=\"async\" width=\"227\" height=\"192\" src=\"https:\/\/www.olimpijski.pl\/Media\/files\/Gyor_kadra\/Wolszczak_Kinga.jpg\" alt=\"\"><br>Wolszczak Kinga<\/p>\n\n\n\n<p><img loading=\"lazy\" decoding=\"async\" width=\"227\" height=\"192\" src=\"https:\/\/www.olimpijski.pl\/Media\/files\/Gyor_kadra\/Zielski_Tomasz.jpg\" alt=\"\"><br>Zielski Tomasz<br><br><em>S\u0142yk Marek &#8211; trener g\u0142\u00f3wny<br>Jopek Tomasz &#8211; trener<\/em><br><br><\/p>\n\n\n\n<h2 class=\"wp-block-heading\"><strong>Kajakarstwo<\/strong><\/h2>\n\n\n\n<p><img loading=\"lazy\" decoding=\"async\" width=\"227\" height=\"192\" src=\"https:\/\/www.olimpijski.pl\/Media\/files\/Gyor_kadra\/Halas_Bartosz.jpg\" alt=\"\"><br>Ha\u0142as Bartosz<\/p>\n\n\n\n<p><img loading=\"lazy\" decoding=\"async\" width=\"227\" height=\"192\" src=\"https:\/\/www.olimpijski.pl\/Media\/files\/Gyor_kadra\/Gorska%20Julia.jpg\" alt=\"\"><br>G\u00f3rska Julia<\/p>\n\n\n\n<p><img loading=\"lazy\" decoding=\"async\" width=\"227\" height=\"192\" src=\"https:\/\/www.olimpijski.pl\/Media\/files\/Gyor_kadra\/Karolczuk_Karolina.jpg\" alt=\"\"><br>Karolczuk Karolina<\/p>\n\n\n\n<p><img loading=\"lazy\" decoding=\"async\" width=\"227\" height=\"192\" src=\"https:\/\/www.olimpijski.pl\/Media\/files\/Gyor_kadra\/Mendelska_Patrycja.jpg\" alt=\"\"><br>Mendelska Patrycja<\/p>\n\n\n\n<p><img loading=\"lazy\" decoding=\"async\" width=\"227\" height=\"192\" src=\"https:\/\/www.olimpijski.pl\/Media\/files\/Gyor_kadra\/Szafraniec_Stanislaw.jpg\" alt=\"\"><br>Szafraniec Stanis\u0142aw<\/p>\n\n\n\n<p><img loading=\"lazy\" decoding=\"async\" width=\"227\" height=\"192\" src=\"https:\/\/www.olimpijski.pl\/Media\/files\/Gyor_kadra\/Szlachta_Maciej.jpg\" alt=\"\"><br>Szlachta Maciej<br><br><em>Szwed Tomasz &#8211; trener g\u0142\u00f3wny<br>\u0141ab\u0119dzki Grzegorz &#8211; trener<\/em><br><br><\/p>\n\n\n\n<h2 class=\"wp-block-heading\"><strong>Kolarstwo<\/strong><\/h2>\n\n\n\n<p><img loading=\"lazy\" decoding=\"async\" width=\"227\" height=\"192\" src=\"https:\/\/www.olimpijski.pl\/Media\/files\/Gyor_kadra\/Dabrowska_Malgorzata.jpg\" alt=\"\"><br>D\u0105browska Ma\u0142gorzata<\/p>\n\n\n\n<p><img loading=\"lazy\" decoding=\"async\" width=\"227\" height=\"192\" src=\"https:\/\/www.olimpijski.pl\/Media\/files\/Gyor_kadra\/Drobek_Hubert.jpg\" alt=\"\"><br>Drobek Hubert<\/p>\n\n\n\n<p><img loading=\"lazy\" decoding=\"async\" width=\"227\" height=\"192\" src=\"https:\/\/www.olimpijski.pl\/Media\/files\/Gyor_kadra\/Galka_Michal.jpg\" alt=\"\"><br>Ga\u0142ka Micha\u0142<\/p>\n\n\n\n<p><img loading=\"lazy\" decoding=\"async\" width=\"227\" height=\"192\" src=\"https:\/\/www.olimpijski.pl\/Media\/files\/Gyor_kadra\/Kowalska_Julia.jpg\" alt=\"\"><br>Kowalska Julia<\/p>\n\n\n\n<p><img loading=\"lazy\" decoding=\"async\" width=\"227\" height=\"192\" src=\"https:\/\/www.olimpijski.pl\/Media\/files\/Gyor_kadra\/Majewski_Kacper.jpg\" alt=\"\"><br>Majewski Kacper<\/p>\n\n\n\n<p><img loading=\"lazy\" decoding=\"async\" width=\"227\" height=\"192\" src=\"https:\/\/www.olimpijski.pl\/Media\/files\/Gyor_kadra\/Olejniczak_Zuzanna.jpg\" alt=\"\"><br>Olejniczak Zuzanna<br><br><em>Szarycz Artur &#8211; trener g\u0142\u00f3wny<br>Mientki Marcin &#8211; trener<\/em><br><br><\/p>\n\n\n\n<h2 class=\"wp-block-heading\"><strong>Lekkoatletyka<\/strong><\/h2>\n\n\n\n<p><img loading=\"lazy\" decoding=\"async\" width=\"227\" height=\"192\" src=\"https:\/\/www.olimpijski.pl\/Media\/files\/Gyor_kadra\/Augustyniak_Jakub.jpg\" alt=\"\"><br>Augustyniak Jakub<\/p>\n\n\n\n<p><img loading=\"lazy\" decoding=\"async\" width=\"227\" height=\"192\" src=\"https:\/\/www.olimpijski.pl\/Media\/files\/Gyor_kadra\/Bronowska_Zuzanna.jpg\" alt=\"\"><br>Bronowska Zuzanna<\/p>\n\n\n\n<p><img loading=\"lazy\" decoding=\"async\" width=\"227\" height=\"192\" src=\"https:\/\/www.olimpijski.pl\/Media\/files\/Gyor_kadra\/Chrosta_Filip.jpg\" alt=\"\"><br>Chrosta Filip<\/p>\n\n\n\n<p><img loading=\"lazy\" decoding=\"async\" width=\"227\" height=\"192\" src=\"https:\/\/www.olimpijski.pl\/Media\/files\/Gyor_kadra\/Czarnata_Malgorzata.jpg\" alt=\"\"><br>Czarnata Ma\u0142gorzata<\/p>\n\n\n\n<p><img loading=\"lazy\" decoding=\"async\" width=\"227\" height=\"192\" src=\"https:\/\/www.olimpijski.pl\/Media\/files\/Gyor_kadra\/Gozdziewicz_Piotr.jpg\" alt=\"\"><br>Go\u017adziewicz Piotr<\/p>\n\n\n\n<p><img loading=\"lazy\" decoding=\"async\" width=\"227\" height=\"192\" src=\"https:\/\/www.olimpijski.pl\/Media\/files\/Gyor_kadra\/Gorzynski_Robert.jpg\" alt=\"\"><br>G\u00f3rzy\u0144ski Robert<\/p>\n\n\n\n<p><img loading=\"lazy\" decoding=\"async\" width=\"227\" height=\"192\" src=\"https:\/\/www.olimpijski.pl\/Media\/files\/Gyor_kadra\/Jozwiaczuk_Katarzyna.jpg\" alt=\"\"><br>J\u00f3\u017awiaczuk Katarzyna<\/p>\n\n\n\n<p><img loading=\"lazy\" decoding=\"async\" width=\"227\" height=\"192\" src=\"https:\/\/www.olimpijski.pl\/Media\/files\/Gyor_kadra\/Kalitta_Victoria.jpg\" alt=\"\"><br>Kalitta Victoria<\/p>\n\n\n\n<p><img loading=\"lazy\" decoding=\"async\" width=\"227\" height=\"192\" src=\"https:\/\/www.olimpijski.pl\/Media\/files\/Gyor_kadra\/Kazimierska_Klaudia.jpg\" alt=\"\"><br>Kazimierska Klaudia<\/p>\n\n\n\n<p><img loading=\"lazy\" decoding=\"async\" width=\"227\" height=\"192\" src=\"https:\/\/www.olimpijski.pl\/Media\/files\/Gyor_kadra\/Kazmierczak_Weronika.jpg\" alt=\"\"><br>Ka\u017amierczak Weronika<\/p>\n\n\n\n<p><img loading=\"lazy\" decoding=\"async\" width=\"227\" height=\"192\" src=\"https:\/\/www.olimpijski.pl\/Media\/files\/Gyor_kadra\/Klocek_Natalia.jpg\" alt=\"\"><br>Klocek Natalia<\/p>\n\n\n\n<p><img loading=\"lazy\" decoding=\"async\" width=\"227\" height=\"192\" src=\"https:\/\/www.olimpijski.pl\/Media\/files\/Gyor_kadra\/Marok_Wojciech.jpg\" alt=\"\"><br>Marok Wojciech<\/p>\n\n\n\n<p><img loading=\"lazy\" decoding=\"async\" width=\"227\" height=\"192\" src=\"https:\/\/www.olimpijski.pl\/Media\/files\/Gyor_kadra\/Pajak_Jakub.jpg\" alt=\"\"><br>Paj\u0105k Jakub<\/p>\n\n\n\n<p><img loading=\"lazy\" decoding=\"async\" width=\"227\" height=\"192\" src=\"https:\/\/www.olimpijski.pl\/Media\/files\/Gyor_kadra\/Polak_Julia.jpg\" alt=\"\"><br>Polak Julia<\/p>\n\n\n\n<p><img loading=\"lazy\" decoding=\"async\" width=\"227\" height=\"192\" src=\"https:\/\/www.olimpijski.pl\/Media\/files\/Gyor_kadra\/Ratajczyk_Tomasz.jpg\" alt=\"\"><br>Ratajczyk Tomasz<\/p>\n\n\n\n<p><img loading=\"lazy\" decoding=\"async\" width=\"227\" height=\"192\" src=\"https:\/\/www.olimpijski.pl\/Media\/files\/Gyor_kadra\/Rzeszewska_Olga.jpg\" alt=\"\"><br>Rzeszewska Olga<\/p>\n\n\n\n<p><img loading=\"lazy\" decoding=\"async\" width=\"227\" height=\"192\" src=\"https:\/\/www.olimpijski.pl\/Media\/files\/Gyor_kadra\/Skryszowska_Pia.jpg\" alt=\"\"><br>Skrzyszowska Pia<\/p>\n\n\n\n<p><img loading=\"lazy\" decoding=\"async\" width=\"227\" height=\"192\" src=\"https:\/\/www.olimpijski.pl\/Media\/files\/Gyor_kadra\/Staruch_Nina.jpg\" alt=\"\"><br>Staruch Nina<\/p>\n\n\n\n<p><img loading=\"lazy\" decoding=\"async\" width=\"227\" height=\"192\" src=\"https:\/\/www.olimpijski.pl\/Media\/files\/Gyor_kadra\/Stys_Aleksandra.jpg\" alt=\"\"><br>Sty\u015b Aleksandra<\/p>\n\n\n\n<p><img loading=\"lazy\" decoding=\"async\" width=\"227\" height=\"192\" src=\"https:\/\/www.olimpijski.pl\/Media\/files\/Gyor_kadra\/Ziebura_Martyna.jpg\" alt=\"\"><br>Ziebura Martyna<br><br><em>Radkiewicz Przemys\u0142aw &#8211; trener g\u0142\u00f3wny<br>Baumgart Iwona &#8211; trener<br>Nowakowska Agnieszka &#8211; trener<br>Witek Miros\u0142aw &#8211; trener<\/em><br><br><\/p>\n\n\n\n<h2 class=\"wp-block-heading\"><strong>Siatk\u00f3wka<\/strong><\/h2>\n\n\n\n<p><img loading=\"lazy\" decoding=\"async\" width=\"227\" height=\"192\" src=\"https:\/\/www.olimpijski.pl\/Media\/files\/Gyor_kadra\/Adamczyk_Sebastian.jpg\" alt=\"\"><br>Adamczyk Sebastian<\/p>\n\n\n\n<p><img loading=\"lazy\" decoding=\"async\" width=\"227\" height=\"192\" src=\"https:\/\/www.olimpijski.pl\/Media\/files\/Gyor_kadra\/Czyrnianski_Patryk.jpg\" alt=\"\"><br>Czyrnia\u0144ski Patryk<\/p>\n\n\n\n<p><img loading=\"lazy\" decoding=\"async\" width=\"227\" height=\"192\" src=\"https:\/\/www.olimpijski.pl\/Media\/files\/Gyor_kadra\/Firszt_Bartosz.jpg\" alt=\"\"><br>Firszt Bartosz<\/p>\n\n\n\n<p><img loading=\"lazy\" decoding=\"async\" width=\"227\" height=\"192\" src=\"https:\/\/www.olimpijski.pl\/Media\/files\/Gyor_kadra\/Grygiel_Filip.jpg\" alt=\"\"><br>Grygiel Filip<\/p>\n\n\n\n<p><img loading=\"lazy\" decoding=\"async\" width=\"227\" height=\"192\" src=\"https:\/\/www.olimpijski.pl\/Media\/files\/Gyor_kadra\/Jezierski_Szymon.jpg\" alt=\"\"><br>Jezierski Szymon<\/p>\n\n\n\n<p><img loading=\"lazy\" decoding=\"async\" width=\"227\" height=\"192\" src=\"https:\/\/www.olimpijski.pl\/Media\/files\/Gyor_kadra\/Kapica_Remigiusz.jpg\" alt=\"\"><br>Kapica Remigiusz<\/p>\n\n\n\n<p><img loading=\"lazy\" decoding=\"async\" width=\"227\" height=\"192\" src=\"https:\/\/www.olimpijski.pl\/Media\/files\/Gyor_kadra\/Michalak_Bartosz.jpg\" alt=\"\"><br>Michalak Bartosz<\/p>\n\n\n\n<p><img loading=\"lazy\" decoding=\"async\" width=\"227\" height=\"192\" src=\"https:\/\/www.olimpijski.pl\/Media\/files\/Gyor_kadra\/Prokopczuk_Rafal.jpg\" alt=\"\"><br>Prokopczuk Rafa\u0142<\/p>\n\n\n\n<p><img loading=\"lazy\" decoding=\"async\" width=\"227\" height=\"192\" src=\"https:\/\/www.olimpijski.pl\/Media\/files\/Gyor_kadra\/Rajsner_Wiktor.jpg\" alt=\"\"><br>Rajsner Wiktor<\/p>\n\n\n\n<p><img loading=\"lazy\" decoding=\"async\" width=\"227\" height=\"192\" src=\"https:\/\/www.olimpijski.pl\/Media\/files\/Gyor_kadra\/Slugocki_Artur.jpg\" alt=\"\"><br>S\u0142ugocki Artur<\/p>\n\n\n\n<p><img loading=\"lazy\" decoding=\"async\" width=\"227\" height=\"192\" src=\"https:\/\/www.olimpijski.pl\/Media\/files\/Gyor_kadra\/Szymura_Kamil.jpg\" alt=\"\"><br>Szymura Kamil<\/p>\n\n\n\n<p><img loading=\"lazy\" decoding=\"async\" width=\"227\" height=\"192\" src=\"https:\/\/www.olimpijski.pl\/Media\/files\/Gyor_kadra\/Zagula_Jedrzej.jpg\" alt=\"\"><br>Zagu\u0142a J\u0119drzej<br><br><em>Zende\u0142 Maciej &#8211; trener g\u0142\u00f3wny<br>Pawlik Sebastian &#8211; trener<br>Pszczo\u0142a Piotr &#8211; trener<br>Tataradzi\u0144ski Piotr &#8211; fizjoterapeuta<br>Walerzak Marcin &#8211; s\u0119dzia<\/em><br><\/p>\n\n\n\n<h2 class=\"wp-block-heading\"><strong>P\u0142ywanie<\/strong><\/h2>\n\n\n\n<p><img loading=\"lazy\" decoding=\"async\" width=\"227\" height=\"192\" src=\"https:\/\/www.olimpijski.pl\/Media\/files\/Gyor_kadra\/Ciesla_Oskar.jpg\" alt=\"\"><br>Cie\u015bla Oskar<\/p>\n\n\n\n<p><img loading=\"lazy\" decoding=\"async\" width=\"227\" height=\"192\" src=\"https:\/\/www.olimpijski.pl\/Media\/files\/Gyor_kadra\/Dabrowska_Tatiana.jpg\" alt=\"\"><br>D\u0105browska Tatiana<\/p>\n\n\n\n<p><img loading=\"lazy\" decoding=\"async\" width=\"227\" height=\"192\" src=\"https:\/\/www.olimpijski.pl\/Media\/files\/Gyor_kadra\/Dubas_Mateusz.jpg\" alt=\"\"><br>Dubas Mateusz<\/p>\n\n\n\n<p><img loading=\"lazy\" decoding=\"async\" width=\"227\" height=\"192\" src=\"https:\/\/www.olimpijski.pl\/Media\/files\/Gyor_kadra\/Goraj_Marcin.jpg\" alt=\"\"><br>Goraj Marcin<\/p>\n\n\n\n<p><img loading=\"lazy\" decoding=\"async\" width=\"227\" height=\"192\" src=\"https:\/\/www.olimpijski.pl\/Media\/files\/Gyor_kadra\/Herasimowicz_Zuzanna.jpg\" alt=\"\"><br>Herasimowicz Zuzanna<\/p>\n\n\n\n<p><img loading=\"lazy\" decoding=\"async\" width=\"227\" height=\"192\" src=\"https:\/\/www.olimpijski.pl\/Media\/files\/Gyor_kadra\/Jaskiewicz_Adrian.jpg\" alt=\"\"><br>Ja\u015bkiewicz Adrian<\/p>\n\n\n\n<p><img loading=\"lazy\" decoding=\"async\" width=\"227\" height=\"192\" src=\"https:\/\/www.olimpijski.pl\/Media\/files\/Gyor_kadra\/Karolczak_Jan.jpg\" alt=\"\"><br>Karolczak Jan<\/p>\n\n\n\n<p><img loading=\"lazy\" decoding=\"async\" width=\"227\" height=\"192\" src=\"https:\/\/www.olimpijski.pl\/Media\/files\/Gyor_kadra\/Knop_Aleksandra.jpg\" alt=\"\"><br>Knop Aleksandra<\/p>\n\n\n\n<p><img loading=\"lazy\" decoding=\"async\" width=\"227\" height=\"192\" src=\"https:\/\/www.olimpijski.pl\/Media\/files\/Gyor_kadra\/Kramer_Aleksandra.jpg\" alt=\"\"><br>Kramer Aleksandra<\/p>\n\n\n\n<p><img loading=\"lazy\" decoding=\"async\" width=\"227\" height=\"192\" src=\"https:\/\/www.olimpijski.pl\/Media\/files\/Gyor_kadra\/Murawska_Maria.jpg\" alt=\"\"><br>Murawska Maria<\/p>\n\n\n\n<p><img loading=\"lazy\" decoding=\"async\" width=\"227\" height=\"192\" src=\"https:\/\/www.olimpijski.pl\/Media\/files\/Gyor_kadra\/Orlicz_Filip.jpg\" alt=\"\"><br>Orlicz Filip<\/p>\n\n\n\n<p><img loading=\"lazy\" decoding=\"async\" width=\"227\" height=\"192\" src=\"https:\/\/www.olimpijski.pl\/Media\/files\/Gyor_kadra\/Piotrowski_Kacper.jpg\" alt=\"\"><br>Piotrowski Kacper<\/p>\n\n\n\n<p><img loading=\"lazy\" decoding=\"async\" width=\"227\" height=\"192\" src=\"https:\/\/www.olimpijski.pl\/Media\/files\/Gyor_kadra\/Trambowicz_Zuzanna.jpg\" alt=\"\"><br>Trambowicz Zuzanna<\/p>\n\n\n\n<p><img loading=\"lazy\" decoding=\"async\" width=\"227\" height=\"192\" src=\"https:\/\/www.olimpijski.pl\/Media\/files\/Gyor_kadra\/Warzocha_Albert.jpg\" alt=\"\"><br>Warzocha Albert<\/p>\n\n\n\n<p><img loading=\"lazy\" decoding=\"async\" width=\"227\" height=\"192\" src=\"https:\/\/www.olimpijski.pl\/Media\/files\/Gyor_kadra\/Wilczewska_Aleksandra.jpg\" alt=\"\"><br>Wilczewska Aleksandra<\/p>\n\n\n\n<p><img loading=\"lazy\" decoding=\"async\" width=\"227\" height=\"192\" src=\"https:\/\/www.olimpijski.pl\/Media\/files\/Gyor_kadra\/Wojtkowiak_Alicja.jpg\" alt=\"\"><br>Wojtkowiak Alicja<br><br><em>Chro\u015bcielewski Jaros\u0142aw &#8211; trener g\u0142\u00f3wny<br>Kaja Tomasz &#8211; trener<br>P\u0105chalski S\u0142awomir &#8211; trener<br>Rakowski Bartosz &#8211; fizjoterapeuta<\/em><br><br><\/p>\n\n\n\n<h2 class=\"wp-block-heading\"><strong>Tenis<\/strong><\/h2>\n\n\n\n<p><img loading=\"lazy\" decoding=\"async\" width=\"227\" height=\"192\" src=\"https:\/\/www.olimpijski.pl\/Media\/files\/Gyor_kadra\/Baszak_Weronika.jpg\" alt=\"\"><br>Baszak Weronika<\/p>\n\n\n\n<p><img loading=\"lazy\" decoding=\"async\" width=\"227\" height=\"192\" src=\"https:\/\/www.olimpijski.pl\/Media\/files\/Gyor_kadra\/Lorens_Mikolaj.jpg\" alt=\"\"><br>Lorens Miko\u0142aj<\/p>\n\n\n\n<p><img loading=\"lazy\" decoding=\"async\" width=\"227\" height=\"192\" src=\"https:\/\/www.olimpijski.pl\/Media\/files\/Gyor_kadra\/Taczala_Dawid.jpg\" alt=\"\"><br>Tacza\u0142a Dawid<\/p>\n\n\n\n<p><img loading=\"lazy\" decoding=\"async\" width=\"227\" height=\"192\" src=\"https:\/\/www.olimpijski.pl\/Media\/files\/Gyor_kadra\/Wierzbowska_Aleksandra.jpg\" alt=\"\"><br>Wierzbowska Aleksandra<br><br><em>Walk\u00f3w Micha\u0142 &#8211; trener g\u0142\u00f3wny<\/em><\/p>\n\n<\/div>\n\t\t<\/div>\n<\/div>\n\n\n<h2 class=\"wp-block-heading\"><strong>MEDALE REPREZENTACJI POLSKI<\/strong><\/h2>\n\n\n\n<p><strong>Z\u0142ote medale (3)<\/strong><br>Zuzanna BRONOWSKA &#8211; lekkoatletyka, bieg na\u00a0800 m<br>Piotr GO\u0179DZIEWICZ &#8211; lekkoatletyka, pchni\u0119cie kul\u0105<br>Victoria KALITTA &#8211; lekkoatletyka, skok o\u00a0tyczce<br><br><strong>Srebrne medale (3)<\/strong><br>Aleksandra KNOP &#8211; p\u0142ywanie, 400 m stylem dowolnym<br>Wojciech KORDYALIK &#8211; judo, kat. +90 kg<br>Klaudia KAZIMIERSKA &#8211; lekkoatletyka, bieg na\u00a01500 m<br><br><strong>Br\u0105zowe medale (4)<\/strong><br>Natalia Kropska &#8211; judo, kat. -57 kg<br>Robert G\u00f3rzy\u0144ski &#8211; lekkoatletyka, bieg na\u00a03000 m<br>Dawid Tacza\u0142a &#8211; tenis, gra pojedyncza<br>Dawid Tacza\u0142a i\u00a0Miko\u0142aj Lorens &#8211; tenis, gra podw\u00f3jna<\/p>\n","protected":false},"excerpt":{"rendered":"<p>XIV Letni EYOFGy\u0151r 2017 GY\u0150R (W\u0119gry), 23-29 lipca 2017 W XIV Letnim Olimpijskim Festiwalu M\u0142odzie\u017cy Europy Gyor 2017 wystartowa\u0142o 3675 zawodnik\u00f3w z<\/p>\n","protected":false},"featured_media":0,"parent":0,"menu_order":0,"template":"templates\/olympic_main_subpage.php","meta":{"_acf_changed":false,"ub_ctt_via":"","footnotes":""},"class_list":["post-5937","olympics_eyof","type-olympics_eyof","status-publish","hentry","infinite-scroll-item","no-featured-image-padding"],"acf":{"game_id":"85","game_type":"25315","game_link":"gyor2017","game_news":"0","startdate":"23.07.2017 12:00 am","enddate":"30.07.2017 12:00 am","place":"Gyor","year":"2017","logo":"https:\/\/olimpijski.pl\/wp-content\/uploads\/2020\/06\/gyor2017.png","special_bg_img":false,"hide_breadcrumbs":[],"competitions_olympic":false,"histroy_tabs":false},"_links":{"self":[{"href":"https:\/\/olimpijski.pl\/en\/wp-json\/wp\/v2\/olympics_eyof\/5937"}],"collection":[{"href":"https:\/\/olimpijski.pl\/en\/wp-json\/wp\/v2\/olympics_eyof"}],"about":[{"href":"https:\/\/olimpijski.pl\/en\/wp-json\/wp\/v2\/types\/olympics_eyof"}],"version-history":[{"count":1,"href":"https:\/\/olimpijski.pl\/en\/wp-json\/wp\/v2\/olympics_eyof\/5937\/revisions"}],"predecessor-version":[{"id":31930,"href":"https:\/\/olimpijski.pl\/en\/wp-json\/wp\/v2\/olympics_eyof\/5937\/revisions\/31930"}],"wp:attachment":[{"href":"https:\/\/olimpijski.pl\/en\/wp-json\/wp\/v2\/media?parent=5937"}],"curies":[{"name":"wp","href":"https:\/\/api.w.org\/{rel}","templated":true}]}}