{"id":61290,"date":"2022-09-05T10:45:50","date_gmt":"2022-09-05T08:45:50","guid":{"rendered":"https:\/\/olimpijski.pl\/?post_type=olympics_eyof&#038;p=61290"},"modified":"2024-11-04T08:52:07","modified_gmt":"2024-11-04T07:52:07","slug":"xvi-letni-eyof-banska-bystrzyca-2022","status":"publish","type":"olympics_eyof","link":"https:\/\/olimpijski.pl\/en\/olympics_eyof\/xvi-letni-eyof-banska-bystrzyca-2022\/","title":{"rendered":"XVI Letni EYOF \u2013 Ba\u0144ska Bystrzyca 2022"},"content":{"rendered":"\n<h1 class=\"wp-block-heading main-title\" id=\"XVI_Letni_EYOFBa\u0144ska_Bystrzyca_\"><strong>XVI Letni EYOF<\/strong><br>Ba\u0144ska Bystrzyca 2022<\/h1>\n\n\n\n<p><br><\/p>\n\n\n\n<figure class=\"wp-block-image size-full is-resized\"><img loading=\"lazy\" decoding=\"async\" width=\"1000\" height=\"749\" src=\"https:\/\/olimpijski.pl\/wp-content\/uploads\/2022\/09\/banskabystrzyca2022.jpg\" alt=\"\" class=\"wp-image-61292\" style=\"width:166px;height:123px\" srcset=\"https:\/\/olimpijski.pl\/wp-content\/uploads\/2022\/09\/banskabystrzyca2022.jpg 1000w, https:\/\/olimpijski.pl\/wp-content\/uploads\/2022\/09\/banskabystrzyca2022-300x225.jpg 300w, https:\/\/olimpijski.pl\/wp-content\/uploads\/2022\/09\/banskabystrzyca2022-768x575.jpg 768w\" sizes=\"(max-width: 1000px) 100vw, 1000px\" \/><\/figure>\n\n\n\n<p><strong>BA\u0143SKA-BYSTRZYCA (S\u0142owacja), 24-30 lipca 2022<\/strong><\/p>\n\n\n\n<p><strong>Rekordow\u0105, jak do tej pory w historii start\u00f3w Polak\u00f3w w letniej edycji Olimpijskich Festiwali M\u0142odzie\u017cy Europy, liczb\u0119 medali wywalczyli nasi sportowcy podczas XVI EYOF Ba\u0144ska Bystrzyca 2022. M\u0142odzie\u017cowa Reprezentacja Polski przywioz\u0142a ze S\u0142owacji 20 kr\u0105\u017ck\u00f3w. Poprzedni najlepszy wynik \u2013 15 medali \u2013 zosta\u0142 uzyskany w Baku w 2019 roku. Poprzeczka zosta\u0142a zawieszona wysoko, a pierwsza szansa na jej \u201eprzeskoczenie\u201d b\u0119dzie ju\u017c za rok w S\u0142owenii \u2013 organizatorem XVII letniego EYOF 2023 b\u0119dzie bowiem Maribor!<\/strong><\/p>\n\n\n\n<figure class=\"wp-block-image\"><img decoding=\"async\" src=\"https:\/\/olimpijski.pl\/wp-content\/uploads\/2022\/07\/20220730SS_-day_6_-129-1024x683.jpg\" alt=\"\"\/><\/figure>\n\n\n\n<p>Impreza rozgrywana jest co dwa lata (zimowa i letnia edycja w tym samym roku), ale z powodu pandemii koronawirusa, zar\u00f3wno zimowy EYOF Vuokatti (Finlandii) jak i letni w S\u0142owacji, zosta\u0142y prze\u0142o\u017cone z 2021 na 2022 rok.<\/p>\n\n\n\n<p>XVI Letni Olimpijski Festiwal M\u0142odzie\u017cy Europy Ba\u0144ska Bystrzyca 2022 rozgrywany by\u0142 w 10 dyscyplinach sportu. Reprezentanci Polski w liczbie 95 os\u00f3b wystartowali w o\u015bmiu z nich: badmintonie, gimnastyce, judo, kolarstwie, lekkiej atletyce, p\u0142ywaniu, siatk\u00f3wce i tenisie. Polak\u00f3w zabrak\u0142o tylko w turniejach koszyk\u00f3wki i pi\u0142ki r\u0119cznej.<\/p>\n\n\n\n<figure class=\"wp-block-image\"><img loading=\"lazy\" decoding=\"async\" width=\"1024\" height=\"645\" src=\"https:\/\/olimpijski.pl\/wp-content\/uploads\/2022\/07\/20220724SS_-ceremonia_otwarcia_BB-1024x645.jpg\" alt=\"\" class=\"wp-image-59069\" srcset=\"https:\/\/olimpijski.pl\/wp-content\/uploads\/2022\/07\/20220724SS_-ceremonia_otwarcia_BB-1024x645.jpg 1024w, https:\/\/olimpijski.pl\/wp-content\/uploads\/2022\/07\/20220724SS_-ceremonia_otwarcia_BB-300x189.jpg 300w, https:\/\/olimpijski.pl\/wp-content\/uploads\/2022\/07\/20220724SS_-ceremonia_otwarcia_BB-768x484.jpg 768w, https:\/\/olimpijski.pl\/wp-content\/uploads\/2022\/07\/20220724SS_-ceremonia_otwarcia_BB-1536x968.jpg 1536w, https:\/\/olimpijski.pl\/wp-content\/uploads\/2022\/07\/20220724SS_-ceremonia_otwarcia_BB.jpg 2022w\" sizes=\"(max-width: 1024px) 100vw, 1024px\" \/><\/figure>\n\n\n\n<p>Dodatkowo przejdzie on do historii polskiego sportu jako najlepszy letni EYOF z wynikiem 20 medali: 5 z\u0142otych, 5 srebrnych, 10 br\u0105zowych. Polacy w klasyfikacji medalowej zaj\u0119li 10. miejsce. Ten ranking wygrali W\u0142osi: 47 medali \u2013 21-12-14. Ciekawostk\u0105 jest to, \u017ce pod wzgl\u0119dem ilo\u015bci kr\u0105\u017ck\u00f3w M\u0142odzie\u017cowa Reprezentacja Polski uplasowa\u0142a si\u0119 na 4. miejscu spo\u015br\u00f3d 48 kraj\u00f3w uczestnicz\u0105cych w imprezie.<br>Zabrak\u0142o jedynie reprezentacji Rosji i Bia\u0142orusi. Stowarzyszenie Europejskich Komitet\u00f3w Olimpijskich (EOC) zdecydowa\u0142o si\u0119 wykluczy\u0107 te dwa kraje z powodu rosyjskiej zbrojnej napa\u015bci na Ukrain\u0119 i wspierania pogwa\u0142cenia pokoju przez bia\u0142oruski re\u017cim.<\/p>\n\n\n\n<figure class=\"wp-block-image\"><img loading=\"lazy\" decoding=\"async\" width=\"1024\" height=\"702\" src=\"https:\/\/olimpijski.pl\/wp-content\/uploads\/2022\/07\/20220730SS_-day_6_-60-1024x702.jpg\" alt=\"\" class=\"wp-image-60427\" srcset=\"https:\/\/olimpijski.pl\/wp-content\/uploads\/2022\/07\/20220730SS_-day_6_-60-1024x702.jpg 1024w, https:\/\/olimpijski.pl\/wp-content\/uploads\/2022\/07\/20220730SS_-day_6_-60-300x206.jpg 300w, https:\/\/olimpijski.pl\/wp-content\/uploads\/2022\/07\/20220730SS_-day_6_-60-768x526.jpg 768w, https:\/\/olimpijski.pl\/wp-content\/uploads\/2022\/07\/20220730SS_-day_6_-60-1536x1052.jpg 1536w, https:\/\/olimpijski.pl\/wp-content\/uploads\/2022\/07\/20220730SS_-day_6_-60.jpg 2048w\" sizes=\"(max-width: 1024px) 100vw, 1024px\" \/><\/figure>\n\n\n\n<p>Medale w polskiej ekipie zdoby\u0142o a\u017c 36 os\u00f3b, a w\u015br\u00f3d kt\u00f3rych jest czworo podw\u00f3jnych medalist\u00f3w: Maria Jarosi\u0144ska (lekkoatletyka) \u2013 srebro w sztafecie szwedzkiej i srebro w biegu na 200 m; Patryk Goszczurny (kolarstwo) \u2013 z\u0142oto w je\u017adzie indywidualnej na czas i srebro w wy\u015bcigu ze startu wsp\u00f3lnego; Rados\u0142aw Lach (lekkoatletyka) \u2013 z\u0142oto w sztafecie szwedzkiej i br\u0105z w biegu na 200 m oraz Mateusz Golas (badminton) \u2013 srebro w mik\u015bcie i br\u0105z w turnieju singlowym.<\/p>\n\n\n\n<figure class=\"wp-block-image\"><img loading=\"lazy\" decoding=\"async\" width=\"1024\" height=\"683\" src=\"https:\/\/olimpijski.pl\/wp-content\/uploads\/2022\/07\/20220730SS_-day_6_-145-1024x683.jpg\" alt=\"\" class=\"wp-image-60375\" srcset=\"https:\/\/olimpijski.pl\/wp-content\/uploads\/2022\/07\/20220730SS_-day_6_-145-1024x683.jpg 1024w, https:\/\/olimpijski.pl\/wp-content\/uploads\/2022\/07\/20220730SS_-day_6_-145-300x200.jpg 300w, https:\/\/olimpijski.pl\/wp-content\/uploads\/2022\/07\/20220730SS_-day_6_-145-768x512.jpg 768w, https:\/\/olimpijski.pl\/wp-content\/uploads\/2022\/07\/20220730SS_-day_6_-145-1536x1025.jpg 1536w, https:\/\/olimpijski.pl\/wp-content\/uploads\/2022\/07\/20220730SS_-day_6_-145-1200x800.jpg 1200w, https:\/\/olimpijski.pl\/wp-content\/uploads\/2022\/07\/20220730SS_-day_6_-145.jpg 2048w\" sizes=\"(max-width: 1024px) 100vw, 1024px\" \/><\/figure>\n\n\n\n<p>Na dzie\u0144 przed s\u0142owackim EYOF reprezentanci Polski mieli na koncie 152 medale (43 z\u0142ote, 45 srebrnych, 64 br\u0105zowe). Dzi\u015b tych medali mamy o 20 wi\u0119cej \u2013 48 z\u0142otych, 50 srebrnych i 74 br\u0105zowe! Warto doda\u0107, \u017ce bia\u0142o-czerwoni \u2013 pocz\u0105wszy od pierwszej letniej edycji, kt\u00f3ra zosta\u0142a rozegrana w 1991 roku w Brukseli \u2013 ani razu nie wr\u00f3ci\u0142a do kraju z zerowym kontem. Tak trzyma\u0107!<\/p>\n\n\n\n<figure class=\"wp-block-image\"><img loading=\"lazy\" decoding=\"async\" width=\"1024\" height=\"683\" src=\"https:\/\/olimpijski.pl\/wp-content\/uploads\/2022\/07\/20220727SS_-day_3_BB-32-1024x683.jpg\" alt=\"\" class=\"wp-image-59378\" srcset=\"https:\/\/olimpijski.pl\/wp-content\/uploads\/2022\/07\/20220727SS_-day_3_BB-32-1024x683.jpg 1024w, https:\/\/olimpijski.pl\/wp-content\/uploads\/2022\/07\/20220727SS_-day_3_BB-32-300x200.jpg 300w, https:\/\/olimpijski.pl\/wp-content\/uploads\/2022\/07\/20220727SS_-day_3_BB-32-768x512.jpg 768w, https:\/\/olimpijski.pl\/wp-content\/uploads\/2022\/07\/20220727SS_-day_3_BB-32-1536x1024.jpg 1536w, https:\/\/olimpijski.pl\/wp-content\/uploads\/2022\/07\/20220727SS_-day_3_BB-32-1200x800.jpg 1200w, https:\/\/olimpijski.pl\/wp-content\/uploads\/2022\/07\/20220727SS_-day_3_BB-32.jpg 2048w\" sizes=\"(max-width: 1024px) 100vw, 1024px\" \/><\/figure>\n\n\n\n<p>Wielu zawodnik\u00f3w otar\u0142o si\u0119 o medale zajmuj\u0105c 4. miejsca. Byli blisko i cho\u0107 czasem niewiele zabrak\u0142o do pe\u0142ni szcz\u0119\u015bcia, to kiedy bite s\u0105 rekordy \u017cyciowe lub kraju, to trzeba by\u0107 z siebie dumnym. I warto w tym miejscu wspomnie\u0107 cho\u0107by o p\u0142ywaczce Flawii Kamzol, kt\u00f3ra by\u0142a 4. w sztafecie \u017ce\u0144skiej na dystansie 4\u00d7100 m stylem zmiennym, ustanawiaj\u0105c przy tym rekord Polski i r\u00f3wnie\u017c 4. na 100 m stylem grzbietowym.<\/p>\n\n\n\n<figure class=\"wp-block-image\"><img loading=\"lazy\" decoding=\"async\" width=\"1024\" height=\"636\" src=\"https:\/\/olimpijski.pl\/wp-content\/uploads\/2022\/07\/20220728SS_-day_4_-124-2-1024x636.jpg\" alt=\"\" class=\"wp-image-60134\" srcset=\"https:\/\/olimpijski.pl\/wp-content\/uploads\/2022\/07\/20220728SS_-day_4_-124-2-1024x636.jpg 1024w, https:\/\/olimpijski.pl\/wp-content\/uploads\/2022\/07\/20220728SS_-day_4_-124-2-300x186.jpg 300w, https:\/\/olimpijski.pl\/wp-content\/uploads\/2022\/07\/20220728SS_-day_4_-124-2-768x477.jpg 768w, https:\/\/olimpijski.pl\/wp-content\/uploads\/2022\/07\/20220728SS_-day_4_-124-2-1536x953.jpg 1536w, https:\/\/olimpijski.pl\/wp-content\/uploads\/2022\/07\/20220728SS_-day_4_-124-2.jpg 2048w\" sizes=\"(max-width: 1024px) 100vw, 1024px\" \/><\/figure>\n\n\n\n<p>Kilka pechowych dla sportowc\u00f3w, czwartych lokat, zaj\u0119li tak\u017ce odpowiednio lekkoatleci: Amelia Kielar \u2013 100 m przez p\u0142otki, Kacper Kuczaj \u2013 pchni\u0119cie kul\u0105, Lilly Nichols \u2013 skok o tyczce, Julia Przewie\u017alik \u2013 400 m, Lena Paj\u0119cka \u2013 2000 m z przeszkodami i kolarze: Weronika W\u0105staty \u2013 wy\u015bcig ze startu wsp\u00f3lnego i Marceli Pera \u2013 jazda indywidualna na czas.<\/p>\n\n\n\n<figure class=\"wp-block-image\"><img loading=\"lazy\" decoding=\"async\" width=\"1024\" height=\"669\" src=\"https:\/\/olimpijski.pl\/wp-content\/uploads\/2022\/07\/20220727SS_-day_3_BB-3-1024x669.jpg\" alt=\"\" class=\"wp-image-59320\" srcset=\"https:\/\/olimpijski.pl\/wp-content\/uploads\/2022\/07\/20220727SS_-day_3_BB-3-1024x669.jpg 1024w, https:\/\/olimpijski.pl\/wp-content\/uploads\/2022\/07\/20220727SS_-day_3_BB-3-300x196.jpg 300w, https:\/\/olimpijski.pl\/wp-content\/uploads\/2022\/07\/20220727SS_-day_3_BB-3-768x501.jpg 768w, https:\/\/olimpijski.pl\/wp-content\/uploads\/2022\/07\/20220727SS_-day_3_BB-3-1536x1003.jpg 1536w, https:\/\/olimpijski.pl\/wp-content\/uploads\/2022\/07\/20220727SS_-day_3_BB-3.jpg 2048w\" sizes=\"(max-width: 1024px) 100vw, 1024px\" \/><\/figure>\n\n\n\n<p>11 kr\u0105\u017ck\u00f3w (4 z\u0142ote, 3 srebrne, 4 br\u0105zowe) zdobyli lekkoatleci, 4 (1-1-2) kolarze, 2 badminton (0-1-1) i po jednym: judo (br\u0105z), tenis (br\u0105z) i siatk\u00f3wka (br\u0105z).<\/p>\n\n\n\n<p>Do tej pory w gronie polskich medalist\u00f3w letnich festiwali znale\u017ali si\u0119 znani z p\u00f3\u017aniejszych seniorskich wyst\u0119p\u00f3w zawodnicy: Przemys\u0142aw Sta\u0144czyk, Pawe\u0142 Korzeniowski i Rados\u0142aw Kaw\u0119cki (p\u0142ywanie), Kamil Majchrzak (tenis), Ewa Krause i Daria Pogorzelec (judo), Tomasz \u015acigaczewski, Micha\u0142 Bieniek, Konrad Bukowiecki (lekkoatletyka), Szymon Sajnok (kolarstwo), czy te\u017c siatkarki i siatkarze \u2013 Agata Mr\u00f3z, Katarzyna Skowro\u0144ska, Marcin Mo\u017cd\u017conek, Jakub Kochanowski i Bartosz Kwolek.<\/p>\n\n\n\n<figure class=\"wp-block-image\"><img loading=\"lazy\" decoding=\"async\" width=\"1024\" height=\"683\" src=\"https:\/\/olimpijski.pl\/wp-content\/uploads\/2022\/07\/20220727SS_-day_3_BB-52-1024x683.jpg\" alt=\"\" class=\"wp-image-59416\" srcset=\"https:\/\/olimpijski.pl\/wp-content\/uploads\/2022\/07\/20220727SS_-day_3_BB-52-1024x683.jpg 1024w, https:\/\/olimpijski.pl\/wp-content\/uploads\/2022\/07\/20220727SS_-day_3_BB-52-300x200.jpg 300w, https:\/\/olimpijski.pl\/wp-content\/uploads\/2022\/07\/20220727SS_-day_3_BB-52-768x512.jpg 768w, https:\/\/olimpijski.pl\/wp-content\/uploads\/2022\/07\/20220727SS_-day_3_BB-52-1536x1024.jpg 1536w, https:\/\/olimpijski.pl\/wp-content\/uploads\/2022\/07\/20220727SS_-day_3_BB-52-1200x800.jpg 1200w, https:\/\/olimpijski.pl\/wp-content\/uploads\/2022\/07\/20220727SS_-day_3_BB-52.jpg 2048w\" sizes=\"(max-width: 1024px) 100vw, 1024px\" \/><\/figure>\n\n\n\n<p>\u0141\u0105czna liczba cz\u0142onk\u00f3w wszystkich delegacji Narodowych Komitet\u00f3w Olimpijskich w Ba\u0144skiej Bystrzycy wynios\u0142a 3328 os\u00f3b, z czego 2252 to sportowcy \u2013 1125 ch\u0142opc\u00f3w i 1127 dziewcz\u0105t. Organizatorzy poinformowali, \u017ce wydali \u0142\u0105cznie 7369 akredytacji na to wydarzenie.<\/p>\n\n\n\n<p>Najmniejsz\u0105 dru\u017cyn\u0105 by\u0142o Monako, kt\u00f3re mia\u0142o trzyosobow\u0105 reprezentacj\u0119 licz\u0105c\u0105 dw\u00f3ch sportowc\u00f3w. Najwi\u0119ksza dru\u017cyna zosta\u0142a wystawiona przez gospodarzy festiwalu \u2013 S\u0142owacj\u0119 i liczy\u0142a 210 cz\u0142onk\u00f3w, w tym 149 sportowc\u00f3w. Drug\u0105 co do wielko\u015bci ekip\u0105 byli nasi zachodni s\u0105siedzi Niemcy \u2013 180 os\u00f3b. M\u0142odzie\u017cowa Reprezentacja Polski liczy\u0142a 95 samych sportowc\u00f3w (49 ch\u0142opc\u00f3w i 46 dziewcz\u0105t) i by\u0142a jedn\u0105 z najliczniejszych.<\/p>\n\n\n\n<figure class=\"wp-block-image\"><img loading=\"lazy\" decoding=\"async\" width=\"1024\" height=\"650\" src=\"https:\/\/olimpijski.pl\/wp-content\/uploads\/2022\/07\/20220725SS_-day_1_BB-39-1-1024x650.jpg\" alt=\"\" class=\"wp-image-59506\" srcset=\"https:\/\/olimpijski.pl\/wp-content\/uploads\/2022\/07\/20220725SS_-day_1_BB-39-1-1024x650.jpg 1024w, https:\/\/olimpijski.pl\/wp-content\/uploads\/2022\/07\/20220725SS_-day_1_BB-39-1-300x190.jpg 300w, https:\/\/olimpijski.pl\/wp-content\/uploads\/2022\/07\/20220725SS_-day_1_BB-39-1-768x487.jpg 768w, https:\/\/olimpijski.pl\/wp-content\/uploads\/2022\/07\/20220725SS_-day_1_BB-39-1-1536x974.jpg 1536w, https:\/\/olimpijski.pl\/wp-content\/uploads\/2022\/07\/20220725SS_-day_1_BB-39-1.jpg 2048w\" sizes=\"(max-width: 1024px) 100vw, 1024px\" \/><\/figure>\n\n\n\n<p>Najstarszym zawodnikiem na s\u0142owackim festiwalu by\u0142a turecka siatkarka Hilmi Sahin, kt\u00f3ra 1 stycznia 2022 roku obchodzi\u0142a 19. urodziny. Najm\u0142odsz\u0105 uczestniczk\u0105 natomiast by\u0142a s\u0142owacka koszykarka \u2013 Tamara Mandelikova, kt\u00f3ra ostatniego dnia sierpnia sko\u0144czy 15 lat!<\/p>\n\n\n\n<p>S\u0142owacja \u2013 po Hiszpanii, Turcji, W\u0142oszech i Finlandii \u2013 jest pi\u0105tym krajem, kt\u00f3ry zorganizowa\u0142 zar\u00f3wno zimowy, jak i letni EYOF.<\/p>\n\n\n\n<figure class=\"wp-block-image\"><img loading=\"lazy\" decoding=\"async\" width=\"1024\" height=\"698\" src=\"https:\/\/olimpijski.pl\/wp-content\/uploads\/2022\/07\/20220728SS_-day_4_-57-1024x698.jpg\" alt=\"\" class=\"wp-image-60040\" srcset=\"https:\/\/olimpijski.pl\/wp-content\/uploads\/2022\/07\/20220728SS_-day_4_-57-1024x698.jpg 1024w, https:\/\/olimpijski.pl\/wp-content\/uploads\/2022\/07\/20220728SS_-day_4_-57-300x204.jpg 300w, https:\/\/olimpijski.pl\/wp-content\/uploads\/2022\/07\/20220728SS_-day_4_-57-768x523.jpg 768w, https:\/\/olimpijski.pl\/wp-content\/uploads\/2022\/07\/20220728SS_-day_4_-57-1536x1046.jpg 1536w, https:\/\/olimpijski.pl\/wp-content\/uploads\/2022\/07\/20220728SS_-day_4_-57.jpg 2048w\" sizes=\"(max-width: 1024px) 100vw, 1024px\" \/><\/figure>\n\n\n\n<p>XVII Letni Olimpijski Festiwal M\u0142odzie\u017cy Europy odb\u0119dzie si\u0119 w s\u0142owe\u0144skim Mariborze w 2023 roku.<\/p>\n\n\n\n<hr class=\"wp-block-separator has-alpha-channel-opacity\"\/>\n\n\n\n<h2 class=\"wp-block-heading\" id=\"Polska_M\u0142odzie\u017cowa_Reprezentacja\"><strong>Polska M\u0142odzie\u017cowa Reprezentacja<\/strong><\/h2>\n\n\n<div class=\"wp-block-ub-content-toggle wp-block-ub-content-toggle-block\" id=\"ub-content-toggle-block-bbf09245-6829-4ba8-9403-96ae1f6c4a63\" data-mobilecollapse=\"false\" data-desktopcollapse=\"true\" data-preventcollapse=\"false\" data-showonlyone=\"false\">\n<div class=\"wp-block-ub-content-toggle-accordion\" style=\"border-color: #f1f1f1;\" id=\"ub-content-toggle-panel-block-9bd8d5a3-8ab4-43f5-87ce-bf9a940bb38f\">\n\t\t\t<div class=\"wp-block-ub-content-toggle-accordion-title-wrap\" style=\"background-color: #f1f1f1;\" aria-controls=\"ub-content-toggle-panel-0-bbf09245-6829-4ba8-9403-96ae1f6c4a63\" tabindex=\"0\">\n\t\t\t<p class=\"wp-block-ub-content-toggle-accordion-title ub-content-toggle-title-bbf09245-6829-4ba8-9403-96ae1f6c4a63\" style=\"color: #000000; \">Sk\u0142ad<\/p>\n\t\t\t<div class=\"wp-block-ub-content-toggle-accordion-toggle-wrap right\" style=\"color: #000000;\"><span class=\"wp-block-ub-content-toggle-accordion-state-indicator wp-block-ub-chevron-down\"><\/span><\/div>\n\t\t<\/div>\n\t\t\t<div role=\"region\" aria-expanded=\"false\" class=\"wp-block-ub-content-toggle-accordion-content-wrap ub-hide\" id=\"ub-content-toggle-panel-0-bbf09245-6829-4ba8-9403-96ae1f6c4a63\">\n\n<h2 class=\"wp-block-heading\"><strong>BADMINTON<\/strong><\/h2>\n\n\n\n<figure class=\"wp-block-image is-resized\"><img loading=\"lazy\" decoding=\"async\" width=\"1024\" height=\"1024\" src=\"https:\/\/olimpijski.pl\/wp-content\/uploads\/2022\/09\/maja_janko-1024x1024.jpg\" alt=\"\" class=\"wp-image-61302\" style=\"width:467px;height:467px\" srcset=\"https:\/\/olimpijski.pl\/wp-content\/uploads\/2022\/09\/maja_janko-1024x1024.jpg 1024w, https:\/\/olimpijski.pl\/wp-content\/uploads\/2022\/09\/maja_janko-300x300.jpg 300w, https:\/\/olimpijski.pl\/wp-content\/uploads\/2022\/09\/maja_janko-150x150.jpg 150w, https:\/\/olimpijski.pl\/wp-content\/uploads\/2022\/09\/maja_janko-768x768.jpg 768w, https:\/\/olimpijski.pl\/wp-content\/uploads\/2022\/09\/maja_janko-600x600.jpg 600w, https:\/\/olimpijski.pl\/wp-content\/uploads\/2022\/09\/maja_janko.jpg 1200w\" sizes=\"(max-width: 1024px) 100vw, 1024px\" \/><\/figure>\n\n\n\n<figure class=\"wp-block-image is-resized\"><img loading=\"lazy\" decoding=\"async\" width=\"1024\" height=\"1024\" src=\"https:\/\/olimpijski.pl\/wp-content\/uploads\/2022\/09\/mateusz_golas-1024x1024.jpg\" alt=\"\" class=\"wp-image-61304\" style=\"width:466px;height:466px\" srcset=\"https:\/\/olimpijski.pl\/wp-content\/uploads\/2022\/09\/mateusz_golas-1024x1024.jpg 1024w, https:\/\/olimpijski.pl\/wp-content\/uploads\/2022\/09\/mateusz_golas-300x300.jpg 300w, https:\/\/olimpijski.pl\/wp-content\/uploads\/2022\/09\/mateusz_golas-150x150.jpg 150w, https:\/\/olimpijski.pl\/wp-content\/uploads\/2022\/09\/mateusz_golas-768x768.jpg 768w, https:\/\/olimpijski.pl\/wp-content\/uploads\/2022\/09\/mateusz_golas-600x600.jpg 600w, https:\/\/olimpijski.pl\/wp-content\/uploads\/2022\/09\/mateusz_golas.jpg 1200w\" sizes=\"(max-width: 1024px) 100vw, 1024px\" \/><\/figure>\n\n\n\n<p>\u2014<br><em>Szymon KOSTKA \u2013 trener<\/em><\/p>\n\n\n\n<h2 class=\"wp-block-heading\"><strong>GIMNASTYKA<\/strong><\/h2>\n\n\n\n<figure class=\"wp-block-image is-resized\"><img loading=\"lazy\" decoding=\"async\" width=\"1024\" height=\"1024\" src=\"https:\/\/olimpijski.pl\/wp-content\/uploads\/2022\/09\/maria_drobniak-1024x1024.jpg\" alt=\"\" class=\"wp-image-61306\" style=\"width:469px;height:469px\" srcset=\"https:\/\/olimpijski.pl\/wp-content\/uploads\/2022\/09\/maria_drobniak-1024x1024.jpg 1024w, https:\/\/olimpijski.pl\/wp-content\/uploads\/2022\/09\/maria_drobniak-300x300.jpg 300w, https:\/\/olimpijski.pl\/wp-content\/uploads\/2022\/09\/maria_drobniak-150x150.jpg 150w, https:\/\/olimpijski.pl\/wp-content\/uploads\/2022\/09\/maria_drobniak-768x768.jpg 768w, https:\/\/olimpijski.pl\/wp-content\/uploads\/2022\/09\/maria_drobniak-600x600.jpg 600w, https:\/\/olimpijski.pl\/wp-content\/uploads\/2022\/09\/maria_drobniak.jpg 1200w\" sizes=\"(max-width: 1024px) 100vw, 1024px\" \/><\/figure>\n\n\n\n<figure class=\"wp-block-image is-resized\"><img loading=\"lazy\" decoding=\"async\" width=\"1024\" height=\"1024\" src=\"https:\/\/olimpijski.pl\/wp-content\/uploads\/2022\/09\/magdalena_grygiel-1024x1024.jpg\" alt=\"\" class=\"wp-image-61308\" style=\"width:469px;height:469px\" srcset=\"https:\/\/olimpijski.pl\/wp-content\/uploads\/2022\/09\/magdalena_grygiel-1024x1024.jpg 1024w, https:\/\/olimpijski.pl\/wp-content\/uploads\/2022\/09\/magdalena_grygiel-300x300.jpg 300w, https:\/\/olimpijski.pl\/wp-content\/uploads\/2022\/09\/magdalena_grygiel-150x150.jpg 150w, https:\/\/olimpijski.pl\/wp-content\/uploads\/2022\/09\/magdalena_grygiel-768x768.jpg 768w, https:\/\/olimpijski.pl\/wp-content\/uploads\/2022\/09\/magdalena_grygiel-600x600.jpg 600w, https:\/\/olimpijski.pl\/wp-content\/uploads\/2022\/09\/magdalena_grygiel.jpg 1200w\" sizes=\"(max-width: 1024px) 100vw, 1024px\" \/><\/figure>\n\n\n\n<figure class=\"wp-block-image is-resized\"><img loading=\"lazy\" decoding=\"async\" width=\"1024\" height=\"1024\" src=\"https:\/\/olimpijski.pl\/wp-content\/uploads\/2022\/09\/wiktoria_grzesikiewicz-1024x1024.jpg\" alt=\"\" class=\"wp-image-61310\" style=\"width:469px;height:469px\" srcset=\"https:\/\/olimpijski.pl\/wp-content\/uploads\/2022\/09\/wiktoria_grzesikiewicz-1024x1024.jpg 1024w, https:\/\/olimpijski.pl\/wp-content\/uploads\/2022\/09\/wiktoria_grzesikiewicz-300x300.jpg 300w, https:\/\/olimpijski.pl\/wp-content\/uploads\/2022\/09\/wiktoria_grzesikiewicz-150x150.jpg 150w, https:\/\/olimpijski.pl\/wp-content\/uploads\/2022\/09\/wiktoria_grzesikiewicz-768x768.jpg 768w, https:\/\/olimpijski.pl\/wp-content\/uploads\/2022\/09\/wiktoria_grzesikiewicz-600x600.jpg 600w, https:\/\/olimpijski.pl\/wp-content\/uploads\/2022\/09\/wiktoria_grzesikiewicz.jpg 1200w\" sizes=\"(max-width: 1024px) 100vw, 1024px\" \/><\/figure>\n\n\n\n<figure class=\"wp-block-image is-resized\"><img loading=\"lazy\" decoding=\"async\" width=\"1024\" height=\"1024\" src=\"https:\/\/olimpijski.pl\/wp-content\/uploads\/2022\/09\/christian_kuzdra-1024x1024.jpg\" alt=\"\" class=\"wp-image-61312\" style=\"width:468px;height:468px\" srcset=\"https:\/\/olimpijski.pl\/wp-content\/uploads\/2022\/09\/christian_kuzdra-1024x1024.jpg 1024w, https:\/\/olimpijski.pl\/wp-content\/uploads\/2022\/09\/christian_kuzdra-300x300.jpg 300w, https:\/\/olimpijski.pl\/wp-content\/uploads\/2022\/09\/christian_kuzdra-150x150.jpg 150w, https:\/\/olimpijski.pl\/wp-content\/uploads\/2022\/09\/christian_kuzdra-768x768.jpg 768w, https:\/\/olimpijski.pl\/wp-content\/uploads\/2022\/09\/christian_kuzdra-600x600.jpg 600w, https:\/\/olimpijski.pl\/wp-content\/uploads\/2022\/09\/christian_kuzdra.jpg 1200w\" sizes=\"(max-width: 1024px) 100vw, 1024px\" \/><\/figure>\n\n\n\n<figure class=\"wp-block-image is-resized\"><img loading=\"lazy\" decoding=\"async\" width=\"1024\" height=\"1024\" src=\"https:\/\/olimpijski.pl\/wp-content\/uploads\/2022\/09\/jakub_kurowski-1024x1024.jpg\" alt=\"\" class=\"wp-image-61314\" style=\"width:468px;height:468px\" srcset=\"https:\/\/olimpijski.pl\/wp-content\/uploads\/2022\/09\/jakub_kurowski-1024x1024.jpg 1024w, https:\/\/olimpijski.pl\/wp-content\/uploads\/2022\/09\/jakub_kurowski-300x300.jpg 300w, https:\/\/olimpijski.pl\/wp-content\/uploads\/2022\/09\/jakub_kurowski-150x150.jpg 150w, https:\/\/olimpijski.pl\/wp-content\/uploads\/2022\/09\/jakub_kurowski-768x768.jpg 768w, https:\/\/olimpijski.pl\/wp-content\/uploads\/2022\/09\/jakub_kurowski-600x600.jpg 600w, https:\/\/olimpijski.pl\/wp-content\/uploads\/2022\/09\/jakub_kurowski.jpg 1200w\" sizes=\"(max-width: 1024px) 100vw, 1024px\" \/><\/figure>\n\n\n\n<figure class=\"wp-block-image is-resized\"><img loading=\"lazy\" decoding=\"async\" width=\"1024\" height=\"1024\" src=\"https:\/\/olimpijski.pl\/wp-content\/uploads\/2022\/09\/borys_bracki-1024x1024.jpg\" alt=\"\" class=\"wp-image-61316\" style=\"width:468px;height:468px\" srcset=\"https:\/\/olimpijski.pl\/wp-content\/uploads\/2022\/09\/borys_bracki-1024x1024.jpg 1024w, https:\/\/olimpijski.pl\/wp-content\/uploads\/2022\/09\/borys_bracki-300x300.jpg 300w, https:\/\/olimpijski.pl\/wp-content\/uploads\/2022\/09\/borys_bracki-150x150.jpg 150w, https:\/\/olimpijski.pl\/wp-content\/uploads\/2022\/09\/borys_bracki-768x768.jpg 768w, https:\/\/olimpijski.pl\/wp-content\/uploads\/2022\/09\/borys_bracki-600x600.jpg 600w, https:\/\/olimpijski.pl\/wp-content\/uploads\/2022\/09\/borys_bracki.jpg 1200w\" sizes=\"(max-width: 1024px) 100vw, 1024px\" \/><\/figure>\n\n\n\n<p>\u2014<br><em>Przemys\u0142aw LIS \u2013 trener<br>Micha\u0142 BOGUS \u2013 trener<br>Czes\u0142aw S\u0141ODKOWSKI \u2013 trener<br>Katarzyna JURKOWSKA-KOWALSKA \u2013 trenerka<\/em><\/p>\n\n\n\n<h2 class=\"wp-block-heading\"><strong>JUDO<\/strong><\/h2>\n\n\n\n<figure class=\"wp-block-image is-resized\"><img loading=\"lazy\" decoding=\"async\" width=\"1024\" height=\"1024\" src=\"https:\/\/olimpijski.pl\/wp-content\/uploads\/2022\/09\/oliwia_kozuch-1024x1024.jpg\" alt=\"\" class=\"wp-image-61318\" style=\"width:469px;height:469px\" srcset=\"https:\/\/olimpijski.pl\/wp-content\/uploads\/2022\/09\/oliwia_kozuch-1024x1024.jpg 1024w, https:\/\/olimpijski.pl\/wp-content\/uploads\/2022\/09\/oliwia_kozuch-300x300.jpg 300w, https:\/\/olimpijski.pl\/wp-content\/uploads\/2022\/09\/oliwia_kozuch-150x150.jpg 150w, https:\/\/olimpijski.pl\/wp-content\/uploads\/2022\/09\/oliwia_kozuch-768x768.jpg 768w, https:\/\/olimpijski.pl\/wp-content\/uploads\/2022\/09\/oliwia_kozuch-600x600.jpg 600w, https:\/\/olimpijski.pl\/wp-content\/uploads\/2022\/09\/oliwia_kozuch.jpg 1200w\" sizes=\"(max-width: 1024px) 100vw, 1024px\" \/><\/figure>\n\n\n\n<figure class=\"wp-block-image is-resized\"><img loading=\"lazy\" decoding=\"async\" width=\"1024\" height=\"1024\" src=\"https:\/\/olimpijski.pl\/wp-content\/uploads\/2022\/09\/karolina_siennicka-1024x1024.jpg\" alt=\"\" class=\"wp-image-61320\" style=\"width:469px;height:469px\" srcset=\"https:\/\/olimpijski.pl\/wp-content\/uploads\/2022\/09\/karolina_siennicka-1024x1024.jpg 1024w, https:\/\/olimpijski.pl\/wp-content\/uploads\/2022\/09\/karolina_siennicka-300x300.jpg 300w, https:\/\/olimpijski.pl\/wp-content\/uploads\/2022\/09\/karolina_siennicka-150x150.jpg 150w, https:\/\/olimpijski.pl\/wp-content\/uploads\/2022\/09\/karolina_siennicka-768x768.jpg 768w, https:\/\/olimpijski.pl\/wp-content\/uploads\/2022\/09\/karolina_siennicka-600x600.jpg 600w, https:\/\/olimpijski.pl\/wp-content\/uploads\/2022\/09\/karolina_siennicka.jpg 1200w\" sizes=\"(max-width: 1024px) 100vw, 1024px\" \/><\/figure>\n\n\n\n<figure class=\"wp-block-image is-resized\"><img loading=\"lazy\" decoding=\"async\" width=\"1024\" height=\"1024\" src=\"https:\/\/olimpijski.pl\/wp-content\/uploads\/2022\/09\/julia_bulanda-1024x1024.jpg\" alt=\"\" class=\"wp-image-61322\" style=\"width:468px;height:468px\" srcset=\"https:\/\/olimpijski.pl\/wp-content\/uploads\/2022\/09\/julia_bulanda-1024x1024.jpg 1024w, https:\/\/olimpijski.pl\/wp-content\/uploads\/2022\/09\/julia_bulanda-300x300.jpg 300w, https:\/\/olimpijski.pl\/wp-content\/uploads\/2022\/09\/julia_bulanda-150x150.jpg 150w, https:\/\/olimpijski.pl\/wp-content\/uploads\/2022\/09\/julia_bulanda-768x768.jpg 768w, https:\/\/olimpijski.pl\/wp-content\/uploads\/2022\/09\/julia_bulanda-600x600.jpg 600w, https:\/\/olimpijski.pl\/wp-content\/uploads\/2022\/09\/julia_bulanda.jpg 1200w\" sizes=\"(max-width: 1024px) 100vw, 1024px\" \/><\/figure>\n\n\n\n<figure class=\"wp-block-image is-resized\"><img loading=\"lazy\" decoding=\"async\" width=\"1024\" height=\"1024\" src=\"https:\/\/olimpijski.pl\/wp-content\/uploads\/2022\/09\/anna_bednarz-1024x1024.jpg\" alt=\"\" class=\"wp-image-61324\" style=\"width:469px;height:469px\" srcset=\"https:\/\/olimpijski.pl\/wp-content\/uploads\/2022\/09\/anna_bednarz-1024x1024.jpg 1024w, https:\/\/olimpijski.pl\/wp-content\/uploads\/2022\/09\/anna_bednarz-300x300.jpg 300w, https:\/\/olimpijski.pl\/wp-content\/uploads\/2022\/09\/anna_bednarz-150x150.jpg 150w, https:\/\/olimpijski.pl\/wp-content\/uploads\/2022\/09\/anna_bednarz-768x768.jpg 768w, https:\/\/olimpijski.pl\/wp-content\/uploads\/2022\/09\/anna_bednarz-600x600.jpg 600w, https:\/\/olimpijski.pl\/wp-content\/uploads\/2022\/09\/anna_bednarz.jpg 1200w\" sizes=\"(max-width: 1024px) 100vw, 1024px\" \/><\/figure>\n\n\n\n<figure class=\"wp-block-image is-resized\"><img loading=\"lazy\" decoding=\"async\" width=\"1024\" height=\"1024\" src=\"https:\/\/olimpijski.pl\/wp-content\/uploads\/2022\/09\/aleksandra_kowalewska-1024x1024.jpg\" alt=\"\" class=\"wp-image-61326\" style=\"width:468px;height:468px\" srcset=\"https:\/\/olimpijski.pl\/wp-content\/uploads\/2022\/09\/aleksandra_kowalewska-1024x1024.jpg 1024w, https:\/\/olimpijski.pl\/wp-content\/uploads\/2022\/09\/aleksandra_kowalewska-300x300.jpg 300w, https:\/\/olimpijski.pl\/wp-content\/uploads\/2022\/09\/aleksandra_kowalewska-150x150.jpg 150w, https:\/\/olimpijski.pl\/wp-content\/uploads\/2022\/09\/aleksandra_kowalewska-768x768.jpg 768w, https:\/\/olimpijski.pl\/wp-content\/uploads\/2022\/09\/aleksandra_kowalewska-600x600.jpg 600w, https:\/\/olimpijski.pl\/wp-content\/uploads\/2022\/09\/aleksandra_kowalewska.jpg 1200w\" sizes=\"(max-width: 1024px) 100vw, 1024px\" \/><\/figure>\n\n\n\n<figure class=\"wp-block-image is-resized\"><img loading=\"lazy\" decoding=\"async\" width=\"1024\" height=\"1024\" src=\"https:\/\/olimpijski.pl\/wp-content\/uploads\/2022\/09\/ksawery_ignasiak-1024x1024.jpg\" alt=\"\" class=\"wp-image-61328\" style=\"width:468px;height:468px\" srcset=\"https:\/\/olimpijski.pl\/wp-content\/uploads\/2022\/09\/ksawery_ignasiak-1024x1024.jpg 1024w, https:\/\/olimpijski.pl\/wp-content\/uploads\/2022\/09\/ksawery_ignasiak-300x300.jpg 300w, https:\/\/olimpijski.pl\/wp-content\/uploads\/2022\/09\/ksawery_ignasiak-150x150.jpg 150w, https:\/\/olimpijski.pl\/wp-content\/uploads\/2022\/09\/ksawery_ignasiak-768x768.jpg 768w, https:\/\/olimpijski.pl\/wp-content\/uploads\/2022\/09\/ksawery_ignasiak-600x600.jpg 600w, https:\/\/olimpijski.pl\/wp-content\/uploads\/2022\/09\/ksawery_ignasiak.jpg 1200w\" sizes=\"(max-width: 1024px) 100vw, 1024px\" \/><\/figure>\n\n\n\n<figure class=\"wp-block-image is-resized\"><img loading=\"lazy\" decoding=\"async\" width=\"1024\" height=\"1024\" src=\"https:\/\/olimpijski.pl\/wp-content\/uploads\/2022\/09\/kamil_kustrzycki-1024x1024.jpg\" alt=\"\" class=\"wp-image-61330\" style=\"width:468px;height:468px\" srcset=\"https:\/\/olimpijski.pl\/wp-content\/uploads\/2022\/09\/kamil_kustrzycki-1024x1024.jpg 1024w, https:\/\/olimpijski.pl\/wp-content\/uploads\/2022\/09\/kamil_kustrzycki-300x300.jpg 300w, https:\/\/olimpijski.pl\/wp-content\/uploads\/2022\/09\/kamil_kustrzycki-150x150.jpg 150w, https:\/\/olimpijski.pl\/wp-content\/uploads\/2022\/09\/kamil_kustrzycki-768x768.jpg 768w, https:\/\/olimpijski.pl\/wp-content\/uploads\/2022\/09\/kamil_kustrzycki-600x600.jpg 600w, https:\/\/olimpijski.pl\/wp-content\/uploads\/2022\/09\/kamil_kustrzycki.jpg 1200w\" sizes=\"(max-width: 1024px) 100vw, 1024px\" \/><\/figure>\n\n\n\n<figure class=\"wp-block-image is-resized\"><img loading=\"lazy\" decoding=\"async\" width=\"1024\" height=\"1024\" src=\"https:\/\/olimpijski.pl\/wp-content\/uploads\/2022\/09\/dawid_szulik-1024x1024.jpg\" alt=\"\" class=\"wp-image-61332\" style=\"width:468px;height:468px\" srcset=\"https:\/\/olimpijski.pl\/wp-content\/uploads\/2022\/09\/dawid_szulik-1024x1024.jpg 1024w, https:\/\/olimpijski.pl\/wp-content\/uploads\/2022\/09\/dawid_szulik-300x300.jpg 300w, https:\/\/olimpijski.pl\/wp-content\/uploads\/2022\/09\/dawid_szulik-150x150.jpg 150w, https:\/\/olimpijski.pl\/wp-content\/uploads\/2022\/09\/dawid_szulik-768x768.jpg 768w, https:\/\/olimpijski.pl\/wp-content\/uploads\/2022\/09\/dawid_szulik-600x600.jpg 600w, https:\/\/olimpijski.pl\/wp-content\/uploads\/2022\/09\/dawid_szulik.jpg 1200w\" sizes=\"(max-width: 1024px) 100vw, 1024px\" \/><\/figure>\n\n\n\n<figure class=\"wp-block-image is-resized\"><img loading=\"lazy\" decoding=\"async\" width=\"1024\" height=\"1024\" src=\"https:\/\/olimpijski.pl\/wp-content\/uploads\/2022\/09\/michal_wasikowski-1024x1024.jpg\" alt=\"\" class=\"wp-image-61336\" style=\"width:468px;height:468px\" srcset=\"https:\/\/olimpijski.pl\/wp-content\/uploads\/2022\/09\/michal_wasikowski-1024x1024.jpg 1024w, https:\/\/olimpijski.pl\/wp-content\/uploads\/2022\/09\/michal_wasikowski-300x300.jpg 300w, https:\/\/olimpijski.pl\/wp-content\/uploads\/2022\/09\/michal_wasikowski-150x150.jpg 150w, https:\/\/olimpijski.pl\/wp-content\/uploads\/2022\/09\/michal_wasikowski-768x768.jpg 768w, https:\/\/olimpijski.pl\/wp-content\/uploads\/2022\/09\/michal_wasikowski-600x600.jpg 600w, https:\/\/olimpijski.pl\/wp-content\/uploads\/2022\/09\/michal_wasikowski.jpg 1200w\" sizes=\"(max-width: 1024px) 100vw, 1024px\" \/><\/figure>\n\n\n\n<figure class=\"wp-block-image is-resized\"><img loading=\"lazy\" decoding=\"async\" width=\"1024\" height=\"1024\" src=\"https:\/\/olimpijski.pl\/wp-content\/uploads\/2022\/09\/damian_kubiak-1024x1024.jpg\" alt=\"\" class=\"wp-image-61338\" style=\"width:468px;height:468px\" srcset=\"https:\/\/olimpijski.pl\/wp-content\/uploads\/2022\/09\/damian_kubiak-1024x1024.jpg 1024w, https:\/\/olimpijski.pl\/wp-content\/uploads\/2022\/09\/damian_kubiak-300x300.jpg 300w, https:\/\/olimpijski.pl\/wp-content\/uploads\/2022\/09\/damian_kubiak-150x150.jpg 150w, https:\/\/olimpijski.pl\/wp-content\/uploads\/2022\/09\/damian_kubiak-768x768.jpg 768w, https:\/\/olimpijski.pl\/wp-content\/uploads\/2022\/09\/damian_kubiak-600x600.jpg 600w, https:\/\/olimpijski.pl\/wp-content\/uploads\/2022\/09\/damian_kubiak.jpg 1200w\" sizes=\"(max-width: 1024px) 100vw, 1024px\" \/><\/figure>\n\n\n\n<figure class=\"wp-block-image is-resized\"><img loading=\"lazy\" decoding=\"async\" width=\"1024\" height=\"1024\" src=\"https:\/\/olimpijski.pl\/wp-content\/uploads\/2022\/09\/milosz_klos-1024x1024.jpg\" alt=\"\" class=\"wp-image-61340\" style=\"width:467px;height:467px\" srcset=\"https:\/\/olimpijski.pl\/wp-content\/uploads\/2022\/09\/milosz_klos-1024x1024.jpg 1024w, https:\/\/olimpijski.pl\/wp-content\/uploads\/2022\/09\/milosz_klos-300x300.jpg 300w, https:\/\/olimpijski.pl\/wp-content\/uploads\/2022\/09\/milosz_klos-150x150.jpg 150w, https:\/\/olimpijski.pl\/wp-content\/uploads\/2022\/09\/milosz_klos-768x768.jpg 768w, https:\/\/olimpijski.pl\/wp-content\/uploads\/2022\/09\/milosz_klos-600x600.jpg 600w, https:\/\/olimpijski.pl\/wp-content\/uploads\/2022\/09\/milosz_klos.jpg 1200w\" sizes=\"(max-width: 1024px) 100vw, 1024px\" \/><\/figure>\n\n\n\n<p>\u2014<br><em>Tomasz JOPEK \u2013 trener<br>Marek KR\u0118CIELEWSKI \u2013 trener<br>Pawe\u0142 NASTULA \u2013 trener<\/em><\/p>\n\n\n\n<h2 class=\"wp-block-heading\"><strong>KOLARSTWO<\/strong><\/h2>\n\n\n\n<figure class=\"wp-block-image is-resized\"><img loading=\"lazy\" decoding=\"async\" width=\"1024\" height=\"1024\" src=\"https:\/\/olimpijski.pl\/wp-content\/uploads\/2022\/09\/weronika_wasaty-1024x1024.jpg\" alt=\"\" class=\"wp-image-61342\" style=\"width:469px;height:469px\" srcset=\"https:\/\/olimpijski.pl\/wp-content\/uploads\/2022\/09\/weronika_wasaty-1024x1024.jpg 1024w, https:\/\/olimpijski.pl\/wp-content\/uploads\/2022\/09\/weronika_wasaty-300x300.jpg 300w, https:\/\/olimpijski.pl\/wp-content\/uploads\/2022\/09\/weronika_wasaty-150x150.jpg 150w, https:\/\/olimpijski.pl\/wp-content\/uploads\/2022\/09\/weronika_wasaty-768x768.jpg 768w, https:\/\/olimpijski.pl\/wp-content\/uploads\/2022\/09\/weronika_wasaty-600x600.jpg 600w, https:\/\/olimpijski.pl\/wp-content\/uploads\/2022\/09\/weronika_wasaty.jpg 1200w\" sizes=\"(max-width: 1024px) 100vw, 1024px\" \/><\/figure>\n\n\n\n<figure class=\"wp-block-image is-resized\"><img loading=\"lazy\" decoding=\"async\" width=\"1024\" height=\"1024\" src=\"https:\/\/olimpijski.pl\/wp-content\/uploads\/2022\/09\/oliwia_kepczynska-1024x1024.jpg\" alt=\"\" class=\"wp-image-61344\" style=\"width:469px;height:469px\" srcset=\"https:\/\/olimpijski.pl\/wp-content\/uploads\/2022\/09\/oliwia_kepczynska-1024x1024.jpg 1024w, https:\/\/olimpijski.pl\/wp-content\/uploads\/2022\/09\/oliwia_kepczynska-300x300.jpg 300w, https:\/\/olimpijski.pl\/wp-content\/uploads\/2022\/09\/oliwia_kepczynska-150x150.jpg 150w, https:\/\/olimpijski.pl\/wp-content\/uploads\/2022\/09\/oliwia_kepczynska-768x768.jpg 768w, https:\/\/olimpijski.pl\/wp-content\/uploads\/2022\/09\/oliwia_kepczynska-600x600.jpg 600w, https:\/\/olimpijski.pl\/wp-content\/uploads\/2022\/09\/oliwia_kepczynska.jpg 1200w\" sizes=\"(max-width: 1024px) 100vw, 1024px\" \/><\/figure>\n\n\n\n<figure class=\"wp-block-image is-resized\"><img loading=\"lazy\" decoding=\"async\" width=\"1024\" height=\"1024\" src=\"https:\/\/olimpijski.pl\/wp-content\/uploads\/2022\/09\/anna_gaborska-1024x1024.jpg\" alt=\"\" class=\"wp-image-61346\" style=\"width:468px;height:468px\" srcset=\"https:\/\/olimpijski.pl\/wp-content\/uploads\/2022\/09\/anna_gaborska-1024x1024.jpg 1024w, https:\/\/olimpijski.pl\/wp-content\/uploads\/2022\/09\/anna_gaborska-300x300.jpg 300w, https:\/\/olimpijski.pl\/wp-content\/uploads\/2022\/09\/anna_gaborska-150x150.jpg 150w, https:\/\/olimpijski.pl\/wp-content\/uploads\/2022\/09\/anna_gaborska-768x768.jpg 768w, https:\/\/olimpijski.pl\/wp-content\/uploads\/2022\/09\/anna_gaborska-600x600.jpg 600w, https:\/\/olimpijski.pl\/wp-content\/uploads\/2022\/09\/anna_gaborska.jpg 1200w\" sizes=\"(max-width: 1024px) 100vw, 1024px\" \/><\/figure>\n\n\n\n<figure class=\"wp-block-image is-resized\"><img loading=\"lazy\" decoding=\"async\" width=\"1024\" height=\"1024\" src=\"https:\/\/olimpijski.pl\/wp-content\/uploads\/2022\/09\/michal_strzelecki-1024x1024.jpg\" alt=\"\" class=\"wp-image-61348\" style=\"width:467px;height:467px\" srcset=\"https:\/\/olimpijski.pl\/wp-content\/uploads\/2022\/09\/michal_strzelecki-1024x1024.jpg 1024w, https:\/\/olimpijski.pl\/wp-content\/uploads\/2022\/09\/michal_strzelecki-300x300.jpg 300w, https:\/\/olimpijski.pl\/wp-content\/uploads\/2022\/09\/michal_strzelecki-150x150.jpg 150w, https:\/\/olimpijski.pl\/wp-content\/uploads\/2022\/09\/michal_strzelecki-768x768.jpg 768w, https:\/\/olimpijski.pl\/wp-content\/uploads\/2022\/09\/michal_strzelecki-600x600.jpg 600w, https:\/\/olimpijski.pl\/wp-content\/uploads\/2022\/09\/michal_strzelecki.jpg 1200w\" sizes=\"(max-width: 1024px) 100vw, 1024px\" \/><\/figure>\n\n\n\n<figure class=\"wp-block-image is-resized\"><img loading=\"lazy\" decoding=\"async\" width=\"1024\" height=\"1024\" src=\"https:\/\/olimpijski.pl\/wp-content\/uploads\/2022\/09\/patryk_goszczurny-1024x1024.jpg\" alt=\"\" class=\"wp-image-61350\" style=\"width:468px;height:468px\" srcset=\"https:\/\/olimpijski.pl\/wp-content\/uploads\/2022\/09\/patryk_goszczurny-1024x1024.jpg 1024w, https:\/\/olimpijski.pl\/wp-content\/uploads\/2022\/09\/patryk_goszczurny-300x300.jpg 300w, https:\/\/olimpijski.pl\/wp-content\/uploads\/2022\/09\/patryk_goszczurny-150x150.jpg 150w, https:\/\/olimpijski.pl\/wp-content\/uploads\/2022\/09\/patryk_goszczurny-768x768.jpg 768w, https:\/\/olimpijski.pl\/wp-content\/uploads\/2022\/09\/patryk_goszczurny-600x600.jpg 600w, https:\/\/olimpijski.pl\/wp-content\/uploads\/2022\/09\/patryk_goszczurny.jpg 1200w\" sizes=\"(max-width: 1024px) 100vw, 1024px\" \/><\/figure>\n\n\n\n<figure class=\"wp-block-image is-resized\"><img loading=\"lazy\" decoding=\"async\" width=\"1024\" height=\"1024\" src=\"https:\/\/olimpijski.pl\/wp-content\/uploads\/2022\/09\/marceli_pera-1024x1024.jpg\" alt=\"\" class=\"wp-image-61352\" style=\"width:468px;height:468px\" srcset=\"https:\/\/olimpijski.pl\/wp-content\/uploads\/2022\/09\/marceli_pera-1024x1024.jpg 1024w, https:\/\/olimpijski.pl\/wp-content\/uploads\/2022\/09\/marceli_pera-300x300.jpg 300w, https:\/\/olimpijski.pl\/wp-content\/uploads\/2022\/09\/marceli_pera-150x150.jpg 150w, https:\/\/olimpijski.pl\/wp-content\/uploads\/2022\/09\/marceli_pera-768x768.jpg 768w, https:\/\/olimpijski.pl\/wp-content\/uploads\/2022\/09\/marceli_pera-600x600.jpg 600w, https:\/\/olimpijski.pl\/wp-content\/uploads\/2022\/09\/marceli_pera.jpg 1200w\" sizes=\"(max-width: 1024px) 100vw, 1024px\" \/><\/figure>\n\n\n\n<p>\u2014<br><em>Maciej STANOWICZ \u2013 trener<br>Tomasz W\u0104SATY \u2013 mechanik<br>Sebastian WOLNY \u2013 fizjoterapeuta<\/em><\/p>\n\n\n\n<h2 class=\"wp-block-heading\"><strong>LEKKOATLETYKA<\/strong><\/h2>\n\n\n\n<figure class=\"wp-block-image is-resized\"><img loading=\"lazy\" decoding=\"async\" width=\"1024\" height=\"1024\" src=\"https:\/\/olimpijski.pl\/wp-content\/uploads\/2022\/09\/maja_wozniak-1024x1024.jpg\" alt=\"\" class=\"wp-image-61354\" style=\"width:468px;height:468px\" srcset=\"https:\/\/olimpijski.pl\/wp-content\/uploads\/2022\/09\/maja_wozniak-1024x1024.jpg 1024w, https:\/\/olimpijski.pl\/wp-content\/uploads\/2022\/09\/maja_wozniak-300x300.jpg 300w, https:\/\/olimpijski.pl\/wp-content\/uploads\/2022\/09\/maja_wozniak-150x150.jpg 150w, https:\/\/olimpijski.pl\/wp-content\/uploads\/2022\/09\/maja_wozniak-768x768.jpg 768w, https:\/\/olimpijski.pl\/wp-content\/uploads\/2022\/09\/maja_wozniak-600x600.jpg 600w, https:\/\/olimpijski.pl\/wp-content\/uploads\/2022\/09\/maja_wozniak.jpg 1200w\" sizes=\"(max-width: 1024px) 100vw, 1024px\" \/><\/figure>\n\n\n\n<figure class=\"wp-block-image is-resized\"><img loading=\"lazy\" decoding=\"async\" width=\"1024\" height=\"1024\" src=\"https:\/\/olimpijski.pl\/wp-content\/uploads\/2022\/09\/maria_jarosinska-1024x1024.jpg\" alt=\"\" class=\"wp-image-61356\" style=\"width:469px;height:469px\" srcset=\"https:\/\/olimpijski.pl\/wp-content\/uploads\/2022\/09\/maria_jarosinska-1024x1024.jpg 1024w, https:\/\/olimpijski.pl\/wp-content\/uploads\/2022\/09\/maria_jarosinska-300x300.jpg 300w, https:\/\/olimpijski.pl\/wp-content\/uploads\/2022\/09\/maria_jarosinska-150x150.jpg 150w, https:\/\/olimpijski.pl\/wp-content\/uploads\/2022\/09\/maria_jarosinska-768x768.jpg 768w, https:\/\/olimpijski.pl\/wp-content\/uploads\/2022\/09\/maria_jarosinska-600x600.jpg 600w, https:\/\/olimpijski.pl\/wp-content\/uploads\/2022\/09\/maria_jarosinska.jpg 1200w\" sizes=\"(max-width: 1024px) 100vw, 1024px\" \/><\/figure>\n\n\n\n<figure class=\"wp-block-image is-resized\"><img loading=\"lazy\" decoding=\"async\" width=\"1024\" height=\"1024\" src=\"https:\/\/olimpijski.pl\/wp-content\/uploads\/2022\/09\/julia_przewiezlik-1024x1024.jpg\" alt=\"\" class=\"wp-image-61358\" style=\"width:469px;height:469px\" srcset=\"https:\/\/olimpijski.pl\/wp-content\/uploads\/2022\/09\/julia_przewiezlik-1024x1024.jpg 1024w, https:\/\/olimpijski.pl\/wp-content\/uploads\/2022\/09\/julia_przewiezlik-300x300.jpg 300w, https:\/\/olimpijski.pl\/wp-content\/uploads\/2022\/09\/julia_przewiezlik-150x150.jpg 150w, https:\/\/olimpijski.pl\/wp-content\/uploads\/2022\/09\/julia_przewiezlik-768x768.jpg 768w, https:\/\/olimpijski.pl\/wp-content\/uploads\/2022\/09\/julia_przewiezlik-600x600.jpg 600w, https:\/\/olimpijski.pl\/wp-content\/uploads\/2022\/09\/julia_przewiezlik.jpg 1200w\" sizes=\"(max-width: 1024px) 100vw, 1024px\" \/><\/figure>\n\n\n\n<figure class=\"wp-block-image is-resized\"><img loading=\"lazy\" decoding=\"async\" width=\"1024\" height=\"1024\" src=\"https:\/\/olimpijski.pl\/wp-content\/uploads\/2022\/09\/oliwia_belczew-1024x1024.jpg\" alt=\"\" class=\"wp-image-61360\" style=\"width:468px;height:468px\" srcset=\"https:\/\/olimpijski.pl\/wp-content\/uploads\/2022\/09\/oliwia_belczew-1024x1024.jpg 1024w, https:\/\/olimpijski.pl\/wp-content\/uploads\/2022\/09\/oliwia_belczew-300x300.jpg 300w, https:\/\/olimpijski.pl\/wp-content\/uploads\/2022\/09\/oliwia_belczew-150x150.jpg 150w, https:\/\/olimpijski.pl\/wp-content\/uploads\/2022\/09\/oliwia_belczew-768x768.jpg 768w, https:\/\/olimpijski.pl\/wp-content\/uploads\/2022\/09\/oliwia_belczew-600x600.jpg 600w, https:\/\/olimpijski.pl\/wp-content\/uploads\/2022\/09\/oliwia_belczew.jpg 1200w\" sizes=\"(max-width: 1024px) 100vw, 1024px\" \/><\/figure>\n\n\n\n<figure class=\"wp-block-image is-resized\"><img loading=\"lazy\" decoding=\"async\" width=\"1024\" height=\"1024\" src=\"https:\/\/olimpijski.pl\/wp-content\/uploads\/2022\/09\/zuzanna_wiernicka-1024x1024.jpg\" alt=\"\" class=\"wp-image-61362\" style=\"width:468px;height:468px\" srcset=\"https:\/\/olimpijski.pl\/wp-content\/uploads\/2022\/09\/zuzanna_wiernicka-1024x1024.jpg 1024w, https:\/\/olimpijski.pl\/wp-content\/uploads\/2022\/09\/zuzanna_wiernicka-300x300.jpg 300w, https:\/\/olimpijski.pl\/wp-content\/uploads\/2022\/09\/zuzanna_wiernicka-150x150.jpg 150w, https:\/\/olimpijski.pl\/wp-content\/uploads\/2022\/09\/zuzanna_wiernicka-768x768.jpg 768w, https:\/\/olimpijski.pl\/wp-content\/uploads\/2022\/09\/zuzanna_wiernicka-600x600.jpg 600w, https:\/\/olimpijski.pl\/wp-content\/uploads\/2022\/09\/zuzanna_wiernicka.jpg 1200w\" sizes=\"(max-width: 1024px) 100vw, 1024px\" \/><\/figure>\n\n\n\n<figure class=\"wp-block-image is-resized\"><img loading=\"lazy\" decoding=\"async\" width=\"1024\" height=\"1024\" src=\"https:\/\/olimpijski.pl\/wp-content\/uploads\/2022\/09\/amelia_kielar-1024x1024.jpg\" alt=\"\" class=\"wp-image-61364\" style=\"width:469px;height:469px\" srcset=\"https:\/\/olimpijski.pl\/wp-content\/uploads\/2022\/09\/amelia_kielar-1024x1024.jpg 1024w, https:\/\/olimpijski.pl\/wp-content\/uploads\/2022\/09\/amelia_kielar-300x300.jpg 300w, https:\/\/olimpijski.pl\/wp-content\/uploads\/2022\/09\/amelia_kielar-150x150.jpg 150w, https:\/\/olimpijski.pl\/wp-content\/uploads\/2022\/09\/amelia_kielar-768x768.jpg 768w, https:\/\/olimpijski.pl\/wp-content\/uploads\/2022\/09\/amelia_kielar-600x600.jpg 600w, https:\/\/olimpijski.pl\/wp-content\/uploads\/2022\/09\/amelia_kielar.jpg 1200w\" sizes=\"(max-width: 1024px) 100vw, 1024px\" \/><\/figure>\n\n\n\n<figure class=\"wp-block-image is-resized\"><img loading=\"lazy\" decoding=\"async\" width=\"1024\" height=\"1024\" src=\"https:\/\/olimpijski.pl\/wp-content\/uploads\/2022\/09\/amelia_zochniak-1024x1024.jpg\" alt=\"\" class=\"wp-image-61366\" style=\"width:468px;height:468px\" srcset=\"https:\/\/olimpijski.pl\/wp-content\/uploads\/2022\/09\/amelia_zochniak-1024x1024.jpg 1024w, https:\/\/olimpijski.pl\/wp-content\/uploads\/2022\/09\/amelia_zochniak-300x300.jpg 300w, https:\/\/olimpijski.pl\/wp-content\/uploads\/2022\/09\/amelia_zochniak-150x150.jpg 150w, https:\/\/olimpijski.pl\/wp-content\/uploads\/2022\/09\/amelia_zochniak-768x768.jpg 768w, https:\/\/olimpijski.pl\/wp-content\/uploads\/2022\/09\/amelia_zochniak-600x600.jpg 600w, https:\/\/olimpijski.pl\/wp-content\/uploads\/2022\/09\/amelia_zochniak.jpg 1200w\" sizes=\"(max-width: 1024px) 100vw, 1024px\" \/><\/figure>\n\n\n\n<figure class=\"wp-block-image is-resized\"><img loading=\"lazy\" decoding=\"async\" width=\"1024\" height=\"1024\" src=\"https:\/\/olimpijski.pl\/wp-content\/uploads\/2022\/09\/lena_pajecka-1024x1024.jpg\" alt=\"\" class=\"wp-image-61368\" style=\"width:469px;height:469px\" srcset=\"https:\/\/olimpijski.pl\/wp-content\/uploads\/2022\/09\/lena_pajecka-1024x1024.jpg 1024w, https:\/\/olimpijski.pl\/wp-content\/uploads\/2022\/09\/lena_pajecka-300x300.jpg 300w, https:\/\/olimpijski.pl\/wp-content\/uploads\/2022\/09\/lena_pajecka-150x150.jpg 150w, https:\/\/olimpijski.pl\/wp-content\/uploads\/2022\/09\/lena_pajecka-768x768.jpg 768w, https:\/\/olimpijski.pl\/wp-content\/uploads\/2022\/09\/lena_pajecka-600x600.jpg 600w, https:\/\/olimpijski.pl\/wp-content\/uploads\/2022\/09\/lena_pajecka.jpg 1200w\" sizes=\"(max-width: 1024px) 100vw, 1024px\" \/><\/figure>\n\n\n\n<figure class=\"wp-block-image is-resized\"><img loading=\"lazy\" decoding=\"async\" width=\"1024\" height=\"1024\" src=\"https:\/\/olimpijski.pl\/wp-content\/uploads\/2022\/09\/maja_slodzinska-1024x1024.jpg\" alt=\"\" class=\"wp-image-61370\" style=\"width:468px;height:468px\" srcset=\"https:\/\/olimpijski.pl\/wp-content\/uploads\/2022\/09\/maja_slodzinska-1024x1024.jpg 1024w, https:\/\/olimpijski.pl\/wp-content\/uploads\/2022\/09\/maja_slodzinska-300x300.jpg 300w, https:\/\/olimpijski.pl\/wp-content\/uploads\/2022\/09\/maja_slodzinska-150x150.jpg 150w, https:\/\/olimpijski.pl\/wp-content\/uploads\/2022\/09\/maja_slodzinska-768x768.jpg 768w, https:\/\/olimpijski.pl\/wp-content\/uploads\/2022\/09\/maja_slodzinska-600x600.jpg 600w, https:\/\/olimpijski.pl\/wp-content\/uploads\/2022\/09\/maja_slodzinska.jpg 1200w\" sizes=\"(max-width: 1024px) 100vw, 1024px\" \/><\/figure>\n\n\n\n<figure class=\"wp-block-image is-resized\"><img loading=\"lazy\" decoding=\"async\" width=\"1024\" height=\"1024\" src=\"https:\/\/olimpijski.pl\/wp-content\/uploads\/2022\/09\/lilly_nichols-1024x1024.jpg\" alt=\"\" class=\"wp-image-61372\" style=\"width:469px;height:469px\" srcset=\"https:\/\/olimpijski.pl\/wp-content\/uploads\/2022\/09\/lilly_nichols-1024x1024.jpg 1024w, https:\/\/olimpijski.pl\/wp-content\/uploads\/2022\/09\/lilly_nichols-300x300.jpg 300w, https:\/\/olimpijski.pl\/wp-content\/uploads\/2022\/09\/lilly_nichols-150x150.jpg 150w, https:\/\/olimpijski.pl\/wp-content\/uploads\/2022\/09\/lilly_nichols-768x768.jpg 768w, https:\/\/olimpijski.pl\/wp-content\/uploads\/2022\/09\/lilly_nichols-600x600.jpg 600w, https:\/\/olimpijski.pl\/wp-content\/uploads\/2022\/09\/lilly_nichols.jpg 1200w\" sizes=\"(max-width: 1024px) 100vw, 1024px\" \/><\/figure>\n\n\n\n<figure class=\"wp-block-image is-resized\"><img loading=\"lazy\" decoding=\"async\" width=\"1024\" height=\"1024\" src=\"https:\/\/olimpijski.pl\/wp-content\/uploads\/2022\/09\/julia_michalowska-1024x1024.jpg\" alt=\"\" class=\"wp-image-61374\" style=\"width:469px;height:469px\" srcset=\"https:\/\/olimpijski.pl\/wp-content\/uploads\/2022\/09\/julia_michalowska-1024x1024.jpg 1024w, https:\/\/olimpijski.pl\/wp-content\/uploads\/2022\/09\/julia_michalowska-300x300.jpg 300w, https:\/\/olimpijski.pl\/wp-content\/uploads\/2022\/09\/julia_michalowska-150x150.jpg 150w, https:\/\/olimpijski.pl\/wp-content\/uploads\/2022\/09\/julia_michalowska-768x768.jpg 768w, https:\/\/olimpijski.pl\/wp-content\/uploads\/2022\/09\/julia_michalowska-600x600.jpg 600w, https:\/\/olimpijski.pl\/wp-content\/uploads\/2022\/09\/julia_michalowska.jpg 1200w\" sizes=\"(max-width: 1024px) 100vw, 1024px\" \/><\/figure>\n\n\n\n<figure class=\"wp-block-image is-resized\"><img loading=\"lazy\" decoding=\"async\" width=\"1024\" height=\"1024\" src=\"https:\/\/olimpijski.pl\/wp-content\/uploads\/2022\/09\/aneta_orzechowska-1024x1024.jpg\" alt=\"\" class=\"wp-image-61376\" style=\"width:469px;height:469px\" srcset=\"https:\/\/olimpijski.pl\/wp-content\/uploads\/2022\/09\/aneta_orzechowska-1024x1024.jpg 1024w, https:\/\/olimpijski.pl\/wp-content\/uploads\/2022\/09\/aneta_orzechowska-300x300.jpg 300w, https:\/\/olimpijski.pl\/wp-content\/uploads\/2022\/09\/aneta_orzechowska-150x150.jpg 150w, https:\/\/olimpijski.pl\/wp-content\/uploads\/2022\/09\/aneta_orzechowska-768x768.jpg 768w, https:\/\/olimpijski.pl\/wp-content\/uploads\/2022\/09\/aneta_orzechowska-600x600.jpg 600w, https:\/\/olimpijski.pl\/wp-content\/uploads\/2022\/09\/aneta_orzechowska.jpg 1200w\" sizes=\"(max-width: 1024px) 100vw, 1024px\" \/><\/figure>\n\n\n\n<figure class=\"wp-block-image is-resized\"><img loading=\"lazy\" decoding=\"async\" width=\"1024\" height=\"1024\" src=\"https:\/\/olimpijski.pl\/wp-content\/uploads\/2022\/09\/paulina_tomaszewska-1024x1024.jpg\" alt=\"\" class=\"wp-image-61378\" style=\"width:469px;height:469px\" srcset=\"https:\/\/olimpijski.pl\/wp-content\/uploads\/2022\/09\/paulina_tomaszewska-1024x1024.jpg 1024w, https:\/\/olimpijski.pl\/wp-content\/uploads\/2022\/09\/paulina_tomaszewska-300x300.jpg 300w, https:\/\/olimpijski.pl\/wp-content\/uploads\/2022\/09\/paulina_tomaszewska-150x150.jpg 150w, https:\/\/olimpijski.pl\/wp-content\/uploads\/2022\/09\/paulina_tomaszewska-768x768.jpg 768w, https:\/\/olimpijski.pl\/wp-content\/uploads\/2022\/09\/paulina_tomaszewska-600x600.jpg 600w, https:\/\/olimpijski.pl\/wp-content\/uploads\/2022\/09\/paulina_tomaszewska.jpg 1200w\" sizes=\"(max-width: 1024px) 100vw, 1024px\" \/><\/figure>\n\n\n\n<figure class=\"wp-block-image is-resized\"><img loading=\"lazy\" decoding=\"async\" width=\"1024\" height=\"1024\" src=\"https:\/\/olimpijski.pl\/wp-content\/uploads\/2022\/09\/anastazja_kus-1024x1024.jpg\" alt=\"\" class=\"wp-image-61380\" style=\"width:469px;height:469px\" srcset=\"https:\/\/olimpijski.pl\/wp-content\/uploads\/2022\/09\/anastazja_kus-1024x1024.jpg 1024w, https:\/\/olimpijski.pl\/wp-content\/uploads\/2022\/09\/anastazja_kus-300x300.jpg 300w, https:\/\/olimpijski.pl\/wp-content\/uploads\/2022\/09\/anastazja_kus-150x150.jpg 150w, https:\/\/olimpijski.pl\/wp-content\/uploads\/2022\/09\/anastazja_kus-768x768.jpg 768w, https:\/\/olimpijski.pl\/wp-content\/uploads\/2022\/09\/anastazja_kus-600x600.jpg 600w, https:\/\/olimpijski.pl\/wp-content\/uploads\/2022\/09\/anastazja_kus.jpg 1200w\" sizes=\"(max-width: 1024px) 100vw, 1024px\" \/><\/figure>\n\n\n\n<figure class=\"wp-block-image is-resized\"><img loading=\"lazy\" decoding=\"async\" width=\"1024\" height=\"1024\" src=\"https:\/\/olimpijski.pl\/wp-content\/uploads\/2022\/09\/tomasz_bajraszewski-1024x1024.jpg\" alt=\"\" class=\"wp-image-61382\" style=\"width:468px;height:468px\" srcset=\"https:\/\/olimpijski.pl\/wp-content\/uploads\/2022\/09\/tomasz_bajraszewski-1024x1024.jpg 1024w, https:\/\/olimpijski.pl\/wp-content\/uploads\/2022\/09\/tomasz_bajraszewski-300x300.jpg 300w, https:\/\/olimpijski.pl\/wp-content\/uploads\/2022\/09\/tomasz_bajraszewski-150x150.jpg 150w, https:\/\/olimpijski.pl\/wp-content\/uploads\/2022\/09\/tomasz_bajraszewski-768x768.jpg 768w, https:\/\/olimpijski.pl\/wp-content\/uploads\/2022\/09\/tomasz_bajraszewski-600x600.jpg 600w, https:\/\/olimpijski.pl\/wp-content\/uploads\/2022\/09\/tomasz_bajraszewski.jpg 1200w\" sizes=\"(max-width: 1024px) 100vw, 1024px\" \/><\/figure>\n\n\n\n<figure class=\"wp-block-image is-resized\"><img loading=\"lazy\" decoding=\"async\" width=\"1024\" height=\"1024\" src=\"https:\/\/olimpijski.pl\/wp-content\/uploads\/2022\/09\/radoslaw_lach-1024x1024.jpg\" alt=\"\" class=\"wp-image-61384\" style=\"width:468px;height:468px\" srcset=\"https:\/\/olimpijski.pl\/wp-content\/uploads\/2022\/09\/radoslaw_lach-1024x1024.jpg 1024w, https:\/\/olimpijski.pl\/wp-content\/uploads\/2022\/09\/radoslaw_lach-300x300.jpg 300w, https:\/\/olimpijski.pl\/wp-content\/uploads\/2022\/09\/radoslaw_lach-150x150.jpg 150w, https:\/\/olimpijski.pl\/wp-content\/uploads\/2022\/09\/radoslaw_lach-768x768.jpg 768w, https:\/\/olimpijski.pl\/wp-content\/uploads\/2022\/09\/radoslaw_lach-600x600.jpg 600w, https:\/\/olimpijski.pl\/wp-content\/uploads\/2022\/09\/radoslaw_lach.jpg 1200w\" sizes=\"(max-width: 1024px) 100vw, 1024px\" \/><\/figure>\n\n\n\n<figure class=\"wp-block-image is-resized\"><img loading=\"lazy\" decoding=\"async\" width=\"1024\" height=\"1024\" src=\"https:\/\/olimpijski.pl\/wp-content\/uploads\/2022\/09\/jakub_szarapo-1024x1024.jpg\" alt=\"\" class=\"wp-image-61386\" style=\"width:468px;height:468px\" srcset=\"https:\/\/olimpijski.pl\/wp-content\/uploads\/2022\/09\/jakub_szarapo-1024x1024.jpg 1024w, https:\/\/olimpijski.pl\/wp-content\/uploads\/2022\/09\/jakub_szarapo-300x300.jpg 300w, https:\/\/olimpijski.pl\/wp-content\/uploads\/2022\/09\/jakub_szarapo-150x150.jpg 150w, https:\/\/olimpijski.pl\/wp-content\/uploads\/2022\/09\/jakub_szarapo-768x768.jpg 768w, https:\/\/olimpijski.pl\/wp-content\/uploads\/2022\/09\/jakub_szarapo-600x600.jpg 600w, https:\/\/olimpijski.pl\/wp-content\/uploads\/2022\/09\/jakub_szarapo.jpg 1200w\" sizes=\"(max-width: 1024px) 100vw, 1024px\" \/><\/figure>\n\n\n\n<figure class=\"wp-block-image is-resized\"><img loading=\"lazy\" decoding=\"async\" width=\"1024\" height=\"1024\" src=\"https:\/\/olimpijski.pl\/wp-content\/uploads\/2022\/09\/jakub_zachara-1024x1024.jpg\" alt=\"\" class=\"wp-image-61388\" style=\"width:468px;height:468px\" srcset=\"https:\/\/olimpijski.pl\/wp-content\/uploads\/2022\/09\/jakub_zachara-1024x1024.jpg 1024w, https:\/\/olimpijski.pl\/wp-content\/uploads\/2022\/09\/jakub_zachara-300x300.jpg 300w, https:\/\/olimpijski.pl\/wp-content\/uploads\/2022\/09\/jakub_zachara-150x150.jpg 150w, https:\/\/olimpijski.pl\/wp-content\/uploads\/2022\/09\/jakub_zachara-768x768.jpg 768w, https:\/\/olimpijski.pl\/wp-content\/uploads\/2022\/09\/jakub_zachara-600x600.jpg 600w, https:\/\/olimpijski.pl\/wp-content\/uploads\/2022\/09\/jakub_zachara.jpg 1200w\" sizes=\"(max-width: 1024px) 100vw, 1024px\" \/><\/figure>\n\n\n\n<figure class=\"wp-block-image is-resized\"><img loading=\"lazy\" decoding=\"async\" width=\"1024\" height=\"1024\" src=\"https:\/\/olimpijski.pl\/wp-content\/uploads\/2022\/09\/kacper_ulinski-1024x1024.jpg\" alt=\"\" class=\"wp-image-61390\" style=\"width:469px;height:469px\" srcset=\"https:\/\/olimpijski.pl\/wp-content\/uploads\/2022\/09\/kacper_ulinski-1024x1024.jpg 1024w, https:\/\/olimpijski.pl\/wp-content\/uploads\/2022\/09\/kacper_ulinski-300x300.jpg 300w, https:\/\/olimpijski.pl\/wp-content\/uploads\/2022\/09\/kacper_ulinski-150x150.jpg 150w, https:\/\/olimpijski.pl\/wp-content\/uploads\/2022\/09\/kacper_ulinski-768x768.jpg 768w, https:\/\/olimpijski.pl\/wp-content\/uploads\/2022\/09\/kacper_ulinski-600x600.jpg 600w, https:\/\/olimpijski.pl\/wp-content\/uploads\/2022\/09\/kacper_ulinski.jpg 1200w\" sizes=\"(max-width: 1024px) 100vw, 1024px\" \/><\/figure>\n\n\n\n<figure class=\"wp-block-image is-resized\"><img loading=\"lazy\" decoding=\"async\" width=\"1024\" height=\"1024\" src=\"https:\/\/olimpijski.pl\/wp-content\/uploads\/2022\/09\/piotr_abramczyk-1024x1024.jpg\" alt=\"\" class=\"wp-image-61392\" style=\"width:469px;height:469px\" srcset=\"https:\/\/olimpijski.pl\/wp-content\/uploads\/2022\/09\/piotr_abramczyk-1024x1024.jpg 1024w, https:\/\/olimpijski.pl\/wp-content\/uploads\/2022\/09\/piotr_abramczyk-300x300.jpg 300w, https:\/\/olimpijski.pl\/wp-content\/uploads\/2022\/09\/piotr_abramczyk-150x150.jpg 150w, https:\/\/olimpijski.pl\/wp-content\/uploads\/2022\/09\/piotr_abramczyk-768x768.jpg 768w, https:\/\/olimpijski.pl\/wp-content\/uploads\/2022\/09\/piotr_abramczyk-600x600.jpg 600w, https:\/\/olimpijski.pl\/wp-content\/uploads\/2022\/09\/piotr_abramczyk.jpg 1200w\" sizes=\"(max-width: 1024px) 100vw, 1024px\" \/><\/figure>\n\n\n\n<figure class=\"wp-block-image is-resized\"><img loading=\"lazy\" decoding=\"async\" width=\"1024\" height=\"1024\" src=\"https:\/\/olimpijski.pl\/wp-content\/uploads\/2022\/09\/sebastian_antosiak-1024x1024.jpg\" alt=\"\" class=\"wp-image-61394\" style=\"width:469px;height:469px\" srcset=\"https:\/\/olimpijski.pl\/wp-content\/uploads\/2022\/09\/sebastian_antosiak-1024x1024.jpg 1024w, https:\/\/olimpijski.pl\/wp-content\/uploads\/2022\/09\/sebastian_antosiak-300x300.jpg 300w, https:\/\/olimpijski.pl\/wp-content\/uploads\/2022\/09\/sebastian_antosiak-150x150.jpg 150w, https:\/\/olimpijski.pl\/wp-content\/uploads\/2022\/09\/sebastian_antosiak-768x768.jpg 768w, https:\/\/olimpijski.pl\/wp-content\/uploads\/2022\/09\/sebastian_antosiak-600x600.jpg 600w, https:\/\/olimpijski.pl\/wp-content\/uploads\/2022\/09\/sebastian_antosiak.jpg 1200w\" sizes=\"(max-width: 1024px) 100vw, 1024px\" \/><\/figure>\n\n\n\n<figure class=\"wp-block-image is-resized\"><img loading=\"lazy\" decoding=\"async\" width=\"1024\" height=\"1024\" src=\"https:\/\/olimpijski.pl\/wp-content\/uploads\/2022\/09\/piotr_woloszyn-1024x1024.jpg\" alt=\"\" class=\"wp-image-61396\" style=\"width:468px;height:468px\" srcset=\"https:\/\/olimpijski.pl\/wp-content\/uploads\/2022\/09\/piotr_woloszyn-1024x1024.jpg 1024w, https:\/\/olimpijski.pl\/wp-content\/uploads\/2022\/09\/piotr_woloszyn-300x300.jpg 300w, https:\/\/olimpijski.pl\/wp-content\/uploads\/2022\/09\/piotr_woloszyn-150x150.jpg 150w, https:\/\/olimpijski.pl\/wp-content\/uploads\/2022\/09\/piotr_woloszyn-768x768.jpg 768w, https:\/\/olimpijski.pl\/wp-content\/uploads\/2022\/09\/piotr_woloszyn-600x600.jpg 600w, https:\/\/olimpijski.pl\/wp-content\/uploads\/2022\/09\/piotr_woloszyn.jpg 1200w\" sizes=\"(max-width: 1024px) 100vw, 1024px\" \/><\/figure>\n\n\n\n<figure class=\"wp-block-image is-resized\"><img loading=\"lazy\" decoding=\"async\" width=\"1024\" height=\"1024\" src=\"https:\/\/olimpijski.pl\/wp-content\/uploads\/2022\/09\/kacper_kuczaj-1024x1024.jpg\" alt=\"\" class=\"wp-image-61398\" style=\"width:470px;height:470px\" srcset=\"https:\/\/olimpijski.pl\/wp-content\/uploads\/2022\/09\/kacper_kuczaj-1024x1024.jpg 1024w, https:\/\/olimpijski.pl\/wp-content\/uploads\/2022\/09\/kacper_kuczaj-300x300.jpg 300w, https:\/\/olimpijski.pl\/wp-content\/uploads\/2022\/09\/kacper_kuczaj-150x150.jpg 150w, https:\/\/olimpijski.pl\/wp-content\/uploads\/2022\/09\/kacper_kuczaj-768x768.jpg 768w, https:\/\/olimpijski.pl\/wp-content\/uploads\/2022\/09\/kacper_kuczaj-600x600.jpg 600w, https:\/\/olimpijski.pl\/wp-content\/uploads\/2022\/09\/kacper_kuczaj.jpg 1200w\" sizes=\"(max-width: 1024px) 100vw, 1024px\" \/><\/figure>\n\n\n\n<figure class=\"wp-block-image is-resized\"><img loading=\"lazy\" decoding=\"async\" width=\"1024\" height=\"1024\" src=\"https:\/\/olimpijski.pl\/wp-content\/uploads\/2022\/09\/mateusz_chodakowski-1024x1024.jpg\" alt=\"\" class=\"wp-image-61400\" style=\"width:468px;height:468px\" srcset=\"https:\/\/olimpijski.pl\/wp-content\/uploads\/2022\/09\/mateusz_chodakowski-1024x1024.jpg 1024w, https:\/\/olimpijski.pl\/wp-content\/uploads\/2022\/09\/mateusz_chodakowski-300x300.jpg 300w, https:\/\/olimpijski.pl\/wp-content\/uploads\/2022\/09\/mateusz_chodakowski-150x150.jpg 150w, https:\/\/olimpijski.pl\/wp-content\/uploads\/2022\/09\/mateusz_chodakowski-768x768.jpg 768w, https:\/\/olimpijski.pl\/wp-content\/uploads\/2022\/09\/mateusz_chodakowski-600x600.jpg 600w, https:\/\/olimpijski.pl\/wp-content\/uploads\/2022\/09\/mateusz_chodakowski.jpg 1200w\" sizes=\"(max-width: 1024px) 100vw, 1024px\" \/><\/figure>\n\n\n\n<figure class=\"wp-block-image is-resized\"><img loading=\"lazy\" decoding=\"async\" width=\"1024\" height=\"1024\" src=\"https:\/\/olimpijski.pl\/wp-content\/uploads\/2022\/09\/wiktor_kruszwic-1024x1024.jpg\" alt=\"\" class=\"wp-image-61402\" style=\"width:468px;height:468px\" srcset=\"https:\/\/olimpijski.pl\/wp-content\/uploads\/2022\/09\/wiktor_kruszwic-1024x1024.jpg 1024w, https:\/\/olimpijski.pl\/wp-content\/uploads\/2022\/09\/wiktor_kruszwic-300x300.jpg 300w, https:\/\/olimpijski.pl\/wp-content\/uploads\/2022\/09\/wiktor_kruszwic-150x150.jpg 150w, https:\/\/olimpijski.pl\/wp-content\/uploads\/2022\/09\/wiktor_kruszwic-768x768.jpg 768w, https:\/\/olimpijski.pl\/wp-content\/uploads\/2022\/09\/wiktor_kruszwic-600x600.jpg 600w, https:\/\/olimpijski.pl\/wp-content\/uploads\/2022\/09\/wiktor_kruszwic.jpg 1200w\" sizes=\"(max-width: 1024px) 100vw, 1024px\" \/><\/figure>\n\n\n\n<figure class=\"wp-block-image is-resized\"><img loading=\"lazy\" decoding=\"async\" width=\"1024\" height=\"1024\" src=\"https:\/\/olimpijski.pl\/wp-content\/uploads\/2022\/09\/roch_krukowski-1024x1024.jpg\" alt=\"\" class=\"wp-image-61404\" style=\"width:468px;height:468px\" srcset=\"https:\/\/olimpijski.pl\/wp-content\/uploads\/2022\/09\/roch_krukowski-1024x1024.jpg 1024w, https:\/\/olimpijski.pl\/wp-content\/uploads\/2022\/09\/roch_krukowski-300x300.jpg 300w, https:\/\/olimpijski.pl\/wp-content\/uploads\/2022\/09\/roch_krukowski-150x150.jpg 150w, https:\/\/olimpijski.pl\/wp-content\/uploads\/2022\/09\/roch_krukowski-768x768.jpg 768w, https:\/\/olimpijski.pl\/wp-content\/uploads\/2022\/09\/roch_krukowski-600x600.jpg 600w, https:\/\/olimpijski.pl\/wp-content\/uploads\/2022\/09\/roch_krukowski.jpg 1200w\" sizes=\"(max-width: 1024px) 100vw, 1024px\" \/><\/figure>\n\n\n\n<figure class=\"wp-block-image is-resized\"><img loading=\"lazy\" decoding=\"async\" width=\"1024\" height=\"1024\" src=\"https:\/\/olimpijski.pl\/wp-content\/uploads\/2022\/09\/adrian_lepionka-1024x1024.jpg\" alt=\"\" class=\"wp-image-61406\" style=\"width:469px;height:469px\" srcset=\"https:\/\/olimpijski.pl\/wp-content\/uploads\/2022\/09\/adrian_lepionka-1024x1024.jpg 1024w, https:\/\/olimpijski.pl\/wp-content\/uploads\/2022\/09\/adrian_lepionka-300x300.jpg 300w, https:\/\/olimpijski.pl\/wp-content\/uploads\/2022\/09\/adrian_lepionka-150x150.jpg 150w, https:\/\/olimpijski.pl\/wp-content\/uploads\/2022\/09\/adrian_lepionka-768x768.jpg 768w, https:\/\/olimpijski.pl\/wp-content\/uploads\/2022\/09\/adrian_lepionka-600x600.jpg 600w, https:\/\/olimpijski.pl\/wp-content\/uploads\/2022\/09\/adrian_lepionka.jpg 1200w\" sizes=\"(max-width: 1024px) 100vw, 1024px\" \/><\/figure>\n\n\n\n<figure class=\"wp-block-image is-resized\"><img loading=\"lazy\" decoding=\"async\" width=\"1024\" height=\"1024\" src=\"https:\/\/olimpijski.pl\/wp-content\/uploads\/2022\/09\/rafal_dziewiecki-1024x1024.jpg\" alt=\"\" class=\"wp-image-61408\" style=\"width:469px;height:469px\" srcset=\"https:\/\/olimpijski.pl\/wp-content\/uploads\/2022\/09\/rafal_dziewiecki-1024x1024.jpg 1024w, https:\/\/olimpijski.pl\/wp-content\/uploads\/2022\/09\/rafal_dziewiecki-300x300.jpg 300w, https:\/\/olimpijski.pl\/wp-content\/uploads\/2022\/09\/rafal_dziewiecki-150x150.jpg 150w, https:\/\/olimpijski.pl\/wp-content\/uploads\/2022\/09\/rafal_dziewiecki-768x768.jpg 768w, https:\/\/olimpijski.pl\/wp-content\/uploads\/2022\/09\/rafal_dziewiecki-600x600.jpg 600w, https:\/\/olimpijski.pl\/wp-content\/uploads\/2022\/09\/rafal_dziewiecki.jpg 1200w\" sizes=\"(max-width: 1024px) 100vw, 1024px\" \/><\/figure>\n\n\n\n<p>\u2014<br><em>Miros\u0142aw ANDRYSIAK \u2013 trener<br>Anna S\u0118KOWSKA-ROLBIECKA \u2013 trenerka<br>Tomasz SYSAK \u2013 trener<br>Micha\u0142 KRUKOWSKI \u2013 trener<br>Bo\u017cena DZIUBI\u0143SKA-MOTA\u0141A \u2013 trenerka<br>Andrzej GIZA \u2013 trener<br>Martyna DOBROSIELSKA \u2013 trenerka<\/em><\/p>\n\n\n\n<h2 class=\"wp-block-heading\"><strong>P\u0141YWANIE<\/strong><\/h2>\n\n\n\n<figure class=\"wp-block-image size-large is-resized\"><img loading=\"lazy\" decoding=\"async\" width=\"1024\" height=\"1024\" src=\"https:\/\/olimpijski.pl\/wp-content\/uploads\/2022\/09\/anna_bonecka-1024x1024.jpg\" alt=\"\" class=\"wp-image-61458\" style=\"width:469px;height:469px\" srcset=\"https:\/\/olimpijski.pl\/wp-content\/uploads\/2022\/09\/anna_bonecka-1024x1024.jpg 1024w, https:\/\/olimpijski.pl\/wp-content\/uploads\/2022\/09\/anna_bonecka-300x300.jpg 300w, https:\/\/olimpijski.pl\/wp-content\/uploads\/2022\/09\/anna_bonecka-150x150.jpg 150w, https:\/\/olimpijski.pl\/wp-content\/uploads\/2022\/09\/anna_bonecka-768x768.jpg 768w, https:\/\/olimpijski.pl\/wp-content\/uploads\/2022\/09\/anna_bonecka-600x600.jpg 600w, https:\/\/olimpijski.pl\/wp-content\/uploads\/2022\/09\/anna_bonecka.jpg 1200w\" sizes=\"(max-width: 1024px) 100vw, 1024px\" \/><\/figure>\n\n\n\n<figure class=\"wp-block-image size-large is-resized\"><img loading=\"lazy\" decoding=\"async\" width=\"1024\" height=\"1024\" src=\"https:\/\/olimpijski.pl\/wp-content\/uploads\/2022\/09\/martyna_burzak-1024x1024.jpg\" alt=\"\" class=\"wp-image-61460\" style=\"width:467px;height:467px\" srcset=\"https:\/\/olimpijski.pl\/wp-content\/uploads\/2022\/09\/martyna_burzak-1024x1024.jpg 1024w, https:\/\/olimpijski.pl\/wp-content\/uploads\/2022\/09\/martyna_burzak-300x300.jpg 300w, https:\/\/olimpijski.pl\/wp-content\/uploads\/2022\/09\/martyna_burzak-150x150.jpg 150w, https:\/\/olimpijski.pl\/wp-content\/uploads\/2022\/09\/martyna_burzak-768x768.jpg 768w, https:\/\/olimpijski.pl\/wp-content\/uploads\/2022\/09\/martyna_burzak-600x600.jpg 600w, https:\/\/olimpijski.pl\/wp-content\/uploads\/2022\/09\/martyna_burzak.jpg 1200w\" sizes=\"(max-width: 1024px) 100vw, 1024px\" \/><\/figure>\n\n\n\n<figure class=\"wp-block-image size-large is-resized\"><img loading=\"lazy\" decoding=\"async\" width=\"1024\" height=\"1024\" src=\"https:\/\/olimpijski.pl\/wp-content\/uploads\/2022\/09\/zuzanna_denisiewicz-1024x1024.jpg\" alt=\"\" class=\"wp-image-61462\" style=\"width:469px;height:469px\" srcset=\"https:\/\/olimpijski.pl\/wp-content\/uploads\/2022\/09\/zuzanna_denisiewicz-1024x1024.jpg 1024w, https:\/\/olimpijski.pl\/wp-content\/uploads\/2022\/09\/zuzanna_denisiewicz-300x300.jpg 300w, https:\/\/olimpijski.pl\/wp-content\/uploads\/2022\/09\/zuzanna_denisiewicz-150x150.jpg 150w, https:\/\/olimpijski.pl\/wp-content\/uploads\/2022\/09\/zuzanna_denisiewicz-768x768.jpg 768w, https:\/\/olimpijski.pl\/wp-content\/uploads\/2022\/09\/zuzanna_denisiewicz-600x600.jpg 600w, https:\/\/olimpijski.pl\/wp-content\/uploads\/2022\/09\/zuzanna_denisiewicz.jpg 1200w\" sizes=\"(max-width: 1024px) 100vw, 1024px\" \/><\/figure>\n\n\n\n<figure class=\"wp-block-image size-large is-resized\"><img loading=\"lazy\" decoding=\"async\" width=\"1024\" height=\"1024\" src=\"https:\/\/olimpijski.pl\/wp-content\/uploads\/2022\/09\/oliwia_glinska-1024x1024.jpg\" alt=\"\" class=\"wp-image-61464\" style=\"width:469px;height:469px\" srcset=\"https:\/\/olimpijski.pl\/wp-content\/uploads\/2022\/09\/oliwia_glinska-1024x1024.jpg 1024w, https:\/\/olimpijski.pl\/wp-content\/uploads\/2022\/09\/oliwia_glinska-300x300.jpg 300w, https:\/\/olimpijski.pl\/wp-content\/uploads\/2022\/09\/oliwia_glinska-150x150.jpg 150w, https:\/\/olimpijski.pl\/wp-content\/uploads\/2022\/09\/oliwia_glinska-768x768.jpg 768w, https:\/\/olimpijski.pl\/wp-content\/uploads\/2022\/09\/oliwia_glinska-600x600.jpg 600w, https:\/\/olimpijski.pl\/wp-content\/uploads\/2022\/09\/oliwia_glinska.jpg 1200w\" sizes=\"(max-width: 1024px) 100vw, 1024px\" \/><\/figure>\n\n\n\n<figure class=\"wp-block-image size-large is-resized\"><img loading=\"lazy\" decoding=\"async\" width=\"1024\" height=\"1024\" src=\"https:\/\/olimpijski.pl\/wp-content\/uploads\/2022\/09\/wiktoria_gracjasz-1024x1024.jpg\" alt=\"\" class=\"wp-image-61466\" style=\"width:469px;height:469px\" srcset=\"https:\/\/olimpijski.pl\/wp-content\/uploads\/2022\/09\/wiktoria_gracjasz-1024x1024.jpg 1024w, https:\/\/olimpijski.pl\/wp-content\/uploads\/2022\/09\/wiktoria_gracjasz-300x300.jpg 300w, https:\/\/olimpijski.pl\/wp-content\/uploads\/2022\/09\/wiktoria_gracjasz-150x150.jpg 150w, https:\/\/olimpijski.pl\/wp-content\/uploads\/2022\/09\/wiktoria_gracjasz-768x768.jpg 768w, https:\/\/olimpijski.pl\/wp-content\/uploads\/2022\/09\/wiktoria_gracjasz-600x600.jpg 600w, https:\/\/olimpijski.pl\/wp-content\/uploads\/2022\/09\/wiktoria_gracjasz.jpg 1200w\" sizes=\"(max-width: 1024px) 100vw, 1024px\" \/><\/figure>\n\n\n\n<figure class=\"wp-block-image size-large is-resized\"><img loading=\"lazy\" decoding=\"async\" width=\"1024\" height=\"1024\" src=\"https:\/\/olimpijski.pl\/wp-content\/uploads\/2022\/09\/flawia_kamzol-1024x1024.jpg\" alt=\"\" class=\"wp-image-61468\" style=\"width:468px;height:468px\" srcset=\"https:\/\/olimpijski.pl\/wp-content\/uploads\/2022\/09\/flawia_kamzol-1024x1024.jpg 1024w, https:\/\/olimpijski.pl\/wp-content\/uploads\/2022\/09\/flawia_kamzol-300x300.jpg 300w, https:\/\/olimpijski.pl\/wp-content\/uploads\/2022\/09\/flawia_kamzol-150x150.jpg 150w, https:\/\/olimpijski.pl\/wp-content\/uploads\/2022\/09\/flawia_kamzol-768x768.jpg 768w, https:\/\/olimpijski.pl\/wp-content\/uploads\/2022\/09\/flawia_kamzol-600x600.jpg 600w, https:\/\/olimpijski.pl\/wp-content\/uploads\/2022\/09\/flawia_kamzol.jpg 1200w\" sizes=\"(max-width: 1024px) 100vw, 1024px\" \/><\/figure>\n\n\n\n<figure class=\"wp-block-image size-large is-resized\"><img loading=\"lazy\" decoding=\"async\" width=\"1024\" height=\"1024\" src=\"https:\/\/olimpijski.pl\/wp-content\/uploads\/2022\/09\/alicja_rodziewicz-1024x1024.jpg\" alt=\"\" class=\"wp-image-61470\" style=\"width:467px;height:467px\" srcset=\"https:\/\/olimpijski.pl\/wp-content\/uploads\/2022\/09\/alicja_rodziewicz-1024x1024.jpg 1024w, https:\/\/olimpijski.pl\/wp-content\/uploads\/2022\/09\/alicja_rodziewicz-300x300.jpg 300w, https:\/\/olimpijski.pl\/wp-content\/uploads\/2022\/09\/alicja_rodziewicz-150x150.jpg 150w, https:\/\/olimpijski.pl\/wp-content\/uploads\/2022\/09\/alicja_rodziewicz-768x768.jpg 768w, https:\/\/olimpijski.pl\/wp-content\/uploads\/2022\/09\/alicja_rodziewicz-600x600.jpg 600w, https:\/\/olimpijski.pl\/wp-content\/uploads\/2022\/09\/alicja_rodziewicz.jpg 1200w\" sizes=\"(max-width: 1024px) 100vw, 1024px\" \/><\/figure>\n\n\n\n<figure class=\"wp-block-image size-large is-resized\"><img loading=\"lazy\" decoding=\"async\" width=\"1024\" height=\"1024\" src=\"https:\/\/olimpijski.pl\/wp-content\/uploads\/2022\/09\/jan_brzoska-1024x1024.jpg\" alt=\"\" class=\"wp-image-61472\" style=\"width:468px;height:468px\" srcset=\"https:\/\/olimpijski.pl\/wp-content\/uploads\/2022\/09\/jan_brzoska-1024x1024.jpg 1024w, https:\/\/olimpijski.pl\/wp-content\/uploads\/2022\/09\/jan_brzoska-300x300.jpg 300w, https:\/\/olimpijski.pl\/wp-content\/uploads\/2022\/09\/jan_brzoska-150x150.jpg 150w, https:\/\/olimpijski.pl\/wp-content\/uploads\/2022\/09\/jan_brzoska-768x768.jpg 768w, https:\/\/olimpijski.pl\/wp-content\/uploads\/2022\/09\/jan_brzoska-600x600.jpg 600w, https:\/\/olimpijski.pl\/wp-content\/uploads\/2022\/09\/jan_brzoska.jpg 1200w\" sizes=\"(max-width: 1024px) 100vw, 1024px\" \/><\/figure>\n\n\n\n<figure class=\"wp-block-image size-large is-resized\"><img loading=\"lazy\" decoding=\"async\" width=\"1024\" height=\"1024\" src=\"https:\/\/olimpijski.pl\/wp-content\/uploads\/2022\/09\/kajetan_krucki-1024x1024.jpg\" alt=\"\" class=\"wp-image-61474\" style=\"width:468px;height:468px\" srcset=\"https:\/\/olimpijski.pl\/wp-content\/uploads\/2022\/09\/kajetan_krucki-1024x1024.jpg 1024w, https:\/\/olimpijski.pl\/wp-content\/uploads\/2022\/09\/kajetan_krucki-300x300.jpg 300w, https:\/\/olimpijski.pl\/wp-content\/uploads\/2022\/09\/kajetan_krucki-150x150.jpg 150w, https:\/\/olimpijski.pl\/wp-content\/uploads\/2022\/09\/kajetan_krucki-768x768.jpg 768w, https:\/\/olimpijski.pl\/wp-content\/uploads\/2022\/09\/kajetan_krucki-600x600.jpg 600w, https:\/\/olimpijski.pl\/wp-content\/uploads\/2022\/09\/kajetan_krucki.jpg 1200w\" sizes=\"(max-width: 1024px) 100vw, 1024px\" \/><\/figure>\n\n\n\n<figure class=\"wp-block-image size-large is-resized\"><img loading=\"lazy\" decoding=\"async\" width=\"1024\" height=\"1024\" src=\"https:\/\/olimpijski.pl\/wp-content\/uploads\/2022\/09\/jerzy_larys-1024x1024.jpg\" alt=\"\" class=\"wp-image-61476\" style=\"width:466px;height:466px\" srcset=\"https:\/\/olimpijski.pl\/wp-content\/uploads\/2022\/09\/jerzy_larys-1024x1024.jpg 1024w, https:\/\/olimpijski.pl\/wp-content\/uploads\/2022\/09\/jerzy_larys-300x300.jpg 300w, https:\/\/olimpijski.pl\/wp-content\/uploads\/2022\/09\/jerzy_larys-150x150.jpg 150w, https:\/\/olimpijski.pl\/wp-content\/uploads\/2022\/09\/jerzy_larys-768x768.jpg 768w, https:\/\/olimpijski.pl\/wp-content\/uploads\/2022\/09\/jerzy_larys-600x600.jpg 600w, https:\/\/olimpijski.pl\/wp-content\/uploads\/2022\/09\/jerzy_larys.jpg 1200w\" sizes=\"(max-width: 1024px) 100vw, 1024px\" \/><\/figure>\n\n\n\n<figure class=\"wp-block-image size-large is-resized\"><img loading=\"lazy\" decoding=\"async\" width=\"1024\" height=\"1024\" src=\"https:\/\/olimpijski.pl\/wp-content\/uploads\/2022\/09\/jakub_lenczowski-1024x1024.jpg\" alt=\"\" class=\"wp-image-61478\" style=\"width:466px;height:466px\" srcset=\"https:\/\/olimpijski.pl\/wp-content\/uploads\/2022\/09\/jakub_lenczowski-1024x1024.jpg 1024w, https:\/\/olimpijski.pl\/wp-content\/uploads\/2022\/09\/jakub_lenczowski-300x300.jpg 300w, https:\/\/olimpijski.pl\/wp-content\/uploads\/2022\/09\/jakub_lenczowski-150x150.jpg 150w, https:\/\/olimpijski.pl\/wp-content\/uploads\/2022\/09\/jakub_lenczowski-768x768.jpg 768w, https:\/\/olimpijski.pl\/wp-content\/uploads\/2022\/09\/jakub_lenczowski-600x600.jpg 600w, https:\/\/olimpijski.pl\/wp-content\/uploads\/2022\/09\/jakub_lenczowski.jpg 1200w\" sizes=\"(max-width: 1024px) 100vw, 1024px\" \/><\/figure>\n\n\n\n<figure class=\"wp-block-image size-large is-resized\"><img loading=\"lazy\" decoding=\"async\" width=\"1024\" height=\"1024\" src=\"https:\/\/olimpijski.pl\/wp-content\/uploads\/2022\/09\/kacper_maksajda-1024x1024.jpg\" alt=\"\" class=\"wp-image-61480\" style=\"width:467px;height:467px\" srcset=\"https:\/\/olimpijski.pl\/wp-content\/uploads\/2022\/09\/kacper_maksajda-1024x1024.jpg 1024w, https:\/\/olimpijski.pl\/wp-content\/uploads\/2022\/09\/kacper_maksajda-300x300.jpg 300w, https:\/\/olimpijski.pl\/wp-content\/uploads\/2022\/09\/kacper_maksajda-150x150.jpg 150w, https:\/\/olimpijski.pl\/wp-content\/uploads\/2022\/09\/kacper_maksajda-768x768.jpg 768w, https:\/\/olimpijski.pl\/wp-content\/uploads\/2022\/09\/kacper_maksajda-600x600.jpg 600w, https:\/\/olimpijski.pl\/wp-content\/uploads\/2022\/09\/kacper_maksajda.jpg 1200w\" sizes=\"(max-width: 1024px) 100vw, 1024px\" \/><\/figure>\n\n\n\n<figure class=\"wp-block-image size-large is-resized\"><img loading=\"lazy\" decoding=\"async\" width=\"1024\" height=\"1024\" src=\"https:\/\/olimpijski.pl\/wp-content\/uploads\/2022\/09\/wiktor_pacewicz-1024x1024.jpg\" alt=\"\" class=\"wp-image-61482\" style=\"width:467px;height:467px\" srcset=\"https:\/\/olimpijski.pl\/wp-content\/uploads\/2022\/09\/wiktor_pacewicz-1024x1024.jpg 1024w, https:\/\/olimpijski.pl\/wp-content\/uploads\/2022\/09\/wiktor_pacewicz-300x300.jpg 300w, https:\/\/olimpijski.pl\/wp-content\/uploads\/2022\/09\/wiktor_pacewicz-150x150.jpg 150w, https:\/\/olimpijski.pl\/wp-content\/uploads\/2022\/09\/wiktor_pacewicz-768x768.jpg 768w, https:\/\/olimpijski.pl\/wp-content\/uploads\/2022\/09\/wiktor_pacewicz-600x600.jpg 600w, https:\/\/olimpijski.pl\/wp-content\/uploads\/2022\/09\/wiktor_pacewicz.jpg 1200w\" sizes=\"(max-width: 1024px) 100vw, 1024px\" \/><\/figure>\n\n\n\n<figure class=\"wp-block-image size-large is-resized\"><img loading=\"lazy\" decoding=\"async\" width=\"1024\" height=\"1024\" src=\"https:\/\/olimpijski.pl\/wp-content\/uploads\/2022\/09\/blazej_paszkowski-1024x1024.jpg\" alt=\"\" class=\"wp-image-61484\" style=\"width:468px;height:468px\" srcset=\"https:\/\/olimpijski.pl\/wp-content\/uploads\/2022\/09\/blazej_paszkowski-1024x1024.jpg 1024w, https:\/\/olimpijski.pl\/wp-content\/uploads\/2022\/09\/blazej_paszkowski-300x300.jpg 300w, https:\/\/olimpijski.pl\/wp-content\/uploads\/2022\/09\/blazej_paszkowski-150x150.jpg 150w, https:\/\/olimpijski.pl\/wp-content\/uploads\/2022\/09\/blazej_paszkowski-768x768.jpg 768w, https:\/\/olimpijski.pl\/wp-content\/uploads\/2022\/09\/blazej_paszkowski-600x600.jpg 600w, https:\/\/olimpijski.pl\/wp-content\/uploads\/2022\/09\/blazej_paszkowski.jpg 1200w\" sizes=\"(max-width: 1024px) 100vw, 1024px\" \/><\/figure>\n\n\n\n<figure class=\"wp-block-image size-large is-resized\"><img loading=\"lazy\" decoding=\"async\" width=\"1024\" height=\"1024\" src=\"https:\/\/olimpijski.pl\/wp-content\/uploads\/2022\/09\/mikolaj_popiel-1024x1024.jpg\" alt=\"\" class=\"wp-image-61486\" style=\"width:468px;height:468px\" srcset=\"https:\/\/olimpijski.pl\/wp-content\/uploads\/2022\/09\/mikolaj_popiel-1024x1024.jpg 1024w, https:\/\/olimpijski.pl\/wp-content\/uploads\/2022\/09\/mikolaj_popiel-300x300.jpg 300w, https:\/\/olimpijski.pl\/wp-content\/uploads\/2022\/09\/mikolaj_popiel-150x150.jpg 150w, https:\/\/olimpijski.pl\/wp-content\/uploads\/2022\/09\/mikolaj_popiel-768x768.jpg 768w, https:\/\/olimpijski.pl\/wp-content\/uploads\/2022\/09\/mikolaj_popiel-600x600.jpg 600w, https:\/\/olimpijski.pl\/wp-content\/uploads\/2022\/09\/mikolaj_popiel.jpg 1200w\" sizes=\"(max-width: 1024px) 100vw, 1024px\" \/><\/figure>\n\n\n\n<figure class=\"wp-block-image size-large is-resized\"><img loading=\"lazy\" decoding=\"async\" width=\"1024\" height=\"1024\" src=\"https:\/\/olimpijski.pl\/wp-content\/uploads\/2022\/09\/mikolaj_filipiak-1024x1024.jpg\" alt=\"\" class=\"wp-image-61488\" style=\"width:467px;height:467px\" srcset=\"https:\/\/olimpijski.pl\/wp-content\/uploads\/2022\/09\/mikolaj_filipiak-1024x1024.jpg 1024w, https:\/\/olimpijski.pl\/wp-content\/uploads\/2022\/09\/mikolaj_filipiak-300x300.jpg 300w, https:\/\/olimpijski.pl\/wp-content\/uploads\/2022\/09\/mikolaj_filipiak-150x150.jpg 150w, https:\/\/olimpijski.pl\/wp-content\/uploads\/2022\/09\/mikolaj_filipiak-768x768.jpg 768w, https:\/\/olimpijski.pl\/wp-content\/uploads\/2022\/09\/mikolaj_filipiak-600x600.jpg 600w, https:\/\/olimpijski.pl\/wp-content\/uploads\/2022\/09\/mikolaj_filipiak.jpg 1200w\" sizes=\"(max-width: 1024px) 100vw, 1024px\" \/><\/figure>\n\n\n\n<p>\u2014<br><em>Piotr FORTU\u0143SKI \u2013 trener<br>Dariusz GRONDZIEWSKI \u2013 trener<br>Piotr KASPEREK \u2013 trener<br>Maria GRABOWSKA \u2013 fizjoterapeutka<\/em><\/p>\n\n\n\n<h2 class=\"wp-block-heading\"><strong>PI\u0141KA SIATKOWA \u2013 dziewcz\u0119ta<\/strong><\/h2>\n\n\n\n<figure class=\"wp-block-image size-large is-resized\"><img loading=\"lazy\" decoding=\"async\" width=\"1024\" height=\"1024\" src=\"https:\/\/olimpijski.pl\/wp-content\/uploads\/2022\/09\/pola_janicka-1024x1024.jpg\" alt=\"\" class=\"wp-image-61490\" style=\"width:468px;height:468px\" srcset=\"https:\/\/olimpijski.pl\/wp-content\/uploads\/2022\/09\/pola_janicka-1024x1024.jpg 1024w, https:\/\/olimpijski.pl\/wp-content\/uploads\/2022\/09\/pola_janicka-300x300.jpg 300w, https:\/\/olimpijski.pl\/wp-content\/uploads\/2022\/09\/pola_janicka-150x150.jpg 150w, https:\/\/olimpijski.pl\/wp-content\/uploads\/2022\/09\/pola_janicka-768x768.jpg 768w, https:\/\/olimpijski.pl\/wp-content\/uploads\/2022\/09\/pola_janicka-600x600.jpg 600w, https:\/\/olimpijski.pl\/wp-content\/uploads\/2022\/09\/pola_janicka.jpg 1200w\" sizes=\"(max-width: 1024px) 100vw, 1024px\" \/><\/figure>\n\n\n\n<figure class=\"wp-block-image size-large is-resized\"><img loading=\"lazy\" decoding=\"async\" width=\"1024\" height=\"1024\" src=\"https:\/\/olimpijski.pl\/wp-content\/uploads\/2022\/09\/wiktoria_zagumny-1024x1024.jpg\" alt=\"\" class=\"wp-image-61492\" style=\"width:467px;height:467px\" srcset=\"https:\/\/olimpijski.pl\/wp-content\/uploads\/2022\/09\/wiktoria_zagumny-1024x1024.jpg 1024w, https:\/\/olimpijski.pl\/wp-content\/uploads\/2022\/09\/wiktoria_zagumny-300x300.jpg 300w, https:\/\/olimpijski.pl\/wp-content\/uploads\/2022\/09\/wiktoria_zagumny-150x150.jpg 150w, https:\/\/olimpijski.pl\/wp-content\/uploads\/2022\/09\/wiktoria_zagumny-768x768.jpg 768w, https:\/\/olimpijski.pl\/wp-content\/uploads\/2022\/09\/wiktoria_zagumny-600x600.jpg 600w, https:\/\/olimpijski.pl\/wp-content\/uploads\/2022\/09\/wiktoria_zagumny.jpg 1200w\" sizes=\"(max-width: 1024px) 100vw, 1024px\" \/><\/figure>\n\n\n\n<figure class=\"wp-block-image size-large is-resized\"><img loading=\"lazy\" decoding=\"async\" width=\"1024\" height=\"1024\" src=\"https:\/\/olimpijski.pl\/wp-content\/uploads\/2022\/09\/karolina_staniszewska-1024x1024.jpg\" alt=\"\" class=\"wp-image-61494\" style=\"width:467px;height:467px\" srcset=\"https:\/\/olimpijski.pl\/wp-content\/uploads\/2022\/09\/karolina_staniszewska-1024x1024.jpg 1024w, https:\/\/olimpijski.pl\/wp-content\/uploads\/2022\/09\/karolina_staniszewska-300x300.jpg 300w, https:\/\/olimpijski.pl\/wp-content\/uploads\/2022\/09\/karolina_staniszewska-150x150.jpg 150w, https:\/\/olimpijski.pl\/wp-content\/uploads\/2022\/09\/karolina_staniszewska-768x768.jpg 768w, https:\/\/olimpijski.pl\/wp-content\/uploads\/2022\/09\/karolina_staniszewska-600x600.jpg 600w, https:\/\/olimpijski.pl\/wp-content\/uploads\/2022\/09\/karolina_staniszewska.jpg 1200w\" sizes=\"(max-width: 1024px) 100vw, 1024px\" \/><\/figure>\n\n\n\n<figure class=\"wp-block-image size-large is-resized\"><img loading=\"lazy\" decoding=\"async\" width=\"1024\" height=\"1024\" src=\"https:\/\/olimpijski.pl\/wp-content\/uploads\/2022\/09\/natalia_bandurska-1024x1024.jpg\" alt=\"\" class=\"wp-image-61497\" style=\"width:467px;height:467px\" srcset=\"https:\/\/olimpijski.pl\/wp-content\/uploads\/2022\/09\/natalia_bandurska-1024x1024.jpg 1024w, https:\/\/olimpijski.pl\/wp-content\/uploads\/2022\/09\/natalia_bandurska-300x300.jpg 300w, https:\/\/olimpijski.pl\/wp-content\/uploads\/2022\/09\/natalia_bandurska-150x150.jpg 150w, https:\/\/olimpijski.pl\/wp-content\/uploads\/2022\/09\/natalia_bandurska-768x768.jpg 768w, https:\/\/olimpijski.pl\/wp-content\/uploads\/2022\/09\/natalia_bandurska-600x600.jpg 600w, https:\/\/olimpijski.pl\/wp-content\/uploads\/2022\/09\/natalia_bandurska.jpg 1200w\" sizes=\"(max-width: 1024px) 100vw, 1024px\" \/><\/figure>\n\n\n\n<figure class=\"wp-block-image size-large is-resized\"><img loading=\"lazy\" decoding=\"async\" width=\"1024\" height=\"1024\" src=\"https:\/\/olimpijski.pl\/wp-content\/uploads\/2022\/09\/patrycja_Lagida-1024x1024.jpg\" alt=\"\" class=\"wp-image-61499\" style=\"width:467px;height:467px\" srcset=\"https:\/\/olimpijski.pl\/wp-content\/uploads\/2022\/09\/patrycja_Lagida-1024x1024.jpg 1024w, https:\/\/olimpijski.pl\/wp-content\/uploads\/2022\/09\/patrycja_Lagida-300x300.jpg 300w, https:\/\/olimpijski.pl\/wp-content\/uploads\/2022\/09\/patrycja_Lagida-150x150.jpg 150w, https:\/\/olimpijski.pl\/wp-content\/uploads\/2022\/09\/patrycja_Lagida-768x768.jpg 768w, https:\/\/olimpijski.pl\/wp-content\/uploads\/2022\/09\/patrycja_Lagida-600x600.jpg 600w, https:\/\/olimpijski.pl\/wp-content\/uploads\/2022\/09\/patrycja_Lagida.jpg 1200w\" sizes=\"(max-width: 1024px) 100vw, 1024px\" \/><\/figure>\n\n\n\n<figure class=\"wp-block-image size-large is-resized\"><img loading=\"lazy\" decoding=\"async\" width=\"1024\" height=\"1024\" src=\"https:\/\/olimpijski.pl\/wp-content\/uploads\/2022\/09\/barbara_latos-1024x1024.jpg\" alt=\"\" class=\"wp-image-61501\" style=\"width:467px;height:467px\" srcset=\"https:\/\/olimpijski.pl\/wp-content\/uploads\/2022\/09\/barbara_latos-1024x1024.jpg 1024w, https:\/\/olimpijski.pl\/wp-content\/uploads\/2022\/09\/barbara_latos-300x300.jpg 300w, https:\/\/olimpijski.pl\/wp-content\/uploads\/2022\/09\/barbara_latos-150x150.jpg 150w, https:\/\/olimpijski.pl\/wp-content\/uploads\/2022\/09\/barbara_latos-768x768.jpg 768w, https:\/\/olimpijski.pl\/wp-content\/uploads\/2022\/09\/barbara_latos-600x600.jpg 600w, https:\/\/olimpijski.pl\/wp-content\/uploads\/2022\/09\/barbara_latos.jpg 1200w\" sizes=\"(max-width: 1024px) 100vw, 1024px\" \/><\/figure>\n\n\n\n<figure class=\"wp-block-image size-large is-resized\"><img loading=\"lazy\" decoding=\"async\" width=\"1024\" height=\"1024\" src=\"https:\/\/olimpijski.pl\/wp-content\/uploads\/2022\/09\/olga_musial-1024x1024.jpg\" alt=\"\" class=\"wp-image-61503\" style=\"width:468px;height:468px\" srcset=\"https:\/\/olimpijski.pl\/wp-content\/uploads\/2022\/09\/olga_musial-1024x1024.jpg 1024w, https:\/\/olimpijski.pl\/wp-content\/uploads\/2022\/09\/olga_musial-300x300.jpg 300w, https:\/\/olimpijski.pl\/wp-content\/uploads\/2022\/09\/olga_musial-150x150.jpg 150w, https:\/\/olimpijski.pl\/wp-content\/uploads\/2022\/09\/olga_musial-768x768.jpg 768w, https:\/\/olimpijski.pl\/wp-content\/uploads\/2022\/09\/olga_musial-600x600.jpg 600w, https:\/\/olimpijski.pl\/wp-content\/uploads\/2022\/09\/olga_musial.jpg 1200w\" sizes=\"(max-width: 1024px) 100vw, 1024px\" \/><\/figure>\n\n\n\n<figure class=\"wp-block-image size-large is-resized\"><img loading=\"lazy\" decoding=\"async\" width=\"1024\" height=\"1024\" src=\"https:\/\/olimpijski.pl\/wp-content\/uploads\/2022\/09\/julia_lenik-1024x1024.jpg\" alt=\"\" class=\"wp-image-61505\" style=\"width:467px;height:467px\" srcset=\"https:\/\/olimpijski.pl\/wp-content\/uploads\/2022\/09\/julia_lenik-1024x1024.jpg 1024w, https:\/\/olimpijski.pl\/wp-content\/uploads\/2022\/09\/julia_lenik-300x300.jpg 300w, https:\/\/olimpijski.pl\/wp-content\/uploads\/2022\/09\/julia_lenik-150x150.jpg 150w, https:\/\/olimpijski.pl\/wp-content\/uploads\/2022\/09\/julia_lenik-768x768.jpg 768w, https:\/\/olimpijski.pl\/wp-content\/uploads\/2022\/09\/julia_lenik-600x600.jpg 600w, https:\/\/olimpijski.pl\/wp-content\/uploads\/2022\/09\/julia_lenik.jpg 1200w\" sizes=\"(max-width: 1024px) 100vw, 1024px\" \/><\/figure>\n\n\n\n<figure class=\"wp-block-image size-large is-resized\"><img loading=\"lazy\" decoding=\"async\" width=\"1024\" height=\"1024\" src=\"https:\/\/olimpijski.pl\/wp-content\/uploads\/2022\/09\/magda_kubas-1024x1024.jpg\" alt=\"\" class=\"wp-image-61507\" style=\"width:467px;height:467px\" srcset=\"https:\/\/olimpijski.pl\/wp-content\/uploads\/2022\/09\/magda_kubas-1024x1024.jpg 1024w, https:\/\/olimpijski.pl\/wp-content\/uploads\/2022\/09\/magda_kubas-300x300.jpg 300w, https:\/\/olimpijski.pl\/wp-content\/uploads\/2022\/09\/magda_kubas-150x150.jpg 150w, https:\/\/olimpijski.pl\/wp-content\/uploads\/2022\/09\/magda_kubas-768x768.jpg 768w, https:\/\/olimpijski.pl\/wp-content\/uploads\/2022\/09\/magda_kubas-600x600.jpg 600w, https:\/\/olimpijski.pl\/wp-content\/uploads\/2022\/09\/magda_kubas.jpg 1200w\" sizes=\"(max-width: 1024px) 100vw, 1024px\" \/><\/figure>\n\n\n\n<figure class=\"wp-block-image size-large is-resized\"><img loading=\"lazy\" decoding=\"async\" width=\"1024\" height=\"1024\" src=\"https:\/\/olimpijski.pl\/wp-content\/uploads\/2022\/09\/maria_splawska-1024x1024.jpg\" alt=\"\" class=\"wp-image-61509\" style=\"width:468px;height:468px\" srcset=\"https:\/\/olimpijski.pl\/wp-content\/uploads\/2022\/09\/maria_splawska-1024x1024.jpg 1024w, https:\/\/olimpijski.pl\/wp-content\/uploads\/2022\/09\/maria_splawska-300x300.jpg 300w, https:\/\/olimpijski.pl\/wp-content\/uploads\/2022\/09\/maria_splawska-150x150.jpg 150w, https:\/\/olimpijski.pl\/wp-content\/uploads\/2022\/09\/maria_splawska-768x768.jpg 768w, https:\/\/olimpijski.pl\/wp-content\/uploads\/2022\/09\/maria_splawska-600x600.jpg 600w, https:\/\/olimpijski.pl\/wp-content\/uploads\/2022\/09\/maria_splawska.jpg 1200w\" sizes=\"(max-width: 1024px) 100vw, 1024px\" \/><\/figure>\n\n\n\n<figure class=\"wp-block-image size-large is-resized\"><img loading=\"lazy\" decoding=\"async\" width=\"1024\" height=\"1024\" src=\"https:\/\/olimpijski.pl\/wp-content\/uploads\/2022\/09\/rozalia_moszynska-1024x1024.jpg\" alt=\"\" class=\"wp-image-61511\" style=\"width:467px;height:467px\" srcset=\"https:\/\/olimpijski.pl\/wp-content\/uploads\/2022\/09\/rozalia_moszynska-1024x1024.jpg 1024w, https:\/\/olimpijski.pl\/wp-content\/uploads\/2022\/09\/rozalia_moszynska-300x300.jpg 300w, https:\/\/olimpijski.pl\/wp-content\/uploads\/2022\/09\/rozalia_moszynska-150x150.jpg 150w, https:\/\/olimpijski.pl\/wp-content\/uploads\/2022\/09\/rozalia_moszynska-768x768.jpg 768w, https:\/\/olimpijski.pl\/wp-content\/uploads\/2022\/09\/rozalia_moszynska-600x600.jpg 600w, https:\/\/olimpijski.pl\/wp-content\/uploads\/2022\/09\/rozalia_moszynska.jpg 1200w\" sizes=\"(max-width: 1024px) 100vw, 1024px\" \/><\/figure>\n\n\n\n<figure class=\"wp-block-image size-large is-resized\"><img loading=\"lazy\" decoding=\"async\" width=\"1024\" height=\"1024\" src=\"https:\/\/olimpijski.pl\/wp-content\/uploads\/2022\/09\/oliwia_nastawska-1024x1024.jpg\" alt=\"\" class=\"wp-image-61513\" style=\"width:467px;height:467px\" srcset=\"https:\/\/olimpijski.pl\/wp-content\/uploads\/2022\/09\/oliwia_nastawska-1024x1024.jpg 1024w, https:\/\/olimpijski.pl\/wp-content\/uploads\/2022\/09\/oliwia_nastawska-300x300.jpg 300w, https:\/\/olimpijski.pl\/wp-content\/uploads\/2022\/09\/oliwia_nastawska-150x150.jpg 150w, https:\/\/olimpijski.pl\/wp-content\/uploads\/2022\/09\/oliwia_nastawska-768x768.jpg 768w, https:\/\/olimpijski.pl\/wp-content\/uploads\/2022\/09\/oliwia_nastawska-600x600.jpg 600w, https:\/\/olimpijski.pl\/wp-content\/uploads\/2022\/09\/oliwia_nastawska.jpg 1200w\" sizes=\"(max-width: 1024px) 100vw, 1024px\" \/><\/figure>\n\n\n\n<p>\u2014<br><em>Wies\u0142aw POPIK \u2013 trener<br>Zuzanna CZY\u017bNIELEWSKA \u2013 trenerka<br>Ireneusz WALECZEK \u2013 trener<br>Grzegorz CIEPLIK \u2013 fizjoterapeuta<\/em><\/p>\n\n\n\n<h2 class=\"wp-block-heading\"><strong>PI\u0141KA SIATKOWA \u2013 ch\u0142opcy<\/strong><\/h2>\n\n\n\n<figure class=\"wp-block-image size-large is-resized\"><img loading=\"lazy\" decoding=\"async\" width=\"1024\" height=\"1024\" src=\"https:\/\/olimpijski.pl\/wp-content\/uploads\/2022\/09\/kajetan_kubicki-1024x1024.jpg\" alt=\"\" class=\"wp-image-61515\" style=\"width:467px;height:467px\" srcset=\"https:\/\/olimpijski.pl\/wp-content\/uploads\/2022\/09\/kajetan_kubicki-1024x1024.jpg 1024w, https:\/\/olimpijski.pl\/wp-content\/uploads\/2022\/09\/kajetan_kubicki-300x300.jpg 300w, https:\/\/olimpijski.pl\/wp-content\/uploads\/2022\/09\/kajetan_kubicki-150x150.jpg 150w, https:\/\/olimpijski.pl\/wp-content\/uploads\/2022\/09\/kajetan_kubicki-768x768.jpg 768w, https:\/\/olimpijski.pl\/wp-content\/uploads\/2022\/09\/kajetan_kubicki-600x600.jpg 600w, https:\/\/olimpijski.pl\/wp-content\/uploads\/2022\/09\/kajetan_kubicki.jpg 1200w\" sizes=\"(max-width: 1024px) 100vw, 1024px\" \/><\/figure>\n\n\n\n<figure class=\"wp-block-image size-large is-resized\"><img loading=\"lazy\" decoding=\"async\" width=\"1024\" height=\"1024\" src=\"https:\/\/olimpijski.pl\/wp-content\/uploads\/2022\/09\/damian_bilinski-1024x1024.jpg\" alt=\"\" class=\"wp-image-61517\" style=\"width:467px;height:467px\" srcset=\"https:\/\/olimpijski.pl\/wp-content\/uploads\/2022\/09\/damian_bilinski-1024x1024.jpg 1024w, https:\/\/olimpijski.pl\/wp-content\/uploads\/2022\/09\/damian_bilinski-300x300.jpg 300w, https:\/\/olimpijski.pl\/wp-content\/uploads\/2022\/09\/damian_bilinski-150x150.jpg 150w, https:\/\/olimpijski.pl\/wp-content\/uploads\/2022\/09\/damian_bilinski-768x768.jpg 768w, https:\/\/olimpijski.pl\/wp-content\/uploads\/2022\/09\/damian_bilinski-600x600.jpg 600w, https:\/\/olimpijski.pl\/wp-content\/uploads\/2022\/09\/damian_bilinski.jpg 1200w\" sizes=\"(max-width: 1024px) 100vw, 1024px\" \/><\/figure>\n\n\n\n<figure class=\"wp-block-image size-large is-resized\"><img loading=\"lazy\" decoding=\"async\" width=\"1024\" height=\"1024\" src=\"https:\/\/olimpijski.pl\/wp-content\/uploads\/2022\/09\/kacper_ratajewski-1024x1024.jpg\" alt=\"\" class=\"wp-image-61519\" style=\"width:467px;height:467px\" srcset=\"https:\/\/olimpijski.pl\/wp-content\/uploads\/2022\/09\/kacper_ratajewski-1024x1024.jpg 1024w, https:\/\/olimpijski.pl\/wp-content\/uploads\/2022\/09\/kacper_ratajewski-300x300.jpg 300w, https:\/\/olimpijski.pl\/wp-content\/uploads\/2022\/09\/kacper_ratajewski-150x150.jpg 150w, https:\/\/olimpijski.pl\/wp-content\/uploads\/2022\/09\/kacper_ratajewski-768x768.jpg 768w, https:\/\/olimpijski.pl\/wp-content\/uploads\/2022\/09\/kacper_ratajewski-600x600.jpg 600w, https:\/\/olimpijski.pl\/wp-content\/uploads\/2022\/09\/kacper_ratajewski.jpg 1200w\" sizes=\"(max-width: 1024px) 100vw, 1024px\" \/><\/figure>\n\n\n\n<figure class=\"wp-block-image size-large is-resized\"><img loading=\"lazy\" decoding=\"async\" width=\"1024\" height=\"1024\" src=\"https:\/\/olimpijski.pl\/wp-content\/uploads\/2022\/09\/tytus_nowik-1024x1024.jpg\" alt=\"\" class=\"wp-image-61521\" style=\"width:467px;height:467px\" srcset=\"https:\/\/olimpijski.pl\/wp-content\/uploads\/2022\/09\/tytus_nowik-1024x1024.jpg 1024w, https:\/\/olimpijski.pl\/wp-content\/uploads\/2022\/09\/tytus_nowik-300x300.jpg 300w, https:\/\/olimpijski.pl\/wp-content\/uploads\/2022\/09\/tytus_nowik-150x150.jpg 150w, https:\/\/olimpijski.pl\/wp-content\/uploads\/2022\/09\/tytus_nowik-768x768.jpg 768w, https:\/\/olimpijski.pl\/wp-content\/uploads\/2022\/09\/tytus_nowik-600x600.jpg 600w, https:\/\/olimpijski.pl\/wp-content\/uploads\/2022\/09\/tytus_nowik.jpg 1200w\" sizes=\"(max-width: 1024px) 100vw, 1024px\" \/><\/figure>\n\n\n\n<figure class=\"wp-block-image size-large is-resized\"><img loading=\"lazy\" decoding=\"async\" width=\"1024\" height=\"1024\" src=\"https:\/\/olimpijski.pl\/wp-content\/uploads\/2022\/09\/kuba_hawryluk-1024x1024.jpg\" alt=\"\" class=\"wp-image-61523\" style=\"width:466px;height:466px\" srcset=\"https:\/\/olimpijski.pl\/wp-content\/uploads\/2022\/09\/kuba_hawryluk-1024x1024.jpg 1024w, https:\/\/olimpijski.pl\/wp-content\/uploads\/2022\/09\/kuba_hawryluk-300x300.jpg 300w, https:\/\/olimpijski.pl\/wp-content\/uploads\/2022\/09\/kuba_hawryluk-150x150.jpg 150w, https:\/\/olimpijski.pl\/wp-content\/uploads\/2022\/09\/kuba_hawryluk-768x768.jpg 768w, https:\/\/olimpijski.pl\/wp-content\/uploads\/2022\/09\/kuba_hawryluk-600x600.jpg 600w, https:\/\/olimpijski.pl\/wp-content\/uploads\/2022\/09\/kuba_hawryluk.jpg 1200w\" sizes=\"(max-width: 1024px) 100vw, 1024px\" \/><\/figure>\n\n\n\n<figure class=\"wp-block-image size-large is-resized\"><img loading=\"lazy\" decoding=\"async\" width=\"1024\" height=\"1024\" src=\"https:\/\/olimpijski.pl\/wp-content\/uploads\/2022\/09\/jakub_olszewski-1024x1024.jpg\" alt=\"\" class=\"wp-image-61525\" style=\"width:468px;height:468px\" srcset=\"https:\/\/olimpijski.pl\/wp-content\/uploads\/2022\/09\/jakub_olszewski-1024x1024.jpg 1024w, https:\/\/olimpijski.pl\/wp-content\/uploads\/2022\/09\/jakub_olszewski-300x300.jpg 300w, https:\/\/olimpijski.pl\/wp-content\/uploads\/2022\/09\/jakub_olszewski-150x150.jpg 150w, https:\/\/olimpijski.pl\/wp-content\/uploads\/2022\/09\/jakub_olszewski-768x768.jpg 768w, https:\/\/olimpijski.pl\/wp-content\/uploads\/2022\/09\/jakub_olszewski-600x600.jpg 600w, https:\/\/olimpijski.pl\/wp-content\/uploads\/2022\/09\/jakub_olszewski.jpg 1200w\" sizes=\"(max-width: 1024px) 100vw, 1024px\" \/><\/figure>\n\n\n\n<figure class=\"wp-block-image size-large is-resized\"><img loading=\"lazy\" decoding=\"async\" width=\"1024\" height=\"1024\" src=\"https:\/\/olimpijski.pl\/wp-content\/uploads\/2022\/09\/piotr_sliwka-1024x1024.jpg\" alt=\"\" class=\"wp-image-61527\" style=\"width:466px;height:466px\" srcset=\"https:\/\/olimpijski.pl\/wp-content\/uploads\/2022\/09\/piotr_sliwka-1024x1024.jpg 1024w, https:\/\/olimpijski.pl\/wp-content\/uploads\/2022\/09\/piotr_sliwka-300x300.jpg 300w, https:\/\/olimpijski.pl\/wp-content\/uploads\/2022\/09\/piotr_sliwka-150x150.jpg 150w, https:\/\/olimpijski.pl\/wp-content\/uploads\/2022\/09\/piotr_sliwka-768x768.jpg 768w, https:\/\/olimpijski.pl\/wp-content\/uploads\/2022\/09\/piotr_sliwka-600x600.jpg 600w, https:\/\/olimpijski.pl\/wp-content\/uploads\/2022\/09\/piotr_sliwka.jpg 1200w\" sizes=\"(max-width: 1024px) 100vw, 1024px\" \/><\/figure>\n\n\n\n<figure class=\"wp-block-image size-large is-resized\"><img loading=\"lazy\" decoding=\"async\" width=\"1024\" height=\"1024\" src=\"https:\/\/olimpijski.pl\/wp-content\/uploads\/2022\/09\/dominik_czerny-1024x1024.jpg\" alt=\"\" class=\"wp-image-61529\" style=\"width:466px;height:466px\" srcset=\"https:\/\/olimpijski.pl\/wp-content\/uploads\/2022\/09\/dominik_czerny-1024x1024.jpg 1024w, https:\/\/olimpijski.pl\/wp-content\/uploads\/2022\/09\/dominik_czerny-300x300.jpg 300w, https:\/\/olimpijski.pl\/wp-content\/uploads\/2022\/09\/dominik_czerny-150x150.jpg 150w, https:\/\/olimpijski.pl\/wp-content\/uploads\/2022\/09\/dominik_czerny-768x768.jpg 768w, https:\/\/olimpijski.pl\/wp-content\/uploads\/2022\/09\/dominik_czerny-600x600.jpg 600w, https:\/\/olimpijski.pl\/wp-content\/uploads\/2022\/09\/dominik_czerny.jpg 1200w\" sizes=\"(max-width: 1024px) 100vw, 1024px\" \/><\/figure>\n\n\n\n<figure class=\"wp-block-image size-large is-resized\"><img loading=\"lazy\" decoding=\"async\" width=\"1024\" height=\"1024\" src=\"https:\/\/olimpijski.pl\/wp-content\/uploads\/2022\/09\/kamil_szymendera-1024x1024.jpg\" alt=\"\" class=\"wp-image-61531\" style=\"width:466px;height:466px\" srcset=\"https:\/\/olimpijski.pl\/wp-content\/uploads\/2022\/09\/kamil_szymendera-1024x1024.jpg 1024w, https:\/\/olimpijski.pl\/wp-content\/uploads\/2022\/09\/kamil_szymendera-300x300.jpg 300w, https:\/\/olimpijski.pl\/wp-content\/uploads\/2022\/09\/kamil_szymendera-150x150.jpg 150w, https:\/\/olimpijski.pl\/wp-content\/uploads\/2022\/09\/kamil_szymendera-768x768.jpg 768w, https:\/\/olimpijski.pl\/wp-content\/uploads\/2022\/09\/kamil_szymendera-600x600.jpg 600w, https:\/\/olimpijski.pl\/wp-content\/uploads\/2022\/09\/kamil_szymendera.jpg 1200w\" sizes=\"(max-width: 1024px) 100vw, 1024px\" \/><\/figure>\n\n\n\n<figure class=\"wp-block-image size-large is-resized\"><img loading=\"lazy\" decoding=\"async\" width=\"1024\" height=\"1024\" src=\"https:\/\/olimpijski.pl\/wp-content\/uploads\/2022\/09\/mateusz_nowak-1024x1024.jpg\" alt=\"\" class=\"wp-image-61533\" style=\"width:465px;height:465px\" srcset=\"https:\/\/olimpijski.pl\/wp-content\/uploads\/2022\/09\/mateusz_nowak-1024x1024.jpg 1024w, https:\/\/olimpijski.pl\/wp-content\/uploads\/2022\/09\/mateusz_nowak-300x300.jpg 300w, https:\/\/olimpijski.pl\/wp-content\/uploads\/2022\/09\/mateusz_nowak-150x150.jpg 150w, https:\/\/olimpijski.pl\/wp-content\/uploads\/2022\/09\/mateusz_nowak-768x768.jpg 768w, https:\/\/olimpijski.pl\/wp-content\/uploads\/2022\/09\/mateusz_nowak-600x600.jpg 600w, https:\/\/olimpijski.pl\/wp-content\/uploads\/2022\/09\/mateusz_nowak.jpg 1200w\" sizes=\"(max-width: 1024px) 100vw, 1024px\" \/><\/figure>\n\n\n\n<figure class=\"wp-block-image size-large is-resized\"><img loading=\"lazy\" decoding=\"async\" width=\"1024\" height=\"1024\" src=\"https:\/\/olimpijski.pl\/wp-content\/uploads\/2022\/09\/jakub_majchrzak-1024x1024.jpg\" alt=\"\" class=\"wp-image-61535\" style=\"width:467px;height:467px\" srcset=\"https:\/\/olimpijski.pl\/wp-content\/uploads\/2022\/09\/jakub_majchrzak-1024x1024.jpg 1024w, https:\/\/olimpijski.pl\/wp-content\/uploads\/2022\/09\/jakub_majchrzak-300x300.jpg 300w, https:\/\/olimpijski.pl\/wp-content\/uploads\/2022\/09\/jakub_majchrzak-150x150.jpg 150w, https:\/\/olimpijski.pl\/wp-content\/uploads\/2022\/09\/jakub_majchrzak-768x768.jpg 768w, https:\/\/olimpijski.pl\/wp-content\/uploads\/2022\/09\/jakub_majchrzak-600x600.jpg 600w, https:\/\/olimpijski.pl\/wp-content\/uploads\/2022\/09\/jakub_majchrzak.jpg 1200w\" sizes=\"(max-width: 1024px) 100vw, 1024px\" \/><\/figure>\n\n\n\n<figure class=\"wp-block-image size-large is-resized\"><img loading=\"lazy\" decoding=\"async\" width=\"1024\" height=\"1024\" src=\"https:\/\/olimpijski.pl\/wp-content\/uploads\/2022\/09\/mateusz_kufka-1024x1024.jpg\" alt=\"\" class=\"wp-image-61537\" style=\"width:466px;height:466px\" srcset=\"https:\/\/olimpijski.pl\/wp-content\/uploads\/2022\/09\/mateusz_kufka-1024x1024.jpg 1024w, https:\/\/olimpijski.pl\/wp-content\/uploads\/2022\/09\/mateusz_kufka-300x300.jpg 300w, https:\/\/olimpijski.pl\/wp-content\/uploads\/2022\/09\/mateusz_kufka-150x150.jpg 150w, https:\/\/olimpijski.pl\/wp-content\/uploads\/2022\/09\/mateusz_kufka-768x768.jpg 768w, https:\/\/olimpijski.pl\/wp-content\/uploads\/2022\/09\/mateusz_kufka-600x600.jpg 600w, https:\/\/olimpijski.pl\/wp-content\/uploads\/2022\/09\/mateusz_kufka.jpg 1200w\" sizes=\"(max-width: 1024px) 100vw, 1024px\" \/><\/figure>\n\n\n\n<p>\u2014<br><em>Mateusz GRABDA \u2013 trener<br>Maciej KO\u0141ODZIEJCZYK \u2013 asystent trenera<br>Piotr TATARADZI\u0143SKI \u2013 fizjoterapeuta<br>Maciej ETGENS \u2013 statystyk<\/em><\/p>\n\n\n\n<h2 class=\"wp-block-heading\"><strong>TENIS<\/strong><\/h2>\n\n\n\n<figure class=\"wp-block-image size-large is-resized\"><img loading=\"lazy\" decoding=\"async\" width=\"1024\" height=\"1024\" src=\"https:\/\/olimpijski.pl\/wp-content\/uploads\/2022\/09\/antonina_czajka-1024x1024.jpg\" alt=\"\" class=\"wp-image-61539\" style=\"width:469px;height:469px\" srcset=\"https:\/\/olimpijski.pl\/wp-content\/uploads\/2022\/09\/antonina_czajka-1024x1024.jpg 1024w, https:\/\/olimpijski.pl\/wp-content\/uploads\/2022\/09\/antonina_czajka-300x300.jpg 300w, https:\/\/olimpijski.pl\/wp-content\/uploads\/2022\/09\/antonina_czajka-150x150.jpg 150w, https:\/\/olimpijski.pl\/wp-content\/uploads\/2022\/09\/antonina_czajka-768x768.jpg 768w, https:\/\/olimpijski.pl\/wp-content\/uploads\/2022\/09\/antonina_czajka-600x600.jpg 600w, https:\/\/olimpijski.pl\/wp-content\/uploads\/2022\/09\/antonina_czajka.jpg 1200w\" sizes=\"(max-width: 1024px) 100vw, 1024px\" \/><\/figure>\n\n\n\n<figure class=\"wp-block-image size-large is-resized\"><img loading=\"lazy\" decoding=\"async\" width=\"1024\" height=\"1024\" src=\"https:\/\/olimpijski.pl\/wp-content\/uploads\/2022\/09\/alan_wazny-1024x1024.jpg\" alt=\"\" class=\"wp-image-61541\" style=\"width:467px;height:467px\" srcset=\"https:\/\/olimpijski.pl\/wp-content\/uploads\/2022\/09\/alan_wazny-1024x1024.jpg 1024w, https:\/\/olimpijski.pl\/wp-content\/uploads\/2022\/09\/alan_wazny-300x300.jpg 300w, https:\/\/olimpijski.pl\/wp-content\/uploads\/2022\/09\/alan_wazny-150x150.jpg 150w, https:\/\/olimpijski.pl\/wp-content\/uploads\/2022\/09\/alan_wazny-768x768.jpg 768w, https:\/\/olimpijski.pl\/wp-content\/uploads\/2022\/09\/alan_wazny-600x600.jpg 600w, https:\/\/olimpijski.pl\/wp-content\/uploads\/2022\/09\/alan_wazny.jpg 1200w\" sizes=\"(max-width: 1024px) 100vw, 1024px\" \/><\/figure>\n\n\n\n<p>\u2014<br><em>Micha\u0142 KOSTECKI \u2013 trener<\/em><\/p>\n\n<\/div>\n\t\t<\/div>\n<\/div>\n\n\n<hr class=\"wp-block-separator has-alpha-channel-opacity\"\/>\n\n\n\n<h2 class=\"wp-block-heading\" id=\"MEDALE_REPREZENTACJI_POLSKI\"><strong><strong>MEDALE REPREZENTACJI POLSKI<\/strong><\/strong><\/h2>\n\n\n\n<h3 class=\"wp-block-heading\" id=\"z\u0142ote_\"><strong>z\u0142ote (5)<\/strong><\/h3>\n\n\n\n<p>Patryk Goszczurny (kolarstwo) \u2013 jazda indywidualna na czas<br>Sebastian Antosiak (lekkoatletyka) \u2013 skok wzwy\u017c<br>Julia Micha\u0142owska (lekkoatletyka) \u2013 pchni\u0119cie kul\u0105<br>Roch Krukowski (lekkoatletyka) \u2013 rzut oszczepem<br>Tomasz Bajraszewski, Rados\u0142aw Lach, Rafa\u0142 Dziewi\u0119cki, Jakub Szarapo, Adrian Lepionka (lekkoatletyka) \u2013 sztafeta szwedzka (100m-200m-300m-400m)<\/p>\n\n\n\n<h3 class=\"wp-block-heading\" id=\"srebrne_\"><strong>srebrne (5)<\/strong><\/h3>\n\n\n\n<p>Patryk Goszczurny (kolarstwo) \u2013 wy\u015bcig ze startu wsp\u00f3lnego<br>Maja Janko\/Mateusz Golas (badminton) \u2013 gra podw\u00f3jna mieszana (mikst)<br>Maria Jarosi\u0144ska (lekkoatletyka) \u2013 200 m<br>Zuzanna Wiernicka (lekkoatletyka) \u2013 1500 m<br>Maja Wo\u017aniak, Maria Jarosi\u0144ska, Anastazja Ku\u015b, Julia Przewie\u017alik (lekkoatletyka) \u2013 sztafeta szwedzka (100m-200m-300m-400m)<\/p>\n\n\n\n<h3 class=\"wp-block-heading\" id=\"br\u0105zowe_\"><strong>br\u0105zowe (10)<\/strong><\/h3>\n\n\n\n<p>Anna Gaborska (kolarstwo) \u2013 jazda indywidualna na czas<br>Julia Bulanda (judo) \u2013 kat. 57 kg<br>Mateusz Golas (badminton) \u2013 gra pojedyncza<br>Micha\u0142 Strzelecki (kolarstwo) \u2013 wy\u015bcig ze startu wsp\u00f3lnego<br>Oliwia Be\u0142czew (lekkoatletyka) \u2013 800 m<br>Amelia Zochniak (lekkoatletyka) \u2013 400 m przez p\u0142otki<br>Kacper Uli\u0144ski (lekkoatletyka) \u2013 400 m przez p\u0142otki<br>Antonina Czajka\/Alan Wa\u017cny (tenis) \u2013 gra podw\u00f3jna mieszana (mikst)<br>Rados\u0142aw Lach (lekkoatletyka) \u2013 200 m<br>Pola Janicka, Wiktoria Zagumny, Karolina Staniszewska, Natalia Bandurska, Patrycja \u0141agida, Barbara Latos, Olga Musia\u0142, Julia Lenik, Magda Kubas, Maria Sp\u0142awska, Rozalia Moszy\u0144ska, Oliwia Nastawska (siatk\u00f3wka) \u2013 turniej dziewcz\u0105t<\/p>\n\n\n\n<hr class=\"wp-block-separator has-alpha-channel-opacity\"\/>\n\n\n\n<p class=\"has-text-align-center\"><em>Wyjazd M\u0142odzie\u017cowej Reprezentacji Polski na XVI Letni Olimpijski Festiwal M\u0142odzie\u017cy Europy Ba\u0144ska Bystrzyca 2022<\/em><em> dofinansowano ze \u015brodk\u00f3w Ministerstwa Sportu i Turystyki.<\/em><\/p>\n\n\n<div class=\"wp-block-image\">\n<figure class=\"aligncenter size-large is-resized\"><img loading=\"lazy\" decoding=\"async\" width=\"1024\" height=\"299\" src=\"https:\/\/olimpijski.pl\/wp-content\/uploads\/2022\/07\/Logo_MSiT_2001-2022-1024x299.jpg\" alt=\"\" class=\"wp-image-91016\" style=\"width:395px;height:auto\" srcset=\"https:\/\/olimpijski.pl\/wp-content\/uploads\/2022\/07\/Logo_MSiT_2001-2022-1024x299.jpg 1024w, https:\/\/olimpijski.pl\/wp-content\/uploads\/2022\/07\/Logo_MSiT_2001-2022-300x88.jpg 300w, https:\/\/olimpijski.pl\/wp-content\/uploads\/2022\/07\/Logo_MSiT_2001-2022-768x224.jpg 768w, https:\/\/olimpijski.pl\/wp-content\/uploads\/2022\/07\/Logo_MSiT_2001-2022.jpg 1215w\" sizes=\"(max-width: 1024px) 100vw, 1024px\" \/><\/figure><\/div>\n\n\n<hr class=\"wp-block-separator has-alpha-channel-opacity\"\/>\n","protected":false},"excerpt":{"rendered":"<p>XVI Letni EYOFBa\u0144ska Bystrzyca 2022 BA\u0143SKA-BYSTRZYCA (S\u0142owacja), 24-30 lipca 2022 Rekordow\u0105, jak do tej pory w historii start\u00f3w Polak\u00f3w w letniej edycji<\/p>\n","protected":false},"featured_media":0,"parent":0,"menu_order":0,"template":"templates\/olympic_main_subpage.php","meta":{"_acf_changed":false,"ub_ctt_via":"","footnotes":""},"class_list":["post-61290","olympics_eyof","type-olympics_eyof","status-publish","hentry","infinite-scroll-item","no-featured-image-padding"],"acf":{"special_bg_img":false,"hide_breadcrumbs":[],"competitions_olympic":false,"pokaz_ustawienia_ze_starego_systemu":false,"startdate":"24.07.2022 8:00 pm","enddate":"30.07.2022 8:00 pm","place":"Ba\u0144ska Bystrzyca","year":"2022","logo":"https:\/\/olimpijski.pl\/wp-content\/uploads\/2022\/09\/banskabystrzyca2022.jpg","histroy_tabs":false,"hide_representative_checkbox":false,"no_medals_info":"<p>&#8211;<\/p>\n"},"_links":{"self":[{"href":"https:\/\/olimpijski.pl\/en\/wp-json\/wp\/v2\/olympics_eyof\/61290"}],"collection":[{"href":"https:\/\/olimpijski.pl\/en\/wp-json\/wp\/v2\/olympics_eyof"}],"about":[{"href":"https:\/\/olimpijski.pl\/en\/wp-json\/wp\/v2\/types\/olympics_eyof"}],"version-history":[{"count":1,"href":"https:\/\/olimpijski.pl\/en\/wp-json\/wp\/v2\/olympics_eyof\/61290\/revisions"}],"predecessor-version":[{"id":91029,"href":"https:\/\/olimpijski.pl\/en\/wp-json\/wp\/v2\/olympics_eyof\/61290\/revisions\/91029"}],"wp:attachment":[{"href":"https:\/\/olimpijski.pl\/en\/wp-json\/wp\/v2\/media?parent=61290"}],"curies":[{"name":"wp","href":"https:\/\/api.w.org\/{rel}","templated":true}]}}