{"id":65957,"date":"2023-02-02T10:46:09","date_gmt":"2023-02-02T09:46:09","guid":{"rendered":"https:\/\/olimpijski.pl\/?post_type=olympics_eyof&#038;p=65957"},"modified":"2023-02-02T11:50:24","modified_gmt":"2023-02-02T10:50:24","slug":"xvi-zimowy-eyof-friuli-venezia-giulia-2023","status":"publish","type":"olympics_eyof","link":"https:\/\/olimpijski.pl\/en\/olympics_eyof\/xvi-zimowy-eyof-friuli-venezia-giulia-2023\/","title":{"rendered":"XVI Zimowy EYOF \u2013 Friuli Venezia Giulia 2023"},"content":{"rendered":"\n<h1 class=\"main-title wp-block-heading\"><strong>XVI Zimowy EYOF<\/strong><br>Friuli Venezia Giulia 2023<\/h1>\n\n\n\n<figure class=\"wp-block-image size-full is-resized\"><img loading=\"lazy\" decoding=\"async\" src=\"https:\/\/olimpijski.pl\/wp-content\/uploads\/2023\/02\/eyof2023_zima_m.jpg\" alt=\"\" class=\"wp-image-65963\" width=\"168\" height=\"137\" srcset=\"https:\/\/olimpijski.pl\/wp-content\/uploads\/2023\/02\/eyof2023_zima_m.jpg 1013w, https:\/\/olimpijski.pl\/wp-content\/uploads\/2023\/02\/eyof2023_zima_m-300x245.jpg 300w, https:\/\/olimpijski.pl\/wp-content\/uploads\/2023\/02\/eyof2023_zima_m-768x628.jpg 768w\" sizes=\"(max-width: 168px) 100vw, 168px\" \/><\/figure>\n\n\n\n<p><strong>FRIULI VENEZIA GIULIA (W\u0142ochy), 21-28 stycznia 2023<\/strong><\/p>\n\n\n\n<p><strong>XVI Zimowy EYOF Friuli Venezia Giulia 2023 by\u0142 rekordowy pod wzgl\u0119dem zdobyczy medalowych Polskiej M\u0142odzie\u017cowej Reprezentacji. bia\u0142o-czerwoni wywalczyli na tym festiwalu a\u017c 14 medali (1 z\u0142oty, 7 srebrnych i 6 br\u0105zowych).<\/strong><\/p>\n\n\n\n<figure class=\"wp-block-image size-large\"><img loading=\"lazy\" decoding=\"async\" width=\"1024\" height=\"665\" src=\"https:\/\/olimpijski.pl\/wp-content\/uploads\/2023\/01\/20230127SS_-61-1024x665.jpg\" alt=\"\" class=\"wp-image-65852\" srcset=\"https:\/\/olimpijski.pl\/wp-content\/uploads\/2023\/01\/20230127SS_-61-1024x665.jpg 1024w, https:\/\/olimpijski.pl\/wp-content\/uploads\/2023\/01\/20230127SS_-61-300x195.jpg 300w, https:\/\/olimpijski.pl\/wp-content\/uploads\/2023\/01\/20230127SS_-61-768x498.jpg 768w, https:\/\/olimpijski.pl\/wp-content\/uploads\/2023\/01\/20230127SS_-61-1536x997.jpg 1536w, https:\/\/olimpijski.pl\/wp-content\/uploads\/2023\/01\/20230127SS_-61.jpg 2000w\" sizes=\"(max-width: 1024px) 100vw, 1024px\" \/><figcaption><em>Noelle Streuli \u2013 \u0142y\u017cwiarstwo figurowe<\/em><\/figcaption><\/figure>\n\n\n\n<p>Do tej pory najlepsze zimowe edycje festiwali przynios\u0142y Polsce po 5 medali. Ten dotychczas lideruj\u0105cy pod wzgl\u0119dem jako\u015bci kruszcu odby\u0142 si\u0119 w Sarajewie w 2019 roku. Da\u0142 nam on 2 z\u0142ote, 1 srebrny i dwa br\u0105zowe kr\u0105\u017cki.<\/p>\n\n\n\n<figure class=\"wp-block-image size-large\"><img loading=\"lazy\" decoding=\"async\" width=\"1024\" height=\"680\" src=\"https:\/\/olimpijski.pl\/wp-content\/uploads\/2023\/01\/20230127SS_-43-1024x680.jpg\" alt=\"\" class=\"wp-image-65840\" srcset=\"https:\/\/olimpijski.pl\/wp-content\/uploads\/2023\/01\/20230127SS_-43-1024x680.jpg 1024w, https:\/\/olimpijski.pl\/wp-content\/uploads\/2023\/01\/20230127SS_-43-300x199.jpg 300w, https:\/\/olimpijski.pl\/wp-content\/uploads\/2023\/01\/20230127SS_-43-768x510.jpg 768w, https:\/\/olimpijski.pl\/wp-content\/uploads\/2023\/01\/20230127SS_-43-1536x1021.jpg 1536w, https:\/\/olimpijski.pl\/wp-content\/uploads\/2023\/01\/20230127SS_-43.jpg 2000w\" sizes=\"(max-width: 1024px) 100vw, 1024px\" \/><figcaption><em>Dru\u017cyna mieszana w skokach narciarskich<\/em><\/figcaption><\/figure>\n\n\n\n<p>Z kolejnej edycji \u2013 Vuokatti 2022 \u2013 tak\u017ce przywie\u017ali\u015bmy 5 medali, ale nie by\u0142o tam z\u0142ota, tylko 3 srebra i 2 br\u0105zy. EYOF Friuli Venezia Giulia, liczb\u0105 zdobytych kr\u0105\u017ck\u00f3w, przebi\u0142 je oba razem.<\/p>\n\n\n\n<figure class=\"wp-block-image size-large\"><img loading=\"lazy\" decoding=\"async\" width=\"1024\" height=\"664\" src=\"https:\/\/olimpijski.pl\/wp-content\/uploads\/2023\/01\/20230124SS_NC_ST_-63-1024x664.jpg\" alt=\"\" class=\"wp-image-65692\" srcset=\"https:\/\/olimpijski.pl\/wp-content\/uploads\/2023\/01\/20230124SS_NC_ST_-63-1024x664.jpg 1024w, https:\/\/olimpijski.pl\/wp-content\/uploads\/2023\/01\/20230124SS_NC_ST_-63-300x194.jpg 300w, https:\/\/olimpijski.pl\/wp-content\/uploads\/2023\/01\/20230124SS_NC_ST_-63-768x498.jpg 768w, https:\/\/olimpijski.pl\/wp-content\/uploads\/2023\/01\/20230124SS_NC_ST_-63-1536x995.jpg 1536w, https:\/\/olimpijski.pl\/wp-content\/uploads\/2023\/01\/20230124SS_NC_ST_-63.jpg 2000w\" sizes=\"(max-width: 1024px) 100vw, 1024px\" \/><figcaption><em>Hanna Mazur \u2013 short track<\/em><\/figcaption><\/figure>\n\n\n\n<p>W sobot\u0119 wieczorem w Udine odby\u0142a si\u0119 ceremonia zamkni\u0119cia XVI Zimowego EYOF Friuli Venezia Giulia 2023. Wygaszono znicz z ogniem olimpijskim, a flag\u0119 EOC przekazano kolejnym organizatorom, XVII Zimowego EYOF 2025 w Gruzji.<\/p>\n\n\n\n<figure class=\"wp-block-image\"><img loading=\"lazy\" decoding=\"async\" width=\"1024\" height=\"628\" src=\"https:\/\/olimpijski.pl\/wp-content\/uploads\/2023\/01\/20230128SS_-37-1024x628.jpg\" alt=\"\" class=\"wp-image-65893\" srcset=\"https:\/\/olimpijski.pl\/wp-content\/uploads\/2023\/01\/20230128SS_-37-1024x628.jpg 1024w, https:\/\/olimpijski.pl\/wp-content\/uploads\/2023\/01\/20230128SS_-37-300x184.jpg 300w, https:\/\/olimpijski.pl\/wp-content\/uploads\/2023\/01\/20230128SS_-37-768x471.jpg 768w, https:\/\/olimpijski.pl\/wp-content\/uploads\/2023\/01\/20230128SS_-37-1536x942.jpg 1536w, https:\/\/olimpijski.pl\/wp-content\/uploads\/2023\/01\/20230128SS_-37.jpg 2000w\" sizes=\"(max-width: 1024px) 100vw, 1024px\" \/><\/figure>\n\n\n\n<hr class=\"wp-block-separator has-alpha-channel-opacity\"\/>\n\n\n\n<h2 class=\"wp-block-heading\"><strong>Polska M\u0142odzie\u017cowa Reprezentacja<\/strong><\/h2>\n\n\n<div class=\"wp-block-ub-content-toggle wp-block-ub-content-toggle-block\" id=\"ub-content-toggle-block-d0aba8b6-e3b2-44d4-9314-2de98e43baff\" data-mobilecollapse=\"false\" data-desktopcollapse=\"false\" data-preventcollapse=\"false\" data-showonlyone=\"false\">\n<div class=\"wp-block-ub-content-toggle-accordion\" style=\"border-color: #f1f1f1;\" id=\"ub-content-toggle-panel-block-\">\n\t\t\t<div class=\"wp-block-ub-content-toggle-accordion-title-wrap\" style=\"background-color: #f1f1f1;\" aria-controls=\"ub-content-toggle-panel-0-d0aba8b6-e3b2-44d4-9314-2de98e43baff\" tabindex=\"0\">\n\t\t\t<p class=\"wp-block-ub-content-toggle-accordion-title ub-content-toggle-title-d0aba8b6-e3b2-44d4-9314-2de98e43baff\" style=\"color: #000000; \">Sk\u0142ad<\/p>\n\t\t\t<div class=\"wp-block-ub-content-toggle-accordion-toggle-wrap right\" style=\"color: #000000;\"><span class=\"wp-block-ub-content-toggle-accordion-state-indicator wp-block-ub-chevron-down open\"><\/span><\/div>\n\t\t<\/div>\n\t\t\t<div role=\"region\" aria-expanded=\"true\" class=\"wp-block-ub-content-toggle-accordion-content-wrap\" id=\"ub-content-toggle-panel-0-d0aba8b6-e3b2-44d4-9314-2de98e43baff\">\n\n<p><\/p>\n\n\n\n<h2 class=\"wp-block-heading\"><strong>BIATHLON<\/strong><\/h2>\n\n\n\n<figure class=\"wp-block-image size-large is-resized\"><img loading=\"lazy\" decoding=\"async\" src=\"https:\/\/olimpijski.pl\/wp-content\/uploads\/2023\/02\/biathlon_germata-1024x1024.jpg\" alt=\"\" class=\"wp-image-65968\" width=\"358\" height=\"358\" srcset=\"https:\/\/olimpijski.pl\/wp-content\/uploads\/2023\/02\/biathlon_germata-1024x1024.jpg 1024w, https:\/\/olimpijski.pl\/wp-content\/uploads\/2023\/02\/biathlon_germata-300x300.jpg 300w, https:\/\/olimpijski.pl\/wp-content\/uploads\/2023\/02\/biathlon_germata-150x150.jpg 150w, https:\/\/olimpijski.pl\/wp-content\/uploads\/2023\/02\/biathlon_germata-768x768.jpg 768w, https:\/\/olimpijski.pl\/wp-content\/uploads\/2023\/02\/biathlon_germata-1536x1536.jpg 1536w, https:\/\/olimpijski.pl\/wp-content\/uploads\/2023\/02\/biathlon_germata-600x600.jpg 600w, https:\/\/olimpijski.pl\/wp-content\/uploads\/2023\/02\/biathlon_germata.jpg 1600w\" sizes=\"(max-width: 358px) 100vw, 358px\" \/><\/figure>\n\n\n\n<figure class=\"wp-block-image size-large is-resized\"><img loading=\"lazy\" decoding=\"async\" src=\"https:\/\/olimpijski.pl\/wp-content\/uploads\/2023\/02\/biathlon_sadownik-1024x1024.jpg\" alt=\"\" class=\"wp-image-65970\" width=\"356\" height=\"356\" srcset=\"https:\/\/olimpijski.pl\/wp-content\/uploads\/2023\/02\/biathlon_sadownik-1024x1024.jpg 1024w, https:\/\/olimpijski.pl\/wp-content\/uploads\/2023\/02\/biathlon_sadownik-300x300.jpg 300w, https:\/\/olimpijski.pl\/wp-content\/uploads\/2023\/02\/biathlon_sadownik-150x150.jpg 150w, https:\/\/olimpijski.pl\/wp-content\/uploads\/2023\/02\/biathlon_sadownik-768x768.jpg 768w, https:\/\/olimpijski.pl\/wp-content\/uploads\/2023\/02\/biathlon_sadownik-1536x1536.jpg 1536w, https:\/\/olimpijski.pl\/wp-content\/uploads\/2023\/02\/biathlon_sadownik-600x600.jpg 600w, https:\/\/olimpijski.pl\/wp-content\/uploads\/2023\/02\/biathlon_sadownik.jpg 1600w\" sizes=\"(max-width: 356px) 100vw, 356px\" \/><\/figure>\n\n\n\n<figure class=\"wp-block-image size-large is-resized\"><img loading=\"lazy\" decoding=\"async\" src=\"https:\/\/olimpijski.pl\/wp-content\/uploads\/2023\/02\/biathlon_szajnowska-1024x1024.jpg\" alt=\"\" class=\"wp-image-65972\" width=\"357\" height=\"357\" srcset=\"https:\/\/olimpijski.pl\/wp-content\/uploads\/2023\/02\/biathlon_szajnowska-1024x1024.jpg 1024w, https:\/\/olimpijski.pl\/wp-content\/uploads\/2023\/02\/biathlon_szajnowska-300x300.jpg 300w, https:\/\/olimpijski.pl\/wp-content\/uploads\/2023\/02\/biathlon_szajnowska-150x150.jpg 150w, https:\/\/olimpijski.pl\/wp-content\/uploads\/2023\/02\/biathlon_szajnowska-768x768.jpg 768w, https:\/\/olimpijski.pl\/wp-content\/uploads\/2023\/02\/biathlon_szajnowska-1536x1536.jpg 1536w, https:\/\/olimpijski.pl\/wp-content\/uploads\/2023\/02\/biathlon_szajnowska-600x600.jpg 600w, https:\/\/olimpijski.pl\/wp-content\/uploads\/2023\/02\/biathlon_szajnowska.jpg 1600w\" sizes=\"(max-width: 357px) 100vw, 357px\" \/><\/figure>\n\n\n\n<figure class=\"wp-block-image size-large is-resized\"><img loading=\"lazy\" decoding=\"async\" src=\"https:\/\/olimpijski.pl\/wp-content\/uploads\/2023\/02\/biathlon_liszka-1024x1024.jpg\" alt=\"\" class=\"wp-image-65974\" width=\"357\" height=\"357\" srcset=\"https:\/\/olimpijski.pl\/wp-content\/uploads\/2023\/02\/biathlon_liszka-1024x1024.jpg 1024w, https:\/\/olimpijski.pl\/wp-content\/uploads\/2023\/02\/biathlon_liszka-300x300.jpg 300w, https:\/\/olimpijski.pl\/wp-content\/uploads\/2023\/02\/biathlon_liszka-150x150.jpg 150w, https:\/\/olimpijski.pl\/wp-content\/uploads\/2023\/02\/biathlon_liszka-768x768.jpg 768w, https:\/\/olimpijski.pl\/wp-content\/uploads\/2023\/02\/biathlon_liszka-1536x1536.jpg 1536w, https:\/\/olimpijski.pl\/wp-content\/uploads\/2023\/02\/biathlon_liszka-600x600.jpg 600w, https:\/\/olimpijski.pl\/wp-content\/uploads\/2023\/02\/biathlon_liszka.jpg 1600w\" sizes=\"(max-width: 357px) 100vw, 357px\" \/><\/figure>\n\n\n\n<figure class=\"wp-block-image size-large is-resized\"><img loading=\"lazy\" decoding=\"async\" src=\"https:\/\/olimpijski.pl\/wp-content\/uploads\/2023\/02\/biathlon_filip-1024x1024.jpg\" alt=\"\" class=\"wp-image-65976\" width=\"357\" height=\"357\" srcset=\"https:\/\/olimpijski.pl\/wp-content\/uploads\/2023\/02\/biathlon_filip-1024x1024.jpg 1024w, https:\/\/olimpijski.pl\/wp-content\/uploads\/2023\/02\/biathlon_filip-300x300.jpg 300w, https:\/\/olimpijski.pl\/wp-content\/uploads\/2023\/02\/biathlon_filip-150x150.jpg 150w, https:\/\/olimpijski.pl\/wp-content\/uploads\/2023\/02\/biathlon_filip-768x768.jpg 768w, https:\/\/olimpijski.pl\/wp-content\/uploads\/2023\/02\/biathlon_filip-1536x1536.jpg 1536w, https:\/\/olimpijski.pl\/wp-content\/uploads\/2023\/02\/biathlon_filip-600x600.jpg 600w, https:\/\/olimpijski.pl\/wp-content\/uploads\/2023\/02\/biathlon_filip.jpg 1600w\" sizes=\"(max-width: 357px) 100vw, 357px\" \/><\/figure>\n\n\n\n<figure class=\"wp-block-image size-large is-resized\"><img loading=\"lazy\" decoding=\"async\" src=\"https:\/\/olimpijski.pl\/wp-content\/uploads\/2023\/02\/biathlon_miller-1024x1024.jpg\" alt=\"\" class=\"wp-image-65978\" width=\"359\" height=\"359\" srcset=\"https:\/\/olimpijski.pl\/wp-content\/uploads\/2023\/02\/biathlon_miller-1024x1024.jpg 1024w, https:\/\/olimpijski.pl\/wp-content\/uploads\/2023\/02\/biathlon_miller-300x300.jpg 300w, https:\/\/olimpijski.pl\/wp-content\/uploads\/2023\/02\/biathlon_miller-150x150.jpg 150w, https:\/\/olimpijski.pl\/wp-content\/uploads\/2023\/02\/biathlon_miller-768x768.jpg 768w, https:\/\/olimpijski.pl\/wp-content\/uploads\/2023\/02\/biathlon_miller-1536x1536.jpg 1536w, https:\/\/olimpijski.pl\/wp-content\/uploads\/2023\/02\/biathlon_miller-600x600.jpg 600w, https:\/\/olimpijski.pl\/wp-content\/uploads\/2023\/02\/biathlon_miller.jpg 1600w\" sizes=\"(max-width: 359px) 100vw, 359px\" \/><\/figure>\n\n\n\n<figure class=\"wp-block-image size-large is-resized\"><img loading=\"lazy\" decoding=\"async\" src=\"https:\/\/olimpijski.pl\/wp-content\/uploads\/2023\/02\/biathlon_potoniec-1024x1024.jpg\" alt=\"\" class=\"wp-image-65980\" width=\"359\" height=\"359\" srcset=\"https:\/\/olimpijski.pl\/wp-content\/uploads\/2023\/02\/biathlon_potoniec-1024x1024.jpg 1024w, https:\/\/olimpijski.pl\/wp-content\/uploads\/2023\/02\/biathlon_potoniec-300x300.jpg 300w, https:\/\/olimpijski.pl\/wp-content\/uploads\/2023\/02\/biathlon_potoniec-150x150.jpg 150w, https:\/\/olimpijski.pl\/wp-content\/uploads\/2023\/02\/biathlon_potoniec-768x768.jpg 768w, https:\/\/olimpijski.pl\/wp-content\/uploads\/2023\/02\/biathlon_potoniec-1536x1536.jpg 1536w, https:\/\/olimpijski.pl\/wp-content\/uploads\/2023\/02\/biathlon_potoniec-600x600.jpg 600w, https:\/\/olimpijski.pl\/wp-content\/uploads\/2023\/02\/biathlon_potoniec.jpg 1600w\" sizes=\"(max-width: 359px) 100vw, 359px\" \/><\/figure>\n\n\n\n<figure class=\"wp-block-image size-large is-resized\"><img loading=\"lazy\" decoding=\"async\" src=\"https:\/\/olimpijski.pl\/wp-content\/uploads\/2023\/02\/biathlon_szatkowski-1024x1024.jpg\" alt=\"\" class=\"wp-image-65982\" width=\"359\" height=\"359\" srcset=\"https:\/\/olimpijski.pl\/wp-content\/uploads\/2023\/02\/biathlon_szatkowski-1024x1024.jpg 1024w, https:\/\/olimpijski.pl\/wp-content\/uploads\/2023\/02\/biathlon_szatkowski-300x300.jpg 300w, https:\/\/olimpijski.pl\/wp-content\/uploads\/2023\/02\/biathlon_szatkowski-150x150.jpg 150w, https:\/\/olimpijski.pl\/wp-content\/uploads\/2023\/02\/biathlon_szatkowski-768x768.jpg 768w, https:\/\/olimpijski.pl\/wp-content\/uploads\/2023\/02\/biathlon_szatkowski-1536x1536.jpg 1536w, https:\/\/olimpijski.pl\/wp-content\/uploads\/2023\/02\/biathlon_szatkowski-600x600.jpg 600w, https:\/\/olimpijski.pl\/wp-content\/uploads\/2023\/02\/biathlon_szatkowski.jpg 1600w\" sizes=\"(max-width: 359px) 100vw, 359px\" \/><\/figure>\n\n\n\n<p>\u2014<br>ROBERT SZCZEPANIAK \u2013 trener<br>ANDRZEJ KOZI\u0143SKI \u2013 trener<br>PRZEMYS\u0141AW BADACZ \u2013 serwis<br>ADAM KWAK \u2013 serwis<\/p>\n\n\n\n<h2 class=\"wp-block-heading\"><strong>BIEGI NARCIARSKIE<\/strong><\/h2>\n\n\n\n<figure class=\"wp-block-image size-large is-resized\"><img loading=\"lazy\" decoding=\"async\" src=\"https:\/\/olimpijski.pl\/wp-content\/uploads\/2023\/02\/kuc-1024x1024.jpg\" alt=\"\" class=\"wp-image-65984\" width=\"358\" height=\"358\" srcset=\"https:\/\/olimpijski.pl\/wp-content\/uploads\/2023\/02\/kuc-1024x1024.jpg 1024w, https:\/\/olimpijski.pl\/wp-content\/uploads\/2023\/02\/kuc-300x300.jpg 300w, https:\/\/olimpijski.pl\/wp-content\/uploads\/2023\/02\/kuc-150x150.jpg 150w, https:\/\/olimpijski.pl\/wp-content\/uploads\/2023\/02\/kuc-768x768.jpg 768w, https:\/\/olimpijski.pl\/wp-content\/uploads\/2023\/02\/kuc-1536x1536.jpg 1536w, https:\/\/olimpijski.pl\/wp-content\/uploads\/2023\/02\/kuc-600x600.jpg 600w, https:\/\/olimpijski.pl\/wp-content\/uploads\/2023\/02\/kuc.jpg 1600w\" sizes=\"(max-width: 358px) 100vw, 358px\" \/><\/figure>\n\n\n\n<figure class=\"wp-block-image size-large is-resized\"><img loading=\"lazy\" decoding=\"async\" src=\"https:\/\/olimpijski.pl\/wp-content\/uploads\/2023\/02\/pabin-1024x1024.jpg\" alt=\"\" class=\"wp-image-65986\" width=\"358\" height=\"358\" srcset=\"https:\/\/olimpijski.pl\/wp-content\/uploads\/2023\/02\/pabin-1024x1024.jpg 1024w, https:\/\/olimpijski.pl\/wp-content\/uploads\/2023\/02\/pabin-300x300.jpg 300w, https:\/\/olimpijski.pl\/wp-content\/uploads\/2023\/02\/pabin-150x150.jpg 150w, https:\/\/olimpijski.pl\/wp-content\/uploads\/2023\/02\/pabin-768x768.jpg 768w, https:\/\/olimpijski.pl\/wp-content\/uploads\/2023\/02\/pabin-1536x1536.jpg 1536w, https:\/\/olimpijski.pl\/wp-content\/uploads\/2023\/02\/pabin-600x600.jpg 600w, https:\/\/olimpijski.pl\/wp-content\/uploads\/2023\/02\/pabin.jpg 1600w\" sizes=\"(max-width: 358px) 100vw, 358px\" \/><\/figure>\n\n\n\n<figure class=\"wp-block-image size-large is-resized\"><img loading=\"lazy\" decoding=\"async\" src=\"https:\/\/olimpijski.pl\/wp-content\/uploads\/2023\/02\/rucka-1024x1024.jpg\" alt=\"\" class=\"wp-image-65988\" width=\"359\" height=\"359\" srcset=\"https:\/\/olimpijski.pl\/wp-content\/uploads\/2023\/02\/rucka-1024x1024.jpg 1024w, https:\/\/olimpijski.pl\/wp-content\/uploads\/2023\/02\/rucka-300x300.jpg 300w, https:\/\/olimpijski.pl\/wp-content\/uploads\/2023\/02\/rucka-150x150.jpg 150w, https:\/\/olimpijski.pl\/wp-content\/uploads\/2023\/02\/rucka-768x768.jpg 768w, https:\/\/olimpijski.pl\/wp-content\/uploads\/2023\/02\/rucka-1536x1536.jpg 1536w, https:\/\/olimpijski.pl\/wp-content\/uploads\/2023\/02\/rucka-600x600.jpg 600w, https:\/\/olimpijski.pl\/wp-content\/uploads\/2023\/02\/rucka.jpg 1600w\" sizes=\"(max-width: 359px) 100vw, 359px\" \/><\/figure>\n\n\n\n<figure class=\"wp-block-image size-large is-resized\"><img loading=\"lazy\" decoding=\"async\" src=\"https:\/\/olimpijski.pl\/wp-content\/uploads\/2023\/02\/wantulok-1024x1024.jpg\" alt=\"\" class=\"wp-image-65990\" width=\"357\" height=\"357\" srcset=\"https:\/\/olimpijski.pl\/wp-content\/uploads\/2023\/02\/wantulok-1024x1024.jpg 1024w, https:\/\/olimpijski.pl\/wp-content\/uploads\/2023\/02\/wantulok-300x300.jpg 300w, https:\/\/olimpijski.pl\/wp-content\/uploads\/2023\/02\/wantulok-150x150.jpg 150w, https:\/\/olimpijski.pl\/wp-content\/uploads\/2023\/02\/wantulok-768x768.jpg 768w, https:\/\/olimpijski.pl\/wp-content\/uploads\/2023\/02\/wantulok-1536x1536.jpg 1536w, https:\/\/olimpijski.pl\/wp-content\/uploads\/2023\/02\/wantulok-600x600.jpg 600w, https:\/\/olimpijski.pl\/wp-content\/uploads\/2023\/02\/wantulok.jpg 1600w\" sizes=\"(max-width: 357px) 100vw, 357px\" \/><\/figure>\n\n\n\n<figure class=\"wp-block-image size-large is-resized\"><img loading=\"lazy\" decoding=\"async\" src=\"https:\/\/olimpijski.pl\/wp-content\/uploads\/2023\/02\/bryja-1024x1024.jpg\" alt=\"\" class=\"wp-image-65992\" width=\"357\" height=\"357\" srcset=\"https:\/\/olimpijski.pl\/wp-content\/uploads\/2023\/02\/bryja-1024x1024.jpg 1024w, https:\/\/olimpijski.pl\/wp-content\/uploads\/2023\/02\/bryja-300x300.jpg 300w, https:\/\/olimpijski.pl\/wp-content\/uploads\/2023\/02\/bryja-150x150.jpg 150w, https:\/\/olimpijski.pl\/wp-content\/uploads\/2023\/02\/bryja-768x768.jpg 768w, https:\/\/olimpijski.pl\/wp-content\/uploads\/2023\/02\/bryja-1536x1536.jpg 1536w, https:\/\/olimpijski.pl\/wp-content\/uploads\/2023\/02\/bryja-600x600.jpg 600w, https:\/\/olimpijski.pl\/wp-content\/uploads\/2023\/02\/bryja.jpg 1600w\" sizes=\"(max-width: 357px) 100vw, 357px\" \/><\/figure>\n\n\n\n<figure class=\"wp-block-image size-large is-resized\"><img loading=\"lazy\" decoding=\"async\" src=\"https:\/\/olimpijski.pl\/wp-content\/uploads\/2023\/02\/legierski-1024x1024.jpg\" alt=\"\" class=\"wp-image-65994\" width=\"359\" height=\"359\" srcset=\"https:\/\/olimpijski.pl\/wp-content\/uploads\/2023\/02\/legierski-1024x1024.jpg 1024w, https:\/\/olimpijski.pl\/wp-content\/uploads\/2023\/02\/legierski-300x300.jpg 300w, https:\/\/olimpijski.pl\/wp-content\/uploads\/2023\/02\/legierski-150x150.jpg 150w, https:\/\/olimpijski.pl\/wp-content\/uploads\/2023\/02\/legierski-768x768.jpg 768w, https:\/\/olimpijski.pl\/wp-content\/uploads\/2023\/02\/legierski-1536x1536.jpg 1536w, https:\/\/olimpijski.pl\/wp-content\/uploads\/2023\/02\/legierski-600x600.jpg 600w, https:\/\/olimpijski.pl\/wp-content\/uploads\/2023\/02\/legierski.jpg 1600w\" sizes=\"(max-width: 359px) 100vw, 359px\" \/><\/figure>\n\n\n\n<figure class=\"wp-block-image size-large is-resized\"><img loading=\"lazy\" decoding=\"async\" src=\"https:\/\/olimpijski.pl\/wp-content\/uploads\/2023\/02\/pilch-1024x1024.jpg\" alt=\"\" class=\"wp-image-65996\" width=\"357\" height=\"357\" srcset=\"https:\/\/olimpijski.pl\/wp-content\/uploads\/2023\/02\/pilch-1024x1024.jpg 1024w, https:\/\/olimpijski.pl\/wp-content\/uploads\/2023\/02\/pilch-300x300.jpg 300w, https:\/\/olimpijski.pl\/wp-content\/uploads\/2023\/02\/pilch-150x150.jpg 150w, https:\/\/olimpijski.pl\/wp-content\/uploads\/2023\/02\/pilch-768x768.jpg 768w, https:\/\/olimpijski.pl\/wp-content\/uploads\/2023\/02\/pilch-1536x1536.jpg 1536w, https:\/\/olimpijski.pl\/wp-content\/uploads\/2023\/02\/pilch-600x600.jpg 600w, https:\/\/olimpijski.pl\/wp-content\/uploads\/2023\/02\/pilch.jpg 1600w\" sizes=\"(max-width: 357px) 100vw, 357px\" \/><\/figure>\n\n\n\n<figure class=\"wp-block-image size-large is-resized\"><img loading=\"lazy\" decoding=\"async\" src=\"https:\/\/olimpijski.pl\/wp-content\/uploads\/2023\/02\/tomaszek-1024x1024.jpg\" alt=\"\" class=\"wp-image-65998\" width=\"358\" height=\"358\" srcset=\"https:\/\/olimpijski.pl\/wp-content\/uploads\/2023\/02\/tomaszek-1024x1024.jpg 1024w, https:\/\/olimpijski.pl\/wp-content\/uploads\/2023\/02\/tomaszek-300x300.jpg 300w, https:\/\/olimpijski.pl\/wp-content\/uploads\/2023\/02\/tomaszek-150x150.jpg 150w, https:\/\/olimpijski.pl\/wp-content\/uploads\/2023\/02\/tomaszek-768x768.jpg 768w, https:\/\/olimpijski.pl\/wp-content\/uploads\/2023\/02\/tomaszek-1536x1536.jpg 1536w, https:\/\/olimpijski.pl\/wp-content\/uploads\/2023\/02\/tomaszek-600x600.jpg 600w, https:\/\/olimpijski.pl\/wp-content\/uploads\/2023\/02\/tomaszek.jpg 1600w\" sizes=\"(max-width: 358px) 100vw, 358px\" \/><\/figure>\n\n\n\n<p>\u2014<br>KAMIL FUNDANICZ \u2013 trener<br>MATEUSZ WANTULOK \u2013 trener<br>ANDRZEJ LE\u015aNIK \u2013 trener<br>KACPER ANTOLEC \u2013 serwis<br>TADEUSZ KR\u0118\u017bELOK \u2013 serwis<br>TOMASZ GRZYWACZ \u2013 dyrektor sportowy PZN<\/p>\n\n\n\n<h2 class=\"wp-block-heading\"><strong>KOMBINACJA NORWESKA<\/strong><\/h2>\n\n\n\n<figure class=\"wp-block-image size-large is-resized\"><img loading=\"lazy\" decoding=\"async\" src=\"https:\/\/olimpijski.pl\/wp-content\/uploads\/2023\/02\/cieslar-1024x1024.jpg\" alt=\"\" class=\"wp-image-66000\" width=\"357\" height=\"357\" srcset=\"https:\/\/olimpijski.pl\/wp-content\/uploads\/2023\/02\/cieslar-1024x1024.jpg 1024w, https:\/\/olimpijski.pl\/wp-content\/uploads\/2023\/02\/cieslar-300x300.jpg 300w, https:\/\/olimpijski.pl\/wp-content\/uploads\/2023\/02\/cieslar-150x150.jpg 150w, https:\/\/olimpijski.pl\/wp-content\/uploads\/2023\/02\/cieslar-768x768.jpg 768w, https:\/\/olimpijski.pl\/wp-content\/uploads\/2023\/02\/cieslar-1536x1536.jpg 1536w, https:\/\/olimpijski.pl\/wp-content\/uploads\/2023\/02\/cieslar-600x600.jpg 600w, https:\/\/olimpijski.pl\/wp-content\/uploads\/2023\/02\/cieslar.jpg 1600w\" sizes=\"(max-width: 357px) 100vw, 357px\" \/><\/figure>\n\n\n\n<figure class=\"wp-block-image size-large is-resized\"><img loading=\"lazy\" decoding=\"async\" src=\"https:\/\/olimpijski.pl\/wp-content\/uploads\/2023\/02\/dubiel-1024x1024.jpg\" alt=\"\" class=\"wp-image-66002\" width=\"357\" height=\"357\" srcset=\"https:\/\/olimpijski.pl\/wp-content\/uploads\/2023\/02\/dubiel-1024x1024.jpg 1024w, https:\/\/olimpijski.pl\/wp-content\/uploads\/2023\/02\/dubiel-300x300.jpg 300w, https:\/\/olimpijski.pl\/wp-content\/uploads\/2023\/02\/dubiel-150x150.jpg 150w, https:\/\/olimpijski.pl\/wp-content\/uploads\/2023\/02\/dubiel-768x768.jpg 768w, https:\/\/olimpijski.pl\/wp-content\/uploads\/2023\/02\/dubiel-1536x1536.jpg 1536w, https:\/\/olimpijski.pl\/wp-content\/uploads\/2023\/02\/dubiel-600x600.jpg 600w, https:\/\/olimpijski.pl\/wp-content\/uploads\/2023\/02\/dubiel.jpg 1600w\" sizes=\"(max-width: 357px) 100vw, 357px\" \/><\/figure>\n\n\n\n<figure class=\"wp-block-image size-large is-resized\"><img loading=\"lazy\" decoding=\"async\" src=\"https:\/\/olimpijski.pl\/wp-content\/uploads\/2023\/02\/jarzabek-1024x1024.jpg\" alt=\"\" class=\"wp-image-66004\" width=\"359\" height=\"359\" srcset=\"https:\/\/olimpijski.pl\/wp-content\/uploads\/2023\/02\/jarzabek-1024x1024.jpg 1024w, https:\/\/olimpijski.pl\/wp-content\/uploads\/2023\/02\/jarzabek-300x300.jpg 300w, https:\/\/olimpijski.pl\/wp-content\/uploads\/2023\/02\/jarzabek-150x150.jpg 150w, https:\/\/olimpijski.pl\/wp-content\/uploads\/2023\/02\/jarzabek-768x768.jpg 768w, https:\/\/olimpijski.pl\/wp-content\/uploads\/2023\/02\/jarzabek-1536x1536.jpg 1536w, https:\/\/olimpijski.pl\/wp-content\/uploads\/2023\/02\/jarzabek-600x600.jpg 600w, https:\/\/olimpijski.pl\/wp-content\/uploads\/2023\/02\/jarzabek.jpg 1600w\" sizes=\"(max-width: 359px) 100vw, 359px\" \/><\/figure>\n\n\n\n<figure class=\"wp-block-image size-large is-resized\"><img loading=\"lazy\" decoding=\"async\" src=\"https:\/\/olimpijski.pl\/wp-content\/uploads\/2023\/02\/waliczek-1024x1024.jpg\" alt=\"\" class=\"wp-image-66006\" width=\"356\" height=\"356\" srcset=\"https:\/\/olimpijski.pl\/wp-content\/uploads\/2023\/02\/waliczek-1024x1024.jpg 1024w, https:\/\/olimpijski.pl\/wp-content\/uploads\/2023\/02\/waliczek-300x300.jpg 300w, https:\/\/olimpijski.pl\/wp-content\/uploads\/2023\/02\/waliczek-150x150.jpg 150w, https:\/\/olimpijski.pl\/wp-content\/uploads\/2023\/02\/waliczek-768x768.jpg 768w, https:\/\/olimpijski.pl\/wp-content\/uploads\/2023\/02\/waliczek-1536x1536.jpg 1536w, https:\/\/olimpijski.pl\/wp-content\/uploads\/2023\/02\/waliczek-600x600.jpg 600w, https:\/\/olimpijski.pl\/wp-content\/uploads\/2023\/02\/waliczek.jpg 1600w\" sizes=\"(max-width: 356px) 100vw, 356px\" \/><\/figure>\n\n\n\n<p>\u2014<br>WOJCIECH MARUSARZ \u2013 trener<br>PIOTR \u015aLIWKA \u2013 serwis<br>WIKTOR KUBI\u0143SKI \u2013 serwis<br>DANIEL HANKUS \u2013 fizjoterapeuta<\/p>\n\n\n\n<h2 class=\"wp-block-heading\"><strong>SKOKI NARCIARSKIE<\/strong><\/h2>\n\n\n\n<figure class=\"wp-block-image size-large is-resized\"><img loading=\"lazy\" decoding=\"async\" src=\"https:\/\/olimpijski.pl\/wp-content\/uploads\/2023\/02\/beltowska-1024x1024.jpg\" alt=\"\" class=\"wp-image-66008\" width=\"358\" height=\"358\" srcset=\"https:\/\/olimpijski.pl\/wp-content\/uploads\/2023\/02\/beltowska-1024x1024.jpg 1024w, https:\/\/olimpijski.pl\/wp-content\/uploads\/2023\/02\/beltowska-300x300.jpg 300w, https:\/\/olimpijski.pl\/wp-content\/uploads\/2023\/02\/beltowska-150x150.jpg 150w, https:\/\/olimpijski.pl\/wp-content\/uploads\/2023\/02\/beltowska-768x768.jpg 768w, https:\/\/olimpijski.pl\/wp-content\/uploads\/2023\/02\/beltowska-1536x1536.jpg 1536w, https:\/\/olimpijski.pl\/wp-content\/uploads\/2023\/02\/beltowska-600x600.jpg 600w, https:\/\/olimpijski.pl\/wp-content\/uploads\/2023\/02\/beltowska.jpg 1600w\" sizes=\"(max-width: 358px) 100vw, 358px\" \/><\/figure>\n\n\n\n<figure class=\"wp-block-image size-large is-resized\"><img loading=\"lazy\" decoding=\"async\" src=\"https:\/\/olimpijski.pl\/wp-content\/uploads\/2023\/02\/rapacz-1024x1024.jpg\" alt=\"\" class=\"wp-image-66010\" width=\"358\" height=\"358\" srcset=\"https:\/\/olimpijski.pl\/wp-content\/uploads\/2023\/02\/rapacz-1024x1024.jpg 1024w, https:\/\/olimpijski.pl\/wp-content\/uploads\/2023\/02\/rapacz-300x300.jpg 300w, https:\/\/olimpijski.pl\/wp-content\/uploads\/2023\/02\/rapacz-150x150.jpg 150w, https:\/\/olimpijski.pl\/wp-content\/uploads\/2023\/02\/rapacz-768x768.jpg 768w, https:\/\/olimpijski.pl\/wp-content\/uploads\/2023\/02\/rapacz-1536x1536.jpg 1536w, https:\/\/olimpijski.pl\/wp-content\/uploads\/2023\/02\/rapacz-600x600.jpg 600w, https:\/\/olimpijski.pl\/wp-content\/uploads\/2023\/02\/rapacz.jpg 1600w\" sizes=\"(max-width: 358px) 100vw, 358px\" \/><\/figure>\n\n\n\n<figure class=\"wp-block-image size-large is-resized\"><img loading=\"lazy\" decoding=\"async\" src=\"https:\/\/olimpijski.pl\/wp-content\/uploads\/2023\/02\/slowik-1024x1024.jpg\" alt=\"\" class=\"wp-image-66012\" width=\"358\" height=\"358\" srcset=\"https:\/\/olimpijski.pl\/wp-content\/uploads\/2023\/02\/slowik-1024x1024.jpg 1024w, https:\/\/olimpijski.pl\/wp-content\/uploads\/2023\/02\/slowik-300x300.jpg 300w, https:\/\/olimpijski.pl\/wp-content\/uploads\/2023\/02\/slowik-150x150.jpg 150w, https:\/\/olimpijski.pl\/wp-content\/uploads\/2023\/02\/slowik-768x768.jpg 768w, https:\/\/olimpijski.pl\/wp-content\/uploads\/2023\/02\/slowik-1536x1536.jpg 1536w, https:\/\/olimpijski.pl\/wp-content\/uploads\/2023\/02\/slowik-600x600.jpg 600w, https:\/\/olimpijski.pl\/wp-content\/uploads\/2023\/02\/slowik.jpg 1600w\" sizes=\"(max-width: 358px) 100vw, 358px\" \/><\/figure>\n\n\n\n<figure class=\"wp-block-image size-large is-resized\"><img loading=\"lazy\" decoding=\"async\" src=\"https:\/\/olimpijski.pl\/wp-content\/uploads\/2023\/02\/tajner-1024x1024.jpg\" alt=\"\" class=\"wp-image-66014\" width=\"358\" height=\"358\" srcset=\"https:\/\/olimpijski.pl\/wp-content\/uploads\/2023\/02\/tajner-1024x1024.jpg 1024w, https:\/\/olimpijski.pl\/wp-content\/uploads\/2023\/02\/tajner-300x300.jpg 300w, https:\/\/olimpijski.pl\/wp-content\/uploads\/2023\/02\/tajner-150x150.jpg 150w, https:\/\/olimpijski.pl\/wp-content\/uploads\/2023\/02\/tajner-768x768.jpg 768w, https:\/\/olimpijski.pl\/wp-content\/uploads\/2023\/02\/tajner-1536x1536.jpg 1536w, https:\/\/olimpijski.pl\/wp-content\/uploads\/2023\/02\/tajner-600x600.jpg 600w, https:\/\/olimpijski.pl\/wp-content\/uploads\/2023\/02\/tajner.jpg 1600w\" sizes=\"(max-width: 358px) 100vw, 358px\" \/><\/figure>\n\n\n\n<figure class=\"wp-block-image size-large is-resized\"><img loading=\"lazy\" decoding=\"async\" src=\"https:\/\/olimpijski.pl\/wp-content\/uploads\/2023\/02\/amilkiewicz-1024x1024.jpg\" alt=\"\" class=\"wp-image-66016\" width=\"358\" height=\"358\" srcset=\"https:\/\/olimpijski.pl\/wp-content\/uploads\/2023\/02\/amilkiewicz-1024x1024.jpg 1024w, https:\/\/olimpijski.pl\/wp-content\/uploads\/2023\/02\/amilkiewicz-300x300.jpg 300w, https:\/\/olimpijski.pl\/wp-content\/uploads\/2023\/02\/amilkiewicz-150x150.jpg 150w, https:\/\/olimpijski.pl\/wp-content\/uploads\/2023\/02\/amilkiewicz-768x768.jpg 768w, https:\/\/olimpijski.pl\/wp-content\/uploads\/2023\/02\/amilkiewicz-1536x1536.jpg 1536w, https:\/\/olimpijski.pl\/wp-content\/uploads\/2023\/02\/amilkiewicz-600x600.jpg 600w, https:\/\/olimpijski.pl\/wp-content\/uploads\/2023\/02\/amilkiewicz.jpg 1600w\" sizes=\"(max-width: 358px) 100vw, 358px\" \/><\/figure>\n\n\n\n<figure class=\"wp-block-image size-large is-resized\"><img loading=\"lazy\" decoding=\"async\" src=\"https:\/\/olimpijski.pl\/wp-content\/uploads\/2023\/02\/joniak-1024x1024.jpg\" alt=\"\" class=\"wp-image-66018\" width=\"358\" height=\"358\" srcset=\"https:\/\/olimpijski.pl\/wp-content\/uploads\/2023\/02\/joniak-1024x1024.jpg 1024w, https:\/\/olimpijski.pl\/wp-content\/uploads\/2023\/02\/joniak-300x300.jpg 300w, https:\/\/olimpijski.pl\/wp-content\/uploads\/2023\/02\/joniak-150x150.jpg 150w, https:\/\/olimpijski.pl\/wp-content\/uploads\/2023\/02\/joniak-768x768.jpg 768w, https:\/\/olimpijski.pl\/wp-content\/uploads\/2023\/02\/joniak-1536x1536.jpg 1536w, https:\/\/olimpijski.pl\/wp-content\/uploads\/2023\/02\/joniak-600x600.jpg 600w, https:\/\/olimpijski.pl\/wp-content\/uploads\/2023\/02\/joniak.jpg 1600w\" sizes=\"(max-width: 358px) 100vw, 358px\" \/><\/figure>\n\n\n\n<figure class=\"wp-block-image size-large is-resized\"><img loading=\"lazy\" decoding=\"async\" src=\"https:\/\/olimpijski.pl\/wp-content\/uploads\/2023\/02\/staszel-1024x1024.jpg\" alt=\"\" class=\"wp-image-66020\" width=\"358\" height=\"358\" srcset=\"https:\/\/olimpijski.pl\/wp-content\/uploads\/2023\/02\/staszel-1024x1024.jpg 1024w, https:\/\/olimpijski.pl\/wp-content\/uploads\/2023\/02\/staszel-300x300.jpg 300w, https:\/\/olimpijski.pl\/wp-content\/uploads\/2023\/02\/staszel-150x150.jpg 150w, https:\/\/olimpijski.pl\/wp-content\/uploads\/2023\/02\/staszel-768x768.jpg 768w, https:\/\/olimpijski.pl\/wp-content\/uploads\/2023\/02\/staszel-1536x1536.jpg 1536w, https:\/\/olimpijski.pl\/wp-content\/uploads\/2023\/02\/staszel-600x600.jpg 600w, https:\/\/olimpijski.pl\/wp-content\/uploads\/2023\/02\/staszel.jpg 1600w\" sizes=\"(max-width: 358px) 100vw, 358px\" \/><\/figure>\n\n\n\n<figure class=\"wp-block-image size-large is-resized\"><img loading=\"lazy\" decoding=\"async\" src=\"https:\/\/olimpijski.pl\/wp-content\/uploads\/2023\/02\/szozda-1024x1024.jpg\" alt=\"\" class=\"wp-image-66022\" width=\"359\" height=\"359\" srcset=\"https:\/\/olimpijski.pl\/wp-content\/uploads\/2023\/02\/szozda-1024x1024.jpg 1024w, https:\/\/olimpijski.pl\/wp-content\/uploads\/2023\/02\/szozda-300x300.jpg 300w, https:\/\/olimpijski.pl\/wp-content\/uploads\/2023\/02\/szozda-150x150.jpg 150w, https:\/\/olimpijski.pl\/wp-content\/uploads\/2023\/02\/szozda-768x768.jpg 768w, https:\/\/olimpijski.pl\/wp-content\/uploads\/2023\/02\/szozda-1536x1536.jpg 1536w, https:\/\/olimpijski.pl\/wp-content\/uploads\/2023\/02\/szozda-600x600.jpg 600w, https:\/\/olimpijski.pl\/wp-content\/uploads\/2023\/02\/szozda.jpg 1600w\" sizes=\"(max-width: 359px) 100vw, 359px\" \/><\/figure>\n\n\n\n<p>\u2014<br>BART\u0141OMIEJ K\u0141USEK \u2013 trener<br>WOJCIECH TAJNER \u2013 trener<br>GRZEGORZ MI\u0118TUS \u2013 trener<br>MARCIN BACHLEDA \u2013 trener<\/p>\n\n\n\n<h2 class=\"wp-block-heading\"><strong>NARCIARSTWO ALPEJSKIE<\/strong><\/h2>\n\n\n\n<figure class=\"wp-block-image size-full is-resized\"><img loading=\"lazy\" decoding=\"async\" src=\"https:\/\/olimpijski.pl\/wp-content\/uploads\/2023\/02\/bando.jpg\" alt=\"\" class=\"wp-image-66024\" width=\"357\" height=\"357\" srcset=\"https:\/\/olimpijski.pl\/wp-content\/uploads\/2023\/02\/bando.jpg 833w, https:\/\/olimpijski.pl\/wp-content\/uploads\/2023\/02\/bando-300x300.jpg 300w, https:\/\/olimpijski.pl\/wp-content\/uploads\/2023\/02\/bando-150x150.jpg 150w, https:\/\/olimpijski.pl\/wp-content\/uploads\/2023\/02\/bando-768x768.jpg 768w, https:\/\/olimpijski.pl\/wp-content\/uploads\/2023\/02\/bando-600x600.jpg 600w\" sizes=\"(max-width: 357px) 100vw, 357px\" \/><\/figure>\n\n\n\n<figure class=\"wp-block-image size-large is-resized\"><img loading=\"lazy\" decoding=\"async\" src=\"https:\/\/olimpijski.pl\/wp-content\/uploads\/2023\/02\/komorowska-1024x1024.jpg\" alt=\"\" class=\"wp-image-66026\" width=\"357\" height=\"357\" srcset=\"https:\/\/olimpijski.pl\/wp-content\/uploads\/2023\/02\/komorowska-1024x1024.jpg 1024w, https:\/\/olimpijski.pl\/wp-content\/uploads\/2023\/02\/komorowska-300x300.jpg 300w, https:\/\/olimpijski.pl\/wp-content\/uploads\/2023\/02\/komorowska-150x150.jpg 150w, https:\/\/olimpijski.pl\/wp-content\/uploads\/2023\/02\/komorowska-768x768.jpg 768w, https:\/\/olimpijski.pl\/wp-content\/uploads\/2023\/02\/komorowska-1536x1536.jpg 1536w, https:\/\/olimpijski.pl\/wp-content\/uploads\/2023\/02\/komorowska-600x600.jpg 600w, https:\/\/olimpijski.pl\/wp-content\/uploads\/2023\/02\/komorowska.jpg 1600w\" sizes=\"(max-width: 357px) 100vw, 357px\" \/><\/figure>\n\n\n\n<p><\/p>\n\n\n\n<figure class=\"wp-block-image size-large is-resized\"><img loading=\"lazy\" decoding=\"async\" src=\"https:\/\/olimpijski.pl\/wp-content\/uploads\/2023\/02\/wozniczka-1024x1024.jpg\" alt=\"\" class=\"wp-image-66028\" width=\"358\" height=\"358\" srcset=\"https:\/\/olimpijski.pl\/wp-content\/uploads\/2023\/02\/wozniczka-1024x1024.jpg 1024w, https:\/\/olimpijski.pl\/wp-content\/uploads\/2023\/02\/wozniczka-300x300.jpg 300w, https:\/\/olimpijski.pl\/wp-content\/uploads\/2023\/02\/wozniczka-150x150.jpg 150w, https:\/\/olimpijski.pl\/wp-content\/uploads\/2023\/02\/wozniczka-768x768.jpg 768w, https:\/\/olimpijski.pl\/wp-content\/uploads\/2023\/02\/wozniczka-1536x1536.jpg 1536w, https:\/\/olimpijski.pl\/wp-content\/uploads\/2023\/02\/wozniczka-600x600.jpg 600w, https:\/\/olimpijski.pl\/wp-content\/uploads\/2023\/02\/wozniczka.jpg 1600w\" sizes=\"(max-width: 358px) 100vw, 358px\" \/><\/figure>\n\n\n\n<figure class=\"wp-block-image size-large is-resized\"><img loading=\"lazy\" decoding=\"async\" src=\"https:\/\/olimpijski.pl\/wp-content\/uploads\/2023\/02\/zieba-1024x1024.jpg\" alt=\"\" class=\"wp-image-66030\" width=\"358\" height=\"358\" srcset=\"https:\/\/olimpijski.pl\/wp-content\/uploads\/2023\/02\/zieba-1024x1024.jpg 1024w, https:\/\/olimpijski.pl\/wp-content\/uploads\/2023\/02\/zieba-300x300.jpg 300w, https:\/\/olimpijski.pl\/wp-content\/uploads\/2023\/02\/zieba-150x150.jpg 150w, https:\/\/olimpijski.pl\/wp-content\/uploads\/2023\/02\/zieba-768x768.jpg 768w, https:\/\/olimpijski.pl\/wp-content\/uploads\/2023\/02\/zieba-1536x1536.jpg 1536w, https:\/\/olimpijski.pl\/wp-content\/uploads\/2023\/02\/zieba-600x600.jpg 600w, https:\/\/olimpijski.pl\/wp-content\/uploads\/2023\/02\/zieba.jpg 1600w\" sizes=\"(max-width: 358px) 100vw, 358px\" \/><\/figure>\n\n\n\n<figure class=\"wp-block-image size-large is-resized\"><img loading=\"lazy\" decoding=\"async\" src=\"https:\/\/olimpijski.pl\/wp-content\/uploads\/2023\/02\/kaczmarek-1024x1024.jpg\" alt=\"\" class=\"wp-image-66032\" width=\"358\" height=\"358\" srcset=\"https:\/\/olimpijski.pl\/wp-content\/uploads\/2023\/02\/kaczmarek-1024x1024.jpg 1024w, https:\/\/olimpijski.pl\/wp-content\/uploads\/2023\/02\/kaczmarek-300x300.jpg 300w, https:\/\/olimpijski.pl\/wp-content\/uploads\/2023\/02\/kaczmarek-150x150.jpg 150w, https:\/\/olimpijski.pl\/wp-content\/uploads\/2023\/02\/kaczmarek-768x768.jpg 768w, https:\/\/olimpijski.pl\/wp-content\/uploads\/2023\/02\/kaczmarek-1536x1536.jpg 1536w, https:\/\/olimpijski.pl\/wp-content\/uploads\/2023\/02\/kaczmarek-600x600.jpg 600w, https:\/\/olimpijski.pl\/wp-content\/uploads\/2023\/02\/kaczmarek.jpg 1600w\" sizes=\"(max-width: 358px) 100vw, 358px\" \/><\/figure>\n\n\n\n<figure class=\"wp-block-image size-large is-resized\"><img loading=\"lazy\" decoding=\"async\" src=\"https:\/\/olimpijski.pl\/wp-content\/uploads\/2023\/02\/lodzinski-1024x1024.jpg\" alt=\"\" class=\"wp-image-66034\" width=\"358\" height=\"358\" srcset=\"https:\/\/olimpijski.pl\/wp-content\/uploads\/2023\/02\/lodzinski-1024x1024.jpg 1024w, https:\/\/olimpijski.pl\/wp-content\/uploads\/2023\/02\/lodzinski-300x300.jpg 300w, https:\/\/olimpijski.pl\/wp-content\/uploads\/2023\/02\/lodzinski-150x150.jpg 150w, https:\/\/olimpijski.pl\/wp-content\/uploads\/2023\/02\/lodzinski-768x768.jpg 768w, https:\/\/olimpijski.pl\/wp-content\/uploads\/2023\/02\/lodzinski-1536x1536.jpg 1536w, https:\/\/olimpijski.pl\/wp-content\/uploads\/2023\/02\/lodzinski-600x600.jpg 600w, https:\/\/olimpijski.pl\/wp-content\/uploads\/2023\/02\/lodzinski.jpg 1600w\" sizes=\"(max-width: 358px) 100vw, 358px\" \/><\/figure>\n\n\n\n<figure class=\"wp-block-image size-large is-resized\"><img loading=\"lazy\" decoding=\"async\" src=\"https:\/\/olimpijski.pl\/wp-content\/uploads\/2023\/02\/szarzynski-1024x1024.jpg\" alt=\"\" class=\"wp-image-66036\" width=\"358\" height=\"358\" srcset=\"https:\/\/olimpijski.pl\/wp-content\/uploads\/2023\/02\/szarzynski-1024x1024.jpg 1024w, https:\/\/olimpijski.pl\/wp-content\/uploads\/2023\/02\/szarzynski-300x300.jpg 300w, https:\/\/olimpijski.pl\/wp-content\/uploads\/2023\/02\/szarzynski-150x150.jpg 150w, https:\/\/olimpijski.pl\/wp-content\/uploads\/2023\/02\/szarzynski-768x768.jpg 768w, https:\/\/olimpijski.pl\/wp-content\/uploads\/2023\/02\/szarzynski-1536x1536.jpg 1536w, https:\/\/olimpijski.pl\/wp-content\/uploads\/2023\/02\/szarzynski-600x600.jpg 600w, https:\/\/olimpijski.pl\/wp-content\/uploads\/2023\/02\/szarzynski.jpg 1600w\" sizes=\"(max-width: 358px) 100vw, 358px\" \/><\/figure>\n\n\n\n<figure class=\"wp-block-image size-large is-resized\"><img loading=\"lazy\" decoding=\"async\" src=\"https:\/\/olimpijski.pl\/wp-content\/uploads\/2023\/02\/szczap-1024x1024.jpg\" alt=\"\" class=\"wp-image-66038\" width=\"358\" height=\"358\" srcset=\"https:\/\/olimpijski.pl\/wp-content\/uploads\/2023\/02\/szczap-1024x1024.jpg 1024w, https:\/\/olimpijski.pl\/wp-content\/uploads\/2023\/02\/szczap-300x300.jpg 300w, https:\/\/olimpijski.pl\/wp-content\/uploads\/2023\/02\/szczap-150x150.jpg 150w, https:\/\/olimpijski.pl\/wp-content\/uploads\/2023\/02\/szczap-768x768.jpg 768w, https:\/\/olimpijski.pl\/wp-content\/uploads\/2023\/02\/szczap-1536x1536.jpg 1536w, https:\/\/olimpijski.pl\/wp-content\/uploads\/2023\/02\/szczap-600x600.jpg 600w, https:\/\/olimpijski.pl\/wp-content\/uploads\/2023\/02\/szczap.jpg 1600w\" sizes=\"(max-width: 358px) 100vw, 358px\" \/><\/figure>\n\n\n\n<p>\u2014<br>JANUSZ STARZYK \u2013 trener<br>MACIEJ BYDLI\u0143SKI \u2013 trener<br>TOMASZ STANEK \u2013 trener<br>AMADEUSZ TYSZKOWSKI \u2013 serwis<br>ALEKSANDRA WYPAR\u0141O-KOPE\u0106 \u2013 fizjoterapeuta<\/p>\n\n\n\n<h2 class=\"wp-block-heading\"><strong>NARCIARSTWO DOWOLNE<\/strong><\/h2>\n\n\n\n<figure class=\"wp-block-image size-large is-resized\"><img loading=\"lazy\" decoding=\"async\" src=\"https:\/\/olimpijski.pl\/wp-content\/uploads\/2023\/02\/cukier-1024x1024.jpg\" alt=\"\" class=\"wp-image-66040\" width=\"358\" height=\"358\" srcset=\"https:\/\/olimpijski.pl\/wp-content\/uploads\/2023\/02\/cukier-1024x1024.jpg 1024w, https:\/\/olimpijski.pl\/wp-content\/uploads\/2023\/02\/cukier-300x300.jpg 300w, https:\/\/olimpijski.pl\/wp-content\/uploads\/2023\/02\/cukier-150x150.jpg 150w, https:\/\/olimpijski.pl\/wp-content\/uploads\/2023\/02\/cukier-768x768.jpg 768w, https:\/\/olimpijski.pl\/wp-content\/uploads\/2023\/02\/cukier-1536x1536.jpg 1536w, https:\/\/olimpijski.pl\/wp-content\/uploads\/2023\/02\/cukier-600x600.jpg 600w, https:\/\/olimpijski.pl\/wp-content\/uploads\/2023\/02\/cukier.jpg 1600w\" sizes=\"(max-width: 358px) 100vw, 358px\" \/><\/figure>\n\n\n\n<p>\u2014<br>ROBERT SZUL \u2013 trener<\/p>\n\n\n\n<h2 class=\"wp-block-heading\"><strong>SNOWBOARD ALPEJSKI<\/strong><\/h2>\n\n\n\n<figure class=\"wp-block-image size-large is-resized\"><img loading=\"lazy\" decoding=\"async\" src=\"https:\/\/olimpijski.pl\/wp-content\/uploads\/2023\/02\/dawidek-1024x1024.jpg\" alt=\"\" class=\"wp-image-66042\" width=\"357\" height=\"357\" srcset=\"https:\/\/olimpijski.pl\/wp-content\/uploads\/2023\/02\/dawidek-1024x1024.jpg 1024w, https:\/\/olimpijski.pl\/wp-content\/uploads\/2023\/02\/dawidek-300x300.jpg 300w, https:\/\/olimpijski.pl\/wp-content\/uploads\/2023\/02\/dawidek-150x150.jpg 150w, https:\/\/olimpijski.pl\/wp-content\/uploads\/2023\/02\/dawidek-768x768.jpg 768w, https:\/\/olimpijski.pl\/wp-content\/uploads\/2023\/02\/dawidek-1536x1536.jpg 1536w, https:\/\/olimpijski.pl\/wp-content\/uploads\/2023\/02\/dawidek-600x600.jpg 600w, https:\/\/olimpijski.pl\/wp-content\/uploads\/2023\/02\/dawidek.jpg 1600w\" sizes=\"(max-width: 357px) 100vw, 357px\" \/><\/figure>\n\n\n\n<figure class=\"wp-block-image size-large is-resized\"><img loading=\"lazy\" decoding=\"async\" src=\"https:\/\/olimpijski.pl\/wp-content\/uploads\/2023\/02\/zapala-1024x1024.jpg\" alt=\"\" class=\"wp-image-66044\" width=\"358\" height=\"358\" srcset=\"https:\/\/olimpijski.pl\/wp-content\/uploads\/2023\/02\/zapala-1024x1024.jpg 1024w, https:\/\/olimpijski.pl\/wp-content\/uploads\/2023\/02\/zapala-300x300.jpg 300w, https:\/\/olimpijski.pl\/wp-content\/uploads\/2023\/02\/zapala-150x150.jpg 150w, https:\/\/olimpijski.pl\/wp-content\/uploads\/2023\/02\/zapala-768x768.jpg 768w, https:\/\/olimpijski.pl\/wp-content\/uploads\/2023\/02\/zapala-1536x1536.jpg 1536w, https:\/\/olimpijski.pl\/wp-content\/uploads\/2023\/02\/zapala-600x600.jpg 600w, https:\/\/olimpijski.pl\/wp-content\/uploads\/2023\/02\/zapala.jpg 1600w\" sizes=\"(max-width: 358px) 100vw, 358px\" \/><\/figure>\n\n\n\n<figure class=\"wp-block-image size-large is-resized\"><img loading=\"lazy\" decoding=\"async\" src=\"https:\/\/olimpijski.pl\/wp-content\/uploads\/2023\/02\/kaciczak-1024x1024.jpg\" alt=\"\" class=\"wp-image-66046\" width=\"357\" height=\"357\" srcset=\"https:\/\/olimpijski.pl\/wp-content\/uploads\/2023\/02\/kaciczak-1024x1024.jpg 1024w, https:\/\/olimpijski.pl\/wp-content\/uploads\/2023\/02\/kaciczak-300x300.jpg 300w, https:\/\/olimpijski.pl\/wp-content\/uploads\/2023\/02\/kaciczak-150x150.jpg 150w, https:\/\/olimpijski.pl\/wp-content\/uploads\/2023\/02\/kaciczak-768x768.jpg 768w, https:\/\/olimpijski.pl\/wp-content\/uploads\/2023\/02\/kaciczak-1536x1536.jpg 1536w, https:\/\/olimpijski.pl\/wp-content\/uploads\/2023\/02\/kaciczak-600x600.jpg 600w, https:\/\/olimpijski.pl\/wp-content\/uploads\/2023\/02\/kaciczak.jpg 1600w\" sizes=\"(max-width: 357px) 100vw, 357px\" \/><\/figure>\n\n\n\n<figure class=\"wp-block-image size-large is-resized\"><img loading=\"lazy\" decoding=\"async\" src=\"https:\/\/olimpijski.pl\/wp-content\/uploads\/2023\/02\/kulpinski-1024x1024.jpg\" alt=\"\" class=\"wp-image-66048\" width=\"358\" height=\"358\" srcset=\"https:\/\/olimpijski.pl\/wp-content\/uploads\/2023\/02\/kulpinski-1024x1024.jpg 1024w, https:\/\/olimpijski.pl\/wp-content\/uploads\/2023\/02\/kulpinski-300x300.jpg 300w, https:\/\/olimpijski.pl\/wp-content\/uploads\/2023\/02\/kulpinski-150x150.jpg 150w, https:\/\/olimpijski.pl\/wp-content\/uploads\/2023\/02\/kulpinski-768x768.jpg 768w, https:\/\/olimpijski.pl\/wp-content\/uploads\/2023\/02\/kulpinski-1536x1536.jpg 1536w, https:\/\/olimpijski.pl\/wp-content\/uploads\/2023\/02\/kulpinski-600x600.jpg 600w, https:\/\/olimpijski.pl\/wp-content\/uploads\/2023\/02\/kulpinski.jpg 1600w\" sizes=\"(max-width: 358px) 100vw, 358px\" \/><\/figure>\n\n\n\n<p>\u2014<br>MARCIN SITARZ \u2013 trener<br>PAWE\u0141 DAWIDEK \u2013 trener<br>JAN ZAKRZEWSKI \u2013 fizjoterapeuta<\/p>\n\n\n\n<h2 class=\"wp-block-heading\"><strong>SNOWBOARD FREESTYLE<\/strong><\/h2>\n\n\n\n<figure class=\"wp-block-image size-large is-resized\"><img loading=\"lazy\" decoding=\"async\" src=\"https:\/\/olimpijski.pl\/wp-content\/uploads\/2023\/02\/borowiak-1024x1024.jpg\" alt=\"\" class=\"wp-image-66050\" width=\"358\" height=\"358\" srcset=\"https:\/\/olimpijski.pl\/wp-content\/uploads\/2023\/02\/borowiak-1024x1024.jpg 1024w, https:\/\/olimpijski.pl\/wp-content\/uploads\/2023\/02\/borowiak-300x300.jpg 300w, https:\/\/olimpijski.pl\/wp-content\/uploads\/2023\/02\/borowiak-150x150.jpg 150w, https:\/\/olimpijski.pl\/wp-content\/uploads\/2023\/02\/borowiak-768x768.jpg 768w, https:\/\/olimpijski.pl\/wp-content\/uploads\/2023\/02\/borowiak-1536x1536.jpg 1536w, https:\/\/olimpijski.pl\/wp-content\/uploads\/2023\/02\/borowiak-600x600.jpg 600w, https:\/\/olimpijski.pl\/wp-content\/uploads\/2023\/02\/borowiak.jpg 1600w\" sizes=\"(max-width: 358px) 100vw, 358px\" \/><\/figure>\n\n\n\n<figure class=\"wp-block-image size-large is-resized\"><img loading=\"lazy\" decoding=\"async\" src=\"https:\/\/olimpijski.pl\/wp-content\/uploads\/2023\/02\/kozarski-1024x1024.jpg\" alt=\"\" class=\"wp-image-66052\" width=\"357\" height=\"357\" srcset=\"https:\/\/olimpijski.pl\/wp-content\/uploads\/2023\/02\/kozarski-1024x1024.jpg 1024w, https:\/\/olimpijski.pl\/wp-content\/uploads\/2023\/02\/kozarski-300x300.jpg 300w, https:\/\/olimpijski.pl\/wp-content\/uploads\/2023\/02\/kozarski-150x150.jpg 150w, https:\/\/olimpijski.pl\/wp-content\/uploads\/2023\/02\/kozarski-768x768.jpg 768w, https:\/\/olimpijski.pl\/wp-content\/uploads\/2023\/02\/kozarski-1536x1536.jpg 1536w, https:\/\/olimpijski.pl\/wp-content\/uploads\/2023\/02\/kozarski-600x600.jpg 600w, https:\/\/olimpijski.pl\/wp-content\/uploads\/2023\/02\/kozarski.jpg 1600w\" sizes=\"(max-width: 357px) 100vw, 357px\" \/><\/figure>\n\n\n\n<figure class=\"wp-block-image size-large is-resized\"><img loading=\"lazy\" decoding=\"async\" src=\"https:\/\/olimpijski.pl\/wp-content\/uploads\/2023\/02\/truszkowski-1024x1024.jpg\" alt=\"\" class=\"wp-image-66054\" width=\"357\" height=\"357\" srcset=\"https:\/\/olimpijski.pl\/wp-content\/uploads\/2023\/02\/truszkowski-1024x1024.jpg 1024w, https:\/\/olimpijski.pl\/wp-content\/uploads\/2023\/02\/truszkowski-300x300.jpg 300w, https:\/\/olimpijski.pl\/wp-content\/uploads\/2023\/02\/truszkowski-150x150.jpg 150w, https:\/\/olimpijski.pl\/wp-content\/uploads\/2023\/02\/truszkowski-768x768.jpg 768w, https:\/\/olimpijski.pl\/wp-content\/uploads\/2023\/02\/truszkowski-1536x1536.jpg 1536w, https:\/\/olimpijski.pl\/wp-content\/uploads\/2023\/02\/truszkowski-600x600.jpg 600w, https:\/\/olimpijski.pl\/wp-content\/uploads\/2023\/02\/truszkowski.jpg 1600w\" sizes=\"(max-width: 357px) 100vw, 357px\" \/><\/figure>\n\n\n\n<p>\u2014<br>TOMASZ ZBICIAK \u2013 trener<br>TOMASZ TYLKA \u2013 trener<\/p>\n\n\n\n<h2 class=\"wp-block-heading\"><strong>\u0141Y\u017bWIARSTWO FIGUROWE<\/strong><\/h2>\n\n\n\n<figure class=\"wp-block-image size-large is-resized\"><img loading=\"lazy\" decoding=\"async\" src=\"https:\/\/olimpijski.pl\/wp-content\/uploads\/2023\/02\/streuli-1024x1024.jpg\" alt=\"\" class=\"wp-image-66056\" width=\"358\" height=\"358\" srcset=\"https:\/\/olimpijski.pl\/wp-content\/uploads\/2023\/02\/streuli-1024x1024.jpg 1024w, https:\/\/olimpijski.pl\/wp-content\/uploads\/2023\/02\/streuli-300x300.jpg 300w, https:\/\/olimpijski.pl\/wp-content\/uploads\/2023\/02\/streuli-150x150.jpg 150w, https:\/\/olimpijski.pl\/wp-content\/uploads\/2023\/02\/streuli-768x768.jpg 768w, https:\/\/olimpijski.pl\/wp-content\/uploads\/2023\/02\/streuli-1536x1536.jpg 1536w, https:\/\/olimpijski.pl\/wp-content\/uploads\/2023\/02\/streuli-600x600.jpg 600w, https:\/\/olimpijski.pl\/wp-content\/uploads\/2023\/02\/streuli.jpg 1600w\" sizes=\"(max-width: 358px) 100vw, 358px\" \/><\/figure>\n\n\n\n<figure class=\"wp-block-image size-large is-resized\"><img loading=\"lazy\" decoding=\"async\" src=\"https:\/\/olimpijski.pl\/wp-content\/uploads\/2023\/02\/klimin-1024x1024.jpg\" alt=\"\" class=\"wp-image-66058\" width=\"357\" height=\"357\" srcset=\"https:\/\/olimpijski.pl\/wp-content\/uploads\/2023\/02\/klimin-1024x1024.jpg 1024w, https:\/\/olimpijski.pl\/wp-content\/uploads\/2023\/02\/klimin-300x300.jpg 300w, https:\/\/olimpijski.pl\/wp-content\/uploads\/2023\/02\/klimin-150x150.jpg 150w, https:\/\/olimpijski.pl\/wp-content\/uploads\/2023\/02\/klimin-768x768.jpg 768w, https:\/\/olimpijski.pl\/wp-content\/uploads\/2023\/02\/klimin-1536x1536.jpg 1536w, https:\/\/olimpijski.pl\/wp-content\/uploads\/2023\/02\/klimin-600x600.jpg 600w, https:\/\/olimpijski.pl\/wp-content\/uploads\/2023\/02\/klimin.jpg 1600w\" sizes=\"(max-width: 357px) 100vw, 357px\" \/><\/figure>\n\n\n\n<p>\u2014<br>LINDA VAN TROYEN \u2013 trenerka<br>JAN MO\u015aCICKI \u2013 trener<\/p>\n\n\n\n<h2 class=\"wp-block-heading\"><strong>SHORT TRACK<\/strong><\/h2>\n\n\n\n<figure class=\"wp-block-image size-large is-resized\"><img loading=\"lazy\" decoding=\"async\" src=\"https:\/\/olimpijski.pl\/wp-content\/uploads\/2023\/02\/mazur-1024x1024.jpg\" alt=\"\" class=\"wp-image-66060\" width=\"358\" height=\"358\" srcset=\"https:\/\/olimpijski.pl\/wp-content\/uploads\/2023\/02\/mazur-1024x1024.jpg 1024w, https:\/\/olimpijski.pl\/wp-content\/uploads\/2023\/02\/mazur-300x300.jpg 300w, https:\/\/olimpijski.pl\/wp-content\/uploads\/2023\/02\/mazur-150x150.jpg 150w, https:\/\/olimpijski.pl\/wp-content\/uploads\/2023\/02\/mazur-768x768.jpg 768w, https:\/\/olimpijski.pl\/wp-content\/uploads\/2023\/02\/mazur-1536x1536.jpg 1536w, https:\/\/olimpijski.pl\/wp-content\/uploads\/2023\/02\/mazur-600x600.jpg 600w, https:\/\/olimpijski.pl\/wp-content\/uploads\/2023\/02\/mazur.jpg 1600w\" sizes=\"(max-width: 358px) 100vw, 358px\" \/><\/figure>\n\n\n\n<figure class=\"wp-block-image size-large is-resized\"><img loading=\"lazy\" decoding=\"async\" src=\"https:\/\/olimpijski.pl\/wp-content\/uploads\/2023\/02\/wozniak-1024x1024.jpg\" alt=\"\" class=\"wp-image-66062\" width=\"357\" height=\"357\" srcset=\"https:\/\/olimpijski.pl\/wp-content\/uploads\/2023\/02\/wozniak-1024x1024.jpg 1024w, https:\/\/olimpijski.pl\/wp-content\/uploads\/2023\/02\/wozniak-300x300.jpg 300w, https:\/\/olimpijski.pl\/wp-content\/uploads\/2023\/02\/wozniak-150x150.jpg 150w, https:\/\/olimpijski.pl\/wp-content\/uploads\/2023\/02\/wozniak-768x768.jpg 768w, https:\/\/olimpijski.pl\/wp-content\/uploads\/2023\/02\/wozniak-1536x1536.jpg 1536w, https:\/\/olimpijski.pl\/wp-content\/uploads\/2023\/02\/wozniak-600x600.jpg 600w, https:\/\/olimpijski.pl\/wp-content\/uploads\/2023\/02\/wozniak.jpg 1600w\" sizes=\"(max-width: 357px) 100vw, 357px\" \/><\/figure>\n\n\n\n<figure class=\"wp-block-image size-large is-resized\"><img loading=\"lazy\" decoding=\"async\" src=\"https:\/\/olimpijski.pl\/wp-content\/uploads\/2023\/02\/madry-1024x1024.jpg\" alt=\"\" class=\"wp-image-66064\" width=\"357\" height=\"357\" srcset=\"https:\/\/olimpijski.pl\/wp-content\/uploads\/2023\/02\/madry-1024x1024.jpg 1024w, https:\/\/olimpijski.pl\/wp-content\/uploads\/2023\/02\/madry-300x300.jpg 300w, https:\/\/olimpijski.pl\/wp-content\/uploads\/2023\/02\/madry-150x150.jpg 150w, https:\/\/olimpijski.pl\/wp-content\/uploads\/2023\/02\/madry-768x768.jpg 768w, https:\/\/olimpijski.pl\/wp-content\/uploads\/2023\/02\/madry-1536x1536.jpg 1536w, https:\/\/olimpijski.pl\/wp-content\/uploads\/2023\/02\/madry-600x600.jpg 600w, https:\/\/olimpijski.pl\/wp-content\/uploads\/2023\/02\/madry.jpg 1600w\" sizes=\"(max-width: 357px) 100vw, 357px\" \/><\/figure>\n\n\n\n<figure class=\"wp-block-image size-large is-resized\"><img loading=\"lazy\" decoding=\"async\" src=\"https:\/\/olimpijski.pl\/wp-content\/uploads\/2023\/02\/palenceusz-1024x1024.jpg\" alt=\"\" class=\"wp-image-66066\" width=\"358\" height=\"358\" srcset=\"https:\/\/olimpijski.pl\/wp-content\/uploads\/2023\/02\/palenceusz-1024x1024.jpg 1024w, https:\/\/olimpijski.pl\/wp-content\/uploads\/2023\/02\/palenceusz-300x300.jpg 300w, https:\/\/olimpijski.pl\/wp-content\/uploads\/2023\/02\/palenceusz-150x150.jpg 150w, https:\/\/olimpijski.pl\/wp-content\/uploads\/2023\/02\/palenceusz-768x768.jpg 768w, https:\/\/olimpijski.pl\/wp-content\/uploads\/2023\/02\/palenceusz-1536x1536.jpg 1536w, https:\/\/olimpijski.pl\/wp-content\/uploads\/2023\/02\/palenceusz-600x600.jpg 600w, https:\/\/olimpijski.pl\/wp-content\/uploads\/2023\/02\/palenceusz.jpg 1600w\" sizes=\"(max-width: 358px) 100vw, 358px\" \/><\/figure>\n\n\n\n<p>\u2014<br>AGNIESZKA ZIEMCZONEK \u2013 trenerka<br>BARTOSZ KONOPKO \u2013 trener<\/p>\n\n\n\n<h2 class=\"wp-block-heading\"><strong>NARCIARSTWO WYSOKOG\u00d3RSKIE<\/strong><\/h2>\n\n\n\n<figure class=\"wp-block-image size-large is-resized\"><img loading=\"lazy\" decoding=\"async\" src=\"https:\/\/olimpijski.pl\/wp-content\/uploads\/2023\/02\/gomola-1024x1024.jpg\" alt=\"\" class=\"wp-image-66068\" width=\"356\" height=\"356\" srcset=\"https:\/\/olimpijski.pl\/wp-content\/uploads\/2023\/02\/gomola-1024x1024.jpg 1024w, https:\/\/olimpijski.pl\/wp-content\/uploads\/2023\/02\/gomola-300x300.jpg 300w, https:\/\/olimpijski.pl\/wp-content\/uploads\/2023\/02\/gomola-150x150.jpg 150w, https:\/\/olimpijski.pl\/wp-content\/uploads\/2023\/02\/gomola-768x768.jpg 768w, https:\/\/olimpijski.pl\/wp-content\/uploads\/2023\/02\/gomola-1536x1536.jpg 1536w, https:\/\/olimpijski.pl\/wp-content\/uploads\/2023\/02\/gomola-600x600.jpg 600w, https:\/\/olimpijski.pl\/wp-content\/uploads\/2023\/02\/gomola.jpg 1600w\" sizes=\"(max-width: 356px) 100vw, 356px\" \/><\/figure>\n\n\n\n<figure class=\"wp-block-image size-large is-resized\"><img loading=\"lazy\" decoding=\"async\" src=\"https:\/\/olimpijski.pl\/wp-content\/uploads\/2023\/02\/kloda-1024x1024.jpg\" alt=\"\" class=\"wp-image-66070\" width=\"359\" height=\"359\" srcset=\"https:\/\/olimpijski.pl\/wp-content\/uploads\/2023\/02\/kloda-1024x1024.jpg 1024w, https:\/\/olimpijski.pl\/wp-content\/uploads\/2023\/02\/kloda-300x300.jpg 300w, https:\/\/olimpijski.pl\/wp-content\/uploads\/2023\/02\/kloda-150x150.jpg 150w, https:\/\/olimpijski.pl\/wp-content\/uploads\/2023\/02\/kloda-768x768.jpg 768w, https:\/\/olimpijski.pl\/wp-content\/uploads\/2023\/02\/kloda-1536x1536.jpg 1536w, https:\/\/olimpijski.pl\/wp-content\/uploads\/2023\/02\/kloda-600x600.jpg 600w, https:\/\/olimpijski.pl\/wp-content\/uploads\/2023\/02\/kloda.jpg 1600w\" sizes=\"(max-width: 359px) 100vw, 359px\" \/><\/figure>\n\n\n\n<figure class=\"wp-block-image size-large is-resized\"><img loading=\"lazy\" decoding=\"async\" src=\"https:\/\/olimpijski.pl\/wp-content\/uploads\/2023\/02\/kosny-1024x1024.jpg\" alt=\"\" class=\"wp-image-66072\" width=\"357\" height=\"357\" srcset=\"https:\/\/olimpijski.pl\/wp-content\/uploads\/2023\/02\/kosny-1024x1024.jpg 1024w, https:\/\/olimpijski.pl\/wp-content\/uploads\/2023\/02\/kosny-300x300.jpg 300w, https:\/\/olimpijski.pl\/wp-content\/uploads\/2023\/02\/kosny-150x150.jpg 150w, https:\/\/olimpijski.pl\/wp-content\/uploads\/2023\/02\/kosny-768x768.jpg 768w, https:\/\/olimpijski.pl\/wp-content\/uploads\/2023\/02\/kosny-1536x1536.jpg 1536w, https:\/\/olimpijski.pl\/wp-content\/uploads\/2023\/02\/kosny-600x600.jpg 600w, https:\/\/olimpijski.pl\/wp-content\/uploads\/2023\/02\/kosny.jpg 1600w\" sizes=\"(max-width: 357px) 100vw, 357px\" \/><\/figure>\n\n\n\n<figure class=\"wp-block-image size-large is-resized\"><img loading=\"lazy\" decoding=\"async\" src=\"https:\/\/olimpijski.pl\/wp-content\/uploads\/2023\/02\/mrowinski-1024x1024.jpg\" alt=\"\" class=\"wp-image-66074\" width=\"357\" height=\"357\" srcset=\"https:\/\/olimpijski.pl\/wp-content\/uploads\/2023\/02\/mrowinski-1024x1024.jpg 1024w, https:\/\/olimpijski.pl\/wp-content\/uploads\/2023\/02\/mrowinski-300x300.jpg 300w, https:\/\/olimpijski.pl\/wp-content\/uploads\/2023\/02\/mrowinski-150x150.jpg 150w, https:\/\/olimpijski.pl\/wp-content\/uploads\/2023\/02\/mrowinski-768x768.jpg 768w, https:\/\/olimpijski.pl\/wp-content\/uploads\/2023\/02\/mrowinski-1536x1536.jpg 1536w, https:\/\/olimpijski.pl\/wp-content\/uploads\/2023\/02\/mrowinski-600x600.jpg 600w, https:\/\/olimpijski.pl\/wp-content\/uploads\/2023\/02\/mrowinski.jpg 1600w\" sizes=\"(max-width: 357px) 100vw, 357px\" \/><\/figure>\n\n\n\n<p>\u2014<br>DARIUSZ KAFAROWSKI \u2013 trener<br>MATEUSZ KULIG \u2013 trener<br>MONIKA STROJNY \u2013 serwis<br>JAKUB G\u0104SIOR \u2013 serwis<\/p>\n\n<\/div>\n\t\t<\/div>\n<\/div>\n\n\n<hr class=\"wp-block-separator has-alpha-channel-opacity\"\/>\n\n\n\n<h2 class=\"wp-block-heading\"><strong>Polscy multimedali\u015bci EYOF<\/strong><\/h2>\n\n\n\n<p>1. Hanna Mazur (short track) \u2013 1-2-1<br>2. Klemens Joniak (skoki narciarskie) \u2013 0-4-0<br>3. Wiktor Szozda (skoki narciarskie) \u2013 0-2-1<br>4. Kornelia Wo\u017aniak (short track) \u2013 0-2-1<br>5. Dominik Palenceusz (short track) \u2013 0-1-2<\/p>\n\n\n\n<h2 class=\"wp-block-heading\"><strong>Polscy medali\u015bci XVI EYOF FVG 2023<\/strong><\/h2>\n\n\n\n<p><strong>Z\u0142ote medale<\/strong><\/p>\n\n\n\n<p>Hanna Mazur (short track) \u2013 1500 m<\/p>\n\n\n\n<p><strong>Srebrne medale<\/strong><\/p>\n\n\n\n<p>Hanna Mazur (short track) \u2013 1000 m<br>Kornelia Wo\u017aniak (short track) \u2013 1500 m<br>Dru\u017cyna mieszana (short track) \u2013 Hanna Mazur, Kornelia Wo\u017aniak, Dominik Palenceusz, Krzysztof M\u0105dry<br>Jakub Potoniec (biathlon) \u2013 sprint, 7,5 km<br>Klemens Joniak (skoki narciarskie) \u2013 skocznia normalna<br>Dru\u017cyna ch\u0142opc\u00f3w (skoki narciarskie\/NH) \u2013 Klemens Joniak, Wiktor Szozda, Tymoteusz Amilkiewicz, Klemens Staszel<br>Dru\u017cyna mieszana (skoki narciarskie\/NH) \u2013 Natalia S\u0142owik, Pola Be\u0142towska, Klemens Joniak, Wiktor Szozda<br><br><strong>Br\u0105zowe medale<\/strong><\/p>\n\n\n\n<p>Wiktor Szozda (skoki narciarskie) \u2013 skocznia normalna<br>Noelle Streuli (\u0142y\u017cwiarstwo figurowe) \u2013 solistka<br>Kornelia Wo\u017aniak (short track) \u2013 1000 m<br>Hanna Mazur (short track) \u2013 500 m<br>Dominik Palenceusz (short track) \u2013 500 m<br>Dominik Palenceusz (short track) \u2013 1500 m<\/p>\n","protected":false},"excerpt":{"rendered":"<p>XVI Zimowy EYOFFriuli Venezia Giulia 2023 FRIULI VENEZIA GIULIA (W\u0142ochy), 21-28 stycznia 2023 XVI Zimowy EYOF Friuli Venezia Giulia 2023 by\u0142 rekordowy<\/p>\n","protected":false},"featured_media":0,"parent":0,"menu_order":0,"template":"templates\/olympic_main_subpage.php","meta":{"_acf_changed":false,"ub_ctt_via":"","footnotes":""},"class_list":["post-65957","olympics_eyof","type-olympics_eyof","status-publish","hentry","infinite-scroll-item","no-featured-image-padding"],"acf":{"special_bg_img":false,"hide_breadcrumbs":[],"competitions_olympic":false,"pokaz_ustawienia_ze_starego_systemu":false,"startdate":"21.01.2023 8:00 pm","enddate":"28.01.2023 5:00 pm","place":"Friuli Venezia Giulia","year":"2023","logo":"https:\/\/olimpijski.pl\/wp-content\/uploads\/2023\/02\/eyof2023_zima_m.jpg","histroy_tabs":false,"hide_representative_checkbox":false,"no_medals_info":"<p>&#8211;<\/p>\n"},"_links":{"self":[{"href":"https:\/\/olimpijski.pl\/en\/wp-json\/wp\/v2\/olympics_eyof\/65957"}],"collection":[{"href":"https:\/\/olimpijski.pl\/en\/wp-json\/wp\/v2\/olympics_eyof"}],"about":[{"href":"https:\/\/olimpijski.pl\/en\/wp-json\/wp\/v2\/types\/olympics_eyof"}],"version-history":[{"count":2,"href":"https:\/\/olimpijski.pl\/en\/wp-json\/wp\/v2\/olympics_eyof\/65957\/revisions"}],"predecessor-version":[{"id":93043,"href":"https:\/\/olimpijski.pl\/en\/wp-json\/wp\/v2\/olympics_eyof\/65957\/revisions\/93043"}],"wp:attachment":[{"href":"https:\/\/olimpijski.pl\/en\/wp-json\/wp\/v2\/media?parent=65957"}],"curies":[{"name":"wp","href":"https:\/\/api.w.org\/{rel}","templated":true}]}}