{"id":74741,"date":"2023-07-21T00:16:05","date_gmt":"2023-07-20T22:16:05","guid":{"rendered":"https:\/\/olimpijski.pl\/?post_type=olympics_eyof&#038;p=74741"},"modified":"2025-07-03T00:48:38","modified_gmt":"2025-07-02T22:48:38","slug":"xvii-letni-eyof-maribor-2023","status":"publish","type":"olympics_eyof","link":"https:\/\/olimpijski.pl\/en\/olympics_eyof\/xvii-letni-eyof-maribor-2023\/","title":{"rendered":"XVII Letni EYOF \u2013 Maribor 2023"},"content":{"rendered":"\n\n\n\n<p><\/p>\n\n\n\n<div class=\"wp-block-columns are-vertically-aligned-center is-layout-flex wp-container-core-columns-is-layout-1 wp-block-columns-is-layout-flex\">\n<div class=\"wp-block-column is-vertically-aligned-center sidebar is-layout-flow wp-block-column-is-layout-flow\" style=\"flex-basis:50%\"><div class=\"sidebar\"><ul class=\"olympic-widget-menu\"><li><a href=https:\/\/olimpijski.pl\/en\/olympics_eyof\/xvii-letni-eyof-maribor-2023\/reprezentacja-polski\/>Reprezentacja Polski<\/a><\/li><li><a href=https:\/\/olimpijski.pl\/en\/olympics_eyof\/xvii-letni-eyof-maribor-2023\/misja\/>Misja<\/a><\/li><li><a href=https:\/\/olimpijski.pl\/en\/olympics_eyof\/xvii-letni-eyof-maribor-2023\/medale-polakow\/>Medale Polak\u00f3w<\/a><\/li><li><a href=https:\/\/olimpijski.pl\/en\/olympics_eyof\/xvii-letni-eyof-maribor-2023\/aktualnosci-2\/>Aktualno\u015bci<\/a><\/li><li><a href=https:\/\/olimpijski.pl\/en\/olympics_eyof\/xvii-letni-eyof-maribor-2023\/liczby-eyof\/>Liczby EYOF<\/a><\/li><li><a href=https:\/\/olimpijski.pl\/en\/olympics_eyof\/xvii-letni-eyof-maribor-2023\/maribor-2023-galeria\/>Galeria<\/a><\/li><\/ul><\/div>\n<\/div>\n\n\n\n<div class=\"wp-block-column is-vertically-aligned-center is-layout-flow wp-block-column-is-layout-flow\" style=\"flex-basis:50%\">\n<h2 class=\"wp-block-heading has-text-align-left main-title\"><strong><a rel=\"noreferrer noopener\" href=\"https:\/\/olimpijski.pl\/european_games\/krakow-malopolska-2023\/reprezentacja-polski\/\" target=\"_blank\">Reprezentacja <\/a><\/strong><a rel=\"noreferrer noopener\" href=\"https:\/\/olimpijski.pl\/european_games\/krakow-malopolska-2023\/reprezentacja-polski\/\" target=\"_blank\">Polski<\/a><\/h2>\n\n\n\n<\/div>\n<\/div>\n\n\n\n<div style=\"height:30px\" aria-hidden=\"true\" class=\"wp-block-spacer\"><\/div>\n\n\n\n<h2 class=\"wp-block-heading main-title\"><strong>Aktualno\u015bci<\/strong><\/h2>\n\n\n\n<div style=\"height:30px\" aria-hidden=\"true\" class=\"wp-block-spacer\"><\/div>\n\n\n\n\n\n\n<div style=\"height:50px\" aria-hidden=\"true\" class=\"wp-block-spacer\"><\/div>\n\n\n\n<p><\/p>\n\n\n\n<div class=\"wp-block-cover alignfull has-parallax white\" style=\"background-image:url(https:\/\/olimpijski.pl\/wp-content\/uploads\/2023\/07\/footer-background-overlay.png)\"><span aria-hidden=\"true\" class=\"wp-block-cover__background has-background-dim-100 has-background-dim wp-block-cover__gradient-background has-background-gradient has-luminous-vivid-orange-to-vivid-red-gradient-background\"><\/span><div class=\"wp-block-cover__inner-container is-layout-flow wp-block-cover-is-layout-flow\">\n<div class=\"wp-block-group\"><div class=\"wp-block-group__inner-container is-layout-flow wp-block-group-is-layout-flow\">\n<h2 class=\"main-title white wp-block-heading\"><strong>Galeria<\/strong><\/h2>\n\n\n\n<div class=\"wp-block-columns is-layout-flex wp-container-core-columns-is-layout-2 wp-block-columns-is-layout-flex\">\n<div class=\"wp-block-column is-layout-flow wp-block-column-is-layout-flow\">\n<\/div>\n\n\n\n<div class=\"wp-block-column is-layout-flow wp-block-column-is-layout-flow\">\n<\/div>\n\n\n\n<div class=\"wp-block-column is-layout-flow wp-block-column-is-layout-flow\">\n<\/div>\n\n\n\n<div class=\"wp-block-column is-layout-flow wp-block-column-is-layout-flow\">\n<\/div>\n<\/div>\n\n\n\n<div class=\"wp-block-columns is-layout-flex wp-container-core-columns-is-layout-3 wp-block-columns-is-layout-flex\">\n<div class=\"wp-block-column is-layout-flow wp-block-column-is-layout-flow\">\n<\/div>\n\n\n\n<div class=\"wp-block-column is-layout-flow wp-block-column-is-layout-flow\">\n<\/div>\n\n\n\n<div class=\"wp-block-column is-layout-flow wp-block-column-is-layout-flow\">\n<\/div>\n\n\n\n<div class=\"wp-block-column is-layout-flow wp-block-column-is-layout-flow\">\n<\/div>\n<\/div>\n<\/div><\/div>\n<\/div><\/div>\n\n\n\n<div class=\"wp-block-media-text alignwide is-stacked-on-mobile\" style=\"grid-template-columns:46% auto\"><figure class=\"wp-block-media-text__media\"><img loading=\"lazy\" decoding=\"async\" width=\"1024\" height=\"801\" src=\"https:\/\/olimpijski.pl\/wp-content\/uploads\/2023\/07\/EYOF_Maribor2023_Color_white_long_1-1024x801.png\" alt=\"\" class=\"wp-image-74690 size-full\" srcset=\"https:\/\/olimpijski.pl\/wp-content\/uploads\/2023\/07\/EYOF_Maribor2023_Color_white_long_1-1024x801.png 1024w, https:\/\/olimpijski.pl\/wp-content\/uploads\/2023\/07\/EYOF_Maribor2023_Color_white_long_1-300x235.png 300w, https:\/\/olimpijski.pl\/wp-content\/uploads\/2023\/07\/EYOF_Maribor2023_Color_white_long_1-768x601.png 768w, https:\/\/olimpijski.pl\/wp-content\/uploads\/2023\/07\/EYOF_Maribor2023_Color_white_long_1-1536x1202.png 1536w, https:\/\/olimpijski.pl\/wp-content\/uploads\/2023\/07\/EYOF_Maribor2023_Color_white_long_1.png 1614w\" sizes=\"(max-width: 1024px) 100vw, 1024px\" \/><\/figure><div class=\"wp-block-media-text__content\">\n<h2 class=\"wp-block-heading\"><strong>Logo<\/strong><\/h2>\n\n\n\n<p>Logo XVII Letniego Olimpijskiego Festiwalu M\u0142odzie\u017cy Europy Maribor 2023 przedstawia Maribor jako po\u0142\u0105czone, dynamiczne i sportowe miasto.<\/p>\n\n\n\n<p>Jest to miasto pi\u0142karskie nr 1 w S\u0142owenii, w przewa\u017caj\u0105cych fioletowych barwach. To miasto nad rzek\u0105 Draw\u0105, wzbogacone o pasmo g\u00f3rskie Pohorje i liczne wzg\u00f3rza, ubrane w pi\u0119kne kolory natury.<\/p>\n\n\n\n<p>Maribor to miasto przez du\u017ce M i wielkie serce do sportu.<\/p>\n\n\n\n<h2 class=\"wp-block-heading\"><em>Maribor \u2013 <strong>Jedno miasto, jedno serce<\/strong><\/em><\/h2>\n\n\n\n<p>R\u00f3\u017cnorodno\u015b\u0107 kolorystyczna logo podkre\u015bla zjednoczenie kilku europejskich narod\u00f3w w multidyscyplinarnej imprezie w duchu olimpijskim, a krople symbolizuj\u0105 wysi\u0142ek potrzebny do osi\u0105gni\u0119cia najlepszych wynik\u00f3w.<\/p>\n<\/div><\/div>\n\n\n\n<p><\/p>\n\n\n\n<h2 class=\"wp-block-heading\"><strong>Medale<\/strong><\/h2>\n\n\n\n<div class=\"wp-block-cover is-light\" style=\"min-height:450px;aspect-ratio:unset;\"><span aria-hidden=\"true\" class=\"wp-block-cover__background has-background-dim-0 has-background-dim\"><\/span><img loading=\"lazy\" decoding=\"async\" width=\"2048\" height=\"1365\" class=\"wp-block-cover__image-background wp-image-74763\" alt=\"\" src=\"https:\/\/olimpijski.pl\/wp-content\/uploads\/2023\/07\/medale.jpg\" style=\"object-position:50% 87%\" data-object-fit=\"cover\" data-object-position=\"50% 87%\" srcset=\"https:\/\/olimpijski.pl\/wp-content\/uploads\/2023\/07\/medale.jpg 2048w, https:\/\/olimpijski.pl\/wp-content\/uploads\/2023\/07\/medale-300x200.jpg 300w, https:\/\/olimpijski.pl\/wp-content\/uploads\/2023\/07\/medale-1024x683.jpg 1024w, https:\/\/olimpijski.pl\/wp-content\/uploads\/2023\/07\/medale-768x512.jpg 768w, https:\/\/olimpijski.pl\/wp-content\/uploads\/2023\/07\/medale-1536x1024.jpg 1536w, https:\/\/olimpijski.pl\/wp-content\/uploads\/2023\/07\/medale-1200x800.jpg 1200w\" sizes=\"(max-width: 2048px) 100vw, 2048px\" \/><div class=\"wp-block-cover__inner-container is-layout-flow wp-block-cover-is-layout-flow\">\n<p class=\"has-text-align-center has-large-font-size\"><\/p>\n<\/div><\/div>\n\n\n\n<div class=\"wp-block-media-text alignwide has-media-on-the-right is-stacked-on-mobile\" style=\"grid-template-columns:auto 51%\"><div class=\"wp-block-media-text__content\">\n<div style=\"height:20px\" aria-hidden=\"true\" class=\"wp-block-spacer\"><\/div>\n\n\n\n<h2 class=\"wp-block-heading\"><strong>Foksi<\/strong><\/h2>\n\n\n\n<p>Foksi \u2013 maskotka XVII Letniego EYOF Maribor 2023 \u2013 to przebieg\u0142y lis. By\u0107 mo\u017ce spotkali\u015bcie go jako oficjaln\u0105 maskotk\u0119 S\u0142owe\u0144skiego Komitetu Olimpijskiego, ale tym razem przyjecha\u0142 r\u00f3wnie\u017c kibicowa\u0107 w Mariborze podczas Olimpijskiego Festiwalu M\u0142odzie\u017cy Europy.<\/p>\n\n\n\n<p>Ma niez\u0142omnego ducha i od dziecka pasjonuje si\u0119 sportem. Foksi to wierny i entuzjastyczny fan, kt\u00f3rego energia i figlarno\u015b\u0107 cz\u0119sto prowadz\u0105 do niewinnych psikus\u00f3w i \u017cart\u00f3w w towarzystwie fan\u00f3w.<\/p>\n\n\n\n<p>Swoim wygl\u0105dem ma na celu propagowanie warto\u015bci sportowych oraz zdrowego i aktywnego trybu \u017cycia w zgodzie z natur\u0105. Dzi\u0119ki swojej determinacji i wytrwa\u0142o\u015bci jest teraz nieodzownym wsparciem i zach\u0119t\u0105 dla naszych sportowc\u00f3w.<\/p>\n<\/div><figure class=\"wp-block-media-text__media\"><img loading=\"lazy\" decoding=\"async\" width=\"1024\" height=\"1024\" src=\"https:\/\/olimpijski.pl\/wp-content\/uploads\/2023\/07\/02-OKS-Foksi-panoge-new-logo-1024x1024.jpg\" alt=\"\" class=\"wp-image-74692 size-full\" srcset=\"https:\/\/olimpijski.pl\/wp-content\/uploads\/2023\/07\/02-OKS-Foksi-panoge-new-logo-1024x1024.jpg 1024w, https:\/\/olimpijski.pl\/wp-content\/uploads\/2023\/07\/02-OKS-Foksi-panoge-new-logo-300x300.jpg 300w, https:\/\/olimpijski.pl\/wp-content\/uploads\/2023\/07\/02-OKS-Foksi-panoge-new-logo-150x150.jpg 150w, https:\/\/olimpijski.pl\/wp-content\/uploads\/2023\/07\/02-OKS-Foksi-panoge-new-logo-768x768.jpg 768w, https:\/\/olimpijski.pl\/wp-content\/uploads\/2023\/07\/02-OKS-Foksi-panoge-new-logo-600x600.jpg 600w, https:\/\/olimpijski.pl\/wp-content\/uploads\/2023\/07\/02-OKS-Foksi-panoge-new-logo.jpg 1181w\" sizes=\"(max-width: 1024px) 100vw, 1024px\" \/><\/figure><\/div>\n","protected":false},"excerpt":{"rendered":"<p>Reprezentacja Polski Aktualno\u015bci Logo Logo XVII Letniego Olimpijskiego Festiwalu M\u0142odzie\u017cy Europy Maribor 2023 przedstawia Maribor jako po\u0142\u0105czone, dynamiczne i sportowe miasto. Jest<\/p>\n","protected":false},"featured_media":0,"parent":0,"menu_order":0,"template":"templates\/olympic_main_subpage.php","meta":{"_acf_changed":false,"ub_ctt_via":"","footnotes":""},"class_list":["post-74741","olympics_eyof","type-olympics_eyof","status-publish","hentry","infinite-scroll-item","no-featured-image-padding"],"acf":{"special_bg_img":false,"hide_breadcrumbs":[{"value":"1","label":"Tak"}],"competitions_olympic":false,"pokaz_ustawienia_ze_starego_systemu":false,"startdate":"23.07.2023 12:00 am","enddate":"29.07.2023 12:00 am","place":"Malibor","year":"2023","logo":"https:\/\/olimpijski.pl\/wp-content\/uploads\/2023\/07\/Logo-Maribor-2023-2.png","histroy_tabs":false,"hide_representative_checkbox":false,"no_medals_info":"<p>W tych Igrzyskach Olimpijskich Polska Reprezentacja Olimpijska nie wywalczy\u0142a medali<\/p>\n"},"_links":{"self":[{"href":"https:\/\/olimpijski.pl\/en\/wp-json\/wp\/v2\/olympics_eyof\/74741"}],"collection":[{"href":"https:\/\/olimpijski.pl\/en\/wp-json\/wp\/v2\/olympics_eyof"}],"about":[{"href":"https:\/\/olimpijski.pl\/en\/wp-json\/wp\/v2\/types\/olympics_eyof"}],"version-history":[{"count":19,"href":"https:\/\/olimpijski.pl\/en\/wp-json\/wp\/v2\/olympics_eyof\/74741\/revisions"}],"predecessor-version":[{"id":95435,"href":"https:\/\/olimpijski.pl\/en\/wp-json\/wp\/v2\/olympics_eyof\/74741\/revisions\/95435"}],"wp:attachment":[{"href":"https:\/\/olimpijski.pl\/en\/wp-json\/wp\/v2\/media?parent=74741"}],"curies":[{"name":"wp","href":"https:\/\/api.w.org\/{rel}","templated":true}]}}