{"id":74760,"date":"2023-07-21T08:43:06","date_gmt":"2023-07-21T06:43:06","guid":{"rendered":"https:\/\/olimpijski.pl\/?post_type=olympics_eyof&#038;p=74760"},"modified":"2024-01-04T14:49:48","modified_gmt":"2024-01-04T13:49:48","slug":"medale-polakow","status":"publish","type":"olympics_eyof","link":"https:\/\/olimpijski.pl\/en\/olympics_eyof\/xvii-letni-eyof-maribor-2023\/medale-polakow\/","title":{"rendered":"Medale Polak\u00f3w"},"content":{"rendered":"\n<h1 class=\"main-title wp-block-heading\">Medale <strong>Polak\u00f3w<\/strong><\/h1>\n\n\n\n<p><\/p>\n\n\n<div class=\"wp-block-ub-content-toggle wp-block-ub-content-toggle-block\" id=\"ub-content-toggle-block-997e7eab-674b-4247-8a6d-227b9fff4c1b\" data-mobilecollapse=\"false\" data-desktopcollapse=\"true\" data-preventcollapse=\"false\" data-showonlyone=\"false\">\n<div class=\"wp-block-ub-content-toggle-accordion\" style=\"border-color: #f1f1f1;\" id=\"ub-content-toggle-panel-block-\">\n\t\t\t<div class=\"wp-block-ub-content-toggle-accordion-title-wrap\" style=\"background-color: #f1f1f1;\" aria-controls=\"ub-content-toggle-panel-0-997e7eab-674b-4247-8a6d-227b9fff4c1b\" tabindex=\"0\">\n\t\t\t<p class=\"wp-block-ub-content-toggle-accordion-title ub-content-toggle-title-997e7eab-674b-4247-8a6d-227b9fff4c1b\" style=\"color: #000000; \">Z\u0142ote<\/p>\n\t\t\t<div class=\"wp-block-ub-content-toggle-accordion-toggle-wrap right\" style=\"color: #000000;\"><span class=\"wp-block-ub-content-toggle-accordion-state-indicator wp-block-ub-chevron-down\"><\/span><\/div>\n\t\t<\/div>\n\t\t\t<div role=\"region\" aria-expanded=\"false\" class=\"wp-block-ub-content-toggle-accordion-content-wrap ub-hide\" id=\"ub-content-toggle-panel-0-997e7eab-674b-4247-8a6d-227b9fff4c1b\">\n\n<figure class=\"wp-block-image size-full\"><img loading=\"lazy\" decoding=\"async\" width=\"67\" height=\"67\" src=\"https:\/\/olimpijski.pl\/wp-content\/uploads\/2020\/10\/gold_medal.png\" alt=\"\" class=\"wp-image-32782\"><\/figure>\n\n\n\n<p><strong>Hubert Tro\u015bcianka<\/strong> &#8211; lekkoatletyka, 10-b\u00f3j<br><strong>Roch Krukowski<\/strong> &#8211; lekkoatletyka, rzut oszczepem<br><strong>Anastazja Ku\u015b<\/strong> &#8211; lekkoatletyka, 400 m<br><strong>Weronika Choroma\u0144ska<\/strong> &#8211; deskorolka, park<br><strong>Aleksandra Burzy\u0144ska, Julia Jeziorna, Natalia Rutkowska, Dominika Ullmann<\/strong> &#8211; koszyk\u00f3wka 3&#215;3<br><strong>Antoni Kasperski, Jan Sadzik<\/strong> &#8211; tenis, gra podw\u00f3jna<\/p>\n\n<\/div>\n\t\t<\/div>\n<\/div>\n\n<div class=\"wp-block-ub-content-toggle wp-block-ub-content-toggle-block\" id=\"ub-content-toggle-block-94724f17-e502-4bac-8668-81b192e4d7bd\" data-mobilecollapse=\"false\" data-desktopcollapse=\"true\" data-preventcollapse=\"false\" data-showonlyone=\"false\">\n<div class=\"wp-block-ub-content-toggle-accordion\" style=\"border-color: #f1f1f1;\" id=\"ub-content-toggle-panel-block-\">\n\t\t\t<div class=\"wp-block-ub-content-toggle-accordion-title-wrap\" style=\"background-color: #f1f1f1;\" aria-controls=\"ub-content-toggle-panel-0-94724f17-e502-4bac-8668-81b192e4d7bd\" tabindex=\"0\">\n\t\t\t<p class=\"wp-block-ub-content-toggle-accordion-title ub-content-toggle-title-94724f17-e502-4bac-8668-81b192e4d7bd\" style=\"color: #000000; \">Srebrne<\/p>\n\t\t\t<div class=\"wp-block-ub-content-toggle-accordion-toggle-wrap right\" style=\"color: #000000;\"><span class=\"wp-block-ub-content-toggle-accordion-state-indicator wp-block-ub-chevron-down\"><\/span><\/div>\n\t\t<\/div>\n\t\t\t<div role=\"region\" aria-expanded=\"false\" class=\"wp-block-ub-content-toggle-accordion-content-wrap ub-hide\" id=\"ub-content-toggle-panel-0-94724f17-e502-4bac-8668-81b192e4d7bd\">\n\n<figure class=\"wp-block-image size-full\"><img loading=\"lazy\" decoding=\"async\" width=\"67\" height=\"67\" src=\"https:\/\/olimpijski.pl\/wp-content\/uploads\/2020\/10\/silver_medal.png\" alt=\"\" class=\"wp-image-32784\"><\/figure>\n\n\n\n<p><strong>Micha\u0142 Gnaczy\u0144ski<\/strong> &#8211; p\u0142ywanie, 1500 m stylem dowolnym<br><strong>Maja Wo\u017aniak<\/strong> &#8211; lekkoatletyka, 400 m<br><strong>Olga Szlachta<\/strong> &#8211; lekkoatletyka, tr\u00f3jskok<\/p>\n\n<\/div>\n\t\t<\/div>\n<\/div>\n\n<div class=\"wp-block-ub-content-toggle wp-block-ub-content-toggle-block\" id=\"ub-content-toggle-block-b8ff241e-5139-4ad0-8bbb-6108bf183911\" data-mobilecollapse=\"false\" data-desktopcollapse=\"true\" data-preventcollapse=\"false\" data-showonlyone=\"false\">\n<div class=\"wp-block-ub-content-toggle-accordion\" style=\"border-color: #f1f1f1;\" id=\"ub-content-toggle-panel-block-\">\n\t\t\t<div class=\"wp-block-ub-content-toggle-accordion-title-wrap\" style=\"background-color: #f1f1f1;\" aria-controls=\"ub-content-toggle-panel-0-b8ff241e-5139-4ad0-8bbb-6108bf183911\" tabindex=\"0\">\n\t\t\t<p class=\"wp-block-ub-content-toggle-accordion-title ub-content-toggle-title-b8ff241e-5139-4ad0-8bbb-6108bf183911\" style=\"color: #000000; \">Br\u0105zowe<\/p>\n\t\t\t<div class=\"wp-block-ub-content-toggle-accordion-toggle-wrap right\" style=\"color: #000000;\"><span class=\"wp-block-ub-content-toggle-accordion-state-indicator wp-block-ub-chevron-down\"><\/span><\/div>\n\t\t<\/div>\n\t\t\t<div role=\"region\" aria-expanded=\"false\" class=\"wp-block-ub-content-toggle-accordion-content-wrap ub-hide\" id=\"ub-content-toggle-panel-0-b8ff241e-5139-4ad0-8bbb-6108bf183911\">\n\n<figure class=\"wp-block-image size-full\"><img loading=\"lazy\" decoding=\"async\" width=\"67\" height=\"66\" src=\"https:\/\/olimpijski.pl\/wp-content\/uploads\/2020\/10\/bronze_medal.png\" alt=\"\" class=\"wp-image-32789\"><\/figure>\n\n\n\n<p><strong>Jakub Katana<\/strong> &#8211; p\u0142ywanie, 200 m stylem motylkowym<br><strong>Przemys\u0142aw Pietro\u0144<\/strong> &#8211; p\u0142ywanie, 100 m stylem dowolnym<br><strong>Maria Okruci\u0144ska<\/strong> &#8211; kolarstwo szosowe, wy\u015bcig ze startu wsp\u00f3lnego<br><strong>Jean Semaan<\/strong> &#8211; deskorolka, park<br><strong>Zuzanna Zaj\u0105c<\/strong> &#8211; lekkoatletyka, 100 m pp\u0142<br><strong>Zofia Chwojnicka, Julia Grzesista, Nikola Jurek, Wiktoria Kosid\u0142o, Zuzanna Najder, Zuzanna Kurlej, Oliwia Paw\u0142owska, Zofia Skomra, Kinga Berent, Natalia Gardian, Maria Mazurkiewicz, Martyna Niedzi\u00f3\u0142ka, Maja Parafian, Nina Smelcerz, Martyna Szczepanik<\/strong> &#8211; pi\u0142ka r\u0119czna<\/p>\n\n<\/div>\n\t\t<\/div>\n<\/div>","protected":false},"excerpt":{"rendered":"<p>Medale Polak\u00f3w<\/p>\n","protected":false},"featured_media":0,"parent":74741,"menu_order":0,"template":"","meta":{"_acf_changed":false,"ub_ctt_via":"","footnotes":""},"class_list":["post-74760","olympics_eyof","type-olympics_eyof","status-publish","hentry","infinite-scroll-item","no-featured-image-padding"],"acf":{"special_bg_img":false,"hide_breadcrumbs":[]},"_links":{"self":[{"href":"https:\/\/olimpijski.pl\/en\/wp-json\/wp\/v2\/olympics_eyof\/74760"}],"collection":[{"href":"https:\/\/olimpijski.pl\/en\/wp-json\/wp\/v2\/olympics_eyof"}],"about":[{"href":"https:\/\/olimpijski.pl\/en\/wp-json\/wp\/v2\/types\/olympics_eyof"}],"version-history":[{"count":11,"href":"https:\/\/olimpijski.pl\/en\/wp-json\/wp\/v2\/olympics_eyof\/74760\/revisions"}],"predecessor-version":[{"id":97043,"href":"https:\/\/olimpijski.pl\/en\/wp-json\/wp\/v2\/olympics_eyof\/74760\/revisions\/97043"}],"up":[{"embeddable":true,"href":"https:\/\/olimpijski.pl\/en\/wp-json\/wp\/v2\/olympics_eyof\/74741"}],"wp:attachment":[{"href":"https:\/\/olimpijski.pl\/en\/wp-json\/wp\/v2\/media?parent=74760"}],"curies":[{"name":"wp","href":"https:\/\/api.w.org\/{rel}","templated":true}]}}