{"id":74769,"date":"2023-07-21T08:50:02","date_gmt":"2023-07-21T06:50:02","guid":{"rendered":"https:\/\/olimpijski.pl\/?post_type=olympics_eyof&#038;p=74769"},"modified":"2023-07-21T13:29:05","modified_gmt":"2023-07-21T11:29:05","slug":"reprezentacja-polski","status":"publish","type":"olympics_eyof","link":"https:\/\/olimpijski.pl\/en\/olympics_eyof\/xvii-letni-eyof-maribor-2023\/reprezentacja-polski\/","title":{"rendered":"Reprezentacja Polski"},"content":{"rendered":"\n<h1 class=\"main-title wp-block-heading\"><strong>Reprezentacja<\/strong> Polski<\/h1>\n\n\n<div class=\"wp-block-ub-content-toggle wp-block-ub-content-toggle-block\" id=\"ub-content-toggle-block-84caa87c-eda1-4d1b-b0b3-69da96e737a1\" data-mobilecollapse=\"false\" data-desktopcollapse=\"true\" data-preventcollapse=\"false\" data-showonlyone=\"false\">\n<div class=\"wp-block-ub-content-toggle-accordion\" style=\"border-color: #f1f1f1;\" id=\"ub-content-toggle-panel-block-\">\n\t\t\t<div class=\"wp-block-ub-content-toggle-accordion-title-wrap\" style=\"background-color: #f1f1f1;\" aria-controls=\"ub-content-toggle-panel-0-84caa87c-eda1-4d1b-b0b3-69da96e737a1\" tabindex=\"0\">\n\t\t\t<p class=\"wp-block-ub-content-toggle-accordion-title ub-content-toggle-title-84caa87c-eda1-4d1b-b0b3-69da96e737a1\" style=\"color: #000000; \"><strong>DESKOROLKA<\/strong><\/p>\n\t\t\t<div class=\"wp-block-ub-content-toggle-accordion-toggle-wrap right\" style=\"color: #000000;\"><span class=\"wp-block-ub-content-toggle-accordion-state-indicator wp-block-ub-chevron-down\"><\/span><\/div>\n\t\t<\/div>\n\t\t\t<div role=\"region\" aria-expanded=\"false\" class=\"wp-block-ub-content-toggle-accordion-content-wrap ub-hide\" id=\"ub-content-toggle-panel-0-84caa87c-eda1-4d1b-b0b3-69da96e737a1\">\n\n<figure class=\"wp-block-image size-large\"><img loading=\"lazy\" decoding=\"async\" width=\"1024\" height=\"1024\" src=\"https:\/\/olimpijski.pl\/wp-content\/uploads\/2023\/07\/EYOF-Maribor-2023-deskorolka-1-1024x1024.jpg\" alt=\"\" class=\"wp-image-74823\" srcset=\"https:\/\/olimpijski.pl\/wp-content\/uploads\/2023\/07\/EYOF-Maribor-2023-deskorolka-1-1024x1024.jpg 1024w, https:\/\/olimpijski.pl\/wp-content\/uploads\/2023\/07\/EYOF-Maribor-2023-deskorolka-1-300x300.jpg 300w, https:\/\/olimpijski.pl\/wp-content\/uploads\/2023\/07\/EYOF-Maribor-2023-deskorolka-1-150x150.jpg 150w, https:\/\/olimpijski.pl\/wp-content\/uploads\/2023\/07\/EYOF-Maribor-2023-deskorolka-1-768x768.jpg 768w, https:\/\/olimpijski.pl\/wp-content\/uploads\/2023\/07\/EYOF-Maribor-2023-deskorolka-1-1536x1536.jpg 1536w, https:\/\/olimpijski.pl\/wp-content\/uploads\/2023\/07\/EYOF-Maribor-2023-deskorolka-1-600x600.jpg 600w, https:\/\/olimpijski.pl\/wp-content\/uploads\/2023\/07\/EYOF-Maribor-2023-deskorolka-1.jpg 1755w\" sizes=\"(max-width: 1024px) 100vw, 1024px\" \/><\/figure>\n\n\n\n<p>Damian Bojko &#8211; trener<\/p>\n\n<\/div>\n\t\t<\/div>\n\n<div class=\"wp-block-ub-content-toggle-accordion\" style=\"border-color: #f1f1f1;\" id=\"ub-content-toggle-panel-block-\">\n\t\t\t<div class=\"wp-block-ub-content-toggle-accordion-title-wrap\" style=\"background-color: #f1f1f1;\" aria-controls=\"ub-content-toggle-panel-1-84caa87c-eda1-4d1b-b0b3-69da96e737a1\" tabindex=\"0\">\n\t\t\t<p class=\"wp-block-ub-content-toggle-accordion-title ub-content-toggle-title-84caa87c-eda1-4d1b-b0b3-69da96e737a1\" style=\"color: #000000; \"><strong>GIMNASTYKA<\/strong><\/p>\n\t\t\t<div class=\"wp-block-ub-content-toggle-accordion-toggle-wrap right\" style=\"color: #000000;\"><span class=\"wp-block-ub-content-toggle-accordion-state-indicator wp-block-ub-chevron-down\"><\/span><\/div>\n\t\t<\/div>\n\t\t\t<div role=\"region\" aria-expanded=\"false\" class=\"wp-block-ub-content-toggle-accordion-content-wrap ub-hide\" id=\"ub-content-toggle-panel-1-84caa87c-eda1-4d1b-b0b3-69da96e737a1\">\n\n<figure class=\"wp-block-image size-large\"><img loading=\"lazy\" decoding=\"async\" width=\"1024\" height=\"1024\" src=\"https:\/\/olimpijski.pl\/wp-content\/uploads\/2023\/07\/EYOF-Maribor-2023-gimnastyka-1-1024x1024.jpg\" alt=\"\" class=\"wp-image-74825\" srcset=\"https:\/\/olimpijski.pl\/wp-content\/uploads\/2023\/07\/EYOF-Maribor-2023-gimnastyka-1-1024x1024.jpg 1024w, https:\/\/olimpijski.pl\/wp-content\/uploads\/2023\/07\/EYOF-Maribor-2023-gimnastyka-1-300x300.jpg 300w, https:\/\/olimpijski.pl\/wp-content\/uploads\/2023\/07\/EYOF-Maribor-2023-gimnastyka-1-150x150.jpg 150w, https:\/\/olimpijski.pl\/wp-content\/uploads\/2023\/07\/EYOF-Maribor-2023-gimnastyka-1-768x768.jpg 768w, https:\/\/olimpijski.pl\/wp-content\/uploads\/2023\/07\/EYOF-Maribor-2023-gimnastyka-1-1536x1536.jpg 1536w, https:\/\/olimpijski.pl\/wp-content\/uploads\/2023\/07\/EYOF-Maribor-2023-gimnastyka-1-600x600.jpg 600w, https:\/\/olimpijski.pl\/wp-content\/uploads\/2023\/07\/EYOF-Maribor-2023-gimnastyka-1.jpg 1755w\" sizes=\"(max-width: 1024px) 100vw, 1024px\" \/><\/figure>\n\n\n\n<p>Olga Teslenko &#8211; trenerka<br>Mariusz Kulbicki &#8211; trener<br>Marcin Ka\u017amierczak &#8211; trener<br>Mariusz Wro\u0144ski &#8211; trener<\/p>\n\n<\/div>\n\t\t<\/div>\n\n<div class=\"wp-block-ub-content-toggle-accordion\" style=\"border-color: #f1f1f1;\" id=\"ub-content-toggle-panel-block-\">\n\t\t\t<div class=\"wp-block-ub-content-toggle-accordion-title-wrap\" style=\"background-color: #f1f1f1;\" aria-controls=\"ub-content-toggle-panel-2-84caa87c-eda1-4d1b-b0b3-69da96e737a1\" tabindex=\"0\">\n\t\t\t<p class=\"wp-block-ub-content-toggle-accordion-title ub-content-toggle-title-84caa87c-eda1-4d1b-b0b3-69da96e737a1\" style=\"color: #000000; \"><strong>JUDO<\/strong><\/p>\n\t\t\t<div class=\"wp-block-ub-content-toggle-accordion-toggle-wrap right\" style=\"color: #000000;\"><span class=\"wp-block-ub-content-toggle-accordion-state-indicator wp-block-ub-chevron-down\"><\/span><\/div>\n\t\t<\/div>\n\t\t\t<div role=\"region\" aria-expanded=\"false\" class=\"wp-block-ub-content-toggle-accordion-content-wrap ub-hide\" id=\"ub-content-toggle-panel-2-84caa87c-eda1-4d1b-b0b3-69da96e737a1\">\n\n<figure class=\"wp-block-image size-large\"><img loading=\"lazy\" decoding=\"async\" width=\"1024\" height=\"1024\" src=\"https:\/\/olimpijski.pl\/wp-content\/uploads\/2023\/07\/EYOF-Maribor-2023-judo-1-1024x1024.jpg\" alt=\"\" class=\"wp-image-74827\" srcset=\"https:\/\/olimpijski.pl\/wp-content\/uploads\/2023\/07\/EYOF-Maribor-2023-judo-1-1024x1024.jpg 1024w, https:\/\/olimpijski.pl\/wp-content\/uploads\/2023\/07\/EYOF-Maribor-2023-judo-1-300x300.jpg 300w, https:\/\/olimpijski.pl\/wp-content\/uploads\/2023\/07\/EYOF-Maribor-2023-judo-1-150x150.jpg 150w, https:\/\/olimpijski.pl\/wp-content\/uploads\/2023\/07\/EYOF-Maribor-2023-judo-1-768x768.jpg 768w, https:\/\/olimpijski.pl\/wp-content\/uploads\/2023\/07\/EYOF-Maribor-2023-judo-1-1536x1536.jpg 1536w, https:\/\/olimpijski.pl\/wp-content\/uploads\/2023\/07\/EYOF-Maribor-2023-judo-1-600x600.jpg 600w, https:\/\/olimpijski.pl\/wp-content\/uploads\/2023\/07\/EYOF-Maribor-2023-judo-1.jpg 1620w\" sizes=\"(max-width: 1024px) 100vw, 1024px\" \/><\/figure>\n\n\n\n<p>Tomasz Jopek &#8211; trener<br>Jacek Kowalski &#8211; trener<br>Krzysztof Gadacz &#8211; trener<\/p>\n\n<\/div>\n\t\t<\/div>\n\n<div class=\"wp-block-ub-content-toggle-accordion\" style=\"border-color: #f1f1f1;\" id=\"ub-content-toggle-panel-block-\">\n\t\t\t<div class=\"wp-block-ub-content-toggle-accordion-title-wrap\" style=\"background-color: #f1f1f1;\" aria-controls=\"ub-content-toggle-panel-3-84caa87c-eda1-4d1b-b0b3-69da96e737a1\" tabindex=\"0\">\n\t\t\t<p class=\"wp-block-ub-content-toggle-accordion-title ub-content-toggle-title-84caa87c-eda1-4d1b-b0b3-69da96e737a1\" style=\"color: #000000; \"><strong>KOLARSTWO G\u00d3RSKIE<\/strong><\/p>\n\t\t\t<div class=\"wp-block-ub-content-toggle-accordion-toggle-wrap right\" style=\"color: #000000;\"><span class=\"wp-block-ub-content-toggle-accordion-state-indicator wp-block-ub-chevron-down\"><\/span><\/div>\n\t\t<\/div>\n\t\t\t<div role=\"region\" aria-expanded=\"false\" class=\"wp-block-ub-content-toggle-accordion-content-wrap ub-hide\" id=\"ub-content-toggle-panel-3-84caa87c-eda1-4d1b-b0b3-69da96e737a1\">\n\n<figure class=\"wp-block-image size-large\"><img loading=\"lazy\" decoding=\"async\" width=\"1024\" height=\"1024\" src=\"https:\/\/olimpijski.pl\/wp-content\/uploads\/2023\/07\/EYOF-Maribor-2023-MTB-1-1024x1024.jpg\" alt=\"\" class=\"wp-image-74829\" srcset=\"https:\/\/olimpijski.pl\/wp-content\/uploads\/2023\/07\/EYOF-Maribor-2023-MTB-1-1024x1024.jpg 1024w, https:\/\/olimpijski.pl\/wp-content\/uploads\/2023\/07\/EYOF-Maribor-2023-MTB-1-300x300.jpg 300w, https:\/\/olimpijski.pl\/wp-content\/uploads\/2023\/07\/EYOF-Maribor-2023-MTB-1-150x150.jpg 150w, https:\/\/olimpijski.pl\/wp-content\/uploads\/2023\/07\/EYOF-Maribor-2023-MTB-1-768x768.jpg 768w, https:\/\/olimpijski.pl\/wp-content\/uploads\/2023\/07\/EYOF-Maribor-2023-MTB-1-1536x1536.jpg 1536w, https:\/\/olimpijski.pl\/wp-content\/uploads\/2023\/07\/EYOF-Maribor-2023-MTB-1-600x600.jpg 600w, https:\/\/olimpijski.pl\/wp-content\/uploads\/2023\/07\/EYOF-Maribor-2023-MTB-1.jpg 1755w\" sizes=\"(max-width: 1024px) 100vw, 1024px\" \/><\/figure>\n\n\n\n<p>Marta Turobo\u015b &#8211; trenerka<\/p>\n\n<\/div>\n\t\t<\/div>\n\n<div class=\"wp-block-ub-content-toggle-accordion\" style=\"border-color: #f1f1f1;\" id=\"ub-content-toggle-panel-block-\">\n\t\t\t<div class=\"wp-block-ub-content-toggle-accordion-title-wrap\" style=\"background-color: #f1f1f1;\" aria-controls=\"ub-content-toggle-panel-4-84caa87c-eda1-4d1b-b0b3-69da96e737a1\" tabindex=\"0\">\n\t\t\t<p class=\"wp-block-ub-content-toggle-accordion-title ub-content-toggle-title-84caa87c-eda1-4d1b-b0b3-69da96e737a1\" style=\"color: #000000; \"><strong>KOLARSTWO SZOSOWE<\/strong><\/p>\n\t\t\t<div class=\"wp-block-ub-content-toggle-accordion-toggle-wrap right\" style=\"color: #000000;\"><span class=\"wp-block-ub-content-toggle-accordion-state-indicator wp-block-ub-chevron-down\"><\/span><\/div>\n\t\t<\/div>\n\t\t\t<div role=\"region\" aria-expanded=\"false\" class=\"wp-block-ub-content-toggle-accordion-content-wrap ub-hide\" id=\"ub-content-toggle-panel-4-84caa87c-eda1-4d1b-b0b3-69da96e737a1\">\n\n<figure class=\"wp-block-image size-large\"><img loading=\"lazy\" decoding=\"async\" width=\"1024\" height=\"1024\" src=\"https:\/\/olimpijski.pl\/wp-content\/uploads\/2023\/07\/EYOF-Maribor-2023-szosa-1-1024x1024.jpg\" alt=\"\" class=\"wp-image-74831\" srcset=\"https:\/\/olimpijski.pl\/wp-content\/uploads\/2023\/07\/EYOF-Maribor-2023-szosa-1-1024x1024.jpg 1024w, https:\/\/olimpijski.pl\/wp-content\/uploads\/2023\/07\/EYOF-Maribor-2023-szosa-1-300x300.jpg 300w, https:\/\/olimpijski.pl\/wp-content\/uploads\/2023\/07\/EYOF-Maribor-2023-szosa-1-150x150.jpg 150w, https:\/\/olimpijski.pl\/wp-content\/uploads\/2023\/07\/EYOF-Maribor-2023-szosa-1-768x768.jpg 768w, https:\/\/olimpijski.pl\/wp-content\/uploads\/2023\/07\/EYOF-Maribor-2023-szosa-1-1536x1536.jpg 1536w, https:\/\/olimpijski.pl\/wp-content\/uploads\/2023\/07\/EYOF-Maribor-2023-szosa-1-600x600.jpg 600w, https:\/\/olimpijski.pl\/wp-content\/uploads\/2023\/07\/EYOF-Maribor-2023-szosa-1.jpg 1755w\" sizes=\"(max-width: 1024px) 100vw, 1024px\" \/><\/figure>\n\n\n\n<p>Maciej\u00a0Stanowicz &#8211; trener<br>Daniel Guszczak &#8211; fizjoterapeuta<br>Przemys\u0142aw Marek &#8211; mechanik<\/p>\n\n<\/div>\n\t\t<\/div>\n\n<div class=\"wp-block-ub-content-toggle-accordion\" style=\"border-color: #f1f1f1;\" id=\"ub-content-toggle-panel-block-\">\n\t\t\t<div class=\"wp-block-ub-content-toggle-accordion-title-wrap\" style=\"background-color: #f1f1f1;\" aria-controls=\"ub-content-toggle-panel-5-84caa87c-eda1-4d1b-b0b3-69da96e737a1\" tabindex=\"0\">\n\t\t\t<p class=\"wp-block-ub-content-toggle-accordion-title ub-content-toggle-title-84caa87c-eda1-4d1b-b0b3-69da96e737a1\" style=\"color: #000000; \"><strong>KOSZYK\u00d3WKA 3X3<\/strong><\/p>\n\t\t\t<div class=\"wp-block-ub-content-toggle-accordion-toggle-wrap right\" style=\"color: #000000;\"><span class=\"wp-block-ub-content-toggle-accordion-state-indicator wp-block-ub-chevron-down\"><\/span><\/div>\n\t\t<\/div>\n\t\t\t<div role=\"region\" aria-expanded=\"false\" class=\"wp-block-ub-content-toggle-accordion-content-wrap ub-hide\" id=\"ub-content-toggle-panel-5-84caa87c-eda1-4d1b-b0b3-69da96e737a1\">\n\n<figure class=\"wp-block-image size-large\"><img loading=\"lazy\" decoding=\"async\" width=\"1024\" height=\"1024\" src=\"https:\/\/olimpijski.pl\/wp-content\/uploads\/2023\/07\/EYOF-Maribor-2023-kosz-1-1024x1024.jpg\" alt=\"\" class=\"wp-image-74833\" srcset=\"https:\/\/olimpijski.pl\/wp-content\/uploads\/2023\/07\/EYOF-Maribor-2023-kosz-1-1024x1024.jpg 1024w, https:\/\/olimpijski.pl\/wp-content\/uploads\/2023\/07\/EYOF-Maribor-2023-kosz-1-300x300.jpg 300w, https:\/\/olimpijski.pl\/wp-content\/uploads\/2023\/07\/EYOF-Maribor-2023-kosz-1-150x150.jpg 150w, https:\/\/olimpijski.pl\/wp-content\/uploads\/2023\/07\/EYOF-Maribor-2023-kosz-1-768x768.jpg 768w, https:\/\/olimpijski.pl\/wp-content\/uploads\/2023\/07\/EYOF-Maribor-2023-kosz-1-1536x1536.jpg 1536w, https:\/\/olimpijski.pl\/wp-content\/uploads\/2023\/07\/EYOF-Maribor-2023-kosz-1-600x600.jpg 600w, https:\/\/olimpijski.pl\/wp-content\/uploads\/2023\/07\/EYOF-Maribor-2023-kosz-1.jpg 1755w\" sizes=\"(max-width: 1024px) 100vw, 1024px\" \/><\/figure>\n\n\n\n<p>W\u0142odzimierz Augustynowicz &#8211; trener<br>Adrian Mroczek-Truskowski &#8211; trener<br>Micha\u0142 Sosnowski &#8211; fizjoterapeuta<br>Marcin P\u0142awucki &#8211; fizjoterapeuta<\/p>\n\n<\/div>\n\t\t<\/div>\n\n<div class=\"wp-block-ub-content-toggle-accordion\" style=\"border-color: #f1f1f1;\" id=\"ub-content-toggle-panel-block-\">\n\t\t\t<div class=\"wp-block-ub-content-toggle-accordion-title-wrap\" style=\"background-color: #f1f1f1;\" aria-controls=\"ub-content-toggle-panel-6-84caa87c-eda1-4d1b-b0b3-69da96e737a1\" tabindex=\"0\">\n\t\t\t<p class=\"wp-block-ub-content-toggle-accordion-title ub-content-toggle-title-84caa87c-eda1-4d1b-b0b3-69da96e737a1\" style=\"color: #000000; \"><strong>LEKKOATLETYKA<\/strong><\/p>\n\t\t\t<div class=\"wp-block-ub-content-toggle-accordion-toggle-wrap right\" style=\"color: #000000;\"><span class=\"wp-block-ub-content-toggle-accordion-state-indicator wp-block-ub-chevron-down\"><\/span><\/div>\n\t\t<\/div>\n\t\t\t<div role=\"region\" aria-expanded=\"false\" class=\"wp-block-ub-content-toggle-accordion-content-wrap ub-hide\" id=\"ub-content-toggle-panel-6-84caa87c-eda1-4d1b-b0b3-69da96e737a1\">\n\n<figure class=\"wp-block-image size-large\"><img loading=\"lazy\" decoding=\"async\" width=\"1024\" height=\"1024\" src=\"https:\/\/olimpijski.pl\/wp-content\/uploads\/2023\/07\/EYOF-Maribor-2023-la-k-1-1024x1024.jpg\" alt=\"\" class=\"wp-image-74835\" srcset=\"https:\/\/olimpijski.pl\/wp-content\/uploads\/2023\/07\/EYOF-Maribor-2023-la-k-1-1024x1024.jpg 1024w, https:\/\/olimpijski.pl\/wp-content\/uploads\/2023\/07\/EYOF-Maribor-2023-la-k-1-300x300.jpg 300w, https:\/\/olimpijski.pl\/wp-content\/uploads\/2023\/07\/EYOF-Maribor-2023-la-k-1-150x150.jpg 150w, https:\/\/olimpijski.pl\/wp-content\/uploads\/2023\/07\/EYOF-Maribor-2023-la-k-1-768x768.jpg 768w, https:\/\/olimpijski.pl\/wp-content\/uploads\/2023\/07\/EYOF-Maribor-2023-la-k-1-1536x1536.jpg 1536w, https:\/\/olimpijski.pl\/wp-content\/uploads\/2023\/07\/EYOF-Maribor-2023-la-k-1-600x600.jpg 600w, https:\/\/olimpijski.pl\/wp-content\/uploads\/2023\/07\/EYOF-Maribor-2023-la-k-1.jpg 1755w\" sizes=\"(max-width: 1024px) 100vw, 1024px\" \/><\/figure>\n\n\n\n<figure class=\"wp-block-image size-large\"><img loading=\"lazy\" decoding=\"async\" width=\"1024\" height=\"1024\" src=\"https:\/\/olimpijski.pl\/wp-content\/uploads\/2023\/07\/EYOF-Maribor-2023-la-m-1-1024x1024.jpg\" alt=\"\" class=\"wp-image-74837\" srcset=\"https:\/\/olimpijski.pl\/wp-content\/uploads\/2023\/07\/EYOF-Maribor-2023-la-m-1-1024x1024.jpg 1024w, https:\/\/olimpijski.pl\/wp-content\/uploads\/2023\/07\/EYOF-Maribor-2023-la-m-1-300x300.jpg 300w, https:\/\/olimpijski.pl\/wp-content\/uploads\/2023\/07\/EYOF-Maribor-2023-la-m-1-150x150.jpg 150w, https:\/\/olimpijski.pl\/wp-content\/uploads\/2023\/07\/EYOF-Maribor-2023-la-m-1-768x768.jpg 768w, https:\/\/olimpijski.pl\/wp-content\/uploads\/2023\/07\/EYOF-Maribor-2023-la-m-1-1536x1536.jpg 1536w, https:\/\/olimpijski.pl\/wp-content\/uploads\/2023\/07\/EYOF-Maribor-2023-la-m-1-600x600.jpg 600w, https:\/\/olimpijski.pl\/wp-content\/uploads\/2023\/07\/EYOF-Maribor-2023-la-m-1.jpg 1755w\" sizes=\"(max-width: 1024px) 100vw, 1024px\" \/><\/figure>\n\n\n\n<p>Kazimierz Zi\u0119cina &#8211; trener<br>Martyna Dobrosielska &#8211; trenerka<br>Micha\u0142 Krukowski &#8211; trener<br>Maciej\u00a0Bukowiecki &#8211; trener<br>Marek Jaros &#8211; trener<br>Marek Zi\u00f3\u0142kowski &#8211; trener<br>Miros\u0142aw Barszcz &#8211; trener<\/p>\n\n<\/div>\n\t\t<\/div>\n\n<div class=\"wp-block-ub-content-toggle-accordion\" style=\"border-color: #f1f1f1;\" id=\"ub-content-toggle-panel-block-\">\n\t\t\t<div class=\"wp-block-ub-content-toggle-accordion-title-wrap\" style=\"background-color: #f1f1f1;\" aria-controls=\"ub-content-toggle-panel-7-84caa87c-eda1-4d1b-b0b3-69da96e737a1\" tabindex=\"0\">\n\t\t\t<p class=\"wp-block-ub-content-toggle-accordion-title ub-content-toggle-title-84caa87c-eda1-4d1b-b0b3-69da96e737a1\" style=\"color: #000000; \"><strong>P\u0141YWANIE<\/strong><\/p>\n\t\t\t<div class=\"wp-block-ub-content-toggle-accordion-toggle-wrap right\" style=\"color: #000000;\"><span class=\"wp-block-ub-content-toggle-accordion-state-indicator wp-block-ub-chevron-down\"><\/span><\/div>\n\t\t<\/div>\n\t\t\t<div role=\"region\" aria-expanded=\"false\" class=\"wp-block-ub-content-toggle-accordion-content-wrap ub-hide\" id=\"ub-content-toggle-panel-7-84caa87c-eda1-4d1b-b0b3-69da96e737a1\">\n\n<figure class=\"wp-block-image size-large\"><img loading=\"lazy\" decoding=\"async\" width=\"1024\" height=\"1024\" src=\"https:\/\/olimpijski.pl\/wp-content\/uploads\/2023\/07\/EYOF-Maribor-2023-plywanie-1-1024x1024.jpg\" alt=\"\" class=\"wp-image-74839\" srcset=\"https:\/\/olimpijski.pl\/wp-content\/uploads\/2023\/07\/EYOF-Maribor-2023-plywanie-1-1024x1024.jpg 1024w, https:\/\/olimpijski.pl\/wp-content\/uploads\/2023\/07\/EYOF-Maribor-2023-plywanie-1-300x300.jpg 300w, https:\/\/olimpijski.pl\/wp-content\/uploads\/2023\/07\/EYOF-Maribor-2023-plywanie-1-150x150.jpg 150w, https:\/\/olimpijski.pl\/wp-content\/uploads\/2023\/07\/EYOF-Maribor-2023-plywanie-1-768x768.jpg 768w, https:\/\/olimpijski.pl\/wp-content\/uploads\/2023\/07\/EYOF-Maribor-2023-plywanie-1-1536x1536.jpg 1536w, https:\/\/olimpijski.pl\/wp-content\/uploads\/2023\/07\/EYOF-Maribor-2023-plywanie-1-600x600.jpg 600w, https:\/\/olimpijski.pl\/wp-content\/uploads\/2023\/07\/EYOF-Maribor-2023-plywanie-1.jpg 1755w\" sizes=\"(max-width: 1024px) 100vw, 1024px\" \/><\/figure>\n\n\n\n<p>Tomasz P\u0105chalski &#8211; trener<br>Robert Wieczorek &#8211; trener<br>Tomasz Krzywiecki &#8211; trener<br>\u0141ukasz Miklusiak &#8211; trener<br>Piotr Kasperek &#8211; trener<br>Maria Grabowska &#8211; fizjoterapeuta<\/p>\n\n<\/div>\n\t\t<\/div>\n\n<div class=\"wp-block-ub-content-toggle-accordion\" style=\"border-color: #f1f1f1;\" id=\"ub-content-toggle-panel-block-\">\n\t\t\t<div class=\"wp-block-ub-content-toggle-accordion-title-wrap\" style=\"background-color: #f1f1f1;\" aria-controls=\"ub-content-toggle-panel-8-84caa87c-eda1-4d1b-b0b3-69da96e737a1\" tabindex=\"0\">\n\t\t\t<p class=\"wp-block-ub-content-toggle-accordion-title ub-content-toggle-title-84caa87c-eda1-4d1b-b0b3-69da96e737a1\" style=\"color: #000000; \"><strong>PI\u0141KA R\u0118CZNA<\/strong><\/p>\n\t\t\t<div class=\"wp-block-ub-content-toggle-accordion-toggle-wrap right\" style=\"color: #000000;\"><span class=\"wp-block-ub-content-toggle-accordion-state-indicator wp-block-ub-chevron-down\"><\/span><\/div>\n\t\t<\/div>\n\t\t\t<div role=\"region\" aria-expanded=\"false\" class=\"wp-block-ub-content-toggle-accordion-content-wrap ub-hide\" id=\"ub-content-toggle-panel-8-84caa87c-eda1-4d1b-b0b3-69da96e737a1\">\n\n<figure class=\"wp-block-image size-large\"><img loading=\"lazy\" decoding=\"async\" width=\"1024\" height=\"1024\" src=\"https:\/\/olimpijski.pl\/wp-content\/uploads\/2023\/07\/EYOF-Maribor-2023-pilka-reczna-1-1024x1024.jpg\" alt=\"\" class=\"wp-image-74841\" srcset=\"https:\/\/olimpijski.pl\/wp-content\/uploads\/2023\/07\/EYOF-Maribor-2023-pilka-reczna-1-1024x1024.jpg 1024w, https:\/\/olimpijski.pl\/wp-content\/uploads\/2023\/07\/EYOF-Maribor-2023-pilka-reczna-1-300x300.jpg 300w, https:\/\/olimpijski.pl\/wp-content\/uploads\/2023\/07\/EYOF-Maribor-2023-pilka-reczna-1-150x150.jpg 150w, https:\/\/olimpijski.pl\/wp-content\/uploads\/2023\/07\/EYOF-Maribor-2023-pilka-reczna-1-768x768.jpg 768w, https:\/\/olimpijski.pl\/wp-content\/uploads\/2023\/07\/EYOF-Maribor-2023-pilka-reczna-1-1536x1536.jpg 1536w, https:\/\/olimpijski.pl\/wp-content\/uploads\/2023\/07\/EYOF-Maribor-2023-pilka-reczna-1-600x600.jpg 600w, https:\/\/olimpijski.pl\/wp-content\/uploads\/2023\/07\/EYOF-Maribor-2023-pilka-reczna-1.jpg 1755w\" sizes=\"(max-width: 1024px) 100vw, 1024px\" \/><\/figure>\n\n\n\n<p>Marek Jagodzi\u0144ski &#8211; trener<br>Piotr \u015awigo\u0144 &#8211; trener<br>Wojciech Piasecki &#8211; trener<\/p>\n\n<\/div>\n\t\t<\/div>\n\n<div class=\"wp-block-ub-content-toggle-accordion\" style=\"border-color: #f1f1f1;\" id=\"ub-content-toggle-panel-block-\">\n\t\t\t<div class=\"wp-block-ub-content-toggle-accordion-title-wrap\" style=\"background-color: #f1f1f1;\" aria-controls=\"ub-content-toggle-panel-9-84caa87c-eda1-4d1b-b0b3-69da96e737a1\" tabindex=\"0\">\n\t\t\t<p class=\"wp-block-ub-content-toggle-accordion-title ub-content-toggle-title-84caa87c-eda1-4d1b-b0b3-69da96e737a1\" style=\"color: #000000; \"><strong>SIATK\u00d3WKA<\/strong><\/p>\n\t\t\t<div class=\"wp-block-ub-content-toggle-accordion-toggle-wrap right\" style=\"color: #000000;\"><span class=\"wp-block-ub-content-toggle-accordion-state-indicator wp-block-ub-chevron-down\"><\/span><\/div>\n\t\t<\/div>\n\t\t\t<div role=\"region\" aria-expanded=\"false\" class=\"wp-block-ub-content-toggle-accordion-content-wrap ub-hide\" id=\"ub-content-toggle-panel-9-84caa87c-eda1-4d1b-b0b3-69da96e737a1\">\n\n<figure class=\"wp-block-image size-large\"><img loading=\"lazy\" decoding=\"async\" width=\"1024\" height=\"1024\" src=\"https:\/\/olimpijski.pl\/wp-content\/uploads\/2023\/07\/EYOF-Maribor-2023-siatkowka-k-1-1024x1024.jpg\" alt=\"\" class=\"wp-image-74843\" srcset=\"https:\/\/olimpijski.pl\/wp-content\/uploads\/2023\/07\/EYOF-Maribor-2023-siatkowka-k-1-1024x1024.jpg 1024w, https:\/\/olimpijski.pl\/wp-content\/uploads\/2023\/07\/EYOF-Maribor-2023-siatkowka-k-1-300x300.jpg 300w, https:\/\/olimpijski.pl\/wp-content\/uploads\/2023\/07\/EYOF-Maribor-2023-siatkowka-k-1-150x150.jpg 150w, https:\/\/olimpijski.pl\/wp-content\/uploads\/2023\/07\/EYOF-Maribor-2023-siatkowka-k-1-768x768.jpg 768w, https:\/\/olimpijski.pl\/wp-content\/uploads\/2023\/07\/EYOF-Maribor-2023-siatkowka-k-1-1536x1536.jpg 1536w, https:\/\/olimpijski.pl\/wp-content\/uploads\/2023\/07\/EYOF-Maribor-2023-siatkowka-k-1-600x600.jpg 600w, https:\/\/olimpijski.pl\/wp-content\/uploads\/2023\/07\/EYOF-Maribor-2023-siatkowka-k-1.jpg 1620w\" sizes=\"(max-width: 1024px) 100vw, 1024px\" \/><\/figure>\n\n\n\n<figure class=\"wp-block-image size-large\"><img loading=\"lazy\" decoding=\"async\" width=\"1024\" height=\"1024\" src=\"https:\/\/olimpijski.pl\/wp-content\/uploads\/2023\/07\/EYOF-Maribor-2023-siatkowka-m-1-1024x1024.jpg\" alt=\"\" class=\"wp-image-74845\" srcset=\"https:\/\/olimpijski.pl\/wp-content\/uploads\/2023\/07\/EYOF-Maribor-2023-siatkowka-m-1-1024x1024.jpg 1024w, https:\/\/olimpijski.pl\/wp-content\/uploads\/2023\/07\/EYOF-Maribor-2023-siatkowka-m-1-300x300.jpg 300w, https:\/\/olimpijski.pl\/wp-content\/uploads\/2023\/07\/EYOF-Maribor-2023-siatkowka-m-1-150x150.jpg 150w, https:\/\/olimpijski.pl\/wp-content\/uploads\/2023\/07\/EYOF-Maribor-2023-siatkowka-m-1-768x768.jpg 768w, https:\/\/olimpijski.pl\/wp-content\/uploads\/2023\/07\/EYOF-Maribor-2023-siatkowka-m-1-1536x1536.jpg 1536w, https:\/\/olimpijski.pl\/wp-content\/uploads\/2023\/07\/EYOF-Maribor-2023-siatkowka-m-1-600x600.jpg 600w, https:\/\/olimpijski.pl\/wp-content\/uploads\/2023\/07\/EYOF-Maribor-2023-siatkowka-m-1.jpg 1755w\" sizes=\"(max-width: 1024px) 100vw, 1024px\" \/><\/figure>\n\n\n\n<p>Marcin\u00a0Orlik &#8211; trener<br>Micha\u0142 Dudek &#8211; trener<br>Przemys\u0142aw Szuta &#8211; trener<br>Sebastian Pawlik &#8211; trener<br>Maciej\u00a0Zende\u0142 &#8211; trener<br>Mariusz Neroj &#8211; statystyk<br>Marcin Pilecki &#8211; fizjoterapeuta<br>Olga Chmielewska &#8211; fizjoterapeuta<\/p>\n\n<\/div>\n\t\t<\/div>\n\n<div class=\"wp-block-ub-content-toggle-accordion\" style=\"border-color: #f1f1f1;\" id=\"ub-content-toggle-panel-block-\">\n\t\t\t<div class=\"wp-block-ub-content-toggle-accordion-title-wrap\" style=\"background-color: #f1f1f1;\" aria-controls=\"ub-content-toggle-panel-10-84caa87c-eda1-4d1b-b0b3-69da96e737a1\" tabindex=\"0\">\n\t\t\t<p class=\"wp-block-ub-content-toggle-accordion-title ub-content-toggle-title-84caa87c-eda1-4d1b-b0b3-69da96e737a1\" style=\"color: #000000; \"><strong>TENIS<\/strong><\/p>\n\t\t\t<div class=\"wp-block-ub-content-toggle-accordion-toggle-wrap right\" style=\"color: #000000;\"><span class=\"wp-block-ub-content-toggle-accordion-state-indicator wp-block-ub-chevron-down\"><\/span><\/div>\n\t\t<\/div>\n\t\t\t<div role=\"region\" aria-expanded=\"false\" class=\"wp-block-ub-content-toggle-accordion-content-wrap ub-hide\" id=\"ub-content-toggle-panel-10-84caa87c-eda1-4d1b-b0b3-69da96e737a1\">\n\n<figure class=\"wp-block-image size-large\"><img loading=\"lazy\" decoding=\"async\" width=\"1024\" height=\"1024\" src=\"https:\/\/olimpijski.pl\/wp-content\/uploads\/2023\/07\/EYOF-Maribor-2023-tenis-1-1024x1024.jpg\" alt=\"\" class=\"wp-image-74847\" srcset=\"https:\/\/olimpijski.pl\/wp-content\/uploads\/2023\/07\/EYOF-Maribor-2023-tenis-1-1024x1024.jpg 1024w, https:\/\/olimpijski.pl\/wp-content\/uploads\/2023\/07\/EYOF-Maribor-2023-tenis-1-300x300.jpg 300w, https:\/\/olimpijski.pl\/wp-content\/uploads\/2023\/07\/EYOF-Maribor-2023-tenis-1-150x150.jpg 150w, https:\/\/olimpijski.pl\/wp-content\/uploads\/2023\/07\/EYOF-Maribor-2023-tenis-1-768x768.jpg 768w, https:\/\/olimpijski.pl\/wp-content\/uploads\/2023\/07\/EYOF-Maribor-2023-tenis-1-1536x1536.jpg 1536w, https:\/\/olimpijski.pl\/wp-content\/uploads\/2023\/07\/EYOF-Maribor-2023-tenis-1-600x600.jpg 600w, https:\/\/olimpijski.pl\/wp-content\/uploads\/2023\/07\/EYOF-Maribor-2023-tenis-1.jpg 1755w\" sizes=\"(max-width: 1024px) 100vw, 1024px\" \/><\/figure>\n\n\n\n<p>Filip\u00a0Lewicki &#8211; trener<br>B\u0142a\u017cej Tondel &#8211; trener<\/p>\n\n<\/div>\n\t\t<\/div>\n<\/div>","protected":false},"excerpt":{"rendered":"<p>Reprezentacja Polski<\/p>\n","protected":false},"featured_media":0,"parent":74741,"menu_order":0,"template":"","meta":{"_acf_changed":false,"ub_ctt_via":"","footnotes":""},"class_list":["post-74769","olympics_eyof","type-olympics_eyof","status-publish","hentry","infinite-scroll-item","no-featured-image-padding"],"acf":{"special_bg_img":false,"hide_breadcrumbs":[]},"_links":{"self":[{"href":"https:\/\/olimpijski.pl\/en\/wp-json\/wp\/v2\/olympics_eyof\/74769"}],"collection":[{"href":"https:\/\/olimpijski.pl\/en\/wp-json\/wp\/v2\/olympics_eyof"}],"about":[{"href":"https:\/\/olimpijski.pl\/en\/wp-json\/wp\/v2\/types\/olympics_eyof"}],"version-history":[{"count":4,"href":"https:\/\/olimpijski.pl\/en\/wp-json\/wp\/v2\/olympics_eyof\/74769\/revisions"}],"predecessor-version":[{"id":79661,"href":"https:\/\/olimpijski.pl\/en\/wp-json\/wp\/v2\/olympics_eyof\/74769\/revisions\/79661"}],"up":[{"embeddable":true,"href":"https:\/\/olimpijski.pl\/en\/wp-json\/wp\/v2\/olympics_eyof\/74741"}],"wp:attachment":[{"href":"https:\/\/olimpijski.pl\/en\/wp-json\/wp\/v2\/media?parent=74769"}],"curies":[{"name":"wp","href":"https:\/\/api.w.org\/{rel}","templated":true}]}}