{"id":94802,"date":"2025-07-03T00:35:32","date_gmt":"2025-07-02T22:35:32","guid":{"rendered":"https:\/\/olimpijski.pl\/?post_type=olympics_eyof&#038;p=94802"},"modified":"2025-08-25T09:18:19","modified_gmt":"2025-08-25T07:18:19","slug":"xviii-letni-eyof-skopje-2025","status":"publish","type":"olympics_eyof","link":"https:\/\/olimpijski.pl\/en\/olympics_eyof\/xviii-letni-eyof-skopje-2025\/","title":{"rendered":"XVIII Letni EYOF \u2013 Skopje 2025"},"content":{"rendered":"\n\n\n\n<p><\/p>\n\n\n\n<div class=\"wp-block-columns are-vertically-aligned-center is-layout-flex wp-container-core-columns-is-layout-1 wp-block-columns-is-layout-flex\">\n<div class=\"wp-block-column is-vertically-aligned-center sidebar is-layout-flow wp-block-column-is-layout-flow\" style=\"flex-basis:50%\"><div class=\"sidebar\"><ul class=\"olympic-widget-menu\"><li><a href=https:\/\/olimpijski.pl\/en\/olympics_eyof\/xviii-letni-eyof-skopje-2025\/reprezentacjapolski\/>Reprezentacja Polski<\/a><\/li><li><a href=https:\/\/olimpijski.pl\/en\/olympics_eyof\/xviii-letni-eyof-skopje-2025\/misja\/>Misja<\/a><\/li><li><a href=https:\/\/olimpijski.pl\/en\/olympics_eyof\/xviii-letni-eyof-skopje-2025\/medalepolakow\/>Medale Polak\u00f3w<\/a><\/li><li><a href=https:\/\/olimpijski.pl\/en\/olympics_eyof\/xviii-letni-eyof-skopje-2025\/aktualnosci\/>Aktualno\u015bci<\/a><\/li><li><a href=https:\/\/olimpijski.pl\/en\/olympics_eyof\/xviii-letni-eyof-skopje-2025\/liczbyeyof\/>Liczby EYOF<\/a><\/li><li><a href=https:\/\/olimpijski.pl\/en\/olympics_eyof\/xviii-letni-eyof-skopje-2025\/galeria\/>Galeria<\/a><\/li><\/ul><\/div>\n<\/div>\n\n\n\n<div class=\"wp-block-column is-vertically-aligned-center is-layout-flow wp-block-column-is-layout-flow\" style=\"flex-basis:50%\">\n<div class=\"wp-block-cover okladka-skopje\"><span aria-hidden=\"true\" class=\"wp-block-cover__background has-background-dim-70 has-background-dim wp-block-cover__gradient-background has-background-gradient has-vivid-cyan-blue-to-vivid-purple-gradient-background\"><\/span><img loading=\"lazy\" decoding=\"async\" width=\"1600\" height=\"1000\" class=\"wp-block-cover__image-background wp-image-95393\" alt=\"\" src=\"https:\/\/olimpijski.pl\/wp-content\/uploads\/2025\/07\/PKOl_Eyof_sklad_1600x1000px.jpg\" data-object-fit=\"cover\" srcset=\"https:\/\/olimpijski.pl\/wp-content\/uploads\/2025\/07\/PKOl_Eyof_sklad_1600x1000px.jpg 1600w, https:\/\/olimpijski.pl\/wp-content\/uploads\/2025\/07\/PKOl_Eyof_sklad_1600x1000px-300x188.jpg 300w, https:\/\/olimpijski.pl\/wp-content\/uploads\/2025\/07\/PKOl_Eyof_sklad_1600x1000px-1024x640.jpg 1024w, https:\/\/olimpijski.pl\/wp-content\/uploads\/2025\/07\/PKOl_Eyof_sklad_1600x1000px-768x480.jpg 768w, https:\/\/olimpijski.pl\/wp-content\/uploads\/2025\/07\/PKOl_Eyof_sklad_1600x1000px-1536x960.jpg 1536w\" sizes=\"(max-width: 1600px) 100vw, 1600px\" \/><div class=\"wp-block-cover__inner-container is-layout-constrained wp-block-cover-is-layout-constrained\">\n<h2 class=\"wp-block-heading has-text-align-left main-title white has-base-3-color has-text-color has-link-color wp-elements-6b1ea6d43a2c22d26af64b230d10afde\"><a href=\"https:\/\/olimpijski.pl\/olympics_eyof\/xviii-letni-eyof-skopje-2025\/reprezentacjapolski\/\"><strong>Reprezentacja <\/strong><br>Polski<\/a><\/h2>\n<\/div><\/div>\n<\/div>\n<\/div>\n\n\n\n<div style=\"height:30px\" aria-hidden=\"true\" class=\"wp-block-spacer\"><\/div>\n\n\n\n<h2 class=\"wp-block-heading main-title\"><strong>Aktualno\u015bci<\/strong><\/h2>\n\n\n\n<div style=\"height:30px\" aria-hidden=\"true\" class=\"wp-block-spacer\"><\/div>\n\n\n\n\n\n\n<div style=\"height:50px\" aria-hidden=\"true\" class=\"wp-block-spacer\"><\/div>\n\n\n\n<p><\/p>\n\n\n\n<div class=\"wp-block-cover alignfull has-parallax white\"><span aria-hidden=\"true\" class=\"wp-block-cover__background has-background-dim-100 has-background-dim wp-block-cover__gradient-background has-background-gradient has-vivid-cyan-blue-to-vivid-purple-gradient-background\"><\/span><div class=\"wp-block-cover__image-background wp-image-74694 has-parallax\" style=\"background-position:50% 50%;background-image:url(https:\/\/olimpijski.pl\/wp-content\/uploads\/2023\/07\/footer-background-overlay.png)\"><\/div><div class=\"wp-block-cover__inner-container is-layout-flow wp-block-cover-is-layout-flow\">\n<div class=\"wp-block-group\"><div class=\"wp-block-group__inner-container is-layout-flow wp-block-group-is-layout-flow\">\n<div class=\"wp-block-cover alignfull has-parallax white\"><span aria-hidden=\"true\" class=\"wp-block-cover__background has-background-dim-100 has-background-dim wp-block-cover__gradient-background has-background-gradient has-vivid-cyan-blue-to-vivid-purple-gradient-background\"><\/span><div class=\"wp-block-cover__image-background wp-image-74694 has-parallax\" style=\"background-position:50% 50%;background-image:url(https:\/\/olimpijski.pl\/wp-content\/uploads\/2023\/07\/footer-background-overlay.png)\"><\/div><div class=\"wp-block-cover__inner-container is-layout-flow wp-block-cover-is-layout-flow\">\n<div class=\"wp-block-group\"><div class=\"wp-block-group__inner-container is-layout-flow wp-block-group-is-layout-flow\">\n<h2 class=\"wp-block-heading main-title white\"><strong>Galeria<\/strong><\/h2>\n\n\n\n<div class=\"wp-block-columns is-layout-flex wp-container-core-columns-is-layout-2 wp-block-columns-is-layout-flex\">\n<div class=\"wp-block-column is-layout-flow wp-block-column-is-layout-flow\">\n<\/div>\n\n\n\n<div class=\"wp-block-column is-layout-flow wp-block-column-is-layout-flow\">\n<\/div>\n\n\n\n<div class=\"wp-block-column is-layout-flow wp-block-column-is-layout-flow\">\n<\/div>\n\n\n\n<div class=\"wp-block-column is-layout-flow wp-block-column-is-layout-flow\">\n<\/div>\n<\/div>\n\n\n\n<div class=\"wp-block-columns is-layout-flex wp-container-core-columns-is-layout-3 wp-block-columns-is-layout-flex\">\n<div class=\"wp-block-column is-layout-flow wp-block-column-is-layout-flow\">\n<\/div>\n\n\n\n<div class=\"wp-block-column is-layout-flow wp-block-column-is-layout-flow\">\n<\/div>\n\n\n\n<div class=\"wp-block-column is-layout-flow wp-block-column-is-layout-flow\">\n<\/div>\n\n\n\n<div class=\"wp-block-column is-layout-flow wp-block-column-is-layout-flow\">\n<\/div>\n<\/div>\n<\/div><\/div>\n<\/div><\/div>\n<\/div><\/div>\n<\/div><\/div>\n\n\n\n<div class=\"wp-block-media-text alignwide is-stacked-on-mobile\" style=\"grid-template-columns:35% auto\"><figure class=\"wp-block-media-text__media\"><img loading=\"lazy\" decoding=\"async\" width=\"1024\" height=\"740\" src=\"https:\/\/olimpijski.pl\/wp-content\/uploads\/2025\/07\/Logo-EYOF-SKOPJE-2025-97ffdf3f-1024x740.webp\" alt=\"\" class=\"wp-image-94804 size-full\" srcset=\"https:\/\/olimpijski.pl\/wp-content\/uploads\/2025\/07\/Logo-EYOF-SKOPJE-2025-97ffdf3f-1024x740.webp 1024w, https:\/\/olimpijski.pl\/wp-content\/uploads\/2025\/07\/Logo-EYOF-SKOPJE-2025-97ffdf3f-300x217.webp 300w, https:\/\/olimpijski.pl\/wp-content\/uploads\/2025\/07\/Logo-EYOF-SKOPJE-2025-97ffdf3f-768x555.webp 768w, https:\/\/olimpijski.pl\/wp-content\/uploads\/2025\/07\/Logo-EYOF-SKOPJE-2025-97ffdf3f.webp 1182w\" sizes=\"(max-width: 1024px) 100vw, 1024px\" \/><\/figure><div class=\"wp-block-media-text__content\">\n<h2 class=\"wp-block-heading\"><strong>Logo<\/strong> <strong>EYOF Skopje 2025<\/strong><\/h2>\n\n\n\n<p>Logo EYOF Skopje 2025 zosta\u0142o zaprojektowane jako zunifikowana kompozycja, zawieraj\u0105ca istot\u0119 dw\u00f3ch ikonicznych symboli: Kamiennego Mostu, najbardziej rozpoznawalnego punktu orientacyjnego Skopje oraz s\u0142o\u0144ca, zainspirowanego flag\u0105 Macedonii P\u00f3\u0142nocnej.<br>Elementy te s\u0105 stylizowane i uzupe\u0142niane sylwetk\u0105 sportowca, reprezentuj\u0105cego XVIII Letni Olimpijski Festiwal M\u0142odzie\u017cy Europy Skopje 2025.<br><br>Kolory logo zosta\u0142y starannie dobrane, aby pasowa\u0142y do \u200b\u200bpi\u0119ciu k\u00f3\u0142 olimpijskich, oddaj\u0105c ducha olimpizmu. Jako fundament i inspiracj\u0119 dla identyfikacji wizualnej w\u0142\u0105czono tradycyjny haft macedo\u0144ski, b\u0119d\u0105cy istotn\u0105 cz\u0119\u015bci\u0105 dekoracji tradycyjnego stroju macedo\u0144skiego.<br>Niekt\u00f3re elementy zosta\u0142y zmodernizowane i stylizowane, a dodatkowe szczeg\u00f3\u0142y zosta\u0142y wprowadzone, aby odzwierciedli\u0107 sporty prezentowane na wydarzeniu i kluczowe miejsca w Skopje.<\/p>\n<\/div><\/div>\n\n\n\n<div class=\"wp-block-media-text alignwide has-media-on-the-right is-stacked-on-mobile\" style=\"grid-template-columns:auto 51%\"><div class=\"wp-block-media-text__content\">\n<div style=\"height:20px\" aria-hidden=\"true\" class=\"wp-block-spacer\"><\/div>\n\n\n\n<h2 class=\"wp-block-heading\"><strong>Shiny \u2013 oficjalna maskotka EYOF Skopje 2025!<\/strong><\/h2>\n\n\n\n<p>Shiny jest symbolem m\u0142odzie\u0144czego ducha olimpijskiego, gotowym wnie\u015b\u0107 \u015bwiat\u0142o, energi\u0119 i ciep\u0142o do tego niezapomnianego wydarzenia jakim jest niew\u0105tpliwie XVIII Letni EYOF Skopje 2025.<br><br>Shiny pochodzi ze s\u0142onecznej Macedonii P\u00f3\u0142nocnej, kraju znanego z ciep\u0142a i go\u015bcinno\u015bci, gdzie s\u0142o\u0144ce zawsze \u015bwieci i inspiruje. Swoimi szerokimi promieniami serdecznie wita wszystkich sportowc\u00f3w, fan\u00f3w i go\u015bci, wnosz\u0105c rado\u015b\u0107 i pozytywn\u0105 energi\u0119 do ka\u017cdej chwili festiwalu.<br><br>Jako fundament i inspiracj\u0119 dla identyfikacji wizualnej w\u0142\u0105czono tradycyjny haft macedo\u0144ski, niezb\u0119dny element dekoracji w tradycyjnym stroju macedo\u0144skim. Dzi\u0119ki swojej nieograniczonej energii, wytrzyma\u0142o\u015bci i pasji do sportu Shiny b\u0119dzie kibicem wszystkich zawodnik\u00f3w, motywuj\u0105c ich do dawania z siebie wszystkiego i osi\u0105gania sportowych marze\u0144.<br><br>Shiny b\u0119dzie sta\u0142 przy m\u0142odych sportowcach, zach\u0119ca\u0142 ich do przekraczania w\u0142asnych granic i przypomina\u0142, \u017ce ka\u017cdy sukces zaczyna si\u0119 od wiary w siebie. A czym jest EYOF bez zabawy? Jego jasny, radosny u\u015bmiech i zara\u017aliwy entuzjazm sprawi\u0105, \u017ce atmosfera EYOF Skopje 2025 b\u0119dzie \u017cywa, dynamiczna i niezapomniana, \u0142\u0105cz\u0105c wszystkich poprzez ducha sportu, przyja\u017ani i fair play.<\/p>\n\n\n\n<p>Shiny jest gotowy! A Wy? Przygotujcie si\u0119 na niezapomniane wra\u017cenia pe\u0142ne sportowych osi\u0105gni\u0119\u0107, nowych przyja\u017ani i nieko\u0144cz\u0105cej si\u0119 zabawy!<br><\/p>\n<\/div><figure class=\"wp-block-media-text__media\"><img loading=\"lazy\" decoding=\"async\" width=\"962\" height=\"1024\" src=\"https:\/\/olimpijski.pl\/wp-content\/uploads\/2025\/07\/Skopje-maskotka-962x1024.webp\" alt=\"\" class=\"wp-image-94806 size-full\" srcset=\"https:\/\/olimpijski.pl\/wp-content\/uploads\/2025\/07\/Skopje-maskotka-962x1024.webp 962w, https:\/\/olimpijski.pl\/wp-content\/uploads\/2025\/07\/Skopje-maskotka-282x300.webp 282w, https:\/\/olimpijski.pl\/wp-content\/uploads\/2025\/07\/Skopje-maskotka-768x818.webp 768w, https:\/\/olimpijski.pl\/wp-content\/uploads\/2025\/07\/Skopje-maskotka-1442x1536.webp 1442w, https:\/\/olimpijski.pl\/wp-content\/uploads\/2025\/07\/Skopje-maskotka-1923x2048.webp 1923w, https:\/\/olimpijski.pl\/wp-content\/uploads\/2025\/07\/Skopje-maskotka.webp 1941w\" sizes=\"(max-width: 962px) 100vw, 962px\" \/><\/figure><\/div>\n\n\n\n<div class=\"wp-block-media-text alignwide is-stacked-on-mobile\" style=\"grid-template-columns:35% auto\"><figure class=\"wp-block-media-text__media\"><img loading=\"lazy\" decoding=\"async\" width=\"780\" height=\"410\" src=\"https:\/\/olimpijski.pl\/wp-content\/uploads\/2025\/07\/Motto-65104906.webp\" alt=\"\" class=\"wp-image-95413 size-full\" srcset=\"https:\/\/olimpijski.pl\/wp-content\/uploads\/2025\/07\/Motto-65104906.webp 780w, https:\/\/olimpijski.pl\/wp-content\/uploads\/2025\/07\/Motto-65104906-300x158.webp 300w, https:\/\/olimpijski.pl\/wp-content\/uploads\/2025\/07\/Motto-65104906-768x404.webp 768w\" sizes=\"(max-width: 780px) 100vw, 780px\" \/><\/figure><div class=\"wp-block-media-text__content\">\n<h2 class=\"wp-block-heading\"><strong>Motto EYOF Skopje 2025<\/strong><\/h2>\n\n\n\n<p id=\"block-390b2fca-674b-4402-938f-7c1c70773c27\">Motto EYOF Skopje 2025 doskonale oddaje istot\u0119 Olimpijskiego Festiwalu M\u0142odzie\u017cy Europy \u2013 miejsca, gdzie sport staje si\u0119 czym\u015b wi\u0119cej ni\u017c tylko rywalizacj\u0105. To \u015bwi\u0119to m\u0142odo\u015bci, energii i jedno\u015bci, gdzie ka\u017cdy m\u0142ody sportowiec ma szans\u0119 zab\u0142ysn\u0105\u0107, przekracza\u0107 w\u0142asne granice i do\u015bwiadczy\u0107 prawdziwej si\u0142y wsp\u00f3lnoty.<br><br><strong>\u201eTogether we play\u201d<\/strong> \u2013 bo sport nas zbli\u017ca, ucz\u0105c pracy zespo\u0142owej i wzajemnego szacunku.<br><strong>\u201eTogether we shine\u201d<\/strong> \u2013 bo ka\u017cdy sukces, ka\u017cde zwyci\u0119stwo i wszystkie przezwyci\u0119\u017cone wyzwania nabieraj\u0105 wi\u0119kszej warto\u015bci, gdy dzielimy je z innymi.<br><br>Ten festiwal to nie tylko wydarzenie sportowe \u2013 to inspiracja dla nowych pokole\u0144, by marzy\u0107 odwa\u017cnie, d\u0105\u017cy\u0107 do sukcesu i \u017cy\u0107 wed\u0142ug olimpijskich warto\u015bci: szacunku, przyja\u017ani i d\u0105\u017cenia do doskona\u0142o\u015bci.<br>Razem tworzymy wspomnienia; razem roz\u015bwietlamy drog\u0119 ku przysz\u0142o\u015bci!<\/p>\n<\/div><\/div>\n","protected":false},"excerpt":{"rendered":"<p>Aktualno\u015bci Logo EYOF Skopje 2025 Logo EYOF Skopje 2025 zosta\u0142o zaprojektowane jako zunifikowana kompozycja, zawieraj\u0105ca istot\u0119 dw\u00f3ch ikonicznych symboli: Kamiennego Mostu, najbardziej<\/p>\n","protected":false},"featured_media":0,"parent":0,"menu_order":0,"template":"templates\/olympic_main_subpage.php","meta":{"_acf_changed":false,"ub_ctt_via":"","footnotes":""},"class_list":["post-94802","olympics_eyof","type-olympics_eyof","status-publish","hentry","infinite-scroll-item","no-featured-image-padding"],"acf":{"special_bg_img":false,"hide_breadcrumbs":[{"value":"1","label":"Tak"}],"competitions_olympic":false,"pokaz_ustawienia_ze_starego_systemu":false,"startdate":"20.07.2025 12:00 am","enddate":"26.07.2025 12:00 am","place":"Skopje","year":"2025","logo":"https:\/\/olimpijski.pl\/wp-content\/uploads\/2025\/07\/Logo-EYOF-SKOPJE-2025-97ffdf3f.webp","histroy_tabs":false,"hide_representative_checkbox":true,"no_medals_info":"<p>W tych Igrzyskach Olimpijskich Polska Reprezentacja Olimpijska nie wywalczy\u0142a medali<\/p>\n","message_hidden_representatives":"<p>Reprezentacja zostanie opublikowana po akceptacji przez PKOl.<\/p>\n"},"_links":{"self":[{"href":"https:\/\/olimpijski.pl\/en\/wp-json\/wp\/v2\/olympics_eyof\/94802"}],"collection":[{"href":"https:\/\/olimpijski.pl\/en\/wp-json\/wp\/v2\/olympics_eyof"}],"about":[{"href":"https:\/\/olimpijski.pl\/en\/wp-json\/wp\/v2\/types\/olympics_eyof"}],"version-history":[{"count":23,"href":"https:\/\/olimpijski.pl\/en\/wp-json\/wp\/v2\/olympics_eyof\/94802\/revisions"}],"predecessor-version":[{"id":99823,"href":"https:\/\/olimpijski.pl\/en\/wp-json\/wp\/v2\/olympics_eyof\/94802\/revisions\/99823"}],"wp:attachment":[{"href":"https:\/\/olimpijski.pl\/en\/wp-json\/wp\/v2\/media?parent=94802"}],"curies":[{"name":"wp","href":"https:\/\/api.w.org\/{rel}","templated":true}]}}