{"id":95433,"date":"2025-07-11T08:48:26","date_gmt":"2025-07-11T06:48:26","guid":{"rendered":"https:\/\/olimpijski.pl\/?post_type=olympics_eyof&#038;p=95433"},"modified":"2025-07-25T08:24:25","modified_gmt":"2025-07-25T06:24:25","slug":"reprezentacjapolski","status":"publish","type":"olympics_eyof","link":"https:\/\/olimpijski.pl\/en\/olympics_eyof\/xviii-letni-eyof-skopje-2025\/reprezentacjapolski\/","title":{"rendered":"Reprezentacja Polski"},"content":{"rendered":"\n<h1 class=\"wp-block-heading main-title\"><strong>M\u0142odzie\u017cowa Reprezentacja <\/strong>Polski EYOF Skopje 2025<\/h1>\n\n\n\n<p><\/p>\n\n\n\n<hr class=\"wp-block-separator has-alpha-channel-opacity\"\/>\n\n\n\n<div class=\"wp-block-media-text is-stacked-on-mobile\"><figure class=\"wp-block-media-text__media\"><img loading=\"lazy\" decoding=\"async\" width=\"819\" height=\"1024\" src=\"https:\/\/olimpijski.pl\/wp-content\/uploads\/2025\/07\/PKOl_Badminton_okladka_IG-819x1024.jpg\" alt=\"\" class=\"wp-image-95474 size-full\" srcset=\"https:\/\/olimpijski.pl\/wp-content\/uploads\/2025\/07\/PKOl_Badminton_okladka_IG-819x1024.jpg 819w, https:\/\/olimpijski.pl\/wp-content\/uploads\/2025\/07\/PKOl_Badminton_okladka_IG-240x300.jpg 240w, https:\/\/olimpijski.pl\/wp-content\/uploads\/2025\/07\/PKOl_Badminton_okladka_IG-768x960.jpg 768w, https:\/\/olimpijski.pl\/wp-content\/uploads\/2025\/07\/PKOl_Badminton_okladka_IG.jpg 1200w\" sizes=\"(max-width: 819px) 100vw, 819px\" \/><\/figure><div class=\"wp-block-media-text__content\">\n<p><strong>Aleksandra Wasilewska<\/strong> (SKB SUWA\u0141KI)<br><strong>Jakub Dulemba<\/strong> (MKS ORLICZ SUCHEDNI\u00d3W)<\/p>\n\n\n\n<p><em>Bartosz Markiewicz \u2013 trener<\/em><\/p>\n<\/div><\/div>\n\n\n\n<hr class=\"wp-block-separator has-alpha-channel-opacity\"\/>\n\n\n\n<div class=\"wp-block-media-text is-stacked-on-mobile\"><figure class=\"wp-block-media-text__media\"><img loading=\"lazy\" decoding=\"async\" width=\"819\" height=\"1024\" src=\"https:\/\/olimpijski.pl\/wp-content\/uploads\/2025\/07\/PKOl_sklady_GimnastykaSportowa_okladka_IG-819x1024.jpg\" alt=\"\" class=\"wp-image-95477 size-full\" srcset=\"https:\/\/olimpijski.pl\/wp-content\/uploads\/2025\/07\/PKOl_sklady_GimnastykaSportowa_okladka_IG-819x1024.jpg 819w, https:\/\/olimpijski.pl\/wp-content\/uploads\/2025\/07\/PKOl_sklady_GimnastykaSportowa_okladka_IG-240x300.jpg 240w, https:\/\/olimpijski.pl\/wp-content\/uploads\/2025\/07\/PKOl_sklady_GimnastykaSportowa_okladka_IG-768x960.jpg 768w, https:\/\/olimpijski.pl\/wp-content\/uploads\/2025\/07\/PKOl_sklady_GimnastykaSportowa_okladka_IG.jpg 1200w\" sizes=\"(max-width: 819px) 100vw, 819px\" \/><\/figure><div class=\"wp-block-media-text__content\">\n<p><strong>Gracja Dobrza\u0144ska<\/strong> (TS Wis\u0142a Krak\u00f3w)<br><strong>Alicja Kupka<\/strong> (MKS Pa\u0142ac M\u0142odzie\u017cy Katowice)<br><strong>Sofiya Razumouskaya<\/strong> (MKS Kusy Szczecin)<br><strong>Tomasz Le Khac<\/strong> (CWZS Zawisza Bydgoszcz)<\/p>\n\n\n\n<p><em>Olga Teslenko \u2013 trener kobiet<br>Mikalai Hradoukin \u2013 trener kobiet<br>Pavlo Netreba \u2013 trener m\u0119\u017cczyzn<br>Magdalena Pro\u0144czuk \u2013 fizjoterapeuta<\/em><\/p>\n<\/div><\/div>\n\n\n\n<hr class=\"wp-block-separator has-alpha-channel-opacity\"\/>\n\n\n\n<div class=\"wp-block-media-text is-stacked-on-mobile\"><figure class=\"wp-block-media-text__media\"><img loading=\"lazy\" decoding=\"async\" width=\"819\" height=\"1024\" src=\"https:\/\/olimpijski.pl\/wp-content\/uploads\/2025\/07\/PKOl_Judo_okladka_IG-819x1024.jpg\" alt=\"\" class=\"wp-image-95482 size-full\" srcset=\"https:\/\/olimpijski.pl\/wp-content\/uploads\/2025\/07\/PKOl_Judo_okladka_IG-819x1024.jpg 819w, https:\/\/olimpijski.pl\/wp-content\/uploads\/2025\/07\/PKOl_Judo_okladka_IG-240x300.jpg 240w, https:\/\/olimpijski.pl\/wp-content\/uploads\/2025\/07\/PKOl_Judo_okladka_IG-768x960.jpg 768w, https:\/\/olimpijski.pl\/wp-content\/uploads\/2025\/07\/PKOl_Judo_okladka_IG.jpg 1200w\" sizes=\"(max-width: 819px) 100vw, 819px\" \/><\/figure><div class=\"wp-block-media-text__content\">\n<p><strong>Diana Benkova<\/strong> (TS Wis\u0142a Krak\u00f3w)<br><strong>Julia B\u0142aszczyk<\/strong> (UKS Orkan Sochaczew)<br><strong>Martyna Naro\u017cnowska<\/strong> (UKS Gimnazjon)<br><strong>Nina Podymska<\/strong> (MKS Juvenia Wroc\u0142aw)<br><strong>Julia Siemko<\/strong> (UKJ Ry\u015b)<br><strong>Nikola Zar\u0119ba<\/strong> (KUMA Judo)<br><strong>Jeremiasz B\u0119tkowski<\/strong> (KS Kuzushi Kielce)<br><strong>Jakub Borz\u0119cki<\/strong> (UKJ Ry\u015b)<br><strong>Bart\u0142omiej Dobrowolski<\/strong> (UKS Same Judo)<br><strong>Dawid Kami\u0144ski<\/strong> (KS Judo Tigers Wroc\u0142aw)<br><strong>Wojciech Michalak<\/strong> (UKJ Champion)<br><strong>Dawid Wi\u015bniewski <\/strong>(UKS Feniks Bytom)<\/p>\n\n\n\n<p><em>Tomasz Jopek \u2013 trener<br>Artur Zieli\u0144ski \u2013 trener<\/em><\/p>\n<\/div><\/div>\n\n\n\n<hr class=\"wp-block-separator has-alpha-channel-opacity\"\/>\n\n\n\n<div class=\"wp-block-media-text is-stacked-on-mobile\"><figure class=\"wp-block-media-text__media\"><img loading=\"lazy\" decoding=\"async\" width=\"819\" height=\"1024\" src=\"https:\/\/olimpijski.pl\/wp-content\/uploads\/2025\/07\/PKOl_KajakarstwoSlalomowe_IG_okladka-819x1024.jpg\" alt=\"\" class=\"wp-image-95484 size-full\" srcset=\"https:\/\/olimpijski.pl\/wp-content\/uploads\/2025\/07\/PKOl_KajakarstwoSlalomowe_IG_okladka-819x1024.jpg 819w, https:\/\/olimpijski.pl\/wp-content\/uploads\/2025\/07\/PKOl_KajakarstwoSlalomowe_IG_okladka-240x300.jpg 240w, https:\/\/olimpijski.pl\/wp-content\/uploads\/2025\/07\/PKOl_KajakarstwoSlalomowe_IG_okladka-768x960.jpg 768w, https:\/\/olimpijski.pl\/wp-content\/uploads\/2025\/07\/PKOl_KajakarstwoSlalomowe_IG_okladka.jpg 1200w\" sizes=\"(max-width: 819px) 100vw, 819px\" \/><\/figure><div class=\"wp-block-media-text__content\">\n<p><strong>Patrycja Iwaniec<\/strong> (LUKS Kwisa Le\u015bna)<br><strong>Gabriela Jojczyk<\/strong> (KS Start Nowy S\u0105cz)<br><strong>Marek Kulczycki <\/strong>(Krakowski Klub Kajakowy)<br><strong>Tomasz Regu\u0142a<\/strong>&nbsp;(LKK Drzewica)<\/p>\n\n\n\n<p><em>Jakub Chojnowski \u2013 trener<br>Marcin Pochwa\u0142a \u2013 trener<\/em><\/p>\n<\/div><\/div>\n\n\n\n<hr class=\"wp-block-separator has-alpha-channel-opacity\"\/>\n\n\n\n<div class=\"wp-block-media-text is-stacked-on-mobile\"><figure class=\"wp-block-media-text__media\"><img loading=\"lazy\" decoding=\"async\" width=\"815\" height=\"1024\" src=\"https:\/\/olimpijski.pl\/wp-content\/uploads\/2025\/07\/PKOl_KolarstwoGorskie_okladka_OK-815x1024.jpg\" alt=\"\" class=\"wp-image-95513 size-full\" srcset=\"https:\/\/olimpijski.pl\/wp-content\/uploads\/2025\/07\/PKOl_KolarstwoGorskie_okladka_OK-815x1024.jpg 815w, https:\/\/olimpijski.pl\/wp-content\/uploads\/2025\/07\/PKOl_KolarstwoGorskie_okladka_OK-239x300.jpg 239w, https:\/\/olimpijski.pl\/wp-content\/uploads\/2025\/07\/PKOl_KolarstwoGorskie_okladka_OK-768x965.jpg 768w, https:\/\/olimpijski.pl\/wp-content\/uploads\/2025\/07\/PKOl_KolarstwoGorskie_okladka_OK.jpg 1194w\" sizes=\"(max-width: 815px) 100vw, 815px\" \/><\/figure><div class=\"wp-block-media-text__content\">\n<p><strong>Natalia Pir\u00f3g<\/strong>&nbsp;(Pho3nix Cycling Team)<br><strong>Micha\u0142 Struzik<\/strong>&nbsp;(Warszawski Klub Kolarski)<\/p>\n\n\n\n<p><em>Zuzanna Krzysta\u0142a \u2013 trener<\/em><\/p>\n<\/div><\/div>\n\n\n\n<hr class=\"wp-block-separator has-alpha-channel-opacity\"\/>\n\n\n\n<div class=\"wp-block-media-text is-stacked-on-mobile\"><figure class=\"wp-block-media-text__media\"><img loading=\"lazy\" decoding=\"async\" width=\"819\" height=\"1024\" src=\"https:\/\/olimpijski.pl\/wp-content\/uploads\/2025\/07\/PKOl_Kolarstwo_szosowe_IG_okladka-819x1024.jpg\" alt=\"\" class=\"wp-image-95501 size-full\" srcset=\"https:\/\/olimpijski.pl\/wp-content\/uploads\/2025\/07\/PKOl_Kolarstwo_szosowe_IG_okladka-819x1024.jpg 819w, https:\/\/olimpijski.pl\/wp-content\/uploads\/2025\/07\/PKOl_Kolarstwo_szosowe_IG_okladka-240x300.jpg 240w, https:\/\/olimpijski.pl\/wp-content\/uploads\/2025\/07\/PKOl_Kolarstwo_szosowe_IG_okladka-768x960.jpg 768w, https:\/\/olimpijski.pl\/wp-content\/uploads\/2025\/07\/PKOl_Kolarstwo_szosowe_IG_okladka.jpg 1200w\" sizes=\"(max-width: 819px) 100vw, 819px\" \/><\/figure><div class=\"wp-block-media-text__content\">\n<p><strong>Magdalena&nbsp;Pola\u0144ska<\/strong>&nbsp;(UKS Copernicus Toru\u0144 CCC SMS Toru\u0144)<br><strong>Julia&nbsp;Po\u015bpiech<\/strong>&nbsp;(LKK Gos Mszana)<br><strong>Maria&nbsp;Szo\u0142ucha<\/strong>&nbsp;(UKS Kolarz Nadarzyn)<br><strong>Hubert&nbsp;Blokesz<\/strong>&nbsp;(UKS Avatar Silesia Team)<br><strong>Leon&nbsp;Janikowski<\/strong>&nbsp;(KK Tarnovia Tarnowo Podg\u00f3rne)<br><strong>Mateusz&nbsp;Rutkowski<\/strong>&nbsp;(KS Klif Ch\u0142apowo)<\/p>\n\n\n\n<p><em>Jakub Stecko \u2013 trener<br>Rafa\u0142 Sekta \u2013 fizjoterapeuta<br>Piotr Su\u0142ek \u2013 mechanik<\/em><\/p>\n<\/div><\/div>\n\n\n\n<hr class=\"wp-block-separator has-alpha-channel-opacity\"\/>\n\n\n\n<div class=\"wp-block-media-text is-stacked-on-mobile\"><figure class=\"wp-block-media-text__media\"><img loading=\"lazy\" decoding=\"async\" width=\"819\" height=\"1024\" src=\"https:\/\/olimpijski.pl\/wp-content\/uploads\/2025\/07\/kosz-3x3-1-819x1024.jpeg\" alt=\"\" class=\"wp-image-95517 size-full\" srcset=\"https:\/\/olimpijski.pl\/wp-content\/uploads\/2025\/07\/kosz-3x3-1-819x1024.jpeg 819w, https:\/\/olimpijski.pl\/wp-content\/uploads\/2025\/07\/kosz-3x3-1-240x300.jpeg 240w, https:\/\/olimpijski.pl\/wp-content\/uploads\/2025\/07\/kosz-3x3-1-768x960.jpeg 768w, https:\/\/olimpijski.pl\/wp-content\/uploads\/2025\/07\/kosz-3x3-1.jpeg 1200w\" sizes=\"(max-width: 819px) 100vw, 819px\" \/><\/figure><div class=\"wp-block-media-text__content\">\n<p><strong>Lena Brzustowska<\/strong> (ENEA AZS Politechnika Pozna\u0144)<br><strong>Helena Danielewicz<\/strong> (Sportowa Politechnika &amp; Akademia Gortata)<br><strong>Magdalena Kloska<\/strong> (Nauticus Szko\u0142a Gortata Gda\u0144sk)<br><strong>Zuzanna Winkel <\/strong>(MUKS Pozna\u0144)<br><strong>Krzysztof Babis<\/strong> (BSA AMW Arka Gdynia)<br><strong>Tomasz P\u0142ywaczyk<\/strong> (Stal Ostr\u00f3w Wielkopolski)<br><strong>Aleksander Stadnik<\/strong> (Akademia Gortata Gda\u0144sk)<br><strong>Nikodem Wo\u017any<\/strong> (MKS D\u0105browa G\u00f3rnicza)<\/p>\n\n\n\n<p><em>Bart\u0142omiej Koziatek \u2013 trener<br>Miko\u0142aj Kleszcz \u2013 trener przygotowania motorycznego<\/em><\/p>\n<\/div><\/div>\n\n\n\n<hr class=\"wp-block-separator has-alpha-channel-opacity\"\/>\n\n\n\n<div class=\"wp-block-media-text is-stacked-on-mobile\"><figure class=\"wp-block-media-text__media\"><img loading=\"lazy\" decoding=\"async\" width=\"819\" height=\"1024\" src=\"https:\/\/olimpijski.pl\/wp-content\/uploads\/2025\/07\/PKOl_lekkoatletyka_okladka_IG-819x1024.jpg\" alt=\"\" class=\"wp-image-95505 size-full\" srcset=\"https:\/\/olimpijski.pl\/wp-content\/uploads\/2025\/07\/PKOl_lekkoatletyka_okladka_IG-819x1024.jpg 819w, https:\/\/olimpijski.pl\/wp-content\/uploads\/2025\/07\/PKOl_lekkoatletyka_okladka_IG-240x300.jpg 240w, https:\/\/olimpijski.pl\/wp-content\/uploads\/2025\/07\/PKOl_lekkoatletyka_okladka_IG-768x960.jpg 768w, https:\/\/olimpijski.pl\/wp-content\/uploads\/2025\/07\/PKOl_lekkoatletyka_okladka_IG.jpg 1200w\" sizes=\"(max-width: 819px) 100vw, 819px\" \/><\/figure><div class=\"wp-block-media-text__content\">\n<p><strong>Maja Gondek<\/strong> (AML S\u0142upsk)<br><strong>Milena Basi\u0144ska<\/strong> (KKL Stal Stalowa Wola)<br><strong>Katarzyna Brzezi\u0144ska<\/strong> (SL Olimpia Pozna\u0144)<br><strong>Amelia Gibas<\/strong> (LKS Brzezina Osiek)<br><strong>Kinga Jackowska<\/strong> (MKL Jurand Szczytno)<br><strong>Anna\u00a0J\u0119drzejczyk<\/strong> (Energetyk Pozna\u0144)<br><strong>Zuzanna Kornacka<\/strong> (KS LZS Kruszwica) <br><strong>Vanessa Michaluk<\/strong> (MKS Boleslavia Boles\u0142awiec) <br><strong>Oksana Pestka<\/strong> (AML S\u0142upsk) <br><strong>Aleksandra Przybylska<\/strong> (UKS 20 Pozna\u0144) <br><strong>Aleksandra Sochacka<\/strong> (UKS LA Basket Warszawa) <br><strong>Emilia Stojek<\/strong> (MKS Tempo K\u0119ty) <br><strong>Zuzanna Szyma\u0144ska<\/strong>\u00a0(LKS Vectra W\u0142oc\u0142awek)\u00a0<br><strong>Zofia Tomczyk<\/strong> (UMLKS Pegaz Opoczno) <br><strong>Dawid Czapka<\/strong> (KS Agros Zamo\u015b\u0107) <br><strong>Nikodem Dymi\u0144ski<\/strong> (BKL Be\u0142chat\u00f3w) <br><strong>Micha\u0142 Gajdus<\/strong> (L\u0119borski Klub Biegacza im. Braci Petk) <br><strong>Wiktor Jaroszewicz<\/strong> (KMS Szczecin) <br><strong>Kacper K\u0119dzior<\/strong> (Wojskowy Klub Sportowy Wawel Krak\u00f3w)<br><strong>David Malinowski<\/strong> (MKL Szczecin) <br><strong>Stanis\u0142aw\u00a0M\u0105czy\u0144ski<\/strong>\u00a0(KS AZS AWF Warszawa) <br><strong>Aleksander Okruci\u0144ski<\/strong> (Klub Sportowy &#8220;Wejher&#8221;) <br><strong>Mateusz Posmyk<\/strong> (AZS-AWF Gorz\u00f3w) <br><strong>Maciej Pszcz\u00f3\u0142kowski<\/strong> (KS ASZ AWF Warszawa) <br><strong>Jan Samul<\/strong> (UKS La Basket Warszawa) <br><strong>Jakub Sarlej<\/strong> (Uks bieganie.pl Stryszawa) <br><strong>Iwo Urbanowicz<\/strong> (KS AZS UWM Olsztyn) <br><strong>Szymon Zaj\u0105c<\/strong> (RMKS Rybnik)<\/p>\n\n\n\n<p><em>Klaudia Pilarska \u2013 trener<br>Izabela Zaleska-Posmyk \u2013 trener<br>Ireneusz Bukowiecki \u2013 trener<br>Przemys\u0142aw Czerniak \u2013 trener<br>\u0141ukasz Mantyk \u2013 trener, team leader<br>Pawe\u0142 Zdrajkowski \u2013 trener<br>Mateusz Hadry\u015b \u2013 fizjoterapeuta<\/em><\/p>\n<\/div><\/div>\n\n\n\n<hr class=\"wp-block-separator has-alpha-channel-opacity\"\/>\n\n\n\n<div class=\"wp-block-media-text is-stacked-on-mobile\"><figure class=\"wp-block-media-text__media\"><img loading=\"lazy\" decoding=\"async\" width=\"819\" height=\"1024\" src=\"https:\/\/olimpijski.pl\/wp-content\/uploads\/2025\/07\/PKOl_Siatkowka_sklady_IG-819x1024.jpg\" alt=\"\" class=\"wp-image-95525 size-full\" srcset=\"https:\/\/olimpijski.pl\/wp-content\/uploads\/2025\/07\/PKOl_Siatkowka_sklady_IG-819x1024.jpg 819w, https:\/\/olimpijski.pl\/wp-content\/uploads\/2025\/07\/PKOl_Siatkowka_sklady_IG-240x300.jpg 240w, https:\/\/olimpijski.pl\/wp-content\/uploads\/2025\/07\/PKOl_Siatkowka_sklady_IG-768x960.jpg 768w, https:\/\/olimpijski.pl\/wp-content\/uploads\/2025\/07\/PKOl_Siatkowka_sklady_IG.jpg 1200w\" sizes=\"(max-width: 819px) 100vw, 819px\" \/><\/figure><div class=\"wp-block-media-text__content\">\n<p><strong>Nelly Adamczewska<\/strong> (KS Pa\u0142ac Bydgoszcz)<br><strong>Maja&nbsp;Bieniecka<\/strong> (UKS Varsovia Warszawa)<br><strong>Gabriela Biesek<\/strong> (KS Pa\u0142ac Bydgoszcz)<br><strong>Julia&nbsp;Figura<\/strong>&nbsp;(Joker \u015awiecie)<br><strong>Jagna Grosicka<\/strong> (EWL Volley Wroc\u0142aw)<br><strong>Weronika Janusz<\/strong> (Enea Energetyk Pozna\u0144)<br><strong>Julia&nbsp;K\u0119dzierska<\/strong> (PGE LTS Legionovia Legionowo)<br><strong>Nadia \u0141uszy\u0144ska<\/strong> (Enea Energetyk Pozna\u0144)<br><strong>Maria Minkiewicz<\/strong>&nbsp;(KS Pa\u0142ac Bydgoszcz)<br><strong>Antonina Paw\u0142owska<\/strong> (UKS Varsovia Warszawa)<br><strong>Kinga Pi\u015bniak<\/strong> (UKS Chemik SMS Olsztyn)<br><strong>Michalina Sikora<\/strong> (MUKS Joker \u015awiecie)<br><strong>Pawe\u0142 Guzy<\/strong> (AT Jastrz\u0119bski W\u0119giel)<br><strong>Bartosz Hoffmann<\/strong> (Metro Warszawa)<br><strong>Miko\u0142aj Kierkowski<\/strong> (Trefl Gda\u0144sk)<br><strong>Maciej Korona<\/strong> (Trefl Gda\u0144sk)<br><strong>Oliwier Kuropatwa<\/strong> (Trefl Gda\u0144sk Karol LEPPERT NTS 3 Nak\u0142o)<br><strong>Marcel Schadach<\/strong> (Trefl Gda\u0144sk)<br><strong>Adam Potempa<\/strong> (Trefl Gda\u0144sk)<br><strong>Wiktor Raczy\u0144ski<\/strong> (MOS Wola Warszawa)<br><strong>Bartosz Sawicki <\/strong>(SUKS Suwa\u0142ki)<br><strong>Micha\u0142 Sm\u0119tek<\/strong> (AT Jastrz\u0119bski W\u0119giel)<br><strong>Alan Stachowiak<\/strong> (JET Service Loms Joker Pi\u0142a)<\/p>\n\n\n\n<p><em>Joanna Staniucha-Szczurek \u2013 trener g\u0142\u00f3wny dru\u017cyny \u017ce\u0144skiej<br>Sebastian Tch\u00f3rz \u2013 asystent trenera<br>Karol Piekarz \u2013 statystyk<br>Agata Bursztynowicz \u2013 fizjoterapeuta<br>Sebastian Pawlik \u2013 I trener dru\u017cyny m\u0119skiej<br>Maciej Zende\u0142 \u2013 II trener dru\u017cyny m\u0119skiej<br>Mariusz Neroj \u2013 statystyk<br>Marcin Pilecki \u2013 fizjoterapeuta<\/em><\/p>\n<\/div><\/div>\n\n\n\n<hr class=\"wp-block-separator has-alpha-channel-opacity\"\/>\n\n\n\n<div class=\"wp-block-media-text is-stacked-on-mobile\"><figure class=\"wp-block-media-text__media\"><img loading=\"lazy\" decoding=\"async\" width=\"819\" height=\"1024\" src=\"https:\/\/olimpijski.pl\/wp-content\/uploads\/2025\/07\/PKOl_Plywanie_sklady_okladka_IG_v3-819x1024.jpg\" alt=\"\" class=\"wp-image-95520 size-full\" srcset=\"https:\/\/olimpijski.pl\/wp-content\/uploads\/2025\/07\/PKOl_Plywanie_sklady_okladka_IG_v3-819x1024.jpg 819w, https:\/\/olimpijski.pl\/wp-content\/uploads\/2025\/07\/PKOl_Plywanie_sklady_okladka_IG_v3-240x300.jpg 240w, https:\/\/olimpijski.pl\/wp-content\/uploads\/2025\/07\/PKOl_Plywanie_sklady_okladka_IG_v3-768x960.jpg 768w, https:\/\/olimpijski.pl\/wp-content\/uploads\/2025\/07\/PKOl_Plywanie_sklady_okladka_IG_v3.jpg 1200w\" sizes=\"(max-width: 819px) 100vw, 819px\" \/><\/figure><div class=\"wp-block-media-text__content\">\n<p><strong>Gabriela Bortlisz<\/strong> (MUKP Warszawianka Wodny Park)<br><strong>Natalia&nbsp;Duda<\/strong> (MKP Szczecin)<br><strong>Zofia Kowalska-Fr\u0105czyk<\/strong> (UKS Gim 92 Ursyn\u00f3w)<br><strong>Ewa Leciejewska<\/strong> (UKS Fala Niepor\u0119t)<br><strong>Barbara Le\u015bniewska<\/strong> (UKS Gim 92 Ursyn\u00f3w)<br><strong>Emilia Osadnik<\/strong> (KKP Delfin K\u0142obuck)<br><strong>Bianka Szpakiewicz<\/strong> (UKP Polonia Warszawa)<br><strong>Konrad Dawidowicz<\/strong> (UKS Gim 92 Ursyn\u00f3w)<br><strong>Hubert Ho\u0142ub<\/strong> (UKS G-8 Bielany Warszawa)<br><strong>Aleksander Jagie\u0142\u0142o<\/strong> (MKS Tr\u00f3jka \u0141\u00f3d\u017a)<br><strong>Bartosz Nawrat<\/strong> (UKS Na fali Bytom)<br><strong>Grzegorz Papuga<\/strong> (UKS 190 \u0141\u00f3d\u017a)<br><strong>Olaf Pryczynicz<\/strong> (UKS G-8 Bielany Warszawa)<br><strong>Szymon Tokarski<\/strong> (UKP Unia O\u015bwi\u0119cim)<br><strong>Tymoteusz Wiszniowski<\/strong> (LKS Jedno\u015b\u0107 32 Przyszowice)<br><strong>Alexander&nbsp;Yaroshenko<\/strong> (UKS G-8 Bielany Warszawa)<\/p>\n\n\n\n<p><em>Miros\u0142aw Drozd \u2013 trener<br>Piotr Ga\u0142ka \u2013 trener<br>Miros\u0142aw Ma\u0142kiewicz \u2013 trener g\u0142\u00f3wny<br>Jakub Smolec \u2013 trener<br>Alicja Stachura \u2013 trener<br>Maria Grabowska \u2013 fizjoterapeuta<\/em><\/p>\n<\/div><\/div>\n\n\n\n<hr class=\"wp-block-separator has-alpha-channel-opacity\"\/>\n\n\n\n<div class=\"wp-block-media-text is-stacked-on-mobile\"><figure class=\"wp-block-media-text__media\"><img loading=\"lazy\" decoding=\"async\" width=\"819\" height=\"1024\" src=\"https:\/\/olimpijski.pl\/wp-content\/uploads\/2025\/07\/PKOl_StrzelectwoSportowe_okladka_IG-819x1024.jpg\" alt=\"\" class=\"wp-image-95486 size-full\" srcset=\"https:\/\/olimpijski.pl\/wp-content\/uploads\/2025\/07\/PKOl_StrzelectwoSportowe_okladka_IG-819x1024.jpg 819w, https:\/\/olimpijski.pl\/wp-content\/uploads\/2025\/07\/PKOl_StrzelectwoSportowe_okladka_IG-240x300.jpg 240w, https:\/\/olimpijski.pl\/wp-content\/uploads\/2025\/07\/PKOl_StrzelectwoSportowe_okladka_IG-768x960.jpg 768w, https:\/\/olimpijski.pl\/wp-content\/uploads\/2025\/07\/PKOl_StrzelectwoSportowe_okladka_IG.jpg 1200w\" sizes=\"(max-width: 819px) 100vw, 819px\" \/><\/figure><div class=\"wp-block-media-text__content\">\n<p><strong>Aleksandra Brzegowa<\/strong> (Promie\u0144 Bochnia)<br><strong>Julia Rochowska<\/strong> (CWZS Zawisza Bydgoszcz)<br><strong>Szymon Jarowski<\/strong>&nbsp;(TKS LOK Tarn\u00f3w)<br><strong>Wiktor&nbsp;Kopiwoda<\/strong> (Grot P\u0142ock)<br><br><em>Beata Bartk\u00f3w-Kwiatkowska \u2013 trenerka (pistolet)<br>Grzegorz Pietrzyk \u2013 trener (karabin)<\/em><\/p>\n<\/div><\/div>\n\n\n\n<hr class=\"wp-block-separator has-alpha-channel-opacity\"\/>\n\n\n\n<div class=\"wp-block-media-text is-stacked-on-mobile\"><figure class=\"wp-block-media-text__media\"><img loading=\"lazy\" decoding=\"async\" width=\"809\" height=\"1024\" src=\"https:\/\/olimpijski.pl\/wp-content\/uploads\/2025\/07\/PKOl_Teakwondo_okladka_IG-809x1024.jpg\" alt=\"\" class=\"wp-image-95488 size-full\" srcset=\"https:\/\/olimpijski.pl\/wp-content\/uploads\/2025\/07\/PKOl_Teakwondo_okladka_IG-809x1024.jpg 809w, https:\/\/olimpijski.pl\/wp-content\/uploads\/2025\/07\/PKOl_Teakwondo_okladka_IG-237x300.jpg 237w, https:\/\/olimpijski.pl\/wp-content\/uploads\/2025\/07\/PKOl_Teakwondo_okladka_IG-768x972.jpg 768w, https:\/\/olimpijski.pl\/wp-content\/uploads\/2025\/07\/PKOl_Teakwondo_okladka_IG.jpg 1186w\" sizes=\"(max-width: 809px) 100vw, 809px\" \/><\/figure><div class=\"wp-block-media-text__content\">\n<p><strong>Nina Bana\u015b <\/strong>(KS AZS AWF Pozna\u0144)<br><strong>Emilia Hoffmann<\/strong> (UKS Szakal Je\u017cyce)<br><strong>Maja Kraska<\/strong> (ULKS Andros)<br><strong>Barbara Strzemkowska<\/strong>&nbsp;(KS AZS AWF Pozna\u0144)<br><strong>Natasza&nbsp;Wo\u015bkowiak<\/strong> (KS AZS AWF Pozna\u0144)<br><strong>Alan&nbsp;Bia\u0142y<\/strong>&nbsp;(Green Sport Club Lublin)<br><strong>Dominik Lewandowski<\/strong> (UKS G8 Bielany)<br><strong>Karol Majczyna<\/strong> (KS Taekwondo Mi\u0119dzyrzec Podlaski)<br><strong>Aleksander Ostaszewski<\/strong> (AZS UWM Olsztyn)<br><strong>Jakub So\u0142tysiak<\/strong> (AZS AWF Warszawa)<\/p>\n\n\n\n<p><em>Andrzej Bartosiewicz \u2013 trener<br>Tomasz Haremza \u2013 trener<\/em><\/p>\n<\/div><\/div>\n\n\n\n<hr class=\"wp-block-separator has-alpha-channel-opacity\"\/>\n\n\n\n<div class=\"wp-block-media-text is-stacked-on-mobile\"><figure class=\"wp-block-media-text__media\"><img loading=\"lazy\" decoding=\"async\" width=\"819\" height=\"1024\" src=\"https:\/\/olimpijski.pl\/wp-content\/uploads\/2025\/07\/PKOl_TenisStolowy_okladka_IG-819x1024.jpg\" alt=\"\" class=\"wp-image-95490 size-full\" srcset=\"https:\/\/olimpijski.pl\/wp-content\/uploads\/2025\/07\/PKOl_TenisStolowy_okladka_IG-819x1024.jpg 819w, https:\/\/olimpijski.pl\/wp-content\/uploads\/2025\/07\/PKOl_TenisStolowy_okladka_IG-240x300.jpg 240w, https:\/\/olimpijski.pl\/wp-content\/uploads\/2025\/07\/PKOl_TenisStolowy_okladka_IG-768x960.jpg 768w, https:\/\/olimpijski.pl\/wp-content\/uploads\/2025\/07\/PKOl_TenisStolowy_okladka_IG.jpg 1200w\" sizes=\"(max-width: 819px) 100vw, 819px\" \/><\/figure><div class=\"wp-block-media-text__content\">\n<p><strong>Katarzyna Rajkowska<\/strong> (SLKS Olimpijczyk Je\u017cewo)<br><strong>Patryk \u017byworonek<\/strong> (ZKS Zielona G\u00f3ra)<\/p>\n\n\n\n<p><em>Patryk Jendrzejewski \u2013 trener<\/em><\/p>\n<\/div><\/div>\n\n\n\n<hr class=\"wp-block-separator has-alpha-channel-opacity\"\/>\n","protected":false},"excerpt":{"rendered":"<p>M\u0142odzie\u017cowa Reprezentacja Polski EYOF Skopje 2025 Aleksandra Wasilewska (SKB SUWA\u0141KI)Jakub Dulemba (MKS ORLICZ SUCHEDNI\u00d3W) Bartosz Markiewicz \u2013 trener Gracja Dobrza\u0144ska (TS Wis\u0142a<\/p>\n","protected":false},"featured_media":0,"parent":94802,"menu_order":0,"template":"","meta":{"_acf_changed":false,"ub_ctt_via":"","footnotes":""},"class_list":["post-95433","olympics_eyof","type-olympics_eyof","status-publish","hentry","infinite-scroll-item","no-featured-image-padding"],"acf":{"special_bg_img":false,"hide_breadcrumbs":[]},"_links":{"self":[{"href":"https:\/\/olimpijski.pl\/en\/wp-json\/wp\/v2\/olympics_eyof\/95433"}],"collection":[{"href":"https:\/\/olimpijski.pl\/en\/wp-json\/wp\/v2\/olympics_eyof"}],"about":[{"href":"https:\/\/olimpijski.pl\/en\/wp-json\/wp\/v2\/types\/olympics_eyof"}],"version-history":[{"count":17,"href":"https:\/\/olimpijski.pl\/en\/wp-json\/wp\/v2\/olympics_eyof\/95433\/revisions"}],"predecessor-version":[{"id":97376,"href":"https:\/\/olimpijski.pl\/en\/wp-json\/wp\/v2\/olympics_eyof\/95433\/revisions\/97376"}],"up":[{"embeddable":true,"href":"https:\/\/olimpijski.pl\/en\/wp-json\/wp\/v2\/olympics_eyof\/94802"}],"wp:attachment":[{"href":"https:\/\/olimpijski.pl\/en\/wp-json\/wp\/v2\/media?parent=95433"}],"curies":[{"name":"wp","href":"https:\/\/api.w.org\/{rel}","templated":true}]}}