{"id":292,"date":"2008-06-17T13:34:45","date_gmt":"2008-06-17T11:34:45","guid":{"rendered":"https:\/\/wai-q98d7hpf9hy9k.wpallimport-demo.qsandbox.me\/olympics_summer\/pekin-2008\/"},"modified":"2020-12-03T13:11:40","modified_gmt":"2020-12-03T12:11:40","slug":"pekin-2008","status":"publish","type":"olympics_summer","link":"https:\/\/olimpijski.pl\/en\/igrzyska_letnie\/pekin-2008\/","title":{"rendered":"Pekin 2008"},"content":{"rendered":"\n<h1 class=\"main-title wp-block-heading\"><strong>Igrzyska XXIX Olimpiady<\/strong><br>Pekin 2008<\/h1>\n\n\n\n<p><br><\/p>\n\n\n\n<div class=\"wp-block-image is-style-default\"><figure class=\"alignleft size-large\"><img loading=\"lazy\" decoding=\"async\" width=\"128\" height=\"128\" src=\"https:\/\/olimpijski.pl\/wp-content\/uploads\/2008\/06\/pekin2008.png\" alt=\"\" class=\"wp-image-19344\"\/><\/figure><\/div>\n\n\n\n<ul class=\"wp-block-list\"><li>Igrzyska rozegrano w dniach <strong>8-24 sierpnia<\/strong>.<\/li><li>Wystartowa\u0142o <strong>11 128<\/strong> zawodnik\u00f3w (w tym <strong>4746<\/strong> kobiet) z <strong>204<\/strong> kraj\u00f3w.<\/li><li>Rozdano <strong>302<\/strong> komplety medali.<\/li><li>Przysi\u0119g\u0119 olimpijsk\u0105 w imieniu sportowc\u00f3w z\u0142o\u017cy\u0142a tenisistka sto\u0142owa <strong>Yining Zhang<\/strong>, natomiast w imieniu s\u0119dzi\u00f3w i trener\u00f3w \u2013 <strong>Lipeng Huang<\/strong>.<\/li><li>Znicz zapali\u0142 gimnastyk <strong>Ning Li<\/strong> zdobywca 3 z\u0142otych, dw\u00f3ch srebrnych i jednego br\u0105zowego w igrzyskach olimpijskich w Los Angeles w 1984 roku.<\/li><li>Otwarcia dokona\u0142 prezydent Chin <strong>Jintao Hu<\/strong>.<\/li><\/ul>\n\n\n\n<h2 class=\"wp-block-heading\"><strong>Program Igrzysk \u2013 31 dyscyplin, 302 konkurencje<\/strong><\/h2>\n\n\n\n<p>badminton (5 konkurencji), baseball (1), boks (11), gimnastyka (18), hokej na trawie (2), je\u017adziectwo (6), judo (14), kajakarstwo (16), kolarstwo (18), koszyk\u00f3wka (2), lekkoatletyka (47), \u0142ucznictwo (4), pi\u0119ciob\u00f3j nowoczesny (2), pi\u0142ka no\u017cna (2), pi\u0142ka r\u0119czna (2), pi\u0142ka siatkowa (4), pi\u0142ka wodna (2), p\u0142ywanie (34), p\u0142ywanie synchroniczne (2), podnoszenie ci\u0119\u017car\u00f3w (15), skoki do wody (8), softball (1), strzelectwo (15), szermierka (10), taekwondo (8), tenis (4), tenis sto\u0142owy (4), triathlon (2), wio\u015blarstwo (14), zapasy (18), \u017ceglarstwo (11).<\/p>\n\n\n\n<h2 class=\"wp-block-heading\"><strong>Gwiazda Igrzysk<\/strong><\/h2>\n\n\n\n<p><strong>Michael Phelps<\/strong> (USA, p\u0142ywanie) \u2013 8 z\u0142otych medali<\/p>\n\n\n\n<h2 class=\"wp-block-heading\"><strong>Polska Reprezentacja Olimpijska<\/strong><\/h2>\n\n\n\n<p><strong>269 os\u00f3b<\/strong> (startowa\u0142o 257 \u2013 101 kobiet i 156 m\u0119\u017cczyzn) w 22 sportach: 5 badmintonist\u00f3w (w tym 2 kobiety), 2 bokser\u00f3w, 1 gimnastyczka artystyczna, 2 gimnastyk\u00f3w sportowych (w tym 1 kobieta), 3 je\u017ad\u017ac\u00f3w, 7 judok\u00f3w (w tym 2 kobiety), 21 kajakarzy (w tym 6 kobiet), 11 kolarzy (w tym 3 kobiety), 66 lekkoatlet\u00f3w (w tym 35 kobiet; 60 startowa\u0142o + 6 rez.), 6 \u0142ucznik\u00f3w (w tym 3 kobiety), 4 pi\u0119cioboist\u00f3w (w tym 2 kobiety), 15 pi\u0142karzy r\u0119cznych (14 startowa\u0142o + 1 rez.), 24 siatkarzy (w tym 12 kobiet), 17 p\u0142ywak\u00f3w (w tym 8 kobiet; 15 startowa\u0142o + 2 rez.), 10 ci\u0119\u017carowc\u00f3w (w tym 4 kobiety), 6 strzelc\u00f3w (w tym 4 kobiety), 14 szermierzy (w tym 8 kobiet; 13 startowa\u0142o + 1 rez.), 6 tenisist\u00f3w (w tym 4 kobiety), 4 tenisist\u00f3w sto\u0142owych (w tym 3 kobiet), 3 triathlonist\u00f3w (w tym 2 kobiety), 22 wio\u015blarzy (w tym 1 kobieta; 20 startowa\u0142o + 2 rez.), 9 zapa\u015bnik\u00f3w (w tym 2 kobiety), 11 \u017ceglarzy (w tym 2 kobiety).<\/p>\n\n\n\n<p>Chor\u0105\u017cym reprezentacji Polski by\u0142 kajakarz <strong>Marek Twardowski<\/strong>.<\/p>\n\n\n\n<h2 class=\"wp-block-heading\"><strong>Klasyfikacja medalowa<\/strong><\/h2>\n\n\n\n<figure class=\"wp-block-table is-style-stripes\"><table class=\"has-fixed-layout\"><tbody><tr><td><\/td><td><\/td><td class=\"has-text-align-center\" data-align=\"center\">&nbsp;<\/td><td class=\"has-text-align-center\" data-align=\"center\">&nbsp;<\/td><td class=\"has-text-align-center\" data-align=\"center\">&nbsp;<\/td><td class=\"has-text-align-center\" data-align=\"center\">&nbsp;<\/td><\/tr><tr><td>&nbsp;<\/td><td>&nbsp;<\/td><td class=\"has-text-align-center\" data-align=\"center\">&nbsp;<\/td><td class=\"has-text-align-center\" data-align=\"center\"><img loading=\"lazy\" decoding=\"async\" width=\"50\" height=\"50\" class=\"wp-image-27817\" style=\"width: 50px;\" src=\"https:\/\/olimpijski.pl\/wp-content\/uploads\/2016\/06\/2016_Rio_zloty_50x50.jpg\" alt=\"\"><\/td><td class=\"has-text-align-center\" data-align=\"center\"><img loading=\"lazy\" decoding=\"async\" width=\"50\" height=\"50\" class=\"wp-image-27819\" style=\"width: 50px;\" src=\"https:\/\/olimpijski.pl\/wp-content\/uploads\/2016\/06\/2016_Rio_sreb_50x50.jpg\" alt=\"\"><\/td><td class=\"has-text-align-center\" data-align=\"center\"><img loading=\"lazy\" decoding=\"async\" width=\"50\" height=\"50\" class=\"wp-image-27821\" style=\"width: 50px;\" src=\"https:\/\/olimpijski.pl\/wp-content\/uploads\/2016\/06\/2016_Rio_braz_50x50.jpg\" alt=\"\"><\/td><\/tr><tr><td>1.<\/td><td>Chiny<\/td><td class=\"has-text-align-center\" data-align=\"center\">100<\/td><td class=\"has-text-align-center\" data-align=\"center\">51<\/td><td class=\"has-text-align-center\" data-align=\"center\">21<\/td><td class=\"has-text-align-center\" data-align=\"center\">28<\/td><\/tr><tr><td>2.<\/td><td>USA<\/td><td class=\"has-text-align-center\" data-align=\"center\">110<\/td><td class=\"has-text-align-center\" data-align=\"center\">36<\/td><td class=\"has-text-align-center\" data-align=\"center\">38<\/td><td class=\"has-text-align-center\" data-align=\"center\">36<\/td><\/tr><tr><td>3.<\/td><td>Rosja<\/td><td class=\"has-text-align-center\" data-align=\"center\">71<\/td><td class=\"has-text-align-center\" data-align=\"center\">22<\/td><td class=\"has-text-align-center\" data-align=\"center\">21<\/td><td class=\"has-text-align-center\" data-align=\"center\">28<\/td><\/tr><tr><td>&#8230;<\/td><td>&nbsp;<\/td><td class=\"has-text-align-center\" data-align=\"center\">&nbsp;<\/td><td class=\"has-text-align-center\" data-align=\"center\">&nbsp;<\/td><td class=\"has-text-align-center\" data-align=\"center\">&nbsp;<\/td><td class=\"has-text-align-center\" data-align=\"center\">&nbsp;<\/td><\/tr><tr><td><strong>16.<\/strong><\/td><td><strong>Polska<\/strong><\/td><td class=\"has-text-align-center\" data-align=\"center\"><strong>11<\/strong><\/td><td class=\"has-text-align-center\" data-align=\"center\"><strong>4<\/strong><\/td><td class=\"has-text-align-center\" data-align=\"center\"><strong>5<\/strong><\/td><td class=\"has-text-align-center\" data-align=\"center\"><strong>2<\/strong><\/td><\/tr><\/tbody><\/table><\/figure>\n\n\n\n<h2 class=\"wp-block-heading\"><strong>Medale dla Polski (11)<\/strong><\/h2>\n\n\n<div class=\"wp-block-ub-content-toggle wp-block-ub-content-toggle-block\" id=\"ub-content-toggle-block-8844a311-441c-4185-a50e-fa41562c5ef5\" data-mobilecollapse=\"false\" data-desktopcollapse=\"true\" data-preventcollapse=\"false\" data-showonlyone=\"false\">\n<div class=\"wp-block-ub-content-toggle-accordion\" style=\"border-color: #f1f1f1;\" id=\"ub-content-toggle-panel-block-\">\n\t\t\t<div class=\"wp-block-ub-content-toggle-accordion-title-wrap\" style=\"background-color: #f1f1f1;\" aria-controls=\"ub-content-toggle-panel-0-8844a311-441c-4185-a50e-fa41562c5ef5\" tabindex=\"0\">\n\t\t\t<p class=\"wp-block-ub-content-toggle-accordion-title ub-content-toggle-title-8844a311-441c-4185-a50e-fa41562c5ef5\" style=\"color: #000000; \">Z\u0142ote<\/p>\n\t\t\t<div class=\"wp-block-ub-content-toggle-accordion-toggle-wrap right\" style=\"color: #000000;\"><span class=\"wp-block-ub-content-toggle-accordion-state-indicator wp-block-ub-chevron-down\"><\/span><\/div>\n\t\t<\/div>\n\t\t\t<div role=\"region\" aria-expanded=\"false\" class=\"wp-block-ub-content-toggle-accordion-content-wrap ub-hide\" id=\"ub-content-toggle-panel-0-8844a311-441c-4185-a50e-fa41562c5ef5\">\n\n<p><\/p>\n\n\n\n<div class=\"wp-block-media-text is-stacked-on-mobile\" style=\"grid-template-columns:20% auto\"><figure class=\"wp-block-media-text__media\"><img loading=\"lazy\" decoding=\"async\" width=\"200\" height=\"200\" src=\"https:\/\/olimpijski.pl\/wp-content\/uploads\/2008\/06\/2008_Pekin_zloty_200.jpg\" alt=\"\" class=\"wp-image-30150\" srcset=\"https:\/\/olimpijski.pl\/wp-content\/uploads\/2008\/06\/2008_Pekin_zloty_200.jpg 200w, https:\/\/olimpijski.pl\/wp-content\/uploads\/2008\/06\/2008_Pekin_zloty_200-150x150.jpg 150w\" sizes=\"(max-width: 200px) 100vw, 200px\" \/><\/figure><div class=\"wp-block-media-text__content\">\n<p><strong>Leszek Blanik<\/strong><br>(gimnastyka, skok)<\/p>\n\n\n\n<p><strong>Tomasz Majewski<\/strong><br>(lekkoatletyka, pchni\u0119cie kul\u0105)<\/p>\n\n\n\n<p><strong>Adam Korol, Marek Kolbowicz, Micha\u0142 Jeli\u0144ski i Konrad Wasielewski<\/strong><br>(wio\u015blarstwo, czw\u00f3rka podw\u00f3jna)<\/p>\n\n\n\n<p><strong>Szymon Ko\u0142ecki<\/strong><br>(podnoszenie ci\u0119\u017car\u00f3w, waga 94 kg)<\/p>\n<\/div><\/div>\n\n\n\n<p><\/p>\n\n<\/div>\n\t\t<\/div>\n<\/div>\n\n<div class=\"wp-block-ub-content-toggle wp-block-ub-content-toggle-block\" id=\"ub-content-toggle-block-66384a72-41bb-458a-89e0-c071da3f2511\" data-mobilecollapse=\"false\" data-desktopcollapse=\"true\" data-preventcollapse=\"false\" data-showonlyone=\"false\">\n<div class=\"wp-block-ub-content-toggle-accordion\" style=\"border-color: #f1f1f1;\" id=\"ub-content-toggle-panel-block-\">\n\t\t\t<div class=\"wp-block-ub-content-toggle-accordion-title-wrap\" style=\"background-color: #f1f1f1;\" aria-controls=\"ub-content-toggle-panel-0-66384a72-41bb-458a-89e0-c071da3f2511\" tabindex=\"0\">\n\t\t\t<p class=\"wp-block-ub-content-toggle-accordion-title ub-content-toggle-title-66384a72-41bb-458a-89e0-c071da3f2511\" style=\"color: #000000; \">Srebrne<\/p>\n\t\t\t<div class=\"wp-block-ub-content-toggle-accordion-toggle-wrap right\" style=\"color: #000000;\"><span class=\"wp-block-ub-content-toggle-accordion-state-indicator wp-block-ub-chevron-down\"><\/span><\/div>\n\t\t<\/div>\n\t\t\t<div role=\"region\" aria-expanded=\"false\" class=\"wp-block-ub-content-toggle-accordion-content-wrap ub-hide\" id=\"ub-content-toggle-panel-0-66384a72-41bb-458a-89e0-c071da3f2511\">\n\n<p><\/p>\n\n\n\n<div class=\"wp-block-media-text is-stacked-on-mobile\" style=\"grid-template-columns:20% auto\"><figure class=\"wp-block-media-text__media\"><img loading=\"lazy\" decoding=\"async\" width=\"200\" height=\"200\" src=\"https:\/\/olimpijski.pl\/wp-content\/uploads\/2008\/06\/2008_Pekin_sreb_200.jpg\" alt=\"\" class=\"wp-image-30152\" srcset=\"https:\/\/olimpijski.pl\/wp-content\/uploads\/2008\/06\/2008_Pekin_sreb_200.jpg 200w, https:\/\/olimpijski.pl\/wp-content\/uploads\/2008\/06\/2008_Pekin_sreb_200-150x150.jpg 150w\" sizes=\"(max-width: 200px) 100vw, 200px\" \/><\/figure><div class=\"wp-block-media-text__content\">\n<p><br><br><br><strong>Piotr Ma\u0142achowski<\/strong><br>(lekkoatletyka, rzut dyskiem)<br><br><strong>Aneta Konieczna, Beata Miko\u0142ajczyk<\/strong><br>(kajakarstwo, K2 500)<br><br><strong>Maja W\u0142oszczowska<\/strong><br>(kolarstwo g\u00f3rskie)<\/p>\n\n\n\n<p><strong>Robert Andrzejuk, Tomasz Motyka, Adam Wiercioch, Rados\u0142aw Zawrotniak<\/strong><br>(szermierka, szpada dru\u017cynowo)<br><br><strong>Mi\u0142osz Bernatajtys, \u0141ukasz Paw\u0142owski, Bart\u0142omiej Pawe\u0142czak, Pawe\u0142 Ra\u0144da<\/strong><br>(wio\u015blarstwo, czw\u00f3rka wagi lekkiej)<\/p>\n<\/div><\/div>\n\n<\/div>\n\t\t<\/div>\n<\/div>\n\n<div class=\"wp-block-ub-content-toggle wp-block-ub-content-toggle-block\" id=\"ub-content-toggle-block-b6619c81-d659-42e3-869c-35457a540cfa\" data-mobilecollapse=\"false\" data-desktopcollapse=\"true\" data-preventcollapse=\"false\" data-showonlyone=\"false\">\n<div class=\"wp-block-ub-content-toggle-accordion\" style=\"border-color: #f1f1f1;\" id=\"ub-content-toggle-panel-block-\">\n\t\t\t<div class=\"wp-block-ub-content-toggle-accordion-title-wrap\" style=\"background-color: #f1f1f1;\" aria-controls=\"ub-content-toggle-panel-0-b6619c81-d659-42e3-869c-35457a540cfa\" tabindex=\"0\">\n\t\t\t<p class=\"wp-block-ub-content-toggle-accordion-title ub-content-toggle-title-b6619c81-d659-42e3-869c-35457a540cfa\" style=\"color: #000000; \">Br\u0105zowy<\/p>\n\t\t\t<div class=\"wp-block-ub-content-toggle-accordion-toggle-wrap right\" style=\"color: #000000;\"><span class=\"wp-block-ub-content-toggle-accordion-state-indicator wp-block-ub-chevron-down\"><\/span><\/div>\n\t\t<\/div>\n\t\t\t<div role=\"region\" aria-expanded=\"false\" class=\"wp-block-ub-content-toggle-accordion-content-wrap ub-hide\" id=\"ub-content-toggle-panel-0-b6619c81-d659-42e3-869c-35457a540cfa\">\n\n<p><\/p>\n\n\n\n<div class=\"wp-block-media-text is-stacked-on-mobile\" style=\"grid-template-columns:20% auto\"><figure class=\"wp-block-media-text__media\"><img loading=\"lazy\" decoding=\"async\" width=\"200\" height=\"200\" src=\"https:\/\/olimpijski.pl\/wp-content\/uploads\/2008\/06\/2008_Pekin_braz_200.jpg\" alt=\"\" class=\"wp-image-30154\" srcset=\"https:\/\/olimpijski.pl\/wp-content\/uploads\/2008\/06\/2008_Pekin_braz_200.jpg 200w, https:\/\/olimpijski.pl\/wp-content\/uploads\/2008\/06\/2008_Pekin_braz_200-150x150.jpg 150w\" sizes=\"(max-width: 200px) 100vw, 200px\" \/><\/figure><div class=\"wp-block-media-text__content\">\n<p><strong>Agnieszka Wieszczek<\/strong><br>(zapasy, waga 72 kg)<\/p>\n\n\n\n<p><strong>Marcin Do\u0142\u0119ga<br><\/strong>(podnoszenie ci\u0119\u017car\u00f3w, waga 105 kg)<\/p>\n<\/div><\/div>\n\n\n\n<p><\/p>\n\n<\/div>\n\t\t<\/div>\n<\/div>\n\n\n<p><\/p>\n\n\n\n<blockquote class=\"wp-block-quote is-style-default is-layout-flow wp-block-quote-is-layout-flow\"><p>Po raz pierwszy na igrzyska przyjechali sportowcy z Tuvalu i Wysp Marshalla. Tak\u017ce po raz pierwszy oddzielnie wyst\u0105pili olimpijczycy z Czarnog\u00f3ry i Serbii. Ciekawostk\u0105 jest to, \u017ce podczas ceremonii otwarcia zaprezentowano oratorium Krzysztofa Pendereckiego.<\/p><\/blockquote>\n","protected":false},"excerpt":{"rendered":"<p>Igrzyska XXIX OlimpiadyPekin 2008 Igrzyska rozegrano w dniach 8-24 sierpnia. Wystartowa\u0142o 11 128 zawodnik\u00f3w (w tym 4746 kobiet) z 204 kraj\u00f3w. Rozdano<\/p>\n","protected":false},"author":1,"featured_media":0,"parent":0,"menu_order":0,"template":"","meta":{"_acf_changed":false,"ub_ctt_via":"","footnotes":""},"class_list":["post-292","olympics_summer","type-olympics_summer","status-publish","hentry","infinite-scroll-item","no-featured-image-padding"],"acf":{"game_id":"5","game_type":"1234","game_link":"pekin2008","game_news":"0","startdate":"08.08.2008 12:00 am","enddate":"24.08.2008 12:00 am","place":"Pekin","year":"2008","logo":"https:\/\/olimpijski.pl\/wp-content\/uploads\/2008\/06\/pekin2008.png","special_bg_img":false,"hide_breadcrumbs":[],"competitions_olympic":false,"histroy_tabs":false},"_links":{"self":[{"href":"https:\/\/olimpijski.pl\/en\/wp-json\/wp\/v2\/olympics_summer\/292"}],"collection":[{"href":"https:\/\/olimpijski.pl\/en\/wp-json\/wp\/v2\/olympics_summer"}],"about":[{"href":"https:\/\/olimpijski.pl\/en\/wp-json\/wp\/v2\/types\/olympics_summer"}],"author":[{"embeddable":true,"href":"https:\/\/olimpijski.pl\/en\/wp-json\/wp\/v2\/users\/1"}],"version-history":[{"count":3,"href":"https:\/\/olimpijski.pl\/en\/wp-json\/wp\/v2\/olympics_summer\/292\/revisions"}],"predecessor-version":[{"id":36611,"href":"https:\/\/olimpijski.pl\/en\/wp-json\/wp\/v2\/olympics_summer\/292\/revisions\/36611"}],"wp:attachment":[{"href":"https:\/\/olimpijski.pl\/en\/wp-json\/wp\/v2\/media?parent=292"}],"curies":[{"name":"wp","href":"https:\/\/api.w.org\/{rel}","templated":true}]}}