{"id":303,"date":"1964-06-17T13:34:45","date_gmt":"1964-06-17T11:34:45","guid":{"rendered":"https:\/\/wai-q98d7hpf9hy9k.wpallimport-demo.qsandbox.me\/olympics_summer\/tokio-1964\/"},"modified":"2020-10-05T16:22:25","modified_gmt":"2020-10-05T14:22:25","slug":"tokio-1964","status":"publish","type":"olympics_summer","link":"https:\/\/olimpijski.pl\/en\/igrzyska_letnie\/tokio-1964\/","title":{"rendered":"Tokio 1964"},"content":{"rendered":"\n<h1 class=\"main-title wp-block-heading\"><strong>Igrzyska XVIII Olimpiady<\/strong><br>Tokio 1964<\/h1>\n\n\n\n<p><br><\/p>\n\n\n\n<div class=\"wp-block-image is-style-default\"><figure class=\"alignleft size-large\"><img loading=\"lazy\" decoding=\"async\" width=\"128\" height=\"128\" src=\"https:\/\/olimpijski.pl\/wp-content\/uploads\/1964\/06\/tokio1964.png\" alt=\"\" class=\"wp-image-19358\"\/><\/figure><\/div>\n\n\n\n<ul class=\"wp-block-list\"><li>Igrzyska rozegrano w dniach <strong>10-24 pa\u017adziernika<\/strong>.<\/li><li>Wystartowa\u0142o <strong>5151<\/strong> zawodnik\u00f3w (w tym <strong>678<\/strong> kobiet) z <strong>93<\/strong> kraj\u00f3w.<\/li><li>Rozdano <strong>163<\/strong> komplety medali.<\/li><li>Przysi\u0119g\u0119 olimpijsk\u0105 w imieniu sportowc\u00f3w z\u0142o\u017cy\u0142 gimnastyk <strong>Yoshimori Ono<\/strong>.<\/li><li>Znicz zapali\u0142 <strong>Yoshinori Sakai<\/strong> (urodzi\u0142 si\u0119 6 sierpnia 1945 roku, w dniu zrzucenia przez Amerykan\u00f3w bomby atomowej na Hiroszim\u0119).<\/li><li>Igrzyska otworzy\u0142 <strong>cesarz Japonii Hirohito<\/strong>.<\/li><\/ul>\n\n\n\n<h2 class=\"wp-block-heading\"><strong>Program Igrzysk \u2013 21 dyscyplin, 163 konkurencje<\/strong><\/h2>\n\n\n\n<p>boks (10 konkurencji), gimnastyka (14), hokej na trawie (1), je\u017adziectwo (6), judo (4), kajakarstwo (7), kolarstwo (7), koszyk\u00f3wka (1), lekkoatletyka (36), pi\u0119ciob\u00f3j nowoczesny (2), pi\u0142ka no\u017cna (1), pi\u0142ka siatkowa (2), pi\u0142ka wodna (1), p\u0142ywanie (18), podnoszenie ci\u0119\u017car\u00f3w (7), skoki do wody (4), strzelectwo (6), szermierka (8), wio\u015blarstwo (7), zapasy (16), \u017ceglarstwo (5).<\/p>\n\n\n\n<h2 class=\"wp-block-heading\"><strong>Gwiazda Igrzysk<\/strong><\/h2>\n\n\n\n<p><strong>\u0141arysa \u0141atynina<\/strong> (ZSRR, gimnastyka) \u2013 3 z\u0142ote medale, 2 srebrne, 1 br\u0105zowy<\/p>\n\n\n\n<h2 class=\"wp-block-heading\"><strong>Polska Reprezentacja Olimpijska<\/strong><\/h2>\n\n\n\n<p><strong>145 os\u00f3b <\/strong>(startowa\u0142o 140 \u2013 25 kobiet i 115 m\u0119\u017cczyzn) w 12 sportach: 10 bokser\u00f3w, 14 gimnastyk\u00f3w (w tym 7 kobiet; 12 startowa\u0142o + 2 rez.), 10 kajakarzy (w tym 3 kobiety; 9 startowa\u0142o + 1 rez.), 8 kolarzy, 12 koszykarzy, 36 lekkoatlet\u00f3w (w tym 7 kobiet; 35 startowa\u0142o + 1 rez.), 7 ci\u0119\u017carowc\u00f3w, 10 siatkarek, 6 strzelc\u00f3w, 15 szermierzy, 12 wio\u015blarzy (11 startowa\u0142o + 1 rez.), 5 zapa\u015bnik\u00f3w.<\/p>\n\n\n\n<p>Chor\u0105\u017cym reprezentacji Polski by\u0142 ci\u0119\u017carowiec <strong>Waldemar Baszanowski<\/strong>.<\/p>\n\n\n\n<h2 class=\"wp-block-heading\"><strong>Klasyfikacja medalowa<\/strong><\/h2>\n\n\n\n<figure class=\"wp-block-table is-style-stripes\"><table class=\"has-fixed-layout\"><tbody><tr><td><\/td><td><\/td><td class=\"has-text-align-center\" data-align=\"center\">&nbsp;<\/td><td class=\"has-text-align-center\" data-align=\"center\">&nbsp;<\/td><td class=\"has-text-align-center\" data-align=\"center\">&nbsp;<\/td><td class=\"has-text-align-center\" data-align=\"center\">&nbsp;<\/td><\/tr><tr><td>&nbsp;<\/td><td>&nbsp;<\/td><td class=\"has-text-align-center\" data-align=\"center\">&nbsp;<\/td><td class=\"has-text-align-center\" data-align=\"center\"><img loading=\"lazy\" decoding=\"async\" width=\"50\" height=\"50\" class=\"wp-image-27817\" style=\"width: 50px;\" src=\"https:\/\/olimpijski.pl\/wp-content\/uploads\/2016\/06\/2016_Rio_zloty_50x50.jpg\" alt=\"\"><\/td><td class=\"has-text-align-center\" data-align=\"center\"><img loading=\"lazy\" decoding=\"async\" width=\"50\" height=\"50\" class=\"wp-image-27819\" style=\"width: 50px;\" src=\"https:\/\/olimpijski.pl\/wp-content\/uploads\/2016\/06\/2016_Rio_sreb_50x50.jpg\" alt=\"\"><\/td><td class=\"has-text-align-center\" data-align=\"center\"><img loading=\"lazy\" decoding=\"async\" width=\"50\" height=\"50\" class=\"wp-image-27821\" style=\"width: 50px;\" src=\"https:\/\/olimpijski.pl\/wp-content\/uploads\/2016\/06\/2016_Rio_braz_50x50.jpg\" alt=\"\"><\/td><\/tr><tr><td>1.<\/td><td>USA<\/td><td class=\"has-text-align-center\" data-align=\"center\">90<\/td><td class=\"has-text-align-center\" data-align=\"center\">36<\/td><td class=\"has-text-align-center\" data-align=\"center\">26<\/td><td class=\"has-text-align-center\" data-align=\"center\">28<\/td><\/tr><tr><td>2.<\/td><td>ZSRR<\/td><td class=\"has-text-align-center\" data-align=\"center\">96<\/td><td class=\"has-text-align-center\" data-align=\"center\">30<\/td><td class=\"has-text-align-center\" data-align=\"center\">31<\/td><td class=\"has-text-align-center\" data-align=\"center\">35<\/td><\/tr><tr><td>3.<\/td><td>Japonia<\/td><td class=\"has-text-align-center\" data-align=\"center\">29<\/td><td class=\"has-text-align-center\" data-align=\"center\">16<\/td><td class=\"has-text-align-center\" data-align=\"center\">5<\/td><td class=\"has-text-align-center\" data-align=\"center\">8<\/td><\/tr><tr><td>&#8230;<\/td><td>&nbsp;<\/td><td class=\"has-text-align-center\" data-align=\"center\">&nbsp;<\/td><td class=\"has-text-align-center\" data-align=\"center\">&nbsp;<\/td><td class=\"has-text-align-center\" data-align=\"center\">&nbsp;<\/td><td class=\"has-text-align-center\" data-align=\"center\">&nbsp;<\/td><\/tr><tr><td><strong>7.<\/strong><\/td><td><strong>Polska<\/strong><\/td><td class=\"has-text-align-center\" data-align=\"center\"><strong>23<\/strong><\/td><td class=\"has-text-align-center\" data-align=\"center\"><strong>7<\/strong><\/td><td class=\"has-text-align-center\" data-align=\"center\"><strong>6<\/strong><\/td><td class=\"has-text-align-center\" data-align=\"center\"><strong>19<\/strong><\/td><\/tr><\/tbody><\/table><\/figure>\n\n\n\n<h2 class=\"wp-block-heading\"><strong>Medale dla Polski (23)<\/strong><\/h2>\n\n\n<div class=\"wp-block-ub-content-toggle wp-block-ub-content-toggle-block\" id=\"ub-content-toggle-block-0f622570-af06-4c2c-83e5-ee668270480d\" data-mobilecollapse=\"false\" data-desktopcollapse=\"true\" data-preventcollapse=\"false\" data-showonlyone=\"false\">\n<div class=\"wp-block-ub-content-toggle-accordion\" style=\"border-color: #f1f1f1;\" id=\"ub-content-toggle-panel-block-\">\n\t\t\t<div class=\"wp-block-ub-content-toggle-accordion-title-wrap\" style=\"background-color: #f1f1f1;\" aria-controls=\"ub-content-toggle-panel-0-0f622570-af06-4c2c-83e5-ee668270480d\" tabindex=\"0\">\n\t\t\t<p class=\"wp-block-ub-content-toggle-accordion-title ub-content-toggle-title-0f622570-af06-4c2c-83e5-ee668270480d\" style=\"color: #000000; \">Z\u0142ote<\/p>\n\t\t\t<div class=\"wp-block-ub-content-toggle-accordion-toggle-wrap right\" style=\"color: #000000;\"><span class=\"wp-block-ub-content-toggle-accordion-state-indicator wp-block-ub-chevron-down\"><\/span><\/div>\n\t\t<\/div>\n\t\t\t<div role=\"region\" aria-expanded=\"false\" class=\"wp-block-ub-content-toggle-accordion-content-wrap ub-hide\" id=\"ub-content-toggle-panel-0-0f622570-af06-4c2c-83e5-ee668270480d\">\n\n<p><\/p>\n\n\n\n<div class=\"wp-block-media-text is-stacked-on-mobile\" style=\"grid-template-columns:20% auto\"><figure class=\"wp-block-media-text__media\"><img loading=\"lazy\" decoding=\"async\" width=\"200\" height=\"200\" src=\"https:\/\/olimpijski.pl\/wp-content\/uploads\/1964\/06\/1964_Tokio_zloty_200.jpg\" alt=\"\" class=\"wp-image-30255\" srcset=\"https:\/\/olimpijski.pl\/wp-content\/uploads\/1964\/06\/1964_Tokio_zloty_200.jpg 200w, https:\/\/olimpijski.pl\/wp-content\/uploads\/1964\/06\/1964_Tokio_zloty_200-150x150.jpg 150w\" sizes=\"(max-width: 200px) 100vw, 200px\" \/><\/figure><div class=\"wp-block-media-text__content\">\n<p><strong>J\u00f3zef Schmidt<\/strong><br>(lekkoatletyka, tr\u00f3jskok)<\/p>\n\n\n\n<p><strong>J\u00f3zef Grudzie\u0144<\/strong><br>(boks, waga lekka)<\/p>\n\n\n\n<p><strong>Jerzy Kulej<\/strong><br>(boks, waga lekkop\u00f3\u0142\u015brednia)<\/p>\n\n\n\n<p><strong>Marian Kasprzyk<\/strong><br>(boks, waga p\u00f3\u0142\u015brednia)<\/p>\n\n\n\n<p><strong>Teresa Ciep\u0142y, Halina G\u00f3recka, Irena Kirszenstein, Ewa K\u0142obukowska<\/strong><br>(lekkoatletyka, sztafeta 4&#215;100 m)<br><br><strong>Waldemar Baszanowski<\/strong><br>(podnoszenie ci\u0119\u017car\u00f3w, 67,5 kg)<\/p>\n\n\n\n<p><strong>Egon Franke<\/strong><br>(szermierka, floret)<\/p>\n<\/div><\/div>\n\n<\/div>\n\t\t<\/div>\n<\/div>\n\n<div class=\"wp-block-ub-content-toggle wp-block-ub-content-toggle-block\" id=\"ub-content-toggle-block-0e892858-9992-41aa-b7a4-ae2ab8516756\" data-mobilecollapse=\"false\" data-desktopcollapse=\"true\" data-preventcollapse=\"false\" data-showonlyone=\"false\">\n<div class=\"wp-block-ub-content-toggle-accordion\" style=\"border-color: #f1f1f1;\" id=\"ub-content-toggle-panel-block-\">\n\t\t\t<div class=\"wp-block-ub-content-toggle-accordion-title-wrap\" style=\"background-color: #f1f1f1;\" aria-controls=\"ub-content-toggle-panel-0-0e892858-9992-41aa-b7a4-ae2ab8516756\" tabindex=\"0\">\n\t\t\t<p class=\"wp-block-ub-content-toggle-accordion-title ub-content-toggle-title-0e892858-9992-41aa-b7a4-ae2ab8516756\" style=\"color: #000000; \">Srebrne<\/p>\n\t\t\t<div class=\"wp-block-ub-content-toggle-accordion-toggle-wrap right\" style=\"color: #000000;\"><span class=\"wp-block-ub-content-toggle-accordion-state-indicator wp-block-ub-chevron-down\"><\/span><\/div>\n\t\t<\/div>\n\t\t\t<div role=\"region\" aria-expanded=\"false\" class=\"wp-block-ub-content-toggle-accordion-content-wrap ub-hide\" id=\"ub-content-toggle-panel-0-0e892858-9992-41aa-b7a4-ae2ab8516756\">\n\n<p><\/p>\n\n\n\n<div class=\"wp-block-media-text is-stacked-on-mobile\" style=\"grid-template-columns:20% auto\"><figure class=\"wp-block-media-text__media\"><img loading=\"lazy\" decoding=\"async\" width=\"200\" height=\"200\" src=\"https:\/\/olimpijski.pl\/wp-content\/uploads\/1964\/06\/1964_Tokio_sreb_200.jpg\" alt=\"\" class=\"wp-image-30257\" srcset=\"https:\/\/olimpijski.pl\/wp-content\/uploads\/1964\/06\/1964_Tokio_sreb_200.jpg 200w, https:\/\/olimpijski.pl\/wp-content\/uploads\/1964\/06\/1964_Tokio_sreb_200-150x150.jpg 150w\" sizes=\"(max-width: 200px) 100vw, 200px\" \/><\/figure><div class=\"wp-block-media-text__content\">\n<p><strong>Irena Kirszenstein<\/strong><br>(lekkoatletyka, 200 m)<br><br><strong>Irena Kirszenstein<\/strong><br>(lekkoatletyka, skok w dal)<\/p>\n\n\n\n<p><strong>Teresa Ciep\u0142y<\/strong><br>(lekkoatletyka, 80 m pp\u0142)<br><br><strong>Marian Dudziak, Marian Foik, Wies\u0142aw Maniak, Andrzej Zieli\u0144ski<\/strong><br>(lekkoatletyka, sztafeta 4&#215;100 m)<br><br><strong>Egon Franke, Ryszard Parulski, Janusz R\u00f3\u017cycki, Zbigniew Skrudlik, Witold Woyda<\/strong><br>(szermierka, floret dru\u017cynowo)<br><br><strong>Artur Olech<\/strong><br>(boks, waga musza)<\/p>\n<\/div><\/div>\n\n<\/div>\n\t\t<\/div>\n<\/div>\n\n<div class=\"wp-block-ub-content-toggle wp-block-ub-content-toggle-block\" id=\"ub-content-toggle-block-a9884ed7-1db5-4041-92aa-f9a969627ca2\" data-mobilecollapse=\"false\" data-desktopcollapse=\"true\" data-preventcollapse=\"false\" data-showonlyone=\"false\">\n<div class=\"wp-block-ub-content-toggle-accordion\" style=\"border-color: #f1f1f1;\" id=\"ub-content-toggle-panel-block-\">\n\t\t\t<div class=\"wp-block-ub-content-toggle-accordion-title-wrap\" style=\"background-color: #f1f1f1;\" aria-controls=\"ub-content-toggle-panel-0-a9884ed7-1db5-4041-92aa-f9a969627ca2\" tabindex=\"0\">\n\t\t\t<p class=\"wp-block-ub-content-toggle-accordion-title ub-content-toggle-title-a9884ed7-1db5-4041-92aa-f9a969627ca2\" style=\"color: #000000; \">Br\u0105zowe<\/p>\n\t\t\t<div class=\"wp-block-ub-content-toggle-accordion-toggle-wrap right\" style=\"color: #000000;\"><span class=\"wp-block-ub-content-toggle-accordion-state-indicator wp-block-ub-chevron-down\"><\/span><\/div>\n\t\t<\/div>\n\t\t\t<div role=\"region\" aria-expanded=\"false\" class=\"wp-block-ub-content-toggle-accordion-content-wrap ub-hide\" id=\"ub-content-toggle-panel-0-a9884ed7-1db5-4041-92aa-f9a969627ca2\">\n\n<p><\/p>\n\n\n\n<div class=\"wp-block-media-text is-stacked-on-mobile\" style=\"grid-template-columns:20% auto\"><figure class=\"wp-block-media-text__media\"><img loading=\"lazy\" decoding=\"async\" width=\"200\" height=\"200\" src=\"https:\/\/olimpijski.pl\/wp-content\/uploads\/1964\/06\/1964_Tokio_braz_200.jpg\" alt=\"\" class=\"wp-image-30259\" srcset=\"https:\/\/olimpijski.pl\/wp-content\/uploads\/1964\/06\/1964_Tokio_braz_200.jpg 200w, https:\/\/olimpijski.pl\/wp-content\/uploads\/1964\/06\/1964_Tokio_braz_200-150x150.jpg 150w\" sizes=\"(max-width: 200px) 100vw, 200px\" \/><\/figure><div class=\"wp-block-media-text__content\">\n<p><strong>Krystyna Czajkowska, Maria Golimowska, Krystyna Jakubowska, Danuta Kordaczuk, Krystyna Krupa, J\u00f3zefa Ledwig, Jadwiga Marko, Jadwiga Rutkowska, Zofia Szcz\u0119\u015bniewska, Maria \u015aliwka<\/strong><br>(siatk\u00f3wka)<br><br><strong>Emil Ochyra, Jerzy Paw\u0142owski, Andrzej Pi\u0105tkowski, Wojciech Zab\u0142ocki, Ryszard Zub<\/strong><br>(szermierka, szabla dru\u017cynowo)<br><br><strong>Andrzej Bade\u0144ski<\/strong><br>(lekkoatletyka, 400 m)<br><br><strong>Ewa K\u0142obukowska<\/strong><br>(lekkoatletyka, 100 m)<br><br><strong>Mieczys\u0142aw Nowak<\/strong><br>(podnoszenie ci\u0119\u017car\u00f3w, 60 kg)<\/p>\n\n\n\n<p><strong>Marian Zieli\u0144ski<\/strong><br>(podnoszenie ci\u0119\u017car\u00f3w, 67,5 kg)<\/p>\n\n\n\n<p><strong>Ireneusz Pali\u0144ski<\/strong><br>(podnoszenie ci\u0119\u017car\u00f3w, 90 kg)<\/p>\n\n\n\n<p><strong>J\u00f3zef Grzesiak<\/strong><br>(boks, waga lekkop\u00f3\u0142\u015brednia)<br><br><strong>Tadeusz Walasek<\/strong><br>(boks, waga \u015brednia)<br><br><strong>Zbigniew Pietrzykowski<\/strong><br>(boks, waga p\u00f3\u0142ci\u0119\u017cka)<\/p>\n<\/div><\/div>\n\n<\/div>\n\t\t<\/div>\n<\/div>\n\n\n<blockquote class=\"wp-block-quote is-style-default is-layout-flow wp-block-quote-is-layout-flow\"><p>Dla Polski by\u0142y to niezwykle udane igrzyska. Z 23 medalami zaj\u0119li\u015bmy najwy\u017csz\u0105 lokat\u0119&nbsp; w dotychczasowych startach. Autork\u0105 najwi\u0119kszej niespodzianki w polskiej ekipie by\u0142a 18-letnia Irena Kirszenstein, kt\u00f3ra zdoby\u0142a dwa srebrne medale (w skoku w dal oraz w biegu na 200 m). Po raz drugi na najwy\u017cszym stopniu podium stan\u0105\u0142 tr\u00f3jskoczek J\u00f3zef Schmidt.<\/p><p>Do programu igrzysk wprowadzono: siatk\u00f3wk\u0119 kobiet i m\u0119\u017cczyzn oraz narodowy sport gospodarzy &#8211; judo. W igrzyskach zadebiutowali reprezentanci, Algierii, Czadu, Dominikany, Kamerunu, Konga, Libii, Madagaskaru, Malezji, Mali, Monako, Nepalu, Nigru, Senegalu, Tanzanii (jako Tanganika) i Zambii (jako Rodezja P\u00f3\u0142nocna).<\/p><\/blockquote>\n","protected":false},"excerpt":{"rendered":"<p>Igrzyska XVIII OlimpiadyTokio 1964 Igrzyska rozegrano w dniach 10-24 pa\u017adziernika. Wystartowa\u0142o 5151 zawodnik\u00f3w (w tym 678 kobiet) z 93 kraj\u00f3w. Rozdano 163<\/p>\n","protected":false},"author":1,"featured_media":0,"parent":0,"menu_order":0,"template":"","meta":{"_acf_changed":false,"ub_ctt_via":"","footnotes":""},"class_list":["post-303","olympics_summer","type-olympics_summer","status-publish","hentry","infinite-scroll-item","no-featured-image-padding"],"acf":{"game_id":"18","game_type":"1234","game_link":"tokio1964","game_news":"0","startdate":"10.10.1964 12:00 am","enddate":"24.10.1964 12:00 am","place":"Tokio","year":"1964","logo":"https:\/\/olimpijski.pl\/wp-content\/uploads\/1964\/06\/tokio1964.png","special_bg_img":false,"hide_breadcrumbs":[],"competitions_olympic":false,"histroy_tabs":false},"_links":{"self":[{"href":"https:\/\/olimpijski.pl\/en\/wp-json\/wp\/v2\/olympics_summer\/303"}],"collection":[{"href":"https:\/\/olimpijski.pl\/en\/wp-json\/wp\/v2\/olympics_summer"}],"about":[{"href":"https:\/\/olimpijski.pl\/en\/wp-json\/wp\/v2\/types\/olympics_summer"}],"author":[{"embeddable":true,"href":"https:\/\/olimpijski.pl\/en\/wp-json\/wp\/v2\/users\/1"}],"version-history":[{"count":0,"href":"https:\/\/olimpijski.pl\/en\/wp-json\/wp\/v2\/olympics_summer\/303\/revisions"}],"wp:attachment":[{"href":"https:\/\/olimpijski.pl\/en\/wp-json\/wp\/v2\/media?parent=303"}],"curies":[{"name":"wp","href":"https:\/\/api.w.org\/{rel}","templated":true}]}}