{"id":304,"date":"1960-06-17T13:34:45","date_gmt":"1960-06-17T11:34:45","guid":{"rendered":"https:\/\/wai-q98d7hpf9hy9k.wpallimport-demo.qsandbox.me\/olympics_summer\/rzym-1960\/"},"modified":"2024-06-27T13:05:26","modified_gmt":"2024-06-27T11:05:26","slug":"rzym-1960","status":"publish","type":"olympics_summer","link":"https:\/\/olimpijski.pl\/en\/igrzyska_letnie\/rzym-1960\/","title":{"rendered":"Rzym 1960"},"content":{"rendered":"\n<h1 class=\"wp-block-heading main-title\"><strong>Igrzyska XVII Olimpiady<\/strong><br>Rzym 1960<\/h1>\n\n\n\n<p><br><\/p>\n\n\n<div class=\"wp-block-image is-style-default\">\n<figure class=\"alignleft size-large\"><img loading=\"lazy\" decoding=\"async\" width=\"128\" height=\"128\" src=\"https:\/\/olimpijski.pl\/wp-content\/uploads\/1960\/06\/rzym1960.png\" alt=\"\" class=\"wp-image-19348\"\/><\/figure><\/div>\n\n\n<ul class=\"wp-block-list\">\n<li>Igrzyska rozegrano w dniach <strong>25 sierpnia \u2013 11 wrze\u015bnia<\/strong>.<\/li>\n\n\n\n<li>Wystartowa\u0142o <strong>5338<\/strong> zawodnik\u00f3w (w tym <strong>611<\/strong> kobiet) z <strong>83<\/strong> kraj\u00f3w.<\/li>\n\n\n\n<li>Rozdano <strong>150<\/strong> komplet\u00f3w medali.<\/li>\n\n\n\n<li>Przysi\u0119g\u0119 w imieniu sportowc\u00f3w z\u0142o\u017cy\u0142 lekkoatleta <strong>Adolfo Consolini<\/strong>.<\/li>\n\n\n\n<li>Znicz zapali\u0142 posiadaj\u0105cy greckie korzenie <strong>Giancarlo Peris<\/strong> \u2013 W\u0142oski Komitet Olimpijski zdecydowa\u0142, \u017ce powinien go zapali\u0107 junior, zwyci\u0119zca biegu prze\u0142ajowego w tej kategorii wiekowej.<\/li>\n\n\n\n<li>Igrzyska otworzy\u0142 <strong>prezydent W\u0142och Giovanni Gronchi<\/strong>.<\/li>\n<\/ul>\n\n\n\n<h2 class=\"wp-block-heading\"><strong>Program Igrzysk \u2013 19 dyscyplin, 150 konkurencji<\/strong><\/h2>\n\n\n\n<p>boks (10 konkurencji), gimnastyka (14), hokej na trawie (1), je\u017adziectwo (5), kajakarstwo (7), kolarstwo (6), koszyk\u00f3wka (1), lekkoatletyka (34), pi\u0119ciob\u00f3j nowoczesny (2), pi\u0142ka no\u017cna (1), pi\u0142ka wodna (1), p\u0142ywanie (15), podnoszenie ci\u0119\u017car\u00f3w (7), skoki do wody (4), strzelectwo (6), szermierka (8), wio\u015blarstwo (7), zapasy (16), \u017ceglarstwo (5).<\/p>\n\n\n\n<h2 class=\"wp-block-heading\"><strong>Gwiazdy Igrzysk<\/strong><\/h2>\n\n\n\n<p><strong>Borys Szachlin<\/strong> (ZSRR, gimnastyka) \u2013 4 z\u0142ote medale, 2 srebrne i 1 br\u0105zowy<br><strong>Larysa \u0141atynina<\/strong>&nbsp;(ZSRR, gimnastyka) \u2013&nbsp;3 z\u0142ote, 2 srebrne, 1 br\u0105zowy<\/p>\n\n\n\n<h2 class=\"wp-block-heading\"><strong>Polska Reprezentacja Olimpijska<\/strong><\/h2>\n\n\n\n<p><strong>202 osoby<\/strong> (startowa\u0142o 185 \u2013 29 kobiet i 156 m\u0119\u017cczyzn) w 16 sportach: 10 bokser\u00f3w, 14 gimnastyk\u00f3w (w tym 7 kobiet; 12 startowa\u0142o + 2 rez.), 16 hokeist\u00f3w na trawie (13 startowa\u0142o + 3 rez.), 6 je\u017ad\u017ac\u00f3w (4 startowa\u0142o + 2 rez.), 8 kajakarzy (w tym 2 kobiety; 6 startowa\u0142o + 1 rez., 1 nie), 5 kolarzy, 12 koszykarzy, 51 lekkoatlet\u00f3w (w tym 16 kobiet; 49 startowa\u0142o + 2 rez.), 18 pi\u0142karzy (13 startowa\u0142o + 5 rez.), 3 pi\u0119cioboist\u00f3w, 7 p\u0142ywak\u00f3w (6 startowa\u0142o + 1 rez.), 7 ci\u0119\u017carowc\u00f3w, 7 strzelc\u00f3w, 21 szermierzy (w tym 5 kobiet), 5 wio\u015blarzy, 12 zapa\u015bnik\u00f3w.<\/p>\n\n\n\n<p>Chor\u0105\u017cym by\u0142 wio\u015blarz <strong>Teodor Kocerka<\/strong>.<\/p>\n\n\n\n<h2 class=\"wp-block-heading\"><strong>Klasyfikacja medalowa<\/strong><\/h2>\n\n\n\n<figure class=\"wp-block-table is-style-stripes\"><table class=\"has-fixed-layout\"><tbody><tr><td><\/td><td><\/td><td class=\"has-text-align-center\" data-align=\"center\">&nbsp;<\/td><td class=\"has-text-align-center\" data-align=\"center\">&nbsp;<\/td><td class=\"has-text-align-center\" data-align=\"center\">&nbsp;<\/td><td class=\"has-text-align-center\" data-align=\"center\">&nbsp;<\/td><\/tr><tr><td>&nbsp;<\/td><td>&nbsp;<\/td><td class=\"has-text-align-center\" data-align=\"center\">&nbsp;<\/td><td class=\"has-text-align-center\" data-align=\"center\"><img loading=\"lazy\" decoding=\"async\" width=\"50\" height=\"50\" class=\"wp-image-27817\" style=\"width: 50px;\" src=\"https:\/\/olimpijski.pl\/wp-content\/uploads\/2016\/06\/2016_Rio_zloty_50x50.jpg\" alt=\"\"><\/td><td class=\"has-text-align-center\" data-align=\"center\"><img loading=\"lazy\" decoding=\"async\" width=\"50\" height=\"50\" class=\"wp-image-27819\" style=\"width: 50px;\" src=\"https:\/\/olimpijski.pl\/wp-content\/uploads\/2016\/06\/2016_Rio_sreb_50x50.jpg\" alt=\"\"><\/td><td class=\"has-text-align-center\" data-align=\"center\"><img loading=\"lazy\" decoding=\"async\" width=\"50\" height=\"50\" class=\"wp-image-27821\" style=\"width: 50px;\" src=\"https:\/\/olimpijski.pl\/wp-content\/uploads\/2016\/06\/2016_Rio_braz_50x50.jpg\" alt=\"\"><\/td><\/tr><tr><td>1.<\/td><td>ZSRR<\/td><td class=\"has-text-align-center\" data-align=\"center\">103<\/td><td class=\"has-text-align-center\" data-align=\"center\">43<\/td><td class=\"has-text-align-center\" data-align=\"center\">29<\/td><td class=\"has-text-align-center\" data-align=\"center\">31<\/td><\/tr><tr><td>2.<\/td><td>USA<\/td><td class=\"has-text-align-center\" data-align=\"center\">71<\/td><td class=\"has-text-align-center\" data-align=\"center\">34<\/td><td class=\"has-text-align-center\" data-align=\"center\">21<\/td><td class=\"has-text-align-center\" data-align=\"center\">16<\/td><\/tr><tr><td>3.<\/td><td>W\u0142ochy<\/td><td class=\"has-text-align-center\" data-align=\"center\">36<\/td><td class=\"has-text-align-center\" data-align=\"center\">13<\/td><td class=\"has-text-align-center\" data-align=\"center\">10<\/td><td class=\"has-text-align-center\" data-align=\"center\">13<\/td><\/tr><tr><td>&#8230;<\/td><td>&nbsp;<\/td><td class=\"has-text-align-center\" data-align=\"center\">&nbsp;<\/td><td class=\"has-text-align-center\" data-align=\"center\">&nbsp;<\/td><td class=\"has-text-align-center\" data-align=\"center\">&nbsp;<\/td><td class=\"has-text-align-center\" data-align=\"center\">&nbsp;<\/td><\/tr><tr><td><strong>9.<\/strong><\/td><td><strong>Polska<\/strong><\/td><td class=\"has-text-align-center\" data-align=\"center\"><strong>21<\/strong><\/td><td class=\"has-text-align-center\" data-align=\"center\"><strong>4<\/strong><\/td><td class=\"has-text-align-center\" data-align=\"center\"><strong>6<\/strong><\/td><td class=\"has-text-align-center\" data-align=\"center\"><strong>11<\/strong><\/td><\/tr><\/tbody><\/table><\/figure>\n\n\n\n<h2 class=\"wp-block-heading\"><strong>Medale dla Polski (21)<\/strong><\/h2>\n\n\n<div class=\"wp-block-ub-content-toggle wp-block-ub-content-toggle-block\" id=\"ub-content-toggle-block-d703506d-3cab-4ae7-bba6-c1f63e5faef8\" data-mobilecollapse=\"false\" data-desktopcollapse=\"true\" data-preventcollapse=\"false\" data-showonlyone=\"false\">\n<div class=\"wp-block-ub-content-toggle-accordion\" style=\"border-color: #f1f1f1;\" id=\"ub-content-toggle-panel-block-6f75d013-b6c3-4bb5-a060-deb5e307cb50\">\n\t\t\t<div class=\"wp-block-ub-content-toggle-accordion-title-wrap\" style=\"background-color: #f1f1f1;\" aria-controls=\"ub-content-toggle-panel-0-d703506d-3cab-4ae7-bba6-c1f63e5faef8\" tabindex=\"0\">\n\t\t\t<p class=\"wp-block-ub-content-toggle-accordion-title ub-content-toggle-title-d703506d-3cab-4ae7-bba6-c1f63e5faef8\" style=\"color: #000000; \">Z\u0142ote<\/p>\n\t\t\t<div class=\"wp-block-ub-content-toggle-accordion-toggle-wrap right\" style=\"color: #000000;\"><span class=\"wp-block-ub-content-toggle-accordion-state-indicator wp-block-ub-chevron-down\"><\/span><\/div>\n\t\t<\/div>\n\t\t\t<div role=\"region\" aria-expanded=\"false\" class=\"wp-block-ub-content-toggle-accordion-content-wrap ub-hide\" id=\"ub-content-toggle-panel-0-d703506d-3cab-4ae7-bba6-c1f63e5faef8\">\n\n<p><\/p>\n\n\n\n<div class=\"wp-block-media-text alignwide is-stacked-on-mobile\" style=\"grid-template-columns:20% auto\"><figure class=\"wp-block-media-text__media\"><img loading=\"lazy\" decoding=\"async\" width=\"200\" height=\"200\" src=\"https:\/\/olimpijski.pl\/wp-content\/uploads\/1960\/06\/1960_Rzym_zloty_200.jpg\" alt=\"\" class=\"wp-image-30248 size-full\" srcset=\"https:\/\/olimpijski.pl\/wp-content\/uploads\/1960\/06\/1960_Rzym_zloty_200.jpg 200w, https:\/\/olimpijski.pl\/wp-content\/uploads\/1960\/06\/1960_Rzym_zloty_200-150x150.jpg 150w\" sizes=\"(max-width: 200px) 100vw, 200px\" \/><\/figure><div class=\"wp-block-media-text__content\">\n<p><strong>Zdzis\u0142aw Krzyszkowiak<\/strong><br>(lekkoatletyka, 3000m z przeszkodami)<\/p>\n\n\n\n<p><strong>J\u00f3zef Schmidt<\/strong><br>(lekkoatletyka, tr\u00f3jskok)<\/p>\n\n\n\n<p><strong>Ireneusz Pali\u0144ski<\/strong><br>(podnoszenie ci\u0119\u017car\u00f3w, 82,5 kg)<\/p>\n\n\n\n<p><strong>Kazimierz Pa\u017adzior<\/strong><br>(boks, waga lekka)<\/p>\n<\/div><\/div>\n\n<\/div>\n\t\t<\/div>\n<\/div>\n\n<div class=\"wp-block-ub-content-toggle wp-block-ub-content-toggle-block\" id=\"ub-content-toggle-block-347fabe1-7fc8-4573-b872-e1e306314837\" data-mobilecollapse=\"false\" data-desktopcollapse=\"true\" data-preventcollapse=\"false\" data-showonlyone=\"false\">\n<div class=\"wp-block-ub-content-toggle-accordion\" style=\"border-color: #f1f1f1;\" id=\"ub-content-toggle-panel-block-ed747d28-9a08-410b-b694-c97c0e315451\">\n\t\t\t<div class=\"wp-block-ub-content-toggle-accordion-title-wrap\" style=\"background-color: #f1f1f1;\" aria-controls=\"ub-content-toggle-panel-0-347fabe1-7fc8-4573-b872-e1e306314837\" tabindex=\"0\">\n\t\t\t<p class=\"wp-block-ub-content-toggle-accordion-title ub-content-toggle-title-347fabe1-7fc8-4573-b872-e1e306314837\" style=\"color: #000000; \">Srebrne<\/p>\n\t\t\t<div class=\"wp-block-ub-content-toggle-accordion-toggle-wrap right\" style=\"color: #000000;\"><span class=\"wp-block-ub-content-toggle-accordion-state-indicator wp-block-ub-chevron-down\"><\/span><\/div>\n\t\t<\/div>\n\t\t\t<div role=\"region\" aria-expanded=\"false\" class=\"wp-block-ub-content-toggle-accordion-content-wrap ub-hide\" id=\"ub-content-toggle-panel-0-347fabe1-7fc8-4573-b872-e1e306314837\">\n\n<p><\/p>\n\n\n\n<div class=\"wp-block-media-text alignwide is-stacked-on-mobile\" style=\"grid-template-columns:20% auto\"><figure class=\"wp-block-media-text__media\"><img loading=\"lazy\" decoding=\"async\" width=\"200\" height=\"200\" src=\"https:\/\/olimpijski.pl\/wp-content\/uploads\/1960\/06\/1960_Rzym_sreb_200.jpg\" alt=\"\" class=\"wp-image-30250 size-full\" srcset=\"https:\/\/olimpijski.pl\/wp-content\/uploads\/1960\/06\/1960_Rzym_sreb_200.jpg 200w, https:\/\/olimpijski.pl\/wp-content\/uploads\/1960\/06\/1960_Rzym_sreb_200-150x150.jpg 150w\" sizes=\"(max-width: 200px) 100vw, 200px\" \/><\/figure><div class=\"wp-block-media-text__content\">\n<p><strong>El\u017cbieta Krzesi\u0144ska<\/strong><br>(lekkoatletyka, skok w dal)<\/p>\n\n\n\n<p><strong>Jaros\u0142awa J\u00f3\u017awiakowska<\/strong><br>(lekkoatletyka, skok wzwy\u017c)<\/p>\n\n\n\n<p><strong>Jerzy Adamski<\/strong><br>(boks, waga pi\u00f3rkowa)<\/p>\n\n\n\n<p><strong>Tadeusz Walasek<\/strong><br>(boks, waga \u015brednia)<\/p>\n\n\n\n<p><strong>Zbigniew Pietrzykowski<\/strong><br>(boks, waga p\u00f3\u0142ci\u0119\u017cka)<\/p>\n\n\n\n<p><strong>Marian Kuszewski, Emil Ochyra, Jerzy Paw\u0142owski, Andrzej Pi\u0105tkowski, Wojciech Zab\u0142ocki, Ryszard Zub<\/strong><br>(szermierka, szabla dru\u017cynowo)<\/p>\n<\/div><\/div>\n\n<\/div>\n\t\t<\/div>\n<\/div>\n\n<div class=\"wp-block-ub-content-toggle wp-block-ub-content-toggle-block\" id=\"ub-content-toggle-block-6c7378ab-a429-4ed7-a173-fb3e3494a047\" data-mobilecollapse=\"false\" data-desktopcollapse=\"true\" data-preventcollapse=\"false\" data-showonlyone=\"false\">\n<div class=\"wp-block-ub-content-toggle-accordion\" style=\"border-color: #f1f1f1;\" id=\"ub-content-toggle-panel-block-71fa9c40-d1a4-4c62-babe-89db9bcfdc96\">\n\t\t\t<div class=\"wp-block-ub-content-toggle-accordion-title-wrap\" style=\"background-color: #f1f1f1;\" aria-controls=\"ub-content-toggle-panel-0-6c7378ab-a429-4ed7-a173-fb3e3494a047\" tabindex=\"0\">\n\t\t\t<p class=\"wp-block-ub-content-toggle-accordion-title ub-content-toggle-title-6c7378ab-a429-4ed7-a173-fb3e3494a047\" style=\"color: #000000; \">Br\u0105zowe<\/p>\n\t\t\t<div class=\"wp-block-ub-content-toggle-accordion-toggle-wrap right\" style=\"color: #000000;\"><span class=\"wp-block-ub-content-toggle-accordion-state-indicator wp-block-ub-chevron-down\"><\/span><\/div>\n\t\t<\/div>\n\t\t\t<div role=\"region\" aria-expanded=\"false\" class=\"wp-block-ub-content-toggle-accordion-content-wrap ub-hide\" id=\"ub-content-toggle-panel-0-6c7378ab-a429-4ed7-a173-fb3e3494a047\">\n\n<p><\/p>\n\n\n\n<div class=\"wp-block-media-text alignwide is-stacked-on-mobile\" style=\"grid-template-columns:20% auto\"><figure class=\"wp-block-media-text__media\"><img loading=\"lazy\" decoding=\"async\" width=\"200\" height=\"200\" src=\"https:\/\/olimpijski.pl\/wp-content\/uploads\/1960\/06\/1960_Rzym_braz_200.jpg\" alt=\"\" class=\"wp-image-30252 size-full\" srcset=\"https:\/\/olimpijski.pl\/wp-content\/uploads\/1960\/06\/1960_Rzym_braz_200.jpg 200w, https:\/\/olimpijski.pl\/wp-content\/uploads\/1960\/06\/1960_Rzym_braz_200-150x150.jpg 150w\" sizes=\"(max-width: 200px) 100vw, 200px\" \/><\/figure><div class=\"wp-block-media-text__content\">\n<p><strong>Brunon Bendig<\/strong><br>(boks &#8211; waga kogucia)<\/p>\n\n\n\n<p><strong>Leszek Drogosz<\/strong><br>(boks, waga lekkop\u00f3\u0142\u015brednia)<\/p>\n\n\n\n<p><strong>Marian Kasprzyk<\/strong><br>(boks, waga p\u00f3\u0142\u015brednia)<\/p>\n\n\n\n<p><strong>Danuta Walkowiak<\/strong><br>(kajakarstwo, K1 na 500 m)<\/p>\n\n\n\n<p><strong>Stefan Kap\u0142aniak, W\u0142adys\u0142aw Zieli\u0144ski<\/strong><br>(kajakarstwo, K2 na 1000 m)<\/p>\n\n\n\n<p><strong>Tadeusz Rut<\/strong><br>(lekkoatletyka, rzut m\u0142otem)<\/p>\n\n\n\n<p><strong>Kazimierz Zimny<\/strong><br>(lekkoatletyka, bieg na 5000 m)<\/p>\n\n\n\n<p><strong>Teresa Ciep\u0142y, Halina G\u00f3recka, Barbara Janiszewska, Celina Jesionowska<\/strong><br>(lekkoatletyka, sztafeta 4&#215;100 m)<\/p>\n\n\n\n<p><strong>Teodor Kocerka<\/strong><br>(wio\u015blarstwo, jedynki)<\/p>\n\n\n\n<p><strong>Jan Bochenek<\/strong><br>(podnoszenie ci\u0119\u017car\u00f3w, waga 82,5 kg)<\/p>\n\n\n\n<p><strong>Tadeusz Trojanowski<\/strong><br>(zapasy, styl wolny &#8211; 60 kg)<\/p>\n<\/div><\/div>\n\n<\/div>\n\t\t<\/div>\n<\/div>\n\n\n<blockquote class=\"wp-block-quote is-style-default is-layout-flow wp-block-quote-is-layout-flow\">\n<p>Na starcie po raz pierwszy stan\u0119li sportowcy z Maroka, San Marino, Sudanu i Tunezji.<\/p>\n<\/blockquote>\n","protected":false},"excerpt":{"rendered":"<p>Igrzyska XVII OlimpiadyRzym 1960 Program Igrzysk \u2013 19 dyscyplin, 150 konkurencji boks (10 konkurencji), gimnastyka (14), hokej na trawie (1), je\u017adziectwo (5),<\/p>\n","protected":false},"author":1,"featured_media":0,"parent":0,"menu_order":0,"template":"","meta":{"_acf_changed":false,"ub_ctt_via":"","footnotes":""},"class_list":["post-304","olympics_summer","type-olympics_summer","status-publish","hentry","infinite-scroll-item","no-featured-image-padding"],"acf":{"game_id":"19","game_type":"1234","game_link":"rzym1960","game_news":"0","startdate":"25.08.1960 12:00 am","enddate":"11.09.1960 12:00 am","place":"Rzym","year":"1960","logo":"https:\/\/olimpijski.pl\/wp-content\/uploads\/1960\/06\/rzym1960.png","special_bg_img":false,"hide_breadcrumbs":[],"competitions_olympic":false,"histroy_tabs":false},"_links":{"self":[{"href":"https:\/\/olimpijski.pl\/en\/wp-json\/wp\/v2\/olympics_summer\/304"}],"collection":[{"href":"https:\/\/olimpijski.pl\/en\/wp-json\/wp\/v2\/olympics_summer"}],"about":[{"href":"https:\/\/olimpijski.pl\/en\/wp-json\/wp\/v2\/types\/olympics_summer"}],"author":[{"embeddable":true,"href":"https:\/\/olimpijski.pl\/en\/wp-json\/wp\/v2\/users\/1"}],"version-history":[{"count":1,"href":"https:\/\/olimpijski.pl\/en\/wp-json\/wp\/v2\/olympics_summer\/304\/revisions"}],"predecessor-version":[{"id":84992,"href":"https:\/\/olimpijski.pl\/en\/wp-json\/wp\/v2\/olympics_summer\/304\/revisions\/84992"}],"wp:attachment":[{"href":"https:\/\/olimpijski.pl\/en\/wp-json\/wp\/v2\/media?parent=304"}],"curies":[{"name":"wp","href":"https:\/\/api.w.org\/{rel}","templated":true}]}}