{"id":305,"date":"1956-06-17T13:34:45","date_gmt":"1956-06-17T12:34:45","guid":{"rendered":"https:\/\/wai-q98d7hpf9hy9k.wpallimport-demo.qsandbox.me\/olympics_summer\/melbourne-1956\/"},"modified":"2020-10-02T15:54:58","modified_gmt":"2020-10-02T13:54:58","slug":"melbourne-1956","status":"publish","type":"olympics_summer","link":"https:\/\/olimpijski.pl\/en\/igrzyska_letnie\/melbourne-1956\/","title":{"rendered":"Melbourne 1956"},"content":{"rendered":"\n<h1 class=\"main-title wp-block-heading\"><strong>Igrzyska XVI Olimpiady<\/strong><br>Melbourne 1956<\/h1>\n\n\n\n<p><br><\/p>\n\n\n\n<div class=\"wp-block-image is-style-default\"><figure class=\"alignleft size-large is-resized\"><img loading=\"lazy\" decoding=\"async\" src=\"https:\/\/olimpijski.pl\/wp-content\/uploads\/1956\/06\/melbourne1956.png\" alt=\"\" class=\"wp-image-19332\" width=\"147\" height=\"147\"\/><\/figure><\/div>\n\n\n\n<ul class=\"wp-block-list\"><li>Igrzyska rozegrano w dniach <strong>22 listopada \u2013 8 grudnia<\/strong> (ze wzgl\u0119du na problemy z kwarantann\u0105 koni konkurencje je\u017adzieckie odby\u0142y si\u0119 w Sztokholmie w dniach <strong>10-17 czerwca<\/strong>).<\/li><li>Wystartowa\u0142o <strong>3314<\/strong> zawodnik\u00f3w (w tym <strong>376<\/strong> kobiet) z <strong>72<\/strong> kraj\u00f3w.<\/li><li>Rozdano <strong>151<\/strong> komplet\u00f3w medali.<\/li><li>Znicz zapalili na dw\u00f3ch wie\u017cach stadionu <strong>Karin Lindberg<\/strong> i <strong>Henry Eriksson<\/strong>. W Melbourne znicz zapali\u0142 <strong>Ron Clarke<\/strong>.<\/li><li>Przysi\u0119g\u0119 w imieniu olimpijczyk\u00f3w w Sztokholmie sk\u0142ada\u0142 je\u017adziec <strong>Henri Julius Reverony Saint-Cyr<\/strong>, a w Melbourne lekkoatleta <strong>John Landy<\/strong>.<\/li><li>Igrzyska otworzy\u0142 ma\u0142\u017conek kr\u00f3lowej El\u017cbiety II, <strong>ksi\u0105\u017c\u0119 Edynburga Filip Mountbatten<\/strong>.<\/li><\/ul>\n\n\n\n<h2 class=\"wp-block-heading\"><strong>Program Igrzysk \u2013 19 dyscyplin, 151 konkurencji<\/strong><\/h2>\n\n\n\n<p>boks (10 konkurencji), gimnastyka (15), hokej na trawie (1), je\u017adziectwo (6), kajakarstwo (9), kolarstwo (6), koszyk\u00f3wka (1), lekkoatletyka (33), pi\u0119ciob\u00f3j nowoczesny (2), pi\u0142ka no\u017cna (1), pi\u0142ka wodna (1), p\u0142ywanie (13), podnoszenie ci\u0119\u017car\u00f3w (7), skoki do wody (4), strzelectwo (7), szermierka (7), wio\u015blarstwo (7), zapasy (16), \u017ceglarstwo (5).<\/p>\n\n\n\n<h2 class=\"wp-block-heading\"><strong>Gwiazda Igrzysk<\/strong><\/h2>\n\n\n\n<p><strong>Larysa \u0141atynina<\/strong> (ZSRR, gimnastyka sportowa) \u2013 5 z\u0142otych medali i 1 srebrny<\/p>\n\n\n\n<h2 class=\"wp-block-heading\"><strong>Polska Reprezentacja Olimpijska<\/strong><\/h2>\n\n\n\n<p><strong>65 os\u00f3b<\/strong> (startowa\u0142y 64 \u2013 15 kobiet i 49 m\u0119\u017cczyzn) w 9 sportach: 9 bokser\u00f3w, 5 ci\u0119\u017carowc\u00f3w, 7 gimnastyczek (6 startowa\u0142o + 1 rez.), 4 kajakarzy (w tym 1 kobieta), 23 lekkoatlet\u00f3w (w tym 7 kobiet), 1 p\u0142ywaczka, 6 szermierzy, 2 strzelc\u00f3w, 8 wio\u015blarzy.<\/p>\n\n\n\n<p>Chor\u0105\u017cym reprezentacji Polski by\u0142&nbsp; m\u0142ociarz <strong>Tadeusz Rut<\/strong>.<\/p>\n\n\n\n<h2 class=\"wp-block-heading\"><strong>Klasyfikacja medalowa<\/strong><\/h2>\n\n\n\n<figure class=\"wp-block-table is-style-stripes\"><table class=\"has-fixed-layout\"><tbody><tr><td><\/td><td><\/td><td class=\"has-text-align-center\" data-align=\"center\">&nbsp;<\/td><td class=\"has-text-align-center\" data-align=\"center\">&nbsp;<\/td><td class=\"has-text-align-center\" data-align=\"center\">&nbsp;<\/td><td class=\"has-text-align-center\" data-align=\"center\">&nbsp;<\/td><\/tr><tr><td>&nbsp;<\/td><td>&nbsp;<\/td><td class=\"has-text-align-center\" data-align=\"center\">&nbsp;<\/td><td class=\"has-text-align-center\" data-align=\"center\"><img loading=\"lazy\" decoding=\"async\" width=\"50\" height=\"50\" class=\"wp-image-27817\" style=\"width: 50px;\" src=\"https:\/\/olimpijski.pl\/wp-content\/uploads\/2016\/06\/2016_Rio_zloty_50x50.jpg\" alt=\"\"><\/td><td class=\"has-text-align-center\" data-align=\"center\"><img loading=\"lazy\" decoding=\"async\" width=\"50\" height=\"50\" class=\"wp-image-27819\" style=\"width: 50px;\" src=\"https:\/\/olimpijski.pl\/wp-content\/uploads\/2016\/06\/2016_Rio_sreb_50x50.jpg\" alt=\"\"><\/td><td class=\"has-text-align-center\" data-align=\"center\"><img loading=\"lazy\" decoding=\"async\" width=\"50\" height=\"50\" class=\"wp-image-27821\" style=\"width: 50px;\" src=\"https:\/\/olimpijski.pl\/wp-content\/uploads\/2016\/06\/2016_Rio_braz_50x50.jpg\" alt=\"\"><\/td><\/tr><tr><td>1.<\/td><td>ZSRR<\/td><td class=\"has-text-align-center\" data-align=\"center\">98<\/td><td class=\"has-text-align-center\" data-align=\"center\">37<\/td><td class=\"has-text-align-center\" data-align=\"center\">29<\/td><td class=\"has-text-align-center\" data-align=\"center\">32<\/td><\/tr><tr><td>2.<\/td><td>USA<\/td><td class=\"has-text-align-center\" data-align=\"center\">74<\/td><td class=\"has-text-align-center\" data-align=\"center\">32<\/td><td class=\"has-text-align-center\" data-align=\"center\">25<\/td><td class=\"has-text-align-center\" data-align=\"center\">17<\/td><\/tr><tr><td>3.<\/td><td>Australia<\/td><td class=\"has-text-align-center\" data-align=\"center\">35<\/td><td class=\"has-text-align-center\" data-align=\"center\">13<\/td><td class=\"has-text-align-center\" data-align=\"center\">8<\/td><td class=\"has-text-align-center\" data-align=\"center\">14<\/td><\/tr><tr><td>&#8230;<\/td><td>&nbsp;<\/td><td class=\"has-text-align-center\" data-align=\"center\">&nbsp;<\/td><td class=\"has-text-align-center\" data-align=\"center\">&nbsp;<\/td><td class=\"has-text-align-center\" data-align=\"center\">&nbsp;<\/td><td class=\"has-text-align-center\" data-align=\"center\">&nbsp;<\/td><\/tr><tr><td><strong>17.<\/strong><\/td><td><strong>Polska<\/strong><\/td><td class=\"has-text-align-center\" data-align=\"center\"><strong>9<\/strong><\/td><td class=\"has-text-align-center\" data-align=\"center\"><strong>1<\/strong><\/td><td class=\"has-text-align-center\" data-align=\"center\"><strong>4<\/strong><\/td><td class=\"has-text-align-center\" data-align=\"center\"><strong>4<\/strong><\/td><\/tr><\/tbody><\/table><\/figure>\n\n\n\n<h2 class=\"wp-block-heading\"><strong>Medale dla Polski (9)<\/strong><\/h2>\n\n\n<div class=\"wp-block-ub-content-toggle wp-block-ub-content-toggle-block\" id=\"ub-content-toggle-block-217075f5-6df1-4b44-8349-12ae685c9a5e\" data-mobilecollapse=\"false\" data-desktopcollapse=\"true\" data-preventcollapse=\"false\" data-showonlyone=\"false\">\n<div class=\"wp-block-ub-content-toggle-accordion\" style=\"border-color: #f1f1f1;\" id=\"ub-content-toggle-panel-block-\">\n\t\t\t<div class=\"wp-block-ub-content-toggle-accordion-title-wrap\" style=\"background-color: #f1f1f1;\" aria-controls=\"ub-content-toggle-panel-0-217075f5-6df1-4b44-8349-12ae685c9a5e\" tabindex=\"0\">\n\t\t\t<p class=\"wp-block-ub-content-toggle-accordion-title ub-content-toggle-title-217075f5-6df1-4b44-8349-12ae685c9a5e\" style=\"color: #000000; \">Z\u0142oty<\/p>\n\t\t\t<div class=\"wp-block-ub-content-toggle-accordion-toggle-wrap right\" style=\"color: #000000;\"><span class=\"wp-block-ub-content-toggle-accordion-state-indicator wp-block-ub-chevron-down\"><\/span><\/div>\n\t\t<\/div>\n\t\t\t<div role=\"region\" aria-expanded=\"false\" class=\"wp-block-ub-content-toggle-accordion-content-wrap ub-hide\" id=\"ub-content-toggle-panel-0-217075f5-6df1-4b44-8349-12ae685c9a5e\">\n\n<p><\/p>\n\n\n\n<div class=\"wp-block-media-text is-stacked-on-mobile\" style=\"grid-template-columns:20% auto\"><figure class=\"wp-block-media-text__media\"><img loading=\"lazy\" decoding=\"async\" width=\"200\" height=\"200\" src=\"https:\/\/olimpijski.pl\/wp-content\/uploads\/1956\/06\/1956_Melbourne_zloty_200-1.jpg\" alt=\"\" class=\"wp-image-30241\" srcset=\"https:\/\/olimpijski.pl\/wp-content\/uploads\/1956\/06\/1956_Melbourne_zloty_200-1.jpg 200w, https:\/\/olimpijski.pl\/wp-content\/uploads\/1956\/06\/1956_Melbourne_zloty_200-1-150x150.jpg 150w\" sizes=\"(max-width: 200px) 100vw, 200px\" \/><\/figure><div class=\"wp-block-media-text__content\">\n<p><strong>El\u017cbieta Du\u0144ska<\/strong><br>(lekkoatletyka, skok w dal)<\/p>\n<\/div><\/div>\n\n<\/div>\n\t\t<\/div>\n<\/div>\n\n<div class=\"wp-block-ub-content-toggle wp-block-ub-content-toggle-block\" id=\"ub-content-toggle-block-67ddeb95-8bad-4c8e-a939-3643cfe5d0ba\" data-mobilecollapse=\"false\" data-desktopcollapse=\"true\" data-preventcollapse=\"false\" data-showonlyone=\"false\">\n<div class=\"wp-block-ub-content-toggle-accordion\" style=\"border-color: #f1f1f1;\" id=\"ub-content-toggle-panel-block-\">\n\t\t\t<div class=\"wp-block-ub-content-toggle-accordion-title-wrap\" style=\"background-color: #f1f1f1;\" aria-controls=\"ub-content-toggle-panel-0-67ddeb95-8bad-4c8e-a939-3643cfe5d0ba\" tabindex=\"0\">\n\t\t\t<p class=\"wp-block-ub-content-toggle-accordion-title ub-content-toggle-title-67ddeb95-8bad-4c8e-a939-3643cfe5d0ba\" style=\"color: #000000; \">Srebrne<\/p>\n\t\t\t<div class=\"wp-block-ub-content-toggle-accordion-toggle-wrap right\" style=\"color: #000000;\"><span class=\"wp-block-ub-content-toggle-accordion-state-indicator wp-block-ub-chevron-down\"><\/span><\/div>\n\t\t<\/div>\n\t\t\t<div role=\"region\" aria-expanded=\"false\" class=\"wp-block-ub-content-toggle-accordion-content-wrap ub-hide\" id=\"ub-content-toggle-panel-0-67ddeb95-8bad-4c8e-a939-3643cfe5d0ba\">\n\n<p><\/p>\n\n\n\n<div class=\"wp-block-media-text is-stacked-on-mobile\" style=\"grid-template-columns:20% auto\"><figure class=\"wp-block-media-text__media\"><img loading=\"lazy\" decoding=\"async\" width=\"200\" height=\"200\" src=\"https:\/\/olimpijski.pl\/wp-content\/uploads\/1956\/06\/1956_Melbourne_sreb_200.jpg\" alt=\"\" class=\"wp-image-30243\" srcset=\"https:\/\/olimpijski.pl\/wp-content\/uploads\/1956\/06\/1956_Melbourne_sreb_200.jpg 200w, https:\/\/olimpijski.pl\/wp-content\/uploads\/1956\/06\/1956_Melbourne_sreb_200-150x150.jpg 150w\" sizes=\"(max-width: 200px) 100vw, 200px\" \/><\/figure><div class=\"wp-block-media-text__content\">\n<p><strong>Janusz Sid\u0142o<\/strong><br>(lekkoatletyka, rzut oszczepem)<\/p>\n\n\n\n<p><strong>Adam Smelczy\u0144ski<\/strong><br>(strzelectwo, rzutki)<\/p>\n\n\n\n<p><strong>Marian Kuszewski, Zygmunt Pawlas, Jerzy Paw\u0142owski, Andrzej Pi\u0105tkowski, Wojciech Zab\u0142ocki, Ryszard Zub<\/strong><br>(szermierka, szabla dru\u017cynowo)<\/p>\n\n\n\n<p><strong>Jerzy Paw\u0142owski<\/strong><br>(szermierka, szabla)<\/p>\n<\/div><\/div>\n\n<\/div>\n\t\t<\/div>\n<\/div>\n\n<div class=\"wp-block-ub-content-toggle wp-block-ub-content-toggle-block\" id=\"ub-content-toggle-block-460515f8-d072-48da-83ac-971bda549441\" data-mobilecollapse=\"false\" data-desktopcollapse=\"true\" data-preventcollapse=\"false\" data-showonlyone=\"false\">\n<div class=\"wp-block-ub-content-toggle-accordion\" style=\"border-color: #f1f1f1;\" id=\"ub-content-toggle-panel-block-\">\n\t\t\t<div class=\"wp-block-ub-content-toggle-accordion-title-wrap\" style=\"background-color: #f1f1f1;\" aria-controls=\"ub-content-toggle-panel-0-460515f8-d072-48da-83ac-971bda549441\" tabindex=\"0\">\n\t\t\t<p class=\"wp-block-ub-content-toggle-accordion-title ub-content-toggle-title-460515f8-d072-48da-83ac-971bda549441\" style=\"color: #000000; \">Br\u0105zowe<\/p>\n\t\t\t<div class=\"wp-block-ub-content-toggle-accordion-toggle-wrap right\" style=\"color: #000000;\"><span class=\"wp-block-ub-content-toggle-accordion-state-indicator wp-block-ub-chevron-down\"><\/span><\/div>\n\t\t<\/div>\n\t\t\t<div role=\"region\" aria-expanded=\"false\" class=\"wp-block-ub-content-toggle-accordion-content-wrap ub-hide\" id=\"ub-content-toggle-panel-0-460515f8-d072-48da-83ac-971bda549441\">\n\n<p><\/p>\n\n\n\n<div class=\"wp-block-media-text is-stacked-on-mobile\" style=\"grid-template-columns:20% auto\"><figure class=\"wp-block-media-text__media\"><img loading=\"lazy\" decoding=\"async\" width=\"200\" height=\"200\" src=\"https:\/\/olimpijski.pl\/wp-content\/uploads\/1956\/06\/1956_Melbourne_braz_200.jpg\" alt=\"\" class=\"wp-image-30245\" srcset=\"https:\/\/olimpijski.pl\/wp-content\/uploads\/1956\/06\/1956_Melbourne_braz_200.jpg 200w, https:\/\/olimpijski.pl\/wp-content\/uploads\/1956\/06\/1956_Melbourne_braz_200-150x150.jpg 150w\" sizes=\"(max-width: 200px) 100vw, 200px\" \/><\/figure><div class=\"wp-block-media-text__content\">\n<p><strong>Dorota Horzonek, Natalia Kot, Helena Rakoczy, Danuta Stachow, Lidia Szczerbi\u0144ska, Barbara \u015alizowska<\/strong><br>(gimnastyka, dru\u017cynowo z przyborem)<\/p>\n\n\n\n<p><strong>Marian Zieli\u0144ski<\/strong><br>(podnoszenie ci\u0119\u017car\u00f3w, 60 kg)<\/p>\n\n\n\n<p><strong>Zbigniew Pietrzykowski<\/strong><br>(boks, waga lekko\u015brednia)<\/p>\n\n\n\n<p><strong>Henryk Nied\u017awiedzki<\/strong><br>(boks, waga pi\u00f3rkowa)<\/p>\n<\/div><\/div>\n\n\n\n<p><\/p>\n\n<\/div>\n\t\t<\/div>\n<\/div>\n\n\n<p><\/p>\n\n\n\n<blockquote class=\"wp-block-quote is-style-default is-layout-flow wp-block-quote-is-layout-flow\"><p>Po raz pierwszy na czele klasyfikacji medalowej igrzysk znale\u017ali si\u0119 sportowcy ZSRR, kt\u00f3rzy zdobyli 98 medali.<\/p><\/blockquote>\n","protected":false},"excerpt":{"rendered":"<p>Igrzyska XVI OlimpiadyMelbourne 1956 Igrzyska rozegrano w dniach 22 listopada \u2013 8 grudnia (ze wzgl\u0119du na problemy z kwarantann\u0105 koni konkurencje je\u017adzieckie<\/p>\n","protected":false},"author":1,"featured_media":0,"parent":0,"menu_order":0,"template":"templates\/olympic_main_subpage.php","meta":{"_acf_changed":false,"ub_ctt_via":"","footnotes":""},"class_list":["post-305","olympics_summer","type-olympics_summer","status-publish","hentry","infinite-scroll-item","no-featured-image-padding"],"acf":{"game_id":"20","game_type":"1234","game_link":"melbourne1956","game_news":"0","startdate":"22.11.1956 12:00 am","enddate":"08.12.1956 12:00 am","place":"Melbourne","year":"1956","logo":"https:\/\/olimpijski.pl\/wp-content\/uploads\/1956\/06\/melbourne1956.png","special_bg_img":false,"hide_breadcrumbs":[],"competitions_olympic":false,"histroy_tabs":false},"_links":{"self":[{"href":"https:\/\/olimpijski.pl\/en\/wp-json\/wp\/v2\/olympics_summer\/305"}],"collection":[{"href":"https:\/\/olimpijski.pl\/en\/wp-json\/wp\/v2\/olympics_summer"}],"about":[{"href":"https:\/\/olimpijski.pl\/en\/wp-json\/wp\/v2\/types\/olympics_summer"}],"author":[{"embeddable":true,"href":"https:\/\/olimpijski.pl\/en\/wp-json\/wp\/v2\/users\/1"}],"version-history":[{"count":0,"href":"https:\/\/olimpijski.pl\/en\/wp-json\/wp\/v2\/olympics_summer\/305\/revisions"}],"wp:attachment":[{"href":"https:\/\/olimpijski.pl\/en\/wp-json\/wp\/v2\/media?parent=305"}],"curies":[{"name":"wp","href":"https:\/\/api.w.org\/{rel}","templated":true}]}}