{"id":309,"date":"1932-06-17T13:34:45","date_gmt":"1932-06-17T12:34:45","guid":{"rendered":"https:\/\/wai-q98d7hpf9hy9k.wpallimport-demo.qsandbox.me\/olympics_summer\/los-angeles-1932\/"},"modified":"2020-10-02T15:24:55","modified_gmt":"2020-10-02T13:24:55","slug":"los-angeles-1932","status":"publish","type":"olympics_summer","link":"https:\/\/olimpijski.pl\/en\/igrzyska_letnie\/los-angeles-1932\/","title":{"rendered":"Los Angeles 1932"},"content":{"rendered":"\n<h1 class=\"main-title wp-block-heading\">Igrzyska X Olimpiady<strong><br>Los Angeles 1932<\/strong><br><\/h1>\n\n\n\n<p><br><\/p>\n\n\n\n<div class=\"wp-block-image\"><figure class=\"alignleft size-large\"><img loading=\"lazy\" decoding=\"async\" width=\"128\" height=\"128\" src=\"https:\/\/olimpijski.pl\/wp-content\/uploads\/1932\/06\/los-angeles1932.png\" alt=\"\" class=\"wp-image-19326\"\/><\/figure><\/div>\n\n\n\n<ul class=\"wp-block-list\"><li>Igrzyska rozegrano w dniach <strong>30 lipca \u2013 14 sierpnia<\/strong>.<\/li><li>Wystartowa\u0142o <strong>1408<\/strong> zawodnik\u00f3w (w tym <strong>127<\/strong> kobiet) z <strong>37<\/strong> kraj\u00f3w.<\/li><li>Rozdano <strong>117<\/strong> komplet\u00f3w medali.<\/li><li>Przysi\u0119g\u0119 olimpijsk\u0105 w imieniu sportowc\u00f3w z\u0142o\u017cy\u0142 szpadzista <strong>George Charles Calnan<\/strong>.<\/li><li>Igrzyska otworzy\u0142 wiceprezydent USA <strong>Charles Curtis<\/strong>.<\/li><\/ul>\n\n\n\n<h2 class=\"wp-block-heading\"><strong>Program Igrzysk \u2013 16 dyscyplin, 117 konkurencji<\/strong><\/h2>\n\n\n\n<p>boks (8 konkurencji), gimnastyka (11), hokej na trawie (1), je\u017adziectwo (6), kolarstwo (6), lekkoatletyka (29), pi\u0119ciob\u00f3j nowoczesny (1), pi\u0142ka wodna (1), p\u0142ywanie (11), podnoszenie ci\u0119\u017car\u00f3w (5), skoki do wody (4), strzelectwo (2), szermierka (7), wio\u015blarstwo (7), zapasy (14), \u017ceglarstwo (4).<\/p>\n\n\n\n<h2 class=\"wp-block-heading\"><strong>Polska Reprezentacja Olimpijska<\/strong><\/h2>\n\n\n\n<p><strong>20 os\u00f3b<\/strong> (3 kobiety i 17 m\u0119\u017cczyzn) w 3 sportach: 7 lekkoatlet\u00f3w (w tym 3 kobiety), 7 wio\u015blarzy, 6 szermierzy.<\/p>\n\n\n\n<p>Chor\u0105\u017cym reprezentacji Polski by\u0142 wio\u015blarz <strong>Janusz \u015al\u0105zak<\/strong>.<\/p>\n\n\n\n<h2 class=\"wp-block-heading\"><strong>Klasyfikacja medalowa<\/strong><\/h2>\n\n\n\n<figure class=\"wp-block-table is-style-stripes\"><table class=\"has-fixed-layout\"><tbody><tr><td><\/td><td><\/td><td class=\"has-text-align-center\" data-align=\"center\">&nbsp;<\/td><td class=\"has-text-align-center\" data-align=\"center\">&nbsp;<\/td><td class=\"has-text-align-center\" data-align=\"center\">&nbsp;<\/td><td class=\"has-text-align-center\" data-align=\"center\">&nbsp;<\/td><\/tr><tr><td>&nbsp;<\/td><td>&nbsp;<\/td><td class=\"has-text-align-center\" data-align=\"center\">&nbsp;<\/td><td class=\"has-text-align-center\" data-align=\"center\"><img loading=\"lazy\" decoding=\"async\" width=\"50\" height=\"50\" class=\"wp-image-27817\" style=\"width: 50px;\" src=\"https:\/\/olimpijski.pl\/wp-content\/uploads\/2016\/06\/2016_Rio_zloty_50x50.jpg\" alt=\"\"><\/td><td class=\"has-text-align-center\" data-align=\"center\"><img loading=\"lazy\" decoding=\"async\" width=\"50\" height=\"50\" class=\"wp-image-27819\" style=\"width: 50px;\" src=\"https:\/\/olimpijski.pl\/wp-content\/uploads\/2016\/06\/2016_Rio_sreb_50x50.jpg\" alt=\"\"><\/td><td class=\"has-text-align-center\" data-align=\"center\"><img loading=\"lazy\" decoding=\"async\" width=\"50\" height=\"50\" class=\"wp-image-27821\" style=\"width: 50px;\" src=\"https:\/\/olimpijski.pl\/wp-content\/uploads\/2016\/06\/2016_Rio_braz_50x50.jpg\" alt=\"\"><\/td><\/tr><tr><td>1.<\/td><td>USA<\/td><td class=\"has-text-align-center\" data-align=\"center\">103<\/td><td class=\"has-text-align-center\" data-align=\"center\">41<\/td><td class=\"has-text-align-center\" data-align=\"center\">32<\/td><td class=\"has-text-align-center\" data-align=\"center\">30<\/td><\/tr><tr><td>2.<\/td><td>W\u0142ochy<\/td><td class=\"has-text-align-center\" data-align=\"center\">36<\/td><td class=\"has-text-align-center\" data-align=\"center\">12<\/td><td class=\"has-text-align-center\" data-align=\"center\">12<\/td><td class=\"has-text-align-center\" data-align=\"center\">12<\/td><\/tr><tr><td>3.<\/td><td>Francja<\/td><td class=\"has-text-align-center\" data-align=\"center\">19<\/td><td class=\"has-text-align-center\" data-align=\"center\">10<\/td><td class=\"has-text-align-center\" data-align=\"center\">5<\/td><td class=\"has-text-align-center\" data-align=\"center\">4<\/td><\/tr><tr><td>&#8230;<\/td><td>&nbsp;<\/td><td class=\"has-text-align-center\" data-align=\"center\">&nbsp;<\/td><td class=\"has-text-align-center\" data-align=\"center\">&nbsp;<\/td><td class=\"has-text-align-center\" data-align=\"center\">&nbsp;<\/td><td class=\"has-text-align-center\" data-align=\"center\">&nbsp;<\/td><\/tr><tr><td><strong>14.<\/strong><\/td><td><strong>Polska<\/strong><\/td><td class=\"has-text-align-center\" data-align=\"center\"><strong>7<\/strong><\/td><td class=\"has-text-align-center\" data-align=\"center\"><strong>2<\/strong><\/td><td class=\"has-text-align-center\" data-align=\"center\"><strong>1<\/strong><\/td><td class=\"has-text-align-center\" data-align=\"center\"><strong>4<\/strong><\/td><\/tr><\/tbody><\/table><\/figure>\n\n\n\n<h2 class=\"wp-block-heading\"><strong>Medale dla Polski (7)<\/strong><\/h2>\n\n\n<div class=\"wp-block-ub-content-toggle wp-block-ub-content-toggle-block\" id=\"ub-content-toggle-block-941c73d8-c409-456b-b9b4-db54b913c937\" data-mobilecollapse=\"false\" data-desktopcollapse=\"true\" data-preventcollapse=\"false\" data-showonlyone=\"false\">\n<div class=\"wp-block-ub-content-toggle-accordion\" style=\"border-color: #f1f1f1;\" id=\"ub-content-toggle-panel-block-\">\n\t\t\t<div class=\"wp-block-ub-content-toggle-accordion-title-wrap\" style=\"background-color: #f1f1f1;\" aria-controls=\"ub-content-toggle-panel-0-941c73d8-c409-456b-b9b4-db54b913c937\" tabindex=\"0\">\n\t\t\t<p class=\"wp-block-ub-content-toggle-accordion-title ub-content-toggle-title-941c73d8-c409-456b-b9b4-db54b913c937\" style=\"color: #000000; \">Z\u0142ote<\/p>\n\t\t\t<div class=\"wp-block-ub-content-toggle-accordion-toggle-wrap right\" style=\"color: #000000;\"><span class=\"wp-block-ub-content-toggle-accordion-state-indicator wp-block-ub-chevron-down\"><\/span><\/div>\n\t\t<\/div>\n\t\t\t<div role=\"region\" aria-expanded=\"false\" class=\"wp-block-ub-content-toggle-accordion-content-wrap ub-hide\" id=\"ub-content-toggle-panel-0-941c73d8-c409-456b-b9b4-db54b913c937\">\n\n<p><\/p>\n\n\n\n<div class=\"wp-block-media-text is-stacked-on-mobile\" style=\"grid-template-columns:20% auto\"><figure class=\"wp-block-media-text__media\"><img loading=\"lazy\" decoding=\"async\" width=\"200\" height=\"200\" src=\"https:\/\/olimpijski.pl\/wp-content\/uploads\/1932\/06\/1932_LosAngeles_zloty_200.jpg\" alt=\"\" class=\"wp-image-30210\" srcset=\"https:\/\/olimpijski.pl\/wp-content\/uploads\/1932\/06\/1932_LosAngeles_zloty_200.jpg 200w, https:\/\/olimpijski.pl\/wp-content\/uploads\/1932\/06\/1932_LosAngeles_zloty_200-150x150.jpg 150w\" sizes=\"(max-width: 200px) 100vw, 200px\" \/><\/figure><div class=\"wp-block-media-text__content\">\n<p><strong>Stanis\u0142awa Walasiewicz<\/strong><br>(lekkoatletyka, 100 m)<\/p>\n\n\n\n<p><strong>Janusz Kusoci\u0144ski<\/strong><br>(lekkoatletyka, 10 000 m)<\/p>\n<\/div><\/div>\n\n<\/div>\n\t\t<\/div>\n<\/div>\n\n<div class=\"wp-block-ub-content-toggle wp-block-ub-content-toggle-block\" id=\"ub-content-toggle-block-152b71a8-a414-4ce6-bb8e-4954b90b9ed9\" data-mobilecollapse=\"false\" data-desktopcollapse=\"true\" data-preventcollapse=\"false\" data-showonlyone=\"false\">\n<div class=\"wp-block-ub-content-toggle-accordion\" style=\"border-color: #f1f1f1;\" id=\"ub-content-toggle-panel-block-\">\n\t\t\t<div class=\"wp-block-ub-content-toggle-accordion-title-wrap\" style=\"background-color: #f1f1f1;\" aria-controls=\"ub-content-toggle-panel-0-152b71a8-a414-4ce6-bb8e-4954b90b9ed9\" tabindex=\"0\">\n\t\t\t<p class=\"wp-block-ub-content-toggle-accordion-title ub-content-toggle-title-152b71a8-a414-4ce6-bb8e-4954b90b9ed9\" style=\"color: #000000; \">Srebrny<\/p>\n\t\t\t<div class=\"wp-block-ub-content-toggle-accordion-toggle-wrap right\" style=\"color: #000000;\"><span class=\"wp-block-ub-content-toggle-accordion-state-indicator wp-block-ub-chevron-down\"><\/span><\/div>\n\t\t<\/div>\n\t\t\t<div role=\"region\" aria-expanded=\"false\" class=\"wp-block-ub-content-toggle-accordion-content-wrap ub-hide\" id=\"ub-content-toggle-panel-0-152b71a8-a414-4ce6-bb8e-4954b90b9ed9\">\n\n<p><\/p>\n\n\n\n<div class=\"wp-block-media-text is-stacked-on-mobile\" style=\"grid-template-columns:20% auto\"><figure class=\"wp-block-media-text__media\"><img loading=\"lazy\" decoding=\"async\" width=\"200\" height=\"200\" src=\"https:\/\/olimpijski.pl\/wp-content\/uploads\/1932\/06\/1932_LosAngeles_sreb_200.jpg\" alt=\"\" class=\"wp-image-30212\" srcset=\"https:\/\/olimpijski.pl\/wp-content\/uploads\/1932\/06\/1932_LosAngeles_sreb_200.jpg 200w, https:\/\/olimpijski.pl\/wp-content\/uploads\/1932\/06\/1932_LosAngeles_sreb_200-150x150.jpg 150w\" sizes=\"(max-width: 200px) 100vw, 200px\" \/><\/figure><div class=\"wp-block-media-text__content\">\n<p><strong>Jerzy Braun, Janusz \u015al\u0105zak i sternik Jerzy Skolimowski<\/strong><br>(wio\u015blarstwo, dw\u00f3jka ze sternikiem)<\/p>\n<\/div><\/div>\n\n<\/div>\n\t\t<\/div>\n<\/div>\n\n<div class=\"wp-block-ub-content-toggle wp-block-ub-content-toggle-block\" id=\"ub-content-toggle-block-21118689-4b5d-4f23-99d5-543fa2996ab7\" data-mobilecollapse=\"false\" data-desktopcollapse=\"true\" data-preventcollapse=\"false\" data-showonlyone=\"false\">\n<div class=\"wp-block-ub-content-toggle-accordion\" style=\"border-color: #f1f1f1;\" id=\"ub-content-toggle-panel-block-\">\n\t\t\t<div class=\"wp-block-ub-content-toggle-accordion-title-wrap\" style=\"background-color: #f1f1f1;\" aria-controls=\"ub-content-toggle-panel-0-21118689-4b5d-4f23-99d5-543fa2996ab7\" tabindex=\"0\">\n\t\t\t<p class=\"wp-block-ub-content-toggle-accordion-title ub-content-toggle-title-21118689-4b5d-4f23-99d5-543fa2996ab7\" style=\"color: #000000; \">Br\u0105zowe<\/p>\n\t\t\t<div class=\"wp-block-ub-content-toggle-accordion-toggle-wrap right\" style=\"color: #000000;\"><span class=\"wp-block-ub-content-toggle-accordion-state-indicator wp-block-ub-chevron-down\"><\/span><\/div>\n\t\t<\/div>\n\t\t\t<div role=\"region\" aria-expanded=\"false\" class=\"wp-block-ub-content-toggle-accordion-content-wrap ub-hide\" id=\"ub-content-toggle-panel-0-21118689-4b5d-4f23-99d5-543fa2996ab7\">\n\n<p><\/p>\n\n\n\n<div class=\"wp-block-media-text is-stacked-on-mobile\" style=\"grid-template-columns:20% auto\"><figure class=\"wp-block-media-text__media\"><img loading=\"lazy\" decoding=\"async\" width=\"200\" height=\"200\" src=\"https:\/\/olimpijski.pl\/wp-content\/uploads\/1932\/06\/1932_LosAngeles_braz_200.jpg\" alt=\"\" class=\"wp-image-30218\" srcset=\"https:\/\/olimpijski.pl\/wp-content\/uploads\/1932\/06\/1932_LosAngeles_braz_200.jpg 200w, https:\/\/olimpijski.pl\/wp-content\/uploads\/1932\/06\/1932_LosAngeles_braz_200-150x150.jpg 150w\" sizes=\"(max-width: 200px) 100vw, 200px\" \/><\/figure><div class=\"wp-block-media-text__content\">\n<p><strong>Jadwiga Wajs<\/strong><br>(lekkoatletyka, rzut dyskiem)<\/p>\n\n\n\n<p><strong>Jerzy Braun, Edward Kobyli\u0144ski, Janusz \u015al\u0105zak, Stanis\u0142aw Urban i sternik Jerzy Skolimowski<\/strong><br>(wio\u015blarstwo, czw\u00f3rka ze sternikiem)<\/p>\n\n\n\n<p><strong>W\u0142adys\u0142aw Dobrowolski, Tadeusz Friedrich, Leszek Lubicz-Nycz, Adam Papee, W\u0142adys\u0142aw Segda, Marian Suski<\/strong><br>(szermierka, turniej dru\u017cynowy szablist\u00f3w)<\/p>\n\n\n\n<p><strong>Henryk Budzi\u0144ski, Jan Krenz-Miko\u0142ajczak<\/strong><br>(wio\u015blarstwo, dw\u00f3jka bez sternika)<\/p>\n<\/div><\/div>\n\n<\/div>\n\t\t<\/div>\n<\/div>\n\n\n<blockquote class=\"wp-block-quote is-style-default is-layout-flow wp-block-quote-is-layout-flow\"><p>W Mie\u015bcie Anio\u0142\u00f3w, w drugich igrzyskach w USA, bia\u0142o-czerwoni stan\u0119li na podium siedem razy. Janusz Kusoci\u0144ski zdoby\u0142 pierwsze polskie m\u0119skie z\u0142oto.<br><br>Nowo\u015bci\u0105 by\u0142o zastosowania po raz pierwszy fotokom\u00f3rki ustalaj\u0105cej kolejno\u015b\u0107 na mecie, a ciekawostk\u0105, \u017ce jedyny raz przyznano medale w alpinizmie.<br><br>W Los Angeles chcia\u0142 zako\u0144czy\u0107 karier\u0119 s\u0142ynny fi\u0144ski biegacz Paavo Nurmi maj\u0105cy w dorobku&nbsp; 12 medali. Zosta\u0142&nbsp; jednak zdyskwalifikowany za przekroczenie statusu amatora.<\/p><\/blockquote>\n","protected":false},"excerpt":{"rendered":"<p>Igrzyska X OlimpiadyLos Angeles 1932 Igrzyska rozegrano w dniach 30 lipca \u2013 14 sierpnia. Wystartowa\u0142o 1408 zawodnik\u00f3w (w tym 127 kobiet) z<\/p>\n","protected":false},"author":1,"featured_media":0,"parent":0,"menu_order":0,"template":"templates\/olympic_main_subpage.php","meta":{"_acf_changed":false,"ub_ctt_via":"","footnotes":""},"class_list":["post-309","olympics_summer","type-olympics_summer","status-publish","hentry","infinite-scroll-item","no-featured-image-padding"],"acf":{"game_id":"24","game_type":"1234","game_link":"los-angeles1932","game_news":"0","startdate":"30.07.1932 12:00 am","enddate":"14.08.1932 12:00 am","place":"Los Angeles","year":"1932","logo":"https:\/\/olimpijski.pl\/wp-content\/uploads\/1932\/06\/los-angeles1932.png","histroy_tabs":false,"special_bg_img":false,"hide_breadcrumbs":[],"competitions_olympic":false},"_links":{"self":[{"href":"https:\/\/olimpijski.pl\/en\/wp-json\/wp\/v2\/olympics_summer\/309"}],"collection":[{"href":"https:\/\/olimpijski.pl\/en\/wp-json\/wp\/v2\/olympics_summer"}],"about":[{"href":"https:\/\/olimpijski.pl\/en\/wp-json\/wp\/v2\/types\/olympics_summer"}],"author":[{"embeddable":true,"href":"https:\/\/olimpijski.pl\/en\/wp-json\/wp\/v2\/users\/1"}],"version-history":[{"count":0,"href":"https:\/\/olimpijski.pl\/en\/wp-json\/wp\/v2\/olympics_summer\/309\/revisions"}],"wp:attachment":[{"href":"https:\/\/olimpijski.pl\/en\/wp-json\/wp\/v2\/media?parent=309"}],"curies":[{"name":"wp","href":"https:\/\/api.w.org\/{rel}","templated":true}]}}