{"id":310,"date":"1928-06-17T13:34:47","date_gmt":"1928-06-17T12:34:47","guid":{"rendered":"https:\/\/wai-q98d7hpf9hy9k.wpallimport-demo.qsandbox.me\/olympics_summer\/amsterdam-1928\/"},"modified":"2020-10-02T15:14:59","modified_gmt":"2020-10-02T13:14:59","slug":"amsterdam-1928","status":"publish","type":"olympics_summer","link":"https:\/\/olimpijski.pl\/en\/igrzyska_letnie\/amsterdam-1928\/","title":{"rendered":"Amsterdam 1928"},"content":{"rendered":"\n<h1 class=\"main-title wp-block-heading\">Igrzyska IX Olimpiady<br><strong>Amsterdam 1928<\/strong><\/h1>\n\n\n\n<p><br><\/p>\n\n\n\n<div class=\"wp-block-image\"><figure class=\"alignleft size-large\"><img loading=\"lazy\" decoding=\"async\" width=\"128\" height=\"128\" src=\"https:\/\/olimpijski.pl\/wp-content\/uploads\/1928\/06\/amsterdam1928.png\" alt=\"\" class=\"wp-image-19258\"\/><\/figure><\/div>\n\n\n\n<ul class=\"wp-block-list\"><li>Igrzyska rozegrano w dniach <strong>17 maja \u2013 12 sierpnia<\/strong> [17\u201326 maja 1928 (hokej na trawie), 27 maja \u2013 3 czerwca 1928 (pi\u0142ka no\u017cna)].<\/li><li>Wystartowa\u0142o <strong>2883<\/strong> uczestnik\u00f3w (w tym <strong>277<\/strong> kobiet) z <strong>46<\/strong> kraj\u00f3w.<\/li><li>Rozdano <strong>109<\/strong> komplet\u00f3w medali.<\/li><li>Przysi\u0119g\u0119 w imieniu sportowc\u00f3w z\u0142o\u017cy\u0142 pi\u0142karz <strong>Leonard Barthlemie Denis<\/strong>.<\/li><li>Igrzyska otworzy\u0142 ksi\u0105\u017c\u0119 <strong>Hendrick Mecklenburg-Schwerin<\/strong>.<\/li><\/ul>\n\n\n\n<h2 class=\"wp-block-heading\"><strong>Program Igrzysk \u2013 16 dyscyplin, 109 konkurencji<\/strong><\/h2>\n\n\n\n<p>boks (8 konkurencji), gimnastyka (8), hokej na trawie (1), je\u017adziectwo (6), kolarstwo (6), lekkoatletyka (27), pi\u0119ciob\u00f3j nowoczesny (1), pi\u0142ka no\u017cna (1), pi\u0142ka wodna (1), p\u0142ywanie (11), podnoszenie ci\u0119\u017car\u00f3w (5), skoki do wody (4), szermierka (7), wio\u015blarstwo (7), zapasy (13), \u017ceglarstwo (3).<\/p>\n\n\n\n<h2 class=\"wp-block-heading\"><strong>Gwiazdy Igrzysk<\/strong><\/h2>\n\n\n\n<p><strong>Herman Haenggi<\/strong> (Szwajcaria, gimnastyka) \u2013 2 z\u0142ote, 1 srebrny, 1 br\u0105z<br><strong>Georges Miez<\/strong> (Szwajcaria, gimnastyka) \u2013 3 z\u0142ote<br><strong>Paavo Nurmi<\/strong> (Finlandia, lekkoatletyka) \u2013 1 z\u0142oty, 2 srebrne<br><strong>Johnny Weismueller<\/strong> (USA, p\u0142ywanie) \u2013 2 z\u0142ote<br><strong>Albina Osipowichowa<\/strong> (USA, p\u0142ywanie) \u2013 2 z\u0142ote<\/p>\n\n\n\n<h2 class=\"wp-block-heading\"><strong>Polska Reprezentacja Olimpijska<\/strong><\/h2>\n\n\n\n<p>75 os\u00f3b (startowa\u0142o 66 \u2013 5 kobiet i 61 m\u0119\u017cczyzn) w 10 sportach: 4 bokser\u00f3w, 7 je\u017ad\u017ac\u00f3w (5 start + 2 rez.), 12 kolarzy (11 startowa\u0142o, 1 nie), 16 lekkoatlet\u00f3w (w tym 5 kobiet; 15 startowa\u0142o, 1 nie), 4 pi\u0119cioboist\u00f3w (3 startowa\u0142o, 1 nie), 2 p\u0142ywak\u00f3w (w tym 1 kobieta), 6 szermierzy, 17 wio\u015blarzy (14 startowa\u0142o + 3 rez.), 5 zapa\u015bnik\u00f3w (4 startowa\u0142o, 1 nie), 2 \u017ceglarzy.<\/p>\n\n\n\n<p>Chor\u0105\u017cym reprezentacji Polski by\u0142 zapa\u015bnik <strong>Marian Cieniewski<\/strong>.<\/p>\n\n\n\n<h2 class=\"wp-block-heading\"><strong>Klasyfikacja medalowa<\/strong><\/h2>\n\n\n\n<figure class=\"wp-block-table is-style-stripes\"><table class=\"has-fixed-layout\"><tbody><tr><td><\/td><td><\/td><td class=\"has-text-align-center\" data-align=\"center\">&nbsp;<\/td><td class=\"has-text-align-center\" data-align=\"center\">&nbsp;<\/td><td class=\"has-text-align-center\" data-align=\"center\">&nbsp;<\/td><td class=\"has-text-align-center\" data-align=\"center\">&nbsp;<\/td><\/tr><tr><td>&nbsp;<\/td><td>&nbsp;<\/td><td class=\"has-text-align-center\" data-align=\"center\">&nbsp;<\/td><td class=\"has-text-align-center\" data-align=\"center\"><img loading=\"lazy\" decoding=\"async\" width=\"50\" height=\"50\" class=\"wp-image-27817\" style=\"width: 50px;\" src=\"https:\/\/olimpijski.pl\/wp-content\/uploads\/2016\/06\/2016_Rio_zloty_50x50.jpg\" alt=\"\"><\/td><td class=\"has-text-align-center\" data-align=\"center\"><img loading=\"lazy\" decoding=\"async\" width=\"50\" height=\"50\" class=\"wp-image-27819\" style=\"width: 50px;\" src=\"https:\/\/olimpijski.pl\/wp-content\/uploads\/2016\/06\/2016_Rio_sreb_50x50.jpg\" alt=\"\"><\/td><td class=\"has-text-align-center\" data-align=\"center\"><img loading=\"lazy\" decoding=\"async\" width=\"50\" height=\"50\" class=\"wp-image-27821\" style=\"width: 50px;\" src=\"https:\/\/olimpijski.pl\/wp-content\/uploads\/2016\/06\/2016_Rio_braz_50x50.jpg\" alt=\"\"><\/td><\/tr><tr><td>1.<\/td><td>USA<\/td><td class=\"has-text-align-center\" data-align=\"center\">56<\/td><td class=\"has-text-align-center\" data-align=\"center\">22<\/td><td class=\"has-text-align-center\" data-align=\"center\">18<\/td><td class=\"has-text-align-center\" data-align=\"center\">16<\/td><\/tr><tr><td>2.<\/td><td>Niemcy<\/td><td class=\"has-text-align-center\" data-align=\"center\">31<\/td><td class=\"has-text-align-center\" data-align=\"center\">10<\/td><td class=\"has-text-align-center\" data-align=\"center\">7<\/td><td class=\"has-text-align-center\" data-align=\"center\">14<\/td><\/tr><tr><td>3.<\/td><td>Finlandia<\/td><td class=\"has-text-align-center\" data-align=\"center\">25<\/td><td class=\"has-text-align-center\" data-align=\"center\">8<\/td><td class=\"has-text-align-center\" data-align=\"center\">8<\/td><td class=\"has-text-align-center\" data-align=\"center\">9<\/td><\/tr><tr><td>&#8230;<\/td><td>&nbsp;<\/td><td class=\"has-text-align-center\" data-align=\"center\">&nbsp;<\/td><td class=\"has-text-align-center\" data-align=\"center\">&nbsp;<\/td><td class=\"has-text-align-center\" data-align=\"center\">&nbsp;<\/td><td class=\"has-text-align-center\" data-align=\"center\">&nbsp;<\/td><\/tr><tr><td><strong>21-22.<\/strong><\/td><td><strong>Polska<\/strong><\/td><td class=\"has-text-align-center\" data-align=\"center\"><strong>5<\/strong><\/td><td class=\"has-text-align-center\" data-align=\"center\"><strong>1<\/strong><\/td><td class=\"has-text-align-center\" data-align=\"center\"><strong>1<\/strong><\/td><td class=\"has-text-align-center\" data-align=\"center\"><strong>3<\/strong><\/td><\/tr><\/tbody><\/table><\/figure>\n\n\n\n<h2 class=\"wp-block-heading\"><strong>Medale dla Polski (5)<\/strong><\/h2>\n\n\n<div class=\"wp-block-ub-content-toggle wp-block-ub-content-toggle-block\" id=\"ub-content-toggle-block-df8e2a5a-82a8-4f24-87e2-30492831c6fc\" data-mobilecollapse=\"false\" data-desktopcollapse=\"true\" data-preventcollapse=\"false\" data-showonlyone=\"false\">\n<div class=\"wp-block-ub-content-toggle-accordion\" style=\"border-color: #f1f1f1;\" id=\"ub-content-toggle-panel-block-\">\n\t\t\t<div class=\"wp-block-ub-content-toggle-accordion-title-wrap\" style=\"background-color: #f1f1f1;\" aria-controls=\"ub-content-toggle-panel-0-df8e2a5a-82a8-4f24-87e2-30492831c6fc\" tabindex=\"0\">\n\t\t\t<p class=\"wp-block-ub-content-toggle-accordion-title ub-content-toggle-title-df8e2a5a-82a8-4f24-87e2-30492831c6fc\" style=\"color: #000000; \">Z\u0142oty<\/p>\n\t\t\t<div class=\"wp-block-ub-content-toggle-accordion-toggle-wrap right\" style=\"color: #000000;\"><span class=\"wp-block-ub-content-toggle-accordion-state-indicator wp-block-ub-chevron-down\"><\/span><\/div>\n\t\t<\/div>\n\t\t\t<div role=\"region\" aria-expanded=\"false\" class=\"wp-block-ub-content-toggle-accordion-content-wrap ub-hide\" id=\"ub-content-toggle-panel-0-df8e2a5a-82a8-4f24-87e2-30492831c6fc\">\n\n<p><\/p>\n\n\n\n<div class=\"wp-block-media-text is-stacked-on-mobile\" style=\"grid-template-columns:20% auto\"><figure class=\"wp-block-media-text__media\"><img loading=\"lazy\" decoding=\"async\" width=\"200\" height=\"200\" src=\"https:\/\/olimpijski.pl\/wp-content\/uploads\/1928\/06\/1928_Amsterdam_zloty_200.jpg\" alt=\"\" class=\"wp-image-30202\" srcset=\"https:\/\/olimpijski.pl\/wp-content\/uploads\/1928\/06\/1928_Amsterdam_zloty_200.jpg 200w, https:\/\/olimpijski.pl\/wp-content\/uploads\/1928\/06\/1928_Amsterdam_zloty_200-150x150.jpg 150w\" sizes=\"(max-width: 200px) 100vw, 200px\" \/><\/figure><div class=\"wp-block-media-text__content\">\n<p><strong>Halina Konopacka<\/strong><br>(lekkoatletyka, rzut dyskiem)<\/p>\n<\/div><\/div>\n\n<\/div>\n\t\t<\/div>\n<\/div>\n\n<div class=\"wp-block-ub-content-toggle wp-block-ub-content-toggle-block\" id=\"ub-content-toggle-block-7bb790d6-4119-4c10-8275-0050b117058b\" data-mobilecollapse=\"false\" data-desktopcollapse=\"true\" data-preventcollapse=\"false\" data-showonlyone=\"false\">\n<div class=\"wp-block-ub-content-toggle-accordion\" style=\"border-color: #f1f1f1;\" id=\"ub-content-toggle-panel-block-\">\n\t\t\t<div class=\"wp-block-ub-content-toggle-accordion-title-wrap\" style=\"background-color: #f1f1f1;\" aria-controls=\"ub-content-toggle-panel-0-7bb790d6-4119-4c10-8275-0050b117058b\" tabindex=\"0\">\n\t\t\t<p class=\"wp-block-ub-content-toggle-accordion-title ub-content-toggle-title-7bb790d6-4119-4c10-8275-0050b117058b\" style=\"color: #000000; \">Srebrny<\/p>\n\t\t\t<div class=\"wp-block-ub-content-toggle-accordion-toggle-wrap right\" style=\"color: #000000;\"><span class=\"wp-block-ub-content-toggle-accordion-state-indicator wp-block-ub-chevron-down\"><\/span><\/div>\n\t\t<\/div>\n\t\t\t<div role=\"region\" aria-expanded=\"false\" class=\"wp-block-ub-content-toggle-accordion-content-wrap ub-hide\" id=\"ub-content-toggle-panel-0-7bb790d6-4119-4c10-8275-0050b117058b\">\n\n<p><\/p>\n\n\n\n<div class=\"wp-block-media-text is-stacked-on-mobile\" style=\"grid-template-columns:20% auto\"><figure class=\"wp-block-media-text__media\"><img loading=\"lazy\" decoding=\"async\" width=\"200\" height=\"200\" src=\"https:\/\/olimpijski.pl\/wp-content\/uploads\/1928\/06\/1928_Amsterdam_sreb_aw.jpg\" alt=\"\" class=\"wp-image-30204\" srcset=\"https:\/\/olimpijski.pl\/wp-content\/uploads\/1928\/06\/1928_Amsterdam_sreb_aw.jpg 200w, https:\/\/olimpijski.pl\/wp-content\/uploads\/1928\/06\/1928_Amsterdam_sreb_aw-150x150.jpg 150w\" sizes=\"(max-width: 200px) 100vw, 200px\" \/><\/figure><div class=\"wp-block-media-text__content\">\n<p><strong>Micha\u0142 Woysym-Antoniewicz, Kazimierz Gzowski, Kazimierz Szosland<\/strong><br>(je\u017adziectwo, skoki przez przeszkody)<\/p>\n<\/div><\/div>\n\n<\/div>\n\t\t<\/div>\n<\/div>\n\n<div class=\"wp-block-ub-content-toggle wp-block-ub-content-toggle-block\" id=\"ub-content-toggle-block-c93581ba-53bc-42f5-aa8a-a0434da9f859\" data-mobilecollapse=\"false\" data-desktopcollapse=\"true\" data-preventcollapse=\"false\" data-showonlyone=\"false\">\n<div class=\"wp-block-ub-content-toggle-accordion\" style=\"border-color: #f1f1f1;\" id=\"ub-content-toggle-panel-block-\">\n\t\t\t<div class=\"wp-block-ub-content-toggle-accordion-title-wrap\" style=\"background-color: #f1f1f1;\" aria-controls=\"ub-content-toggle-panel-0-c93581ba-53bc-42f5-aa8a-a0434da9f859\" tabindex=\"0\">\n\t\t\t<p class=\"wp-block-ub-content-toggle-accordion-title ub-content-toggle-title-c93581ba-53bc-42f5-aa8a-a0434da9f859\" style=\"color: #000000; \">Br\u0105zowe<\/p>\n\t\t\t<div class=\"wp-block-ub-content-toggle-accordion-toggle-wrap right\" style=\"color: #000000;\"><span class=\"wp-block-ub-content-toggle-accordion-state-indicator wp-block-ub-chevron-down\"><\/span><\/div>\n\t\t<\/div>\n\t\t\t<div role=\"region\" aria-expanded=\"false\" class=\"wp-block-ub-content-toggle-accordion-content-wrap ub-hide\" id=\"ub-content-toggle-panel-0-c93581ba-53bc-42f5-aa8a-a0434da9f859\">\n\n<p><\/p>\n\n\n\n<div class=\"wp-block-media-text is-stacked-on-mobile\" style=\"grid-template-columns:20% auto\"><figure class=\"wp-block-media-text__media\"><img loading=\"lazy\" decoding=\"async\" width=\"200\" height=\"200\" src=\"https:\/\/olimpijski.pl\/wp-content\/uploads\/1928\/06\/1928_Amsterdam_braz_200.jpg\" alt=\"\" class=\"wp-image-30206\" srcset=\"https:\/\/olimpijski.pl\/wp-content\/uploads\/1928\/06\/1928_Amsterdam_braz_200.jpg 200w, https:\/\/olimpijski.pl\/wp-content\/uploads\/1928\/06\/1928_Amsterdam_braz_200-150x150.jpg 150w\" sizes=\"(max-width: 200px) 100vw, 200px\" \/><\/figure><div class=\"wp-block-media-text__content\">\n<p><strong>Micha\u0142 Woysym-Antoniewicz, Karol R\u00f3mmel, J\u00f3zef Trenkwald<\/strong><br>(je\u017adziectwo, WKKW)<\/p>\n\n\n\n<p><strong>Tadeusz Friedrich, Kazimierz Laskowski, Aleksander Ma\u0142ecki, Adam Papee,\u00a0W\u0142adys\u0142aw Segda, Jerzy Zabielski<\/strong><br>(szermierka, szabla dru\u017cynowo)<\/p>\n\n\n\n<p><strong>Leon Birkholc, Franciszek Bronikowski, Edmund Jankowski, Bernard Ormanowski i\u00a0sternik Boles\u0142aw Drewek<\/strong><br>(wio\u015blarstwo, czw\u00f3rka ze sternikiem)<\/p>\n<\/div><\/div>\n\n<\/div>\n\t\t<\/div>\n<\/div>\n\n\n<blockquote class=\"wp-block-quote is-style-default is-layout-flow wp-block-quote-is-layout-flow\"><p>Igrzyska w Amsterdamie przynios\u0142y Polsce pierwszy z\u0142oty medal olimpijski. Konkurs rzutu dyskiem wygra\u0142a uznana potem za miss imprezy Halina Konopacka. Je\u017adziectwo zanotowa\u0142o kolejne dwa medale: srebrny i br\u0105zowy. Po raz pierwszy na podium pojawili si\u0119 polscy wio\u015blarze.<\/p><\/blockquote>\n","protected":false},"excerpt":{"rendered":"<p>Igrzyska IX OlimpiadyAmsterdam 1928 Igrzyska rozegrano w dniach 17 maja \u2013 12 sierpnia [17\u201326 maja 1928 (hokej na trawie), 27 maja \u2013<\/p>\n","protected":false},"author":1,"featured_media":0,"parent":0,"menu_order":0,"template":"templates\/olympic_main_subpage.php","meta":{"_acf_changed":false,"ub_ctt_via":"","footnotes":""},"class_list":["post-310","olympics_summer","type-olympics_summer","status-publish","hentry","infinite-scroll-item","no-featured-image-padding"],"acf":{"game_id":"25","game_type":"1234","game_link":"amsterdam1928","game_news":"0","startdate":"28.07.1928 12:00 am","enddate":"12.08.1928 12:00 am","place":"Amsterdam","year":"1928","logo":"https:\/\/olimpijski.pl\/wp-content\/uploads\/1928\/06\/amsterdam1928.png","histroy_tabs":false,"special_bg_img":false,"hide_breadcrumbs":[],"competitions_olympic":false},"_links":{"self":[{"href":"https:\/\/olimpijski.pl\/en\/wp-json\/wp\/v2\/olympics_summer\/310"}],"collection":[{"href":"https:\/\/olimpijski.pl\/en\/wp-json\/wp\/v2\/olympics_summer"}],"about":[{"href":"https:\/\/olimpijski.pl\/en\/wp-json\/wp\/v2\/types\/olympics_summer"}],"author":[{"embeddable":true,"href":"https:\/\/olimpijski.pl\/en\/wp-json\/wp\/v2\/users\/1"}],"version-history":[{"count":1,"href":"https:\/\/olimpijski.pl\/en\/wp-json\/wp\/v2\/olympics_summer\/310\/revisions"}],"predecessor-version":[{"id":32156,"href":"https:\/\/olimpijski.pl\/en\/wp-json\/wp\/v2\/olympics_summer\/310\/revisions\/32156"}],"wp:attachment":[{"href":"https:\/\/olimpijski.pl\/en\/wp-json\/wp\/v2\/media?parent=310"}],"curies":[{"name":"wp","href":"https:\/\/api.w.org\/{rel}","templated":true}]}}