{"id":311,"date":"1924-06-17T13:34:47","date_gmt":"1924-06-17T12:34:47","guid":{"rendered":"https:\/\/wai-q98d7hpf9hy9k.wpallimport-demo.qsandbox.me\/olympics_summer\/paryll-1924\/"},"modified":"2020-10-11T02:39:06","modified_gmt":"2020-10-11T00:39:06","slug":"paryz-1924","status":"publish","type":"olympics_summer","link":"https:\/\/olimpijski.pl\/en\/igrzyska_letnie\/paryz-1924\/","title":{"rendered":"Pary\u017c 1924"},"content":{"rendered":"\n<h1 class=\"main-title wp-block-heading\"><strong>Igrzyska VIII Olimpiady<\/strong><br>Pary\u017c 1924<\/h1>\n\n\n\n<p><br><\/p>\n\n\n\n<div class=\"wp-block-image\"><figure class=\"alignleft size-large\"><img loading=\"lazy\" decoding=\"async\" width=\"128\" height=\"128\" src=\"https:\/\/olimpijski.pl\/wp-content\/uploads\/1924\/06\/paryz1924.png\" alt=\"\" class=\"wp-image-19342\"\/><\/figure><\/div>\n\n\n\n<ul class=\"wp-block-list\"><li>Igrzyska rozegrano w dniach <strong>4 maja \u2013 27 lipca<\/strong>.<\/li><li>Wystartowa\u0142o <strong>3092<\/strong> uczestnik\u00f3w (w tym <strong>136<\/strong> kobiet) z <strong>44<\/strong> kraj\u00f3w.<\/li><li>Rozdano <strong>126<\/strong> komplet\u00f3w medali.<\/li><li>Przysi\u0119g\u0119 w imieniu sportowc\u00f3w z\u0142o\u017cy\u0142 lekkoatleta <strong>Georges Yvan Andre<\/strong>.<\/li><li>Igrzyska otworzy\u0142 <strong>prezydent Francji Gaston Doumergue<\/strong>.<\/li><\/ul>\n\n\n\n<h2 class=\"wp-block-heading\"><strong>Program Igrzysk <strong>\u2013<\/strong> 19 dyscyplin, 126 konkurencji<\/strong><\/h2>\n\n\n\n<p>boks (8 konkurencji), gimnastyka (9), je\u017adziectwo (5), kolarstwo (6), lekkoatletyka (27), pi\u0119ciob\u00f3j nowoczesny (1), pi\u0142ka no\u017cna (1), pi\u0142ka wodna (1), p\u0142ywanie (11), podnoszenie ci\u0119\u017car\u00f3w (5), polo (1), rugby (1), skoki do wody (5), strzelectwo (10), szermierka (7), tenis (5), wio\u015blarstwo (7), zapasy (13), \u017ceglarstwo (3).<\/p>\n\n\n\n<h2 class=\"wp-block-heading\"><strong>Gwiazda Igrzysk<\/strong><\/h2>\n\n\n\n<p><strong>Paavo Nurmi<\/strong> (Finlandia, lekkoatletyka) \u2013 5 z\u0142otych medali<\/p>\n\n\n\n<h2 class=\"wp-block-heading\"><strong>Polska Reprezentacja Olimpijska<\/strong><\/h2>\n\n\n\n<p><strong>81 os\u00f3b<\/strong> (startowa\u0142o 66 \u2013 1 kobieta i 65 m\u0119\u017cczyzn) w 10 sportach: 5 bokser\u00f3w, 6 je\u017ad\u017ac\u00f3w, 10 kolarzy (8 startowa\u0142o + 2 rez.), 14 lekkoatlet\u00f3w, 18 pi\u0142karzy (11 startowa\u0142o + 7 rez.), 7 strzelc\u00f3w, 9 szermierzy (w tym 1 kobieta; 6 startowa\u0142o + 3 rez.), 9 wio\u015blarzy (6 startowa\u0142o + 3 rez.), 2 zapa\u015bnik\u00f3w, 1 \u017ceglarz.<\/p>\n\n\n\n<p>Chor\u0105\u017cym reprezentacji Polski by\u0142 lekkoatleta <strong>S\u0142awosz Mieczys\u0142aw Szyd\u0142owski<\/strong>.<\/p>\n\n\n\n<h2 class=\"wp-block-heading\"><strong>Klasyfikacja medalowa<\/strong><\/h2>\n\n\n\n<figure class=\"wp-block-table is-style-stripes\"><table class=\"has-fixed-layout\"><tbody><tr><td><\/td><td><\/td><td class=\"has-text-align-center\" data-align=\"center\">&nbsp;<\/td><td class=\"has-text-align-center\" data-align=\"center\">&nbsp;<\/td><td class=\"has-text-align-center\" data-align=\"center\">&nbsp;<\/td><td class=\"has-text-align-center\" data-align=\"center\">&nbsp;<\/td><\/tr><tr><td>&nbsp;<\/td><td>&nbsp;<\/td><td class=\"has-text-align-center\" data-align=\"center\">&nbsp;<\/td><td class=\"has-text-align-center\" data-align=\"center\"><img loading=\"lazy\" decoding=\"async\" width=\"50\" height=\"50\" class=\"wp-image-27817\" style=\"width: 50px;\" src=\"https:\/\/olimpijski.pl\/wp-content\/uploads\/2016\/06\/2016_Rio_zloty_50x50.jpg\" alt=\"\"><\/td><td class=\"has-text-align-center\" data-align=\"center\"><img loading=\"lazy\" decoding=\"async\" width=\"50\" height=\"50\" class=\"wp-image-27819\" style=\"width: 50px;\" src=\"https:\/\/olimpijski.pl\/wp-content\/uploads\/2016\/06\/2016_Rio_sreb_50x50.jpg\" alt=\"\"><\/td><td class=\"has-text-align-center\" data-align=\"center\"><img loading=\"lazy\" decoding=\"async\" width=\"50\" height=\"50\" class=\"wp-image-27821\" style=\"width: 50px;\" src=\"https:\/\/olimpijski.pl\/wp-content\/uploads\/2016\/06\/2016_Rio_braz_50x50.jpg\" alt=\"\"><\/td><\/tr><tr><td>1.<\/td><td>USA<\/td><td class=\"has-text-align-center\" data-align=\"center\">99<\/td><td class=\"has-text-align-center\" data-align=\"center\">45<\/td><td class=\"has-text-align-center\" data-align=\"center\">27<\/td><td class=\"has-text-align-center\" data-align=\"center\">27<\/td><\/tr><tr><td>2.<\/td><td>Finlandia<\/td><td class=\"has-text-align-center\" data-align=\"center\">37<\/td><td class=\"has-text-align-center\" data-align=\"center\">14<\/td><td class=\"has-text-align-center\" data-align=\"center\">13<\/td><td class=\"has-text-align-center\" data-align=\"center\">10<\/td><\/tr><tr><td>3.<\/td><td>Francja<\/td><td class=\"has-text-align-center\" data-align=\"center\">38<\/td><td class=\"has-text-align-center\" data-align=\"center\">13<\/td><td class=\"has-text-align-center\" data-align=\"center\">15<\/td><td class=\"has-text-align-center\" data-align=\"center\">10<\/td><\/tr><tr><td>&#8230;<\/td><td>&nbsp;<\/td><td class=\"has-text-align-center\" data-align=\"center\">&nbsp;<\/td><td class=\"has-text-align-center\" data-align=\"center\">&nbsp;<\/td><td class=\"has-text-align-center\" data-align=\"center\">&nbsp;<\/td><td class=\"has-text-align-center\" data-align=\"center\">&nbsp;<\/td><\/tr><tr><td><strong>22.<\/strong><\/td><td><strong>Polska<\/strong><\/td><td class=\"has-text-align-center\" data-align=\"center\"><strong>2<\/strong><\/td><td class=\"has-text-align-center\" data-align=\"center\"><strong>0<\/strong><\/td><td class=\"has-text-align-center\" data-align=\"center\"><strong>1<\/strong><\/td><td class=\"has-text-align-center\" data-align=\"center\"><strong>1<\/strong><\/td><\/tr><\/tbody><\/table><\/figure>\n\n\n\n<h2 class=\"wp-block-heading\"><strong>Medale dla Polski (2)<\/strong><\/h2>\n\n\n<div class=\"wp-block-ub-content-toggle wp-block-ub-content-toggle-block\" id=\"ub-content-toggle-block-ae61bb01-9d6e-419e-964f-40f2a96cd1b5\" data-mobilecollapse=\"false\" data-desktopcollapse=\"true\" data-preventcollapse=\"false\" data-showonlyone=\"false\">\n<div class=\"wp-block-ub-content-toggle-accordion\" style=\"border-color: #f1f1f1;\" id=\"ub-content-toggle-panel-block-\">\n\t\t\t<div class=\"wp-block-ub-content-toggle-accordion-title-wrap\" style=\"background-color: #f1f1f1;\" aria-controls=\"ub-content-toggle-panel-0-ae61bb01-9d6e-419e-964f-40f2a96cd1b5\" tabindex=\"0\">\n\t\t\t<p class=\"wp-block-ub-content-toggle-accordion-title ub-content-toggle-title-ae61bb01-9d6e-419e-964f-40f2a96cd1b5\" style=\"color: #000000; \">Srebrny<\/p>\n\t\t\t<div class=\"wp-block-ub-content-toggle-accordion-toggle-wrap right\" style=\"color: #000000;\"><span class=\"wp-block-ub-content-toggle-accordion-state-indicator wp-block-ub-chevron-down\"><\/span><\/div>\n\t\t<\/div>\n\t\t\t<div role=\"region\" aria-expanded=\"false\" class=\"wp-block-ub-content-toggle-accordion-content-wrap ub-hide\" id=\"ub-content-toggle-panel-0-ae61bb01-9d6e-419e-964f-40f2a96cd1b5\">\n\n<p><\/p>\n\n\n\n<div class=\"wp-block-media-text is-stacked-on-mobile\" style=\"grid-template-columns:20% auto\"><figure class=\"wp-block-media-text__media\"><img loading=\"lazy\" decoding=\"async\" width=\"200\" height=\"200\" src=\"https:\/\/olimpijski.pl\/wp-content\/uploads\/1924\/06\/1924_Paryz_sreb_200.jpg\" alt=\"\" class=\"wp-image-30193\" srcset=\"https:\/\/olimpijski.pl\/wp-content\/uploads\/1924\/06\/1924_Paryz_sreb_200.jpg 200w, https:\/\/olimpijski.pl\/wp-content\/uploads\/1924\/06\/1924_Paryz_sreb_200-150x150.jpg 150w\" sizes=\"(max-width: 200px) 100vw, 200px\" \/><\/figure><div class=\"wp-block-media-text__content\">\n<p><strong>J\u00f3zef Lange, Jan \u0141azarski, Tomasz Stankiewicz, Franciszek Szymczyk<\/strong><br>(kolarstwo torowe, wy\u015bcig dru\u017cynowy na 4000 m)<\/p>\n<\/div><\/div>\n\n<\/div>\n\t\t<\/div>\n<\/div>\n\n<div class=\"wp-block-ub-content-toggle wp-block-ub-content-toggle-block\" id=\"ub-content-toggle-block-5187d2a3-10d6-4ef9-b7d2-dd3545ff023b\" data-mobilecollapse=\"false\" data-desktopcollapse=\"true\" data-preventcollapse=\"false\" data-showonlyone=\"false\">\n<div class=\"wp-block-ub-content-toggle-accordion\" style=\"border-color: #f1f1f1;\" id=\"ub-content-toggle-panel-block-\">\n\t\t\t<div class=\"wp-block-ub-content-toggle-accordion-title-wrap\" style=\"background-color: #f1f1f1;\" aria-controls=\"ub-content-toggle-panel-0-5187d2a3-10d6-4ef9-b7d2-dd3545ff023b\" tabindex=\"0\">\n\t\t\t<p class=\"wp-block-ub-content-toggle-accordion-title ub-content-toggle-title-5187d2a3-10d6-4ef9-b7d2-dd3545ff023b\" style=\"color: #000000; \">Br\u0105zowy<\/p>\n\t\t\t<div class=\"wp-block-ub-content-toggle-accordion-toggle-wrap right\" style=\"color: #000000;\"><span class=\"wp-block-ub-content-toggle-accordion-state-indicator wp-block-ub-chevron-down\"><\/span><\/div>\n\t\t<\/div>\n\t\t\t<div role=\"region\" aria-expanded=\"false\" class=\"wp-block-ub-content-toggle-accordion-content-wrap ub-hide\" id=\"ub-content-toggle-panel-0-5187d2a3-10d6-4ef9-b7d2-dd3545ff023b\">\n\n<p><\/p>\n\n\n\n<div class=\"wp-block-media-text is-stacked-on-mobile\" style=\"grid-template-columns:20% auto\"><figure class=\"wp-block-media-text__media\"><img loading=\"lazy\" decoding=\"async\" width=\"200\" height=\"200\" src=\"https:\/\/olimpijski.pl\/wp-content\/uploads\/1924\/06\/1924_Paryz_braz_200.jpg\" alt=\"\" class=\"wp-image-30195\" srcset=\"https:\/\/olimpijski.pl\/wp-content\/uploads\/1924\/06\/1924_Paryz_braz_200.jpg 200w, https:\/\/olimpijski.pl\/wp-content\/uploads\/1924\/06\/1924_Paryz_braz_200-150x150.jpg 150w\" sizes=\"(max-width: 200px) 100vw, 200px\" \/><\/figure><div class=\"wp-block-media-text__content\">\n<p><strong>Adam Kr\u00f3likiewicz<\/strong><br>(je\u017adziectwo, skoki przez przeszkody)<\/p>\n<\/div><\/div>\n\n<\/div>\n\t\t<\/div>\n<\/div>\n\n\n<blockquote class=\"wp-block-quote is-style-default is-layout-flow wp-block-quote-is-layout-flow\"><p>Sw\u00f3j medal Adam Kr\u00f3likiewicz wywalczy\u0142 po wy\u015bcigu dru\u017cynowym kolarzy, ale otrzyma\u0142 go wcze\u015bniej, bowiem organizatorzy zapomnieli udekorowa\u0107 polskich kolarzy \u2013 srebrnych medalist\u00f3w w wy\u015bcigu na 4 km na dochodzenie \u2013 naprawiaj\u0105c to niedopatrzenie p\u00f3\u017aniej. J\u00f3zef Lange, Jan \u0141azarski, Tomasza Stankiewicz i Franciszek Szymczyk przegrali jedynie z W\u0142ochami.<\/p><\/blockquote>\n","protected":false},"excerpt":{"rendered":"<p>Igrzyska VIII OlimpiadyPary\u017c 1924 Igrzyska rozegrano w dniach 4 maja \u2013 27 lipca. Wystartowa\u0142o 3092 uczestnik\u00f3w (w tym 136 kobiet) z 44<\/p>\n","protected":false},"author":1,"featured_media":0,"parent":0,"menu_order":0,"template":"templates\/olympic_main_subpage.php","meta":{"_acf_changed":false,"ub_ctt_via":"","footnotes":""},"class_list":["post-311","olympics_summer","type-olympics_summer","status-publish","hentry","infinite-scroll-item","no-featured-image-padding"],"acf":{"game_id":"26","game_type":"1234","game_link":"paryz1924","game_news":"0","startdate":"04.05.1924 12:00 am","enddate":"27.07.1924 12:00 am","place":"Pary\u017c","year":"1924","logo":"https:\/\/olimpijski.pl\/wp-content\/uploads\/1924\/06\/paryz1924.png","histroy_tabs":false,"special_bg_img":false,"hide_breadcrumbs":[],"competitions_olympic":false},"_links":{"self":[{"href":"https:\/\/olimpijski.pl\/en\/wp-json\/wp\/v2\/olympics_summer\/311"}],"collection":[{"href":"https:\/\/olimpijski.pl\/en\/wp-json\/wp\/v2\/olympics_summer"}],"about":[{"href":"https:\/\/olimpijski.pl\/en\/wp-json\/wp\/v2\/types\/olympics_summer"}],"author":[{"embeddable":true,"href":"https:\/\/olimpijski.pl\/en\/wp-json\/wp\/v2\/users\/1"}],"version-history":[{"count":2,"href":"https:\/\/olimpijski.pl\/en\/wp-json\/wp\/v2\/olympics_summer\/311\/revisions"}],"predecessor-version":[{"id":34044,"href":"https:\/\/olimpijski.pl\/en\/wp-json\/wp\/v2\/olympics_summer\/311\/revisions\/34044"}],"wp:attachment":[{"href":"https:\/\/olimpijski.pl\/en\/wp-json\/wp\/v2\/media?parent=311"}],"curies":[{"name":"wp","href":"https:\/\/api.w.org\/{rel}","templated":true}]}}