{"id":5890,"date":"2016-06-17T13:34:47","date_gmt":"2016-06-17T11:34:47","guid":{"rendered":"https:\/\/wai-q98d7hpf9hy9k.wpallimport-demo.qsandbox.me\/olympics_summer\/rio-2016\/"},"modified":"2022-01-10T10:44:32","modified_gmt":"2022-01-10T09:44:32","slug":"rio-2016","status":"publish","type":"olympics_summer","link":"https:\/\/olimpijski.pl\/en\/igrzyska_letnie\/rio-2016\/","title":{"rendered":"Rio 2016"},"content":{"rendered":"\n<h1 class=\"main-title wp-block-heading\"><strong>Igrzyska XXXI Olimpiady<\/strong><br>Rio de Janeiro 2016<\/h1>\n\n\n\n<p><br><\/p>\n\n\n\n<div class=\"wp-block-image is-style-default\"><figure class=\"alignleft size-large\"><img loading=\"lazy\" decoding=\"async\" width=\"128\" height=\"128\" src=\"https:\/\/olimpijski.pl\/wp-content\/uploads\/2016\/06\/rio2016.png\" alt=\"\" class=\"wp-image-19346\"\/><\/figure><\/div>\n\n\n\n<ul class=\"wp-block-list\"><li>Igrzyska rozegrano w dniach <strong>5-21 sierpnia<\/strong>.<\/li><li>Wystartowa\u0142o <strong>11 238<\/strong> zawodnik\u00f3w z <strong>207<\/strong> kraj\u00f3w.<\/li><li>Rozdano <strong>306<\/strong> komplet\u00f3w medali.<\/li><li>Przysi\u0119g\u0119 olimpijsk\u0105 w imieniu sportowc\u00f3w z\u0142o\u017cy\u0142 \u017ceglarz <strong>Robert Scheidt<\/strong>, natomiast w imieniu s\u0119dzi\u00f3w <strong>Martinho Nobre<\/strong>.<\/li><li>Znicz olimpijski na stadionie zapali\u0142 br\u0105zowy medalista olimpijski z Aten 2004 w maratonie <strong>Vanderlei Cordeiro de Lima<\/strong>, natomiast drugi \u2013 przed neoklasycystycznym ko\u015bcio\u0142em Candelaria w centrum miasta \u2013 14-letni <strong>Jorge Gomez<\/strong>, uczestnik projektu sportowego Rio de Janeiro.<\/li><li>Otwarcia igrzysk dokona\u0142 pe\u0142ni\u0105cy obowi\u0105zki prezydenta Brazylii <strong>Michel Temer<\/strong>.<\/li><\/ul>\n\n\n\n<h2 class=\"wp-block-heading\"><strong>Program Igrzysk \u2013 31 dyscyplin, 306 konkurencji<\/strong><\/h2>\n\n\n\n<p>badminton (5 konkurencji), boks (13), gimnastyka (18), golf (2), hokej na trawie (2), je\u017adziectwo (6), judo (14), kajakarstwo (16), kolarstwo (18), koszyk\u00f3wka (2), lekkoatletyka (47), \u0142ucznictwo (4), pi\u0119ciob\u00f3j nowoczesny (2), pi\u0142ka no\u017cna (2), pi\u0142ka r\u0119czna (2), pi\u0142ka siatkowa (4), pi\u0142ka wodna (2), p\u0142ywanie (34), p\u0142ywanie synchroniczne (2), podnoszenie ci\u0119\u017car\u00f3w (15), rugby 7-osobowe (2), skoki do wody (8), strzelectwo (15), szermierka (10), taekwondo (8), tenis (5), tenis sto\u0142owy (4), triathlon (2), wio\u015blarstwo (14), zapasy (18), \u017ceglarstwo (10).<\/p>\n\n\n\n<h2 class=\"wp-block-heading\"><strong>Gwiazdy Igrzysk<\/strong><\/h2>\n\n\n\n<p><strong>Michael Phelps<\/strong> (USA, p\u0142ywanie) \u2013 5 z\u0142otych medali, 1srebrny<br><strong>Katie Ledecky<\/strong> (USA, p\u0142ywanie ) \u2013 4 z\u0142ote medale, 1 srebrny<br><strong>Simona Biles<\/strong> (USA, gimnastyka) \u2013 4 z\u0142ote medale, 1 br\u0105zowy<\/p>\n\n\n\n<h2 class=\"wp-block-heading\"><strong>Polska Reprezentacja Olimpijska<\/strong><\/h2>\n\n\n\n<p><strong>245 os\u00f3b<\/strong> (startowa\u0142y 234 \u2013 95 kobiet i 139 m\u0119\u017cczyzn) w 23 sportach: 5 badmintonist\u00f3w (w tym 1 kobieta), 2 pi\u0119\u015bciarzy, 1 gimnastyczka sportowa, 1 je\u017adziec, 4 judok\u00f3w (w tym 3 kobieta), 15 kajakarzy (w tym 6 kobiet), 17 kolarzy (w tym 10 kobiet; 15 startowa\u0142o, 2 nie), 70 lekkoatlet\u00f3w (w tym 34 kobiet; 65 startowa\u0142o + 5 rez.), 1 \u0142uczniczka, 3 pi\u0119cioboist\u00f3w (w tym 2 kobiety), 18 siatkarzy (w tym 2 kobiety), 16 pi\u0142karzy r\u0119cznych (15 startowa\u0142o, 1 nie), 20 p\u0142ywak\u00f3w (w tym 6 kobiet; 19 startowa\u0142o + 1 rez.), 5 ci\u0119\u017carowc\u00f3w (w tym 1 kobieta; 3 startowa\u0142o, 2 nie), 5 szermierzy (kobiety), 5 strzelc\u00f3w (w tym 4 kobiety), 7 tenisist\u00f3w (w tym 4 kobiety), 6 tenisist\u00f3w sto\u0142owych (w tym 3 kobiety), 2 taekwondo, 1 triathlonistka, 26 wio\u015blarzy (w tym 10 kobiet), 8 zapa\u015bnik\u00f3w (w tym 4 kobiety), 7 \u017ceglarzy (w tym 3 kobiety).<\/p>\n\n\n\n<p>Chor\u0105\u017cym reprezentacji Polski by\u0142 pi\u0142karz r\u0119czny <strong>Karol Bielecki<\/strong>.<\/p>\n\n\n\n<h2 class=\"wp-block-heading\"><strong>Klasyfikacja medalowa<\/strong><\/h2>\n\n\n\n<figure class=\"wp-block-table is-style-stripes\"><table class=\"has-fixed-layout\"><tbody><tr><td><\/td><td><\/td><td class=\"has-text-align-center\" data-align=\"center\">&nbsp;<\/td><td class=\"has-text-align-center\" data-align=\"center\">&nbsp;<\/td><td class=\"has-text-align-center\" data-align=\"center\">&nbsp;<\/td><td class=\"has-text-align-center\" data-align=\"center\">&nbsp;<\/td><\/tr><tr><td>&nbsp;<\/td><td>&nbsp;<\/td><td class=\"has-text-align-center\" data-align=\"center\">&nbsp;<\/td><td class=\"has-text-align-center\" data-align=\"center\"><img loading=\"lazy\" decoding=\"async\" width=\"50\" height=\"50\" class=\"wp-image-27817\" style=\"width: 50px;\" src=\"https:\/\/olimpijski.pl\/wp-content\/uploads\/2016\/06\/2016_Rio_zloty_50x50.jpg\" alt=\"\"><\/td><td class=\"has-text-align-center\" data-align=\"center\"><img loading=\"lazy\" decoding=\"async\" width=\"50\" height=\"50\" class=\"wp-image-27819\" style=\"width: 50px;\" src=\"https:\/\/olimpijski.pl\/wp-content\/uploads\/2016\/06\/2016_Rio_sreb_50x50.jpg\" alt=\"\"><\/td><td class=\"has-text-align-center\" data-align=\"center\"><img loading=\"lazy\" decoding=\"async\" width=\"50\" height=\"50\" class=\"wp-image-27821\" style=\"width: 50px;\" src=\"https:\/\/olimpijski.pl\/wp-content\/uploads\/2016\/06\/2016_Rio_braz_50x50.jpg\" alt=\"\"><\/td><\/tr><tr><td>1.<\/td><td>USA<\/td><td class=\"has-text-align-center\" data-align=\"center\">121<\/td><td class=\"has-text-align-center\" data-align=\"center\">46<\/td><td class=\"has-text-align-center\" data-align=\"center\">37<\/td><td class=\"has-text-align-center\" data-align=\"center\">38<\/td><\/tr><tr><td>2.<\/td><td>Wlk. Brytania<\/td><td class=\"has-text-align-center\" data-align=\"center\">67<\/td><td class=\"has-text-align-center\" data-align=\"center\">27<\/td><td class=\"has-text-align-center\" data-align=\"center\">23<\/td><td class=\"has-text-align-center\" data-align=\"center\">17<\/td><\/tr><tr><td>3.<\/td><td>Chiny<\/td><td class=\"has-text-align-center\" data-align=\"center\">70<\/td><td class=\"has-text-align-center\" data-align=\"center\">26<\/td><td class=\"has-text-align-center\" data-align=\"center\">18<\/td><td class=\"has-text-align-center\" data-align=\"center\">26<\/td><\/tr><tr><td>&#8230;<\/td><td>&nbsp;<\/td><td class=\"has-text-align-center\" data-align=\"center\">&nbsp;<\/td><td class=\"has-text-align-center\" data-align=\"center\">&nbsp;<\/td><td class=\"has-text-align-center\" data-align=\"center\">&nbsp;<\/td><td class=\"has-text-align-center\" data-align=\"center\">&nbsp;<\/td><\/tr><tr><td><strong>33.<\/strong><\/td><td><strong>Polska<\/strong><\/td><td class=\"has-text-align-center\" data-align=\"center\"><strong>11<\/strong><\/td><td class=\"has-text-align-center\" data-align=\"center\"><strong>2<\/strong><\/td><td class=\"has-text-align-center\" data-align=\"center\"><strong>3<\/strong><\/td><td class=\"has-text-align-center\" data-align=\"center\"><strong>6<\/strong><\/td><\/tr><\/tbody><\/table><\/figure>\n\n\n\n<p><\/p>\n\n\n\n<h2 class=\"wp-block-heading\"><strong>Medale dla Polski (11)<\/strong><\/h2>\n\n\n<div class=\"wp-block-ub-content-toggle wp-block-ub-content-toggle-block\" id=\"ub-content-toggle-block-c1064b0d-254c-4c51-8019-5052b08a8768\" data-mobilecollapse=\"false\" data-desktopcollapse=\"true\" data-preventcollapse=\"false\" data-showonlyone=\"false\">\n<div class=\"wp-block-ub-content-toggle-accordion\" style=\"border-color: #f1f1f1;\" id=\"ub-content-toggle-panel-block-\">\n\t\t\t<div class=\"wp-block-ub-content-toggle-accordion-title-wrap\" style=\"background-color: #f1f1f1;\" aria-controls=\"ub-content-toggle-panel-0-c1064b0d-254c-4c51-8019-5052b08a8768\" tabindex=\"0\">\n\t\t\t<p class=\"wp-block-ub-content-toggle-accordion-title ub-content-toggle-title-c1064b0d-254c-4c51-8019-5052b08a8768\" style=\"color: #000000; \"><strong>Z\u0142ote<\/strong><\/p>\n\t\t\t<div class=\"wp-block-ub-content-toggle-accordion-toggle-wrap right\" style=\"color: #000000;\"><span class=\"wp-block-ub-content-toggle-accordion-state-indicator wp-block-ub-chevron-down\"><\/span><\/div>\n\t\t<\/div>\n\t\t\t<div role=\"region\" aria-expanded=\"false\" class=\"wp-block-ub-content-toggle-accordion-content-wrap ub-hide\" id=\"ub-content-toggle-panel-0-c1064b0d-254c-4c51-8019-5052b08a8768\">\n\n<hr class=\"wp-block-separator is-style-wide\">\n\n\n\n<div class=\"wp-block-media-text is-stacked-on-mobile\" style=\"grid-template-columns:30% auto\"><figure class=\"wp-block-media-text__media\"><img loading=\"lazy\" decoding=\"async\" width=\"1024\" height=\"734\" src=\"https:\/\/olimpijski.pl\/wp-content\/uploads\/2020\/10\/Wlodarczyk_Anita-1024x734.jpg\" alt=\"\" class=\"wp-image-35315 size-full\" srcset=\"https:\/\/olimpijski.pl\/wp-content\/uploads\/2020\/10\/Wlodarczyk_Anita-1024x734.jpg 1024w, https:\/\/olimpijski.pl\/wp-content\/uploads\/2020\/10\/Wlodarczyk_Anita-300x215.jpg 300w, https:\/\/olimpijski.pl\/wp-content\/uploads\/2020\/10\/Wlodarczyk_Anita-768x551.jpg 768w, https:\/\/olimpijski.pl\/wp-content\/uploads\/2020\/10\/Wlodarczyk_Anita-1536x1101.jpg 1536w, https:\/\/olimpijski.pl\/wp-content\/uploads\/2020\/10\/Wlodarczyk_Anita.jpg 2048w\" sizes=\"(max-width: 1024px) 100vw, 1024px\" \/><\/figure><div class=\"wp-block-media-text__content\">\n<p><br><br><br><strong>Anita W\u0142odarczyk<\/strong><br>(lekkoatletyka, rzut m\u0142otem)<br><\/p>\n<\/div><\/div>\n\n\n\n<p><\/p>\n\n\n\n<div class=\"wp-block-media-text is-stacked-on-mobile\" style=\"grid-template-columns:30% auto\"><figure class=\"wp-block-media-text__media\"><img loading=\"lazy\" decoding=\"async\" width=\"1024\" height=\"683\" src=\"https:\/\/olimpijski.pl\/wp-content\/uploads\/2020\/10\/Fularczyk_Madaj-1024x683.jpg\" alt=\"\" class=\"wp-image-35317 size-full\" srcset=\"https:\/\/olimpijski.pl\/wp-content\/uploads\/2020\/10\/Fularczyk_Madaj-1024x683.jpg 1024w, https:\/\/olimpijski.pl\/wp-content\/uploads\/2020\/10\/Fularczyk_Madaj-300x200.jpg 300w, https:\/\/olimpijski.pl\/wp-content\/uploads\/2020\/10\/Fularczyk_Madaj-768x512.jpg 768w, https:\/\/olimpijski.pl\/wp-content\/uploads\/2020\/10\/Fularczyk_Madaj-1536x1024.jpg 1536w, https:\/\/olimpijski.pl\/wp-content\/uploads\/2020\/10\/Fularczyk_Madaj-600x400.jpg 600w, https:\/\/olimpijski.pl\/wp-content\/uploads\/2020\/10\/Fularczyk_Madaj-1200x800.jpg 1200w, https:\/\/olimpijski.pl\/wp-content\/uploads\/2020\/10\/Fularczyk_Madaj.jpg 2048w\" sizes=\"(max-width: 1024px) 100vw, 1024px\" \/><\/figure><div class=\"wp-block-media-text__content\">\n<p><strong>Magdalena Fularczyk-Koz\u0142owska, Natalia Madaj<\/strong><br>(wio\u015blarstwo, dw\u00f3jka podw\u00f3jna)<\/p>\n<\/div><\/div>\n\n<\/div>\n\t\t<\/div>\n<\/div>\n\n<div class=\"wp-block-ub-content-toggle wp-block-ub-content-toggle-block\" id=\"ub-content-toggle-block-2f3679be-87fa-4985-80d1-5a22bec83a2f\" data-mobilecollapse=\"false\" data-desktopcollapse=\"true\" data-preventcollapse=\"false\" data-showonlyone=\"false\">\n<div class=\"wp-block-ub-content-toggle-accordion\" style=\"border-color: #f1f1f1;\" id=\"ub-content-toggle-panel-block-\">\n\t\t\t<div class=\"wp-block-ub-content-toggle-accordion-title-wrap\" style=\"background-color: #f1f1f1;\" aria-controls=\"ub-content-toggle-panel-0-2f3679be-87fa-4985-80d1-5a22bec83a2f\" tabindex=\"0\">\n\t\t\t<p class=\"wp-block-ub-content-toggle-accordion-title ub-content-toggle-title-2f3679be-87fa-4985-80d1-5a22bec83a2f\" style=\"color: #000000; \"><strong>Srebrne<\/strong><\/p>\n\t\t\t<div class=\"wp-block-ub-content-toggle-accordion-toggle-wrap right\" style=\"color: #000000;\"><span class=\"wp-block-ub-content-toggle-accordion-state-indicator wp-block-ub-chevron-down\"><\/span><\/div>\n\t\t<\/div>\n\t\t\t<div role=\"region\" aria-expanded=\"false\" class=\"wp-block-ub-content-toggle-accordion-content-wrap ub-hide\" id=\"ub-content-toggle-panel-0-2f3679be-87fa-4985-80d1-5a22bec83a2f\">\n\n<p><\/p>\n\n\n\n<div class=\"wp-block-media-text is-stacked-on-mobile\" style=\"grid-template-columns:30% auto\"><figure class=\"wp-block-media-text__media\"><img loading=\"lazy\" decoding=\"async\" width=\"1024\" height=\"683\" src=\"https:\/\/olimpijski.pl\/wp-content\/uploads\/2020\/10\/Wloszczowska_Maja-1024x683.jpg\" alt=\"\" class=\"wp-image-35327 size-full\" srcset=\"https:\/\/olimpijski.pl\/wp-content\/uploads\/2020\/10\/Wloszczowska_Maja-1024x683.jpg 1024w, https:\/\/olimpijski.pl\/wp-content\/uploads\/2020\/10\/Wloszczowska_Maja-300x200.jpg 300w, https:\/\/olimpijski.pl\/wp-content\/uploads\/2020\/10\/Wloszczowska_Maja-768x512.jpg 768w, https:\/\/olimpijski.pl\/wp-content\/uploads\/2020\/10\/Wloszczowska_Maja-1536x1024.jpg 1536w, https:\/\/olimpijski.pl\/wp-content\/uploads\/2020\/10\/Wloszczowska_Maja-600x400.jpg 600w, https:\/\/olimpijski.pl\/wp-content\/uploads\/2020\/10\/Wloszczowska_Maja-1200x800.jpg 1200w, https:\/\/olimpijski.pl\/wp-content\/uploads\/2020\/10\/Wloszczowska_Maja.jpg 2048w\" sizes=\"(max-width: 1024px) 100vw, 1024px\" \/><\/figure><div class=\"wp-block-media-text__content\">\n<p><strong>Maja W\u0142oszczowska<\/strong><br>(kolarstwo g\u00f3rskie, MTB)<\/p>\n<\/div><\/div>\n\n\n\n<p><\/p>\n\n\n\n<div class=\"wp-block-media-text is-stacked-on-mobile\" style=\"grid-template-columns:30% auto\"><figure class=\"wp-block-media-text__media\"><img loading=\"lazy\" decoding=\"async\" width=\"1024\" height=\"710\" src=\"https:\/\/olimpijski.pl\/wp-content\/uploads\/2020\/10\/Walczykiewicz_Marta-1024x710.jpg\" alt=\"\" class=\"wp-image-35329 size-full\" srcset=\"https:\/\/olimpijski.pl\/wp-content\/uploads\/2020\/10\/Walczykiewicz_Marta-1024x710.jpg 1024w, https:\/\/olimpijski.pl\/wp-content\/uploads\/2020\/10\/Walczykiewicz_Marta-300x208.jpg 300w, https:\/\/olimpijski.pl\/wp-content\/uploads\/2020\/10\/Walczykiewicz_Marta-768x533.jpg 768w, https:\/\/olimpijski.pl\/wp-content\/uploads\/2020\/10\/Walczykiewicz_Marta-1536x1065.jpg 1536w, https:\/\/olimpijski.pl\/wp-content\/uploads\/2020\/10\/Walczykiewicz_Marta.jpg 2048w\" sizes=\"(max-width: 1024px) 100vw, 1024px\" \/><\/figure><div class=\"wp-block-media-text__content\">\n<p><strong>Marta Walczykiewicz<\/strong><br>(kajakarstwo, K1 na 200 m)<\/p>\n<\/div><\/div>\n\n\n\n<p><\/p>\n\n\n\n<div class=\"wp-block-media-text is-stacked-on-mobile\" style=\"grid-template-columns:30% auto\"><figure class=\"wp-block-media-text__media\"><img loading=\"lazy\" decoding=\"async\" width=\"1024\" height=\"647\" src=\"https:\/\/olimpijski.pl\/wp-content\/uploads\/2020\/10\/Malachowski_Piotr-1024x647.jpg\" alt=\"\" class=\"wp-image-35331 size-full\" srcset=\"https:\/\/olimpijski.pl\/wp-content\/uploads\/2020\/10\/Malachowski_Piotr-1024x647.jpg 1024w, https:\/\/olimpijski.pl\/wp-content\/uploads\/2020\/10\/Malachowski_Piotr-300x189.jpg 300w, https:\/\/olimpijski.pl\/wp-content\/uploads\/2020\/10\/Malachowski_Piotr-768x485.jpg 768w, https:\/\/olimpijski.pl\/wp-content\/uploads\/2020\/10\/Malachowski_Piotr-1536x970.jpg 1536w, https:\/\/olimpijski.pl\/wp-content\/uploads\/2020\/10\/Malachowski_Piotr.jpg 2048w\" sizes=\"(max-width: 1024px) 100vw, 1024px\" \/><\/figure><div class=\"wp-block-media-text__content\">\n<p><strong>Piotr Ma\u0142achowski<\/strong><br>(lekkoatletyka, rzut dyskiem)<\/p>\n<\/div><\/div>\n\n<\/div>\n\t\t<\/div>\n<\/div>\n\n<div class=\"wp-block-ub-content-toggle wp-block-ub-content-toggle-block\" id=\"ub-content-toggle-block-af8d479f-0ded-45c8-a4ee-81145111605f\" data-mobilecollapse=\"false\" data-desktopcollapse=\"true\" data-preventcollapse=\"false\" data-showonlyone=\"false\">\n<div class=\"wp-block-ub-content-toggle-accordion\" style=\"border-color: #f1f1f1;\" id=\"ub-content-toggle-panel-block-\">\n\t\t\t<div class=\"wp-block-ub-content-toggle-accordion-title-wrap\" style=\"background-color: #f1f1f1;\" aria-controls=\"ub-content-toggle-panel-0-af8d479f-0ded-45c8-a4ee-81145111605f\" tabindex=\"0\">\n\t\t\t<p class=\"wp-block-ub-content-toggle-accordion-title ub-content-toggle-title-af8d479f-0ded-45c8-a4ee-81145111605f\" style=\"color: #000000; \"><strong>Br\u0105zowe<\/strong><\/p>\n\t\t\t<div class=\"wp-block-ub-content-toggle-accordion-toggle-wrap right\" style=\"color: #000000;\"><span class=\"wp-block-ub-content-toggle-accordion-state-indicator wp-block-ub-chevron-down\"><\/span><\/div>\n\t\t<\/div>\n\t\t\t<div role=\"region\" aria-expanded=\"false\" class=\"wp-block-ub-content-toggle-accordion-content-wrap ub-hide\" id=\"ub-content-toggle-panel-0-af8d479f-0ded-45c8-a4ee-81145111605f\">\n\n<div class=\"wp-block-media-text is-stacked-on-mobile\" style=\"grid-template-columns:30% auto\"><figure class=\"wp-block-media-text__media\"><img loading=\"lazy\" decoding=\"async\" width=\"1024\" height=\"637\" src=\"https:\/\/olimpijski.pl\/wp-content\/uploads\/2020\/10\/Ciaciuch_Kobus_Springwald_Leszczynska-1024x637.jpg\" alt=\"\" class=\"wp-image-35334 size-full\" srcset=\"https:\/\/olimpijski.pl\/wp-content\/uploads\/2020\/10\/Ciaciuch_Kobus_Springwald_Leszczynska-1024x637.jpg 1024w, https:\/\/olimpijski.pl\/wp-content\/uploads\/2020\/10\/Ciaciuch_Kobus_Springwald_Leszczynska-300x186.jpg 300w, https:\/\/olimpijski.pl\/wp-content\/uploads\/2020\/10\/Ciaciuch_Kobus_Springwald_Leszczynska-768x477.jpg 768w, https:\/\/olimpijski.pl\/wp-content\/uploads\/2020\/10\/Ciaciuch_Kobus_Springwald_Leszczynska-1536x955.jpg 1536w, https:\/\/olimpijski.pl\/wp-content\/uploads\/2020\/10\/Ciaciuch_Kobus_Springwald_Leszczynska.jpg 2048w\" sizes=\"(max-width: 1024px) 100vw, 1024px\" \/><\/figure><div class=\"wp-block-media-text__content\">\n<p><\/p>\n\n\n\n<p><strong>Monika Ciaciuch, Agnieszka Kobus, Maria Springwald, Joanna Leszczy\u0144ska<\/strong><br>(wio\u015blarstwo, czw\u00f3rka podw\u00f3jna)<br><br><\/p>\n<\/div><\/div>\n\n\n\n<p><\/p>\n\n\n\n<div class=\"wp-block-media-text is-stacked-on-mobile\" style=\"grid-template-columns:30% auto\"><figure class=\"wp-block-media-text__media\"><img loading=\"lazy\" decoding=\"async\" width=\"1024\" height=\"727\" src=\"https:\/\/olimpijski.pl\/wp-content\/uploads\/2020\/10\/Mikolajczyk-Naja-1024x727.jpg\" alt=\"\" class=\"wp-image-35336 size-full\" srcset=\"https:\/\/olimpijski.pl\/wp-content\/uploads\/2020\/10\/Mikolajczyk-Naja-1024x727.jpg 1024w, https:\/\/olimpijski.pl\/wp-content\/uploads\/2020\/10\/Mikolajczyk-Naja-300x213.jpg 300w, https:\/\/olimpijski.pl\/wp-content\/uploads\/2020\/10\/Mikolajczyk-Naja-768x545.jpg 768w, https:\/\/olimpijski.pl\/wp-content\/uploads\/2020\/10\/Mikolajczyk-Naja-1536x1091.jpg 1536w, https:\/\/olimpijski.pl\/wp-content\/uploads\/2020\/10\/Mikolajczyk-Naja.jpg 2048w\" sizes=\"(max-width: 1024px) 100vw, 1024px\" \/><\/figure><div class=\"wp-block-media-text__content\">\n<p><strong>Karolina Naja, Beata Miko\u0142ajczyk<\/strong><br>(kajakarstwo, K2 500 m)<\/p>\n<\/div><\/div>\n\n\n\n<p><\/p>\n\n\n\n<div class=\"wp-block-media-text is-stacked-on-mobile\" style=\"grid-template-columns:30% auto\"><figure class=\"wp-block-media-text__media\"><img loading=\"lazy\" decoding=\"async\" width=\"1024\" height=\"654\" src=\"https:\/\/olimpijski.pl\/wp-content\/uploads\/2020\/10\/Michalik_Monika-1024x654.jpg\" alt=\"\" class=\"wp-image-35338 size-full\" srcset=\"https:\/\/olimpijski.pl\/wp-content\/uploads\/2020\/10\/Michalik_Monika-1024x654.jpg 1024w, https:\/\/olimpijski.pl\/wp-content\/uploads\/2020\/10\/Michalik_Monika-300x191.jpg 300w, https:\/\/olimpijski.pl\/wp-content\/uploads\/2020\/10\/Michalik_Monika-768x490.jpg 768w, https:\/\/olimpijski.pl\/wp-content\/uploads\/2020\/10\/Michalik_Monika-1536x980.jpg 1536w, https:\/\/olimpijski.pl\/wp-content\/uploads\/2020\/10\/Michalik_Monika.jpg 2048w\" sizes=\"(max-width: 1024px) 100vw, 1024px\" \/><\/figure><div class=\"wp-block-media-text__content\">\n<p><strong>Monika Michalik<\/strong><br>(zapasy, waga 63 kg)<\/p>\n<\/div><\/div>\n\n\n\n<p><\/p>\n\n\n\n<div class=\"wp-block-media-text is-stacked-on-mobile\" style=\"grid-template-columns:30% auto\"><figure class=\"wp-block-media-text__media\"><img loading=\"lazy\" decoding=\"async\" width=\"1024\" height=\"636\" src=\"https:\/\/olimpijski.pl\/wp-content\/uploads\/2020\/10\/Nowicki_Wojciech-1024x636.jpg\" alt=\"\" class=\"wp-image-35342 size-full\" srcset=\"https:\/\/olimpijski.pl\/wp-content\/uploads\/2020\/10\/Nowicki_Wojciech-1024x636.jpg 1024w, https:\/\/olimpijski.pl\/wp-content\/uploads\/2020\/10\/Nowicki_Wojciech-300x186.jpg 300w, https:\/\/olimpijski.pl\/wp-content\/uploads\/2020\/10\/Nowicki_Wojciech-768x477.jpg 768w, https:\/\/olimpijski.pl\/wp-content\/uploads\/2020\/10\/Nowicki_Wojciech-1536x953.jpg 1536w, https:\/\/olimpijski.pl\/wp-content\/uploads\/2020\/10\/Nowicki_Wojciech.jpg 2048w\" sizes=\"(max-width: 1024px) 100vw, 1024px\" \/><\/figure><div class=\"wp-block-media-text__content\">\n<p><strong>Wojciech Nowicki<\/strong><br>(lekkoatletyka, rzut m\u0142otem)<\/p>\n<\/div><\/div>\n\n\n\n<p><\/p>\n\n\n\n<div class=\"wp-block-media-text is-stacked-on-mobile\" style=\"grid-template-columns:30% auto\"><figure class=\"wp-block-media-text__media\"><img loading=\"lazy\" decoding=\"async\" width=\"1024\" height=\"653\" src=\"https:\/\/olimpijski.pl\/wp-content\/uploads\/2020\/10\/Nowacka_Oktawia-1024x653.jpg\" alt=\"\" class=\"wp-image-35340 size-full\" srcset=\"https:\/\/olimpijski.pl\/wp-content\/uploads\/2020\/10\/Nowacka_Oktawia-1024x653.jpg 1024w, https:\/\/olimpijski.pl\/wp-content\/uploads\/2020\/10\/Nowacka_Oktawia-300x191.jpg 300w, https:\/\/olimpijski.pl\/wp-content\/uploads\/2020\/10\/Nowacka_Oktawia-768x489.jpg 768w, https:\/\/olimpijski.pl\/wp-content\/uploads\/2020\/10\/Nowacka_Oktawia-1536x979.jpg 1536w, https:\/\/olimpijski.pl\/wp-content\/uploads\/2020\/10\/Nowacka_Oktawia.jpg 2048w\" sizes=\"(max-width: 1024px) 100vw, 1024px\" \/><\/figure><div class=\"wp-block-media-text__content\">\n<p><strong>Oktawia Nowacka<\/strong><br>(pi\u0119ciob\u00f3j nowoczesny)<\/p>\n<\/div><\/div>\n\n\n\n<p><\/p>\n\n\n\n<div class=\"wp-block-media-text is-stacked-on-mobile\" style=\"grid-template-columns:30% auto\"><figure class=\"wp-block-media-text__media\"><img loading=\"lazy\" decoding=\"async\" width=\"1024\" height=\"671\" src=\"https:\/\/olimpijski.pl\/wp-content\/uploads\/2020\/10\/Majka_Rafal-1024x671.jpg\" alt=\"\" class=\"wp-image-35344 size-full\" srcset=\"https:\/\/olimpijski.pl\/wp-content\/uploads\/2020\/10\/Majka_Rafal-1024x671.jpg 1024w, https:\/\/olimpijski.pl\/wp-content\/uploads\/2020\/10\/Majka_Rafal-300x197.jpg 300w, https:\/\/olimpijski.pl\/wp-content\/uploads\/2020\/10\/Majka_Rafal-768x503.jpg 768w, https:\/\/olimpijski.pl\/wp-content\/uploads\/2020\/10\/Majka_Rafal-1536x1007.jpg 1536w, https:\/\/olimpijski.pl\/wp-content\/uploads\/2020\/10\/Majka_Rafal-870x570.jpg 870w, https:\/\/olimpijski.pl\/wp-content\/uploads\/2020\/10\/Majka_Rafal.jpg 2048w\" sizes=\"(max-width: 1024px) 100vw, 1024px\" \/><\/figure><div class=\"wp-block-media-text__content\">\n<p><strong>Rafa\u0142 Majka<\/strong><br>(kolarstwo szosowe, start wsp\u00f3lny)<\/p>\n<\/div><\/div>\n\n<\/div>\n\t\t<\/div>\n<\/div>\n\n\n<p><\/p>\n\n\n\n<p><\/p>\n\n\n\n<blockquote class=\"wp-block-quote is-layout-flow wp-block-quote-is-layout-flow\"><p>W Brazylii, sportowcy Kuwejtu startowali jako Niezale\u017cni Sportowcy Olimpijscy, gdy\u017c MKOl zawiesi\u0142 ich krajowy komitet.<\/p><\/blockquote>\n\n\n\n<blockquote class=\"wp-block-quote is-layout-flow wp-block-quote-is-layout-flow\"><p>Do programu w\u0142\u0105czony zosta\u0142 golf oraz rugby dru\u017cyn 7-osobowych.<\/p><\/blockquote>\n\n\n\n<blockquote class=\"wp-block-quote is-layout-flow wp-block-quote-is-layout-flow\"><p>Z\u0142ote medale, po raz pierwszy w historii przypad\u0142y sportowcom z Bahrajnu, Fid\u017ci, Kosowa, Portoryko, Singapuru, Tad\u017cykistanu, Wietnamu i Wybrze\u017ca Ko\u015bci S\u0142oniowej.<\/p><\/blockquote>\n","protected":false},"excerpt":{"rendered":"<p>Igrzyska XXXI OlimpiadyRio de Janeiro 2016 Igrzyska rozegrano w dniach 5-21 sierpnia. Wystartowa\u0142o 11 238 zawodnik\u00f3w z 207 kraj\u00f3w. Rozdano 306 komplet\u00f3w<\/p>\n","protected":false},"author":1,"featured_media":0,"parent":0,"menu_order":0,"template":"templates\/olympic_main_subpage.php","meta":{"_acf_changed":false,"ub_ctt_via":"","footnotes":""},"class_list":["post-5890","olympics_summer","type-olympics_summer","status-publish","hentry","infinite-scroll-item","no-featured-image-padding"],"acf":{"game_id":"83","game_type":"1234","game_link":"rio2016","game_news":"29998","startdate":"05.08.2016 12:00 am","enddate":"21.08.2016 12:00 am","place":"Rio","year":"2016","logo":"https:\/\/olimpijski.pl\/wp-content\/uploads\/2016\/06\/rio2016.png","special_bg_img":false,"histroy_tabs":false,"competitions_olympic":false,"hide_breadcrumbs":[],"pokaz_ustawienia_ze_starego_systemu":false,"hide_representative_checkbox":false,"no_medals_info":"<p>W tych Igrzyskach Olimpijskich Polska Reprezentacja Olimpijska nie wywalczy\u0142a medali<\/p>\n"},"_links":{"self":[{"href":"https:\/\/olimpijski.pl\/en\/wp-json\/wp\/v2\/olympics_summer\/5890"}],"collection":[{"href":"https:\/\/olimpijski.pl\/en\/wp-json\/wp\/v2\/olympics_summer"}],"about":[{"href":"https:\/\/olimpijski.pl\/en\/wp-json\/wp\/v2\/types\/olympics_summer"}],"author":[{"embeddable":true,"href":"https:\/\/olimpijski.pl\/en\/wp-json\/wp\/v2\/users\/1"}],"version-history":[{"count":9,"href":"https:\/\/olimpijski.pl\/en\/wp-json\/wp\/v2\/olympics_summer\/5890\/revisions"}],"predecessor-version":[{"id":50187,"href":"https:\/\/olimpijski.pl\/en\/wp-json\/wp\/v2\/olympics_summer\/5890\/revisions\/50187"}],"wp:attachment":[{"href":"https:\/\/olimpijski.pl\/en\/wp-json\/wp\/v2\/media?parent=5890"}],"curies":[{"name":"wp","href":"https:\/\/api.w.org\/{rel}","templated":true}]}}