{"id":85198,"date":"2024-07-17T21:42:48","date_gmt":"2024-07-17T19:42:48","guid":{"rendered":"https:\/\/olimpijski.pl\/?post_type=olympics_summer&#038;p=85198"},"modified":"2024-07-28T11:46:17","modified_gmt":"2024-07-28T09:46:17","slug":"obiekty-olimpijskie","status":"publish","type":"olympics_summer","link":"https:\/\/olimpijski.pl\/en\/igrzyska_letnie\/paryz-2024\/obiekty-olimpijskie\/","title":{"rendered":"Obiekty olimpijskie"},"content":{"rendered":"\n<h1 class=\"wp-block-heading main-title\">Obiekty <br><strong>olimpijskie<\/strong><\/h1>\n\n\n\n<div style=\"height:20px\" aria-hidden=\"true\" class=\"wp-block-spacer\"><\/div>\n\n\n<div class=\"wp-block-ub-content-toggle wp-block-ub-content-toggle-block\" id=\"ub-content-toggle-block-8d464074-9f98-4cdb-9212-439c75f92023\" data-mobilecollapse=\"false\" data-desktopcollapse=\"false\" data-preventcollapse=\"false\" data-showonlyone=\"true\">\n<div class=\"wp-block-ub-content-toggle-accordion\" style=\"border-color: #f1f1f1;\" id=\"ub-content-toggle-panel-block-6b3f203c-6504-4dd8-8bc6-ffd194004a85\">\n\t\t\t<div class=\"wp-block-ub-content-toggle-accordion-title-wrap\" style=\"background-color: #f1f1f1;\" aria-controls=\"ub-content-toggle-panel-0-8d464074-9f98-4cdb-9212-439c75f92023\" tabindex=\"0\">\n\t\t\t<p class=\"wp-block-ub-content-toggle-accordion-title ub-content-toggle-title-8d464074-9f98-4cdb-9212-439c75f92023\" style=\"color: #000000; \">Aquatics Centre<\/p>\n\t\t\t<div class=\"wp-block-ub-content-toggle-accordion-toggle-wrap right\" style=\"color: #000000;\"><span class=\"wp-block-ub-content-toggle-accordion-state-indicator wp-block-ub-chevron-down\"><\/span><\/div>\n\t\t<\/div>\n\t\t\t<div role=\"region\" aria-expanded=\"false\" class=\"wp-block-ub-content-toggle-accordion-content-wrap ub-hide\" id=\"ub-content-toggle-panel-0-8d464074-9f98-4cdb-9212-439c75f92023\">\n\n<figure class=\"wp-block-image size-full\"><img loading=\"lazy\" decoding=\"async\" width=\"960\" height=\"540\" src=\"https:\/\/olimpijski.pl\/wp-content\/uploads\/2024\/07\/e7p7mb2pxtmxw5izfcii.avif\" alt=\"\" class=\"wp-image-85233\" srcset=\"https:\/\/olimpijski.pl\/wp-content\/uploads\/2024\/07\/e7p7mb2pxtmxw5izfcii.avif 960w, https:\/\/olimpijski.pl\/wp-content\/uploads\/2024\/07\/e7p7mb2pxtmxw5izfcii-300x169.avif 300w, https:\/\/olimpijski.pl\/wp-content\/uploads\/2024\/07\/e7p7mb2pxtmxw5izfcii-768x432.avif 768w\" sizes=\"(max-width: 960px) 100vw, 960px\" \/><\/figure>\n\n\n\n<p>Aquatics Centre, wraz z Le Bourget Climbing Wall, jest jedynym sta\u0142ym obiektem sportowym wybudowanym na potrzeby Igrzysk Pary\u017c 2024. W 2024 roku przywita najwybitniejszych sportowc\u00f3w \u015bwiata w konkurencjach p\u0142ywania artystycznego, pi\u0142ki wodnej i skok\u00f3w do wody. Poza Igrzyskami, Aquatics Centre zosta\u0142 zaprojektowany, aby spe\u0142nia\u0107 potrzeby regionu Seine-Saint-Denis oraz francuskiej spo\u0142eczno\u015bci p\u0142ywackiej, oferuj\u0105c obiekt zdolny do organizacji najwi\u0119kszych krajowych i mi\u0119dzynarodowych zawod\u00f3w.<\/p>\n\n\n\n<p>Aquatics Centre b\u0119dzie po\u0142\u0105czony z s\u0105siednim Stade de France mostem dla pieszych nad autostrad\u0105 A1, co stanowi znacz\u0105c\u0105 inwestycj\u0119 publiczn\u0105 dla Seine Saint Denis, regionu dotkni\u0119tego powa\u017cnym brakiem obiekt\u00f3w sportowych. Nowatorska konfiguracja Aquatics Centre b\u0119dzie modu\u0142owa: obiekt b\u0119dzie m\u00f3g\u0142 zmienia\u0107 si\u0119 z areny na 5000 miejsc podczas Igrzysk do obiektu na 2500 miejsc, kt\u00f3ry b\u0119dzie mog\u0142 by\u0107 u\u017cywany na lokalne wydarzenia po zako\u0144czeniu imprezy.<\/p>\n\n\n\n<p>Aquatics Centre b\u0119dzie niskoemisyjny, a wszystkie materia\u0142y budowlane b\u0119d\u0105 oparte na zasobach biologicznych. Jego drewniana konstrukcja i dach b\u0119d\u0105 harmonijnie wsp\u00f3\u0142gra\u0107 z otaczaj\u0105c\u0105 ziele\u0144. Z dachem o powierzchni 5000 m\u00b2 pokrytym panelami fotowoltaicznymi, Aquatics Centre b\u0119dzie jednym z najwi\u0119kszych miejskich farm s\u0142onecznych we Francji, dostarczaj\u0105cym energi\u0119 niezb\u0119dn\u0105 do jego funkcjonowania.<\/p>\n\n\n\n<p>Wyposa\u017cenie wn\u0119trza b\u0119dzie wykonane z materia\u0142\u00f3w zrecyklowanych i produkowanych we Francji, aby pokaza\u0107 ekspertyz\u0119 kraju w zakresie osi\u0105gni\u0119\u0107 \u015brodowiskowych.<\/p>\n\n\n\n<p><strong>Konkurencje<\/strong><\/p>\n\n\n\n<ul class=\"wp-block-list\">\n<li>P\u0142ywanie Artystyczne<\/li>\n\n\n\n<li>Skoki do Wody<\/li>\n\n\n\n<li>Pi\u0142ka Wodna<\/li>\n<\/ul>\n\n<\/div>\n\t\t<\/div>\n\n<div class=\"wp-block-ub-content-toggle-accordion\" style=\"border-color: #f1f1f1;\" id=\"ub-content-toggle-panel-block-1d830bbf-9dad-4010-822a-9b0e12b14744\">\n\t\t\t<div class=\"wp-block-ub-content-toggle-accordion-title-wrap\" style=\"background-color: #f1f1f1;\" aria-controls=\"ub-content-toggle-panel-1-8d464074-9f98-4cdb-9212-439c75f92023\" tabindex=\"0\">\n\t\t\t<p class=\"wp-block-ub-content-toggle-accordion-title ub-content-toggle-title-8d464074-9f98-4cdb-9212-439c75f92023\" style=\"color: #000000; \">Bercy Arena<\/p>\n\t\t\t<div class=\"wp-block-ub-content-toggle-accordion-toggle-wrap right\" style=\"color: #000000;\"><span class=\"wp-block-ub-content-toggle-accordion-state-indicator wp-block-ub-chevron-down\"><\/span><\/div>\n\t\t<\/div>\n\t\t\t<div role=\"region\" aria-expanded=\"false\" class=\"wp-block-ub-content-toggle-accordion-content-wrap ub-hide\" id=\"ub-content-toggle-panel-1-8d464074-9f98-4cdb-9212-439c75f92023\">\n\n<figure class=\"wp-block-image size-full\"><img decoding=\"async\" src=\"https:\/\/olimpijski.pl\/wp-content\/uploads\/2024\/07\/bx20ndrnvlssfiocnw6e.avif\" alt=\"\" class=\"wp-image-85138\"><\/figure>\n\n\n\n<p>Bercy Arena to ikoniczna sala koncertowa i sportowa w Pary\u017cu i ca\u0142ej Francji, \u0142atwo rozpoznawalna dzi\u0119ki swojemu piramidalnemu designowi, wyr\u00f3\u017cniaj\u0105cemu si\u0119 na tle krajobrazu 12. dzielnicy Pary\u017ca. Zbudowana w 1984 roku, ta arena nie tylko go\u015bci wysokiej klasy wydarzenia sportowe, takie jak mi\u0119dzynarodowy turniej tenisowy m\u0119\u017cczyzn Rolex Paris Masters z cyklu ATP Tour oraz fina\u0142y Mistrzostw Europy w pi\u0142ce r\u0119cznej kobiet w 2018 roku, ale tak\u017ce koncerty czo\u0142owych artyst\u00f3w francuskich i mi\u0119dzynarodowych, w tym Madonny, Daft Punk, Johnny&#8217;ego Hallydaya i Paula McCartneya.<\/p>\n\n\n\n<p>Po przebudowie w latach 2014-2015, maj\u0105cej na celu zmodernizowanie infrastruktury, Bercy Arena spe\u0142nia teraz wszystkie niezb\u0119dne wymagania do organizacji du\u017cych zawod\u00f3w sportowych i wydarze\u0144 kulturalnych. Od czasu swojego powstania, ten wielofunkcyjny obiekt sportowy przyj\u0105\u0142 ju\u017c ponad 30 milion\u00f3w widz\u00f3w na setkach wydarze\u0144, obejmuj\u0105cych dyscypliny od lekkoatletyki po koszyk\u00f3wk\u0119, hokej na lodzie i motocross.<\/p>\n\n\n\n<p><strong>Konkurencje<\/strong><\/p>\n\n\n\n<ul class=\"wp-block-list\">\n<li>Gimnastyka Artystyczna<\/li>\n\n\n\n<li>Koszyk\u00f3wka<\/li>\n\n\n\n<li>Trampolina<\/li>\n<\/ul>\n\n<\/div>\n\t\t<\/div>\n\n<div class=\"wp-block-ub-content-toggle-accordion\" style=\"border-color: #f1f1f1;\" id=\"ub-content-toggle-panel-block-88af4d98-8fd7-4c37-a884-32086c79b596\">\n\t\t\t<div class=\"wp-block-ub-content-toggle-accordion-title-wrap\" style=\"background-color: #f1f1f1;\" aria-controls=\"ub-content-toggle-panel-2-8d464074-9f98-4cdb-9212-439c75f92023\" tabindex=\"0\">\n\t\t\t<p class=\"wp-block-ub-content-toggle-accordion-title ub-content-toggle-title-8d464074-9f98-4cdb-9212-439c75f92023\" style=\"color: #000000; \">Bordeaux Stadium<\/p>\n\t\t\t<div class=\"wp-block-ub-content-toggle-accordion-toggle-wrap right\" style=\"color: #000000;\"><span class=\"wp-block-ub-content-toggle-accordion-state-indicator wp-block-ub-chevron-down\"><\/span><\/div>\n\t\t<\/div>\n\t\t\t<div role=\"region\" aria-expanded=\"false\" class=\"wp-block-ub-content-toggle-accordion-content-wrap ub-hide\" id=\"ub-content-toggle-panel-2-8d464074-9f98-4cdb-9212-439c75f92023\">\n\n<figure class=\"wp-block-image size-full\"><img decoding=\"async\" src=\"https:\/\/olimpijski.pl\/wp-content\/uploads\/2024\/07\/xoz3y0xn3yocizbemr4i.avif\" alt=\"\" class=\"wp-image-85136\"><\/figure>\n\n\n\n<p>Bordeaux Stadium zosta\u0142o zbudowane w celu organizacji Mistrzostw Europy w Pi\u0142ce No\u017cnej M\u0119\u017cczyzn 2016 roku. Zlokalizowane pomi\u0119dzy Ogrodami Kwiatowymi a lasem Bois de Bordeaux, obiekt zosta\u0142 uko\u0144czony w 2015 roku i natychmiast sta\u0142 si\u0119 vitrin\u0105 pi\u0142karsk\u0105 dla stolicy \u015bwiata wina. Zaprojektowane przez architekt\u00f3w Herzog &amp; De Meuron (tw\u00f3rc\u00f3w m.in. Olimpijskiego Stadionu w Pekinie), Bordeaux Stadium wyr\u00f3\u017cnia si\u0119 spektakularnym designem i doskona\u0142ym do\u015bwiadczeniem dla widz\u00f3w.<\/p>\n\n\n\n<p>Stadion Bordeaux zosta\u0142 zbudowany zgodnie ze standardami zr\u00f3wnowa\u017conego rozwoju i odpowiedzialno\u015bci ekologicznej. Na przyk\u0142ad jego dach pokrywa 700 m\u00b2 paneli fotowoltaicznych, a stadion jest wyposa\u017cony w system do recyclingu deszcz\u00f3wki do nawadniania teren\u00f3w zielonych. Charakterystyczny styl stadionu, ilustrowany przez setki bia\u0142ych belek podtrzymuj\u0105cych konstrukcj\u0119, czyni go \u0142atwo rozpoznawalnym.<\/p>\n\n\n\n<p>Od momentu otwarcia, stadion by\u0142 domem dla Girondins de Bordeaux, jednej z czo\u0142owych dru\u017cyn pi\u0142karskich we Francji, oraz go\u015bci\u0142 fina\u0142 Pucharu Ligi Francuskiej oraz p\u00f3\u0142fina\u0142y turnieju rugby Top 14 dwukrotnie, a tak\u017ce wiele koncert\u00f3w, w tym takich zespo\u0142\u00f3w jak Guns N&#8217; Roses i Muse.<\/p>\n\n\n\n<p><strong>Konkurencje<\/strong><\/p>\n\n\n\n<ul class=\"wp-block-list\">\n<li>Pi\u0142ka No\u017cna<\/li>\n<\/ul>\n\n<\/div>\n\t\t<\/div>\n\n<div class=\"wp-block-ub-content-toggle-accordion\" style=\"border-color: #f1f1f1;\" id=\"ub-content-toggle-panel-block-9b8d6b58-020d-49d5-87c3-c0a1fda0e889\">\n\t\t\t<div class=\"wp-block-ub-content-toggle-accordion-title-wrap\" style=\"background-color: #f1f1f1;\" aria-controls=\"ub-content-toggle-panel-3-8d464074-9f98-4cdb-9212-439c75f92023\" tabindex=\"0\">\n\t\t\t<p class=\"wp-block-ub-content-toggle-accordion-title ub-content-toggle-title-8d464074-9f98-4cdb-9212-439c75f92023\" style=\"color: #000000; \">Champ de Mars Arena<\/p>\n\t\t\t<div class=\"wp-block-ub-content-toggle-accordion-toggle-wrap right\" style=\"color: #000000;\"><span class=\"wp-block-ub-content-toggle-accordion-state-indicator wp-block-ub-chevron-down\"><\/span><\/div>\n\t\t<\/div>\n\t\t\t<div role=\"region\" aria-expanded=\"false\" class=\"wp-block-ub-content-toggle-accordion-content-wrap ub-hide\" id=\"ub-content-toggle-panel-3-8d464074-9f98-4cdb-9212-439c75f92023\">\n\n<figure class=\"wp-block-image size-large\"><img decoding=\"async\" src=\"https:\/\/olimpijski.pl\/wp-content\/uploads\/2024\/07\/i70myvzy7xdcvzix0qpt-1024x576.avif\" alt=\"\" class=\"wp-image-85182\"><\/figure>\n\n\n\n<p>Champ de Mars Arena, znana obecnie jako &#8220;Grand Palais \u00c9ph\u00e9m\u00e8re&#8221;, stanie si\u0119 presti\u017cow\u0105 aren\u0105 podczas Igrzysk Olimpijskich Pary\u017c 2024, gdzie tymczasowy budynek o powierzchni 10,000 m\u00b2 b\u0119dzie gospodarzem wydarze\u0144 olimpijskich podczas prac remontowych w Grand Palais. Po zako\u0144czeniu tych prac w 2024 roku, Champ de Mars Arena b\u0119dzie nadal u\u017cywana przez kilka miesi\u0119cy do organizacji zawod\u00f3w podczas Igrzysk Olimpijskich i Paraolimpijskich Pary\u017c 2024.<\/p>\n\n\n\n<p>Zaprojektowana przez architekta Jean-Michela Wilmotte, struktura z drewna areny, harmonijnie wkomponowana w krajobraz miejski, odzwierciedla estetyk\u0119 Grand Palais. Budynek zosta\u0142 wzniesiony na Champ de Mars na pocz\u0105tku 2021 roku naprzeciwko \u00c9cole Militaire, kompleksu budynk\u00f3w w Pary\u017cu, w kt\u00f3rym mie\u015bci si\u0119 szereg obiekt\u00f3w szkoleniowych wojskowych. Dzi\u0119ki u\u017cyciu materia\u0142\u00f3w zr\u00f3wnowa\u017conych, projekt ten w pe\u0142ni spe\u0142nia standardy ekologiczne wymagane przez Pary\u017c 2024.<\/p>\n\n\n\n<p>Champ de Mars Arena zosta\u0142a zaprojektowana do organizacji wydarze\u0144 artystycznych, modowych i sportowych, kt\u00f3re zazwyczaj odbywaj\u0105 si\u0119 w Nef Grand Palais podczas remontu Grand Palais. B\u0119dzie r\u00f3wnie\u017c scen\u0105 dla wydarze\u0144 kulturalnych inicjowanych przez R\u00e9union des Mus\u00e9es Nationaux \u2013 Grand Palais.<\/p>\n\n\n\n<p><strong>Konkurencje<\/strong><\/p>\n\n\n\n<ul class=\"wp-block-list\">\n<li>Judo<\/li>\n\n\n\n<li>Zapasy<\/li>\n<\/ul>\n\n<\/div>\n\t\t<\/div>\n\n<div class=\"wp-block-ub-content-toggle-accordion\" style=\"border-color: #f1f1f1;\" id=\"ub-content-toggle-panel-block-b4712bcb-274e-4dcc-8127-881a5b18b5c2\">\n\t\t\t<div class=\"wp-block-ub-content-toggle-accordion-title-wrap\" style=\"background-color: #f1f1f1;\" aria-controls=\"ub-content-toggle-panel-4-8d464074-9f98-4cdb-9212-439c75f92023\" tabindex=\"0\">\n\t\t\t<p class=\"wp-block-ub-content-toggle-accordion-title ub-content-toggle-title-8d464074-9f98-4cdb-9212-439c75f92023\" style=\"color: #000000; \">Ch\u00e2teau de Versailles<\/p>\n\t\t\t<div class=\"wp-block-ub-content-toggle-accordion-toggle-wrap right\" style=\"color: #000000;\"><span class=\"wp-block-ub-content-toggle-accordion-state-indicator wp-block-ub-chevron-down\"><\/span><\/div>\n\t\t<\/div>\n\t\t\t<div role=\"region\" aria-expanded=\"false\" class=\"wp-block-ub-content-toggle-accordion-content-wrap ub-hide\" id=\"ub-content-toggle-panel-4-8d464074-9f98-4cdb-9212-439c75f92023\">\n\n<figure class=\"wp-block-image size-large\"><img decoding=\"async\" src=\"https:\/\/olimpijski.pl\/wp-content\/uploads\/2024\/07\/y7xlwlk8nfvpia9jlitq-1024x576.avif\" alt=\"\" class=\"wp-image-85180\"><\/figure>\n\n\n\n<p>Ch\u00e2teau de Versailles (znany tak\u017ce jako Pa\u0142ac w Wersalu), ikoniczny symbol ilustruj\u0105cy globaln\u0105 reputacj\u0119 Francji, przywita Igrzyska Olimpijskie i Paralimpijskie w 2024 roku w wyj\u0105tkowym otoczeniu o bogatej historii. Pierwotnie zbudowany jako prosta rezydencja my\u015bliwska, Ch\u00e2teau de Versailles sta\u0142o si\u0119 siedzib\u0105 dworu Ludwika XIV w 1682 roku i epicentrum francuskiej monarchii. W 1883 roku miejsce to zosta\u0142o przekszta\u0142cone w muzeum narodowe otwarte dla publiczno\u015bci, staj\u0105c si\u0119 pierwszym francuskim obiektem wpisanym na List\u0119 \u015awiatowego Dziedzictwa UNESCO w 1979 roku.<\/p>\n\n\n\n<p>Dzi\u0119ki dodatkowym obiektom tymczasowym, niekt\u00f3re wydarzenia Paris 2024 zostan\u0105 zorganizowane w wyj\u0105tkowym i historycznym otoczeniu pa\u0142acu. Tymczasowa arena plenerowa, otoczona kilkoma trybunami, zostanie ustawiona na esplanadzie Etoile Royale na zach\u00f3d od Wielkiego Kana\u0142u w sercu ogrod\u00f3w pa\u0142acowych. Arena ta b\u0119dzie gospodarzem dw\u00f3ch konkurencji je\u017adzieckich (uje\u017cd\u017cenia i skok\u00f3w), a tak\u017ce zawod\u00f3w w skokach i uje\u017cd\u017ceniu (olimpijskich i paralimpijskich). Indywidualna i dru\u017cynowa sekcja prze\u0142ajowa w je\u017adziectwie odb\u0119dzie si\u0119 wzd\u0142u\u017c Wielkiego Kana\u0142u, podczas gdy pi\u0119\u0107 konkurencji nowoczesnego pi\u0119cioboju b\u0119dzie r\u00f3wnie\u017c organizowanych w Ch\u00e2teau de Versailles.<\/p>\n\n\n\n<p><strong>Konkurencje<\/strong><\/p>\n\n\n\n<ul class=\"wp-block-list\">\n<li>Je\u017adziectwo<\/li>\n\n\n\n<li>Pi\u0119ciob\u00f3j Nowoczesny <\/li>\n<\/ul>\n\n<\/div>\n\t\t<\/div>\n\n<div class=\"wp-block-ub-content-toggle-accordion\" style=\"border-color: #f1f1f1;\" id=\"ub-content-toggle-panel-block-73224db8-1b6c-4a26-9351-738ee53604b9\">\n\t\t\t<div class=\"wp-block-ub-content-toggle-accordion-title-wrap\" style=\"background-color: #f1f1f1;\" aria-controls=\"ub-content-toggle-panel-5-8d464074-9f98-4cdb-9212-439c75f92023\" tabindex=\"0\">\n\t\t\t<p class=\"wp-block-ub-content-toggle-accordion-title ub-content-toggle-title-8d464074-9f98-4cdb-9212-439c75f92023\" style=\"color: #000000; \">Chateauroux Shooting Centre<\/p>\n\t\t\t<div class=\"wp-block-ub-content-toggle-accordion-toggle-wrap right\" style=\"color: #000000;\"><span class=\"wp-block-ub-content-toggle-accordion-state-indicator wp-block-ub-chevron-down\"><\/span><\/div>\n\t\t<\/div>\n\t\t\t<div role=\"region\" aria-expanded=\"false\" class=\"wp-block-ub-content-toggle-accordion-content-wrap ub-hide\" id=\"ub-content-toggle-panel-5-8d464074-9f98-4cdb-9212-439c75f92023\">\n\n<figure class=\"wp-block-image size-large\"><img decoding=\"async\" src=\"https:\/\/olimpijski.pl\/wp-content\/uploads\/2024\/07\/xoflwl1l38n9vebazxnf-1024x576.avif\" alt=\"\" class=\"wp-image-85178\"><\/figure>\n\n\n\n<p>Centrum Strzeleckie w Chateauroux przywita 340 olimpijskich zawodnik\u00f3w oraz 160 paralimpijczyk\u00f3w rywalizuj\u0105cych w konkurencjach strzeleckich podczas Igrzysk Olimpijskich i Paralimpijskich w Pary\u017cu w 2024 roku. Otwarte przez Francusk\u0105 Federacj\u0119 Strzeleck\u0105 w 2018 roku, to unikalne miejsce jest jednym z najwi\u0119kszych tego typu w Europie. Wyposa\u017cone w kilka strzelnic, jest zdolne do organizacji wszystkich konkurencji strzeleckich podczas Igrzysk, a nowe budynki &#8220;fina\u0142owe&#8221; dodane w 2022 roku umo\u017cliwiaj\u0105 organizacj\u0119 mi\u0119dzynarodowych fina\u0142\u00f3w pistoletowych i karabinowych. Budynek ten b\u0119dzie gospodarzem wszystkich fina\u0142\u00f3w strzeleckich w hali podczas Igrzysk Pary\u017c 2024.<\/p>\n\n\n\n<p>W lipcu 2022 roku Zarz\u0105d Igrzysk Pary\u017c 2024 zatwierdzi\u0142 plany uczynienia Centrum Strzeleckiego w Chateauroux miejscem rywalizacji podczas Igrzysk Pary\u017c 2024. Centrum b\u0119dzie u\u017cywane do 15 konkurencji strzeleckich olimpijskich oraz 13 paralimpijskich w 2024 roku.<\/p>\n\n\n\n<p><strong>Konkurencje<\/strong><\/p>\n\n\n\n<ul class=\"wp-block-list\">\n<li>Strzelectwo<\/li>\n<\/ul>\n\n<\/div>\n\t\t<\/div>\n\n<div class=\"wp-block-ub-content-toggle-accordion\" style=\"border-color: #f1f1f1;\" id=\"ub-content-toggle-panel-block-d5e69bd8-5887-4ae6-9e2d-6396b320e6dd\">\n\t\t\t<div class=\"wp-block-ub-content-toggle-accordion-title-wrap\" style=\"background-color: #f1f1f1;\" aria-controls=\"ub-content-toggle-panel-6-8d464074-9f98-4cdb-9212-439c75f92023\" tabindex=\"0\">\n\t\t\t<p class=\"wp-block-ub-content-toggle-accordion-title ub-content-toggle-title-8d464074-9f98-4cdb-9212-439c75f92023\" style=\"color: #000000; \">Eiffel Tower Stadium<\/p>\n\t\t\t<div class=\"wp-block-ub-content-toggle-accordion-toggle-wrap right\" style=\"color: #000000;\"><span class=\"wp-block-ub-content-toggle-accordion-state-indicator wp-block-ub-chevron-down\"><\/span><\/div>\n\t\t<\/div>\n\t\t\t<div role=\"region\" aria-expanded=\"false\" class=\"wp-block-ub-content-toggle-accordion-content-wrap ub-hide\" id=\"ub-content-toggle-panel-6-8d464074-9f98-4cdb-9212-439c75f92023\">\n\n<figure class=\"wp-block-image size-large\"><img decoding=\"async\" src=\"https:\/\/olimpijski.pl\/wp-content\/uploads\/2024\/07\/zu53q5kn1qo1ijg2dupc-1024x576.avif\" alt=\"\" class=\"wp-image-85176\"><\/figure>\n\n\n\n<p>Dla Pary\u017can Champ de Mars jest miejscem spotka\u0144 i celebracji, regularnie przyci\u0105gaj\u0105cym tysi\u0105ce ludzi podczas wydarze\u0144 takich jak tradycyjne pokazy sztucznych ogni 14 lipca czy fina\u0142y Mistrzostw \u015awiata w pi\u0142ce no\u017cnej. Codziennie ludzie gromadz\u0105 si\u0119 tutaj, aby uprawia\u0107 sport, podziwia\u0107 widoki czy po prostu spacerowa\u0107 po rozleg\u0142ych alejkach i trawnikach tego wspania\u0142ego miejsca, kt\u00f3re sta\u0142o si\u0119 jednym z najbardziej ikonicznych ogrod\u00f3w publicznych w Pary\u017cu. W 2024 roku na Champ de Mars zostanie zbudowana tymczasowa arena zewn\u0119trzna, kt\u00f3ra b\u0119dzie gospodarzem zawod\u00f3w w pi\u0142ce pla\u017cowej oraz futbolu dla niewidomych, umo\u017cliwiaj\u0105c wszystkim cieszenie si\u0119 magiczn\u0105 atmosfer\u0105 tego miejsca.<\/p>\n\n\n\n<p>Mi\u0119dzy imponuj\u0105c\u0105 fasad\u0105 Ecole Militaire na po\u0142udniu a r\u00f3wnie znacz\u0105c\u0105 Wie\u017c\u0105 Eiffla od strony Sekwany, Champ de Mars ponownie stanie si\u0119 przestrzeni\u0105 wsp\u00f3lnotow\u0105 do spotka\u0144 i kluczowym miejscem podczas Igrzysk Pary\u017c 2024. Opr\u00f3cz areny tymczasowej Stadionu Eiffla, b\u0119dzie go\u015bci\u0107 inne wydarzenia w Grand Palais Overlay: tymczasowa struktura ustawiona na Place Joffre na po\u0142udnie od miejsca.<\/p>\n\n\n\n<p><strong>Konkurencje<\/strong><\/p>\n\n\n\n<ul class=\"wp-block-list\">\n<li>Siatk\u00f3wka pla\u017cowa<\/li>\n<\/ul>\n\n<\/div>\n\t\t<\/div>\n\n<div class=\"wp-block-ub-content-toggle-accordion\" style=\"border-color: #f1f1f1;\" id=\"ub-content-toggle-panel-block-f4540c81-1f5f-4d9b-b3f1-c39c150dbabf\">\n\t\t\t<div class=\"wp-block-ub-content-toggle-accordion-title-wrap\" style=\"background-color: #f1f1f1;\" aria-controls=\"ub-content-toggle-panel-7-8d464074-9f98-4cdb-9212-439c75f92023\" tabindex=\"0\">\n\t\t\t<p class=\"wp-block-ub-content-toggle-accordion-title ub-content-toggle-title-8d464074-9f98-4cdb-9212-439c75f92023\" style=\"color: #000000; \">Elancourt Hill<\/p>\n\t\t\t<div class=\"wp-block-ub-content-toggle-accordion-toggle-wrap right\" style=\"color: #000000;\"><span class=\"wp-block-ub-content-toggle-accordion-state-indicator wp-block-ub-chevron-down\"><\/span><\/div>\n\t\t<\/div>\n\t\t\t<div role=\"region\" aria-expanded=\"false\" class=\"wp-block-ub-content-toggle-accordion-content-wrap ub-hide\" id=\"ub-content-toggle-panel-7-8d464074-9f98-4cdb-9212-439c75f92023\">\n\n<figure class=\"wp-block-image size-large\"><img decoding=\"async\" src=\"https:\/\/olimpijski.pl\/wp-content\/uploads\/2024\/07\/kvjyrwovjuwzrg4cz4h9-1024x576.avif\" alt=\"\" class=\"wp-image-85174\"><\/figure>\n\n\n\n<p>Na wysoko\u015bci 231 metr\u00f3w wzg\u00f3rze Elancourt jest najwy\u017cszym punktem w regionie paryskim. Jego szczyt oferuje zapieraj\u0105ce dech w piersiach widoki na Wie\u017c\u0119 Eiffla, La D\u00e9fense i lasy wok\u00f3\u0142 Pary\u017ca. W celu minimalizacji wp\u0142ywu na bior\u00f3\u017cnorodno\u015b\u0107, na terenie nie zostan\u0105 wybudowane \u017cadne du\u017ce infrastruktury. A\u017c 95 procent tras przeznaczonych na wydarzenia olimpijskie w kolarstwie g\u00f3rskim, zaprojektowanych przez specjalist\u0119 z RPA, Nicka Florosa, opiera si\u0119 na istniej\u0105cych \u015bcie\u017ckach. Co wi\u0119cej, r\u00f3\u017cne trasy zostan\u0105 pozostawione jako dziedzictwo po Igrzyskach, oferuj\u0105c wyb\u00f3r dost\u0119pnych tras dla wszystkich u\u017cytkownik\u00f3w, od dzieci i rodzin po do\u015bwiadczonych kolarzy.<\/p>\n\n\n\n<p>Sztuczne wzg\u00f3rze Elancourt znajduje si\u0119 na terenie dawnych kamienio\u0142om\u00f3w piaskowca, kt\u00f3re dostarcza\u0142y materia\u0142y budowlane. Po zamkni\u0119ciu kamienio\u0142om\u00f3w w po\u0142owie XIX wieku teren s\u0142u\u017cy\u0142 jako wysypisko, a\u017c do zamkni\u0119cia go w 1975 roku. W latach 80-tych przeprowadzono ambitny program rewitalizacji, kt\u00f3ry przekszta\u0142ci\u0142 wzg\u00f3rze w park publiczny.<\/p>\n\n\n\n<p>Wyb\u00f3r Elancourt przez Pary\u017c 2024 umo\u017cliwi dalsze wzmocnienie i wsparcie istniej\u0105cej aktywno\u015bci sportowej oraz popraw\u0119 ekologicznych korzy\u015bci tego miejsca. Projekt oferuje dziedzictwo na trzech poziomach: dla sportu, dla spo\u0142ecze\u0144stwa i dla \u015brodowiska. Saint-Quentin-en-Yvelines stanie si\u0119 wiod\u0105cym miejscem dla kolarstwa g\u00f3rskiego, umo\u017cliwiaj\u0105c spo\u0142eczno\u015bciom, kt\u00f3re by\u0142y odci\u0119te od sportu, korzystanie z silnego dziedzictwa, jednocze\u015bnie poprawiaj\u0105c i promuj\u0105c bior\u00f3\u017cnorodno\u015b\u0107 regionu.<\/p>\n\n\n\n<p><strong>Konkurencje<\/strong><\/p>\n\n\n\n<ul class=\"wp-block-list\">\n<li>Kolarstwo g\u00f3rskie<\/li>\n<\/ul>\n\n<\/div>\n\t\t<\/div>\n\n<div class=\"wp-block-ub-content-toggle-accordion\" style=\"border-color: #f1f1f1;\" id=\"ub-content-toggle-panel-block-fda7284a-62da-4e2e-aa3c-318791dc2036\">\n\t\t\t<div class=\"wp-block-ub-content-toggle-accordion-title-wrap\" style=\"background-color: #f1f1f1;\" aria-controls=\"ub-content-toggle-panel-8-8d464074-9f98-4cdb-9212-439c75f92023\" tabindex=\"0\">\n\t\t\t<p class=\"wp-block-ub-content-toggle-accordion-title ub-content-toggle-title-8d464074-9f98-4cdb-9212-439c75f92023\" style=\"color: #000000; \">Geoffroy-Guichard Stadium<\/p>\n\t\t\t<div class=\"wp-block-ub-content-toggle-accordion-toggle-wrap right\" style=\"color: #000000;\"><span class=\"wp-block-ub-content-toggle-accordion-state-indicator wp-block-ub-chevron-down\"><\/span><\/div>\n\t\t<\/div>\n\t\t\t<div role=\"region\" aria-expanded=\"false\" class=\"wp-block-ub-content-toggle-accordion-content-wrap ub-hide\" id=\"ub-content-toggle-panel-8-8d464074-9f98-4cdb-9212-439c75f92023\">\n\n<figure class=\"wp-block-image size-large\"><img decoding=\"async\" src=\"https:\/\/olimpijski.pl\/wp-content\/uploads\/2024\/07\/hd99ljofaoyqxd4xhpjj-1024x576.avif\" alt=\"\" class=\"wp-image-85172\"><\/figure>\n\n\n\n<p>Stadion Saint-Etienne, znany r\u00f3wnie\u017c jako Stadion Geoffroy-Guichard, jest jednym z najbardziej ikonicznych stadion\u00f3w we Francji i by\u0142 scen\u0105 niekt\u00f3rych z najwi\u0119kszych moment\u00f3w w historii francuskiej pi\u0142ki no\u017cnej z legendarnym klubem AS Saint-Etienne. Od momentu jego budowy w 1931 roku, Stadion &#8220;Chaudron&#8221; by\u0142 kilkakrotnie modernizowany, aby przyj\u0105\u0107 g\u0142\u00f3wne zawody sportowe organizowane we Francji w XX wieku. W 2024 roku b\u0119dzie go\u015bci\u0107 Igrzyska Olimpijskie!<\/p>\n\n\n\n<p>Opr\u00f3cz organizowania mecz\u00f3w AS Saint-Etienne, Stadion Geoffroy-Guichard by\u0142 miejscem r\u00f3\u017cnych spotka\u0144 Mistrzostw Europy w Pi\u0142ce No\u017cnej Euro 1984 i Mistrzostw \u015awiata w Pi\u0142ce No\u017cnej 1998, a tak\u017ce Pucharu \u015awiata w Rugby 2007. Ostatnia modernizacja, kt\u00f3ra uczyni\u0142a stadion mitycznym, ale nowoczesnym i funkcjonalnym miejscem, zosta\u0142a przeprowadzona na Euro 2016, zwi\u0119kszaj\u0105c pojemno\u015b\u0107 stadionu i modernizuj\u0105c jego dost\u0119py, co umo\u017cliwi\u0142o &#8220;Chaudronowi&#8221; kontynuowanie organizacji du\u017cych zawod\u00f3w na swoim boisku. W swojej historii Stadion Saint-Etienne go\u015bci\u0142 r\u00f3wnie\u017c kilka du\u017cych koncert\u00f3w, takich jak Bruce Springsteen w 1985 roku i Johnny Hallyday w 2003 roku.<\/p>\n\n\n\n<p><strong>Konkurencje<\/strong><\/p>\n\n\n\n<ul class=\"wp-block-list\">\n<li>Pi\u0142ka No\u017cna<\/li>\n<\/ul>\n\n<\/div>\n\t\t<\/div>\n\n<div class=\"wp-block-ub-content-toggle-accordion\" style=\"border-color: #f1f1f1;\" id=\"ub-content-toggle-panel-block-1f69f4ea-dd85-4d8e-9784-ce3f93e616e2\">\n\t\t\t<div class=\"wp-block-ub-content-toggle-accordion-title-wrap\" style=\"background-color: #f1f1f1;\" aria-controls=\"ub-content-toggle-panel-9-8d464074-9f98-4cdb-9212-439c75f92023\" tabindex=\"0\">\n\t\t\t<p class=\"wp-block-ub-content-toggle-accordion-title ub-content-toggle-title-8d464074-9f98-4cdb-9212-439c75f92023\" style=\"color: #000000; \">Grand Palais<\/p>\n\t\t\t<div class=\"wp-block-ub-content-toggle-accordion-toggle-wrap right\" style=\"color: #000000;\"><span class=\"wp-block-ub-content-toggle-accordion-state-indicator wp-block-ub-chevron-down\"><\/span><\/div>\n\t\t<\/div>\n\t\t\t<div role=\"region\" aria-expanded=\"false\" class=\"wp-block-ub-content-toggle-accordion-content-wrap ub-hide\" id=\"ub-content-toggle-panel-9-8d464074-9f98-4cdb-9212-439c75f92023\">\n\n<figure class=\"wp-block-image size-large\"><img decoding=\"async\" src=\"https:\/\/olimpijski.pl\/wp-content\/uploads\/2024\/07\/isejdmd8ox6attvfqjkg-1024x576.avif\" alt=\"\" class=\"wp-image-85170\"><\/figure>\n\n\n\n<p>Grand Palais znajduje si\u0119 w samym sercu Pary\u017ca. Dzi\u0119ki najbardziej zaawansowanym technikom budowlanym swojej epoki, Grand Palais, zbudowany na Wystaw\u0119 Powszechn\u0105 w Pary\u017cu w 1900 roku, jest znany na ca\u0142ym \u015bwiecie ze swojej wspania\u0142ej nawy i szklanego dachu. Do budowy nawy potrzebne by\u0142o ponad 6000 ton stali. Grand Palais, kt\u00f3ry nigdy wcze\u015bniej nie by\u0142 poddany pe\u0142nej restauracji, obecnie przechodzi prace i ponownie otworzy si\u0119 15 kwietnia, aby go\u015bci\u0107 Igrzyska Olimpijskie i Paraolimpijskie w Nave.<\/p>\n\n\n\n<p>Ten ikoniczny paryski obiekt ma d\u0142ug\u0105 histori\u0119 jako presti\u017cowa przestrze\u0144 do organizacji r\u00f3\u017cnorodnych wydarze\u0144 sportowych i artystycznych. Grand Palais co roku jest gospodarzem wielu wystaw artyst\u00f3w z ca\u0142ego \u015bwiata i by\u0142 aren\u0105 Mistrzostw \u015awiata w Szermierce w 2010 roku. Ka\u017cdego roku ponad dwa miliony odwiedzaj\u0105cych korzysta z bogatego programu kulturalnego oferowanego przez ten wyj\u0105tkowy obiekt, kt\u00f3ry po swojej restauracji przywita Igrzyska Olimpijskie i Paralimpijskie Pary\u017ca 2024.<\/p>\n\n\n\n<p><strong>Konkurencje<\/strong><\/p>\n\n\n\n<ul class=\"wp-block-list\">\n<li>Szermierka<\/li>\n\n\n\n<li>Taekwondo<\/li>\n<\/ul>\n\n<\/div>\n\t\t<\/div>\n\n<div class=\"wp-block-ub-content-toggle-accordion\" style=\"border-color: #f1f1f1;\" id=\"ub-content-toggle-panel-block-d5e64e99-7ec7-4c83-b1af-6a56e034ce77\">\n\t\t\t<div class=\"wp-block-ub-content-toggle-accordion-title-wrap\" style=\"background-color: #f1f1f1;\" aria-controls=\"ub-content-toggle-panel-10-8d464074-9f98-4cdb-9212-439c75f92023\" tabindex=\"0\">\n\t\t\t<p class=\"wp-block-ub-content-toggle-accordion-title ub-content-toggle-title-8d464074-9f98-4cdb-9212-439c75f92023\" style=\"color: #000000; \">H\u00f4tel de Ville<\/p>\n\t\t\t<div class=\"wp-block-ub-content-toggle-accordion-toggle-wrap right\" style=\"color: #000000;\"><span class=\"wp-block-ub-content-toggle-accordion-state-indicator wp-block-ub-chevron-down\"><\/span><\/div>\n\t\t<\/div>\n\t\t\t<div role=\"region\" aria-expanded=\"false\" class=\"wp-block-ub-content-toggle-accordion-content-wrap ub-hide\" id=\"ub-content-toggle-panel-10-8d464074-9f98-4cdb-9212-439c75f92023\">\n\n<figure class=\"wp-block-image size-large\"><img decoding=\"async\" src=\"https:\/\/olimpijski.pl\/wp-content\/uploads\/2024\/07\/x2gqogcosqtmh4z5ewea-1024x576.avif\" alt=\"\" class=\"wp-image-85168\"><\/figure>\n\n\n\n<p>H\u00f4tel de Ville &#8211; ratusz Pary\u017ca oraz jego plac o tej samej nazwie b\u0119d\u0105 go\u015bci\u0107 wydarzenia w samym centrum stolicy Francji podczas Igrzysk Olimpijskich Pary\u017c 2024. To historyczne miejsce, przylegaj\u0105ce do s\u0142ynnej Sekwany, b\u0119dzie \u015bwiadkiem startu najbardziej legendarnego biegu d\u0142ugodystansowego Igrzysk: maratonu.<\/p>\n\n\n\n<p>Nie mo\u017cna przeoczy\u0107 imponuj\u0105cej fasady H\u00f4tel de Ville, kt\u00f3ra rozci\u0105ga si\u0119 na 143 metry szeroko\u015bci i wznosi na 18,80 metra (26,80 metra w naro\u017cnikach, 50 metr\u00f3w wliczaj\u0105c wie\u017c\u0119 z dzwonami). Neorenesansowy budynek zosta\u0142 zaprojektowany przez architekt\u00f3w Th\u00e9odore Ballu i \u00c9douarda Deperthes na dok\u0142adnie tym samym miejscu, gdzie wcze\u015bniejszy H\u00f4tel de Ville sp\u0142on\u0105\u0142 podczas Komuny Paryskiej w 1871 roku. Od 1357 roku pe\u0142ni funkcj\u0119 Ratusza Pary\u017ca.<\/p>\n\n\n\n<p>Plac przed ratuszem, wcze\u015bniej znany jako Place de Gr\u00e8ve, obecnie nazywany Place de l\u2019H\u00f4tel de Ville, sta\u0142 si\u0119 miejscem wystaw i innych atrakcji kulturalnych. W lecie 2024 roku b\u0119dzie wspania\u0142\u0105 scen\u0105 dla zawodnik\u00f3w wyruszaj\u0105cych na 42,195 km maratonu.<\/p>\n\n\n\n<p><strong>Konkurencje<\/strong><\/p>\n\n\n\n<ul class=\"wp-block-list\">\n<li>Lekkoatletyka<\/li>\n<\/ul>\n\n<\/div>\n\t\t<\/div>\n\n<div class=\"wp-block-ub-content-toggle-accordion\" style=\"border-color: #f1f1f1;\" id=\"ub-content-toggle-panel-block-d5f0e69d-851c-48e0-927d-65198ccfe6ac\">\n\t\t\t<div class=\"wp-block-ub-content-toggle-accordion-title-wrap\" style=\"background-color: #f1f1f1;\" aria-controls=\"ub-content-toggle-panel-11-8d464074-9f98-4cdb-9212-439c75f92023\" tabindex=\"0\">\n\t\t\t<p class=\"wp-block-ub-content-toggle-accordion-title ub-content-toggle-title-8d464074-9f98-4cdb-9212-439c75f92023\" style=\"color: #000000; \">Invalides<\/p>\n\t\t\t<div class=\"wp-block-ub-content-toggle-accordion-toggle-wrap right\" style=\"color: #000000;\"><span class=\"wp-block-ub-content-toggle-accordion-state-indicator wp-block-ub-chevron-down\"><\/span><\/div>\n\t\t<\/div>\n\t\t\t<div role=\"region\" aria-expanded=\"false\" class=\"wp-block-ub-content-toggle-accordion-content-wrap ub-hide\" id=\"ub-content-toggle-panel-11-8d464074-9f98-4cdb-9212-439c75f92023\">\n\n<figure class=\"wp-block-image size-large\"><img decoding=\"async\" src=\"https:\/\/olimpijski.pl\/wp-content\/uploads\/2024\/07\/vsoxjhgouhfczq9ks4av-1024x576.avif\" alt=\"\" class=\"wp-image-85166\"><\/figure>\n\n\n\n<p>Esplanada Inwalid\u00f3w to ogr\u00f3d jednego z najpi\u0119kniejszych zabytk\u00f3w Pary\u017ca. Jest to rozleg\u0142a przestrze\u0144 zielona w 7. dzielnicy Pary\u017ca, po\u0142o\u017cona naprzeciwko wspania\u0142ego H\u00f4tel des Invalides. Usytuowana w sercu miasta, sta\u0142a si\u0119 jednym z ulubionych miejsc rekreacji, gdzie mieszka\u0144cy Pary\u017ca i tury\u015bci mog\u0105 uprawia\u0107 sport, s\u0142ucha\u0107 muzyki i spacerowa\u0107. W 2024 roku historia, kultura i sport najwy\u017cszego poziomu po\u0142\u0105cz\u0105 si\u0119 w tym wyj\u0105tkowym miejscu, gdzie \u0142ucznicy b\u0119d\u0105 d\u0105\u017cy\u0107 do zdobycia medali olimpijskich i paraolimpijskich.<\/p>\n\n\n\n<p>H\u00f4tel des Invalides zosta\u0142 wybudowany za panowania Ludwika XIV w 1687 roku jako szpital wojskowy i dom opieki dla weteran\u00f3w wojennych. Obecnie ten \u015bwiatowej s\u0142awy budynek obejmuje muzea i pomniki historii wojskowej Francji, a tak\u017ce grobowiec Napoleona Bonaparte. Bezpo\u015brednio naprzeciwko, elegancki most Pont Alexandre III \u0142\u0105czy to miejsce z Grand Palais po prawej stronie Sekwany.<\/p>\n\n\n\n<p>W 2024 roku Esplanada Inwalid\u00f3w b\u0119dzie aren\u0105 zmaga\u0144 w \u0142ucznictwie i para\u0142ucznictwie, charakteryzuj\u0105c\u0105 si\u0119 orientacj\u0105 p\u00f3\u0142noc-po\u0142udnie. Jest flankowana rz\u0119dami drzew po zachodniej i wschodniej stronie. Jej po\u0142o\u017cenie w sercu Pary\u017ca, w dedykowanej strefie dla Igrzysk, obiecuje niezapomniane prze\u017cycia zar\u00f3wno dla sportowc\u00f3w, jak i widz\u00f3w.<\/p>\n\n\n\n<p><strong>Konkurencje<\/strong><\/p>\n\n\n\n<ul class=\"wp-block-list\">\n<li>\u0141ucznictwo<\/li>\n\n\n\n<li>Lekkoatletyka<\/li>\n\n\n\n<li>Kolarstwo szosowe<\/li>\n<\/ul>\n\n<\/div>\n\t\t<\/div>\n\n<div class=\"wp-block-ub-content-toggle-accordion\" style=\"border-color: #f1f1f1;\" id=\"ub-content-toggle-panel-block-0e48e4e4-e3ca-4128-81b8-63c1295ad17c\">\n\t\t\t<div class=\"wp-block-ub-content-toggle-accordion-title-wrap\" style=\"background-color: #f1f1f1;\" aria-controls=\"ub-content-toggle-panel-12-8d464074-9f98-4cdb-9212-439c75f92023\" tabindex=\"0\">\n\t\t\t<p class=\"wp-block-ub-content-toggle-accordion-title ub-content-toggle-title-8d464074-9f98-4cdb-9212-439c75f92023\" style=\"color: #000000; \">La Beaujoire Stadium<\/p>\n\t\t\t<div class=\"wp-block-ub-content-toggle-accordion-toggle-wrap right\" style=\"color: #000000;\"><span class=\"wp-block-ub-content-toggle-accordion-state-indicator wp-block-ub-chevron-down\"><\/span><\/div>\n\t\t<\/div>\n\t\t\t<div role=\"region\" aria-expanded=\"false\" class=\"wp-block-ub-content-toggle-accordion-content-wrap ub-hide\" id=\"ub-content-toggle-panel-12-8d464074-9f98-4cdb-9212-439c75f92023\">\n\n<figure class=\"wp-block-image size-large\"><img decoding=\"async\" src=\"https:\/\/olimpijski.pl\/wp-content\/uploads\/2024\/07\/t4mmbub6yed1nkdy7ili-1024x576.avif\" alt=\"\" class=\"wp-image-85164\"><\/figure>\n\n\n\n<p>Stadion La Beaujoire, mityczna siedziba klubu pi\u0142karskiego FC Nantes od jego otwarcia w 1984 roku, zosta\u0142 zbudowany na potrzeby organizacji Mistrzostw Europy w Pi\u0142ce No\u017cnej Euro 1984. Jako g\u0142\u00f3wny obiekt sportowy miasta, Beaujoire go\u015bci liczne wa\u017cne mecze w ramach g\u0142\u00f3wnych zawod\u00f3w sportowych organizowanych we Francji. W 1998 roku przeszed\u0142 renowacj\u0119 na potrzeby organizacji Mistrzostw \u015awiata w Pi\u0142ce No\u017cnej.<\/p>\n\n\n\n<p>Dzi\u0119ki swojemu zaokr\u0105glonemu stylowi i dachowi, kt\u00f3ry obejmuje teraz wszystkie trybuny, Beaujoire pozostaje jednym z najbardziej rozpoznawalnych stadion\u00f3w we Francji, gdzie co weekend rozbrzmiewaj\u0105 okrzyki kibic\u00f3w Nantes. Stadion zaprojektowany przez architekta Berdje Agopyana, by\u0142 gospodarzem mecz\u00f3w w ramach wielu mi\u0119dzynarodowych turniej\u00f3w, w tym Mistrzostw Europy w Pi\u0142ce No\u017cnej Euro 1984, Mistrzostw \u015awiata w Pi\u0142ce No\u017cnej w 1998 roku oraz Pucharu \u015awiata w Rugby w 2007 roku. Po 26 latach do swojego dorobku dodaje nowe wydarzenie &#8211; Igrzyska Paris 2024.<\/p>\n\n\n\n<p><strong>Konkurencje<\/strong><\/p>\n\n\n\n<ul class=\"wp-block-list\">\n<li>Pi\u0142ka No\u017cna<\/li>\n<\/ul>\n\n<\/div>\n\t\t<\/div>\n\n<div class=\"wp-block-ub-content-toggle-accordion\" style=\"border-color: #f1f1f1;\" id=\"ub-content-toggle-panel-block-dff73c26-1765-46ea-b5b2-0227aa16767e\">\n\t\t\t<div class=\"wp-block-ub-content-toggle-accordion-title-wrap\" style=\"background-color: #f1f1f1;\" aria-controls=\"ub-content-toggle-panel-13-8d464074-9f98-4cdb-9212-439c75f92023\" tabindex=\"0\">\n\t\t\t<p class=\"wp-block-ub-content-toggle-accordion-title ub-content-toggle-title-8d464074-9f98-4cdb-9212-439c75f92023\" style=\"color: #000000; \">La Concorde<\/p>\n\t\t\t<div class=\"wp-block-ub-content-toggle-accordion-toggle-wrap right\" style=\"color: #000000;\"><span class=\"wp-block-ub-content-toggle-accordion-state-indicator wp-block-ub-chevron-down\"><\/span><\/div>\n\t\t<\/div>\n\t\t\t<div role=\"region\" aria-expanded=\"false\" class=\"wp-block-ub-content-toggle-accordion-content-wrap ub-hide\" id=\"ub-content-toggle-panel-13-8d464074-9f98-4cdb-9212-439c75f92023\">\n\n<figure class=\"wp-block-image size-large\"><img loading=\"lazy\" decoding=\"async\" width=\"1024\" height=\"576\" src=\"https:\/\/olimpijski.pl\/wp-content\/uploads\/2024\/07\/dkysx7e06ynhwfb3v0w9-1024x576.avif\" alt=\"\" class=\"wp-image-85267\" srcset=\"https:\/\/olimpijski.pl\/wp-content\/uploads\/2024\/07\/dkysx7e06ynhwfb3v0w9-1024x576.avif 1024w, https:\/\/olimpijski.pl\/wp-content\/uploads\/2024\/07\/dkysx7e06ynhwfb3v0w9-300x169.avif 300w, https:\/\/olimpijski.pl\/wp-content\/uploads\/2024\/07\/dkysx7e06ynhwfb3v0w9-768x432.avif 768w, https:\/\/olimpijski.pl\/wp-content\/uploads\/2024\/07\/dkysx7e06ynhwfb3v0w9.avif 1460w\" sizes=\"(max-width: 1024px) 100vw, 1024px\" \/><\/figure>\n\n\n\n<p>Od wczesnych etap\u00f3w ubiegania si\u0119 o Igrzyska, Pary\u017c 2024 pragn\u0105\u0142 umo\u017cliwi\u0107 urbanistycznym dyscyplinom sportowym etablowanie si\u0119 w ich naturalnym \u015brodowisku, z dala od stadion\u00f3w, w samym sercu miasta. Ten pomys\u0142 doskonale ilustruje tymczasowa transformacja Place de la Concorde w otwart\u0105 aren\u0119. To przedsi\u0119wzi\u0119cie r\u00f3wnie\u017c odzwierciedla g\u0142\u00f3wne zmiany, jakie Rada Miejska Pary\u017ca wprowadzi w celu zr\u00f3wnowa\u017conego przekszta\u0142cenia tego miejsca.<\/p>\n\n\n\n<p>W 2014 roku MKOl zainicjowa\u0142 Agend\u0119 Olimpijsk\u0105 2020, zach\u0119caj\u0105c komitety organizacyjne Igrzysk do tymczasowego dodania dodatkowych dyscyplin sportowych oraz nowych wydarze\u0144 do swoich program\u00f3w. Pary\u017c 2024 zdecydowa\u0142 si\u0119 na dodanie kilku nowoczesnych i spektakularnych sport\u00f3w do swojej koncepcji, w tym breakingu, surfingu, jazdy na deskorolce (street i park) oraz wspinaczki sportowej. Zgodnie z nowoczesnym podej\u015bciem, do programu Pary\u017ca 2024 w\u0142\u0105czono tak\u017ce niekt\u00f3re inne dyscypliny sportowe, kt\u00f3re ju\u017c by\u0142y cz\u0119\u015bci\u0105 programu, takie jak koszyk\u00f3wka 3&#215;3 (numer jeden w \u015bwiecie sport miejski) oraz BMX freestyle, akrobatyczna odmiana wy\u015bcig\u00f3w BMX. BMX freestyle, breaking, deskorolka i koszyk\u00f3wka 3&#215;3 b\u0119d\u0105 dzieli\u0107 La Concorde, ikoniczne miejsce w samym sercu Pary\u017ca 2024, przez ca\u0142y czas trwania Igrzysk, niemal bez przerwy od soboty, 27 lipca do soboty, 10 sierpnia.<\/p>\n\n\n\n<p><strong>Konkurencje<\/strong><\/p>\n\n\n\n<ul class=\"wp-block-list\">\n<li>Koszyk\u00f3wka 3&#215;3<\/li>\n\n\n\n<li>Breaking<\/li>\n\n\n\n<li>BMX Freestyle<\/li>\n\n\n\n<li>Deskorolka<\/li>\n<\/ul>\n\n<\/div>\n\t\t<\/div>\n\n<div class=\"wp-block-ub-content-toggle-accordion\" style=\"border-color: #f1f1f1;\" id=\"ub-content-toggle-panel-block-5a748da0-00c4-42ad-a42b-3018c9c42997\">\n\t\t\t<div class=\"wp-block-ub-content-toggle-accordion-title-wrap\" style=\"background-color: #f1f1f1;\" aria-controls=\"ub-content-toggle-panel-14-8d464074-9f98-4cdb-9212-439c75f92023\" tabindex=\"0\">\n\t\t\t<p class=\"wp-block-ub-content-toggle-accordion-title ub-content-toggle-title-8d464074-9f98-4cdb-9212-439c75f92023\" style=\"color: #000000; \">Le Bourget Sport Climbing Venue<\/p>\n\t\t\t<div class=\"wp-block-ub-content-toggle-accordion-toggle-wrap right\" style=\"color: #000000;\"><span class=\"wp-block-ub-content-toggle-accordion-state-indicator wp-block-ub-chevron-down\"><\/span><\/div>\n\t\t<\/div>\n\t\t\t<div role=\"region\" aria-expanded=\"false\" class=\"wp-block-ub-content-toggle-accordion-content-wrap ub-hide\" id=\"ub-content-toggle-panel-14-8d464074-9f98-4cdb-9212-439c75f92023\">\n\n<figure class=\"wp-block-image size-large\"><img loading=\"lazy\" decoding=\"async\" width=\"1024\" height=\"576\" src=\"https:\/\/olimpijski.pl\/wp-content\/uploads\/2024\/07\/yxea1ra5ucjisw6k8ccn-1024x576.avif\" alt=\"\" class=\"wp-image-85269\" srcset=\"https:\/\/olimpijski.pl\/wp-content\/uploads\/2024\/07\/yxea1ra5ucjisw6k8ccn-1024x576.avif 1024w, https:\/\/olimpijski.pl\/wp-content\/uploads\/2024\/07\/yxea1ra5ucjisw6k8ccn-300x169.avif 300w, https:\/\/olimpijski.pl\/wp-content\/uploads\/2024\/07\/yxea1ra5ucjisw6k8ccn-768x432.avif 768w, https:\/\/olimpijski.pl\/wp-content\/uploads\/2024\/07\/yxea1ra5ucjisw6k8ccn.avif 1460w\" sizes=\"(max-width: 1024px) 100vw, 1024px\" \/><\/figure>\n\n\n\n<p>W\u0142\u0105czenie wspinaczki sportowej do Igrzysk Olimpijskich ilustruje nowoczesne podej\u015bcie, kt\u00f3re Pary\u017c 2024 chcia\u0142by wprowadzi\u0107 do swoich igrzysk: promowanie nowoczesnego sportu uprawianego w obszarze z m\u0142od\u0105 populacj\u0105 w celu maksymalnego zwi\u0119kszenia uczestnictwa. Razem z O\u015brodkiem Sport\u00f3w Wodnych w Saint-Denis, obiekt wspinaczkowy Le Bourget jest jedynym obiektem sportowym zbudowanym specjalnie na potrzeby Pary\u017ca 2024. Patrz\u0105c daleko poza Igrzyska Pary\u017c 2024, ten obiekt jest odpowiedzi\u0105 na potrzeby i oczekiwania w departamencie Seine-Saint-Denis.<\/p>\n\n\n\n<p>W czasie Igrzysk zostanie u\u017cytych pi\u0119\u0107 \u015bcian wspinaczkowych: jedna wewn\u0119trzna do rozgrzewki oraz cztery zewn\u0119trzne, z czego trzy b\u0119d\u0105 s\u0142u\u017cy\u0107 do konkurencji (speed, bouldering i lead combined), a czwarta b\u0119dzie przeznaczona dla zawodnik\u00f3w do rozgrzewki.<\/p>\n\n\n\n<p>Obiekty wewn\u0119trzne zapewni\u0105 trwa\u0142y \u015blad po Igrzyskach w departamencie, kt\u00f3ry cierpi na powa\u017cny niedob\u00f3r obiekt\u00f3w sportowych (103. miejsce spo\u015br\u00f3d 105 departament\u00f3w).<\/p>\n\n\n\n<p><strong>Konkurencje<\/strong><\/p>\n\n\n\n<ul class=\"wp-block-list\">\n<li>Wspinaczka sportowa<\/li>\n<\/ul>\n\n<\/div>\n\t\t<\/div>\n\n<div class=\"wp-block-ub-content-toggle-accordion\" style=\"border-color: #f1f1f1;\" id=\"ub-content-toggle-panel-block-f12e9d4d-5558-4b59-a273-6e522fdb91e3\">\n\t\t\t<div class=\"wp-block-ub-content-toggle-accordion-title-wrap\" style=\"background-color: #f1f1f1;\" aria-controls=\"ub-content-toggle-panel-15-8d464074-9f98-4cdb-9212-439c75f92023\" tabindex=\"0\">\n\t\t\t<p class=\"wp-block-ub-content-toggle-accordion-title ub-content-toggle-title-8d464074-9f98-4cdb-9212-439c75f92023\" style=\"color: #000000; \">Golf National<\/p>\n\t\t\t<div class=\"wp-block-ub-content-toggle-accordion-toggle-wrap right\" style=\"color: #000000;\"><span class=\"wp-block-ub-content-toggle-accordion-state-indicator wp-block-ub-chevron-down\"><\/span><\/div>\n\t\t<\/div>\n\t\t\t<div role=\"region\" aria-expanded=\"false\" class=\"wp-block-ub-content-toggle-accordion-content-wrap ub-hide\" id=\"ub-content-toggle-panel-15-8d464074-9f98-4cdb-9212-439c75f92023\">\n\n<figure class=\"wp-block-image size-large\"><img decoding=\"async\" src=\"https:\/\/olimpijski.pl\/wp-content\/uploads\/2024\/07\/aq7kowcwlmh8nqp8z8zr-1024x576.avif\" alt=\"\" class=\"wp-image-85158\"><\/figure>\n\n\n\n<p>Jak\u017ce lepszym miejscem do organizacji najpi\u0119kniejszej na \u015bwiecie zawod\u00f3w, ni\u017c jedno z najbardziej presti\u017cowych p\u00f3l golfowych w Europie? Na Golf National, 120 zawodnik\u00f3w turnieju olimpijskiego znajdzie ustawienie i pole do gry, kt\u00f3re spe\u0142ni\u0105 ich ambicje. Spo\u015br\u00f3d dw\u00f3ch p\u00f3l golfowych z\u0142o\u017conych z 18 do\u0142k\u00f3w, \u201eL\u2019Albatros\u201d wyr\u00f3\u017cnia si\u0119 jako najbardziej konkurencyjne i z\u0142o\u017cone; pole to by\u0142o u\u017cywane do organizacji wielkich mi\u0119dzynarodowych zawod\u00f3w, w tym Pucharu Rydera w 2018 roku.<\/p>\n\n\n\n<p>Nale\u017c\u0105cy do Francuskiej Federacji Golfa, Golf National zosta\u0142 zaprojektowany w 1991 roku jako siedziba narodowego centrum technicznego do golfu oraz jako miejsce organizacji corocznego French Open. Trzy lata prac by\u0142y potrzebne, aby przekszta\u0142ci\u0107 ten wcze\u015bniej p\u0142aski teren o powierzchni 139 hektar\u00f3w w unikalne miejsce, kt\u00f3re obejmuje dwa pola golfowe z 18 do\u0142kami oraz pole dla pocz\u0105tkuj\u0105cych z 7 do\u0142kami.<\/p>\n\n\n\n<p>Golf National od dawna anga\u017cuje si\u0119 w praktyki zr\u00f3wnowa\u017cone, d\u0105\u017c\u0105c do poprawy dzia\u0142a\u0144 zarz\u0105dzania \u015brodowiskowego na terenie i ochrony dziedzictwa. Zespo\u0142y Golf National wsp\u00f3\u0142pracuj\u0105 z francuskim Ministerstwem Ekologii, Zr\u00f3wnowa\u017conego Rozwoju i Energii w realizacji tych cel\u00f3w.<\/p>\n\n\n\n<p><strong>Konkurencje<\/strong><\/p>\n\n\n\n<ul class=\"wp-block-list\">\n<li>Golf<\/li>\n<\/ul>\n\n<\/div>\n\t\t<\/div>\n\n<div class=\"wp-block-ub-content-toggle-accordion\" style=\"border-color: #f1f1f1;\" id=\"ub-content-toggle-panel-block-9198a84b-bb12-429b-b454-741c1308ec18\">\n\t\t\t<div class=\"wp-block-ub-content-toggle-accordion-title-wrap\" style=\"background-color: #f1f1f1;\" aria-controls=\"ub-content-toggle-panel-16-8d464074-9f98-4cdb-9212-439c75f92023\" tabindex=\"0\">\n\t\t\t<p class=\"wp-block-ub-content-toggle-accordion-title ub-content-toggle-title-8d464074-9f98-4cdb-9212-439c75f92023\" style=\"color: #000000; \">Lyon Stadium<\/p>\n\t\t\t<div class=\"wp-block-ub-content-toggle-accordion-toggle-wrap right\" style=\"color: #000000;\"><span class=\"wp-block-ub-content-toggle-accordion-state-indicator wp-block-ub-chevron-down\"><\/span><\/div>\n\t\t<\/div>\n\t\t\t<div role=\"region\" aria-expanded=\"false\" class=\"wp-block-ub-content-toggle-accordion-content-wrap ub-hide\" id=\"ub-content-toggle-panel-16-8d464074-9f98-4cdb-9212-439c75f92023\">\n\n<figure class=\"wp-block-image size-large\"><img decoding=\"async\" src=\"https:\/\/olimpijski.pl\/wp-content\/uploads\/2024\/07\/beekk7tvfg9hzosbxccr-1024x576.avif\" alt=\"\" class=\"wp-image-85156\"><\/figure>\n\n\n\n<p>Stadion Lyon jest ultranowoczesnym obiektem, nale\u017c\u0105cym do klubu pi\u0142karskiego Olympique Lyonnais, siedmiokrotnego mistrza Ligue 1. Stadion zosta\u0142 zbudowany w celu organizacji wybranych mecz\u00f3w Euro 2016 i zosta\u0142 otwarty na pocz\u0105tku 2016 roku w D\u00e9cines, niedaleko Lyonu. Miasto, wcze\u015bniej stolica Gal\u00f3w, teraz dysponuje nowoczesnym, wielofunkcyjnym obiektem (trzecim co do wielko\u015bci we Francji pod wzgl\u0119dem pojemno\u015bci), kt\u00f3ry mo\u017ce go\u015bci\u0107 wa\u017cne wydarzenia mi\u0119dzynarodowe przez ca\u0142y rok, co stanowi dodatkowy atut dla przyjmowania widz\u00f3w podczas Igrzysk Olimpijskich w 2024 roku.<\/p>\n\n\n\n<p>Stadion zosta\u0142 zaprojektowany przez firm\u0119 architektoniczn\u0105 Populous. Budowany z ambicj\u0105 minimalizowania wp\u0142ywu na \u015brodowisko, korzysta w 100% z energii odnawialnej, mi\u0119dzy innymi dzi\u0119ki panelom s\u0142onecznym na dachu. Murawa wyposa\u017cona jest w zaawansowan\u0105 technologi\u0119, a przestrzenie stworzone zosta\u0142y dla sportowc\u00f3w, medi\u00f3w oraz kilku restauracji, co \u0142\u0105cznie daje 8 000 m\u00b2 powierzchni. Opr\u00f3cz mecz\u00f3w klubowych Olympique Lyonnais, stadion go\u015bci\u0142 wiele wydarze\u0144 na wysokim poziomie, w tym jedno z p\u00f3\u0142fina\u0142\u00f3w Euro 2016 oraz fina\u0142 Ligi Europy w 2018 roku, a tak\u017ce koncerty mi\u0119dzynarodowych gwiazd takich jak Rihanna i Ed Sheeran.<\/p>\n\n\n\n<p><strong>Konkurencje<\/strong><\/p>\n\n\n\n<ul class=\"wp-block-list\">\n<li>Pi\u0142ka No\u017cna<\/li>\n<\/ul>\n\n<\/div>\n\t\t<\/div>\n\n<div class=\"wp-block-ub-content-toggle-accordion\" style=\"border-color: #f1f1f1;\" id=\"ub-content-toggle-panel-block-44d2a5bb-ae8e-4acb-8b33-b4beeadca69d\">\n\t\t\t<div class=\"wp-block-ub-content-toggle-accordion-title-wrap\" style=\"background-color: #f1f1f1;\" aria-controls=\"ub-content-toggle-panel-17-8d464074-9f98-4cdb-9212-439c75f92023\" tabindex=\"0\">\n\t\t\t<p class=\"wp-block-ub-content-toggle-accordion-title ub-content-toggle-title-8d464074-9f98-4cdb-9212-439c75f92023\" style=\"color: #000000; \">Marseille Marina<\/p>\n\t\t\t<div class=\"wp-block-ub-content-toggle-accordion-toggle-wrap right\" style=\"color: #000000;\"><span class=\"wp-block-ub-content-toggle-accordion-state-indicator wp-block-ub-chevron-down\"><\/span><\/div>\n\t\t<\/div>\n\t\t\t<div role=\"region\" aria-expanded=\"false\" class=\"wp-block-ub-content-toggle-accordion-content-wrap ub-hide\" id=\"ub-content-toggle-panel-17-8d464074-9f98-4cdb-9212-439c75f92023\">\n\n<figure class=\"wp-block-image size-large\"><img decoding=\"async\" src=\"https:\/\/olimpijski.pl\/wp-content\/uploads\/2024\/07\/a3dg9k4vqcvfwltczrxn-1024x577.avif\" alt=\"\" class=\"wp-image-85154\"><\/figure>\n\n\n\n<p>Na \u017ceglarstwo podczas Igrzysk Olimpijskich Pary\u017c 2024 wybrano \u015br\u00f3dziemnomorskie tereny, z Marseille jako g\u0142\u00f3wnym miejscem rywalizacji. Miasto to, ze wzgl\u0119du na swoje po\u0142o\u017cenie i tradycje zwi\u0105zane z morzem, oferuje doskona\u0142e warunki do \u017ceglarstwa. Dzi\u0119ki mi\u0119dzynarodowej renomie w organizacji wydarze\u0144 \u017ceglarskich, Marseille i jego Marina s\u0105 idealnym miejscem do przeprowadzenia zawod\u00f3w \u017ceglarskich podczas Igrzysk Olimpijskich Pary\u017c 2024.<\/p>\n\n\n\n<p>Marina Roucas-Blanc, punkt startowy dla \u0142odzi, zostanie przystosowana do organizacji zawod\u00f3w o skali igrzysk olimpijskich. Program obejmuje plany budowy oko\u0142o 7000 m\u00b2 budynk\u00f3w oraz reorganizacj\u0119 17 000 m\u00b2 przestrzeni zewn\u0119trznych, a tak\u017ce przebudow\u0119 samego basenu, tworz\u0105c wyj\u0105tkowe miejsce do rywalizacji.<\/p>\n\n\n\n<p>Wyj\u0105tkowa ekspozycja na La Corniche w Marsylii oraz jako\u015b\u0107 warunk\u00f3w wodnych na wybrze\u017cu &#8211; stabilne wiatry i korzystna konfiguracja wzgl\u0119dem dominuj\u0105cych wiatr\u00f3w, bez pr\u0105d\u00f3w czy p\u0142yw\u00f3w &#8211; zapewni\u0105 idealne warunki taktyczne i strategiczne dla zawodnik\u00f3w.<\/p>\n\n\n\n<p>Dodatkowo, miasto Marseille b\u0119dzie gospodarzem niekt\u00f3rych mecz\u00f3w pi\u0142ki no\u017cnej olimpijskiej na Stade V\u00e9lodrome.<\/p>\n\n\n\n<p><strong>Konkurencje<\/strong><\/p>\n\n\n\n<ul class=\"wp-block-list\">\n<li>\u017beglarstwo<\/li>\n<\/ul>\n\n<\/div>\n\t\t<\/div>\n\n<div class=\"wp-block-ub-content-toggle-accordion\" style=\"border-color: #f1f1f1;\" id=\"ub-content-toggle-panel-block-61bdc9b4-70de-43e0-9315-f1af3cb06325\">\n\t\t\t<div class=\"wp-block-ub-content-toggle-accordion-title-wrap\" style=\"background-color: #f1f1f1;\" aria-controls=\"ub-content-toggle-panel-18-8d464074-9f98-4cdb-9212-439c75f92023\" tabindex=\"0\">\n\t\t\t<p class=\"wp-block-ub-content-toggle-accordion-title ub-content-toggle-title-8d464074-9f98-4cdb-9212-439c75f92023\" style=\"color: #000000; \">Marseille Stadium<\/p>\n\t\t\t<div class=\"wp-block-ub-content-toggle-accordion-toggle-wrap right\" style=\"color: #000000;\"><span class=\"wp-block-ub-content-toggle-accordion-state-indicator wp-block-ub-chevron-down\"><\/span><\/div>\n\t\t<\/div>\n\t\t\t<div role=\"region\" aria-expanded=\"false\" class=\"wp-block-ub-content-toggle-accordion-content-wrap ub-hide\" id=\"ub-content-toggle-panel-18-8d464074-9f98-4cdb-9212-439c75f92023\">\n\n<figure class=\"wp-block-image size-large\"><img decoding=\"async\" src=\"https:\/\/olimpijski.pl\/wp-content\/uploads\/2024\/07\/ziotfeuhilbeeh6amsal-1024x576.avif\" alt=\"\" class=\"wp-image-85152\"><\/figure>\n\n\n\n<p>Legendarne Stadion w Marsylii (znany r\u00f3wnie\u017c jako Stade V\u00e9lodrome) jest drugim co do wielko\u015bci obiektem sportowym we Francji i od momentu swojego powstania w 1937 roku stanowi g\u0142\u00f3wn\u0105 aren\u0119 dla Olympique de Marseille &#8211; lokalnego klubu pi\u0142karskiego. Stadion przeszed\u0142 liczne modernizacje, a ostatnia zako\u0144czona w 2014 roku pod kierunkiem architekt\u00f3w z SCAU nada\u0142a mu nowoczesny wygl\u0105d, m.in. dzi\u0119ki nowemu dachowi, kt\u00f3ry obejmuje jego zakrzywione trybuny, oraz zwi\u0119kszeniu pojemno\u015bci.<\/p>\n\n\n\n<p>Dzi\u0119ki zmodernizowanej infrastrukturze stadion wprowadzi\u0142 r\u00f3wnie\u017c odpowiedzialne podej\u015bcie ekologiczne. Wykorzystuje on ciep\u0142o odzyskiwane z pobliskiej oczyszczalni \u015bciek\u00f3w do pokrycia po\u0142owy zapotrzebowania na ogrzewanie oraz nowy system odzyskiwania i ponownego wykorzystania deszcz\u00f3wki.<\/p>\n\n\n\n<p>Opr\u00f3cz mecz\u00f3w domowych Olympique de Marseille, Stade V\u00e9lodrome go\u015bci\u0142 mecze reprezentacji Francji oraz wszystkie g\u0142\u00f3wne zawody sportowe organizowane we Francji od pierwszej po\u0142owy XX wieku: Mistrzostwa \u015awiata w Pi\u0142ce No\u017cnej w 1938 i 1998 roku, Mistrzostwa Europy w Pi\u0142ce No\u017cnej w 1984 i 2016 roku, Mistrzostwa \u015awiata w Rugby w 2007 roku oraz Mistrzostwa \u015awiata w Rugby w 2023 roku. Stadion b\u0119dzie r\u00f3wnie\u017c aren\u0105 dla kilku mecz\u00f3w pi\u0142karskich turniej\u00f3w olimpijskich Pary\u017ca 2024. Stade V\u00e9lodrome regularnie organizuje r\u00f3wnie\u017c koncerty gwiazd mi\u0119dzynarodowych, takich jak The Rolling Stones, Pink Floyd, C\u00e9line Dion i AC\/DC.<\/p>\n\n\n\n<p><strong>Konkurencje<\/strong><\/p>\n\n\n\n<ul class=\"wp-block-list\">\n<li>Pi\u0142ka No\u017cna<\/li>\n<\/ul>\n\n<\/div>\n\t\t<\/div>\n\n<div class=\"wp-block-ub-content-toggle-accordion\" style=\"border-color: #f1f1f1;\" id=\"ub-content-toggle-panel-block-27a6ee93-029d-4e0e-ae32-fa5f2ee571aa\">\n\t\t\t<div class=\"wp-block-ub-content-toggle-accordion-title-wrap\" style=\"background-color: #f1f1f1;\" aria-controls=\"ub-content-toggle-panel-19-8d464074-9f98-4cdb-9212-439c75f92023\" tabindex=\"0\">\n\t\t\t<p class=\"wp-block-ub-content-toggle-accordion-title ub-content-toggle-title-8d464074-9f98-4cdb-9212-439c75f92023\" style=\"color: #000000; \">Nice Stadium<\/p>\n\t\t\t<div class=\"wp-block-ub-content-toggle-accordion-toggle-wrap right\" style=\"color: #000000;\"><span class=\"wp-block-ub-content-toggle-accordion-state-indicator wp-block-ub-chevron-down\"><\/span><\/div>\n\t\t<\/div>\n\t\t\t<div role=\"region\" aria-expanded=\"false\" class=\"wp-block-ub-content-toggle-accordion-content-wrap ub-hide\" id=\"ub-content-toggle-panel-19-8d464074-9f98-4cdb-9212-439c75f92023\">\n\n<figure class=\"wp-block-image size-large\"><img decoding=\"async\" src=\"https:\/\/olimpijski.pl\/wp-content\/uploads\/2024\/07\/gkdqkzamz08sdohss8uw-1024x576.avif\" alt=\"\" class=\"wp-image-85150\"><\/figure>\n\n\n\n<p>Stadion Nicejski to nowoczesny obiekt znajduj\u0105cy si\u0119 na po\u0142udniowym wybrze\u017cu Francji, blisko Morza \u015ar\u00f3dziemnego. Zosta\u0142 zbudowany w 2013 roku, zast\u0119puj\u0105c wcze\u015bniejszy stadion miasta, Stade du Ray, kt\u00f3ry by\u0142 ju\u017c przestarza\u0142y. Obecnie jest domem dla klubu pi\u0142karskiego OGC Nice i mo\u017ce pomie\u015bci\u0107 36 178 widz\u00f3w. Ten nowy stadion obejmuje ponad 10 000 m\u00b2 powierzchni wystawienniczej i zosta\u0142 zaprojektowany zgodnie z zasadami odpowiedzialno\u015bci ekologicznej, czego dowodem s\u0105 7000 m\u00b2 paneli fotowoltaicznych na dachu oraz system odzyskiwania i ponownego wykorzystania deszcz\u00f3wki.<\/p>\n\n\n\n<p>Dzi\u0119ki Stadionowi Nicejskiemu, stolica regionu C\u00f4te d\u2019Azur zyska\u0142a modularny, wielofunkcyjny obiekt do organizacji wydarze\u0144 kulturalnych i sportowych. Opr\u00f3cz mecz\u00f3w ligowych i europejskich OGC Nice, stadion go\u015bci\u0142 kilka wydarze\u0144 na wysokim poziomie, w tym mecze Euro 2016 oraz mecze reprezentacji Francji.<\/p>\n\n\n\n<p>Dzi\u0119ki swojej przestrzeni Nicejski Stadion jest tak\u017ce siedzib\u0105 Narodowego Muzeum Sportu, odwiedzanego przez ponad 70 000 os\u00f3b rocznie.<\/p>\n\n\n\n<p><strong>Konkurencje<\/strong><\/p>\n\n\n\n<ul class=\"wp-block-list\">\n<li>Pi\u0142ka No\u017cna<\/li>\n<\/ul>\n\n<\/div>\n\t\t<\/div>\n\n<div class=\"wp-block-ub-content-toggle-accordion\" style=\"border-color: #f1f1f1;\" id=\"ub-content-toggle-panel-block-4265ab9f-8a4a-4cfe-bc02-f9df862597e8\">\n\t\t\t<div class=\"wp-block-ub-content-toggle-accordion-title-wrap\" style=\"background-color: #f1f1f1;\" aria-controls=\"ub-content-toggle-panel-20-8d464074-9f98-4cdb-9212-439c75f92023\" tabindex=\"0\">\n\t\t\t<p class=\"wp-block-ub-content-toggle-accordion-title ub-content-toggle-title-8d464074-9f98-4cdb-9212-439c75f92023\" style=\"color: #000000; \">North Paris Arena<\/p>\n\t\t\t<div class=\"wp-block-ub-content-toggle-accordion-toggle-wrap right\" style=\"color: #000000;\"><span class=\"wp-block-ub-content-toggle-accordion-state-indicator wp-block-ub-chevron-down\"><\/span><\/div>\n\t\t<\/div>\n\t\t\t<div role=\"region\" aria-expanded=\"false\" class=\"wp-block-ub-content-toggle-accordion-content-wrap ub-hide\" id=\"ub-content-toggle-panel-20-8d464074-9f98-4cdb-9212-439c75f92023\">\n\n<figure class=\"wp-block-image size-large\"><img decoding=\"async\" src=\"https:\/\/olimpijski.pl\/wp-content\/uploads\/2024\/07\/ueupjchxueao6ta0a8jn-1024x576.avif\" alt=\"\" class=\"wp-image-85148\"><\/figure>\n\n\n\n<p>Centrum Wystawiennicze Villepinte zostanie przekszta\u0142cone w wielofunkcyjny obiekt sportowy o nazwie &#8220;Arena P\u00f3\u0142nocny Pary\u017c&#8221; na czas trwania igrzysk. Ten ogromny kompleks wystawienniczy z dziewi\u0119cioma halami jest najwi\u0119kszym obiektem tego typu we Francji, z kolejnym miejscem zajmuje centrum wystawowe Paris Expo na Porte de Versailles. Zaprojektowana do obs\u0142ugi du\u017cych zgromadze\u0144, Arena P\u00f3\u0142nocny Pary\u017c b\u0119dzie idealnym miejscem w Villepinte, le\u017c\u0105cym w sercu Seine-Saint-Denis, gdzie tysi\u0105ce widz\u00f3w b\u0119dzie mog\u0142o \u015bledzi\u0107 z bliska wydarzenia sportowe podczas Letnich Igrzysk Olimpijskich i Paraolimpijskich Pary\u017c 2024.<\/p>\n\n\n\n<p>Arena P\u00f3\u0142nocny Pary\u017c znajduje si\u0119 w Centrum Wystawienniczym Villepinte w Seine-Saint-Denis. Ten obiekt b\u0119dzie gospodarzem rund eliminacyjnych w boksie oraz rundy rankingowej w szermierce pi\u0119cioboju nowoczesnego podczas Letnich Igrzysk Olimpijskich oraz zawod\u00f3w w siatk\u00f3wce siedz\u0105cej podczas Letnich Igrzysk Paraolimpijskich.<\/p>\n\n\n\n<p><strong>Konkurencje<\/strong><\/p>\n\n\n\n<ul class=\"wp-block-list\">\n<li>Boks<\/li>\n\n\n\n<li>Pi\u0119ciob\u00f3j Nowoczesny\u00a0<\/li>\n<\/ul>\n\n<\/div>\n\t\t<\/div>\n\n<div class=\"wp-block-ub-content-toggle-accordion\" style=\"border-color: #f1f1f1;\" id=\"ub-content-toggle-panel-block-e5f431b7-edc4-489a-a56e-60def398f32c\">\n\t\t\t<div class=\"wp-block-ub-content-toggle-accordion-title-wrap\" style=\"background-color: #f1f1f1;\" aria-controls=\"ub-content-toggle-panel-21-8d464074-9f98-4cdb-9212-439c75f92023\" tabindex=\"0\">\n\t\t\t<p class=\"wp-block-ub-content-toggle-accordion-title ub-content-toggle-title-8d464074-9f98-4cdb-9212-439c75f92023\" style=\"color: #000000; \">Parc des Princes<\/p>\n\t\t\t<div class=\"wp-block-ub-content-toggle-accordion-toggle-wrap right\" style=\"color: #000000;\"><span class=\"wp-block-ub-content-toggle-accordion-state-indicator wp-block-ub-chevron-down\"><\/span><\/div>\n\t\t<\/div>\n\t\t\t<div role=\"region\" aria-expanded=\"false\" class=\"wp-block-ub-content-toggle-accordion-content-wrap ub-hide\" id=\"ub-content-toggle-panel-21-8d464074-9f98-4cdb-9212-439c75f92023\">\n\n<figure class=\"wp-block-image size-large\"><img decoding=\"async\" src=\"https:\/\/olimpijski.pl\/wp-content\/uploads\/2024\/07\/xxi7qpjhwhh1tqewooib-1024x576.avif\" alt=\"\" class=\"wp-image-85146\"><\/figure>\n\n\n\n<p>Parc des Princes to ikoniczny obiekt w historii francuskiego sportu, po\u0142o\u017cony w 16. dzielnicy Pary\u017ca, Miasta \u015awiate\u0142. Wyr\u00f3\u017cnia si\u0119 w krajobrazie Porte de Saint-Cloud swoimi kultowymi betonowymi kolumnami, kt\u00f3re zdobi\u0105 jego dach. Zbudowany w obecnej formie w 1972 roku i zaprojektowany przez architekta Rogera Tailliberta (tw\u00f3rc\u0119 m.in. Stadionu Olimpijskiego w Montrealu), &#8220;Parc&#8221; jest idealnie po\u0142o\u017cony, aby by\u0107 gospodarzem Igrzysk Pary\u017c 2024.<\/p>\n\n\n\n<p>Opr\u00f3cz bycia domem Paris Saint-Germain od 1974 roku, Parc des Princes by\u0142 aren\u0105 dla mecz\u00f3w reprezentacji Francji w pi\u0142ce no\u017cnej i rugby, a tak\u017ce dla wielu mi\u0119dzynarodowych zawod\u00f3w, w tym Mistrzostw \u015awiata w Pi\u0142ce No\u017cnej w 1998 roku i Mistrzostw Europy w 2016 roku, oraz koncert\u00f3w francuskich i mi\u0119dzynarodowych gwiazd. Ten 47 929 miejscowy stadion go\u015bci tak\u017ce fina\u0142y Pucharu Francji w pi\u0142ce no\u017cnej oraz francuskie mistrzostwa rugby ka\u017cdego roku. Ostatnia jego modernizacja mia\u0142a miejsce na potrzeby Euro 2016.<\/p>\n\n\n\n<p><strong>Konkurencje<\/strong><\/p>\n\n\n\n<ul class=\"wp-block-list\">\n<li>Pi\u0142ka no\u017cna<\/li>\n<\/ul>\n\n<\/div>\n\t\t<\/div>\n\n<div class=\"wp-block-ub-content-toggle-accordion\" style=\"border-color: #f1f1f1;\" id=\"ub-content-toggle-panel-block-bd0ec990-2829-4145-89f9-3b6467811508\">\n\t\t\t<div class=\"wp-block-ub-content-toggle-accordion-title-wrap\" style=\"background-color: #f1f1f1;\" aria-controls=\"ub-content-toggle-panel-22-8d464074-9f98-4cdb-9212-439c75f92023\" tabindex=\"0\">\n\t\t\t<p class=\"wp-block-ub-content-toggle-accordion-title ub-content-toggle-title-8d464074-9f98-4cdb-9212-439c75f92023\" style=\"color: #000000; \">Paris La Defense Arena<\/p>\n\t\t\t<div class=\"wp-block-ub-content-toggle-accordion-toggle-wrap right\" style=\"color: #000000;\"><span class=\"wp-block-ub-content-toggle-accordion-state-indicator wp-block-ub-chevron-down\"><\/span><\/div>\n\t\t<\/div>\n\t\t\t<div role=\"region\" aria-expanded=\"false\" class=\"wp-block-ub-content-toggle-accordion-content-wrap ub-hide\" id=\"ub-content-toggle-panel-22-8d464074-9f98-4cdb-9212-439c75f92023\">\n\n<figure class=\"wp-block-image size-large\"><img decoding=\"async\" src=\"https:\/\/olimpijski.pl\/wp-content\/uploads\/2024\/07\/v6t0hesg2db1d5gzqb3i-1024x576.avif\" alt=\"\" class=\"wp-image-85144\"><\/figure>\n\n\n\n<p>Paris La D\u00e9fense Arena w Nanterre to wyj\u0105tkowa instalacja pod wzgl\u0119dem skali, pojemno\u015bci i technologii: 13 km trybun, konstrukcja wa\u017c\u0105ca 5,500 ton oraz 28,632 m2 boisk i kort\u00f3w. Od czasu otwarcia obiekt ten przyj\u0105\u0142 ju\u017c ponad dwa miliony widz\u00f3w na koncertach mi\u0119dzynarodowych artyst\u00f3w, konwencjach i seminariach oraz podczas mecz\u00f3w rugby Racing 92. W 2024 roku po raz pierwszy odb\u0119d\u0105 si\u0119 tutaj zawody p\u0142ywackie, dzi\u0119ki modularnej i wielofunkcyjnej konstrukcji.<\/p>\n\n\n\n<p>Arena zosta\u0142a otwarta w 2017 roku i charakteryzuje si\u0119 ikonicznym, nowoczesnym projektem autorstwa architekta Christiana de Portzamparc. Posiada najwi\u0119kszy na \u015bwiecie interaktywny ekran gigantyczny o innowacyjnej technologii i powierzchni 1400 m2 (r\u00f3wnowa\u017cnej siedmiu kortom tenisowym).<\/p>\n\n\n\n<p>Dzi\u0119ki 600 dynamicznym aluminiowym i szklanym p\u0142ytom, kt\u00f3re tworz\u0105 fasad\u0119 zewn\u0119trzn\u0105 budynku, arena nabiera \u017cycia podczas r\u00f3\u017cnych wydarze\u0144, kt\u00f3re odbywaj\u0105 si\u0119 tutaj. W 2024 roku zainauguruje kolorowe widowisko Igrzysk Olimpijskich i Paraolimpijskich Pary\u017ca 2024!<\/p>\n\n\n\n<p><strong>Konkurencje<\/strong><\/p>\n\n\n\n<ul class=\"wp-block-list\">\n<li>P\u0142ywanie<\/li>\n\n\n\n<li>Pi\u0142ka wodna<\/li>\n<\/ul>\n\n<\/div>\n\t\t<\/div>\n\n<div class=\"wp-block-ub-content-toggle-accordion\" style=\"border-color: #f1f1f1;\" id=\"ub-content-toggle-panel-block-63416680-94f1-41f5-af87-646b26e13f1c\">\n\t\t\t<div class=\"wp-block-ub-content-toggle-accordion-title-wrap\" style=\"background-color: #f1f1f1;\" aria-controls=\"ub-content-toggle-panel-23-8d464074-9f98-4cdb-9212-439c75f92023\" tabindex=\"0\">\n\t\t\t<p class=\"wp-block-ub-content-toggle-accordion-title ub-content-toggle-title-8d464074-9f98-4cdb-9212-439c75f92023\" style=\"color: #000000; \">Pierre Mauroy Stadium<\/p>\n\t\t\t<div class=\"wp-block-ub-content-toggle-accordion-toggle-wrap right\" style=\"color: #000000;\"><span class=\"wp-block-ub-content-toggle-accordion-state-indicator wp-block-ub-chevron-down\"><\/span><\/div>\n\t\t<\/div>\n\t\t\t<div role=\"region\" aria-expanded=\"false\" class=\"wp-block-ub-content-toggle-accordion-content-wrap ub-hide\" id=\"ub-content-toggle-panel-23-8d464074-9f98-4cdb-9212-439c75f92023\">\n\n<figure class=\"wp-block-image size-large\"><img decoding=\"async\" src=\"https:\/\/olimpijski.pl\/wp-content\/uploads\/2024\/07\/gdipnj8m9xgxekrvnck8-1024x576.avif\" alt=\"\" class=\"wp-image-85142\"><\/figure>\n\n\n\n<p>Stadion Pierre-Mauroy, zbudowany w 2012 roku i b\u0119d\u0105cy domem jednego z czo\u0142owych klub\u00f3w pi\u0142karskich we Francji, Lille Olympique Sporting Club (LOSC), jest modu\u0142owym obiektem sportowym o spektakularnym designie. Zlokalizowany w Villeneuve-d\u2019Ascq, umo\u017cliwia regionowi Hauts de France oraz metropolii europejskiej Lille, czwartemu pod wzgl\u0119dem wielko\u015bci obszarowi miejskiemu we Francji, korzystanie z wyj\u0105tkowego obiektu, kt\u00f3ry mo\u017ce organizowa\u0107 r\u00f3\u017cnorodne wydarzenia kulturalne i sportowe przez ca\u0142y rok.<\/p>\n\n\n\n<p>Opr\u00f3cz cech projektowych, stadion obejmuje szereg innowacji technologicznych, w tym dach, kt\u00f3ry pozwala na zmian\u0119 stadionu z otwartego na zamkni\u0119ty w zaledwie 30 minut. Dzi\u0119ki swojemu modu\u0142owemu projektowi i elastycznemu uk\u0142adowi, Stade Pierre-Mauroy od momentu budowy go\u015bci\u0142 mi\u0119dzynarodowe zawody w kilku dyscyplinach sportowych, opr\u00f3cz mecz\u00f3w domowych klubu pi\u0142karskiego LOSC. Po fina\u0142ach Pucharu Davisa w 2014 i 2017 roku, kilku meczach Euro 2016, Mistrzostwach Europy w koszyk\u00f3wce w 2015 roku oraz Mistrzostwach \u015awiata w pi\u0142ce r\u0119cznej w 2017 roku, Stade Pierre-Mauroy b\u0119dzie gospodarzem turniej\u00f3w pi\u0142ki r\u0119cznej podczas Letnich Igrzysk Olimpijskich w Pary\u017cu w 2024 roku. Stadion go\u015bci\u0142 r\u00f3wnie\u017c koncerty globalnych gwiazd, takich jak Rihanna, Johnny Hallyday i Depeche Mode.<\/p>\n\n\n\n<p><strong>Konkurencje<\/strong><\/p>\n\n\n\n<ul class=\"wp-block-list\">\n<li>Koszyk\u00f3wka<\/li>\n\n\n\n<li>Pi\u0142ka r\u0119czna<\/li>\n<\/ul>\n\n<\/div>\n\t\t<\/div>\n\n<div class=\"wp-block-ub-content-toggle-accordion\" style=\"border-color: #f1f1f1;\" id=\"ub-content-toggle-panel-block-e31575fe-76e7-41e3-b0bb-57538c4fc9aa\">\n\t\t\t<div class=\"wp-block-ub-content-toggle-accordion-title-wrap\" style=\"background-color: #f1f1f1;\" aria-controls=\"ub-content-toggle-panel-24-8d464074-9f98-4cdb-9212-439c75f92023\" tabindex=\"0\">\n\t\t\t<p class=\"wp-block-ub-content-toggle-accordion-title ub-content-toggle-title-8d464074-9f98-4cdb-9212-439c75f92023\" style=\"color: #000000; \">Pont Alexandre III<\/p>\n\t\t\t<div class=\"wp-block-ub-content-toggle-accordion-toggle-wrap right\" style=\"color: #000000;\"><span class=\"wp-block-ub-content-toggle-accordion-state-indicator wp-block-ub-chevron-down\"><\/span><\/div>\n\t\t<\/div>\n\t\t\t<div role=\"region\" aria-expanded=\"false\" class=\"wp-block-ub-content-toggle-accordion-content-wrap ub-hide\" id=\"ub-content-toggle-panel-24-8d464074-9f98-4cdb-9212-439c75f92023\">\n\n<figure class=\"wp-block-image size-large\"><img decoding=\"async\" src=\"https:\/\/olimpijski.pl\/wp-content\/uploads\/2024\/07\/yhjrtevgfd8fac6blbau-1024x576.avif\" alt=\"\" class=\"wp-image-85204\"><\/figure>\n\n\n\n<p>W sercu Pary\u017ca znajduje si\u0119 most \u0142\u0105cz\u0105cy obie brzegi Sekwany: Pont Alexandre III. Otoczony liczniejszymi ikonicznymi zabytkami w ca\u0142ym mie\u015bcie, most ten od inauguracji na Wystawie \u015awiatowej w 1900 roku jest integraln\u0105 cz\u0119\u015bci\u0105 najbardziej pami\u0119tnych wydarze\u0144 w Pary\u017cu i sam w sobie stanowi dzie\u0142o sztuki oraz pomnik.<\/p>\n\n\n\n<p>Pont Alexandre III ma imponuj\u0105ce wymiary, mierz\u0105c 45 metr\u00f3w szeroko\u015bci i 107 metr\u00f3w d\u0142ugo\u015bci. Jest ozdobiony czterema majestatycznymi kolumnami, na kt\u00f3rych umieszczone s\u0105 poz\u0142acane rze\u017aby br\u0105zowe, stanowi\u0105ce spektakularne t\u0142o dla r\u00f3\u017cnych wydarze\u0144 podczas Igrzysk Olimpijskich Pary\u017ca 2024.<\/p>\n\n\n\n<p>Most ten \u0142\u0105czy dwa inne miejsca zawod\u00f3w sportowych Igrzysk Pary\u017c 2024: Grand Palais i Invalides, uosabiaj\u0105c cel Pary\u017ca 2024, aby o\u017cywi\u0107 Igrzyska w sercu stolicy Francji po\u015br\u00f3d jej najbardziej znanych zabytk\u00f3w. Po\u0142o\u017cony niedaleko Place de la Concorde, areny Champ-de-Mars, mostu Pont d\u2019I\u00e9na i stadionu wie\u017cy Eiffla, ca\u0142y obszar b\u0119dzie pulsowa\u0142 energi\u0105 podczas Igrzysk. Pont Alexandre III b\u0119dzie uroczo po\u0142o\u017conym t\u0142em dla mety wy\u015bcig\u00f3w indywidualnych na czas kolarstwa szosowego, maratonu p\u0142ywackiego, triathlonu oraz Para triathlonu.<\/p>\n\n\n\n<p><strong>Konkurencje<\/strong><\/p>\n\n\n\n<ul class=\"wp-block-list\">\n<li>Kolarstwo szosowe<\/li>\n\n\n\n<li>P\u0142ywanie marato\u0144skie<\/li>\n\n\n\n<li>Triathlon<\/li>\n<\/ul>\n\n<\/div>\n\t\t<\/div>\n\n<div class=\"wp-block-ub-content-toggle-accordion\" style=\"border-color: #f1f1f1;\" id=\"ub-content-toggle-panel-block-d5e3e62c-eece-4d76-aeb2-a7c523281f5a\">\n\t\t\t<div class=\"wp-block-ub-content-toggle-accordion-title-wrap\" style=\"background-color: #f1f1f1;\" aria-controls=\"ub-content-toggle-panel-25-8d464074-9f98-4cdb-9212-439c75f92023\" tabindex=\"0\">\n\t\t\t<p class=\"wp-block-ub-content-toggle-accordion-title ub-content-toggle-title-8d464074-9f98-4cdb-9212-439c75f92023\" style=\"color: #000000; \">Porte de La Chapelle Arena<\/p>\n\t\t\t<div class=\"wp-block-ub-content-toggle-accordion-toggle-wrap right\" style=\"color: #000000;\"><span class=\"wp-block-ub-content-toggle-accordion-state-indicator wp-block-ub-chevron-down\"><\/span><\/div>\n\t\t<\/div>\n\t\t\t<div role=\"region\" aria-expanded=\"false\" class=\"wp-block-ub-content-toggle-accordion-content-wrap ub-hide\" id=\"ub-content-toggle-panel-25-8d464074-9f98-4cdb-9212-439c75f92023\">\n\n<figure class=\"wp-block-image size-large\"><img decoding=\"async\" src=\"https:\/\/olimpijski.pl\/wp-content\/uploads\/2024\/07\/dhkind8lbuoz8rsmg6u8-1024x576.avif\" alt=\"\" class=\"wp-image-85202\"><\/figure>\n\n\n\n<p>Porte de la Chapelle Arena, obiekt zaprojektowany z my\u015bl\u0105 o ekologii, maj\u0105cy na celu pozostawienie dziedzictwa na korzy\u015b\u0107 s\u0105siednich spo\u0142eczno\u015bci, to nowe centrum kulturalne na p\u00f3\u0142nocy Pary\u017ca, kt\u00f3re codziennie go\u015bci r\u00f3\u017cnorodne wydarzenia kulturalne i sportowe, w tym mecze domowe dru\u017cyny koszykarskiej Paris Basketball. Ten nowy obiekt ma by\u0107 otwarty dla wszystkich, zw\u0142aszcza dla mieszka\u0144c\u00f3w okolicy, i oferowa\u0107 r\u00f3\u017cnorodne aktywno\u015bci sportowe w swoich dodatkowych przestrzeniach. Dzi\u0119ki \u015bredniej pojemno\u015bci 8 000 miejsc siedz\u0105cych, Porte de la Chapelle Arena wzbogaci wyb\u00f3r aren sportowych i miejsc na wyst\u0119py na terenie ca\u0142ej Pary\u017ca.<\/p>\n\n\n\n<p>Projekt La Chapelle Arena jest wyra\u017anie przyjazny dla \u015brodowiska. 80% powierzchni budynku zostanie pokryte ro\u015blinno\u015bci\u0105, harmonijnie wkomponowuj\u0105c si\u0119 w otaczaj\u0105ce parki i ogrody. Front b\u0119dzie ob\u0142o\u017cony odnawialnym aluminium, a wi\u0119kszo\u015b\u0107 materia\u0142\u00f3w budowlanych b\u0119dzie pochodzi\u0107 z biodegradowalnych \u017ar\u00f3de\u0142 (g\u0142\u00f3wnie drewna). Projekt areny b\u0119dzie r\u00f3wnie\u017c uniwersalny: g\u0142\u00f3wna hala, jej zaplecze oraz taras na ca\u0142ym kompleksie b\u0119d\u0105 dost\u0119pne dla wszystkich.<\/p>\n\n\n\n<p><strong>Konkurencje<\/strong><\/p>\n\n\n\n<ul class=\"wp-block-list\">\n<li>Badminton<\/li>\n\n\n\n<li>Gimnastyka artystyczna<\/li>\n<\/ul>\n\n<\/div>\n\t\t<\/div>\n\n<div class=\"wp-block-ub-content-toggle-accordion\" style=\"border-color: #f1f1f1;\" id=\"ub-content-toggle-panel-block-9828b6a4-b1d7-46a6-a38c-c7a90bcaca3a\">\n\t\t\t<div class=\"wp-block-ub-content-toggle-accordion-title-wrap\" style=\"background-color: #f1f1f1;\" aria-controls=\"ub-content-toggle-panel-26-8d464074-9f98-4cdb-9212-439c75f92023\" tabindex=\"0\">\n\t\t\t<p class=\"wp-block-ub-content-toggle-accordion-title ub-content-toggle-title-8d464074-9f98-4cdb-9212-439c75f92023\" style=\"color: #000000; \">Stade Roland-Garros<\/p>\n\t\t\t<div class=\"wp-block-ub-content-toggle-accordion-toggle-wrap right\" style=\"color: #000000;\"><span class=\"wp-block-ub-content-toggle-accordion-state-indicator wp-block-ub-chevron-down\"><\/span><\/div>\n\t\t<\/div>\n\t\t\t<div role=\"region\" aria-expanded=\"false\" class=\"wp-block-ub-content-toggle-accordion-content-wrap ub-hide\" id=\"ub-content-toggle-panel-26-8d464074-9f98-4cdb-9212-439c75f92023\">\n\n<figure class=\"wp-block-image size-large\"><img decoding=\"async\" src=\"https:\/\/olimpijski.pl\/wp-content\/uploads\/2024\/07\/j2gawyfdwsdxjmxjy0fy-1024x576.avif\" alt=\"\" class=\"wp-image-85200\"><\/figure>\n\n\n\n<p>Roland-Garros to legendarny stadion. Jest to ikoniczne globalne centrum tenisowe, kt\u00f3re b\u0119dzie kluczowym miejscem podczas Igrzysk Pary\u017c 2024, pisz\u0105c now\u0105 stron\u0119 w swojej bogatej historii. Podczas Igrzysk Pary\u017c 2024, Roland-Garros nie tylko b\u0119dzie gospodarzem zawod\u00f3w tenisowych i tenisa na w\u00f3zkach inwalidzkich, ale tak\u017ce boksu i siatk\u00f3wki siedz\u0105cej.<\/p>\n\n\n\n<p>Nazwany na cze\u015b\u0107 francuskiego lotnika Rolanda Garrosa, stadion zosta\u0142 wybudowany w 1928 roku jako arena dla osi\u0105gni\u0119\u0107 francuskich zawodnik\u00f3w w Pucharze Davisa. Zlokalizowany na obrze\u017cach Lasu Bulo\u0144skiego, blisko Parc des Princes, Roland-Garros co roku jest gospodarzem French Open (jednego z czterech turniej\u00f3w tenisowych wielkiego szlema), g\u0142\u00f3wnego mi\u0119dzynarodowego wydarzenia sportowego organizowanego przez Francusk\u0105 Federacj\u0119 Tenisow\u0105, transmitowanego w ponad 220 krajach na ca\u0142ym \u015bwiecie.<\/p>\n\n\n\n<p>Rozbudowany i zmodernizowany wielokrotnie na przestrzeni lat, aby dor\u00f3wna\u0107 innym arenom wielkiego szlema, Roland-Garros zajmuje obecnie 12 hektar\u00f3w i posiada 18 kort\u00f3w ziemnych. Ostatni plan modernizacji, realizowany w latach 2015\u20132021, umo\u017cliwi\u0142 instalacj\u0119 dachu przesuwnego o rewolucyjnym projekcie nad kortem Philippe-Chatrier, podczas gdy kort o pojemno\u015bci 5000 miejsc nazwany imieniem Simonne-Mathieu zosta\u0142 zintegrowany w ogrodach Jardin des Serres d&#8217;Auteuil.<\/p>\n\n\n\n<p><strong>Konkurencje<\/strong><\/p>\n\n\n\n<ul class=\"wp-block-list\">\n<li>Boks<\/li>\n\n\n\n<li>Tenis<\/li>\n<\/ul>\n\n<\/div>\n\t\t<\/div>\n\n<div class=\"wp-block-ub-content-toggle-accordion\" style=\"border-color: #f1f1f1;\" id=\"ub-content-toggle-panel-block-80ecba07-b18a-4de6-a866-2676f2fdd0a5\">\n\t\t\t<div class=\"wp-block-ub-content-toggle-accordion-title-wrap\" style=\"background-color: #f1f1f1;\" aria-controls=\"ub-content-toggle-panel-27-8d464074-9f98-4cdb-9212-439c75f92023\" tabindex=\"0\">\n\t\t\t<p class=\"wp-block-ub-content-toggle-accordion-title ub-content-toggle-title-8d464074-9f98-4cdb-9212-439c75f92023\" style=\"color: #000000; \">Saint-Quentin-en-Yvelines BMX Stadium<\/p>\n\t\t\t<div class=\"wp-block-ub-content-toggle-accordion-toggle-wrap right\" style=\"color: #000000;\"><span class=\"wp-block-ub-content-toggle-accordion-state-indicator wp-block-ub-chevron-down\"><\/span><\/div>\n\t\t<\/div>\n\t\t\t<div role=\"region\" aria-expanded=\"false\" class=\"wp-block-ub-content-toggle-accordion-content-wrap ub-hide\" id=\"ub-content-toggle-panel-27-8d464074-9f98-4cdb-9212-439c75f92023\">\n\n<figure class=\"wp-block-image size-large\"><img decoding=\"async\" src=\"https:\/\/olimpijski.pl\/wp-content\/uploads\/2024\/07\/lcbrslxdtvbjf1hlr4ak-1024x576.avif\" alt=\"\" class=\"wp-image-85198\"><\/figure>\n\n\n\n<p>Stadion BMX w Saint-Quentin-en-Yvelines jest cz\u0119\u015bci\u0105 kompleksu Velodrome w Saint-Quentin-en-Yvelines, zlokalizowanym zaledwie pi\u0119ciominutowym spacerem od toru kolarskiego. Stale zintegrowana infrastruktura Velodrome w Saint-Quentin-en-Yvelines obejmuje wystarczaj\u0105c\u0105 przestrze\u0144, aby m\u00f3c \u0142\u0105czy\u0107 dwa miejsca zawod\u00f3w Igrzysk, co cieszy mi\u0142o\u015bnik\u00f3w kolarstwa. Ta bliska wsp\u00f3\u0142praca umo\u017cliwia r\u00f3wnie\u017c skupienie niekt\u00f3rych udogodnie\u0144 niezb\u0119dnych do organizacji zawod\u00f3w BMX i kolarstwa torowego podczas Igrzysk.<\/p>\n\n\n\n<p>Zbudowany w tym samym czasie co Velodrome w Saint-Quentin-en-Yvelines, tor BMX zostanie specjalnie przeprojektowany i przygotowany na Igrzyska Pary\u017c 2024. Wyr\u00f3\u017cnia si\u0119 pe\u0142nym zadaszeniem i jest otwarty dla publiczno\u015bci oraz zawodnik\u00f3w o r\u00f3\u017cnym poziomie umiej\u0119tno\u015bci, co czyni go bardzo cennym obiektem nie tylko dla regionu Pary\u017ca, ale tak\u017ce dla ca\u0142ego kraju. Tymczasowe trybuny zostan\u0105 zainstalowane na czas Igrzysk, aby przyj\u0105\u0107 widz\u00f3w.<\/p>\n\n\n\n<p><strong>Konkurencje<\/strong><\/p>\n\n\n\n<ul class=\"wp-block-list\">\n<li>Kolarstwo BMX Racing<\/li>\n<\/ul>\n\n<\/div>\n\t\t<\/div>\n\n<div class=\"wp-block-ub-content-toggle-accordion\" style=\"border-color: #f1f1f1;\" id=\"ub-content-toggle-panel-block-e8b1df28-ebca-4af9-885c-23bfdbb10597\">\n\t\t\t<div class=\"wp-block-ub-content-toggle-accordion-title-wrap\" style=\"background-color: #f1f1f1;\" aria-controls=\"ub-content-toggle-panel-28-8d464074-9f98-4cdb-9212-439c75f92023\" tabindex=\"0\">\n\t\t\t<p class=\"wp-block-ub-content-toggle-accordion-title ub-content-toggle-title-8d464074-9f98-4cdb-9212-439c75f92023\" style=\"color: #000000; \">Saint-Quentin-en-Yvelines Velodrome<\/p>\n\t\t\t<div class=\"wp-block-ub-content-toggle-accordion-toggle-wrap right\" style=\"color: #000000;\"><span class=\"wp-block-ub-content-toggle-accordion-state-indicator wp-block-ub-chevron-down\"><\/span><\/div>\n\t\t<\/div>\n\t\t\t<div role=\"region\" aria-expanded=\"false\" class=\"wp-block-ub-content-toggle-accordion-content-wrap ub-hide\" id=\"ub-content-toggle-panel-28-8d464074-9f98-4cdb-9212-439c75f92023\">\n\n<figure class=\"wp-block-image size-large\"><img decoding=\"async\" src=\"https:\/\/olimpijski.pl\/wp-content\/uploads\/2024\/07\/h95mr152jgubt6n4mlm5-1024x576.avif\" alt=\"\" class=\"wp-image-85196\"><\/figure>\n\n\n\n<p>Velodrom w Saint-Quentin-en-Yvelines to wyj\u0105tkowa arena, kt\u00f3ra zosta\u0142a zbudowana i jest ju\u017c w pe\u0142nej operacyjno\u015bci 10 lat przed otwarciem Igrzysk Pary\u017c 2024. Jest to flagowy obiekt Francuskiej Federacji Kolarskiej, kt\u00f3rej siedziba znajduje si\u0119 przy velodromie od jego otwarcia w 2014 roku. Ten obiekt najwy\u017cszego poziomu regularnie go\u015bci r\u00f3\u017cne francuskie dru\u017cyny w swoich ultranowoczesnych udogodnieniach. Modu\u0142owy i elastyczny projekt velodromu, ilustrowany przez jego rozleg\u0142\u0105 centraln\u0105 przestrze\u0144, umo\u017cliwia regularne organizowanie sesji treningowych i wydarze\u0144 dla innych dyscyplin sportowych.<\/p>\n\n\n\n<p>Stworzony specjalnie z my\u015bl\u0105 o organizacji mi\u0119dzynarodowych zawod\u00f3w, Velodrom w Saint-Quentin-en-Yvelines by\u0142 gospodarzem Mistrzostw Francji w Kolarstwie Torowym w 2014 roku, Mistrzostw \u015awiata w 2015 roku oraz Mistrzostw Europy w 2016 roku, a nast\u0119pnie Igrzysk Olimpijskich i Paralimpijskich w Pary\u017cu w 2024 roku.<\/p>\n\n\n\n<p><strong>Konkurencje<\/strong><\/p>\n\n\n\n<ul class=\"wp-block-list\">\n<li>Kolarstwo Torowe<\/li>\n<\/ul>\n\n<\/div>\n\t\t<\/div>\n\n<div class=\"wp-block-ub-content-toggle-accordion\" style=\"border-color: #f1f1f1;\" id=\"ub-content-toggle-panel-block-5262a5a5-a624-43a1-ac64-b956086ae77b\">\n\t\t\t<div class=\"wp-block-ub-content-toggle-accordion-title-wrap\" style=\"background-color: #f1f1f1;\" aria-controls=\"ub-content-toggle-panel-29-8d464074-9f98-4cdb-9212-439c75f92023\" tabindex=\"0\">\n\t\t\t<p class=\"wp-block-ub-content-toggle-accordion-title ub-content-toggle-title-8d464074-9f98-4cdb-9212-439c75f92023\" style=\"color: #000000; \">South Paris Arena<\/p>\n\t\t\t<div class=\"wp-block-ub-content-toggle-accordion-toggle-wrap right\" style=\"color: #000000;\"><span class=\"wp-block-ub-content-toggle-accordion-state-indicator wp-block-ub-chevron-down\"><\/span><\/div>\n\t\t<\/div>\n\t\t\t<div role=\"region\" aria-expanded=\"false\" class=\"wp-block-ub-content-toggle-accordion-content-wrap ub-hide\" id=\"ub-content-toggle-panel-29-8d464074-9f98-4cdb-9212-439c75f92023\">\n\n<figure class=\"wp-block-image size-large\"><img decoding=\"async\" src=\"https:\/\/olimpijski.pl\/wp-content\/uploads\/2024\/07\/hxy4xq7xymfyls2qo8jt-1024x576.avif\" alt=\"\" class=\"wp-image-85194\"><\/figure>\n\n\n\n<p>Hala Po\u0142udniowy Pary\u017c jest cz\u0119\u015bci\u0105 Paris Expo, centrum wystawienniczego i kongresowego, kt\u00f3re jest jednym z najbardziej aktywnych w Europie i najcz\u0119\u015bciej odwiedzanych we Francji. Na obszarze 35 hektar\u00f3w, z 228 000 mkw hal wystawienniczych i o\u015bmioma pawilonami, Paris Expo witaj\u0105 rocznie 7,5 miliona odwiedzaj\u0105cych, zw\u0142aszcza podczas Mi\u0119dzynarodowych Targ\u00f3w Rolniczych. Hala 1, 4 i 6 b\u0119d\u0105 gospodarzami wielu wydarze\u0144 podczas Igrzysk Pary\u017c 2024 (inne b\u0119d\u0105 przeznaczone na logistyk\u0119).<\/p>\n\n\n\n<p>Zbudowany w 1923 roku dla potrzeb Targ\u00f3w Paryskich (Foire de Paris), kompleks by\u0142 sukcesywnie rozbudowywany i obecnie mo\u017ce dostosowa\u0107 si\u0119 do r\u00f3\u017cnych wymaga\u0144 i konfiguracji. Ambitny program modernizacji, sk\u0142adaj\u0105cy si\u0119 z trzech faz realizowanych przez 10 lat, z ostatni\u0105 faz\u0105 planowan\u0105 do zako\u0144czenia w 2023 roku, jest obecnie w trakcie realizacji.<\/p>\n\n\n\n<p>Hala Po\u0142udniowy Pary\u017c oraz wszystkie inne hale Paris Expo Porte de Versailles b\u0119d\u0105 nadal gospodarzami pokaz\u00f3w, targ\u00f3w i konwencji przez ca\u0142y rok.<\/p>\n\n\n\n<p><strong>Konkurencje<\/strong><\/p>\n\n\n\n<ul class=\"wp-block-list\">\n<li>Pi\u0142ka r\u0119czna<\/li>\n\n\n\n<li>Tenis sto\u0142owy<\/li>\n\n\n\n<li>Siatk\u00f3wka<\/li>\n\n\n\n<li>Podnoszenie ci\u0119\u017car\u00f3w<\/li>\n<\/ul>\n\n<\/div>\n\t\t<\/div>\n\n<div class=\"wp-block-ub-content-toggle-accordion\" style=\"border-color: #f1f1f1;\" id=\"ub-content-toggle-panel-block-819bb197-5286-44ce-b44f-6da694c81497\">\n\t\t\t<div class=\"wp-block-ub-content-toggle-accordion-title-wrap\" style=\"background-color: #f1f1f1;\" aria-controls=\"ub-content-toggle-panel-30-8d464074-9f98-4cdb-9212-439c75f92023\" tabindex=\"0\">\n\t\t\t<p class=\"wp-block-ub-content-toggle-accordion-title ub-content-toggle-title-8d464074-9f98-4cdb-9212-439c75f92023\" style=\"color: #000000; \">Stade de France<\/p>\n\t\t\t<div class=\"wp-block-ub-content-toggle-accordion-toggle-wrap right\" style=\"color: #000000;\"><span class=\"wp-block-ub-content-toggle-accordion-state-indicator wp-block-ub-chevron-down\"><\/span><\/div>\n\t\t<\/div>\n\t\t\t<div role=\"region\" aria-expanded=\"false\" class=\"wp-block-ub-content-toggle-accordion-content-wrap ub-hide\" id=\"ub-content-toggle-panel-30-8d464074-9f98-4cdb-9212-439c75f92023\">\n\n<figure class=\"wp-block-image size-large\"><img decoding=\"async\" src=\"https:\/\/olimpijski.pl\/wp-content\/uploads\/2024\/07\/i1naqsyg7mz34coh7jyu-1024x576.avif\" alt=\"\" class=\"wp-image-85192\"><\/figure>\n\n\n\n<p>Na Igrzyska Olimpijskie i Paralimpijskie Pary\u017ca 2024, Stade de France, najwi\u0119kszy stadion we Francji, przekszta\u0142ci si\u0119 w Stadion Olimpijski po trzydziestu latach goszczenia najwi\u0119kszych wydarze\u0144 sportowych w kraju. Zbudowany w Saint-Denis, Stade de France zosta\u0142 zaprojektowany przez architekt\u00f3w Macary, Zublena, Regembal i Costantini. Powsta\u0142 na potrzeby Mistrzostw \u015awiata w Pi\u0142ce No\u017cnej w 1998 roku, kt\u00f3re odby\u0142y si\u0119 we Francji.<\/p>\n\n\n\n<p>Od Mistrzostw \u015awiata, ten wielofunkcyjny stadion nadal go\u015bci najwi\u0119ksze wydarzenia sportowe organizowane we Francji, pocz\u0105wszy od Mistrzostw \u015awiata w Lekkoatletyce w 2003 roku, przez Mistrzostwa \u015awiata w Rugby w 2007 i 2023 roku, po Mistrzostwa Europy w Pi\u0142ce No\u017cnej Euro 2016. Ka\u017cdego roku odbywaj\u0105 si\u0119 na nim mecze reprezentacji Francji w pi\u0142ce no\u017cnej i rugby oraz koncerty najwi\u0119kszych francuskich i mi\u0119dzynarodowych artyst\u00f3w.<\/p>\n\n\n\n<p>Po Igrzyskach, Stade de France powr\u00f3ci do roli gospodarza najwi\u0119kszych wydarze\u0144 sportowych i kulturalnych w kraju. B\u0119dzie nadal domem dla reprezentacji Francji w pi\u0142ce no\u017cnej i rugby oraz regularnie organizowa\u0107 najwa\u017cniejsze krajowe fina\u0142y w tych dw\u00f3ch dyscyplinach sportowych.<\/p>\n\n\n\n<p><strong>Konkurencje<\/strong><\/p>\n\n\n\n<ul class=\"wp-block-list\">\n<li>Lekkoatletyka<\/li>\n\n\n\n<li>Rugby 7<\/li>\n<\/ul>\n\n<\/div>\n\t\t<\/div>\n\n<div class=\"wp-block-ub-content-toggle-accordion\" style=\"border-color: #f1f1f1;\" id=\"ub-content-toggle-panel-block-707c0878-63c1-46d4-9588-3a19c4d0ec44\">\n\t\t\t<div class=\"wp-block-ub-content-toggle-accordion-title-wrap\" style=\"background-color: #f1f1f1;\" aria-controls=\"ub-content-toggle-panel-31-8d464074-9f98-4cdb-9212-439c75f92023\" tabindex=\"0\">\n\t\t\t<p class=\"wp-block-ub-content-toggle-accordion-title ub-content-toggle-title-8d464074-9f98-4cdb-9212-439c75f92023\" style=\"color: #000000; \">Teahupo&#8217;o, Tahiti<\/p>\n\t\t\t<div class=\"wp-block-ub-content-toggle-accordion-toggle-wrap right\" style=\"color: #000000;\"><span class=\"wp-block-ub-content-toggle-accordion-state-indicator wp-block-ub-chevron-down\"><\/span><\/div>\n\t\t<\/div>\n\t\t\t<div role=\"region\" aria-expanded=\"false\" class=\"wp-block-ub-content-toggle-accordion-content-wrap ub-hide\" id=\"ub-content-toggle-panel-31-8d464074-9f98-4cdb-9212-439c75f92023\">\n\n<figure class=\"wp-block-image size-large\"><img decoding=\"async\" src=\"https:\/\/olimpijski.pl\/wp-content\/uploads\/2024\/07\/vyrautndtymumlewyf0x-1024x576.avif\" alt=\"\" class=\"wp-image-85190\"><\/figure>\n\n\n\n<p>Pary\u017c 2024 ma na celu podnie\u015b\u0107 poziom uroczysto\u015bci i zapewni\u0107 publiczno\u015bci zapieraj\u0105ce dech w piersiach emocje sportowe, trzymaj\u0105c si\u0119 ducha, kt\u00f3ry kierowa\u0142 Igrzyskami Olimpijskimi od ich pocz\u0105tku. Do rozszerzenia programu zawod\u00f3w dodano cztery spektakularne konkurencje, w tym surfing, oraz starannie wybrane lokalizacje i miejsca, aby im sprosta\u0107. Po drugim wyst\u0119pie na Igrzyskach od Igrzysk w Tokio 2020 w 2021 roku, surfing ma godne tego miejsce w Teahupo&#8217;o na Tahiti, jednej z najbardziej wymagaj\u0105cych i bez w\u0105tpienia jednej z najpi\u0119kniejszych fal na \u015bwiecie.<\/p>\n\n\n\n<p>Decyzja o zorganizowaniu zawod\u00f3w surfingowych w Teahupo&#8217;o jest zgodna z ambicj\u0105 Pary\u017c 2024 dotycz\u0105c\u0105 rozszerzenia Igrzysk na ca\u0142\u0105 Francj\u0119. Oferuje to okazj\u0119 do zaanga\u017cowania terytori\u00f3w zamorskich Francji i ich spo\u0142eczno\u015bci w Igrzyska Olimpijskie &#8211; po raz pierwszy w historii &#8211; jednocze\u015bnie promuj\u0105c bogactwo i r\u00f3\u017cnorodno\u015b\u0107 dziedzictwa Francji.<\/p>\n\n\n\n<p>Fale w Teahupo&#8217;o stanowi\u0105 olimpijskie wyzwanie dla sportowc\u00f3w i zapewniaj\u0105 fanom na Tahiti i na ca\u0142ym \u015bwiecie zapieraj\u0105ce dech w piersiach wra\u017cenia. Tahiti b\u0119dzie gospodarzem niepowtarzalnych zawod\u00f3w w miejscu, kt\u00f3re cieszy si\u0119 szacunkiem surfer\u00f3w z ca\u0142ego \u015bwiata. Teahupo&#8217;o go\u015bci zawody Pro Tahiti World Championship od ponad dw\u00f3ch dekad i jest jednym z g\u0142\u00f3wnych punkt\u00f3w na trasie mistrzostw m\u0119\u017cczyzn. Jest to wymarzone miejsce dla wielu czo\u0142owych surfer\u00f3w, w tym Gabriela Mediny, Kelly&#8217;ego Slatera, J\u00e9r\u00e9my&#8217;ego Flor\u00e8sa, Andy&#8217;ego Ironsa i Marka Occhilupo. W latach 1999-2006 by\u0142 cz\u0119\u015bci\u0105 cyklu zawod\u00f3w kobiecych, kt\u00f3re powr\u00f3ci\u0142y na du\u017c\u0105 skal\u0119 w sierpniu 2021 roku.<\/p>\n\n\n\n<p><strong>Konkurencje<\/strong><\/p>\n\n\n\n<ul class=\"wp-block-list\">\n<li>Surfing<\/li>\n<\/ul>\n\n<\/div>\n\t\t<\/div>\n\n<div class=\"wp-block-ub-content-toggle-accordion\" style=\"border-color: #f1f1f1;\" id=\"ub-content-toggle-panel-block-30dc802e-6833-47bf-9afd-fbe731d70f01\">\n\t\t\t<div class=\"wp-block-ub-content-toggle-accordion-title-wrap\" style=\"background-color: #f1f1f1;\" aria-controls=\"ub-content-toggle-panel-32-8d464074-9f98-4cdb-9212-439c75f92023\" tabindex=\"0\">\n\t\t\t<p class=\"wp-block-ub-content-toggle-accordion-title ub-content-toggle-title-8d464074-9f98-4cdb-9212-439c75f92023\" style=\"color: #000000; \">Trocad\u00e9ro<\/p>\n\t\t\t<div class=\"wp-block-ub-content-toggle-accordion-toggle-wrap right\" style=\"color: #000000;\"><span class=\"wp-block-ub-content-toggle-accordion-state-indicator wp-block-ub-chevron-down\"><\/span><\/div>\n\t\t<\/div>\n\t\t\t<div role=\"region\" aria-expanded=\"false\" class=\"wp-block-ub-content-toggle-accordion-content-wrap ub-hide\" id=\"ub-content-toggle-panel-32-8d464074-9f98-4cdb-9212-439c75f92023\">\n\n<figure class=\"wp-block-image size-large\"><img decoding=\"async\" src=\"https:\/\/olimpijski.pl\/wp-content\/uploads\/2024\/07\/r9tenlae4f7wfb3w1xhn-1024x576.avif\" alt=\"\" class=\"wp-image-85188\"><\/figure>\n\n\n\n<p>Trocad\u00e9ro i Wie\u017ca Eiffla stoj\u0105 naprzeciwko siebie w jednym z najbardziej ikonicznych miejsc w Pary\u017cu. To serce Pary\u017ca b\u0119dzie dedykowane Igrzyskom w 2024 roku, b\u0119d\u0105cym aren\u0105 dla wielu wydarze\u0144 i szerokiego spektrum aktywno\u015bci, maj\u0105cych na celu uczczenie Igrzysk, sportowc\u00f3w oraz ich osi\u0105gni\u0119\u0107.<\/p>\n\n\n\n<p>W 2024 roku Trocad\u00e9ro zapewni wyj\u0105tkow\u0105 platform\u0119 widokow\u0105 i do\u015bwiadczenie dla widz\u00f3w oraz telewizyjnych publiczno\u015bci podczas zawod\u00f3w triathlonu, kolarstwa szosowego oraz lekkoatletyki (maratonu i chodu na 20 km).<\/p>\n\n\n\n<p>Podczas Igrzysk Pont d\u2019I\u00e9na zostanie w pe\u0142ni wyposa\u017cony w dodatkowe udogodnienia, umo\u017cliwiaj\u0105c przyj\u0119cie widz\u00f3w i oferuj\u0105c unikalne do\u015bwiadczenie dla sportowc\u00f3w.<\/p>\n\n\n\n<p><strong>Konkurencje:<\/strong><\/p>\n\n\n\n<ul class=\"wp-block-list\">\n<li>Lekkoatletyka (maraton i ch\u00f3d sportowy na 20 km)<\/li>\n\n\n\n<li>Kolarstwo szosowe<\/li>\n<\/ul>\n\n<\/div>\n\t\t<\/div>\n\n<div class=\"wp-block-ub-content-toggle-accordion\" style=\"border-color: #f1f1f1;\" id=\"ub-content-toggle-panel-block-258249ba-1961-45b8-a649-79c880a91702\">\n\t\t\t<div class=\"wp-block-ub-content-toggle-accordion-title-wrap\" style=\"background-color: #f1f1f1;\" aria-controls=\"ub-content-toggle-panel-33-8d464074-9f98-4cdb-9212-439c75f92023\" tabindex=\"0\">\n\t\t\t<p class=\"wp-block-ub-content-toggle-accordion-title ub-content-toggle-title-8d464074-9f98-4cdb-9212-439c75f92023\" style=\"color: #000000; \">Vaires-sur-Marne Nautical Stadium<\/p>\n\t\t\t<div class=\"wp-block-ub-content-toggle-accordion-toggle-wrap right\" style=\"color: #000000;\"><span class=\"wp-block-ub-content-toggle-accordion-state-indicator wp-block-ub-chevron-down\"><\/span><\/div>\n\t\t<\/div>\n\t\t\t<div role=\"region\" aria-expanded=\"false\" class=\"wp-block-ub-content-toggle-accordion-content-wrap ub-hide\" id=\"ub-content-toggle-panel-33-8d464074-9f98-4cdb-9212-439c75f92023\">\n\n<figure class=\"wp-block-image size-large\"><img decoding=\"async\" src=\"https:\/\/olimpijski.pl\/wp-content\/uploads\/2024\/07\/ds4on9lqxe03vrl9urbx-1024x576.avif\" alt=\"\" class=\"wp-image-85186\"><\/figure>\n\n\n\n<p>The Vaires-sur-Marne Nautical Stadium b\u0119dzie gospodarzem zawod\u00f3w wio\u015blarskich i kajakarstwa na Letnich Igrzyskach Olimpijskich oraz zawod\u00f3w para-wio\u015blarstwa i para-kajakarstwa na Letnich Igrzyskach Paraolimpijskich w kompleksie rekreacyjnym Vaires-Torcy w 2024 roku. Francuskie Federacje Wio\u015blarstwa i Kajakarstwa s\u0105 zachwycone tym nowym stadionem nautycznym, kt\u00f3ry by\u0142 pierwszym nowo wybudowanym obiektem olimpijskim oddanym do u\u017cytku w 2019 roku.<\/p>\n\n\n\n<p>Zaprojektowany przez architekt\u00f3w Auer+Weber+Assoziierte, kompleks skupia si\u0119 wok\u00f3\u0142 trzech g\u0142\u00f3wnych element\u00f3w bazy rekreacyjnej Vaires-Torcy: jeziora, stadionu kajakowego oraz strefy mieszkalnej, kt\u00f3ra obejmuje nowe budynki z dachem zielonym dost\u0119pnym do spacer\u00f3w. Centrum sportowe o powierzchni 4400 m\u00b2 obejmuje nowy stadion kajakowy oraz dwa tory o d\u0142ugo\u015bci 300 i 150 metr\u00f3w; tor wio\u015blarski o d\u0142ugo\u015bci 2200 metr\u00f3w z wie\u017c\u0105 do ko\u0144czenia zawod\u00f3w; centrum medycyny sportowej; centrum treningowe; r\u00f3\u017cne przestrzenie administracyjne; centrum medi\u00f3w oraz o\u015brodek treningowy i zakwaterowania.<\/p>\n\n\n\n<p>Ten wyj\u0105tkowy o\u015brodek po\u0142\u0105czy w sobie organizacje reprezentuj\u0105ce te sporty wodne i b\u0119dzie go\u015bci\u0107 sportowc\u00f3w na wszystkich poziomach zaawansowania. Dla kajakarstwa i kajakarstwa g\u00f3rskiego ju\u017c teraz jest siedzib\u0105 francuskiej federacji oraz jej regionalnych komitet\u00f3w, jak r\u00f3wnie\u017c krajowych i m\u0142odzie\u017cowych centr\u00f3w; dla wio\u015blarstwa b\u0119dzie domem dla Ligi Wio\u015blarskiej \u00cele-de-France oraz m\u0142odzie\u017cowego centrum, jak r\u00f3wnie\u017c platformy logistycznej Francuskiej Federacji Wio\u015blarstwa. Ca\u0142y kompleks jest mi\u0119dzynarodowym centrum doskona\u0142o\u015bci sportowej. Razem z Pekinem i Sydney jest jednym z trzech miejsc na \u015bwiecie, kt\u00f3re dysponuj\u0105 odpowiednimi obiektami do organizacji olimpijskich i paraolimpijskich zawod\u00f3w w kajakarstwie i wio\u015blarstwie.<\/p>\n\n\n\n<p><strong>Konkurencje<\/strong><\/p>\n\n\n\n<ul class=\"wp-block-list\">\n<li>Kajakarstwo &#8211; slalom<\/li>\n\n\n\n<li>Kajakarstwo &#8211; sprint<\/li>\n\n\n\n<li>Wio\u015blarstwo<\/li>\n<\/ul>\n\n<\/div>\n\t\t<\/div>\n\n<div class=\"wp-block-ub-content-toggle-accordion\" style=\"border-color: #f1f1f1;\" id=\"ub-content-toggle-panel-block-246562c5-1a20-4506-971a-0a5595a932c1\">\n\t\t\t<div class=\"wp-block-ub-content-toggle-accordion-title-wrap\" style=\"background-color: #f1f1f1;\" aria-controls=\"ub-content-toggle-panel-34-8d464074-9f98-4cdb-9212-439c75f92023\" tabindex=\"0\">\n\t\t\t<p class=\"wp-block-ub-content-toggle-accordion-title ub-content-toggle-title-8d464074-9f98-4cdb-9212-439c75f92023\" style=\"color: #000000; \">Yves-du-Manoir Stadium<\/p>\n\t\t\t<div class=\"wp-block-ub-content-toggle-accordion-toggle-wrap right\" style=\"color: #000000;\"><span class=\"wp-block-ub-content-toggle-accordion-state-indicator wp-block-ub-chevron-down\"><\/span><\/div>\n\t\t<\/div>\n\t\t\t<div role=\"region\" aria-expanded=\"false\" class=\"wp-block-ub-content-toggle-accordion-content-wrap ub-hide\" id=\"ub-content-toggle-panel-34-8d464074-9f98-4cdb-9212-439c75f92023\">\n\n<figure class=\"wp-block-image size-large\"><img decoding=\"async\" src=\"https:\/\/olimpijski.pl\/wp-content\/uploads\/2024\/07\/tzvgxey7cbfreyala4wo-1024x576.avif\" alt=\"\" class=\"wp-image-85184\"><\/figure>\n\n\n\n<p>Organizowanie Igrzysk Olimpijskich dwukrotnie jest przywilejem, kt\u00f3ry jest udzielany tylko kilku miejscom. Stadion Yves-du-Manoir to jedno z tych szcz\u0119\u015bliwych miejsc. Zaprojektowany przez architekta Louisa Faure-Dujarrica, stadion by\u0142 g\u0142\u00f3wn\u0105 aren\u0105 \u00f3smej Olimpiady w 1924 roku, kiedy to odby\u0142a si\u0119 ceremonia otwarcia oraz zawody lekkoatletyczne. Jest to unikalne miejsce we Francji, jedyne w swoim rodzaju, kt\u00f3re b\u0119dzie gospodarzem wydarze\u0144 z dw\u00f3ch osobnych Igrzysk Olimpijskich, kiedy w 2024 roku odb\u0119d\u0105 si\u0119 na nim zawody hokeja.<\/p>\n\n\n\n<p>Do 1972 roku, kiedy otwarto Parc des Princes, wielofunkcyjny kompleks sportowy Yves-du-Manoir, nazwany na cze\u015b\u0107 francuskiego rugbysty, by\u0142 g\u0142\u00f3wnym stadionem w regionie paryskim. Znajduje si\u0119 w Colombes, na p\u00f3\u0142nocny zach\u00f3d od Pary\u017ca, i przez ostatnie sto lat go\u015bci\u0142 oko\u0142o 250 krajowych i mi\u0119dzynarodowych zawod\u00f3w, w tym lekkoatletyk\u0119, rugby, pi\u0142k\u0119 no\u017cn\u0105 oraz boks, w tym Mistrzostwa \u015awiata w 1972 roku, kt\u00f3re odby\u0142y si\u0119 przed 40 000 widzami.<\/p>\n\n\n\n<p>Stadion Yves-du-Manoir by\u0142 kilkakrotnie modernizowany, a departament Hauts-de-Seine, kt\u00f3ry jest jego w\u0142a\u015bcicielem, uruchomi program modernizacji na rzecz spo\u0142eczno\u015bci, stowarzysze\u0144, szk\u00f3\u0142 i uniwersytet\u00f3w.<\/p>\n\n\n\n<p><strong>Konkurencje<\/strong><\/p>\n\n\n\n<ul class=\"wp-block-list\">\n<li>Hokej na trawie<\/li>\n<\/ul>\n\n<\/div>\n\t\t<\/div>\n<\/div>","protected":false},"excerpt":{"rendered":"<p>Obiekty olimpijskie<\/p>\n","protected":false},"author":1,"featured_media":0,"parent":48812,"menu_order":0,"template":"","meta":{"_acf_changed":false,"ub_ctt_via":"","footnotes":""},"class_list":["post-85198","olympics_summer","type-olympics_summer","status-publish","hentry","infinite-scroll-item","no-featured-image-padding"],"acf":{"special_bg_img":false,"hide_breadcrumbs":[]},"_links":{"self":[{"href":"https:\/\/olimpijski.pl\/en\/wp-json\/wp\/v2\/olympics_summer\/85198"}],"collection":[{"href":"https:\/\/olimpijski.pl\/en\/wp-json\/wp\/v2\/olympics_summer"}],"about":[{"href":"https:\/\/olimpijski.pl\/en\/wp-json\/wp\/v2\/types\/olympics_summer"}],"author":[{"embeddable":true,"href":"https:\/\/olimpijski.pl\/en\/wp-json\/wp\/v2\/users\/1"}],"version-history":[{"count":6,"href":"https:\/\/olimpijski.pl\/en\/wp-json\/wp\/v2\/olympics_summer\/85198\/revisions"}],"predecessor-version":[{"id":86714,"href":"https:\/\/olimpijski.pl\/en\/wp-json\/wp\/v2\/olympics_summer\/85198\/revisions\/86714"}],"up":[{"embeddable":true,"href":"https:\/\/olimpijski.pl\/en\/wp-json\/wp\/v2\/olympics_summer\/48812"}],"wp:attachment":[{"href":"https:\/\/olimpijski.pl\/en\/wp-json\/wp\/v2\/media?parent=85198"}],"curies":[{"name":"wp","href":"https:\/\/api.w.org\/{rel}","templated":true}]}}