{"id":85770,"date":"2024-07-25T22:09:26","date_gmt":"2024-07-25T20:09:26","guid":{"rendered":"https:\/\/olimpijski.pl\/?post_type=olympics_summer&#038;p=85770"},"modified":"2025-04-30T11:09:20","modified_gmt":"2025-04-30T09:09:20","slug":"misja-olimpijska","status":"publish","type":"olympics_summer","link":"https:\/\/olimpijski.pl\/en\/igrzyska_letnie\/paryz-2024\/misja-olimpijska\/","title":{"rendered":"Misja Olimpijska"},"content":{"rendered":"\n<h1 class=\"wp-block-heading main-title\">Misja <strong>Olimpijska<\/strong><\/h1>\n\n\n\n<div class=\"wp-block-media-text alignwide is-stacked-on-mobile\" style=\"grid-template-columns:15% auto\"><figure class=\"wp-block-media-text__media\"><img loading=\"lazy\" decoding=\"async\" width=\"720\" height=\"720\" src=\"https:\/\/olimpijski.pl\/wp-content\/uploads\/2024\/07\/TOMASZ_MAJEWSKI-szef-misji.jpg\" alt=\"\" class=\"wp-image-89806 size-full\" srcset=\"https:\/\/olimpijski.pl\/wp-content\/uploads\/2024\/07\/TOMASZ_MAJEWSKI-szef-misji.jpg 720w, https:\/\/olimpijski.pl\/wp-content\/uploads\/2024\/07\/TOMASZ_MAJEWSKI-szef-misji-300x300.jpg 300w, https:\/\/olimpijski.pl\/wp-content\/uploads\/2024\/07\/TOMASZ_MAJEWSKI-szef-misji-150x150.jpg 150w, https:\/\/olimpijski.pl\/wp-content\/uploads\/2024\/07\/TOMASZ_MAJEWSKI-szef-misji-600x600.jpg 600w\" sizes=\"(max-width: 720px) 100vw, 720px\" \/><\/figure><div class=\"wp-block-media-text__content\">\n<p class=\"has-large-font-size\"><strong>TOMASZ MAJEWSKI<\/strong><br>szef misji olimpijskiej<\/p>\n<\/div><\/div>\n\n\n\n<div class=\"wp-block-media-text alignwide is-stacked-on-mobile\" style=\"grid-template-columns:15% auto\"><figure class=\"wp-block-media-text__media\"><img loading=\"lazy\" decoding=\"async\" width=\"720\" height=\"720\" src=\"https:\/\/olimpijski.pl\/wp-content\/uploads\/2024\/07\/EWELINA-WAWRYNKIEWICZ-BINDA-zastepca-szefa-misji.jpg\" alt=\"\" class=\"wp-image-89809 size-full\" srcset=\"https:\/\/olimpijski.pl\/wp-content\/uploads\/2024\/07\/EWELINA-WAWRYNKIEWICZ-BINDA-zastepca-szefa-misji.jpg 720w, https:\/\/olimpijski.pl\/wp-content\/uploads\/2024\/07\/EWELINA-WAWRYNKIEWICZ-BINDA-zastepca-szefa-misji-300x300.jpg 300w, https:\/\/olimpijski.pl\/wp-content\/uploads\/2024\/07\/EWELINA-WAWRYNKIEWICZ-BINDA-zastepca-szefa-misji-150x150.jpg 150w, https:\/\/olimpijski.pl\/wp-content\/uploads\/2024\/07\/EWELINA-WAWRYNKIEWICZ-BINDA-zastepca-szefa-misji-600x600.jpg 600w\" sizes=\"(max-width: 720px) 100vw, 720px\" \/><\/figure><div class=\"wp-block-media-text__content\">\n<p class=\"has-large-font-size\"><strong>EWELINA WAWRYNKIEWICZ-BINDA<\/strong><br>zast\u0119pca szefa misji<\/p>\n<\/div><\/div>\n\n\n\n<div class=\"wp-block-media-text alignwide is-stacked-on-mobile\" style=\"grid-template-columns:15% auto\"><figure class=\"wp-block-media-text__media\"><img loading=\"lazy\" decoding=\"async\" width=\"720\" height=\"720\" src=\"https:\/\/olimpijski.pl\/wp-content\/uploads\/2024\/07\/DOROTA-GOS-zastepca-szefa-misji.jpg\" alt=\"\" class=\"wp-image-89811 size-full\" srcset=\"https:\/\/olimpijski.pl\/wp-content\/uploads\/2024\/07\/DOROTA-GOS-zastepca-szefa-misji.jpg 720w, https:\/\/olimpijski.pl\/wp-content\/uploads\/2024\/07\/DOROTA-GOS-zastepca-szefa-misji-300x300.jpg 300w, https:\/\/olimpijski.pl\/wp-content\/uploads\/2024\/07\/DOROTA-GOS-zastepca-szefa-misji-150x150.jpg 150w, https:\/\/olimpijski.pl\/wp-content\/uploads\/2024\/07\/DOROTA-GOS-zastepca-szefa-misji-600x600.jpg 600w\" sizes=\"(max-width: 720px) 100vw, 720px\" \/><\/figure><div class=\"wp-block-media-text__content\">\n<p class=\"has-large-font-size\"><strong>DOROTA GO\u015a<\/strong><br>zast\u0119pca szefa misji<\/p>\n<\/div><\/div>\n\n\n\n<div class=\"wp-block-media-text alignwide is-stacked-on-mobile\" style=\"grid-template-columns:15% auto\"><figure class=\"wp-block-media-text__media\"><img loading=\"lazy\" decoding=\"async\" width=\"720\" height=\"720\" src=\"https:\/\/olimpijski.pl\/wp-content\/uploads\/2024\/07\/WALDEMAR-LEGIEN-Attache-olimpijski.jpg\" alt=\"\" class=\"wp-image-89813 size-full\" srcset=\"https:\/\/olimpijski.pl\/wp-content\/uploads\/2024\/07\/WALDEMAR-LEGIEN-Attache-olimpijski.jpg 720w, https:\/\/olimpijski.pl\/wp-content\/uploads\/2024\/07\/WALDEMAR-LEGIEN-Attache-olimpijski-300x300.jpg 300w, https:\/\/olimpijski.pl\/wp-content\/uploads\/2024\/07\/WALDEMAR-LEGIEN-Attache-olimpijski-150x150.jpg 150w, https:\/\/olimpijski.pl\/wp-content\/uploads\/2024\/07\/WALDEMAR-LEGIEN-Attache-olimpijski-600x600.jpg 600w\" sizes=\"(max-width: 720px) 100vw, 720px\" \/><\/figure><div class=\"wp-block-media-text__content\">\n<p class=\"has-large-font-size\"><strong>WALDEMAR LEGIE\u0143<\/strong><br>Attach\u00e9 olimpijski<\/p>\n<\/div><\/div>\n\n\n\n<div class=\"wp-block-media-text alignwide is-stacked-on-mobile\" style=\"grid-template-columns:15% auto\"><figure class=\"wp-block-media-text__media\"><img loading=\"lazy\" decoding=\"async\" width=\"720\" height=\"720\" src=\"https:\/\/olimpijski.pl\/wp-content\/uploads\/2024\/07\/KATARZYNA-KOCHANIAK-ROMAN-Attache-prasowy.jpg\" alt=\"\" class=\"wp-image-89815 size-full\" srcset=\"https:\/\/olimpijski.pl\/wp-content\/uploads\/2024\/07\/KATARZYNA-KOCHANIAK-ROMAN-Attache-prasowy.jpg 720w, https:\/\/olimpijski.pl\/wp-content\/uploads\/2024\/07\/KATARZYNA-KOCHANIAK-ROMAN-Attache-prasowy-300x300.jpg 300w, https:\/\/olimpijski.pl\/wp-content\/uploads\/2024\/07\/KATARZYNA-KOCHANIAK-ROMAN-Attache-prasowy-150x150.jpg 150w, https:\/\/olimpijski.pl\/wp-content\/uploads\/2024\/07\/KATARZYNA-KOCHANIAK-ROMAN-Attache-prasowy-600x600.jpg 600w\" sizes=\"(max-width: 720px) 100vw, 720px\" \/><\/figure><div class=\"wp-block-media-text__content\">\n<p class=\"has-large-font-size\"><strong>KATARZYNA KOCHANIAK-ROMAN<\/strong><br>Attach\u00e9 prasowy<\/p>\n<\/div><\/div>\n\n\n\n<div class=\"wp-block-media-text alignwide is-stacked-on-mobile\" style=\"grid-template-columns:15% auto\"><figure class=\"wp-block-media-text__media\"><img loading=\"lazy\" decoding=\"async\" width=\"720\" height=\"720\" src=\"https:\/\/olimpijski.pl\/wp-content\/uploads\/2024\/07\/KATARZYNA-DEBERNY-czlonek-misji-olimpijskiej.jpg\" alt=\"\" class=\"wp-image-89817 size-full\" srcset=\"https:\/\/olimpijski.pl\/wp-content\/uploads\/2024\/07\/KATARZYNA-DEBERNY-czlonek-misji-olimpijskiej.jpg 720w, https:\/\/olimpijski.pl\/wp-content\/uploads\/2024\/07\/KATARZYNA-DEBERNY-czlonek-misji-olimpijskiej-300x300.jpg 300w, https:\/\/olimpijski.pl\/wp-content\/uploads\/2024\/07\/KATARZYNA-DEBERNY-czlonek-misji-olimpijskiej-150x150.jpg 150w, https:\/\/olimpijski.pl\/wp-content\/uploads\/2024\/07\/KATARZYNA-DEBERNY-czlonek-misji-olimpijskiej-600x600.jpg 600w\" sizes=\"(max-width: 720px) 100vw, 720px\" \/><\/figure><div class=\"wp-block-media-text__content\">\n<p class=\"has-large-font-size\"><strong>KATARZYNA DEBERNY<\/strong><br>cz\u0142onek misji olimpijskiej<\/p>\n<\/div><\/div>\n\n\n\n<div class=\"wp-block-media-text alignwide is-stacked-on-mobile\" style=\"grid-template-columns:15% auto\"><figure class=\"wp-block-media-text__media\"><img loading=\"lazy\" decoding=\"async\" width=\"720\" height=\"720\" src=\"https:\/\/olimpijski.pl\/wp-content\/uploads\/2024\/07\/KATARZYNA-BACHLEDA-CURUS-czlonek-misji-olimpijskiej.jpg\" alt=\"\" class=\"wp-image-89819 size-full\" srcset=\"https:\/\/olimpijski.pl\/wp-content\/uploads\/2024\/07\/KATARZYNA-BACHLEDA-CURUS-czlonek-misji-olimpijskiej.jpg 720w, https:\/\/olimpijski.pl\/wp-content\/uploads\/2024\/07\/KATARZYNA-BACHLEDA-CURUS-czlonek-misji-olimpijskiej-300x300.jpg 300w, https:\/\/olimpijski.pl\/wp-content\/uploads\/2024\/07\/KATARZYNA-BACHLEDA-CURUS-czlonek-misji-olimpijskiej-150x150.jpg 150w, https:\/\/olimpijski.pl\/wp-content\/uploads\/2024\/07\/KATARZYNA-BACHLEDA-CURUS-czlonek-misji-olimpijskiej-600x600.jpg 600w\" sizes=\"(max-width: 720px) 100vw, 720px\" \/><\/figure><div class=\"wp-block-media-text__content\">\n<p class=\"has-large-font-size\"><strong>KATARZYNA BACHLEDA-CURU\u015a<\/strong><br>cz\u0142onek misji olimpijskiej<\/p>\n<\/div><\/div>\n\n\n\n<div class=\"wp-block-media-text alignwide is-stacked-on-mobile\" style=\"grid-template-columns:15% auto\"><figure class=\"wp-block-media-text__media\"><img loading=\"lazy\" decoding=\"async\" width=\"720\" height=\"720\" src=\"https:\/\/olimpijski.pl\/wp-content\/uploads\/2024\/07\/MARCIN-DOROS-\u2013-czlonek-misji-olimpijskiej.jpg\" alt=\"\" class=\"wp-image-89822 size-full\" srcset=\"https:\/\/olimpijski.pl\/wp-content\/uploads\/2024\/07\/MARCIN-DOROS-\u2013-czlonek-misji-olimpijskiej.jpg 720w, https:\/\/olimpijski.pl\/wp-content\/uploads\/2024\/07\/MARCIN-DOROS-\u2013-czlonek-misji-olimpijskiej-300x300.jpg 300w, https:\/\/olimpijski.pl\/wp-content\/uploads\/2024\/07\/MARCIN-DOROS-\u2013-czlonek-misji-olimpijskiej-150x150.jpg 150w, https:\/\/olimpijski.pl\/wp-content\/uploads\/2024\/07\/MARCIN-DOROS-\u2013-czlonek-misji-olimpijskiej-600x600.jpg 600w\" sizes=\"(max-width: 720px) 100vw, 720px\" \/><\/figure><div class=\"wp-block-media-text__content\">\n<p class=\"has-large-font-size\"><strong>MARCIN DORO\u015a<\/strong><br>cz\u0142onek misji olimpijskiej<\/p>\n<\/div><\/div>\n\n\n\n<div class=\"wp-block-media-text alignwide is-stacked-on-mobile\" style=\"grid-template-columns:15% auto\"><figure class=\"wp-block-media-text__media\"><img loading=\"lazy\" decoding=\"async\" width=\"720\" height=\"720\" src=\"https:\/\/olimpijski.pl\/wp-content\/uploads\/2024\/07\/KRZYSZTOF-JANKOWSKI-\u2013-czlonek-misji-olimpijskiej.jpg\" alt=\"\" class=\"wp-image-89824 size-full\" srcset=\"https:\/\/olimpijski.pl\/wp-content\/uploads\/2024\/07\/KRZYSZTOF-JANKOWSKI-\u2013-czlonek-misji-olimpijskiej.jpg 720w, https:\/\/olimpijski.pl\/wp-content\/uploads\/2024\/07\/KRZYSZTOF-JANKOWSKI-\u2013-czlonek-misji-olimpijskiej-300x300.jpg 300w, https:\/\/olimpijski.pl\/wp-content\/uploads\/2024\/07\/KRZYSZTOF-JANKOWSKI-\u2013-czlonek-misji-olimpijskiej-150x150.jpg 150w, https:\/\/olimpijski.pl\/wp-content\/uploads\/2024\/07\/KRZYSZTOF-JANKOWSKI-\u2013-czlonek-misji-olimpijskiej-600x600.jpg 600w\" sizes=\"(max-width: 720px) 100vw, 720px\" \/><\/figure><div class=\"wp-block-media-text__content\">\n<p class=\"has-large-font-size\"><strong>KRZYSZTOF JANKOWSKI<\/strong><br>cz\u0142onek misji olimpijskiej<\/p>\n<\/div><\/div>\n\n\n\n<div class=\"wp-block-media-text alignwide is-stacked-on-mobile\" style=\"grid-template-columns:15% auto\"><figure class=\"wp-block-media-text__media\"><img loading=\"lazy\" decoding=\"async\" width=\"720\" height=\"720\" src=\"https:\/\/olimpijski.pl\/wp-content\/uploads\/2024\/07\/KS.-EDWARD-PLEN-\u2013-duszpasterz-polskich-sportowcow.jpg\" alt=\"\" class=\"wp-image-89826 size-full\" srcset=\"https:\/\/olimpijski.pl\/wp-content\/uploads\/2024\/07\/KS.-EDWARD-PLEN-\u2013-duszpasterz-polskich-sportowcow.jpg 720w, https:\/\/olimpijski.pl\/wp-content\/uploads\/2024\/07\/KS.-EDWARD-PLEN-\u2013-duszpasterz-polskich-sportowcow-300x300.jpg 300w, https:\/\/olimpijski.pl\/wp-content\/uploads\/2024\/07\/KS.-EDWARD-PLEN-\u2013-duszpasterz-polskich-sportowcow-150x150.jpg 150w, https:\/\/olimpijski.pl\/wp-content\/uploads\/2024\/07\/KS.-EDWARD-PLEN-\u2013-duszpasterz-polskich-sportowcow-600x600.jpg 600w\" sizes=\"(max-width: 720px) 100vw, 720px\" \/><\/figure><div class=\"wp-block-media-text__content\">\n<p class=\"has-large-font-size\"><strong>ks. EDWARD PLE\u0143<\/strong><br>cz\u0142onek misji olimpijskiej<\/p>\n<\/div><\/div>\n\n\n\n<div class=\"wp-block-media-text alignwide is-stacked-on-mobile\" style=\"grid-template-columns:15% auto\"><figure class=\"wp-block-media-text__media\"><img loading=\"lazy\" decoding=\"async\" width=\"720\" height=\"720\" src=\"https:\/\/olimpijski.pl\/wp-content\/uploads\/2024\/07\/HUBERT-KRYSZTOFIAK-\u2013-szef-misji-medycznej.jpg\" alt=\"\" class=\"wp-image-89828 size-full\" srcset=\"https:\/\/olimpijski.pl\/wp-content\/uploads\/2024\/07\/HUBERT-KRYSZTOFIAK-\u2013-szef-misji-medycznej.jpg 720w, https:\/\/olimpijski.pl\/wp-content\/uploads\/2024\/07\/HUBERT-KRYSZTOFIAK-\u2013-szef-misji-medycznej-300x300.jpg 300w, https:\/\/olimpijski.pl\/wp-content\/uploads\/2024\/07\/HUBERT-KRYSZTOFIAK-\u2013-szef-misji-medycznej-150x150.jpg 150w, https:\/\/olimpijski.pl\/wp-content\/uploads\/2024\/07\/HUBERT-KRYSZTOFIAK-\u2013-szef-misji-medycznej-600x600.jpg 600w\" sizes=\"(max-width: 720px) 100vw, 720px\" \/><\/figure><div class=\"wp-block-media-text__content\">\n<p class=\"has-large-font-size\"><strong>HUBERT KRYSZTOFIAK<\/strong><br>szef misji medycznej<\/p>\n<\/div><\/div>\n\n\n\n<div class=\"wp-block-media-text alignwide is-stacked-on-mobile\" style=\"grid-template-columns:15% auto\"><figure class=\"wp-block-media-text__media\"><img loading=\"lazy\" decoding=\"async\" width=\"500\" height=\"500\" src=\"https:\/\/olimpijski.pl\/wp-content\/uploads\/2022\/01\/sieczych_500.jpg\" alt=\"\" class=\"wp-image-51327 size-full\" srcset=\"https:\/\/olimpijski.pl\/wp-content\/uploads\/2022\/01\/sieczych_500.jpg 500w, https:\/\/olimpijski.pl\/wp-content\/uploads\/2022\/01\/sieczych_500-300x300.jpg 300w, https:\/\/olimpijski.pl\/wp-content\/uploads\/2022\/01\/sieczych_500-150x150.jpg 150w\" sizes=\"(max-width: 500px) 100vw, 500px\" \/><\/figure><div class=\"wp-block-media-text__content\">\n<p class=\"has-large-font-size\"><strong>BEATA JASICA<\/strong><br>lekarz, cz\u0142onek misji medycznej<\/p>\n<\/div><\/div>\n\n\n\n<div class=\"wp-block-media-text alignwide is-stacked-on-mobile\" style=\"grid-template-columns:15% auto\"><figure class=\"wp-block-media-text__media\"><img loading=\"lazy\" decoding=\"async\" width=\"500\" height=\"500\" src=\"https:\/\/olimpijski.pl\/wp-content\/uploads\/2022\/01\/sieczych_500.jpg\" alt=\"\" class=\"wp-image-51327 size-full\" srcset=\"https:\/\/olimpijski.pl\/wp-content\/uploads\/2022\/01\/sieczych_500.jpg 500w, https:\/\/olimpijski.pl\/wp-content\/uploads\/2022\/01\/sieczych_500-300x300.jpg 300w, https:\/\/olimpijski.pl\/wp-content\/uploads\/2022\/01\/sieczych_500-150x150.jpg 150w\" sizes=\"(max-width: 500px) 100vw, 500px\" \/><\/figure><div class=\"wp-block-media-text__content\">\n<p class=\"has-large-font-size\"><strong>PIOTR MALISZEWSKI<\/strong><br>fizjoterapeuta, cz\u0142onek misji medycznej<\/p>\n<\/div><\/div>\n\n\n\n<div class=\"wp-block-media-text alignwide is-stacked-on-mobile\" style=\"grid-template-columns:15% auto\"><figure class=\"wp-block-media-text__media\"><img loading=\"lazy\" decoding=\"async\" width=\"500\" height=\"500\" src=\"https:\/\/olimpijski.pl\/wp-content\/uploads\/2022\/01\/sieczych_500.jpg\" alt=\"\" class=\"wp-image-51327 size-full\" srcset=\"https:\/\/olimpijski.pl\/wp-content\/uploads\/2022\/01\/sieczych_500.jpg 500w, https:\/\/olimpijski.pl\/wp-content\/uploads\/2022\/01\/sieczych_500-300x300.jpg 300w, https:\/\/olimpijski.pl\/wp-content\/uploads\/2022\/01\/sieczych_500-150x150.jpg 150w\" sizes=\"(max-width: 500px) 100vw, 500px\" \/><\/figure><div class=\"wp-block-media-text__content\">\n<p class=\"has-large-font-size\"><strong>W\u0141ODZIMIERZ SZARANOWICZ<\/strong><br>honorowy Attach\u00e9 prasowy<\/p>\n<\/div><\/div>\n","protected":false},"excerpt":{"rendered":"<p>Misja Olimpijska TOMASZ MAJEWSKIszef misji olimpijskiej EWELINA WAWRYNKIEWICZ-BINDAzast\u0119pca szefa misji DOROTA GO\u015azast\u0119pca szefa misji WALDEMAR LEGIE\u0143Attach\u00e9 olimpijski KATARZYNA KOCHANIAK-ROMANAttach\u00e9 prasowy KATARZYNA DEBERNYcz\u0142onek<\/p>\n","protected":false},"author":1,"featured_media":0,"parent":48812,"menu_order":0,"template":"","meta":{"_acf_changed":false,"ub_ctt_via":"","footnotes":""},"class_list":["post-85770","olympics_summer","type-olympics_summer","status-publish","hentry","infinite-scroll-item","no-featured-image-padding"],"acf":{"special_bg_img":false,"hide_breadcrumbs":[]},"_links":{"self":[{"href":"https:\/\/olimpijski.pl\/en\/wp-json\/wp\/v2\/olympics_summer\/85770"}],"collection":[{"href":"https:\/\/olimpijski.pl\/en\/wp-json\/wp\/v2\/olympics_summer"}],"about":[{"href":"https:\/\/olimpijski.pl\/en\/wp-json\/wp\/v2\/types\/olympics_summer"}],"author":[{"embeddable":true,"href":"https:\/\/olimpijski.pl\/en\/wp-json\/wp\/v2\/users\/1"}],"version-history":[{"count":7,"href":"https:\/\/olimpijski.pl\/en\/wp-json\/wp\/v2\/olympics_summer\/85770\/revisions"}],"predecessor-version":[{"id":93981,"href":"https:\/\/olimpijski.pl\/en\/wp-json\/wp\/v2\/olympics_summer\/85770\/revisions\/93981"}],"up":[{"embeddable":true,"href":"https:\/\/olimpijski.pl\/en\/wp-json\/wp\/v2\/olympics_summer\/48812"}],"wp:attachment":[{"href":"https:\/\/olimpijski.pl\/en\/wp-json\/wp\/v2\/media?parent=85770"}],"curies":[{"name":"wp","href":"https:\/\/api.w.org\/{rel}","templated":true}]}}