{"id":101133,"date":"2026-01-13T12:14:41","date_gmt":"2026-01-13T11:14:41","guid":{"rendered":"https:\/\/olimpijski.pl\/?post_type=olympics_winter&#038;p=101133"},"modified":"2026-02-05T15:53:08","modified_gmt":"2026-02-05T14:53:08","slug":"misja-olimpijska","status":"publish","type":"olympics_winter","link":"https:\/\/olimpijski.pl\/en\/igrzyska_zimowe\/mediolan-cortina-2026\/misja-olimpijska\/","title":{"rendered":"Misja olimpijska"},"content":{"rendered":"\n<h1 class=\"wp-block-heading main-title\">Misja <strong>olimpijska<\/strong><\/h1>\n\n\n\n<h2 class=\"wp-block-heading\"><strong>Kierownictwo reprezentacji<\/strong><\/h2>\n\n\n\n<div class=\"wp-block-media-text is-stacked-on-mobile\"><figure class=\"wp-block-media-text__media\"><img loading=\"lazy\" decoding=\"async\" width=\"700\" height=\"700\" src=\"https:\/\/olimpijski.pl\/wp-content\/uploads\/2026\/02\/Misja-Piesiewicz_Rados\u02c6aw-kwadrat.jpg\" alt=\"\" class=\"wp-image-101730 size-full\" srcset=\"https:\/\/olimpijski.pl\/wp-content\/uploads\/2026\/02\/Misja-Piesiewicz_Rados\u02c6aw-kwadrat.jpg 700w, https:\/\/olimpijski.pl\/wp-content\/uploads\/2026\/02\/Misja-Piesiewicz_Rados\u02c6aw-kwadrat-300x300.jpg 300w, https:\/\/olimpijski.pl\/wp-content\/uploads\/2026\/02\/Misja-Piesiewicz_Rados\u02c6aw-kwadrat-150x150.jpg 150w, https:\/\/olimpijski.pl\/wp-content\/uploads\/2026\/02\/Misja-Piesiewicz_Rados\u02c6aw-kwadrat-600x600.jpg 600w\" sizes=\"(max-width: 700px) 100vw, 700px\" \/><\/figure><div class=\"wp-block-media-text__content\">\n<p><strong>RADOS\u0141AW PIESIEWICZ<\/strong><br>Przewodnicz\u0105cy Olimpijskiej Reprezentacji Polski<br>Prezes Polskiego Komitetu Olimpijskiego<\/p>\n<\/div><\/div>\n\n\n\n<div class=\"wp-block-media-text is-stacked-on-mobile\"><figure class=\"wp-block-media-text__media\"><img loading=\"lazy\" decoding=\"async\" width=\"700\" height=\"700\" src=\"https:\/\/olimpijski.pl\/wp-content\/uploads\/2026\/02\/Misja-Pa\u02c6us-Marek-kwadrat.jpg\" alt=\"\" class=\"wp-image-101728 size-full\" srcset=\"https:\/\/olimpijski.pl\/wp-content\/uploads\/2026\/02\/Misja-Pa\u02c6us-Marek-kwadrat.jpg 700w, https:\/\/olimpijski.pl\/wp-content\/uploads\/2026\/02\/Misja-Pa\u02c6us-Marek-kwadrat-300x300.jpg 300w, https:\/\/olimpijski.pl\/wp-content\/uploads\/2026\/02\/Misja-Pa\u02c6us-Marek-kwadrat-150x150.jpg 150w, https:\/\/olimpijski.pl\/wp-content\/uploads\/2026\/02\/Misja-Pa\u02c6us-Marek-kwadrat-600x600.jpg 600w\" sizes=\"(max-width: 700px) 100vw, 700px\" \/><\/figure><div class=\"wp-block-media-text__content\">\n<p><strong>MAREK PA\u0141US<\/strong><br>Sekretarz Polskiego Komitetu Olimpijskiego<\/p>\n<\/div><\/div>\n\n\n\n<p>===<\/p>\n\n\n\n<h2 class=\"wp-block-heading\"><strong>Misja Olimpijska<\/strong><\/h2>\n\n\n\n<div class=\"wp-block-media-text is-stacked-on-mobile\"><figure class=\"wp-block-media-text__media\"><img loading=\"lazy\" decoding=\"async\" width=\"700\" height=\"700\" src=\"https:\/\/olimpijski.pl\/wp-content\/uploads\/2026\/02\/Misja-Konrad-Niedzwiedzki-kwadrat.jpg\" alt=\"\" class=\"wp-image-101720 size-full\" srcset=\"https:\/\/olimpijski.pl\/wp-content\/uploads\/2026\/02\/Misja-Konrad-Niedzwiedzki-kwadrat.jpg 700w, https:\/\/olimpijski.pl\/wp-content\/uploads\/2026\/02\/Misja-Konrad-Niedzwiedzki-kwadrat-300x300.jpg 300w, https:\/\/olimpijski.pl\/wp-content\/uploads\/2026\/02\/Misja-Konrad-Niedzwiedzki-kwadrat-150x150.jpg 150w, https:\/\/olimpijski.pl\/wp-content\/uploads\/2026\/02\/Misja-Konrad-Niedzwiedzki-kwadrat-600x600.jpg 600w\" sizes=\"(max-width: 700px) 100vw, 700px\" \/><\/figure><div class=\"wp-block-media-text__content\">\n<p><strong>KONRAD NIED\u0179WIEDZKI<\/strong><br>Szef Misji<\/p>\n<\/div><\/div>\n\n\n\n<div class=\"wp-block-media-text is-stacked-on-mobile\"><figure class=\"wp-block-media-text__media\"><img loading=\"lazy\" decoding=\"async\" width=\"700\" height=\"700\" src=\"https:\/\/olimpijski.pl\/wp-content\/uploads\/2026\/02\/Misja-Dorota-Go\u02dc-kwadrat.jpg\" alt=\"\" class=\"wp-image-101708 size-full\" srcset=\"https:\/\/olimpijski.pl\/wp-content\/uploads\/2026\/02\/Misja-Dorota-Go\u02dc-kwadrat.jpg 700w, https:\/\/olimpijski.pl\/wp-content\/uploads\/2026\/02\/Misja-Dorota-Go\u02dc-kwadrat-300x300.jpg 300w, https:\/\/olimpijski.pl\/wp-content\/uploads\/2026\/02\/Misja-Dorota-Go\u02dc-kwadrat-150x150.jpg 150w, https:\/\/olimpijski.pl\/wp-content\/uploads\/2026\/02\/Misja-Dorota-Go\u02dc-kwadrat-600x600.jpg 600w\" sizes=\"(max-width: 700px) 100vw, 700px\" \/><\/figure><div class=\"wp-block-media-text__content\">\n<p><strong>DOROTA GO\u015a<\/strong><br>Zast\u0119pca Szefa Misji<\/p>\n<\/div><\/div>\n\n\n\n<div class=\"wp-block-media-text is-stacked-on-mobile\"><figure class=\"wp-block-media-text__media\"><img loading=\"lazy\" decoding=\"async\" width=\"700\" height=\"700\" src=\"https:\/\/olimpijski.pl\/wp-content\/uploads\/2026\/02\/Misja-Katarzyna-Bachleda-Curu\u02dc-kwadrat.jpg\" alt=\"\" class=\"wp-image-101716 size-full\" srcset=\"https:\/\/olimpijski.pl\/wp-content\/uploads\/2026\/02\/Misja-Katarzyna-Bachleda-Curu\u02dc-kwadrat.jpg 700w, https:\/\/olimpijski.pl\/wp-content\/uploads\/2026\/02\/Misja-Katarzyna-Bachleda-Curu\u02dc-kwadrat-300x300.jpg 300w, https:\/\/olimpijski.pl\/wp-content\/uploads\/2026\/02\/Misja-Katarzyna-Bachleda-Curu\u02dc-kwadrat-150x150.jpg 150w, https:\/\/olimpijski.pl\/wp-content\/uploads\/2026\/02\/Misja-Katarzyna-Bachleda-Curu\u02dc-kwadrat-600x600.jpg 600w\" sizes=\"(max-width: 700px) 100vw, 700px\" \/><\/figure><div class=\"wp-block-media-text__content\">\n<p><strong>KATARZYNA BACHLEDA-CURU\u015a<\/strong><br>Zast\u0119pca Szefa Misji<\/p>\n<\/div><\/div>\n\n\n\n<div class=\"wp-block-media-text is-stacked-on-mobile\"><figure class=\"wp-block-media-text__media\"><img loading=\"lazy\" decoding=\"async\" width=\"700\" height=\"700\" src=\"https:\/\/olimpijski.pl\/wp-content\/uploads\/2026\/02\/Misja-Ewelina-Wawrynkiewicz-Binda-kwadrat.jpg\" alt=\"\" class=\"wp-image-101712 size-full\" srcset=\"https:\/\/olimpijski.pl\/wp-content\/uploads\/2026\/02\/Misja-Ewelina-Wawrynkiewicz-Binda-kwadrat.jpg 700w, https:\/\/olimpijski.pl\/wp-content\/uploads\/2026\/02\/Misja-Ewelina-Wawrynkiewicz-Binda-kwadrat-300x300.jpg 300w, https:\/\/olimpijski.pl\/wp-content\/uploads\/2026\/02\/Misja-Ewelina-Wawrynkiewicz-Binda-kwadrat-150x150.jpg 150w, https:\/\/olimpijski.pl\/wp-content\/uploads\/2026\/02\/Misja-Ewelina-Wawrynkiewicz-Binda-kwadrat-600x600.jpg 600w\" sizes=\"(max-width: 700px) 100vw, 700px\" \/><\/figure><div class=\"wp-block-media-text__content\">\n<p><strong>EWELINA WAWRYNKIEWICZ-BINDA<\/strong><br>Zast\u0119pca Szefa Misji<\/p>\n<\/div><\/div>\n\n\n\n<div class=\"wp-block-media-text is-stacked-on-mobile\"><figure class=\"wp-block-media-text__media\"><img loading=\"lazy\" decoding=\"async\" width=\"700\" height=\"700\" src=\"https:\/\/olimpijski.pl\/wp-content\/uploads\/2026\/02\/Misja-Marcin-Doros-kwadrat.jpg\" alt=\"\" class=\"wp-image-101726 size-full\" srcset=\"https:\/\/olimpijski.pl\/wp-content\/uploads\/2026\/02\/Misja-Marcin-Doros-kwadrat.jpg 700w, https:\/\/olimpijski.pl\/wp-content\/uploads\/2026\/02\/Misja-Marcin-Doros-kwadrat-300x300.jpg 300w, https:\/\/olimpijski.pl\/wp-content\/uploads\/2026\/02\/Misja-Marcin-Doros-kwadrat-150x150.jpg 150w, https:\/\/olimpijski.pl\/wp-content\/uploads\/2026\/02\/Misja-Marcin-Doros-kwadrat-600x600.jpg 600w\" sizes=\"(max-width: 700px) 100vw, 700px\" \/><\/figure><div class=\"wp-block-media-text__content\">\n<p><strong>MARCIN DORO\u015a<\/strong><br>Zast\u0119pca Szefa Misji<\/p>\n<\/div><\/div>\n\n\n\n<div class=\"wp-block-media-text is-stacked-on-mobile\"><figure class=\"wp-block-media-text__media\"><img loading=\"lazy\" decoding=\"async\" width=\"700\" height=\"700\" src=\"https:\/\/olimpijski.pl\/wp-content\/uploads\/2026\/02\/Misja-Joanna-Lewicka-kwadrat.jpg\" alt=\"\" class=\"wp-image-101714 size-full\" srcset=\"https:\/\/olimpijski.pl\/wp-content\/uploads\/2026\/02\/Misja-Joanna-Lewicka-kwadrat.jpg 700w, https:\/\/olimpijski.pl\/wp-content\/uploads\/2026\/02\/Misja-Joanna-Lewicka-kwadrat-300x300.jpg 300w, https:\/\/olimpijski.pl\/wp-content\/uploads\/2026\/02\/Misja-Joanna-Lewicka-kwadrat-150x150.jpg 150w, https:\/\/olimpijski.pl\/wp-content\/uploads\/2026\/02\/Misja-Joanna-Lewicka-kwadrat-600x600.jpg 600w\" sizes=\"(max-width: 700px) 100vw, 700px\" \/><\/figure><div class=\"wp-block-media-text__content\">\n<p><strong>JOANNA LEWICKA<\/strong><br>Cz\u0142onek Misji<\/p>\n<\/div><\/div>\n\n\n\n<div class=\"wp-block-media-text is-stacked-on-mobile\"><figure class=\"wp-block-media-text__media\"><img loading=\"lazy\" decoding=\"async\" width=\"700\" height=\"700\" src=\"https:\/\/olimpijski.pl\/wp-content\/uploads\/2026\/02\/Misja-Zuzanna-Krachulec-kwadrat.jpg\" alt=\"\" class=\"wp-image-101732 size-full\" srcset=\"https:\/\/olimpijski.pl\/wp-content\/uploads\/2026\/02\/Misja-Zuzanna-Krachulec-kwadrat.jpg 700w, https:\/\/olimpijski.pl\/wp-content\/uploads\/2026\/02\/Misja-Zuzanna-Krachulec-kwadrat-300x300.jpg 300w, https:\/\/olimpijski.pl\/wp-content\/uploads\/2026\/02\/Misja-Zuzanna-Krachulec-kwadrat-150x150.jpg 150w, https:\/\/olimpijski.pl\/wp-content\/uploads\/2026\/02\/Misja-Zuzanna-Krachulec-kwadrat-600x600.jpg 600w\" sizes=\"(max-width: 700px) 100vw, 700px\" \/><\/figure><div class=\"wp-block-media-text__content\">\n<p><strong>ZUZANNA KRACHULEC<\/strong><br>Cz\u0142onek Misji<\/p>\n<\/div><\/div>\n\n\n\n<div class=\"wp-block-media-text is-stacked-on-mobile\"><figure class=\"wp-block-media-text__media\"><img loading=\"lazy\" decoding=\"async\" width=\"700\" height=\"700\" src=\"https:\/\/olimpijski.pl\/wp-content\/uploads\/2026\/02\/Misja-Adam-Wa\u02dc-kwadrat.jpg\" alt=\"\" class=\"wp-image-101704 size-full\" srcset=\"https:\/\/olimpijski.pl\/wp-content\/uploads\/2026\/02\/Misja-Adam-Wa\u02dc-kwadrat.jpg 700w, https:\/\/olimpijski.pl\/wp-content\/uploads\/2026\/02\/Misja-Adam-Wa\u02dc-kwadrat-300x300.jpg 300w, https:\/\/olimpijski.pl\/wp-content\/uploads\/2026\/02\/Misja-Adam-Wa\u02dc-kwadrat-150x150.jpg 150w, https:\/\/olimpijski.pl\/wp-content\/uploads\/2026\/02\/Misja-Adam-Wa\u02dc-kwadrat-600x600.jpg 600w\" sizes=\"(max-width: 700px) 100vw, 700px\" \/><\/figure><div class=\"wp-block-media-text__content\">\n<p><strong>KS. ANDRZEJ WA\u015a<\/strong><br>Cz\u0142onek Misji<\/p>\n<\/div><\/div>\n\n\n\n<div class=\"wp-block-media-text is-stacked-on-mobile\"><figure class=\"wp-block-media-text__media\"><img loading=\"lazy\" decoding=\"async\" width=\"700\" height=\"700\" src=\"https:\/\/olimpijski.pl\/wp-content\/uploads\/2026\/02\/Misja-Edward-Plea-kwadrat.jpg\" alt=\"\" class=\"wp-image-101710 size-full\" srcset=\"https:\/\/olimpijski.pl\/wp-content\/uploads\/2026\/02\/Misja-Edward-Plea-kwadrat.jpg 700w, https:\/\/olimpijski.pl\/wp-content\/uploads\/2026\/02\/Misja-Edward-Plea-kwadrat-300x300.jpg 300w, https:\/\/olimpijski.pl\/wp-content\/uploads\/2026\/02\/Misja-Edward-Plea-kwadrat-150x150.jpg 150w, https:\/\/olimpijski.pl\/wp-content\/uploads\/2026\/02\/Misja-Edward-Plea-kwadrat-600x600.jpg 600w\" sizes=\"(max-width: 700px) 100vw, 700px\" \/><\/figure><div class=\"wp-block-media-text__content\">\n<p><strong>KS. EDWARD PLE\u0143<\/strong><br>Cz\u0142onek Misji<\/p>\n<\/div><\/div>\n\n\n\n<p>===<\/p>\n\n\n\n<div class=\"wp-block-media-text is-stacked-on-mobile\"><figure class=\"wp-block-media-text__media\"><img loading=\"lazy\" decoding=\"async\" width=\"700\" height=\"700\" src=\"https:\/\/olimpijski.pl\/wp-content\/uploads\/2026\/02\/Misja-Krysztofiak-Hubert-kwadrat.jpg\" alt=\"\" class=\"wp-image-101722 size-full\" srcset=\"https:\/\/olimpijski.pl\/wp-content\/uploads\/2026\/02\/Misja-Krysztofiak-Hubert-kwadrat.jpg 700w, https:\/\/olimpijski.pl\/wp-content\/uploads\/2026\/02\/Misja-Krysztofiak-Hubert-kwadrat-300x300.jpg 300w, https:\/\/olimpijski.pl\/wp-content\/uploads\/2026\/02\/Misja-Krysztofiak-Hubert-kwadrat-150x150.jpg 150w, https:\/\/olimpijski.pl\/wp-content\/uploads\/2026\/02\/Misja-Krysztofiak-Hubert-kwadrat-600x600.jpg 600w\" sizes=\"(max-width: 700px) 100vw, 700px\" \/><\/figure><div class=\"wp-block-media-text__content\">\n<p><strong>HUBERT KRYSZTOFIAK<\/strong><br>Szef Misji Medycznej<\/p>\n<\/div><\/div>\n\n\n\n<p>===<\/p>\n\n\n\n<div class=\"wp-block-media-text is-stacked-on-mobile\"><figure class=\"wp-block-media-text__media\"><img loading=\"lazy\" decoding=\"async\" width=\"700\" height=\"700\" src=\"https:\/\/olimpijski.pl\/wp-content\/uploads\/2026\/02\/Misja-Lang-Czes\u02c6aw-kwadrat.jpg\" alt=\"\" class=\"wp-image-101724 size-full\" srcset=\"https:\/\/olimpijski.pl\/wp-content\/uploads\/2026\/02\/Misja-Lang-Czes\u02c6aw-kwadrat.jpg 700w, https:\/\/olimpijski.pl\/wp-content\/uploads\/2026\/02\/Misja-Lang-Czes\u02c6aw-kwadrat-300x300.jpg 300w, https:\/\/olimpijski.pl\/wp-content\/uploads\/2026\/02\/Misja-Lang-Czes\u02c6aw-kwadrat-150x150.jpg 150w, https:\/\/olimpijski.pl\/wp-content\/uploads\/2026\/02\/Misja-Lang-Czes\u02c6aw-kwadrat-600x600.jpg 600w\" sizes=\"(max-width: 700px) 100vw, 700px\" \/><\/figure><div class=\"wp-block-media-text__content\">\n<p><strong>CZES\u0141AW LANG<\/strong><br>Attach\u00e9 Olimpijski<\/p>\n<\/div><\/div>\n\n\n\n<p>&#8212;<\/p>\n\n\n\n<div class=\"wp-block-media-text is-stacked-on-mobile\"><figure class=\"wp-block-media-text__media\"><img loading=\"lazy\" decoding=\"async\" width=\"700\" height=\"700\" src=\"https:\/\/olimpijski.pl\/wp-content\/uploads\/2026\/02\/Misja-Kochaniak-Roman-Katarzyna-kwadrat.jpg\" alt=\"\" class=\"wp-image-101718 size-full\" srcset=\"https:\/\/olimpijski.pl\/wp-content\/uploads\/2026\/02\/Misja-Kochaniak-Roman-Katarzyna-kwadrat.jpg 700w, https:\/\/olimpijski.pl\/wp-content\/uploads\/2026\/02\/Misja-Kochaniak-Roman-Katarzyna-kwadrat-300x300.jpg 300w, https:\/\/olimpijski.pl\/wp-content\/uploads\/2026\/02\/Misja-Kochaniak-Roman-Katarzyna-kwadrat-150x150.jpg 150w, https:\/\/olimpijski.pl\/wp-content\/uploads\/2026\/02\/Misja-Kochaniak-Roman-Katarzyna-kwadrat-600x600.jpg 600w\" sizes=\"(max-width: 700px) 100vw, 700px\" \/><\/figure><div class=\"wp-block-media-text__content\">\n<p><strong>KATARZYNA KOCHANIAK-ROMAN<\/strong><br>Attach\u00e9 Prasowy<\/p>\n<\/div><\/div>\n\n\n\n<div class=\"wp-block-media-text is-stacked-on-mobile\"><figure class=\"wp-block-media-text__media\"><img loading=\"lazy\" decoding=\"async\" width=\"700\" height=\"700\" src=\"https:\/\/olimpijski.pl\/wp-content\/uploads\/2026\/02\/Misja-Aleksandra-Witkowska-kwadrat.jpg\" alt=\"\" class=\"wp-image-101706 size-full\" srcset=\"https:\/\/olimpijski.pl\/wp-content\/uploads\/2026\/02\/Misja-Aleksandra-Witkowska-kwadrat.jpg 700w, https:\/\/olimpijski.pl\/wp-content\/uploads\/2026\/02\/Misja-Aleksandra-Witkowska-kwadrat-300x300.jpg 300w, https:\/\/olimpijski.pl\/wp-content\/uploads\/2026\/02\/Misja-Aleksandra-Witkowska-kwadrat-150x150.jpg 150w, https:\/\/olimpijski.pl\/wp-content\/uploads\/2026\/02\/Misja-Aleksandra-Witkowska-kwadrat-600x600.jpg 600w\" sizes=\"(max-width: 700px) 100vw, 700px\" \/><\/figure><div class=\"wp-block-media-text__content\">\n<p><strong>ALEKSANDRA WITKOWSKA<\/strong><br>Media Attach\u00e9<\/p>\n<\/div><\/div>\n","protected":false},"excerpt":{"rendered":"<p>Misja olimpijska Kierownictwo reprezentacji RADOS\u0141AW PIESIEWICZPrzewodnicz\u0105cy Olimpijskiej Reprezentacji PolskiPrezes Polskiego Komitetu Olimpijskiego MAREK PA\u0141USSekretarz Polskiego Komitetu Olimpijskiego === Misja Olimpijska KONRAD NIED\u0179WIEDZKISzef<\/p>\n","protected":false},"featured_media":0,"parent":48831,"menu_order":0,"template":"","meta":{"_acf_changed":false,"ub_ctt_via":"","footnotes":""},"class_list":["post-101133","olympics_winter","type-olympics_winter","status-publish","hentry","infinite-scroll-item","no-featured-image-padding"],"acf":{"special_bg_img":false,"hide_breadcrumbs":[]},"_links":{"self":[{"href":"https:\/\/olimpijski.pl\/en\/wp-json\/wp\/v2\/olympics_winter\/101133"}],"collection":[{"href":"https:\/\/olimpijski.pl\/en\/wp-json\/wp\/v2\/olympics_winter"}],"about":[{"href":"https:\/\/olimpijski.pl\/en\/wp-json\/wp\/v2\/types\/olympics_winter"}],"version-history":[{"count":4,"href":"https:\/\/olimpijski.pl\/en\/wp-json\/wp\/v2\/olympics_winter\/101133\/revisions"}],"predecessor-version":[{"id":102187,"href":"https:\/\/olimpijski.pl\/en\/wp-json\/wp\/v2\/olympics_winter\/101133\/revisions\/102187"}],"up":[{"embeddable":true,"href":"https:\/\/olimpijski.pl\/en\/wp-json\/wp\/v2\/olympics_winter\/48831"}],"wp:attachment":[{"href":"https:\/\/olimpijski.pl\/en\/wp-json\/wp\/v2\/media?parent=101133"}],"curies":[{"name":"wp","href":"https:\/\/api.w.org\/{rel}","templated":true}]}}