{"id":101135,"date":"2026-01-13T12:15:34","date_gmt":"2026-01-13T11:15:34","guid":{"rendered":"https:\/\/olimpijski.pl\/?post_type=olympics_winter&#038;p=101135"},"modified":"2026-02-05T21:48:31","modified_gmt":"2026-02-05T20:48:31","slug":"o-igrzyskach","status":"publish","type":"olympics_winter","link":"https:\/\/olimpijski.pl\/en\/igrzyska_zimowe\/mediolan-cortina-2026\/o-igrzyskach\/","title":{"rendered":"O igrzyskach"},"content":{"rendered":"\n<h1 class=\"wp-block-heading main-title\">O igrzyskach<\/h1>\n\n\n\n<p><strong>Zimowe Igrzyska Olimpijskie Mediolan-Cortina 2026 to XXV edycja zimowych igrzysk, kt\u00f3re odb\u0119d\u0105 si\u0119 we W\u0142oszech w dniach 6\u201322 lutego 2026 roku.<\/strong><\/p>\n\n\n\n<p>G\u0142\u00f3wne miasta-gospodarze to Mediolan i Cortina d\u2019Ampezzo \u2013 po raz pierwszy w historii zimowych igrzysk jedna impreza jest oficjalnie wsp\u00f3\u0142organizowana przez dwa o\u015brodki.<\/p>\n\n\n\n<p>Zawody rozgrywane b\u0119d\u0105 tak\u017ce w innych miejscowo\u015bciach p\u00f3\u0142nocnych W\u0142och, m.in.: Bormio, Livigno, Predazzo, Val di Fiemme, Lago di Tesero, Anterselva i w Weronie (ceremonia zamkni\u0119cia).<\/p>\n\n\n\n<figure class=\"wp-block-image size-large\"><img loading=\"lazy\" decoding=\"async\" width=\"1024\" height=\"580\" src=\"https:\/\/olimpijski.pl\/wp-content\/uploads\/2021\/03\/milano-cortina_2026_2000-1024x580.jpg\" alt=\"\" class=\"wp-image-40898\" srcset=\"https:\/\/olimpijski.pl\/wp-content\/uploads\/2021\/03\/milano-cortina_2026_2000-1024x580.jpg 1024w, https:\/\/olimpijski.pl\/wp-content\/uploads\/2021\/03\/milano-cortina_2026_2000-300x170.jpg 300w, https:\/\/olimpijski.pl\/wp-content\/uploads\/2021\/03\/milano-cortina_2026_2000-768x435.jpg 768w, https:\/\/olimpijski.pl\/wp-content\/uploads\/2021\/03\/milano-cortina_2026_2000-1536x869.jpg 1536w, https:\/\/olimpijski.pl\/wp-content\/uploads\/2021\/03\/milano-cortina_2026_2000.jpg 2000w\" sizes=\"(max-width: 1024px) 100vw, 1024px\" \/><\/figure>\n\n\n\n<p>Ceremonia otwarcia zaplanowana jest na 6 lutego 2026 na stadionie San Siro w Mediolanie. Ceremonia zamkni\u0119cia odb\u0119dzie si\u0119 22 lutego 2026 roku w Weronie.<\/p>\n\n\n\n<p>Igrzyska obejmuj\u0105 16 dyscyplin zimowych \u2013 w tym narciarstwo alpejskie, biathlon, bobsleje, \u0142y\u017cwiarstwo figurowe, hokej na lodzie, snowboard i inne.<\/p>\n\n\n\n<p>To jedno z najwi\u0119kszych sportowych wydarze\u0144 zimowych \u015bwiata, kt\u00f3re przyci\u0105gn\u0119\u0142o tysi\u0105ce sportowc\u00f3w z ponad 90 kraj\u00f3w i setki tysi\u0119cy widz\u00f3w. W Mediolanie i Dolomitach rywalizacja \u0142\u0105czy sport, kultur\u0119 i w\u0142osk\u0105 go\u015bcinno\u015b\u0107.<\/p>\n","protected":false},"excerpt":{"rendered":"<p>O igrzyskach Zimowe Igrzyska Olimpijskie Mediolan-Cortina 2026 to XXV edycja zimowych igrzysk, kt\u00f3re odb\u0119d\u0105 si\u0119 we W\u0142oszech w dniach 6\u201322 lutego 2026<\/p>\n","protected":false},"featured_media":0,"parent":48831,"menu_order":0,"template":"","meta":{"_acf_changed":false,"ub_ctt_via":"","footnotes":""},"class_list":["post-101135","olympics_winter","type-olympics_winter","status-publish","hentry","infinite-scroll-item","no-featured-image-padding"],"acf":{"special_bg_img":false,"hide_breadcrumbs":[]},"_links":{"self":[{"href":"https:\/\/olimpijski.pl\/en\/wp-json\/wp\/v2\/olympics_winter\/101135"}],"collection":[{"href":"https:\/\/olimpijski.pl\/en\/wp-json\/wp\/v2\/olympics_winter"}],"about":[{"href":"https:\/\/olimpijski.pl\/en\/wp-json\/wp\/v2\/types\/olympics_winter"}],"version-history":[{"count":4,"href":"https:\/\/olimpijski.pl\/en\/wp-json\/wp\/v2\/olympics_winter\/101135\/revisions"}],"predecessor-version":[{"id":102476,"href":"https:\/\/olimpijski.pl\/en\/wp-json\/wp\/v2\/olympics_winter\/101135\/revisions\/102476"}],"up":[{"embeddable":true,"href":"https:\/\/olimpijski.pl\/en\/wp-json\/wp\/v2\/olympics_winter\/48831"}],"wp:attachment":[{"href":"https:\/\/olimpijski.pl\/en\/wp-json\/wp\/v2\/media?parent=101135"}],"curies":[{"name":"wp","href":"https:\/\/api.w.org\/{rel}","templated":true}]}}