{"id":15684,"date":"2018-06-30T09:46:23","date_gmt":"2018-06-30T07:46:23","guid":{"rendered":"http:\/\/pkol.cumulus.atthouse.pl\/?post_type=olympics_winter&#038;p=15684"},"modified":"2021-06-17T14:36:01","modified_gmt":"2021-06-17T12:36:01","slug":"pyeongchang-2018","status":"publish","type":"olympics_winter","link":"https:\/\/olimpijski.pl\/en\/igrzyska_zimowe\/pyeongchang-2018\/","title":{"rendered":"PyeongChang 2018"},"content":{"rendered":"\n\n\n\n<div class=\"wp-block-columns are-vertically-aligned-center is-layout-flex wp-container-core-columns-is-layout-1 wp-block-columns-is-layout-flex\">\n<div class=\"wp-block-column is-vertically-aligned-center is-layout-flow wp-block-column-is-layout-flow\" style=\"flex-basis:33.33%\"><div class=\"sidebar\"><ul class=\"olympic-widget-menu\"><li><a href=https:\/\/olimpijski.pl\/reprezentacja-polski\/?olympic=pyeongchang-2018>Reprezentacja Polski<\/a><\/li><li><a href=https:\/\/olimpijski.pl\/medale-polakow\/?olympic=pyeongchang-2018>Medale Polak\u00f3w<\/a><\/li><li><a href=https:\/\/olimpijski.pl\/en\/igrzyska_zimowe\/pyeongchang-2018\/aktualnosci\/>Aktualno\u015bci<\/a><\/li><li><a href=https:\/\/olimpijski.pl\/en\/igrzyska_zimowe\/pyeongchang-2018\/tabela-medalowa\/>Tabela Medalowa<\/a><\/li><li><a href=https:\/\/olimpijski.pl\/en\/igrzyska_zimowe\/pyeongchang-2018\/obiekty-olimpijskie\/>Obiekty Olimpijskie<\/a><\/li><li><a href=https:\/\/olimpijski.pl\/en\/igrzyska_zimowe\/pyeongchang-2018\/wyniki\/>Wyniki<\/a><\/li><\/ul><\/div>\n<\/div>\n\n\n\n<div class=\"wp-block-column is-vertically-aligned-center is-layout-flow wp-block-column-is-layout-flow\" style=\"flex-basis:66.66%\">\n<div class=\"wp-block-cover has-black-background-color big-tekst\" style=\"min-height:250px;aspect-ratio:unset;\"><img loading=\"lazy\" decoding=\"async\" width=\"1026\" height=\"354\" class=\"wp-block-cover__image-background wp-image-28038\" alt=\"\" src=\"https:\/\/olimpijski.pl\/wp-content\/uploads\/2018\/06\/stoch-img.jpg\" data-object-fit=\"cover\" srcset=\"https:\/\/olimpijski.pl\/wp-content\/uploads\/2018\/06\/stoch-img.jpg 1026w, https:\/\/olimpijski.pl\/wp-content\/uploads\/2018\/06\/stoch-img-300x104.jpg 300w, https:\/\/olimpijski.pl\/wp-content\/uploads\/2018\/06\/stoch-img-1024x353.jpg 1024w, https:\/\/olimpijski.pl\/wp-content\/uploads\/2018\/06\/stoch-img-768x265.jpg 768w\" sizes=\"(max-width: 1026px) 100vw, 1026px\" \/><div class=\"wp-block-cover__inner-container is-layout-flow wp-block-cover-is-layout-flow\">\n<div style=\"height:30px\" aria-hidden=\"true\" class=\"wp-block-spacer\"><\/div>\n\n\n\n<p class=\"has-text-align-left main-title has-white-color has-text-color has-large-font-size\"><strong>Polska Reprezentacja<\/strong><\/p>\n\n\n\n<p class=\"has-text-align-left main-title main-title-voice has-black-color has-text-color\" style=\"font-size:74px\"><strong>Olimpijska<\/strong><\/p>\n\n\n\n<div class=\"wp-block-buttons is-layout-flex wp-block-buttons-is-layout-flex\">\n<div class=\"wp-block-button is-style-fill\"><a class=\"wp-block-button__link has-black-color has-text-color has-background\" href=\"\/reprezentacja-polski\/?olympic=pyeongchang-2018\" style=\"background:linear-gradient(135deg,rgba(237,237,237,0) 0%,rgba(168,183,194,0) 99%)\">Dowiedz si\u0119 wi\u0119cej o naszej reprezentacji<\/a><\/div>\n<\/div>\n<\/div><\/div>\n\n\n\n<p><\/p>\n<\/div>\n<\/div>\n\n\n\n<div style=\"height:30px\" aria-hidden=\"true\" class=\"wp-block-spacer\"><\/div>\n\n\n\n<h2 class=\"main-title wp-block-heading\"><strong>Aktualno\u015bci<\/strong><\/h2>\n\n\n\n<div style=\"height:30px\" aria-hidden=\"true\" class=\"wp-block-spacer\"><\/div>\n\n\n\n\n\n\n        <div class=\"medal-section olympic-rewards-box uk-flex\">\n            <div class=\"main-medal-section uk-flex uk-flex-wrap-middle\">\n                <div class=\"medal-cointainer\">\n                    <p class=\"medal-sumary uk-margin-medium-top\">2<\/p>\n                    <p class=\"medal-info\">Medale igrzysk olimpijskich<\/p>\n                <\/div>\n                <div class=\"uk-flex uk-text-top medal-type \">\n                    <div class=\"medal gold\"> 1<\/div>\n                    \n                    <div class=\"medal bronze\"> 1<\/div>\n                <\/div>\n            <\/div>\n            <div class=\"medalists \">\n            \n                <ul class=\"\">\n                    <li>\n            <div class=\"players-info\"><div class=\"icon\"><img width=50 height=50 src=https:\/\/olimpijski.pl\/wp-content\/uploads\/2018\/06\/skoki-narciarskie.jpg><\/div><div class=\"competition\">\n                <p class=\"competition-name\">Skoki narciarskie &#8211; skocznia du\u017ca (LH), ind.<\/p>\n                <div class=\"player\">Kamil Stoch<\/div>\n                <\/div><div class=\"medal gold\"><\/div><\/div><\/li><li>\n            <div class=\"players-info\"><div class=\"icon\"><img width=50 height=50 src=https:\/\/olimpijski.pl\/wp-content\/uploads\/2018\/06\/skoki-narciarskie.jpg><\/div><div class=\"competition\"><p class=\"competition-name\">Skoki narciarskie &#8211; skocznia du\u017ca (LH), dru\u017c.<\/p><div class=\"player\">Kamil Stoch<\/div><div class=\"player\">Maciej Kot<\/div><div class=\"player\">Dawid Kubacki<\/div><div class=\"player\">Stefan Hula<\/div><\/div><div class=\"medal bronze\"><\/div><\/div><\/li>\n                <\/ul>\n            <\/div>\n\n        <\/div>\n\n\n\n<p>  <\/p>\n\n\n\n<div class=\"wp-block-columns are-vertically-aligned-top is-layout-flex wp-container-core-columns-is-layout-2 wp-block-columns-is-layout-flex\">\n<div class=\"wp-block-column is-vertically-aligned-top is-layout-flow wp-block-column-is-layout-flow\" style=\"flex-basis:40%\">\n<div class=\"wp-block-cover has-background-dim is-position-center-center\" style=\"background-color:#f6f6f6;min-height:400px;aspect-ratio:unset;\"><div class=\"wp-block-cover__inner-container is-layout-flow wp-block-cover-is-layout-flow\">\n<p class=\"has-text-align-left has-black-color has-text-color has-medium-font-size\"><strong>Logo<\/strong><\/p>\n\n\n\n<div class=\"wp-block-image\"><figure class=\"aligncenter size-large is-resized\"><img loading=\"lazy\" decoding=\"async\" src=\"https:\/\/olimpijski.pl\/wp-content\/uploads\/2018\/06\/logo.jpg\" alt=\"\" class=\"wp-image-28034\" width=\"317\" height=\"286\" srcset=\"https:\/\/olimpijski.pl\/wp-content\/uploads\/2018\/06\/logo.jpg 448w, https:\/\/olimpijski.pl\/wp-content\/uploads\/2018\/06\/logo-300x271.jpg 300w\" sizes=\"(max-width: 317px) 100vw, 317px\" \/><\/figure><\/div>\n<\/div><\/div>\n\n\n\n<p><\/p>\n<\/div>\n\n\n\n<div class=\"wp-block-column is-vertically-aligned-top is-layout-flow wp-block-column-is-layout-flow\" style=\"flex-basis:75.9%\">\n<div class=\"wp-block-cover has-background-dim is-position-center-center\" style=\"background-color:#f6f6f6;min-height:400px;aspect-ratio:unset;\"><div class=\"wp-block-cover__inner-container is-layout-flow wp-block-cover-is-layout-flow\">\n<p class=\"has-text-align-left has-black-color has-text-color has-medium-font-size\"><strong>Maskotki<\/strong><\/p>\n\n\n\n<div class=\"wp-block-image\"><figure class=\"aligncenter size-large is-resized\"><img loading=\"lazy\" decoding=\"async\" src=\"https:\/\/olimpijski.pl\/wp-content\/uploads\/2018\/06\/maskotki.jpg\" alt=\"\" class=\"wp-image-28036\" width=\"598\" height=\"273\" srcset=\"https:\/\/olimpijski.pl\/wp-content\/uploads\/2018\/06\/maskotki.jpg 911w, https:\/\/olimpijski.pl\/wp-content\/uploads\/2018\/06\/maskotki-300x137.jpg 300w, https:\/\/olimpijski.pl\/wp-content\/uploads\/2018\/06\/maskotki-768x351.jpg 768w\" sizes=\"(max-width: 598px) 100vw, 598px\" \/><\/figure><\/div>\n<\/div><\/div>\n<\/div>\n<\/div>\n\n\n\n<div style=\"height:20px\" aria-hidden=\"true\" class=\"wp-block-spacer\"><\/div>\n\n\n\n<div class=\"wp-block-cover has-background-dim-10 has-background-dim has-custom-content-position is-position-top-left\" style=\"min-height:395px;aspect-ratio:unset;\"><img loading=\"lazy\" decoding=\"async\" width=\"2048\" height=\"1363\" class=\"wp-block-cover__image-background wp-image-28040\" alt=\"\" src=\"https:\/\/olimpijski.pl\/wp-content\/uploads\/2018\/06\/gettyimages-850364110.jpg\" style=\"object-position:46% 61%\" data-object-fit=\"cover\" data-object-position=\"46% 61%\" srcset=\"https:\/\/olimpijski.pl\/wp-content\/uploads\/2018\/06\/gettyimages-850364110.jpg 2048w, https:\/\/olimpijski.pl\/wp-content\/uploads\/2018\/06\/gettyimages-850364110-300x200.jpg 300w, https:\/\/olimpijski.pl\/wp-content\/uploads\/2018\/06\/gettyimages-850364110-1024x682.jpg 1024w, https:\/\/olimpijski.pl\/wp-content\/uploads\/2018\/06\/gettyimages-850364110-768x511.jpg 768w, https:\/\/olimpijski.pl\/wp-content\/uploads\/2018\/06\/gettyimages-850364110-1536x1022.jpg 1536w, https:\/\/olimpijski.pl\/wp-content\/uploads\/2018\/06\/gettyimages-850364110-600x400.jpg 600w\" sizes=\"(max-width: 2048px) 100vw, 2048px\" \/><div class=\"wp-block-cover__inner-container is-layout-flow wp-block-cover-is-layout-flow\">\n<p class=\"has-text-align-left has-medium-font-size\"><strong>Medale<\/strong><\/p>\n<\/div><\/div>\n\n\n\n<h2 class=\"main-title wp-block-heading\"><strong>Galerie<\/strong><br>PyeongChang 2018<\/h2>\n\n\n\n<div class=\"wp-block-group\"><div class=\"wp-block-group__inner-container is-layout-flow wp-block-group-is-layout-flow\">\n<div class=\"wp-block-columns is-layout-flex wp-container-core-columns-is-layout-3 wp-block-columns-is-layout-flex\">\n<div class=\"wp-block-column is-layout-flow wp-block-column-is-layout-flow\">\n\n<\/div>\n\n\n\n<div class=\"wp-block-column is-layout-flow wp-block-column-is-layout-flow\">\n\n<\/div>\n\n\n\n<div class=\"wp-block-column is-layout-flow wp-block-column-is-layout-flow\">\n\n<\/div>\n\n\n\n<div class=\"wp-block-column is-layout-flow wp-block-column-is-layout-flow\">\n\n<\/div>\n\n\n\n<div class=\"wp-block-column is-layout-flow wp-block-column-is-layout-flow\">\n\n<\/div>\n\n\n\n<div class=\"wp-block-column is-layout-flow wp-block-column-is-layout-flow\">\n<p><\/p>\n<\/div>\n<\/div>\n\n\n\n<div class=\"wp-block-columns is-layout-flex wp-container-core-columns-is-layout-4 wp-block-columns-is-layout-flex\">\n<div class=\"wp-block-column is-layout-flow wp-block-column-is-layout-flow\">\n<p><\/p>\n<\/div>\n\n\n\n<div class=\"wp-block-column is-layout-flow wp-block-column-is-layout-flow\">\n<p><\/p>\n<\/div>\n\n\n\n<div class=\"wp-block-column is-layout-flow wp-block-column-is-layout-flow\">\n<p><\/p>\n<\/div>\n\n\n\n<div class=\"wp-block-column is-layout-flow wp-block-column-is-layout-flow\">\n<p><\/p>\n<\/div>\n\n\n\n<div class=\"wp-block-column is-layout-flow wp-block-column-is-layout-flow\">\n<p><\/p>\n<\/div>\n\n\n\n<div class=\"wp-block-column is-layout-flow wp-block-column-is-layout-flow\">\n<p><\/p>\n<\/div>\n<\/div>\n\n\n\n<p><\/p>\n<\/div><\/div>\n","protected":false},"excerpt":{"rendered":"<p>Aktualno\u015bci GaleriePyeongChang 2018<\/p>\n","protected":false},"featured_media":0,"parent":0,"menu_order":0,"template":"templates\/olympic_main_subpage.php","meta":{"_acf_changed":false,"ub_ctt_via":"","footnotes":""},"class_list":["post-15684","olympics_winter","type-olympics_winter","status-publish","hentry","infinite-scroll-item","no-featured-image-padding"],"acf":{"game_id":"","game_type":"","game_link":"","game_news":"","startdate":"","enddate":"","place":"Pyeongchang ","year":"2018","logo":"https:\/\/olimpijski.pl\/wp-content\/uploads\/2018\/06\/pyeongchang2018.png","histroy_tabs":false,"special_bg_img":false,"hide_breadcrumbs":[{"value":"1","label":"Tak"}],"competitions_olympic":[{"competition_olympic":[{"ID":5834,"post_author":"1","post_date":"2020-06-19 11:32:23","post_date_gmt":"2020-06-19 11:32:23","post_content":"","post_title":"Skoki narciarskie","post_excerpt":"","post_status":"publish","comment_status":"open","ping_status":"open","post_password":"","post_name":"skoki-narciarskie","to_ping":"","pinged":"","post_modified":"2020-06-29 13:13:11","post_modified_gmt":"2020-06-29 11:13:11","post_content_filtered":"","post_parent":0,"guid":"https:\/\/wai-q7byvryhhcz9k.wpallimport-demo.qsandbox.me\/competition\/skoki-narciarskie\/","menu_order":0,"post_type":"competition","post_mime_type":"","comment_count":"0","filter":"raw"},{"ID":5527,"post_author":"1","post_date":"2020-06-19 11:31:32","post_date_gmt":"2020-06-19 09:31:32","post_content":"","post_title":"Skoki narciarskie - skocznia du\u017ca (LH), dru\u017c.","post_excerpt":"","post_status":"publish","comment_status":"closed","ping_status":"closed","post_password":"","post_name":"skocznia-duza-lh-druz","to_ping":"","pinged":"","post_modified":"2020-07-22 12:02:26","post_modified_gmt":"2020-07-22 10:02:26","post_content_filtered":"","post_parent":5834,"guid":"https:\/\/wai-q7byvryhhcz9k.wpallimport-demo.qsandbox.me\/competition\/skocznia-duza-lh-druz\/","menu_order":0,"post_type":"competition","post_mime_type":"","comment_count":"0","filter":"raw"},{"ID":5526,"post_author":"1","post_date":"2020-06-19 11:31:32","post_date_gmt":"2020-06-19 09:31:32","post_content":"","post_title":"Skoki narciarskie - skocznia du\u017ca (LH), ind.","post_excerpt":"","post_status":"publish","comment_status":"closed","ping_status":"closed","post_password":"","post_name":"skocznia-duza-lh-ind","to_ping":"","pinged":"","post_modified":"2020-07-22 12:02:34","post_modified_gmt":"2020-07-22 10:02:34","post_content_filtered":"","post_parent":5834,"guid":"https:\/\/wai-q7byvryhhcz9k.wpallimport-demo.qsandbox.me\/competition\/skocznia-duza-lh-ind\/","menu_order":0,"post_type":"competition","post_mime_type":"","comment_count":"0","filter":"raw"},{"ID":5528,"post_author":"1","post_date":"2020-06-19 11:31:32","post_date_gmt":"2020-06-19 09:31:32","post_content":"","post_title":"Skoki narciarskie - skocznia normalna (NH), ind.","post_excerpt":"","post_status":"publish","comment_status":"closed","ping_status":"closed","post_password":"","post_name":"skocznia-normalna-nh-ind","to_ping":"","pinged":"","post_modified":"2020-07-22 12:02:40","post_modified_gmt":"2020-07-22 10:02:40","post_content_filtered":"","post_parent":5834,"guid":"https:\/\/wai-q7byvryhhcz9k.wpallimport-demo.qsandbox.me\/competition\/skocznia-normalna-nh-ind\/","menu_order":0,"post_type":"competition","post_mime_type":"","comment_count":"0","filter":"raw"}],"competition_icons_cooperators":[{"icon":{"ID":30369,"id":30369,"title":"skoki-narciarskie","filename":"skoki-narciarskie.jpg","filesize":3507,"url":"https:\/\/olimpijski.pl\/wp-content\/uploads\/2018\/06\/skoki-narciarskie.jpg","link":"https:\/\/olimpijski.pl\/en\/igrzyska_zimowe\/pyeongchang-2018\/skoki-narciarskie\/#main","alt":"","author":"1","description":"","caption":"","name":"skoki-narciarskie","status":"inherit","uploaded_to":15684,"date":"2020-10-04 00:43:28","modified":"2020-10-04 00:43:28","menu_order":0,"mime_type":"image\/jpeg","type":"image","subtype":"jpeg","icon":"https:\/\/olimpijski.pl\/wp-includes\/images\/media\/default.png","width":118,"height":118,"sizes":{"thumbnail":"https:\/\/olimpijski.pl\/wp-content\/uploads\/2018\/06\/skoki-narciarskie.jpg","thumbnail-width":118,"thumbnail-height":118,"medium":"https:\/\/olimpijski.pl\/wp-content\/uploads\/2018\/06\/skoki-narciarskie.jpg","medium-width":118,"medium-height":118,"medium_large":"https:\/\/olimpijski.pl\/wp-content\/uploads\/2018\/06\/skoki-narciarskie.jpg","medium_large-width":118,"medium_large-height":118,"large":"https:\/\/olimpijski.pl\/wp-content\/uploads\/2018\/06\/skoki-narciarskie.jpg","large-width":118,"large-height":118,"1536x1536":"https:\/\/olimpijski.pl\/wp-content\/uploads\/2018\/06\/skoki-narciarskie.jpg","1536x1536-width":118,"1536x1536-height":118,"2048x2048":"https:\/\/olimpijski.pl\/wp-content\/uploads\/2018\/06\/skoki-narciarskie.jpg","2048x2048-width":118,"2048x2048-height":118,"ultp_layout_landscape_large":"https:\/\/olimpijski.pl\/wp-content\/uploads\/2018\/06\/skoki-narciarskie.jpg","ultp_layout_landscape_large-width":118,"ultp_layout_landscape_large-height":118,"ultp_layout_landscape":"https:\/\/olimpijski.pl\/wp-content\/uploads\/2018\/06\/skoki-narciarskie.jpg","ultp_layout_landscape-width":118,"ultp_layout_landscape-height":118,"ultp_layout_portrait":"https:\/\/olimpijski.pl\/wp-content\/uploads\/2018\/06\/skoki-narciarskie.jpg","ultp_layout_portrait-width":118,"ultp_layout_portrait-height":118,"ultp_layout_square":"https:\/\/olimpijski.pl\/wp-content\/uploads\/2018\/06\/skoki-narciarskie.jpg","ultp_layout_square-width":118,"ultp_layout_square-height":118}},"cooperators":"<h2>Osoby wsp\u00f3\u0142pracuj\u0105ce<\/h2>\n<div class=\"coaches\">\n<p>Stefan Horngacher &#8211; Trener<br \/>\nGrzegorz Sobczyk &#8211; Trener Asystent<br \/>\nZbigniew Klimowski &#8211; Trener Asystent<br \/>\nMichal Dole\u017cal &#8211; Trener Techniczny<br \/>\n\u0141ukasz G\u0119bala &#8211; Fizjoterapeuta<br \/>\nKacper Skrobot &#8211; Serwismen<br \/>\nMaciej Kreczmer &#8211; Serwismen<br \/>\nAleksander Winiarski &#8211; Lekarz<br \/>\nAdam Ma\u0142ysz &#8211; Dyrektor Sportowy<br \/>\nApoloniusz Tajner &#8211; Prezes Polskiego Zwi\u0105zku Narciarskiego<\/p>\n<\/div>\n"}]},{"competition_olympic":[{"ID":5846,"post_author":"1","post_date":"2020-06-19 11:32:26","post_date_gmt":"2020-06-19 09:32:26","post_content":"","post_title":"Biathlon","post_excerpt":"","post_status":"publish","comment_status":"closed","ping_status":"closed","post_password":"","post_name":"biathlon-2","to_ping":"","pinged":"","post_modified":"2020-06-29 13:13:10","post_modified_gmt":"2020-06-29 11:13:10","post_content_filtered":"","post_parent":0,"guid":"https:\/\/wai-q7byvryhhcz9k.wpallimport-demo.qsandbox.me\/competition\/biathlon\/","menu_order":0,"post_type":"competition","post_mime_type":"","comment_count":"0","filter":"raw"},{"ID":5542,"post_author":"1","post_date":"2020-06-19 11:31:34","post_date_gmt":"2020-06-19 09:31:34","post_content":"","post_title":"Biathlon - 10 km na dochodzenie K","post_excerpt":"","post_status":"publish","comment_status":"closed","ping_status":"closed","post_password":"","post_name":"10-km-na-dochodzenie","to_ping":"","pinged":"","post_modified":"2020-07-22 11:03:09","post_modified_gmt":"2020-07-22 09:03:09","post_content_filtered":"","post_parent":5846,"guid":"https:\/\/wai-q7byvryhhcz9k.wpallimport-demo.qsandbox.me\/competition\/10-km-na-dochodzenie\/","menu_order":0,"post_type":"competition","post_mime_type":"","comment_count":"0","filter":"raw"},{"ID":5950,"post_author":"1","post_date":"2020-06-24 11:40:06","post_date_gmt":"2020-06-24 09:40:06","post_content":"","post_title":"Biathlon - 10 km na dochodzenie M","post_excerpt":"","post_status":"publish","comment_status":"closed","ping_status":"closed","post_password":"","post_name":"10-km-na-dochodzenie-m","to_ping":"","pinged":"","post_modified":"2020-07-22 11:03:17","post_modified_gmt":"2020-07-22 09:03:17","post_content_filtered":"","post_parent":5846,"guid":"http:\/\/pkol.cumulus.atthouse.pl\/?post_type=competition&#038;p=5950","menu_order":0,"post_type":"competition","post_mime_type":"","comment_count":"0","filter":"raw"},{"ID":5951,"post_author":"1","post_date":"2020-06-24 11:42:49","post_date_gmt":"2020-06-24 09:42:49","post_content":"","post_title":"Biathlon - 10 km na dochodzenie MIKST","post_excerpt":"","post_status":"publish","comment_status":"closed","ping_status":"closed","post_password":"","post_name":"10-km-na-dochodzenie-mikst","to_ping":"","pinged":"","post_modified":"2020-07-22 11:03:23","post_modified_gmt":"2020-07-22 09:03:23","post_content_filtered":"","post_parent":5846,"guid":"http:\/\/pkol.cumulus.atthouse.pl\/?post_type=competition&#038;p=5951","menu_order":0,"post_type":"competition","post_mime_type":"","comment_count":"0","filter":"raw"},{"ID":5559,"post_author":"1","post_date":"2020-06-19 11:31:34","post_date_gmt":"2020-06-19 09:31:34","post_content":"","post_title":"Biathlon - 12,5 km na dochodzenie","post_excerpt":"","post_status":"publish","comment_status":"closed","ping_status":"closed","post_password":"","post_name":"125-km-na-dochodzenie","to_ping":"","pinged":"","post_modified":"2020-07-22 11:03:29","post_modified_gmt":"2020-07-22 09:03:29","post_content_filtered":"","post_parent":5846,"guid":"https:\/\/wai-q7byvryhhcz9k.wpallimport-demo.qsandbox.me\/competition\/125-km-na-dochodzenie\/","menu_order":0,"post_type":"competition","post_mime_type":"","comment_count":"0","filter":"raw"},{"ID":19059,"post_author":"15","post_date":"2020-07-20 10:44:25","post_date_gmt":"2020-07-20 08:44:25","post_content":"","post_title":"Biathlon - 15 km ze startu wsp\u00f3lnego","post_excerpt":"","post_status":"publish","comment_status":"closed","ping_status":"closed","post_password":"","post_name":"15-km-ze-startu-wspolnego-biathlon","to_ping":"","pinged":"","post_modified":"2020-07-22 14:01:11","post_modified_gmt":"2020-07-22 12:01:11","post_content_filtered":"","post_parent":5846,"guid":"http:\/\/pkol.cumulus.atthouse.pl\/?post_type=competition&#038;p=19059","menu_order":0,"post_type":"competition","post_mime_type":"","comment_count":"0","filter":"raw"},{"ID":5545,"post_author":"1","post_date":"2020-06-19 11:31:34","post_date_gmt":"2020-06-19 09:31:34","post_content":"","post_title":"Biathlon - Bieg masowy","post_excerpt":"","post_status":"publish","comment_status":"closed","ping_status":"closed","post_password":"","post_name":"bieg-masowy","to_ping":"","pinged":"","post_modified":"2020-07-22 11:03:39","post_modified_gmt":"2020-07-22 09:03:39","post_content_filtered":"","post_parent":5846,"guid":"https:\/\/wai-q7byvryhhcz9k.wpallimport-demo.qsandbox.me\/competition\/bieg-masowy\/","menu_order":0,"post_type":"competition","post_mime_type":"","comment_count":"0","filter":"raw"},{"ID":5543,"post_author":"1","post_date":"2020-06-19 11:31:34","post_date_gmt":"2020-06-19 09:31:34","post_content":"","post_title":"Biathlon - Bieg na 15 km","post_excerpt":"","post_status":"publish","comment_status":"closed","ping_status":"closed","post_password":"","post_name":"bieg-na-15-km","to_ping":"","pinged":"","post_modified":"2020-07-22 11:03:45","post_modified_gmt":"2020-07-22 09:03:45","post_content_filtered":"","post_parent":5846,"guid":"https:\/\/wai-q7byvryhhcz9k.wpallimport-demo.qsandbox.me\/competition\/bieg-na-15-km\/","menu_order":0,"post_type":"competition","post_mime_type":"","comment_count":"0","filter":"raw"},{"ID":5544,"post_author":"1","post_date":"2020-06-19 11:31:34","post_date_gmt":"2020-06-19 09:31:34","post_content":"","post_title":"Biathlon - Bieg na 20 km","post_excerpt":"","post_status":"publish","comment_status":"closed","ping_status":"closed","post_password":"","post_name":"bieg-na-20-km","to_ping":"","pinged":"","post_modified":"2020-07-22 11:03:56","post_modified_gmt":"2020-07-22 09:03:56","post_content_filtered":"","post_parent":5846,"guid":"https:\/\/wai-q7byvryhhcz9k.wpallimport-demo.qsandbox.me\/competition\/bieg-na-20-km\/","menu_order":0,"post_type":"competition","post_mime_type":"","comment_count":"0","filter":"raw"},{"ID":5558,"post_author":"1","post_date":"2020-06-19 11:31:34","post_date_gmt":"2020-06-19 09:31:34","post_content":"","post_title":"Biathlon - Sprint (10 km)","post_excerpt":"","post_status":"publish","comment_status":"closed","ping_status":"closed","post_password":"","post_name":"sprint-10-km","to_ping":"","pinged":"","post_modified":"2020-07-22 11:04:03","post_modified_gmt":"2020-07-22 09:04:03","post_content_filtered":"","post_parent":5846,"guid":"https:\/\/wai-q7byvryhhcz9k.wpallimport-demo.qsandbox.me\/competition\/sprint-10-km\/","menu_order":0,"post_type":"competition","post_mime_type":"","comment_count":"0","filter":"raw"},{"ID":3098,"post_author":"1","post_date":"2020-06-19 11:31:34","post_date_gmt":"2020-06-19 09:31:34","post_content":"","post_title":"Biathlon - Sprint (7,5 km)","post_excerpt":"","post_status":"publish","comment_status":"closed","ping_status":"closed","post_password":"","post_name":"sprint-75-km","to_ping":"","pinged":"","post_modified":"2020-07-22 11:04:08","post_modified_gmt":"2020-07-22 09:04:08","post_content_filtered":"","post_parent":5846,"guid":"https:\/\/wai-q7byvryhhcz9k.wpallimport-demo.qsandbox.me\/competition\/sprint-75-km\/","menu_order":0,"post_type":"competition","post_mime_type":"","comment_count":"0","filter":"raw"},{"ID":5546,"post_author":"1","post_date":"2020-06-19 11:31:34","post_date_gmt":"2020-06-19 09:31:34","post_content":"","post_title":"Biathlon - Sztafeta kobiet","post_excerpt":"","post_status":"publish","comment_status":"closed","ping_status":"closed","post_password":"","post_name":"sztafeta-kobiet","to_ping":"","pinged":"","post_modified":"2020-07-22 11:04:14","post_modified_gmt":"2020-07-22 09:04:14","post_content_filtered":"","post_parent":5846,"guid":"https:\/\/wai-q7byvryhhcz9k.wpallimport-demo.qsandbox.me\/competition\/sztafeta-kobiet\/","menu_order":0,"post_type":"competition","post_mime_type":"","comment_count":"0","filter":"raw"},{"ID":321,"post_author":"1","post_date":"2020-06-19 11:31:34","post_date_gmt":"2020-06-19 09:31:34","post_content":"","post_title":"Biathlon - Sztafeta mieszana","post_excerpt":"","post_status":"publish","comment_status":"closed","ping_status":"closed","post_password":"","post_name":"sztafeta-mieszana","to_ping":"","pinged":"","post_modified":"2020-07-22 11:04:26","post_modified_gmt":"2020-07-22 09:04:26","post_content_filtered":"","post_parent":5846,"guid":"https:\/\/wai-q7byvryhhcz9k.wpallimport-demo.qsandbox.me\/competition\/sztafeta-mieszana\/","menu_order":0,"post_type":"competition","post_mime_type":"","comment_count":"0","filter":"raw"},{"ID":5547,"post_author":"1","post_date":"2020-06-19 11:31:34","post_date_gmt":"2020-06-19 09:31:34","post_content":"","post_title":"Biathlon - Sztafeta m\u0119\u017cczyzn","post_excerpt":"","post_status":"publish","comment_status":"closed","ping_status":"closed","post_password":"","post_name":"sztafeta-mezczyzn","to_ping":"","pinged":"","post_modified":"2020-07-22 11:04:20","post_modified_gmt":"2020-07-22 09:04:20","post_content_filtered":"","post_parent":5846,"guid":"https:\/\/wai-q7byvryhhcz9k.wpallimport-demo.qsandbox.me\/competition\/sztafeta-mezczyzn\/","menu_order":0,"post_type":"competition","post_mime_type":"","comment_count":"0","filter":"raw"}],"competition_icons_cooperators":[{"icon":{"ID":30349,"id":30349,"title":"biathlon","filename":"biathlon.jpg","filesize":4473,"url":"https:\/\/olimpijski.pl\/wp-content\/uploads\/2018\/06\/biathlon.jpg","link":"https:\/\/olimpijski.pl\/en\/igrzyska_zimowe\/pyeongchang-2018\/biathlon\/#main","alt":"","author":"1","description":"","caption":"","name":"biathlon","status":"inherit","uploaded_to":15684,"date":"2020-10-04 00:43:14","modified":"2020-10-04 00:43:14","menu_order":0,"mime_type":"image\/jpeg","type":"image","subtype":"jpeg","icon":"https:\/\/olimpijski.pl\/wp-includes\/images\/media\/default.png","width":118,"height":118,"sizes":{"thumbnail":"https:\/\/olimpijski.pl\/wp-content\/uploads\/2018\/06\/biathlon.jpg","thumbnail-width":118,"thumbnail-height":118,"medium":"https:\/\/olimpijski.pl\/wp-content\/uploads\/2018\/06\/biathlon.jpg","medium-width":118,"medium-height":118,"medium_large":"https:\/\/olimpijski.pl\/wp-content\/uploads\/2018\/06\/biathlon.jpg","medium_large-width":118,"medium_large-height":118,"large":"https:\/\/olimpijski.pl\/wp-content\/uploads\/2018\/06\/biathlon.jpg","large-width":118,"large-height":118,"1536x1536":"https:\/\/olimpijski.pl\/wp-content\/uploads\/2018\/06\/biathlon.jpg","1536x1536-width":118,"1536x1536-height":118,"2048x2048":"https:\/\/olimpijski.pl\/wp-content\/uploads\/2018\/06\/biathlon.jpg","2048x2048-width":118,"2048x2048-height":118,"ultp_layout_landscape_large":"https:\/\/olimpijski.pl\/wp-content\/uploads\/2018\/06\/biathlon.jpg","ultp_layout_landscape_large-width":118,"ultp_layout_landscape_large-height":118,"ultp_layout_landscape":"https:\/\/olimpijski.pl\/wp-content\/uploads\/2018\/06\/biathlon.jpg","ultp_layout_landscape-width":118,"ultp_layout_landscape-height":118,"ultp_layout_portrait":"https:\/\/olimpijski.pl\/wp-content\/uploads\/2018\/06\/biathlon.jpg","ultp_layout_portrait-width":118,"ultp_layout_portrait-height":118,"ultp_layout_square":"https:\/\/olimpijski.pl\/wp-content\/uploads\/2018\/06\/biathlon.jpg","ultp_layout_square-width":118,"ultp_layout_square-height":118}},"cooperators":"<h2>Osoby wsp\u00f3\u0142pracuj\u0105ce<\/h2>\n<div class=\"coaches\">\n<p>Tobias Torgersen &#8211; Trener g\u0142\u00f3wny kobiet<br \/>\nTomasz Bernat &#8211; Asystent trenera kobiet<br \/>\nAliaksei Yaskevich &#8211; Asystent trenera ds. technicznych<br \/>\nMykola Panitkin &#8211; Trener g\u0142\u00f3wny m\u0119\u017cczyzn<br \/>\nAndrii Tymchenko &#8211; Fizjoterapeuta<br \/>\nDamian Graf &#8211; Fizjoterapeuta<br \/>\nAdam Kwak &#8211; Pracownik techniczny<br \/>\nRafa\u0142 Lepel &#8211; Pracownik techniczny<br \/>\nMaciej N\u0119dza-Kubiniec &#8211; Pracownik techniczny<br \/>\nDagmara Gerasimuk &#8211; Prezes Polskiego Zwi\u0105zku Biathlonu<\/p>\n<\/div>\n"}]},{"competition_olympic":[{"ID":5835,"post_author":"1","post_date":"2020-06-19 11:32:23","post_date_gmt":"2020-06-19 11:32:23","post_content":"","post_title":"Biegi narciarskie","post_excerpt":"","post_status":"publish","comment_status":"closed","ping_status":"closed","post_password":"","post_name":"biegi-narciarskie","to_ping":"","pinged":"","post_modified":"2020-06-29 13:13:11","post_modified_gmt":"2020-06-29 11:13:11","post_content_filtered":"","post_parent":0,"guid":"https:\/\/wai-q7byvryhhcz9k.wpallimport-demo.qsandbox.me\/competition\/biegi-narciarskie\/","menu_order":0,"post_type":"competition","post_mime_type":"","comment_count":"0","filter":"raw"},{"ID":19057,"post_author":"15","post_date":"2020-07-20 10:40:49","post_date_gmt":"2020-07-20 08:40:49","post_content":"","post_title":"Biegi narciarskie - 30 km technik\u0105 dowoln\u0105","post_excerpt":"","post_status":"publish","comment_status":"closed","ping_status":"closed","post_password":"","post_name":"30-km-technika-dowolna-biegi-narciarskie","to_ping":"","pinged":"","post_modified":"2020-07-22 14:01:38","post_modified_gmt":"2020-07-22 12:01:38","post_content_filtered":"","post_parent":5835,"guid":"http:\/\/pkol.cumulus.atthouse.pl\/?post_type=competition&#038;p=19057","menu_order":0,"post_type":"competition","post_mime_type":"","comment_count":"0","filter":"raw"},{"ID":19061,"post_author":"15","post_date":"2020-07-20 11:45:03","post_date_gmt":"2020-07-20 09:45:03","post_content":"","post_title":"Biegi narciarskie - 30 km technik\u0105 klasyczn\u0105","post_excerpt":"","post_status":"publish","comment_status":"closed","ping_status":"closed","post_password":"","post_name":"30-km-technika-klasyczna-biegi-narciarskie","to_ping":"","pinged":"","post_modified":"2020-07-22 14:07:17","post_modified_gmt":"2020-07-22 12:07:17","post_content_filtered":"","post_parent":5835,"guid":"http:\/\/pkol.cumulus.atthouse.pl\/?post_type=competition&#038;p=19061","menu_order":0,"post_type":"competition","post_mime_type":"","comment_count":"0","filter":"raw"},{"ID":5538,"post_author":"1","post_date":"2020-06-19 11:31:32","post_date_gmt":"2020-06-19 09:31:32","post_content":"","post_title":"Biegi narciarskie - Bieg ind. na 10 km st. kl.","post_excerpt":"","post_status":"publish","comment_status":"closed","ping_status":"closed","post_password":"","post_name":"bieg-ind-na-10-km-st-kl","to_ping":"","pinged":"","post_modified":"2020-07-22 10:48:44","post_modified_gmt":"2020-07-22 08:48:44","post_content_filtered":"","post_parent":5835,"guid":"https:\/\/wai-q7byvryhhcz9k.wpallimport-demo.qsandbox.me\/competition\/bieg-ind-na-10-km-st-kl\/","menu_order":0,"post_type":"competition","post_mime_type":"","comment_count":"0","filter":"raw"},{"ID":5539,"post_author":"1","post_date":"2020-06-19 11:31:32","post_date_gmt":"2020-06-19 09:31:32","post_content":"","post_title":"Biegi narciarskie - Bieg ind. na 15 km st. kl.","post_excerpt":"","post_status":"publish","comment_status":"closed","ping_status":"closed","post_password":"","post_name":"bieg-ind-na-15-km-st-kl","to_ping":"","pinged":"","post_modified":"2020-07-22 10:49:29","post_modified_gmt":"2020-07-22 08:49:29","post_content_filtered":"","post_parent":5835,"guid":"https:\/\/wai-q7byvryhhcz9k.wpallimport-demo.qsandbox.me\/competition\/bieg-ind-na-15-km-st-kl\/","menu_order":0,"post_type":"competition","post_mime_type":"","comment_count":"0","filter":"raw"},{"ID":5557,"post_author":"1","post_date":"2020-06-19 11:31:34","post_date_gmt":"2020-06-19 09:31:34","post_content":"","post_title":"Biegi narciarskie - Bieg masowy na 30 km st. dow.","post_excerpt":"","post_status":"publish","comment_status":"closed","ping_status":"closed","post_password":"","post_name":"bieg-masowy-na-30-km-st-dow","to_ping":"","pinged":"","post_modified":"2020-07-22 10:50:04","post_modified_gmt":"2020-07-22 08:50:04","post_content_filtered":"","post_parent":5835,"guid":"https:\/\/wai-q7byvryhhcz9k.wpallimport-demo.qsandbox.me\/competition\/bieg-masowy-na-30-km-st-dow\/","menu_order":0,"post_type":"competition","post_mime_type":"","comment_count":"0","filter":"raw"},{"ID":313,"post_author":"1","post_date":"2020-06-19 11:31:34","post_date_gmt":"2020-06-19 09:31:34","post_content":"","post_title":"Biegi narciarskie - Bieg masowy na 50 km st. dow.","post_excerpt":"","post_status":"publish","comment_status":"closed","ping_status":"closed","post_password":"","post_name":"bieg-masowy-na-50-km-st-dow","to_ping":"","pinged":"","post_modified":"2020-07-22 10:50:14","post_modified_gmt":"2020-07-22 08:50:14","post_content_filtered":"","post_parent":5835,"guid":"https:\/\/wai-q7byvryhhcz9k.wpallimport-demo.qsandbox.me\/competition\/bieg-masowy-na-50-km-st-dow\/","menu_order":0,"post_type":"competition","post_mime_type":"","comment_count":"0","filter":"raw"},{"ID":5540,"post_author":"1","post_date":"2020-06-19 11:31:32","post_date_gmt":"2020-06-19 09:31:32","post_content":"","post_title":"Biegi narciarskie - Bieg \u0142\u0105czony (15 km)","post_excerpt":"","post_status":"publish","comment_status":"closed","ping_status":"closed","post_password":"","post_name":"bieg-laczony-15-km","to_ping":"","pinged":"","post_modified":"2020-07-22 10:49:39","post_modified_gmt":"2020-07-22 08:49:39","post_content_filtered":"","post_parent":5835,"guid":"https:\/\/wai-q7byvryhhcz9k.wpallimport-demo.qsandbox.me\/competition\/bieg-laczony-15-km\/","menu_order":0,"post_type":"competition","post_mime_type":"","comment_count":"0","filter":"raw"},{"ID":5541,"post_author":"1","post_date":"2020-06-19 11:31:32","post_date_gmt":"2020-06-19 09:31:32","post_content":"","post_title":"Biegi narciarskie - Bieg \u0142\u0105czony (30 km)","post_excerpt":"","post_status":"publish","comment_status":"closed","ping_status":"closed","post_password":"","post_name":"bieg-laczony-30-km","to_ping":"","pinged":"","post_modified":"2020-07-22 10:49:48","post_modified_gmt":"2020-07-22 08:49:48","post_content_filtered":"","post_parent":5835,"guid":"https:\/\/wai-q7byvryhhcz9k.wpallimport-demo.qsandbox.me\/competition\/bieg-laczony-30-km\/","menu_order":0,"post_type":"competition","post_mime_type":"","comment_count":"0","filter":"raw"},{"ID":5556,"post_author":"1","post_date":"2020-06-19 11:31:34","post_date_gmt":"2020-06-19 09:31:34","post_content":"","post_title":"Biegi narciarskie - Sprint dru\u017c. st. kl.","post_excerpt":"","post_status":"publish","comment_status":"closed","ping_status":"closed","post_password":"","post_name":"sprint-druz-st-kl","to_ping":"","pinged":"","post_modified":"2020-07-22 10:50:23","post_modified_gmt":"2020-07-22 08:50:23","post_content_filtered":"","post_parent":5835,"guid":"https:\/\/wai-q7byvryhhcz9k.wpallimport-demo.qsandbox.me\/competition\/sprint-druz-st-kl\/","menu_order":0,"post_type":"competition","post_mime_type":"","comment_count":"0","filter":"raw"},{"ID":5537,"post_author":"1","post_date":"2020-06-19 11:31:32","post_date_gmt":"2020-06-19 09:31:32","post_content":"","post_title":"Biegi narciarskie - Sprint st. dow.","post_excerpt":"","post_status":"publish","comment_status":"closed","ping_status":"closed","post_password":"","post_name":"sprint-st-dow","to_ping":"","pinged":"","post_modified":"2020-07-22 10:50:32","post_modified_gmt":"2020-07-22 08:50:32","post_content_filtered":"","post_parent":5835,"guid":"https:\/\/wai-q7byvryhhcz9k.wpallimport-demo.qsandbox.me\/competition\/sprint-st-dow\/","menu_order":0,"post_type":"competition","post_mime_type":"","comment_count":"0","filter":"raw"},{"ID":5554,"post_author":"1","post_date":"2020-06-19 11:31:34","post_date_gmt":"2020-06-19 09:31:34","post_content":"","post_title":"Biegi narciarskie - Sztafeta 4x10 km","post_excerpt":"","post_status":"publish","comment_status":"closed","ping_status":"closed","post_password":"","post_name":"sztafeta-4x10-km","to_ping":"","pinged":"","post_modified":"2020-07-22 10:50:39","post_modified_gmt":"2020-07-22 08:50:39","post_content_filtered":"","post_parent":5835,"guid":"https:\/\/wai-q7byvryhhcz9k.wpallimport-demo.qsandbox.me\/competition\/sztafeta-4x10-km\/","menu_order":0,"post_type":"competition","post_mime_type":"","comment_count":"0","filter":"raw"},{"ID":5555,"post_author":"1","post_date":"2020-06-19 11:31:34","post_date_gmt":"2020-06-19 09:31:34","post_content":"","post_title":"Biegi narciarskie - Sztafeta 4x5 km","post_excerpt":"","post_status":"publish","comment_status":"closed","ping_status":"closed","post_password":"","post_name":"sztafeta-4x5-km","to_ping":"","pinged":"","post_modified":"2020-07-22 10:50:46","post_modified_gmt":"2020-07-22 08:50:46","post_content_filtered":"","post_parent":5835,"guid":"https:\/\/wai-q7byvryhhcz9k.wpallimport-demo.qsandbox.me\/competition\/sztafeta-4x5-km\/","menu_order":0,"post_type":"competition","post_mime_type":"","comment_count":"0","filter":"raw"}],"competition_icons_cooperators":[{"icon":{"ID":30351,"id":30351,"title":"biegi-narciarskie","filename":"biegi-narciarskie.jpg","filesize":4186,"url":"https:\/\/olimpijski.pl\/wp-content\/uploads\/2018\/06\/biegi-narciarskie.jpg","link":"https:\/\/olimpijski.pl\/en\/igrzyska_zimowe\/pyeongchang-2018\/biegi-narciarskie\/#main","alt":"","author":"1","description":"","caption":"","name":"biegi-narciarskie","status":"inherit","uploaded_to":15684,"date":"2020-10-04 00:43:15","modified":"2020-10-04 00:43:15","menu_order":0,"mime_type":"image\/jpeg","type":"image","subtype":"jpeg","icon":"https:\/\/olimpijski.pl\/wp-includes\/images\/media\/default.png","width":118,"height":118,"sizes":{"thumbnail":"https:\/\/olimpijski.pl\/wp-content\/uploads\/2018\/06\/biegi-narciarskie.jpg","thumbnail-width":118,"thumbnail-height":118,"medium":"https:\/\/olimpijski.pl\/wp-content\/uploads\/2018\/06\/biegi-narciarskie.jpg","medium-width":118,"medium-height":118,"medium_large":"https:\/\/olimpijski.pl\/wp-content\/uploads\/2018\/06\/biegi-narciarskie.jpg","medium_large-width":118,"medium_large-height":118,"large":"https:\/\/olimpijski.pl\/wp-content\/uploads\/2018\/06\/biegi-narciarskie.jpg","large-width":118,"large-height":118,"1536x1536":"https:\/\/olimpijski.pl\/wp-content\/uploads\/2018\/06\/biegi-narciarskie.jpg","1536x1536-width":118,"1536x1536-height":118,"2048x2048":"https:\/\/olimpijski.pl\/wp-content\/uploads\/2018\/06\/biegi-narciarskie.jpg","2048x2048-width":118,"2048x2048-height":118,"ultp_layout_landscape_large":"https:\/\/olimpijski.pl\/wp-content\/uploads\/2018\/06\/biegi-narciarskie.jpg","ultp_layout_landscape_large-width":118,"ultp_layout_landscape_large-height":118,"ultp_layout_landscape":"https:\/\/olimpijski.pl\/wp-content\/uploads\/2018\/06\/biegi-narciarskie.jpg","ultp_layout_landscape-width":118,"ultp_layout_landscape-height":118,"ultp_layout_portrait":"https:\/\/olimpijski.pl\/wp-content\/uploads\/2018\/06\/biegi-narciarskie.jpg","ultp_layout_portrait-width":118,"ultp_layout_portrait-height":118,"ultp_layout_square":"https:\/\/olimpijski.pl\/wp-content\/uploads\/2018\/06\/biegi-narciarskie.jpg","ultp_layout_square-width":118,"ultp_layout_square-height":118}},"cooperators":"<h2>Osoby wsp\u00f3\u0142pracuj\u0105ce<\/h2>\n<div class=\"coaches\">\n<p>Aleksander Wierietielny &#8211; Trener g\u0142\u00f3wny (JK)<br \/>\nRafa\u0142 W\u0119grzyn &#8211; Asysten trenera g\u0142\u00f3wnego (JK)<br \/>\nMateusz Nuciak &#8211; Asysten trenera g\u0142\u00f3wnego (JK)<br \/>\nJanusz Kr\u0119\u017celok &#8211; Trener g\u0142\u00f3wny<br \/>\nAndrzej Micha\u0142ek &#8211; Asysten trenera g\u0142\u00f3wnego (M)<br \/>\nMariusz Hluchnik &#8211; Asysten trenera g\u0142\u00f3wnego (K)<br \/>\nPeep Koidu &#8211; Serwismen<br \/>\nValentina Vuerich &#8211; Serwismen<br \/>\nPawe\u0142 Fundanicz &#8211; Serwismen<br \/>\nMarcin Lisicki &#8211; Fizjoterapeuta<br \/>\nPawe\u0142 Gurbisz &#8211; Fizjoterapeuta<\/p>\n<\/div>\n"}]},{"competition_olympic":[{"ID":5847,"post_author":"1","post_date":"2020-06-19 11:32:26","post_date_gmt":"2020-06-19 11:32:26","post_content":"","post_title":"Bobsleje","post_excerpt":"","post_status":"publish","comment_status":"open","ping_status":"open","post_password":"","post_name":"bobsleje","to_ping":"","pinged":"","post_modified":"2020-06-29 13:13:11","post_modified_gmt":"2020-06-29 11:13:11","post_content_filtered":"","post_parent":0,"guid":"https:\/\/wai-q7byvryhhcz9k.wpallimport-demo.qsandbox.me\/competition\/bobsleje\/","menu_order":0,"post_type":"competition","post_mime_type":"","comment_count":"0","filter":"raw"},{"ID":5536,"post_author":"1","post_date":"2020-06-19 11:31:32","post_date_gmt":"2020-06-19 09:31:32","post_content":"","post_title":"Bobsleje - Czw\u00f3rki","post_excerpt":"","post_status":"publish","comment_status":"closed","ping_status":"closed","post_password":"","post_name":"czworki","to_ping":"","pinged":"","post_modified":"2020-07-22 11:07:15","post_modified_gmt":"2020-07-22 09:07:15","post_content_filtered":"","post_parent":5847,"guid":"https:\/\/wai-q7byvryhhcz9k.wpallimport-demo.qsandbox.me\/competition\/czworki\/","menu_order":0,"post_type":"competition","post_mime_type":"","comment_count":"0","filter":"raw"},{"ID":5581,"post_author":"1","post_date":"2020-06-19 11:31:41","post_date_gmt":"2020-06-19 09:31:41","post_content":"","post_title":"Bobsleje - Dw\u00f3jki","post_excerpt":"","post_status":"publish","comment_status":"closed","ping_status":"closed","post_password":"","post_name":"dwojki","to_ping":"","pinged":"","post_modified":"2020-07-22 11:07:22","post_modified_gmt":"2020-07-22 09:07:22","post_content_filtered":"","post_parent":5847,"guid":"https:\/\/wai-q7byvryhhcz9k.wpallimport-demo.qsandbox.me\/competition\/dwojki\/","menu_order":0,"post_type":"competition","post_mime_type":"","comment_count":"0","filter":"raw"}],"competition_icons_cooperators":[{"icon":{"ID":30353,"id":30353,"title":"bobsleje","filename":"bobsleje.jpg","filesize":4301,"url":"https:\/\/olimpijski.pl\/wp-content\/uploads\/2018\/06\/bobsleje.jpg","link":"https:\/\/olimpijski.pl\/en\/igrzyska_zimowe\/pyeongchang-2018\/bobsleje\/#main","alt":"","author":"1","description":"","caption":"","name":"bobsleje","status":"inherit","uploaded_to":15684,"date":"2020-10-04 00:43:16","modified":"2020-10-04 00:43:16","menu_order":0,"mime_type":"image\/jpeg","type":"image","subtype":"jpeg","icon":"https:\/\/olimpijski.pl\/wp-includes\/images\/media\/default.png","width":118,"height":118,"sizes":{"thumbnail":"https:\/\/olimpijski.pl\/wp-content\/uploads\/2018\/06\/bobsleje.jpg","thumbnail-width":118,"thumbnail-height":118,"medium":"https:\/\/olimpijski.pl\/wp-content\/uploads\/2018\/06\/bobsleje.jpg","medium-width":118,"medium-height":118,"medium_large":"https:\/\/olimpijski.pl\/wp-content\/uploads\/2018\/06\/bobsleje.jpg","medium_large-width":118,"medium_large-height":118,"large":"https:\/\/olimpijski.pl\/wp-content\/uploads\/2018\/06\/bobsleje.jpg","large-width":118,"large-height":118,"1536x1536":"https:\/\/olimpijski.pl\/wp-content\/uploads\/2018\/06\/bobsleje.jpg","1536x1536-width":118,"1536x1536-height":118,"2048x2048":"https:\/\/olimpijski.pl\/wp-content\/uploads\/2018\/06\/bobsleje.jpg","2048x2048-width":118,"2048x2048-height":118,"ultp_layout_landscape_large":"https:\/\/olimpijski.pl\/wp-content\/uploads\/2018\/06\/bobsleje.jpg","ultp_layout_landscape_large-width":118,"ultp_layout_landscape_large-height":118,"ultp_layout_landscape":"https:\/\/olimpijski.pl\/wp-content\/uploads\/2018\/06\/bobsleje.jpg","ultp_layout_landscape-width":118,"ultp_layout_landscape-height":118,"ultp_layout_portrait":"https:\/\/olimpijski.pl\/wp-content\/uploads\/2018\/06\/bobsleje.jpg","ultp_layout_portrait-width":118,"ultp_layout_portrait-height":118,"ultp_layout_square":"https:\/\/olimpijski.pl\/wp-content\/uploads\/2018\/06\/bobsleje.jpg","ultp_layout_square-width":118,"ultp_layout_square-height":118}},"cooperators":"<h2>Osoby wsp\u00f3\u0142pracuj\u0105ce<\/h2>\n<div class=\"coaches\">\n<p>Janis Minins &#8211; trener<br \/>\nAndrzej \u017by\u0142a &#8211; trener asystent<br \/>\nSebastian Eisler &#8211; fizjoterapeuta<br \/>\nRoberts Obulders &#8211; mechanik<br \/>\nMarek Wi\u015bniowski &#8211; Prezes Polskiego Zwi\u0105zku Bobslei i Skeletonu<\/p>\n<\/div>\n"}]},{"competition_olympic":[{"ID":5836,"post_author":"1","post_date":"2020-06-19 11:32:23","post_date_gmt":"2020-06-19 11:32:23","post_content":"","post_title":"Kombinacja norweska","post_excerpt":"","post_status":"publish","comment_status":"open","ping_status":"open","post_password":"","post_name":"kombinacja-norweska","to_ping":"","pinged":"","post_modified":"2020-06-29 13:13:11","post_modified_gmt":"2020-06-29 11:13:11","post_content_filtered":"","post_parent":0,"guid":"https:\/\/wai-q7byvryhhcz9k.wpallimport-demo.qsandbox.me\/competition\/kombinacja-norweska\/","menu_order":0,"post_type":"competition","post_mime_type":"","comment_count":"0","filter":"raw"},{"ID":5589,"post_author":"1","post_date":"2020-06-19 11:31:41","post_date_gmt":"2020-06-19 09:31:41","post_content":"","post_title":"Kombinacja norweska - Sztafeta 4x5 km, dru\u017c.","post_excerpt":"","post_status":"publish","comment_status":"closed","ping_status":"closed","post_password":"","post_name":"sztafeta-4x5-km-druz","to_ping":"","pinged":"","post_modified":"2020-07-22 11:28:50","post_modified_gmt":"2020-07-22 09:28:50","post_content_filtered":"","post_parent":5836,"guid":"https:\/\/wai-q7byvryhhcz9k.wpallimport-demo.qsandbox.me\/competition\/sztafeta-4x5-km-druz\/","menu_order":0,"post_type":"competition","post_mime_type":"","comment_count":"0","filter":"raw"},{"ID":5585,"post_author":"1","post_date":"2020-06-19 11:31:41","post_date_gmt":"2020-06-19 09:31:41","post_content":"","post_title":"Kombinacja norweska - Skoki na skoczni normalnej (NH), ind.","post_excerpt":"","post_status":"publish","comment_status":"closed","ping_status":"closed","post_password":"","post_name":"skoki-na-skoczni-normalnej-nh-ind","to_ping":"","pinged":"","post_modified":"2020-07-22 11:28:09","post_modified_gmt":"2020-07-22 09:28:09","post_content_filtered":"","post_parent":5836,"guid":"https:\/\/wai-q7byvryhhcz9k.wpallimport-demo.qsandbox.me\/competition\/skoki-na-skoczni-normalnej-nh-ind\/","menu_order":0,"post_type":"competition","post_mime_type":"","comment_count":"0","filter":"raw"},{"ID":5587,"post_author":"1","post_date":"2020-06-19 11:31:41","post_date_gmt":"2020-06-19 09:31:41","post_content":"","post_title":"Kombinacja norweska - Skoki na skoczni du\u017cej (LH), ind.","post_excerpt":"","post_status":"publish","comment_status":"closed","ping_status":"closed","post_password":"","post_name":"skoki-na-skoczni-duzej-lh-ind","to_ping":"","pinged":"","post_modified":"2020-07-22 11:28:04","post_modified_gmt":"2020-07-22 09:28:04","post_content_filtered":"","post_parent":5836,"guid":"https:\/\/wai-q7byvryhhcz9k.wpallimport-demo.qsandbox.me\/competition\/skoki-na-skoczni-duzej-lh-ind\/","menu_order":0,"post_type":"competition","post_mime_type":"","comment_count":"0","filter":"raw"},{"ID":5588,"post_author":"1","post_date":"2020-06-19 11:31:41","post_date_gmt":"2020-06-19 09:31:41","post_content":"","post_title":"Kombinacja norweska - Skoki na skoczni du\u017cej (LH), dru\u017c.","post_excerpt":"","post_status":"publish","comment_status":"closed","ping_status":"closed","post_password":"","post_name":"skoki-na-skoczni-duzej-lh-druz","to_ping":"","pinged":"","post_modified":"2020-07-22 11:27:59","post_modified_gmt":"2020-07-22 09:27:59","post_content_filtered":"","post_parent":5836,"guid":"https:\/\/wai-q7byvryhhcz9k.wpallimport-demo.qsandbox.me\/competition\/skoki-na-skoczni-duzej-lh-druz\/","menu_order":0,"post_type":"competition","post_mime_type":"","comment_count":"0","filter":"raw"},{"ID":5586,"post_author":"1","post_date":"2020-06-19 11:31:41","post_date_gmt":"2020-06-19 09:31:41","post_content":"","post_title":"Kombinacja norweska - Bieg na 10 km, ind.","post_excerpt":"","post_status":"publish","comment_status":"closed","ping_status":"closed","post_password":"","post_name":"bieg-na-10-km-ind","to_ping":"","pinged":"","post_modified":"2020-07-22 11:27:49","post_modified_gmt":"2020-07-22 09:27:49","post_content_filtered":"","post_parent":5836,"guid":"https:\/\/wai-q7byvryhhcz9k.wpallimport-demo.qsandbox.me\/competition\/bieg-na-10-km-ind\/","menu_order":0,"post_type":"competition","post_mime_type":"","comment_count":"0","filter":"raw"}],"competition_icons_cooperators":[{"icon":{"ID":30355,"id":30355,"title":"Kombinacje-norweska","filename":"Kombinacje-norweska.jpg","filesize":5241,"url":"https:\/\/olimpijski.pl\/wp-content\/uploads\/2018\/06\/Kombinacje-norweska.jpg","link":"https:\/\/olimpijski.pl\/en\/igrzyska_zimowe\/pyeongchang-2018\/kombinacje-norweska\/#main","alt":"","author":"1","description":"","caption":"","name":"kombinacje-norweska","status":"inherit","uploaded_to":15684,"date":"2020-10-04 00:43:18","modified":"2020-10-04 00:43:18","menu_order":0,"mime_type":"image\/jpeg","type":"image","subtype":"jpeg","icon":"https:\/\/olimpijski.pl\/wp-includes\/images\/media\/default.png","width":118,"height":118,"sizes":{"thumbnail":"https:\/\/olimpijski.pl\/wp-content\/uploads\/2018\/06\/Kombinacje-norweska.jpg","thumbnail-width":118,"thumbnail-height":118,"medium":"https:\/\/olimpijski.pl\/wp-content\/uploads\/2018\/06\/Kombinacje-norweska.jpg","medium-width":118,"medium-height":118,"medium_large":"https:\/\/olimpijski.pl\/wp-content\/uploads\/2018\/06\/Kombinacje-norweska.jpg","medium_large-width":118,"medium_large-height":118,"large":"https:\/\/olimpijski.pl\/wp-content\/uploads\/2018\/06\/Kombinacje-norweska.jpg","large-width":118,"large-height":118,"1536x1536":"https:\/\/olimpijski.pl\/wp-content\/uploads\/2018\/06\/Kombinacje-norweska.jpg","1536x1536-width":118,"1536x1536-height":118,"2048x2048":"https:\/\/olimpijski.pl\/wp-content\/uploads\/2018\/06\/Kombinacje-norweska.jpg","2048x2048-width":118,"2048x2048-height":118,"ultp_layout_landscape_large":"https:\/\/olimpijski.pl\/wp-content\/uploads\/2018\/06\/Kombinacje-norweska.jpg","ultp_layout_landscape_large-width":118,"ultp_layout_landscape_large-height":118,"ultp_layout_landscape":"https:\/\/olimpijski.pl\/wp-content\/uploads\/2018\/06\/Kombinacje-norweska.jpg","ultp_layout_landscape-width":118,"ultp_layout_landscape-height":118,"ultp_layout_portrait":"https:\/\/olimpijski.pl\/wp-content\/uploads\/2018\/06\/Kombinacje-norweska.jpg","ultp_layout_portrait-width":118,"ultp_layout_portrait-height":118,"ultp_layout_square":"https:\/\/olimpijski.pl\/wp-content\/uploads\/2018\/06\/Kombinacje-norweska.jpg","ultp_layout_square-width":118,"ultp_layout_square-height":118}},"cooperators":"<h2>Osoby wsp\u00f3\u0142pracuj\u0105ce<\/h2>\n<div class=\"coaches\">\n<p>Danny Winkelmann &#8211; Trener g\u0142\u00f3wny<br \/>\nPiotr \u015aliwka &#8211; Asysten trenera g\u0142\u00f3wnego<br \/>\nBjorn Schneider &#8211; Serwismen<\/p>\n<\/div>\n"}]},{"competition_olympic":[{"ID":5566,"post_author":"1","post_date":"2020-06-19 11:31:38","post_date_gmt":"2020-06-19 09:31:38","post_content":"","post_title":"\u0141y\u017cwiarstwo figurowe - Program dowolny par sportowych","post_excerpt":"","post_status":"publish","comment_status":"closed","ping_status":"closed","post_password":"","post_name":"program-dowolny-par-sportowych","to_ping":"","pinged":"","post_modified":"2020-07-22 11:38:03","post_modified_gmt":"2020-07-22 09:38:03","post_content_filtered":"","post_parent":5837,"guid":"https:\/\/wai-q7byvryhhcz9k.wpallimport-demo.qsandbox.me\/competition\/program-dowolny-par-sportowych\/","menu_order":0,"post_type":"competition","post_mime_type":"","comment_count":"0","filter":"raw"},{"ID":5579,"post_author":"1","post_date":"2020-06-19 11:31:38","post_date_gmt":"2020-06-19 09:31:38","post_content":"","post_title":"\u0141y\u017cwiarstwo figurowe - Program dowolny par sportowych, dru\u017c.","post_excerpt":"","post_status":"publish","comment_status":"closed","ping_status":"closed","post_password":"","post_name":"program-dowolny-par-sportowych-druz","to_ping":"","pinged":"","post_modified":"2020-07-22 11:38:09","post_modified_gmt":"2020-07-22 09:38:09","post_content_filtered":"","post_parent":5837,"guid":"https:\/\/wai-q7byvryhhcz9k.wpallimport-demo.qsandbox.me\/competition\/program-dowolny-par-sportowych-druz\/","menu_order":0,"post_type":"competition","post_mime_type":"","comment_count":"0","filter":"raw"},{"ID":5574,"post_author":"1","post_date":"2020-06-19 11:31:38","post_date_gmt":"2020-06-19 09:31:38","post_content":"","post_title":"\u0141y\u017cwiarstwo figurowe - Program dowolny solistek","post_excerpt":"","post_status":"publish","comment_status":"closed","ping_status":"closed","post_password":"","post_name":"program-dowolny-solistek","to_ping":"","pinged":"","post_modified":"2020-07-22 11:38:14","post_modified_gmt":"2020-07-22 09:38:14","post_content_filtered":"","post_parent":5837,"guid":"https:\/\/wai-q7byvryhhcz9k.wpallimport-demo.qsandbox.me\/competition\/program-dowolny-solistek\/","menu_order":0,"post_type":"competition","post_mime_type":"","comment_count":"0","filter":"raw"},{"ID":5584,"post_author":"1","post_date":"2020-06-19 11:31:41","post_date_gmt":"2020-06-19 09:31:41","post_content":"","post_title":"\u0141y\u017cwiarstwo figurowe - Program dowolny solistek, dru\u017c.","post_excerpt":"","post_status":"publish","comment_status":"closed","ping_status":"closed","post_password":"","post_name":"program-dowolny-solistek-druz","to_ping":"","pinged":"","post_modified":"2020-07-22 11:38:46","post_modified_gmt":"2020-07-22 09:38:46","post_content_filtered":"","post_parent":5837,"guid":"https:\/\/wai-q7byvryhhcz9k.wpallimport-demo.qsandbox.me\/competition\/program-dowolny-solistek-druz\/","menu_order":0,"post_type":"competition","post_mime_type":"","comment_count":"0","filter":"raw"},{"ID":5570,"post_author":"1","post_date":"2020-06-19 11:31:38","post_date_gmt":"2020-06-19 09:31:38","post_content":"","post_title":"\u0141y\u017cwiarstwo figurowe - Program dowolny solist\u00f3w","post_excerpt":"","post_status":"publish","comment_status":"closed","ping_status":"closed","post_password":"","post_name":"program-dowolny-solistow","to_ping":"","pinged":"","post_modified":"2020-07-22 11:39:16","post_modified_gmt":"2020-07-22 09:39:16","post_content_filtered":"","post_parent":5837,"guid":"https:\/\/wai-q7byvryhhcz9k.wpallimport-demo.qsandbox.me\/competition\/program-dowolny-solistow\/","menu_order":0,"post_type":"competition","post_mime_type":"","comment_count":"0","filter":"raw"},{"ID":5582,"post_author":"1","post_date":"2020-06-19 11:31:41","post_date_gmt":"2020-06-19 09:31:41","post_content":"","post_title":"\u0141y\u017cwiarstwo figurowe - Program dowolny solist\u00f3w, dru\u017c.","post_excerpt":"","post_status":"publish","comment_status":"closed","ping_status":"closed","post_password":"","post_name":"program-dowolny-solistow-druz","to_ping":"","pinged":"","post_modified":"2020-07-22 11:39:22","post_modified_gmt":"2020-07-22 09:39:22","post_content_filtered":"","post_parent":5837,"guid":"https:\/\/wai-q7byvryhhcz9k.wpallimport-demo.qsandbox.me\/competition\/program-dowolny-solistow-druz\/","menu_order":0,"post_type":"competition","post_mime_type":"","comment_count":"0","filter":"raw"},{"ID":5565,"post_author":"1","post_date":"2020-06-19 11:31:38","post_date_gmt":"2020-06-19 09:31:38","post_content":"","post_title":"\u0141y\u017cwiarstwo figurowe - Program kr\u00f3tki par sportowych","post_excerpt":"","post_status":"publish","comment_status":"closed","ping_status":"closed","post_password":"","post_name":"program-krotki-par-sportowych","to_ping":"","pinged":"","post_modified":"2020-07-22 11:39:28","post_modified_gmt":"2020-07-22 09:39:28","post_content_filtered":"","post_parent":5837,"guid":"https:\/\/wai-q7byvryhhcz9k.wpallimport-demo.qsandbox.me\/competition\/program-krotki-par-sportowych\/","menu_order":0,"post_type":"competition","post_mime_type":"","comment_count":"0","filter":"raw"},{"ID":5575,"post_author":"1","post_date":"2020-06-19 11:31:38","post_date_gmt":"2020-06-19 09:31:38","post_content":"","post_title":"\u0141y\u017cwiarstwo figurowe - Program kr\u00f3tki par sportowych, dru\u017c.","post_excerpt":"","post_status":"publish","comment_status":"closed","ping_status":"closed","post_password":"","post_name":"program-krotki-par-sportowych-druz","to_ping":"","pinged":"","post_modified":"2020-07-22 11:39:36","post_modified_gmt":"2020-07-22 09:39:36","post_content_filtered":"","post_parent":5837,"guid":"https:\/\/wai-q7byvryhhcz9k.wpallimport-demo.qsandbox.me\/competition\/program-krotki-par-sportowych-druz\/","menu_order":0,"post_type":"competition","post_mime_type":"","comment_count":"0","filter":"raw"},{"ID":5573,"post_author":"1","post_date":"2020-06-19 11:31:38","post_date_gmt":"2020-06-19 09:31:38","post_content":"","post_title":"\u0141y\u017cwiarstwo figurowe - Program kr\u00f3tki solistek","post_excerpt":"","post_status":"publish","comment_status":"closed","ping_status":"closed","post_password":"","post_name":"program-krotki-solistek","to_ping":"","pinged":"","post_modified":"2020-07-22 11:39:41","post_modified_gmt":"2020-07-22 09:39:41","post_content_filtered":"","post_parent":5837,"guid":"https:\/\/wai-q7byvryhhcz9k.wpallimport-demo.qsandbox.me\/competition\/program-krotki-solistek\/","menu_order":0,"post_type":"competition","post_mime_type":"","comment_count":"0","filter":"raw"},{"ID":5578,"post_author":"1","post_date":"2020-06-19 11:31:38","post_date_gmt":"2020-06-19 09:31:38","post_content":"","post_title":"\u0141y\u017cwiarstwo figurowe - Program kr\u00f3tki solistek, dru\u017c.","post_excerpt":"","post_status":"publish","comment_status":"closed","ping_status":"closed","post_password":"","post_name":"program-krotki-solistek-druz","to_ping":"","pinged":"","post_modified":"2020-07-22 11:39:47","post_modified_gmt":"2020-07-22 09:39:47","post_content_filtered":"","post_parent":5837,"guid":"https:\/\/wai-q7byvryhhcz9k.wpallimport-demo.qsandbox.me\/competition\/program-krotki-solistek-druz\/","menu_order":0,"post_type":"competition","post_mime_type":"","comment_count":"0","filter":"raw"},{"ID":5567,"post_author":"1","post_date":"2020-06-19 11:31:38","post_date_gmt":"2020-06-19 09:31:38","post_content":"","post_title":"\u0141y\u017cwiarstwo figurowe - Program kr\u00f3tki solist\u00f3w","post_excerpt":"","post_status":"publish","comment_status":"closed","ping_status":"closed","post_password":"","post_name":"program-krotki-solistow","to_ping":"","pinged":"","post_modified":"2020-07-22 11:39:53","post_modified_gmt":"2020-07-22 09:39:53","post_content_filtered":"","post_parent":5837,"guid":"https:\/\/wai-q7byvryhhcz9k.wpallimport-demo.qsandbox.me\/competition\/program-krotki-solistow\/","menu_order":0,"post_type":"competition","post_mime_type":"","comment_count":"0","filter":"raw"},{"ID":5572,"post_author":"1","post_date":"2020-06-19 11:31:38","post_date_gmt":"2020-06-19 09:31:38","post_content":"","post_title":"\u0141y\u017cwiarstwo figurowe - Taniec dowolny par tanecznych","post_excerpt":"","post_status":"publish","comment_status":"closed","ping_status":"closed","post_password":"","post_name":"taniec-dowolny-par-tanecznych","to_ping":"","pinged":"","post_modified":"2020-07-22 11:40:06","post_modified_gmt":"2020-07-22 09:40:06","post_content_filtered":"","post_parent":5837,"guid":"https:\/\/wai-q7byvryhhcz9k.wpallimport-demo.qsandbox.me\/competition\/taniec-dowolny-par-tanecznych\/","menu_order":0,"post_type":"competition","post_mime_type":"","comment_count":"0","filter":"raw"},{"ID":5583,"post_author":"1","post_date":"2020-06-19 11:31:41","post_date_gmt":"2020-06-19 09:31:41","post_content":"","post_title":"\u0141y\u017cwiarstwo figurowe - Taniec dowolny par tanecznych, dru\u017c.","post_excerpt":"","post_status":"publish","comment_status":"closed","ping_status":"closed","post_password":"","post_name":"taniec-dowolny-par-tanecznych-druz","to_ping":"","pinged":"","post_modified":"2020-07-22 11:41:53","post_modified_gmt":"2020-07-22 09:41:53","post_content_filtered":"","post_parent":5837,"guid":"https:\/\/wai-q7byvryhhcz9k.wpallimport-demo.qsandbox.me\/competition\/taniec-dowolny-par-tanecznych-druz\/","menu_order":0,"post_type":"competition","post_mime_type":"","comment_count":"0","filter":"raw"},{"ID":5571,"post_author":"1","post_date":"2020-06-19 11:31:38","post_date_gmt":"2020-06-19 09:31:38","post_content":"","post_title":"\u0141y\u017cwiarstwo figurowe - Taniec kr\u00f3tki par tanecznych","post_excerpt":"","post_status":"publish","comment_status":"closed","ping_status":"closed","post_password":"","post_name":"taniec-krotki-par-tanecznych","to_ping":"","pinged":"","post_modified":"2020-07-22 11:41:59","post_modified_gmt":"2020-07-22 09:41:59","post_content_filtered":"","post_parent":5837,"guid":"https:\/\/wai-q7byvryhhcz9k.wpallimport-demo.qsandbox.me\/competition\/taniec-krotki-par-tanecznych\/","menu_order":0,"post_type":"competition","post_mime_type":"","comment_count":"0","filter":"raw"},{"ID":5577,"post_author":"1","post_date":"2020-06-19 11:31:38","post_date_gmt":"2020-06-19 09:31:38","post_content":"","post_title":"\u0141y\u017cwiarstwo figurowe - Taniec kr\u00f3tki par tanecznych, dru\u017c.","post_excerpt":"","post_status":"publish","comment_status":"closed","ping_status":"closed","post_password":"","post_name":"taniec-krotki-par-tanecznych-druz","to_ping":"","pinged":"","post_modified":"2020-07-22 11:42:06","post_modified_gmt":"2020-07-22 09:42:06","post_content_filtered":"","post_parent":5837,"guid":"https:\/\/wai-q7byvryhhcz9k.wpallimport-demo.qsandbox.me\/competition\/taniec-krotki-par-tanecznych-druz\/","menu_order":0,"post_type":"competition","post_mime_type":"","comment_count":"0","filter":"raw"},{"ID":5837,"post_author":"1","post_date":"2020-06-19 11:32:23","post_date_gmt":"2020-06-19 11:32:23","post_content":"","post_title":"\u0141y\u017cwiarstwo figurowe","post_excerpt":"","post_status":"publish","comment_status":"open","ping_status":"open","post_password":"","post_name":"lyzwiarstwo-figurowe","to_ping":"","pinged":"","post_modified":"2020-06-29 13:13:11","post_modified_gmt":"2020-06-29 11:13:11","post_content_filtered":"","post_parent":0,"guid":"https:\/\/wai-q7byvryhhcz9k.wpallimport-demo.qsandbox.me\/competition\/lyzwiarstwo-figurowe\/","menu_order":0,"post_type":"competition","post_mime_type":"","comment_count":"0","filter":"raw"}],"competition_icons_cooperators":[{"icon":{"ID":30357,"id":30357,"title":"\u0142y\u017cwiarstwo-figurowe","filename":"lyzwiarstwo-figurowe.jpg","filesize":3450,"url":"https:\/\/olimpijski.pl\/wp-content\/uploads\/2018\/06\/lyzwiarstwo-figurowe.jpg","link":"https:\/\/olimpijski.pl\/en\/igrzyska_zimowe\/pyeongchang-2018\/lyzwiarstwo-figurowe\/#main","alt":"","author":"1","description":"","caption":"","name":"lyzwiarstwo-figurowe","status":"inherit","uploaded_to":15684,"date":"2020-10-04 00:43:19","modified":"2020-10-04 00:43:19","menu_order":0,"mime_type":"image\/jpeg","type":"image","subtype":"jpeg","icon":"https:\/\/olimpijski.pl\/wp-includes\/images\/media\/default.png","width":118,"height":118,"sizes":{"thumbnail":"https:\/\/olimpijski.pl\/wp-content\/uploads\/2018\/06\/lyzwiarstwo-figurowe.jpg","thumbnail-width":118,"thumbnail-height":118,"medium":"https:\/\/olimpijski.pl\/wp-content\/uploads\/2018\/06\/lyzwiarstwo-figurowe.jpg","medium-width":118,"medium-height":118,"medium_large":"https:\/\/olimpijski.pl\/wp-content\/uploads\/2018\/06\/lyzwiarstwo-figurowe.jpg","medium_large-width":118,"medium_large-height":118,"large":"https:\/\/olimpijski.pl\/wp-content\/uploads\/2018\/06\/lyzwiarstwo-figurowe.jpg","large-width":118,"large-height":118,"1536x1536":"https:\/\/olimpijski.pl\/wp-content\/uploads\/2018\/06\/lyzwiarstwo-figurowe.jpg","1536x1536-width":118,"1536x1536-height":118,"2048x2048":"https:\/\/olimpijski.pl\/wp-content\/uploads\/2018\/06\/lyzwiarstwo-figurowe.jpg","2048x2048-width":118,"2048x2048-height":118,"ultp_layout_landscape_large":"https:\/\/olimpijski.pl\/wp-content\/uploads\/2018\/06\/lyzwiarstwo-figurowe.jpg","ultp_layout_landscape_large-width":118,"ultp_layout_landscape_large-height":118,"ultp_layout_landscape":"https:\/\/olimpijski.pl\/wp-content\/uploads\/2018\/06\/lyzwiarstwo-figurowe.jpg","ultp_layout_landscape-width":118,"ultp_layout_landscape-height":118,"ultp_layout_portrait":"https:\/\/olimpijski.pl\/wp-content\/uploads\/2018\/06\/lyzwiarstwo-figurowe.jpg","ultp_layout_portrait-width":118,"ultp_layout_portrait-height":118,"ultp_layout_square":"https:\/\/olimpijski.pl\/wp-content\/uploads\/2018\/06\/lyzwiarstwo-figurowe.jpg","ultp_layout_square-width":118,"ultp_layout_square-height":118}},"cooperators":"<h2>Osoby wsp\u00f3\u0142pracuj\u0105ce<\/h2>\n<div class=\"coaches\">\n<p>Sylwia Nowak-Tr\u0119backa &#8211; Trener<br \/>\nJacek Jankowski &#8211; Fizjoterapeuta<br \/>\nMarek Kaliszek &#8211; Prezes Polskiego Zwi\u0105zku \u0141y\u017cwiarstwa Figurowego<\/p>\n<\/div>\n"}]},{"competition_olympic":[{"ID":5550,"post_author":"1","post_date":"2020-06-19 11:31:38","post_date_gmt":"2020-06-19 09:31:38","post_content":"","post_title":"\u0141y\u017cwiarstwo szybkie - 10000 m","post_excerpt":"","post_status":"publish","comment_status":"closed","ping_status":"closed","post_password":"","post_name":"10000-m","to_ping":"","pinged":"","post_modified":"2020-07-22 11:42:25","post_modified_gmt":"2020-07-22 09:42:25","post_content_filtered":"","post_parent":5838,"guid":"https:\/\/wai-q7byvryhhcz9k.wpallimport-demo.qsandbox.me\/competition\/10000-m\/","menu_order":0,"post_type":"competition","post_mime_type":"","comment_count":"0","filter":"raw"},{"ID":18954,"post_author":"15","post_date":"2020-07-14 15:26:59","post_date_gmt":"2020-07-14 13:26:59","post_content":"","post_title":"\u0141y\u017cwiarstwo szybkie - 1500 m","post_excerpt":"","post_status":"publish","comment_status":"closed","ping_status":"closed","post_password":"","post_name":"1500-m","to_ping":"","pinged":"","post_modified":"2020-08-10 14:53:26","post_modified_gmt":"2020-08-10 12:53:26","post_content_filtered":"","post_parent":5838,"guid":"http:\/\/pkol.cumulus.atthouse.pl\/?post_type=competition&#038;p=18954","menu_order":0,"post_type":"competition","post_mime_type":"","comment_count":"0","filter":"raw"},{"ID":5549,"post_author":"1","post_date":"2020-06-19 11:31:34","post_date_gmt":"2020-06-19 09:31:34","post_content":"","post_title":"\u0141y\u017cwiarstwo szybkie - 3000 m","post_excerpt":"","post_status":"publish","comment_status":"closed","ping_status":"closed","post_password":"","post_name":"3000-m","to_ping":"","pinged":"","post_modified":"2020-07-22 11:42:31","post_modified_gmt":"2020-07-22 09:42:31","post_content_filtered":"","post_parent":5838,"guid":"https:\/\/wai-q7byvryhhcz9k.wpallimport-demo.qsandbox.me\/competition\/3000-m\/","menu_order":0,"post_type":"competition","post_mime_type":"","comment_count":"0","filter":"raw"},{"ID":5548,"post_author":"1","post_date":"2020-06-19 11:31:34","post_date_gmt":"2020-06-19 09:31:34","post_content":"","post_title":"\u0141y\u017cwiarstwo szybkie - 5000 m","post_excerpt":"","post_status":"publish","comment_status":"closed","ping_status":"closed","post_password":"","post_name":"5000-m","to_ping":"","pinged":"","post_modified":"2020-07-22 11:42:37","post_modified_gmt":"2020-07-22 09:42:37","post_content_filtered":"","post_parent":5838,"guid":"https:\/\/wai-q7byvryhhcz9k.wpallimport-demo.qsandbox.me\/competition\/5000-m\/","menu_order":0,"post_type":"competition","post_mime_type":"","comment_count":"0","filter":"raw"},{"ID":5551,"post_author":"1","post_date":"2020-06-19 11:31:38","post_date_gmt":"2020-06-19 09:31:38","post_content":"","post_title":"\u0141y\u017cwiarstwo szybkie - Bieg dru\u017cynowy","post_excerpt":"","post_status":"publish","comment_status":"closed","ping_status":"closed","post_password":"","post_name":"bieg-druzynowy","to_ping":"","pinged":"","post_modified":"2020-07-22 11:42:44","post_modified_gmt":"2020-07-22 09:42:44","post_content_filtered":"","post_parent":5838,"guid":"https:\/\/wai-q7byvryhhcz9k.wpallimport-demo.qsandbox.me\/competition\/bieg-druzynowy\/","menu_order":0,"post_type":"competition","post_mime_type":"","comment_count":"0","filter":"raw"},{"ID":5838,"post_author":"1","post_date":"2020-06-19 11:32:23","post_date_gmt":"2020-06-19 11:32:23","post_content":"","post_title":"\u0141y\u017cwiarstwo szybkie","post_excerpt":"","post_status":"publish","comment_status":"open","ping_status":"open","post_password":"","post_name":"lyzwiarstwo-szybkie","to_ping":"","pinged":"","post_modified":"2020-06-29 13:13:11","post_modified_gmt":"2020-06-29 11:13:11","post_content_filtered":"","post_parent":0,"guid":"https:\/\/wai-q7byvryhhcz9k.wpallimport-demo.qsandbox.me\/competition\/lyzwiarstwo-szybkie\/","menu_order":0,"post_type":"competition","post_mime_type":"","comment_count":"0","filter":"raw"}],"competition_icons_cooperators":[{"icon":{"ID":30359,"id":30359,"title":"\u0142y\u017cwiarstwo-szybkie","filename":"lyzwiarstwo-szybkie.jpg","filesize":3278,"url":"https:\/\/olimpijski.pl\/wp-content\/uploads\/2018\/06\/lyzwiarstwo-szybkie.jpg","link":"https:\/\/olimpijski.pl\/en\/igrzyska_zimowe\/pyeongchang-2018\/lyzwiarstwo-szybkie\/#main","alt":"","author":"1","description":"","caption":"","name":"lyzwiarstwo-szybkie","status":"inherit","uploaded_to":15684,"date":"2020-10-04 00:43:21","modified":"2020-10-04 00:43:21","menu_order":0,"mime_type":"image\/jpeg","type":"image","subtype":"jpeg","icon":"https:\/\/olimpijski.pl\/wp-includes\/images\/media\/default.png","width":118,"height":118,"sizes":{"thumbnail":"https:\/\/olimpijski.pl\/wp-content\/uploads\/2018\/06\/lyzwiarstwo-szybkie.jpg","thumbnail-width":118,"thumbnail-height":118,"medium":"https:\/\/olimpijski.pl\/wp-content\/uploads\/2018\/06\/lyzwiarstwo-szybkie.jpg","medium-width":118,"medium-height":118,"medium_large":"https:\/\/olimpijski.pl\/wp-content\/uploads\/2018\/06\/lyzwiarstwo-szybkie.jpg","medium_large-width":118,"medium_large-height":118,"large":"https:\/\/olimpijski.pl\/wp-content\/uploads\/2018\/06\/lyzwiarstwo-szybkie.jpg","large-width":118,"large-height":118,"1536x1536":"https:\/\/olimpijski.pl\/wp-content\/uploads\/2018\/06\/lyzwiarstwo-szybkie.jpg","1536x1536-width":118,"1536x1536-height":118,"2048x2048":"https:\/\/olimpijski.pl\/wp-content\/uploads\/2018\/06\/lyzwiarstwo-szybkie.jpg","2048x2048-width":118,"2048x2048-height":118,"ultp_layout_landscape_large":"https:\/\/olimpijski.pl\/wp-content\/uploads\/2018\/06\/lyzwiarstwo-szybkie.jpg","ultp_layout_landscape_large-width":118,"ultp_layout_landscape_large-height":118,"ultp_layout_landscape":"https:\/\/olimpijski.pl\/wp-content\/uploads\/2018\/06\/lyzwiarstwo-szybkie.jpg","ultp_layout_landscape-width":118,"ultp_layout_landscape-height":118,"ultp_layout_portrait":"https:\/\/olimpijski.pl\/wp-content\/uploads\/2018\/06\/lyzwiarstwo-szybkie.jpg","ultp_layout_portrait-width":118,"ultp_layout_portrait-height":118,"ultp_layout_square":"https:\/\/olimpijski.pl\/wp-content\/uploads\/2018\/06\/lyzwiarstwo-szybkie.jpg","ultp_layout_square-width":118,"ultp_layout_square-height":118}},"cooperators":"<h2>Osoby wsp\u00f3\u0142pracuj\u0105ce<\/h2>\n<div class=\"coaches\">\n<p>Krzysztof Nied\u017awiedzki &#8211; Trener g\u0142\u00f3wny kobiet<br \/>\nWitold Mazur &#8211; Trener g\u0142\u00f3wny m\u0119\u017cczyzn<br \/>\nToumas Nieminen &#8211; Trener g\u0142\u00f3wny &#8211; sprint<br \/>\nArkadiusz Skoneczny &#8211; Trener<br \/>\nAlexander J. Moritz &#8211; Serwismen<br \/>\nNatalia Mrozi\u0144ska &#8211; Fizjoterapeuta<br \/>\nEwa Bia\u0142kowska &#8211; Szef wyszkolenia<br \/>\nRoman Derks &#8211; Prezes Polskiego Zwi\u0105zku \u0141y\u017cwiarstwa Szybkiego<\/p>\n<\/div>\n"}]},{"competition_olympic":[{"ID":5564,"post_author":"1","post_date":"2020-06-19 11:31:38","post_date_gmt":"2020-06-19 09:31:38","post_content":"","post_title":"Narciarstwo alpejskie - Slalom","post_excerpt":"","post_status":"publish","comment_status":"closed","ping_status":"closed","post_password":"","post_name":"slalom","to_ping":"","pinged":"","post_modified":"2020-07-22 11:43:54","post_modified_gmt":"2020-07-22 09:43:54","post_content_filtered":"","post_parent":5842,"guid":"https:\/\/wai-q7byvryhhcz9k.wpallimport-demo.qsandbox.me\/competition\/slalom\/","menu_order":0,"post_type":"competition","post_mime_type":"","comment_count":"0","filter":"raw"},{"ID":5563,"post_author":"1","post_date":"2020-06-19 11:31:38","post_date_gmt":"2020-06-19 09:31:38","post_content":"","post_title":"Narciarstwo alpejskie - Slalom gigant","post_excerpt":"","post_status":"publish","comment_status":"closed","ping_status":"closed","post_password":"","post_name":"slalom-gigant","to_ping":"","pinged":"","post_modified":"2020-07-22 11:44:00","post_modified_gmt":"2020-07-22 09:44:00","post_content_filtered":"","post_parent":5842,"guid":"https:\/\/wai-q7byvryhhcz9k.wpallimport-demo.qsandbox.me\/competition\/slalom-gigant\/","menu_order":0,"post_type":"competition","post_mime_type":"","comment_count":"0","filter":"raw"},{"ID":5553,"post_author":"1","post_date":"2020-06-19 11:31:38","post_date_gmt":"2020-06-19 09:31:38","post_content":"","post_title":"Narciarstwo alpejskie - Supergigant","post_excerpt":"","post_status":"publish","comment_status":"closed","ping_status":"closed","post_password":"","post_name":"supergigant","to_ping":"","pinged":"","post_modified":"2020-07-22 11:44:06","post_modified_gmt":"2020-07-22 09:44:06","post_content_filtered":"","post_parent":5842,"guid":"https:\/\/wai-q7byvryhhcz9k.wpallimport-demo.qsandbox.me\/competition\/supergigant\/","menu_order":0,"post_type":"competition","post_mime_type":"","comment_count":"0","filter":"raw"},{"ID":5552,"post_author":"1","post_date":"2020-06-19 11:31:38","post_date_gmt":"2020-06-19 09:31:38","post_content":"","post_title":"Narciarstwo alpejskie - Superkombinacja","post_excerpt":"","post_status":"publish","comment_status":"closed","ping_status":"closed","post_password":"","post_name":"superkombinacja","to_ping":"","pinged":"","post_modified":"2020-07-22 11:44:12","post_modified_gmt":"2020-07-22 09:44:12","post_content_filtered":"","post_parent":5842,"guid":"https:\/\/wai-q7byvryhhcz9k.wpallimport-demo.qsandbox.me\/competition\/superkombinacja\/","menu_order":0,"post_type":"competition","post_mime_type":"","comment_count":"0","filter":"raw"},{"ID":331,"post_author":"1","post_date":"2020-06-19 11:31:38","post_date_gmt":"2020-06-19 09:31:38","post_content":"","post_title":"Narciarstwo alpejskie - Zjazd","post_excerpt":"","post_status":"publish","comment_status":"closed","ping_status":"closed","post_password":"","post_name":"zjazd","to_ping":"","pinged":"","post_modified":"2020-07-22 11:44:17","post_modified_gmt":"2020-07-22 09:44:17","post_content_filtered":"","post_parent":5842,"guid":"https:\/\/wai-q7byvryhhcz9k.wpallimport-demo.qsandbox.me\/competition\/zjazd\/","menu_order":0,"post_type":"competition","post_mime_type":"","comment_count":"0","filter":"raw"},{"ID":5842,"post_author":"1","post_date":"2020-06-19 11:32:26","post_date_gmt":"2020-06-19 11:32:26","post_content":"","post_title":"Narciarstwo alpejskie","post_excerpt":"","post_status":"publish","comment_status":"open","ping_status":"open","post_password":"","post_name":"narciarstwo-alpejskie","to_ping":"","pinged":"","post_modified":"2020-06-29 13:13:11","post_modified_gmt":"2020-06-29 11:13:11","post_content_filtered":"","post_parent":0,"guid":"https:\/\/wai-q7byvryhhcz9k.wpallimport-demo.qsandbox.me\/competition\/narciarstwo-alpejskie\/","menu_order":0,"post_type":"competition","post_mime_type":"","comment_count":"0","filter":"raw"}],"competition_icons_cooperators":[{"icon":{"ID":30361,"id":30361,"title":"narciarstwo-alpejskie","filename":"narciarstwo-alpejskie.jpg","filesize":6332,"url":"https:\/\/olimpijski.pl\/wp-content\/uploads\/2018\/06\/narciarstwo-alpejskie.jpg","link":"https:\/\/olimpijski.pl\/en\/igrzyska_zimowe\/pyeongchang-2018\/narciarstwo-alpejskie\/#main","alt":"","author":"1","description":"","caption":"","name":"narciarstwo-alpejskie","status":"inherit","uploaded_to":15684,"date":"2020-10-04 00:43:22","modified":"2020-10-04 00:43:22","menu_order":0,"mime_type":"image\/jpeg","type":"image","subtype":"jpeg","icon":"https:\/\/olimpijski.pl\/wp-includes\/images\/media\/default.png","width":118,"height":118,"sizes":{"thumbnail":"https:\/\/olimpijski.pl\/wp-content\/uploads\/2018\/06\/narciarstwo-alpejskie.jpg","thumbnail-width":118,"thumbnail-height":118,"medium":"https:\/\/olimpijski.pl\/wp-content\/uploads\/2018\/06\/narciarstwo-alpejskie.jpg","medium-width":118,"medium-height":118,"medium_large":"https:\/\/olimpijski.pl\/wp-content\/uploads\/2018\/06\/narciarstwo-alpejskie.jpg","medium_large-width":118,"medium_large-height":118,"large":"https:\/\/olimpijski.pl\/wp-content\/uploads\/2018\/06\/narciarstwo-alpejskie.jpg","large-width":118,"large-height":118,"1536x1536":"https:\/\/olimpijski.pl\/wp-content\/uploads\/2018\/06\/narciarstwo-alpejskie.jpg","1536x1536-width":118,"1536x1536-height":118,"2048x2048":"https:\/\/olimpijski.pl\/wp-content\/uploads\/2018\/06\/narciarstwo-alpejskie.jpg","2048x2048-width":118,"2048x2048-height":118,"ultp_layout_landscape_large":"https:\/\/olimpijski.pl\/wp-content\/uploads\/2018\/06\/narciarstwo-alpejskie.jpg","ultp_layout_landscape_large-width":118,"ultp_layout_landscape_large-height":118,"ultp_layout_landscape":"https:\/\/olimpijski.pl\/wp-content\/uploads\/2018\/06\/narciarstwo-alpejskie.jpg","ultp_layout_landscape-width":118,"ultp_layout_landscape-height":118,"ultp_layout_portrait":"https:\/\/olimpijski.pl\/wp-content\/uploads\/2018\/06\/narciarstwo-alpejskie.jpg","ultp_layout_portrait-width":118,"ultp_layout_portrait-height":118,"ultp_layout_square":"https:\/\/olimpijski.pl\/wp-content\/uploads\/2018\/06\/narciarstwo-alpejskie.jpg","ultp_layout_square-width":118,"ultp_layout_square-height":118}},"cooperators":"<h2>Osoby wsp\u00f3\u0142pracuj\u0105ce<\/h2>\n<div class=\"coaches\">\n<p>Markus Sparber &#8211; Trener g\u0142\u00f3wny<br \/>\nMarcin Or\u0142owski &#8211; Asysten trenera g\u0142\u00f3wnego (K)<br \/>\nOndrej Trcka &#8211; Serwismen<\/p>\n<\/div>\n"}]},{"competition_olympic":[{"ID":5848,"post_author":"1","post_date":"2020-06-19 11:32:26","post_date_gmt":"2020-06-19 11:32:26","post_content":"","post_title":"Saneczkarstwo","post_excerpt":"","post_status":"publish","comment_status":"open","ping_status":"open","post_password":"","post_name":"saneczkarstwo","to_ping":"","pinged":"","post_modified":"2020-06-29 13:13:11","post_modified_gmt":"2020-06-29 11:13:11","post_content_filtered":"","post_parent":0,"guid":"https:\/\/wai-q7byvryhhcz9k.wpallimport-demo.qsandbox.me\/competition\/saneczkarstwo\/","menu_order":0,"post_type":"competition","post_mime_type":"","comment_count":"0","filter":"raw"},{"ID":5532,"post_author":"1","post_date":"2020-06-19 11:31:32","post_date_gmt":"2020-06-19 09:31:32","post_content":"","post_title":"Saneczkarstwo - Sztafeta","post_excerpt":"","post_status":"publish","comment_status":"closed","ping_status":"closed","post_password":"","post_name":"sztafeta","to_ping":"","pinged":"","post_modified":"2020-07-22 11:59:11","post_modified_gmt":"2020-07-22 09:59:11","post_content_filtered":"","post_parent":5848,"guid":"https:\/\/wai-q7byvryhhcz9k.wpallimport-demo.qsandbox.me\/competition\/sztafeta\/","menu_order":0,"post_type":"competition","post_mime_type":"","comment_count":"0","filter":"raw"}],"competition_icons_cooperators":[{"icon":{"ID":30365,"id":30365,"title":"saneczkarstwo","filename":"saneczkarstwo.jpg","filesize":3236,"url":"https:\/\/olimpijski.pl\/wp-content\/uploads\/2018\/06\/saneczkarstwo.jpg","link":"https:\/\/olimpijski.pl\/en\/igrzyska_zimowe\/pyeongchang-2018\/saneczkarstwo\/#main","alt":"","author":"1","description":"","caption":"","name":"saneczkarstwo","status":"inherit","uploaded_to":15684,"date":"2020-10-04 00:43:25","modified":"2020-10-04 00:43:25","menu_order":0,"mime_type":"image\/jpeg","type":"image","subtype":"jpeg","icon":"https:\/\/olimpijski.pl\/wp-includes\/images\/media\/default.png","width":118,"height":118,"sizes":{"thumbnail":"https:\/\/olimpijski.pl\/wp-content\/uploads\/2018\/06\/saneczkarstwo.jpg","thumbnail-width":118,"thumbnail-height":118,"medium":"https:\/\/olimpijski.pl\/wp-content\/uploads\/2018\/06\/saneczkarstwo.jpg","medium-width":118,"medium-height":118,"medium_large":"https:\/\/olimpijski.pl\/wp-content\/uploads\/2018\/06\/saneczkarstwo.jpg","medium_large-width":118,"medium_large-height":118,"large":"https:\/\/olimpijski.pl\/wp-content\/uploads\/2018\/06\/saneczkarstwo.jpg","large-width":118,"large-height":118,"1536x1536":"https:\/\/olimpijski.pl\/wp-content\/uploads\/2018\/06\/saneczkarstwo.jpg","1536x1536-width":118,"1536x1536-height":118,"2048x2048":"https:\/\/olimpijski.pl\/wp-content\/uploads\/2018\/06\/saneczkarstwo.jpg","2048x2048-width":118,"2048x2048-height":118,"ultp_layout_landscape_large":"https:\/\/olimpijski.pl\/wp-content\/uploads\/2018\/06\/saneczkarstwo.jpg","ultp_layout_landscape_large-width":118,"ultp_layout_landscape_large-height":118,"ultp_layout_landscape":"https:\/\/olimpijski.pl\/wp-content\/uploads\/2018\/06\/saneczkarstwo.jpg","ultp_layout_landscape-width":118,"ultp_layout_landscape-height":118,"ultp_layout_portrait":"https:\/\/olimpijski.pl\/wp-content\/uploads\/2018\/06\/saneczkarstwo.jpg","ultp_layout_portrait-width":118,"ultp_layout_portrait-height":118,"ultp_layout_square":"https:\/\/olimpijski.pl\/wp-content\/uploads\/2018\/06\/saneczkarstwo.jpg","ultp_layout_square-width":118,"ultp_layout_square-height":118}},"cooperators":"<h2>Osoby wsp\u00f3\u0142pracuj\u0105ce<\/h2>\n<div class=\"coaches\">\n<p>Marek Skowro\u0144ski &#8211; Trener<br \/>\nAndrzej \u015amierzchalski &#8211; Trener pomocniczy<br \/>\n\u0141ukasz Jaworski &#8211; Fizjoterapeuta<br \/>\nJanusz Tatera &#8211; Sekretarz Generalny PZSS<\/p>\n<\/div>\n"}]},{"competition_olympic":[{"ID":5845,"post_author":"15","post_date":"2020-06-19 11:32:26","post_date_gmt":"2020-06-19 11:32:26","post_content":"","post_title":"Short track","post_excerpt":"","post_status":"publish","comment_status":"closed","ping_status":"closed","post_password":"","post_name":"short-track","to_ping":"","pinged":"","post_modified":"2020-10-21 13:26:10","post_modified_gmt":"2020-10-21 11:26:10","post_content_filtered":"","post_parent":0,"guid":"https:\/\/wai-q7byvryhhcz9k.wpallimport-demo.qsandbox.me\/competition\/short-track\/","menu_order":0,"post_type":"competition","post_mime_type":"","comment_count":"0","filter":"raw"},{"ID":5561,"post_author":"15","post_date":"2020-06-19 11:31:41","post_date_gmt":"2020-06-19 09:31:41","post_content":"","post_title":"Short track - 1000 m","post_excerpt":"","post_status":"publish","comment_status":"closed","ping_status":"closed","post_password":"","post_name":"1000-m","to_ping":"","pinged":"","post_modified":"2020-10-21 13:26:23","post_modified_gmt":"2020-10-21 11:26:23","post_content_filtered":"","post_parent":5845,"guid":"https:\/\/wai-q7byvryhhcz9k.wpallimport-demo.qsandbox.me\/competition\/1000-m\/","menu_order":0,"post_type":"competition","post_mime_type":"","comment_count":"0","filter":"raw"},{"ID":5562,"post_author":"1","post_date":"2020-06-19 11:31:41","post_date_gmt":"2020-06-19 09:31:41","post_content":"","post_title":"Short track - 1500 m","post_excerpt":"","post_status":"publish","comment_status":"closed","ping_status":"closed","post_password":"","post_name":"1500-m","to_ping":"","pinged":"","post_modified":"2020-10-21 13:26:43","post_modified_gmt":"2020-10-21 11:26:43","post_content_filtered":"","post_parent":5845,"guid":"https:\/\/wai-q7byvryhhcz9k.wpallimport-demo.qsandbox.me\/competition\/1500-m\/","menu_order":0,"post_type":"competition","post_mime_type":"","comment_count":"0","filter":"raw"},{"ID":5560,"post_author":"1","post_date":"2020-06-19 11:31:41","post_date_gmt":"2020-06-19 09:31:41","post_content":"","post_title":"Short track - 500 m","post_excerpt":"","post_status":"publish","comment_status":"closed","ping_status":"closed","post_password":"","post_name":"500-m","to_ping":"","pinged":"","post_modified":"2020-10-21 13:26:50","post_modified_gmt":"2020-10-21 11:26:50","post_content_filtered":"","post_parent":5845,"guid":"https:\/\/wai-q7byvryhhcz9k.wpallimport-demo.qsandbox.me\/competition\/500-m\/","menu_order":0,"post_type":"competition","post_mime_type":"","comment_count":"0","filter":"raw"},{"ID":5593,"post_author":"1","post_date":"2020-06-19 11:31:41","post_date_gmt":"2020-06-19 09:31:41","post_content":"","post_title":"Short track - Sztafeta 3000 m","post_excerpt":"","post_status":"publish","comment_status":"closed","ping_status":"closed","post_password":"","post_name":"sztafeta-3000-m","to_ping":"","pinged":"","post_modified":"2020-10-21 13:26:59","post_modified_gmt":"2020-10-21 11:26:59","post_content_filtered":"","post_parent":5845,"guid":"https:\/\/wai-q7byvryhhcz9k.wpallimport-demo.qsandbox.me\/competition\/sztafeta-3000-m\/","menu_order":0,"post_type":"competition","post_mime_type":"","comment_count":"0","filter":"raw"},{"ID":5594,"post_author":"1","post_date":"2020-06-19 11:31:41","post_date_gmt":"2020-06-19 09:31:41","post_content":"","post_title":"Short track - Sztafeta 5000 m","post_excerpt":"","post_status":"publish","comment_status":"closed","ping_status":"closed","post_password":"","post_name":"sztafeta-5000-m","to_ping":"","pinged":"","post_modified":"2020-10-21 13:27:10","post_modified_gmt":"2020-10-21 11:27:10","post_content_filtered":"","post_parent":5845,"guid":"https:\/\/wai-q7byvryhhcz9k.wpallimport-demo.qsandbox.me\/competition\/sztafeta-5000-m\/","menu_order":0,"post_type":"competition","post_mime_type":"","comment_count":"0","filter":"raw"}],"competition_icons_cooperators":[{"icon":{"ID":30367,"id":30367,"title":"short-track","filename":"short-track.jpg","filesize":4835,"url":"https:\/\/olimpijski.pl\/wp-content\/uploads\/2018\/06\/short-track.jpg","link":"https:\/\/olimpijski.pl\/en\/igrzyska_zimowe\/pyeongchang-2018\/short-track\/#main","alt":"","author":"1","description":"","caption":"","name":"short-track","status":"inherit","uploaded_to":15684,"date":"2020-10-04 00:43:27","modified":"2020-10-04 00:43:27","menu_order":0,"mime_type":"image\/jpeg","type":"image","subtype":"jpeg","icon":"https:\/\/olimpijski.pl\/wp-includes\/images\/media\/default.png","width":118,"height":118,"sizes":{"thumbnail":"https:\/\/olimpijski.pl\/wp-content\/uploads\/2018\/06\/short-track.jpg","thumbnail-width":118,"thumbnail-height":118,"medium":"https:\/\/olimpijski.pl\/wp-content\/uploads\/2018\/06\/short-track.jpg","medium-width":118,"medium-height":118,"medium_large":"https:\/\/olimpijski.pl\/wp-content\/uploads\/2018\/06\/short-track.jpg","medium_large-width":118,"medium_large-height":118,"large":"https:\/\/olimpijski.pl\/wp-content\/uploads\/2018\/06\/short-track.jpg","large-width":118,"large-height":118,"1536x1536":"https:\/\/olimpijski.pl\/wp-content\/uploads\/2018\/06\/short-track.jpg","1536x1536-width":118,"1536x1536-height":118,"2048x2048":"https:\/\/olimpijski.pl\/wp-content\/uploads\/2018\/06\/short-track.jpg","2048x2048-width":118,"2048x2048-height":118,"ultp_layout_landscape_large":"https:\/\/olimpijski.pl\/wp-content\/uploads\/2018\/06\/short-track.jpg","ultp_layout_landscape_large-width":118,"ultp_layout_landscape_large-height":118,"ultp_layout_landscape":"https:\/\/olimpijski.pl\/wp-content\/uploads\/2018\/06\/short-track.jpg","ultp_layout_landscape-width":118,"ultp_layout_landscape-height":118,"ultp_layout_portrait":"https:\/\/olimpijski.pl\/wp-content\/uploads\/2018\/06\/short-track.jpg","ultp_layout_portrait-width":118,"ultp_layout_portrait-height":118,"ultp_layout_square":"https:\/\/olimpijski.pl\/wp-content\/uploads\/2018\/06\/short-track.jpg","ultp_layout_square-width":118,"ultp_layout_square-height":118}},"cooperators":"<h2>Osoby wsp\u00f3\u0142pracuj\u0105ce<\/h2>\n<div class=\"coaches\">\n<p>Anna Lukanova-Jakubowska &#8211; Trener g\u0142\u00f3wny<br \/>\nDariusz Kulesza &#8211; Trener<br \/>\nMariusz Gnoi\u0144ski &#8211; Fizjoterapeuta<\/p>\n<\/div>\n"}]},{"competition_olympic":[{"ID":5569,"post_author":"1","post_date":"2020-06-19 11:31:41","post_date_gmt":"2020-06-19 09:31:41","post_content":"","post_title":"Snowboard - Halfpipe","post_excerpt":"","post_status":"publish","comment_status":"closed","ping_status":"closed","post_password":"","post_name":"halfpipe","to_ping":"","pinged":"","post_modified":"2020-07-22 12:03:00","post_modified_gmt":"2020-07-22 10:03:00","post_content_filtered":"","post_parent":5844,"guid":"https:\/\/wai-q7byvryhhcz9k.wpallimport-demo.qsandbox.me\/competition\/halfpipe\/","menu_order":0,"post_type":"competition","post_mime_type":"","comment_count":"0","filter":"raw"},{"ID":5592,"post_author":"1","post_date":"2020-06-19 11:31:41","post_date_gmt":"2020-06-19 09:31:41","post_content":"","post_title":"Snowboard - Halpipe","post_excerpt":"","post_status":"publish","comment_status":"closed","ping_status":"closed","post_password":"","post_name":"halpipe","to_ping":"","pinged":"","post_modified":"2020-07-22 12:03:05","post_modified_gmt":"2020-07-22 10:03:05","post_content_filtered":"","post_parent":5844,"guid":"https:\/\/wai-q7byvryhhcz9k.wpallimport-demo.qsandbox.me\/competition\/halpipe\/","menu_order":0,"post_type":"competition","post_mime_type":"","comment_count":"0","filter":"raw"},{"ID":5534,"post_author":"1","post_date":"2020-06-19 11:31:32","post_date_gmt":"2020-06-19 09:31:32","post_content":"","post_title":"Snowboard - Slalom gigant r\u00f3wnoleg\u0142y","post_excerpt":"","post_status":"publish","comment_status":"closed","ping_status":"closed","post_password":"","post_name":"slalom-gigant-rownolegly","to_ping":"","pinged":"","post_modified":"2020-07-22 12:03:10","post_modified_gmt":"2020-07-22 10:03:10","post_content_filtered":"","post_parent":5844,"guid":"https:\/\/wai-q7byvryhhcz9k.wpallimport-demo.qsandbox.me\/competition\/slalom-gigant-rownolegly\/","menu_order":0,"post_type":"competition","post_mime_type":"","comment_count":"0","filter":"raw"},{"ID":5535,"post_author":"1","post_date":"2020-06-19 11:31:32","post_date_gmt":"2020-06-19 09:31:32","post_content":"","post_title":"Snowboard - Slalom r\u00f3wnoleg\u0142y","post_excerpt":"","post_status":"publish","comment_status":"closed","ping_status":"closed","post_password":"","post_name":"slalom-rownolegly","to_ping":"","pinged":"","post_modified":"2020-07-22 12:03:15","post_modified_gmt":"2020-07-22 10:03:15","post_content_filtered":"","post_parent":5844,"guid":"https:\/\/wai-q7byvryhhcz9k.wpallimport-demo.qsandbox.me\/competition\/slalom-rownolegly\/","menu_order":0,"post_type":"competition","post_mime_type":"","comment_count":"0","filter":"raw"},{"ID":5568,"post_author":"1","post_date":"2020-06-19 11:31:41","post_date_gmt":"2020-06-19 09:31:41","post_content":"","post_title":"Snowboard - Slopestyle","post_excerpt":"","post_status":"publish","comment_status":"closed","ping_status":"closed","post_password":"","post_name":"slopestyle","to_ping":"","pinged":"","post_modified":"2020-07-22 12:03:21","post_modified_gmt":"2020-07-22 10:03:21","post_content_filtered":"","post_parent":5844,"guid":"https:\/\/wai-q7byvryhhcz9k.wpallimport-demo.qsandbox.me\/competition\/slopestyle\/","menu_order":0,"post_type":"competition","post_mime_type":"","comment_count":"0","filter":"raw"},{"ID":5533,"post_author":"1","post_date":"2020-06-19 11:31:32","post_date_gmt":"2020-06-19 09:31:32","post_content":"","post_title":"Snowboard - Snowboard cross","post_excerpt":"","post_status":"publish","comment_status":"closed","ping_status":"closed","post_password":"","post_name":"snowboard-cross","to_ping":"","pinged":"","post_modified":"2020-07-22 12:03:27","post_modified_gmt":"2020-07-22 10:03:27","post_content_filtered":"","post_parent":5844,"guid":"https:\/\/wai-q7byvryhhcz9k.wpallimport-demo.qsandbox.me\/competition\/snowboard-cross\/","menu_order":0,"post_type":"competition","post_mime_type":"","comment_count":"0","filter":"raw"},{"ID":5844,"post_author":"1","post_date":"2020-06-19 11:32:26","post_date_gmt":"2020-06-19 11:32:26","post_content":"","post_title":"Snowboard","post_excerpt":"","post_status":"publish","comment_status":"open","ping_status":"open","post_password":"","post_name":"snowboard","to_ping":"","pinged":"","post_modified":"2020-06-29 13:13:11","post_modified_gmt":"2020-06-29 11:13:11","post_content_filtered":"","post_parent":0,"guid":"https:\/\/wai-q7byvryhhcz9k.wpallimport-demo.qsandbox.me\/competition\/snowboard\/","menu_order":0,"post_type":"competition","post_mime_type":"","comment_count":"0","filter":"raw"}],"competition_icons_cooperators":[{"icon":{"ID":30371,"id":30371,"title":"snow-board","filename":"snow-board.jpg","filesize":3827,"url":"https:\/\/olimpijski.pl\/wp-content\/uploads\/2018\/06\/snow-board.jpg","link":"https:\/\/olimpijski.pl\/en\/igrzyska_zimowe\/pyeongchang-2018\/snow-board\/#main","alt":"","author":"1","description":"","caption":"","name":"snow-board","status":"inherit","uploaded_to":15684,"date":"2020-10-04 00:43:30","modified":"2020-10-04 00:43:30","menu_order":0,"mime_type":"image\/jpeg","type":"image","subtype":"jpeg","icon":"https:\/\/olimpijski.pl\/wp-includes\/images\/media\/default.png","width":118,"height":118,"sizes":{"thumbnail":"https:\/\/olimpijski.pl\/wp-content\/uploads\/2018\/06\/snow-board.jpg","thumbnail-width":118,"thumbnail-height":118,"medium":"https:\/\/olimpijski.pl\/wp-content\/uploads\/2018\/06\/snow-board.jpg","medium-width":118,"medium-height":118,"medium_large":"https:\/\/olimpijski.pl\/wp-content\/uploads\/2018\/06\/snow-board.jpg","medium_large-width":118,"medium_large-height":118,"large":"https:\/\/olimpijski.pl\/wp-content\/uploads\/2018\/06\/snow-board.jpg","large-width":118,"large-height":118,"1536x1536":"https:\/\/olimpijski.pl\/wp-content\/uploads\/2018\/06\/snow-board.jpg","1536x1536-width":118,"1536x1536-height":118,"2048x2048":"https:\/\/olimpijski.pl\/wp-content\/uploads\/2018\/06\/snow-board.jpg","2048x2048-width":118,"2048x2048-height":118,"ultp_layout_landscape_large":"https:\/\/olimpijski.pl\/wp-content\/uploads\/2018\/06\/snow-board.jpg","ultp_layout_landscape_large-width":118,"ultp_layout_landscape_large-height":118,"ultp_layout_landscape":"https:\/\/olimpijski.pl\/wp-content\/uploads\/2018\/06\/snow-board.jpg","ultp_layout_landscape-width":118,"ultp_layout_landscape-height":118,"ultp_layout_portrait":"https:\/\/olimpijski.pl\/wp-content\/uploads\/2018\/06\/snow-board.jpg","ultp_layout_portrait-width":118,"ultp_layout_portrait-height":118,"ultp_layout_square":"https:\/\/olimpijski.pl\/wp-content\/uploads\/2018\/06\/snow-board.jpg","ultp_layout_square-width":118,"ultp_layout_square-height":118}},"cooperators":"<h2>Osoby wsp\u00f3\u0142pracuj\u0105ce<\/h2>\n<div class=\"coaches\">\n<p>Piotr Skowro\u0144ski &#8211; Trener g\u0142\u00f3wny &#8211; konkurencje alpejskie<br \/>\nOskar Bom &#8211; Asystent trenera g\u0142\u00f3wnego<br \/>\nMariusz Kufel &#8211; Trener g\u0142\u00f3wny SBX<br \/>\nPawe\u0142 Zborowski &#8211; Fizjoterapeuta SBX<\/p>\n<\/div>\n"}]}],"pokaz_ustawienia_ze_starego_systemu":false,"hide_representative_checkbox":false,"message_hidden_representatives":"<p style=\"text-align: center;\"><strong>Reprezentacja zostanie opublikowana po akceptacji przez PKOl.<\/strong><\/p>\n"},"_links":{"self":[{"href":"https:\/\/olimpijski.pl\/en\/wp-json\/wp\/v2\/olympics_winter\/15684"}],"collection":[{"href":"https:\/\/olimpijski.pl\/en\/wp-json\/wp\/v2\/olympics_winter"}],"about":[{"href":"https:\/\/olimpijski.pl\/en\/wp-json\/wp\/v2\/types\/olympics_winter"}],"version-history":[{"count":12,"href":"https:\/\/olimpijski.pl\/en\/wp-json\/wp\/v2\/olympics_winter\/15684\/revisions"}],"predecessor-version":[{"id":42767,"href":"https:\/\/olimpijski.pl\/en\/wp-json\/wp\/v2\/olympics_winter\/15684\/revisions\/42767"}],"wp:attachment":[{"href":"https:\/\/olimpijski.pl\/en\/wp-json\/wp\/v2\/media?parent=15684"}],"curies":[{"name":"wp","href":"https:\/\/api.w.org\/{rel}","templated":true}]}}