{"id":48828,"date":"2021-10-25T13:40:00","date_gmt":"2021-10-25T11:40:00","guid":{"rendered":"https:\/\/olimpijski.pl\/?post_type=olympics_winter&#038;p=48828"},"modified":"2022-09-27T10:28:34","modified_gmt":"2022-09-27T08:28:34","slug":"pekin-2022","status":"publish","type":"olympics_winter","link":"https:\/\/olimpijski.pl\/en\/igrzyska_zimowe\/pekin-2022\/","title":{"rendered":"Pekin 2022"},"content":{"rendered":"\n<div class=\"wp-block-cover alignfull\" style=\"min-height:340px;aspect-ratio:unset;\"><span aria-hidden=\"true\" class=\"wp-block-cover__background has-background-dim-70 has-background-dim\" style=\"background-color:#193b69\"><\/span><img loading=\"lazy\" decoding=\"async\" width=\"2048\" height=\"203\" class=\"wp-block-cover__image-background wp-image-50353\" alt=\"\" src=\"https:\/\/olimpijski.pl\/wp-content\/uploads\/2022\/01\/bg.jpg\" style=\"object-position:54% 100%\" data-object-fit=\"cover\" data-object-position=\"54% 100%\" srcset=\"https:\/\/olimpijski.pl\/wp-content\/uploads\/2022\/01\/bg.jpg 2048w, https:\/\/olimpijski.pl\/wp-content\/uploads\/2022\/01\/bg-300x30.jpg 300w, https:\/\/olimpijski.pl\/wp-content\/uploads\/2022\/01\/bg-1024x102.jpg 1024w, https:\/\/olimpijski.pl\/wp-content\/uploads\/2022\/01\/bg-768x76.jpg 768w, https:\/\/olimpijski.pl\/wp-content\/uploads\/2022\/01\/bg-1536x152.jpg 1536w\" sizes=\"(max-width: 2048px) 100vw, 2048px\" \/><div class=\"wp-block-cover__inner-container is-layout-flow wp-block-cover-is-layout-flow\">\n<p class=\"has-text-align-center main-title white has-large-font-size\">XXIV Zimowe Igrzyska Olimpijskie<br><strong>Pekin 2022<\/strong><\/p>\n<\/div><\/div>\n\n\n\n<div style=\"height:17px\" aria-hidden=\"true\" class=\"wp-block-spacer\"><\/div>\n\n\n\n\n\n\n<div class=\"wp-block-columns are-vertically-aligned-center is-layout-flex wp-container-core-columns-is-layout-1 wp-block-columns-is-layout-flex\">\n<div class=\"wp-block-column is-vertically-aligned-center is-layout-flow wp-block-column-is-layout-flow\" style=\"flex-basis:33.33%\"><div class=\"sidebar\"><ul class=\"olympic-widget-menu\"><li><a href=https:\/\/olimpijski.pl\/reprezentacja-polski\/?olympic=pekin-2022>Reprezentacja Polski<\/a><\/li><li><a href=https:\/\/olimpijski.pl\/medale-polakow\/?olympic=pekin-2022>Medale Polak\u00f3w<\/a><\/li><li><a href=https:\/\/olimpijski.pl\/en\/igrzyska_zimowe\/pekin-2022\/galeria\/>Galeria<\/a><\/li><li><a href=https:\/\/olimpijski.pl\/en\/igrzyska_zimowe\/pekin-2022\/misja-olimpijska\/>Misja olimpijska<\/a><\/li><li><a href=https:\/\/olimpijski.pl\/en\/igrzyska_zimowe\/pekin-2022\/tabela-medalowa\/>Tabela medalowa<\/a><\/li><li><a href=https:\/\/olimpijski.pl\/en\/igrzyska_zimowe\/pekin-2022\/wyniki\/>Wyniki<\/a><\/li><li><a href=https:\/\/olimpijski.pl\/en\/igrzyska_zimowe\/pekin-2022\/liczby-igrzysk\/>Liczby igrzysk<\/a><\/li><li><a href=https:\/\/olimpijski.pl\/en\/igrzyska_zimowe\/pekin-2022\/o-igrzyskach\/>O igrzyskach<\/a><\/li><li><a href=https:\/\/olimpijski.pl\/en\/igrzyska_zimowe\/pekin-2022\/aktualnosci\/>Aktualno\u015bci<\/a><\/li><\/ul><\/div>\n<\/div>\n\n\n\n<div class=\"wp-block-column is-vertically-aligned-center is-layout-flow wp-block-column-is-layout-flow\" style=\"flex-basis:66.66%\">\n<div class=\"wp-block-cover has-custom-content-position is-position-bottom-left big-tekst\" style=\"min-height:418px;aspect-ratio:unset;\"><span aria-hidden=\"true\" class=\"wp-block-cover__background has-background-dim-80 has-background-dim\" style=\"background-color:#193b69\"><\/span><img loading=\"lazy\" decoding=\"async\" width=\"2022\" height=\"899\" class=\"wp-block-cover__image-background wp-image-50969\" alt=\"\" src=\"https:\/\/olimpijski.pl\/wp-content\/uploads\/2022\/01\/000_78x48_Poziom_Team_20_szt-min-crop.jpg\" style=\"object-position:50% 0%\" data-object-fit=\"cover\" data-object-position=\"50% 0%\" srcset=\"https:\/\/olimpijski.pl\/wp-content\/uploads\/2022\/01\/000_78x48_Poziom_Team_20_szt-min-crop.jpg 2022w, https:\/\/olimpijski.pl\/wp-content\/uploads\/2022\/01\/000_78x48_Poziom_Team_20_szt-min-crop-300x133.jpg 300w, https:\/\/olimpijski.pl\/wp-content\/uploads\/2022\/01\/000_78x48_Poziom_Team_20_szt-min-crop-1024x455.jpg 1024w, https:\/\/olimpijski.pl\/wp-content\/uploads\/2022\/01\/000_78x48_Poziom_Team_20_szt-min-crop-768x341.jpg 768w, https:\/\/olimpijski.pl\/wp-content\/uploads\/2022\/01\/000_78x48_Poziom_Team_20_szt-min-crop-1536x683.jpg 1536w\" sizes=\"(max-width: 2022px) 100vw, 2022px\" \/><div class=\"wp-block-cover__inner-container is-layout-flow wp-block-cover-is-layout-flow\">\n<div style=\"height:30px\" aria-hidden=\"true\" class=\"wp-block-spacer\"><\/div>\n\n\n\n<p class=\"has-text-align-left main-title has-white-color has-text-color has-large-font-size\">#TeamPolska<\/p>\n\n\n\n<div class=\"wp-block-buttons is-layout-flex wp-block-buttons-is-layout-flex\">\n<div class=\"wp-block-button is-style-fill\"><a class=\"wp-block-button__link has-white-color has-text-color has-background\" href=\"\/reprezentacja-polski\/?olympic=pekin-2022\" style=\"background:linear-gradient(135deg,rgba(237,237,237,0) 0%,rgba(168,183,194,0) 99%)\">Dowiedz si\u0119 wi\u0119cej o naszej reprezentacji<\/a><\/div>\n<\/div>\n<\/div><\/div>\n\n\n\n<p><\/p>\n<\/div>\n<\/div>\n\n\n\n<div style=\"height:30px\" aria-hidden=\"true\" class=\"wp-block-spacer\"><\/div>\n\n\n\n<h2 class=\"main-title wp-block-heading\"><strong>Aktualno\u015bci<\/strong><\/h2>\n\n\n\n<div style=\"height:30px\" aria-hidden=\"true\" class=\"wp-block-spacer\"><\/div>\n\n\n\n\n\n\n<div style=\"height:50px\" aria-hidden=\"true\" class=\"wp-block-spacer\"><\/div>\n\n\n<div class=\"wp-block-image\">\n<figure class=\"aligncenter size-large\"><img loading=\"lazy\" decoding=\"async\" width=\"1024\" height=\"454\" src=\"https:\/\/olimpijski.pl\/wp-content\/uploads\/2022\/01\/000_78x48_Poziom_Team_20_szt-1-1024x454.jpg\" alt=\"\" class=\"wp-image-51056\" srcset=\"https:\/\/olimpijski.pl\/wp-content\/uploads\/2022\/01\/000_78x48_Poziom_Team_20_szt-1-1024x454.jpg 1024w, https:\/\/olimpijski.pl\/wp-content\/uploads\/2022\/01\/000_78x48_Poziom_Team_20_szt-1-300x133.jpg 300w, https:\/\/olimpijski.pl\/wp-content\/uploads\/2022\/01\/000_78x48_Poziom_Team_20_szt-1-768x341.jpg 768w, https:\/\/olimpijski.pl\/wp-content\/uploads\/2022\/01\/000_78x48_Poziom_Team_20_szt-1-1536x681.jpg 1536w, https:\/\/olimpijski.pl\/wp-content\/uploads\/2022\/01\/000_78x48_Poziom_Team_20_szt-1.jpg 2022w\" sizes=\"(max-width: 1024px) 100vw, 1024px\" \/><\/figure><\/div>\n\n\n<div style=\"height:50px\" aria-hidden=\"true\" class=\"wp-block-spacer\"><\/div>\n\n\n\n        <div class=\"medal-section olympic-rewards-box uk-flex\">\n            <div class=\"main-medal-section uk-flex uk-flex-wrap-middle\">\n                <div class=\"medal-cointainer\">\n                    <p class=\"medal-sumary uk-margin-medium-top\">1<\/p>\n                    <p class=\"medal-info\">Medale igrzysk olimpijskich<\/p>\n                <\/div>\n                <div class=\"uk-flex uk-text-top medal-type \">\n                    \n                    \n                    <div class=\"medal bronze\"> 1<\/div>\n                <\/div>\n            <\/div>\n            <div class=\"medalists \">\n            \n                <ul class=\"\">\n                    <li>\n            <div class=\"players-info\"><div class=\"icon\"><img width=50 height=50 src=https:\/\/olimpijski.pl\/wp-content\/uploads\/2021\/10\/piktogramy_Pekin2022_skoki-narciarskie_m.jpg><\/div><div class=\"competition\">\n                <p class=\"competition-name\">Skoki narciarskie &#8211; skocznia normalna (NH), ind.<\/p>\n                <div class=\"player\">Dawid Kubacki<\/div>\n                <\/div><div class=\"medal bronze\"><\/div><\/div><\/li>\n                <\/ul>\n            <\/div>\n\n        <\/div>\n\n\n\n<div style=\"height:25px\" aria-hidden=\"true\" class=\"wp-block-spacer\"><\/div>\n\n\n\n<div style=\"height:20px\" aria-hidden=\"true\" class=\"wp-block-spacer\"><\/div>\n\n\n\n<div class=\"wp-block-cover alignfull\"><span aria-hidden=\"true\" class=\"wp-block-cover__background has-background-dim-40 has-background-dim\" style=\"background-color:#193b69\"><\/span><img loading=\"lazy\" decoding=\"async\" width=\"2048\" height=\"687\" class=\"wp-block-cover__image-background wp-image-50355\" alt=\"\" src=\"https:\/\/olimpijski.pl\/wp-content\/uploads\/2022\/01\/bg2.jpg\" style=\"object-position:54% 50%\" data-object-fit=\"cover\" data-object-position=\"54% 50%\" srcset=\"https:\/\/olimpijski.pl\/wp-content\/uploads\/2022\/01\/bg2.jpg 2048w, https:\/\/olimpijski.pl\/wp-content\/uploads\/2022\/01\/bg2-300x101.jpg 300w, https:\/\/olimpijski.pl\/wp-content\/uploads\/2022\/01\/bg2-1024x344.jpg 1024w, https:\/\/olimpijski.pl\/wp-content\/uploads\/2022\/01\/bg2-768x258.jpg 768w, https:\/\/olimpijski.pl\/wp-content\/uploads\/2022\/01\/bg2-1536x515.jpg 1536w\" sizes=\"(max-width: 2048px) 100vw, 2048px\" \/><div class=\"wp-block-cover__inner-container is-layout-flow wp-block-cover-is-layout-flow\">\n<div class=\"wp-block-group\"><div class=\"wp-block-group__inner-container is-layout-flow wp-block-group-is-layout-flow\">\n<div class=\"wp-block-columns is-layout-flex wp-container-core-columns-is-layout-2 wp-block-columns-is-layout-flex\">\n<div class=\"wp-block-column is-vertically-aligned-center is-layout-flow wp-block-column-is-layout-flow\">\n<h2 class=\"wp-block-heading\"><strong>Maskotki<\/strong><\/h2>\n\n\n\n<p>Sportowc\u00f3w w zmaganiach dopingowa\u0107 b\u0119dzie Bing Dwen Dwen &#8211; oficjalna maskotka XXIV Zimowych Igrzysk Olimpijskich.<br>Bing Dwen Dwen to panda wielka uznana za narodowy skarb Chin. Nie jest to jednak zwyczajna panda, bo maskotka tegorocznych zimowych igrzysk olimpijskich jest obdarzona niezwyk\u0142ymi, kosmicznymi mocami.<br>W j\u0119zyku mandary\u0144skim \u201eBing\u201d ma kilka znacze\u0144, chocia\u017c najcz\u0119stszym jest l\u00f3d. S\u0142owo to symbolizuje r\u00f3wnie\u017c czysto\u015b\u0107 i si\u0142\u0119. \u201eDwen Dwen\u201d natomiast oznacza moc i \u017cycie, a tak\u017ce nawi\u0105zuje do dzieci.<br>Nowa maskotka olimpijska b\u0119dzie ambasadorem sport\u00f3w zimowych przynosz\u0105c rado\u015b\u0107 uczestnikom i wszystkim obserwuj\u0105cym zmagania w Pekinie.<\/p>\n<\/div>\n\n\n\n<div class=\"wp-block-column is-layout-flow wp-block-column-is-layout-flow\">\n<figure class=\"wp-block-embed is-type-video is-provider-youtube wp-block-embed-youtube wp-embed-aspect-16-9 wp-has-aspect-ratio\"><div class=\"wp-block-embed__wrapper\">\n<iframe loading=\"lazy\" title=\"Bing Dwen Dwen \u2013 Beijing 2022 Winter Olympics Mascot\" width=\"1200\" height=\"675\" src=\"https:\/\/www.youtube.com\/embed\/LIKsPsG8t-Y?feature=oembed\" frameborder=\"0\" allow=\"accelerometer; autoplay; clipboard-write; encrypted-media; gyroscope; picture-in-picture; web-share\" referrerpolicy=\"strict-origin-when-cross-origin\" allowfullscreen><\/iframe>\n<\/div><\/figure>\n<\/div>\n<\/div>\n<\/div><\/div>\n<\/div><\/div>\n\n\n\n<div style=\"height:25px\" aria-hidden=\"true\" class=\"wp-block-spacer\"><\/div>\n\n\n\n<div class=\"wp-block-columns are-vertically-aligned-center is-layout-flex wp-container-core-columns-is-layout-3 wp-block-columns-is-layout-flex\">\n<div class=\"wp-block-column is-vertically-aligned-center is-layout-flow wp-block-column-is-layout-flow\" style=\"flex-basis:20%\"><div class=\"wp-block-image\">\n<figure class=\"aligncenter size-large\"><img loading=\"lazy\" decoding=\"async\" width=\"340\" height=\"340\" src=\"https:\/\/olimpijski.pl\/wp-content\/uploads\/2021\/05\/logo-pekin-2022-1.jpg\" alt=\"\" class=\"wp-image-42405\" srcset=\"https:\/\/olimpijski.pl\/wp-content\/uploads\/2021\/05\/logo-pekin-2022-1.jpg 340w, https:\/\/olimpijski.pl\/wp-content\/uploads\/2021\/05\/logo-pekin-2022-1-300x300.jpg 300w, https:\/\/olimpijski.pl\/wp-content\/uploads\/2021\/05\/logo-pekin-2022-1-150x150.jpg 150w\" sizes=\"(max-width: 340px) 100vw, 340px\" \/><\/figure><\/div><\/div>\n\n\n\n<div class=\"wp-block-column is-vertically-aligned-center is-layout-flow wp-block-column-is-layout-flow\" style=\"flex-basis:80%\">\n<h2 class=\"wp-block-heading\"><strong>Logo<\/strong><\/h2>\n\n\n\n<p>Logo XXIV Zimowych Igrzysk Olimpijskich w Pekinie zosta\u0142o zaprojektowane przez artystk\u0119 Lin Cunzhen, wyk\u0142adowczyni\u0119 Centralnej Akademii Sztuk Pi\u0119knych w Pekinie. Inspiracj\u0105 do stworzenia logo na igrzyska w Pekinie by\u0142 chi\u0144ski znak \u51ac, kt\u00f3ry oznacza &#8220;zim\u0119&#8221;. Emblemat w g\u00f3rnej cz\u0119\u015bci ma przypomina\u0107 \u0142y\u017cwiarza, a dolna cz\u0119\u015b\u0107 logo igrzysk symbolizuje narciarza.<\/p>\n\n\n\n<p>Motyw mi\u0119dzy nimi, przypominaj\u0105cy wst\u0119g\u0119, symbolizuje faliste g\u00f3ry Chin, ale tak\u017ce obiekty olimpijskie, trasy narciarskie i lodowiska. Logo ZIO w Pekinie ma r\u00f3wnie\u017c wskazywa\u0107 na fakt, \u017ce sportowa impreza zbiega si\u0119 z chi\u0144skim Nowym Rokiem. Zaprojektowane przez Cunzhen logo \u0142\u0105czy tradycyjne i nowoczesne elementy chi\u0144skiej kultury, a tak\u017ce cechy uciele\u015bniaj\u0105ce pasj\u0119 i witalno\u015b\u0107 sport\u00f3w zimowych.<\/p>\n\n\n\n<p>Czerwony i \u017c\u00f3\u0142ty to kolory flagi narodowej Chin, kt\u00f3re w Pa\u0144stwie \u015arodka symbolizuj\u0105 pasj\u0119, m\u0142odo\u015b\u0107 oraz witalno\u015b\u0107. Nie mniej wa\u017cne od logo igrzysk, jest tak\u017ce oficjalne motto olimpiady. To brzmi &#8220;Razem dla wsp\u00f3lnej przysz\u0142o\u015bci&#8221;.<\/p>\n<\/div>\n<\/div>\n\n\n\n<div style=\"height:20px\" aria-hidden=\"true\" class=\"wp-block-spacer\"><\/div>\n\n\n\n<h2 class=\"wp-block-heading\"><strong>Medale<\/strong><\/h2>\n\n\n\n<figure class=\"wp-block-gallery has-nested-images columns-default is-cropped wp-block-gallery-1 is-layout-flex wp-block-gallery-is-layout-flex\">\n<figure class=\"wp-block-image size-full\"><a  href=\"https:\/\/olimpijski.pl\/wp-content\/uploads\/2022\/01\/medale-pekin-2022.jpg\" data-rel=\"lightbox-gallery-0\" data-rl_title=\"\" data-rl_caption=\"\" title=\"\"><img loading=\"lazy\" decoding=\"async\" width=\"1240\" height=\"540\" data-id=\"50360\" src=\"https:\/\/olimpijski.pl\/wp-content\/uploads\/2022\/01\/medale-pekin-2022.jpg\" alt=\"\" class=\"wp-image-50360\" srcset=\"https:\/\/olimpijski.pl\/wp-content\/uploads\/2022\/01\/medale-pekin-2022.jpg 1240w, https:\/\/olimpijski.pl\/wp-content\/uploads\/2022\/01\/medale-pekin-2022-300x131.jpg 300w, https:\/\/olimpijski.pl\/wp-content\/uploads\/2022\/01\/medale-pekin-2022-1024x446.jpg 1024w, https:\/\/olimpijski.pl\/wp-content\/uploads\/2022\/01\/medale-pekin-2022-768x334.jpg 768w\" sizes=\"(max-width: 1240px) 100vw, 1240px\" \/><\/a><\/figure>\n<\/figure>\n\n\n\n<p>Pi\u0119\u0107 kr\u0119g\u00f3w umieszczonych na medalach ma by\u0107, wed\u0142ug pomys\u0142odawc\u00f3w, uciele\u015bnieniem jedno\u015bci nieba, ziemi i ludzkich serc. Wygl\u0105d kr\u0105\u017ck\u00f3w nawi\u0105zuje do tych, jakimi dekorowano sportowc\u00f3w podczas letnich igrzysk w Pekinie w 2008 r., tam r\u00f3wnie\u017c u\u017cyto cennego, rzadkiego minera\u0142u, jakim jest jadeit. Koncentryczne kr\u0119gi nawi\u0105zuj\u0105 tak\u017ce do symboliki k\u00f3\u0142 olimpijskich.<\/p>\n\n\n\n<p>Ten element ma podkre\u015bla\u0107 to, \u017ce stolica Chin jest pierwszym miastem w historii, kt\u00f3re organizuje letni\u0105 i zimow\u0105 edycj\u0119 igrzysk. Przy projektowaniu medali zatrudniony by\u0142 Hang Hai, kt\u00f3ry nale\u017ca\u0142 do grupy opracowuj\u0105cej koncepcj\u0119 wygl\u0105du medali olimpijskich w 2008 r.<\/p>\n\n\n\n<blockquote class=\"wp-block-quote is-layout-flow wp-block-quote-is-layout-flow\"><p><em>Kiedy sportowcy b\u0119d\u0105 trzyma\u0107 medale w d\u0142oniach od razu b\u0119d\u0105 mogli poczu\u0107 i dotkn\u0105\u0107 chi\u0144skiej kultury. Je\u015bli przyjrz\u0105 si\u0119 uwa\u017cnie, zobacz\u0105 tak\u017ce chmury i p\u0142atki \u015bniegu oraz map\u0119 nieba z gwiazdami<\/em><\/p><cite>Hang Hai<\/cite><\/blockquote>\n\n\n\n<hr class=\"wp-block-separator has-css-opacity is-style-wide\"\/>\n\n\n\n<div class=\"wp-block-cover alignfull has-background-dim\" style=\"background-color:#2f2d5f\" id=\"galeria\"><img loading=\"lazy\" decoding=\"async\" width=\"2048\" height=\"687\" class=\"wp-block-cover__image-background wp-image-50355\" alt=\"\" src=\"https:\/\/olimpijski.pl\/wp-content\/uploads\/2022\/01\/bg2.jpg\" data-object-fit=\"cover\" srcset=\"https:\/\/olimpijski.pl\/wp-content\/uploads\/2022\/01\/bg2.jpg 2048w, https:\/\/olimpijski.pl\/wp-content\/uploads\/2022\/01\/bg2-300x101.jpg 300w, https:\/\/olimpijski.pl\/wp-content\/uploads\/2022\/01\/bg2-1024x344.jpg 1024w, https:\/\/olimpijski.pl\/wp-content\/uploads\/2022\/01\/bg2-768x258.jpg 768w, https:\/\/olimpijski.pl\/wp-content\/uploads\/2022\/01\/bg2-1536x515.jpg 1536w\" sizes=\"(max-width: 2048px) 100vw, 2048px\" \/><div class=\"wp-block-cover__inner-container is-layout-flow wp-block-cover-is-layout-flow\">\n<div class=\"wp-block-group\"><div class=\"wp-block-group__inner-container is-layout-flow wp-block-group-is-layout-flow\">\n<h2 class=\"main-title white wp-block-heading\"><strong>Galeria<\/strong><\/h2>\n\n\n\n<div class=\"wp-block-columns is-layout-flex wp-container-core-columns-is-layout-4 wp-block-columns-is-layout-flex\">\n<div class=\"wp-block-column is-layout-flow wp-block-column-is-layout-flow\">\n<figure class=\"wp-block-image size-large\"><a href=\"https:\/\/olimpijski.pl\/pkol_galeria\/slubowanie-olimpijskie-igrzyska-w-pekinie-2022\/\"><img loading=\"lazy\" decoding=\"async\" width=\"1024\" height=\"682\" src=\"https:\/\/olimpijski.pl\/wp-content\/uploads\/2022\/01\/20220125SS-1024x682.jpg\" alt=\"\" class=\"wp-image-51237\" srcset=\"https:\/\/olimpijski.pl\/wp-content\/uploads\/2022\/01\/20220125SS-1024x682.jpg 1024w, https:\/\/olimpijski.pl\/wp-content\/uploads\/2022\/01\/20220125SS-300x200.jpg 300w, https:\/\/olimpijski.pl\/wp-content\/uploads\/2022\/01\/20220125SS-768x512.jpg 768w, https:\/\/olimpijski.pl\/wp-content\/uploads\/2022\/01\/20220125SS-1536x1024.jpg 1536w, https:\/\/olimpijski.pl\/wp-content\/uploads\/2022\/01\/20220125SS-1200x800.jpg 1200w, https:\/\/olimpijski.pl\/wp-content\/uploads\/2022\/01\/20220125SS.jpg 2021w\" sizes=\"(max-width: 1024px) 100vw, 1024px\" \/><\/a><\/figure>\n\n\n\n<p>\u015alubowanie<\/p>\n<\/div>\n\n\n\n<div class=\"wp-block-column is-layout-flow wp-block-column-is-layout-flow\">\n<figure class=\"wp-block-image size-medium is-resized\"><a href=\"https:\/\/olimpijski.pl\/pkol_galeria\/przelot-do-pekinu\/\"><img decoding=\"async\" src=\"https:\/\/olimpijski.pl\/wp-content\/uploads\/2022\/01\/przylot_029-1-300x200.jpg\" alt=\"\" class=\"wp-image-51408\" height=\"180\" srcset=\"https:\/\/olimpijski.pl\/wp-content\/uploads\/2022\/01\/przylot_029-1-300x200.jpg 300w, https:\/\/olimpijski.pl\/wp-content\/uploads\/2022\/01\/przylot_029-1-1024x683.jpg 1024w, https:\/\/olimpijski.pl\/wp-content\/uploads\/2022\/01\/przylot_029-1-768x512.jpg 768w, https:\/\/olimpijski.pl\/wp-content\/uploads\/2022\/01\/przylot_029-1-1536x1024.jpg 1536w, https:\/\/olimpijski.pl\/wp-content\/uploads\/2022\/01\/przylot_029-1-1200x800.jpg 1200w, https:\/\/olimpijski.pl\/wp-content\/uploads\/2022\/01\/przylot_029-1.jpg 2022w\" sizes=\"(max-width: 300px) 100vw, 300px\" \/><\/a><\/figure>\n\n\n\n<p>Przylot do Pekinu<\/p>\n<\/div>\n\n\n\n<div class=\"wp-block-column is-layout-flow wp-block-column-is-layout-flow\">\n<figure class=\"wp-block-image size-large\"><a href=\"https:\/\/olimpijski.pl\/pkol_galeria\/bialo-czerwoni-na-treningach-igrzyska-w-pekinie-2022\/\"><img loading=\"lazy\" decoding=\"async\" width=\"1024\" height=\"663\" src=\"https:\/\/olimpijski.pl\/wp-content\/uploads\/2022\/01\/galeria_031-1024x663.jpg\" alt=\"\" class=\"wp-image-51592\" srcset=\"https:\/\/olimpijski.pl\/wp-content\/uploads\/2022\/01\/galeria_031-1024x663.jpg 1024w, https:\/\/olimpijski.pl\/wp-content\/uploads\/2022\/01\/galeria_031-300x194.jpg 300w, https:\/\/olimpijski.pl\/wp-content\/uploads\/2022\/01\/galeria_031-768x497.jpg 768w, https:\/\/olimpijski.pl\/wp-content\/uploads\/2022\/01\/galeria_031-1536x995.jpg 1536w, https:\/\/olimpijski.pl\/wp-content\/uploads\/2022\/01\/galeria_031.jpg 2048w\" sizes=\"(max-width: 1024px) 100vw, 1024px\" \/><\/a><\/figure>\n\n\n\n<p> Bia\u0142o-czerwoni na treningach <\/p>\n<\/div>\n\n\n\n<div class=\"wp-block-column is-layout-flow wp-block-column-is-layout-flow\">\n<figure class=\"wp-block-image size-large\"><a href=\"https:\/\/olimpijski.pl\/pkol_galeria\/pekin-gotowy-na-igrzyska\/\"><img loading=\"lazy\" decoding=\"async\" width=\"1024\" height=\"683\" src=\"https:\/\/olimpijski.pl\/wp-content\/uploads\/2022\/02\/pekin_do_igrzysk_022-1024x683.jpg\" alt=\"\" class=\"wp-image-51715\" srcset=\"https:\/\/olimpijski.pl\/wp-content\/uploads\/2022\/02\/pekin_do_igrzysk_022-1024x683.jpg 1024w, https:\/\/olimpijski.pl\/wp-content\/uploads\/2022\/02\/pekin_do_igrzysk_022-300x200.jpg 300w, https:\/\/olimpijski.pl\/wp-content\/uploads\/2022\/02\/pekin_do_igrzysk_022-768x512.jpg 768w, https:\/\/olimpijski.pl\/wp-content\/uploads\/2022\/02\/pekin_do_igrzysk_022-1536x1024.jpg 1536w, https:\/\/olimpijski.pl\/wp-content\/uploads\/2022\/02\/pekin_do_igrzysk_022-1200x800.jpg 1200w, https:\/\/olimpijski.pl\/wp-content\/uploads\/2022\/02\/pekin_do_igrzysk_022.jpg 2020w\" sizes=\"(max-width: 1024px) 100vw, 1024px\" \/><\/a><\/figure>\n\n\n\n<p>Pekin gotowy na igrzyska<\/p>\n<\/div>\n<\/div>\n\n\n\n<div class=\"wp-block-columns is-layout-flex wp-container-core-columns-is-layout-5 wp-block-columns-is-layout-flex\">\n<div class=\"wp-block-column is-layout-flow wp-block-column-is-layout-flow\">\n\n\n<figure class=\"wp-block-image size-large is-resized\"><a href=\" https:\/\/olimpijski.pl\/pkol_galeria\/slubowanie-w-wiosce\/\"><img loading=\"lazy\" decoding=\"async\" src=\"https:\/\/olimpijski.pl\/wp-content\/uploads\/2022\/02\/slubowania_w_wiosce_024-1024x768.jpeg\" alt=\"\" class=\"wp-image-51842\" width=\"256\" height=\"192\" srcset=\"https:\/\/olimpijski.pl\/wp-content\/uploads\/2022\/02\/slubowania_w_wiosce_024-1024x768.jpeg 1024w, https:\/\/olimpijski.pl\/wp-content\/uploads\/2022\/02\/slubowania_w_wiosce_024-300x225.jpeg 300w, https:\/\/olimpijski.pl\/wp-content\/uploads\/2022\/02\/slubowania_w_wiosce_024-768x576.jpeg 768w, https:\/\/olimpijski.pl\/wp-content\/uploads\/2022\/02\/slubowania_w_wiosce_024-1536x1152.jpeg 1536w, https:\/\/olimpijski.pl\/wp-content\/uploads\/2022\/02\/slubowania_w_wiosce_024.jpeg 2048w\" sizes=\"(max-width: 256px) 100vw, 256px\" \/><\/a><\/figure>\n\n\n\n<p>\u015alubowali biegacze i skoczkowie<\/p>\n<\/div>\n\n\n\n<div class=\"wp-block-column is-layout-flow wp-block-column-is-layout-flow\">\n\n\n<figure class=\"wp-block-image size-large is-resized\"><a href=\"https:\/\/olimpijski.pl\/pkol_galeria\/ceremonia-otwarcia-pekin-2022\/\"><img loading=\"lazy\" decoding=\"async\" src=\"https:\/\/olimpijski.pl\/wp-content\/uploads\/2022\/02\/20220204SS_otwarcie_Pekin-1024x683.jpg\" alt=\"\" class=\"wp-image-51906\" width=\"285\" height=\"189\" srcset=\"https:\/\/olimpijski.pl\/wp-content\/uploads\/2022\/02\/20220204SS_otwarcie_Pekin-1024x683.jpg 1024w, https:\/\/olimpijski.pl\/wp-content\/uploads\/2022\/02\/20220204SS_otwarcie_Pekin-300x200.jpg 300w, https:\/\/olimpijski.pl\/wp-content\/uploads\/2022\/02\/20220204SS_otwarcie_Pekin-768x512.jpg 768w, https:\/\/olimpijski.pl\/wp-content\/uploads\/2022\/02\/20220204SS_otwarcie_Pekin-1200x800.jpg 1200w, https:\/\/olimpijski.pl\/wp-content\/uploads\/2022\/02\/20220204SS_otwarcie_Pekin.jpg 1500w\" sizes=\"(max-width: 285px) 100vw, 285px\" \/><\/a><\/figure>\n\n\n\n<p>Ceremonia Otwarcia Igrzysk w Pekinie<\/p>\n<\/div>\n\n\n\n<div class=\"wp-block-column is-layout-flow wp-block-column-is-layout-flow\">\n\n\n<figure class=\"wp-block-image size-large is-resized\"><a href=\"https:\/\/olimpijski.pl\/pkol_galeria\/zio-pekin-2022-dzien-1\/\"><img loading=\"lazy\" decoding=\"async\" src=\"https:\/\/olimpijski.pl\/wp-content\/uploads\/2022\/02\/20220205SS_SJ_M__15-1024x652.jpg\" alt=\"\" class=\"wp-image-52156\" width=\"305\" height=\"193\" srcset=\"https:\/\/olimpijski.pl\/wp-content\/uploads\/2022\/02\/20220205SS_SJ_M__15-1024x652.jpg 1024w, https:\/\/olimpijski.pl\/wp-content\/uploads\/2022\/02\/20220205SS_SJ_M__15-300x191.jpg 300w, https:\/\/olimpijski.pl\/wp-content\/uploads\/2022\/02\/20220205SS_SJ_M__15-768x489.jpg 768w, https:\/\/olimpijski.pl\/wp-content\/uploads\/2022\/02\/20220205SS_SJ_M__15-1536x977.jpg 1536w, https:\/\/olimpijski.pl\/wp-content\/uploads\/2022\/02\/20220205SS_SJ_M__15.jpg 2048w\" sizes=\"(max-width: 305px) 100vw, 305px\" \/><\/a><\/figure>\n\n\n\n<p>ZIO Pekin 2022 &#8211; dzie\u0144 1.<\/p>\n<\/div>\n\n\n\n<div class=\"wp-block-column is-layout-flow wp-block-column-is-layout-flow\">\n\n\n<figure class=\"wp-block-image size-large is-resized\"><a href=\"https:\/\/olimpijski.pl\/pkol_galeria\/brawo-dawid\/ \"><img loading=\"lazy\" decoding=\"async\" src=\"https:\/\/olimpijski.pl\/wp-content\/uploads\/2022\/02\/20220206SS_SJ_M__7-1-1024x698.jpg\" alt=\"\" class=\"wp-image-52264\" width=\"280\" height=\"191\" srcset=\"https:\/\/olimpijski.pl\/wp-content\/uploads\/2022\/02\/20220206SS_SJ_M__7-1-1024x698.jpg 1024w, https:\/\/olimpijski.pl\/wp-content\/uploads\/2022\/02\/20220206SS_SJ_M__7-1-300x205.jpg 300w, https:\/\/olimpijski.pl\/wp-content\/uploads\/2022\/02\/20220206SS_SJ_M__7-1-768x524.jpg 768w, https:\/\/olimpijski.pl\/wp-content\/uploads\/2022\/02\/20220206SS_SJ_M__7-1-1536x1047.jpg 1536w, https:\/\/olimpijski.pl\/wp-content\/uploads\/2022\/02\/20220206SS_SJ_M__7-1.jpg 1895w\" sizes=\"(max-width: 280px) 100vw, 280px\" \/><\/a><\/figure>\n\n\n\n<p>Brawo Dawid!<\/p>\n<\/div>\n<\/div>\n\n\n\n<div class=\"wp-block-columns is-layout-flex wp-container-core-columns-is-layout-6 wp-block-columns-is-layout-flex\">\n<div class=\"wp-block-column is-layout-flow wp-block-column-is-layout-flow\">\n\n\n<figure class=\"wp-block-image size-large\"><a href=\"https:\/\/olimpijski.pl\/pkol_galeria\/zio-pekin-2022-dzien-2\/\"><img loading=\"lazy\" decoding=\"async\" width=\"1024\" height=\"683\" src=\"https:\/\/olimpijski.pl\/wp-content\/uploads\/2022\/02\/20220206RH_ZIO_Saneczkarstwo_464-1024x683.jpg\" alt=\"\" class=\"wp-image-52289\" srcset=\"https:\/\/olimpijski.pl\/wp-content\/uploads\/2022\/02\/20220206RH_ZIO_Saneczkarstwo_464-1024x683.jpg 1024w, https:\/\/olimpijski.pl\/wp-content\/uploads\/2022\/02\/20220206RH_ZIO_Saneczkarstwo_464-300x200.jpg 300w, https:\/\/olimpijski.pl\/wp-content\/uploads\/2022\/02\/20220206RH_ZIO_Saneczkarstwo_464-768x512.jpg 768w, https:\/\/olimpijski.pl\/wp-content\/uploads\/2022\/02\/20220206RH_ZIO_Saneczkarstwo_464-1536x1025.jpg 1536w, https:\/\/olimpijski.pl\/wp-content\/uploads\/2022\/02\/20220206RH_ZIO_Saneczkarstwo_464-1200x800.jpg 1200w, https:\/\/olimpijski.pl\/wp-content\/uploads\/2022\/02\/20220206RH_ZIO_Saneczkarstwo_464.jpg 2048w\" sizes=\"(max-width: 1024px) 100vw, 1024px\" \/><\/a><\/figure>\n\n\n\n<p><meta charset=\"utf-8\"> Pekin 2022 &#8211; dzie\u0144 2.<\/p>\n<\/div>\n\n\n\n<div class=\"wp-block-column is-layout-flow wp-block-column-is-layout-flow\">\n\n\n<figure class=\"wp-block-image size-large\"><a href=\" https:\/\/olimpijski.pl\/pkol_galeria\/pekin-2022-dzien-3\/\"><img loading=\"lazy\" decoding=\"async\" width=\"1024\" height=\"683\" src=\"https:\/\/olimpijski.pl\/wp-content\/uploads\/2021\/10\/20220207SS_gigant__14-1024x683.jpg\" alt=\"\" class=\"wp-image-52492\" srcset=\"https:\/\/olimpijski.pl\/wp-content\/uploads\/2021\/10\/20220207SS_gigant__14-1024x683.jpg 1024w, https:\/\/olimpijski.pl\/wp-content\/uploads\/2021\/10\/20220207SS_gigant__14-300x200.jpg 300w, https:\/\/olimpijski.pl\/wp-content\/uploads\/2021\/10\/20220207SS_gigant__14-768x512.jpg 768w, https:\/\/olimpijski.pl\/wp-content\/uploads\/2021\/10\/20220207SS_gigant__14-1536x1025.jpg 1536w, https:\/\/olimpijski.pl\/wp-content\/uploads\/2021\/10\/20220207SS_gigant__14-1200x800.jpg 1200w, https:\/\/olimpijski.pl\/wp-content\/uploads\/2021\/10\/20220207SS_gigant__14.jpg 2048w\" sizes=\"(max-width: 1024px) 100vw, 1024px\" \/><\/a><\/figure>\n\n\n\n<p><meta charset=\"utf-8\"> Pekin 2022 &#8211; dzie\u0144 3.<\/p>\n<\/div>\n\n\n\n<div class=\"wp-block-column is-layout-flow wp-block-column-is-layout-flow\">\n\n\n<figure class=\"wp-block-image size-large\"><a href=\"https:\/\/olimpijski.pl\/pkol_galeria\/pekin-2022-dzien-3-2\/\"><img loading=\"lazy\" decoding=\"async\" width=\"1024\" height=\"683\" src=\"https:\/\/olimpijski.pl\/wp-content\/uploads\/2022\/02\/20220208RH_ZIO_Slalom_Gigant_Rownolegly_503-1024x683.jpg\" alt=\"\" class=\"wp-image-52619\" srcset=\"https:\/\/olimpijski.pl\/wp-content\/uploads\/2022\/02\/20220208RH_ZIO_Slalom_Gigant_Rownolegly_503-1024x683.jpg 1024w, https:\/\/olimpijski.pl\/wp-content\/uploads\/2022\/02\/20220208RH_ZIO_Slalom_Gigant_Rownolegly_503-300x200.jpg 300w, https:\/\/olimpijski.pl\/wp-content\/uploads\/2022\/02\/20220208RH_ZIO_Slalom_Gigant_Rownolegly_503-768x512.jpg 768w, https:\/\/olimpijski.pl\/wp-content\/uploads\/2022\/02\/20220208RH_ZIO_Slalom_Gigant_Rownolegly_503-1536x1025.jpg 1536w, https:\/\/olimpijski.pl\/wp-content\/uploads\/2022\/02\/20220208RH_ZIO_Slalom_Gigant_Rownolegly_503-1200x800.jpg 1200w, https:\/\/olimpijski.pl\/wp-content\/uploads\/2022\/02\/20220208RH_ZIO_Slalom_Gigant_Rownolegly_503.jpg 2048w\" sizes=\"(max-width: 1024px) 100vw, 1024px\" \/><\/a><\/figure>\n\n\n\n<p><meta charset=\"utf-8\">Pekin 2022 &#8211; dzie\u0144 4.<\/p>\n<\/div>\n\n\n\n<div class=\"wp-block-column is-layout-flow wp-block-column-is-layout-flow\">\n\n\n<figure class=\"wp-block-image size-large\"><a href=\"https:\/\/olimpijski.pl\/pkol_galeria\/medal-dawida\/\"><img loading=\"lazy\" decoding=\"async\" width=\"1024\" height=\"683\" src=\"https:\/\/olimpijski.pl\/wp-content\/uploads\/2022\/02\/20220208SS_VC_Kubacki_30-1024x683.jpg\" alt=\"\" class=\"wp-image-52551\" srcset=\"https:\/\/olimpijski.pl\/wp-content\/uploads\/2022\/02\/20220208SS_VC_Kubacki_30-1024x683.jpg 1024w, https:\/\/olimpijski.pl\/wp-content\/uploads\/2022\/02\/20220208SS_VC_Kubacki_30-300x200.jpg 300w, https:\/\/olimpijski.pl\/wp-content\/uploads\/2022\/02\/20220208SS_VC_Kubacki_30-768x512.jpg 768w, https:\/\/olimpijski.pl\/wp-content\/uploads\/2022\/02\/20220208SS_VC_Kubacki_30-1536x1025.jpg 1536w, https:\/\/olimpijski.pl\/wp-content\/uploads\/2022\/02\/20220208SS_VC_Kubacki_30-1200x800.jpg 1200w, https:\/\/olimpijski.pl\/wp-content\/uploads\/2022\/02\/20220208SS_VC_Kubacki_30.jpg 2048w\" sizes=\"(max-width: 1024px) 100vw, 1024px\" \/><\/a><\/figure>\n\n\n\n<p>Medal Dawida<\/p>\n<\/div>\n<\/div>\n\n\n\n<div class=\"wp-block-columns is-layout-flex wp-container-core-columns-is-layout-7 wp-block-columns-is-layout-flex\">\n<div class=\"wp-block-column is-layout-flow wp-block-column-is-layout-flow\">\n\n\n<figure class=\"wp-block-image size-large\"><a href=\"https:\/\/olimpijski.pl\/pkol_galeria\/pekin-2022-dzien-5\/\"><img loading=\"lazy\" decoding=\"async\" width=\"1024\" height=\"683\" src=\"https:\/\/olimpijski.pl\/wp-content\/uploads\/2022\/02\/20220209RH_ZIO_Short_Track_Galeria_559-1024x683.jpg\" alt=\"\" class=\"wp-image-52757\" srcset=\"https:\/\/olimpijski.pl\/wp-content\/uploads\/2022\/02\/20220209RH_ZIO_Short_Track_Galeria_559-1024x683.jpg 1024w, https:\/\/olimpijski.pl\/wp-content\/uploads\/2022\/02\/20220209RH_ZIO_Short_Track_Galeria_559-300x200.jpg 300w, https:\/\/olimpijski.pl\/wp-content\/uploads\/2022\/02\/20220209RH_ZIO_Short_Track_Galeria_559-768x512.jpg 768w, https:\/\/olimpijski.pl\/wp-content\/uploads\/2022\/02\/20220209RH_ZIO_Short_Track_Galeria_559-1536x1025.jpg 1536w, https:\/\/olimpijski.pl\/wp-content\/uploads\/2022\/02\/20220209RH_ZIO_Short_Track_Galeria_559-1200x800.jpg 1200w, https:\/\/olimpijski.pl\/wp-content\/uploads\/2022\/02\/20220209RH_ZIO_Short_Track_Galeria_559.jpg 2048w\" sizes=\"(max-width: 1024px) 100vw, 1024px\" \/><\/a><\/figure>\n\n\n\n<p>Pekin 2022 \u2013 dzie\u0144 5.<\/p>\n<\/div>\n\n\n\n<div class=\"wp-block-column is-layout-flow wp-block-column-is-layout-flow\">\n\n\n<figure class=\"wp-block-image size-large\"><a href=\" https:\/\/olimpijski.pl\/pkol_galeria\/pekin-2022-dzien-6\/\"><img loading=\"lazy\" decoding=\"async\" width=\"1024\" height=\"683\" src=\"https:\/\/olimpijski.pl\/wp-content\/uploads\/2022\/02\/20220210SS_LU__18-1024x683.jpg\" alt=\"\" class=\"wp-image-52867\" srcset=\"https:\/\/olimpijski.pl\/wp-content\/uploads\/2022\/02\/20220210SS_LU__18-1024x683.jpg 1024w, https:\/\/olimpijski.pl\/wp-content\/uploads\/2022\/02\/20220210SS_LU__18-300x200.jpg 300w, https:\/\/olimpijski.pl\/wp-content\/uploads\/2022\/02\/20220210SS_LU__18-768x512.jpg 768w, https:\/\/olimpijski.pl\/wp-content\/uploads\/2022\/02\/20220210SS_LU__18-1536x1025.jpg 1536w, https:\/\/olimpijski.pl\/wp-content\/uploads\/2022\/02\/20220210SS_LU__18-1200x800.jpg 1200w, https:\/\/olimpijski.pl\/wp-content\/uploads\/2022\/02\/20220210SS_LU__18.jpg 2048w\" sizes=\"(max-width: 1024px) 100vw, 1024px\" \/><\/a><\/figure>\n\n\n\n<p>Pekin 2022 \u2013 dzie\u0144 6.<\/p>\n<\/div>\n\n\n\n<div class=\"wp-block-column is-layout-flow wp-block-column-is-layout-flow\">\n\n\n<figure class=\"wp-block-image size-large\"><a href=\"https:\/\/olimpijski.pl\/pkol_galeria\/pekin-2022-dzien-7\/\"><img loading=\"lazy\" decoding=\"async\" width=\"1024\" height=\"683\" src=\"https:\/\/olimpijski.pl\/wp-content\/uploads\/2022\/02\/20220211RH_ZIO_Short_Track_619-1024x683.jpg\" alt=\"\" class=\"wp-image-53097\" srcset=\"https:\/\/olimpijski.pl\/wp-content\/uploads\/2022\/02\/20220211RH_ZIO_Short_Track_619-1024x683.jpg 1024w, https:\/\/olimpijski.pl\/wp-content\/uploads\/2022\/02\/20220211RH_ZIO_Short_Track_619-300x200.jpg 300w, https:\/\/olimpijski.pl\/wp-content\/uploads\/2022\/02\/20220211RH_ZIO_Short_Track_619-768x512.jpg 768w, https:\/\/olimpijski.pl\/wp-content\/uploads\/2022\/02\/20220211RH_ZIO_Short_Track_619-1536x1025.jpg 1536w, https:\/\/olimpijski.pl\/wp-content\/uploads\/2022\/02\/20220211RH_ZIO_Short_Track_619-1200x800.jpg 1200w, https:\/\/olimpijski.pl\/wp-content\/uploads\/2022\/02\/20220211RH_ZIO_Short_Track_619.jpg 2048w\" sizes=\"(max-width: 1024px) 100vw, 1024px\" \/><\/a><\/figure>\n\n\n\n<p>Pekin 2022 <meta charset=\"utf-8\">\u2013 dzie\u0144 7.<\/p>\n<\/div>\n\n\n\n<div class=\"wp-block-column is-layout-flow wp-block-column-is-layout-flow\">\n\n\n<figure class=\"wp-block-image size-large\"><a href=\"https:\/\/olimpijski.pl\/pkol_galeria\/pekin-2022-dzien-8\/\"><img loading=\"lazy\" decoding=\"async\" width=\"1024\" height=\"683\" src=\"https:\/\/olimpijski.pl\/wp-content\/uploads\/2022\/02\/20220212RH_ZIO_Lyzwiarstwo_Szybkie_665-1-1024x683.jpg\" alt=\"\" class=\"wp-image-53394\" srcset=\"https:\/\/olimpijski.pl\/wp-content\/uploads\/2022\/02\/20220212RH_ZIO_Lyzwiarstwo_Szybkie_665-1-1024x683.jpg 1024w, https:\/\/olimpijski.pl\/wp-content\/uploads\/2022\/02\/20220212RH_ZIO_Lyzwiarstwo_Szybkie_665-1-300x200.jpg 300w, https:\/\/olimpijski.pl\/wp-content\/uploads\/2022\/02\/20220212RH_ZIO_Lyzwiarstwo_Szybkie_665-1-768x512.jpg 768w, https:\/\/olimpijski.pl\/wp-content\/uploads\/2022\/02\/20220212RH_ZIO_Lyzwiarstwo_Szybkie_665-1-1536x1024.jpg 1536w, https:\/\/olimpijski.pl\/wp-content\/uploads\/2022\/02\/20220212RH_ZIO_Lyzwiarstwo_Szybkie_665-1-1200x800.jpg 1200w, https:\/\/olimpijski.pl\/wp-content\/uploads\/2022\/02\/20220212RH_ZIO_Lyzwiarstwo_Szybkie_665-1.jpg 2048w\" sizes=\"(max-width: 1024px) 100vw, 1024px\" \/><\/a><\/figure>\n\n\n\n<p><meta charset=\"utf-8\">Pekin 2022 <meta charset=\"utf-8\">\u2013 dzie\u0144 8.<\/p>\n<\/div>\n<\/div>\n\n\n\n<div class=\"wp-block-columns is-layout-flex wp-container-core-columns-is-layout-8 wp-block-columns-is-layout-flex\">\n<div class=\"wp-block-column is-layout-flow wp-block-column-is-layout-flow\">\n\n\n<figure class=\"wp-block-image size-large\"><a href=\" https:\/\/olimpijski.pl\/pkol_galeria\/pekin-2022-dzien-9\/ \"><img loading=\"lazy\" decoding=\"async\" width=\"1024\" height=\"664\" src=\"https:\/\/olimpijski.pl\/wp-content\/uploads\/2022\/02\/20220213SS_BH_-11-1-1024x664.jpg\" alt=\"\" class=\"wp-image-53676\" srcset=\"https:\/\/olimpijski.pl\/wp-content\/uploads\/2022\/02\/20220213SS_BH_-11-1-1024x664.jpg 1024w, https:\/\/olimpijski.pl\/wp-content\/uploads\/2022\/02\/20220213SS_BH_-11-1-300x195.jpg 300w, https:\/\/olimpijski.pl\/wp-content\/uploads\/2022\/02\/20220213SS_BH_-11-1-768x498.jpg 768w, https:\/\/olimpijski.pl\/wp-content\/uploads\/2022\/02\/20220213SS_BH_-11-1-1536x996.jpg 1536w, https:\/\/olimpijski.pl\/wp-content\/uploads\/2022\/02\/20220213SS_BH_-11-1.jpg 2048w\" sizes=\"(max-width: 1024px) 100vw, 1024px\" \/><\/a><\/figure>\n\n\n\n<p><meta charset=\"utf-8\">Pekin 2022 \u2013 dzie\u0144 9.<\/p>\n<\/div>\n\n\n\n<div class=\"wp-block-column is-layout-flow wp-block-column-is-layout-flow\">\n\n\n<figure class=\"wp-block-image size-large\"><a href=\"https:\/\/olimpijski.pl\/pkol_galeria\/53837\/\"><img loading=\"lazy\" decoding=\"async\" width=\"1024\" height=\"643\" src=\"https:\/\/olimpijski.pl\/wp-content\/uploads\/2022\/02\/20220214_gal10_039-1-1024x643.jpg\" alt=\"\" class=\"wp-image-53831\" srcset=\"https:\/\/olimpijski.pl\/wp-content\/uploads\/2022\/02\/20220214_gal10_039-1-1024x643.jpg 1024w, https:\/\/olimpijski.pl\/wp-content\/uploads\/2022\/02\/20220214_gal10_039-1-300x188.jpg 300w, https:\/\/olimpijski.pl\/wp-content\/uploads\/2022\/02\/20220214_gal10_039-1-768x482.jpg 768w, https:\/\/olimpijski.pl\/wp-content\/uploads\/2022\/02\/20220214_gal10_039-1-1536x964.jpg 1536w, https:\/\/olimpijski.pl\/wp-content\/uploads\/2022\/02\/20220214_gal10_039-1.jpg 2048w\" sizes=\"(max-width: 1024px) 100vw, 1024px\" \/><\/a><\/figure>\n\n\n\n<p><meta charset=\"utf-8\">Pekin 2022 \u2013 dzie\u0144 10.<\/p>\n<\/div>\n\n\n\n<div class=\"wp-block-column is-layout-flow wp-block-column-is-layout-flow\">\n\n\n<figure class=\"wp-block-image size-large is-resized\"><a href=\" https:\/\/olimpijski.pl\/pkol_galeria\/pekin-2022-dzien-11\/\"><img loading=\"lazy\" decoding=\"async\" src=\"https:\/\/olimpijski.pl\/wp-content\/uploads\/2022\/02\/20220215RH_ZIO_Lyzwiarstwo_Szybkie_757-1024x683.jpg\" alt=\"\" class=\"wp-image-53881\" width=\"274\" height=\"182\" srcset=\"https:\/\/olimpijski.pl\/wp-content\/uploads\/2022\/02\/20220215RH_ZIO_Lyzwiarstwo_Szybkie_757-1024x683.jpg 1024w, https:\/\/olimpijski.pl\/wp-content\/uploads\/2022\/02\/20220215RH_ZIO_Lyzwiarstwo_Szybkie_757-300x200.jpg 300w, https:\/\/olimpijski.pl\/wp-content\/uploads\/2022\/02\/20220215RH_ZIO_Lyzwiarstwo_Szybkie_757-768x512.jpg 768w, https:\/\/olimpijski.pl\/wp-content\/uploads\/2022\/02\/20220215RH_ZIO_Lyzwiarstwo_Szybkie_757-1536x1025.jpg 1536w, https:\/\/olimpijski.pl\/wp-content\/uploads\/2022\/02\/20220215RH_ZIO_Lyzwiarstwo_Szybkie_757-1200x800.jpg 1200w, https:\/\/olimpijski.pl\/wp-content\/uploads\/2022\/02\/20220215RH_ZIO_Lyzwiarstwo_Szybkie_757.jpg 2048w\" sizes=\"(max-width: 274px) 100vw, 274px\" \/><\/a><\/figure>\n\n\n\n<p>Pekin 2022 \u2013 dzie\u0144 11.<\/p>\n<\/div>\n\n\n\n<div class=\"wp-block-column is-layout-flow wp-block-column-is-layout-flow\">\n\n\n\n<figure class=\"wp-block-image size-large\"><a href=\"https:\/\/olimpijski.pl\/pkol_galeria\/pekin-2022-dzien-12\/\"><img loading=\"lazy\" decoding=\"async\" width=\"1024\" height=\"636\" src=\"https:\/\/olimpijski.pl\/wp-content\/uploads\/2022\/02\/20220216SS_CC_-1024x636.jpg\" alt=\"\" class=\"wp-image-54019\" srcset=\"https:\/\/olimpijski.pl\/wp-content\/uploads\/2022\/02\/20220216SS_CC_-1024x636.jpg 1024w, https:\/\/olimpijski.pl\/wp-content\/uploads\/2022\/02\/20220216SS_CC_-300x186.jpg 300w, https:\/\/olimpijski.pl\/wp-content\/uploads\/2022\/02\/20220216SS_CC_-768x477.jpg 768w, https:\/\/olimpijski.pl\/wp-content\/uploads\/2022\/02\/20220216SS_CC_-1536x954.jpg 1536w, https:\/\/olimpijski.pl\/wp-content\/uploads\/2022\/02\/20220216SS_CC_.jpg 2048w\" sizes=\"(max-width: 1024px) 100vw, 1024px\" \/><\/a><\/figure>\n\n\n\n<p><meta charset=\"utf-8\">Pekin 2022 \u2013 dzie\u0144 12.<\/p>\n<\/div>\n<\/div>\n\n\n\n<div class=\"wp-block-columns is-layout-flex wp-container-core-columns-is-layout-9 wp-block-columns-is-layout-flex\">\n<div class=\"wp-block-column is-layout-flow wp-block-column-is-layout-flow\">\n\n\n<figure class=\"wp-block-image size-large is-resized\"><a href=\"https:\/\/olimpijski.pl\/pkol_galeria\/powitanie-skoczkow-w-warszawie\/\"><img loading=\"lazy\" decoding=\"async\" src=\"https:\/\/olimpijski.pl\/wp-content\/uploads\/2022\/02\/4521m-1024x684.jpg\" alt=\"\" class=\"wp-image-54255\" width=\"285\" height=\"190\" srcset=\"https:\/\/olimpijski.pl\/wp-content\/uploads\/2022\/02\/4521m-1024x684.jpg 1024w, https:\/\/olimpijski.pl\/wp-content\/uploads\/2022\/02\/4521m-300x200.jpg 300w, https:\/\/olimpijski.pl\/wp-content\/uploads\/2022\/02\/4521m-768x513.jpg 768w, https:\/\/olimpijski.pl\/wp-content\/uploads\/2022\/02\/4521m-1536x1026.jpg 1536w, https:\/\/olimpijski.pl\/wp-content\/uploads\/2022\/02\/4521m-1200x800.jpg 1200w, https:\/\/olimpijski.pl\/wp-content\/uploads\/2022\/02\/4521m.jpg 1920w\" sizes=\"(max-width: 285px) 100vw, 285px\" \/><\/a><\/figure>\n\n\n\n<p>Powitanie skoczk\u00f3w narciarskich<\/p>\n<\/div>\n\n\n\n<div class=\"wp-block-column is-layout-flow wp-block-column-is-layout-flow\">\n\n\n<figure class=\"wp-block-image size-large\"><a href=\"https:\/\/olimpijski.pl\/pkol_galeria\/pekin-2022-dzien-13\/\"><img loading=\"lazy\" decoding=\"async\" width=\"1024\" height=\"661\" src=\"https:\/\/olimpijski.pl\/wp-content\/uploads\/2022\/02\/20220217SS_SS_-7-1024x661.jpg\" alt=\"\" class=\"wp-image-54285\" srcset=\"https:\/\/olimpijski.pl\/wp-content\/uploads\/2022\/02\/20220217SS_SS_-7-1024x661.jpg 1024w, https:\/\/olimpijski.pl\/wp-content\/uploads\/2022\/02\/20220217SS_SS_-7-300x194.jpg 300w, https:\/\/olimpijski.pl\/wp-content\/uploads\/2022\/02\/20220217SS_SS_-7-768x495.jpg 768w, https:\/\/olimpijski.pl\/wp-content\/uploads\/2022\/02\/20220217SS_SS_-7-1536x991.jpg 1536w, https:\/\/olimpijski.pl\/wp-content\/uploads\/2022\/02\/20220217SS_SS_-7.jpg 2048w\" sizes=\"(max-width: 1024px) 100vw, 1024px\" \/><\/a><\/figure>\n\n\n\n<p><meta charset=\"utf-8\">Pekin 2022 \u2013 dzie\u0144 13.<\/p>\n<\/div>\n\n\n\n<div class=\"wp-block-column is-layout-flow wp-block-column-is-layout-flow\">\n\n\n<figure class=\"wp-block-image size-large\"><a href=\" https:\/\/olimpijski.pl\/pkol_galeria\/pekin-2022-dzien-14\/ \"><img loading=\"lazy\" decoding=\"async\" width=\"1024\" height=\"683\" src=\"https:\/\/olimpijski.pl\/wp-content\/uploads\/2022\/02\/20220218RH_ZIO_LS_1000m_M_934-1024x683.jpg\" alt=\"\" class=\"wp-image-54596\" srcset=\"https:\/\/olimpijski.pl\/wp-content\/uploads\/2022\/02\/20220218RH_ZIO_LS_1000m_M_934-1024x683.jpg 1024w, https:\/\/olimpijski.pl\/wp-content\/uploads\/2022\/02\/20220218RH_ZIO_LS_1000m_M_934-300x200.jpg 300w, https:\/\/olimpijski.pl\/wp-content\/uploads\/2022\/02\/20220218RH_ZIO_LS_1000m_M_934-768x512.jpg 768w, https:\/\/olimpijski.pl\/wp-content\/uploads\/2022\/02\/20220218RH_ZIO_LS_1000m_M_934-1536x1025.jpg 1536w, https:\/\/olimpijski.pl\/wp-content\/uploads\/2022\/02\/20220218RH_ZIO_LS_1000m_M_934-1200x800.jpg 1200w, https:\/\/olimpijski.pl\/wp-content\/uploads\/2022\/02\/20220218RH_ZIO_LS_1000m_M_934.jpg 2048w\" sizes=\"(max-width: 1024px) 100vw, 1024px\" \/><\/a><\/figure>\n\n\n\n<p><meta charset=\"utf-8\">Pekin 2022 \u2013 dzie\u0144 14.<\/p>\n<\/div>\n\n\n\n<div class=\"wp-block-column is-layout-flow wp-block-column-is-layout-flow\">\n\n\n\n<figure class=\"wp-block-image size-large\"><a href=\" https:\/\/olimpijski.pl\/pkol_galeria\/pekin-2022-dzien-15\/ \"><img loading=\"lazy\" decoding=\"async\" width=\"1024\" height=\"683\" src=\"https:\/\/olimpijski.pl\/wp-content\/uploads\/2022\/02\/20220219RH_ZIO_LS_Mass_Start1015-1024x683.jpg\" alt=\"\" class=\"wp-image-54710\" srcset=\"https:\/\/olimpijski.pl\/wp-content\/uploads\/2022\/02\/20220219RH_ZIO_LS_Mass_Start1015-1024x683.jpg 1024w, https:\/\/olimpijski.pl\/wp-content\/uploads\/2022\/02\/20220219RH_ZIO_LS_Mass_Start1015-300x200.jpg 300w, https:\/\/olimpijski.pl\/wp-content\/uploads\/2022\/02\/20220219RH_ZIO_LS_Mass_Start1015-768x512.jpg 768w, https:\/\/olimpijski.pl\/wp-content\/uploads\/2022\/02\/20220219RH_ZIO_LS_Mass_Start1015-1536x1025.jpg 1536w, https:\/\/olimpijski.pl\/wp-content\/uploads\/2022\/02\/20220219RH_ZIO_LS_Mass_Start1015-1200x800.jpg 1200w, https:\/\/olimpijski.pl\/wp-content\/uploads\/2022\/02\/20220219RH_ZIO_LS_Mass_Start1015.jpg 2048w\" sizes=\"(max-width: 1024px) 100vw, 1024px\" \/><\/a><\/figure>\n\n\n\n<p>P<meta charset=\"utf-8\">ekin 2022 \u2013 dzie\u0144 15.<\/p>\n<\/div>\n<\/div>\n\n\n\n<div class=\"wp-block-columns is-layout-flex wp-container-core-columns-is-layout-10 wp-block-columns-is-layout-flex\">\n<div class=\"wp-block-column is-layout-flow wp-block-column-is-layout-flow\">\n\n\n<figure class=\"wp-block-image size-large\"><a href=\" https:\/\/olimpijski.pl\/pkol_galeria\/pekin-2022-dzien-16\/ \"><img loading=\"lazy\" decoding=\"async\" width=\"1024\" height=\"659\" src=\"https:\/\/olimpijski.pl\/wp-content\/uploads\/2022\/02\/20220220_gal_009-1024x659.jpg\" alt=\"\" class=\"wp-image-54961\" srcset=\"https:\/\/olimpijski.pl\/wp-content\/uploads\/2022\/02\/20220220_gal_009-1024x659.jpg 1024w, https:\/\/olimpijski.pl\/wp-content\/uploads\/2022\/02\/20220220_gal_009-300x193.jpg 300w, https:\/\/olimpijski.pl\/wp-content\/uploads\/2022\/02\/20220220_gal_009-768x494.jpg 768w, https:\/\/olimpijski.pl\/wp-content\/uploads\/2022\/02\/20220220_gal_009-1536x989.jpg 1536w, https:\/\/olimpijski.pl\/wp-content\/uploads\/2022\/02\/20220220_gal_009.jpg 2048w\" sizes=\"(max-width: 1024px) 100vw, 1024px\" \/><\/a><\/figure>\n\n\n\n<p><meta charset=\"utf-8\">Pekin 2022 \u2013 dzie\u0144 16.<\/p>\n<\/div>\n\n\n\n<div class=\"wp-block-column is-layout-flow wp-block-column-is-layout-flow\">\n\n\n<figure class=\"wp-block-image size-large is-resized\"><a href=\" https:\/\/olimpijski.pl\/pkol_galeria\/pekin-2022-ceremonia-zamkniecia\/\"><img loading=\"lazy\" decoding=\"async\" src=\"https:\/\/olimpijski.pl\/wp-content\/uploads\/2022\/02\/20220220RH_ZIO_zakonczenie1082-1024x683.jpg\" alt=\"\" class=\"wp-image-55201\" width=\"285\" height=\"189\" srcset=\"https:\/\/olimpijski.pl\/wp-content\/uploads\/2022\/02\/20220220RH_ZIO_zakonczenie1082-1024x683.jpg 1024w, https:\/\/olimpijski.pl\/wp-content\/uploads\/2022\/02\/20220220RH_ZIO_zakonczenie1082-300x200.jpg 300w, https:\/\/olimpijski.pl\/wp-content\/uploads\/2022\/02\/20220220RH_ZIO_zakonczenie1082-768x512.jpg 768w, https:\/\/olimpijski.pl\/wp-content\/uploads\/2022\/02\/20220220RH_ZIO_zakonczenie1082-1536x1025.jpg 1536w, https:\/\/olimpijski.pl\/wp-content\/uploads\/2022\/02\/20220220RH_ZIO_zakonczenie1082-1200x800.jpg 1200w, https:\/\/olimpijski.pl\/wp-content\/uploads\/2022\/02\/20220220RH_ZIO_zakonczenie1082.jpg 2048w\" sizes=\"(max-width: 285px) 100vw, 285px\" \/><\/a><\/figure>\n\n\n\n<p>Ceremonia zamkni\u0119cia igrzysk.<\/p>\n<\/div>\n\n\n\n<div class=\"wp-block-column is-layout-flow wp-block-column-is-layout-flow\">\n\n\n<p><\/p>\n<\/div>\n\n\n\n<div class=\"wp-block-column is-layout-flow wp-block-column-is-layout-flow\">\n\n\n\n<p><\/p>\n<\/div>\n<\/div>\n\n\n\n<div class=\"wp-block-columns is-layout-flex wp-container-core-columns-is-layout-11 wp-block-columns-is-layout-flex\">\n<div class=\"wp-block-column is-layout-flow wp-block-column-is-layout-flow\">\n\n\n<p><\/p>\n<\/div>\n\n\n\n<div class=\"wp-block-column is-layout-flow wp-block-column-is-layout-flow\">\n\n\n<p><\/p>\n<\/div>\n\n\n\n<div class=\"wp-block-column is-layout-flow wp-block-column-is-layout-flow\">\n\n\n<p><\/p>\n<\/div>\n\n\n\n<div class=\"wp-block-column is-layout-flow wp-block-column-is-layout-flow\">\n\n\n\n<p><\/p>\n<\/div>\n<\/div>\n<\/div><\/div>\n<\/div><\/div>\n\n\n\n<p><\/p>\n","protected":false},"excerpt":{"rendered":"<p>Aktualno\u015bci Logo Logo XXIV Zimowych Igrzysk Olimpijskich w Pekinie zosta\u0142o zaprojektowane przez artystk\u0119 Lin Cunzhen, wyk\u0142adowczyni\u0119 Centralnej Akademii Sztuk Pi\u0119knych w Pekinie.<\/p>\n","protected":false},"featured_media":0,"parent":0,"menu_order":0,"template":"templates\/olympic_main_subpage.php","meta":{"_acf_changed":false,"ub_ctt_via":"","footnotes":""},"class_list":["post-48828","olympics_winter","type-olympics_winter","status-publish","hentry","infinite-scroll-item","no-featured-image-padding"],"acf":{"special_bg_img":false,"hide_breadcrumbs":[{"value":"1","label":"Tak"}],"competitions_olympic":[{"competition_olympic":[{"ID":5846,"post_author":"1","post_date":"2020-06-19 11:32:26","post_date_gmt":"2020-06-19 09:32:26","post_content":"","post_title":"Biathlon","post_excerpt":"","post_status":"publish","comment_status":"closed","ping_status":"closed","post_password":"","post_name":"biathlon-2","to_ping":"","pinged":"","post_modified":"2020-06-29 13:13:10","post_modified_gmt":"2020-06-29 11:13:10","post_content_filtered":"","post_parent":0,"guid":"https:\/\/wai-q7byvryhhcz9k.wpallimport-demo.qsandbox.me\/competition\/biathlon\/","menu_order":0,"post_type":"competition","post_mime_type":"","comment_count":"0","filter":"raw"}],"competition_icons_cooperators":[{"icon":{"ID":50291,"id":50291,"title":"piktogramy_Pekin2022_biathlon_m","filename":"piktogramy_Pekin2022_biathlon_m.jpg","filesize":2740,"url":"https:\/\/olimpijski.pl\/wp-content\/uploads\/2021\/10\/piktogramy_Pekin2022_biathlon_m.jpg","link":"https:\/\/olimpijski.pl\/en\/igrzyska_zimowe\/pekin-2022\/piktogramy_pekin2022_biathlon_m\/#main","alt":"","author":"15","description":"","caption":"","name":"piktogramy_pekin2022_biathlon_m","status":"inherit","uploaded_to":48828,"date":"2022-01-13 12:24:37","modified":"2022-01-13 12:24:37","menu_order":0,"mime_type":"image\/jpeg","type":"image","subtype":"jpeg","icon":"https:\/\/olimpijski.pl\/wp-includes\/images\/media\/default.png","width":80,"height":86,"sizes":{"thumbnail":"https:\/\/olimpijski.pl\/wp-content\/uploads\/2021\/10\/piktogramy_Pekin2022_biathlon_m.jpg","thumbnail-width":80,"thumbnail-height":86,"medium":"https:\/\/olimpijski.pl\/wp-content\/uploads\/2021\/10\/piktogramy_Pekin2022_biathlon_m.jpg","medium-width":80,"medium-height":86,"medium_large":"https:\/\/olimpijski.pl\/wp-content\/uploads\/2021\/10\/piktogramy_Pekin2022_biathlon_m.jpg","medium_large-width":80,"medium_large-height":86,"large":"https:\/\/olimpijski.pl\/wp-content\/uploads\/2021\/10\/piktogramy_Pekin2022_biathlon_m.jpg","large-width":80,"large-height":86,"1536x1536":"https:\/\/olimpijski.pl\/wp-content\/uploads\/2021\/10\/piktogramy_Pekin2022_biathlon_m.jpg","1536x1536-width":80,"1536x1536-height":86,"2048x2048":"https:\/\/olimpijski.pl\/wp-content\/uploads\/2021\/10\/piktogramy_Pekin2022_biathlon_m.jpg","2048x2048-width":80,"2048x2048-height":86,"ultp_layout_landscape_large":"https:\/\/olimpijski.pl\/wp-content\/uploads\/2021\/10\/piktogramy_Pekin2022_biathlon_m.jpg","ultp_layout_landscape_large-width":80,"ultp_layout_landscape_large-height":86,"ultp_layout_landscape":"https:\/\/olimpijski.pl\/wp-content\/uploads\/2021\/10\/piktogramy_Pekin2022_biathlon_m.jpg","ultp_layout_landscape-width":80,"ultp_layout_landscape-height":86,"ultp_layout_portrait":"https:\/\/olimpijski.pl\/wp-content\/uploads\/2021\/10\/piktogramy_Pekin2022_biathlon_m.jpg","ultp_layout_portrait-width":80,"ultp_layout_portrait-height":86,"ultp_layout_square":"https:\/\/olimpijski.pl\/wp-content\/uploads\/2021\/10\/piktogramy_Pekin2022_biathlon_m.jpg","ultp_layout_square-width":80,"ultp_layout_square-height":86}},"cooperators":"<h2>Osoby wsp\u00f3\u0142pracuj\u0105ce<\/h2>\n<p><strong>Adam KO\u0141ODZIEJCZYK<\/strong> \u2013 Trener<br \/>\n<strong>Agnieszka CYL<\/strong> \u2013 Trener<br \/>\n<strong>Danielo MULLER<\/strong> \u2013 Serwismen<br \/>\n<strong>Adam KWAK<\/strong> \u2013 Serwismen<br \/>\n<strong>Mariusz WTOREK<\/strong> \u2013 Serwismen<br \/>\n<strong>Maciej N\u0118DZA-KUBINIEC<\/strong> \u2013 Serwismen<br \/>\n<strong>Pawe\u0142 KROCZEK<\/strong> \u2013 Fizjoterapeuta<\/p>\n"}]},{"competition_olympic":[{"ID":5835,"post_author":"1","post_date":"2020-06-19 11:32:23","post_date_gmt":"2020-06-19 11:32:23","post_content":"","post_title":"Biegi narciarskie","post_excerpt":"","post_status":"publish","comment_status":"closed","ping_status":"closed","post_password":"","post_name":"biegi-narciarskie","to_ping":"","pinged":"","post_modified":"2020-06-29 13:13:11","post_modified_gmt":"2020-06-29 11:13:11","post_content_filtered":"","post_parent":0,"guid":"https:\/\/wai-q7byvryhhcz9k.wpallimport-demo.qsandbox.me\/competition\/biegi-narciarskie\/","menu_order":0,"post_type":"competition","post_mime_type":"","comment_count":"0","filter":"raw"},{"ID":19057,"post_author":"15","post_date":"2020-07-20 10:40:49","post_date_gmt":"2020-07-20 08:40:49","post_content":"","post_title":"Biegi narciarskie - 30 km technik\u0105 dowoln\u0105","post_excerpt":"","post_status":"publish","comment_status":"closed","ping_status":"closed","post_password":"","post_name":"30-km-technika-dowolna-biegi-narciarskie","to_ping":"","pinged":"","post_modified":"2020-07-22 14:01:38","post_modified_gmt":"2020-07-22 12:01:38","post_content_filtered":"","post_parent":5835,"guid":"http:\/\/pkol.cumulus.atthouse.pl\/?post_type=competition&#038;p=19057","menu_order":0,"post_type":"competition","post_mime_type":"","comment_count":"0","filter":"raw"},{"ID":19061,"post_author":"15","post_date":"2020-07-20 11:45:03","post_date_gmt":"2020-07-20 09:45:03","post_content":"","post_title":"Biegi narciarskie - 30 km technik\u0105 klasyczn\u0105","post_excerpt":"","post_status":"publish","comment_status":"closed","ping_status":"closed","post_password":"","post_name":"30-km-technika-klasyczna-biegi-narciarskie","to_ping":"","pinged":"","post_modified":"2020-07-22 14:07:17","post_modified_gmt":"2020-07-22 12:07:17","post_content_filtered":"","post_parent":5835,"guid":"http:\/\/pkol.cumulus.atthouse.pl\/?post_type=competition&#038;p=19061","menu_order":0,"post_type":"competition","post_mime_type":"","comment_count":"0","filter":"raw"},{"ID":5538,"post_author":"1","post_date":"2020-06-19 11:31:32","post_date_gmt":"2020-06-19 09:31:32","post_content":"","post_title":"Biegi narciarskie - Bieg ind. na 10 km st. kl.","post_excerpt":"","post_status":"publish","comment_status":"closed","ping_status":"closed","post_password":"","post_name":"bieg-ind-na-10-km-st-kl","to_ping":"","pinged":"","post_modified":"2020-07-22 10:48:44","post_modified_gmt":"2020-07-22 08:48:44","post_content_filtered":"","post_parent":5835,"guid":"https:\/\/wai-q7byvryhhcz9k.wpallimport-demo.qsandbox.me\/competition\/bieg-ind-na-10-km-st-kl\/","menu_order":0,"post_type":"competition","post_mime_type":"","comment_count":"0","filter":"raw"},{"ID":5539,"post_author":"1","post_date":"2020-06-19 11:31:32","post_date_gmt":"2020-06-19 09:31:32","post_content":"","post_title":"Biegi narciarskie - Bieg ind. na 15 km st. kl.","post_excerpt":"","post_status":"publish","comment_status":"closed","ping_status":"closed","post_password":"","post_name":"bieg-ind-na-15-km-st-kl","to_ping":"","pinged":"","post_modified":"2020-07-22 10:49:29","post_modified_gmt":"2020-07-22 08:49:29","post_content_filtered":"","post_parent":5835,"guid":"https:\/\/wai-q7byvryhhcz9k.wpallimport-demo.qsandbox.me\/competition\/bieg-ind-na-15-km-st-kl\/","menu_order":0,"post_type":"competition","post_mime_type":"","comment_count":"0","filter":"raw"},{"ID":5557,"post_author":"1","post_date":"2020-06-19 11:31:34","post_date_gmt":"2020-06-19 09:31:34","post_content":"","post_title":"Biegi narciarskie - Bieg masowy na 30 km st. dow.","post_excerpt":"","post_status":"publish","comment_status":"closed","ping_status":"closed","post_password":"","post_name":"bieg-masowy-na-30-km-st-dow","to_ping":"","pinged":"","post_modified":"2020-07-22 10:50:04","post_modified_gmt":"2020-07-22 08:50:04","post_content_filtered":"","post_parent":5835,"guid":"https:\/\/wai-q7byvryhhcz9k.wpallimport-demo.qsandbox.me\/competition\/bieg-masowy-na-30-km-st-dow\/","menu_order":0,"post_type":"competition","post_mime_type":"","comment_count":"0","filter":"raw"},{"ID":313,"post_author":"1","post_date":"2020-06-19 11:31:34","post_date_gmt":"2020-06-19 09:31:34","post_content":"","post_title":"Biegi narciarskie - Bieg masowy na 50 km st. dow.","post_excerpt":"","post_status":"publish","comment_status":"closed","ping_status":"closed","post_password":"","post_name":"bieg-masowy-na-50-km-st-dow","to_ping":"","pinged":"","post_modified":"2020-07-22 10:50:14","post_modified_gmt":"2020-07-22 08:50:14","post_content_filtered":"","post_parent":5835,"guid":"https:\/\/wai-q7byvryhhcz9k.wpallimport-demo.qsandbox.me\/competition\/bieg-masowy-na-50-km-st-dow\/","menu_order":0,"post_type":"competition","post_mime_type":"","comment_count":"0","filter":"raw"},{"ID":5540,"post_author":"1","post_date":"2020-06-19 11:31:32","post_date_gmt":"2020-06-19 09:31:32","post_content":"","post_title":"Biegi narciarskie - Bieg \u0142\u0105czony (15 km)","post_excerpt":"","post_status":"publish","comment_status":"closed","ping_status":"closed","post_password":"","post_name":"bieg-laczony-15-km","to_ping":"","pinged":"","post_modified":"2020-07-22 10:49:39","post_modified_gmt":"2020-07-22 08:49:39","post_content_filtered":"","post_parent":5835,"guid":"https:\/\/wai-q7byvryhhcz9k.wpallimport-demo.qsandbox.me\/competition\/bieg-laczony-15-km\/","menu_order":0,"post_type":"competition","post_mime_type":"","comment_count":"0","filter":"raw"},{"ID":5541,"post_author":"1","post_date":"2020-06-19 11:31:32","post_date_gmt":"2020-06-19 09:31:32","post_content":"","post_title":"Biegi narciarskie - Bieg \u0142\u0105czony (30 km)","post_excerpt":"","post_status":"publish","comment_status":"closed","ping_status":"closed","post_password":"","post_name":"bieg-laczony-30-km","to_ping":"","pinged":"","post_modified":"2020-07-22 10:49:48","post_modified_gmt":"2020-07-22 08:49:48","post_content_filtered":"","post_parent":5835,"guid":"https:\/\/wai-q7byvryhhcz9k.wpallimport-demo.qsandbox.me\/competition\/bieg-laczony-30-km\/","menu_order":0,"post_type":"competition","post_mime_type":"","comment_count":"0","filter":"raw"},{"ID":5556,"post_author":"1","post_date":"2020-06-19 11:31:34","post_date_gmt":"2020-06-19 09:31:34","post_content":"","post_title":"Biegi narciarskie - Sprint dru\u017c. st. kl.","post_excerpt":"","post_status":"publish","comment_status":"closed","ping_status":"closed","post_password":"","post_name":"sprint-druz-st-kl","to_ping":"","pinged":"","post_modified":"2020-07-22 10:50:23","post_modified_gmt":"2020-07-22 08:50:23","post_content_filtered":"","post_parent":5835,"guid":"https:\/\/wai-q7byvryhhcz9k.wpallimport-demo.qsandbox.me\/competition\/sprint-druz-st-kl\/","menu_order":0,"post_type":"competition","post_mime_type":"","comment_count":"0","filter":"raw"},{"ID":5537,"post_author":"1","post_date":"2020-06-19 11:31:32","post_date_gmt":"2020-06-19 09:31:32","post_content":"","post_title":"Biegi narciarskie - Sprint st. dow.","post_excerpt":"","post_status":"publish","comment_status":"closed","ping_status":"closed","post_password":"","post_name":"sprint-st-dow","to_ping":"","pinged":"","post_modified":"2020-07-22 10:50:32","post_modified_gmt":"2020-07-22 08:50:32","post_content_filtered":"","post_parent":5835,"guid":"https:\/\/wai-q7byvryhhcz9k.wpallimport-demo.qsandbox.me\/competition\/sprint-st-dow\/","menu_order":0,"post_type":"competition","post_mime_type":"","comment_count":"0","filter":"raw"},{"ID":5554,"post_author":"1","post_date":"2020-06-19 11:31:34","post_date_gmt":"2020-06-19 09:31:34","post_content":"","post_title":"Biegi narciarskie - Sztafeta 4x10 km","post_excerpt":"","post_status":"publish","comment_status":"closed","ping_status":"closed","post_password":"","post_name":"sztafeta-4x10-km","to_ping":"","pinged":"","post_modified":"2020-07-22 10:50:39","post_modified_gmt":"2020-07-22 08:50:39","post_content_filtered":"","post_parent":5835,"guid":"https:\/\/wai-q7byvryhhcz9k.wpallimport-demo.qsandbox.me\/competition\/sztafeta-4x10-km\/","menu_order":0,"post_type":"competition","post_mime_type":"","comment_count":"0","filter":"raw"},{"ID":5555,"post_author":"1","post_date":"2020-06-19 11:31:34","post_date_gmt":"2020-06-19 09:31:34","post_content":"","post_title":"Biegi narciarskie - Sztafeta 4x5 km","post_excerpt":"","post_status":"publish","comment_status":"closed","ping_status":"closed","post_password":"","post_name":"sztafeta-4x5-km","to_ping":"","pinged":"","post_modified":"2020-07-22 10:50:46","post_modified_gmt":"2020-07-22 08:50:46","post_content_filtered":"","post_parent":5835,"guid":"https:\/\/wai-q7byvryhhcz9k.wpallimport-demo.qsandbox.me\/competition\/sztafeta-4x5-km\/","menu_order":0,"post_type":"competition","post_mime_type":"","comment_count":"0","filter":"raw"}],"competition_icons_cooperators":[{"icon":{"ID":50293,"id":50293,"title":"piktogramy_Pekin2022_biegi-narciarskie_m","filename":"piktogramy_Pekin2022_biegi-narciarskie_m.jpg","filesize":3122,"url":"https:\/\/olimpijski.pl\/wp-content\/uploads\/2021\/10\/piktogramy_Pekin2022_biegi-narciarskie_m.jpg","link":"https:\/\/olimpijski.pl\/en\/igrzyska_zimowe\/pekin-2022\/piktogramy_pekin2022_biegi-narciarskie_m\/#main","alt":"","author":"15","description":"","caption":"","name":"piktogramy_pekin2022_biegi-narciarskie_m","status":"inherit","uploaded_to":48828,"date":"2022-01-13 12:24:42","modified":"2022-01-13 12:24:42","menu_order":0,"mime_type":"image\/jpeg","type":"image","subtype":"jpeg","icon":"https:\/\/olimpijski.pl\/wp-includes\/images\/media\/default.png","width":80,"height":86,"sizes":{"thumbnail":"https:\/\/olimpijski.pl\/wp-content\/uploads\/2021\/10\/piktogramy_Pekin2022_biegi-narciarskie_m.jpg","thumbnail-width":80,"thumbnail-height":86,"medium":"https:\/\/olimpijski.pl\/wp-content\/uploads\/2021\/10\/piktogramy_Pekin2022_biegi-narciarskie_m.jpg","medium-width":80,"medium-height":86,"medium_large":"https:\/\/olimpijski.pl\/wp-content\/uploads\/2021\/10\/piktogramy_Pekin2022_biegi-narciarskie_m.jpg","medium_large-width":80,"medium_large-height":86,"large":"https:\/\/olimpijski.pl\/wp-content\/uploads\/2021\/10\/piktogramy_Pekin2022_biegi-narciarskie_m.jpg","large-width":80,"large-height":86,"1536x1536":"https:\/\/olimpijski.pl\/wp-content\/uploads\/2021\/10\/piktogramy_Pekin2022_biegi-narciarskie_m.jpg","1536x1536-width":80,"1536x1536-height":86,"2048x2048":"https:\/\/olimpijski.pl\/wp-content\/uploads\/2021\/10\/piktogramy_Pekin2022_biegi-narciarskie_m.jpg","2048x2048-width":80,"2048x2048-height":86,"ultp_layout_landscape_large":"https:\/\/olimpijski.pl\/wp-content\/uploads\/2021\/10\/piktogramy_Pekin2022_biegi-narciarskie_m.jpg","ultp_layout_landscape_large-width":80,"ultp_layout_landscape_large-height":86,"ultp_layout_landscape":"https:\/\/olimpijski.pl\/wp-content\/uploads\/2021\/10\/piktogramy_Pekin2022_biegi-narciarskie_m.jpg","ultp_layout_landscape-width":80,"ultp_layout_landscape-height":86,"ultp_layout_portrait":"https:\/\/olimpijski.pl\/wp-content\/uploads\/2021\/10\/piktogramy_Pekin2022_biegi-narciarskie_m.jpg","ultp_layout_portrait-width":80,"ultp_layout_portrait-height":86,"ultp_layout_square":"https:\/\/olimpijski.pl\/wp-content\/uploads\/2021\/10\/piktogramy_Pekin2022_biegi-narciarskie_m.jpg","ultp_layout_square-width":80,"ultp_layout_square-height":86}},"cooperators":"<h2>Osoby wsp\u00f3\u0142pracuj\u0105ce<\/h2>\n<p><strong>Lukas BAUER<\/strong> \u2013 Trener<br \/>\n<strong>Andrzej MICHA\u0141EK<\/strong> \u2013 Trener<br \/>\n<strong>Martin BAJCICAK<\/strong> \u2013 Trener<br \/>\n<strong>Mateusz CHOWANIAK<\/strong> \u2013 Trener<br \/>\n<strong>Piotr PILCH<\/strong> \u2013 Serwismen<br \/>\n<strong>Pawe\u0142 FUNDANICZ<\/strong> \u2013 Serwismen<br \/>\n<strong>Jaa ALVELA<\/strong> \u2013 Serwismen<br \/>\n<strong>Meelis AASLA<\/strong> \u2013 Serwismen<br \/>\n<strong>Pawe\u0142 GURBISZ<\/strong> \u2013 Fizjoterapeuta<br \/>\n<strong>Sven RAKOSZEK<\/strong> \u2013 Fizjoterapeuta<\/p>\n"}]},{"competition_olympic":[{"ID":5836,"post_author":"1","post_date":"2020-06-19 11:32:23","post_date_gmt":"2020-06-19 11:32:23","post_content":"","post_title":"Kombinacja norweska","post_excerpt":"","post_status":"publish","comment_status":"open","ping_status":"open","post_password":"","post_name":"kombinacja-norweska","to_ping":"","pinged":"","post_modified":"2020-06-29 13:13:11","post_modified_gmt":"2020-06-29 11:13:11","post_content_filtered":"","post_parent":0,"guid":"https:\/\/wai-q7byvryhhcz9k.wpallimport-demo.qsandbox.me\/competition\/kombinacja-norweska\/","menu_order":0,"post_type":"competition","post_mime_type":"","comment_count":"0","filter":"raw"},{"ID":5586,"post_author":"1","post_date":"2020-06-19 11:31:41","post_date_gmt":"2020-06-19 09:31:41","post_content":"","post_title":"Kombinacja norweska - Bieg na 10 km, ind.","post_excerpt":"","post_status":"publish","comment_status":"closed","ping_status":"closed","post_password":"","post_name":"bieg-na-10-km-ind","to_ping":"","pinged":"","post_modified":"2020-07-22 11:27:49","post_modified_gmt":"2020-07-22 09:27:49","post_content_filtered":"","post_parent":5836,"guid":"https:\/\/wai-q7byvryhhcz9k.wpallimport-demo.qsandbox.me\/competition\/bieg-na-10-km-ind\/","menu_order":0,"post_type":"competition","post_mime_type":"","comment_count":"0","filter":"raw"},{"ID":5588,"post_author":"1","post_date":"2020-06-19 11:31:41","post_date_gmt":"2020-06-19 09:31:41","post_content":"","post_title":"Kombinacja norweska - Skoki na skoczni du\u017cej (LH), dru\u017c.","post_excerpt":"","post_status":"publish","comment_status":"closed","ping_status":"closed","post_password":"","post_name":"skoki-na-skoczni-duzej-lh-druz","to_ping":"","pinged":"","post_modified":"2020-07-22 11:27:59","post_modified_gmt":"2020-07-22 09:27:59","post_content_filtered":"","post_parent":5836,"guid":"https:\/\/wai-q7byvryhhcz9k.wpallimport-demo.qsandbox.me\/competition\/skoki-na-skoczni-duzej-lh-druz\/","menu_order":0,"post_type":"competition","post_mime_type":"","comment_count":"0","filter":"raw"},{"ID":5587,"post_author":"1","post_date":"2020-06-19 11:31:41","post_date_gmt":"2020-06-19 09:31:41","post_content":"","post_title":"Kombinacja norweska - Skoki na skoczni du\u017cej (LH), ind.","post_excerpt":"","post_status":"publish","comment_status":"closed","ping_status":"closed","post_password":"","post_name":"skoki-na-skoczni-duzej-lh-ind","to_ping":"","pinged":"","post_modified":"2020-07-22 11:28:04","post_modified_gmt":"2020-07-22 09:28:04","post_content_filtered":"","post_parent":5836,"guid":"https:\/\/wai-q7byvryhhcz9k.wpallimport-demo.qsandbox.me\/competition\/skoki-na-skoczni-duzej-lh-ind\/","menu_order":0,"post_type":"competition","post_mime_type":"","comment_count":"0","filter":"raw"},{"ID":5585,"post_author":"1","post_date":"2020-06-19 11:31:41","post_date_gmt":"2020-06-19 09:31:41","post_content":"","post_title":"Kombinacja norweska - Skoki na skoczni normalnej (NH), ind.","post_excerpt":"","post_status":"publish","comment_status":"closed","ping_status":"closed","post_password":"","post_name":"skoki-na-skoczni-normalnej-nh-ind","to_ping":"","pinged":"","post_modified":"2020-07-22 11:28:09","post_modified_gmt":"2020-07-22 09:28:09","post_content_filtered":"","post_parent":5836,"guid":"https:\/\/wai-q7byvryhhcz9k.wpallimport-demo.qsandbox.me\/competition\/skoki-na-skoczni-normalnej-nh-ind\/","menu_order":0,"post_type":"competition","post_mime_type":"","comment_count":"0","filter":"raw"}],"competition_icons_cooperators":[{"icon":{"ID":50295,"id":50295,"title":"piktogramy_Pekin2022_kombinacja_norweska_m","filename":"piktogramy_Pekin2022_kombinacja_norweska_m.jpg","filesize":3486,"url":"https:\/\/olimpijski.pl\/wp-content\/uploads\/2021\/10\/piktogramy_Pekin2022_kombinacja_norweska_m.jpg","link":"https:\/\/olimpijski.pl\/en\/igrzyska_zimowe\/pekin-2022\/piktogramy_pekin2022_kombinacja_norweska_m\/#main","alt":"","author":"15","description":"","caption":"","name":"piktogramy_pekin2022_kombinacja_norweska_m","status":"inherit","uploaded_to":48828,"date":"2022-01-13 12:24:47","modified":"2022-01-13 12:24:47","menu_order":0,"mime_type":"image\/jpeg","type":"image","subtype":"jpeg","icon":"https:\/\/olimpijski.pl\/wp-includes\/images\/media\/default.png","width":80,"height":86,"sizes":{"thumbnail":"https:\/\/olimpijski.pl\/wp-content\/uploads\/2021\/10\/piktogramy_Pekin2022_kombinacja_norweska_m.jpg","thumbnail-width":80,"thumbnail-height":86,"medium":"https:\/\/olimpijski.pl\/wp-content\/uploads\/2021\/10\/piktogramy_Pekin2022_kombinacja_norweska_m.jpg","medium-width":80,"medium-height":86,"medium_large":"https:\/\/olimpijski.pl\/wp-content\/uploads\/2021\/10\/piktogramy_Pekin2022_kombinacja_norweska_m.jpg","medium_large-width":80,"medium_large-height":86,"large":"https:\/\/olimpijski.pl\/wp-content\/uploads\/2021\/10\/piktogramy_Pekin2022_kombinacja_norweska_m.jpg","large-width":80,"large-height":86,"1536x1536":"https:\/\/olimpijski.pl\/wp-content\/uploads\/2021\/10\/piktogramy_Pekin2022_kombinacja_norweska_m.jpg","1536x1536-width":80,"1536x1536-height":86,"2048x2048":"https:\/\/olimpijski.pl\/wp-content\/uploads\/2021\/10\/piktogramy_Pekin2022_kombinacja_norweska_m.jpg","2048x2048-width":80,"2048x2048-height":86,"ultp_layout_landscape_large":"https:\/\/olimpijski.pl\/wp-content\/uploads\/2021\/10\/piktogramy_Pekin2022_kombinacja_norweska_m.jpg","ultp_layout_landscape_large-width":80,"ultp_layout_landscape_large-height":86,"ultp_layout_landscape":"https:\/\/olimpijski.pl\/wp-content\/uploads\/2021\/10\/piktogramy_Pekin2022_kombinacja_norweska_m.jpg","ultp_layout_landscape-width":80,"ultp_layout_landscape-height":86,"ultp_layout_portrait":"https:\/\/olimpijski.pl\/wp-content\/uploads\/2021\/10\/piktogramy_Pekin2022_kombinacja_norweska_m.jpg","ultp_layout_portrait-width":80,"ultp_layout_portrait-height":86,"ultp_layout_square":"https:\/\/olimpijski.pl\/wp-content\/uploads\/2021\/10\/piktogramy_Pekin2022_kombinacja_norweska_m.jpg","ultp_layout_square-width":80,"ultp_layout_square-height":86}},"cooperators":"<h2>Osoby wsp\u00f3\u0142pracuj\u0105ce<\/h2>\n<p><strong>Tomis\u0142aw TAJNER<\/strong> \u2013 Trener<br \/>\n<strong>Piotr \u015aLIWKA<\/strong> \u2013 Serwismen<\/p>\n"}]},{"competition_olympic":[{"ID":5837,"post_author":"1","post_date":"2020-06-19 11:32:23","post_date_gmt":"2020-06-19 11:32:23","post_content":"","post_title":"\u0141y\u017cwiarstwo figurowe","post_excerpt":"","post_status":"publish","comment_status":"open","ping_status":"open","post_password":"","post_name":"lyzwiarstwo-figurowe","to_ping":"","pinged":"","post_modified":"2020-06-29 13:13:11","post_modified_gmt":"2020-06-29 11:13:11","post_content_filtered":"","post_parent":0,"guid":"https:\/\/wai-q7byvryhhcz9k.wpallimport-demo.qsandbox.me\/competition\/lyzwiarstwo-figurowe\/","menu_order":0,"post_type":"competition","post_mime_type":"","comment_count":"0","filter":"raw"},{"ID":5574,"post_author":"1","post_date":"2020-06-19 11:31:38","post_date_gmt":"2020-06-19 09:31:38","post_content":"","post_title":"\u0141y\u017cwiarstwo figurowe - Program dowolny solistek","post_excerpt":"","post_status":"publish","comment_status":"closed","ping_status":"closed","post_password":"","post_name":"program-dowolny-solistek","to_ping":"","pinged":"","post_modified":"2020-07-22 11:38:14","post_modified_gmt":"2020-07-22 09:38:14","post_content_filtered":"","post_parent":5837,"guid":"https:\/\/wai-q7byvryhhcz9k.wpallimport-demo.qsandbox.me\/competition\/program-dowolny-solistek\/","menu_order":0,"post_type":"competition","post_mime_type":"","comment_count":"0","filter":"raw"},{"ID":5573,"post_author":"1","post_date":"2020-06-19 11:31:38","post_date_gmt":"2020-06-19 09:31:38","post_content":"","post_title":"\u0141y\u017cwiarstwo figurowe - Program kr\u00f3tki solistek","post_excerpt":"","post_status":"publish","comment_status":"closed","ping_status":"closed","post_password":"","post_name":"program-krotki-solistek","to_ping":"","pinged":"","post_modified":"2020-07-22 11:39:41","post_modified_gmt":"2020-07-22 09:39:41","post_content_filtered":"","post_parent":5837,"guid":"https:\/\/wai-q7byvryhhcz9k.wpallimport-demo.qsandbox.me\/competition\/program-krotki-solistek\/","menu_order":0,"post_type":"competition","post_mime_type":"","comment_count":"0","filter":"raw"},{"ID":5572,"post_author":"1","post_date":"2020-06-19 11:31:38","post_date_gmt":"2020-06-19 09:31:38","post_content":"","post_title":"\u0141y\u017cwiarstwo figurowe - Taniec dowolny par tanecznych","post_excerpt":"","post_status":"publish","comment_status":"closed","ping_status":"closed","post_password":"","post_name":"taniec-dowolny-par-tanecznych","to_ping":"","pinged":"","post_modified":"2020-07-22 11:40:06","post_modified_gmt":"2020-07-22 09:40:06","post_content_filtered":"","post_parent":5837,"guid":"https:\/\/wai-q7byvryhhcz9k.wpallimport-demo.qsandbox.me\/competition\/taniec-dowolny-par-tanecznych\/","menu_order":0,"post_type":"competition","post_mime_type":"","comment_count":"0","filter":"raw"},{"ID":5571,"post_author":"1","post_date":"2020-06-19 11:31:38","post_date_gmt":"2020-06-19 09:31:38","post_content":"","post_title":"\u0141y\u017cwiarstwo figurowe - Taniec kr\u00f3tki par tanecznych","post_excerpt":"","post_status":"publish","comment_status":"closed","ping_status":"closed","post_password":"","post_name":"taniec-krotki-par-tanecznych","to_ping":"","pinged":"","post_modified":"2020-07-22 11:41:59","post_modified_gmt":"2020-07-22 09:41:59","post_content_filtered":"","post_parent":5837,"guid":"https:\/\/wai-q7byvryhhcz9k.wpallimport-demo.qsandbox.me\/competition\/taniec-krotki-par-tanecznych\/","menu_order":0,"post_type":"competition","post_mime_type":"","comment_count":"0","filter":"raw"}],"competition_icons_cooperators":[{"icon":{"ID":50297,"id":50297,"title":"piktogramy_Pekin2022_lyzwiarstwo-figurowe_m","filename":"piktogramy_Pekin2022_lyzwiarstwo-figurowe_m.jpg","filesize":2920,"url":"https:\/\/olimpijski.pl\/wp-content\/uploads\/2021\/10\/piktogramy_Pekin2022_lyzwiarstwo-figurowe_m.jpg","link":"https:\/\/olimpijski.pl\/en\/igrzyska_zimowe\/pekin-2022\/piktogramy_pekin2022_lyzwiarstwo-figurowe_m\/#main","alt":"","author":"15","description":"","caption":"","name":"piktogramy_pekin2022_lyzwiarstwo-figurowe_m","status":"inherit","uploaded_to":48828,"date":"2022-01-13 12:24:51","modified":"2022-01-13 12:24:51","menu_order":0,"mime_type":"image\/jpeg","type":"image","subtype":"jpeg","icon":"https:\/\/olimpijski.pl\/wp-includes\/images\/media\/default.png","width":80,"height":86,"sizes":{"thumbnail":"https:\/\/olimpijski.pl\/wp-content\/uploads\/2021\/10\/piktogramy_Pekin2022_lyzwiarstwo-figurowe_m.jpg","thumbnail-width":80,"thumbnail-height":86,"medium":"https:\/\/olimpijski.pl\/wp-content\/uploads\/2021\/10\/piktogramy_Pekin2022_lyzwiarstwo-figurowe_m.jpg","medium-width":80,"medium-height":86,"medium_large":"https:\/\/olimpijski.pl\/wp-content\/uploads\/2021\/10\/piktogramy_Pekin2022_lyzwiarstwo-figurowe_m.jpg","medium_large-width":80,"medium_large-height":86,"large":"https:\/\/olimpijski.pl\/wp-content\/uploads\/2021\/10\/piktogramy_Pekin2022_lyzwiarstwo-figurowe_m.jpg","large-width":80,"large-height":86,"1536x1536":"https:\/\/olimpijski.pl\/wp-content\/uploads\/2021\/10\/piktogramy_Pekin2022_lyzwiarstwo-figurowe_m.jpg","1536x1536-width":80,"1536x1536-height":86,"2048x2048":"https:\/\/olimpijski.pl\/wp-content\/uploads\/2021\/10\/piktogramy_Pekin2022_lyzwiarstwo-figurowe_m.jpg","2048x2048-width":80,"2048x2048-height":86,"ultp_layout_landscape_large":"https:\/\/olimpijski.pl\/wp-content\/uploads\/2021\/10\/piktogramy_Pekin2022_lyzwiarstwo-figurowe_m.jpg","ultp_layout_landscape_large-width":80,"ultp_layout_landscape_large-height":86,"ultp_layout_landscape":"https:\/\/olimpijski.pl\/wp-content\/uploads\/2021\/10\/piktogramy_Pekin2022_lyzwiarstwo-figurowe_m.jpg","ultp_layout_landscape-width":80,"ultp_layout_landscape-height":86,"ultp_layout_portrait":"https:\/\/olimpijski.pl\/wp-content\/uploads\/2021\/10\/piktogramy_Pekin2022_lyzwiarstwo-figurowe_m.jpg","ultp_layout_portrait-width":80,"ultp_layout_portrait-height":86,"ultp_layout_square":"https:\/\/olimpijski.pl\/wp-content\/uploads\/2021\/10\/piktogramy_Pekin2022_lyzwiarstwo-figurowe_m.jpg","ultp_layout_square-width":80,"ultp_layout_square-height":86}},"cooperators":"<h2>Osoby wsp\u00f3\u0142pracuj\u0105ce<\/h2>\n<p><strong>Sylwia NOWAK-TR\u0118BACKA<\/strong> \u2013 Trener\/Coach<br \/>\n<strong>Angelina TURENKO<\/strong> \u2013 Trener\/Coach<strong><br \/>\nJacek TASCHER<\/strong> \u2013 Prezes PZ\u0141F<\/p>\n"}]},{"competition_olympic":[{"ID":5838,"post_author":"1","post_date":"2020-06-19 11:32:23","post_date_gmt":"2020-06-19 11:32:23","post_content":"","post_title":"\u0141y\u017cwiarstwo szybkie","post_excerpt":"","post_status":"publish","comment_status":"open","ping_status":"open","post_password":"","post_name":"lyzwiarstwo-szybkie","to_ping":"","pinged":"","post_modified":"2020-06-29 13:13:11","post_modified_gmt":"2020-06-29 11:13:11","post_content_filtered":"","post_parent":0,"guid":"https:\/\/wai-q7byvryhhcz9k.wpallimport-demo.qsandbox.me\/competition\/lyzwiarstwo-szybkie\/","menu_order":0,"post_type":"competition","post_mime_type":"","comment_count":"0","filter":"raw"},{"ID":5550,"post_author":"1","post_date":"2020-06-19 11:31:38","post_date_gmt":"2020-06-19 09:31:38","post_content":"","post_title":"\u0141y\u017cwiarstwo szybkie - 10000 m","post_excerpt":"","post_status":"publish","comment_status":"closed","ping_status":"closed","post_password":"","post_name":"10000-m","to_ping":"","pinged":"","post_modified":"2020-07-22 11:42:25","post_modified_gmt":"2020-07-22 09:42:25","post_content_filtered":"","post_parent":5838,"guid":"https:\/\/wai-q7byvryhhcz9k.wpallimport-demo.qsandbox.me\/competition\/10000-m\/","menu_order":0,"post_type":"competition","post_mime_type":"","comment_count":"0","filter":"raw"},{"ID":18954,"post_author":"15","post_date":"2020-07-14 15:26:59","post_date_gmt":"2020-07-14 13:26:59","post_content":"","post_title":"\u0141y\u017cwiarstwo szybkie - 1500 m","post_excerpt":"","post_status":"publish","comment_status":"closed","ping_status":"closed","post_password":"","post_name":"1500-m","to_ping":"","pinged":"","post_modified":"2020-08-10 14:53:26","post_modified_gmt":"2020-08-10 12:53:26","post_content_filtered":"","post_parent":5838,"guid":"http:\/\/pkol.cumulus.atthouse.pl\/?post_type=competition&#038;p=18954","menu_order":0,"post_type":"competition","post_mime_type":"","comment_count":"0","filter":"raw"},{"ID":5551,"post_author":"1","post_date":"2020-06-19 11:31:38","post_date_gmt":"2020-06-19 09:31:38","post_content":"","post_title":"\u0141y\u017cwiarstwo szybkie - Bieg dru\u017cynowy","post_excerpt":"","post_status":"publish","comment_status":"closed","ping_status":"closed","post_password":"","post_name":"bieg-druzynowy","to_ping":"","pinged":"","post_modified":"2020-07-22 11:42:44","post_modified_gmt":"2020-07-22 09:42:44","post_content_filtered":"","post_parent":5838,"guid":"https:\/\/wai-q7byvryhhcz9k.wpallimport-demo.qsandbox.me\/competition\/bieg-druzynowy\/","menu_order":0,"post_type":"competition","post_mime_type":"","comment_count":"0","filter":"raw"},{"ID":50421,"post_author":"15","post_date":"2022-01-18 16:57:53","post_date_gmt":"2022-01-18 15:57:53","post_content":"","post_title":"\u0141y\u017cwiarstwo szybkie \u2013 500 m","post_excerpt":"","post_status":"publish","comment_status":"closed","ping_status":"closed","post_password":"","post_name":"lyzwiarstwo-szybkie-500-m","to_ping":"","pinged":"","post_modified":"2022-01-18 16:58:43","post_modified_gmt":"2022-01-18 15:58:43","post_content_filtered":"","post_parent":5838,"guid":"https:\/\/olimpijski.pl\/?post_type=competition&#038;p=50421","menu_order":0,"post_type":"competition","post_mime_type":"","comment_count":"0","filter":"raw"},{"ID":50422,"post_author":"15","post_date":"2022-01-18 16:59:46","post_date_gmt":"2022-01-18 15:59:46","post_content":"","post_title":"\u0141y\u017cwiarstwo szybkie \u2013 start masowy","post_excerpt":"","post_status":"publish","comment_status":"closed","ping_status":"closed","post_password":"","post_name":"lyzwiarstwo-szybkie-bieg-masowy","to_ping":"","pinged":"","post_modified":"2022-01-18 17:01:14","post_modified_gmt":"2022-01-18 16:01:14","post_content_filtered":"","post_parent":5838,"guid":"https:\/\/olimpijski.pl\/?post_type=competition&#038;p=50422","menu_order":0,"post_type":"competition","post_mime_type":"","comment_count":"0","filter":"raw"}],"competition_icons_cooperators":[{"icon":{"ID":50299,"id":50299,"title":"piktogramy_Pekin2022_lyzwiarstwo-szybkie_m","filename":"piktogramy_Pekin2022_lyzwiarstwo-szybkie_m.jpg","filesize":2777,"url":"https:\/\/olimpijski.pl\/wp-content\/uploads\/2021\/10\/piktogramy_Pekin2022_lyzwiarstwo-szybkie_m.jpg","link":"https:\/\/olimpijski.pl\/en\/igrzyska_zimowe\/pekin-2022\/piktogramy_pekin2022_lyzwiarstwo-szybkie_m\/#main","alt":"","author":"15","description":"","caption":"","name":"piktogramy_pekin2022_lyzwiarstwo-szybkie_m","status":"inherit","uploaded_to":48828,"date":"2022-01-13 12:24:51","modified":"2022-01-13 12:24:51","menu_order":0,"mime_type":"image\/jpeg","type":"image","subtype":"jpeg","icon":"https:\/\/olimpijski.pl\/wp-includes\/images\/media\/default.png","width":80,"height":86,"sizes":{"thumbnail":"https:\/\/olimpijski.pl\/wp-content\/uploads\/2021\/10\/piktogramy_Pekin2022_lyzwiarstwo-szybkie_m.jpg","thumbnail-width":80,"thumbnail-height":86,"medium":"https:\/\/olimpijski.pl\/wp-content\/uploads\/2021\/10\/piktogramy_Pekin2022_lyzwiarstwo-szybkie_m.jpg","medium-width":80,"medium-height":86,"medium_large":"https:\/\/olimpijski.pl\/wp-content\/uploads\/2021\/10\/piktogramy_Pekin2022_lyzwiarstwo-szybkie_m.jpg","medium_large-width":80,"medium_large-height":86,"large":"https:\/\/olimpijski.pl\/wp-content\/uploads\/2021\/10\/piktogramy_Pekin2022_lyzwiarstwo-szybkie_m.jpg","large-width":80,"large-height":86,"1536x1536":"https:\/\/olimpijski.pl\/wp-content\/uploads\/2021\/10\/piktogramy_Pekin2022_lyzwiarstwo-szybkie_m.jpg","1536x1536-width":80,"1536x1536-height":86,"2048x2048":"https:\/\/olimpijski.pl\/wp-content\/uploads\/2021\/10\/piktogramy_Pekin2022_lyzwiarstwo-szybkie_m.jpg","2048x2048-width":80,"2048x2048-height":86,"ultp_layout_landscape_large":"https:\/\/olimpijski.pl\/wp-content\/uploads\/2021\/10\/piktogramy_Pekin2022_lyzwiarstwo-szybkie_m.jpg","ultp_layout_landscape_large-width":80,"ultp_layout_landscape_large-height":86,"ultp_layout_landscape":"https:\/\/olimpijski.pl\/wp-content\/uploads\/2021\/10\/piktogramy_Pekin2022_lyzwiarstwo-szybkie_m.jpg","ultp_layout_landscape-width":80,"ultp_layout_landscape-height":86,"ultp_layout_portrait":"https:\/\/olimpijski.pl\/wp-content\/uploads\/2021\/10\/piktogramy_Pekin2022_lyzwiarstwo-szybkie_m.jpg","ultp_layout_portrait-width":80,"ultp_layout_portrait-height":86,"ultp_layout_square":"https:\/\/olimpijski.pl\/wp-content\/uploads\/2021\/10\/piktogramy_Pekin2022_lyzwiarstwo-szybkie_m.jpg","ultp_layout_square-width":80,"ultp_layout_square-height":86}},"cooperators":"<h2>Osoby wsp\u00f3\u0142pracuj\u0105ce<\/h2>\n<p><strong>Tuomas NIEMINEN<\/strong> \u2013 Trener<br \/>\n<strong>Wies\u0142aw KMIECIK<\/strong> \u2013 Trener<br \/>\n<strong>Witold MAZUR<\/strong> \u2013 Trener<br \/>\n<strong>Arkadiusz SKONECZNY<\/strong> \u2013 Trener<br \/>\n<strong>Artur WA\u015a<\/strong> \u2013 Trener<br \/>\n<strong>Marcin SPUSTEK<\/strong> \u2013 Fizjoterapeuta<br \/>\n<strong>Magdalena TRZASKOWSKA<\/strong> \u2013 Fizjoterapeuta<br \/>\n<strong>Roland CIE\u015aLAK<\/strong> \u2013 Serwismen<br \/>\n<strong>Natalia PAWELSKA<\/strong> \u2013 Psycholog sportu<br \/>\n<strong>Rafa\u0142 TATARUCH<\/strong> \u2013 Prezes PZ\u0141S<\/p>\n"}]},{"competition_olympic":[{"ID":5842,"post_author":"1","post_date":"2020-06-19 11:32:26","post_date_gmt":"2020-06-19 11:32:26","post_content":"","post_title":"Narciarstwo alpejskie","post_excerpt":"","post_status":"publish","comment_status":"open","ping_status":"open","post_password":"","post_name":"narciarstwo-alpejskie","to_ping":"","pinged":"","post_modified":"2020-06-29 13:13:11","post_modified_gmt":"2020-06-29 11:13:11","post_content_filtered":"","post_parent":0,"guid":"https:\/\/wai-q7byvryhhcz9k.wpallimport-demo.qsandbox.me\/competition\/narciarstwo-alpejskie\/","menu_order":0,"post_type":"competition","post_mime_type":"","comment_count":"0","filter":"raw"},{"ID":5564,"post_author":"1","post_date":"2020-06-19 11:31:38","post_date_gmt":"2020-06-19 09:31:38","post_content":"","post_title":"Narciarstwo alpejskie - Slalom","post_excerpt":"","post_status":"publish","comment_status":"closed","ping_status":"closed","post_password":"","post_name":"slalom","to_ping":"","pinged":"","post_modified":"2020-07-22 11:43:54","post_modified_gmt":"2020-07-22 09:43:54","post_content_filtered":"","post_parent":5842,"guid":"https:\/\/wai-q7byvryhhcz9k.wpallimport-demo.qsandbox.me\/competition\/slalom\/","menu_order":0,"post_type":"competition","post_mime_type":"","comment_count":"0","filter":"raw"},{"ID":5563,"post_author":"1","post_date":"2020-06-19 11:31:38","post_date_gmt":"2020-06-19 09:31:38","post_content":"","post_title":"Narciarstwo alpejskie - Slalom gigant","post_excerpt":"","post_status":"publish","comment_status":"closed","ping_status":"closed","post_password":"","post_name":"slalom-gigant","to_ping":"","pinged":"","post_modified":"2020-07-22 11:44:00","post_modified_gmt":"2020-07-22 09:44:00","post_content_filtered":"","post_parent":5842,"guid":"https:\/\/wai-q7byvryhhcz9k.wpallimport-demo.qsandbox.me\/competition\/slalom-gigant\/","menu_order":0,"post_type":"competition","post_mime_type":"","comment_count":"0","filter":"raw"},{"ID":5553,"post_author":"1","post_date":"2020-06-19 11:31:38","post_date_gmt":"2020-06-19 09:31:38","post_content":"","post_title":"Narciarstwo alpejskie - Supergigant","post_excerpt":"","post_status":"publish","comment_status":"closed","ping_status":"closed","post_password":"","post_name":"supergigant","to_ping":"","pinged":"","post_modified":"2020-07-22 11:44:06","post_modified_gmt":"2020-07-22 09:44:06","post_content_filtered":"","post_parent":5842,"guid":"https:\/\/wai-q7byvryhhcz9k.wpallimport-demo.qsandbox.me\/competition\/supergigant\/","menu_order":0,"post_type":"competition","post_mime_type":"","comment_count":"0","filter":"raw"}],"competition_icons_cooperators":[{"icon":{"ID":50301,"id":50301,"title":"piktogramy_Pekin2022_narciarstwo-alpejskie_m","filename":"piktogramy_Pekin2022_narciarstwo-alpejskie_m.jpg","filesize":2725,"url":"https:\/\/olimpijski.pl\/wp-content\/uploads\/2021\/10\/piktogramy_Pekin2022_narciarstwo-alpejskie_m.jpg","link":"https:\/\/olimpijski.pl\/en\/igrzyska_zimowe\/pekin-2022\/piktogramy_pekin2022_narciarstwo-alpejskie_m\/#main","alt":"","author":"15","description":"","caption":"","name":"piktogramy_pekin2022_narciarstwo-alpejskie_m","status":"inherit","uploaded_to":48828,"date":"2022-01-13 12:24:56","modified":"2022-01-13 12:24:56","menu_order":0,"mime_type":"image\/jpeg","type":"image","subtype":"jpeg","icon":"https:\/\/olimpijski.pl\/wp-includes\/images\/media\/default.png","width":80,"height":86,"sizes":{"thumbnail":"https:\/\/olimpijski.pl\/wp-content\/uploads\/2021\/10\/piktogramy_Pekin2022_narciarstwo-alpejskie_m.jpg","thumbnail-width":80,"thumbnail-height":86,"medium":"https:\/\/olimpijski.pl\/wp-content\/uploads\/2021\/10\/piktogramy_Pekin2022_narciarstwo-alpejskie_m.jpg","medium-width":80,"medium-height":86,"medium_large":"https:\/\/olimpijski.pl\/wp-content\/uploads\/2021\/10\/piktogramy_Pekin2022_narciarstwo-alpejskie_m.jpg","medium_large-width":80,"medium_large-height":86,"large":"https:\/\/olimpijski.pl\/wp-content\/uploads\/2021\/10\/piktogramy_Pekin2022_narciarstwo-alpejskie_m.jpg","large-width":80,"large-height":86,"1536x1536":"https:\/\/olimpijski.pl\/wp-content\/uploads\/2021\/10\/piktogramy_Pekin2022_narciarstwo-alpejskie_m.jpg","1536x1536-width":80,"1536x1536-height":86,"2048x2048":"https:\/\/olimpijski.pl\/wp-content\/uploads\/2021\/10\/piktogramy_Pekin2022_narciarstwo-alpejskie_m.jpg","2048x2048-width":80,"2048x2048-height":86,"ultp_layout_landscape_large":"https:\/\/olimpijski.pl\/wp-content\/uploads\/2021\/10\/piktogramy_Pekin2022_narciarstwo-alpejskie_m.jpg","ultp_layout_landscape_large-width":80,"ultp_layout_landscape_large-height":86,"ultp_layout_landscape":"https:\/\/olimpijski.pl\/wp-content\/uploads\/2021\/10\/piktogramy_Pekin2022_narciarstwo-alpejskie_m.jpg","ultp_layout_landscape-width":80,"ultp_layout_landscape-height":86,"ultp_layout_portrait":"https:\/\/olimpijski.pl\/wp-content\/uploads\/2021\/10\/piktogramy_Pekin2022_narciarstwo-alpejskie_m.jpg","ultp_layout_portrait-width":80,"ultp_layout_portrait-height":86,"ultp_layout_square":"https:\/\/olimpijski.pl\/wp-content\/uploads\/2021\/10\/piktogramy_Pekin2022_narciarstwo-alpejskie_m.jpg","ultp_layout_square-width":80,"ultp_layout_square-height":86}},"cooperators":"<h2>Osoby wsp\u00f3\u0142pracuj\u0105ce<\/h2>\n<p><strong>Marcin OR\u0141OWSKI<\/strong> \u2013 Trener<br \/>\n<strong>Przemys\u0142aw BUCZY\u0143SKI<\/strong> \u2013 Trener<br \/>\n<strong>Jeffrey FRISCH<\/strong> \u2013 Trener<br \/>\n<strong>Tomasz WYDRA<\/strong> \u2013 Trener<br \/>\n<strong>Stefano DALL AMICO<\/strong> \u2013 Serwismen<strong><br \/>\nClaudio IAGHER<\/strong> \u2013 Serwismen<br \/>\n<strong>Dominik BIA\u0141OBRZYCKI<\/strong> \u2013 Serwismen<br \/>\n<strong>Marcin BLAUTH<\/strong> \u2013 Wiceprezes PZN<\/p>\n"}]},{"competition_olympic":[{"ID":5848,"post_author":"1","post_date":"2020-06-19 11:32:26","post_date_gmt":"2020-06-19 11:32:26","post_content":"","post_title":"Saneczkarstwo","post_excerpt":"","post_status":"publish","comment_status":"open","ping_status":"open","post_password":"","post_name":"saneczkarstwo","to_ping":"","pinged":"","post_modified":"2020-06-29 13:13:11","post_modified_gmt":"2020-06-29 11:13:11","post_content_filtered":"","post_parent":0,"guid":"https:\/\/wai-q7byvryhhcz9k.wpallimport-demo.qsandbox.me\/competition\/saneczkarstwo\/","menu_order":0,"post_type":"competition","post_mime_type":"","comment_count":"0","filter":"raw"},{"ID":5532,"post_author":"1","post_date":"2020-06-19 11:31:32","post_date_gmt":"2020-06-19 09:31:32","post_content":"","post_title":"Saneczkarstwo - Sztafeta","post_excerpt":"","post_status":"publish","comment_status":"closed","ping_status":"closed","post_password":"","post_name":"sztafeta","to_ping":"","pinged":"","post_modified":"2020-07-22 11:59:11","post_modified_gmt":"2020-07-22 09:59:11","post_content_filtered":"","post_parent":5848,"guid":"https:\/\/wai-q7byvryhhcz9k.wpallimport-demo.qsandbox.me\/competition\/sztafeta\/","menu_order":0,"post_type":"competition","post_mime_type":"","comment_count":"0","filter":"raw"},{"ID":50418,"post_author":"15","post_date":"2022-01-18 15:52:39","post_date_gmt":"2022-01-18 14:52:39","post_content":"","post_title":"Saneczkarstwo - Jedynki","post_excerpt":"","post_status":"publish","comment_status":"closed","ping_status":"closed","post_password":"","post_name":"saneczkarstwo-jedynki","to_ping":"","pinged":"","post_modified":"2022-01-18 15:55:18","post_modified_gmt":"2022-01-18 14:55:18","post_content_filtered":"","post_parent":5848,"guid":"https:\/\/olimpijski.pl\/?post_type=competition&#038;p=50418","menu_order":0,"post_type":"competition","post_mime_type":"","comment_count":"0","filter":"raw"},{"ID":50419,"post_author":"15","post_date":"2022-01-18 15:54:00","post_date_gmt":"2022-01-18 14:54:00","post_content":"","post_title":"Saneczkarstwo - Dw\u00f3jki","post_excerpt":"","post_status":"publish","comment_status":"closed","ping_status":"closed","post_password":"","post_name":"saneczkarstwo-dwojki","to_ping":"","pinged":"","post_modified":"2022-01-18 15:54:44","post_modified_gmt":"2022-01-18 14:54:44","post_content_filtered":"","post_parent":5848,"guid":"https:\/\/olimpijski.pl\/?post_type=competition&#038;p=50419","menu_order":0,"post_type":"competition","post_mime_type":"","comment_count":"0","filter":"raw"}],"competition_icons_cooperators":[{"icon":{"ID":50303,"id":50303,"title":"piktogramy_Pekin2022_saneczkarstwo_m","filename":"piktogramy_Pekin2022_saneczkarstwo_m.jpg","filesize":2290,"url":"https:\/\/olimpijski.pl\/wp-content\/uploads\/2021\/10\/piktogramy_Pekin2022_saneczkarstwo_m.jpg","link":"https:\/\/olimpijski.pl\/en\/igrzyska_zimowe\/pekin-2022\/piktogramy_pekin2022_saneczkarstwo_m\/#main","alt":"","author":"15","description":"","caption":"","name":"piktogramy_pekin2022_saneczkarstwo_m","status":"inherit","uploaded_to":48828,"date":"2022-01-13 12:24:57","modified":"2022-01-13 12:24:57","menu_order":0,"mime_type":"image\/jpeg","type":"image","subtype":"jpeg","icon":"https:\/\/olimpijski.pl\/wp-includes\/images\/media\/default.png","width":80,"height":86,"sizes":{"thumbnail":"https:\/\/olimpijski.pl\/wp-content\/uploads\/2021\/10\/piktogramy_Pekin2022_saneczkarstwo_m.jpg","thumbnail-width":80,"thumbnail-height":86,"medium":"https:\/\/olimpijski.pl\/wp-content\/uploads\/2021\/10\/piktogramy_Pekin2022_saneczkarstwo_m.jpg","medium-width":80,"medium-height":86,"medium_large":"https:\/\/olimpijski.pl\/wp-content\/uploads\/2021\/10\/piktogramy_Pekin2022_saneczkarstwo_m.jpg","medium_large-width":80,"medium_large-height":86,"large":"https:\/\/olimpijski.pl\/wp-content\/uploads\/2021\/10\/piktogramy_Pekin2022_saneczkarstwo_m.jpg","large-width":80,"large-height":86,"1536x1536":"https:\/\/olimpijski.pl\/wp-content\/uploads\/2021\/10\/piktogramy_Pekin2022_saneczkarstwo_m.jpg","1536x1536-width":80,"1536x1536-height":86,"2048x2048":"https:\/\/olimpijski.pl\/wp-content\/uploads\/2021\/10\/piktogramy_Pekin2022_saneczkarstwo_m.jpg","2048x2048-width":80,"2048x2048-height":86,"ultp_layout_landscape_large":"https:\/\/olimpijski.pl\/wp-content\/uploads\/2021\/10\/piktogramy_Pekin2022_saneczkarstwo_m.jpg","ultp_layout_landscape_large-width":80,"ultp_layout_landscape_large-height":86,"ultp_layout_landscape":"https:\/\/olimpijski.pl\/wp-content\/uploads\/2021\/10\/piktogramy_Pekin2022_saneczkarstwo_m.jpg","ultp_layout_landscape-width":80,"ultp_layout_landscape-height":86,"ultp_layout_portrait":"https:\/\/olimpijski.pl\/wp-content\/uploads\/2021\/10\/piktogramy_Pekin2022_saneczkarstwo_m.jpg","ultp_layout_portrait-width":80,"ultp_layout_portrait-height":86,"ultp_layout_square":"https:\/\/olimpijski.pl\/wp-content\/uploads\/2021\/10\/piktogramy_Pekin2022_saneczkarstwo_m.jpg","ultp_layout_square-width":80,"ultp_layout_square-height":86}},"cooperators":"<h2>Osoby wsp\u00f3\u0142pracuj\u0105ce<\/h2>\n<p><strong>Marek SKOWRO\u0143SKI<\/strong> \u2013 Trener<br \/>\n<strong>Patryk PRZERYWACZ<\/strong> \u2013 Fizjoterapeuta<br \/>\n<strong>Zdzis\u0142aw INGIELEWICZ<\/strong> \u2013 Prezes PZSSan<\/p>\n"}]},{"competition_olympic":[{"ID":5845,"post_author":"15","post_date":"2020-06-19 11:32:26","post_date_gmt":"2020-06-19 11:32:26","post_content":"","post_title":"Short track","post_excerpt":"","post_status":"publish","comment_status":"closed","ping_status":"closed","post_password":"","post_name":"short-track","to_ping":"","pinged":"","post_modified":"2020-10-21 13:26:10","post_modified_gmt":"2020-10-21 11:26:10","post_content_filtered":"","post_parent":0,"guid":"https:\/\/wai-q7byvryhhcz9k.wpallimport-demo.qsandbox.me\/competition\/short-track\/","menu_order":0,"post_type":"competition","post_mime_type":"","comment_count":"0","filter":"raw"},{"ID":5561,"post_author":"15","post_date":"2020-06-19 11:31:41","post_date_gmt":"2020-06-19 09:31:41","post_content":"","post_title":"Short track - 1000 m","post_excerpt":"","post_status":"publish","comment_status":"closed","ping_status":"closed","post_password":"","post_name":"1000-m","to_ping":"","pinged":"","post_modified":"2020-10-21 13:26:23","post_modified_gmt":"2020-10-21 11:26:23","post_content_filtered":"","post_parent":5845,"guid":"https:\/\/wai-q7byvryhhcz9k.wpallimport-demo.qsandbox.me\/competition\/1000-m\/","menu_order":0,"post_type":"competition","post_mime_type":"","comment_count":"0","filter":"raw"},{"ID":5562,"post_author":"1","post_date":"2020-06-19 11:31:41","post_date_gmt":"2020-06-19 09:31:41","post_content":"","post_title":"Short track - 1500 m","post_excerpt":"","post_status":"publish","comment_status":"closed","ping_status":"closed","post_password":"","post_name":"1500-m","to_ping":"","pinged":"","post_modified":"2020-10-21 13:26:43","post_modified_gmt":"2020-10-21 11:26:43","post_content_filtered":"","post_parent":5845,"guid":"https:\/\/wai-q7byvryhhcz9k.wpallimport-demo.qsandbox.me\/competition\/1500-m\/","menu_order":0,"post_type":"competition","post_mime_type":"","comment_count":"0","filter":"raw"},{"ID":5560,"post_author":"1","post_date":"2020-06-19 11:31:41","post_date_gmt":"2020-06-19 09:31:41","post_content":"","post_title":"Short track - 500 m","post_excerpt":"","post_status":"publish","comment_status":"closed","ping_status":"closed","post_password":"","post_name":"500-m","to_ping":"","pinged":"","post_modified":"2020-10-21 13:26:50","post_modified_gmt":"2020-10-21 11:26:50","post_content_filtered":"","post_parent":5845,"guid":"https:\/\/wai-q7byvryhhcz9k.wpallimport-demo.qsandbox.me\/competition\/500-m\/","menu_order":0,"post_type":"competition","post_mime_type":"","comment_count":"0","filter":"raw"},{"ID":5593,"post_author":"1","post_date":"2020-06-19 11:31:41","post_date_gmt":"2020-06-19 09:31:41","post_content":"","post_title":"Short track - Sztafeta 3000 m","post_excerpt":"","post_status":"publish","comment_status":"closed","ping_status":"closed","post_password":"","post_name":"sztafeta-3000-m","to_ping":"","pinged":"","post_modified":"2020-10-21 13:26:59","post_modified_gmt":"2020-10-21 11:26:59","post_content_filtered":"","post_parent":5845,"guid":"https:\/\/wai-q7byvryhhcz9k.wpallimport-demo.qsandbox.me\/competition\/sztafeta-3000-m\/","menu_order":0,"post_type":"competition","post_mime_type":"","comment_count":"0","filter":"raw"}],"competition_icons_cooperators":[{"icon":{"ID":50305,"id":50305,"title":"piktogramy_Pekin2022_short-track_m","filename":"piktogramy_Pekin2022_short-track_m.jpg","filesize":2858,"url":"https:\/\/olimpijski.pl\/wp-content\/uploads\/2021\/10\/piktogramy_Pekin2022_short-track_m.jpg","link":"https:\/\/olimpijski.pl\/en\/igrzyska_zimowe\/pekin-2022\/piktogramy_pekin2022_short-track_m\/#main","alt":"","author":"15","description":"","caption":"","name":"piktogramy_pekin2022_short-track_m","status":"inherit","uploaded_to":48828,"date":"2022-01-13 12:24:59","modified":"2022-01-13 12:24:59","menu_order":0,"mime_type":"image\/jpeg","type":"image","subtype":"jpeg","icon":"https:\/\/olimpijski.pl\/wp-includes\/images\/media\/default.png","width":80,"height":86,"sizes":{"thumbnail":"https:\/\/olimpijski.pl\/wp-content\/uploads\/2021\/10\/piktogramy_Pekin2022_short-track_m.jpg","thumbnail-width":80,"thumbnail-height":86,"medium":"https:\/\/olimpijski.pl\/wp-content\/uploads\/2021\/10\/piktogramy_Pekin2022_short-track_m.jpg","medium-width":80,"medium-height":86,"medium_large":"https:\/\/olimpijski.pl\/wp-content\/uploads\/2021\/10\/piktogramy_Pekin2022_short-track_m.jpg","medium_large-width":80,"medium_large-height":86,"large":"https:\/\/olimpijski.pl\/wp-content\/uploads\/2021\/10\/piktogramy_Pekin2022_short-track_m.jpg","large-width":80,"large-height":86,"1536x1536":"https:\/\/olimpijski.pl\/wp-content\/uploads\/2021\/10\/piktogramy_Pekin2022_short-track_m.jpg","1536x1536-width":80,"1536x1536-height":86,"2048x2048":"https:\/\/olimpijski.pl\/wp-content\/uploads\/2021\/10\/piktogramy_Pekin2022_short-track_m.jpg","2048x2048-width":80,"2048x2048-height":86,"ultp_layout_landscape_large":"https:\/\/olimpijski.pl\/wp-content\/uploads\/2021\/10\/piktogramy_Pekin2022_short-track_m.jpg","ultp_layout_landscape_large-width":80,"ultp_layout_landscape_large-height":86,"ultp_layout_landscape":"https:\/\/olimpijski.pl\/wp-content\/uploads\/2021\/10\/piktogramy_Pekin2022_short-track_m.jpg","ultp_layout_landscape-width":80,"ultp_layout_landscape-height":86,"ultp_layout_portrait":"https:\/\/olimpijski.pl\/wp-content\/uploads\/2021\/10\/piktogramy_Pekin2022_short-track_m.jpg","ultp_layout_portrait-width":80,"ultp_layout_portrait-height":86,"ultp_layout_square":"https:\/\/olimpijski.pl\/wp-content\/uploads\/2021\/10\/piktogramy_Pekin2022_short-track_m.jpg","ultp_layout_square-width":80,"ultp_layout_square-height":86}},"cooperators":"<h2>Osoby wsp\u00f3\u0142pracuj\u0105ce<\/h2>\n<p><strong>Urszula KAMI\u0143SKA<\/strong> \u2013 Trener<br \/>\n<strong>Gregory DURAND<\/strong> \u2013 Trener<br \/>\n<strong>Dawid GADULA<\/strong> \u2013 Fizjoterapeuta<\/p>\n"}]},{"competition_olympic":[{"ID":5834,"post_author":"1","post_date":"2020-06-19 11:32:23","post_date_gmt":"2020-06-19 11:32:23","post_content":"","post_title":"Skoki narciarskie","post_excerpt":"","post_status":"publish","comment_status":"open","ping_status":"open","post_password":"","post_name":"skoki-narciarskie","to_ping":"","pinged":"","post_modified":"2020-06-29 13:13:11","post_modified_gmt":"2020-06-29 11:13:11","post_content_filtered":"","post_parent":0,"guid":"https:\/\/wai-q7byvryhhcz9k.wpallimport-demo.qsandbox.me\/competition\/skoki-narciarskie\/","menu_order":0,"post_type":"competition","post_mime_type":"","comment_count":"0","filter":"raw"},{"ID":5527,"post_author":"1","post_date":"2020-06-19 11:31:32","post_date_gmt":"2020-06-19 09:31:32","post_content":"","post_title":"Skoki narciarskie - skocznia du\u017ca (LH), dru\u017c.","post_excerpt":"","post_status":"publish","comment_status":"closed","ping_status":"closed","post_password":"","post_name":"skocznia-duza-lh-druz","to_ping":"","pinged":"","post_modified":"2020-07-22 12:02:26","post_modified_gmt":"2020-07-22 10:02:26","post_content_filtered":"","post_parent":5834,"guid":"https:\/\/wai-q7byvryhhcz9k.wpallimport-demo.qsandbox.me\/competition\/skocznia-duza-lh-druz\/","menu_order":0,"post_type":"competition","post_mime_type":"","comment_count":"0","filter":"raw"},{"ID":5526,"post_author":"1","post_date":"2020-06-19 11:31:32","post_date_gmt":"2020-06-19 09:31:32","post_content":"","post_title":"Skoki narciarskie - skocznia du\u017ca (LH), ind.","post_excerpt":"","post_status":"publish","comment_status":"closed","ping_status":"closed","post_password":"","post_name":"skocznia-duza-lh-ind","to_ping":"","pinged":"","post_modified":"2020-07-22 12:02:34","post_modified_gmt":"2020-07-22 10:02:34","post_content_filtered":"","post_parent":5834,"guid":"https:\/\/wai-q7byvryhhcz9k.wpallimport-demo.qsandbox.me\/competition\/skocznia-duza-lh-ind\/","menu_order":0,"post_type":"competition","post_mime_type":"","comment_count":"0","filter":"raw"},{"ID":5528,"post_author":"1","post_date":"2020-06-19 11:31:32","post_date_gmt":"2020-06-19 09:31:32","post_content":"","post_title":"Skoki narciarskie - skocznia normalna (NH), ind.","post_excerpt":"","post_status":"publish","comment_status":"closed","ping_status":"closed","post_password":"","post_name":"skocznia-normalna-nh-ind","to_ping":"","pinged":"","post_modified":"2020-07-22 12:02:40","post_modified_gmt":"2020-07-22 10:02:40","post_content_filtered":"","post_parent":5834,"guid":"https:\/\/wai-q7byvryhhcz9k.wpallimport-demo.qsandbox.me\/competition\/skocznia-normalna-nh-ind\/","menu_order":0,"post_type":"competition","post_mime_type":"","comment_count":"0","filter":"raw"}],"competition_icons_cooperators":[{"icon":{"ID":50307,"id":50307,"title":"piktogramy_Pekin2022_skoki-narciarskie_m","filename":"piktogramy_Pekin2022_skoki-narciarskie_m.jpg","filesize":2653,"url":"https:\/\/olimpijski.pl\/wp-content\/uploads\/2021\/10\/piktogramy_Pekin2022_skoki-narciarskie_m.jpg","link":"https:\/\/olimpijski.pl\/en\/igrzyska_zimowe\/pekin-2022\/piktogramy_pekin2022_skoki-narciarskie_m\/#main","alt":"","author":"15","description":"","caption":"","name":"piktogramy_pekin2022_skoki-narciarskie_m","status":"inherit","uploaded_to":48828,"date":"2022-01-13 12:25:04","modified":"2022-01-13 12:25:04","menu_order":0,"mime_type":"image\/jpeg","type":"image","subtype":"jpeg","icon":"https:\/\/olimpijski.pl\/wp-includes\/images\/media\/default.png","width":80,"height":86,"sizes":{"thumbnail":"https:\/\/olimpijski.pl\/wp-content\/uploads\/2021\/10\/piktogramy_Pekin2022_skoki-narciarskie_m.jpg","thumbnail-width":80,"thumbnail-height":86,"medium":"https:\/\/olimpijski.pl\/wp-content\/uploads\/2021\/10\/piktogramy_Pekin2022_skoki-narciarskie_m.jpg","medium-width":80,"medium-height":86,"medium_large":"https:\/\/olimpijski.pl\/wp-content\/uploads\/2021\/10\/piktogramy_Pekin2022_skoki-narciarskie_m.jpg","medium_large-width":80,"medium_large-height":86,"large":"https:\/\/olimpijski.pl\/wp-content\/uploads\/2021\/10\/piktogramy_Pekin2022_skoki-narciarskie_m.jpg","large-width":80,"large-height":86,"1536x1536":"https:\/\/olimpijski.pl\/wp-content\/uploads\/2021\/10\/piktogramy_Pekin2022_skoki-narciarskie_m.jpg","1536x1536-width":80,"1536x1536-height":86,"2048x2048":"https:\/\/olimpijski.pl\/wp-content\/uploads\/2021\/10\/piktogramy_Pekin2022_skoki-narciarskie_m.jpg","2048x2048-width":80,"2048x2048-height":86,"ultp_layout_landscape_large":"https:\/\/olimpijski.pl\/wp-content\/uploads\/2021\/10\/piktogramy_Pekin2022_skoki-narciarskie_m.jpg","ultp_layout_landscape_large-width":80,"ultp_layout_landscape_large-height":86,"ultp_layout_landscape":"https:\/\/olimpijski.pl\/wp-content\/uploads\/2021\/10\/piktogramy_Pekin2022_skoki-narciarskie_m.jpg","ultp_layout_landscape-width":80,"ultp_layout_landscape-height":86,"ultp_layout_portrait":"https:\/\/olimpijski.pl\/wp-content\/uploads\/2021\/10\/piktogramy_Pekin2022_skoki-narciarskie_m.jpg","ultp_layout_portrait-width":80,"ultp_layout_portrait-height":86,"ultp_layout_square":"https:\/\/olimpijski.pl\/wp-content\/uploads\/2021\/10\/piktogramy_Pekin2022_skoki-narciarskie_m.jpg","ultp_layout_square-width":80,"ultp_layout_square-height":86}},"cooperators":"<h2>Osoby wsp\u00f3\u0142pracuj\u0105ce<\/h2>\n<p><strong>Michal DOLE\u017bAL<\/strong> \u2013 Trener<br \/>\n<strong>Grzegorz SOBCZYK<\/strong> \u2013 Trener<br \/>\n<strong>Andrzej ZAPOTOCZNY<\/strong> \u2013 Trener<br \/>\n<strong>\u0141ukasz KRUCZEK<\/strong> \u2013 Trener<br \/>\n<strong>Radek \u017bIDEK<\/strong> \u2013 Trener<br \/>\n<strong>\u0141ukasz G\u0118BALA<\/strong> \u2013 Fizjoterapeuta<br \/>\n<strong>Paulina W\u0118GRZYN-G\u0118BU\u015a<\/strong> \u2013 Fizjoterapeuta<br \/>\n<strong>Kamil SKROBOT<\/strong> \u2013 Serwismen<br \/>\n<strong>Aleksander WINIARSKI<\/strong> \u2013 Lekarz<br \/>\n<strong>Apoloniusz TAJNER<\/strong> \u2013 Prezes PZN<\/p>\n"}]},{"competition_olympic":[{"ID":5844,"post_author":"1","post_date":"2020-06-19 11:32:26","post_date_gmt":"2020-06-19 11:32:26","post_content":"","post_title":"Snowboard","post_excerpt":"","post_status":"publish","comment_status":"open","ping_status":"open","post_password":"","post_name":"snowboard","to_ping":"","pinged":"","post_modified":"2020-06-29 13:13:11","post_modified_gmt":"2020-06-29 11:13:11","post_content_filtered":"","post_parent":0,"guid":"https:\/\/wai-q7byvryhhcz9k.wpallimport-demo.qsandbox.me\/competition\/snowboard\/","menu_order":0,"post_type":"competition","post_mime_type":"","comment_count":"0","filter":"raw"},{"ID":5534,"post_author":"1","post_date":"2020-06-19 11:31:32","post_date_gmt":"2020-06-19 09:31:32","post_content":"","post_title":"Snowboard - Slalom gigant r\u00f3wnoleg\u0142y","post_excerpt":"","post_status":"publish","comment_status":"closed","ping_status":"closed","post_password":"","post_name":"slalom-gigant-rownolegly","to_ping":"","pinged":"","post_modified":"2020-07-22 12:03:10","post_modified_gmt":"2020-07-22 10:03:10","post_content_filtered":"","post_parent":5844,"guid":"https:\/\/wai-q7byvryhhcz9k.wpallimport-demo.qsandbox.me\/competition\/slalom-gigant-rownolegly\/","menu_order":0,"post_type":"competition","post_mime_type":"","comment_count":"0","filter":"raw"},{"ID":5535,"post_author":"1","post_date":"2020-06-19 11:31:32","post_date_gmt":"2020-06-19 09:31:32","post_content":"","post_title":"Snowboard - Slalom r\u00f3wnoleg\u0142y","post_excerpt":"","post_status":"publish","comment_status":"closed","ping_status":"closed","post_password":"","post_name":"slalom-rownolegly","to_ping":"","pinged":"","post_modified":"2020-07-22 12:03:15","post_modified_gmt":"2020-07-22 10:03:15","post_content_filtered":"","post_parent":5844,"guid":"https:\/\/wai-q7byvryhhcz9k.wpallimport-demo.qsandbox.me\/competition\/slalom-rownolegly\/","menu_order":0,"post_type":"competition","post_mime_type":"","comment_count":"0","filter":"raw"}],"competition_icons_cooperators":[{"icon":{"ID":50309,"id":50309,"title":"piktogramy_Pekin2022_snowboard_m","filename":"piktogramy_Pekin2022_snowboard_m.jpg","filesize":2913,"url":"https:\/\/olimpijski.pl\/wp-content\/uploads\/2021\/10\/piktogramy_Pekin2022_snowboard_m.jpg","link":"https:\/\/olimpijski.pl\/en\/igrzyska_zimowe\/pekin-2022\/piktogramy_pekin2022_snowboard_m\/#main","alt":"","author":"15","description":"","caption":"","name":"piktogramy_pekin2022_snowboard_m","status":"inherit","uploaded_to":48828,"date":"2022-01-13 12:25:16","modified":"2022-01-13 12:25:16","menu_order":0,"mime_type":"image\/jpeg","type":"image","subtype":"jpeg","icon":"https:\/\/olimpijski.pl\/wp-includes\/images\/media\/default.png","width":80,"height":86,"sizes":{"thumbnail":"https:\/\/olimpijski.pl\/wp-content\/uploads\/2021\/10\/piktogramy_Pekin2022_snowboard_m.jpg","thumbnail-width":80,"thumbnail-height":86,"medium":"https:\/\/olimpijski.pl\/wp-content\/uploads\/2021\/10\/piktogramy_Pekin2022_snowboard_m.jpg","medium-width":80,"medium-height":86,"medium_large":"https:\/\/olimpijski.pl\/wp-content\/uploads\/2021\/10\/piktogramy_Pekin2022_snowboard_m.jpg","medium_large-width":80,"medium_large-height":86,"large":"https:\/\/olimpijski.pl\/wp-content\/uploads\/2021\/10\/piktogramy_Pekin2022_snowboard_m.jpg","large-width":80,"large-height":86,"1536x1536":"https:\/\/olimpijski.pl\/wp-content\/uploads\/2021\/10\/piktogramy_Pekin2022_snowboard_m.jpg","1536x1536-width":80,"1536x1536-height":86,"2048x2048":"https:\/\/olimpijski.pl\/wp-content\/uploads\/2021\/10\/piktogramy_Pekin2022_snowboard_m.jpg","2048x2048-width":80,"2048x2048-height":86,"ultp_layout_landscape_large":"https:\/\/olimpijski.pl\/wp-content\/uploads\/2021\/10\/piktogramy_Pekin2022_snowboard_m.jpg","ultp_layout_landscape_large-width":80,"ultp_layout_landscape_large-height":86,"ultp_layout_landscape":"https:\/\/olimpijski.pl\/wp-content\/uploads\/2021\/10\/piktogramy_Pekin2022_snowboard_m.jpg","ultp_layout_landscape-width":80,"ultp_layout_landscape-height":86,"ultp_layout_portrait":"https:\/\/olimpijski.pl\/wp-content\/uploads\/2021\/10\/piktogramy_Pekin2022_snowboard_m.jpg","ultp_layout_portrait-width":80,"ultp_layout_portrait-height":86,"ultp_layout_square":"https:\/\/olimpijski.pl\/wp-content\/uploads\/2021\/10\/piktogramy_Pekin2022_snowboard_m.jpg","ultp_layout_square-width":80,"ultp_layout_square-height":86}},"cooperators":"<h2>Osoby wsp\u00f3\u0142pracuj\u0105ce<\/h2>\n<p><strong>Oskar BOM<\/strong> \u2013 Trener<br \/>\n<strong>Piotr BODZIONY<\/strong> \u2013 Trener<\/p>\n"}]}],"pokaz_ustawienia_ze_starego_systemu":false,"startdate":"04.02.2022 8:00 pm","enddate":"20.02.2022 10:00 pm","place":"Pekin","year":"2022","logo":"https:\/\/olimpijski.pl\/wp-content\/uploads\/2021\/05\/logo-pekin-2022-1.jpg","histroy_tabs":false,"hide_representative_checkbox":false,"no_medals_info":"<p>&#8211;<\/p>\n","message_hidden_representatives":"<p style=\"text-align: center;\">Reprezentacja zostanie opublikowana po akceptacji przez PKOl.<\/p>\n","game_id":"","game_type":"","game_link":"","game_news":""},"_links":{"self":[{"href":"https:\/\/olimpijski.pl\/en\/wp-json\/wp\/v2\/olympics_winter\/48828"}],"collection":[{"href":"https:\/\/olimpijski.pl\/en\/wp-json\/wp\/v2\/olympics_winter"}],"about":[{"href":"https:\/\/olimpijski.pl\/en\/wp-json\/wp\/v2\/types\/olympics_winter"}],"version-history":[{"count":31,"href":"https:\/\/olimpijski.pl\/en\/wp-json\/wp\/v2\/olympics_winter\/48828\/revisions"}],"predecessor-version":[{"id":101008,"href":"https:\/\/olimpijski.pl\/en\/wp-json\/wp\/v2\/olympics_winter\/48828\/revisions\/101008"}],"wp:attachment":[{"href":"https:\/\/olimpijski.pl\/en\/wp-json\/wp\/v2\/media?parent=48828"}],"curies":[{"name":"wp","href":"https:\/\/api.w.org\/{rel}","templated":true}]}}