{"id":48831,"date":"2022-07-04T14:09:00","date_gmt":"2022-07-04T12:09:00","guid":{"rendered":"https:\/\/olimpijski.pl\/?post_type=olympics_winter&#038;p=48831"},"modified":"2026-03-31T09:52:49","modified_gmt":"2026-03-31T07:52:49","slug":"mediolan-cortina-2026","status":"publish","type":"olympics_winter","link":"https:\/\/olimpijski.pl\/en\/igrzyska_zimowe\/mediolan-cortina-2026\/","title":{"rendered":"Mediolan-Cortina 2026"},"content":{"rendered":"\n<div class=\"wp-block-cover alignfull\" style=\"min-height:340px;aspect-ratio:unset;\"><span aria-hidden=\"true\" class=\"wp-block-cover__background has-background-dim-30 has-background-dim\" style=\"background-color:#193b69\"><\/span><img loading=\"lazy\" decoding=\"async\" width=\"1920\" height=\"922\" class=\"wp-block-cover__image-background wp-image-101161\" alt=\"\" src=\"https:\/\/olimpijski.pl\/wp-content\/uploads\/2022\/07\/Tlo1_.jpg\" data-object-fit=\"cover\" srcset=\"https:\/\/olimpijski.pl\/wp-content\/uploads\/2022\/07\/Tlo1_.jpg 1920w, https:\/\/olimpijski.pl\/wp-content\/uploads\/2022\/07\/Tlo1_-300x144.jpg 300w, https:\/\/olimpijski.pl\/wp-content\/uploads\/2022\/07\/Tlo1_-1024x492.jpg 1024w, https:\/\/olimpijski.pl\/wp-content\/uploads\/2022\/07\/Tlo1_-768x369.jpg 768w, https:\/\/olimpijski.pl\/wp-content\/uploads\/2022\/07\/Tlo1_-1536x738.jpg 1536w\" sizes=\"(max-width: 1920px) 100vw, 1920px\" \/><div class=\"wp-block-cover__inner-container is-layout-flow wp-block-cover-is-layout-flow\">\n<h1 class=\"wp-block-heading has-text-align-center main-title white has-base-3-color has-text-color has-link-color has-large-font-size wp-elements-58165527c1c549ad0535dc5cca70ea56\">XXV Zimowe Igrzyska Olimpijskie<br><strong>Mediolan-Cortina 2026<\/strong><\/h1>\n<\/div><\/div>\n\n\n\n<div style=\"height:17px\" aria-hidden=\"true\" class=\"wp-block-spacer\"><\/div>\n\n\n\n\n\n\n<div class=\"wp-block-columns are-vertically-aligned-center is-layout-flex wp-container-core-columns-is-layout-1 wp-block-columns-is-layout-flex\">\n<div class=\"wp-block-column is-vertically-aligned-center is-layout-flow wp-block-column-is-layout-flow\" style=\"flex-basis:33.33%\"><div class=\"sidebar\"><ul class=\"olympic-widget-menu\"><li><a href=https:\/\/olimpijski.pl\/reprezentacja-polski\/?olympic=mediolan-cortina-2026>Reprezentacja Polski<\/a><\/li><li><a href=https:\/\/olimpijski.pl\/medale-polakow\/?olympic=mediolan-cortina-2026>Medale Polak\u00f3w<\/a><\/li><li><a href=https:\/\/olimpijski.pl\/en\/igrzyska_zimowe\/mediolan-cortina-2026\/wyniki\/>Wyniki<\/a><\/li><li><a href=https:\/\/olimpijski.pl\/en\/igrzyska_zimowe\/mediolan-cortina-2026\/tabela-medalowa\/>Tabela medalowa<\/a><\/li><li><a href=https:\/\/olimpijski.pl\/en\/igrzyska_zimowe\/mediolan-cortina-2026\/o-igrzyskach\/>O igrzyskach<\/a><\/li><li><a href=https:\/\/olimpijski.pl\/en\/igrzyska_zimowe\/mediolan-cortina-2026\/misja-olimpijska\/>Misja olimpijska<\/a><\/li><li><a href=https:\/\/olimpijski.pl\/en\/igrzyska_zimowe\/mediolan-cortina-2026\/galeria\/>Galeria<\/a><\/li><li><a href=https:\/\/olimpijski.pl\/en\/igrzyska_zimowe\/mediolan-cortina-2026\/aktualnosci\/>Aktualno\u015bci<\/a><\/li><li><a href=https:\/\/olimpijski.pl\/en\/igrzyska_zimowe\/mediolan-cortina-2026\/tmpl-token\/>Token TMPL<\/a><\/li><\/ul><\/div>\n<\/div>\n\n\n\n<div class=\"wp-block-column is-vertically-aligned-center is-layout-flow wp-block-column-is-layout-flow\" style=\"flex-basis:66.66%\">\n<div class=\"wp-block-cover has-custom-content-position is-position-bottom-left big-tekst\" style=\"min-height:418px;aspect-ratio:unset;\"><span aria-hidden=\"true\" class=\"wp-block-cover__background has-background-dim\" style=\"background-color:#193b69\"><\/span><img loading=\"lazy\" decoding=\"async\" width=\"1920\" height=\"541\" class=\"wp-block-cover__image-background wp-image-101053\" alt=\"\" src=\"https:\/\/olimpijski.pl\/wp-content\/uploads\/2026\/01\/Aurora_borealis_MC20025_002_Warstwy.jpg\" data-object-fit=\"cover\" srcset=\"https:\/\/olimpijski.pl\/wp-content\/uploads\/2026\/01\/Aurora_borealis_MC20025_002_Warstwy.jpg 1920w, https:\/\/olimpijski.pl\/wp-content\/uploads\/2026\/01\/Aurora_borealis_MC20025_002_Warstwy-300x85.jpg 300w, https:\/\/olimpijski.pl\/wp-content\/uploads\/2026\/01\/Aurora_borealis_MC20025_002_Warstwy-1024x289.jpg 1024w, https:\/\/olimpijski.pl\/wp-content\/uploads\/2026\/01\/Aurora_borealis_MC20025_002_Warstwy-768x216.jpg 768w, https:\/\/olimpijski.pl\/wp-content\/uploads\/2026\/01\/Aurora_borealis_MC20025_002_Warstwy-1536x433.jpg 1536w\" sizes=\"(max-width: 1920px) 100vw, 1920px\" \/><div class=\"wp-block-cover__inner-container is-layout-flow wp-block-cover-is-layout-flow\">\n<div style=\"height:30px\" aria-hidden=\"true\" class=\"wp-block-spacer\"><\/div>\n\n\n\n<p class=\"has-text-align-left main-title has-white-color has-text-color has-large-font-size\">#TeamPL<\/p>\n\n\n\n<div class=\"wp-block-buttons is-layout-flex wp-block-buttons-is-layout-flex\">\n<div class=\"wp-block-button is-style-fill\"><a class=\"wp-block-button__link has-white-color has-text-color has-background wp-element-button\" href=\"\/reprezentacja-polski\/?olympic=mediolan-cortina-2026\" style=\"background:linear-gradient(135deg,rgba(237,237,237,0) 0%,rgba(168,183,194,0) 99%)\">Dowiedz si\u0119 wi\u0119cej o naszej reprezentacji<\/a><\/div>\n<\/div>\n<\/div><\/div>\n<\/div>\n<\/div>\n\n\n\n<div style=\"height:30px\" aria-hidden=\"true\" class=\"wp-block-spacer\"><\/div>\n\n\n\n<div class=\"wp-block-cover alignfull\"><span aria-hidden=\"true\" class=\"wp-block-cover__background has-background-dim-40 has-background-dim\" style=\"background-color:#193b69\"><\/span><img loading=\"lazy\" decoding=\"async\" width=\"1920\" height=\"922\" class=\"wp-block-cover__image-background wp-image-101161\" alt=\"\" src=\"https:\/\/olimpijski.pl\/wp-content\/uploads\/2022\/07\/Tlo1_.jpg\" data-object-fit=\"cover\" srcset=\"https:\/\/olimpijski.pl\/wp-content\/uploads\/2022\/07\/Tlo1_.jpg 1920w, https:\/\/olimpijski.pl\/wp-content\/uploads\/2022\/07\/Tlo1_-300x144.jpg 300w, https:\/\/olimpijski.pl\/wp-content\/uploads\/2022\/07\/Tlo1_-1024x492.jpg 1024w, https:\/\/olimpijski.pl\/wp-content\/uploads\/2022\/07\/Tlo1_-768x369.jpg 768w, https:\/\/olimpijski.pl\/wp-content\/uploads\/2022\/07\/Tlo1_-1536x738.jpg 1536w\" sizes=\"(max-width: 1920px) 100vw, 1920px\" \/><div class=\"wp-block-cover__inner-container is-layout-flow wp-block-cover-is-layout-flow\">\n<div class=\"wp-block-group\"><div class=\"wp-block-group__inner-container is-layout-flow wp-block-group-is-layout-flow\">\n<h2 class=\"wp-block-heading main-title white\"><strong>Aktualno\u015bci<\/strong><\/h2>\n\n\n\n<div style=\"height:30px\" aria-hidden=\"true\" class=\"wp-block-spacer\"><\/div>\n\n\n\n\n\n\n<div style=\"height:50px\" aria-hidden=\"true\" class=\"wp-block-spacer\"><\/div>\n<\/div><\/div>\n<\/div><\/div>\n\n\n\n<div style=\"height:50px\" aria-hidden=\"true\" class=\"wp-block-spacer\"><\/div>\n\n\n\n        <div class=\"medal-section olympic-rewards-box uk-flex\">\n            <div class=\"main-medal-section uk-flex uk-flex-wrap-middle\">\n                <div class=\"medal-cointainer\">\n                    <p class=\"medal-sumary uk-margin-medium-top\">4<\/p>\n                    <p class=\"medal-info\">Medale igrzysk olimpijskich<\/p>\n                <\/div>\n                <div class=\"uk-flex uk-text-top medal-type \">\n                    \n                    <div class=\"medal silver\"> 3<\/div>\n                    <div class=\"medal bronze\"> 1<\/div>\n                <\/div>\n            <\/div>\n            <div class=\"medalists panel-wrapper\">\n            \n        <a href=\"https:\/\/olimpijski.pl\/medale-polakow\/?olympic=mediolan-cortina-2026\" class=\"show btn\" id=\"show\">Zobacz wszystkie wyniki &#x2192;<\/a>\n        <a href=\"#hide\" class=\"hide btn\" id=\"hide\">&#x2190;<\/a> \n                <ul class=\"panel\">\n                    <li>\n            <div class=\"players-info\"><div class=\"competition\"><p class=\"competition-name\">Skoki narciarskie &#8211; konkurs duet\u00f3w<\/p><div class=\"player\">Pawe\u0142 W\u0105sek<\/div><div class=\"player\">Kacper Tomasiak<\/div><\/div><div class=\"medal silver\"><\/div><\/div><\/li><li>\n            <div class=\"players-info\"><div class=\"competition\">\n                <p class=\"competition-name\">\u0141y\u017cwiarstwo szybkie &#8211; 10000 m<\/p>\n                <div class=\"player\">W\u0142adimir Semirunnij<\/div>\n                <\/div><div class=\"medal silver\"><\/div><\/div><\/li><li>\n            <div class=\"players-info\"><div class=\"competition\">\n                <p class=\"competition-name\">Skoki narciarskie &#8211; skocznia normalna (NH), ind.<\/p>\n                <div class=\"player\">Kacper Tomasiak<\/div>\n                <\/div><div class=\"medal silver\"><\/div><\/div><\/li><li>\n            <div class=\"players-info\"><div class=\"competition\">\n                <p class=\"competition-name\">Skoki narciarskie &#8211; skocznia du\u017ca (LH), ind.<\/p>\n                <div class=\"player\">Kacper Tomasiak<\/div>\n                <\/div><div class=\"medal bronze\"><\/div><\/div><\/li>\n                <\/ul>\n            <\/div>\n\n        <\/div>\n\n\n\n<div style=\"height:25px\" aria-hidden=\"true\" class=\"wp-block-spacer\"><\/div>\n\n\n\n<div style=\"height:20px\" aria-hidden=\"true\" class=\"wp-block-spacer\"><\/div>\n\n\n\n<div class=\"wp-block-cover alignfull\"><span aria-hidden=\"true\" class=\"wp-block-cover__background has-background-dim-40 has-background-dim\" style=\"background-color:#193b69\"><\/span><img loading=\"lazy\" decoding=\"async\" width=\"1920\" height=\"922\" class=\"wp-block-cover__image-background wp-image-101161\" alt=\"\" src=\"https:\/\/olimpijski.pl\/wp-content\/uploads\/2022\/07\/Tlo1_.jpg\" data-object-fit=\"cover\" srcset=\"https:\/\/olimpijski.pl\/wp-content\/uploads\/2022\/07\/Tlo1_.jpg 1920w, https:\/\/olimpijski.pl\/wp-content\/uploads\/2022\/07\/Tlo1_-300x144.jpg 300w, https:\/\/olimpijski.pl\/wp-content\/uploads\/2022\/07\/Tlo1_-1024x492.jpg 1024w, https:\/\/olimpijski.pl\/wp-content\/uploads\/2022\/07\/Tlo1_-768x369.jpg 768w, https:\/\/olimpijski.pl\/wp-content\/uploads\/2022\/07\/Tlo1_-1536x738.jpg 1536w\" sizes=\"(max-width: 1920px) 100vw, 1920px\" \/><div class=\"wp-block-cover__inner-container is-layout-flow wp-block-cover-is-layout-flow\">\n<div class=\"wp-block-group\"><div class=\"wp-block-group__inner-container is-layout-flow wp-block-group-is-layout-flow\">\n<div class=\"wp-block-columns is-layout-flex wp-container-core-columns-is-layout-2 wp-block-columns-is-layout-flex\">\n<div class=\"wp-block-column is-vertically-aligned-center is-layout-flow wp-block-column-is-layout-flow\">\n<h2 class=\"wp-block-heading\"><strong>Maskotki<\/strong><\/h2>\n\n\n\n<p><br>Oficjalnymi&nbsp;<strong>maskotkami<\/strong>&nbsp;Milano Cortina 2026 s\u0105 dwa weso\u0142e gronostaje o imionach Tina i Milo.<\/p>\n\n\n\n<p>Ja\u015bniejszy \u0142asica symbolizuje Zimowe Igrzyska Olimpijskie Mediolan Cortina 2026, natomiast jej m\u0142odszy brat Milo, o ciemniejszym futrze, jest twarz\u0105 Zimowych Igrzysk Paraolimpijskich.<\/p>\n\n\n\n<p>Nazwy tych miast inspirowane s\u0105 miastami gospodarzami:&nbsp;<strong>Tina<\/strong>&nbsp;pochodzi z Cortiny d&#8217;Ampezzo, a&nbsp;<strong>Milo<\/strong>&nbsp;z Mediolanu.<\/p>\n<\/div>\n\n\n\n<div class=\"wp-block-column is-layout-flow wp-block-column-is-layout-flow\">\n<figure class=\"wp-block-embed is-type-video is-provider-youtube wp-block-embed-youtube wp-embed-aspect-16-9 wp-has-aspect-ratio\"><div class=\"wp-block-embed__wrapper\">\n<iframe loading=\"lazy\" title=\"Tina &amp; Milo | The Official Mascots of the Olympic and Paralympic Winter Games Milano Cortina 2026\" width=\"1200\" height=\"675\" src=\"https:\/\/www.youtube.com\/embed\/m3tUFN4w5Qc?feature=oembed\" frameborder=\"0\" allow=\"accelerometer; autoplay; clipboard-write; encrypted-media; gyroscope; picture-in-picture; web-share\" referrerpolicy=\"strict-origin-when-cross-origin\" allowfullscreen><\/iframe>\n<\/div><\/figure>\n<\/div>\n<\/div>\n<\/div><\/div>\n<\/div><\/div>\n\n\n\n<div style=\"height:25px\" aria-hidden=\"true\" class=\"wp-block-spacer\"><\/div>\n\n\n\n<div class=\"wp-block-columns are-vertically-aligned-center is-layout-flex wp-container-core-columns-is-layout-3 wp-block-columns-is-layout-flex\">\n<div class=\"wp-block-column is-vertically-aligned-center is-layout-flow wp-block-column-is-layout-flow\" style=\"flex-basis:20%\"><div class=\"wp-block-image\">\n<figure class=\"aligncenter size-full\"><img loading=\"lazy\" decoding=\"async\" width=\"382\" height=\"382\" src=\"https:\/\/olimpijski.pl\/wp-content\/uploads\/2021\/09\/Milano-Cortina_2026_logo.jpg\" alt=\"\" class=\"wp-image-47500\" srcset=\"https:\/\/olimpijski.pl\/wp-content\/uploads\/2021\/09\/Milano-Cortina_2026_logo.jpg 382w, https:\/\/olimpijski.pl\/wp-content\/uploads\/2021\/09\/Milano-Cortina_2026_logo-300x300.jpg 300w, https:\/\/olimpijski.pl\/wp-content\/uploads\/2021\/09\/Milano-Cortina_2026_logo-150x150.jpg 150w\" sizes=\"(max-width: 382px) 100vw, 382px\" \/><\/figure><\/div><\/div>\n\n\n\n<div class=\"wp-block-column is-vertically-aligned-center is-layout-flow wp-block-column-is-layout-flow\" style=\"flex-basis:80%\">\n<h2 class=\"wp-block-heading\"><strong>Logo<\/strong><\/h2>\n\n\n\n<p>Nad ko\u0142ami olimpijskimi i napisem \u201eMilano Cortina 2026\u201d widnieje liczba 26, jakby lekko przesuni\u0119ta palcem po \u015bniegu w jednym, spontanicznym ge\u015bcie, odzwierciedlaj\u0105c ide\u0119, \u017ce najmniejsze, najbardziej naturalne gesty mog\u0105 zmieni\u0107 \u015bwiat. Takie gesty, dzie\u0144 po dniu, mog\u0105 prowadzi\u0107 do wielkich zwyci\u0119stw, zar\u00f3wno w sporcie, jak i w \u017cyciu. Dzi\u0119ki swojej dynamicznej, nowoczesnej i eleganckiej stylistyce, emblemat symbolizuje zr\u00f3wnowa\u017con\u0105, inkluzywn\u0105 przysz\u0142o\u015b\u0107 bez dyskryminacji i jakichkolwiek barier \u2013 zwyci\u0119stwo wszystkich.<\/p>\n\n\n\n<p>6 marca 2021 roku, w fina\u0142owy wiecz\u00f3r 71. edycji Festiwalu Muzycznego w Sanremo, mistrzowie olimpijscy Federica Pellegrini i Alberto Tomba zaprezentowali \u201eDado\u201d i \u201eFutur\u0119\u201d, dwa potencjalne emblematy na Milano Cortina 2026. Dwa projekty zakwalifikowane do fina\u0142u zosta\u0142y wybrane spo\u015br\u00f3d oko\u0142o 30 wst\u0119pnych koncepcji opracowanych na pro\u015bb\u0119 Komitetu Organizacyjnego przez firm\u0119 Landor, nale\u017c\u0105c\u0105 do Grupy WPP. W kolejnych tygodniach odby\u0142o si\u0119 internetowe g\u0142osowanie publiczne, a zwyci\u0119ski projekt og\u0142oszono 30 marca 2021 roku. \u201eFutura\u201d zosta\u0142a wybrana z wynikiem oko\u0142o 75 procent spo\u015br\u00f3d 871 566 g\u0142os\u00f3w oddanych ze 169 kraj\u00f3w.<\/p>\n<\/div>\n<\/div>\n\n\n\n<div style=\"height:20px\" aria-hidden=\"true\" class=\"wp-block-spacer\"><\/div>\n\n\n\n<h2 class=\"wp-block-heading\"><strong>Medale<\/strong><\/h2>\n\n\n\n<div class=\"wp-block-columns is-layout-flex wp-container-core-columns-is-layout-4 wp-block-columns-is-layout-flex\">\n<div class=\"wp-block-column is-layout-flow wp-block-column-is-layout-flow\" style=\"flex-basis:50%\">\n<figure class=\"wp-block-image size-full is-resized\"><img loading=\"lazy\" decoding=\"async\" width=\"1460\" height=\"821\" src=\"https:\/\/olimpijski.pl\/wp-content\/uploads\/2022\/07\/2026medale.avif\" alt=\"\" class=\"wp-image-101186\" style=\"aspect-ratio:1.7777777777777777;object-fit:cover;width:745px;height:auto\" srcset=\"https:\/\/olimpijski.pl\/wp-content\/uploads\/2022\/07\/2026medale.avif 1460w, https:\/\/olimpijski.pl\/wp-content\/uploads\/2022\/07\/2026medale-300x169.avif 300w, https:\/\/olimpijski.pl\/wp-content\/uploads\/2022\/07\/2026medale-1024x576.avif 1024w, https:\/\/olimpijski.pl\/wp-content\/uploads\/2022\/07\/2026medale-768x432.avif 768w\" sizes=\"(max-width: 1460px) 100vw, 1460px\" \/><\/figure>\n<\/div>\n\n\n\n<div class=\"wp-block-column is-layout-flow wp-block-column-is-layout-flow\" style=\"flex-basis:50%\">\n<h2 class=\"wp-block-heading\">Gest wiecznego ruchu i jedno\u015bci<\/h2>\n\n\n\n<h3 class=\"wp-block-heading\">Graficzna abstrakcja ukazuj\u0105ca po\u0142\u0105czenie dw\u00f3ch po\u0142\u00f3wek w ruchu wiecznym<\/h3>\n\n\n\n<p>Dynamiczna abstrakcja graficzna ukazuj\u0105ca po\u0142\u0105czenie dw\u00f3ch cz\u0119\u015bci w ci\u0105g\u0142ym ruchu, podkre\u015blona kontrastem mi\u0119dzy ziarnist\u0105 faktur\u0105 a lustrzan\u0105 powierzchni\u0105. Projekt pozostaje czysty i prosty \u2013 wykorzystuj\u0105c jedynie podstawowe linie, aby wyrazi\u0107 idee jedno\u015bci i ruchu. Energia medalu pochodzi z tego podzia\u0142u, symbolizuj\u0105cego ci\u0105g\u0142\u0105 zmian\u0119. Elementy te \u0142\u0105cz\u0105 warto\u015bci olimpijskie i paraolimpijskie, przekszta\u0142caj\u0105c kontrast w jedno\u015b\u0107, a ruch w znaczenie.<\/p>\n\n\n\n<p><br><\/p>\n<\/div>\n<\/div>\n\n\n\n<div class=\"wp-block-cover alignfull is-light has-parallax\"><span aria-hidden=\"true\" class=\"wp-block-cover__background has-background-dim-0 has-background-dim has-background-gradient has-luminous-dusk-gradient-background\"><\/span><div class=\"wp-block-cover__image-background wp-image-101161 has-parallax\" style=\"background-position:50% 50%;background-image:url(https:\/\/olimpijski.pl\/wp-content\/uploads\/2022\/07\/Tlo1_.jpg)\"><\/div><div class=\"wp-block-cover__inner-container is-layout-flow wp-block-cover-is-layout-flow\">\n<div class=\"wp-block-group\"><div class=\"wp-block-group__inner-container is-layout-flow wp-block-group-is-layout-flow\">\n<h2 class=\"wp-block-heading main-title white\"><strong>Galeria<\/strong><\/h2>\n\n\n\n<div class=\"wp-block-columns is-layout-flex wp-container-core-columns-is-layout-5 wp-block-columns-is-layout-flex\">\n<div class=\"wp-block-column is-layout-flow wp-block-column-is-layout-flow\">\n<\/div>\n\n\n\n<div class=\"wp-block-column is-layout-flow wp-block-column-is-layout-flow\">\n<\/div>\n\n\n\n<div class=\"wp-block-column is-layout-flow wp-block-column-is-layout-flow\">\n<\/div>\n\n\n\n<div class=\"wp-block-column is-layout-flow wp-block-column-is-layout-flow\">\n<\/div>\n<\/div>\n\n\n\n<div class=\"wp-block-columns is-layout-flex wp-container-core-columns-is-layout-6 wp-block-columns-is-layout-flex\">\n<div class=\"wp-block-column is-layout-flow wp-block-column-is-layout-flow\">\n<\/div>\n\n\n\n<div class=\"wp-block-column is-layout-flow wp-block-column-is-layout-flow\">\n<\/div>\n\n\n\n<div class=\"wp-block-column is-layout-flow wp-block-column-is-layout-flow\">\n<\/div>\n\n\n\n<div class=\"wp-block-column is-layout-flow wp-block-column-is-layout-flow\">\n<\/div>\n<\/div>\n\n\n\n<div class=\"wp-block-columns is-layout-flex wp-container-core-columns-is-layout-7 wp-block-columns-is-layout-flex\">\n<div class=\"wp-block-column is-layout-flow wp-block-column-is-layout-flow\">\n<\/div>\n\n\n\n<div class=\"wp-block-column is-layout-flow wp-block-column-is-layout-flow\">\n<\/div>\n\n\n\n<div class=\"wp-block-column is-layout-flow wp-block-column-is-layout-flow\">\n<\/div>\n\n\n\n<div class=\"wp-block-column is-layout-flow wp-block-column-is-layout-flow\">\n<\/div>\n<\/div>\n\n\n\n<div class=\"wp-block-columns is-layout-flex wp-container-core-columns-is-layout-8 wp-block-columns-is-layout-flex\">\n<div class=\"wp-block-column is-layout-flow wp-block-column-is-layout-flow\">\n<\/div>\n\n\n\n<div class=\"wp-block-column is-layout-flow wp-block-column-is-layout-flow\">\n<\/div>\n\n\n\n<div class=\"wp-block-column is-layout-flow wp-block-column-is-layout-flow\">\n<\/div>\n\n\n\n<div class=\"wp-block-column is-layout-flow wp-block-column-is-layout-flow\">\n<\/div>\n<\/div>\n\n\n\n<div class=\"wp-block-columns is-layout-flex wp-container-core-columns-is-layout-9 wp-block-columns-is-layout-flex\">\n<div class=\"wp-block-column is-layout-flow wp-block-column-is-layout-flow\">\n<\/div>\n\n\n\n<div class=\"wp-block-column is-layout-flow wp-block-column-is-layout-flow\">\n<\/div>\n\n\n\n<div class=\"wp-block-column is-layout-flow wp-block-column-is-layout-flow\"><\/div>\n\n\n\n<div class=\"wp-block-column is-layout-flow wp-block-column-is-layout-flow\"><\/div>\n<\/div>\n<\/div><\/div>\n<\/div><\/div>\n\n\n\n<hr class=\"wp-block-separator has-css-opacity is-style-wide\"\/>\n","protected":false},"excerpt":{"rendered":"<p>Logo Nad ko\u0142ami olimpijskimi i napisem \u201eMilano Cortina 2026\u201d widnieje liczba 26, jakby lekko przesuni\u0119ta palcem po \u015bniegu w jednym, spontanicznym ge\u015bcie,<\/p>\n","protected":false},"featured_media":0,"parent":0,"menu_order":0,"template":"templates\/olympic_main_subpage.php","meta":{"_acf_changed":false,"ub_ctt_via":"","footnotes":""},"class_list":["post-48831","olympics_winter","type-olympics_winter","status-publish","hentry","infinite-scroll-item","no-featured-image-padding"],"acf":{"special_bg_img":false,"hide_breadcrumbs":[{"value":"1","label":"Tak"}],"competitions_olympic":[{"competition_olympic":[{"ID":5846,"post_author":"1","post_date":"2020-06-19 11:32:26","post_date_gmt":"2020-06-19 09:32:26","post_content":"","post_title":"Biathlon","post_excerpt":"","post_status":"publish","comment_status":"closed","ping_status":"closed","post_password":"","post_name":"biathlon-2","to_ping":"","pinged":"","post_modified":"2020-06-29 13:13:10","post_modified_gmt":"2020-06-29 11:13:10","post_content_filtered":"","post_parent":0,"guid":"https:\/\/wai-q7byvryhhcz9k.wpallimport-demo.qsandbox.me\/competition\/biathlon\/","menu_order":0,"post_type":"competition","post_mime_type":"","comment_count":"0","filter":"raw"}],"competition_icons_cooperators":[{"icon":{"ID":101569,"id":101569,"title":"PKOl_piktogramy_Biathlon_G","filename":"PKOl_piktogramy_Biathlon_G.png","filesize":73730,"url":"https:\/\/olimpijski.pl\/wp-content\/uploads\/2022\/07\/PKOl_piktogramy_Biathlon_G.png","link":"https:\/\/olimpijski.pl\/en\/igrzyska_zimowe\/mediolan-cortina-2026\/pkol_piktogramy_biathlon_g\/#main","alt":"","author":"1","description":"","caption":"","name":"pkol_piktogramy_biathlon_g","status":"inherit","uploaded_to":48831,"date":"2026-02-02 08:15:35","modified":"2026-02-02 08:15:35","menu_order":0,"mime_type":"image\/png","type":"image","subtype":"png","icon":"https:\/\/olimpijski.pl\/wp-includes\/images\/media\/default.png","width":900,"height":900,"sizes":{"thumbnail":"https:\/\/olimpijski.pl\/wp-content\/uploads\/2022\/07\/PKOl_piktogramy_Biathlon_G-150x150.png","thumbnail-width":150,"thumbnail-height":150,"medium":"https:\/\/olimpijski.pl\/wp-content\/uploads\/2022\/07\/PKOl_piktogramy_Biathlon_G-300x300.png","medium-width":300,"medium-height":300,"medium_large":"https:\/\/olimpijski.pl\/wp-content\/uploads\/2022\/07\/PKOl_piktogramy_Biathlon_G-768x768.png","medium_large-width":768,"medium_large-height":768,"large":"https:\/\/olimpijski.pl\/wp-content\/uploads\/2022\/07\/PKOl_piktogramy_Biathlon_G.png","large-width":900,"large-height":900,"1536x1536":"https:\/\/olimpijski.pl\/wp-content\/uploads\/2022\/07\/PKOl_piktogramy_Biathlon_G.png","1536x1536-width":900,"1536x1536-height":900,"2048x2048":"https:\/\/olimpijski.pl\/wp-content\/uploads\/2022\/07\/PKOl_piktogramy_Biathlon_G.png","2048x2048-width":900,"2048x2048-height":900,"ultp_layout_landscape_large":"https:\/\/olimpijski.pl\/wp-content\/uploads\/2022\/07\/PKOl_piktogramy_Biathlon_G-900x800.png","ultp_layout_landscape_large-width":900,"ultp_layout_landscape_large-height":800,"ultp_layout_landscape":"https:\/\/olimpijski.pl\/wp-content\/uploads\/2022\/07\/PKOl_piktogramy_Biathlon_G-870x570.png","ultp_layout_landscape-width":870,"ultp_layout_landscape-height":570,"ultp_layout_portrait":"https:\/\/olimpijski.pl\/wp-content\/uploads\/2022\/07\/PKOl_piktogramy_Biathlon_G-600x900.png","ultp_layout_portrait-width":600,"ultp_layout_portrait-height":900,"ultp_layout_square":"https:\/\/olimpijski.pl\/wp-content\/uploads\/2022\/07\/PKOl_piktogramy_Biathlon_G-600x600.png","ultp_layout_square-width":600,"ultp_layout_square-height":600}},"cooperators":"<h2>Osoby wsp\u00f3\u0142pracuj\u0105ce:<\/h2>\n<p>Uros VELEPEC \u2013 trener kadry m\u0119skiej<br \/>\nTobias TORGERSEN \u2013 trener kadry damskiej<br \/>\n\u0141ukasz KRZCZUK \u2013 fizjoterapeuta<br \/>\nMicha\u0142 KRZYKAWSKI \u2013 fizjoterapeuta<br \/>\nSzymon FORNAGIEL \u2013 lekarz<br \/>\nJaan ALVELA \u2013 serwisman<br \/>\nMeelis AASLA \u2013 serwisman<br \/>\nMaciej N\u0118DZA-KUBINIEC \u2013 serwisman<br \/>\nMariusz WTOREK \u2013 serwisman<br \/>\nAdrian GROMYKO \u2013 serwisman<br \/>\nAgnieszka WARCHA\u0141 \u2013 psycholog<br \/>\nAdam G\u00d3RECKI \u2013 wiceprezes PZBiath, wsparcie organizacyjne<br \/>\nJoanna BADACZ \u2013 prezes PZBiath, wsparcie organizacyjne<\/p>\n"},{"icon":false,"cooperators":""}]},{"competition_olympic":[{"ID":5835,"post_author":"1","post_date":"2020-06-19 11:32:23","post_date_gmt":"2020-06-19 11:32:23","post_content":"","post_title":"Biegi narciarskie","post_excerpt":"","post_status":"publish","comment_status":"closed","ping_status":"closed","post_password":"","post_name":"biegi-narciarskie","to_ping":"","pinged":"","post_modified":"2020-06-29 13:13:11","post_modified_gmt":"2020-06-29 11:13:11","post_content_filtered":"","post_parent":0,"guid":"https:\/\/wai-q7byvryhhcz9k.wpallimport-demo.qsandbox.me\/competition\/biegi-narciarskie\/","menu_order":0,"post_type":"competition","post_mime_type":"","comment_count":"0","filter":"raw"}],"competition_icons_cooperators":[{"icon":{"ID":101555,"id":101555,"title":"PKOl_piktogramy_BiegiG","filename":"PKOl_piktogramy_BiegiG.png","filesize":88683,"url":"https:\/\/olimpijski.pl\/wp-content\/uploads\/2022\/07\/PKOl_piktogramy_BiegiG.png","link":"https:\/\/olimpijski.pl\/en\/igrzyska_zimowe\/mediolan-cortina-2026\/pkol_piktogramy_biegig\/#main","alt":"","author":"1","description":"","caption":"","name":"pkol_piktogramy_biegig","status":"inherit","uploaded_to":48831,"date":"2026-02-02 08:15:25","modified":"2026-02-02 08:15:25","menu_order":0,"mime_type":"image\/png","type":"image","subtype":"png","icon":"https:\/\/olimpijski.pl\/wp-includes\/images\/media\/default.png","width":900,"height":900,"sizes":{"thumbnail":"https:\/\/olimpijski.pl\/wp-content\/uploads\/2022\/07\/PKOl_piktogramy_BiegiG-150x150.png","thumbnail-width":150,"thumbnail-height":150,"medium":"https:\/\/olimpijski.pl\/wp-content\/uploads\/2022\/07\/PKOl_piktogramy_BiegiG-300x300.png","medium-width":300,"medium-height":300,"medium_large":"https:\/\/olimpijski.pl\/wp-content\/uploads\/2022\/07\/PKOl_piktogramy_BiegiG-768x768.png","medium_large-width":768,"medium_large-height":768,"large":"https:\/\/olimpijski.pl\/wp-content\/uploads\/2022\/07\/PKOl_piktogramy_BiegiG.png","large-width":900,"large-height":900,"1536x1536":"https:\/\/olimpijski.pl\/wp-content\/uploads\/2022\/07\/PKOl_piktogramy_BiegiG.png","1536x1536-width":900,"1536x1536-height":900,"2048x2048":"https:\/\/olimpijski.pl\/wp-content\/uploads\/2022\/07\/PKOl_piktogramy_BiegiG.png","2048x2048-width":900,"2048x2048-height":900,"ultp_layout_landscape_large":"https:\/\/olimpijski.pl\/wp-content\/uploads\/2022\/07\/PKOl_piktogramy_BiegiG-900x800.png","ultp_layout_landscape_large-width":900,"ultp_layout_landscape_large-height":800,"ultp_layout_landscape":"https:\/\/olimpijski.pl\/wp-content\/uploads\/2022\/07\/PKOl_piktogramy_BiegiG-870x570.png","ultp_layout_landscape-width":870,"ultp_layout_landscape-height":570,"ultp_layout_portrait":"https:\/\/olimpijski.pl\/wp-content\/uploads\/2022\/07\/PKOl_piktogramy_BiegiG-600x900.png","ultp_layout_portrait-width":600,"ultp_layout_portrait-height":900,"ultp_layout_square":"https:\/\/olimpijski.pl\/wp-content\/uploads\/2022\/07\/PKOl_piktogramy_BiegiG-600x600.png","ultp_layout_square-width":600,"ultp_layout_square-height":600}},"cooperators":"<h2>Osoby wsp\u00f3\u0142pracuj\u0105ce:<\/h2>\n<p>Mariusz HKUCHNIK \u2013 trener g\u0142\u00f3wny<br \/>\nSven RAKOSZEK \u2013 fizjoterapeuta<br \/>\nPiotr \u015aLIWKA \u2013 serwisman<br \/>\nDawid BRIL \u2013 serwisman<br \/>\nMateusz CHOWANIAK \u2013 serwisman<br \/>\nPawe\u0142 FUNDANICZ \u2013 serwisman<br \/>\nAndrzej MICHA\u0141EK \u2013 serwisman<br \/>\nGrzegorz ZAWADA \u2013 serwisman<br \/>\nKarol MALEC \u2013 lekarz<br \/>\nDorota PIETRZYK-MATUSIK \u2013 psycholog<\/p>\n"},{"icon":false,"cooperators":""}]},{"competition_olympic":[{"ID":5847,"post_author":"1","post_date":"2020-06-19 11:32:26","post_date_gmt":"2020-06-19 11:32:26","post_content":"","post_title":"Bobsleje","post_excerpt":"","post_status":"publish","comment_status":"open","ping_status":"open","post_password":"","post_name":"bobsleje","to_ping":"","pinged":"","post_modified":"2020-06-29 13:13:11","post_modified_gmt":"2020-06-29 11:13:11","post_content_filtered":"","post_parent":0,"guid":"https:\/\/wai-q7byvryhhcz9k.wpallimport-demo.qsandbox.me\/competition\/bobsleje\/","menu_order":0,"post_type":"competition","post_mime_type":"","comment_count":"0","filter":"raw"}],"competition_icons_cooperators":[{"icon":{"ID":101575,"id":101575,"title":"PKOl_piktogramy_BobslejeG","filename":"PKOl_piktogramy_BobslejeG.png","filesize":103644,"url":"https:\/\/olimpijski.pl\/wp-content\/uploads\/2022\/07\/PKOl_piktogramy_BobslejeG.png","link":"https:\/\/olimpijski.pl\/en\/igrzyska_zimowe\/mediolan-cortina-2026\/pkol_piktogramy_bobslejeg\/#main","alt":"","author":"1","description":"","caption":"","name":"pkol_piktogramy_bobslejeg","status":"inherit","uploaded_to":48831,"date":"2026-02-02 08:15:39","modified":"2026-02-02 08:15:39","menu_order":0,"mime_type":"image\/png","type":"image","subtype":"png","icon":"https:\/\/olimpijski.pl\/wp-includes\/images\/media\/default.png","width":900,"height":900,"sizes":{"thumbnail":"https:\/\/olimpijski.pl\/wp-content\/uploads\/2022\/07\/PKOl_piktogramy_BobslejeG-150x150.png","thumbnail-width":150,"thumbnail-height":150,"medium":"https:\/\/olimpijski.pl\/wp-content\/uploads\/2022\/07\/PKOl_piktogramy_BobslejeG-300x300.png","medium-width":300,"medium-height":300,"medium_large":"https:\/\/olimpijski.pl\/wp-content\/uploads\/2022\/07\/PKOl_piktogramy_BobslejeG-768x768.png","medium_large-width":768,"medium_large-height":768,"large":"https:\/\/olimpijski.pl\/wp-content\/uploads\/2022\/07\/PKOl_piktogramy_BobslejeG.png","large-width":900,"large-height":900,"1536x1536":"https:\/\/olimpijski.pl\/wp-content\/uploads\/2022\/07\/PKOl_piktogramy_BobslejeG.png","1536x1536-width":900,"1536x1536-height":900,"2048x2048":"https:\/\/olimpijski.pl\/wp-content\/uploads\/2022\/07\/PKOl_piktogramy_BobslejeG.png","2048x2048-width":900,"2048x2048-height":900,"ultp_layout_landscape_large":"https:\/\/olimpijski.pl\/wp-content\/uploads\/2022\/07\/PKOl_piktogramy_BobslejeG-900x800.png","ultp_layout_landscape_large-width":900,"ultp_layout_landscape_large-height":800,"ultp_layout_landscape":"https:\/\/olimpijski.pl\/wp-content\/uploads\/2022\/07\/PKOl_piktogramy_BobslejeG-870x570.png","ultp_layout_landscape-width":870,"ultp_layout_landscape-height":570,"ultp_layout_portrait":"https:\/\/olimpijski.pl\/wp-content\/uploads\/2022\/07\/PKOl_piktogramy_BobslejeG-600x900.png","ultp_layout_portrait-width":600,"ultp_layout_portrait-height":900,"ultp_layout_square":"https:\/\/olimpijski.pl\/wp-content\/uploads\/2022\/07\/PKOl_piktogramy_BobslejeG-600x600.png","ultp_layout_square-width":600,"ultp_layout_square-height":600}},"cooperators":"<h2>Osoby wsp\u00f3\u0142pracuj\u0105ce:<\/h2>\n<p>Dawid KUPCZYK \u2013 trener<br \/>\nRafa\u0142 BIA\u0141EK \u2013 fizjoterapeuta<br \/>\nPawe\u0142 MR\u00d3Z \u2013 mechanik<br \/>\nMarek KROCHMALSKI \u2013 lekarz<\/p>\n"}]},{"competition_olympic":[{"ID":5836,"post_author":"1","post_date":"2020-06-19 11:32:23","post_date_gmt":"2020-06-19 11:32:23","post_content":"","post_title":"Kombinacja norweska","post_excerpt":"","post_status":"publish","comment_status":"open","ping_status":"open","post_password":"","post_name":"kombinacja-norweska","to_ping":"","pinged":"","post_modified":"2020-06-29 13:13:11","post_modified_gmt":"2020-06-29 11:13:11","post_content_filtered":"","post_parent":0,"guid":"https:\/\/wai-q7byvryhhcz9k.wpallimport-demo.qsandbox.me\/competition\/kombinacja-norweska\/","menu_order":0,"post_type":"competition","post_mime_type":"","comment_count":"0","filter":"raw"}],"competition_icons_cooperators":[{"icon":{"ID":101553,"id":101553,"title":"PKOl_piktogramy_KombinacjaG","filename":"PKOl_piktogramy_KombinacjaG.png","filesize":105858,"url":"https:\/\/olimpijski.pl\/wp-content\/uploads\/2022\/07\/PKOl_piktogramy_KombinacjaG.png","link":"https:\/\/olimpijski.pl\/en\/igrzyska_zimowe\/mediolan-cortina-2026\/pkol_piktogramy_kombinacjag\/#main","alt":"","author":"1","description":"","caption":"","name":"pkol_piktogramy_kombinacjag","status":"inherit","uploaded_to":48831,"date":"2026-02-02 08:15:24","modified":"2026-02-02 08:15:24","menu_order":0,"mime_type":"image\/png","type":"image","subtype":"png","icon":"https:\/\/olimpijski.pl\/wp-includes\/images\/media\/default.png","width":900,"height":900,"sizes":{"thumbnail":"https:\/\/olimpijski.pl\/wp-content\/uploads\/2022\/07\/PKOl_piktogramy_KombinacjaG-150x150.png","thumbnail-width":150,"thumbnail-height":150,"medium":"https:\/\/olimpijski.pl\/wp-content\/uploads\/2022\/07\/PKOl_piktogramy_KombinacjaG-300x300.png","medium-width":300,"medium-height":300,"medium_large":"https:\/\/olimpijski.pl\/wp-content\/uploads\/2022\/07\/PKOl_piktogramy_KombinacjaG-768x768.png","medium_large-width":768,"medium_large-height":768,"large":"https:\/\/olimpijski.pl\/wp-content\/uploads\/2022\/07\/PKOl_piktogramy_KombinacjaG.png","large-width":900,"large-height":900,"1536x1536":"https:\/\/olimpijski.pl\/wp-content\/uploads\/2022\/07\/PKOl_piktogramy_KombinacjaG.png","1536x1536-width":900,"1536x1536-height":900,"2048x2048":"https:\/\/olimpijski.pl\/wp-content\/uploads\/2022\/07\/PKOl_piktogramy_KombinacjaG.png","2048x2048-width":900,"2048x2048-height":900,"ultp_layout_landscape_large":"https:\/\/olimpijski.pl\/wp-content\/uploads\/2022\/07\/PKOl_piktogramy_KombinacjaG-900x800.png","ultp_layout_landscape_large-width":900,"ultp_layout_landscape_large-height":800,"ultp_layout_landscape":"https:\/\/olimpijski.pl\/wp-content\/uploads\/2022\/07\/PKOl_piktogramy_KombinacjaG-870x570.png","ultp_layout_landscape-width":870,"ultp_layout_landscape-height":570,"ultp_layout_portrait":"https:\/\/olimpijski.pl\/wp-content\/uploads\/2022\/07\/PKOl_piktogramy_KombinacjaG-600x900.png","ultp_layout_portrait-width":600,"ultp_layout_portrait-height":900,"ultp_layout_square":"https:\/\/olimpijski.pl\/wp-content\/uploads\/2022\/07\/PKOl_piktogramy_KombinacjaG-600x600.png","ultp_layout_square-width":600,"ultp_layout_square-height":600}},"cooperators":"<h2>Osoby wsp\u00f3\u0142pracuj\u0105ce:<\/h2>\n<p>Wojciech MARUSASZ \u2013 trener g\u0142\u00f3wny<br \/>\nWiktor KUBI\u0143SKI \u2013 serwisman<\/p>\n"}]},{"competition_olympic":[{"ID":5837,"post_author":"1","post_date":"2020-06-19 11:32:23","post_date_gmt":"2020-06-19 11:32:23","post_content":"","post_title":"\u0141y\u017cwiarstwo figurowe","post_excerpt":"","post_status":"publish","comment_status":"open","ping_status":"open","post_password":"","post_name":"lyzwiarstwo-figurowe","to_ping":"","pinged":"","post_modified":"2020-06-29 13:13:11","post_modified_gmt":"2020-06-29 11:13:11","post_content_filtered":"","post_parent":0,"guid":"https:\/\/wai-q7byvryhhcz9k.wpallimport-demo.qsandbox.me\/competition\/lyzwiarstwo-figurowe\/","menu_order":0,"post_type":"competition","post_mime_type":"","comment_count":"0","filter":"raw"}],"competition_icons_cooperators":[{"icon":{"ID":101563,"id":101563,"title":"PKOl_piktogramy_Figurowe_G","filename":"PKOl_piktogramy_Figurowe_G.png","filesize":79484,"url":"https:\/\/olimpijski.pl\/wp-content\/uploads\/2022\/07\/PKOl_piktogramy_Figurowe_G.png","link":"https:\/\/olimpijski.pl\/en\/igrzyska_zimowe\/mediolan-cortina-2026\/pkol_piktogramy_figurowe_g\/#main","alt":"","author":"1","description":"","caption":"","name":"pkol_piktogramy_figurowe_g","status":"inherit","uploaded_to":48831,"date":"2026-02-02 08:15:31","modified":"2026-02-02 08:15:31","menu_order":0,"mime_type":"image\/png","type":"image","subtype":"png","icon":"https:\/\/olimpijski.pl\/wp-includes\/images\/media\/default.png","width":900,"height":900,"sizes":{"thumbnail":"https:\/\/olimpijski.pl\/wp-content\/uploads\/2022\/07\/PKOl_piktogramy_Figurowe_G-150x150.png","thumbnail-width":150,"thumbnail-height":150,"medium":"https:\/\/olimpijski.pl\/wp-content\/uploads\/2022\/07\/PKOl_piktogramy_Figurowe_G-300x300.png","medium-width":300,"medium-height":300,"medium_large":"https:\/\/olimpijski.pl\/wp-content\/uploads\/2022\/07\/PKOl_piktogramy_Figurowe_G-768x768.png","medium_large-width":768,"medium_large-height":768,"large":"https:\/\/olimpijski.pl\/wp-content\/uploads\/2022\/07\/PKOl_piktogramy_Figurowe_G.png","large-width":900,"large-height":900,"1536x1536":"https:\/\/olimpijski.pl\/wp-content\/uploads\/2022\/07\/PKOl_piktogramy_Figurowe_G.png","1536x1536-width":900,"1536x1536-height":900,"2048x2048":"https:\/\/olimpijski.pl\/wp-content\/uploads\/2022\/07\/PKOl_piktogramy_Figurowe_G.png","2048x2048-width":900,"2048x2048-height":900,"ultp_layout_landscape_large":"https:\/\/olimpijski.pl\/wp-content\/uploads\/2022\/07\/PKOl_piktogramy_Figurowe_G-900x800.png","ultp_layout_landscape_large-width":900,"ultp_layout_landscape_large-height":800,"ultp_layout_landscape":"https:\/\/olimpijski.pl\/wp-content\/uploads\/2022\/07\/PKOl_piktogramy_Figurowe_G-870x570.png","ultp_layout_landscape-width":870,"ultp_layout_landscape-height":570,"ultp_layout_portrait":"https:\/\/olimpijski.pl\/wp-content\/uploads\/2022\/07\/PKOl_piktogramy_Figurowe_G-600x900.png","ultp_layout_portrait-width":600,"ultp_layout_portrait-height":900,"ultp_layout_square":"https:\/\/olimpijski.pl\/wp-content\/uploads\/2022\/07\/PKOl_piktogramy_Figurowe_G-600x600.png","ultp_layout_square-width":600,"ultp_layout_square-height":600}},"cooperators":"<h2>Osoby wsp\u00f3\u0142pracuj\u0105ce:<\/h2>\n<p>Florent AMODIO \u2013 trener solistki<br \/>\nAngelina TURENKO \u2013 trener solisty<br \/>\nNolan SEEGERT \u2013 trener pary sportowej<br \/>\nSylwia NOWAK-TR\u0118BACKA \u2013 trenerka pary tanecznej<br \/>\nDawid GADULA \u2013 fizjoterapeuta<br \/>\nMagdalena TASCHER \u2013 prezes PZ\u0141F, kierownik ekipy<\/p>\n"},{"icon":false,"cooperators":""}]},{"competition_olympic":[{"ID":5838,"post_author":"1","post_date":"2020-06-19 11:32:23","post_date_gmt":"2020-06-19 11:32:23","post_content":"","post_title":"\u0141y\u017cwiarstwo szybkie","post_excerpt":"","post_status":"publish","comment_status":"open","ping_status":"open","post_password":"","post_name":"lyzwiarstwo-szybkie","to_ping":"","pinged":"","post_modified":"2020-06-29 13:13:11","post_modified_gmt":"2020-06-29 11:13:11","post_content_filtered":"","post_parent":0,"guid":"https:\/\/wai-q7byvryhhcz9k.wpallimport-demo.qsandbox.me\/competition\/lyzwiarstwo-szybkie\/","menu_order":0,"post_type":"competition","post_mime_type":"","comment_count":"0","filter":"raw"}],"competition_icons_cooperators":[{"icon":{"ID":101567,"id":101567,"title":"PKOl_piktogramy_szybkieG","filename":"PKOl_piktogramy_szybkieG.png","filesize":72479,"url":"https:\/\/olimpijski.pl\/wp-content\/uploads\/2022\/07\/PKOl_piktogramy_szybkieG.png","link":"https:\/\/olimpijski.pl\/en\/igrzyska_zimowe\/mediolan-cortina-2026\/pkol_piktogramy_szybkieg\/#main","alt":"","author":"1","description":"","caption":"","name":"pkol_piktogramy_szybkieg","status":"inherit","uploaded_to":48831,"date":"2026-02-02 08:15:34","modified":"2026-02-02 08:15:34","menu_order":0,"mime_type":"image\/png","type":"image","subtype":"png","icon":"https:\/\/olimpijski.pl\/wp-includes\/images\/media\/default.png","width":900,"height":900,"sizes":{"thumbnail":"https:\/\/olimpijski.pl\/wp-content\/uploads\/2022\/07\/PKOl_piktogramy_szybkieG-150x150.png","thumbnail-width":150,"thumbnail-height":150,"medium":"https:\/\/olimpijski.pl\/wp-content\/uploads\/2022\/07\/PKOl_piktogramy_szybkieG-300x300.png","medium-width":300,"medium-height":300,"medium_large":"https:\/\/olimpijski.pl\/wp-content\/uploads\/2022\/07\/PKOl_piktogramy_szybkieG-768x768.png","medium_large-width":768,"medium_large-height":768,"large":"https:\/\/olimpijski.pl\/wp-content\/uploads\/2022\/07\/PKOl_piktogramy_szybkieG.png","large-width":900,"large-height":900,"1536x1536":"https:\/\/olimpijski.pl\/wp-content\/uploads\/2022\/07\/PKOl_piktogramy_szybkieG.png","1536x1536-width":900,"1536x1536-height":900,"2048x2048":"https:\/\/olimpijski.pl\/wp-content\/uploads\/2022\/07\/PKOl_piktogramy_szybkieG.png","2048x2048-width":900,"2048x2048-height":900,"ultp_layout_landscape_large":"https:\/\/olimpijski.pl\/wp-content\/uploads\/2022\/07\/PKOl_piktogramy_szybkieG-900x800.png","ultp_layout_landscape_large-width":900,"ultp_layout_landscape_large-height":800,"ultp_layout_landscape":"https:\/\/olimpijski.pl\/wp-content\/uploads\/2022\/07\/PKOl_piktogramy_szybkieG-870x570.png","ultp_layout_landscape-width":870,"ultp_layout_landscape-height":570,"ultp_layout_portrait":"https:\/\/olimpijski.pl\/wp-content\/uploads\/2022\/07\/PKOl_piktogramy_szybkieG-600x900.png","ultp_layout_portrait-width":600,"ultp_layout_portrait-height":900,"ultp_layout_square":"https:\/\/olimpijski.pl\/wp-content\/uploads\/2022\/07\/PKOl_piktogramy_szybkieG-600x600.png","ultp_layout_square-width":600,"ultp_layout_square-height":600}},"cooperators":"<h2>Osoby wsp\u00f3\u0142pracuj\u0105ce:<\/h2>\n<p>Roland CIE\u015aLAK \u2013 trener g\u0142\u00f3wny biegi \u015brednie i d\u0142ugie<br \/>\nArtur WA\u015a \u2013 trener g\u0142\u00f3wny sprint<br \/>\nHenk HOSPES \u2013 trener asystent biegi \u015brednie i d\u0142ugie<br \/>\nKamil TOUTOUNCHI \u2013 trener asystent sprint<br \/>\nTomasz KOWALSKI \u2013 trener asystent<br \/>\nNatalia ROZWADOWSKA \u2013 fizjoterapeuta<br \/>\nKsymena \u017bUKOWSKA \u2013 fizjoterapeuta<br \/>\nMarcin KASPRZYK \u2013 serwisman<br \/>\nAgata JAB\u0141O\u0143SKA \u2013 team Leader<br \/>\nRafa\u0142 TATARUCH \u2013 Prezes PZ\u0141S, kierownik ekipy<\/p>\n"},{"icon":false,"cooperators":""}]},{"competition_olympic":[{"ID":5842,"post_author":"1","post_date":"2020-06-19 11:32:26","post_date_gmt":"2020-06-19 11:32:26","post_content":"","post_title":"Narciarstwo alpejskie","post_excerpt":"","post_status":"publish","comment_status":"open","ping_status":"open","post_password":"","post_name":"narciarstwo-alpejskie","to_ping":"","pinged":"","post_modified":"2020-06-29 13:13:11","post_modified_gmt":"2020-06-29 11:13:11","post_content_filtered":"","post_parent":0,"guid":"https:\/\/wai-q7byvryhhcz9k.wpallimport-demo.qsandbox.me\/competition\/narciarstwo-alpejskie\/","menu_order":0,"post_type":"competition","post_mime_type":"","comment_count":"0","filter":"raw"}],"competition_icons_cooperators":[{"icon":{"ID":101559,"id":101559,"title":"PKOl_piktogramy_alpejskieG","filename":"PKOl_piktogramy_alpejskieG.png","filesize":90052,"url":"https:\/\/olimpijski.pl\/wp-content\/uploads\/2022\/07\/PKOl_piktogramy_alpejskieG.png","link":"https:\/\/olimpijski.pl\/en\/igrzyska_zimowe\/mediolan-cortina-2026\/pkol_piktogramy_alpejskieg\/#main","alt":"","author":"1","description":"","caption":"","name":"pkol_piktogramy_alpejskieg","status":"inherit","uploaded_to":48831,"date":"2026-02-02 08:15:28","modified":"2026-02-02 08:15:28","menu_order":0,"mime_type":"image\/png","type":"image","subtype":"png","icon":"https:\/\/olimpijski.pl\/wp-includes\/images\/media\/default.png","width":900,"height":900,"sizes":{"thumbnail":"https:\/\/olimpijski.pl\/wp-content\/uploads\/2022\/07\/PKOl_piktogramy_alpejskieG-150x150.png","thumbnail-width":150,"thumbnail-height":150,"medium":"https:\/\/olimpijski.pl\/wp-content\/uploads\/2022\/07\/PKOl_piktogramy_alpejskieG-300x300.png","medium-width":300,"medium-height":300,"medium_large":"https:\/\/olimpijski.pl\/wp-content\/uploads\/2022\/07\/PKOl_piktogramy_alpejskieG-768x768.png","medium_large-width":768,"medium_large-height":768,"large":"https:\/\/olimpijski.pl\/wp-content\/uploads\/2022\/07\/PKOl_piktogramy_alpejskieG.png","large-width":900,"large-height":900,"1536x1536":"https:\/\/olimpijski.pl\/wp-content\/uploads\/2022\/07\/PKOl_piktogramy_alpejskieG.png","1536x1536-width":900,"1536x1536-height":900,"2048x2048":"https:\/\/olimpijski.pl\/wp-content\/uploads\/2022\/07\/PKOl_piktogramy_alpejskieG.png","2048x2048-width":900,"2048x2048-height":900,"ultp_layout_landscape_large":"https:\/\/olimpijski.pl\/wp-content\/uploads\/2022\/07\/PKOl_piktogramy_alpejskieG-900x800.png","ultp_layout_landscape_large-width":900,"ultp_layout_landscape_large-height":800,"ultp_layout_landscape":"https:\/\/olimpijski.pl\/wp-content\/uploads\/2022\/07\/PKOl_piktogramy_alpejskieG-870x570.png","ultp_layout_landscape-width":870,"ultp_layout_landscape-height":570,"ultp_layout_portrait":"https:\/\/olimpijski.pl\/wp-content\/uploads\/2022\/07\/PKOl_piktogramy_alpejskieG-600x900.png","ultp_layout_portrait-width":600,"ultp_layout_portrait-height":900,"ultp_layout_square":"https:\/\/olimpijski.pl\/wp-content\/uploads\/2022\/07\/PKOl_piktogramy_alpejskieG-600x600.png","ultp_layout_square-width":600,"ultp_layout_square-height":600}},"cooperators":"<h2>Osoby wsp\u00f3\u0142pracuj\u0105ce:<\/h2>\n<p>Jakub K\u0141USAK \u2013 asystent trenera g\u0142\u00f3wnego<br \/>\nMarcin OR\u0141OWSKI \u2013 trener g\u0142\u00f3wny Maryny\/team capitan<br \/>\nMaciej SOWI\u0143SKI \u2013 fizjoterapeuta<br \/>\nZbigniew DENDYS \u2013 trener g\u0142\u00f3wny Anieli<br \/>\nAmadeusz TYSZKOWSKI \u2013 serwisman<br \/>\nPrimoz FINZGAR \u2013 trener g\u0142\u00f3wny Micha\u0142a<br \/>\nJakub TABASZEWSKI \u2013 serwisman<\/p>\n"}]},{"competition_olympic":[{"ID":101581,"post_author":"1","post_date":"2026-02-02 09:25:58","post_date_gmt":"2026-02-02 08:25:58","post_content":"","post_title":"Narciarstwo wysokog\u00f3rskie","post_excerpt":"","post_status":"publish","comment_status":"closed","ping_status":"closed","post_password":"","post_name":"narciarstwo-wysokogorskie","to_ping":"","pinged":"","post_modified":"2026-02-05 20:13:15","post_modified_gmt":"2026-02-05 19:13:15","post_content_filtered":"","post_parent":0,"guid":"https:\/\/olimpijski.pl\/?post_type=competition&#038;p=101581","menu_order":0,"post_type":"competition","post_mime_type":"","comment_count":"0","filter":"raw"}],"competition_icons_cooperators":[{"icon":{"ID":101573,"id":101573,"title":"PKOl_piktogramy_wysokogorskieG","filename":"PKOl_piktogramy_wysokogorskieG.png","filesize":94591,"url":"https:\/\/olimpijski.pl\/wp-content\/uploads\/2022\/07\/PKOl_piktogramy_wysokogorskieG.png","link":"https:\/\/olimpijski.pl\/en\/igrzyska_zimowe\/mediolan-cortina-2026\/pkol_piktogramy_wysokogorskieg\/#main","alt":"","author":"1","description":"","caption":"","name":"pkol_piktogramy_wysokogorskieg","status":"inherit","uploaded_to":48831,"date":"2026-02-02 08:15:38","modified":"2026-02-02 08:15:38","menu_order":0,"mime_type":"image\/png","type":"image","subtype":"png","icon":"https:\/\/olimpijski.pl\/wp-includes\/images\/media\/default.png","width":900,"height":900,"sizes":{"thumbnail":"https:\/\/olimpijski.pl\/wp-content\/uploads\/2022\/07\/PKOl_piktogramy_wysokogorskieG-150x150.png","thumbnail-width":150,"thumbnail-height":150,"medium":"https:\/\/olimpijski.pl\/wp-content\/uploads\/2022\/07\/PKOl_piktogramy_wysokogorskieG-300x300.png","medium-width":300,"medium-height":300,"medium_large":"https:\/\/olimpijski.pl\/wp-content\/uploads\/2022\/07\/PKOl_piktogramy_wysokogorskieG-768x768.png","medium_large-width":768,"medium_large-height":768,"large":"https:\/\/olimpijski.pl\/wp-content\/uploads\/2022\/07\/PKOl_piktogramy_wysokogorskieG.png","large-width":900,"large-height":900,"1536x1536":"https:\/\/olimpijski.pl\/wp-content\/uploads\/2022\/07\/PKOl_piktogramy_wysokogorskieG.png","1536x1536-width":900,"1536x1536-height":900,"2048x2048":"https:\/\/olimpijski.pl\/wp-content\/uploads\/2022\/07\/PKOl_piktogramy_wysokogorskieG.png","2048x2048-width":900,"2048x2048-height":900,"ultp_layout_landscape_large":"https:\/\/olimpijski.pl\/wp-content\/uploads\/2022\/07\/PKOl_piktogramy_wysokogorskieG-900x800.png","ultp_layout_landscape_large-width":900,"ultp_layout_landscape_large-height":800,"ultp_layout_landscape":"https:\/\/olimpijski.pl\/wp-content\/uploads\/2022\/07\/PKOl_piktogramy_wysokogorskieG-870x570.png","ultp_layout_landscape-width":870,"ultp_layout_landscape-height":570,"ultp_layout_portrait":"https:\/\/olimpijski.pl\/wp-content\/uploads\/2022\/07\/PKOl_piktogramy_wysokogorskieG-600x900.png","ultp_layout_portrait-width":600,"ultp_layout_portrait-height":900,"ultp_layout_square":"https:\/\/olimpijski.pl\/wp-content\/uploads\/2022\/07\/PKOl_piktogramy_wysokogorskieG-600x600.png","ultp_layout_square-width":600,"ultp_layout_square-height":600}},"cooperators":"<h2>Osoby wsp\u00f3\u0142pracuj\u0105ce:<\/h2>\n<p>Agnieszka SOLIK \u2013 trener<br \/>\nKinga KLUKA-CYBA \u2013 fizjoterapeuta<br \/>\nDariusz KAFAROWSKI \u2013 serwisman<br \/>\nDorota KARPIEL-BU\u0141ECKA \u2013 psycholog<br \/>\nMarek WIERZBOWSKI \u2013 prezes PZA<\/p>\n"},{"icon":false,"cooperators":""}]},{"competition_olympic":[{"ID":5848,"post_author":"1","post_date":"2020-06-19 11:32:26","post_date_gmt":"2020-06-19 11:32:26","post_content":"","post_title":"Saneczkarstwo","post_excerpt":"","post_status":"publish","comment_status":"open","ping_status":"open","post_password":"","post_name":"saneczkarstwo","to_ping":"","pinged":"","post_modified":"2020-06-29 13:13:11","post_modified_gmt":"2020-06-29 11:13:11","post_content_filtered":"","post_parent":0,"guid":"https:\/\/wai-q7byvryhhcz9k.wpallimport-demo.qsandbox.me\/competition\/saneczkarstwo\/","menu_order":0,"post_type":"competition","post_mime_type":"","comment_count":"0","filter":"raw"}],"competition_icons_cooperators":[{"icon":{"ID":101557,"id":101557,"title":"PKOl_piktogramy_saneczkarstwo_G","filename":"PKOl_piktogramy_saneczkarstwo_G.png","filesize":110497,"url":"https:\/\/olimpijski.pl\/wp-content\/uploads\/2022\/07\/PKOl_piktogramy_saneczkarstwo_G.png","link":"https:\/\/olimpijski.pl\/en\/igrzyska_zimowe\/mediolan-cortina-2026\/pkol_piktogramy_saneczkarstwo_g\/#main","alt":"","author":"1","description":"","caption":"","name":"pkol_piktogramy_saneczkarstwo_g","status":"inherit","uploaded_to":48831,"date":"2026-02-02 08:15:27","modified":"2026-02-02 08:15:27","menu_order":0,"mime_type":"image\/png","type":"image","subtype":"png","icon":"https:\/\/olimpijski.pl\/wp-includes\/images\/media\/default.png","width":900,"height":900,"sizes":{"thumbnail":"https:\/\/olimpijski.pl\/wp-content\/uploads\/2022\/07\/PKOl_piktogramy_saneczkarstwo_G-150x150.png","thumbnail-width":150,"thumbnail-height":150,"medium":"https:\/\/olimpijski.pl\/wp-content\/uploads\/2022\/07\/PKOl_piktogramy_saneczkarstwo_G-300x300.png","medium-width":300,"medium-height":300,"medium_large":"https:\/\/olimpijski.pl\/wp-content\/uploads\/2022\/07\/PKOl_piktogramy_saneczkarstwo_G-768x768.png","medium_large-width":768,"medium_large-height":768,"large":"https:\/\/olimpijski.pl\/wp-content\/uploads\/2022\/07\/PKOl_piktogramy_saneczkarstwo_G.png","large-width":900,"large-height":900,"1536x1536":"https:\/\/olimpijski.pl\/wp-content\/uploads\/2022\/07\/PKOl_piktogramy_saneczkarstwo_G.png","1536x1536-width":900,"1536x1536-height":900,"2048x2048":"https:\/\/olimpijski.pl\/wp-content\/uploads\/2022\/07\/PKOl_piktogramy_saneczkarstwo_G.png","2048x2048-width":900,"2048x2048-height":900,"ultp_layout_landscape_large":"https:\/\/olimpijski.pl\/wp-content\/uploads\/2022\/07\/PKOl_piktogramy_saneczkarstwo_G-900x800.png","ultp_layout_landscape_large-width":900,"ultp_layout_landscape_large-height":800,"ultp_layout_landscape":"https:\/\/olimpijski.pl\/wp-content\/uploads\/2022\/07\/PKOl_piktogramy_saneczkarstwo_G-870x570.png","ultp_layout_landscape-width":870,"ultp_layout_landscape-height":570,"ultp_layout_portrait":"https:\/\/olimpijski.pl\/wp-content\/uploads\/2022\/07\/PKOl_piktogramy_saneczkarstwo_G-600x900.png","ultp_layout_portrait-width":600,"ultp_layout_portrait-height":900,"ultp_layout_square":"https:\/\/olimpijski.pl\/wp-content\/uploads\/2022\/07\/PKOl_piktogramy_saneczkarstwo_G-600x600.png","ultp_layout_square-width":600,"ultp_layout_square-height":600}},"cooperators":"<h2>Osoby wsp\u00f3\u0142pracuj\u0105ce:<\/h2>\n<p>Maciej BIEGA\u0143SKI \u2013 fizjoterapeuta<br \/>\nMarek SKOWRO\u0143SKI \u2013 trener g\u0142\u00f3wny<br \/>\nNitaj STELMACH \u2013 trener motoryczny<br \/>\nJanusz TATERA \u2013 sekretarz generalny PZSSan, kierownik ekipy<\/p>\n"}]},{"competition_olympic":[{"ID":5845,"post_author":"15","post_date":"2020-06-19 11:32:26","post_date_gmt":"2020-06-19 11:32:26","post_content":"","post_title":"Short track","post_excerpt":"","post_status":"publish","comment_status":"closed","ping_status":"closed","post_password":"","post_name":"short-track","to_ping":"","pinged":"","post_modified":"2020-10-21 13:26:10","post_modified_gmt":"2020-10-21 11:26:10","post_content_filtered":"","post_parent":0,"guid":"https:\/\/wai-q7byvryhhcz9k.wpallimport-demo.qsandbox.me\/competition\/short-track\/","menu_order":0,"post_type":"competition","post_mime_type":"","comment_count":"0","filter":"raw"}],"competition_icons_cooperators":[{"icon":{"ID":101571,"id":101571,"title":"PKOl_piktogramy_shortG","filename":"PKOl_piktogramy_shortG.png","filesize":78238,"url":"https:\/\/olimpijski.pl\/wp-content\/uploads\/2022\/07\/PKOl_piktogramy_shortG.png","link":"https:\/\/olimpijski.pl\/en\/igrzyska_zimowe\/mediolan-cortina-2026\/pkol_piktogramy_shortg\/#main","alt":"","author":"1","description":"","caption":"","name":"pkol_piktogramy_shortg","status":"inherit","uploaded_to":48831,"date":"2026-02-02 08:15:36","modified":"2026-02-02 08:15:36","menu_order":0,"mime_type":"image\/png","type":"image","subtype":"png","icon":"https:\/\/olimpijski.pl\/wp-includes\/images\/media\/default.png","width":900,"height":900,"sizes":{"thumbnail":"https:\/\/olimpijski.pl\/wp-content\/uploads\/2022\/07\/PKOl_piktogramy_shortG-150x150.png","thumbnail-width":150,"thumbnail-height":150,"medium":"https:\/\/olimpijski.pl\/wp-content\/uploads\/2022\/07\/PKOl_piktogramy_shortG-300x300.png","medium-width":300,"medium-height":300,"medium_large":"https:\/\/olimpijski.pl\/wp-content\/uploads\/2022\/07\/PKOl_piktogramy_shortG-768x768.png","medium_large-width":768,"medium_large-height":768,"large":"https:\/\/olimpijski.pl\/wp-content\/uploads\/2022\/07\/PKOl_piktogramy_shortG.png","large-width":900,"large-height":900,"1536x1536":"https:\/\/olimpijski.pl\/wp-content\/uploads\/2022\/07\/PKOl_piktogramy_shortG.png","1536x1536-width":900,"1536x1536-height":900,"2048x2048":"https:\/\/olimpijski.pl\/wp-content\/uploads\/2022\/07\/PKOl_piktogramy_shortG.png","2048x2048-width":900,"2048x2048-height":900,"ultp_layout_landscape_large":"https:\/\/olimpijski.pl\/wp-content\/uploads\/2022\/07\/PKOl_piktogramy_shortG-900x800.png","ultp_layout_landscape_large-width":900,"ultp_layout_landscape_large-height":800,"ultp_layout_landscape":"https:\/\/olimpijski.pl\/wp-content\/uploads\/2022\/07\/PKOl_piktogramy_shortG-870x570.png","ultp_layout_landscape-width":870,"ultp_layout_landscape-height":570,"ultp_layout_portrait":"https:\/\/olimpijski.pl\/wp-content\/uploads\/2022\/07\/PKOl_piktogramy_shortG-600x900.png","ultp_layout_portrait-width":600,"ultp_layout_portrait-height":900,"ultp_layout_square":"https:\/\/olimpijski.pl\/wp-content\/uploads\/2022\/07\/PKOl_piktogramy_shortG-600x600.png","ultp_layout_square-width":600,"ultp_layout_square-height":600}},"cooperators":"<h2>Osoby wsp\u00f3\u0142pracuj\u0105ce:<\/h2>\n<p>Gregory DURAND \u2013 trener g\u0142\u00f3wny m\u0119\u017cczyzn<br \/>\nUrszula KAMI\u0143SKA \u2013 trener g\u0142\u00f3wny kobiet<br \/>\nArtur KONOPKO \u2013 trener przygotowania motorycznego<br \/>\nJan BANA\u015aKIEWICZ \u2013 fizjoterapeuta<br \/>\nDariusz KULESZA \u2013 serwisman<br \/>\nAlicja NOWICKA \u2013 psycholog<\/p>\n"}]},{"competition_olympic":[{"ID":5834,"post_author":"1","post_date":"2020-06-19 11:32:23","post_date_gmt":"2020-06-19 11:32:23","post_content":"","post_title":"Skoki narciarskie","post_excerpt":"","post_status":"publish","comment_status":"open","ping_status":"open","post_password":"","post_name":"skoki-narciarskie","to_ping":"","pinged":"","post_modified":"2020-06-29 13:13:11","post_modified_gmt":"2020-06-29 11:13:11","post_content_filtered":"","post_parent":0,"guid":"https:\/\/wai-q7byvryhhcz9k.wpallimport-demo.qsandbox.me\/competition\/skoki-narciarskie\/","menu_order":0,"post_type":"competition","post_mime_type":"","comment_count":"0","filter":"raw"}],"competition_icons_cooperators":[{"icon":{"ID":101561,"id":101561,"title":"PKOl_piktogramy_Skoki_G","filename":"PKOl_piktogramy_Skoki_G.png","filesize":71687,"url":"https:\/\/olimpijski.pl\/wp-content\/uploads\/2022\/07\/PKOl_piktogramy_Skoki_G.png","link":"https:\/\/olimpijski.pl\/en\/igrzyska_zimowe\/mediolan-cortina-2026\/pkol_piktogramy_skoki_g\/#main","alt":"","author":"1","description":"","caption":"","name":"pkol_piktogramy_skoki_g","status":"inherit","uploaded_to":48831,"date":"2026-02-02 08:15:29","modified":"2026-02-02 08:15:29","menu_order":0,"mime_type":"image\/png","type":"image","subtype":"png","icon":"https:\/\/olimpijski.pl\/wp-includes\/images\/media\/default.png","width":900,"height":900,"sizes":{"thumbnail":"https:\/\/olimpijski.pl\/wp-content\/uploads\/2022\/07\/PKOl_piktogramy_Skoki_G-150x150.png","thumbnail-width":150,"thumbnail-height":150,"medium":"https:\/\/olimpijski.pl\/wp-content\/uploads\/2022\/07\/PKOl_piktogramy_Skoki_G-300x300.png","medium-width":300,"medium-height":300,"medium_large":"https:\/\/olimpijski.pl\/wp-content\/uploads\/2022\/07\/PKOl_piktogramy_Skoki_G-768x768.png","medium_large-width":768,"medium_large-height":768,"large":"https:\/\/olimpijski.pl\/wp-content\/uploads\/2022\/07\/PKOl_piktogramy_Skoki_G.png","large-width":900,"large-height":900,"1536x1536":"https:\/\/olimpijski.pl\/wp-content\/uploads\/2022\/07\/PKOl_piktogramy_Skoki_G.png","1536x1536-width":900,"1536x1536-height":900,"2048x2048":"https:\/\/olimpijski.pl\/wp-content\/uploads\/2022\/07\/PKOl_piktogramy_Skoki_G.png","2048x2048-width":900,"2048x2048-height":900,"ultp_layout_landscape_large":"https:\/\/olimpijski.pl\/wp-content\/uploads\/2022\/07\/PKOl_piktogramy_Skoki_G-900x800.png","ultp_layout_landscape_large-width":900,"ultp_layout_landscape_large-height":800,"ultp_layout_landscape":"https:\/\/olimpijski.pl\/wp-content\/uploads\/2022\/07\/PKOl_piktogramy_Skoki_G-870x570.png","ultp_layout_landscape-width":870,"ultp_layout_landscape-height":570,"ultp_layout_portrait":"https:\/\/olimpijski.pl\/wp-content\/uploads\/2022\/07\/PKOl_piktogramy_Skoki_G-600x900.png","ultp_layout_portrait-width":600,"ultp_layout_portrait-height":900,"ultp_layout_square":"https:\/\/olimpijski.pl\/wp-content\/uploads\/2022\/07\/PKOl_piktogramy_Skoki_G-600x600.png","ultp_layout_square-width":600,"ultp_layout_square-height":600}},"cooperators":"<h2>Osoby wsp\u00f3\u0142pracuj\u0105ce:<\/h2>\n<p>Marcin BACHLEDA \u2013 trener g\u0142\u00f3wny<br \/>\nMaciej MACIUSIAK \u2013 trener g\u0142\u00f3wny<br \/>\nMicha\u0142 DOLE\u017bAL \u2013 asystent trenera g\u0142\u00f3wnego<br \/>\nStefan HULA \u2013 asystent trenera g\u0142\u00f3wnego<br \/>\nKrzysztof MI\u0118TUS \u2013 asystent trenera g\u0142\u00f3wnego<br \/>\nMicha\u0142 WILK \u2013 trener przygotowania motorycznego<br \/>\nPawe\u0142 GURBISZ \u2013 fizjoterapeuta<br \/>\nWojciech JUROICZ \u2013 specjalista ds. sprz\u0119tu<br \/>\nMaciej KRECZMER \u2013 serwisman<br \/>\nKamil SKROBOT \u2013 serwisman<\/p>\n"}]},{"competition_olympic":[{"ID":5844,"post_author":"1","post_date":"2020-06-19 11:32:26","post_date_gmt":"2020-06-19 11:32:26","post_content":"","post_title":"Snowboard","post_excerpt":"","post_status":"publish","comment_status":"open","ping_status":"open","post_password":"","post_name":"snowboard","to_ping":"","pinged":"","post_modified":"2020-06-29 13:13:11","post_modified_gmt":"2020-06-29 11:13:11","post_content_filtered":"","post_parent":0,"guid":"https:\/\/wai-q7byvryhhcz9k.wpallimport-demo.qsandbox.me\/competition\/snowboard\/","menu_order":0,"post_type":"competition","post_mime_type":"","comment_count":"0","filter":"raw"}],"competition_icons_cooperators":[{"icon":{"ID":101565,"id":101565,"title":"PKOl_piktogramy_snowboard_G","filename":"PKOl_piktogramy_snowboard_G.png","filesize":96339,"url":"https:\/\/olimpijski.pl\/wp-content\/uploads\/2022\/07\/PKOl_piktogramy_snowboard_G.png","link":"https:\/\/olimpijski.pl\/en\/igrzyska_zimowe\/mediolan-cortina-2026\/pkol_piktogramy_snowboard_g\/#main","alt":"","author":"1","description":"","caption":"","name":"pkol_piktogramy_snowboard_g","status":"inherit","uploaded_to":48831,"date":"2026-02-02 08:15:32","modified":"2026-02-02 08:15:32","menu_order":0,"mime_type":"image\/png","type":"image","subtype":"png","icon":"https:\/\/olimpijski.pl\/wp-includes\/images\/media\/default.png","width":900,"height":900,"sizes":{"thumbnail":"https:\/\/olimpijski.pl\/wp-content\/uploads\/2022\/07\/PKOl_piktogramy_snowboard_G-150x150.png","thumbnail-width":150,"thumbnail-height":150,"medium":"https:\/\/olimpijski.pl\/wp-content\/uploads\/2022\/07\/PKOl_piktogramy_snowboard_G-300x300.png","medium-width":300,"medium-height":300,"medium_large":"https:\/\/olimpijski.pl\/wp-content\/uploads\/2022\/07\/PKOl_piktogramy_snowboard_G-768x768.png","medium_large-width":768,"medium_large-height":768,"large":"https:\/\/olimpijski.pl\/wp-content\/uploads\/2022\/07\/PKOl_piktogramy_snowboard_G.png","large-width":900,"large-height":900,"1536x1536":"https:\/\/olimpijski.pl\/wp-content\/uploads\/2022\/07\/PKOl_piktogramy_snowboard_G.png","1536x1536-width":900,"1536x1536-height":900,"2048x2048":"https:\/\/olimpijski.pl\/wp-content\/uploads\/2022\/07\/PKOl_piktogramy_snowboard_G.png","2048x2048-width":900,"2048x2048-height":900,"ultp_layout_landscape_large":"https:\/\/olimpijski.pl\/wp-content\/uploads\/2022\/07\/PKOl_piktogramy_snowboard_G-900x800.png","ultp_layout_landscape_large-width":900,"ultp_layout_landscape_large-height":800,"ultp_layout_landscape":"https:\/\/olimpijski.pl\/wp-content\/uploads\/2022\/07\/PKOl_piktogramy_snowboard_G-870x570.png","ultp_layout_landscape-width":870,"ultp_layout_landscape-height":570,"ultp_layout_portrait":"https:\/\/olimpijski.pl\/wp-content\/uploads\/2022\/07\/PKOl_piktogramy_snowboard_G-600x900.png","ultp_layout_portrait-width":600,"ultp_layout_portrait-height":900,"ultp_layout_square":"https:\/\/olimpijski.pl\/wp-content\/uploads\/2022\/07\/PKOl_piktogramy_snowboard_G-600x600.png","ultp_layout_square-width":600,"ultp_layout_square-height":600}},"cooperators":"<h2>Osoby wsp\u00f3\u0142pracuj\u0105ce:<\/h2>\n<p>Oskar BOM \u2013 trener<br \/>\nIzidor SUSTERSIC \u2013 asystent Trenera<br \/>\nPrzemys\u0142aw BUCZY\u0143SKI \u2013 fizjoterapueta<br \/>\nDarko CENTRIH \u2013 serwisman<br \/>\nTomasz GRZYWACZ \u2013 Sekretarz Generalny PZN, kierownik ekipy<\/p>\n"}]}],"pokaz_ustawienia_ze_starego_systemu":false,"startdate":"06.02.2026 8:00 pm","enddate":"22.02.2026 10:00 pm","place":"Mediolan-Cortina d\u2019Ampezzo","year":"2026","logo":"https:\/\/olimpijski.pl\/wp-content\/uploads\/2021\/09\/Milano-Cortina_2026_logo.jpg","histroy_tabs":false,"hide_representative_checkbox":false,"no_medals_info":"<p>&#8211;<\/p>\n","message_hidden_representatives":"<p>Reprezentacja zostanie opublikowana po akceptacji przez PKOl.<\/p>\n","zmiana_posta_na_link_zewnetrzny":false,"external_url":""},"_links":{"self":[{"href":"https:\/\/olimpijski.pl\/en\/wp-json\/wp\/v2\/olympics_winter\/48831"}],"collection":[{"href":"https:\/\/olimpijski.pl\/en\/wp-json\/wp\/v2\/olympics_winter"}],"about":[{"href":"https:\/\/olimpijski.pl\/en\/wp-json\/wp\/v2\/types\/olympics_winter"}],"version-history":[{"count":29,"href":"https:\/\/olimpijski.pl\/en\/wp-json\/wp\/v2\/olympics_winter\/48831\/revisions"}],"predecessor-version":[{"id":104578,"href":"https:\/\/olimpijski.pl\/en\/wp-json\/wp\/v2\/olympics_winter\/48831\/revisions\/104578"}],"wp:attachment":[{"href":"https:\/\/olimpijski.pl\/en\/wp-json\/wp\/v2\/media?parent=48831"}],"curies":[{"name":"wp","href":"https:\/\/api.w.org\/{rel}","templated":true}]}}