{"id":51073,"date":"2022-01-25T16:50:06","date_gmt":"2022-01-25T15:50:06","guid":{"rendered":"https:\/\/olimpijski.pl\/?post_type=olympics_winter&#038;p=51073"},"modified":"2022-01-31T12:30:35","modified_gmt":"2022-01-31T11:30:35","slug":"misja-olimpijska","status":"publish","type":"olympics_winter","link":"https:\/\/olimpijski.pl\/en\/igrzyska_zimowe\/pekin-2022\/misja-olimpijska\/","title":{"rendered":"Misja olimpijska"},"content":{"rendered":"\n<h1 class=\"main-title wp-block-heading\">Kierownictwo Reprezentacji<\/h1>\n\n\n\n<p><\/p>\n\n\n\n<div class=\"wp-block-media-text alignwide is-stacked-on-mobile\" style=\"grid-template-columns:29% auto\"><figure class=\"wp-block-media-text__media\"><img loading=\"lazy\" decoding=\"async\" width=\"500\" height=\"630\" src=\"https:\/\/olimpijski.pl\/wp-content\/uploads\/2022\/01\/Andrzej_Krasnicki_500.jpg\" alt=\"\" class=\"wp-image-51271 size-full\" srcset=\"https:\/\/olimpijski.pl\/wp-content\/uploads\/2022\/01\/Andrzej_Krasnicki_500.jpg 500w, https:\/\/olimpijski.pl\/wp-content\/uploads\/2022\/01\/Andrzej_Krasnicki_500-238x300.jpg 238w\" sizes=\"(max-width: 500px) 100vw, 500px\" \/><\/figure><div class=\"wp-block-media-text__content\">\n<h1 class=\"wp-block-heading\"><strong>Andrzej KRA\u015aNICKI<\/strong><\/h1>\n\n\n\n<p>Przewodnicz\u0105cy Polskiej Reprezentacji Olimpijskiej<br>Prezes Polskiego Komitetu Olimpijskiego<\/p>\n<\/div><\/div>\n\n\n\n<div class=\"wp-block-media-text alignwide is-stacked-on-mobile\" style=\"grid-template-columns:29% auto\"><figure class=\"wp-block-media-text__media\"><img loading=\"lazy\" decoding=\"async\" width=\"500\" height=\"630\" src=\"https:\/\/olimpijski.pl\/wp-content\/uploads\/2022\/01\/Adam_Krzesinski_500.jpg\" alt=\"\" class=\"wp-image-51273 size-full\" srcset=\"https:\/\/olimpijski.pl\/wp-content\/uploads\/2022\/01\/Adam_Krzesinski_500.jpg 500w, https:\/\/olimpijski.pl\/wp-content\/uploads\/2022\/01\/Adam_Krzesinski_500-238x300.jpg 238w\" sizes=\"(max-width: 500px) 100vw, 500px\" \/><\/figure><div class=\"wp-block-media-text__content\">\n<h1 class=\"wp-block-heading\"><strong>Adam KRZESI\u0143SKI<\/strong><\/h1>\n\n\n\n<p>Zast\u0119pca Przewodnicz\u0105cego Polskiej Reprezentacji Olimpijskiej<br>Sekretarz Generalny Polskiego Komitetu Olimpijskiego<\/p>\n<\/div><\/div>\n\n\n\n<hr class=\"wp-block-separator is-style-wide\"\/>\n\n\n\n<h2 class=\"wp-block-heading\"><strong>Misja olimpijska<\/strong><\/h2>\n\n\n\n<p><\/p>\n\n\n\n<div class=\"wp-block-media-text alignwide is-stacked-on-mobile\" style=\"grid-template-columns:25% auto\"><figure class=\"wp-block-media-text__media\"><img loading=\"lazy\" decoding=\"async\" width=\"500\" height=\"500\" src=\"https:\/\/olimpijski.pl\/wp-content\/uploads\/2022\/01\/Konrad_Niedzwiedzki_500.jpg\" alt=\"\" class=\"wp-image-51275 size-full\" srcset=\"https:\/\/olimpijski.pl\/wp-content\/uploads\/2022\/01\/Konrad_Niedzwiedzki_500.jpg 500w, https:\/\/olimpijski.pl\/wp-content\/uploads\/2022\/01\/Konrad_Niedzwiedzki_500-300x300.jpg 300w, https:\/\/olimpijski.pl\/wp-content\/uploads\/2022\/01\/Konrad_Niedzwiedzki_500-150x150.jpg 150w\" sizes=\"(max-width: 500px) 100vw, 500px\" \/><\/figure><div class=\"wp-block-media-text__content\">\n<p class=\"has-large-font-size\"><strong>Konrad NIED\u0179WIEDZKI<\/strong><br>SZEF MISJI<\/p>\n<\/div><\/div>\n\n\n\n<div class=\"wp-block-media-text alignwide is-stacked-on-mobile\" style=\"grid-template-columns:25% auto\"><figure class=\"wp-block-media-text__media\"><img loading=\"lazy\" decoding=\"async\" width=\"500\" height=\"500\" src=\"https:\/\/olimpijski.pl\/wp-content\/uploads\/2022\/01\/Iwona_Lotysz_500.jpg\" alt=\"\" class=\"wp-image-51277 size-full\" srcset=\"https:\/\/olimpijski.pl\/wp-content\/uploads\/2022\/01\/Iwona_Lotysz_500.jpg 500w, https:\/\/olimpijski.pl\/wp-content\/uploads\/2022\/01\/Iwona_Lotysz_500-300x300.jpg 300w, https:\/\/olimpijski.pl\/wp-content\/uploads\/2022\/01\/Iwona_Lotysz_500-150x150.jpg 150w\" sizes=\"(max-width: 500px) 100vw, 500px\" \/><\/figure><div class=\"wp-block-media-text__content\">\n<p class=\"has-large-font-size\"><strong>Iwona \u0141OTYSZ<\/strong><br>ZAST\u0118PCA SZEFA MISJI<\/p>\n<\/div><\/div>\n\n\n\n<div class=\"wp-block-media-text alignwide is-stacked-on-mobile\" style=\"grid-template-columns:25% auto\"><figure class=\"wp-block-media-text__media\"><img loading=\"lazy\" decoding=\"async\" width=\"500\" height=\"500\" src=\"https:\/\/olimpijski.pl\/wp-content\/uploads\/2022\/01\/Marcin_Nowak_500.jpg\" alt=\"\" class=\"wp-image-51279 size-full\" srcset=\"https:\/\/olimpijski.pl\/wp-content\/uploads\/2022\/01\/Marcin_Nowak_500.jpg 500w, https:\/\/olimpijski.pl\/wp-content\/uploads\/2022\/01\/Marcin_Nowak_500-300x300.jpg 300w, https:\/\/olimpijski.pl\/wp-content\/uploads\/2022\/01\/Marcin_Nowak_500-150x150.jpg 150w\" sizes=\"(max-width: 500px) 100vw, 500px\" \/><\/figure><div class=\"wp-block-media-text__content\">\n<p class=\"has-large-font-size\"><strong>Marcin NOWAK<\/strong><br>ZAST\u0118PCA SZEFA MISJI<\/p>\n<\/div><\/div>\n\n\n\n<div class=\"wp-block-media-text alignwide is-stacked-on-mobile\" style=\"grid-template-columns:25% auto\"><figure class=\"wp-block-media-text__media\"><img loading=\"lazy\" decoding=\"async\" width=\"500\" height=\"500\" src=\"https:\/\/olimpijski.pl\/wp-content\/uploads\/2022\/01\/Ewelina_Wawrynkiewicz-Binda_500.jpg\" alt=\"\" class=\"wp-image-51281 size-full\" srcset=\"https:\/\/olimpijski.pl\/wp-content\/uploads\/2022\/01\/Ewelina_Wawrynkiewicz-Binda_500.jpg 500w, https:\/\/olimpijski.pl\/wp-content\/uploads\/2022\/01\/Ewelina_Wawrynkiewicz-Binda_500-300x300.jpg 300w, https:\/\/olimpijski.pl\/wp-content\/uploads\/2022\/01\/Ewelina_Wawrynkiewicz-Binda_500-150x150.jpg 150w\" sizes=\"(max-width: 500px) 100vw, 500px\" \/><\/figure><div class=\"wp-block-media-text__content\">\n<p class=\"has-large-font-size\"><strong>Ewelina WAWRYNKIEWICZ-BINDA<br><\/strong>CZ\u0141ONEK MISJI<\/p>\n<\/div><\/div>\n\n\n\n<div class=\"wp-block-media-text alignwide is-stacked-on-mobile\" style=\"grid-template-columns:25% auto\"><figure class=\"wp-block-media-text__media\"><img loading=\"lazy\" decoding=\"async\" width=\"500\" height=\"500\" src=\"https:\/\/olimpijski.pl\/wp-content\/uploads\/2022\/01\/Dorota_Gos_500.jpg\" alt=\"\" class=\"wp-image-51283 size-full\" srcset=\"https:\/\/olimpijski.pl\/wp-content\/uploads\/2022\/01\/Dorota_Gos_500.jpg 500w, https:\/\/olimpijski.pl\/wp-content\/uploads\/2022\/01\/Dorota_Gos_500-300x300.jpg 300w, https:\/\/olimpijski.pl\/wp-content\/uploads\/2022\/01\/Dorota_Gos_500-150x150.jpg 150w\" sizes=\"(max-width: 500px) 100vw, 500px\" \/><\/figure><div class=\"wp-block-media-text__content\">\n<p class=\"has-large-font-size\"><strong>Dorota GO\u015a<\/strong><br>CZ\u0141ONEK MISJI<\/p>\n<\/div><\/div>\n\n\n\n<div class=\"wp-block-media-text alignwide is-stacked-on-mobile\" style=\"grid-template-columns:25% auto\"><figure class=\"wp-block-media-text__media\"><img loading=\"lazy\" decoding=\"async\" width=\"500\" height=\"500\" src=\"https:\/\/olimpijski.pl\/wp-content\/uploads\/2022\/01\/Marcin_Doros_500.jpg\" alt=\"\" class=\"wp-image-51287 size-full\" srcset=\"https:\/\/olimpijski.pl\/wp-content\/uploads\/2022\/01\/Marcin_Doros_500.jpg 500w, https:\/\/olimpijski.pl\/wp-content\/uploads\/2022\/01\/Marcin_Doros_500-300x300.jpg 300w, https:\/\/olimpijski.pl\/wp-content\/uploads\/2022\/01\/Marcin_Doros_500-150x150.jpg 150w\" sizes=\"(max-width: 500px) 100vw, 500px\" \/><\/figure><div class=\"wp-block-media-text__content\">\n<p class=\"has-large-font-size\"><strong>Marcin DORO\u015a<\/strong><br>CZ\u0141ONEK MISJI<\/p>\n<\/div><\/div>\n\n\n\n<div class=\"wp-block-media-text alignwide is-stacked-on-mobile\" style=\"grid-template-columns:25% auto\"><figure class=\"wp-block-media-text__media\"><img loading=\"lazy\" decoding=\"async\" width=\"500\" height=\"500\" src=\"https:\/\/olimpijski.pl\/wp-content\/uploads\/2022\/01\/Kamil_Ancygier_500.jpg\" alt=\"\" class=\"wp-image-51289 size-full\" srcset=\"https:\/\/olimpijski.pl\/wp-content\/uploads\/2022\/01\/Kamil_Ancygier_500.jpg 500w, https:\/\/olimpijski.pl\/wp-content\/uploads\/2022\/01\/Kamil_Ancygier_500-300x300.jpg 300w, https:\/\/olimpijski.pl\/wp-content\/uploads\/2022\/01\/Kamil_Ancygier_500-150x150.jpg 150w\" sizes=\"(max-width: 500px) 100vw, 500px\" \/><\/figure><div class=\"wp-block-media-text__content\">\n<p class=\"has-large-font-size\"><strong>Kamil ANCYGIER<\/strong><br>CZ\u0141ONEK MISJI<\/p>\n<\/div><\/div>\n\n\n\n<div class=\"wp-block-media-text alignwide is-stacked-on-mobile\" style=\"grid-template-columns:25% auto\"><figure class=\"wp-block-media-text__media\"><img loading=\"lazy\" decoding=\"async\" width=\"500\" height=\"500\" src=\"https:\/\/olimpijski.pl\/wp-content\/uploads\/2022\/01\/Edward_Plen_500.jpg\" alt=\"\" class=\"wp-image-51291 size-full\" srcset=\"https:\/\/olimpijski.pl\/wp-content\/uploads\/2022\/01\/Edward_Plen_500.jpg 500w, https:\/\/olimpijski.pl\/wp-content\/uploads\/2022\/01\/Edward_Plen_500-300x300.jpg 300w, https:\/\/olimpijski.pl\/wp-content\/uploads\/2022\/01\/Edward_Plen_500-150x150.jpg 150w\" sizes=\"(max-width: 500px) 100vw, 500px\" \/><\/figure><div class=\"wp-block-media-text__content\">\n<p class=\"has-large-font-size\"><strong>Ks. Edward PLE\u0143<\/strong><br>CZ\u0141ONEK MISJI<\/p>\n<\/div><\/div>\n\n\n\n<div class=\"wp-block-media-text alignwide is-stacked-on-mobile\" style=\"grid-template-columns:25% auto\"><figure class=\"wp-block-media-text__media\"><img loading=\"lazy\" decoding=\"async\" width=\"500\" height=\"500\" src=\"https:\/\/olimpijski.pl\/wp-content\/uploads\/2022\/01\/Ireneusz_Kutyla_500.jpg\" alt=\"\" class=\"wp-image-51293 size-full\" srcset=\"https:\/\/olimpijski.pl\/wp-content\/uploads\/2022\/01\/Ireneusz_Kutyla_500.jpg 500w, https:\/\/olimpijski.pl\/wp-content\/uploads\/2022\/01\/Ireneusz_Kutyla_500-300x300.jpg 300w, https:\/\/olimpijski.pl\/wp-content\/uploads\/2022\/01\/Ireneusz_Kutyla_500-150x150.jpg 150w\" sizes=\"(max-width: 500px) 100vw, 500px\" \/><\/figure><div class=\"wp-block-media-text__content\">\n<p class=\"has-large-font-size\"><strong>Ireneusz KUTY\u0141A<\/strong><br>CZ\u0141ONEK MISJI\/OFICER COVIDOWY<\/p>\n<\/div><\/div>\n\n\n\n<div class=\"wp-block-media-text alignwide is-stacked-on-mobile\" style=\"grid-template-columns:25% auto\"><figure class=\"wp-block-media-text__media\"><img loading=\"lazy\" decoding=\"async\" width=\"500\" height=\"500\" src=\"https:\/\/olimpijski.pl\/wp-content\/uploads\/2022\/01\/Agnieszka_Szczurek_500.jpg\" alt=\"\" class=\"wp-image-51295 size-full\" srcset=\"https:\/\/olimpijski.pl\/wp-content\/uploads\/2022\/01\/Agnieszka_Szczurek_500.jpg 500w, https:\/\/olimpijski.pl\/wp-content\/uploads\/2022\/01\/Agnieszka_Szczurek_500-300x300.jpg 300w, https:\/\/olimpijski.pl\/wp-content\/uploads\/2022\/01\/Agnieszka_Szczurek_500-150x150.jpg 150w\" sizes=\"(max-width: 500px) 100vw, 500px\" \/><\/figure><div class=\"wp-block-media-text__content\">\n<p class=\"has-large-font-size\"><strong>Agnieszka SZCZUREK<\/strong><br>CZ\u0141ONEK\/OFICER COVIDOWY<\/p>\n<\/div><\/div>\n\n\n\n<div class=\"wp-block-media-text alignwide is-stacked-on-mobile\" style=\"grid-template-columns:25% auto\"><figure class=\"wp-block-media-text__media\"><img loading=\"lazy\" decoding=\"async\" width=\"500\" height=\"500\" src=\"https:\/\/olimpijski.pl\/wp-content\/uploads\/2022\/01\/Krzysztof_Jankowski_500.jpg\" alt=\"\" class=\"wp-image-51297 size-full\" srcset=\"https:\/\/olimpijski.pl\/wp-content\/uploads\/2022\/01\/Krzysztof_Jankowski_500.jpg 500w, https:\/\/olimpijski.pl\/wp-content\/uploads\/2022\/01\/Krzysztof_Jankowski_500-300x300.jpg 300w, https:\/\/olimpijski.pl\/wp-content\/uploads\/2022\/01\/Krzysztof_Jankowski_500-150x150.jpg 150w\" sizes=\"(max-width: 500px) 100vw, 500px\" \/><\/figure><div class=\"wp-block-media-text__content\">\n<p class=\"has-large-font-size\"><strong>Krzysztof JANKOWSKI<\/strong><br>CZ\u0141ONEK\/OFICER COVIDOWY<\/p>\n<\/div><\/div>\n\n\n\n<div class=\"wp-block-media-text alignwide is-stacked-on-mobile\" style=\"grid-template-columns:25% auto\"><figure class=\"wp-block-media-text__media\"><img loading=\"lazy\" decoding=\"async\" width=\"500\" height=\"500\" src=\"https:\/\/olimpijski.pl\/wp-content\/uploads\/2022\/01\/Jerzy_Jakobsche_500.jpg\" alt=\"\" class=\"wp-image-51301 size-full\" srcset=\"https:\/\/olimpijski.pl\/wp-content\/uploads\/2022\/01\/Jerzy_Jakobsche_500.jpg 500w, https:\/\/olimpijski.pl\/wp-content\/uploads\/2022\/01\/Jerzy_Jakobsche_500-300x300.jpg 300w, https:\/\/olimpijski.pl\/wp-content\/uploads\/2022\/01\/Jerzy_Jakobsche_500-150x150.jpg 150w\" sizes=\"(max-width: 500px) 100vw, 500px\" \/><\/figure><div class=\"wp-block-media-text__content\">\n<p class=\"has-large-font-size\"><strong>Jerzy JAKOBSCHE<\/strong><br>ATTACHE PRASOWY<\/p>\n<\/div><\/div>\n\n\n\n<div class=\"wp-block-media-text alignwide is-stacked-on-mobile\" style=\"grid-template-columns:25% auto\"><figure class=\"wp-block-media-text__media\"><img loading=\"lazy\" decoding=\"async\" width=\"500\" height=\"500\" src=\"https:\/\/olimpijski.pl\/wp-content\/uploads\/2022\/01\/Hubert_Krysztofiak_500.jpg\" alt=\"\" class=\"wp-image-51303 size-full\" srcset=\"https:\/\/olimpijski.pl\/wp-content\/uploads\/2022\/01\/Hubert_Krysztofiak_500.jpg 500w, https:\/\/olimpijski.pl\/wp-content\/uploads\/2022\/01\/Hubert_Krysztofiak_500-300x300.jpg 300w, https:\/\/olimpijski.pl\/wp-content\/uploads\/2022\/01\/Hubert_Krysztofiak_500-150x150.jpg 150w\" sizes=\"(max-width: 500px) 100vw, 500px\" \/><\/figure><div class=\"wp-block-media-text__content\">\n<p class=\"has-large-font-size\"><strong>Hubert KRYSZTOFIAK<\/strong><br>SZEF MISJI MEDYCZNEJ<\/p>\n<\/div><\/div>\n\n\n\n<div class=\"wp-block-media-text alignwide is-stacked-on-mobile\" style=\"grid-template-columns:15% auto\"><figure class=\"wp-block-media-text__media\"><img loading=\"lazy\" decoding=\"async\" width=\"500\" height=\"500\" src=\"https:\/\/olimpijski.pl\/wp-content\/uploads\/2022\/01\/sieczych_500.jpg\" alt=\"\" class=\"wp-image-51327 size-full\" srcset=\"https:\/\/olimpijski.pl\/wp-content\/uploads\/2022\/01\/sieczych_500.jpg 500w, https:\/\/olimpijski.pl\/wp-content\/uploads\/2022\/01\/sieczych_500-300x300.jpg 300w, https:\/\/olimpijski.pl\/wp-content\/uploads\/2022\/01\/sieczych_500-150x150.jpg 150w\" sizes=\"(max-width: 500px) 100vw, 500px\" \/><\/figure><div class=\"wp-block-media-text__content\">\n<p class=\"has-large-font-size\"><strong>Krzesimir SIECZYCH<\/strong><br>LEKARZ<\/p>\n<\/div><\/div>\n\n\n\n<div class=\"wp-block-media-text alignwide is-stacked-on-mobile\" style=\"grid-template-columns:15% auto\"><figure class=\"wp-block-media-text__media\"><img loading=\"lazy\" decoding=\"async\" width=\"500\" height=\"500\" src=\"https:\/\/olimpijski.pl\/wp-content\/uploads\/2022\/01\/szymanik_500.jpg\" alt=\"\" class=\"wp-image-51329 size-full\" srcset=\"https:\/\/olimpijski.pl\/wp-content\/uploads\/2022\/01\/szymanik_500.jpg 500w, https:\/\/olimpijski.pl\/wp-content\/uploads\/2022\/01\/szymanik_500-300x300.jpg 300w, https:\/\/olimpijski.pl\/wp-content\/uploads\/2022\/01\/szymanik_500-150x150.jpg 150w\" sizes=\"(max-width: 500px) 100vw, 500px\" \/><\/figure><div class=\"wp-block-media-text__content\">\n<p class=\"has-large-font-size\"><strong>Stanis\u0142aw SZYMANIK<\/strong><br>LEKARZ<\/p>\n<\/div><\/div>\n","protected":false},"excerpt":{"rendered":"<p>Kierownictwo Reprezentacji Andrzej KRA\u015aNICKI Przewodnicz\u0105cy Polskiej Reprezentacji OlimpijskiejPrezes Polskiego Komitetu Olimpijskiego Adam KRZESI\u0143SKI Zast\u0119pca Przewodnicz\u0105cego Polskiej Reprezentacji OlimpijskiejSekretarz Generalny Polskiego Komitetu Olimpijskiego<\/p>\n","protected":false},"featured_media":0,"parent":48828,"menu_order":0,"template":"","meta":{"_acf_changed":false,"ub_ctt_via":"","footnotes":""},"class_list":["post-51073","olympics_winter","type-olympics_winter","status-publish","hentry","infinite-scroll-item","no-featured-image-padding"],"acf":{"special_bg_img":false,"hide_breadcrumbs":[]},"_links":{"self":[{"href":"https:\/\/olimpijski.pl\/en\/wp-json\/wp\/v2\/olympics_winter\/51073"}],"collection":[{"href":"https:\/\/olimpijski.pl\/en\/wp-json\/wp\/v2\/olympics_winter"}],"about":[{"href":"https:\/\/olimpijski.pl\/en\/wp-json\/wp\/v2\/types\/olympics_winter"}],"version-history":[{"count":9,"href":"https:\/\/olimpijski.pl\/en\/wp-json\/wp\/v2\/olympics_winter\/51073\/revisions"}],"predecessor-version":[{"id":101003,"href":"https:\/\/olimpijski.pl\/en\/wp-json\/wp\/v2\/olympics_winter\/51073\/revisions\/101003"}],"up":[{"embeddable":true,"href":"https:\/\/olimpijski.pl\/en\/wp-json\/wp\/v2\/olympics_winter\/48828"}],"wp:attachment":[{"href":"https:\/\/olimpijski.pl\/en\/wp-json\/wp\/v2\/media?parent=51073"}],"curies":[{"name":"wp","href":"https:\/\/api.w.org\/{rel}","templated":true}]}}