{"id":5893,"date":"2010-06-17T13:54:39","date_gmt":"2010-06-17T11:54:39","guid":{"rendered":"https:\/\/wai-q98d7hpf9hy9k.wpallimport-demo.qsandbox.me\/olympics_winter\/vancouver-2010\/"},"modified":"2022-04-19T09:23:42","modified_gmt":"2022-04-19T07:23:42","slug":"vancouver-2010","status":"publish","type":"olympics_winter","link":"https:\/\/olimpijski.pl\/en\/igrzyska_zimowe\/vancouver-2010\/","title":{"rendered":"Vancouver 2010"},"content":{"rendered":"\n<h1 class=\"main-title wp-block-heading\"><strong>XXI ZIO<\/strong><br>Vancouver 2010<\/h1>\n\n\n\n<p>&nbsp;<\/p>\n\n\n\n<div class=\"wp-block-image is-style-default\"><figure class=\"alignleft size-large\"><img loading=\"lazy\" decoding=\"async\" width=\"128\" height=\"128\" src=\"https:\/\/olimpijski.pl\/wp-content\/uploads\/2010\/06\/vancouver2010.png\" alt=\"\" class=\"wp-image-19407\"\/><\/figure><\/div>\n\n\n\n<ul class=\"wp-block-list\"><li>Igrzyska rozegrano w dniach <strong>12-28 lutego<\/strong>.<\/li><li>Wystartowa\u0142o <strong>2536<\/strong> zawodnik\u00f3w (w tym <strong>1033<\/strong> kobiet) z <strong>82<\/strong> kraj\u00f3w.<\/li><li>Rozdano <strong>86<\/strong> komplet\u00f3w medali.<\/li><li>Znicz zapali\u0142 jeden z najs\u0142ynniejszych kanadyjskich hokeist\u00f3w w historii <strong>Wayne Gretzky<\/strong>.<\/li><li>Igrzyska otworzy\u0142a pierwsza ciemnosk\u00f3ra <strong>gubernator generalna Kanady Michaelle Jean<\/strong>.<\/li><\/ul>\n\n\n\n<h2 class=\"wp-block-heading\"><strong>Program Igrzysk \u2013 13 dyscyplin, 86 konkurencji<\/strong><\/h2>\n\n\n\n<p>biathlon (10 konkurencji), bobsleje (3), curling (2), hokej na lodzie (2), \u0142y\u017cwiarstwo figurowe (4), \u0142y\u017cwiarstwo szybkie (12), \u0142y\u017cwiarstwo szybkie \u2013 short-track (8), narciarstwo alpejskie (10), narciarstwo klasyczne (18), narciarstwo dowolne (6), saneczkarstwo (3), skeleton (2), snowboard (6).<\/p>\n\n\n\n<h2 class=\"wp-block-heading\"><strong>Gwiazdy Igrzysk<\/strong><\/h2>\n\n\n\n<p><strong>Marit Bjoergen<\/strong> (Norwegia, biegi narciarskie) \u2013 3 z\u0142ote medale, 1 srebrny, 1 br\u0105zowy<br><strong>Justyna Kowalczyk<\/strong> (Polska, biegi narciarskie) \u2013 1 z\u0142oty medal, 1 srebrny, 1 br\u0105zowy<br><strong>Adam Ma\u0142ysz<\/strong> (Polska, skoki narciarskie) \u2013 2 srebrne medale<\/p>\n\n\n\n<h2 class=\"wp-block-heading\"><strong>Polska Reprezentacja Olimpijska<\/strong><\/h2>\n\n\n\n<p><strong>47 os\u00f3b<\/strong> (startowa\u0142o 46 \u2013 20 kobiet i 26 m\u0119\u017cczyzn) w 9 sportach: 7 biathlonist\u00f3w (w tym 5 kobiet; 6 startowa\u0142o + 1 rez.), 4 bobsleist\u00f3w, 4 \u0142y\u017cwiarzy figurowych (w tym 2 kobiety), 10 \u0142y\u017cwiarzy szybkich (w tym 4 kobiety), 3 \u0142y\u017cwiarzy szybkich \u2013 short-track (w tym 2 kobiety), 12 narciarzy (w tym 5 kobiet), 1 narciarstwo dowolne (kobieta), 4 snowboardzist\u00f3w (w tym 1 kobieta).<\/p>\n\n\n\n<p>Chor\u0105\u017cym reprezentacji Polski by\u0142 \u0142y\u017cwiarz szybki <strong>Konrad Nied\u017awiedzki<\/strong>.<\/p>\n\n\n\n<h2 class=\"wp-block-heading\"><strong>Klasyfikacja medalowa<\/strong><\/h2>\n\n\n\n<figure class=\"wp-block-table is-style-stripes\"><table class=\"has-fixed-layout\"><tbody><tr><td><\/td><td><\/td><td class=\"has-text-align-center\" data-align=\"center\">&nbsp;<\/td><td class=\"has-text-align-center\" data-align=\"center\">&nbsp;<\/td><td class=\"has-text-align-center\" data-align=\"center\">&nbsp;<\/td><td class=\"has-text-align-center\" data-align=\"center\">&nbsp;<\/td><\/tr><tr><td>&nbsp;<\/td><td>&nbsp;<\/td><td class=\"has-text-align-center\" data-align=\"center\">&nbsp;<\/td><td class=\"has-text-align-center\" data-align=\"center\"><img loading=\"lazy\" decoding=\"async\" width=\"50\" height=\"50\" class=\"wp-image-26068\" style=\"width: 50px;\" src=\"https:\/\/olimpijski.pl\/wp-content\/uploads\/1948\/06\/2008_Pekin_zloty_50x50.jpg\" alt=\"\"><\/td><td class=\"has-text-align-center\" data-align=\"center\"><img loading=\"lazy\" decoding=\"async\" width=\"50\" height=\"50\" class=\"wp-image-26071\" style=\"width: 50px;\" src=\"https:\/\/olimpijski.pl\/wp-content\/uploads\/1948\/06\/2008_Pekin_sreb_50x50.jpg\" alt=\"\"><\/td><td class=\"has-text-align-center\" data-align=\"center\"><img loading=\"lazy\" decoding=\"async\" width=\"50\" height=\"50\" class=\"wp-image-26073\" style=\"width: 50px;\" src=\"https:\/\/olimpijski.pl\/wp-content\/uploads\/1948\/06\/2008_Pekin_braz_50x50.jpg\" alt=\"\"><\/td><\/tr><tr><td>1.<\/td><td>Kanada<\/td><td class=\"has-text-align-center\" data-align=\"center\">26<\/td><td class=\"has-text-align-center\" data-align=\"center\">14<\/td><td class=\"has-text-align-center\" data-align=\"center\">7<\/td><td class=\"has-text-align-center\" data-align=\"center\">5<\/td><\/tr><tr><td>2.<\/td><td>Niemcy<\/td><td class=\"has-text-align-center\" data-align=\"center\">30<\/td><td class=\"has-text-align-center\" data-align=\"center\">10<\/td><td class=\"has-text-align-center\" data-align=\"center\">13<\/td><td class=\"has-text-align-center\" data-align=\"center\">7<\/td><\/tr><tr><td>3.<\/td><td>USA<\/td><td class=\"has-text-align-center\" data-align=\"center\">37<\/td><td class=\"has-text-align-center\" data-align=\"center\">9<\/td><td class=\"has-text-align-center\" data-align=\"center\">15<\/td><td class=\"has-text-align-center\" data-align=\"center\">13<\/td><\/tr><tr><td>&#8230;<\/td><td>&nbsp;<\/td><td class=\"has-text-align-center\" data-align=\"center\">&nbsp;<\/td><td class=\"has-text-align-center\" data-align=\"center\">&nbsp;<\/td><td class=\"has-text-align-center\" data-align=\"center\">&nbsp;<\/td><td class=\"has-text-align-center\" data-align=\"center\">&nbsp;<\/td><\/tr><tr><td><strong>15.<\/strong><\/td><td><strong>Polska<\/strong><\/td><td class=\"has-text-align-center\" data-align=\"center\"><strong>6<\/strong><\/td><td class=\"has-text-align-center\" data-align=\"center\"><strong>1<\/strong><\/td><td class=\"has-text-align-center\" data-align=\"center\"><strong>3<\/strong><\/td><td class=\"has-text-align-center\" data-align=\"center\"><strong>2<\/strong><\/td><\/tr><\/tbody><\/table><\/figure>\n\n\n\n<h2 class=\"wp-block-heading\"><strong>Medale dla Polski (6)<\/strong><\/h2>\n\n\n\n<p>Z\u0142oty \u2013 Justyna Kowalczyk (biegi narciarskie, 30 km)<\/p>\n\n\n\n<p>Srebrny \u2013 Justyna Kowalczyk (biegi narciarskie, sprint)<\/p>\n\n\n\n<p>Srebrny \u2013 Adam Ma\u0142ysz (skoki narciarskie, K-90)<\/p>\n\n\n\n<p>Srebrny \u2013 Adam Ma\u0142ysz (skoki narciarskie, K-120)<\/p>\n\n\n\n<p>Br\u0105zowy \u2013 Justyna Kowalczyk (biegi narciarskie, 15 km)<\/p>\n\n\n\n<p>Br\u0105zowy \u2013 Katarzyna Bachleda Curu\u015b, Katarzyna Wo\u017aniak i Luiza Z\u0142otkowska (\u0142y\u017cwiarstwo szybkie, dru\u017cyna)<\/p>\n\n\n\n<blockquote class=\"wp-block-quote is-style-default is-layout-flow wp-block-quote-is-layout-flow\"><p>Reprezentanci Polski spisali si\u0119 w Vancouver rewelacyjnie zdobywaj\u0105c sze\u015b\u0107 medali: jeden z\u0142oty, trzy srebrne i dwa br\u0105zowe.<\/p><\/blockquote>\n","protected":false},"excerpt":{"rendered":"<p>XXI ZIOVancouver 2010 &nbsp; Igrzyska rozegrano w dniach 12-28 lutego. Wystartowa\u0142o 2536 zawodnik\u00f3w (w tym 1033 kobiet) z 82 kraj\u00f3w. Rozdano 86<\/p>\n","protected":false},"featured_media":0,"parent":0,"menu_order":0,"template":"","meta":{"_acf_changed":false,"ub_ctt_via":"","footnotes":""},"class_list":["post-5893","olympics_winter","type-olympics_winter","status-publish","hentry","infinite-scroll-item","no-featured-image-padding"],"acf":{"game_id":"6","game_type":"1235","game_link":"vancouver2010","game_news":"0","startdate":"12.02.2010 12:00 am","enddate":"28.02.2010 12:00 am","place":"Vancouver","year":"2010","logo":"https:\/\/olimpijski.pl\/wp-content\/uploads\/2010\/06\/vancouver2010.png","special_bg_img":false,"hide_breadcrumbs":[],"histroy_tabs":false},"_links":{"self":[{"href":"https:\/\/olimpijski.pl\/en\/wp-json\/wp\/v2\/olympics_winter\/5893"}],"collection":[{"href":"https:\/\/olimpijski.pl\/en\/wp-json\/wp\/v2\/olympics_winter"}],"about":[{"href":"https:\/\/olimpijski.pl\/en\/wp-json\/wp\/v2\/types\/olympics_winter"}],"version-history":[{"count":1,"href":"https:\/\/olimpijski.pl\/en\/wp-json\/wp\/v2\/olympics_winter\/5893\/revisions"}],"predecessor-version":[{"id":57182,"href":"https:\/\/olimpijski.pl\/en\/wp-json\/wp\/v2\/olympics_winter\/5893\/revisions\/57182"}],"wp:attachment":[{"href":"https:\/\/olimpijski.pl\/en\/wp-json\/wp\/v2\/media?parent=5893"}],"curies":[{"name":"wp","href":"https:\/\/api.w.org\/{rel}","templated":true}]}}