{"id":5894,"date":"2006-06-17T13:54:39","date_gmt":"2006-06-17T11:54:39","guid":{"rendered":"https:\/\/wai-q98d7hpf9hy9k.wpallimport-demo.qsandbox.me\/olympics_winter\/turyn-2006\/"},"modified":"2020-09-30T12:45:20","modified_gmt":"2020-09-30T10:45:20","slug":"turyn-2006","status":"publish","type":"olympics_winter","link":"https:\/\/olimpijski.pl\/en\/igrzyska_zimowe\/turyn-2006\/","title":{"rendered":"Turyn 2006"},"content":{"rendered":"\n<h1 class=\"main-title wp-block-heading\"><strong>XX ZIO<\/strong><br>Turyn 2006<\/h1>\n\n\n\n<p><br><\/p>\n\n\n\n<div class=\"wp-block-image is-style-default\"><figure class=\"alignleft size-large\"><img loading=\"lazy\" decoding=\"async\" width=\"128\" height=\"128\" src=\"https:\/\/olimpijski.pl\/wp-content\/uploads\/2006\/06\/turyn2006.png\" alt=\"\" class=\"wp-image-19405\"\/><\/figure><\/div>\n\n\n\n<ul class=\"wp-block-list\"><li>Igrzyska rozegrano w dniach <strong>10-26 lutego<\/strong>.<\/li><li>Wystartowa\u0142o <strong>2508<\/strong> zawodnik\u00f3w (w tym <strong>960<\/strong> kobiet) z <strong>80<\/strong> kraj\u00f3w.<\/li><li>Rozdano <strong>84<\/strong> komplety medali.<\/li><li>Znicz zapali\u0142a biegaczka narciarska, dziesi\u0119ciokrotna medalistka olimpijska <strong>Stefania Belmondo<\/strong>.<\/li><li>Igrzyska otworzy\u0142 <strong>prezydent W\u0142och Carlo Azeglio Ciampi<\/strong>.<\/li><\/ul>\n\n\n\n<h2 class=\"wp-block-heading\"><strong>Program Igrzysk \u2013 13 dyscyplin, 84 konkurencje<\/strong><\/h2>\n\n\n\n<p>biathlon (10 konkurencji), bobsleje (3), curling (2), hokej na lodzie (2), \u0142y\u017cwiarstwo figurowe (4), \u0142y\u017cwiarstwo szybkie (12), \u0142y\u017cwiarstwo szybkie \u2013 short-track (8), narciarstwo alpejskie (10), narciarstwo klasyczne (18), narciarstwo dowolne (4), saneczkarstwo (3), skeleton (2), snowboard (6).<\/p>\n\n\n\n<h2 class=\"wp-block-heading\"><strong>Gwiazdy Igrzysk<\/strong><\/h2>\n\n\n\n<p><strong>Victor An<\/strong> (Rosja, short-track) \u2013 3 z\u0142ote medale, 1 br\u0105zowy<br><strong>Michael Greis<\/strong> (Niemcy, biathlon) \u2013 3 z\u0142ote medale<br><strong>Sun-Yu Jin<\/strong> (Korea P\u0142d., short-track) \u2013 3 z\u0142ote medale<\/p>\n\n\n\n<h2 class=\"wp-block-heading\"><strong>Polska Reprezentacja Olimpijska<\/strong><\/h2>\n\n\n\n<p><strong>46 os\u00f3b<\/strong> (startowa\u0142o 45 \u2013 16 kobiet i 29 m\u0119\u017cczyzn) w 9 sportach: 10 biathlonist\u00f3w (w tym 5 kobiet), 5 bobsleist\u00f3w (4 startowa\u0142o + 1 rez.), 4 \u0142y\u017cwiarzy figurowych (w tym 2 kobiety), 5 \u0142y\u017cwiarzy szybkich (w tym 1 kobieta), 1 \u0142y\u017cwiarz szybki \u2013 short-track, 11 narciarzy (w tym 3 kobiety), 3 saneczkarzy (w tym 1 kobieta), 1 skeletonistka, 6 snowboardzist\u00f3w (w tym 3 kobiety).<\/p>\n\n\n\n<p>Chor\u0105\u017cym bia\u0142o-czerwonych by\u0142a snowboardzistka <strong>Paulina Ligocka<\/strong>.<\/p>\n\n\n\n<h2 class=\"wp-block-heading\"><strong>Klasyfikacja medalowa<\/strong><\/h2>\n\n\n\n<figure class=\"wp-block-table is-style-stripes\"><table class=\"has-fixed-layout\"><tbody><tr><td><\/td><td><\/td><td class=\"has-text-align-center\" data-align=\"center\">&nbsp;<\/td><td class=\"has-text-align-center\" data-align=\"center\">&nbsp;<\/td><td class=\"has-text-align-center\" data-align=\"center\">&nbsp;<\/td><td class=\"has-text-align-center\" data-align=\"center\">&nbsp;<\/td><\/tr><tr><td>&nbsp;<\/td><td>&nbsp;<\/td><td class=\"has-text-align-center\" data-align=\"center\">&nbsp;<\/td><td class=\"has-text-align-center\" data-align=\"center\"><img loading=\"lazy\" decoding=\"async\" width=\"50\" height=\"50\" class=\"wp-image-26068\" style=\"width: 50px;\" src=\"https:\/\/olimpijski.pl\/wp-content\/uploads\/1948\/06\/2008_Pekin_zloty_50x50.jpg\" alt=\"\"><\/td><td class=\"has-text-align-center\" data-align=\"center\"><img loading=\"lazy\" decoding=\"async\" width=\"50\" height=\"50\" class=\"wp-image-26071\" style=\"width: 50px;\" src=\"https:\/\/olimpijski.pl\/wp-content\/uploads\/1948\/06\/2008_Pekin_sreb_50x50.jpg\" alt=\"\"><\/td><td class=\"has-text-align-center\" data-align=\"center\"><img loading=\"lazy\" decoding=\"async\" width=\"50\" height=\"50\" class=\"wp-image-26073\" style=\"width: 50px;\" src=\"https:\/\/olimpijski.pl\/wp-content\/uploads\/1948\/06\/2008_Pekin_braz_50x50.jpg\" alt=\"\"><\/td><\/tr><tr><td>1.<\/td><td>Niemcy<\/td><td class=\"has-text-align-center\" data-align=\"center\">29<\/td><td class=\"has-text-align-center\" data-align=\"center\">11<\/td><td class=\"has-text-align-center\" data-align=\"center\">12<\/td><td class=\"has-text-align-center\" data-align=\"center\">6<\/td><\/tr><tr><td>2.<\/td><td>USA<\/td><td class=\"has-text-align-center\" data-align=\"center\">25<\/td><td class=\"has-text-align-center\" data-align=\"center\">9<\/td><td class=\"has-text-align-center\" data-align=\"center\">9<\/td><td class=\"has-text-align-center\" data-align=\"center\">7<\/td><\/tr><tr><td>3.<\/td><td>Austria<\/td><td class=\"has-text-align-center\" data-align=\"center\">23<\/td><td class=\"has-text-align-center\" data-align=\"center\">9<\/td><td class=\"has-text-align-center\" data-align=\"center\">7<\/td><td class=\"has-text-align-center\" data-align=\"center\">7<\/td><\/tr><tr><td>&#8230;<\/td><td>&nbsp;<\/td><td class=\"has-text-align-center\" data-align=\"center\">&nbsp;<\/td><td class=\"has-text-align-center\" data-align=\"center\">&nbsp;<\/td><td class=\"has-text-align-center\" data-align=\"center\">&nbsp;<\/td><td class=\"has-text-align-center\" data-align=\"center\">&nbsp;<\/td><\/tr><tr><td><strong>20.<\/strong><\/td><td><strong>Polska<\/strong><\/td><td class=\"has-text-align-center\" data-align=\"center\"><strong>2<\/strong><\/td><td class=\"has-text-align-center\" data-align=\"center\"><strong>0<\/strong><\/td><td class=\"has-text-align-center\" data-align=\"center\"><strong>1<\/strong><\/td><td class=\"has-text-align-center\" data-align=\"center\"><strong>1<\/strong><\/td><\/tr><\/tbody><\/table><\/figure>\n\n\n\n<h2 class=\"wp-block-heading\"><strong>Medale dla Polski (2)<\/strong><\/h2>\n\n\n\n<p>Srebrny \u2013 Tomasz Sikora (biathlon, bieg masowy na 15 km)<\/p>\n\n\n\n<p>Br\u0105zowy \u2013 Justyna Kowalczyk (biegi narciarskie, 30 km)<\/p>\n","protected":false},"excerpt":{"rendered":"<p>XX ZIOTuryn 2006 Igrzyska rozegrano w dniach 10-26 lutego. Wystartowa\u0142o 2508 zawodnik\u00f3w (w tym 960 kobiet) z 80 kraj\u00f3w. Rozdano 84 komplety<\/p>\n","protected":false},"featured_media":0,"parent":0,"menu_order":0,"template":"","meta":{"_acf_changed":false,"ub_ctt_via":"","footnotes":""},"class_list":["post-5894","olympics_winter","type-olympics_winter","status-publish","hentry","infinite-scroll-item","no-featured-image-padding"],"acf":{"game_id":"33","game_type":"1235","game_link":"turyn2006","game_news":"0","startdate":"10.02.2006 12:00 am","enddate":"26.10.2006 12:00 am","place":"Turyn","year":"2006","logo":"https:\/\/olimpijski.pl\/wp-content\/uploads\/2006\/06\/turyn2006.png","special_bg_img":false,"hide_breadcrumbs":[],"competitions_olympic":false,"histroy_tabs":false},"_links":{"self":[{"href":"https:\/\/olimpijski.pl\/en\/wp-json\/wp\/v2\/olympics_winter\/5894"}],"collection":[{"href":"https:\/\/olimpijski.pl\/en\/wp-json\/wp\/v2\/olympics_winter"}],"about":[{"href":"https:\/\/olimpijski.pl\/en\/wp-json\/wp\/v2\/types\/olympics_winter"}],"version-history":[{"count":0,"href":"https:\/\/olimpijski.pl\/en\/wp-json\/wp\/v2\/olympics_winter\/5894\/revisions"}],"wp:attachment":[{"href":"https:\/\/olimpijski.pl\/en\/wp-json\/wp\/v2\/media?parent=5894"}],"curies":[{"name":"wp","href":"https:\/\/api.w.org\/{rel}","templated":true}]}}