{"id":5895,"date":"2002-06-17T13:54:39","date_gmt":"2002-06-17T11:54:39","guid":{"rendered":"https:\/\/wai-q98d7hpf9hy9k.wpallimport-demo.qsandbox.me\/olympics_winter\/salt-lake-city-2002\/"},"modified":"2020-09-30T12:43:49","modified_gmt":"2020-09-30T10:43:49","slug":"salt-lake-city-2002","status":"publish","type":"olympics_winter","link":"https:\/\/olimpijski.pl\/en\/igrzyska_zimowe\/salt-lake-city-2002\/","title":{"rendered":"Salt Lake City 2002"},"content":{"rendered":"\n<h1 class=\"main-title wp-block-heading\"><strong>XIX ZIO<\/strong><br>Salt Lake City 2002<\/h1>\n\n\n\n<p><br><\/p>\n\n\n\n<div class=\"wp-block-image is-style-default\"><figure class=\"alignleft size-large\"><img loading=\"lazy\" decoding=\"async\" width=\"128\" height=\"128\" src=\"https:\/\/olimpijski.pl\/wp-content\/uploads\/2002\/06\/salt-lake-city2002.png\" alt=\"\" class=\"wp-image-19390\"\/><\/figure><\/div>\n\n\n\n<ul class=\"wp-block-list\"><li>Igrzyska rozegrano w dniach <strong>8-24 lutego<\/strong>.<\/li><li>Wystartowa\u0142o <strong>2399<\/strong> zawodnik\u00f3w (w tym <strong>886<\/strong> kobiet) z <strong>77<\/strong> kraj\u00f3w.<\/li><li>Rozdano <strong>80<\/strong> komplet\u00f3w medali.<\/li><li>Znicz zapali\u0142a ameryka\u0144ska <strong>dru\u017cyna hokeja na lodzie<\/strong>, mistrzowie olimpijscy z 1980 roku z Lake Placid.<\/li><li>Igrzyska otworzy\u0142 <strong>prezydent USA Georg W. Bush<\/strong>.<\/li><\/ul>\n\n\n\n<h2 class=\"wp-block-heading\"><strong>Program Igrzysk \u2013 13 dyscyplin i 78 konkurencji<\/strong><\/h2>\n\n\n\n<p>biathlon (8 konkurencji), bobsleje (3), curling (2), hokej na lodzie (2), \u0142y\u017cwiarstwo figurowe (4), \u0142y\u017cwiarstwo szybkie (10), \u0142y\u017cwiarstwo szybkie \u2013 short-track (8), narciarstwo alpejskie (10), narciarstwo klasyczne (18), narciarstwo dowolne (4), saneczkarstwo (3), skeleton (2), snowboard (4).<\/p>\n\n\n\n<h2 class=\"wp-block-heading\"><strong>Gwiazdy Igrzysk<\/strong><\/h2>\n\n\n\n<p><strong>Ole Einar Bjoerndalen<\/strong> (Norwegia, biathlon) \u2013 4 z\u0142ote medale<br><strong>Janica Kostelic<\/strong> (Chorwacja, biegi narciarskie) \u2013 3 z\u0142ote medale, 1 srebrny<br><strong>Samppa Lajunen<\/strong> (Finlandia, kombinacja norweska) \u2013 3 z\u0142ote medale<br><strong>Adam Ma\u0142ysz<\/strong> (Polska, skoki narciarskie) \u2013 1 srebrny medal, 1 br\u0105zowy<\/p>\n\n\n\n<h2 class=\"wp-block-heading\"><strong>Polska Reprezentacja Olimpijska<\/strong><\/h2>\n\n\n\n<p><strong>30 os\u00f3b<\/strong> (startowa\u0142o 27 \u2013 5 kobiet i 22 m\u0119\u017cczyzn) w 7 sportach: 6 biathlonist\u00f3w (w tym 1 kobieta; 5 startowa\u0142o + 1 rez.), 5 bobsleist\u00f3w (4 startowa\u0142o + 1 rez.), 4 \u0142y\u017cwiarzy figurowych (w tym 2 kobiety), 4 \u0142y\u017cwiarzy szybkich (w tym 1 kobieta), 1 \u0142y\u017cwiarz szybki \u2013 short-track, 8 narciarzy (7 startowa\u0142o + 1 rez.), 2 snowboardzist\u00f3w (w tym 1 kobieta).<\/p>\n\n\n\n<p>Chor\u0105\u017cym reprezentacji Polski by\u0142 \u0142y\u017cwiarz figurowy <strong>Mariusz Siudek<\/strong>.<\/p>\n\n\n\n<h2 class=\"wp-block-heading\"><strong>Klasyfikacja medalowa<\/strong><\/h2>\n\n\n\n<figure class=\"wp-block-table is-style-stripes\"><table class=\"has-fixed-layout\"><tbody><tr><td><\/td><td><\/td><td class=\"has-text-align-center\" data-align=\"center\">&nbsp;<\/td><td class=\"has-text-align-center\" data-align=\"center\">&nbsp;<\/td><td class=\"has-text-align-center\" data-align=\"center\">&nbsp;<\/td><td class=\"has-text-align-center\" data-align=\"center\">&nbsp;<\/td><\/tr><tr><td>&nbsp;<\/td><td>&nbsp;<\/td><td class=\"has-text-align-center\" data-align=\"center\">&nbsp;<\/td><td class=\"has-text-align-center\" data-align=\"center\"><img loading=\"lazy\" decoding=\"async\" width=\"50\" height=\"50\" class=\"wp-image-26068\" style=\"width: 50px;\" src=\"https:\/\/olimpijski.pl\/wp-content\/uploads\/1948\/06\/2008_Pekin_zloty_50x50.jpg\" alt=\"\"><\/td><td class=\"has-text-align-center\" data-align=\"center\"><img loading=\"lazy\" decoding=\"async\" width=\"50\" height=\"50\" class=\"wp-image-26071\" style=\"width: 50px;\" src=\"https:\/\/olimpijski.pl\/wp-content\/uploads\/1948\/06\/2008_Pekin_sreb_50x50.jpg\" alt=\"\"><\/td><td class=\"has-text-align-center\" data-align=\"center\"><img loading=\"lazy\" decoding=\"async\" width=\"50\" height=\"50\" class=\"wp-image-26073\" style=\"width: 50px;\" src=\"https:\/\/olimpijski.pl\/wp-content\/uploads\/1948\/06\/2008_Pekin_braz_50x50.jpg\" alt=\"\"><\/td><\/tr><tr><td>1.<\/td><td>Norwegia<\/td><td class=\"has-text-align-center\" data-align=\"center\">25<\/td><td class=\"has-text-align-center\" data-align=\"center\">13<\/td><td class=\"has-text-align-center\" data-align=\"center\">5<\/td><td class=\"has-text-align-center\" data-align=\"center\">7<\/td><\/tr><tr><td>2.<\/td><td>Niemcy<\/td><td class=\"has-text-align-center\" data-align=\"center\">36<\/td><td class=\"has-text-align-center\" data-align=\"center\">12<\/td><td class=\"has-text-align-center\" data-align=\"center\">16<\/td><td class=\"has-text-align-center\" data-align=\"center\">8<\/td><\/tr><tr><td>3.<\/td><td>USA<\/td><td class=\"has-text-align-center\" data-align=\"center\">34<\/td><td class=\"has-text-align-center\" data-align=\"center\">10<\/td><td class=\"has-text-align-center\" data-align=\"center\">13<\/td><td class=\"has-text-align-center\" data-align=\"center\">11<\/td><\/tr><tr><td>&#8230;<\/td><td>&nbsp;<\/td><td class=\"has-text-align-center\" data-align=\"center\">&nbsp;<\/td><td class=\"has-text-align-center\" data-align=\"center\">&nbsp;<\/td><td class=\"has-text-align-center\" data-align=\"center\">&nbsp;<\/td><td class=\"has-text-align-center\" data-align=\"center\">&nbsp;<\/td><\/tr><tr><td><strong>21-22.<\/strong><\/td><td><strong>Polska<\/strong><\/td><td class=\"has-text-align-center\" data-align=\"center\"><strong>2<\/strong><\/td><td class=\"has-text-align-center\" data-align=\"center\"><strong>0<\/strong><\/td><td class=\"has-text-align-center\" data-align=\"center\"><strong>1<\/strong><\/td><td class=\"has-text-align-center\" data-align=\"center\"><strong>1<\/strong><\/td><\/tr><\/tbody><\/table><\/figure>\n\n\n\n<h2 class=\"wp-block-heading\"><strong>Medale dla Polski (2)<\/strong><\/h2>\n\n\n\n<p>Srebrny \u2013 Adam Ma\u0142ysz (skoki narciarskie, K-90)<\/p>\n\n\n\n<p>Br\u0105zowy \u2013 Adam Ma\u0142ysz (skoki narciarskie, K-120)<\/p>\n\n\n\n<blockquote class=\"wp-block-quote is-style-default is-layout-flow wp-block-quote-is-layout-flow\"><p>Pierwszy raz z\u0142oty medal zdobyli czarnosk\u00f3rzy sportowcy ameryka\u0144ska bobsleistka Vonetta Flowers i kanadyjski hokeista Jarome Iginla.<\/p><p>Po raz pierwszy od 1972 roku na podium zimowych igrzysk stan\u0105\u0142 polski sportowiec. Kibice sportu w Polsce czekali na ten moment 10 956 dni \u2013 Adam Ma\u0142ysz b\u0119d\u0105c trzeci, zdoby\u0142 na \u015bredniej skoczni pi\u0105ty medal dla Polski w historii Zimowych Igrzysk Olimpijskich. Trzy dni p\u00f3\u017aniej Ma\u0142ysz wywalczy\u0142 srebro na obiekcie K-120.<\/p><p>O medal \u201eotar\u0142a\u201d si\u0119 snowboardzistka Jagna Marczu\u0142ajtis, zajmuj\u0105c w slalomie gigancie r\u00f3wnoleg\u0142ym czwarte miejsce.<\/p><\/blockquote>\n","protected":false},"excerpt":{"rendered":"<p>XIX ZIOSalt Lake City 2002 Igrzyska rozegrano w dniach 8-24 lutego. Wystartowa\u0142o 2399 zawodnik\u00f3w (w tym 886 kobiet) z 77 kraj\u00f3w. Rozdano<\/p>\n","protected":false},"featured_media":0,"parent":0,"menu_order":0,"template":"templates\/olympic_main_subpage.php","meta":{"_acf_changed":false,"ub_ctt_via":"","footnotes":""},"class_list":["post-5895","olympics_winter","type-olympics_winter","status-publish","hentry","infinite-scroll-item","no-featured-image-padding"],"acf":{"game_id":"34","game_type":"1235","game_link":"salt-lake-city2002","game_news":"0","startdate":"08.02.2002 12:00 am","enddate":"24.02.2002 12:00 am","place":"Salt Lake City","year":"2002","logo":"https:\/\/olimpijski.pl\/wp-content\/uploads\/2002\/06\/salt-lake-city2002.png","special_bg_img":false,"hide_breadcrumbs":[],"competitions_olympic":false,"histroy_tabs":false},"_links":{"self":[{"href":"https:\/\/olimpijski.pl\/en\/wp-json\/wp\/v2\/olympics_winter\/5895"}],"collection":[{"href":"https:\/\/olimpijski.pl\/en\/wp-json\/wp\/v2\/olympics_winter"}],"about":[{"href":"https:\/\/olimpijski.pl\/en\/wp-json\/wp\/v2\/types\/olympics_winter"}],"version-history":[{"count":0,"href":"https:\/\/olimpijski.pl\/en\/wp-json\/wp\/v2\/olympics_winter\/5895\/revisions"}],"wp:attachment":[{"href":"https:\/\/olimpijski.pl\/en\/wp-json\/wp\/v2\/media?parent=5895"}],"curies":[{"name":"wp","href":"https:\/\/api.w.org\/{rel}","templated":true}]}}