{"id":5900,"date":"1980-06-17T13:54:39","date_gmt":"1980-06-17T11:54:39","guid":{"rendered":"https:\/\/wai-q98d7hpf9hy9k.wpallimport-demo.qsandbox.me\/olympics_winter\/lake-placid-1980\/"},"modified":"2020-09-30T12:16:09","modified_gmt":"2020-09-30T10:16:09","slug":"lake-placid-1980","status":"publish","type":"olympics_winter","link":"https:\/\/olimpijski.pl\/en\/igrzyska_zimowe\/lake-placid-1980\/","title":{"rendered":"Lake Placid 1980"},"content":{"rendered":"\n<h1 class=\"main-title wp-block-heading\"><strong>XIII ZIO<\/strong><br>Lake Placid 1980<\/h1>\n\n\n\n<p><br><\/p>\n\n\n\n<div class=\"wp-block-image is-style-default\"><figure class=\"alignleft size-large\"><img loading=\"lazy\" decoding=\"async\" width=\"128\" height=\"128\" src=\"https:\/\/olimpijski.pl\/wp-content\/uploads\/1980\/06\/lake-placid1980.png\" alt=\"\" class=\"wp-image-19380\"\/><\/figure><\/div>\n\n\n\n<ul class=\"wp-block-list\"><li>Igrzyska rozegrano w dniach <strong>13-24 lutego<\/strong>.<\/li><li>Wystartowa\u0142o <strong>1073<\/strong> zawodnik\u00f3w (w tym <strong>232<\/strong> kobiety) z <strong>37<\/strong> kraj\u00f3w<\/li><li>Rozdano <strong>38<\/strong> komplet\u00f3w medali.<\/li><li>Znicz zapali\u0142 lekarz <strong>Charles M. Kerr<\/strong>, medalista olimpijski w \u0142y\u017cwiarstwie, kt\u00f3remu t\u0119 funkcj\u0119 powierzono w tajnym g\u0142osowaniu z udzia\u0142em 52 uczestnik\u00f3w sztafety.<\/li><li>Formu\u0142k\u0119 otwieraj\u0105c\u0105 igrzyska wypowiedzia\u0142 <strong>wiceprezydent USA Walter Mondale<\/strong>.<\/li><\/ul>\n\n\n\n<h2 class=\"wp-block-heading\"><strong>Program Igrzysk \u2013 8 dyscyplin i 38 konkurencji<\/strong><\/h2>\n\n\n\n<p>biathlon (3 konkurencje), bobsleje (2), hokej na lodzie (1), \u0142y\u017cwiarstwo figurowe (4), \u0142y\u017cwiarstwo szybkie (9), narciarstwo alpejskie (6), narciarstwo klasyczne (10), saneczkarstwo (3).<\/p>\n\n\n\n<h2 class=\"wp-block-heading\"><strong>Gwiazdy Igrzysk<\/strong><\/h2>\n\n\n\n<p><strong>Eric Heiden<\/strong> (USA, \u0142y\u017cwiarstwo szybkie) \u2013 5 z\u0142otych medali<br><strong>Niko\u0142aj Zimiatowow<\/strong> (ZSRR, biegi narciarskie) \u2013 3 z\u0142ote medale<br><strong>Hanni Wenzel<\/strong> (Liechtenstein, narciarstwo alpejskie) \u2013 2 z\u0142ote medale, 1 srebrny<br><strong>Anatolij Alabiew<\/strong> (ZSRR, biathlon) \u2013 2 z\u0142ote medale, 1 br\u0105zowy<\/p>\n\n\n\n<h2 class=\"wp-block-heading\"><strong>Polska Reprezentacja Olimpijska<\/strong><\/h2>\n\n\n\n<p><strong>32 osoby <\/strong>(startowa\u0142o 30 \u2013 1 kobieta i 29 m\u0119\u017cczyzn) w 3 sportach: 22 hokeist\u00f3w (20 startowa\u0142o + 2 rez.), 2 \u0142y\u017cwiarzy szybkich (w tym 1 kobieta), 8 narciarzy.<\/p>\n\n\n\n<p>Chor\u0105\u017cym reprezentacji Polski by\u0142 biegacz narciarski <strong>J\u00f3zef \u0141uszczek<\/strong>.<\/p>\n\n\n\n<h2 class=\"wp-block-heading\"><strong>Klasyfikacja medalowa<\/strong><\/h2>\n\n\n\n<figure class=\"wp-block-table is-style-stripes\"><table class=\"has-fixed-layout\"><tbody><tr><td><\/td><td><\/td><td class=\"has-text-align-center\" data-align=\"center\">&nbsp;<\/td><td class=\"has-text-align-center\" data-align=\"center\">&nbsp;<\/td><td class=\"has-text-align-center\" data-align=\"center\">&nbsp;<\/td><td class=\"has-text-align-center\" data-align=\"center\">&nbsp;<\/td><\/tr><tr><td>&nbsp;<\/td><td>&nbsp;<\/td><td class=\"has-text-align-center\" data-align=\"center\">&nbsp;<\/td><td class=\"has-text-align-center\" data-align=\"center\"><img loading=\"lazy\" decoding=\"async\" width=\"50\" height=\"50\" class=\"wp-image-26068\" style=\"width: 50px;\" src=\"https:\/\/olimpijski.pl\/wp-content\/uploads\/1948\/06\/2008_Pekin_zloty_50x50.jpg\" alt=\"\"><\/td><td class=\"has-text-align-center\" data-align=\"center\"><img loading=\"lazy\" decoding=\"async\" width=\"50\" height=\"50\" class=\"wp-image-26071\" style=\"width: 50px;\" src=\"https:\/\/olimpijski.pl\/wp-content\/uploads\/1948\/06\/2008_Pekin_sreb_50x50.jpg\" alt=\"\"><\/td><td class=\"has-text-align-center\" data-align=\"center\"><img loading=\"lazy\" decoding=\"async\" width=\"50\" height=\"50\" class=\"wp-image-26073\" style=\"width: 50px;\" src=\"https:\/\/olimpijski.pl\/wp-content\/uploads\/1948\/06\/2008_Pekin_braz_50x50.jpg\" alt=\"\"><\/td><\/tr><tr><td>1.<\/td><td>ZSRR<\/td><td class=\"has-text-align-center\" data-align=\"center\">22<\/td><td class=\"has-text-align-center\" data-align=\"center\">10<\/td><td class=\"has-text-align-center\" data-align=\"center\">6<\/td><td class=\"has-text-align-center\" data-align=\"center\">6<\/td><\/tr><tr><td>2.<\/td><td>NRD<\/td><td class=\"has-text-align-center\" data-align=\"center\">23<\/td><td class=\"has-text-align-center\" data-align=\"center\">9<\/td><td class=\"has-text-align-center\" data-align=\"center\">7<\/td><td class=\"has-text-align-center\" data-align=\"center\">7<\/td><\/tr><tr><td>3.<\/td><td>USA<\/td><td class=\"has-text-align-center\" data-align=\"center\">12<\/td><td class=\"has-text-align-center\" data-align=\"center\">6<\/td><td class=\"has-text-align-center\" data-align=\"center\">4<\/td><td class=\"has-text-align-center\" data-align=\"center\">2<\/td><\/tr><tr><td>&#8230;<\/td><td>&nbsp;<\/td><td class=\"has-text-align-center\" data-align=\"center\">&nbsp;<\/td><td class=\"has-text-align-center\" data-align=\"center\">&nbsp;<\/td><td class=\"has-text-align-center\" data-align=\"center\">&nbsp;<\/td><td class=\"has-text-align-center\" data-align=\"center\">&nbsp;<\/td><\/tr><tr><td>&nbsp;<\/td><td><strong>Polska<\/strong><\/td><td class=\"has-text-align-center\" data-align=\"center\"><strong>0<\/strong><\/td><td class=\"has-text-align-center\" data-align=\"center\"><strong>0<\/strong><\/td><td class=\"has-text-align-center\" data-align=\"center\"><strong>0<\/strong><\/td><td class=\"has-text-align-center\" data-align=\"center\"><strong>0<\/strong><\/td><\/tr><\/tbody><\/table><\/figure>\n\n\n\n<blockquote class=\"wp-block-quote is-style-default is-layout-flow wp-block-quote-is-layout-flow\"><p>O najlepszy wyniki w polskiej ekipie postara\u0142a si\u0119 \u0142y\u017cwiarka szybka Erwina Ry\u015b-Ferens i biegacz J\u00f3zef \u0141uszczek. Oboje zaj\u0119li pi\u0105te lokaty \u2013 Ry\u015b-Ferens na 3000 m, natomiast \u0141uszczek w biegu na 30 km.<\/p><\/blockquote>\n","protected":false},"excerpt":{"rendered":"<p>XIII ZIOLake Placid 1980 Igrzyska rozegrano w dniach 13-24 lutego. Wystartowa\u0142o 1073 zawodnik\u00f3w (w tym 232 kobiety) z 37 kraj\u00f3w Rozdano 38<\/p>\n","protected":false},"featured_media":0,"parent":0,"menu_order":0,"template":"templates\/olympic_main_subpage.php","meta":{"_acf_changed":false,"ub_ctt_via":"","footnotes":""},"class_list":["post-5900","olympics_winter","type-olympics_winter","status-publish","hentry","infinite-scroll-item","no-featured-image-padding"],"acf":{"game_id":"40","game_type":"1235","game_link":"lake-placid1980","game_news":"0","startdate":"13.02.1980 12:00 am","enddate":"24.02.1980 12:00 am","place":"Lake Placid","year":"1980","logo":"https:\/\/olimpijski.pl\/wp-content\/uploads\/1980\/06\/lake-placid1980.png","special_bg_img":false,"hide_breadcrumbs":[],"competitions_olympic":false,"histroy_tabs":false},"_links":{"self":[{"href":"https:\/\/olimpijski.pl\/en\/wp-json\/wp\/v2\/olympics_winter\/5900"}],"collection":[{"href":"https:\/\/olimpijski.pl\/en\/wp-json\/wp\/v2\/olympics_winter"}],"about":[{"href":"https:\/\/olimpijski.pl\/en\/wp-json\/wp\/v2\/types\/olympics_winter"}],"version-history":[{"count":0,"href":"https:\/\/olimpijski.pl\/en\/wp-json\/wp\/v2\/olympics_winter\/5900\/revisions"}],"wp:attachment":[{"href":"https:\/\/olimpijski.pl\/en\/wp-json\/wp\/v2\/media?parent=5900"}],"curies":[{"name":"wp","href":"https:\/\/api.w.org\/{rel}","templated":true}]}}