{"id":5901,"date":"1972-06-17T13:54:39","date_gmt":"1972-06-17T12:54:39","guid":{"rendered":"https:\/\/wai-q98d7hpf9hy9k.wpallimport-demo.qsandbox.me\/olympics_winter\/sapporo-1972\/"},"modified":"2020-09-30T12:12:02","modified_gmt":"2020-09-30T10:12:02","slug":"sapporo-1972","status":"publish","type":"olympics_winter","link":"https:\/\/olimpijski.pl\/en\/igrzyska_zimowe\/sapporo-1972\/","title":{"rendered":"Sapporo 1972"},"content":{"rendered":"\n<h1 class=\"main-title wp-block-heading\"><strong>XI ZIO<\/strong><br>Sapporo 1972<\/h1>\n\n\n\n<p><br><\/p>\n\n\n\n<div class=\"wp-block-image is-style-default\"><figure class=\"alignleft size-large\"><img loading=\"lazy\" decoding=\"async\" width=\"128\" height=\"128\" src=\"https:\/\/olimpijski.pl\/wp-content\/uploads\/1972\/06\/sapporo1972.png\" alt=\"\" class=\"wp-image-19392\"\/><\/figure><\/div>\n\n\n\n<ul class=\"wp-block-list\"><li>Igrzyska rozegrano w dniach <strong>3-13 lutego<\/strong>.<\/li><li>Wystartowa\u0142o <strong>1006<\/strong> zawodnik\u00f3w (w tym <strong>206<\/strong> kobiet) z <strong>35<\/strong> kraj\u00f3w.<\/li><li>Rozdano <strong>35<\/strong> komplet\u00f3w medali.<\/li><li>Znicz olimpijski zapali\u0142a uczennica <strong>Hideki Takada<\/strong>.<\/li><li>Igrzyska otworzy\u0142 <strong>cesarz Japonii Hirohito<\/strong>.<\/li><li>Po raz pierwszy w historii zimowe igrzyska olimpijskie odby\u0142y si\u0119 w Azji.<\/li><\/ul>\n\n\n\n<h2 class=\"wp-block-heading\"><strong>Program Igrzysk \u2013 8 dyscyplin i 35 konkurencji<\/strong><\/h2>\n\n\n\n<p>biathlon (2 konkurencje), bobsleje (2), hokej na lodzie (1), \u0142y\u017cwiarstwo figurowe (3), \u0142y\u017cwiarstwo szybkie (8), narciarstwo alpejskie (6), narciarstwo klasyczne (10), saneczkarstwo (3).<\/p>\n\n\n\n<h2 class=\"wp-block-heading\"><strong>Gwiazdy Igrzysk<\/strong><\/h2>\n\n\n\n<p><strong>Galina Ku\u0142akowa<\/strong> (ZSRR, biegi narciarskie) \u2013 3 z\u0142ote medale<br><strong>Ard Schenk<\/strong> (Holandia, biegi narciarskie) \u2013 3 z\u0142ote medale<\/p>\n\n\n\n<h2 class=\"wp-block-heading\"><strong>Polska Reprezentacja Olimpijska<\/strong><\/h2>\n\n\n\n<p><strong>50 os\u00f3b<\/strong> (startowa\u0142o 47 \u2013 8 kobiet i 39 m\u0119\u017cczyzn) w 5 sportach: 5 biathlonist\u00f3w, 19 hokeist\u00f3w, 2 \u0142y\u017cwiarzy figurowych (w tym 1 kobieta), 13 narciarzy (w tym 4 kobiety), 11 saneczkarzy (w tym 3 kobiety; 8 startowa\u0142o + 2 rez., 1 nie).<\/p>\n\n\n\n<p>Chor\u0105\u017cym reprezentacji Polski by\u0142 nasz pierwszy medalista mistrzostw \u015bwiata w narciarstwie alpejskim <strong>Andrzej Bachleda-Curu\u015b II<\/strong>.<\/p>\n\n\n\n<h2 class=\"wp-block-heading\"><strong>Klasyfikacja medalowa<\/strong><\/h2>\n\n\n\n<figure class=\"wp-block-table is-style-stripes\"><table class=\"has-fixed-layout\"><tbody><tr><td><\/td><td><\/td><td class=\"has-text-align-center\" data-align=\"center\">&nbsp;<\/td><td class=\"has-text-align-center\" data-align=\"center\">&nbsp;<\/td><td class=\"has-text-align-center\" data-align=\"center\">&nbsp;<\/td><td class=\"has-text-align-center\" data-align=\"center\">&nbsp;<\/td><\/tr><tr><td>&nbsp;<\/td><td>&nbsp;<\/td><td class=\"has-text-align-center\" data-align=\"center\">&nbsp;<\/td><td class=\"has-text-align-center\" data-align=\"center\"><img loading=\"lazy\" decoding=\"async\" width=\"50\" height=\"50\" class=\"wp-image-26068\" style=\"width: 50px;\" src=\"https:\/\/olimpijski.pl\/wp-content\/uploads\/1948\/06\/2008_Pekin_zloty_50x50.jpg\" alt=\"\"><\/td><td class=\"has-text-align-center\" data-align=\"center\"><img loading=\"lazy\" decoding=\"async\" width=\"50\" height=\"50\" class=\"wp-image-26071\" style=\"width: 50px;\" src=\"https:\/\/olimpijski.pl\/wp-content\/uploads\/1948\/06\/2008_Pekin_sreb_50x50.jpg\" alt=\"\"><\/td><td class=\"has-text-align-center\" data-align=\"center\"><img loading=\"lazy\" decoding=\"async\" width=\"50\" height=\"50\" class=\"wp-image-26073\" style=\"width: 50px;\" src=\"https:\/\/olimpijski.pl\/wp-content\/uploads\/1948\/06\/2008_Pekin_braz_50x50.jpg\" alt=\"\"><\/td><\/tr><tr><td>1.<\/td><td>ZSRR<\/td><td class=\"has-text-align-center\" data-align=\"center\">16<\/td><td class=\"has-text-align-center\" data-align=\"center\">8<\/td><td class=\"has-text-align-center\" data-align=\"center\">5<\/td><td class=\"has-text-align-center\" data-align=\"center\">3<\/td><\/tr><tr><td>2.<\/td><td>NRD<\/td><td class=\"has-text-align-center\" data-align=\"center\">14<\/td><td class=\"has-text-align-center\" data-align=\"center\">4<\/td><td class=\"has-text-align-center\" data-align=\"center\">3<\/td><td class=\"has-text-align-center\" data-align=\"center\">7<\/td><\/tr><tr><td>3.<\/td><td>Szwajcaria<\/td><td class=\"has-text-align-center\" data-align=\"center\">10<\/td><td class=\"has-text-align-center\" data-align=\"center\">4<\/td><td class=\"has-text-align-center\" data-align=\"center\">3<\/td><td class=\"has-text-align-center\" data-align=\"center\">3<\/td><\/tr><tr><td>&#8230;<\/td><td>&nbsp;<\/td><td class=\"has-text-align-center\" data-align=\"center\">&nbsp;<\/td><td class=\"has-text-align-center\" data-align=\"center\">&nbsp;<\/td><td class=\"has-text-align-center\" data-align=\"center\">&nbsp;<\/td><td class=\"has-text-align-center\" data-align=\"center\">&nbsp;<\/td><\/tr><tr><td><strong>13-14.<\/strong><\/td><td><strong>Polska<\/strong><\/td><td class=\"has-text-align-center\" data-align=\"center\"><strong>1<\/strong><\/td><td class=\"has-text-align-center\" data-align=\"center\"><strong>1<\/strong><\/td><td class=\"has-text-align-center\" data-align=\"center\"><strong>0<\/strong><\/td><td class=\"has-text-align-center\" data-align=\"center\"><strong>0<\/strong><\/td><\/tr><\/tbody><\/table><\/figure>\n\n\n\n<h2 class=\"wp-block-heading\"><strong>Medale dla Polski (1)<\/strong><\/h2>\n\n\n\n<p>Z\u0142oty \u2013 Wojciech Fortuna (skoki narciarskie, K-90 \u2013 w\u00f3wczas skocznia du\u017ca)<\/p>\n\n\n\n<blockquote class=\"wp-block-quote is-style-default is-layout-flow wp-block-quote-is-layout-flow\"><p>O jedn\u0105 z najwi\u0119kszych niespodzianek postara\u0142 si\u0119 Wojciech Fortuna. Zdoby\u0142 pierwszy dla Polski medal w skokach narciarskich, na 90 metrowym obiekcie wyprzedzi\u0142 Szwajcara Waltera Steinera o zaledwie 0,1 pkt.<\/p><p>Narciarze po raz ostatni u\u017cywali drewnianego sprz\u0119tu, wypieranego przez syntetyczne w\u0142\u00f3kna szklane. Przed igrzyskami MKOl wykluczy\u0142 z imprezy jednego z faworyt\u00f3w, austriackiego alpejczyka Karla Schranza, za naruszenie Karty Olimpijskiej (niedozwolony udzia\u0142 w reklamie).<\/p><\/blockquote>\n","protected":false},"excerpt":{"rendered":"<p>XI ZIOSapporo 1972 Igrzyska rozegrano w dniach 3-13 lutego. Wystartowa\u0142o 1006 zawodnik\u00f3w (w tym 206 kobiet) z 35 kraj\u00f3w. Rozdano 35 komplet\u00f3w<\/p>\n","protected":false},"featured_media":0,"parent":0,"menu_order":0,"template":"templates\/olympic_main_subpage.php","meta":{"_acf_changed":false,"ub_ctt_via":"","footnotes":""},"class_list":["post-5901","olympics_winter","type-olympics_winter","status-publish","hentry","infinite-scroll-item","no-featured-image-padding"],"acf":{"game_id":"42","game_type":"1235","game_link":"sapporo1972","game_news":"0","startdate":"03.02.1972 12:00 am","enddate":"13.02.1972 12:00 am","place":"Sapporo","year":"1972","logo":"https:\/\/olimpijski.pl\/wp-content\/uploads\/1972\/06\/sapporo1972.png","special_bg_img":false,"hide_breadcrumbs":[],"competitions_olympic":false,"histroy_tabs":false},"_links":{"self":[{"href":"https:\/\/olimpijski.pl\/en\/wp-json\/wp\/v2\/olympics_winter\/5901"}],"collection":[{"href":"https:\/\/olimpijski.pl\/en\/wp-json\/wp\/v2\/olympics_winter"}],"about":[{"href":"https:\/\/olimpijski.pl\/en\/wp-json\/wp\/v2\/types\/olympics_winter"}],"version-history":[{"count":0,"href":"https:\/\/olimpijski.pl\/en\/wp-json\/wp\/v2\/olympics_winter\/5901\/revisions"}],"wp:attachment":[{"href":"https:\/\/olimpijski.pl\/en\/wp-json\/wp\/v2\/media?parent=5901"}],"curies":[{"name":"wp","href":"https:\/\/api.w.org\/{rel}","templated":true}]}}