{"id":5902,"date":"1968-06-17T13:54:39","date_gmt":"1968-06-17T12:54:39","guid":{"rendered":"https:\/\/wai-q98d7hpf9hy9k.wpallimport-demo.qsandbox.me\/olympics_winter\/grenoble-1968\/"},"modified":"2020-09-30T12:10:16","modified_gmt":"2020-09-30T10:10:16","slug":"grenoble-1968","status":"publish","type":"olympics_winter","link":"https:\/\/olimpijski.pl\/en\/igrzyska_zimowe\/grenoble-1968\/","title":{"rendered":"Grenoble 1968"},"content":{"rendered":"\n<h1 class=\"main-title wp-block-heading\"><strong>X ZIO<\/strong><br>Grenoble 1968<\/h1>\n\n\n\n<p><br><\/p>\n\n\n\n<div class=\"wp-block-image is-style-default\"><figure class=\"alignleft size-large\"><img loading=\"lazy\" decoding=\"async\" width=\"128\" height=\"128\" src=\"https:\/\/olimpijski.pl\/wp-content\/uploads\/1968\/06\/grenoble1968.png\" alt=\"\" class=\"wp-image-19371\"\/><\/figure><\/div>\n\n\n\n<ul class=\"wp-block-list\"><li>Igrzyska zosta\u0142y rozegrane w dniach <strong>6-18 lutego<\/strong>.<\/li><li>Wystartowa\u0142o <strong>1158<\/strong> zawodnik\u00f3w (w tym <strong>211<\/strong> kobiet) z <strong>37<\/strong> kraj\u00f3w.<\/li><li>Rozdano <strong>35<\/strong> komplet\u00f3w medali.<\/li><li>Znicz zapali\u0142 \u0142y\u017cwiarz figurowy <strong>Alain Calmat<\/strong>.<\/li><li>Igrzyska otworzy\u0142 dokona\u0142 <strong>prezydent Francji Charles de Gaulle<\/strong>.<\/li><\/ul>\n\n\n\n<h2 class=\"wp-block-heading\"><strong>Program Igrzysk \u2013 8 dyscyplin i 35 konkurencji<\/strong><\/h2>\n\n\n\n<p>biathlon (2 konkurencje), bobsleje (2), hokej na lodzie (1), \u0142y\u017cwiarstwo figurowe (3), \u0142y\u017cwiarstwo szybkie (8), narciarstwo alpejskie (6), narciarstwo klasyczne (10), saneczkarstwo (3).<\/p>\n\n\n\n<h2 class=\"wp-block-heading\"><strong>Gwiazdy Igrzysk<\/strong><\/h2>\n\n\n\n<p><strong>Jean-Claude KiIly<\/strong> (Francja, narciarstwo alpejskie) \u2013 3 z\u0142ote medale<br><strong>Toini Gustafsson<\/strong> (Szwecja, biegi narciarskie) \u2013 2 z\u0142ote medale, 1 srebrny<br><strong>Harald Groenningen<\/strong> (Norwegia, biegi narciarskie) \u2013 2 z\u0142ote medale<br><strong>Ole Ellefsaeter<\/strong> (Norwegia, biegi narciarskie) \u2013 2 z\u0142ote medale<br><strong>Eugenio Monti<\/strong> (W\u0142ochy, bobsleje) \u2013 2 z\u0142ote medale<br><strong>Luciano de Paolis<\/strong> (W\u0142ochy, bobsleje) \u2013 2 z\u0142ote medale<\/p>\n\n\n\n<h2 class=\"wp-block-heading\"><strong>Polska Reprezentacja Olimpijska<\/strong><\/h2>\n\n\n\n<p>35 os\u00f3b (startowa\u0142o 31 \u2013 8 kobiet i 23 m\u0119\u017cczyzn) w 4 sportach: 6 biathlonist\u00f3w, 16 narciarzy (w tym 4 kobiety; 14 startowa\u0142o + 2 rez., 1 nie) 2 \u0142y\u017cwiarzy figurowych (w tym 1 kobieta), 11 saneczkarzy (w tym 3 kobiety; 9 startowa\u0142o + 1 rez., 1 nie).<\/p>\n\n\n\n<p>Chor\u0105\u017cym reprezentacji Polski by\u0142 biathlonista <strong>Stanis\u0142aw Szczepaniak<\/strong>.<\/p>\n\n\n\n<h2 class=\"wp-block-heading\"><strong>Klasyfikacja medalowa<\/strong><\/h2>\n\n\n\n<figure class=\"wp-block-table is-style-stripes\"><table class=\"has-fixed-layout\"><tbody><tr><td><\/td><td><\/td><td class=\"has-text-align-center\" data-align=\"center\">&nbsp;<\/td><td class=\"has-text-align-center\" data-align=\"center\">&nbsp;<\/td><td class=\"has-text-align-center\" data-align=\"center\">&nbsp;<\/td><td class=\"has-text-align-center\" data-align=\"center\">&nbsp;<\/td><\/tr><tr><td>&nbsp;<\/td><td>&nbsp;<\/td><td class=\"has-text-align-center\" data-align=\"center\">&nbsp;<\/td><td class=\"has-text-align-center\" data-align=\"center\"><img loading=\"lazy\" decoding=\"async\" width=\"50\" height=\"50\" class=\"wp-image-26068\" style=\"width: 50px;\" src=\"https:\/\/olimpijski.pl\/wp-content\/uploads\/1948\/06\/2008_Pekin_zloty_50x50.jpg\" alt=\"\"><\/td><td class=\"has-text-align-center\" data-align=\"center\"><img loading=\"lazy\" decoding=\"async\" width=\"50\" height=\"50\" class=\"wp-image-26071\" style=\"width: 50px;\" src=\"https:\/\/olimpijski.pl\/wp-content\/uploads\/1948\/06\/2008_Pekin_sreb_50x50.jpg\" alt=\"\"><\/td><td class=\"has-text-align-center\" data-align=\"center\"><img loading=\"lazy\" decoding=\"async\" width=\"50\" height=\"50\" class=\"wp-image-26073\" style=\"width: 50px;\" src=\"https:\/\/olimpijski.pl\/wp-content\/uploads\/1948\/06\/2008_Pekin_braz_50x50.jpg\" alt=\"\"><\/td><\/tr><tr><td>1.<\/td><td>Norwegia<\/td><td class=\"has-text-align-center\" data-align=\"center\">14<\/td><td class=\"has-text-align-center\" data-align=\"center\">6<\/td><td class=\"has-text-align-center\" data-align=\"center\">6<\/td><td class=\"has-text-align-center\" data-align=\"center\">2<\/td><\/tr><tr><td>2.<\/td><td>ZSRR<\/td><td class=\"has-text-align-center\" data-align=\"center\">13<\/td><td class=\"has-text-align-center\" data-align=\"center\">5<\/td><td class=\"has-text-align-center\" data-align=\"center\">5<\/td><td class=\"has-text-align-center\" data-align=\"center\">3<\/td><\/tr><tr><td>3.<\/td><td>Francja<\/td><td class=\"has-text-align-center\" data-align=\"center\">9<\/td><td class=\"has-text-align-center\" data-align=\"center\">4<\/td><td class=\"has-text-align-center\" data-align=\"center\">3<\/td><td class=\"has-text-align-center\" data-align=\"center\">2<\/td><\/tr><tr><td>&#8230;<\/td><td>&nbsp;<\/td><td class=\"has-text-align-center\" data-align=\"center\">&nbsp;<\/td><td class=\"has-text-align-center\" data-align=\"center\">&nbsp;<\/td><td class=\"has-text-align-center\" data-align=\"center\">&nbsp;<\/td><td class=\"has-text-align-center\" data-align=\"center\">&nbsp;<\/td><\/tr><tr><td>&nbsp;<\/td><td><strong>Polska<\/strong><\/td><td class=\"has-text-align-center\" data-align=\"center\"><strong>0<\/strong><\/td><td class=\"has-text-align-center\" data-align=\"center\"><strong>0<\/strong><\/td><td class=\"has-text-align-center\" data-align=\"center\"><strong>0<\/strong><\/td><td class=\"has-text-align-center\" data-align=\"center\"><strong>0<\/strong><\/td><\/tr><\/tbody><\/table><\/figure>\n\n\n\n<blockquote class=\"wp-block-quote is-style-default is-layout-flow wp-block-quote-is-layout-flow\"><p>Bia\u0142o-czerwoni zaj\u0119li&nbsp; cztery czwarte lokaty: Stanis\u0142aw Szczepaniak w biathlonowym biegu na 20 km oraz w sztafecie 4&#215;7,5 km razem z Andrzejem Fiedorem, Stanis\u0142awem \u0141ukaszczykiem i J\u00f3zefem R\u00f3\u017cakiem.&nbsp; Czwarte miejsca przypad\u0142y ponadto Helenie Macher (pi\u0105ta by\u0142a Jadwiga Damse) i Zbigniewowi Gawiorowi w saneczkarskich jedynkach.<\/p><p>Transmisje telewizyjne liczy\u0142y 150 godzin i 13 minut. Po raz pierwszy telewidzowie mogli ogl\u0105da\u0107 przekaz kolorowy (31 godzin i 25 minut). Po raz pierwszy tak\u017ce przeprowadzono kontrole antydopingowe (86 pr\u00f3b) i kontrol\u0119 p\u0142ci. Najm\u0142odszym uczestnikiem igrzysk w historii by\u0142 Jan Hoffmann (NRD) \u2013 12 lat i 110 dni \u2013 sklasyfikowany na 26. miejscu w\u015br\u00f3d solist\u00f3w.<\/p><p>Po raz pierwszy pod w\u0142asn\u0105 flag\u0105 wyst\u0105pili sportowcy Niemieckiej Republiki Demokratycznej.<\/p><\/blockquote>\n","protected":false},"excerpt":{"rendered":"<p>X ZIOGrenoble 1968 Igrzyska zosta\u0142y rozegrane w dniach 6-18 lutego. Wystartowa\u0142o 1158 zawodnik\u00f3w (w tym 211 kobiet) z 37 kraj\u00f3w. Rozdano 35<\/p>\n","protected":false},"featured_media":0,"parent":0,"menu_order":0,"template":"templates\/olympic_main_subpage.php","meta":{"_acf_changed":false,"ub_ctt_via":"","footnotes":""},"class_list":["post-5902","olympics_winter","type-olympics_winter","status-publish","hentry","infinite-scroll-item","no-featured-image-padding"],"acf":{"game_id":"43","game_type":"1235","game_link":"grenoble1968","game_news":"0","startdate":"06.02.1968 12:00 am","enddate":"18.02.1968 12:00 am","place":"Grenoble","year":"1968","logo":"https:\/\/olimpijski.pl\/wp-content\/uploads\/1968\/06\/grenoble1968.png","special_bg_img":false,"hide_breadcrumbs":[],"competitions_olympic":false,"histroy_tabs":false},"_links":{"self":[{"href":"https:\/\/olimpijski.pl\/en\/wp-json\/wp\/v2\/olympics_winter\/5902"}],"collection":[{"href":"https:\/\/olimpijski.pl\/en\/wp-json\/wp\/v2\/olympics_winter"}],"about":[{"href":"https:\/\/olimpijski.pl\/en\/wp-json\/wp\/v2\/types\/olympics_winter"}],"version-history":[{"count":0,"href":"https:\/\/olimpijski.pl\/en\/wp-json\/wp\/v2\/olympics_winter\/5902\/revisions"}],"wp:attachment":[{"href":"https:\/\/olimpijski.pl\/en\/wp-json\/wp\/v2\/media?parent=5902"}],"curies":[{"name":"wp","href":"https:\/\/api.w.org\/{rel}","templated":true}]}}