{"id":5907,"date":"1948-06-17T13:54:39","date_gmt":"1948-06-17T11:54:39","guid":{"rendered":"https:\/\/wai-q98d7hpf9hy9k.wpallimport-demo.qsandbox.me\/olympics_winter\/st-moritz-1948\/"},"modified":"2020-09-30T11:47:56","modified_gmt":"2020-09-30T09:47:56","slug":"st-moritz-1948","status":"publish","type":"olympics_winter","link":"https:\/\/olimpijski.pl\/en\/igrzyska_zimowe\/st-moritz-1948\/","title":{"rendered":"St Moritz 1948"},"content":{"rendered":"\n<h1 class=\"main-title wp-block-heading\"><strong>V ZIO<\/strong><br>Sankt Moritz 1948<\/h1>\n\n\n\n<p><br><\/p>\n\n\n\n<div class=\"wp-block-image is-style-default\"><figure class=\"alignleft size-large\"><img loading=\"lazy\" decoding=\"async\" width=\"128\" height=\"128\" src=\"https:\/\/olimpijski.pl\/wp-content\/uploads\/1948\/06\/st-moritz1948.png\" alt=\"\" class=\"wp-image-19403\"\/><\/figure><\/div>\n\n\n\n<ul class=\"wp-block-list\"><li>Igrzyska rozegrano w dniach <strong>31 stycznia \u2013 8 lutego<\/strong>.<\/li><li>Wystartowa\u0142o <strong>669<\/strong> zawodnik\u00f3w (w tym <strong>77<\/strong> kobiet) z <strong>28<\/strong> kraj\u00f3w.<\/li><li>Rozdano <strong>22<\/strong> komplety medali.<\/li><li>Formu\u0142k\u0119 otwieraj\u0105c\u0105 igrzyska wyg\u0142osi\u0142 prezydent Konfederacji Szwajcarskiej <strong>Enrico Celio<\/strong>.<br><\/li><\/ul>\n\n\n\n<h2 class=\"wp-block-heading\"><strong>Program Igrzysk \u2013 7 dyscyplin i 19 konkurencji<\/strong><\/h2>\n\n\n\n<p>bobsleje (2 konkurencje), hokej na lodzie (1), \u0142y\u017cwiarstwo figurowe (3), \u0142y\u017cwiarstwo szybkie (1), narciarstwo alpejskie (6), narciarstwo klasyczne (5), skeleton (1).<\/p>\n\n\n\n<h2 class=\"wp-block-heading\"><strong>Gwiazdy Igrzysk<\/strong><\/h2>\n\n\n\n<p><strong>Henri Oreiller<\/strong> (Francja, narciarstwo alpejskie) \u2013 2 z\u0142ote medale, 1 br\u0105zowy<br><strong>Martin Lundstroem<\/strong> (Szwecja, biegi narciarskie) \u2013 2 z\u0142ote medale<br><strong>Trude Beiser<\/strong> (Austria, narciarstwo alpejskie) \u2013 1 z\u0142oty medal, 1 srebrny<br><strong>Gretchen Kunigh Fraser<\/strong> (USA, narciarstwo alpejskie) \u2013 1 z\u0142oty medal, 1 srebrny<\/p>\n\n\n\n<h2 class=\"wp-block-heading\"><strong>Polska Reprezentacja Olimpijska<\/strong><\/h2>\n\n\n\n<p>31 m\u0119\u017cczyzn (startowa\u0142o 29) w 2 sportach: 18 hokeist\u00f3w (17 startowa\u0142o, 1 nie), 13 narciarzy (12 startowa\u0142o, 1 nie).<\/p>\n\n\n\n<p>Chor\u0105\u017cym reprezentacji Polski by\u0142 skoczek narciarski <strong>Stanis\u0142aw Marusarz<\/strong>.<\/p>\n\n\n\n<h2 class=\"wp-block-heading\"><strong>Klasyfikacja medalowa<\/strong><\/h2>\n\n\n\n<figure class=\"wp-block-table is-style-stripes\"><table class=\"has-fixed-layout\"><tbody><tr><td><\/td><td><\/td><td class=\"has-text-align-center\" data-align=\"center\">&nbsp;<\/td><td class=\"has-text-align-center\" data-align=\"center\">&nbsp;<\/td><td class=\"has-text-align-center\" data-align=\"center\">&nbsp;<\/td><td class=\"has-text-align-center\" data-align=\"center\">&nbsp;<\/td><\/tr><tr><td>&nbsp;<\/td><td>&nbsp;<\/td><td class=\"has-text-align-center\" data-align=\"center\">&nbsp;<\/td><td class=\"has-text-align-center\" data-align=\"center\"><img loading=\"lazy\" decoding=\"async\" width=\"50\" height=\"50\" class=\"wp-image-26068\" style=\"width: 50px;\" src=\"https:\/\/olimpijski.pl\/wp-content\/uploads\/1948\/06\/2008_Pekin_zloty_50x50.jpg\" alt=\"\"><\/td><td class=\"has-text-align-center\" data-align=\"center\"><img loading=\"lazy\" decoding=\"async\" width=\"50\" height=\"50\" class=\"wp-image-26071\" style=\"width: 50px;\" src=\"https:\/\/olimpijski.pl\/wp-content\/uploads\/1948\/06\/2008_Pekin_sreb_50x50.jpg\" alt=\"\"><\/td><td class=\"has-text-align-center\" data-align=\"center\"><img loading=\"lazy\" decoding=\"async\" width=\"50\" height=\"50\" class=\"wp-image-26073\" style=\"width: 50px;\" src=\"https:\/\/olimpijski.pl\/wp-content\/uploads\/1948\/06\/2008_Pekin_braz_50x50.jpg\" alt=\"\"><\/td><\/tr><tr><td>1.<\/td><td>Norwegia<\/td><td class=\"has-text-align-center\" data-align=\"center\">10<\/td><td class=\"has-text-align-center\" data-align=\"center\">4<\/td><td class=\"has-text-align-center\" data-align=\"center\">3<\/td><td class=\"has-text-align-center\" data-align=\"center\">3<\/td><\/tr><tr><td> .<\/td><td>Szwecja<\/td><td class=\"has-text-align-center\" data-align=\"center\">10<\/td><td class=\"has-text-align-center\" data-align=\"center\">4<\/td><td class=\"has-text-align-center\" data-align=\"center\">3<\/td><td class=\"has-text-align-center\" data-align=\"center\">3<\/td><\/tr><tr><td>3.<\/td><td>Szwajcaria<\/td><td class=\"has-text-align-center\" data-align=\"center\">10<\/td><td class=\"has-text-align-center\" data-align=\"center\">3<\/td><td class=\"has-text-align-center\" data-align=\"center\">4<\/td><td class=\"has-text-align-center\" data-align=\"center\">3<\/td><\/tr><tr><td>&#8230;<\/td><td>&nbsp;<\/td><td class=\"has-text-align-center\" data-align=\"center\">&nbsp;<\/td><td class=\"has-text-align-center\" data-align=\"center\">&nbsp;<\/td><td class=\"has-text-align-center\" data-align=\"center\">&nbsp;<\/td><td class=\"has-text-align-center\" data-align=\"center\">&nbsp;<\/td><\/tr><tr><td>&nbsp;<\/td><td><strong>Polska<\/strong><\/td><td class=\"has-text-align-center\" data-align=\"center\"><strong>0<\/strong><\/td><td class=\"has-text-align-center\" data-align=\"center\"><strong>0<\/strong><\/td><td class=\"has-text-align-center\" data-align=\"center\"><strong>0<\/strong><\/td><td class=\"has-text-align-center\" data-align=\"center\"><strong>0<\/strong><\/td><\/tr><\/tbody><\/table><\/figure>\n\n\n\n<blockquote class=\"wp-block-quote is-style-default is-layout-flow wp-block-quote-is-layout-flow\"><p>Dyscyplinami pokazowymi by\u0142y wojskowy bieg patrolowy i rywalizacja indywidualna w pi\u0119cioboju zimowym (bieg na nartach, strzelanie, zjazd, szermierka i jazda konna).<\/p><p>Sz\u00f3ste miejsce w turnieju hokeja na lodzie przypad\u0142o polskiej dru\u017cynie graj\u0105cej w sk\u0142adzie: Henryk Bromer, Mieczys\u0142aw Burda, Stefan Csorich, Tadeusz Dolewski, Alfred Gansiniec, Thomas Jasi\u0144ski, Mieczys\u0142aw Kasprzycki,&nbsp; Boles\u0142aw&nbsp; Kolasa, Adam Kowalski, Eugeniusz Lewacki, Jan Maciejko, Czes\u0142aw Marchewczyk, Mieczys\u0142aw Palus, Henryk Prze\u017adziecki, Hilary Skar\u017cy\u0144ski Maksymilian Wi\u0119cek i Ernst Ziaja.<\/p><p>Skoki zdominowali Skandynawowie. W czo\u0142owej \u00f3semce znalaz\u0142o si\u0119 ich siedmiu. Pi\u0105ty by\u0142 Amerykanin Gordon. L. Wren.<\/p><\/blockquote>\n","protected":false},"excerpt":{"rendered":"<p>V ZIOSankt Moritz 1948 Igrzyska rozegrano w dniach 31 stycznia \u2013 8 lutego. Wystartowa\u0142o 669 zawodnik\u00f3w (w tym 77 kobiet) z 28<\/p>\n","protected":false},"featured_media":0,"parent":0,"menu_order":0,"template":"","meta":{"_acf_changed":false,"ub_ctt_via":"","footnotes":""},"class_list":["post-5907","olympics_winter","type-olympics_winter","status-publish","hentry","infinite-scroll-item","no-featured-image-padding"],"acf":{"game_id":"48","game_type":"1235","game_link":"st-moritz1948","game_news":"0","startdate":"30.01.1948 12:00 am","enddate":"08.02.1948 12:00 am","place":"St Moritz","year":"1948","logo":"https:\/\/olimpijski.pl\/wp-content\/uploads\/1948\/06\/st-moritz1948.png","special_bg_img":false,"hide_breadcrumbs":[],"competitions_olympic":false,"histroy_tabs":false},"_links":{"self":[{"href":"https:\/\/olimpijski.pl\/en\/wp-json\/wp\/v2\/olympics_winter\/5907"}],"collection":[{"href":"https:\/\/olimpijski.pl\/en\/wp-json\/wp\/v2\/olympics_winter"}],"about":[{"href":"https:\/\/olimpijski.pl\/en\/wp-json\/wp\/v2\/types\/olympics_winter"}],"version-history":[{"count":0,"href":"https:\/\/olimpijski.pl\/en\/wp-json\/wp\/v2\/olympics_winter\/5907\/revisions"}],"wp:attachment":[{"href":"https:\/\/olimpijski.pl\/en\/wp-json\/wp\/v2\/media?parent=5907"}],"curies":[{"name":"wp","href":"https:\/\/api.w.org\/{rel}","templated":true}]}}