{"id":5908,"date":"1936-06-17T13:54:39","date_gmt":"1936-06-17T12:54:39","guid":{"rendered":"https:\/\/wai-q98d7hpf9hy9k.wpallimport-demo.qsandbox.me\/olympics_winter\/garmisch-partenkirchen-1936\/"},"modified":"2020-09-30T11:46:16","modified_gmt":"2020-09-30T09:46:16","slug":"garmisch-partenkirchen-1936","status":"publish","type":"olympics_winter","link":"https:\/\/olimpijski.pl\/en\/igrzyska_zimowe\/garmisch-partenkirchen-1936\/","title":{"rendered":"Garmisch-Partenkirchen 1936"},"content":{"rendered":"\n<h1 class=\"main-title wp-block-heading\"><strong>IV ZIO<\/strong><br>Garmisch-Partenkirchen 1936<\/h1>\n\n\n\n<p><br><\/p>\n\n\n\n<div class=\"wp-block-image is-style-default\"><figure class=\"alignleft size-large\"><img loading=\"lazy\" decoding=\"async\" width=\"128\" height=\"128\" src=\"https:\/\/olimpijski.pl\/wp-content\/uploads\/1936\/06\/garmisch-partenkirchen1936.png\" alt=\"\" class=\"wp-image-19369\"\/><\/figure><\/div>\n\n\n\n<ul class=\"wp-block-list\"><li>Igrzyska rozegrano w dniach <strong>6-16 lutego<\/strong>.<\/li><li>Wystartowa\u0142o <strong>646<\/strong> zawodnik\u00f3w, (w tym <strong>80<\/strong> kobiet) z <strong>28<\/strong> kraj\u00f3w.<\/li><li>Rozdano <strong>17<\/strong> komplet\u00f3w medali.<\/li><li>Otwarcia igrzysk dokona\u0142 <strong>kanclerz III Rzeszy Adolf Hitler<\/strong>.<\/li><li>Igrzyska obserwowa\u0142o <strong>543 155<\/strong> widz\u00f3w.<\/li><\/ul>\n\n\n\n<h2 class=\"wp-block-heading\"><strong>Program Igrzysk \u2013 6 dyscyplin i 17 konkurencji<\/strong><\/h2>\n\n\n\n<p>bobsleje (2 konkurencje), hokej na lodzie (1), \u0142y\u017cwiarstwo figurowe (3), \u0142y\u017cwiarstwo szybkie (4), narciarstwo alpejskie (2), narciarstwo klasyczne (5).<\/p>\n\n\n\n<h2 class=\"wp-block-heading\"><strong>Gwiazdy Igrzysk<\/strong><\/h2>\n\n\n\n<p><strong>Ivar Ballagrund<\/strong> (Norwegia, \u0142y\u017cwiarstwo figurowe) \u2013 3 z\u0142ote medale, 1 srebrny<br><strong>Oddbjoern Hagen<\/strong> (Norwegia, biegi narciarskie) \u2013 1 z\u0142oty medal, 2 srebrne<br><strong>Ernst Baier<\/strong> (Niemcy, \u0142y\u017cwiarstwo figurowe) \u2013 1 z\u0142oty medal, 1 srebrny<\/p>\n\n\n\n<h2 class=\"wp-block-heading\"><strong>Polska Reprezentacja Olimpijska<\/strong><\/h2>\n\n\n\n<p><strong>24 m\u0119\u017cczyzn<\/strong> (startowa\u0142o 20) w 3 sportach: 15 hokeist\u00f3w (11 startowa\u0142o + 4 rez.), 1 \u0142y\u017cwiarz szybki, 8 narciarzy.<\/p>\n\n\n\n<p>Chor\u0105\u017cym reprezentacji Polski by\u0142 <strong>Bronis\u0142aw Czech<\/strong> (biegi narciarskie, kombinacja norweska, narciarstwo alpejskie).<\/p>\n\n\n\n<h2 class=\"wp-block-heading\"><strong>Klasyfikacja medalowa<\/strong><\/h2>\n\n\n\n<figure class=\"wp-block-table is-style-stripes\"><table class=\"has-fixed-layout\"><tbody><tr><td><\/td><td><\/td><td class=\"has-text-align-center\" data-align=\"center\">&nbsp;<\/td><td class=\"has-text-align-center\" data-align=\"center\">&nbsp;<\/td><td class=\"has-text-align-center\" data-align=\"center\">&nbsp;<\/td><td class=\"has-text-align-center\" data-align=\"center\">&nbsp;<\/td><\/tr><tr><td>&nbsp;<\/td><td>&nbsp;<\/td><td class=\"has-text-align-center\" data-align=\"center\">&nbsp;<\/td><td class=\"has-text-align-center\" data-align=\"center\"><img loading=\"lazy\" decoding=\"async\" width=\"50\" height=\"50\" class=\"wp-image-26068\" style=\"width: 50px;\" src=\"https:\/\/olimpijski.pl\/wp-content\/uploads\/1948\/06\/2008_Pekin_zloty_50x50.jpg\" alt=\"\"><\/td><td class=\"has-text-align-center\" data-align=\"center\"><img loading=\"lazy\" decoding=\"async\" width=\"50\" height=\"50\" class=\"wp-image-26071\" style=\"width: 50px;\" src=\"https:\/\/olimpijski.pl\/wp-content\/uploads\/1948\/06\/2008_Pekin_sreb_50x50.jpg\" alt=\"\"><\/td><td class=\"has-text-align-center\" data-align=\"center\"><img loading=\"lazy\" decoding=\"async\" width=\"50\" height=\"50\" class=\"wp-image-26073\" style=\"width: 50px;\" src=\"https:\/\/olimpijski.pl\/wp-content\/uploads\/1948\/06\/2008_Pekin_braz_50x50.jpg\" alt=\"\"><\/td><\/tr><tr><td>1.<\/td><td>Norwegia<\/td><td class=\"has-text-align-center\" data-align=\"center\">15<\/td><td class=\"has-text-align-center\" data-align=\"center\">7<\/td><td class=\"has-text-align-center\" data-align=\"center\">5<\/td><td class=\"has-text-align-center\" data-align=\"center\">3<\/td><\/tr><tr><td>2.<\/td><td>Niemcy<\/td><td class=\"has-text-align-center\" data-align=\"center\">6<\/td><td class=\"has-text-align-center\" data-align=\"center\">3<\/td><td class=\"has-text-align-center\" data-align=\"center\">3<\/td><td class=\"has-text-align-center\" data-align=\"center\">0<\/td><\/tr><tr><td>3.<\/td><td>Szwecja<\/td><td class=\"has-text-align-center\" data-align=\"center\">7<\/td><td class=\"has-text-align-center\" data-align=\"center\">2<\/td><td class=\"has-text-align-center\" data-align=\"center\">2<\/td><td class=\"has-text-align-center\" data-align=\"center\">3<\/td><\/tr><tr><td>&#8230;<\/td><td>&nbsp;<\/td><td class=\"has-text-align-center\" data-align=\"center\">&nbsp;<\/td><td class=\"has-text-align-center\" data-align=\"center\">&nbsp;<\/td><td class=\"has-text-align-center\" data-align=\"center\">&nbsp;<\/td><td class=\"has-text-align-center\" data-align=\"center\">&nbsp;<\/td><\/tr><tr><td>&nbsp;<\/td><td><strong>Polska<\/strong><\/td><td class=\"has-text-align-center\" data-align=\"center\"><strong>0<\/strong><\/td><td class=\"has-text-align-center\" data-align=\"center\"><strong>0<\/strong><\/td><td class=\"has-text-align-center\" data-align=\"center\"><strong>0<\/strong><\/td><td class=\"has-text-align-center\" data-align=\"center\"><strong>0<\/strong><\/td><\/tr><\/tbody><\/table><\/figure>\n\n\n\n<blockquote class=\"wp-block-quote is-style-default is-layout-flow wp-block-quote-is-layout-flow\"><p>Dyscyplinami pokazowymi by\u0142y: wojskowy bieg patrolowy, bawarska odmiana curlingu (dru\u017cynowo i indywidualnie).<\/p><p>Najwy\u017csza lokata Polak\u00f3w to 5. miejsce w skokach Stanis\u0142awa Marusarza, kt\u00f3ry by\u0142 najlepszym zawodnikiem spoza pa\u0144stw skandynawskich.<\/p><p>Przy imprezie by\u0142o akredytowanych 498 dziennikarzy; prasa (403), radio (49) i 46 fotograf\u00f3w (wy\u0142\u0105cznie niemieckich).<\/p><\/blockquote>\n","protected":false},"excerpt":{"rendered":"<p>IV ZIOGarmisch-Partenkirchen 1936 Igrzyska rozegrano w dniach 6-16 lutego. Wystartowa\u0142o 646 zawodnik\u00f3w, (w tym 80 kobiet) z 28 kraj\u00f3w. Rozdano 17 komplet\u00f3w<\/p>\n","protected":false},"featured_media":0,"parent":0,"menu_order":0,"template":"templates\/olympic_main_subpage.php","meta":{"_acf_changed":false,"ub_ctt_via":"","footnotes":""},"class_list":["post-5908","olympics_winter","type-olympics_winter","status-publish","hentry","infinite-scroll-item","no-featured-image-padding"],"acf":{"game_id":"49","game_type":"1235","game_link":"garmisch-partenkirchen1936","game_news":"0","startdate":"06.02.1936 12:00 am","enddate":"16.02.1936 12:00 am","place":"Garmisch Partenkirchen","year":"1936","logo":"https:\/\/olimpijski.pl\/wp-content\/uploads\/1936\/06\/garmisch-partenkirchen1936.png","special_bg_img":false,"hide_breadcrumbs":[],"competitions_olympic":false,"histroy_tabs":false},"_links":{"self":[{"href":"https:\/\/olimpijski.pl\/en\/wp-json\/wp\/v2\/olympics_winter\/5908"}],"collection":[{"href":"https:\/\/olimpijski.pl\/en\/wp-json\/wp\/v2\/olympics_winter"}],"about":[{"href":"https:\/\/olimpijski.pl\/en\/wp-json\/wp\/v2\/types\/olympics_winter"}],"version-history":[{"count":0,"href":"https:\/\/olimpijski.pl\/en\/wp-json\/wp\/v2\/olympics_winter\/5908\/revisions"}],"wp:attachment":[{"href":"https:\/\/olimpijski.pl\/en\/wp-json\/wp\/v2\/media?parent=5908"}],"curies":[{"name":"wp","href":"https:\/\/api.w.org\/{rel}","templated":true}]}}