{"id":13211,"date":"2020-06-24T16:43:22","date_gmt":"2020-06-24T14:43:22","guid":{"rendered":"http:\/\/pkol.local\/person\/janusz-andrzej-adamiec\/"},"modified":"2021-04-29T13:41:19","modified_gmt":"2021-04-29T11:41:19","slug":"janusz-andrzej-adamiec","status":"publish","type":"person","link":"https:\/\/olimpijski.pl\/en\/olimpijczycy\/janusz-andrzej-adamiec\/","title":{"rendered":"Janusz Adamiec"},"content":{"rendered":"\n<p><br><br><br><strong>ps. &#8220;Truda&#8221;, g\u00f3rnik kopalni &#8220;Wujek&#8221;, hokeista z\u00a0Janowa, trzykrotny olimpijczyk z\u00a0Sarajewa (1984), Calgary (1988) i\u00a0Albertville (1988).<\/strong><\/p>\n\n\n\n<p>Urodzony 29 kwietnia 1962 w\u00a0Katowicach, syn J\u00f3zefa i\u00a0Adelajdy Domin, absolwent Technikum G\u00f3rniczego (wieloletni g\u00f3rnik-elektryk w\u00a0kopalni &#8220;Wujek&#8221;). Zawodnik (176 cm, 74 kg) Naprzodu Jan\u00f3w (1972-1997), wychowanek Alfreda Gansi\u0144ca, \u015brodkowy napastnik (dobrze wyszkolony technicznie, konstruktor akcji zaczepnych, bardzo dobrze zgrany z\u00a0Piotrem Kwasigrochem).<\/p>\n\n\n\n<p>W\u00a0barwach Naprzodu: 2-krotny wicemistrz Polski (1989, 1992), 3-krotny br\u0105zowy medalista MP (1982, 1986, 1987), w\u00a0ci\u0105gu 18 sezon\u00f3w ligowych rozegra\u0142 591 mecz\u00f3w zdobywaj\u0105c 297 goli. 98-krotny reprezentant Polski (1982-1992), strzelec 27 bramek.<\/p>\n\n\n\n<p>Uczestnik 5 turniej\u00f3w o\u00a0M\u015a: 1985 Fryburg &#8211; 9 m. (gr. B-1), 1987 Canazei &#8211; 9 m. (gr. B-1), 1989 Sztokholm &#8211; 8 m. , 1991 Ljubljana &#8211; 12 m. (gr. B-4), 1992 Praha &#8211; Bratys\u0142awa &#8211; 12m.; 3-krotny olimpijczyk (1984, 1988, 1992). Podczas IO i\u00a0M\u015a rozegra\u0142 41 mecz\u00f3w zdobywaj\u0105c 2 gole. Odznaczony m. in. br\u0105zowym Medalem za Wybitne Osi\u0105gni\u0119cia Sportowe.<\/p>\n\n\n\n<p><strong>*1984 Sarajewo: cz\u0142onek dru\u017cyny hokejowej,<\/strong> kt\u00f3ra w&nbsp;grupie elim. (6 dru\u017c.) pokona\u0142a Jugos\u0142awi\u0119 8:1 oraz&nbsp;przegra\u0142a z&nbsp;ZSRR 1:12, RFN 5:8, W\u0142ochami 1: 6 i&nbsp;Szwecj\u0105 1:10, zajmuj\u0105c 4 m. w&nbsp;grupie; w&nbsp;meczu o&nbsp;7-8 m. przegra\u0142a z&nbsp;USA 4:7, zajmuj\u0105c 8 m. w&nbsp;turnieju (zw. ZSRR). Partnerami&nbsp; Adamca w&nbsp;dru\u017cynie byli: M. Cholewa, A. Chowaniec, J. Christ, H. Gruth, A. Hachu\u0142a, L. Jachna, W. Jobczyk, S. Klocek, A, Nowak, W. Olszewski, J. Piecko, H. Pytel, G. Samolej, K. Sikorski, J. Stopczyk, L. Synowiec, R. Szopi\u0144ski, A. Ujwary i&nbsp;A. Zabawa (trenerzy: Emil Nikodemowicz i&nbsp;Zenon Hajduga).<\/p>\n\n\n\n<p><strong>*1988 Calgary: cz\u0142onek dru\u017cyny hokejowej,<\/strong> kt\u00f3ra w&nbsp;grupie elim. (6 dru\u017c.) zremisowa\u0142a ze Szwecj\u0105 1:1 oraz&nbsp;przegra\u0142a z&nbsp;Kanad\u0105 0:1, Francj\u0105 0:2 (dyskw. po wygranym meczu 6:2 w&nbsp;wyniku dodatniej pr\u00f3by antydopingowej u&nbsp;Jaros\u0142awa Morawieckiego), Szwajcari\u0105 1:4 i&nbsp;Finlandi\u0105 1:5, zajmuj\u0105c 5 m. w&nbsp;grupie; w&nbsp;meczu o&nbsp;m. 9-10 uleg\u0142a Austrii 2:3, zajmuj\u0105c w&nbsp;turnieju 10 m. (zw. ZSRR). Partnerami Adamca w&nbsp;dru\u017cynie byli: Z. Bryjak, M. Cholewa, J. Christ, M. Copija, H. Gruth, A. Hanisz, L. Jachna, A. K\u0105dzio\u0142ka, F. Kukla, P. Kwasigroch, J. Morawiecki, I. Pacula, K. Podsiad\u0142o, J. Potz, G. Samolej, K. Sikorski, R. Steblecki, M. Stebnicki, J. Szopi\u0144ski, R. Szopi\u0144ski i&nbsp;A. \u015awi\u0105tek (trenerzy: Leszek Lejczyk i&nbsp;Jerzy Mruk).<\/p>\n\n\n\n<p><strong>*1992 Albertville: cz\u0142onek dru\u017cyny hokejowej<\/strong>, kt\u00f3ra w&nbsp;grupie elim. (6 dru\u017c.) przegra\u0142a ze Szwecj\u0105 2:7, Finlandi\u0105 1:9, W\u0142ochami 1:7, USA 0:3 i&nbsp;Niemcami 0:4, zajmuj\u0105c 6 m. w&nbsp;grupie; w&nbsp;spotkaniu o&nbsp;m. 9-12&nbsp; uleg\u0142a Szwajcarii 2:7, a&nbsp;w&nbsp;meczu o&nbsp;m. 11-12 wygra\u0142a z&nbsp;W\u0142ochami 4:1, zajmuj\u0105c 11 m. w&nbsp;turnieju (zw. WNP). Partnerami&nbsp; Adamca w&nbsp;dru\u017cynie byli: M. Batkiewicz, K. Bujar, M. Cholewa, M. Czerkawski, D. Garbocz, H. Gruth, J. Hajnos, K. Jurek, A. K\u0105dzio\u0142ka, M. Kieca, W. Klisiak, K. Ku\u017aniecow, D. P\u0142atek, M. Puzio, G. Samolej, J. Sobera, R. Sroka, R. Szopi\u0144ski, A. \u015awistak, W. Tkacz, M. Tomasik i&nbsp;S. Wieloch (trenerzy: Leszek Lejczyk i&nbsp;Jerzy Mruk).<\/p>\n\n\n\n<p><em>Bibl.: G\u0142uszek, Leksykon 1999, s. 146-147; Pawlak, Olimpijczycy, s. 20; Klimontowicz, Ruch olimpijski, s. 49; Ziele\u015bkiewicz, Encyklopedia, s. 8, 285, 290 (tu b\u0142\u0119dnie dzie\u0144 urodzenia 19 kwietnia); USC Katowice, AU 330\/1962\/14 (pismo z&nbsp;14.05.2002); Wywiad \u015brodowiskowy.<\/em><\/p>\n","protected":false},"excerpt":{"rendered":"<p>ps. &#8220;Truda&#8221;, g\u00f3rnik kopalni &#8220;Wujek&#8221;, hokeista z\u00a0Janowa, trzykrotny olimpijczyk z\u00a0Sarajewa (1984), Calgary (1988) i\u00a0Albertville (1988). &#8230; <a class=\"read-more\" href=\"https:\/\/olimpijski.pl\/en\/olimpijczycy\/janusz-andrzej-adamiec\/\">Czytaj dalej<\/a><\/p>\n","protected":false},"featured_media":41753,"menu_order":60,"template":"","meta":{"_acf_changed":false,"ub_ctt_via":"","footnotes":""},"class_list":["post-13211","person","type-person","status-publish","has-post-thumbnail","hentry","infinite-scroll-item","no-featured-image-padding","resize-featured-image"],"acf":{"olimpic_information":[{"olimpic":[{"ID":5899,"post_author":"15","post_date":"1984-06-17 13:54:39","post_date_gmt":"1984-06-17 11:54:39","post_content":"<!-- wp:heading {\"level\":1,\"className\":\"main-title\"} -->\n<h1 class=\"main-title\"><strong>XIV ZIO<\/strong><br>Sarajewo 1984<\/h1>\n<!-- \/wp:heading -->\n\n<!-- wp:paragraph -->\n<p><br><\/p>\n<!-- \/wp:paragraph -->\n\n<!-- wp:image {\"align\":\"left\",\"id\":19394,\"sizeSlug\":\"large\",\"className\":\"is-style-default\"} -->\n<div class=\"wp-block-image is-style-default\"><figure class=\"alignleft size-large\"><img src=\"https:\/\/olimpijski.pl\/wp-content\/uploads\/1984\/06\/sarajewo1984.png\" alt=\"\" class=\"wp-image-19394\"\/><\/figure><\/div>\n<!-- \/wp:image -->\n\n<!-- wp:list -->\n<ul><li>Igrzyska rozegrano w dniach <strong>8-19 lutego<\/strong>.<\/li><li>Wystartowa\u0142o <strong>1272 <\/strong>zawodnik\u00f3w (w tym <strong>274<\/strong> kobiety) z <strong>49<\/strong> kraj\u00f3w.<\/li><li>Rozdano <strong>39<\/strong> komplet\u00f3w medali.<\/li><li>Ceremonii zapalenia znicza dokona\u0142 biegacz narciarski <strong>Ivo Carman<\/strong>.<\/li><li>Igrzyska otworzy\u0142 <strong>prezydent Jugos\u0142awii Mika Spiljak<\/strong>.<\/li><\/ul>\n<!-- \/wp:list -->\n\n<!-- wp:heading -->\n<h2><strong>Program Igrzysk \u2013 8 dyscyplin i 39 konkurencji<\/strong><\/h2>\n<!-- \/wp:heading -->\n\n<!-- wp:paragraph -->\n<p>biathlon (3 konkurencje), bobsleje (2), hokej na lodzie (1), \u0142y\u017cwiarstwo figurowe (4), \u0142y\u017cwiarstwo szybkie (9), narciarstwo alpejskie (6), narciarstwo klasyczne (11), saneczkarstwo (3).<\/p>\n<!-- \/wp:paragraph -->\n\n<!-- wp:heading -->\n<h2><strong>Gwiazdy Igrzysk<\/strong><\/h2>\n<!-- \/wp:heading -->\n\n<!-- wp:paragraph -->\n<p><strong>Marja-Liisa Hamalainen<\/strong> (Finlandia, biegi narciarskie) \u2013 3 z\u0142ote medale, 1 br\u0105zowy<br><strong>Karin Enke<\/strong> (NRD, \u0142y\u017cwiarstwo szybkie) \u2013 2 z\u0142ote, 2 srebrne<br><strong>Gunde Svan<\/strong> (Szwecja, biegi narciarskie) \u2013 2 z\u0142ote medale, 1 srebrny, 1 br\u0105zowy<\/p>\n<!-- \/wp:paragraph -->\n\n<!-- wp:heading -->\n<h2><strong>Polska Reprezentacja Olimpijska<\/strong><\/h2>\n<!-- \/wp:heading -->\n\n<!-- wp:paragraph -->\n<p><strong>30 os\u00f3b<\/strong> (6 kobiet i 24 m\u0119\u017cczyzn) w 4 sportach: 20 hokeist\u00f3w, 1 \u0142y\u017cwiarz figurowy, 3 \u0142y\u017cwiarki szybkie, 6 narciarzy (w tym 3 kobiety).<\/p>\n<!-- \/wp:paragraph -->\n\n<!-- wp:paragraph -->\n<p>Chor\u0105\u017cym reprezentacji Polski by\u0142 biegacz narciarski <strong>J\u00f3zef \u0141uszczek<\/strong>.<\/p>\n<!-- \/wp:paragraph -->\n\n<!-- wp:heading -->\n<h2><strong>Klasyfikacja medalowa<\/strong><\/h2>\n<!-- \/wp:heading -->\n\n<!-- wp:table {\"hasFixedLayout\":true,\"className\":\"is-style-stripes\"} -->\n<figure class=\"wp-block-table is-style-stripes\"><table class=\"has-fixed-layout\"><tbody><tr><td><\/td><td><\/td><td class=\"has-text-align-center\" data-align=\"center\">&nbsp;<\/td><td class=\"has-text-align-center\" data-align=\"center\">&nbsp;<\/td><td class=\"has-text-align-center\" data-align=\"center\">&nbsp;<\/td><td class=\"has-text-align-center\" data-align=\"center\">&nbsp;<\/td><\/tr><tr><td>&nbsp;<\/td><td>&nbsp;<\/td><td class=\"has-text-align-center\" data-align=\"center\">&nbsp;<\/td><td class=\"has-text-align-center\" data-align=\"center\"><img class=\"wp-image-26068\" style=\"width: 50px;\" src=\"https:\/\/olimpijski.pl\/wp-content\/uploads\/1948\/06\/2008_Pekin_zloty_50x50.jpg\" alt=\"\"><\/td><td class=\"has-text-align-center\" data-align=\"center\"><img class=\"wp-image-26071\" style=\"width: 50px;\" src=\"https:\/\/olimpijski.pl\/wp-content\/uploads\/1948\/06\/2008_Pekin_sreb_50x50.jpg\" alt=\"\"><\/td><td class=\"has-text-align-center\" data-align=\"center\"><img class=\"wp-image-26073\" style=\"width: 50px;\" src=\"https:\/\/olimpijski.pl\/wp-content\/uploads\/1948\/06\/2008_Pekin_braz_50x50.jpg\" alt=\"\"><\/td><\/tr><tr><td>1.<\/td><td>NRD<\/td><td class=\"has-text-align-center\" data-align=\"center\">24<\/td><td class=\"has-text-align-center\" data-align=\"center\">9<\/td><td class=\"has-text-align-center\" data-align=\"center\">9<\/td><td class=\"has-text-align-center\" data-align=\"center\">6<\/td><\/tr><tr><td>2.<\/td><td>ZSRR<\/td><td class=\"has-text-align-center\" data-align=\"center\">25<\/td><td class=\"has-text-align-center\" data-align=\"center\">6<\/td><td class=\"has-text-align-center\" data-align=\"center\">10<\/td><td class=\"has-text-align-center\" data-align=\"center\">9<\/td><\/tr><tr><td>3.<\/td><td>USA<\/td><td class=\"has-text-align-center\" data-align=\"center\">8<\/td><td class=\"has-text-align-center\" data-align=\"center\">4<\/td><td class=\"has-text-align-center\" data-align=\"center\">4<\/td><td class=\"has-text-align-center\" data-align=\"center\">0<\/td><\/tr><tr><td>...<\/td><td>&nbsp;<\/td><td class=\"has-text-align-center\" data-align=\"center\">&nbsp;<\/td><td class=\"has-text-align-center\" data-align=\"center\">&nbsp;<\/td><td class=\"has-text-align-center\" data-align=\"center\">&nbsp;<\/td><td class=\"has-text-align-center\" data-align=\"center\">&nbsp;<\/td><\/tr><tr><td>&nbsp;<\/td><td><strong>Polska<\/strong><\/td><td class=\"has-text-align-center\" data-align=\"center\"><strong>0<\/strong><\/td><td class=\"has-text-align-center\" data-align=\"center\"><strong>0<\/strong><\/td><td class=\"has-text-align-center\" data-align=\"center\"><strong>0<\/strong><\/td><td class=\"has-text-align-center\" data-align=\"center\"><strong>0<\/strong><\/td><\/tr><\/tbody><\/table><\/figure>\n<!-- \/wp:table -->\n\n<!-- wp:quote {\"className\":\"is-style-default\"} -->\n<blockquote class=\"wp-block-quote is-style-default\"><p>Najwy\u017csza lokata \u2013 pi\u0105ta \u2013 przypad\u0142a w wy\u015bcigu \u0142y\u017cwiarek na 1500 m Erwinie Ry\u015b-Ferens. Sz\u00f3sta by\u0142a w slalomie specjalnym Ma\u0142gorzata Tla\u0142ka. Na si\u00f3dmym sklasyfikowani zostali: Ry\u015b-Ferens na 1000 m oraz Piotr Fijas w skokach na obiekcie K-70.<\/p><\/blockquote>\n<!-- \/wp:quote -->","post_title":"Sarajewo 1984","post_excerpt":"","post_status":"publish","comment_status":"closed","ping_status":"closed","post_password":"","post_name":"sarajewo-1984","to_ping":"","pinged":"","post_modified":"2020-09-30 12:17:23","post_modified_gmt":"2020-09-30 10:17:23","post_content_filtered":"","post_parent":0,"guid":"https:\/\/wai-q98d7hpf9hy9k.wpallimport-demo.qsandbox.me\/olympics_winter\/sarajewo-1984\/","menu_order":0,"post_type":"olympics_winter","post_mime_type":"","comment_count":"0","filter":"raw"}],"competitions_rewards":[{"competition":[{"ID":5840,"post_author":"1","post_date":"2020-06-19 11:32:26","post_date_gmt":"2020-06-19 11:32:26","post_content":"","post_title":"Hokej na lodzie","post_excerpt":"","post_status":"publish","comment_status":"open","ping_status":"open","post_password":"","post_name":"hokej-na-lodzie","to_ping":"","pinged":"","post_modified":"2020-06-29 13:13:11","post_modified_gmt":"2020-06-29 11:13:11","post_content_filtered":"","post_parent":0,"guid":"https:\/\/wai-q7byvryhhcz9k.wpallimport-demo.qsandbox.me\/competition\/hokej-na-lodzie\/","menu_order":0,"post_type":"competition","post_mime_type":"","comment_count":"0","filter":"raw"}],"reward":""}]},{"olimpic":[{"ID":5898,"post_author":"15","post_date":"1988-06-17 13:54:39","post_date_gmt":"1988-06-17 11:54:39","post_content":"<!-- wp:heading {\"level\":1,\"className\":\"main-title\"} -->\n<h1 class=\"main-title\"><strong>XV ZIO<\/strong><br>Calgary 1988<\/h1>\n<!-- \/wp:heading -->\n\n<!-- wp:paragraph -->\n<p><br><\/p>\n<!-- \/wp:paragraph -->\n\n<!-- wp:image {\"align\":\"left\",\"id\":19362,\"sizeSlug\":\"large\",\"className\":\"is-style-default\"} -->\n<div class=\"wp-block-image is-style-default\"><figure class=\"alignleft size-large\"><img src=\"https:\/\/olimpijski.pl\/wp-content\/uploads\/1988\/06\/calgary1988.png\" alt=\"\" class=\"wp-image-19362\"\/><\/figure><\/div>\n<!-- \/wp:image -->\n\n<!-- wp:list -->\n<ul><li>Igrzyska rozegrano w dniach <strong>13-28 lutego<\/strong>.<\/li><li>Wystartowa\u0142o <strong>1423<\/strong> zawodnik\u00f3w (w tym <strong>301<\/strong> kobiet) z <strong>57<\/strong> kraj\u00f3w.<\/li><li>Rozdano <strong>46<\/strong> komplet\u00f3w medali.<\/li><li>Znicz zapali\u0142a 12-letnia \u0142y\u017cwiarka figurowa <strong>Robyn Perry<\/strong>.<\/li><li>Igrzyska otworzy\u0142a gubernator Kanady, pierwsza kobieta na tym stanowisku i dziennikarka g\u0142\u00f3wnego publicznego nadawcy radiowo-telewizyjnego CBC (ponad 20 lat pracy) <strong>Jeanne Sauve<\/strong>.<\/li><\/ul>\n<!-- \/wp:list -->\n\n<!-- wp:heading -->\n<h2><strong>Program Igrzysk \u2013 8 dyscyplin i 46 konkurencji<\/strong><\/h2>\n<!-- \/wp:heading -->\n\n<!-- wp:paragraph -->\n<p>biathlon (3 konkurencje), bobsleje (2), hokej na lodzie (1), \u0142y\u017cwiarstwo figurowe (4), \u0142y\u017cwiarstwo szybkie (10), narciarstwo alpejskie (10), narciarstwo klasyczne (13), saneczkarstwo (3).<\/p>\n<!-- \/wp:paragraph -->\n\n<!-- wp:heading -->\n<h2><strong>Gwiazdy Igrzysk<\/strong><\/h2>\n<!-- \/wp:heading -->\n\n<!-- wp:paragraph -->\n<p><strong>Matti Nykaenen<\/strong> (Finlandia, skoki narciarskie) \u2013 3 z\u0142ote medale<br><strong>Yvonne van Gennip<\/strong> (Holandia, \u0142y\u017cwiarstwo szybkie) \u2013 3 z\u0142ote medale<br><strong>Tamara Tichonowa<\/strong> (ZSRR, biegi narciarskie) \u2013 2 z\u0142ote medale, 1 srebrny<br><strong>Frank-Peter Roetsch<\/strong> (NRD, biathlon) \u2013 2 z\u0142ote medale, 1 srebrny<\/p>\n<!-- \/wp:paragraph -->\n\n<!-- wp:heading -->\n<h2><strong>Polska Reprezentacja Olimpijska<\/strong><\/h2>\n<!-- \/wp:heading -->\n\n<!-- wp:paragraph -->\n<p><strong>35 os\u00f3b<\/strong> (startowa\u0142o 33 \u2013 4 kobiety i 29 m\u0119\u017cczyzn) w 4 sportach: 25 hokeist\u00f3w (23 startowa\u0142o + 2 rez.), 3 \u0142y\u017cwiarzy figurowych (w tym 1 kobieta), 3 \u0142y\u017cwiarzy szybkich (w tym 2 kobiety), 4 narciarzy (w tym 1 kobieta).<\/p>\n<!-- \/wp:paragraph -->\n\n<!-- wp:paragraph -->\n<p>Chor\u0105\u017cym reprezentacji Polski by\u0142 hokeista <strong>Henryk Gruth<\/strong>.<\/p>\n<!-- \/wp:paragraph -->\n\n<!-- wp:heading -->\n<h2><strong>Klasyfikacja medalowa<\/strong><\/h2>\n<!-- \/wp:heading -->\n\n<!-- wp:table {\"hasFixedLayout\":true,\"className\":\"is-style-stripes\"} -->\n<figure class=\"wp-block-table is-style-stripes\"><table class=\"has-fixed-layout\"><tbody><tr><td><\/td><td><\/td><td class=\"has-text-align-center\" data-align=\"center\">&nbsp;<\/td><td class=\"has-text-align-center\" data-align=\"center\">&nbsp;<\/td><td class=\"has-text-align-center\" data-align=\"center\">&nbsp;<\/td><td class=\"has-text-align-center\" data-align=\"center\">&nbsp;<\/td><\/tr><tr><td>&nbsp;<\/td><td>&nbsp;<\/td><td class=\"has-text-align-center\" data-align=\"center\">&nbsp;<\/td><td class=\"has-text-align-center\" data-align=\"center\"><img class=\"wp-image-26068\" style=\"width: 50px;\" src=\"https:\/\/olimpijski.pl\/wp-content\/uploads\/1948\/06\/2008_Pekin_zloty_50x50.jpg\" alt=\"\"><\/td><td class=\"has-text-align-center\" data-align=\"center\"><img class=\"wp-image-26071\" style=\"width: 50px;\" src=\"https:\/\/olimpijski.pl\/wp-content\/uploads\/1948\/06\/2008_Pekin_sreb_50x50.jpg\" alt=\"\"><\/td><td class=\"has-text-align-center\" data-align=\"center\"><img class=\"wp-image-26073\" style=\"width: 50px;\" src=\"https:\/\/olimpijski.pl\/wp-content\/uploads\/1948\/06\/2008_Pekin_braz_50x50.jpg\" alt=\"\"><\/td><\/tr><tr><td>1.<\/td><td>ZSRR<\/td><td class=\"has-text-align-center\" data-align=\"center\">29<\/td><td class=\"has-text-align-center\" data-align=\"center\">11<\/td><td class=\"has-text-align-center\" data-align=\"center\">9<\/td><td class=\"has-text-align-center\" data-align=\"center\">9<\/td><\/tr><tr><td>2.<\/td><td>NRD<\/td><td class=\"has-text-align-center\" data-align=\"center\">25<\/td><td class=\"has-text-align-center\" data-align=\"center\">9<\/td><td class=\"has-text-align-center\" data-align=\"center\">10<\/td><td class=\"has-text-align-center\" data-align=\"center\">6<\/td><\/tr><tr><td>3.<\/td><td>Szwajcaria<\/td><td class=\"has-text-align-center\" data-align=\"center\">15<\/td><td class=\"has-text-align-center\" data-align=\"center\">5<\/td><td class=\"has-text-align-center\" data-align=\"center\">5<\/td><td class=\"has-text-align-center\" data-align=\"center\">5<\/td><\/tr><tr><td>...<\/td><td>&nbsp;<\/td><td class=\"has-text-align-center\" data-align=\"center\">&nbsp;<\/td><td class=\"has-text-align-center\" data-align=\"center\">&nbsp;<\/td><td class=\"has-text-align-center\" data-align=\"center\">&nbsp;<\/td><td class=\"has-text-align-center\" data-align=\"center\">&nbsp;<\/td><\/tr><tr><td>&nbsp;<\/td><td><strong>Polska<\/strong><\/td><td class=\"has-text-align-center\" data-align=\"center\"><strong>0<\/strong><\/td><td class=\"has-text-align-center\" data-align=\"center\"><strong>0<\/strong><\/td><td class=\"has-text-align-center\" data-align=\"center\"><strong>0<\/strong><\/td><td class=\"has-text-align-center\" data-align=\"center\"><strong>0<\/strong><\/td><\/tr><\/tbody><\/table><\/figure>\n<!-- \/wp:table -->\n\n<!-- wp:quote {\"className\":\"is-style-default\"} -->\n<blockquote class=\"wp-block-quote is-style-default\"><p>Najwy\u017csze \u2013 pi\u0105te miejsca \u2013 przypad\u0142y \u0142y\u017cwiarzowi figurowemu Grzegorzowi Filipowskiemu oraz na 3000 m \u0142y\u017cwiarce szybkiej Erwinie Ry\u015b-Ferens.<\/p><\/blockquote>\n<!-- \/wp:quote -->","post_title":"Calgary 1988","post_excerpt":"","post_status":"publish","comment_status":"closed","ping_status":"closed","post_password":"","post_name":"calgary-1988","to_ping":"","pinged":"","post_modified":"2020-10-09 12:52:29","post_modified_gmt":"2020-10-09 10:52:29","post_content_filtered":"","post_parent":0,"guid":"https:\/\/wai-q98d7hpf9hy9k.wpallimport-demo.qsandbox.me\/olympics_winter\/calgary-1988\/","menu_order":0,"post_type":"olympics_winter","post_mime_type":"","comment_count":"0","filter":"raw"}],"competitions_rewards":[{"competition":[{"ID":5840,"post_author":"1","post_date":"2020-06-19 11:32:26","post_date_gmt":"2020-06-19 11:32:26","post_content":"","post_title":"Hokej na lodzie","post_excerpt":"","post_status":"publish","comment_status":"open","ping_status":"open","post_password":"","post_name":"hokej-na-lodzie","to_ping":"","pinged":"","post_modified":"2020-06-29 13:13:11","post_modified_gmt":"2020-06-29 11:13:11","post_content_filtered":"","post_parent":0,"guid":"https:\/\/wai-q7byvryhhcz9k.wpallimport-demo.qsandbox.me\/competition\/hokej-na-lodzie\/","menu_order":0,"post_type":"competition","post_mime_type":"","comment_count":"0","filter":"raw"}],"reward":""}]},{"olimpic":[{"ID":5897,"post_author":"1","post_date":"1992-06-17 13:54:39","post_date_gmt":"1992-06-17 11:54:39","post_content":"<!-- wp:heading {\"level\":1,\"className\":\"main-title\"} -->\n<h1 class=\"main-title\"><strong>XVI ZIO<\/strong><br>Albertville 1992<\/h1>\n<!-- \/wp:heading -->\n\n<!-- wp:paragraph -->\n<p><br><\/p>\n<!-- \/wp:paragraph -->\n\n<!-- wp:image {\"align\":\"left\",\"id\":19360,\"sizeSlug\":\"large\",\"className\":\"is-style-default\"} -->\n<div class=\"wp-block-image is-style-default\"><figure class=\"alignleft size-large\"><img src=\"https:\/\/olimpijski.pl\/wp-content\/uploads\/1992\/06\/albertville1992.png\" alt=\"\" class=\"wp-image-19360\"\/><\/figure><\/div>\n<!-- \/wp:image -->\n\n<!-- wp:list -->\n<ul><li>Igrzyska rozegrano w dniach <strong>8-23 lutego<\/strong>.<\/li><li>Wystartowa\u0142o <strong>1801<\/strong> zawodnik\u00f3w (w tym <strong>488<\/strong> kobiet) z <strong>64<\/strong> kraj\u00f3w.<\/li><li>Rozdano <strong>57<\/strong> komplet\u00f3w medali.<\/li><li>Znicz zapali\u0142 ucze\u0144 <strong>Francois Cyril Grange<\/strong>.<\/li><li>Igrzyska otworzy\u0142 <strong>prezydent Francji Francois Mitterand<\/strong>.<\/li><\/ul>\n<!-- \/wp:list -->\n\n<!-- wp:heading -->\n<h2><strong>Program Igrzysk \u2013 10 dyscyplin i 57 konkurencji<\/strong><\/h2>\n<!-- \/wp:heading -->\n\n<!-- wp:paragraph -->\n<p>biathlon (6 konkurencji), bobsleje (2), hokej na lodzie (1), \u0142y\u017cwiarstwo figurowe (4), \u0142y\u017cwiarstwo szybkie (10), \u0142y\u017cwiarstwo szybkie \u2013 short-track (4), narciarstwo alpejskie (10), narciarstwo klasyczne (15), narciarstwo dowolne (2), saneczkarstwo (3).<\/p>\n<!-- \/wp:paragraph -->\n\n<!-- wp:heading -->\n<h2><strong>Gwiazdy Igrzysk<\/strong><\/h2>\n<!-- \/wp:heading -->\n\n<!-- wp:paragraph -->\n<p><strong>Lubow Jegorowa <\/strong>(Wsp\u00f3lnota Niepodleg\u0142ych Pa\u0144stw, biegi narciarskie) \u2013 3 z\u0142ote medale, 2 srebrne<br><strong>Vegard Ulvang<\/strong> (Norwegia, biegi narciarskie) \u2013 3 z\u0142ote medale, 1 srebrny<br><strong>Bjoern Daehlie<\/strong> (Norwegia, biegi narciarskie) \u2013 3 z\u0142ote medale, 1 srebrny<\/p>\n<!-- \/wp:paragraph -->\n\n<!-- wp:heading -->\n<h2><strong>Polska Reprezentacja Olimpijska<\/strong><\/h2>\n<!-- \/wp:heading -->\n\n<!-- wp:paragraph -->\n<p><strong>53 osoby<\/strong> (12 kobiet i 41 m\u0119\u017cczyzn) w 6 sportach: 9 biathlonist\u00f3w (w tym 4 kobiety), 23 hokeist\u00f3w, 2 \u0142y\u017cwiarzy figurowych (w tym 1 kobieta), 4 \u0142y\u017cwiarzy szybkich (w tym 1 kobieta), 13 narciarzy (w tym 6 kobiet), 2 saneczkarzy.<\/p>\n<!-- \/wp:paragraph -->\n\n<!-- wp:paragraph -->\n<p>Chor\u0105\u017cym reprezentacji Polski by\u0142 hokeista <strong>Henryk Gruth<\/strong>.<\/p>\n<!-- \/wp:paragraph -->\n\n<!-- wp:heading -->\n<h2><strong>Klasyfikacja medalowa<\/strong><\/h2>\n<!-- \/wp:heading -->\n\n<!-- wp:table {\"hasFixedLayout\":true,\"className\":\"is-style-stripes\"} -->\n<figure class=\"wp-block-table is-style-stripes\"><table class=\"has-fixed-layout\"><tbody><tr><td><\/td><td><\/td><td class=\"has-text-align-center\" data-align=\"center\">&nbsp;<\/td><td class=\"has-text-align-center\" data-align=\"center\">&nbsp;<\/td><td class=\"has-text-align-center\" data-align=\"center\">&nbsp;<\/td><td class=\"has-text-align-center\" data-align=\"center\">&nbsp;<\/td><\/tr><tr><td>&nbsp;<\/td><td>&nbsp;<\/td><td class=\"has-text-align-center\" data-align=\"center\">&nbsp;<\/td><td class=\"has-text-align-center\" data-align=\"center\"><img class=\"wp-image-26068\" style=\"width: 50px;\" src=\"https:\/\/olimpijski.pl\/wp-content\/uploads\/1948\/06\/2008_Pekin_zloty_50x50.jpg\" alt=\"\"><\/td><td class=\"has-text-align-center\" data-align=\"center\"><img class=\"wp-image-26071\" style=\"width: 50px;\" src=\"https:\/\/olimpijski.pl\/wp-content\/uploads\/1948\/06\/2008_Pekin_sreb_50x50.jpg\" alt=\"\"><\/td><td class=\"has-text-align-center\" data-align=\"center\"><img class=\"wp-image-26073\" style=\"width: 50px;\" src=\"https:\/\/olimpijski.pl\/wp-content\/uploads\/1948\/06\/2008_Pekin_braz_50x50.jpg\" alt=\"\"><\/td><\/tr><tr><td>1.<\/td><td>Niemcy<\/td><td class=\"has-text-align-center\" data-align=\"center\">26<\/td><td class=\"has-text-align-center\" data-align=\"center\">10<\/td><td class=\"has-text-align-center\" data-align=\"center\">10<\/td><td class=\"has-text-align-center\" data-align=\"center\">6<\/td><\/tr><tr><td>2.<\/td><td>WNP*<\/td><td class=\"has-text-align-center\" data-align=\"center\">23<\/td><td class=\"has-text-align-center\" data-align=\"center\">9<\/td><td class=\"has-text-align-center\" data-align=\"center\">6<\/td><td class=\"has-text-align-center\" data-align=\"center\">8<\/td><\/tr><tr><td>3.<\/td><td>Norwegia<\/td><td class=\"has-text-align-center\" data-align=\"center\">20<\/td><td class=\"has-text-align-center\" data-align=\"center\">9<\/td><td class=\"has-text-align-center\" data-align=\"center\">6<\/td><td class=\"has-text-align-center\" data-align=\"center\">5<\/td><\/tr><tr><td>...<\/td><td>&nbsp;<\/td><td class=\"has-text-align-center\" data-align=\"center\">&nbsp;<\/td><td class=\"has-text-align-center\" data-align=\"center\">&nbsp;<\/td><td class=\"has-text-align-center\" data-align=\"center\">&nbsp;<\/td><td class=\"has-text-align-center\" data-align=\"center\">&nbsp;<\/td><\/tr><tr><td>&nbsp;<\/td><td><strong>Polska<\/strong><\/td><td class=\"has-text-align-center\" data-align=\"center\"><strong>0<\/strong><\/td><td class=\"has-text-align-center\" data-align=\"center\"><strong>0<\/strong><\/td><td class=\"has-text-align-center\" data-align=\"center\"><strong>0<\/strong><\/td><td class=\"has-text-align-center\" data-align=\"center\"><strong>0<\/strong><\/td><\/tr><\/tbody><\/table><\/figure>\n<!-- \/wp:table -->\n\n<!-- wp:quote {\"className\":\"is-style-default\"} -->\n<blockquote class=\"wp-block-quote is-style-default\"><p>Najlepiej z Polak\u00f3w spisa\u0142 si\u0119 Stanis\u0142aw Ustupski plasuj\u0105c si\u0119 w kombinacji norweskiej na \u00f3smym miejscu. Dziewi\u0105ta by\u0142a sztafeta biathlonowa 4x7,5 km, kt\u00f3ra wyst\u0105pi\u0142a w sk\u0142adzie: Dariusz Koz\u0142owski, Jan Ziemianin, Jan Wojtas i Krzysztof Sosna), a dziesi\u0105ta sztafeta biegowa 4x5 km (Ma\u0142gorzata Rucha\u0142a, Dorota Kwa\u015bny, Bernardetta Bocek i Halina Nowak.<\/p><p><\/p><\/blockquote>\n<!-- \/wp:quote -->\n\n<!-- wp:paragraph -->\n<p><em>* Wsp\u00f3lnota Niepodleg\u0142ych Pa\u0144stw<\/em><\/p>\n<!-- \/wp:paragraph -->","post_title":"Albertville 1992","post_excerpt":"","post_status":"publish","comment_status":"closed","ping_status":"closed","post_password":"","post_name":"albertville-1992","to_ping":"","pinged":"","post_modified":"2020-10-06 15:12:54","post_modified_gmt":"2020-10-06 13:12:54","post_content_filtered":"","post_parent":0,"guid":"https:\/\/wai-q98d7hpf9hy9k.wpallimport-demo.qsandbox.me\/olympics_winter\/albertville-1992\/","menu_order":0,"post_type":"olympics_winter","post_mime_type":"","comment_count":"0","filter":"raw"}],"competitions_rewards":[{"competition":[{"ID":5840,"post_author":"1","post_date":"2020-06-19 11:32:26","post_date_gmt":"2020-06-19 11:32:26","post_content":"","post_title":"Hokej na lodzie","post_excerpt":"","post_status":"publish","comment_status":"open","ping_status":"open","post_password":"","post_name":"hokej-na-lodzie","to_ping":"","pinged":"","post_modified":"2020-06-29 13:13:11","post_modified_gmt":"2020-06-29 11:13:11","post_content_filtered":"","post_parent":0,"guid":"https:\/\/wai-q7byvryhhcz9k.wpallimport-demo.qsandbox.me\/competition\/hokej-na-lodzie\/","menu_order":0,"post_type":"competition","post_mime_type":"","comment_count":"0","filter":"raw"}],"reward":""}]}],"picture":{"ID":41753,"id":41753,"title":"Janusz_Adamiec","filename":"Janusz_Adamiec.jpg","filesize":32206,"url":"https:\/\/olimpijski.pl\/wp-content\/uploads\/2020\/06\/Janusz_Adamiec.jpg","link":"https:\/\/olimpijski.pl\/en\/olimpijczycy\/janusz-andrzej-adamiec\/janusz_adamiec\/#main","alt":"","author":"15","description":"","caption":"","name":"janusz_adamiec","status":"inherit","uploaded_to":13211,"date":"2021-04-29 11:39:51","modified":"2021-04-29 11:39:51","menu_order":0,"mime_type":"image\/jpeg","type":"image","subtype":"jpeg","icon":"https:\/\/olimpijski.pl\/wp-includes\/images\/media\/default.png","width":391,"height":475,"sizes":{"thumbnail":"https:\/\/olimpijski.pl\/wp-content\/uploads\/2020\/06\/Janusz_Adamiec-150x150.jpg","thumbnail-width":150,"thumbnail-height":150,"medium":"https:\/\/olimpijski.pl\/wp-content\/uploads\/2020\/06\/Janusz_Adamiec-247x300.jpg","medium-width":247,"medium-height":300,"medium_large":"https:\/\/olimpijski.pl\/wp-content\/uploads\/2020\/06\/Janusz_Adamiec.jpg","medium_large-width":391,"medium_large-height":475,"large":"https:\/\/olimpijski.pl\/wp-content\/uploads\/2020\/06\/Janusz_Adamiec.jpg","large-width":391,"large-height":475,"1536x1536":"https:\/\/olimpijski.pl\/wp-content\/uploads\/2020\/06\/Janusz_Adamiec.jpg","1536x1536-width":391,"1536x1536-height":475,"2048x2048":"https:\/\/olimpijski.pl\/wp-content\/uploads\/2020\/06\/Janusz_Adamiec.jpg","2048x2048-width":391,"2048x2048-height":475,"ultp_layout_landscape_large":"https:\/\/olimpijski.pl\/wp-content\/uploads\/2020\/06\/Janusz_Adamiec.jpg","ultp_layout_landscape_large-width":391,"ultp_layout_landscape_large-height":475,"ultp_layout_landscape":"https:\/\/olimpijski.pl\/wp-content\/uploads\/2020\/06\/Janusz_Adamiec.jpg","ultp_layout_landscape-width":391,"ultp_layout_landscape-height":475,"ultp_layout_portrait":"https:\/\/olimpijski.pl\/wp-content\/uploads\/2020\/06\/Janusz_Adamiec.jpg","ultp_layout_portrait-width":391,"ultp_layout_portrait-height":475,"ultp_layout_square":"https:\/\/olimpijski.pl\/wp-content\/uploads\/2020\/06\/Janusz_Adamiec.jpg","ultp_layout_square-width":391,"ultp_layout_square-height":475}},"firstname":"Janusz","lastname":"Adamiec","birthdate_date":"29\/04\/1962","birthdate":"29 kwietnia 1962","deathdate_date":"","deathdate":"","placeofbirth":"Katowice","club":"Naprz\u00f3d Jan\u00f3w","coach":"Alfred Gansiniec","metrics":"","seolink":"adamiec-janusz-andrzej","tmp_old_id":"12952","tmp_old_fid":"294","tmp_old_parent_id":"15544","createdate":"06\/11\/2013","tmp_old_title":"Adamiec Janusz Andrzej","tmp_old_lead":"","tmp_old_body":"<p class=\"title-m-02\">ADAMIEC JANUSZ ANDRZEJ<\/p><table  border=\"0\" align=\"LEFT\" cellpadding=\"0\" cellspacing=\"0\"> <tr> <td class=\"photo-td-01\"><table  border=\"0\" cellspacing=\"0\" cellpadding=\"0\"> <tr>  <td><img src=\"files\/old\/i\/olimpijczycy\/Adamiec_Janusz_m.jpg\" alt=\"ADAMIEC JANUSZ ANDRZEJ\" border=\"0\" width=\"50\" height=\"50\"><\/td> <\/tr> <\/table><\/td><\/tr><\/table><p><strong>ps. \"Truda\", g\u00f3rnik kopalni \"Wujek\", hokeista z Janowa, trzykrotny olimpijczyk z Sarajewa (1984), Calgary (1988) i Albertville (1988).<br\/><\/strong>Urodzony 29 kwietnia 1962 w Katowicach, syn J\u00f3zefa i Adelajdy Domin, absolwent Technikum G\u00f3rniczego (wieloletni g\u00f3rnik-elektryk w kopalni \"Wujek\"). Zawodnik (176 cm, 74 kg) Naprzodu Jan\u00f3w (1972-1997), wychowanek Alfreda Gansi\u0144ca, \u015brodkowy napastnik (dobrze wyszkolony technicznie, konstruktor akcji zaczepnych, bardzo dobrze zgrany z\u00a0 Piotrem Kwasigrochem). W barwach Naprzodu: 2-krotny wicemistrz Polski (1989, 1992), 3-krotny br\u0105zowy medalista MP (1982, 1986, 1987), w ci\u0105gu 18 sezon\u00f3w ligowych rozegra\u0142 591 mecz\u00f3w zdobywaj\u0105c 297 goli. 98-krotny reprezentant Polski (1982-1992), strzelec 27 bramek. Uczestnik 5 turniej\u00f3w o M\u015a: 1985 Fryburg - 9 m. (gr. B-1), 1987 Canazei - 9 m. (gr. B-1), 1989 Sztokholm - 8 m. , 1991 Ljubljana - 12 m. (gr. B-4), 1992 Praha - Bratys\u0142awa - 12m.; 3-krotny olimpijczyk (1984, 1988, 1992). Podczas IO i M\u015a rozegra\u0142 41 mecz\u00f3w zdobywaj\u0105c 2 gole. Odznaczony m. in. br\u0105zowym Medalem za Wybitne Osi\u0105gni\u0119cia Sportowe. \u017bonaty. Mieszka w Katowicach.<br\/><br\/>Bibl.: G\u0142uszek, Leksykon 1999, s. 146-147; Pawlak, Olimpijczycy, s. 20; Klimontowicz, Ruch olimpijski, s. 49; Ziele\u015bkiewicz, Encyklopedia, s. 8, 285, 290 (tu b\u0142\u0119dnie dzie\u0144 urodzenia 19 kwietnia); USC Katowice, AU 330\/1962\/14 (pismo z 14.05.2002); Wywiad \u015brodowiskowy.<br\/><strong>*1984 Sarajewo: cz\u0142onek dru\u017cyny hokejowej,<\/strong> kt\u00f3ra w grupie elim. (6 dru\u017c.) pokona\u0142a Jugos\u0142awi\u0119 8:1 oraz przegra\u0142a z ZSRR 1:12, RFN 5:8, W\u0142ochami 1: 6 i Szwecj\u0105 1:10, zajmuj\u0105c 4 m. w grupie; w meczu o 7-8 m. przegra\u0142a z USA 4:7, zajmuj\u0105c 8 m. w turnieju (zw. ZSRR). Partnerami\u00a0 Adamca w dru\u017cynie byli: M. Cholewa, A. Chowaniec, J. Christ, H. Gruth, A. Hachu\u0142a, L. Jachna, W. Jobczyk, S. Klocek, A, Nowak, W. Olszewski, J. Piecko, H. Pytel, G. Samolej, K. Sikorski, J. Stopczyk, L. Synowiec, R. Szopi\u0144ski, A. Ujwary i A. Zabawa (trenerzy: Emil Nikodemowicz i Zenon Hajduga).<br\/><br\/><strong>*1988 Calgary: cz\u0142onek dru\u017cyny hokejowej,<\/strong> kt\u00f3ra w grupie elim. (6 dru\u017c.) zremisowa\u0142a ze Szwecj\u0105 1:1 oraz przegra\u0142a z Kanad\u0105 0:1, Francj\u0105 0:2 (dyskw. po wygranym meczu 6:2 w wyniku dodatniej pr\u00f3by antydopingowej u Jaros\u0142awa Morawieckiego), Szwajcari\u0105 1:4 i Finlandi\u0105 1:5, zajmuj\u0105c 5 m. w grupie; w meczu o m. 9-10 uleg\u0142a Austrii 2:3, zajmuj\u0105c w turnieju 10 m. (zw. ZSRR). Partnerami Adamca w dru\u017cynie byli: Z. Bryjak, M. Cholewa, J. Christ, M. Copija, H. Gruth, A. Hanisz, L. Jachna, A. K\u0105dzio\u0142ka, F. Kukla, P. Kwasigroch, J. Morawiecki, I. Pacula, K. Podsiad\u0142o, J. Potz, G. Samolej, K. Sikorski, R. Steblecki, M. Stebnicki, J. Szopi\u0144ski, R. Szopi\u0144ski i A. \u015awi\u0105tek (trenerzy: Leszek Lejczyk i Jerzy Mruk).<br\/><strong>*1992 Albertville: cz\u0142onek dru\u017cyny hokejowej<\/strong>, kt\u00f3ra w grupie elim. (6 dru\u017c.) przegra\u0142a ze Szwecj\u0105 2:7, Finlandi\u0105 1:9, W\u0142ochami 1:7, USA 0:3 i Niemcami 0:4, zajmuj\u0105c 6 m. w grupie; w spotkaniu o m. 9-12\u00a0 uleg\u0142a Szwajcarii 2:7, a w meczu o m. 11-12 wygra\u0142a z W\u0142ochami 4:1, zajmuj\u0105c 11 m. w turnieju (zw. WNP). Partnerami\u00a0 Adamca w dru\u017cynie byli: M. Batkiewicz, K. Bujar, M. Cholewa, M. Czerkawski, D. Garbocz, H. Gruth, J. Hajnos, K. Jurek, A. K\u0105dzio\u0142ka, M. Kieca, W. Klisiak, K. Ku\u017aniecow, D. P\u0142atek, M. Puzio, G. Samolej, J. Sobera, R. Sroka, R. Szopi\u0144ski, A. \u015awistak, W. Tkacz, M. Tomasik i S. Wieloch (trenerzy: Leszek Lejczyk i Jerzy Mruk).<\/p><!-- history --><table width=\"85%\" style=\"text-align:right\" border=\"0\" cellspacing=\"0\" cellpadding=\"0\">  <tr>    <td align=\"right\" class=\"box3-title\"><a href=\"javascript:history.back()\">\u00ab powr\u00f3t do listy<\/a><\/td>  <\/tr><\/table>","tmp_old_body_img":false,"tmp_old_lead_img":false,"picture_medalists":false,"important":"","group_knuie68fa087fd5h76":false,"person_achivments":""},"_links":{"self":[{"href":"https:\/\/olimpijski.pl\/en\/wp-json\/wp\/v2\/person\/13211"}],"collection":[{"href":"https:\/\/olimpijski.pl\/en\/wp-json\/wp\/v2\/person"}],"about":[{"href":"https:\/\/olimpijski.pl\/en\/wp-json\/wp\/v2\/types\/person"}],"version-history":[{"count":2,"href":"https:\/\/olimpijski.pl\/en\/wp-json\/wp\/v2\/person\/13211\/revisions"}],"predecessor-version":[{"id":41756,"href":"https:\/\/olimpijski.pl\/en\/wp-json\/wp\/v2\/person\/13211\/revisions\/41756"}],"wp:featuredmedia":[{"embeddable":true,"href":"https:\/\/olimpijski.pl\/en\/wp-json\/wp\/v2\/media\/41753"}],"wp:attachment":[{"href":"https:\/\/olimpijski.pl\/en\/wp-json\/wp\/v2\/media?parent=13211"}],"curies":[{"name":"wp","href":"https:\/\/api.w.org\/{rel}","templated":true}]}}