{"id":13245,"date":"2020-06-24T16:43:30","date_gmt":"2020-06-24T14:43:30","guid":{"rendered":"http:\/\/pkol.local\/person\/katarzyna-bachleda-curus\/"},"modified":"2020-10-08T16:12:28","modified_gmt":"2020-10-08T14:12:28","slug":"katarzyna-bachleda-curus","status":"publish","type":"person","link":"https:\/\/olimpijski.pl\/en\/olimpijczycy\/katarzyna-bachleda-curus\/","title":{"rendered":"Katarzyna Bachleda-Curu\u015b"},"content":{"rendered":"<p class=\"title-m-02\">BACHLEDA-CURU\u015a (W\u00d3JCICKA) KATARZYNA<\/p>\n<p><strong>\u0142y\u017cwiarka szybka, wielokrotna mistrzyni Polski, rekordzistka na&nbsp;wielu polskich torach, m.in.: w&nbsp;Sanoku, Warszawie, Tomaszowie Mazowieckim i&nbsp;Zakopanem. Olimpijka z&nbsp;Salt Lake City (2002), Turynu (2006), PyeongChang (2018), srebrna (Soczi 2014) i&nbsp;br\u0105zowa (Vancouver 2010) medalistka olimpijska w&nbsp;wy\u015bcigu dru\u017cynowym.<\/strong><\/p>\n<p>Katarzyna Bachleda-Curu\u015b (z domu W\u00f3jcicka) urodzi\u0142a si\u0119 1 stycznia 1980 roku w&nbsp;Sanoku. Zawodniczka klubu LKS Poroniec Poronin. Najlepszy start w&nbsp;mistrzostwach \u015bwiata zanotowa\u0142a w&nbsp;2009 roku, kiedy to&nbsp;w&nbsp;biegu na&nbsp;1500m by\u0142a 5.<\/p>\n<p>Pi\u0119ciokrotna olimpijka. W&nbsp;Salt Lake City (2002) zaj\u0119\u0142a dwa razy 26. miejsce (na dystansach 1500 m i&nbsp;3000 m). Cztery lata p\u00f3\u017aniej w&nbsp;Turynie (2006) uzyska\u0142a ju\u017c lepsze rezultaty. Zaj\u0119\u0142a 8. miejsce na&nbsp;1000 m, 11. miejsce na&nbsp;1500 m, 10. miejsce na&nbsp;3000 m i&nbsp;16. miejsce na&nbsp;5000 m.<\/p>\n<p>Najwi\u0119kszy sukces w&nbsp;karierze osi\u0105gn\u0119\u0142a jednak dopiero na&nbsp;trzecich igrzyskach. 27 lutego 2010 r. na&nbsp;w&nbsp;Vancouver zdoby\u0142a br\u0105zowy medal w&nbsp;biegu dru\u017cynowym na&nbsp;dystansie 2400 m (wraz z&nbsp;Katarzyn\u0105 Wo\u017aniak i&nbsp;Luiz\u0105 Z\u0142otkowsk\u0105). W&nbsp;decyduj\u0105cym boju o&nbsp;br\u0105zowy medal Polki pokona\u0142y reprezentacj\u0119 USA.<\/p>\n<p>Jeszcze wi\u0119kszy sukces osi\u0105gn\u0119\u0142a podczas XXII ZIO Soczi 2014, kiedy to&nbsp;zdoby\u0142a srebrny medal w&nbsp;wy\u015bcigu dru\u017cynowym (wraz z&nbsp;Luiz\u0105 Z\u0142otkowsk\u0105, Katarzyn\u0105 Wo\u017aniak i&nbsp;Natali\u0105 Czerwonk\u0105). By\u0142a tak\u017ce 6. w&nbsp;biegu na&nbsp;1500 metr\u00f3w. Nie uko\u0144czy\u0142a rywalizacji w&nbsp;wy\u015bcigu na&nbsp;3000 metr\u00f3w z&nbsp;powodu dyskwalifikacji.<\/p>\n<p><strong>*Salt Lake City 2002: \u0142y\u017cwiarstwo szybkie &#8211; 1500 m<\/strong> &#8211; 26. miejsce; <strong>3000 m<\/strong> &#8211; 26. miejsce.<\/p>\n<p><strong>*Turyn 2006: \u0142y\u017cwiarstwo szybkie &#8211; 1000 m<\/strong> &#8211; 8. miejsce; <strong>1500 m<\/strong> &#8211; 11. miejsce; <strong>3000 m<\/strong> &#8211; 10. miejsce; <strong>5000 m<\/strong> &#8211; 16. miejsce.<\/p>\n<p><strong>*Vancouver 2010: \u0142y\u017cwiarstwo szybkie &#8211; br\u0105zowy medal w&nbsp;wy\u015bcigu dru\u017cynowym<\/strong> (wraz z&nbsp;Luiz\u0105 Z\u0142otkowsk\u0105 i&nbsp;Katarzyn\u0105 Wo\u017aniak). Wygra\u0142y Niemki przed Japonkami; <strong>1000 m<\/strong> &#8211; 31. miejsce; <strong>1500 m<\/strong> &#8211; 15. miejsce.<\/p>\n<p><strong>*Soczi 2014: \u0142y\u017cwiarstwo szybkie &#8211; srebrny medal w&nbsp;wy\u015bcigu dru\u017cynowym<\/strong> (wraz z&nbsp;Luiz\u0105 Z\u0142otkowsk\u0105, Katarzyn\u0105 Wo\u017aniak i&nbsp;Natali\u0105 Czerwonk\u0105); <strong>1500 m<\/strong> &#8211; 6. miejsce; <strong>3000 m<\/strong> &#8211; DNF.<\/p>\n<p><strong>*PyeongChang 2018: \u0142y\u017cwiarstwo szybkie<\/strong> &#8211; <strong>1500 m<\/strong> &#8211; 13. miejsce; <strong>3000 m<\/strong> &#8211; 17. miejsce; <strong>wy\u015bcig dru\u017cynowy<\/strong> &#8211; 7. miejsce.<\/p>\n","protected":false},"excerpt":{"rendered":"<p>BACHLEDA-CURU\u015a (W\u00d3JCICKA) KATARZYNA \u0142y\u017cwiarka szybka, wielokrotna mistrzyni Polski, rekordzistka na&nbsp;wielu polskich torach, m.in.: w&nbsp;Sanoku, Warszawie, Tomaszowie Mazowieckim i&nbsp;Zakopanem. Olimpijka z&nbsp;Salt Lake City<\/p>\n","protected":false},"featured_media":20406,"menu_order":13,"template":"","meta":{"_acf_changed":false,"ub_ctt_via":"","footnotes":""},"class_list":["post-13245","person","type-person","status-publish","has-post-thumbnail","hentry","infinite-scroll-item","no-featured-image-padding","resize-featured-image"],"acf":{"olimpic_information":[{"olimpic":[{"ID":5893,"post_author":"15","post_date":"2010-06-17 13:54:39","post_date_gmt":"2010-06-17 11:54:39","post_content":"<!-- wp:heading {\"level\":1,\"className\":\"main-title\"} -->\n<h1 class=\"main-title\"><strong>XXI ZIO<\/strong><br>Vancouver 2010<\/h1>\n<!-- \/wp:heading -->\n\n<!-- wp:paragraph -->\n<p>&nbsp;<\/p>\n<!-- \/wp:paragraph -->\n\n<!-- wp:image {\"align\":\"left\",\"id\":19407,\"sizeSlug\":\"large\",\"className\":\"is-style-default\"} -->\n<div class=\"wp-block-image is-style-default\"><figure class=\"alignleft size-large\"><img src=\"https:\/\/olimpijski.pl\/wp-content\/uploads\/2010\/06\/vancouver2010.png\" alt=\"\" class=\"wp-image-19407\"\/><\/figure><\/div>\n<!-- \/wp:image -->\n\n<!-- wp:list -->\n<ul><li>Igrzyska rozegrano w dniach <strong>12-28 lutego<\/strong>.<\/li><li>Wystartowa\u0142o <strong>2536<\/strong> zawodnik\u00f3w (w tym <strong>1033<\/strong> kobiet) z <strong>82<\/strong> kraj\u00f3w.<\/li><li>Rozdano <strong>86<\/strong> komplet\u00f3w medali.<\/li><li>Znicz zapali\u0142 jeden z najs\u0142ynniejszych kanadyjskich hokeist\u00f3w w historii <strong>Wayne Gretzky<\/strong>.<\/li><li>Igrzyska otworzy\u0142a pierwsza ciemnosk\u00f3ra <strong>gubernator generalna Kanady Michaelle Jean<\/strong>.<\/li><\/ul>\n<!-- \/wp:list -->\n\n<!-- wp:heading -->\n<h2><strong>Program Igrzysk \u2013 13 dyscyplin, 86 konkurencji<\/strong><\/h2>\n<!-- \/wp:heading -->\n\n<!-- wp:paragraph -->\n<p>biathlon (10 konkurencji), bobsleje (3), curling (2), hokej na lodzie (2), \u0142y\u017cwiarstwo figurowe (4), \u0142y\u017cwiarstwo szybkie (12), \u0142y\u017cwiarstwo szybkie \u2013 short-track (8), narciarstwo alpejskie (10), narciarstwo klasyczne (18), narciarstwo dowolne (6), saneczkarstwo (3), skeleton (2), snowboard (6).<\/p>\n<!-- \/wp:paragraph -->\n\n<!-- wp:heading -->\n<h2><strong>Gwiazdy Igrzysk<\/strong><\/h2>\n<!-- \/wp:heading -->\n\n<!-- wp:paragraph -->\n<p><strong>Marit Bjoergen<\/strong> (Norwegia, biegi narciarskie) \u2013 3 z\u0142ote medale, 1 srebrny, 1 br\u0105zowy<br><strong>Justyna Kowalczyk<\/strong> (Polska, biegi narciarskie) \u2013 1 z\u0142oty medal, 1 srebrny, 1 br\u0105zowy<br><strong>Adam Ma\u0142ysz<\/strong> (Polska, skoki narciarskie) \u2013 2 srebrne medale<\/p>\n<!-- \/wp:paragraph -->\n\n<!-- wp:heading -->\n<h2><strong>Polska Reprezentacja Olimpijska<\/strong><\/h2>\n<!-- \/wp:heading -->\n\n<!-- wp:paragraph -->\n<p><strong>47 os\u00f3b<\/strong> (startowa\u0142o 46 \u2013 20 kobiet i 26 m\u0119\u017cczyzn) w 9 sportach: 7 biathlonist\u00f3w (w tym 5 kobiet; 6 startowa\u0142o + 1 rez.), 4 bobsleist\u00f3w, 4 \u0142y\u017cwiarzy figurowych (w tym 2 kobiety), 10 \u0142y\u017cwiarzy szybkich (w tym 4 kobiety), 3 \u0142y\u017cwiarzy szybkich \u2013 short-track (w tym 2 kobiety), 12 narciarzy (w tym 5 kobiet), 1 narciarstwo dowolne (kobieta), 4 snowboardzist\u00f3w (w tym 1 kobieta).<\/p>\n<!-- \/wp:paragraph -->\n\n<!-- wp:paragraph -->\n<p>Chor\u0105\u017cym reprezentacji Polski by\u0142 \u0142y\u017cwiarz szybki <strong>Konrad Nied\u017awiedzki<\/strong>.<\/p>\n<!-- \/wp:paragraph -->\n\n<!-- wp:heading -->\n<h2><strong>Klasyfikacja medalowa<\/strong><\/h2>\n<!-- \/wp:heading -->\n\n<!-- wp:table {\"hasFixedLayout\":true,\"className\":\"is-style-stripes\"} -->\n<figure class=\"wp-block-table is-style-stripes\"><table class=\"has-fixed-layout\"><tbody><tr><td><\/td><td><\/td><td class=\"has-text-align-center\" data-align=\"center\">&nbsp;<\/td><td class=\"has-text-align-center\" data-align=\"center\">&nbsp;<\/td><td class=\"has-text-align-center\" data-align=\"center\">&nbsp;<\/td><td class=\"has-text-align-center\" data-align=\"center\">&nbsp;<\/td><\/tr><tr><td>&nbsp;<\/td><td>&nbsp;<\/td><td class=\"has-text-align-center\" data-align=\"center\">&nbsp;<\/td><td class=\"has-text-align-center\" data-align=\"center\"><img class=\"wp-image-26068\" style=\"width: 50px;\" src=\"https:\/\/olimpijski.pl\/wp-content\/uploads\/1948\/06\/2008_Pekin_zloty_50x50.jpg\" alt=\"\"><\/td><td class=\"has-text-align-center\" data-align=\"center\"><img class=\"wp-image-26071\" style=\"width: 50px;\" src=\"https:\/\/olimpijski.pl\/wp-content\/uploads\/1948\/06\/2008_Pekin_sreb_50x50.jpg\" alt=\"\"><\/td><td class=\"has-text-align-center\" data-align=\"center\"><img class=\"wp-image-26073\" style=\"width: 50px;\" src=\"https:\/\/olimpijski.pl\/wp-content\/uploads\/1948\/06\/2008_Pekin_braz_50x50.jpg\" alt=\"\"><\/td><\/tr><tr><td>1.<\/td><td>Kanada<\/td><td class=\"has-text-align-center\" data-align=\"center\">26<\/td><td class=\"has-text-align-center\" data-align=\"center\">14<\/td><td class=\"has-text-align-center\" data-align=\"center\">7<\/td><td class=\"has-text-align-center\" data-align=\"center\">5<\/td><\/tr><tr><td>2.<\/td><td>Niemcy<\/td><td class=\"has-text-align-center\" data-align=\"center\">30<\/td><td class=\"has-text-align-center\" data-align=\"center\">10<\/td><td class=\"has-text-align-center\" data-align=\"center\">13<\/td><td class=\"has-text-align-center\" data-align=\"center\">7<\/td><\/tr><tr><td>3.<\/td><td>USA<\/td><td class=\"has-text-align-center\" data-align=\"center\">37<\/td><td class=\"has-text-align-center\" data-align=\"center\">9<\/td><td class=\"has-text-align-center\" data-align=\"center\">15<\/td><td class=\"has-text-align-center\" data-align=\"center\">13<\/td><\/tr><tr><td>...<\/td><td>&nbsp;<\/td><td class=\"has-text-align-center\" data-align=\"center\">&nbsp;<\/td><td class=\"has-text-align-center\" data-align=\"center\">&nbsp;<\/td><td class=\"has-text-align-center\" data-align=\"center\">&nbsp;<\/td><td class=\"has-text-align-center\" data-align=\"center\">&nbsp;<\/td><\/tr><tr><td><strong>15.<\/strong><\/td><td><strong>Polska<\/strong><\/td><td class=\"has-text-align-center\" data-align=\"center\"><strong>6<\/strong><\/td><td class=\"has-text-align-center\" data-align=\"center\"><strong>1<\/strong><\/td><td class=\"has-text-align-center\" data-align=\"center\"><strong>3<\/strong><\/td><td class=\"has-text-align-center\" data-align=\"center\"><strong>2<\/strong><\/td><\/tr><\/tbody><\/table><\/figure>\n<!-- \/wp:table -->\n\n<!-- wp:heading -->\n<h2><strong>Medale dla Polski (6)<\/strong><\/h2>\n<!-- \/wp:heading -->\n\n<!-- wp:paragraph -->\n<p>Z\u0142oty \u2013 Justyna Kowalczyk (biegi narciarskie, 30 km)<\/p>\n<!-- \/wp:paragraph -->\n\n<!-- wp:paragraph -->\n<p>Srebrny \u2013 Justyna Kowalczyk (biegi narciarskie, sprint)<\/p>\n<!-- \/wp:paragraph -->\n\n<!-- wp:paragraph -->\n<p>Srebrny \u2013 Adam Ma\u0142ysz (skoki narciarskie, K-90)<\/p>\n<!-- \/wp:paragraph -->\n\n<!-- wp:paragraph -->\n<p>Srebrny \u2013 Adam Ma\u0142ysz (skoki narciarskie, K-120)<\/p>\n<!-- \/wp:paragraph -->\n\n<!-- wp:paragraph -->\n<p>Br\u0105zowy \u2013 Justyna Kowalczyk (biegi narciarskie, 15 km)<\/p>\n<!-- \/wp:paragraph -->\n\n<!-- wp:paragraph -->\n<p>Br\u0105zowy \u2013 Katarzyna Bachleda Curu\u015b, Katarzyna Wo\u017aniak i Luiza Z\u0142otkowska (\u0142y\u017cwiarstwo szybkie, dru\u017cyna)<\/p>\n<!-- \/wp:paragraph -->\n\n<!-- wp:quote {\"className\":\"is-style-default\"} -->\n<blockquote class=\"wp-block-quote is-style-default\"><p>Reprezentanci Polski spisali si\u0119 w Vancouver rewelacyjnie zdobywaj\u0105c sze\u015b\u0107 medali: jeden z\u0142oty, trzy srebrne i dwa br\u0105zowe.<\/p><\/blockquote>\n<!-- \/wp:quote -->","post_title":"Vancouver 2010","post_excerpt":"","post_status":"publish","comment_status":"closed","ping_status":"closed","post_password":"","post_name":"vancouver-2010","to_ping":"","pinged":"","post_modified":"2022-04-19 09:23:42","post_modified_gmt":"2022-04-19 07:23:42","post_content_filtered":"","post_parent":0,"guid":"https:\/\/wai-q98d7hpf9hy9k.wpallimport-demo.qsandbox.me\/olympics_winter\/vancouver-2010\/","menu_order":0,"post_type":"olympics_winter","post_mime_type":"","comment_count":"0","filter":"raw"}],"competitions_rewards":[{"competition":[{"ID":5551,"post_author":"1","post_date":"2020-06-19 11:31:38","post_date_gmt":"2020-06-19 09:31:38","post_content":"","post_title":"\u0141y\u017cwiarstwo szybkie - Bieg dru\u017cynowy","post_excerpt":"","post_status":"publish","comment_status":"closed","ping_status":"closed","post_password":"","post_name":"bieg-druzynowy","to_ping":"","pinged":"","post_modified":"2020-07-22 11:42:44","post_modified_gmt":"2020-07-22 09:42:44","post_content_filtered":"","post_parent":5838,"guid":"https:\/\/wai-q7byvryhhcz9k.wpallimport-demo.qsandbox.me\/competition\/bieg-druzynowy\/","menu_order":0,"post_type":"competition","post_mime_type":"","comment_count":"0","filter":"raw"}],"reward":{"value":"3","label":"Br\u0105zowy"}}]},{"olimpic":[{"ID":5892,"post_author":"15","post_date":"2014-06-17 13:54:39","post_date_gmt":"2014-06-17 11:54:39","post_content":"<!-- wp:heading {\"level\":1,\"className\":\"main-title\"} -->\n<h1 class=\"main-title\"><strong>XXII ZIO<\/strong><br>Soczi 2014<\/h1>\n<!-- \/wp:heading -->\n\n<!-- wp:paragraph -->\n<p><br><\/p>\n<!-- \/wp:paragraph -->\n\n<!-- wp:image {\"align\":\"left\",\"id\":19396,\"width\":132,\"height\":132,\"sizeSlug\":\"large\",\"className\":\"is-style-default\"} -->\n<div class=\"wp-block-image is-style-default\"><figure class=\"alignleft size-large is-resized\"><img src=\"https:\/\/olimpijski.pl\/wp-content\/uploads\/2014\/06\/soczi2014.png\" alt=\"\" class=\"wp-image-19396\" width=\"132\" height=\"132\"\/><\/figure><\/div>\n<!-- \/wp:image -->\n\n<!-- wp:list -->\n<ul><li>Igrzyska rozegrano w dniach <strong>7-23 lutego<\/strong>.<\/li><li>Wystartowa\u0142o <strong>2873<\/strong> zawodnik\u00f3w z <strong>88<\/strong> kraj\u00f3w.<\/li><li>Rozdano <strong>98<\/strong> komplet\u00f3w medali.<\/li><li>Znicz zapalili \u0142y\u017cwiarka figurowa <strong>Irina Rodnina<\/strong> i hokeista <strong>W\u0142adys\u0142aw Tretiak<\/strong>.<\/li><li>Igrzyska otworzy\u0142 <strong>prezydent Rosji W\u0142adimir Putin<\/strong>.<\/li><\/ul>\n<!-- \/wp:list -->\n\n<!-- wp:heading -->\n<h2><strong>Program Igrzysk \u2013 13 dyscyplin, 98 konkurencji<\/strong><\/h2>\n<!-- \/wp:heading -->\n\n<!-- wp:paragraph -->\n<p>biathlon (11 konkurencji), bobsleje (3), curling (2), hokej na lodzie (2), \u0142y\u017cwiarstwo figurowe (5), \u0142y\u017cwiarstwo szybkie (12), \u0142y\u017cwiarstwo szybkie \u2013 short-track (8), narciarstwo alpejskie (10), narciarstwo klasyczne (19), narciarstwo dowolne (10), saneczkarstwo (4), skeleton (2), snowboard (10).<\/p>\n<!-- \/wp:paragraph -->\n\n<!-- wp:heading -->\n<h2><strong>Gwiazdy Igrzysk<\/strong><\/h2>\n<!-- \/wp:heading -->\n\n<!-- wp:paragraph -->\n<p><strong>Marit Bjoergen<\/strong> (Norwegia, biegi narciarskie) \u2013 3 z\u0142ote medale<br><strong>Daria Domraczewa<\/strong> (Bia\u0142oru\u015b, biathlon) \u2013 3 z\u0142ote medale<br><strong>Victor An<\/strong> (Rosja, short-track) \u2013 3 z\u0142ote medale<br><strong>Ireen Wust<\/strong> (Holandia, \u0142y\u017cwiarstwo szybkie) \u2013 2 z\u0142ote medale, 3 srebrne<br><strong>Kamil Stoch<\/strong> (Polska, skoki narciarskie) \u2013 2 z\u0142ote medale<\/p>\n<!-- \/wp:paragraph -->\n\n<!-- wp:heading -->\n<h2><strong>Polska Reprezentacja Olimpijska<\/strong><\/h2>\n<!-- \/wp:heading -->\n\n<!-- wp:paragraph -->\n<p><strong>60 os\u00f3b<\/strong> (startowa\u0142o 58 \u2013 23 kobiet i 35 m\u0119\u017cczyzn) w 8 sportach: 10 biathlonist\u00f3w (w tym 5 kobiet; 9 startowa\u0142o +1 rez.), 5 bobsleist\u00f3w (4 startowa\u0142o + 1 rez.), 10 \u0142y\u017cwiarzy szybkich (w tym 4 kobiety), 1 \u0142y\u017cwiarka szybka \u2013 short-track, 22 narciarzy (w tym 8 kobiet), 1 narciarstwo dowolne (kobieta), 5 saneczkarzy (w tym 2 kobiety), 6 snowboardzist\u00f3w (w tym 3 kobiety).<\/p>\n<!-- \/wp:paragraph -->\n\n<!-- wp:paragraph -->\n<p>Chor\u0105\u017cym reprezentacji Polski by\u0142 bobsleista <strong>Dawid Kupczyk<\/strong>.<\/p>\n<!-- \/wp:paragraph -->\n\n<!-- wp:heading -->\n<h2><strong>Klasyfikacja medalowa<\/strong><\/h2>\n<!-- \/wp:heading -->\n\n<!-- wp:table {\"hasFixedLayout\":true,\"className\":\"is-style-stripes\"} -->\n<figure class=\"wp-block-table is-style-stripes\"><table class=\"has-fixed-layout\"><tbody><tr><td><\/td><td><\/td><td class=\"has-text-align-center\" data-align=\"center\">&nbsp;<\/td><td class=\"has-text-align-center\" data-align=\"center\">&nbsp;<\/td><td class=\"has-text-align-center\" data-align=\"center\">&nbsp;<\/td><td class=\"has-text-align-center\" data-align=\"center\">&nbsp;<\/td><\/tr><tr><td>&nbsp;<\/td><td>&nbsp;<\/td><td class=\"has-text-align-center\" data-align=\"center\">&nbsp;<\/td><td class=\"has-text-align-center\" data-align=\"center\"><img class=\"wp-image-26068\" style=\"width: 50px;\" src=\"https:\/\/olimpijski.pl\/wp-content\/uploads\/1948\/06\/2008_Pekin_zloty_50x50.jpg\" alt=\"\"><\/td><td class=\"has-text-align-center\" data-align=\"center\"><img class=\"wp-image-26071\" style=\"width: 50px;\" src=\"https:\/\/olimpijski.pl\/wp-content\/uploads\/1948\/06\/2008_Pekin_sreb_50x50.jpg\" alt=\"\"><\/td><td class=\"has-text-align-center\" data-align=\"center\"><img class=\"wp-image-26073\" style=\"width: 50px;\" src=\"https:\/\/olimpijski.pl\/wp-content\/uploads\/1948\/06\/2008_Pekin_braz_50x50.jpg\" alt=\"\"><\/td><\/tr><tr><td>1.<\/td><td>Rosja<\/td><td class=\"has-text-align-center\" data-align=\"center\">33<\/td><td class=\"has-text-align-center\" data-align=\"center\">13<\/td><td class=\"has-text-align-center\" data-align=\"center\">11<\/td><td class=\"has-text-align-center\" data-align=\"center\">9<\/td><\/tr><tr><td>2.<\/td><td>Norwegia<\/td><td class=\"has-text-align-center\" data-align=\"center\">26<\/td><td class=\"has-text-align-center\" data-align=\"center\">11<\/td><td class=\"has-text-align-center\" data-align=\"center\">5<\/td><td class=\"has-text-align-center\" data-align=\"center\">10<\/td><\/tr><tr><td>3.<\/td><td>Kanada<\/td><td class=\"has-text-align-center\" data-align=\"center\">25<\/td><td class=\"has-text-align-center\" data-align=\"center\">10<\/td><td class=\"has-text-align-center\" data-align=\"center\">10<\/td><td class=\"has-text-align-center\" data-align=\"center\">5<\/td><\/tr><tr><td>...<\/td><td>&nbsp;<\/td><td class=\"has-text-align-center\" data-align=\"center\">&nbsp;<\/td><td class=\"has-text-align-center\" data-align=\"center\">&nbsp;<\/td><td class=\"has-text-align-center\" data-align=\"center\">&nbsp;<\/td><td class=\"has-text-align-center\" data-align=\"center\">&nbsp;<\/td><\/tr><tr><td><strong>11.<\/strong><\/td><td><strong>Polska<\/strong><\/td><td class=\"has-text-align-center\" data-align=\"center\"><strong>6<\/strong><\/td><td class=\"has-text-align-center\" data-align=\"center\"><strong>4<\/strong><\/td><td class=\"has-text-align-center\" data-align=\"center\"><strong>1<\/strong><\/td><td class=\"has-text-align-center\" data-align=\"center\"><strong>1<\/strong><\/td><\/tr><\/tbody><\/table><\/figure>\n<!-- \/wp:table -->\n\n<!-- wp:heading -->\n<h2><strong>Medale dla Polski (6)<\/strong><\/h2>\n<!-- \/wp:heading -->\n\n<!-- wp:paragraph -->\n<p>Z\u0142oty \u2013 Justyna Kowalczyk (biegi narciarskie, 10 km)<\/p>\n<!-- \/wp:paragraph -->\n\n<!-- wp:paragraph -->\n<p>Z\u0142oty \u2013 Kamil Stoch (skoki narciarskie, K-90)<\/p>\n<!-- \/wp:paragraph -->\n\n<!-- wp:paragraph -->\n<p>Z\u0142oty \u2013 Kamil Stoch (skoki narciarskie, K-120)<\/p>\n<!-- \/wp:paragraph -->\n\n<!-- wp:paragraph -->\n<p>Z\u0142oty \u2013 Zbigniew Br\u00f3dka (\u0142y\u017cwiarstwo szybkie, 1500 m)<\/p>\n<!-- \/wp:paragraph -->\n\n<!-- wp:paragraph -->\n<p>Srebrny \u2013 Katarzyna Bachleda-Curu\u015b, Natalia Czerwonka, Katarzyna Wo\u017aniak i Luiza Z\u0142otkowska (\u0142y\u017cwiarstwo szybkie, dru\u017cyna)<\/p>\n<!-- \/wp:paragraph -->\n\n<!-- wp:paragraph -->\n<p>Br\u0105zowy \u2013 Zbigniew Br\u00f3dka, Konrad Nied\u017awiedzki i Jan Szyma\u0144ski (\u0142y\u017cwiarstwo szybkie, dru\u017cyna)<\/p>\n<!-- \/wp:paragraph -->\n\n<!-- wp:quote {\"className\":\"is-style-default\"} -->\n<blockquote class=\"wp-block-quote is-style-default\"><p>Sportowcy z bia\u0142ym or\u0142em na piersi zdobyli w Soczi sze\u015b\u0107 medali: cztery z\u0142ote oraz po jednym srebrnym i br\u0105zowym, dzi\u0119ki czemu ZIO w Soczi by\u0142y najlepszymi w historii polskich start\u00f3w w tej odmianie igrzysk.<br><br>By\u0142a to impreza o gigantycznym, trudnym do precyzyjnego wyliczenia bud\u017cecie \u2013 co najmniej 50 miliard\u00f3w dol. (wi\u0119cej ni\u017c kosztowa\u0142y wszystkie poprzednie \u2013 21 \u2013 igrzyska \u0142\u0105cznie).<br><br>Do historii przeszed\u0142 norweski biathlonista Ole Einar Bjoerndalen, kt\u00f3ry na swych sz\u00f3stych igrzyskach wywalczy\u0142 dwa ostatnie kr\u0105\u017cki, co da\u0142o mu \u0142\u0105cznie 13 medali olimpijskich (o jeden wi\u0119cej ni\u017c dotychczasowy rekordzista w tej zimowej klasyfikacji wszech czas\u00f3w \u2013 jego rodak, biegacz narciarski Bjoern Daehlie).<\/p><\/blockquote>\n<!-- \/wp:quote -->","post_title":"Soczi 2014","post_excerpt":"","post_status":"publish","comment_status":"closed","ping_status":"closed","post_password":"","post_name":"soczi-2014","to_ping":"","pinged":"","post_modified":"2020-09-30 12:49:51","post_modified_gmt":"2020-09-30 10:49:51","post_content_filtered":"","post_parent":0,"guid":"https:\/\/wai-q98d7hpf9hy9k.wpallimport-demo.qsandbox.me\/olympics_winter\/soczi-2014\/","menu_order":0,"post_type":"olympics_winter","post_mime_type":"","comment_count":"0","filter":"raw"}],"competitions_rewards":[{"competition":[{"ID":5551,"post_author":"1","post_date":"2020-06-19 11:31:38","post_date_gmt":"2020-06-19 09:31:38","post_content":"","post_title":"\u0141y\u017cwiarstwo szybkie - Bieg dru\u017cynowy","post_excerpt":"","post_status":"publish","comment_status":"closed","ping_status":"closed","post_password":"","post_name":"bieg-druzynowy","to_ping":"","pinged":"","post_modified":"2020-07-22 11:42:44","post_modified_gmt":"2020-07-22 09:42:44","post_content_filtered":"","post_parent":5838,"guid":"https:\/\/wai-q7byvryhhcz9k.wpallimport-demo.qsandbox.me\/competition\/bieg-druzynowy\/","menu_order":0,"post_type":"competition","post_mime_type":"","comment_count":"0","filter":"raw"}],"reward":{"value":"2","label":"Srebrny"}}]},{"olimpic":[{"ID":15684,"post_author":"1","post_date":"2018-06-30 09:46:23","post_date_gmt":"2018-06-30 07:46:23","post_content":"<!-- wp:shortcode -->\n[pkol_slider categories=\"PyeongChang 2018\" autoplay_interval=\"4000\"]\n<!-- \/wp:shortcode -->\n\n<!-- wp:columns {\"verticalAlignment\":\"center\"} -->\n<div class=\"wp-block-columns are-vertically-aligned-center\"><!-- wp:column {\"verticalAlignment\":\"center\",\"width\":\"33.33%\"} -->\n<div class=\"wp-block-column is-vertically-aligned-center\" style=\"flex-basis:33.33%\"><!-- wp:shortcode -->\n[olympics_sidebar]\n<!-- \/wp:shortcode --><\/div>\n<!-- \/wp:column -->\n\n<!-- wp:column {\"verticalAlignment\":\"center\",\"width\":\"66.66%\"} -->\n<div class=\"wp-block-column is-vertically-aligned-center\" style=\"flex-basis:66.66%\"><!-- wp:cover {\"url\":\"https:\/\/olimpijski.pl\/wp-content\/uploads\/2018\/06\/stoch-img.jpg\",\"id\":28038,\"dimRatio\":0,\"overlayColor\":\"black\",\"minHeight\":250,\"minHeightUnit\":\"px\",\"className\":\"big-tekst\"} -->\n<div class=\"wp-block-cover has-black-background-color big-tekst\" style=\"min-height:250px\"><img class=\"wp-block-cover__image-background wp-image-28038\" alt=\"\" src=\"https:\/\/olimpijski.pl\/wp-content\/uploads\/2018\/06\/stoch-img.jpg\" data-object-fit=\"cover\"\/><div class=\"wp-block-cover__inner-container\"><!-- wp:spacer {\"height\":30} -->\n<div style=\"height:30px\" aria-hidden=\"true\" class=\"wp-block-spacer\"><\/div>\n<!-- \/wp:spacer -->\n\n<!-- wp:paragraph {\"align\":\"left\",\"placeholder\":\"Wprowad\u017a tytu\u0142...\",\"textColor\":\"white\",\"className\":\"main-title\",\"fontSize\":\"large\"} -->\n<p class=\"has-text-align-left main-title has-white-color has-text-color has-large-font-size\"><strong>Polska Reprezentacja<\/strong><\/p>\n<!-- \/wp:paragraph -->\n\n<!-- wp:paragraph {\"align\":\"left\",\"placeholder\":\"Wprowad\u017a tytu\u0142...\",\"style\":{\"typography\":{\"fontSize\":74}},\"textColor\":\"black\",\"className\":\"main-title main-title-voice\"} -->\n<p class=\"has-text-align-left main-title main-title-voice has-black-color has-text-color\" style=\"font-size:74px\"><strong>Olimpijska<\/strong><\/p>\n<!-- \/wp:paragraph -->\n\n<!-- wp:buttons -->\n<div class=\"wp-block-buttons\"><!-- wp:button {\"style\":{\"color\":{\"gradient\":\"linear-gradient(135deg,rgba(237,237,237,0) 0%,rgba(168,183,194,0) 99%)\"}},\"textColor\":\"black\",\"className\":\"is-style-fill\"} -->\n<div class=\"wp-block-button is-style-fill\"><a class=\"wp-block-button__link has-black-color has-text-color has-background\" href=\"\/reprezentacja-polski\/?olympic=pyeongchang-2018\" style=\"background:linear-gradient(135deg,rgba(237,237,237,0) 0%,rgba(168,183,194,0) 99%)\">Dowiedz si\u0119 wi\u0119cej o naszej reprezentacji<\/a><\/div>\n<!-- \/wp:button --><\/div>\n<!-- \/wp:buttons --><\/div><\/div>\n<!-- \/wp:cover -->\n\n<!-- wp:paragraph -->\n<p><\/p>\n<!-- \/wp:paragraph --><\/div>\n<!-- \/wp:column --><\/div>\n<!-- \/wp:columns -->\n\n<!-- wp:spacer {\"height\":30} -->\n<div style=\"height:30px\" aria-hidden=\"true\" class=\"wp-block-spacer\"><\/div>\n<!-- \/wp:spacer -->\n\n<!-- wp:heading {\"className\":\"main-title\"} -->\n<h2 class=\"main-title\"><strong>Aktualno\u015bci<\/strong><\/h2>\n<!-- \/wp:heading -->\n\n<!-- wp:spacer {\"height\":30} -->\n<div style=\"height:30px\" aria-hidden=\"true\" class=\"wp-block-spacer\"><\/div>\n<!-- \/wp:spacer -->\n\n<!-- wp:shortcode -->\n[pkol_news categories=\"PyeongChang 2018\" quantity=\"4\" not_in=\"G\u0142\u00f3wny slider\"]\n<!-- \/wp:shortcode -->\n\n<!-- wp:shortcode -->\n[medals_by_game]\n<!-- \/wp:shortcode -->\n\n<!-- wp:paragraph -->\n<p>  <\/p>\n<!-- \/wp:paragraph -->\n\n<!-- wp:columns {\"verticalAlignment\":\"top\"} -->\n<div class=\"wp-block-columns are-vertically-aligned-top\"><!-- wp:column {\"verticalAlignment\":\"top\",\"width\":\"40%\"} -->\n<div class=\"wp-block-column is-vertically-aligned-top\" style=\"flex-basis:40%\"><!-- wp:cover {\"customOverlayColor\":\"#f6f6f6\",\"minHeight\":400,\"minHeightUnit\":\"px\",\"contentPosition\":\"center center\",\"className\":\"is-position-center-center\"} -->\n<div class=\"wp-block-cover has-background-dim is-position-center-center\" style=\"background-color:#f6f6f6;min-height:400px\"><div class=\"wp-block-cover__inner-container\"><!-- wp:paragraph {\"align\":\"left\",\"placeholder\":\"Wprowad\u017a tytu\u0142...\",\"textColor\":\"black\",\"fontSize\":\"medium\"} -->\n<p class=\"has-text-align-left has-black-color has-text-color has-medium-font-size\"><strong>Logo<\/strong><\/p>\n<!-- \/wp:paragraph -->\n\n<!-- wp:image {\"align\":\"center\",\"id\":28034,\"width\":317,\"height\":286,\"sizeSlug\":\"large\"} -->\n<div class=\"wp-block-image\"><figure class=\"aligncenter size-large is-resized\"><img src=\"https:\/\/olimpijski.pl\/wp-content\/uploads\/2018\/06\/logo.jpg\" alt=\"\" class=\"wp-image-28034\" width=\"317\" height=\"286\"\/><\/figure><\/div>\n<!-- \/wp:image --><\/div><\/div>\n<!-- \/wp:cover -->\n\n<!-- wp:paragraph -->\n<p><\/p>\n<!-- \/wp:paragraph --><\/div>\n<!-- \/wp:column -->\n\n<!-- wp:column {\"verticalAlignment\":\"top\",\"width\":\"75.9%\"} -->\n<div class=\"wp-block-column is-vertically-aligned-top\" style=\"flex-basis:75.9%\"><!-- wp:cover {\"customOverlayColor\":\"#f6f6f6\",\"minHeight\":400,\"minHeightUnit\":\"px\",\"contentPosition\":\"center center\",\"className\":\"is-position-center-center\"} -->\n<div class=\"wp-block-cover has-background-dim is-position-center-center\" style=\"background-color:#f6f6f6;min-height:400px\"><div class=\"wp-block-cover__inner-container\"><!-- wp:paragraph {\"align\":\"left\",\"placeholder\":\"Wprowad\u017a tytu\u0142...\",\"textColor\":\"black\",\"fontSize\":\"medium\"} -->\n<p class=\"has-text-align-left has-black-color has-text-color has-medium-font-size\"><strong>Maskotki<\/strong><\/p>\n<!-- \/wp:paragraph -->\n\n<!-- wp:image {\"align\":\"center\",\"id\":28036,\"width\":598,\"height\":273,\"sizeSlug\":\"large\"} -->\n<div class=\"wp-block-image\"><figure class=\"aligncenter size-large is-resized\"><img src=\"https:\/\/olimpijski.pl\/wp-content\/uploads\/2018\/06\/maskotki.jpg\" alt=\"\" class=\"wp-image-28036\" width=\"598\" height=\"273\"\/><\/figure><\/div>\n<!-- \/wp:image --><\/div><\/div>\n<!-- \/wp:cover --><\/div>\n<!-- \/wp:column --><\/div>\n<!-- \/wp:columns -->\n\n<!-- wp:spacer {\"height\":20} -->\n<div style=\"height:20px\" aria-hidden=\"true\" class=\"wp-block-spacer\"><\/div>\n<!-- \/wp:spacer -->\n\n<!-- wp:cover {\"url\":\"https:\/\/olimpijski.pl\/wp-content\/uploads\/2018\/06\/gettyimages-850364110.jpg\",\"id\":28040,\"dimRatio\":6,\"focalPoint\":{\"x\":\"0.46\",\"y\":\"0.61\"},\"minHeight\":395,\"minHeightUnit\":\"px\",\"contentPosition\":\"top left\"} -->\n<div class=\"wp-block-cover has-background-dim-10 has-background-dim has-custom-content-position is-position-top-left\" style=\"min-height:395px\"><img class=\"wp-block-cover__image-background wp-image-28040\" alt=\"\" src=\"https:\/\/olimpijski.pl\/wp-content\/uploads\/2018\/06\/gettyimages-850364110.jpg\" style=\"object-position:46% 61%\" data-object-fit=\"cover\" data-object-position=\"46% 61%\"\/><div class=\"wp-block-cover__inner-container\"><!-- wp:paragraph {\"align\":\"left\",\"placeholder\":\"Wprowad\u017a tytu\u0142...\",\"fontSize\":\"medium\"} -->\n<p class=\"has-text-align-left has-medium-font-size\"><strong>Medale<\/strong><\/p>\n<!-- \/wp:paragraph --><\/div><\/div>\n<!-- \/wp:cover -->\n\n<!-- wp:heading {\"className\":\"main-title\"} -->\n<h2 class=\"main-title\"><strong>Galerie<\/strong><br>PyeongChang 2018<\/h2>\n<!-- \/wp:heading -->\n\n<!-- wp:group -->\n<div class=\"wp-block-group\"><div class=\"wp-block-group__inner-container\"><!-- wp:columns -->\n<div class=\"wp-block-columns\"><!-- wp:column -->\n<div class=\"wp-block-column\"><!-- wp:paragraph -->\n<p>[rl_gallery id=\"34386\"]<\/p>\n<!-- \/wp:paragraph --><\/div>\n<!-- \/wp:column -->\n\n<!-- wp:column -->\n<div class=\"wp-block-column\"><!-- wp:paragraph -->\n<p>[rl_gallery id=\"34417\"]<\/p>\n<!-- \/wp:paragraph --><\/div>\n<!-- \/wp:column -->\n\n<!-- wp:column -->\n<div class=\"wp-block-column\"><!-- wp:paragraph -->\n<p>[rl_gallery id=\"34419\"]<\/p>\n<!-- \/wp:paragraph --><\/div>\n<!-- \/wp:column -->\n\n<!-- wp:column -->\n<div class=\"wp-block-column\"><!-- wp:paragraph -->\n<p>[rl_gallery id=\"34420\"]<\/p>\n<!-- \/wp:paragraph --><\/div>\n<!-- \/wp:column -->\n\n<!-- wp:column -->\n<div class=\"wp-block-column\"><!-- wp:paragraph -->\n<p>[rl_gallery id=\"34430\"]<\/p>\n<!-- \/wp:paragraph --><\/div>\n<!-- \/wp:column -->\n\n<!-- wp:column -->\n<div class=\"wp-block-column\"><!-- wp:paragraph -->\n<p><\/p>\n<!-- \/wp:paragraph --><\/div>\n<!-- \/wp:column --><\/div>\n<!-- \/wp:columns -->\n\n<!-- wp:columns -->\n<div class=\"wp-block-columns\"><!-- wp:column -->\n<div class=\"wp-block-column\"><!-- wp:paragraph -->\n<p><\/p>\n<!-- \/wp:paragraph --><\/div>\n<!-- \/wp:column -->\n\n<!-- wp:column -->\n<div class=\"wp-block-column\"><!-- wp:paragraph -->\n<p><\/p>\n<!-- \/wp:paragraph --><\/div>\n<!-- \/wp:column -->\n\n<!-- wp:column -->\n<div class=\"wp-block-column\"><!-- wp:paragraph -->\n<p><\/p>\n<!-- \/wp:paragraph --><\/div>\n<!-- \/wp:column -->\n\n<!-- wp:column -->\n<div class=\"wp-block-column\"><!-- wp:paragraph -->\n<p><\/p>\n<!-- \/wp:paragraph --><\/div>\n<!-- \/wp:column -->\n\n<!-- wp:column -->\n<div class=\"wp-block-column\"><!-- wp:paragraph -->\n<p><\/p>\n<!-- \/wp:paragraph --><\/div>\n<!-- \/wp:column -->\n\n<!-- wp:column -->\n<div class=\"wp-block-column\"><!-- wp:paragraph -->\n<p><\/p>\n<!-- \/wp:paragraph --><\/div>\n<!-- \/wp:column --><\/div>\n<!-- \/wp:columns -->\n\n<!-- wp:paragraph -->\n<p><\/p>\n<!-- \/wp:paragraph --><\/div><\/div>\n<!-- \/wp:group -->","post_title":"PyeongChang 2018","post_excerpt":"","post_status":"publish","comment_status":"closed","ping_status":"closed","post_password":"","post_name":"pyeongchang-2018","to_ping":"","pinged":"","post_modified":"2021-06-17 14:36:01","post_modified_gmt":"2021-06-17 12:36:01","post_content_filtered":"","post_parent":0,"guid":"http:\/\/pkol.cumulus.atthouse.pl\/?post_type=olympics_winter&#038;p=15684","menu_order":0,"post_type":"olympics_winter","post_mime_type":"","comment_count":"0","filter":"raw"}],"competitions_rewards":[{"competition":[{"ID":5838,"post_author":"1","post_date":"2020-06-19 11:32:23","post_date_gmt":"2020-06-19 11:32:23","post_content":"","post_title":"\u0141y\u017cwiarstwo szybkie","post_excerpt":"","post_status":"publish","comment_status":"open","ping_status":"open","post_password":"","post_name":"lyzwiarstwo-szybkie","to_ping":"","pinged":"","post_modified":"2020-06-29 13:13:11","post_modified_gmt":"2020-06-29 11:13:11","post_content_filtered":"","post_parent":0,"guid":"https:\/\/wai-q7byvryhhcz9k.wpallimport-demo.qsandbox.me\/competition\/lyzwiarstwo-szybkie\/","menu_order":0,"post_type":"competition","post_mime_type":"","comment_count":"0","filter":"raw"}],"reward":""}]}],"picture":{"ID":30491,"id":30491,"title":"Bachleda-Curus\u2560\u00fc","filename":"Bachleda-Curus\u2560u.jpg","filesize":58487,"url":"https:\/\/olimpijski.pl\/wp-content\/uploads\/2020\/06\/Bachleda-Curus\u2560u.jpg","link":"https:\/\/olimpijski.pl\/en\/olimpijczycy\/katarzyna-bachleda-curus\/bachleda-curus%e2%95%a0u\/#main","alt":"","author":"15","description":"","caption":"","name":"bachleda-curus%e2%95%a0u","status":"inherit","uploaded_to":13245,"date":"2020-10-05 11:25:17","modified":"2020-10-05 11:25:17","menu_order":0,"mime_type":"image\/jpeg","type":"image","subtype":"jpeg","icon":"https:\/\/olimpijski.pl\/wp-includes\/images\/media\/default.png","width":474,"height":598,"sizes":{"thumbnail":"https:\/\/olimpijski.pl\/wp-content\/uploads\/2020\/06\/Bachleda-Curus\u2560u-150x150.jpg","thumbnail-width":150,"thumbnail-height":150,"medium":"https:\/\/olimpijski.pl\/wp-content\/uploads\/2020\/06\/Bachleda-Curus\u2560u-238x300.jpg","medium-width":238,"medium-height":300,"medium_large":"https:\/\/olimpijski.pl\/wp-content\/uploads\/2020\/06\/Bachleda-Curus\u2560u.jpg","medium_large-width":474,"medium_large-height":598,"large":"https:\/\/olimpijski.pl\/wp-content\/uploads\/2020\/06\/Bachleda-Curus\u2560u.jpg","large-width":474,"large-height":598,"1536x1536":"https:\/\/olimpijski.pl\/wp-content\/uploads\/2020\/06\/Bachleda-Curus\u2560u.jpg","1536x1536-width":474,"1536x1536-height":598,"2048x2048":"https:\/\/olimpijski.pl\/wp-content\/uploads\/2020\/06\/Bachleda-Curus\u2560u.jpg","2048x2048-width":474,"2048x2048-height":598,"ultp_layout_landscape_large":"https:\/\/olimpijski.pl\/wp-content\/uploads\/2020\/06\/Bachleda-Curus\u2560u.jpg","ultp_layout_landscape_large-width":474,"ultp_layout_landscape_large-height":598,"ultp_layout_landscape":"https:\/\/olimpijski.pl\/wp-content\/uploads\/2020\/06\/Bachleda-Curus\u2560u-474x570.jpg","ultp_layout_landscape-width":474,"ultp_layout_landscape-height":570,"ultp_layout_portrait":"https:\/\/olimpijski.pl\/wp-content\/uploads\/2020\/06\/Bachleda-Curus\u2560u.jpg","ultp_layout_portrait-width":474,"ultp_layout_portrait-height":598,"ultp_layout_square":"https:\/\/olimpijski.pl\/wp-content\/uploads\/2020\/06\/Bachleda-Curus\u2560u.jpg","ultp_layout_square-width":474,"ultp_layout_square-height":598}},"firstname":"Katarzyna","lastname":"Bachleda-Curu\u015b","birthdate_date":"01\/01\/1980","birthdate":"1 stycznia 1980","deathdate_date":"","deathdate":"","placeofbirth":"Sanok","club":"LKS Poroniec Poronin","coach":"Krzysztof Nied\u017awiedzki","metrics":"170 cm \/ 62 kg","seolink":"bachleda-curus-katarzyna","tmp_old_id":"16045","tmp_old_fid":"0","tmp_old_parent_id":"15544","createdate":"19\/03\/2014","tmp_old_title":"Bachleda-Curu\u015b Katarzyna","tmp_old_lead":"","tmp_old_body":"<p class=\"title-m-02\">BACHLEDA-CURU\u015a KATARZYNA<\/p><p><strong>\u0142y\u017cwiarka szybka, wielokrotna mistrzyni Polski, rekordzistka na wielu polskich torach, m.in.: w Sanoku, Warszawie, Tomaszowie Mazowieckim i Zakopanem. Olimpijka z Salt Lake City (2002), Turynu (2006) i br\u0105zowa medalistka olimpijska z Vancouver (2010) w wy\u015bcigu dru\u017cynowym.<\/strong><br \/><br \/>Katarzyna Bachleda-Curu\u015b (z domu W\u00f3jcicka) urodzi\u0142a si\u0119 1 stycznia 1980 roku w Sanoku. Zawodniczka klubu LKS Poroniec Poronin. Najlepszy start w mistrzostwach \u015bwiata zanotowa\u0142a w 2009 roku, kiedy to w biegu na 1500m by\u0142a 5.<br \/><br \/>Trzykrotna olimpijka. W Salt Lake City (2002) zaj\u0119\u0142a dwa razy 26. miejsce (na dystansach 1500 m i 3000 m). Cztery lata p\u00f3\u017aniej w Turynie (2006) uzyska\u0142a ju\u017c lepsze rezultaty. Zaj\u0119\u0142a 8. miejsce na 1000 m, 11. miejsce na 1500 m, 10. miejsce na 3000 m i 16. miejsce na 5000 m.<br \/><br \/>Najwi\u0119kszy sukces w karierze osi\u0105gn\u0119\u0142a jednak dopiero na trzecich igrzyskach. 27 lutego 2010 r. na w Vancouver zdoby\u0142a br\u0105zowy medal w biegu dru\u017cynowym na dystansie 2400 m (wraz z Katarzyn\u0105 Wo\u017aniak i Luiz\u0105 Z\u0142otkowsk\u0105). W decyduj\u0105cym boju o br\u0105zowy medal Polki pokona\u0142y reprezentacj\u0119 USA.<br \/><br \/><strong>*Salt Lake City 2002: \u0142y\u017cwiarstwo szybkie \u2013 1500m<\/strong> - 26. miejsce; <strong>3000m<\/strong> - 26. miejsce.<br \/><br \/><strong>*Turyn 2006: \u0142y\u017cwiarstwo szybkie \u2013 1000m<\/strong> - 8. miejsce; <strong>1500m<\/strong> - 11. miejsce; <strong>3000m<\/strong> - 10. miejsce; <strong>5000m<\/strong> - 16. miejsce.<br \/><br \/><strong>*Vancouver 2010: \u0142y\u017cwiarstwo szybkie \u2013 br\u0105zowy medal w wy\u015bcigu dru\u017cynowym (wraz z Luiz\u0105 Z\u0142otkowsk\u0105 i Katarzyn\u0105 Wo\u017aniak)<\/strong>, Wygra\u0142y Niemki przed Japonkami; <strong>1000m<\/strong> - 31. miejsce; <strong>1500m<\/strong> - 15. miejsce.<\/p>","tmp_old_body_img":false,"tmp_old_lead_img":false,"picture_medalists":false,"important":"2014-03-19 12:06:24","person_achivments":"<ul>\n<li>ZIO\/WOG &#8211; Vancouver 2010: bieg dru\u017c. &#8211; 3., 1500 m &#8211; 15., 1000 m &#8211; 31.; Soczi 2014: bieg dru\u017c. &#8211; 2., 1500 m &#8211; 6.<\/li>\n<li>M\u015a\/WCh &#8211; 2013: bieg dru\u017c. &#8211; 2.<\/li>\n<li>ME\/ECh &#8211; 2005: 1500 m &#8211; 8.; 2006: 500 m &#8211; 4.,; 2007: 500 m &#8211; 6.; 2008: 1500 m &#8211; 7., wielob\u00f3j &#8211; 8.; 2009: 1500 m &#8211; 8., wielob\u00f3j &#8211; 8.; 2010: 1500 m &#8211; 8.<\/li>\n<\/ul>\n"},"_links":{"self":[{"href":"https:\/\/olimpijski.pl\/en\/wp-json\/wp\/v2\/person\/13245"}],"collection":[{"href":"https:\/\/olimpijski.pl\/en\/wp-json\/wp\/v2\/person"}],"about":[{"href":"https:\/\/olimpijski.pl\/en\/wp-json\/wp\/v2\/types\/person"}],"version-history":[{"count":3,"href":"https:\/\/olimpijski.pl\/en\/wp-json\/wp\/v2\/person\/13245\/revisions"}],"predecessor-version":[{"id":92462,"href":"https:\/\/olimpijski.pl\/en\/wp-json\/wp\/v2\/person\/13245\/revisions\/92462"}],"wp:featuredmedia":[{"embeddable":true,"href":"https:\/\/olimpijski.pl\/en\/wp-json\/wp\/v2\/media\/20406"}],"wp:attachment":[{"href":"https:\/\/olimpijski.pl\/en\/wp-json\/wp\/v2\/media?parent=13245"}],"curies":[{"name":"wp","href":"https:\/\/api.w.org\/{rel}","templated":true}]}}