{"id":13323,"date":"2020-06-24T16:43:48","date_gmt":"2020-06-24T14:43:48","guid":{"rendered":"http:\/\/pkol.local\/person\/roman-bierla\/"},"modified":"2021-03-21T12:34:17","modified_gmt":"2021-03-21T11:34:17","slug":"roman-bierla","status":"publish","type":"person","link":"https:\/\/olimpijski.pl\/en\/olimpijczycy\/roman-bierla\/","title":{"rendered":"Roman Bier\u0142a"},"content":{"rendered":"\n<p><strong>nauczyciel wf, trener, przedsi\u0119biorca, zapa\u015bnik wagi ci\u0119\u017ckiej z\u00a0Katowic, srebrny medalista olimpijski z\u00a0Moskwy (1980).<\/strong><\/p>\n\n\n\n<p>Urodzony 21 marca 1957 w\u00a0Katowicach, syn Ignacego i\u00a0Weroniki z\u00a0d. \u015awidurska, absolwent Technikum G\u00f3rniczego w\u00a0D\u0105browie G\u00f3rniczej (1979, elektromonter) i\u00a0studiowa\u0142 zaocznie na\u00a03-letnim kierunku trenerskim\u00a0&#8211; zapasy: zaliczony I semestr (1980\/81) w\u00a0katowickiej AWF.<\/p>\n\n\n\n<p>Zapa\u015bnik (187 cm, 103 kg) stylu klasycznego (w. ci\u0119\u017ckiej 100 kg), reprezentant GKS Katowice (1971-1988), kt\u00f3rego trenerami byli: Stanis\u0142aw Turos, Jan Adamaszek, Antoni Masternak i&nbsp;Janusz Tracewski.<\/p>\n\n\n\n<p>Napisano kiedy\u015b o&nbsp;nim: &#8220;Olbrzym o&nbsp;twarzy grzecznego dziecka, pe\u0142en ciep\u0142a i&nbsp;\u0142agodno\u015bci&#8221; by\u0142 jednocze\u015bnie zawodnikiem bardzo inteligentnym o&nbsp;ogromnej wydolno\u015bci fizycznej i&nbsp;wspania\u0142ej kondycji, a&nbsp;tak\u017ce du\u017cej wiedzy taktycznej. Rozstrzyga\u0142 walki na&nbsp;swoj\u0105 korzy\u015b\u0107 dzi\u0119ki wielkiej aktywno\u015bci na&nbsp;macie (wspania\u0142a praca r\u0105k i&nbsp;n\u00f3g).<\/p>\n\n\n\n<p>Wcze\u015bnie ujawni\u0142 si\u0119 na&nbsp;arenie mi\u0119dzynarodowej zdobywaj\u0105c z\u0142oty (1977) i&nbsp;br\u0105zowy (1975) medal mistrzostw \u015bwiata junior\u00f3w. 4-krotny mistrz Polski wagi ci\u0119\u017ckiej&nbsp;&#8211; 1978, 1979, 1983, 1987, by\u0142 tak\u017ce finalist\u0105 M\u015a 1979 (5. msc), 1985 (6. msc) i&nbsp;srebrnym medalist\u0105 ME (1979). Najwi\u0119kszy sukces odni\u00f3s\u0142 podczas IO w&nbsp;Moskwie (1980), gdzie wywalczy\u0142&nbsp;srebrny medal.<\/p>\n\n\n\n<p>Zaraz potem wyjecha\u0142 do&nbsp;Niemiec (1980-1983), a&nbsp;po powrocie do&nbsp;kraju (1983) rywalizowa\u0142 z&nbsp;A. Wro\u0144skim i&nbsp;na przeszkodzie do&nbsp;drugiego startu olimpijskiego stan\u0105\u0142 bojkot igrzysk (1984). Zawodnik nie do&nbsp;ko\u0144ca spe\u0142niony. Powiod\u0142o mu si\u0119 za to&nbsp;w&nbsp;interesach w&nbsp;Niemczech. Po zako\u0144czeniu kariery zawodniczej zosta\u0142 dzia\u0142aczem sportu zapa\u015bniczego (od 1996 cz\u0142onek zarz\u0105du \u015al\u0105skiego ZZ) i&nbsp;instruktorem zapas\u00f3w w&nbsp;GKS Katowice. Odznaczony m.in. z\u0142otym i&nbsp;dwukrotnie srebrnym Medalem za Wybitne Osi\u0105gni\u0119cia Sportowe i&nbsp;Srebrnym Krzy\u017cem Zas\u0142ugi (1980).<\/p>\n\n\n\n<p><strong>*1980 Moskwa: zapasy, styl klas., w. ci\u0119\u017cka 100 kg<\/strong>&nbsp;&#8211; w&nbsp;pierwszej kolejce wygra\u0142 w&nbsp;5.58 min. z&nbsp;S. E. Studagaardem (Dania), w&nbsp;drugiej zwyci\u0119\u017cy\u0142 w&nbsp;5.27 min. G. Pikilidisa (Grecja), w&nbsp;trzeciej pokona\u0142 w&nbsp;7.24 min. V. Andrei (Rumunia), w&nbsp;czwartej wygra\u0142 5:2 z&nbsp;R. Menisevicem (Jugos\u0142awia), w&nbsp;pi\u0105tej przegra\u0142 w&nbsp;7.52 min. z&nbsp;G. Rajkowem (Bu\u0142garia), <strong>zdobywaj\u0105c srebrny medal<\/strong> (zw. G. Rajkow Bu\u0142garia).<\/p>\n\n\n\n<p><em>Bibl.: G\u0142uszek, Leksykon 1999, s. 158; Pawlak, Olimpijczycy, s. 33; Klimontowicz, Ruch olimpijski, s. 50-51; Staniszewski, Dzieje, s. 143; Kronika sportu, s. 1016; MES, t.1, s. 80, t. 2, s. 15; Godlewski, Olimpijskie turnieje, s. 97, 196, 202, 208, 236;&nbsp;Lipski, MEZ, t. VI, s. 18 (tu: uko\u0144czy\u0142 AWF Katowice&nbsp;&#8211; 1987, trener kl. II); USC Katowice, AU 965\/1957\/1; Archiwum AWF Katowice (nie uko\u0144czy\u0142 studi\u00f3w); Wywiad \u015brodowiskowy.<\/em><\/p>\n","protected":false},"excerpt":{"rendered":"<p>nauczyciel wf, trener, przedsi\u0119biorca, zapa\u015bnik wagi ci\u0119\u017ckiej z Katowic, srebrny medalista olimpijski z Moskwy (1980). &#8230; <a class=\"read-more\" href=\"https:\/\/olimpijski.pl\/en\/olimpijczycy\/roman-bierla\/\">Czytaj dalej<\/a><\/p>\n","protected":false},"featured_media":31422,"menu_order":165,"template":"","meta":{"_acf_changed":false,"ub_ctt_via":"","footnotes":""},"class_list":["post-13323","person","type-person","status-publish","has-post-thumbnail","hentry","infinite-scroll-item","no-featured-image-padding","resize-featured-image"],"acf":{"olimpic_information":[{"olimpic":[{"ID":299,"post_author":"1","post_date":"1980-06-17 13:34:45","post_date_gmt":"1980-06-17 11:34:45","post_content":"<!-- wp:heading {\"level\":1,\"className\":\"main-title\"} -->\n<h1 class=\"main-title\"><strong>Igrzyska XXII Olimpiady<\/strong><br>Moskwa 1980<\/h1>\n<!-- \/wp:heading -->\n\n<!-- wp:paragraph -->\n<p><br><\/p>\n<!-- \/wp:paragraph -->\n\n<!-- wp:image {\"align\":\"left\",\"id\":19338,\"sizeSlug\":\"large\",\"className\":\"is-style-default\"} -->\n<div class=\"wp-block-image is-style-default\"><figure class=\"alignleft size-large\"><img src=\"https:\/\/olimpijski.pl\/wp-content\/uploads\/1980\/06\/moskwa1980.png\" alt=\"\" class=\"wp-image-19338\"\/><\/figure><\/div>\n<!-- \/wp:image -->\n\n<!-- wp:list -->\n<ul><li>Igrzyska rozegrano w dniach <strong>19 lipca \u2013 3 sierpnia<\/strong>.<\/li><li>Wystartowa\u0142o <strong>5217<\/strong> zawodnik\u00f3w (w tym <strong>1124<\/strong> kobiet) z <strong>81<\/strong> kraj\u00f3w.<\/li><li>Rozdano <strong>203<\/strong> komplety medali.<\/li><li>Przysi\u0119g\u0119 olimpijsk\u0105 w imieniu sportowc\u00f3w z\u0142o\u017cy\u0142 gimnastyk <strong>Niko\u0142aj Andrianow<\/strong>, natomiast w imieniu s\u0119dzi\u00f3w i trener\u00f3w \u2013 <strong>Aleksander Miedwied<\/strong>.<\/li><li>Znicz olimpijski zapali\u0142 koszykarz <strong>Siergiej Bie\u0142ow<\/strong>, z\u0142oty medalista olimpijski z Monachium.<\/li><li>Igrzyska otworzy\u0142 <strong>I sekretarz Komunistycznej Partii Zwi\u0105zku Radzieckiego Leonid Bre\u017cniew<\/strong>.<\/li><\/ul>\n<!-- \/wp:list -->\n\n<!-- wp:heading -->\n<h2><strong>Program Igrzysk \u2013 23 dyscypliny, 203 konkurencje<\/strong><\/h2>\n<!-- \/wp:heading -->\n\n<!-- wp:paragraph -->\n<p>boks (11 konkurencji), gimnastyka (14), hokej na trawie (2), je\u017adziectwo (6), judo (8), kajakarstwo (11), kolarstwo (6), koszyk\u00f3wka (2), lekkoatletyka (38), \u0142ucznictwo (2), pi\u0119ciob\u00f3j nowoczesny (2), pi\u0142ka no\u017cna (1), pi\u0142ka r\u0119czna (2), pi\u0142ka siatkowa (2), pi\u0142ka wodna (1), p\u0142ywanie (26), podnoszenie ci\u0119\u017car\u00f3w (10), skoki do wody (4), strzelectwo (7), szermierka (8), wio\u015blarstwo (14), zapasy (20), \u017ceglarstwo (6).<\/p>\n<!-- \/wp:paragraph -->\n\n<!-- wp:heading -->\n<h2><strong>Gwiazda Igrzysk<\/strong><\/h2>\n<!-- \/wp:heading -->\n\n<!-- wp:paragraph -->\n<p><strong>Aleksander Ditiatin<\/strong> (ZSRR, gimnastyka) \u2013 3 z\u0142ote medale, 4 srebrne, 1 br\u0105zowy<\/p>\n<!-- \/wp:paragraph -->\n\n<!-- wp:heading -->\n<h2><strong>Polska Reprezentacja Olimpijska<\/strong><\/h2>\n<!-- \/wp:heading -->\n\n<!-- wp:paragraph -->\n<p><strong>325 os\u00f3b<\/strong> (startowa\u0142o 306 \u2013 74 kobiety i 232 m\u0119\u017cczyzn) w 21 sportach: 11 bokser\u00f3w, 10 gimnastyk\u00f3w (w tym 7 kobiet; 9 startowa\u0142o + 1 rez.), 32 hokeist\u00f3w na trawie (w tym 16 kobiet), 14 je\u017ad\u017ac\u00f3w (w tym 3 kobiety; 11 startowa\u0142o + 3 rez.), 7 judok\u00f3w, 16 kajakarzy (w tym 3 kobiety; 15 startowa\u0142o + 1 rez.), 15 kolarzy (11 startowa\u0142o + 4 rez.), 12 koszykarzy, 50 lekkoatlet\u00f3w (w tym 17 kobiet; 48 startowa\u0142o + 2 rez.), 3 \u0142ucznik\u00f3w (w tym 2 kobiety), 4 pi\u0119cioboist\u00f3w (3 startowa\u0142o + 1 rez.), 8 p\u0142ywak\u00f3w (w tym 4 kobiety), 2 skoczk\u00f3w do wody (w tym 1 kobieta), 12 ci\u0119\u017carowc\u00f3w (10 startowa\u0142o + 2 rez.), 14 pi\u0142karzy r\u0119cznych, 12 siatkarzy (11 startowa\u0142o + 1 rez.), 18 szermierzy (w tym 5 kobiet), 12 strzelc\u00f3w, 38 wio\u015blarzy (w tym 20 kobiet; 37 startowa\u0142o, + 1 rez.), 20 zapa\u015bnik\u00f3w, 15 \u017ceglarzy (12 startowa\u0142o + 3 rez.).<\/p>\n<!-- \/wp:paragraph -->\n\n<!-- wp:paragraph -->\n<p>Chor\u0105\u017cym reprezentacji Polski by\u0142 zapa\u015bnik stylu klasycznego <strong>Czes\u0142aw Kwieci\u0144ski<\/strong>.<\/p>\n<!-- \/wp:paragraph -->\n\n<!-- wp:heading -->\n<h2><strong>Klasyfikacja medalowa<\/strong><\/h2>\n<!-- \/wp:heading -->\n\n<!-- wp:table {\"hasFixedLayout\":true,\"className\":\"is-style-stripes\"} -->\n<figure class=\"wp-block-table is-style-stripes\"><table class=\"has-fixed-layout\"><tbody><tr><td><\/td><td><\/td><td class=\"has-text-align-center\" data-align=\"center\">&nbsp;<\/td><td class=\"has-text-align-center\" data-align=\"center\">&nbsp;<\/td><td class=\"has-text-align-center\" data-align=\"center\">&nbsp;<\/td><td class=\"has-text-align-center\" data-align=\"center\">&nbsp;<\/td><\/tr><tr><td>&nbsp;<\/td><td>&nbsp;<\/td><td class=\"has-text-align-center\" data-align=\"center\">&nbsp;<\/td><td class=\"has-text-align-center\" data-align=\"center\"><img class=\"wp-image-27817\" style=\"width: 50px;\" src=\"https:\/\/olimpijski.pl\/wp-content\/uploads\/2016\/06\/2016_Rio_zloty_50x50.jpg\" alt=\"\"><\/td><td class=\"has-text-align-center\" data-align=\"center\"><img class=\"wp-image-27819\" style=\"width: 50px;\" src=\"https:\/\/olimpijski.pl\/wp-content\/uploads\/2016\/06\/2016_Rio_sreb_50x50.jpg\" alt=\"\"><\/td><td class=\"has-text-align-center\" data-align=\"center\"><img class=\"wp-image-27821\" style=\"width: 50px;\" src=\"https:\/\/olimpijski.pl\/wp-content\/uploads\/2016\/06\/2016_Rio_braz_50x50.jpg\" alt=\"\"><\/td><\/tr><tr><td>1.<\/td><td>ZSRR<\/td><td class=\"has-text-align-center\" data-align=\"center\">195<\/td><td class=\"has-text-align-center\" data-align=\"center\">80<\/td><td class=\"has-text-align-center\" data-align=\"center\">69<\/td><td class=\"has-text-align-center\" data-align=\"center\">46<\/td><\/tr><tr><td>2.<\/td><td>NRD<\/td><td class=\"has-text-align-center\" data-align=\"center\">126<\/td><td class=\"has-text-align-center\" data-align=\"center\">47<\/td><td class=\"has-text-align-center\" data-align=\"center\">37<\/td><td class=\"has-text-align-center\" data-align=\"center\">40<\/td><\/tr><tr><td>3.<\/td><td>Bu\u0142garia<\/td><td class=\"has-text-align-center\" data-align=\"center\">41<\/td><td class=\"has-text-align-center\" data-align=\"center\">8<\/td><td class=\"has-text-align-center\" data-align=\"center\">16<\/td><td class=\"has-text-align-center\" data-align=\"center\">17<\/td><\/tr><tr><td>...<\/td><td>&nbsp;<\/td><td class=\"has-text-align-center\" data-align=\"center\">&nbsp;<\/td><td class=\"has-text-align-center\" data-align=\"center\">&nbsp;<\/td><td class=\"has-text-align-center\" data-align=\"center\">&nbsp;<\/td><td class=\"has-text-align-center\" data-align=\"center\">&nbsp;<\/td><\/tr><tr><td><strong>10.<\/strong><\/td><td><strong>Polska<\/strong><\/td><td class=\"has-text-align-center\" data-align=\"center\"><strong>32<\/strong><\/td><td class=\"has-text-align-center\" data-align=\"center\"><strong>3<\/strong><\/td><td class=\"has-text-align-center\" data-align=\"center\"><strong>14<\/strong><\/td><td class=\"has-text-align-center\" data-align=\"center\"><strong>15<\/strong><\/td><\/tr><\/tbody><\/table><\/figure>\n<!-- \/wp:table -->\n\n<!-- wp:heading -->\n<h2><strong>Medale dla Polski (32)<\/strong><\/h2>\n<!-- \/wp:heading -->\n\n<!-- wp:paragraph -->\n<p>z\u0142oty - W\u0142adys\u0142aw Kozakiewicz (lekkoatletyka - skok o tyczce)<br>z\u0142oty - Jan Kowalczyk (je\u017adziectwo - indywidualny konkurs skok\u00f3w przez przeszkody)<br>z\u0142oty - Bronis\u0142aw Malinowski (lekkoatletyka - bieg na 3000 m z przeszkodami)<\/p>\n<!-- \/wp:paragraph -->\n\n<!-- wp:paragraph -->\n<p>srebrny - Pawe\u0142 Skrzecz (boks - waga p\u00f3\u0142ci\u0119\u017cka)<br>srebrny - Czes\u0142aw Lang (kolarstwo - wy\u015bcig indywidualny ze startu wsp\u00f3lnego)<br>srebrny - Janusz Bobik, Wies\u0142aw Hartman, Jan Kowalczyk, Marian Kozicki (je\u017adziectwo - dru\u017cynowy konkurs skok\u00f3w przez przeszkody)<br>srebrny - Urszula Kielan (lekkoatletyka - skok wzwy\u017c)<br>srebrny - Jacek Wszo\u0142a (lekkoatletyka - skok wzwy\u017c)<br>srebrny - Tadeusz \u015alusarski (lekkoatletyka - skok o tyczce)<br>srebrny - Leszek Dunecki, Zenon Licznerski, Marian Woronin, Krzysztof Zwoli\u0144ski (lekkoatletyka - sztafeta 4x100 m)<br>srebrny - Ludomir Chronowski, Piotr Jab\u0142kowski, Andrzej Lis, Mariusz Strza\u0142ka, Leszek Swornowski (szermierka - turniej dru\u017cynowy szpadzist\u00f3w)<br>srebrny - Ma\u0142gorzata D\u0142u\u017cewska, Czes\u0142awa Ko\u015bcia\u0144ska (wio\u015blarstwo - dw\u00f3jka bez sterniczki)<br>srebrny - W\u0142adys\u0142aw Stecyk (zapasy - styl wolny - waga 52 kg)<br>srebrny - J\u00f3zef Lipie\u0144 (zapasy - styl klasyczny - waga 57 kg)<br>srebrny - Andrzej Supron (zapasy - styl klasyczny - waga 68 kg)<br>srebrny - Jan Do\u0142gowicz (zapasy - styl klasyczny - waga 82 kg)<br>srebrny - Roman Bier\u0142a (zapasy - styl klasyczny - waga 100&nbsp; kg)<\/p>\n<!-- \/wp:paragraph -->\n\n<!-- wp:paragraph -->\n<p>br\u0105zowy - Krzysztof Kosedowski (boks - waga pi\u00f3rkowa)<br>br\u0105zowy - Kazimierz Adach (boks - waga lekka)<br>br\u0105zowy - Kazimierz Szczerba (boks - waga p\u00f3\u0142\u015brednia)<br>br\u0105zowy - Jerzy Rybicki (boks -waga \u015brednia)<br>br\u0105zowy - Janusz Paw\u0142owski (judo - waga 65 kg)<br>br\u0105zowy - Lucyna Langer (lekkoatletyka - bieg na 100 m pp\u0142)<br>br\u0105zowy - Agnieszka Czopek (p\u0142ywanie - wy\u015bcig na 400 m stylem zmiennym)<br>br\u0105zowy - Tadeusz Dembo\u0144czyk (podnoszenie ci\u0119\u017car\u00f3w - waga 56 kg)<br>br\u0105zowy - Marek Seweryn (podnoszenie ci\u0119\u017car\u00f3w - waga 60 kg)<br>br\u0105zowy - Tadeusz Rutkowski (podnoszenie ci\u0119\u017car\u00f3w - waga ponad 110 kg)<br>br\u0105zowy - Barbara Wysocza\u0144ska (szermierka - turniej indywidualny florecistek)<br>br\u0105zowy - Lech Koziejowski, Adam Robak, Bogus\u0142aw Zych, Marian Sypniewski (szermierka turniej dru\u017cynowy florecist\u00f3w)<br>br\u0105zowy - Grzegorz Nowak, Grzegorz Stellak, Ryszard Stadniuk, Adam Tomasiak, sternik Ryszard Kubiak (wio\u015blarstwo - czw\u00f3rka ze sternikiem)<br>br\u0105zowy - Aleksander Cicho\u0144 (zapasy - styl wolny - waga 90 kg)<br>br\u0105zowy - Adam Sandurski (zapasy - styl wolny - waga ponad 100 kg)<\/p>\n<!-- \/wp:paragraph -->\n\n<!-- wp:quote {\"className\":\"is-style-default\"} -->\n<blockquote class=\"wp-block-quote is-style-default\"><p>Nasi reprezentanci zdobyli na tych igrzyskach 32 medale najwi\u0119cej w ca\u0142ej historii start\u00f3w olimpijskich.<\/p><p>Konkurencje \u017ceglarskie igrzysk przeprowadzono w Tallinnie.&nbsp; Do Moskwy nie przyjechali sportowcy USA. Polityka wymusi\u0142a na dzia\u0142aczach sportowych bojkot igrzysk w Moskwie z powodu interwencji ZSRR w Afganistanie. Z bojkotu wy\u0142ama\u0142o si\u0119 wielu sportowc\u00f3w m.in. z Australii, Brazylii, Danii, Grecji, Hiszpanii, Meksyku RFN, Szwajcarii, Szwecji, W\u0142och, Wielkiej Brytanii i Wenezueli.<\/p><\/blockquote>\n<!-- \/wp:quote -->","post_title":"Moskwa 1980","post_excerpt":"","post_status":"publish","comment_status":"closed","ping_status":"closed","post_password":"","post_name":"moskwa-1980","to_ping":"","pinged":"","post_modified":"2020-09-28 15:49:10","post_modified_gmt":"2020-09-28 13:49:10","post_content_filtered":"","post_parent":0,"guid":"https:\/\/wai-q98d7hpf9hy9k.wpallimport-demo.qsandbox.me\/olympics_summer\/moskwa-1980\/","menu_order":0,"post_type":"olympics_summer","post_mime_type":"","comment_count":"0","filter":"raw"}],"competitions_rewards":[{"competition":[{"ID":18993,"post_author":"15","post_date":"2020-07-16 12:27:12","post_date_gmt":"2020-07-16 10:27:12","post_content":"","post_title":"Zapasy, styl klasyczny - 100 kg","post_excerpt":"","post_status":"publish","comment_status":"closed","ping_status":"closed","post_password":"","post_name":"100-kg-zapasy-styl-klasyczny","to_ping":"","pinged":"","post_modified":"2020-07-22 14:02:31","post_modified_gmt":"2020-07-22 12:02:31","post_content_filtered":"","post_parent":5854,"guid":"http:\/\/pkol.cumulus.atthouse.pl\/?post_type=competition&#038;p=18993","menu_order":0,"post_type":"competition","post_mime_type":"","comment_count":"0","filter":"raw"}],"reward":{"value":"2","label":"Srebrny"}}]}],"picture":{"ID":31422,"id":31422,"title":"Roman Bierla zapasnik","filename":"Roman-Bierla-zapasnik.jpg","filesize":80121,"url":"https:\/\/olimpijski.pl\/wp-content\/uploads\/2020\/06\/Roman-Bierla-zapasnik.jpg","link":"https:\/\/olimpijski.pl\/en\/olimpijczycy\/roman-bierla\/roman-bierla-zapasnik-2\/#main","alt":"","author":"15","description":"","caption":"","name":"roman-bierla-zapasnik-2","status":"inherit","uploaded_to":13323,"date":"2020-10-08 08:25:50","modified":"2020-10-08 08:25:50","menu_order":0,"mime_type":"image\/jpeg","type":"image","subtype":"jpeg","icon":"https:\/\/olimpijski.pl\/wp-includes\/images\/media\/default.png","width":756,"height":816,"sizes":{"thumbnail":"https:\/\/olimpijski.pl\/wp-content\/uploads\/2020\/06\/Roman-Bierla-zapasnik-150x150.jpg","thumbnail-width":150,"thumbnail-height":150,"medium":"https:\/\/olimpijski.pl\/wp-content\/uploads\/2020\/06\/Roman-Bierla-zapasnik-278x300.jpg","medium-width":278,"medium-height":300,"medium_large":"https:\/\/olimpijski.pl\/wp-content\/uploads\/2020\/06\/Roman-Bierla-zapasnik.jpg","medium_large-width":756,"medium_large-height":816,"large":"https:\/\/olimpijski.pl\/wp-content\/uploads\/2020\/06\/Roman-Bierla-zapasnik.jpg","large-width":756,"large-height":816,"1536x1536":"https:\/\/olimpijski.pl\/wp-content\/uploads\/2020\/06\/Roman-Bierla-zapasnik.jpg","1536x1536-width":756,"1536x1536-height":816,"2048x2048":"https:\/\/olimpijski.pl\/wp-content\/uploads\/2020\/06\/Roman-Bierla-zapasnik.jpg","2048x2048-width":756,"2048x2048-height":816,"ultp_layout_landscape_large":"https:\/\/olimpijski.pl\/wp-content\/uploads\/2020\/06\/Roman-Bierla-zapasnik-756x800.jpg","ultp_layout_landscape_large-width":756,"ultp_layout_landscape_large-height":800,"ultp_layout_landscape":"https:\/\/olimpijski.pl\/wp-content\/uploads\/2020\/06\/Roman-Bierla-zapasnik-756x570.jpg","ultp_layout_landscape-width":756,"ultp_layout_landscape-height":570,"ultp_layout_portrait":"https:\/\/olimpijski.pl\/wp-content\/uploads\/2020\/06\/Roman-Bierla-zapasnik-600x816.jpg","ultp_layout_portrait-width":600,"ultp_layout_portrait-height":816,"ultp_layout_square":"https:\/\/olimpijski.pl\/wp-content\/uploads\/2020\/06\/Roman-Bierla-zapasnik-600x600.jpg","ultp_layout_square-width":600,"ultp_layout_square-height":600}},"firstname":"Roman","lastname":"Bier\u0142a","birthdate_date":"21\/03\/1957","birthdate":"21 marca 1957","deathdate_date":"","deathdate":"","placeofbirth":"Katowice","club":"GKS Katowice","coach":"Stanis\u0142aw Turos, Jan Adamaszek, Antoni Masternak, Janusz Tracewski","metrics":"187 cm \/ 103 kg","seolink":"bierla-roman","tmp_old_id":"13429","tmp_old_fid":"294","tmp_old_parent_id":"15544","createdate":"28\/01\/2014","tmp_old_title":"Bier\u0142a  Roman","tmp_old_lead":"","tmp_old_body":"<p class=\"title-m-02\">BIER\u0141A  ROMAN<\/p><table  border=\"0\" align=\"LEFT\" cellpadding=\"0\" cellspacing=\"0\"> <tr> <td class=\"photo-td-01\"><table  border=\"0\" cellspacing=\"0\" cellpadding=\"0\"> <tr>  <td><img src=\"files\/old\/i\/olimpijczycy\/Bierla_Roman_m.jpg\" alt=\"BIER\u0141A ROMAN\" border=\"0\" width=\"50\" height=\"50\"><\/td> <\/tr> <\/table><\/td><\/tr><\/table><p><strong>nauczyciel wf, trener, przedsi\u0119biorca, zapa\u015bnik wagi ci\u0119\u017ckiej z Katowic, srebrny medalista olimpijski z Moskwy (1980).<br\/><\/strong><strong><br\/><\/strong>Urodzony 21 marca 1957 w Katowicach, syn Ignacego i Weroniki z d. \u015awidurska, absolwent Technikum G\u00f3rniczego w D\u0105browie G\u00f3rniczej (1979, elektromonter) i studiowa\u0142 zaocznie na 3-letnim kierunku trenerskim\u00a0- zapasy: zaliczony I semestr (1980\/81) w katowickiej AWF. Zapa\u015bnik (187 cm, 103 kg) stylu klasycznego (w. ci\u0119\u017ckiej 100 kg), reprezentant GKS Katowice (1971-1988), kt\u00f3rego trenerami byli: Stanis\u0142aw Turos, Jan Adamaszek, Antoni Masternak i Janusz Tracewski. Napisano kiedy\u015b o nim: \"Olbrzym o twarzy grzecznego dziecka, pe\u0142en ciep\u0142a i \u0142agodno\u015bci\" by\u0142 jednocze\u015bnie zawodnikiem bardzo inteligentnym o ogromnej wydolno\u015bci fizycznej i wspania\u0142ej kondycji, a tak\u017ce du\u017cej wiedzy taktycznej. Rozstrzyga\u0142 walki na swoj\u0105 korzy\u015b\u0107 dzi\u0119ki wielkiej aktywno\u015bci na macie (wspania\u0142a praca r\u0105k i n\u00f3g). Wcze\u015bnie ujawni\u0142 si\u0119 na arenie mi\u0119dzynarodowej zdobywaj\u0105c z\u0142oty (1977) i br\u0105zowy (1975) medal mistrzostw \u015bwiata junior\u00f3w. 4-krotny mistrz Polski wagi ci\u0119\u017ckiej\u00a0- 1978, 1979, 1983, 1987, by\u0142 tak\u017ce finalist\u0105 M\u015a 1979 (5 m.), 1985 (6 m.) i srebrnym medalist\u0105 ME (1979). Najwi\u0119kszy sukces odni\u00f3s\u0142 podczas IO w Moskwie (1980), gdzie wywalczy\u0142\u00a0srebrny medal. Zaraz potem wyjecha\u0142 do Niemiec (1980-1983), a po powrocie do kraju (1983) rywalizowa\u0142 z A. Wro\u0144skim i na przeszkodzie do drugiego startu olimpijskiego stan\u0105\u0142 bojkot igrzysk (1984). Zawodnik nie do ko\u0144ca spe\u0142niony. Powiod\u0142o mu si\u0119 za to w interesach w Niemczech. Po zako\u0144czeniu kariery zawodniczej zosta\u0142 dzia\u0142aczem sportu zapa\u015bniczego (od 1996 cz\u0142onek zarz\u0105du \u015al\u0105skiego ZZ) i instruktorem zapas\u00f3w w GKS Katowice. Odznaczony m.in. z\u0142otym i dwukrotnie srebrnym Medalem za Wybitne Osi\u0105gni\u0119cia Sportowe i Srebrnym Krzy\u017cem Zas\u0142ugi (1980). \u017bonaty z Gra\u017cyn\u0105 Gaworek.<br\/><br\/>Bibl.: G\u0142uszek, Leksykon 1999, s. 158; Pawlak, Olimpijczycy, s. 33; Klimontowicz, Ruch olimpijski, s. 50-51; Staniszewski, Dzieje, s. 143; Kronika sportu, s. 1016; MES, t.1, s. 80, t. 2, s. 15; Godlewski, Olimpijskie turnieje, s. 97, 196, 202, 208, 236;\u00a0Lipski, MEZ, t. VI, s. 18 (tu: uko\u0144czy\u0142 AWF Katowice\u00a0- 1987, trener kl. II); USC Katowice, AU 965\/1957\/1; Archiwum AWF Katowice (nie uko\u0144czy\u0142 studi\u00f3w); Wywiad \u015brodowiskowy.<br\/><strong>*1980 Moskwa: styl klas., w. ci\u0119\u017cka 100 kg<\/strong>\u00a0- w pierwszej kolejce wygra\u0142 w 5.58 min. z S. E. Studagaardem (Dania), w drugiej zwyci\u0119\u017cy\u0142 w 5.27 min. G. Pikilidisa (Grecja), w trzeciej pokona\u0142 w 7.24 min. V. Andrei (Rumunia), w czwartej wygra\u0142 5:2 z R. Menisevicem (Jugos\u0142awia), w pi\u0105tej przegra\u0142 w 7.52 min. z G. Rajkowem (Bu\u0142garia), <strong>zdobywaj\u0105c srebrny medal<\/strong> (zw. G. Rajkow Bu\u0142garia).<\/p><!-- history --><table width=\"85%\" style=\"text-align:right\" border=\"0\" cellspacing=\"0\" cellpadding=\"0\">  <tr>    <td align=\"right\" class=\"box3-title\"><a href=\"javascript:history.back()\">\u00ab powr\u00f3t do listy<\/a><\/td>  <\/tr><\/table>","tmp_old_body_img":false,"tmp_old_lead_img":false,"picture_medalists":false,"important":"","person_achivments":""},"_links":{"self":[{"href":"https:\/\/olimpijski.pl\/en\/wp-json\/wp\/v2\/person\/13323"}],"collection":[{"href":"https:\/\/olimpijski.pl\/en\/wp-json\/wp\/v2\/person"}],"about":[{"href":"https:\/\/olimpijski.pl\/en\/wp-json\/wp\/v2\/types\/person"}],"version-history":[{"count":2,"href":"https:\/\/olimpijski.pl\/en\/wp-json\/wp\/v2\/person\/13323\/revisions"}],"predecessor-version":[{"id":40547,"href":"https:\/\/olimpijski.pl\/en\/wp-json\/wp\/v2\/person\/13323\/revisions\/40547"}],"wp:featuredmedia":[{"embeddable":true,"href":"https:\/\/olimpijski.pl\/en\/wp-json\/wp\/v2\/media\/31422"}],"wp:attachment":[{"href":"https:\/\/olimpijski.pl\/en\/wp-json\/wp\/v2\/media?parent=13323"}],"curies":[{"name":"wp","href":"https:\/\/api.w.org\/{rel}","templated":true}]}}