{"id":13343,"date":"2020-06-24T16:43:53","date_gmt":"2020-06-24T14:43:53","guid":{"rendered":"http:\/\/pkol.local\/person\/andrzej-blawdzin\/"},"modified":"2023-04-21T13:51:53","modified_gmt":"2023-04-21T11:51:53","slug":"andrzej-blawdzin","status":"publish","type":"person","link":"https:\/\/olimpijski.pl\/en\/olimpijczycy\/andrzej-blawdzin\/","title":{"rendered":"Andrzej B\u0142awdzin (1938-2023)"},"content":{"rendered":"\n<p><br><br><br><strong>technik samochodowy, kolarz Ludowych Zespo\u0142\u00f3w Sportowych z Mazowsza, triumfator Tour de Pologne (1967), olimpijczyk z Tokio (1964) i Meksyku (1968).<\/strong><br>\u00a0<br>Urodzony 19 sierpnia 1938 w P\u0142ochocinie na Mazowszu, syn Wac\u0142awa i Heleny Zdzieszy\u0144skiej, absolwent Technikum Samochodowego w Ursusie (1972). Kolarz szosowy (175 cm, 69 kg) LZS Mazowsze (1961-1970), wychowanek trenera Mieczys\u0142awa Brzezi\u0144skiego i podopieczny trener\u00f3w: J\u00f3zefa Tropaczy\u0144skiego (tw\u00f3rcy kolarstwa LZS, zwanego popularnie &#8220;marsza\u0142kiem kolarstwa wiejskiego&#8221;), Roberta Nowoczka, W\u0142adys\u0142awa Wandora i Henryka \u0141asaka. Czo\u0142owy szosowiec Polski lat sze\u015b\u0107dziesi\u0105tych. Mistrz Polski w szosowym wy\u015bcigu dru\u017cynowym (1965) i 3-krotny wicemistrz w tej samej konkurencji (1962, 1963, 1967).<\/p>\n\n\n\n<p>Zwyci\u0119zca Tour de Pologne 1967 (w tym wy\u015bcigu ponadto: 1964 &#8211; 10., 1969 &#8211; 9.), 3-krotny uczestnik Wy\u015bcigu Pokoju (1967, 1968, 1969), cz\u0142onek dru\u017cyny bia\u0142o-czerwonych, kt\u00f3ra po wielu latach niepowodze\u0144 si\u0119gn\u0119\u0142a wreszcie dwukrotnie (1967, 1968) po zwyci\u0119stwo na trasie W-B-P (pod wodz\u0105 Henryka \u0141asaka).<\/p>\n\n\n\n<p>4-krotny uczestnik M\u015a (1964, 1966, 1967, 1969), m.in. w Heerlen (1967) &#8211; 7. m. w dru\u017cynowym wy\u015bcigu szosowym. Poza tym: 2. m. (1967) w wy\u015bcigu Pary\u017c-Bruksela (dla amator\u00f3w), tak\u017ce cz\u0142onek zwyci\u0119skiego zespo\u0142u bia\u0142o-czerwonych w wy\u015bcigu Dooko\u0142a Austrii (1965), 2-krotny olimpijczyk (1964, 1968).<\/p>\n\n\n\n<p>Najlepszy szosowiec Polski 1967 w klasyfikacji PZKol i Challenge &#8220;PS&#8221;. Zas\u0142u\u017cony Dzia\u0142acz LZS. Zas\u0142u\u017cony Mistrz Sportu odznaczony m. in. dwukrotnie z\u0142otym i br\u0105zowym Medalem za Wybitne Osi\u0105gni\u0119cia Sportowe.<\/p>\n\n\n\n<p>Zmar\u0142 10 kwietnia 2023 roku.<\/p>\n\n\n\n<p><strong>*1964 Tokio: kolarstwo, szosa ind. (194,832 km)<\/strong> &#8211; 77 m. na 132 start. z czasem 4:39.51,83 (zw. W\u0142och M. Zanin &#8211; 4:39.51,63),&nbsp;<strong>szosa dru\u017c. (109.893 km)<\/strong> &#8211; 11 m. na 33 start. zesp. z czasem 2:31.44,70 (zw. Holandia &#8211; 2:26.31,19). Partnerami w dru\u017cynie byli: J. Beker, J. Magiera i R. Zieli\u0144ski.<\/p>\n\n\n\n<p><strong>*1968 Meksyk: kolarstwo, szosa dru\u017c. (101,908 km)<\/strong> &#8211; 6 m. na 30 start. zesp. z czasem 2:14.40,98 (zw. Holandia &#8211; 2:07.49,06). Partnerami w dru\u017cynie byli: Z. Czechowski, M. Kegel i J. Magiera.<\/p>\n\n\n\n<p><em>Bibl.: G\u0142uszek, Leksykon 1999, s. 159 (tu b\u0142\u0119dnie: rok urodzenia 1939 i 41 w ind. wy\u015bcigu szosowym w Tokio); Pawlak, Olimpijczycy, s. 35; MES, t. 2, s. 16 (tu b\u0142\u0119dny rok urodzenia 1939); Porada, Igrzyska, s. 863, 872; Tuszy\u0144ski, Wy\u015bcig Pokoju 1948-2001, s. 156; Tuszy\u0144ski, 70 lat Tour de Pologne, s. 210-216; Tuszy\u0144ski, Z\u0142ota ksi\u0119ga, s. 227; Tuszy\u0144ski, Od Dynas\u00f3w, s. 439; Tuszy\u0144ski, 100 lat WTC, s. 272; Bogusz, 100 lat kolarstwa \u0142\u00f3dzkiego, s. 80; Latuszkiewicz, Zielone bractwo, s. 10.<\/em><\/p>\n","protected":false},"excerpt":{"rendered":"<p>technik samochodowy, kolarz Ludowych Zespo\u0142\u00f3w Sportowych z Mazowsza, triumfator Tour de Pologne (1967), olimpijczyk z Tokio (1964) i Meksyku (1968). &#8230; <a class=\"read-more\" href=\"https:\/\/olimpijski.pl\/en\/olimpijczycy\/andrzej-blawdzin\/\">Czytaj dalej<\/a><\/p>\n","protected":false},"featured_media":0,"menu_order":60,"template":"","meta":{"_acf_changed":false,"ub_ctt_via":"","footnotes":""},"class_list":["post-13343","person","type-person","status-publish","hentry","infinite-scroll-item","no-featured-image-padding"],"acf":{"olimpic_information":[{"olimpic":[{"ID":303,"post_author":"1","post_date":"1964-06-17 13:34:45","post_date_gmt":"1964-06-17 11:34:45","post_content":"<!-- wp:heading {\"level\":1,\"className\":\"main-title\"} -->\n<h1 class=\"main-title\"><strong>Igrzyska XVIII Olimpiady<\/strong><br>Tokio 1964<\/h1>\n<!-- \/wp:heading -->\n\n<!-- wp:paragraph -->\n<p><br><\/p>\n<!-- \/wp:paragraph -->\n\n<!-- wp:image {\"align\":\"left\",\"id\":19358,\"sizeSlug\":\"large\",\"className\":\"is-style-default\"} -->\n<div class=\"wp-block-image is-style-default\"><figure class=\"alignleft size-large\"><img src=\"https:\/\/olimpijski.pl\/wp-content\/uploads\/1964\/06\/tokio1964.png\" alt=\"\" class=\"wp-image-19358\"\/><\/figure><\/div>\n<!-- \/wp:image -->\n\n<!-- wp:list -->\n<ul><li>Igrzyska rozegrano w dniach <strong>10-24 pa\u017adziernika<\/strong>.<\/li><li>Wystartowa\u0142o <strong>5151<\/strong> zawodnik\u00f3w (w tym <strong>678<\/strong> kobiet) z <strong>93<\/strong> kraj\u00f3w.<\/li><li>Rozdano <strong>163<\/strong> komplety medali.<\/li><li>Przysi\u0119g\u0119 olimpijsk\u0105 w imieniu sportowc\u00f3w z\u0142o\u017cy\u0142 gimnastyk <strong>Yoshimori Ono<\/strong>.<\/li><li>Znicz zapali\u0142 <strong>Yoshinori Sakai<\/strong> (urodzi\u0142 si\u0119 6 sierpnia 1945 roku, w dniu zrzucenia przez Amerykan\u00f3w bomby atomowej na Hiroszim\u0119).<\/li><li>Igrzyska otworzy\u0142 <strong>cesarz Japonii Hirohito<\/strong>.<\/li><\/ul>\n<!-- \/wp:list -->\n\n<!-- wp:heading -->\n<h2><strong>Program Igrzysk \u2013 21 dyscyplin, 163 konkurencje<\/strong><\/h2>\n<!-- \/wp:heading -->\n\n<!-- wp:paragraph -->\n<p>boks (10 konkurencji), gimnastyka (14), hokej na trawie (1), je\u017adziectwo (6), judo (4), kajakarstwo (7), kolarstwo (7), koszyk\u00f3wka (1), lekkoatletyka (36), pi\u0119ciob\u00f3j nowoczesny (2), pi\u0142ka no\u017cna (1), pi\u0142ka siatkowa (2), pi\u0142ka wodna (1), p\u0142ywanie (18), podnoszenie ci\u0119\u017car\u00f3w (7), skoki do wody (4), strzelectwo (6), szermierka (8), wio\u015blarstwo (7), zapasy (16), \u017ceglarstwo (5).<\/p>\n<!-- \/wp:paragraph -->\n\n<!-- wp:heading -->\n<h2><strong>Gwiazda Igrzysk<\/strong><\/h2>\n<!-- \/wp:heading -->\n\n<!-- wp:paragraph -->\n<p><strong>\u0141arysa \u0141atynina<\/strong> (ZSRR, gimnastyka) \u2013 3 z\u0142ote medale, 2 srebrne, 1 br\u0105zowy<\/p>\n<!-- \/wp:paragraph -->\n\n<!-- wp:heading -->\n<h2><strong>Polska Reprezentacja Olimpijska<\/strong><\/h2>\n<!-- \/wp:heading -->\n\n<!-- wp:paragraph -->\n<p><strong>145 os\u00f3b <\/strong>(startowa\u0142o 140 \u2013 25 kobiet i 115 m\u0119\u017cczyzn) w 12 sportach: 10 bokser\u00f3w, 14 gimnastyk\u00f3w (w tym 7 kobiet; 12 startowa\u0142o + 2 rez.), 10 kajakarzy (w tym 3 kobiety; 9 startowa\u0142o + 1 rez.), 8 kolarzy, 12 koszykarzy, 36 lekkoatlet\u00f3w (w tym 7 kobiet; 35 startowa\u0142o + 1 rez.), 7 ci\u0119\u017carowc\u00f3w, 10 siatkarek, 6 strzelc\u00f3w, 15 szermierzy, 12 wio\u015blarzy (11 startowa\u0142o + 1 rez.), 5 zapa\u015bnik\u00f3w.<\/p>\n<!-- \/wp:paragraph -->\n\n<!-- wp:paragraph -->\n<p>Chor\u0105\u017cym reprezentacji Polski by\u0142 ci\u0119\u017carowiec <strong>Waldemar Baszanowski<\/strong>.<\/p>\n<!-- \/wp:paragraph -->\n\n<!-- wp:heading -->\n<h2><strong>Klasyfikacja medalowa<\/strong><\/h2>\n<!-- \/wp:heading -->\n\n<!-- wp:table {\"hasFixedLayout\":true,\"className\":\"is-style-stripes\"} -->\n<figure class=\"wp-block-table is-style-stripes\"><table class=\"has-fixed-layout\"><tbody><tr><td><\/td><td><\/td><td class=\"has-text-align-center\" data-align=\"center\">&nbsp;<\/td><td class=\"has-text-align-center\" data-align=\"center\">&nbsp;<\/td><td class=\"has-text-align-center\" data-align=\"center\">&nbsp;<\/td><td class=\"has-text-align-center\" data-align=\"center\">&nbsp;<\/td><\/tr><tr><td>&nbsp;<\/td><td>&nbsp;<\/td><td class=\"has-text-align-center\" data-align=\"center\">&nbsp;<\/td><td class=\"has-text-align-center\" data-align=\"center\"><img class=\"wp-image-27817\" style=\"width: 50px;\" src=\"https:\/\/olimpijski.pl\/wp-content\/uploads\/2016\/06\/2016_Rio_zloty_50x50.jpg\" alt=\"\"><\/td><td class=\"has-text-align-center\" data-align=\"center\"><img class=\"wp-image-27819\" style=\"width: 50px;\" src=\"https:\/\/olimpijski.pl\/wp-content\/uploads\/2016\/06\/2016_Rio_sreb_50x50.jpg\" alt=\"\"><\/td><td class=\"has-text-align-center\" data-align=\"center\"><img class=\"wp-image-27821\" style=\"width: 50px;\" src=\"https:\/\/olimpijski.pl\/wp-content\/uploads\/2016\/06\/2016_Rio_braz_50x50.jpg\" alt=\"\"><\/td><\/tr><tr><td>1.<\/td><td>USA<\/td><td class=\"has-text-align-center\" data-align=\"center\">90<\/td><td class=\"has-text-align-center\" data-align=\"center\">36<\/td><td class=\"has-text-align-center\" data-align=\"center\">26<\/td><td class=\"has-text-align-center\" data-align=\"center\">28<\/td><\/tr><tr><td>2.<\/td><td>ZSRR<\/td><td class=\"has-text-align-center\" data-align=\"center\">96<\/td><td class=\"has-text-align-center\" data-align=\"center\">30<\/td><td class=\"has-text-align-center\" data-align=\"center\">31<\/td><td class=\"has-text-align-center\" data-align=\"center\">35<\/td><\/tr><tr><td>3.<\/td><td>Japonia<\/td><td class=\"has-text-align-center\" data-align=\"center\">29<\/td><td class=\"has-text-align-center\" data-align=\"center\">16<\/td><td class=\"has-text-align-center\" data-align=\"center\">5<\/td><td class=\"has-text-align-center\" data-align=\"center\">8<\/td><\/tr><tr><td>...<\/td><td>&nbsp;<\/td><td class=\"has-text-align-center\" data-align=\"center\">&nbsp;<\/td><td class=\"has-text-align-center\" data-align=\"center\">&nbsp;<\/td><td class=\"has-text-align-center\" data-align=\"center\">&nbsp;<\/td><td class=\"has-text-align-center\" data-align=\"center\">&nbsp;<\/td><\/tr><tr><td><strong>7.<\/strong><\/td><td><strong>Polska<\/strong><\/td><td class=\"has-text-align-center\" data-align=\"center\"><strong>23<\/strong><\/td><td class=\"has-text-align-center\" data-align=\"center\"><strong>7<\/strong><\/td><td class=\"has-text-align-center\" data-align=\"center\"><strong>6<\/strong><\/td><td class=\"has-text-align-center\" data-align=\"center\"><strong>19<\/strong><\/td><\/tr><\/tbody><\/table><\/figure>\n<!-- \/wp:table -->\n\n<!-- wp:heading -->\n<h2><strong>Medale dla Polski (23)<\/strong><\/h2>\n<!-- \/wp:heading -->\n\n<!-- wp:ub\/content-toggle-block {\"blockID\":\"0f622570-af06-4c2c-83e5-ee668270480d\",\"theme\":\"#f1f1f1\",\"collapsed\":true,\"titleColor\":\"#000000\"} -->\n<!-- wp:ub\/content-toggle-panel-block {\"parentID\":\"0f622570-af06-4c2c-83e5-ee668270480d\",\"theme\":\"#f1f1f1\",\"collapsed\":true,\"titleColor\":\"#000000\",\"panelTitle\":\"Z\u0142ote\"} -->\n<!-- wp:paragraph -->\n<p><\/p>\n<!-- \/wp:paragraph -->\n\n<!-- wp:media-text {\"align\":\"\",\"mediaId\":30255,\"mediaLink\":\"https:\/\/olimpijski.pl\/igrzyska_letnie\/tokio-1964\/1964_tokio_zloty_200\/#main\",\"mediaType\":\"image\",\"mediaWidth\":20} -->\n<div class=\"wp-block-media-text is-stacked-on-mobile\" style=\"grid-template-columns:20% auto\"><figure class=\"wp-block-media-text__media\"><img src=\"https:\/\/olimpijski.pl\/wp-content\/uploads\/1964\/06\/1964_Tokio_zloty_200.jpg\" alt=\"\" class=\"wp-image-30255\"\/><\/figure><div class=\"wp-block-media-text__content\"><!-- wp:paragraph -->\n<p><strong>J\u00f3zef Schmidt<\/strong><br>(lekkoatletyka, tr\u00f3jskok)<\/p>\n<!-- \/wp:paragraph -->\n\n<!-- wp:paragraph -->\n<p><strong>J\u00f3zef Grudzie\u0144<\/strong><br>(boks, waga lekka)<\/p>\n<!-- \/wp:paragraph -->\n\n<!-- wp:paragraph -->\n<p><strong>Jerzy Kulej<\/strong><br>(boks, waga lekkop\u00f3\u0142\u015brednia)<\/p>\n<!-- \/wp:paragraph -->\n\n<!-- wp:paragraph -->\n<p><strong>Marian Kasprzyk<\/strong><br>(boks, waga p\u00f3\u0142\u015brednia)<\/p>\n<!-- \/wp:paragraph -->\n\n<!-- wp:paragraph -->\n<p><strong>Teresa Ciep\u0142y, Halina G\u00f3recka, Irena Kirszenstein, Ewa K\u0142obukowska<\/strong><br>(lekkoatletyka, sztafeta 4x100 m)<br><br><strong>Waldemar Baszanowski<\/strong><br>(podnoszenie ci\u0119\u017car\u00f3w, 67,5 kg)<\/p>\n<!-- \/wp:paragraph -->\n\n<!-- wp:paragraph -->\n<p><strong>Egon Franke<\/strong><br>(szermierka, floret)<\/p>\n<!-- \/wp:paragraph --><\/div><\/div>\n<!-- \/wp:media-text -->\n<!-- \/wp:ub\/content-toggle-panel-block -->\n<!-- \/wp:ub\/content-toggle-block -->\n\n<!-- wp:ub\/content-toggle-block {\"blockID\":\"0e892858-9992-41aa-b7a4-ae2ab8516756\",\"theme\":\"#f1f1f1\",\"collapsed\":true,\"titleColor\":\"#000000\"} -->\n<!-- wp:ub\/content-toggle-panel-block {\"parentID\":\"0e892858-9992-41aa-b7a4-ae2ab8516756\",\"theme\":\"#f1f1f1\",\"collapsed\":true,\"titleColor\":\"#000000\",\"panelTitle\":\"Srebrne\"} -->\n<!-- wp:paragraph -->\n<p><\/p>\n<!-- \/wp:paragraph -->\n\n<!-- wp:media-text {\"align\":\"\",\"mediaId\":30257,\"mediaLink\":\"https:\/\/olimpijski.pl\/igrzyska_letnie\/tokio-1964\/1964_tokio_sreb_200\/#main\",\"mediaType\":\"image\",\"mediaWidth\":20} -->\n<div class=\"wp-block-media-text is-stacked-on-mobile\" style=\"grid-template-columns:20% auto\"><figure class=\"wp-block-media-text__media\"><img src=\"https:\/\/olimpijski.pl\/wp-content\/uploads\/1964\/06\/1964_Tokio_sreb_200.jpg\" alt=\"\" class=\"wp-image-30257\"\/><\/figure><div class=\"wp-block-media-text__content\"><!-- wp:paragraph -->\n<p><strong>Irena Kirszenstein<\/strong><br>(lekkoatletyka, 200 m)<br><br><strong>Irena Kirszenstein<\/strong><br>(lekkoatletyka, skok w dal)<\/p>\n<!-- \/wp:paragraph -->\n\n<!-- wp:paragraph -->\n<p><strong>Teresa Ciep\u0142y<\/strong><br>(lekkoatletyka, 80 m pp\u0142)<br><br><strong>Marian Dudziak, Marian Foik, Wies\u0142aw Maniak, Andrzej Zieli\u0144ski<\/strong><br>(lekkoatletyka, sztafeta 4x100 m)<br><br><strong>Egon Franke, Ryszard Parulski, Janusz R\u00f3\u017cycki, Zbigniew Skrudlik, Witold Woyda<\/strong><br>(szermierka, floret dru\u017cynowo)<br><br><strong>Artur Olech<\/strong><br>(boks, waga musza)<\/p>\n<!-- \/wp:paragraph --><\/div><\/div>\n<!-- \/wp:media-text -->\n<!-- \/wp:ub\/content-toggle-panel-block -->\n<!-- \/wp:ub\/content-toggle-block -->\n\n<!-- wp:ub\/content-toggle-block {\"blockID\":\"a9884ed7-1db5-4041-92aa-f9a969627ca2\",\"theme\":\"#f1f1f1\",\"collapsed\":true,\"titleColor\":\"#000000\"} -->\n<!-- wp:ub\/content-toggle-panel-block {\"parentID\":\"a9884ed7-1db5-4041-92aa-f9a969627ca2\",\"theme\":\"#f1f1f1\",\"collapsed\":true,\"titleColor\":\"#000000\",\"panelTitle\":\"Br\u0105zowe\"} -->\n<!-- wp:paragraph -->\n<p><\/p>\n<!-- \/wp:paragraph -->\n\n<!-- wp:media-text {\"align\":\"\",\"mediaId\":30259,\"mediaLink\":\"https:\/\/olimpijski.pl\/igrzyska_letnie\/tokio-1964\/1964_tokio_braz_200\/#main\",\"mediaType\":\"image\",\"mediaWidth\":20} -->\n<div class=\"wp-block-media-text is-stacked-on-mobile\" style=\"grid-template-columns:20% auto\"><figure class=\"wp-block-media-text__media\"><img src=\"https:\/\/olimpijski.pl\/wp-content\/uploads\/1964\/06\/1964_Tokio_braz_200.jpg\" alt=\"\" class=\"wp-image-30259\"\/><\/figure><div class=\"wp-block-media-text__content\"><!-- wp:paragraph -->\n<p><strong>Krystyna Czajkowska, Maria Golimowska, Krystyna Jakubowska, Danuta Kordaczuk, Krystyna Krupa, J\u00f3zefa Ledwig, Jadwiga Marko, Jadwiga Rutkowska, Zofia Szcz\u0119\u015bniewska, Maria \u015aliwka<\/strong><br>(siatk\u00f3wka)<br><br><strong>Emil Ochyra, Jerzy Paw\u0142owski, Andrzej Pi\u0105tkowski, Wojciech Zab\u0142ocki, Ryszard Zub<\/strong><br>(szermierka, szabla dru\u017cynowo)<br><br><strong>Andrzej Bade\u0144ski<\/strong><br>(lekkoatletyka, 400 m)<br><br><strong>Ewa K\u0142obukowska<\/strong><br>(lekkoatletyka, 100 m)<br><br><strong>Mieczys\u0142aw Nowak<\/strong><br>(podnoszenie ci\u0119\u017car\u00f3w, 60 kg)<\/p>\n<!-- \/wp:paragraph -->\n\n<!-- wp:paragraph -->\n<p><strong>Marian Zieli\u0144ski<\/strong><br>(podnoszenie ci\u0119\u017car\u00f3w, 67,5 kg)<\/p>\n<!-- \/wp:paragraph -->\n\n<!-- wp:paragraph -->\n<p><strong>Ireneusz Pali\u0144ski<\/strong><br>(podnoszenie ci\u0119\u017car\u00f3w, 90 kg)<\/p>\n<!-- \/wp:paragraph -->\n\n<!-- wp:paragraph -->\n<p><strong>J\u00f3zef Grzesiak<\/strong><br>(boks, waga lekkop\u00f3\u0142\u015brednia)<br><br><strong>Tadeusz Walasek<\/strong><br>(boks, waga \u015brednia)<br><br><strong>Zbigniew Pietrzykowski<\/strong><br>(boks, waga p\u00f3\u0142ci\u0119\u017cka)<\/p>\n<!-- \/wp:paragraph --><\/div><\/div>\n<!-- \/wp:media-text -->\n<!-- \/wp:ub\/content-toggle-panel-block -->\n<!-- \/wp:ub\/content-toggle-block -->\n\n<!-- wp:quote {\"className\":\"is-style-default\"} -->\n<blockquote class=\"wp-block-quote is-style-default\"><p>Dla Polski by\u0142y to niezwykle udane igrzyska. Z 23 medalami zaj\u0119li\u015bmy najwy\u017csz\u0105 lokat\u0119&nbsp; w dotychczasowych startach. Autork\u0105 najwi\u0119kszej niespodzianki w polskiej ekipie by\u0142a 18-letnia Irena Kirszenstein, kt\u00f3ra zdoby\u0142a dwa srebrne medale (w skoku w dal oraz w biegu na 200 m). Po raz drugi na najwy\u017cszym stopniu podium stan\u0105\u0142 tr\u00f3jskoczek J\u00f3zef Schmidt.<\/p><p>Do programu igrzysk wprowadzono: siatk\u00f3wk\u0119 kobiet i m\u0119\u017cczyzn oraz narodowy sport gospodarzy - judo. W igrzyskach zadebiutowali reprezentanci, Algierii, Czadu, Dominikany, Kamerunu, Konga, Libii, Madagaskaru, Malezji, Mali, Monako, Nepalu, Nigru, Senegalu, Tanzanii (jako Tanganika) i Zambii (jako Rodezja P\u00f3\u0142nocna).<\/p><\/blockquote>\n<!-- \/wp:quote -->","post_title":"Tokio 1964","post_excerpt":"","post_status":"publish","comment_status":"closed","ping_status":"closed","post_password":"","post_name":"tokio-1964","to_ping":"","pinged":"","post_modified":"2020-10-05 16:22:25","post_modified_gmt":"2020-10-05 14:22:25","post_content_filtered":"","post_parent":0,"guid":"https:\/\/wai-q98d7hpf9hy9k.wpallimport-demo.qsandbox.me\/olympics_summer\/tokio-1964\/","menu_order":0,"post_type":"olympics_summer","post_mime_type":"","comment_count":"0","filter":"raw"}],"competitions_rewards":[{"competition":[{"ID":5853,"post_author":"1","post_date":"2020-06-19 11:32:26","post_date_gmt":"2020-06-19 11:32:26","post_content":"","post_title":"Kolarstwo","post_excerpt":"","post_status":"publish","comment_status":"open","ping_status":"open","post_password":"","post_name":"kolarstwo","to_ping":"","pinged":"","post_modified":"2020-06-29 13:17:08","post_modified_gmt":"2020-06-29 11:17:08","post_content_filtered":"","post_parent":0,"guid":"https:\/\/wai-q7byvryhhcz9k.wpallimport-demo.qsandbox.me\/competition\/kolarstwo\/","menu_order":0,"post_type":"competition","post_mime_type":"","comment_count":"0","filter":"raw"}],"reward":""}]},{"olimpic":[{"ID":302,"post_author":"1","post_date":"1968-06-17 13:34:45","post_date_gmt":"1968-06-17 12:34:45","post_content":"<!-- wp:heading {\"level\":1,\"className\":\"main-title\"} -->\n<h1 class=\"main-title\"><strong>Igrzyska XIX Olimpiady<\/strong><br>Meksyk 1968<\/h1>\n<!-- \/wp:heading -->\n\n<!-- wp:paragraph -->\n<p><br><\/p>\n<!-- \/wp:paragraph -->\n\n<!-- wp:image {\"align\":\"left\",\"id\":19330,\"sizeSlug\":\"large\",\"className\":\"is-style-default\"} -->\n<div class=\"wp-block-image is-style-default\"><figure class=\"alignleft size-large\"><img src=\"https:\/\/olimpijski.pl\/wp-content\/uploads\/1968\/06\/meksyk1968.png\" alt=\"\" class=\"wp-image-19330\"\/><\/figure><\/div>\n<!-- \/wp:image -->\n\n<!-- wp:list -->\n<ul><li>Igrzyska rozegrano w dniach <strong>12-27 pa\u017adziernika<\/strong>.<\/li><li>Wystartowa\u0142o <strong>5516<\/strong> zawodnik\u00f3w (w tym <strong>781<\/strong> kobiet) ze <strong>112<\/strong>.<\/li><li>Rozdano <strong>172<\/strong> komplety medali.<\/li><li>Przysi\u0119g\u0119 olimpijsk\u0105 w imieniu sportowc\u00f3w z\u0142o\u017cy\u0142 lekkoatleta <strong>Pablo Garrido<\/strong>.<\/li><li>Znicz zapali\u0142a sprinterka i uczestniczka igrzysk <strong>Norma Enriqueta Basilio de Sotelo<\/strong> staj\u0105c si\u0119 pierwsz\u0105 w historii igrzysk kobiet\u0105, kt\u00f3ra zapali\u0142a znicz olimpijski.<\/li><li>Igrzyska otworzy\u0142 <strong>prezydent Meksyku Gustavo Diaz Ordaz<\/strong>.<\/li><\/ul>\n<!-- \/wp:list -->\n\n<!-- wp:heading -->\n<h2><strong>Program Igrzysk \u2013 20 dyscyplin, 172 konkurencje<\/strong><\/h2>\n<!-- \/wp:heading -->\n\n<!-- wp:paragraph -->\n<p>boks (11 konkurencji), gimnastyka (14), hokej na trawie (1), je\u017adziectwo (6), kajakarstwo (7), kolarstwo (7), koszyk\u00f3wka (1), lekkoatletyka (36), pi\u0119ciob\u00f3j nowoczesny (2), pi\u0142ka no\u017cna (1), pi\u0142ka siatkowa (2), pi\u0142ka wodna (1), p\u0142ywanie (29), podnoszenie ci\u0119\u017car\u00f3w (7), skoki do wody (4), strzelectwo (7), szermierka (8), wio\u015blarstwo (7), zapasy (16), \u017ceglarstwo (5).<\/p>\n<!-- \/wp:paragraph -->\n\n<!-- wp:heading -->\n<h2><strong>Gwiazdy Igrzysk<\/strong><\/h2>\n<!-- \/wp:heading -->\n\n<!-- wp:paragraph -->\n<p><strong>Vera Caslavska<\/strong> (Czechos\u0142owacja, gimnastyka) \u2013 4 z\u0142ote medale, 2 srebrne<br><strong>Al Oerter <\/strong>(USA, lekkoatletyka) \u2013 czwarty z rz\u0119du z\u0142oty medal w rzucie dyskiem.<\/p>\n<!-- \/wp:paragraph -->\n\n<!-- wp:heading -->\n<h2><strong>Polska Reprezentacja Olimpijska<\/strong><\/h2>\n<!-- \/wp:heading -->\n\n<!-- wp:paragraph -->\n<p><strong>186 os\u00f3b <\/strong>(startowa\u0142o 177 \u2013 37 kobiet i 140 m\u0119\u017cczyzn) w 15 sportach: 11 bokser\u00f3w, 14 gimnastyk\u00f3w (w tym 7 kobiet; 12 startowa\u0142o + 2 rez.), 4 je\u017ad\u017ac\u00f3w, 8 kajakarzy (w tym 3 kobiety), 12 kolarzy (10 startowa\u0142o + 2 rez.), 33 lekkoatlet\u00f3w (w tym 8 kobiet; 31 startowa\u0142o + 2 rez.), 12 koszykarzy, 24 siatkarzy (w tym 12 kobiet), 9 p\u0142ywak\u00f3w (w tym 2 kobiety), 8 ci\u0119\u017carowc\u00f3w (7 startowa\u0142o + 1 rez.), 12 strzelc\u00f3w (w tym 1 kobieta; 11 startowa\u0142o +1 rez.), 20 szermierzy (w tym 5 kobiet), 3 wio\u015blarzy, 12 zapa\u015bnik\u00f3w, 4 \u017ceglarzy (3 startowa\u0142o + 1 rez.).<\/p>\n<!-- \/wp:paragraph -->\n\n<!-- wp:paragraph -->\n<p>Chor\u0105\u017cym reprezentacji Polski by\u0142 ci\u0119\u017carowiec <strong>Waldemar Baszanowski<\/strong>.<\/p>\n<!-- \/wp:paragraph -->\n\n<!-- wp:heading -->\n<h2><strong>Klasyfikacja medalowa<\/strong><\/h2>\n<!-- \/wp:heading -->\n\n<!-- wp:table {\"hasFixedLayout\":true,\"className\":\"is-style-stripes\"} -->\n<figure class=\"wp-block-table is-style-stripes\"><table class=\"has-fixed-layout\"><tbody><tr><td><\/td><td><\/td><td class=\"has-text-align-center\" data-align=\"center\">&nbsp;<\/td><td class=\"has-text-align-center\" data-align=\"center\">&nbsp;<\/td><td class=\"has-text-align-center\" data-align=\"center\">&nbsp;<\/td><td class=\"has-text-align-center\" data-align=\"center\">&nbsp;<\/td><\/tr><tr><td>&nbsp;<\/td><td>&nbsp;<\/td><td class=\"has-text-align-center\" data-align=\"center\">&nbsp;<\/td><td class=\"has-text-align-center\" data-align=\"center\"><img class=\"wp-image-27817\" style=\"width: 50px;\" src=\"https:\/\/olimpijski.pl\/wp-content\/uploads\/2016\/06\/2016_Rio_zloty_50x50.jpg\" alt=\"\"><\/td><td class=\"has-text-align-center\" data-align=\"center\"><img class=\"wp-image-27819\" style=\"width: 50px;\" src=\"https:\/\/olimpijski.pl\/wp-content\/uploads\/2016\/06\/2016_Rio_sreb_50x50.jpg\" alt=\"\"><\/td><td class=\"has-text-align-center\" data-align=\"center\"><img class=\"wp-image-27821\" style=\"width: 50px;\" src=\"https:\/\/olimpijski.pl\/wp-content\/uploads\/2016\/06\/2016_Rio_braz_50x50.jpg\" alt=\"\"><\/td><\/tr><tr><td>1.<\/td><td>USA<\/td><td class=\"has-text-align-center\" data-align=\"center\">107<\/td><td class=\"has-text-align-center\" data-align=\"center\">45<\/td><td class=\"has-text-align-center\" data-align=\"center\">28<\/td><td class=\"has-text-align-center\" data-align=\"center\">34<\/td><\/tr><tr><td>2.<\/td><td>ZSRR<\/td><td class=\"has-text-align-center\" data-align=\"center\">91<\/td><td class=\"has-text-align-center\" data-align=\"center\">29<\/td><td class=\"has-text-align-center\" data-align=\"center\">32<\/td><td class=\"has-text-align-center\" data-align=\"center\">30<\/td><\/tr><tr><td>3.<\/td><td>Japonia<\/td><td class=\"has-text-align-center\" data-align=\"center\">25<\/td><td class=\"has-text-align-center\" data-align=\"center\">11<\/td><td class=\"has-text-align-center\" data-align=\"center\">7<\/td><td class=\"has-text-align-center\" data-align=\"center\">7<\/td><\/tr><tr><td>...<\/td><td>&nbsp;<\/td><td class=\"has-text-align-center\" data-align=\"center\">&nbsp;<\/td><td class=\"has-text-align-center\" data-align=\"center\">&nbsp;<\/td><td class=\"has-text-align-center\" data-align=\"center\">&nbsp;<\/td><td class=\"has-text-align-center\" data-align=\"center\">&nbsp;<\/td><\/tr><tr><td><strong>11.<\/strong><\/td><td><strong>Polska<\/strong><\/td><td class=\"has-text-align-center\" data-align=\"center\"><strong>18<\/strong><\/td><td class=\"has-text-align-center\" data-align=\"center\"><strong>5<\/strong><\/td><td class=\"has-text-align-center\" data-align=\"center\"><strong>2<\/strong><\/td><td class=\"has-text-align-center\" data-align=\"center\"><strong>11<\/strong><\/td><\/tr><\/tbody><\/table><\/figure>\n<!-- \/wp:table -->\n\n<!-- wp:heading -->\n<h2><strong>Medale dla Polski (18)<\/strong><\/h2>\n<!-- \/wp:heading -->\n\n<!-- wp:ub\/content-toggle-block {\"blockID\":\"1a05adaf-4f93-4171-a580-1c718ee6b70e\",\"theme\":\"#f1f1f1\",\"collapsed\":true,\"titleColor\":\"#000000\"} -->\n<!-- wp:ub\/content-toggle-panel-block {\"parentID\":\"1a05adaf-4f93-4171-a580-1c718ee6b70e\",\"theme\":\"#f1f1f1\",\"collapsed\":true,\"titleColor\":\"#000000\",\"panelTitle\":\"Z\u0142ote\"} -->\n<!-- wp:paragraph -->\n<p><\/p>\n<!-- \/wp:paragraph -->\n\n<!-- wp:media-text {\"align\":\"\",\"mediaId\":30262,\"mediaLink\":\"https:\/\/olimpijski.pl\/igrzyska_letnie\/meksyk-1968\/1968_meksyk_zloty_200\/#main\",\"mediaType\":\"image\",\"mediaWidth\":20} -->\n<div class=\"wp-block-media-text is-stacked-on-mobile\" style=\"grid-template-columns:20% auto\"><figure class=\"wp-block-media-text__media\"><img src=\"https:\/\/olimpijski.pl\/wp-content\/uploads\/1968\/06\/1968_Meksyk_zloty_200.jpg\" alt=\"\" class=\"wp-image-30262\"\/><\/figure><div class=\"wp-block-media-text__content\"><!-- wp:paragraph -->\n<p><strong>Jerzy Kulej<\/strong><br>(boks, waga lekko\u015brednia)<\/p>\n<!-- \/wp:paragraph -->\n\n<!-- wp:paragraph -->\n<p><strong>Irena Szewi\u0144ska<\/strong><br>(lekkoatletyka, 200 m)<\/p>\n<!-- \/wp:paragraph -->\n\n<!-- wp:paragraph -->\n<p><strong>Waldemar Baszanowski<\/strong><br>(podnoszenie ci\u0119\u017car\u00f3w, 87,5 kg)<\/p>\n<!-- \/wp:paragraph -->\n\n<!-- wp:paragraph -->\n<p><strong>J\u00f3zef Zap\u0119dzki<\/strong><br>(strzelectwo, pistolet sylwetkowy)<\/p>\n<!-- \/wp:paragraph -->\n\n<!-- wp:paragraph -->\n<p><strong>Jerzy Paw\u0142owski<\/strong><br>(szermierka, szabla)<\/p>\n<!-- \/wp:paragraph --><\/div><\/div>\n<!-- \/wp:media-text -->\n<!-- \/wp:ub\/content-toggle-panel-block -->\n<!-- \/wp:ub\/content-toggle-block -->\n\n<!-- wp:ub\/content-toggle-block {\"blockID\":\"56a99d1e-5d16-4b96-9117-2cd71c78df48\",\"theme\":\"#f1f1f1\",\"collapsed\":true,\"titleColor\":\"#000000\"} -->\n<!-- wp:ub\/content-toggle-panel-block {\"parentID\":\"56a99d1e-5d16-4b96-9117-2cd71c78df48\",\"theme\":\"#f1f1f1\",\"collapsed\":true,\"titleColor\":\"#000000\",\"panelTitle\":\"Srebrne\"} -->\n<!-- wp:paragraph -->\n<p><\/p>\n<!-- \/wp:paragraph -->\n\n<!-- wp:media-text {\"align\":\"\",\"mediaId\":30264,\"mediaLink\":\"https:\/\/olimpijski.pl\/igrzyska_letnie\/meksyk-1968\/1968_meksyk_sreb_200\/#main\",\"mediaType\":\"image\",\"mediaWidth\":20} -->\n<div class=\"wp-block-media-text is-stacked-on-mobile\" style=\"grid-template-columns:20% auto\"><figure class=\"wp-block-media-text__media\"><img src=\"https:\/\/olimpijski.pl\/wp-content\/uploads\/1968\/06\/1968_Meksyk_sreb_200.jpg\" alt=\"\" class=\"wp-image-30264\"\/><\/figure><div class=\"wp-block-media-text__content\"><!-- wp:paragraph -->\n<p><strong>Artur Olech<\/strong><br>(boks, waga musza)<\/p>\n<!-- \/wp:paragraph -->\n\n<!-- wp:paragraph -->\n<p><strong>J\u00f3zef Grudzie\u0144<\/strong><br>(boks, waga lekka)<\/p>\n<!-- \/wp:paragraph --><\/div><\/div>\n<!-- \/wp:media-text -->\n<!-- \/wp:ub\/content-toggle-panel-block -->\n<!-- \/wp:ub\/content-toggle-block -->\n\n<!-- wp:ub\/content-toggle-block {\"blockID\":\"1f2d265b-a948-4d4c-88f0-7a2510db5f48\",\"theme\":\"#f1f1f1\",\"collapsed\":true,\"titleColor\":\"#000000\"} -->\n<!-- wp:ub\/content-toggle-panel-block {\"parentID\":\"1f2d265b-a948-4d4c-88f0-7a2510db5f48\",\"theme\":\"#f1f1f1\",\"collapsed\":true,\"titleColor\":\"#000000\",\"panelTitle\":\"Br\u0105zowe\"} -->\n<!-- wp:paragraph -->\n<p><\/p>\n<!-- \/wp:paragraph -->\n\n<!-- wp:media-text {\"align\":\"\",\"mediaId\":30266,\"mediaLink\":\"https:\/\/olimpijski.pl\/igrzyska_letnie\/meksyk-1968\/1968_meksyk_braz_200\/#main\",\"mediaType\":\"image\",\"mediaWidth\":21} -->\n<div class=\"wp-block-media-text is-stacked-on-mobile\" style=\"grid-template-columns:21% auto\"><figure class=\"wp-block-media-text__media\"><img src=\"https:\/\/olimpijski.pl\/wp-content\/uploads\/1968\/06\/1968_Meksyk_braz_200.jpg\" alt=\"\" class=\"wp-image-30266\"\/><\/figure><div class=\"wp-block-media-text__content\"><!-- wp:paragraph -->\n<p><strong>Irena Kirszenstein<\/strong><br>(lekkoatletyka, 100 m)<\/p>\n<!-- \/wp:paragraph -->\n\n<!-- wp:paragraph -->\n<p><strong>Egon Franke, Adam Lisewski, Ryszard Parulski, Zbigniew Skrudlik, Witold Wojda<\/strong><br>(szermierka, floret dru\u017cynowo)<\/p>\n<!-- \/wp:paragraph -->\n\n<!-- wp:paragraph -->\n<p><strong>Bohdan Andrzejewski, Kazimierz Barburski, Micha\u0142 Butkiewicz, Bohdan Gonsior, Henryk Nielaba<\/strong><br>(szermierka, szpada dru\u017cynowo)<\/p>\n<!-- \/wp:paragraph -->\n\n<!-- wp:paragraph -->\n<p><strong>Halina Aszkie\u0142owicz, Krystyna Czajkowska, Krystyna Jakubowska, Krystyna Krupa, J\u00f3zefa Ledwig, Jadwiga Marko-Ksi\u0105\u017cek, Barbara Niemczyk, Krystyna Ostrom\u0119cka, El\u017cbieta Porzec, Zofia Szcz\u0119\u015bniewska, Wanda Wiecha, Lidia \u017bmuda<\/strong><br>(siatk\u00f3wka)<\/p>\n<!-- \/wp:paragraph -->\n\n<!-- wp:paragraph -->\n<p><strong>Hubert Skrzypczak<\/strong><br>(boks, waga papierowa)<\/p>\n<!-- \/wp:paragraph -->\n\n<!-- wp:paragraph -->\n<p><strong>Stanis\u0142aw Dragan<\/strong><br>(boks, waga p\u00f3\u0142ci\u0119\u017cka)<\/p>\n<!-- \/wp:paragraph -->\n\n<!-- wp:paragraph -->\n<p><strong>Janusz Kierzkowski<\/strong><br>(kolarstwo torowe, 1000 m)<\/p>\n<!-- \/wp:paragraph -->\n\n<!-- wp:paragraph -->\n<p><strong>Henryk Tr\u0119bicki<\/strong><br>(podnoszenie ci\u0119\u017car\u00f3w, 56 kg)<\/p>\n<!-- \/wp:paragraph -->\n\n<!-- wp:paragraph -->\n<p><strong>Marian Zieli\u0144ski<\/strong><br>(podnoszenie ci\u0119\u017car\u00f3w, 67,5 kg)<\/p>\n<!-- \/wp:paragraph -->\n\n<!-- wp:paragraph -->\n<p><strong>Marek Go\u0142\u0105b<\/strong><br>(podnoszenie ci\u0119\u017car\u00f3w, 90 kg)<\/p>\n<!-- \/wp:paragraph -->\n\n<!-- wp:paragraph -->\n<p><strong>Norbert Ozimek<\/strong><br>(podnoszenie ci\u0119\u017car\u00f3w, 82,5 kg)<\/p>\n<!-- \/wp:paragraph --><\/div><\/div>\n<!-- \/wp:media-text -->\n<!-- \/wp:ub\/content-toggle-panel-block -->\n<!-- \/wp:ub\/content-toggle-block -->\n\n<!-- wp:quote -->\n<blockquote class=\"wp-block-quote\"><p>Kolejne \u015bwietne igrzyska Polak\u00f3w. Sukces z Tokio powt\u00f3rzy\u0142 bokser Jerzy Kulej, tym razem triumfuj\u0105c w wadze lekko\u015bredniej oraz Waldemar Baszanowski, najlepszy w wadze 87,5 kg. Dwa medale (z\u0142oty i br\u0105zowy)\u00a0do kolekcji dorzuci\u0142a Irena Szewi\u0144ska. Pozosta\u0142e tytu\u0142y mistrz\u00f3w przypad\u0142y: strzelcowi J\u00f3zefowi Zap\u0119dzkiemu w pistolecie sylwetkowym i szabli\u015bcie Jerzemu Paw\u0142owskiemu.<\/p><\/blockquote>\n<!-- \/wp:quote -->\n\n<!-- wp:quote -->\n<blockquote class=\"wp-block-quote\"><p>W meksyka\u0144skich igrzyskach zadebiutowa\u0142y: Barbados, Belize (jako Honduras Brytyjski), Demokratyczna Republika Kongo (jako Kongo Kinszasa, Gwinea, Honduras, Kuwejt, Nikaragua, Paragwaj, Republika\u00a0 \u015arodkowo-Afryka\u0144ska, Salwador, Sierra Leone oraz Wyspy Dziewicze Stan\u00f3w Zjednoczonych. Stwierdzono jeden przypadek dopingu.<\/p><\/blockquote>\n<!-- \/wp:quote -->","post_title":"Meksyk 1968","post_excerpt":"","post_status":"publish","comment_status":"closed","ping_status":"closed","post_password":"","post_name":"meksyk-1968","to_ping":"","pinged":"","post_modified":"2020-10-02 16:32:52","post_modified_gmt":"2020-10-02 14:32:52","post_content_filtered":"","post_parent":0,"guid":"https:\/\/wai-q98d7hpf9hy9k.wpallimport-demo.qsandbox.me\/olympics_summer\/meksyk-1968\/","menu_order":0,"post_type":"olympics_summer","post_mime_type":"","comment_count":"0","filter":"raw"}],"competitions_rewards":[{"competition":[{"ID":5853,"post_author":"1","post_date":"2020-06-19 11:32:26","post_date_gmt":"2020-06-19 11:32:26","post_content":"","post_title":"Kolarstwo","post_excerpt":"","post_status":"publish","comment_status":"open","ping_status":"open","post_password":"","post_name":"kolarstwo","to_ping":"","pinged":"","post_modified":"2020-06-29 13:17:08","post_modified_gmt":"2020-06-29 11:17:08","post_content_filtered":"","post_parent":0,"guid":"https:\/\/wai-q7byvryhhcz9k.wpallimport-demo.qsandbox.me\/competition\/kolarstwo\/","menu_order":0,"post_type":"competition","post_mime_type":"","comment_count":"0","filter":"raw"}],"reward":""}]}],"picture":false,"firstname":"Andrzej","lastname":"B\u0142awdzin (1938-2023)","birthdate_date":"19\/08\/1938","birthdate":"19 sierpnia 1938","deathdate_date":"10\/04\/2023","deathdate":"10 kwietnia 2023","placeofbirth":"","club":"","coach":"","metrics":"","seolink":"blawdzin-andrzej","tmp_old_id":"15028","tmp_old_fid":"294","tmp_old_parent_id":"15544","createdate":"06\/11\/2013","tmp_old_title":"B\u0142awdzin  Andrzej","tmp_old_lead":"","tmp_old_body":"<p class=\"title-m-02\">B\u0141AWDZIN  ANDRZEJ<\/p><p><strong>technik samochodowy, kolarz Ludowych Zespo\u0142\u00f3w Sportowych z Mazowsza, triumfator Tour de Pologne (1967), olimpijczyk z Tokio (1964) i Meksyku (1968).<\/strong>&nbsp;<strong><\/strong><br\/>Urodzony 19 sierpnia 1938 w P\u0142ochocinie na Mazowszu, syn Wac\u0142awa i Heleny Zdzieszy\u0144skiej, absolwent Technikum Samochodowego w Ursusie (1972). Kolarz szosowy (175 cm, 69 kg) LZS Mazowsze (1961-1970), wychowanek trenera Mieczys\u0142awa Brzezi\u0144skiego i podopieczny trener\u00f3w: J\u00f3zefa Tropaczy\u0144skiego (tw\u00f3rcy kolarstwa LZS, zwanego popularnie \"marsza\u0142kiem kolarstwa wiejskiego\"), Roberta Nowoczka, W\u0142adys\u0142awa Wandora i Henryka \u0141asaka. Czo\u0142owy szosowiec Polski lat sze\u015b\u0107dziesi\u0105tych. Mistrz Polski w szosowym wy\u015bcigu dru\u017cynowym (1965) i 3-krotny wicemistrz w tej samej konkurencji (1962, 1963, 1967). Zwyci\u0119zca Tour de Pologne 1967 (w tym wy\u015bcigu ponadto: 1964-10, 1969-9), 3-krotny uczestnik Wy\u015bcigu Pokoju (1967, 1968, 1969), cz\u0142onek dru\u017cyny bia\u0142o-czerwonych, kt\u00f3ra po wielu latach niepowodze\u0144 si\u0119gn\u0119\u0142a wreszcie dwukrotnie (1967, 1968) po zwyci\u0119stwo na trasie W-B-P&nbsp;(pod wodz\u0105 Henryka \u0141asaka). 4-krotny uczestnik M\u015a (1964, 1966, 1967, 1969), m. in. w Heerlen (1967) - 7 m. w dru\u017cynowym wy\u015bcigu szosowym. Poza tym: 2 m. (1967) w wy\u015bcigu Pary\u017c-Bruksela (dla amator\u00f3w), tak\u017ce cz\u0142onek zwyci\u0119skiego zespo\u0142u bia\u0142o-czerwonych w wy\u015bcigu Dooko\u0142a Austrii (1965), 2-krotny olimpijczyk (1964, 1968). Najlepszy szosowiec Polski 1967 w klasyfikacji PZKol i Challenge \"PS\". Zas\u0142u\u017cony Dzia\u0142acz LZS. Zas\u0142u\u017cony Mistrz Sportu odznaczony m. in. dwukrotnie z\u0142otym i br\u0105zowym Medalem za Wybitne Osi\u0105gni\u0119cia Sportowe. \u017bonaty (Krystyna, technik-ogrodnik) ma dwie c\u00f3rki: Ew\u0119 i Izabel\u0119. Mieszka w B\u0142oniu ko\u0142o Warszawy. &nbsp; &nbsp;Bibl.: G\u0142uszek, Leksykon 1999, s. 159 (tu b\u0142\u0119dnie: rok urodzenia 1939 i 41 w ind. wy\u015bcigu szosowym w Tokio); Pawlak, Olimpijczycy, s. 35; MES, t. 2, s. 16 (tu b\u0142\u0119dny rok urodzenia 1939); Porada, Igrzyska, s. 863, 872; Tuszy\u0144ski, Wy\u015bcig Pokoju 1948-2001, s. 156; Tuszy\u0144ski, 70 lat Tour de Pologne, s. 210-216; Tuszy\u0144ski, Z\u0142ota&nbsp; ksi\u0119ga, s. 227; Tuszy\u0144ski, Od Dynas\u00f3w, s. 439; Tuszy\u0144ski, 100 lat WTC, s. 272; Bogusz, 100 lat kolarstwa \u0142\u00f3dzkiego, s. 80; Latuszkiewicz, Zielone bractwo, s. 10.<br\/><strong>*1964 Tokio: szosa ind. (194,832 km)<\/strong> - 77 m. na 132 start. z czasem 4:39.51,83 (zw. W\u0142och M. Zanin - 4:39.51,63),&nbsp;<strong>szosa dru\u017c. (109.893 km)<\/strong> - 11 m. na 33 start. zesp. z czasem 2:31.44,70 (zw. Holandia - 2:26.31,19). Partnerami w dru\u017cynie byli: J. Beker, J. Magiera i R. Zieli\u0144ski.<br\/><strong>*1968 Meksyk: szosa dru\u017c. (101,908 km)<\/strong> - 6 m. na 30 start. zesp. z czasem 2:14.40,98 (zw. Holandia - 2:07.49,06). Partnerami w dru\u017cynie byli: Z. Czechowski, M. Kegel i J. Magiera.<\/p><!-- history --><table width=\"85%\" style=\"text-align:right\" border=\"0\" cellspacing=\"0\" cellpadding=\"0\">  <tr>    <td align=\"right\" class=\"box3-title\"><a href=\"javascript:history.back()\">&laquo; powr\u00f3t do listy<\/a><\/td>  <\/tr><\/table>","tmp_old_body_img":false,"tmp_old_lead_img":false,"picture_medalists":false,"important":"","group_knuie68fa087fd5h76":false,"person_achivments":""},"_links":{"self":[{"href":"https:\/\/olimpijski.pl\/en\/wp-json\/wp\/v2\/person\/13343"}],"collection":[{"href":"https:\/\/olimpijski.pl\/en\/wp-json\/wp\/v2\/person"}],"about":[{"href":"https:\/\/olimpijski.pl\/en\/wp-json\/wp\/v2\/types\/person"}],"version-history":[{"count":4,"href":"https:\/\/olimpijski.pl\/en\/wp-json\/wp\/v2\/person\/13343\/revisions"}],"predecessor-version":[{"id":67401,"href":"https:\/\/olimpijski.pl\/en\/wp-json\/wp\/v2\/person\/13343\/revisions\/67401"}],"wp:attachment":[{"href":"https:\/\/olimpijski.pl\/en\/wp-json\/wp\/v2\/media?parent=13343"}],"curies":[{"name":"wp","href":"https:\/\/api.w.org\/{rel}","templated":true}]}}