{"id":13443,"date":"2020-06-24T16:44:14","date_gmt":"2020-06-24T14:44:14","guid":{"rendered":"http:\/\/pkol.local\/person\/henryk-chmielewski\/"},"modified":"2021-01-08T09:53:45","modified_gmt":"2021-01-08T08:53:45","slug":"henryk-chmielewski","status":"publish","type":"person","link":"https:\/\/olimpijski.pl\/en\/olimpijczycy\/henryk-chmielewski\/","title":{"rendered":"Henryk Chmielewski (1914-1998)"},"content":{"rendered":"\n<p><br><br><br><strong>mistrz farbiarski, jeden z najzdolniejszych pi\u0119\u015bciarzy okresu mi\u0119dzywojennego, mistrz Europy, zawodowiec, olimpijczyk z Berlina (1936).<\/strong><\/p>\n\n\n\n<p>Urodzony 8 stycznia 1914 w \u0141odzi w rodzinie rzemie\u015blniczej Aleksandra i Cecylii z d. Kowalewska,&nbsp; po uko\u0144czeniu szko\u0142y powszechnej przy ul. Sterlinga 1 w \u0141odzi (1928) ucz\u0119szcza\u0142 do Pa\u0144stwowej Szko\u0142y Techniczno-Przemys\u0142owej, kt\u00f3rej jednak nie uko\u0144czy\u0142, ale zdoby\u0142 uprawnienia mistrza farbiarskiego i w tym zawodzie pracowa\u0142 w Zak\u0142adach Fabrycznych S.A. I. K. Pozna\u0144ski (1931-1938). W przyzak\u0142adowym KS &#8220;IKP&#8221; (pod okiem Tomasza Konarzewskiego) zacz\u0105\u0142 uprawia\u0107 boks (ze sportem zapozna\u0142 si\u0119 w Gnie\u017adzie I &#8220;Soko\u0142a&#8221;) i klubowi temu pozosta\u0142 wierny do ko\u0144ca swojej kariery amatorskiej (1930-1938). Szybko awansowa\u0142 do czo\u0142\u00f3wki b\u0119d\u0105c mistrzem Polski senior\u00f3w wagi lekkiej ju\u017c w 1931 (potem jeszcze w 1933 i 1936 zdoby\u0142 mistrzowski tytu\u0142 w wadze \u015bredniej).<\/p>\n\n\n\n<p>Mia\u0142 \u015bwietne walki w reprezentacji Polski (1932-1938) odnosz\u0105c w 16 meczach &#8211; 12 zwyci\u0119stw. Najwi\u0119kszy rozg\u0142os przyni\u00f3s\u0142 mu wyst\u0119p olimpijski. Najwi\u0119kszy sukces w amatorskiej karierze sportowej odni\u00f3s\u0142 podczas mistrzostw Europy (1937) zdobywaj\u0105c w Mediolanie w wadze \u015bredniej z\u0142oty medal (w finale pokona\u0142 Holendra G. Dekkersa). W tym samym roku reprezentowa\u0142 barwy Europy w meczu z Ameryk\u0105. Jako amator stoczy\u0142 157 walk (133 zwyci\u0119stwa, 11 remis\u00f3w, 13 pora\u017cek). W 1938 wyjecha\u0142 na sta\u0142e do USA i przeszed\u0142 na zawodowstwo (debiut 20 czerwca 1938, zako\u0144czenie kariery we wrze\u015bniu 1951).<\/p>\n\n\n\n<p>W sumie jako zawodowiec stoczy\u0142 82 walki (56-2-24). Sklasyfikowano go na 4. miejscu listy zawodowych bokser\u00f3w wagi \u015bredniej w 1945, co uzna\u0142 za najwi\u0119kszy sukces. Po zako\u0144czeniu kariery ringowej osiedli\u0142 si\u0119 w Kanadzie i USA (Nowy Jork, Detroit, Portland, Boston, Miami). P\u0142ywa\u0142 jako mechanik okr\u0119towy kot\u0142owni na statkach handlowych m. in. na pasa\u017cerskim &#8220;Florida&#8221; i handlowym &#8220;Del Mary&#8221;. Bywa\u0142 w kraju ojc\u00f3w. W latach pi\u0119\u0107dziesi\u0105tych u\u017cywa\u0142 nazwiska Henry Chemel. Trzykrotnie \u017conaty, z pierwszego ma\u0142\u017ce\u0144stwa dw\u00f3ch syn\u00f3w. Zmar\u0142 15 listopada 1998 w Hollywood (Miami) &#8211; Floryda (USA), tam skremowany i pochowany.<\/p>\n\n\n\n<p><strong>1936 Berlin: w. \u015brednia<\/strong> &#8211; pierwsz\u0105 kolejk\u0119 eliminacji przeszed\u0142 bez walki, w drugiej pokona\u0142 Belga J. De Schryvera, w \u0107wier\u0107finale wygra\u0142 na punkty z Amerykaninem J. Clarkiem, a w p\u00f3\u0142finale przegra\u0142 z Norwegiem H. Tillerem. Z powodu kontuzji r\u0119ki nie stan\u0105\u0142 do walki o br\u0105zowy medal z bokserem argenty\u0144skim R. Villarealem, zajmuj\u0105c 4 m. w turnieju (zw. Francuz J. Despeaux).<\/p>\n\n\n\n<p><em>Bibl.: Bogusz, \u0141\u00f3dzcy Olimpijczycy, s. 32; Kurzy\u0144ski, Tysi\u0105c wspania\u0142ych (1), s. 23-25; G\u0142uszek, Leksykon 1999, s. 168: Pawlak, Olimpijczycy, s. 45 (w obu \u017ar\u00f3d\u0142ach nieprecyzyjne miejsce \u015bmierci); Skotnicki, Polacy na ringach \u015bwiata, s. 77- 82; Wywiad \u015brodowiskowy.<\/em><\/p>\n","protected":false},"excerpt":{"rendered":"<p>mistrz farbiarski, jeden z najzdolniejszych pi\u0119\u015bciarzy okresu mi\u0119dzywojennego, mistrz Europy, zawodowiec, olimpijczyk z Berlina (1936). &#8230; <a class=\"read-more\" href=\"https:\/\/olimpijski.pl\/en\/olimpijczycy\/henryk-chmielewski\/\">Czytaj dalej<\/a><\/p>\n","protected":false},"featured_media":37749,"menu_order":60,"template":"","meta":{"_acf_changed":false,"ub_ctt_via":"","footnotes":""},"class_list":["post-13443","person","type-person","status-publish","has-post-thumbnail","hentry","infinite-scroll-item","no-featured-image-padding","resize-featured-image"],"acf":{"olimpic_information":[{"olimpic":[{"ID":308,"post_author":"1","post_date":"1936-06-17 13:34:45","post_date_gmt":"1936-06-17 12:34:45","post_content":"<!-- wp:heading {\"level\":1,\"className\":\"main-title\"} -->\n<h1 class=\"main-title\"><strong>Igrzyska XI Olimpiady<\/strong><br>Berlin 1936<\/h1>\n<!-- \/wp:heading -->\n\n<!-- wp:paragraph -->\n<p><br><\/p>\n<!-- \/wp:paragraph -->\n\n<!-- wp:image {\"align\":\"left\",\"id\":19316,\"width\":137,\"height\":137,\"sizeSlug\":\"large\"} -->\n<div class=\"wp-block-image\"><figure class=\"alignleft size-large is-resized\"><img src=\"https:\/\/olimpijski.pl\/wp-content\/uploads\/1936\/06\/berlin1936.png\" alt=\"\" class=\"wp-image-19316\" width=\"137\" height=\"137\"\/><\/figure><\/div>\n<!-- \/wp:image -->\n\n<!-- wp:list -->\n<ul><li>Igrzyska zosta\u0142y rozegrane w dniach <strong>1-16 sierpnia<\/strong>.<\/li><li>Wystartowa\u0142o <strong>4066<\/strong> zawodnik\u00f3w z <strong>49<\/strong> kraj\u00f3w (w tym <strong>328<\/strong> kobiet).<\/li><li>Rozdano <strong>129<\/strong> komplet\u00f3w medali.<\/li><li>Przysi\u0119g\u0119 w imieniu olimpijczyk\u00f3w z\u0142o\u017cy\u0142 ci\u0119\u017carowiec <strong>Rudolf Ismayr<\/strong>.<\/li><li>Po raz pierwszy w historii, na arenie igrzysk zapalony zosta\u0142 znicz olimpijski, a zaszczyt ten przypad\u0142 lekkoatlecie <strong>Fritzowi Schilgenowi<\/strong>, wybranemu ze wzgl\u0119du na \u0142adny styl biegania.<\/li><li>Igrzyska otworzy\u0142 kanclerz Niemiec <strong>Adolf Hitler<\/strong>.<\/li><\/ul>\n<!-- \/wp:list -->\n\n<!-- wp:heading -->\n<h2><strong>Program Igrzysk <strong>\u2013<\/strong> 21 dyscyplin, 129 konkurencji<\/strong><\/h2>\n<!-- \/wp:heading -->\n\n<!-- wp:paragraph -->\n<p>boks (8 konkurencji), gimnastyka (9), hokej na trawie (1), je\u017adziectwo (6), kajakarstwo (9), kolarstwo (6), koszyk\u00f3wka (1), lekkoatletyka (29), pi\u0119ciob\u00f3j nowoczesny (1), pi\u0142ka no\u017cna (1), pi\u0142ka r\u0119czna (1), pi\u0142ka wodna (1), p\u0142ywanie (11), podnoszenie ci\u0119\u017car\u00f3w (5), polo (1), skoki do wody (4), strzelectwo (3), szermierka (7), wio\u015blarstwo (7), zapasy (14), \u017ceglarstwo (4).<\/p>\n<!-- \/wp:paragraph -->\n\n<!-- wp:heading -->\n<h2><strong>Gwiazda Igrzysk<\/strong><\/h2>\n<!-- \/wp:heading -->\n\n<!-- wp:paragraph -->\n<p><strong>James Cleveland \u201eJesse\u201d Owens<\/strong> (USA, lekkoatletyka) \u2013 4 z\u0142ote medale<\/p>\n<!-- \/wp:paragraph -->\n\n<!-- wp:heading -->\n<h2><strong>Polska Reprezentacja Olimpijska<\/strong><\/h2>\n<!-- \/wp:heading -->\n\n<!-- wp:paragraph -->\n<p><strong>125 os\u00f3b<\/strong> (startowa\u0142o 113 \u2013 11 kobiet i 102 m\u0119\u017cczyzn) w 14 sportach: 8 bokser\u00f3w (7 startowa\u0142o, 1 nie), 9 gimnastyczek (8 startowa\u0142o, 1 nie),8 je\u017ad\u017ac\u00f3w (6 startowa\u0142o + 2 rez.), 5 kolarzy (4 startowa\u0142o + 1 rez.), 18 lekkoatlet\u00f3w (w tym 3 zawodniczki; 17 startowa\u0142o, 1 nie), 12 koszykarzy (10 startowa\u0142o + 2 rez.), 2 kajakarzy, 5 p\u0142ywak\u00f3w (4 startowa\u0142o + 1 rez.), 18 pi\u0142karzy (17 startowa\u0142o + 1 rez.), 11 szermierzy, 6 strzelc\u00f3w, 11 wio\u015blarzy, 4 zapa\u015bnik\u00f3w (3 startowa\u0142o, 1 nie), 8 \u017ceglarzy (7 startowa\u0142o + 1 rez.).<\/p>\n<!-- \/wp:paragraph -->\n\n<!-- wp:paragraph -->\n<p>Chor\u0105\u017cym reprezentacji Polski by\u0142 lekkoatleta <strong>Klemens Biniakowski<\/strong>.<\/p>\n<!-- \/wp:paragraph -->\n\n<!-- wp:heading -->\n<h2><strong>Klasyfikacja medalowa<\/strong><\/h2>\n<!-- \/wp:heading -->\n\n<!-- wp:table {\"hasFixedLayout\":true,\"className\":\"is-style-stripes\"} -->\n<figure class=\"wp-block-table is-style-stripes\"><table class=\"has-fixed-layout\"><tbody><tr><td><\/td><td><\/td><td class=\"has-text-align-center\" data-align=\"center\">&nbsp;<\/td><td class=\"has-text-align-center\" data-align=\"center\">&nbsp;<\/td><td class=\"has-text-align-center\" data-align=\"center\">&nbsp;<\/td><td class=\"has-text-align-center\" data-align=\"center\">&nbsp;<\/td><\/tr><tr><td>&nbsp;<\/td><td>&nbsp;<\/td><td class=\"has-text-align-center\" data-align=\"center\">&nbsp;<\/td><td class=\"has-text-align-center\" data-align=\"center\"><img class=\"wp-image-27817\" style=\"width: 50px;\" src=\"https:\/\/olimpijski.pl\/wp-content\/uploads\/2016\/06\/2016_Rio_zloty_50x50.jpg\" alt=\"\"><\/td><td class=\"has-text-align-center\" data-align=\"center\"><img class=\"wp-image-27819\" style=\"width: 50px;\" src=\"https:\/\/olimpijski.pl\/wp-content\/uploads\/2016\/06\/2016_Rio_sreb_50x50.jpg\" alt=\"\"><\/td><td class=\"has-text-align-center\" data-align=\"center\"><img class=\"wp-image-27821\" style=\"width: 50px;\" src=\"https:\/\/olimpijski.pl\/wp-content\/uploads\/2016\/06\/2016_Rio_braz_50x50.jpg\" alt=\"\"><\/td><\/tr><tr><td>1.<\/td><td>Niemcy<\/td><td class=\"has-text-align-center\" data-align=\"center\">89<\/td><td class=\"has-text-align-center\" data-align=\"center\">33<\/td><td class=\"has-text-align-center\" data-align=\"center\">26<\/td><td class=\"has-text-align-center\" data-align=\"center\">30<\/td><\/tr><tr><td>2.<\/td><td>USA<\/td><td class=\"has-text-align-center\" data-align=\"center\">56<\/td><td class=\"has-text-align-center\" data-align=\"center\">24<\/td><td class=\"has-text-align-center\" data-align=\"center\">20<\/td><td class=\"has-text-align-center\" data-align=\"center\">12<\/td><\/tr><tr><td>3.<\/td><td>W\u0119gry<\/td><td class=\"has-text-align-center\" data-align=\"center\">16<\/td><td class=\"has-text-align-center\" data-align=\"center\">10<\/td><td class=\"has-text-align-center\" data-align=\"center\">1<\/td><td class=\"has-text-align-center\" data-align=\"center\">5<\/td><\/tr><tr><td>...<\/td><td>&nbsp;<\/td><td class=\"has-text-align-center\" data-align=\"center\">&nbsp;<\/td><td class=\"has-text-align-center\" data-align=\"center\">&nbsp;<\/td><td class=\"has-text-align-center\" data-align=\"center\">&nbsp;<\/td><td class=\"has-text-align-center\" data-align=\"center\">&nbsp;<\/td><\/tr><tr><td><strong>22.<\/strong><\/td><td><strong>Polska<\/strong><\/td><td class=\"has-text-align-center\" data-align=\"center\"><strong>6<\/strong><\/td><td class=\"has-text-align-center\" data-align=\"center\"><strong>0<\/strong><\/td><td class=\"has-text-align-center\" data-align=\"center\"><strong>3<\/strong><\/td><td class=\"has-text-align-center\" data-align=\"center\"><strong>3<\/strong><\/td><\/tr><\/tbody><\/table><\/figure>\n<!-- \/wp:table -->\n\n<!-- wp:heading -->\n<h2><strong>Medale dla Polski (6)<\/strong><\/h2>\n<!-- \/wp:heading -->\n\n<!-- wp:ub\/content-toggle-block {\"blockID\":\"61bbb204-487c-421f-8244-fb42e8f2da7e\",\"theme\":\"#f1f1f1\",\"collapsed\":true,\"titleColor\":\"#000000\"} -->\n<!-- wp:ub\/content-toggle-panel-block {\"parentID\":\"61bbb204-487c-421f-8244-fb42e8f2da7e\",\"theme\":\"#f1f1f1\",\"collapsed\":true,\"titleColor\":\"#000000\",\"panelTitle\":\"Srebrne\"} -->\n<!-- wp:paragraph -->\n<p><\/p>\n<!-- \/wp:paragraph -->\n\n<!-- wp:media-text {\"align\":\"\",\"mediaId\":30221,\"mediaLink\":\"https:\/\/olimpijski.pl\/igrzyska_letnie\/berlin-1936\/1936_berlin_sreb_200\/#main\",\"mediaType\":\"image\",\"mediaWidth\":20} -->\n<div class=\"wp-block-media-text is-stacked-on-mobile\" style=\"grid-template-columns:20% auto\"><figure class=\"wp-block-media-text__media\"><img src=\"https:\/\/olimpijski.pl\/wp-content\/uploads\/1936\/06\/1936_Berlin_sreb_200.jpg\" alt=\"\" class=\"wp-image-30221\"\/><\/figure><div class=\"wp-block-media-text__content\"><!-- wp:paragraph -->\n<p><strong>Stanis\u0142awa Walasiewicz<\/strong><br>(lekkoatletyka, bieg na 100 m)<br><br><strong>Jadwiga Wajs<\/strong><br>(lekkoatletyka, rzut dyskiem)<\/p>\n<!-- \/wp:paragraph -->\n\n<!-- wp:paragraph -->\n<p><strong>Zdzis\u0142aw Kawecki, Henryk Leliwa-Roycewicz, Seweryn Kulesza<\/strong><br>(je\u017adziectwo, WKKW)<\/p>\n<!-- \/wp:paragraph --><\/div><\/div>\n<!-- \/wp:media-text -->\n<!-- \/wp:ub\/content-toggle-panel-block -->\n<!-- \/wp:ub\/content-toggle-block -->\n\n<!-- wp:ub\/content-toggle-block {\"blockID\":\"4c66526b-45eb-4431-93e8-e6d76c006dc6\",\"theme\":\"#f1f1f1\",\"collapsed\":true,\"titleColor\":\"#000000\"} -->\n<!-- wp:ub\/content-toggle-panel-block {\"parentID\":\"4c66526b-45eb-4431-93e8-e6d76c006dc6\",\"theme\":\"#f1f1f1\",\"collapsed\":true,\"titleColor\":\"#000000\",\"panelTitle\":\"Br\u0105zowe\"} -->\n<!-- wp:paragraph -->\n<p><\/p>\n<!-- \/wp:paragraph -->\n\n<!-- wp:media-text {\"align\":\"\",\"mediaId\":30223,\"mediaLink\":\"https:\/\/olimpijski.pl\/igrzyska_letnie\/berlin-1936\/1936_berlin_braz_200\/#main\",\"mediaType\":\"image\",\"mediaWidth\":20} -->\n<div class=\"wp-block-media-text is-stacked-on-mobile\" style=\"grid-template-columns:20% auto\"><figure class=\"wp-block-media-text__media\"><img src=\"https:\/\/olimpijski.pl\/wp-content\/uploads\/1936\/06\/1936_Berlin_braz_200.jpg\" alt=\"\" class=\"wp-image-30223\"\/><\/figure><div class=\"wp-block-media-text__content\"><!-- wp:paragraph -->\n<p><strong>Maria Kwa\u015bniewska<\/strong><br>(lekkoatletyka, rzut oszczepem)<\/p>\n<!-- \/wp:paragraph -->\n\n<!-- wp:paragraph -->\n<p><strong>W\u0142adys\u0142aw Kara\u015b<\/strong><br>(strzelectwo, karabin ma\u0142okalibrowy le\u017c\u0105c 50 m)<\/p>\n<!-- \/wp:paragraph -->\n\n<!-- wp:paragraph -->\n<p><strong>Jerzy Ustupski, Roger Verey<\/strong><br>(wio\u015blarstwo, dw\u00f3jka podw\u00f3jna)<\/p>\n<!-- \/wp:paragraph --><\/div><\/div>\n<!-- \/wp:media-text -->\n<!-- \/wp:ub\/content-toggle-panel-block -->\n<!-- \/wp:ub\/content-toggle-block -->\n\n<!-- wp:quote {\"className\":\"is-style-default\"} -->\n<blockquote class=\"wp-block-quote is-style-default\"><p>Trzy medale wywalczy\u0142y lekkoatletki, po jednym je\u017ad\u017acy, strzelec i wio\u015blarze. Ponownie w gronie najlepszych znalaz\u0142y si\u0119 Stanis\u0142awa Walasiewicz zajmuj\u0105c drugie miejsce w biegu na 100 m oraz Jadwiga Wajs w rzucie dyskiem. Trzecia, w rzucie oszczepem, by\u0142a Maria Kwa\u015bniewska.<\/p><\/blockquote>\n<!-- \/wp:quote -->","post_title":"Berlin 1936","post_excerpt":"","post_status":"publish","comment_status":"closed","ping_status":"closed","post_password":"","post_name":"berlin-1936","to_ping":"","pinged":"","post_modified":"2020-10-02 15:33:24","post_modified_gmt":"2020-10-02 13:33:24","post_content_filtered":"","post_parent":0,"guid":"https:\/\/wai-q98d7hpf9hy9k.wpallimport-demo.qsandbox.me\/olympics_summer\/berlin-1936\/","menu_order":0,"post_type":"olympics_summer","post_mime_type":"","comment_count":"0","filter":"raw"}],"competitions_rewards":[{"competition":[{"ID":5852,"post_author":"1","post_date":"2020-06-19 11:32:26","post_date_gmt":"2020-06-19 11:32:26","post_content":"","post_title":"Boks","post_excerpt":"","post_status":"publish","comment_status":"open","ping_status":"open","post_password":"","post_name":"boks","to_ping":"","pinged":"","post_modified":"2020-06-29 13:17:07","post_modified_gmt":"2020-06-29 11:17:07","post_content_filtered":"","post_parent":0,"guid":"https:\/\/wai-q7byvryhhcz9k.wpallimport-demo.qsandbox.me\/competition\/boks\/","menu_order":0,"post_type":"competition","post_mime_type":"","comment_count":"0","filter":"raw"}],"reward":""}]}],"picture":{"ID":37749,"id":37749,"title":"Henryk_Chmielewski","filename":"Henryk_Chmielewski.jpg","filesize":43838,"url":"https:\/\/olimpijski.pl\/wp-content\/uploads\/2020\/06\/Henryk_Chmielewski.jpg","link":"https:\/\/olimpijski.pl\/en\/olimpijczycy\/henryk-chmielewski\/henryk_chmielewski\/#main","alt":"","author":"15","description":"","caption":"","name":"henryk_chmielewski","status":"inherit","uploaded_to":13443,"date":"2021-01-08 08:06:21","modified":"2021-01-08 08:06:21","menu_order":0,"mime_type":"image\/jpeg","type":"image","subtype":"jpeg","icon":"https:\/\/olimpijski.pl\/wp-includes\/images\/media\/default.png","width":430,"height":522,"sizes":{"thumbnail":"https:\/\/olimpijski.pl\/wp-content\/uploads\/2020\/06\/Henryk_Chmielewski-150x150.jpg","thumbnail-width":150,"thumbnail-height":150,"medium":"https:\/\/olimpijski.pl\/wp-content\/uploads\/2020\/06\/Henryk_Chmielewski-247x300.jpg","medium-width":247,"medium-height":300,"medium_large":"https:\/\/olimpijski.pl\/wp-content\/uploads\/2020\/06\/Henryk_Chmielewski.jpg","medium_large-width":430,"medium_large-height":522,"large":"https:\/\/olimpijski.pl\/wp-content\/uploads\/2020\/06\/Henryk_Chmielewski.jpg","large-width":430,"large-height":522,"1536x1536":"https:\/\/olimpijski.pl\/wp-content\/uploads\/2020\/06\/Henryk_Chmielewski.jpg","1536x1536-width":430,"1536x1536-height":522,"2048x2048":"https:\/\/olimpijski.pl\/wp-content\/uploads\/2020\/06\/Henryk_Chmielewski.jpg","2048x2048-width":430,"2048x2048-height":522,"ultp_layout_landscape_large":"https:\/\/olimpijski.pl\/wp-content\/uploads\/2020\/06\/Henryk_Chmielewski.jpg","ultp_layout_landscape_large-width":430,"ultp_layout_landscape_large-height":522,"ultp_layout_landscape":"https:\/\/olimpijski.pl\/wp-content\/uploads\/2020\/06\/Henryk_Chmielewski.jpg","ultp_layout_landscape-width":430,"ultp_layout_landscape-height":522,"ultp_layout_portrait":"https:\/\/olimpijski.pl\/wp-content\/uploads\/2020\/06\/Henryk_Chmielewski.jpg","ultp_layout_portrait-width":430,"ultp_layout_portrait-height":522,"ultp_layout_square":"https:\/\/olimpijski.pl\/wp-content\/uploads\/2020\/06\/Henryk_Chmielewski.jpg","ultp_layout_square-width":430,"ultp_layout_square-height":522}},"firstname":"Henryk","lastname":"Chmielewski (1914-1998)","birthdate_date":"08\/01\/1914","birthdate":"8 stycznia 1914","deathdate_date":"15\/11\/1998","deathdate":"15 listopada 1998","placeofbirth":"","club":"","coach":"","metrics":"","seolink":"chmielewski-henryk","tmp_old_id":"14702","tmp_old_fid":"294","tmp_old_parent_id":"15544","createdate":"06\/11\/2013","tmp_old_title":"Chmielewski Henryk (1914-1998)","tmp_old_lead":"","tmp_old_body":"<p class=\"title-m-02\">CHMIELEWSKI HENRYK (1914-1998)<\/p><table  border=\"0\" align=\"LEFT\" cellpadding=\"0\" cellspacing=\"0\"> <tr> <td class=\"photo-td-01\"><table  border=\"0\" cellspacing=\"0\" cellpadding=\"0\"> <tr>  <td><img src=\"files\/old\/i\/olimpijczycy\/Chmielewski_Henryk_m.jpg\" alt=\"CHMIELEWSKI HENRYK \" border=\"0\" width=\"50\" height=\"50\"><\/td> <\/tr> <\/table><\/td><\/tr><\/table><p><strong>mistrz farbiarski, jeden z najzdolniejszych pi\u0119\u015bciarzy okresu mi\u0119dzywojennego, mistrz Europy, zawodowiec, olimpijczyk z Berlina (1936).<\/strong><strong><\/strong><br\/>Urodzony 8 stycznia 1914 w \u0141odzi w rodzinie rzemie\u015blniczej Aleksandra i Cecylii z d. Kowalewska,\u00a0 po uko\u0144czeniu szko\u0142y powszechnej przy ul. Sterlinga 1 w \u0141odzi (1928) ucz\u0119szcza\u0142 do Pa\u0144stwowej Szko\u0142y Techniczno-Przemys\u0142owej, kt\u00f3rej jednak nie uko\u0144czy\u0142, ale zdoby\u0142 uprawnienia mistrza farbiarskiego i w tym zawodzie pracowa\u0142 w Zak\u0142adach Fabrycznych S.A.\u00a0I. K. Pozna\u0144ski (1931-1938). W przyzak\u0142adowym KS \"IKP\" (pod okiem Tomasza Konarzewskiego) zacz\u0105\u0142 uprawia\u0107 boks (ze sportem zapozna\u0142 si\u0119 w Gnie\u017adzie I \"Soko\u0142a\") i klubowi temu pozosta\u0142 wierny do ko\u0144ca swojej kariery amatorskiej (1930-1938). Szybko awansowa\u0142 do czo\u0142\u00f3wki b\u0119d\u0105c mistrzem Polski senior\u00f3w wagi lekkiej ju\u017c w 1931 (potem jeszcze w 1933 i 1936 zdoby\u0142 mistrzowski tytu\u0142 w wadze \u015bredniej). Mia\u0142 \u015bwietne walki w reprezentacji Polski (1932-1938) odnosz\u0105c w 16 meczach - 12 zwyci\u0119stw. Najwi\u0119kszy rozg\u0142os przyni\u00f3s\u0142 mu wyst\u0119p olimpijski. Najwi\u0119kszy sukces w amatorskiej karierze sportowej odni\u00f3s\u0142 podczas mistrzostw Europy (1937) zdobywaj\u0105c w Mediolanie w wadze \u015bredniej <strong>z\u0142oty medal<\/strong> (w finale pokona\u0142 Holendra G. Dekkersa). W tym samym roku reprezentowa\u0142 barwy Europy w meczu z Ameryk\u0105. Jako amator stoczy\u0142 157 walk (133 zwyci\u0119stwa, 11 remis\u00f3w, 13 pora\u017cek). W 1938 wyjecha\u0142 na sta\u0142e do USA i przeszed\u0142 na zawodowstwo (debiut 20 czerwca 1938, zako\u0144czenie kariery we wrze\u015bniu 1951). W sumie jako zawodowiec stoczy\u0142\u00a0 82 walki (56-2-24). Sklasyfikowano go na 4 miejscu listy zawodowych bokser\u00f3w wagi \u015bredniej w 1945, co uzna\u0142 za najwi\u0119kszy sukces. Po zako\u0144czeniu kariery ringowej osiedli\u0142 si\u0119 w Kanadzie i USA (Nowy Jork, Detroit, Portland, Boston, Miami). P\u0142ywa\u0142 jako mechanik okr\u0119towy kot\u0142owni na statkach handlowych m. in. na pasa\u017cerskim \"Florida\" i handlowym \"Del Mary\". Bywa\u0142 w kraju ojc\u00f3w. W latach pi\u0119\u0107dziesi\u0105tych u\u017cywa\u0142 nazwiska Henry Chemel. Trzykrotnie \u017conaty, z pierwszego ma\u0142\u017ce\u0144stwa dw\u00f3ch syn\u00f3w. Zmar\u0142 15 listopada 1998 w Hollywood (Miami) - Floryda (USA), tam skremowany i pochowany.<br\/>Bibl.: Bogusz, \u0141\u00f3dzcy Olimpijczycy, s. 32; Kurzy\u0144ski, Tysi\u0105c wspania\u0142ych (1), s. 23-25; G\u0142uszek, Leksykon 1999, s. 168: Pawlak, Olimpijczycy, s. 45 (w obu \u017ar\u00f3d\u0142ach nieprecyzyjne miejsce \u015bmierci); Skotnicki, Polacy na ringach \u015bwiata, s. 77- 82; Wywiad \u015brodowiskowy.<br\/><strong>1936 Berlin: w. \u015brednia<\/strong> - pierwsz\u0105 kolejk\u0119 eliminacji przeszed\u0142 bez walki, w drugiej pokona\u0142 Belga J. De Schryvera, w \u0107wier\u0107finale wygra\u0142 na punkty z Amerykaninem J. Clarkiem, a w p\u00f3\u0142finale przegra\u0142 z Norwegiem H. Tillerem. Z powodu kontuzji r\u0119ki nie stan\u0105\u0142 do walki o br\u0105zowy medal z bokserem argenty\u0144skim R. Villarealem, zajmuj\u0105c 4 m. w turnieju (zw. Francuz J. Despeaux ).<br\/><\/p><!-- history --><table width=\"85%\" style=\"text-align:right\" border=\"0\" cellspacing=\"0\" cellpadding=\"0\">  <tr>    <td align=\"right\" class=\"box3-title\"><a href=\"javascript:history.back()\">\u00ab powr\u00f3t do listy<\/a><\/td>  <\/tr><\/table>","tmp_old_body_img":false,"tmp_old_lead_img":false,"picture_medalists":false,"important":"","person_achivments":""},"_links":{"self":[{"href":"https:\/\/olimpijski.pl\/en\/wp-json\/wp\/v2\/person\/13443"}],"collection":[{"href":"https:\/\/olimpijski.pl\/en\/wp-json\/wp\/v2\/person"}],"about":[{"href":"https:\/\/olimpijski.pl\/en\/wp-json\/wp\/v2\/types\/person"}],"version-history":[{"count":2,"href":"https:\/\/olimpijski.pl\/en\/wp-json\/wp\/v2\/person\/13443\/revisions"}],"predecessor-version":[{"id":37753,"href":"https:\/\/olimpijski.pl\/en\/wp-json\/wp\/v2\/person\/13443\/revisions\/37753"}],"wp:featuredmedia":[{"embeddable":true,"href":"https:\/\/olimpijski.pl\/en\/wp-json\/wp\/v2\/media\/37749"}],"wp:attachment":[{"href":"https:\/\/olimpijski.pl\/en\/wp-json\/wp\/v2\/media?parent=13443"}],"curies":[{"name":"wp","href":"https:\/\/api.w.org\/{rel}","templated":true}]}}