{"id":13485,"date":"2020-06-24T16:44:28","date_gmt":"2020-06-24T14:44:28","guid":{"rendered":"http:\/\/pkol.local\/person\/leslaw-cmikiewicz\/"},"modified":"2020-10-09T09:02:31","modified_gmt":"2020-10-09T07:02:31","slug":"leslaw-cmikiewicz","status":"publish","type":"person","link":"https:\/\/olimpijski.pl\/en\/olimpijczycy\/leslaw-cmikiewicz\/","title":{"rendered":"Les\u0142aw \u0106mikiewicz"},"content":{"rendered":"<p class=\"title-m-02\">\u0106MIKIEWICZ LES\u0141AW<\/p>\n<p><strong>trener, reprezentacyjny pomocnik, &#8220;joker&#8221; G\u00f3rskiego na\u00a0M\u015a 1974 w\u00a0RFN, srebrny (1976) i\u00a0z\u0142oty (1972) medalista olimpijski z\u00a0Montrealu i\u00a0Monachium.<br \/>\n<\/strong><br \/>\nUrodzony 25 sierpnia 1948\u00a0we Wroc\u0142awiu, absolwent tamtejszego Liceum Og\u00f3lnokszta\u0142c\u0105cego. Pi\u0142karz (172 cm, 71 kg),\u00a0pomocnik, wychowanek miejscowego Lotnika 1960-1965 (trener Roman Chaszczewicz, kt\u00f3remu najwi\u0119cej zawdzi\u0119cza), zawodnik: \u015al\u0105ska Wroc\u0142aw (1965-1970, liga), Legii Warszawa 1970-1979 (trener Andrzej Strejlau) i\u00a0ameryka\u0144skich zespo\u0142\u00f3w &#8211; New York Arrow (1980) i\u00a0Chicago Horizon (1980-1981).<\/p>\n<p>Jego nazwisko kojarzy si\u0119 z\u00a0sukcesami sto\u0142ecznej Legii, w\u00a0kt\u00f3rej podczas 10 sezon\u00f3w ligowych (1971-1980) rozegra\u0142 226 mecz\u00f3w, strzeli\u0142 14 goli i\u00a0zdoby\u0142 dwukrotnie Puchar Polski (1973, 1980). W\u00a0\u015al\u0105sku Wroc\u0142aw znalaz\u0142 go Ryszard Koncewicz, za kt\u00f3rego kadencji debiutowa\u0142 w\u00a0dru\u017cynie narodowej (1970, mecz z\u00a0W\u0119grami). Dalsza jednak kariera reprezentacyjna (zako\u0144czona w\u00a01979 meczem z\u00a0NRD) zwi\u0105zana jest z\u00a0&#8220;epok\u0105 G\u00f3rskiego&#8221; &#8211; najpomy\u015blniejsz\u0105 w\u00a0historii naszego futbolu (w sumie rozegra\u0142 57 A + 4) i\u00a0zdoby\u0142 1 bramk\u0119 w\u00a0nieoficjalnym meczu. Wszechstronny (wyst\u0119powa\u0142 w\u00a0obronie, pomocy i\u00a0ataku), inteligentny, my\u015bl\u0105cy, zdyscyplinowany na\u00a0boisku i\u00a0w \u017cyciu.\u00a0Cz\u0119sto otrzymywa\u0142 tzw. &#8220;specjalne zadania&#8221;, z\u00a0kt\u00f3rych wywi\u0105zywa\u0142 si\u0119 sumiennie. Dobry duch dru\u017cyny olimpijskiej w\u00a0Monachium (nie by\u0142 na\u00a0boisku tylko przez\u00a025 minut turnieju). Dwa lata p\u00f3\u017aniej (1974), niemal w\u00a0ostatniej chwili, straci\u0142 miejsce w\u00a0podstawowym sk\u0142adzie na\u00a0rzecz Maszczyka, wyst\u0105pi\u0142 jednak w\u00a0sze\u015bciu spotkaniach M\u015a 74. By\u0142 &#8220;pierwszym rezerwowym&#8221; trzeciej dru\u017cyny globu (gra\u0142 w\u00a0sumie 109 minut) i\u00a0jak trafnie zauwa\u017cono\u00a0&#8220;prawdziwym jokerem G\u00f3rskiego&#8221;. W\u00a01978 po kontuzji, by\u0142 zn\u00f3w w\u00a0\u015bwietnej formie, ale\u00a0kolejny selekcjoner (Jacek Gmoch) wyra\u017anie nie lubi\u0142 wszechstronnego legionisty i\u00a0nie zabra\u0142 go do\u00a0Argentyny. Wr\u00f3ci\u0142 do\u00a0reprezentacji po przyj\u015bciu Ryszarda Kuleszy, zagra\u0142 jeszcze w\u00a0sze\u015bciu spotkaniach i\u00a0po\u017cegna\u0142 si\u0119 z\u00a0kadr\u0105 narodow\u0105 po\u015bwi\u0119caj\u0105c si\u0119 pracy trenerskiej. Pocz\u0105tkowo w\u00a0roli asystenta G\u00f3rskiego w\u00a0Legii, potem m.in. szkoli\u0142 pi\u0142karzy: Motoru Lublin, G\u00f3rnika Zabrze, Hutnika Krak\u00f3w, Pogoni Szczecin, Gwardii Warszawa. Od sierpnia 1989 do\u00a0wrze\u015bnia 1993 by\u0142 asystentem selekcjonera Andrzeja Strejlaua, po kt\u00f3rym przej\u0105\u0142 funkcj\u0119 prowadz\u0105c reprezentacj\u0119 w\u00a0trzech przegranych meczach w\u00a0ko\u0144cu 1993. Od lat zwi\u0105zany z\u00a0PZPN,\u00a0by\u0142 jego pe\u0142nomocnikiem do\u00a0spraw Uczniowskich Klub\u00f3w Sportowych, kontynuuj\u0105c ide\u0119 Marka Wielgusa. Trenowa\u0142 tak\u017ce kadr\u0119 m\u0142odzie\u017cow\u0105. Zas\u0142u\u017cony Mistrz Sportu odznaczony m.in. Z\u0142otym (dwukrotnie) Medalem za Wybitne Osi\u0105gni\u0119cia Sportowe i\u00a0Krzy\u017cem Kawalerskim OOP.<\/p>\n<p><strong>* 1972 Monachium<\/strong>: pomocnik <strong>dru\u017cyny pi\u0142karskiej,<\/strong> kt\u00f3ra w\u00a0grupie elim. (4 dru\u017c.) pokona\u0142a Kolumbi\u0119 5:1, Ghan\u0119 4:0 i\u00a0NRD 2:1 zajmuj\u0105c 1. msc w\u00a0grupie; w\u00a0grupie p\u00f3\u0142fin. (4 dru\u017c.) zremisowa\u0142a z\u00a0Dani\u0105 1:1 oraz\u00a0zwyci\u0119\u017cy\u0142a ZSRR 2:1 i\u00a0Maroko 5:0, zajmuj\u0105c 1. msc w\u00a0grupie; w\u00a0meczu fina\u0142owym wygra\u0142a z\u00a0W\u0119grami 2:1 (0:1) <strong>zdobywaj\u0105c z\u0142oty medal<\/strong>. Wyst\u0105pi\u0142 we wszystkich spotkaniach. Sk\u0142ad dru\u017cyny zob. &#8211; Anczok Zygmunt.<br \/>\n<strong><br \/>\n*1976 Montreal:<\/strong> pomocnik <strong>dru\u017cyny pi\u0142karskiej,<\/strong> kt\u00f3ra w\u00a0grupie elim. (3 dru\u017c.) pokona\u0142a Iran 3:2 i\u00a0zremisowa\u0142a z\u00a0Kub\u0105 0:0, zajmuj\u0105c 1. msc w\u00a0grupie; w\u00a0\u0107wier\u0107fin. zwyci\u0119\u017cy\u0142a KRL-D 5:0, w\u00a0p\u00f3\u0142fin. wygra\u0142a z\u00a0Brazyli\u0105 2:0; w\u00a0finale przegra\u0142a z\u00a0NRD 1:3 (0:2) <strong>zdobywaj\u0105c srebrny medal<\/strong>. Wyst\u0105pi\u0142 w\u00a0spotkaniach z\u00a0Kub\u0105, Iranem, KRL-D i\u00a0Brazyli\u0105. Sk\u0142ad dru\u017cyny zob. &#8211; Benigier Jan.<\/p>\n<p><em>Bibl.: G\u0142uszek, Leksykon 1999, s. 176; EP Fuji: Legia, s. 177, G\u00f3rnik Zabrze, s. 172, Polonia , s. 230-231;\u00a0 Bia\u0142o-Czerwoni, t. 20, s. 165, Liga polska, t. 25, s. 178, Herosi Mundiali, t. 8, s. 51; Gowarzewski, Encyklopedia, s. 346; Gowarzewski, Bia\u0142o-Czerwoni, s. 359; Du\u0144ski, Od Pary\u017ca, s. 138 (tu b\u0142\u0119dny wynik meczu z\u00a0Grecj\u0105 w\u00a0Poznaniu w\u00a01971 3: 0, by\u0142o 7:0); Pawlak, Olimpijczycy, s. 55.<\/em><\/p>\n<p><!-- history --><\/p>\n<table style=\"text-align: right; width: 85%;\" border=\"0\" cellspacing=\"0\" cellpadding=\"0\">\n<tbody>\n<tr>\n<td class=\"box3-title\" align=\"right\"><\/td>\n<\/tr>\n<\/tbody>\n<\/table>\n","protected":false},"excerpt":{"rendered":"<p>\u0106MIKIEWICZ LES\u0141AW trener, reprezentacyjny pomocnik, &#8220;joker&#8221; G\u00f3rskiego na\u00a0M\u015a 1974 w\u00a0RFN, srebrny (1976) i\u00a0z\u0142oty (1972) medalista olimpijski z\u00a0Montrealu i\u00a0Monachium. Urodzony 25 sierpnia 1948\u00a0we<\/p>\n","protected":false},"featured_media":0,"menu_order":91,"template":"","meta":{"_acf_changed":false,"ub_ctt_via":"","footnotes":""},"class_list":["post-13485","person","type-person","status-publish","hentry","infinite-scroll-item","no-featured-image-padding"],"acf":{"olimpic_information":[{"olimpic":[{"ID":300,"post_author":"1","post_date":"1976-06-17 13:34:45","post_date_gmt":"1976-06-17 12:34:45","post_content":"<!-- wp:heading {\"level\":1,\"className\":\"main-title\"} -->\n<h1 class=\"main-title\"><strong>Igrzyska XXI Olimpiady<\/strong><br>Montreal 1976<\/h1>\n<!-- \/wp:heading -->\n\n<!-- wp:paragraph -->\n<p><br><\/p>\n<!-- \/wp:paragraph -->\n\n<!-- wp:image {\"align\":\"left\",\"id\":19336,\"sizeSlug\":\"large\",\"className\":\"is-style-default\"} -->\n<div class=\"wp-block-image is-style-default\"><figure class=\"alignleft size-large\"><img src=\"https:\/\/olimpijski.pl\/wp-content\/uploads\/1976\/06\/montreal1976.png\" alt=\"\" class=\"wp-image-19336\"\/><\/figure><\/div>\n<!-- \/wp:image -->\n\n<!-- wp:list -->\n<ul><li>Igrzyska rozegrano w dniach <strong>17 lipca \u2013 1 sierpnia<\/strong>.<\/li><li>Wystartowa\u0142o <strong>6084<\/strong> zawodnik\u00f3w (w tym <strong>1260<\/strong> kobiet) z <strong>92<\/strong> kraj\u00f3w.<\/li><li>Rozdano <strong>198<\/strong> komplet\u00f3w medali.<\/li><li>Przysi\u0119g\u0119 olimpijsk\u0105 w imieniu sportowc\u00f3w z\u0142o\u017cy\u0142 ci\u0119\u017carowiec <strong>Pierre Saint-Jean<\/strong>, natomiast w imieniu s\u0119dzi\u00f3w i trener\u00f3w \u2013 <strong>Maurice Fauget<\/strong>.<\/li><li>Znicz olimpijski zapalili nastolatkowie reprezentuj\u0105cy angielsk\u0105 i francusk\u0105 spo\u0142eczno\u015b\u0107 Kanady \u2013 <strong>Sandra Henderson<\/strong> i <strong>Stephane Prefontaine<\/strong>.<\/li><li>Igrzyska otworzy\u0142a <strong>kr\u00f3lowa Anglii El\u017cbieta II<\/strong>.<\/li><\/ul>\n<!-- \/wp:list -->\n\n<!-- wp:heading -->\n<h2><strong>Program Igrzysk \u2013 23 dyscypliny, 198 konkurencji<\/strong><\/h2>\n<!-- \/wp:heading -->\n\n<!-- wp:paragraph -->\n<p>boks (11 konkurencji), gimnastyka (14), hokej na trawie (1), je\u017adziectwo (6), judo (6), kajakarstwo (11), kolarstwo (6), koszyk\u00f3wka (2), lekkoatletyka (37), \u0142ucznictwo (2), pi\u0119ciob\u00f3j nowoczesny (2), pi\u0142ka no\u017cna (1), pi\u0142ka r\u0119czna (2), pi\u0142ka siatkowa (2), pi\u0142ka wodna (1), p\u0142ywanie (26), podnoszenie ci\u0119\u017car\u00f3w (9), skoki do wody (4), strzelectwo (7), szermierka (8), wio\u015blarstwo (14), zapasy (20), \u017ceglarstwo (6).<\/p>\n<!-- \/wp:paragraph -->\n\n<!-- wp:heading -->\n<h2><strong>Gwiazda Igrzysk<\/strong><\/h2>\n<!-- \/wp:heading -->\n\n<!-- wp:paragraph -->\n<p><strong>Nadia Comaneci<\/strong> (Rumunia, gimnastyka) \u2013 3 z\u0142ote medale, 1 srebrny, 1 br\u0105zowy<\/p>\n<!-- \/wp:paragraph -->\n\n<!-- wp:heading -->\n<h2><strong>Polska Reprezentacja Olimpijska<\/strong><\/h2>\n<!-- \/wp:heading -->\n\n<!-- wp:paragraph -->\n<p>223 osoby (startowa\u0142o 207 \u2013 27 kobiet i 180 m\u0119\u017cczyzn) w 18 sportach: 11 bokser\u00f3w, 7 gimnastyk\u00f3w (6 startowa\u0142o, 1 nie), 5 judok\u00f3w, 16 kajakarzy (w tym 4 kobiety; 13 startowa\u0142o + 3 rez.), 14 kolarzy (11 startowa\u0142o + 3 rez.), 33 lekkoatlet\u00f3w (w tym 4 kobiety; 32 startowa\u0142o, 1 nie), 4 \u0142ucznik\u00f3w (w tym 2 kobiety), 4 pi\u0119cioboist\u00f3w (3 startowa\u0142o + 1 rez.), 17 pi\u0142karzy, 14 pi\u0142karzy r\u0119cznych, 12 siatkarzy, 3 p\u0142ywak\u00f3w (w tym 1 kobieta), 11 ci\u0119\u017carowc\u00f3w (9 startowa\u0142o + 2 rez.), 12 strzelc\u00f3w, 18 szermierzy (w tym 5 kobiet), 26 wio\u015blarzy (w tym 14 kobiet; 22 startowa\u0142o + 4 rez.), 14 zapa\u015bnik\u00f3w, 2 \u017ceglarzy (1 startowa\u0142o + 1 rez.).<\/p>\n<!-- \/wp:paragraph -->\n\n<!-- wp:paragraph -->\n<p>Chor\u0105\u017cym reprezentacji Polski by\u0142 kajakarz <strong>Grzegorz \u015aledziewski<\/strong>.<\/p>\n<!-- \/wp:paragraph -->\n\n<!-- wp:heading -->\n<h2><strong>Klasyfikacja medalowa<\/strong><\/h2>\n<!-- \/wp:heading -->\n\n<!-- wp:table {\"hasFixedLayout\":true,\"className\":\"is-style-stripes\"} -->\n<figure class=\"wp-block-table is-style-stripes\"><table class=\"has-fixed-layout\"><tbody><tr><td><\/td><td><\/td><td class=\"has-text-align-center\" data-align=\"center\">&nbsp;<\/td><td class=\"has-text-align-center\" data-align=\"center\">&nbsp;<\/td><td class=\"has-text-align-center\" data-align=\"center\">&nbsp;<\/td><td class=\"has-text-align-center\" data-align=\"center\">&nbsp;<\/td><\/tr><tr><td>&nbsp;<\/td><td>&nbsp;<\/td><td class=\"has-text-align-center\" data-align=\"center\">&nbsp;<\/td><td class=\"has-text-align-center\" data-align=\"center\"><img class=\"wp-image-27817\" style=\"width: 50px;\" src=\"https:\/\/olimpijski.pl\/wp-content\/uploads\/2016\/06\/2016_Rio_zloty_50x50.jpg\" alt=\"\"><\/td><td class=\"has-text-align-center\" data-align=\"center\"><img class=\"wp-image-27819\" style=\"width: 50px;\" src=\"https:\/\/olimpijski.pl\/wp-content\/uploads\/2016\/06\/2016_Rio_sreb_50x50.jpg\" alt=\"\"><\/td><td class=\"has-text-align-center\" data-align=\"center\"><img class=\"wp-image-27821\" style=\"width: 50px;\" src=\"https:\/\/olimpijski.pl\/wp-content\/uploads\/2016\/06\/2016_Rio_braz_50x50.jpg\" alt=\"\"><\/td><\/tr><tr><td>1.<\/td><td>ZSRR<\/td><td class=\"has-text-align-center\" data-align=\"center\">125<\/td><td class=\"has-text-align-center\" data-align=\"center\">49<\/td><td class=\"has-text-align-center\" data-align=\"center\">41<\/td><td class=\"has-text-align-center\" data-align=\"center\">35<\/td><\/tr><tr><td>2.<\/td><td>NRD<\/td><td class=\"has-text-align-center\" data-align=\"center\">90<\/td><td class=\"has-text-align-center\" data-align=\"center\">40<\/td><td class=\"has-text-align-center\" data-align=\"center\">25<\/td><td class=\"has-text-align-center\" data-align=\"center\">25<\/td><\/tr><tr><td>3.<\/td><td>USA<\/td><td class=\"has-text-align-center\" data-align=\"center\">94<\/td><td class=\"has-text-align-center\" data-align=\"center\">34<\/td><td class=\"has-text-align-center\" data-align=\"center\">35<\/td><td class=\"has-text-align-center\" data-align=\"center\">25<\/td><\/tr><tr><td>...<\/td><td>&nbsp;<\/td><td class=\"has-text-align-center\" data-align=\"center\">&nbsp;<\/td><td class=\"has-text-align-center\" data-align=\"center\">&nbsp;<\/td><td class=\"has-text-align-center\" data-align=\"center\">&nbsp;<\/td><td class=\"has-text-align-center\" data-align=\"center\">&nbsp;<\/td><\/tr><tr><td><strong>6.<\/strong><\/td><td><strong>Polska<\/strong><\/td><td class=\"has-text-align-center\" data-align=\"center\"><strong>26<\/strong><\/td><td class=\"has-text-align-center\" data-align=\"center\"><strong>7<\/strong><\/td><td class=\"has-text-align-center\" data-align=\"center\"><strong>6<\/strong><\/td><td class=\"has-text-align-center\" data-align=\"center\"><strong>13<\/strong><\/td><\/tr><\/tbody><\/table><\/figure>\n<!-- \/wp:table -->\n\n<!-- wp:heading -->\n<h2><strong>Medale dla Polski (26)<\/strong><\/h2>\n<!-- \/wp:heading -->\n\n<!-- wp:paragraph -->\n<p>z\u0142oty - Irena Szewi\u0144ska (lekkoatletyka - bieg na 400 m)<br>z\u0142oty - Janusz Pyciak-Peciak (pi\u0119ciob\u00f3j nowoczesny)<br>z\u0142oty - Jerzy Rybicki (boks - waga lekko\u015brednia)<br>z\u0142oty - Tadeusz \u015alusarski (lekkoatletyka - skok o tyczce)<br>z\u0142oty - Jacek Wszo\u0142a (lekkoatletyka - skok wzwy\u017c)<br>z\u0142oty Kazimierz Lipie\u0144 (zapasy - styl klasyczny - waga 62 kg)<br>z\u0142oty - Bronis\u0142aw Bebel, Ryszard Bosek, Wies\u0142aw Gaw\u0142owski, Marek Karbarz, Zbigniew Lubiejewski, Lech Lasko, Miros\u0142aw Rybaczewski, W\u0142odzimierz Sadalski, Edward Skorek, W\u0142odzimierz Stefa\u0144ski, Tomasz Wojtowicz i Zbigniew Zarzycki (siatk\u00f3wka)<\/p>\n<!-- \/wp:paragraph -->\n\n<!-- wp:paragraph -->\n<p>srebrny - Andrzej Gronowicz i Jerzy Opara (kajakarstwo - C2&nbsp; 500 m)<br>srebrny - Bronis\u0142aw Malinowski (lekkoatletyka- bieg na 3000 m z przeszkodami)<br>srebrny - Grzegorz Cziura (podnoszenie ci\u0119\u017car\u00f3w - waga 56 kg)<br>srebrny - Grzegorz Jaremski, Jerzy Pietrzyk, Ryszard Podlas i Jan Werner (lekkoatletyka - sztafeta 4x400 m)<br>srebrny - Tadeusz Mytnik, Mieczys\u0142aw Nowicki, Stanis\u0142aw Szozda, Ryszard Szurkowski (kolarstwo - szosowy wy\u015bcig dru\u017c. na 100 km)<br>srebrny - (Jan Beniger, Les\u0142aw \u0106mikiewicz, Kazimierz Deyna, Jerzy Gorgo\u0144, Henryk Kasperczak, Kazimierz Kmiecik, Grzegorz Lato, Zygmunt Maszczyk, Piotr Mowlik, Roman Ogaza, Wojciech Rudy, Andrzej Szarmach, Antoni Szymanowski, Jan Tomaszewski, Henryk Wawrowski, Henryk Wieczorek, W\u0142adys\u0142aw \u017bmuda (pi\u0142ka no\u017cna)<\/p>\n<!-- \/wp:paragraph -->\n\n<!-- wp:paragraph -->\n<p>br\u0105zowy - Leszek B\u0142a\u017cy\u0144ski (boks - waga musza)<br>br\u0105zowy - Leszek Kosedowski (boks - waga pi\u00f3rkowa)<br>br\u0105zowy - Kazimierz Szczerba (boks - waga lekkop\u00f3\u0142\u015brednia)<br>br\u0105zowy - Janusz Gortat (boks -waga p\u00f3\u0142ci\u0119\u017cka)<br>br\u0105zowy - Marian Ta\u0142aj (judo - waga 71 kg)<br>br\u0105zowy - Mieczys\u0142aw Nowicki (kolarstwo - wy\u015bcig indywidualny)<br>br\u0105zowy - Wies\u0142aw Gawlikowski (strzelectwo - skeet)<br>br\u0105zowy - Jerzy Greszkiewicz (strzelectwo - strzelanie do sylwetki biegn\u0105cego dzika)<br>br\u0105zowy - Czes\u0142aw Kwieci\u0144ski (zapasy - styl klasyczny - waga 90 kg)<br>br\u0105zowy - Andrzej Skrzydlewski (zapasy - styl klasyczny - waga 100 kg)<br>br\u0105zowy - Kazimierz Czarnecki (podnoszenie ci\u0119\u017car\u00f3w - waga 67,5 kg)<br>br\u0105zowy - Tadeusz Rutkowski (podnoszenie ci\u0119\u017car\u00f3w - waga ponad 110 kg)<br>br\u0105zowy - Zdzis\u0142aw Antczak, Janusz Brzozowski, Piotr Cie\u015bla, Jan Gmyrek, Alfred Ka\u0142uzi\u0144ski, Jerzy Klempel, Zygfryd Kuchta, Jerzy Melcer, Ryszard Przybysz, Henryk Rozmiarek, Andrzej Soko\u0142owski, Andrzej Szymczak, Mieczys\u0142aw Wojczak i W\u0142odzimierz Zieli\u0144ski (pi\u0142ka r\u0119czna)<\/p>\n<!-- \/wp:paragraph -->\n\n<!-- wp:quote {\"className\":\"is-style-default\"} -->\n<blockquote class=\"wp-block-quote is-style-default\"><p>A\u017c siedem razy zagrano bia\u0142o-czerwonym Mazurek D\u0105browskiego: Irenie Szewi\u0144skiej triumfatorce biegu na 400 m, bokserowi Jerzemu Rybickiemu, Jackowi Wszole najlepszemu w skoku wzwy\u017c i Tadeuszowi \u015alusarskiemu, kt\u00f3ry wygra\u0142 konkurs skoku o tyczce, najlepszemu pi\u0119cioboi\u015bcie nowoczesnemu igrzysk Januszowi Pyciakowi-Peciakowi, zapa\u015bnikowi klasykowi Kazimierzowi Lipieniowi oraz siatkarzom, podopiecznym trenera Huberta Wagnera.<\/p><p>Drugi olimpijski kr\u0105\u017cek wywalczyli pi\u0142karze no\u017cni \u2013 tym razem srebro, z kolei zdobyli br\u0105z pi\u0142karze r\u0119czni.<\/p><\/blockquote>\n<!-- \/wp:quote -->","post_title":"Montreal 1976","post_excerpt":"","post_status":"publish","comment_status":"closed","ping_status":"closed","post_password":"","post_name":"montreal-1976","to_ping":"","pinged":"","post_modified":"2020-09-28 15:51:36","post_modified_gmt":"2020-09-28 13:51:36","post_content_filtered":"","post_parent":0,"guid":"https:\/\/wai-q98d7hpf9hy9k.wpallimport-demo.qsandbox.me\/olympics_summer\/montreal-1976\/","menu_order":0,"post_type":"olympics_summer","post_mime_type":"","comment_count":"0","filter":"raw"}],"competitions_rewards":[{"competition":[{"ID":5884,"post_author":"1","post_date":"2020-06-19 11:32:33","post_date_gmt":"2020-06-19 11:32:33","post_content":"","post_title":"Pi\u0142ka no\u017cna","post_excerpt":"","post_status":"publish","comment_status":"open","ping_status":"open","post_password":"","post_name":"pilka-nozna","to_ping":"","pinged":"","post_modified":"2020-06-29 13:17:08","post_modified_gmt":"2020-06-29 11:17:08","post_content_filtered":"","post_parent":0,"guid":"https:\/\/wai-q7byvryhhcz9k.wpallimport-demo.qsandbox.me\/competition\/pilka-nozna\/","menu_order":0,"post_type":"competition","post_mime_type":"","comment_count":"0","filter":"raw"}],"reward":{"value":"2","label":"Srebrny"}}]},{"olimpic":[{"ID":301,"post_author":"1","post_date":"1972-06-17 13:34:45","post_date_gmt":"1972-06-17 12:34:45","post_content":"<!-- wp:heading {\"level\":1,\"className\":\"main-title\"} -->\n<h1 class=\"main-title\"><strong>Igrzyska XX Olimpiady<\/strong><br>Monachium 1972<\/h1>\n<!-- \/wp:heading -->\n\n<!-- wp:paragraph -->\n<p><br><\/p>\n<!-- \/wp:paragraph -->\n\n<!-- wp:image {\"align\":\"left\",\"id\":19334,\"sizeSlug\":\"large\",\"className\":\"is-style-default\"} -->\n<div class=\"wp-block-image is-style-default\"><figure class=\"alignleft size-large\"><img src=\"https:\/\/olimpijski.pl\/wp-content\/uploads\/1972\/06\/monachium1972.png\" alt=\"\" class=\"wp-image-19334\"\/><\/figure><\/div>\n<!-- \/wp:image -->\n\n<!-- wp:list -->\n<ul><li>Igrzyska rozegrano w dniach <strong>26 sierpnia \u2013 11 wrze\u015bnia<\/strong>.<\/li><li>Wystartowa\u0142o <strong>7132<\/strong> zawodnik\u00f3w (w tym <strong>1058<\/strong> kobiet) ze <strong>121<\/strong> kraj\u00f3w.<\/li><li>Rozdano <strong>195<\/strong> komplet\u00f3w medali.<\/li><li>Przysi\u0119g\u0119 olimpijsk\u0105 w imieniu sportowc\u00f3w z\u0142o\u017cy\u0142a lekkoatletka <strong>Heidi Schueller<\/strong>, natomiast w imieniu s\u0119dzi\u00f3w i trener\u00f3w \u2013 po raz pierwszy w historii igrzysk \u2013 <strong>Heinz Pollay<\/strong>.<\/li><li>Znicz olimpijski zapali\u0142 lekkoatleta specjalizuj\u0105cy si\u0119 w biegach na \u015brednich dystansach <strong>Guenther Zahn<\/strong>.<\/li><li>Igrzyska otworzy\u0142 <strong>prezydent RFN Gustav Heinemann<\/strong>.<\/li><\/ul>\n<!-- \/wp:list -->\n\n<!-- wp:heading -->\n<h2><strong>Program Igrzysk \u2013 23 dyscypliny, 195 konkurencji<\/strong><\/h2>\n<!-- \/wp:heading -->\n\n<!-- wp:paragraph -->\n<p>boks (11 konkurencji), gimnastyka (14), hokej na trawie (1), je\u017adziectwo (6), judo (6), kajakarstwo (11), kolarstwo (7), koszyk\u00f3wka (1), lekkoatletyka (38), \u0142ucznictwo (2), pi\u0119ciob\u00f3j nowoczesny (2), pi\u0142ka no\u017cna (1), pi\u0142ka r\u0119czna (1), pi\u0142ka siatkowa (2), pi\u0142ka wodna (1), p\u0142ywanie (29), podnoszenie ci\u0119\u017car\u00f3w (9), skoki do wody (4), strzelectwo (8), szermierka (8), wio\u015blarstwo (7), zapasy (20), \u017ceglarstwo (6).<\/p>\n<!-- \/wp:paragraph -->\n\n<!-- wp:heading -->\n<h2><strong>Gwiazda Igrzysk<\/strong><\/h2>\n<!-- \/wp:heading -->\n\n<!-- wp:paragraph -->\n<p><strong>Mark Spitz<\/strong> (USA, p\u0142ywanie) \u2013 7 z\u0142otych medali<\/p>\n<!-- \/wp:paragraph -->\n\n<!-- wp:heading -->\n<h2><strong>Polska Reprezentacja Olimpijska<\/strong><\/h2>\n<!-- \/wp:heading -->\n\n<!-- wp:paragraph -->\n<p><strong>309 os\u00f3b<\/strong> (startowa\u0142o 290 \u2013 37 kobiet i 253 m\u0119\u017cczyzn) w 22 sportach: 11 bokser\u00f3w, 14 gimnastyk\u00f3w (w tym 7 kobiet; 12 startowa\u0142o + 1 rez., 1 nie), 18 hokeist\u00f3w na trawie (17 startowa\u0142o + 1 rez.), 9 je\u017ad\u017ac\u00f3w (8 startowa\u0142o + 1 rez.), 4 judok\u00f3w, 25 kajakarzy (w tym 4 kobiety; 23 startowa\u0142o + 1 rez.), 14 kolarzy (12 startowa\u0142o + 2 rez.), 12 koszykarzy, 49 lekkoatlet\u00f3w (w tym 18 kobiet; 45 startowa\u0142o, 4 rez.), 4 \u0142ucznik\u00f3w (w tym 3 kobiety), 4 pi\u0119cioboist\u00f3w (3 start + 1 rez.), 19 pi\u0142karzy (17 startowa\u0142o + 2 rez.), 16 pi\u0142karzy r\u0119cznych (15 startowa\u0142o + 1 rez.), 12 siatkarzy, 5 p\u0142ywak\u00f3w, 3 skoczk\u00f3w do wody (w tym 2 kobiety), 9 ci\u0119\u017carowc\u00f3w, 13 strzelc\u00f3w (w tym 1 kobieta), 20 szermierzy (w tym 5 kobiet), 18 wio\u015blarzy (16 startowa\u0142o + 2 rez.), 18 zapa\u015bnik\u00f3w, 13 \u017ceglarzy (11 startowa\u0142o + 2 rez.).<\/p>\n<!-- \/wp:paragraph -->\n\n<!-- wp:paragraph -->\n<p>Chor\u0105\u017cym reprezentacji Polski by\u0142 po raz trzeci ci\u0119\u017carowiec <strong>Waldemar Baszanowski<\/strong>.<\/p>\n<!-- \/wp:paragraph -->\n\n<!-- wp:heading -->\n<h2><strong>Klasyfikacja medalowa<\/strong><\/h2>\n<!-- \/wp:heading -->\n\n<!-- wp:table {\"hasFixedLayout\":true,\"className\":\"is-style-stripes\"} -->\n<figure class=\"wp-block-table is-style-stripes\"><table class=\"has-fixed-layout\"><tbody><tr><td><\/td><td><\/td><td class=\"has-text-align-center\" data-align=\"center\">&nbsp;<\/td><td class=\"has-text-align-center\" data-align=\"center\">&nbsp;<\/td><td class=\"has-text-align-center\" data-align=\"center\">&nbsp;<\/td><td class=\"has-text-align-center\" data-align=\"center\">&nbsp;<\/td><\/tr><tr><td>&nbsp;<\/td><td>&nbsp;<\/td><td class=\"has-text-align-center\" data-align=\"center\">&nbsp;<\/td><td class=\"has-text-align-center\" data-align=\"center\"><img class=\"wp-image-27817\" style=\"width: 50px;\" src=\"https:\/\/olimpijski.pl\/wp-content\/uploads\/2016\/06\/2016_Rio_zloty_50x50.jpg\" alt=\"\"><\/td><td class=\"has-text-align-center\" data-align=\"center\"><img class=\"wp-image-27819\" style=\"width: 50px;\" src=\"https:\/\/olimpijski.pl\/wp-content\/uploads\/2016\/06\/2016_Rio_sreb_50x50.jpg\" alt=\"\"><\/td><td class=\"has-text-align-center\" data-align=\"center\"><img class=\"wp-image-27821\" style=\"width: 50px;\" src=\"https:\/\/olimpijski.pl\/wp-content\/uploads\/2016\/06\/2016_Rio_braz_50x50.jpg\" alt=\"\"><\/td><\/tr><tr><td>1.<\/td><td>ZSRR<\/td><td class=\"has-text-align-center\" data-align=\"center\">99<\/td><td class=\"has-text-align-center\" data-align=\"center\">50<\/td><td class=\"has-text-align-center\" data-align=\"center\">27<\/td><td class=\"has-text-align-center\" data-align=\"center\">22<\/td><\/tr><tr><td>2.<\/td><td>USA<\/td><td class=\"has-text-align-center\" data-align=\"center\">94<\/td><td class=\"has-text-align-center\" data-align=\"center\">33<\/td><td class=\"has-text-align-center\" data-align=\"center\">31<\/td><td class=\"has-text-align-center\" data-align=\"center\">30<\/td><\/tr><tr><td>3.<\/td><td>NRD<\/td><td class=\"has-text-align-center\" data-align=\"center\">66<\/td><td class=\"has-text-align-center\" data-align=\"center\">20<\/td><td class=\"has-text-align-center\" data-align=\"center\">23<\/td><td class=\"has-text-align-center\" data-align=\"center\">23<\/td><\/tr><tr><td>...<\/td><td>&nbsp;<\/td><td class=\"has-text-align-center\" data-align=\"center\">&nbsp;<\/td><td class=\"has-text-align-center\" data-align=\"center\">&nbsp;<\/td><td class=\"has-text-align-center\" data-align=\"center\">&nbsp;<\/td><td class=\"has-text-align-center\" data-align=\"center\">&nbsp;<\/td><\/tr><tr><td><strong>7.<\/strong><\/td><td><strong>Polska<\/strong><\/td><td class=\"has-text-align-center\" data-align=\"center\"><strong>21<\/strong><\/td><td class=\"has-text-align-center\" data-align=\"center\"><strong>7<\/strong><\/td><td class=\"has-text-align-center\" data-align=\"center\"><strong>5<\/strong><\/td><td class=\"has-text-align-center\" data-align=\"center\"><strong>9<\/strong><\/td><\/tr><\/tbody><\/table><\/figure>\n<!-- \/wp:table -->\n\n<!-- wp:heading -->\n<h2><strong>Medale dla Polski (21)<\/strong><\/h2>\n<!-- \/wp:heading -->\n\n<!-- wp:paragraph -->\n<p>z\u0142oty - W\u0142adys\u0142aw Komar (lekkoatletyka - pchni\u0119cie kul\u0105)<br>z\u0142oty - Witold Woyda (szermierka - turniej indywidualny florecist\u00f3w)<br>z\u0142oty - Jan Szczepa\u0144ski (boks - waga lekka)<br>z\u0142oty - Zygmunt Smalcerz (podnoszenie ci\u0119\u017car\u00f3w - waga 52 kg)<br>z\u0142oty - J\u00f3zef Zap\u0119dzki (strzelectwo - pistolet sylwetkowy)<br>z\u0142oty - Marek D\u0105browski, Arkadiusz Godel, Jerzy Kaczmarek, Lech Koziejowski i Witold Woyda (szermierka - turniej dru\u017cynowy florecist\u00f3w)<br>z\u0142oty - Zygmunt Anczok, Les\u0142aw \u0106mikiewicz, Kazimierz Deyna, Robert Gadocha, Zbigniew Gut, Jerzy Gorgo\u0144, Andrzej Jarosik, Kazimierz Kmiecik, Hubert Kostka, Jerzy Kraska, Grzegorz Lato, W\u0142odzimierz Luba\u0144ski, Joachim Marx, Zygmunt Maszczyk, Marian Ostafi\u0144ski, Marian Szeja, Zygfryd Szo\u0142tysik, Antoni Szymanowski i Ryszard Szymczak (pi\u0142ka no\u017cna)<\/p>\n<!-- \/wp:paragraph -->\n\n<!-- wp:paragraph -->\n<p>srebrny - Wies\u0142aw Rudkowski (boks - waga lekko\u015brednia)<br>srebrny - Antoni Zajkowski (judo - waga 71 kg)<br>srebrny - Norbert Ozimek (podnoszenie ci\u0119\u017car\u00f3w - waga 82,5 kg)<br>srebrny - Irena Szyd\u0142owska (\u0142ucznictwo - turniej indywidualny)<br>srebrny - Edward Barcik, Lucjan Lis, Stanis\u0142aw Szozda i Ryszard Szurkowski (kolarstwo - wy\u015bcig dru\u017cynowy na 100 km)<\/p>\n<!-- \/wp:paragraph -->\n\n<!-- wp:paragraph -->\n<p>br\u0105zowy - Leszek B\u0142a\u017cy\u0144ski (boks - waga musza)<br>br\u0105zowy - Janusz Gortat (boks - waga p\u00f3\u0142ci\u0119\u017cka)<br>br\u0105zowy - Irena Szewi\u0144ska (lekkoatletyka - bieg na 200 m)<br>br\u0105zowy - Ryszard Katus (lekkoatletyka - dziesi\u0119ciob\u00f3j)<br>br\u0105zowy - Kazimierz Lipie\u0144 (zapasy - styl klasyczny - waga 62 kg)<br>br\u0105zowy - Czes\u0142aw Kwieci\u0144ski (zapasy - styl klasyczny - waga 90 kg)<br>br\u0105zowy - Rafa\u0142 Piszcz i W\u0142adys\u0142aw Szuszkiewicz (kajakarstwo - wy\u015bcig K2 na 1000 m)<br>br\u0105zowy - Andrzej Bek i Benedykt Kocot (kolarstwo- torowy wy\u015bcig tandem\u00f3w)<br>br\u0105zowy - Zbigniew Kaczmarek (podnoszenie ci\u0119\u017car\u00f3w - waga 67,5 kg)<\/p>\n<!-- \/wp:paragraph -->\n\n<!-- wp:quote {\"className\":\"is-style-default\"} -->\n<blockquote class=\"wp-block-quote is-style-default\"><p>Bohaterem reprezentacji Polski by\u0142 szermierz Witold Woyda, zdobywca 2 z\u0142otych medali. Kolejny medal do swojej olimpijskiej kolekcji do\u0142o\u017cy\u0142a Irena Szewi\u0144ska. Wielkim sukcesem by\u0142o tak\u017ce z\u0142oto pi\u0142karskie podopiecznych legendarnego trenera Kazimierza G\u00f3rskiego.<br><br>W czasie igrzysk cz\u0142onkowie palesty\u0144skiej organizacji terrorystycznej Czarny Wrzesie\u0144 wzi\u0119li za zak\u0142adnik\u00f3w 11 cz\u0142onk\u00f3w ekipy izraelskiej. Zabili sportowc\u00f3w i trener\u00f3w oraz jednego policjanta. Pi\u0119ciu z o\u015bmiu terroryst\u00f3w zosta\u0142o zabitych podczas pr\u00f3by odbicia zak\u0142adnik\u00f3w, trzech pozosta\u0142ych schwytano.<\/p><\/blockquote>\n<!-- \/wp:quote -->","post_title":"Monachium 1972","post_excerpt":"","post_status":"publish","comment_status":"closed","ping_status":"closed","post_password":"","post_name":"monachium-1972","to_ping":"","pinged":"","post_modified":"2020-09-28 15:54:00","post_modified_gmt":"2020-09-28 13:54:00","post_content_filtered":"","post_parent":0,"guid":"https:\/\/wai-q98d7hpf9hy9k.wpallimport-demo.qsandbox.me\/olympics_summer\/monachium-1972\/","menu_order":0,"post_type":"olympics_summer","post_mime_type":"","comment_count":"0","filter":"raw"}],"competitions_rewards":[{"competition":[{"ID":5884,"post_author":"1","post_date":"2020-06-19 11:32:33","post_date_gmt":"2020-06-19 11:32:33","post_content":"","post_title":"Pi\u0142ka no\u017cna","post_excerpt":"","post_status":"publish","comment_status":"open","ping_status":"open","post_password":"","post_name":"pilka-nozna","to_ping":"","pinged":"","post_modified":"2020-06-29 13:17:08","post_modified_gmt":"2020-06-29 11:17:08","post_content_filtered":"","post_parent":0,"guid":"https:\/\/wai-q7byvryhhcz9k.wpallimport-demo.qsandbox.me\/competition\/pilka-nozna\/","menu_order":0,"post_type":"competition","post_mime_type":"","comment_count":"0","filter":"raw"}],"reward":{"value":"1","label":"Z\u0142oty"}}]}],"picture":{"ID":32437,"id":32437,"title":"Arkadiusz-Godel_Monachium'72","filename":"Arkadiusz-Godel_Monachium72.jpg","filesize":51929,"url":"https:\/\/olimpijski.pl\/wp-content\/uploads\/2020\/06\/Arkadiusz-Godel_Monachium72.jpg","link":"https:\/\/olimpijski.pl\/en\/olimpijczycy\/arkadiusz-godel\/arkadiusz-godel_monachium72\/#main","alt":"","author":"15","description":"","caption":"","name":"arkadiusz-godel_monachium72","status":"inherit","uploaded_to":13734,"date":"2020-10-09 06:50:20","modified":"2020-10-09 06:50:20","menu_order":0,"mime_type":"image\/jpeg","type":"image","subtype":"jpeg","icon":"https:\/\/olimpijski.pl\/wp-includes\/images\/media\/default.png","width":503,"height":630,"sizes":{"thumbnail":"https:\/\/olimpijski.pl\/wp-content\/uploads\/2020\/06\/Arkadiusz-Godel_Monachium72-150x150.jpg","thumbnail-width":150,"thumbnail-height":150,"medium":"https:\/\/olimpijski.pl\/wp-content\/uploads\/2020\/06\/Arkadiusz-Godel_Monachium72-240x300.jpg","medium-width":240,"medium-height":300,"medium_large":"https:\/\/olimpijski.pl\/wp-content\/uploads\/2020\/06\/Arkadiusz-Godel_Monachium72.jpg","medium_large-width":503,"medium_large-height":630,"large":"https:\/\/olimpijski.pl\/wp-content\/uploads\/2020\/06\/Arkadiusz-Godel_Monachium72.jpg","large-width":503,"large-height":630,"1536x1536":"https:\/\/olimpijski.pl\/wp-content\/uploads\/2020\/06\/Arkadiusz-Godel_Monachium72.jpg","1536x1536-width":503,"1536x1536-height":630,"2048x2048":"https:\/\/olimpijski.pl\/wp-content\/uploads\/2020\/06\/Arkadiusz-Godel_Monachium72.jpg","2048x2048-width":503,"2048x2048-height":630,"ultp_layout_landscape_large":"https:\/\/olimpijski.pl\/wp-content\/uploads\/2020\/06\/Arkadiusz-Godel_Monachium72.jpg","ultp_layout_landscape_large-width":503,"ultp_layout_landscape_large-height":630,"ultp_layout_landscape":"https:\/\/olimpijski.pl\/wp-content\/uploads\/2020\/06\/Arkadiusz-Godel_Monachium72-503x570.jpg","ultp_layout_landscape-width":503,"ultp_layout_landscape-height":570,"ultp_layout_portrait":"https:\/\/olimpijski.pl\/wp-content\/uploads\/2020\/06\/Arkadiusz-Godel_Monachium72.jpg","ultp_layout_portrait-width":503,"ultp_layout_portrait-height":630,"ultp_layout_square":"https:\/\/olimpijski.pl\/wp-content\/uploads\/2020\/06\/Arkadiusz-Godel_Monachium72-503x600.jpg","ultp_layout_square-width":503,"ultp_layout_square-height":600}},"firstname":"Les\u0142aw","lastname":"\u0106mikiewicz","birthdate_date":"25\/08\/1948","birthdate":"25 sierpnia 1948","deathdate_date":"","deathdate":"","placeofbirth":"Wroc\u0142aw","club":"Lotnik Wroc\u0142aw, \u015al\u0105sk Wroc\u0142aw, Legia Warszawa","coach":"Roman Chaszczewicz, Andrzej Strejlau, New York Arrow, Chicago Horizon","metrics":"","seolink":"cmikiewicz-leslaw","tmp_old_id":"14642","tmp_old_fid":"294","tmp_old_parent_id":"15544","createdate":"03\/01\/2014","tmp_old_title":"\u0106mikiewicz Les\u0142aw","tmp_old_lead":"","tmp_old_body":"<p class=\"title-m-02\">\u0106MIKIEWICZ LES\u0141AW<\/p><p><strong>trener, reprezentacyjny pomocnik, \"joker\" G\u00f3rskiego na M\u015a 1974 w RFN, srebrny (1976) i z\u0142oty (1972) medalista olimpijski z Montrealu i Monachium.<br\/><\/strong><br\/>Urodzony 25 sierpnia 1948\u00a0we Wroc\u0142awiu, absolwent tamtejszego Liceum Og\u00f3lnokszta\u0142c\u0105cego. Pi\u0142karz (172 cm, 71 kg),\u00a0pomocnik, wychowanek miejscowego Lotnika 1960-1965 (trener Roman Chaszczewicz, kt\u00f3remu najwi\u0119cej zawdzi\u0119cza), zawodnik: \u015al\u0105ska Wroc\u0142aw (1965-1970, liga), Legii Warszawa 1970-1979 (trener Andrzej Strejlau) i ameryka\u0144skich zespo\u0142\u00f3w - New York Arrow (1980) i Chicago Horizon (1980-1981). Jego nazwisko kojarzy si\u0119 z sukcesami sto\u0142ecznej Legii, w kt\u00f3rej podczas 10 sezon\u00f3w ligowych (1971-1980) rozegra\u0142 226 mecz\u00f3w, strzeli\u0142 14 goli i zdoby\u0142 dwukrotnie Puchar Polski (1973, 1980). W \u015al\u0105sku Wroc\u0142aw znalaz\u0142 go Ryszard Koncewicz, za kt\u00f3rego kadencji debiutowa\u0142 w dru\u017cynie narodowej (1970, mecz z W\u0119grami). Dalsza jednak kariera reprezentacyjna (zako\u0144czona w 1979 meczem z NRD) zwi\u0105zana jest z \"epok\u0105 G\u00f3rskiego\" - najpomy\u015blniejsz\u0105 w historii naszego futbolu (w sumie rozegra\u0142 57 A + 4) i zdoby\u0142 1 bramk\u0119 w nieoficjalnym meczu. Wszechstronny (wyst\u0119powa\u0142 w obronie, pomocy i ataku), inteligentny, my\u015bl\u0105cy, zdyscyplinowany na boisku i w \u017cyciu.\u00a0Cz\u0119sto otrzymywa\u0142 tzw. \"specjalne zadania\", z kt\u00f3rych wywi\u0105zywa\u0142 si\u0119 sumiennie. Dobry duch dru\u017cyny olimpijskiej w Monachium (nie by\u0142 na boisku tylko przez 25 minut turnieju). Dwa lata p\u00f3\u017aniej (1974), niemal w ostatniej chwili, straci\u0142 miejsce w podstawowym sk\u0142adzie na rzecz Maszczyka, wyst\u0105pi\u0142 jednak w sze\u015bciu spotkaniach M\u015a 74. By\u0142 \"pierwszym rezerwowym\" trzeciej dru\u017cyny globu (gra\u0142 w sumie 109 minut) i jak trafnie zauwa\u017cono\u00a0\"prawdziwym jokerem G\u00f3rskiego\". W 1978 po kontuzji, by\u0142 zn\u00f3w w \u015bwietnej formie, ale kolejny selekcjoner (Jacek Gmoch) wyra\u017anie nie lubi\u0142 wszechstronnego legionisty i nie zabra\u0142 go do Argentyny. Wr\u00f3ci\u0142 do reprezentacji po przyj\u015bciu Ryszarda Kuleszy, zagra\u0142 jeszcze w sze\u015bciu spotkaniach i po\u017cegna\u0142 si\u0119 z kadr\u0105 narodow\u0105 po\u015bwi\u0119caj\u0105c si\u0119 pracy trenerskiej. Pocz\u0105tkowo w roli asystenta G\u00f3rskiego w Legii, potem m.in. szkoli\u0142 pi\u0142karzy: Motoru Lublin, G\u00f3rnika Zabrze, Hutnika Krak\u00f3w, Pogoni Szczecin, Gwardii Warszawa. Od sierpnia 1989 do wrze\u015bnia 1993 by\u0142 asystentem selekcjonera Andrzeja Strejlaua, po kt\u00f3rym przej\u0105\u0142 funkcj\u0119 prowadz\u0105c reprezentacj\u0119 w trzech przegranych meczach w ko\u0144cu 1993. Od lat zwi\u0105zany z PZPN,\u00a0by\u0142 jego pe\u0142nomocnikiem do spraw Uczniowskich Klub\u00f3w Sportowych, kontynuuj\u0105c ide\u0119 Marka Wielgusa. Trenowa\u0142 tak\u017ce kadr\u0119 m\u0142odzie\u017cow\u0105. Zas\u0142u\u017cony Mistrz Sportu odznaczony m.in. Z\u0142otym (dwukrotnie) Medalem za Wybitne Osi\u0105gni\u0119cia Sportowe i Krzy\u017cem Kawalerskim OOP. \u017bonaty (El\u017cbieta) ma dwie c\u00f3rki (Joanna, Magdalena). Mieszka w Warszawie.<br\/><br\/>Bibl.: G\u0142uszek, Leksykon 1999, s. 176; EP Fuji: Legia, s. 177, G\u00f3rnik Zabrze, s. 172, Polonia , s. 230-231;\u00a0 Bia\u0142o-Czerwoni, t. 20, s. 165, Liga polska, t. 25, s. 178, Herosi Mundiali, t. 8, s. 51; Gowarzewski, Encyklopedia, s. 346; Gowarzewski, Bia\u0142o-Czerwoni, s. 359; Du\u0144ski, Od Pary\u017ca, s. 138 (tu b\u0142\u0119dny wynik meczu z Grecj\u0105 w Poznaniu w 1971 3: 0, by\u0142o 7:0); Pawlak, Olimpijczycy, s. 55.<br\/><strong>* 1972 Monachium<\/strong>: pomocnik <strong>dru\u017cyny pi\u0142karskiej,<\/strong> kt\u00f3ra w grupie elim. (4 dru\u017c.) pokona\u0142a Kolumbi\u0119 5:1, Ghan\u0119 4:0 i NRD 2:1 zajmuj\u0105c 1 m. w grupie; w grupie p\u00f3\u0142fin. (4 dru\u017c.) zremisowa\u0142a z Dani\u0105 1:1 oraz zwyci\u0119\u017cy\u0142a ZSRR 2:1 i Maroko 5:0, zajmuj\u0105c 1 m. w grupie; w meczu fina\u0142owym wygra\u0142a z W\u0119grami 2:1 (0:1) zdobywaj\u0105c z\u0142oty medal. Wyst\u0105pi\u0142 we wszystkich spotkaniach. Sk\u0142ad dru\u017cyny zob. - Anczok Zygmunt.<br\/><strong>*1976 Montreal:<\/strong> pomocnik <strong>dru\u017cyny pi\u0142karskiej,<\/strong> kt\u00f3ra w grupie elim. (3 dru\u017c.) pokona\u0142a Iran 3:2 i zremisowa\u0142a z Kub\u0105 0:0, zajmuj\u0105c 1 m. w grupie; w \u0107wier\u0107fin. zwyci\u0119\u017cy\u0142a KRL-D 5:0, w p\u00f3\u0142fin. wygra\u0142a z Brazyli\u0105 2:0; w finale przegra\u0142a z NRD 1:3 (0:2) <strong>zdobywaj\u0105c srebrny medal<\/strong>. Wyst\u0105pi\u0142 w spotkaniach z Kub\u0105, Iranem, KRL-D i Brazyli\u0105. Sk\u0142ad dru\u017cyny zob. - Benigier Jan.<\/p><!-- history --><table width=\"85%\" style=\"text-align:right\" border=\"0\" cellspacing=\"0\" cellpadding=\"0\">  <tr>    <td align=\"right\" class=\"box3-title\"><a href=\"javascript:history.back()\">\u00ab powr\u00f3t do listy<\/a><\/td>  <\/tr><\/table>","tmp_old_body_img":false,"tmp_old_lead_img":false,"picture_medalists":false,"important":"","person_achivments":""},"_links":{"self":[{"href":"https:\/\/olimpijski.pl\/en\/wp-json\/wp\/v2\/person\/13485"}],"collection":[{"href":"https:\/\/olimpijski.pl\/en\/wp-json\/wp\/v2\/person"}],"about":[{"href":"https:\/\/olimpijski.pl\/en\/wp-json\/wp\/v2\/types\/person"}],"version-history":[{"count":1,"href":"https:\/\/olimpijski.pl\/en\/wp-json\/wp\/v2\/person\/13485\/revisions"}],"predecessor-version":[{"id":32464,"href":"https:\/\/olimpijski.pl\/en\/wp-json\/wp\/v2\/person\/13485\/revisions\/32464"}],"wp:attachment":[{"href":"https:\/\/olimpijski.pl\/en\/wp-json\/wp\/v2\/media?parent=13485"}],"curies":[{"name":"wp","href":"https:\/\/api.w.org\/{rel}","templated":true}]}}