{"id":13549,"date":"2020-06-24T16:44:42","date_gmt":"2020-06-24T14:44:42","guid":{"rendered":"http:\/\/pkol.local\/person\/ryszard-dawidowicz\/"},"modified":"2020-09-21T00:49:46","modified_gmt":"2020-09-20T22:49:46","slug":"ryszard-dawidowicz","status":"publish","type":"person","link":"https:\/\/olimpijski.pl\/en\/olimpijczycy\/ryszard-dawidowicz\/","title":{"rendered":"Ryszard Dawidowicz"},"content":{"rendered":"<p class=\"title-m-02\">DAWIDOWICZ  RYSZARD<\/p>\n<p><strong>mechanik, stolarz okr\u0119towy, kucharz, &#8220;d\u0142ugowieczny&#8221; torowiec ze Szczecina, 17-krotny mistrz Polski, wicemistrz \u015bwiata (dru\u017cyna 4 km) z Bassano del Grappa (1985), olimpijczyk z Seulu (1988).<\/strong><br \/>\n<strong><br \/><\/strong>Urodzony 11 czerwca 1960 w Starym Czarnowie, syn Adama i Marianny, absolwent Technikum Gastronomicznego w Szczecinie (uprawia\u0142 kilka zawod\u00f3w). Kolarz &#8211;&nbsp;torowiec (177 cm, 75 kg) wierny jednemu klubowi &#8211; WLKS Gryf Szczecin (1981-1996), wychowanek trenera Waldemara Mosbauera (trener kadry Jerzy Bek). Utrzymywa\u0142 si\u0119 w czo\u0142\u00f3wce polskich \u015bredniodystansowc\u00f3w na torze przez kilkana\u015bcie lat. Je\u017adzi\u0142 nienagannie technicznie, zawsze by\u0142 wzorem pracowito\u015bci, ambicji i sportowej postawy (tak\u017ce poza torem). Najwi\u0119kszy sukces (jeden z niewielu w historii polskiego kolarstwa) odni\u00f3s\u0142 w dru\u017cynie na M\u015a zdobywaj\u0105c <strong>srebrny medal<\/strong> w pami\u0119tnym roku 1985 (Piasecki wygra\u0142 Wy\u015bcig Pokoju i mistrzostwo \u015bwiata) i nawi\u0105zuj\u0105c w ten spos\u00f3b (po 51 latach) do pi\u0119knych tradycji Szymczyka, Langego, \u0141azarskiego i Stankiewicza (Pary\u017c 1924). 17-krotny mistrz Polski: 1 km (1985, 1987, 1988), 4 km ind. (1982, 1984, 1988, 1990, 1991, 1995), 4 km dru\u017c. (1983-1990); 8-krotny wicemistrz: 1 km (1986, 1989, 1990), 4 km ind. (1981, 1983, 1992, 1993), sprint olimpijski (1996) i 2-krotny br\u0105zowy medalista MP: 4 km ind. (1987, 1996). A\u017c 9 razy startowa\u0142 na torowych M\u015a (1981, 1982, 1983, 1985, 1986, 1987, 1990, 1991, 1993) gdzie wywalczy\u0142 m. in. srebrny medal w Bassano del Grappa (1985) w wy\u015bcigu na 4 km w dru\u017c. na dochodzenie wraz z M. Turowskim, A. Sikorskim i L. St\u0119pniewskim. W pozosta\u0142ych startach na 4 km zaj\u0105\u0142 m. in. nast\u0119puj\u0105ce miejsce: ind. &#8211; 1982 \/6\/, 1983 \/6\/, 1987 \/5\/, 1990 \/7\/, 1991 \/12\/ i dru\u017c. &#8211; 1986 \/5\/, 1987 \/9\/, 1990 \/14\/. Triumfator zawod\u00f3w o Wielk\u0105 Nagrod\u0119 Europy w wy\u015bcigu dru\u017c. na 4 km (1985) wraz z A. Sikorskim, L. St\u0119pniewskim i M. Turowskim. Rekordzista Polski. 4-krotnie poprawia\u0142 najlepszy wynik w konk. ind. na 4000 m. Najszybciej pokona\u0142 ten dystans na krytym torze w Moskwie (19.08.1984) &#8211; 4.36.973. Nale\u017ca\u0142 tak\u017ce do dru\u017cyny (reprezentacja), kt\u00f3ra 5-krotnie poprawia\u0142a najlepszy wynik na 4000 m, kt\u00f3ry wynosi\u0142 4.16.75 (26.08.1985 Bassano del Grappa). W rankingu (zorganizowanym z okazji 100-lecia polskiego kolarstwa) najlepszych torowc\u00f3w w Polsce (1921-1986) zaj\u0105\u0142 12 m. Zas\u0142u\u017cony Mistrz Sportu. \u017bonaty (ma syna). Mieszka w Szczecinie.<br \/>\n<br \/>Bibl.: G\u0142uszek, Leksykon 1999, s. 178; Pawlak, Olimpijczycy, s. 57 (cz\u0105stkowe dane dot. kariery sportowej); Tuszy\u0144ski, Z\u0142ota ksi\u0119ga, s. 132; Wasyliszyn, Jubileuszowe asy, s. 61; Marcinek, Sportowe asy, s. 150; Latuszkiewicz, Zielone bractwo, s. 13-14; Tuszy\u0144ski, Od Dynas\u00f3w, s. 449, 488-490; Tuszy\u0144ski, 100 lat WTC, s. 425 i dalsze<strong>.<br \/>*1988 Seul: 4000 m na dochodzenie ind.<\/strong> &#8211; w 1\/8 zwyci\u0119\u017cy\u0142 G. Curucheta Argentyna w czasie 4.42.03, w \u0107wier\u0107fin. przegra\u0142 z D. Woodsem Australia w czasie 4.39.44, odp. z konk. zajmuj\u0105c 5 m. (zw. G. Umaras ZSRR &#8211; 4.32.0); <strong>4000 m na dochodzenie dru\u017c,<\/strong> &#8211; w \u0107wier\u0107fin. Polacy przegrali z Francj\u0105 w czasie 4.22.50, odp. z konk. zajmuj\u0105c 7 m. (zw. ZSRR &#8211; 4:13.31). Partnerami w dru\u017cynie byli: J. Halupczok, A. Sikorski i M. Turowski.<\/p>\n<p><!-- history --><\/p>\n<table width=\"85%\" style=\"text-align:right\" border=\"0\" cellspacing=\"0\" cellpadding=\"0\">\n<tr>\n<td align=\"right\" class=\"box3-title\"><a href=\"javascript:history.back()\">&laquo; powr\u00f3t do listy<\/a><\/td>\n<\/tr>\n<\/table>\n","protected":false},"excerpt":{"rendered":"<p>DAWIDOWICZ RYSZARD mechanik, stolarz okr\u0119towy, kucharz, &#8220;d\u0142ugowieczny&#8221; torowiec ze Szczecina, 17-krotny mistrz Polski, wicemistrz \u015bwiata (dru\u017cyna 4 km) z Bassano del Grappa<\/p>\n","protected":false},"featured_media":0,"menu_order":60,"template":"","meta":{"_acf_changed":false,"ub_ctt_via":"","footnotes":""},"class_list":["post-13549","person","type-person","status-publish","hentry","infinite-scroll-item","no-featured-image-padding"],"acf":{"olimpic_information":[{"olimpic":[{"ID":297,"post_author":"1","post_date":"1988-06-17 13:34:45","post_date_gmt":"1988-06-17 11:34:45","post_content":"<!-- wp:heading {\"level\":1,\"className\":\"main-title\"} -->\n<h1 class=\"main-title\"><strong>Igrzyska XXIV Olimpiady<\/strong><br>Seul 1988<\/h1>\n<!-- \/wp:heading -->\n\n<!-- wp:paragraph -->\n<p><br><\/p>\n<!-- \/wp:paragraph -->\n\n<!-- wp:image {\"align\":\"left\",\"id\":19352,\"sizeSlug\":\"large\",\"className\":\"is-style-default\"} -->\n<div class=\"wp-block-image is-style-default\"><figure class=\"alignleft size-large\"><img src=\"https:\/\/olimpijski.pl\/wp-content\/uploads\/1988\/06\/seul1988.png\" alt=\"\" class=\"wp-image-19352\"\/><\/figure><\/div>\n<!-- \/wp:image -->\n\n<!-- wp:list -->\n<ul><li>Igrzyska rozegrano w dniach <strong>17 wrze\u015bnia \u2013 2 pa\u017adziernika<\/strong>.<\/li><li>Wystartowa\u0142o <strong>8391<\/strong> zawodnik\u00f3w (w tym <strong>2194<\/strong> kobiety) ze <strong>153<\/strong> kraj\u00f3w.<\/li><li>Rozdano <strong>237<\/strong> komplet\u00f3w medali.<\/li><li>Przysi\u0119g\u0119 olimpijsk\u0105 w imieniu sportowc\u00f3w z\u0142o\u017cy\u0142 koszykarz <strong>Jae Hur<\/strong>, natomiast w imieniu s\u0119dzi\u00f3w i trener\u00f3w \u2013 <strong>Hak-rae Lee<\/strong>.<\/li><li>Znicz zapalili: nauczyciel <strong>Sun-man Chung<\/strong>, tancerz <strong>Mi-chung Sohn<\/strong> i marato\u0144czyk <strong>Won-Tak Kim<\/strong>.<\/li><li>Igrzyska otworzy\u0142 <strong>prezydent Korei Po\u0142udniowej Tae Woo Roh<\/strong>.<\/li><\/ul>\n<!-- \/wp:list -->\n\n<!-- wp:heading -->\n<h2><strong>Program Igrzysk \u2013 26 dyscyplin, 237 konkurencji<\/strong><\/h2>\n<!-- \/wp:heading -->\n\n<!-- wp:paragraph -->\n<p>boks (12 konkurencji), gimnastyka (15), hokej na trawie (2), je\u017adziectwo (6), judo (7), kajakarstwo (12), kolarstwo (9), koszyk\u00f3wka (2), lekkoatletyka (42), \u0142ucznictwo (4), pi\u0119ciob\u00f3j nowoczesny (2), pi\u0142ka no\u017cna (1), pi\u0142ka r\u0119czna (2), pi\u0142ka siatkowa (2), pi\u0142ka wodna (1), p\u0142ywanie (31), p\u0142ywanie synchroniczne (2), podnoszenie ci\u0119\u017car\u00f3w (10), skoki do wody (4), strzelectwo (13), szermierka (8), tenis (4), tenis sto\u0142owy (4), wio\u015blarstwo (14), zapasy (20), \u017ceglarstwo (8).<\/p>\n<!-- \/wp:paragraph -->\n\n<!-- wp:heading -->\n<h2><strong>Gwiazdy Igrzysk<\/strong><\/h2>\n<!-- \/wp:heading -->\n\n<!-- wp:paragraph -->\n<p><strong>Matthew Nicholas Biondi<\/strong> (USA, p\u0142ywanie) \u2013 5 z\u0142otych medali, 1 srebrny, 1 br\u0105zowy<br><strong>Kristin Otto<\/strong> (NRD, p\u0142ywanie) \u2013 6 z\u0142otych medali<\/p>\n<!-- \/wp:paragraph -->\n\n<!-- wp:heading -->\n<h2><strong>Polska Reprezentacja Olimpijska<\/strong><\/h2>\n<!-- \/wp:heading -->\n\n<!-- wp:paragraph -->\n<p>147 os\u00f3b (startowa\u0142y 143 \u2013 32 kobiety i 111 m\u0119\u017cczyzn) w 19 sportach: 7 bokser\u00f3w, 2 gimnastyczki artystyczne, 5 je\u017ad\u017ac\u00f3w (4 startowa\u0142o, 1 nie), 6 judok\u00f3w, 13 kajakarzy (w tym 5 kobiet; 12 startowa\u0142o, 1 nie), 12 kolarzy (11 startowa\u0142o + 1 rez.), 21 lekkoatlet\u00f3w (w tym 9 kobiet), 3 \u0142uczniczki, 4 pi\u0119cioboist\u00f3w (3 startowa\u0142o + 1 rez.), 5 p\u0142ywak\u00f3w (w tym 2 kobiety), 1 skoczek do wody, 7 ci\u0119\u017carowc\u00f3w, 6 strzelc\u00f3w (w tym 1 kobieta), 18 szermierzy (w tym 5 kobiet), 1 tenisista, 3 tenisist\u00f3w sto\u0142owych, 13 wio\u015blarzy (w tym 5 kobiet), 18 zapa\u015bnik\u00f3w, 2 \u017ceglarzy.<\/p>\n<!-- \/wp:paragraph -->\n\n<!-- wp:paragraph -->\n<p>Chor\u0105\u017cym reprezentacji Polski by\u0142 zapa\u015bnik w stylu klasycznym <strong>Bogdan Daras<\/strong>.<\/p>\n<!-- \/wp:paragraph -->\n\n<!-- wp:heading -->\n<h2><strong>Klasyfikacja medalowa<\/strong><\/h2>\n<!-- \/wp:heading -->\n\n<!-- wp:table {\"hasFixedLayout\":true,\"className\":\"is-style-stripes\"} -->\n<figure class=\"wp-block-table is-style-stripes\"><table class=\"has-fixed-layout\"><tbody><tr><td><\/td><td><\/td><td class=\"has-text-align-center\" data-align=\"center\">&nbsp;<\/td><td class=\"has-text-align-center\" data-align=\"center\">&nbsp;<\/td><td class=\"has-text-align-center\" data-align=\"center\">&nbsp;<\/td><td class=\"has-text-align-center\" data-align=\"center\">&nbsp;<\/td><\/tr><tr><td>&nbsp;<\/td><td>&nbsp;<\/td><td class=\"has-text-align-center\" data-align=\"center\">&nbsp;<\/td><td class=\"has-text-align-center\" data-align=\"center\"><img class=\"wp-image-27817\" style=\"width: 50px;\" src=\"https:\/\/olimpijski.pl\/wp-content\/uploads\/2016\/06\/2016_Rio_zloty_50x50.jpg\" alt=\"\"><\/td><td class=\"has-text-align-center\" data-align=\"center\"><img class=\"wp-image-27819\" style=\"width: 50px;\" src=\"https:\/\/olimpijski.pl\/wp-content\/uploads\/2016\/06\/2016_Rio_sreb_50x50.jpg\" alt=\"\"><\/td><td class=\"has-text-align-center\" data-align=\"center\"><img class=\"wp-image-27821\" style=\"width: 50px;\" src=\"https:\/\/olimpijski.pl\/wp-content\/uploads\/2016\/06\/2016_Rio_braz_50x50.jpg\" alt=\"\"><\/td><\/tr><tr><td>1.<\/td><td>ZSRR<\/td><td class=\"has-text-align-center\" data-align=\"center\">132<\/td><td class=\"has-text-align-center\" data-align=\"center\">55<\/td><td class=\"has-text-align-center\" data-align=\"center\">31<\/td><td class=\"has-text-align-center\" data-align=\"center\">46<\/td><\/tr><tr><td>2.<\/td><td>NRD<\/td><td class=\"has-text-align-center\" data-align=\"center\">102<\/td><td class=\"has-text-align-center\" data-align=\"center\">37<\/td><td class=\"has-text-align-center\" data-align=\"center\">35<\/td><td class=\"has-text-align-center\" data-align=\"center\">30<\/td><\/tr><tr><td>3.<\/td><td>USA<\/td><td class=\"has-text-align-center\" data-align=\"center\">94<\/td><td class=\"has-text-align-center\" data-align=\"center\">36<\/td><td class=\"has-text-align-center\" data-align=\"center\">31<\/td><td class=\"has-text-align-center\" data-align=\"center\">27<\/td><\/tr><tr><td>...<\/td><td>&nbsp;<\/td><td class=\"has-text-align-center\" data-align=\"center\">&nbsp;<\/td><td class=\"has-text-align-center\" data-align=\"center\">&nbsp;<\/td><td class=\"has-text-align-center\" data-align=\"center\">&nbsp;<\/td><td class=\"has-text-align-center\" data-align=\"center\">&nbsp;<\/td><\/tr><tr><td><strong>20.<\/strong><\/td><td><strong>Polska<\/strong><\/td><td class=\"has-text-align-center\" data-align=\"center\"><strong>16<\/strong><\/td><td class=\"has-text-align-center\" data-align=\"center\"><strong>2<\/strong><\/td><td class=\"has-text-align-center\" data-align=\"center\"><strong>5<\/strong><\/td><td class=\"has-text-align-center\" data-align=\"center\"><strong>9<\/strong><\/td><\/tr><\/tbody><\/table><\/figure>\n<!-- \/wp:table -->\n\n<!-- wp:heading -->\n<h2><strong>Medale dla Polski (16)<\/strong><\/h2>\n<!-- \/wp:heading -->\n\n<!-- wp:paragraph -->\n<p>z\u0142oty - Waldemar Legie\u0144 (judo - waga lekko\u015brednia - 78 kg)<br>z\u0142oty - Andrzej Wro\u0144ski (zapasy - styl klasyczny - waga 100 kg)<\/p>\n<!-- \/wp:paragraph -->\n\n<!-- wp:paragraph -->\n<p>srebrny - Janusz Paw\u0142owski (judo - waga 65 kg)<br>srebrny - Janusz Olech (szermierka - turniej indywidualny szablist\u00f3w)<br>srebrny - Andrzej G\u0142\u0105b (zapasy - styl klasyczny - waga 48 kg)<br>srebrny - Marek Dopiera\u0142a i Marek \u0141bik (kajakarstwo - C2 na 500 m)<br>srebrny - Joachim Halupczok, Zenon Jasku\u0142a, Marek Le\u015bniewski, Andrzej Sypytkowski - wy\u015bcig (kolarstwo - dru\u017cynowy wy\u015bcig szosowy na 100 km)<br><br>br\u0105zowy - Jan Dydak (boks - waga p\u00f3\u0142\u015brednia)<br>br\u0105zowy - Henryk Petrich (boks - waga p\u00f3\u0142ci\u0119\u017cka)<br>br\u0105zowy - Andrzej Go\u0142ota (boks - waga ci\u0119\u017cka)<br>br\u0105zowy - Janusz Zarenkiewicz (boks - waga superci\u0119\u017cka)<br>br\u0105zowy - Marek \u0141bik, Marek Dopiera\u0142a (kajakarstwo - C2 na 1000 m)<br>br\u0105zowy - Izabela Dylewska (kajakarstwo K1 na 500 m)<br>br\u0105zowy - Artur Wojdat (p\u0142ywanie - wy\u015bcig na 400 m stylem dowolnym)<br>br\u0105zowy - S\u0142awomir Zawada (podnoszenie ci\u0119\u017car\u00f3w - waga 90 kg)<br>br\u0105zowy - J\u00f3zef Tracz (zapasy - styl klasyczny - waga 74 kg)<\/p>\n<!-- \/wp:paragraph -->\n\n<!-- wp:quote {\"className\":\"is-style-default\"} -->\n<blockquote class=\"wp-block-quote is-style-default\"><p>W imprezie zadebiutowa\u0142y: Aruba, Samoa Ameryka\u0144skie, Wyspy Cooka, Malediwy, Vanuatu, Saint Vincent i Grenadyny, Jemen Po\u0142udniowy i Guam. Do programu powr\u00f3ci\u0142 tenis, a now\u0105 dyscyplin\u0105 zosta\u0142 tenis sto\u0142owy. Dyscyplinami pokazowymi by\u0142y: badminton, baseball, judo kobiet, kr\u0119gle, taekwondo i wy\u015bcig na w\u00f3zkach inwalidzkich.<\/p><p>Przed igrzyskami w\u0142adze KRL-D wysuwa\u0142y \u017c\u0105dania pod adresem MKOl, dotycz\u0105ce przyznania imprezy obu Koreom. Propozycje olimpijskiej centrali w\u0142adze Korei P\u00f3\u0142nocnej uzna\u0142y za niewystarczaj\u0105ce i postanowi\u0142y nie wysy\u0142a\u0107 do Seulu swojej reprezentacji. Na znak solidarno\u015bci do bojkotu przy\u0142\u0105czy\u0142y si\u0119 Kuba i Etiopia.<\/p><\/blockquote>\n<!-- \/wp:quote -->","post_title":"Seul 1988","post_excerpt":"","post_status":"publish","comment_status":"closed","ping_status":"closed","post_password":"","post_name":"seul-1988","to_ping":"","pinged":"","post_modified":"2020-09-28 15:20:40","post_modified_gmt":"2020-09-28 13:20:40","post_content_filtered":"","post_parent":0,"guid":"https:\/\/wai-q98d7hpf9hy9k.wpallimport-demo.qsandbox.me\/olympics_summer\/seul-1988\/","menu_order":0,"post_type":"olympics_summer","post_mime_type":"","comment_count":"0","filter":"raw"}],"competitions_rewards":[{"competition":[{"ID":5853,"post_author":"1","post_date":"2020-06-19 11:32:26","post_date_gmt":"2020-06-19 11:32:26","post_content":"","post_title":"Kolarstwo","post_excerpt":"","post_status":"publish","comment_status":"open","ping_status":"open","post_password":"","post_name":"kolarstwo","to_ping":"","pinged":"","post_modified":"2020-06-29 13:17:08","post_modified_gmt":"2020-06-29 11:17:08","post_content_filtered":"","post_parent":0,"guid":"https:\/\/wai-q7byvryhhcz9k.wpallimport-demo.qsandbox.me\/competition\/kolarstwo\/","menu_order":0,"post_type":"competition","post_mime_type":"","comment_count":"0","filter":"raw"}],"reward":""},{"competition":null,"reward":""}]}],"picture":false,"firstname":"Ryszard","lastname":"Dawidowicz","birthdate_date":"11\/06\/1960","birthdate":"11 czerwca 1960","deathdate_date":"","deathdate":"","placeofbirth":"","club":"","coach":"","metrics":"","seolink":"dawidowicz-ryszard","tmp_old_id":"15051","tmp_old_fid":"294","tmp_old_parent_id":"15544","createdate":"06\/11\/2013","tmp_old_title":"Dawidowicz  Ryszard","tmp_old_lead":"","tmp_old_body":"<p class=\"title-m-02\">DAWIDOWICZ  RYSZARD<\/p>\n\n<p><strong>mechanik, stolarz okr\u0119towy, kucharz, \"d\u0142ugowieczny\" torowiec ze Szczecina, 17-krotny mistrz Polski, wicemistrz \u015bwiata (dru\u017cyna 4 km) z Bassano del Grappa (1985), olimpijczyk z Seulu (1988).<\/strong>\n<strong><br\/><\/strong>Urodzony 11 czerwca 1960 w Starym Czarnowie, syn Adama i Marianny, absolwent Technikum Gastronomicznego w Szczecinie (uprawia\u0142 kilka zawod\u00f3w). Kolarz -&nbsp;torowiec (177 cm, 75 kg) wierny jednemu klubowi - WLKS Gryf Szczecin (1981-1996), wychowanek trenera Waldemara Mosbauera (trener kadry Jerzy Bek). Utrzymywa\u0142 si\u0119 w czo\u0142\u00f3wce polskich \u015bredniodystansowc\u00f3w na torze przez kilkana\u015bcie lat. Je\u017adzi\u0142 nienagannie technicznie, zawsze by\u0142 wzorem pracowito\u015bci, ambicji i sportowej postawy (tak\u017ce poza torem). Najwi\u0119kszy sukces (jeden z niewielu w historii polskiego kolarstwa) odni\u00f3s\u0142 w dru\u017cynie na M\u015a zdobywaj\u0105c <strong>srebrny medal<\/strong> w pami\u0119tnym roku 1985 (Piasecki wygra\u0142 Wy\u015bcig Pokoju i mistrzostwo \u015bwiata) i nawi\u0105zuj\u0105c w ten spos\u00f3b (po 51 latach) do pi\u0119knych tradycji Szymczyka, Langego, \u0141azarskiego i Stankiewicza (Pary\u017c 1924). 17-krotny mistrz Polski: 1 km (1985, 1987, 1988), 4 km ind. (1982, 1984, 1988, 1990, 1991, 1995), 4 km dru\u017c. (1983-1990); 8-krotny wicemistrz: 1 km (1986, 1989, 1990), 4 km ind. (1981, 1983, 1992, 1993), sprint olimpijski (1996) i 2-krotny br\u0105zowy medalista MP: 4 km ind. (1987, 1996). A\u017c 9 razy startowa\u0142 na torowych M\u015a (1981, 1982, 1983, 1985, 1986, 1987, 1990, 1991, 1993) gdzie wywalczy\u0142 m. in. srebrny medal w Bassano del Grappa (1985) w wy\u015bcigu na 4 km w dru\u017c. na dochodzenie wraz z M. Turowskim, A. Sikorskim i L. St\u0119pniewskim. W pozosta\u0142ych startach na 4 km zaj\u0105\u0142 m. in. nast\u0119puj\u0105ce miejsce: ind. - 1982 \/6\/, 1983 \/6\/, 1987 \/5\/, 1990 \/7\/, 1991 \/12\/ i dru\u017c. - 1986 \/5\/, 1987 \/9\/, 1990 \/14\/. Triumfator zawod\u00f3w o Wielk\u0105 Nagrod\u0119 Europy w wy\u015bcigu dru\u017c. na 4 km (1985) wraz z A. Sikorskim, L. St\u0119pniewskim i M. Turowskim. Rekordzista Polski. 4-krotnie poprawia\u0142 najlepszy wynik w konk. ind. na 4000 m. Najszybciej pokona\u0142 ten dystans na krytym torze w Moskwie (19.08.1984) - 4.36.973. Nale\u017ca\u0142 tak\u017ce do dru\u017cyny (reprezentacja), kt\u00f3ra 5-krotnie poprawia\u0142a najlepszy wynik na 4000 m, kt\u00f3ry wynosi\u0142 4.16.75 (26.08.1985 Bassano del Grappa). W rankingu (zorganizowanym z okazji 100-lecia polskiego kolarstwa) najlepszych torowc\u00f3w w Polsce (1921-1986) zaj\u0105\u0142 12 m. Zas\u0142u\u017cony Mistrz Sportu. \u017bonaty (ma syna). Mieszka w Szczecinie.\n<br\/>Bibl.: G\u0142uszek, Leksykon 1999, s. 178; Pawlak, Olimpijczycy, s. 57 (cz\u0105stkowe dane dot. kariery sportowej); Tuszy\u0144ski, Z\u0142ota ksi\u0119ga, s. 132; Wasyliszyn, Jubileuszowe asy, s. 61; Marcinek, Sportowe asy, s. 150; Latuszkiewicz, Zielone bractwo, s. 13-14; Tuszy\u0144ski, Od Dynas\u00f3w, s. 449, 488-490; Tuszy\u0144ski, 100 lat WTC, s. 425 i dalsze<strong>.<br\/>*1988 Seul: 4000 m na dochodzenie ind.<\/strong> - w 1\/8 zwyci\u0119\u017cy\u0142 G. Curucheta Argentyna w czasie 4.42.03, w \u0107wier\u0107fin. przegra\u0142 z D. Woodsem Australia w czasie 4.39.44, odp. z konk. zajmuj\u0105c 5 m. (zw. G. Umaras ZSRR - 4.32.0); <strong>4000 m na dochodzenie dru\u017c,<\/strong> - w \u0107wier\u0107fin. Polacy przegrali z Francj\u0105 w czasie 4.22.50, odp. z konk. zajmuj\u0105c 7 m. (zw. ZSRR - 4:13.31). Partnerami w dru\u017cynie byli: J. Halupczok, A. Sikorski i M. Turowski.<\/p>\n\n<!-- history -->\n<table width=\"85%\" style=\"text-align:right\" border=\"0\" cellspacing=\"0\" cellpadding=\"0\">\n  <tr>\n    <td align=\"right\" class=\"box3-title\"><a href=\"javascript:history.back()\">&laquo; powr\u00f3t do listy<\/a><\/td>\n  <\/tr>\n<\/table>","tmp_old_body_img":false,"tmp_old_lead_img":false,"picture_medalists":false,"important":""},"_links":{"self":[{"href":"https:\/\/olimpijski.pl\/en\/wp-json\/wp\/v2\/person\/13549"}],"collection":[{"href":"https:\/\/olimpijski.pl\/en\/wp-json\/wp\/v2\/person"}],"about":[{"href":"https:\/\/olimpijski.pl\/en\/wp-json\/wp\/v2\/types\/person"}],"version-history":[{"count":0,"href":"https:\/\/olimpijski.pl\/en\/wp-json\/wp\/v2\/person\/13549\/revisions"}],"wp:attachment":[{"href":"https:\/\/olimpijski.pl\/en\/wp-json\/wp\/v2\/media?parent=13549"}],"curies":[{"name":"wp","href":"https:\/\/api.w.org\/{rel}","templated":true}]}}