{"id":13685,"date":"2020-06-24T16:45:19","date_gmt":"2020-06-24T14:45:19","guid":{"rendered":"http:\/\/pkol.local\/person\/gasienica-roj-andrzej-stanislaw\/"},"modified":"2020-11-30T09:47:30","modified_gmt":"2020-11-30T08:47:30","slug":"gasienica-roj-andrzej-stanislaw","status":"publish","type":"person","link":"https:\/\/olimpijski.pl\/en\/olimpijczycy\/gasienica-roj-andrzej-stanislaw\/","title":{"rendered":"Andrzej G\u0105sienica Roj (1930-1989)"},"content":{"rendered":"\n<p><br><br><strong>ps. &#8220;W\u0105s&#8221;, narciarz, alpejczyk z Zakopanego, wielokrotny mistrz i reprezentant Polski, olimpijczyk z Oslo (1952) i Cortina d&#8217;Ampezzo (1956), rajdowiec (motocykle, motocrossy), wybitny trener i ekspert FIS do spraw narciarstwa zjazdowego.<\/strong><br><br>Urodzony 30 listopada 1930 w Zakopanem, syn Stanis\u0142awa (przewodnika i ratownika g\u00f3rskiego) i Karoliny z Krzeptowskich, absolwent Pa\u0144stwowej Szko\u0142y Przemys\u0142owej w Krakowie (1952); studiowa\u0142 te\u017c w warszawskiej AWF, gdzie otrzyma\u0142 dyplom trenera narciarstwa II kl. Zawodnik (konkurencje alpejskie) klub\u00f3w zakopia\u0144skich: Harcerskiego KN (1946-1951) i AZS (1951-1961). Rozpoczyna\u0142 karier\u0119 sportow\u0105 (1946) od bieg\u00f3w i skok\u00f3w i dopiero po kilku latach rozsmakowa\u0142 si\u0119 w konkurencjach zjazdowych, staj\u0105c si\u0119 &#8220;etatowym rywalem&#8221; Jana Ciaptaka G\u0105sienicy i Stefana Dziedzica.<\/p>\n\n\n\n<p>W po\u0142owie lat pi\u0119\u0107dziesi\u0105tych zaliczany by\u0142 (przede wszystkim w zje\u017adzie) do czo\u0142\u00f3wki \u015bwiatowej. Straci\u0142 z ni\u0105 kontakt po wypadku motocyklowym w drodze do Krakowa (1956, noga w gipsie przez 7 miesi\u0119cy). 7-krotny mistrz Polski w zje\u017adzie (1951, 1953, 1956, 1959, 1961), slalomie (1953) i kombinacji alpejskiej (1961). 8-krotny wicemistrz Polski w zje\u017adzie (1960), slalomie (1951, 1952), slalomie gigancie (1954, 1960), kombinacji (1951, 1959, 1960). Uczestnik M\u015a: 1954 Are; 10 m. (zjazd), 27 m. (slalom gigant), 34 m. (slalom), 10 m. (kombinacja alpejska); 1958 Badgastein: 20 m. (komb.). 7<strong>&#8211;<\/strong>krotny medalista AM\u015a: 1951 Poiana: 2 m. (zjazd), 3 m. (komb.); 1953 Semmering: 1 m. (zjazd), 2 m. (slalom gigant), 1 m. (komb.); 1956 Zakopane: 2 m. (zjazd), 2 m. (slalom). Zwyci\u0119zca Memoria\u0142u B. Czecha i H. Marusarz\u00f3wny (1953, zjazd).<\/p>\n\n\n\n<p>Poza narciarstwem uczestniczy\u0142 w rajdach motocyklowych i motocrossowych b\u0119d\u0105c zawodnikiem Tatrza\u0144skiego Klubu Motorowego, a nast\u0119pnie LP\u017b w Zakopanem. M. in. mistrz Polski w motocrossie w kat. do 500 cm3 (1958) i zdobywca g\u0142\u00f3wnej nagrody zespo\u0142owej w Rajdzie Tatrza\u0144skim (1963). Po zako\u0144czeniu kariery zawodniczej po\u015bwi\u0119ci\u0142 si\u0119 pracy trenersko &#8211; szkoleniowej w kt\u00f3rej odni\u00f3s\u0142 sukcesy. By\u0142 przede wszystkim trenerem kadry narodowej m\u0119\u017cczyzn w konkurencjach alpejskich (1961-1971), wychowawc\u0105 m. in. Andrzeja i Jana Bachled\u00f3w oraz Andrzeja Derezi\u0144skiego. P\u00f3\u017aniej kierownik wyszkolenia PZN (1971-1982), wiceprezes AZS Zakopane (1982-1985), za\u015b od 1985 trener i koordynator szkolenia w zakopia\u0144skiej Wi\u015ble. Od 1970 by\u0142 cz\u0142onkiem Komisji Zjazd\u00f3w FIS i delegatem technicznym FIS w konkurencjach alpejskich. Ekspert (znany i ceniony w \u015bwiecie narciarskim) do spraw narciarstwa zjazdowego m. in. na ZIO 1976 (Innsbruck) i 1984 (Sarajewo). Skromny, pracowity, \u017cyczliwy ludziom umia\u0142 pi\u0119knie i zajmuj\u0105co m\u00f3wi\u0107 o narciarstwie. Tak\u017ce jego brat W\u0142adys\u0142aw Roj by\u0142 s\u0119dzi\u0105 i delegatem technicznym FIS, ale w skokach i kombinacji norweskiej. Zas\u0142u\u017cony Mistrz Sportu.<\/p>\n\n\n\n<p>Zmar\u0142 nagle na zawa\u0142 serca w Zakopanem 15 listopada 1989 r.<br><br><strong>*1952 Oslo: narciarstwo alpejskie, zjazd<\/strong> &#8211; 22 m. na 81 start. z czasem 2.44,3 (zw. W\u0142och Z. Colo &#8211; 2.30,8); <strong>slalom spec.<\/strong> &#8211; 28 m. na 86 start. z czasem 2.29,6 (zw. Austriak O. Schneider &#8211; 2.00,0); <strong>slalom gig.<\/strong> &#8211; 41 m. na 83 start. z czasem 2.52,2 (zw. Norweg S. Eriksen &#8211; 2.25,0).<\/p>\n\n\n\n<p><strong>*1956 Cortina D&#8217;Ampezzo: narciarstwo alpejskie, zjazd<\/strong> &#8211; 15 m. na 75 start. z czasem 3.09,3 (zw. Austriak T. Sailer &#8211; 2.52,2); <strong>slalom spec<\/strong>. &#8211; 23 m. na 90 start. z czasem 3.55,8 (zw. Austriak T. Sailer &#8211; 3.14,7); <strong>slalom gig.<\/strong> &#8211; 54 m.&nbsp; na 95 start. z czasem 3.48,6 (zw. Austriak T. Sailer &#8211; 3.00,1).<\/p>\n\n\n\n<p><em>Bibl.: G\u0142uszek, Leksykon 1999, s. 195;&nbsp;Pawlak, Olimpijczycy, s. 78;&nbsp;S\u0142ownik WF, 1996, z. 1, s. 91-92; MES, t. 1, s. 172;&nbsp;Zdebska, Mistrzowie nart, s. 106-110;&nbsp;Porada, Igrzyska, s. 833, 842; Fischer, Kronika, s. 198-200;&nbsp; Iskier&nbsp;przewodnik, s. 440-441; Ziele\u015bkiewicz, Encyklopedia, s. 64-65, 360 (tu data \u015bmierci: 15.07.1989); AAWF Warszawa, sygn. D-893\/S.<\/em><\/p>\n","protected":false},"excerpt":{"rendered":"<p>ps. &#8220;W\u0105s&#8221;, narciarz, alpejczyk z Zakopanego, wielokrotny mistrz i reprezentant Polski, olimpijczyk z Oslo (1952) i Cortina d&#8217;Ampezzo (1956), rajdowiec (motocykle, motocrossy), wybitny trener i ekspert FIS do spraw narciarstwa zjazdowego. &#8230; <a class=\"read-more\" href=\"https:\/\/olimpijski.pl\/en\/olimpijczycy\/gasienica-roj-andrzej-stanislaw\/\">Czytaj dalej<\/a><\/p>\n","protected":false},"featured_media":36455,"menu_order":60,"template":"","meta":{"_acf_changed":false,"ub_ctt_via":"","footnotes":""},"class_list":["post-13685","person","type-person","status-publish","has-post-thumbnail","hentry","infinite-scroll-item","no-featured-image-padding","resize-featured-image"],"acf":{"olimpic_information":[{"olimpic":[{"ID":5906,"post_author":"15","post_date":"1952-06-17 13:54:39","post_date_gmt":"1952-06-17 12:54:39","post_content":"<!-- wp:heading {\"level\":1,\"className\":\"main-title\"} -->\n<h1 class=\"main-title\"><strong>VI ZIO<\/strong><br>Oslo 1952<\/h1>\n<!-- \/wp:heading -->\n\n<!-- wp:paragraph -->\n<p><br><\/p>\n<!-- \/wp:paragraph -->\n\n<!-- wp:image {\"align\":\"left\",\"id\":19386,\"sizeSlug\":\"large\",\"className\":\"is-style-default\"} -->\n<div class=\"wp-block-image is-style-default\"><figure class=\"alignleft size-large\"><img src=\"https:\/\/olimpijski.pl\/wp-content\/uploads\/1952\/06\/oslo1952.png\" alt=\"\" class=\"wp-image-19386\"\/><\/figure><\/div>\n<!-- \/wp:image -->\n\n<!-- wp:list -->\n<ul><li>Igrzyska rozegrano w dniach <strong>14-25 lutego<\/strong>.<\/li><li>Wystartowa\u0142o <strong>694<\/strong> zawodnik\u00f3w (w tym <strong>109<\/strong> kobiet) z <strong>30<\/strong> kraj\u00f3w.<\/li><li>Rozdano <strong>22<\/strong> komplety medali.<\/li><li>W Oslo po raz pierwszy w historii zap\u0142on\u0105\u0142 znicz zimowych igrzysk. Zapali\u0142 go wnuk badacza polarnego <strong>Fridtjoefa Nansena, Egil<\/strong>.<\/li><li>Otwarcie igrzysk og\u0142osi\u0142a <strong>ksi\u0119\u017cniczka Ragnhild<\/strong>.<\/li><\/ul>\n<!-- \/wp:list -->\n\n<!-- wp:heading -->\n<h2><strong>Program Igrzysk \u2013 6 dyscyplin i 22 konkurencje<\/strong><\/h2>\n<!-- \/wp:heading -->\n\n<!-- wp:paragraph -->\n<p>bobsleje (2 konkurencje), hokej na lodzie (1), \u0142y\u017cwiarstwo figurowe (3), \u0142y\u017cwiarstwo szybkie (4), narciarstwo alpejskie (6), narciarstwo klasyczne (6).<\/p>\n<!-- \/wp:paragraph -->\n\n<!-- wp:heading -->\n<h2><strong>Gwiazdy Igrzysk<\/strong><\/h2>\n<!-- \/wp:heading -->\n\n<!-- wp:paragraph -->\n<p><strong>Hjalmar Andersen<\/strong> (Norwegia, \u0142y\u017cwiarstwo szybkie) \u2013 3 z\u0142ote medale<br><strong>Andrea B. Mead Lawrence<\/strong> (USA, narciarstwo alpejskie) \u2013 2 z\u0142ote medale<br><strong>Andreas Ostler<\/strong> (Niemcy, bobsleje) \u2013 2 z\u0142ote medale<br><strong>Lorenz Nieberl<\/strong> (Niemcy, bobsleje) \u2013 2 z\u0142ote medale<\/p>\n<!-- \/wp:paragraph -->\n\n<!-- wp:heading -->\n<h2><strong>Polska Reprezentacja Olimpijska<\/strong><\/h2>\n<!-- \/wp:heading -->\n\n<!-- wp:paragraph -->\n<p><strong>32 osoby<\/strong> (startowa\u0142o 30 \u2013 3 kobiety i 27 m\u0119\u017cczyzn) w 2 sportach: 16 hokeist\u00f3w, 16 narciarzy (w tym 3 kobiety; 14 startowa\u0142o, 2 nie).<\/p>\n<!-- \/wp:paragraph -->\n\n<!-- wp:paragraph -->\n<p>Chor\u0105\u017cym reprezentacji Polski by\u0142 skoczek narciarski <strong>Stanis\u0142aw Marusarz<\/strong>.<\/p>\n<!-- \/wp:paragraph -->\n\n<!-- wp:heading -->\n<h2><strong>Klasyfikacja medalowa<\/strong><\/h2>\n<!-- \/wp:heading -->\n\n<!-- wp:table {\"hasFixedLayout\":true,\"className\":\"is-style-stripes\"} -->\n<figure class=\"wp-block-table is-style-stripes\"><table class=\"has-fixed-layout\"><tbody><tr><td><\/td><td><\/td><td class=\"has-text-align-center\" data-align=\"center\">&nbsp;<\/td><td class=\"has-text-align-center\" data-align=\"center\">&nbsp;<\/td><td class=\"has-text-align-center\" data-align=\"center\">&nbsp;<\/td><td class=\"has-text-align-center\" data-align=\"center\">&nbsp;<\/td><\/tr><tr><td>&nbsp;<\/td><td>&nbsp;<\/td><td class=\"has-text-align-center\" data-align=\"center\">&nbsp;<\/td><td class=\"has-text-align-center\" data-align=\"center\"><img class=\"wp-image-26068\" style=\"width: 50px;\" src=\"https:\/\/olimpijski.pl\/wp-content\/uploads\/1948\/06\/2008_Pekin_zloty_50x50.jpg\" alt=\"\"><\/td><td class=\"has-text-align-center\" data-align=\"center\"><img class=\"wp-image-26071\" style=\"width: 50px;\" src=\"https:\/\/olimpijski.pl\/wp-content\/uploads\/1948\/06\/2008_Pekin_sreb_50x50.jpg\" alt=\"\"><\/td><td class=\"has-text-align-center\" data-align=\"center\"><img class=\"wp-image-26073\" style=\"width: 50px;\" src=\"https:\/\/olimpijski.pl\/wp-content\/uploads\/1948\/06\/2008_Pekin_braz_50x50.jpg\" alt=\"\"><\/td><\/tr><tr><td>1.<\/td><td>Norwegia<\/td><td class=\"has-text-align-center\" data-align=\"center\">16<\/td><td class=\"has-text-align-center\" data-align=\"center\">7<\/td><td class=\"has-text-align-center\" data-align=\"center\">3<\/td><td class=\"has-text-align-center\" data-align=\"center\">6<\/td><\/tr><tr><td>2.<\/td><td>USA<\/td><td class=\"has-text-align-center\" data-align=\"center\">11<\/td><td class=\"has-text-align-center\" data-align=\"center\">4<\/td><td class=\"has-text-align-center\" data-align=\"center\">6<\/td><td class=\"has-text-align-center\" data-align=\"center\">1<\/td><\/tr><tr><td>3.<\/td><td>Finlandia<\/td><td class=\"has-text-align-center\" data-align=\"center\">9<\/td><td class=\"has-text-align-center\" data-align=\"center\">3<\/td><td class=\"has-text-align-center\" data-align=\"center\">4<\/td><td class=\"has-text-align-center\" data-align=\"center\">2<\/td><\/tr><tr><td>...<\/td><td>&nbsp;<\/td><td class=\"has-text-align-center\" data-align=\"center\">&nbsp;<\/td><td class=\"has-text-align-center\" data-align=\"center\">&nbsp;<\/td><td class=\"has-text-align-center\" data-align=\"center\">&nbsp;<\/td><td class=\"has-text-align-center\" data-align=\"center\">&nbsp;<\/td><\/tr><tr><td>&nbsp;<\/td><td><strong>Polska<\/strong><\/td><td class=\"has-text-align-center\" data-align=\"center\"><strong>0<\/strong><\/td><td class=\"has-text-align-center\" data-align=\"center\"><strong>0<\/strong><\/td><td class=\"has-text-align-center\" data-align=\"center\"><strong>0<\/strong><\/td><td class=\"has-text-align-center\" data-align=\"center\"><strong>0<\/strong><\/td><\/tr><\/tbody><\/table><\/figure>\n<!-- \/wp:table -->\n\n<!-- wp:quote {\"className\":\"is-style-default\"} -->\n<blockquote class=\"wp-block-quote is-style-default\"><p>Dyscyplin\u0105 pokazow\u0105 by\u0142o bandy (odmiana hokeja na lodzie).<\/p><p>Najlepiej z Polak\u00f3w zaprezentowali si\u0119 hokei\u015bci, kt\u00f3rzy zaj\u0119li 6. miejsce: Micha\u0142 Antuszewicz, Henryk Bronowicz, Kazimierz Chodakowski, Stefan Wojciech Csorich, Rudolf Karl Czech, Alfred Konrad Gansiniec, Jan Hampel, Marian Je\u017cak, Eugeniusz Stanis\u0142aw Lewacki, Roman Penczek, Hilary Skar\u017cy\u0144ski, \u015awicarz, Stanis\u0142aw Szlendak,&nbsp; Zdzis\u0142aw Trojanowski, Alfred II Wr\u00f3bel i Antoni I Wr\u00f3bel.<\/p><\/blockquote>\n<!-- \/wp:quote -->","post_title":"Oslo 1952","post_excerpt":"","post_status":"publish","comment_status":"closed","ping_status":"closed","post_password":"","post_name":"oslo-1952","to_ping":"","pinged":"","post_modified":"2020-09-30 11:49:06","post_modified_gmt":"2020-09-30 09:49:06","post_content_filtered":"","post_parent":0,"guid":"https:\/\/wai-q98d7hpf9hy9k.wpallimport-demo.qsandbox.me\/olympics_winter\/oslo-1952\/","menu_order":0,"post_type":"olympics_winter","post_mime_type":"","comment_count":"0","filter":"raw"}],"competitions_rewards":[{"competition":[{"ID":15664,"post_author":"1","post_date":"2020-06-29 14:13:41","post_date_gmt":"2020-06-29 12:13:41","post_content":"","post_title":"Narciarstwo","post_excerpt":"","post_status":"publish","comment_status":"closed","ping_status":"closed","post_password":"","post_name":"narciarstwo","to_ping":"","pinged":"","post_modified":"2020-06-29 14:13:41","post_modified_gmt":"2020-06-29 12:13:41","post_content_filtered":"","post_parent":0,"guid":"http:\/\/pkol.cumulus.atthouse.pl\/?post_type=competition&#038;p=15664","menu_order":0,"post_type":"competition","post_mime_type":"","comment_count":"0","filter":"raw"}],"reward":""}]},{"olimpic":[{"ID":5905,"post_author":"15","post_date":"1956-06-17 13:54:39","post_date_gmt":"1956-06-17 12:54:39","post_content":"<!-- wp:heading {\"level\":1,\"className\":\"main-title\"} -->\n<h1 class=\"wp-block-heading main-title\"><strong>VII ZIO<\/strong><br>Cortina d'Ampezzo 1956<\/h1>\n<!-- \/wp:heading -->\n\n<!-- wp:paragraph -->\n<p><br><\/p>\n<!-- \/wp:paragraph -->\n\n<!-- wp:image {\"id\":19366,\"sizeSlug\":\"large\",\"align\":\"left\",\"className\":\"is-style-default\"} -->\n<figure class=\"wp-block-image alignleft size-large is-style-default\"><img src=\"https:\/\/olimpijski.pl\/wp-content\/uploads\/1956\/06\/cortina-d-ampezzo1956.png\" alt=\"\" class=\"wp-image-19366\"\/><\/figure>\n<!-- \/wp:image -->\n\n<!-- wp:list -->\n<ul class=\"wp-block-list\"><!-- wp:list-item -->\n<li>Igrzyska rozegrano w dniach <strong>26 stycznia \u2013 5 lutego<\/strong>.<\/li>\n<!-- \/wp:list-item -->\n\n<!-- wp:list-item -->\n<li>Wystartowa\u0142o <strong>821<\/strong> zawodnik\u00f3w (w tym <strong>134<\/strong> kobiety) z <strong>32<\/strong> kraj\u00f3w.<\/li>\n<!-- \/wp:list-item -->\n\n<!-- wp:list-item -->\n<li>Rozdano <strong>24<\/strong> komplety medali.<\/li>\n<!-- \/wp:list-item -->\n\n<!-- wp:list-item -->\n<li>Znicz olimpijski zapali\u0142 \u0142y\u017cwiarz szybki <strong>Guido Caroli<\/strong>.<\/li>\n<!-- \/wp:list-item -->\n\n<!-- wp:list-item -->\n<li>Igrzyska otworzy\u0142 <strong>prezydent W\u0142och Giovanni Gronchi<\/strong>.<\/li>\n<!-- \/wp:list-item --><\/ul>\n<!-- \/wp:list -->\n\n<!-- wp:heading -->\n<h2 class=\"wp-block-heading\"><strong>Program Igrzysk \u2013 6 dyscyplin i 24 konkurencje<\/strong><\/h2>\n<!-- \/wp:heading -->\n\n<!-- wp:paragraph -->\n<p>bobsleje (2 konkurencje), hokej na lodzie (1), \u0142y\u017cwiarstwo figurowe (3), \u0142y\u017cwiarstwo szybkie (4), narciarstwo alpejskie (6), narciarstwo klasyczne (8).<\/p>\n<!-- \/wp:paragraph -->\n\n<!-- wp:heading -->\n<h2 class=\"wp-block-heading\"><strong>Gwiazdy Igrzysk<\/strong><\/h2>\n<!-- \/wp:heading -->\n\n<!-- wp:paragraph -->\n<p><strong>Anton \u201eToni\u201d Sailer<\/strong> (Austria, narciarstwo alpejskie) \u2013 3 z\u0142ote medale<br><strong>Sixten Jernberg<\/strong> (Szwecja, biegi narciarskie) \u2013 1 z\u0142oty medal, 2 srebrne, 1 br\u0105zowy<\/p>\n<!-- \/wp:paragraph -->\n\n<!-- wp:heading -->\n<h2 class=\"wp-block-heading\"><strong>Polska Reprezentacja Olimpijska<\/strong><\/h2>\n<!-- \/wp:heading -->\n\n<!-- wp:paragraph -->\n<p><strong>52 osoby<\/strong> (startowa\u0142o 51 \u2013 7 kobiet i 44 m\u0119\u017cczyzn) w 3 sportach: 9 bobsleist\u00f3w, 17 hokeist\u00f3w, 26 narciarzy (w tym 7 kobiet; 25 startowa\u0142o + 1 rez.).<\/p>\n<!-- \/wp:paragraph -->\n\n<!-- wp:paragraph -->\n<p>Chor\u0105\u017cym reprezentacji Polski by\u0142 43-letni biegacz narciarski i lekkoatleta <strong>Tadeusz Kwapie\u0144<\/strong>.<\/p>\n<!-- \/wp:paragraph -->\n\n<!-- wp:heading -->\n<h2 class=\"wp-block-heading\"><strong>Klasyfikacja medalowa<\/strong><\/h2>\n<!-- \/wp:heading -->\n\n<!-- wp:table {\"className\":\"is-style-stripes\"} -->\n<figure class=\"wp-block-table is-style-stripes\"><table class=\"has-fixed-layout\"><tbody><tr><td><\/td><td><\/td><td class=\"has-text-align-center\" data-align=\"center\">&nbsp;<\/td><td class=\"has-text-align-center\" data-align=\"center\">&nbsp;<\/td><td class=\"has-text-align-center\" data-align=\"center\">&nbsp;<\/td><td class=\"has-text-align-center\" data-align=\"center\">&nbsp;<\/td><\/tr><tr><td>&nbsp;<\/td><td>&nbsp;<\/td><td class=\"has-text-align-center\" data-align=\"center\">&nbsp;<\/td><td class=\"has-text-align-center\" data-align=\"center\"><img class=\"wp-image-26068\" style=\"width: 50px;\" src=\"https:\/\/olimpijski.pl\/wp-content\/uploads\/1948\/06\/2008_Pekin_zloty_50x50.jpg\" alt=\"\"><\/td><td class=\"has-text-align-center\" data-align=\"center\"><img class=\"wp-image-26071\" style=\"width: 50px;\" src=\"https:\/\/olimpijski.pl\/wp-content\/uploads\/1948\/06\/2008_Pekin_sreb_50x50.jpg\" alt=\"\"><\/td><td class=\"has-text-align-center\" data-align=\"center\"><img class=\"wp-image-26073\" style=\"width: 50px;\" src=\"https:\/\/olimpijski.pl\/wp-content\/uploads\/1948\/06\/2008_Pekin_braz_50x50.jpg\" alt=\"\"><\/td><\/tr><tr><td>1.<\/td><td>ZSRR<\/td><td class=\"has-text-align-center\" data-align=\"center\">16<\/td><td class=\"has-text-align-center\" data-align=\"center\">7<\/td><td class=\"has-text-align-center\" data-align=\"center\">3<\/td><td class=\"has-text-align-center\" data-align=\"center\">6<\/td><\/tr><tr><td>2.<\/td><td>Austria<\/td><td class=\"has-text-align-center\" data-align=\"center\">11<\/td><td class=\"has-text-align-center\" data-align=\"center\">4<\/td><td class=\"has-text-align-center\" data-align=\"center\">3<\/td><td class=\"has-text-align-center\" data-align=\"center\">4<\/td><\/tr><tr><td>3.<\/td><td>Finlandia<\/td><td class=\"has-text-align-center\" data-align=\"center\">7<\/td><td class=\"has-text-align-center\" data-align=\"center\">3<\/td><td class=\"has-text-align-center\" data-align=\"center\">3<\/td><td class=\"has-text-align-center\" data-align=\"center\">1<\/td><\/tr><tr><td>...<\/td><td>&nbsp;<\/td><td class=\"has-text-align-center\" data-align=\"center\">&nbsp;<\/td><td class=\"has-text-align-center\" data-align=\"center\">&nbsp;<\/td><td class=\"has-text-align-center\" data-align=\"center\">&nbsp;<\/td><td class=\"has-text-align-center\" data-align=\"center\">&nbsp;<\/td><\/tr><tr><td>&nbsp;<\/td><td><strong>Polska<\/strong><\/td><td class=\"has-text-align-center\" data-align=\"center\"><strong>1<\/strong><\/td><td class=\"has-text-align-center\" data-align=\"center\"><strong>0<\/strong><\/td><td class=\"has-text-align-center\" data-align=\"center\"><strong>0<\/strong><\/td><td class=\"has-text-align-center\" data-align=\"center\"><strong>1<\/strong><\/td><\/tr><\/tbody><\/table><\/figure>\n<!-- \/wp:table -->\n\n<!-- wp:heading -->\n<h2 class=\"wp-block-heading\"><strong>Medale dla Polski (1)<\/strong><\/h2>\n<!-- \/wp:heading -->\n\n<!-- wp:paragraph -->\n<p>Br\u0105zowy \u2013 Franciszek G\u0105sienica Gro\u0144 (kombinacja norweska)<\/p>\n<!-- \/wp:paragraph -->\n\n<!-- wp:quote {\"className\":\"is-style-default\"} -->\n<blockquote class=\"wp-block-quote is-style-default\"><!-- wp:paragraph -->\n<p>Po raz pierwszy na olimpijskim \u015bniegu i lodzie pojawili si\u0119 sportowcy ZSRR i od razu wygrali klasyfikacj\u0119 medalow\u0105, a ich najwi\u0119kszym propagandowym sukcesem by\u0142o zwyci\u0119stwo w turnieju hokejowym i prze\u0142amanie hegemonii Kanadyjczyk\u00f3w.<\/p>\n<!-- \/wp:paragraph -->\n\n<!-- wp:paragraph -->\n<p>Polsce po raz pierwszy w historii start\u00f3w przypad\u0142 nieoczekiwanie medal olimpijski. By\u0142 to te\u017c pierwszy medal w kombinacji norweskiej zdobyty przez narciarza spoza Skandynawii.<\/p>\n<!-- \/wp:paragraph --><\/blockquote>\n<!-- \/wp:quote -->","post_title":"Cortina d'Ampezzo 1956","post_excerpt":"","post_status":"publish","comment_status":"closed","ping_status":"closed","post_password":"","post_name":"cortina-dampezzo-1956","to_ping":"","pinged":"","post_modified":"2025-12-17 14:36:00","post_modified_gmt":"2025-12-17 13:36:00","post_content_filtered":"","post_parent":0,"guid":"https:\/\/wai-q98d7hpf9hy9k.wpallimport-demo.qsandbox.me\/olympics_winter\/cortina-dampezzo-1956\/","menu_order":0,"post_type":"olympics_winter","post_mime_type":"","comment_count":"0","filter":"raw"}],"competitions_rewards":[{"competition":[{"ID":15664,"post_author":"1","post_date":"2020-06-29 14:13:41","post_date_gmt":"2020-06-29 12:13:41","post_content":"","post_title":"Narciarstwo","post_excerpt":"","post_status":"publish","comment_status":"closed","ping_status":"closed","post_password":"","post_name":"narciarstwo","to_ping":"","pinged":"","post_modified":"2020-06-29 14:13:41","post_modified_gmt":"2020-06-29 12:13:41","post_content_filtered":"","post_parent":0,"guid":"http:\/\/pkol.cumulus.atthouse.pl\/?post_type=competition&#038;p=15664","menu_order":0,"post_type":"competition","post_mime_type":"","comment_count":"0","filter":"raw"}],"reward":""}]}],"picture":{"ID":36455,"id":36455,"title":"Andrzej_Gasienica-Roj","filename":"Andrzej_Gasienica-Roj.jpg","filesize":51341,"url":"https:\/\/olimpijski.pl\/wp-content\/uploads\/2020\/06\/Andrzej_Gasienica-Roj.jpg","link":"https:\/\/olimpijski.pl\/en\/olimpijczycy\/gasienica-roj-andrzej-stanislaw\/andrzej_gasienica-roj\/#main","alt":"","author":"15","description":"","caption":"","name":"andrzej_gasienica-roj","status":"inherit","uploaded_to":13685,"date":"2020-11-30 08:44:30","modified":"2020-11-30 08:44:30","menu_order":0,"mime_type":"image\/jpeg","type":"image","subtype":"jpeg","icon":"https:\/\/olimpijski.pl\/wp-includes\/images\/media\/default.png","width":375,"height":482,"sizes":{"thumbnail":"https:\/\/olimpijski.pl\/wp-content\/uploads\/2020\/06\/Andrzej_Gasienica-Roj-150x150.jpg","thumbnail-width":150,"thumbnail-height":150,"medium":"https:\/\/olimpijski.pl\/wp-content\/uploads\/2020\/06\/Andrzej_Gasienica-Roj-233x300.jpg","medium-width":233,"medium-height":300,"medium_large":"https:\/\/olimpijski.pl\/wp-content\/uploads\/2020\/06\/Andrzej_Gasienica-Roj.jpg","medium_large-width":375,"medium_large-height":482,"large":"https:\/\/olimpijski.pl\/wp-content\/uploads\/2020\/06\/Andrzej_Gasienica-Roj.jpg","large-width":375,"large-height":482,"1536x1536":"https:\/\/olimpijski.pl\/wp-content\/uploads\/2020\/06\/Andrzej_Gasienica-Roj.jpg","1536x1536-width":375,"1536x1536-height":482,"2048x2048":"https:\/\/olimpijski.pl\/wp-content\/uploads\/2020\/06\/Andrzej_Gasienica-Roj.jpg","2048x2048-width":375,"2048x2048-height":482,"ultp_layout_landscape_large":"https:\/\/olimpijski.pl\/wp-content\/uploads\/2020\/06\/Andrzej_Gasienica-Roj.jpg","ultp_layout_landscape_large-width":375,"ultp_layout_landscape_large-height":482,"ultp_layout_landscape":"https:\/\/olimpijski.pl\/wp-content\/uploads\/2020\/06\/Andrzej_Gasienica-Roj.jpg","ultp_layout_landscape-width":375,"ultp_layout_landscape-height":482,"ultp_layout_portrait":"https:\/\/olimpijski.pl\/wp-content\/uploads\/2020\/06\/Andrzej_Gasienica-Roj.jpg","ultp_layout_portrait-width":375,"ultp_layout_portrait-height":482,"ultp_layout_square":"https:\/\/olimpijski.pl\/wp-content\/uploads\/2020\/06\/Andrzej_Gasienica-Roj.jpg","ultp_layout_square-width":375,"ultp_layout_square-height":482}},"firstname":"Andrzej","lastname":"G\u0105sienica Roj (1930-1989)","birthdate_date":"30\/11\/1930","birthdate":"30 listopada 1930","deathdate_date":"15\/11\/1989","deathdate":"15 listopada 1989","placeofbirth":"","club":"","coach":"","metrics":"","seolink":"gasienica-roj-andrzej-stanislaw","tmp_old_id":"14186","tmp_old_fid":"294","tmp_old_parent_id":"15544","createdate":"06\/11\/2013","tmp_old_title":"G\u0105sienica  Roj  Andrzej  Stanis\u0142aw (1930-1989)","tmp_old_lead":"","tmp_old_body":"<p class=\"title-m-02\">G\u0104SIENICA  ROJ  ANDRZEJ  STANIS\u0141AW (1930-1989)<\/p><p><strong>ps. \"W\u0105s\", narciarz, alpejczyk z Zakopanego, wielokrotny mistrz i reprezentant Polski, olimpijczyk z Oslo (1952) i Cortina d'Ampezzo (1956), rajdowiec (motocykle, motocrossy), wybitny trener i ekspert FIS do spraw narciarstwa zjazdowego.<\/strong><strong><\/strong><br\/>Urodzony 30 listopada 1930 w Zakopanem, syn Stanis\u0142awa (przewodnika i ratownika g\u00f3rskiego) i Karoliny z Krzeptowskich, absolwent Pa\u0144stwowej Szko\u0142y Przemys\u0142owej w Krakowie (1952); studiowa\u0142 te\u017c w warszawskiej AWF, gdzie otrzyma\u0142 dyplom trenera narciarstwa II kl. Zawodnik (konkurencje alpejskie) klub\u00f3w zakopia\u0144skich: Harcerskiego KN (1946-1951) i AZS (1951-1961). Rozpoczyna\u0142 karier\u0119 sportow\u0105 (1946) od bieg\u00f3w i skok\u00f3w i dopiero po kilku latach rozsmakowa\u0142 si\u0119 w konkurencjach zjazdowych,\u00a0staj\u0105c si\u0119 \"etatowym rywalem\" Jana Ciaptaka G\u0105sienicy i Stefana Dziedzica. W po\u0142owie lat pi\u0119\u0107dziesi\u0105tych zaliczany by\u0142 (przede wszystkim w zje\u017adzie) do czo\u0142\u00f3wki \u015bwiatowej. Straci\u0142 z ni\u0105 kontakt po wypadku motocyklowym w drodze do Krakowa (1956, noga w gipsie przez 7 miesi\u0119cy). <strong>7-krotny mistrz Polski<\/strong> w zje\u017adzie (1951, 1953, 1956, 1959, 1961), slalomie (1953) i kombinacji alpejskiej (1961). <strong>8-krotny wicemistrz<\/strong> <strong>Polski<\/strong> w zje\u017adzie (1960), slalomie (1951, 1952), slalomie gigancie (1954, 1960), kombinacji (1951, 1959, 1960). <strong>Uczestnik M\u015a:<\/strong> 1954 Are; 10 m. (zjazd), 27 m. (slalom gigant), 34 m. (slalom), 10 m. (kombinacja alpejska); 1958 Badgastein: 20 m. (komb.). 7<strong>-krotny medalista AM\u015a<\/strong>: 1951 Poiana: 2 m. (zjazd), 3 m. (komb.); 1953 Semmering: 1 m. (zjazd), 2 m. (slalom gigant), 1 m. (komb.); 1956 Zakopane: 2 m. (zjazd), 2 m. (slalom). Zwyci\u0119zca Memoria\u0142u B. Czecha i H. Marusarz\u00f3wny (1953, zjazd).Poza narciarstwem uczestniczy\u0142 w rajdach motocyklowych i motocrossowych b\u0119d\u0105c zawodnikiem Tatrza\u0144skiego Klubu Motorowego, a nast\u0119pnie LP\u017b w Zakopanem. M. in. mistrz Polski w motocrossie w kat. do 500 cm3 (1958) i zdobywca g\u0142\u00f3wnej nagrody zespo\u0142owej w Rajdzie Tatrza\u0144skim (1963). Po zako\u0144czeniu kariery zawodniczej po\u015bwi\u0119ci\u0142 si\u0119 pracy trenersko - szkoleniowej w kt\u00f3rej odni\u00f3s\u0142 sukcesy. By\u0142 przede wszystkim trenerem kadry narodowej m\u0119\u017cczyzn w konkurencjach alpejskich (1961-1971), wychowawc\u0105 m. in. Andrzeja i Jana Bachled\u00f3w oraz Andrzeja Derezi\u0144skiego. P\u00f3\u017aniej kierownik wyszkolenia PZN (1971-1982), wiceprezes AZS Zakopane (1982-1985), za\u015b od 1985 trener i koordynator szkolenia w zakopia\u0144skiej Wi\u015ble. Od 1970 by\u0142 cz\u0142onkiem Komisji Zjazd\u00f3w FIS i delegatem technicznym FIS w konkurencjach alpejskich. Ekspert (znany i ceniony w \u015bwiecie narciarskim) do spraw narciarstwa zjazdowego m. in. na ZIO 1976 (Innsbruck) i 1984 (Sarajewo). Skromny, pracowity, \u017cyczliwy ludziom umia\u0142 pi\u0119knie i zajmuj\u0105co m\u00f3wi\u0107 o narciarstwie. Tak\u017ce jego brat W\u0142adys\u0142aw Roj by\u0142 s\u0119dzi\u0105 i delegatem technicznym FIS, ale w skokach i kombinacji norweskiej. Zas\u0142u\u017cony Mistrz Sportu. \u017bonaty (Krystyna), ojciec Andrzeja (fizykoterapeuta, tenisista). Zmar\u0142 nagle na zawa\u0142 serca w Zakopanem 15 listopada 1989.\u00a0 <br\/>Bibl.: G\u0142uszek, Leksykon 1999, s. 195;\u00a0Pawlak, Olimpijczycy, s. 78;\u00a0S\u0142ownik WF, 1996, z. 1, s. 91-92; MES, t. 1, s. 172;\u00a0Zdebska, Mistrzowie nart, s. 106-110;\u00a0Porada, Igrzyska, s. 833, 842; Fischer, Kronika, s. 198-200;\u00a0 Iskier\u00a0przewodnik, s. 440-441; Ziele\u015bkiewicz, Encyklopedia, s. 64-65, 360 (tu data \u015bmierci: 15.07.1989); AAWF Warszawa, sygn. D-893\/S.<br\/><strong>*1952 Oslo:\u00a0zjazd<\/strong> - 22 m. na 81 start. z czasem 2.44,3 (zw. W\u0142och Z. Colo - 2.30,8); <strong>slalom\u00a0 spec.<\/strong> - 28 m. <br\/>na 86 start. z czasem 2.29,6 (zw. Austriak O. Schneider - 2.00,0); <strong>slalom gig.<\/strong> - 41 m. na 83 start. z czasem\u00a0 <br\/>2.52,2 (zw. Norweg S. Eriksen - 2.25,0).<br\/><strong>*1956 Cortina D'Ampezzo:\u00a0zjazd<\/strong> - 15 m. na 75 start. z czasem 3.09,3 (zw. Austriak T. Sailer - 2.52,2); <br\/><strong>slalom\u00a0spec<\/strong>. - 23 m. na 90 start. z czasem 3.55,8 (zw. Austriak T. Sailer - 3.14,7); <strong>slalom\u00a0 gig.<\/strong> - 54 m.\u00a0 na 95 start. z czasem 3.48,6 (zw. Austriak T. Sailer - 3.00,1).<br\/><\/p><!-- history --><table width=\"85%\" style=\"text-align:right\" border=\"0\" cellspacing=\"0\" cellpadding=\"0\">  <tr>    <td align=\"right\" class=\"box3-title\"><a href=\"javascript:history.back()\">\u00ab powr\u00f3t do listy<\/a><\/td>  <\/tr><\/table>","tmp_old_body_img":false,"tmp_old_lead_img":false,"picture_medalists":false,"important":"","person_achivments":""},"_links":{"self":[{"href":"https:\/\/olimpijski.pl\/en\/wp-json\/wp\/v2\/person\/13685"}],"collection":[{"href":"https:\/\/olimpijski.pl\/en\/wp-json\/wp\/v2\/person"}],"about":[{"href":"https:\/\/olimpijski.pl\/en\/wp-json\/wp\/v2\/types\/person"}],"version-history":[{"count":3,"href":"https:\/\/olimpijski.pl\/en\/wp-json\/wp\/v2\/person\/13685\/revisions"}],"predecessor-version":[{"id":36459,"href":"https:\/\/olimpijski.pl\/en\/wp-json\/wp\/v2\/person\/13685\/revisions\/36459"}],"wp:featuredmedia":[{"embeddable":true,"href":"https:\/\/olimpijski.pl\/en\/wp-json\/wp\/v2\/media\/36455"}],"wp:attachment":[{"href":"https:\/\/olimpijski.pl\/en\/wp-json\/wp\/v2\/media?parent=13685"}],"curies":[{"name":"wp","href":"https:\/\/api.w.org\/{rel}","templated":true}]}}