{"id":13704,"date":"2020-06-24T16:45:23","date_gmt":"2020-06-24T14:45:23","guid":{"rendered":"http:\/\/pkol.local\/person\/wieslaw-gebala\/"},"modified":"2022-09-14T09:05:56","modified_gmt":"2022-09-14T07:05:56","slug":"wieslaw-gebala","status":"publish","type":"person","link":"https:\/\/olimpijski.pl\/en\/olimpijczycy\/wieslaw-gebala\/","title":{"rendered":"Wies\u0142aw G\u0119bala"},"content":{"rendered":"\n<p><br><br><br><strong>trener, narciarz z Bielska Bia\u0142ej, rywal J\u00f3zefa \u0141uszczka, olimpijczyk z Innsbrucku (1976).<br><\/strong><br>Urodzony 14 wrze\u015bnia 1950 w Bielsku Bia\u0142ej, syn Stanis\u0142awa i Izabeli, absolwent miejscowego Technikum W\u0142\u00f3kienniczego i Studium Trenerskiego krakowskiej AWF (1976), gdzie otrzyma\u0142 tytu\u0142 trenera narciarstwa II kl. Narciarz, biegacz (173 cm, 67 kg), reprezentant BBTS W\u0142\u00f3kniarza Bielsko (do 1981), wychowanek trenera J\u00f3zefa Jurzaka, podopieczny szkoleniowca klubowego Boles\u0142awa Kl\u0119czka i kadry Edwarda Budnego. Czo\u0142owy narciarz polski lat siedemdziesi\u0105tych, wielki rywal J\u00f3zefa \u0141uszczka. M\u00f3g\u0142 znacznie wi\u0119cej, gdyby nie &#8220;spala\u0142&#8221; si\u0119 cz\u0119sto ju\u017c przed startem (nerwy).<\/p>\n\n\n\n<p>5-krotny mistrz Polski: na 30 km (1976) i 50 km (1974, 1976, 1977, 1978). 7-krotny wicemistrz Polski: na 15 km (1975-1976, 1979), 30 km (1977-1979) i 4&#215;10 km (1974). 2-krotny triumfator Memoria\u0142u B. Czecha i H. Marusarz\u00f3wny (1969-1970, 3&#215;10 km).<\/p>\n\n\n\n<p>Zwyci\u0119zca Biegu Sylwestrowego w Zakopanem (1975) ex aequo z J. Staszelem. M\u0105\u017c olimpijki Anny Duraj (1973), ojciec bli\u017ani\u0105t (1974): Katarzyny (olimpijki z Nagano 1998, nauczycielki, absolwentki katowickiej AWF) i Tomasza (fizjoterapeuta, absolwent krakowskiej AWF). Mieszka w Bielsku Bia\u0142ej (jest kierownikiem wyci\u0105g\u00f3w w rejonie tego miasta). O parze \u015bwietnych narciarzy pisano kiedy\u015b: &#8220;Ze \u015bwiec\u0105 szuka\u0107 drugiego takiego ma\u0142\u017ce\u0144stwa!&#8221; (Krzysztof Blauth &#8211; znawca narciarskich dusz).<br><br><strong>*1976 Innsbruck: biegi narciarskie, 15 km<\/strong> &#8211; 22 m. na 80 start. z czasem 46.59,00 (zw. N. Ba\u017cukow, ZSRR &#8211; 43.58,47); <strong>30 km<\/strong> &#8211; 20 m.&nbsp;na 69 start. z czasem 1:35.09,65 (zw. S. Seweljew, ZSRR &#8211; 1:30.29,38); <strong>50 km <\/strong>&#8211; nie uko\u0144czy\u0142&nbsp; konk.; <strong>4&#215;10 km<\/strong> &#8211; 13 m. na 16 start. z czasem 2:16.06,63 (zw. Finlandia &#8211; 2:07.59,72). Partnerami w sztafecie&nbsp; byli: J. Dragon, W. Podg\u00f3rski i J. Staszel.<\/p>\n\n\n\n<p><em>Bibl.: G\u0142uszek, Leksykon 1999, s. 196; Pawlak, Olimpijczycy, s. 79; Porada, Igrzyska, s. 895; Ziele\u015bkiewicz, Encyklopedia, s. 66, 387, 389.<\/em><\/p>\n","protected":false},"excerpt":{"rendered":"<p>trener, narciarz z Bielska Bia\u0142ej, rywal J\u00f3zefa \u0141uszczka, olimpijczyk z Innsbrucku (1976). &#8230; <a class=\"read-more\" href=\"https:\/\/olimpijski.pl\/en\/olimpijczycy\/wieslaw-gebala\/\">Czytaj dalej<\/a><\/p>\n","protected":false},"featured_media":0,"menu_order":60,"template":"","meta":{"_acf_changed":false,"ub_ctt_via":"","footnotes":""},"class_list":["post-13704","person","type-person","status-publish","hentry","infinite-scroll-item","no-featured-image-padding"],"acf":{"olimpic_information":[{"olimpic":[{"ID":3028,"post_author":"15","post_date":"1976-06-17 13:54:39","post_date_gmt":"1976-06-17 12:54:39","post_content":"<!-- wp:heading {\"level\":1,\"className\":\"main-title\"} -->\n<h1 class=\"main-title\"><strong>XII ZIO<\/strong><br>Innsbruck 1976<\/h1>\n<!-- \/wp:heading -->\n\n<!-- wp:paragraph -->\n<p><br><\/p>\n<!-- \/wp:paragraph -->\n\n<!-- wp:image {\"align\":\"left\",\"id\":19376,\"sizeSlug\":\"large\",\"className\":\"is-style-default\"} -->\n<div class=\"wp-block-image is-style-default\"><figure class=\"alignleft size-large\"><img src=\"https:\/\/olimpijski.pl\/wp-content\/uploads\/1976\/06\/innsbruck1976.png\" alt=\"\" class=\"wp-image-19376\"\/><\/figure><\/div>\n<!-- \/wp:image -->\n\n<!-- wp:list -->\n<ul><li>Igrzyska rozegrano w dniach <strong>4-15 lutego<\/strong>.<\/li><li>Wystartowa\u0142o <strong>1123<\/strong> zawodnik\u00f3w (w tym <strong>231<\/strong> kobiet) z <strong>37<\/strong> kraj\u00f3w.<\/li><li>Rozdano <strong>37<\/strong> komplet\u00f3w medali.<\/li><li>Zapalenia znicza dokona\u0142a alpejka <strong>Christl Haas<\/strong>.<\/li><li>Igrzyska otworzy\u0142 prezydent kraju <strong>Rudolf Kirschlaeger<\/strong>.<\/li><\/ul>\n<!-- \/wp:list -->\n\n<!-- wp:heading -->\n<h2><strong>Program Igrzysk \u2013 8 dyscyplin i 37 konkurencji<\/strong><\/h2>\n<!-- \/wp:heading -->\n\n<!-- wp:paragraph -->\n<p>biathlon (2 konkurencje), bobsleje (2), hokej na lodzie (1), \u0142y\u017cwiarstwo figurowe (4), \u0142y\u017cwiarstwo szybkie (9), narciarstwo alpejskie (6), narciarstwo klasyczne (10), saneczkarstwo (3).<\/p>\n<!-- \/wp:paragraph -->\n\n<!-- wp:heading -->\n<h2><strong>Gwiazdy Igrzysk<\/strong><\/h2>\n<!-- \/wp:heading -->\n\n<!-- wp:paragraph -->\n<p><strong>Tatiana Awierina<\/strong> (ZSRR, \u0142y\u017cwiarstwo szybkie) \u2013 2 z\u0142ote medale, 2 br\u0105zowe<br><strong>Raisa Smietanina<\/strong> (ZSRR, biegi narciarskie) \u2013 2 srebrne medale, 1 br\u0105zowy<br><strong>Rosi Mittermaier<\/strong> (RFN, narciarstwo alpejskie) \u2013 2 srebrne medale, 1 br\u0105zowy<\/p>\n<!-- \/wp:paragraph -->\n\n<!-- wp:heading -->\n<h2><strong>Polska Reprezentacja Olimpijska<\/strong><\/h2>\n<!-- \/wp:heading -->\n\n<!-- wp:paragraph -->\n<p><strong>56 os\u00f3b<\/strong> (13 kobiet i 43 m\u0119\u017cczyzn) w 6 sportach: 4 biathlonist\u00f3w, 18 hokeist\u00f3w, 3 \u0142y\u017cwiarzy figurowych (w tym 2 kobiety), 4 \u0142y\u017cwiarki szybkie, 19 narciarzy (w tym 4 kobiety), 8 saneczkarzy (w tym 3 kobiety).<\/p>\n<!-- \/wp:paragraph -->\n\n<!-- wp:paragraph -->\n<p>Chor\u0105\u017cym reprezentacji Polski by\u0142 biathlonista <strong>Wojciech Truchan<\/strong>.<\/p>\n<!-- \/wp:paragraph -->\n\n<!-- wp:heading -->\n<h2><strong>Klasyfikacja medalowa<\/strong><\/h2>\n<!-- \/wp:heading -->\n\n<!-- wp:table {\"hasFixedLayout\":true,\"className\":\"is-style-stripes\"} -->\n<figure class=\"wp-block-table is-style-stripes\"><table class=\"has-fixed-layout\"><tbody><tr><td><\/td><td><\/td><td class=\"has-text-align-center\" data-align=\"center\">&nbsp;<\/td><td class=\"has-text-align-center\" data-align=\"center\">&nbsp;<\/td><td class=\"has-text-align-center\" data-align=\"center\">&nbsp;<\/td><td class=\"has-text-align-center\" data-align=\"center\">&nbsp;<\/td><\/tr><tr><td>&nbsp;<\/td><td>&nbsp;<\/td><td class=\"has-text-align-center\" data-align=\"center\">&nbsp;<\/td><td class=\"has-text-align-center\" data-align=\"center\"><img class=\"wp-image-26068\" style=\"width: 50px;\" src=\"https:\/\/olimpijski.pl\/wp-content\/uploads\/1948\/06\/2008_Pekin_zloty_50x50.jpg\" alt=\"\"><\/td><td class=\"has-text-align-center\" data-align=\"center\"><img class=\"wp-image-26071\" style=\"width: 50px;\" src=\"https:\/\/olimpijski.pl\/wp-content\/uploads\/1948\/06\/2008_Pekin_sreb_50x50.jpg\" alt=\"\"><\/td><td class=\"has-text-align-center\" data-align=\"center\"><img class=\"wp-image-26073\" style=\"width: 50px;\" src=\"https:\/\/olimpijski.pl\/wp-content\/uploads\/1948\/06\/2008_Pekin_braz_50x50.jpg\" alt=\"\"><\/td><\/tr><tr><td>1.<\/td><td>ZSRR<\/td><td class=\"has-text-align-center\" data-align=\"center\">27<\/td><td class=\"has-text-align-center\" data-align=\"center\">13<\/td><td class=\"has-text-align-center\" data-align=\"center\">6<\/td><td class=\"has-text-align-center\" data-align=\"center\">8<\/td><\/tr><tr><td>2.<\/td><td>NRD<\/td><td class=\"has-text-align-center\" data-align=\"center\">19<\/td><td class=\"has-text-align-center\" data-align=\"center\">7<\/td><td class=\"has-text-align-center\" data-align=\"center\">5<\/td><td class=\"has-text-align-center\" data-align=\"center\">7<\/td><\/tr><tr><td>3.<\/td><td>USA<\/td><td class=\"has-text-align-center\" data-align=\"center\">10<\/td><td class=\"has-text-align-center\" data-align=\"center\">3<\/td><td class=\"has-text-align-center\" data-align=\"center\">3<\/td><td class=\"has-text-align-center\" data-align=\"center\">4<\/td><\/tr><tr><td>...<\/td><td>&nbsp;<\/td><td class=\"has-text-align-center\" data-align=\"center\">&nbsp;<\/td><td class=\"has-text-align-center\" data-align=\"center\">&nbsp;<\/td><td class=\"has-text-align-center\" data-align=\"center\">&nbsp;<\/td><td class=\"has-text-align-center\" data-align=\"center\">&nbsp;<\/td><\/tr><tr><td>&nbsp;<\/td><td><strong>Polska<\/strong><\/td><td class=\"has-text-align-center\" data-align=\"center\"><strong>0<\/strong><\/td><td class=\"has-text-align-center\" data-align=\"center\"><strong>0<\/strong><\/td><td class=\"has-text-align-center\" data-align=\"center\"><strong>0<\/strong><\/td><td class=\"has-text-align-center\" data-align=\"center\"><strong>0<\/strong><\/td><\/tr><\/tbody><\/table><\/figure>\n<!-- \/wp:table -->\n\n<!-- wp:quote {\"className\":\"is-style-default\"} -->\n<blockquote class=\"wp-block-quote is-style-default\"><p>Hokei\u015bci: Andrzej&nbsp; J\u00f3zef Tkacz, Walery Kosyl, Andrzej S\u0142owakiewicz, Andrzej Tomasz Iskrzycki, Robert G\u00f3ralczyk,&nbsp; Kordian Klaudiusz Jajszczok, Jerzy Andrzej Potz, Marek Marciniak, Stefan Chowaniec, Wies\u0142aw Jerzy Jobczyk, Tadeusz Jan Ob\u0142\u00f3j, Karol \u017burek, Leszek Kokoszka, Walenty Zi\u0119tara, Andrzej Tomasz Zabawa, Henryk Tomasz Pytel, Mieczys\u0142aw Stanis\u0142aw Jaskierski i Marian Kajzerek zaj\u0119li sz\u00f3ste miejsce.<\/p><p>Supremacja sportowc\u00f3w ZSRR przejawi\u0142a si\u0119 w zdobyciu 13 z\u0142otych, 6 srebrnych i 8 br\u0105zowych medali. Druga lokata w klasyfikacji medalowej przypad\u0142a NRD (7-5-7) przed USA (3-3-4), Norwegi\u0105 (3-3-1) i RFN (2-5-3).<\/p><\/blockquote>\n<!-- \/wp:quote -->","post_title":"Innsbruck 1976","post_excerpt":"","post_status":"publish","comment_status":"closed","ping_status":"closed","post_password":"","post_name":"innsbruck-1976","to_ping":"","pinged":"","post_modified":"2020-09-30 12:13:29","post_modified_gmt":"2020-09-30 10:13:29","post_content_filtered":"","post_parent":0,"guid":"https:\/\/wai-q98d7hpf9hy9k.wpallimport-demo.qsandbox.me\/olympics_winter\/innsbruck-1976\/","menu_order":0,"post_type":"olympics_winter","post_mime_type":"","comment_count":"0","filter":"raw"}],"competitions_rewards":[{"competition":[{"ID":5835,"post_author":"1","post_date":"2020-06-19 11:32:23","post_date_gmt":"2020-06-19 11:32:23","post_content":"","post_title":"Biegi narciarskie","post_excerpt":"","post_status":"publish","comment_status":"closed","ping_status":"closed","post_password":"","post_name":"biegi-narciarskie","to_ping":"","pinged":"","post_modified":"2020-06-29 13:13:11","post_modified_gmt":"2020-06-29 11:13:11","post_content_filtered":"","post_parent":0,"guid":"https:\/\/wai-q7byvryhhcz9k.wpallimport-demo.qsandbox.me\/competition\/biegi-narciarskie\/","menu_order":0,"post_type":"competition","post_mime_type":"","comment_count":"0","filter":"raw"}],"reward":""}]}],"picture":false,"firstname":"Wies\u0142aw","lastname":"G\u0119bala","birthdate_date":"14\/09\/1950","birthdate":"14 wrze\u015bnia 1950","deathdate_date":"","deathdate":"","placeofbirth":"","club":"","coach":"","metrics":"","seolink":"gebala-wieslaw","tmp_old_id":"14214","tmp_old_fid":"294","tmp_old_parent_id":"15544","createdate":"06\/11\/2013","tmp_old_title":"G\u0119bala  Wies\u0142aw","tmp_old_lead":"","tmp_old_body":"<p class=\"title-m-02\">G\u0118BALA  WIES\u0141AW<\/p><p><strong>trener, narciarz z Bielska Bia\u0142ej, rywal J\u00f3zefa \u0141uszczka, olimpijczyk z Innsbrucku (1976).<br\/><\/strong><br\/>Urodzony 14 wrze\u015bnia 1950 w Bielsku Bia\u0142ej, syn Stanis\u0142awa i Izabeli, absolwent miejscowego Technikum W\u0142\u00f3kienniczego i Studium Trenerskiego krakowskiej AWF (1976), gdzie otrzyma\u0142 tytu\u0142 trenera narciarstwa II kl. Narciarz, biegacz (173 cm, 67 kg), reprezentant BBTS W\u0142\u00f3kniarza Bielsko (do 1981), wychowanek trenera J\u00f3zefa Jurzaka,&nbsp;podopieczny szkoleniowca klubowego Boles\u0142awa Kl\u0119czka i kadry Edwarda Budnego. Czo\u0142owy narciarz polski lat siedemdziesi\u0105tych, wielki rywal J\u00f3zefa \u0141uszczka. M\u00f3g\u0142&nbsp;znacznie wi\u0119cej, gdyby nie \"spala\u0142\" si\u0119 cz\u0119sto ju\u017c przed startem (nerwy). <strong>5-krotny&nbsp; mistrz&nbsp; Polski:<\/strong> na 30 km (1976) i 50 km (1974, 1976, 1977, 1978). <strong>7-krotny&nbsp; wicemistrz Polski<\/strong>: na 15 km (1975-1976, 1979), 30 km (1977-1979) i&nbsp; 4 x 10 km (1974). 2-krotny&nbsp; triumfator&nbsp; Memoria\u0142u B. Czecha i H. Marusarz\u00f3wny (1969-1970, 3 x 10 km). Zwyci\u0119zca&nbsp;Biegu&nbsp;Sylwestrowego w&nbsp;Zakopanem (1975) ex&nbsp;aequo&nbsp;z&nbsp;J. Staszelem. M\u0105\u017c&nbsp; olimpijki&nbsp;Anny&nbsp; Duraj (1973), ojciec bli\u017ani\u0105t (1974): Katarzyny (olimpijki z Nagano 1998, nauczycielki, absolwentki katowickiej AWF) i Tomasza (fizjoterapeuta, absolwent krakowskiej AWF). Mieszka w Bielsku Bia\u0142ej (jest kierownikiem wyci\u0105g\u00f3w w rejonie tego miasta). O parze \u015bwietnych narciarzy pisano kiedy\u015b: \" Ze \u015bwiec\u0105 szuka\u0107 drugiego takiego ma\u0142\u017ce\u0144stwa !\" (Krzysztof Blauth - znawca narciarskich dusz).<br\/>Bibl.: G\u0142uszek, Leksykon 1999, s. 196;&nbsp;Pawlak, Olimpijczycy, s. 79;&nbsp;Porada, Igrzyska, s. 895;&nbsp;Ziele\u015bkiewicz, Encyklopedia, s. 66, 387, 389<br\/><strong>*1976 Innsbruck: 15 km<\/strong> - 22 m. na 80 start. z czasem 46.59,00 (zw. N. Ba\u017cukow, ZSRR - 43.58,47); <strong>30 km<\/strong> - 20 m.&nbsp;na 69 start. z czasem 1:35.09,65 (zw. S. Seweljew, ZSRR - 1:30.29,38); <strong>50 km <\/strong>- nie uko\u0144czy\u0142&nbsp; konk.; <strong>4 x 10 km<\/strong> - 13 m. na 16 start. z czasem 2:16.06,63 ( zw. Finlandia - 2:07.59,72). Partnerami&nbsp;w sztafecie&nbsp; byli:&nbsp;J. Dragon, W. Podg\u00f3rski i J. Staszel.<\/p><!-- history --><table width=\"85%\" style=\"text-align:right\" border=\"0\" cellspacing=\"0\" cellpadding=\"0\">  <tr>    <td align=\"right\" class=\"box3-title\"><a href=\"javascript:history.back()\">&laquo; powr\u00f3t do listy<\/a><\/td>  <\/tr><\/table>","tmp_old_body_img":false,"tmp_old_lead_img":false,"picture_medalists":false,"important":"","group_knuie68fa087fd5h76":false,"person_achivments":""},"_links":{"self":[{"href":"https:\/\/olimpijski.pl\/en\/wp-json\/wp\/v2\/person\/13704"}],"collection":[{"href":"https:\/\/olimpijski.pl\/en\/wp-json\/wp\/v2\/person"}],"about":[{"href":"https:\/\/olimpijski.pl\/en\/wp-json\/wp\/v2\/types\/person"}],"version-history":[{"count":2,"href":"https:\/\/olimpijski.pl\/en\/wp-json\/wp\/v2\/person\/13704\/revisions"}],"predecessor-version":[{"id":62932,"href":"https:\/\/olimpijski.pl\/en\/wp-json\/wp\/v2\/person\/13704\/revisions\/62932"}],"wp:attachment":[{"href":"https:\/\/olimpijski.pl\/en\/wp-json\/wp\/v2\/media?parent=13704"}],"curies":[{"name":"wp","href":"https:\/\/api.w.org\/{rel}","templated":true}]}}